{"id":11078,"date":"2024-02-12T14:52:21","date_gmt":"2024-02-12T13:52:21","guid":{"rendered":"https:\/\/caminodesantiagofrances.com\/en\/?page_id=11078"},"modified":"2026-09-06T12:20:57","modified_gmt":"2026-09-06T10:20:57","slug":"puente-la-reina","status":"publish","type":"page","link":"https:\/\/caminodesantiagofrances.com\/en\/navarra\/puente-la-reina\/","title":{"rendered":"Puente la Reina"},"content":{"rendered":"\n<div class=\"wp-block-geodirectory-geodir-widget-map\"><div class=\"geodir-wgt-map bsui sdel-9fffc288\" ><!--START geodir-map-wrap-->\n<div class=\"geodir-map-wrap geodir-directory-map-wrap 100 425px overflow-hidden\">\n\t<div id=\"catcher_gd_map_canvas_directory\"><\/div>\n\t<!--START stick_trigger_container-->\n\t<div class=\"stick_trigger_container bsui\">\n\t\t<div class=\"trigger_sticky triggeroff_sticky mt-n5 btn btn-secondary me-n2 me-n2 c-pointer\" style=\"display: none;\">\n\t\t\t<i class=\"fas fa-map-marked-alt\"><\/i>\n\t\t\t<i class=\"fas fa-angle-right\"><\/i>\n\t\t<\/div>\n\t\t<!--end of stick trigger container-->\n\t\t<div class=\"geodir_map_container gd_map_canvas_directory bsui position-relative mw-100\"\n\t\t     id=\"sticky_map_gd_map_canvas_directory\"\n\t\t     style=\"width:100%;min-height:425px;\">\n\t\t\t<!--END map_background-->\n\t\t\t<div class=\"map_background\">\n\t\t\t\t<div class=\"top_banner_section_in clearfix\">\n\t\t\t\t\t<div class=\"gd_map_canvas_directory_TopLeft TopLeft position-absolute bg-white text-muted rounded-sm rounded-1 shadow-sm m-2 px-1 py-1 h5 c-pointer\" style=\"z-index: 3;\">\n\t\t\t\t\t\t<span class=\"triggermap\" id=\"gd_map_canvas_directory_triggermap\">\n\t\t\t\t\t\t\t<i class=\"fas fa-expand-arrows-alt fa-fw fa-width-fixed\" aria-hidden=\"true\"><\/i>\n\t\t\t\t\t\t\t<i class=\"fas fa-compress-arrows-alt fa-fw fa-width-fixed d-none\" aria-hidden=\"true\"><\/i>\n\t\t\t\t\t\t<\/span>\n\t\t\t\t\t<\/div>\n\t\t\t\t\t<div class=\"gd_map_canvas_directory_TopRight TopRight\"><\/div>\n\t\t\t\t\t<div id=\"gd_map_canvas_directory_wrapper\" class=\"main_map_wrapper\" style=\"height:425px;width:100%;\">\n\t\t\t\t\t\t<div class=\"iprelative position-relative\">\n\t\t\t\t\t\t\t<div id=\"gd_map_canvas_directory\" class=\"geodir-map-canvas\" data-map-type=\"directory\" data-map-canvas=\"gd_map_canvas_directory\" style=\"height:425px;width:100%;z-index: 0;\" ><\/div>\n\t\t\t\t\t\t\t<div id=\"gd_map_canvas_directory_loading_div\" class=\"loading_div overlay overlay-black position-absolute row m-0\" style=\"height:425px;width:100%;top:0;z-index: 2;\">\n\t\t\t\t\t\t\t\t<div class=\"spinner-border mx-auto align-self-center text-white\" role=\"status\">\n\t\t\t\t\t\t\t\t\t<span class=\"visually-hidden\">Loading&#8230;<\/span>\n\t\t\t\t\t\t\t\t<\/div>\n\t\t\t\t\t\t\t<\/div>\n\t\t\t\t\t\t\t<div id=\"gd_map_canvas_directory_map_nofound\"\n\t\t\t\t\t\t\t     class=\"advmap_nofound position-absolute row m-0 z-index-1\"\n\t\t\t\t\t\t\t     style=\"display:none;transform: translate(-50%, -50%);top:50%;left:50%;opacity: .85;pointer-events: none;\">\n\t\t\t\t\t\t\t\t<div class=\"alert alert-info text-center mx-auto align-self-center shadow-lg mb-0\">\n\t\t\t\t\t\t\t\t\t<div class='h3 alert-heading'>No Records Found<\/div><p> Sorry, no records were found. Please adjust your search criteria and try again.<\/p>\t\t\t\t\t\t\t\t<\/div>\n\t\t\t\t\t\t\t<\/div>\n\t\t\t\t\t\t\t<div id=\"gd_map_canvas_directory_map_notloaded\"\n\t\t\t\t\t\t\t     class=\"advmap_notloaded position-absolute row m-0 z-index-1\"\n\t\t\t\t\t\t\t     style=\"display:none;transform: translate(-50%, -50%);top:50%;left:50%;opacity: .85;pointer-events: none;\">\n\t\t\t\t\t\t\t\t<div class=\"alert alert-danger text-center mx-auto align-self-center shadow-lg mb-0\">\n\t\t\t\t\t\t\t\t\t<div class='h3 alert-heading'>Maps failed to load<\/div><p> Sorry, unable to load the Maps API.<\/p>\t\t\t\t\t\t\t\t<\/div>\n\t\t\t\t\t\t\t<\/div>\n\t\t\t\t\t\t<\/div>\n\t\t\t\t\t<\/div>\n\t\t\t\t\t<div class=\"gd_map_canvas_directory_BottomLeft BottomLeft\"><\/div>\n\t\t\t\t<\/div>\n\t\t\t<\/div><!--END map_background-->\n\t\t\t\t\t<\/div>\n\t\t<style>.geodir_map_container .poi-info-window .full-width{width:180px;position:relative;margin-left:inherit;left:inherit;}.geodir-map-canvas .gm-style img{max-width:none;box-shadow:none!important}.geodir-map-canvas .leaflet-tile-container img{box-shadow:none!important}<\/style>\n<script type=\"text\/javascript\">\nwindow.gdBaseLat = 0;\nwindow.gdBaseLng = 0;\nwindow.gdBaseZoom = 0;\njQuery(function ($) {\n\t\t\t\t\tvar gdMapCanvas = 'gd_map_canvas_directory';\n\t\t\tbuild_map_ajax_search_param(gdMapCanvas, false);\t\t\t\t\t\t\t\t\t\t\t\tvar screenH, heightVH, ptypeH = 0;\n\t\t\tscreenH = $(window).height();\n\t\t\theightVH = parseFloat('425');\n\t\t\tif ($(\"#\" + gdMapCanvas + \"_posttype_menu\").length) {\n\t\t\t\tptypeH = $(\"#\" + gdMapCanvas + \"_posttype_menu\").outerHeight();\n\t\t\t}\n\t\t\t$(\"#\" + gdMapCanvas + \"_cat\").css(\"max-height\", heightVH - ptypeH + 'px');\n\t\t\t});\n<\/script>\n\t\t\t<\/div><!--END stick_trigger_container-->\n<\/div><!--END geodir-map-wrap-->\n<style>body.stickymap_hide .stickymap{display:none!important}body.stickymap_hide .stick_trigger_container .fa-angle-right{transform:rotate(180deg)}body.body_fullscreen>.stick_trigger_container{width:100vw;height:100vh;position:fixed;z-index:50000}body.gd-google-maps .geodir-map-wrap .geodir-map-cat-filter-wrap{margin-bottom:14px!important}body.gd-osm-gmaps .geodir-map-wrap .geodir-map-cat-filter-wrap{margin-bottom:16.5px!important}<\/style>\n<\/div><\/div>\n\n\n\n<hr class=\"wp-block-separator has-alpha-channel-opacity\"\/>\n\n\n\n<div class=\"wp-block-geodirectory-geodir-widget-search\"><div class=\"geodir-search-container bsui sdel-6b5e8662\" ><div class=\"geodir-search-form-wrapper mb-3\">\n\t<form class=\"w-100 d-block geodir-listing-search gd-search-bar-style geodir-search-show-all\" data-show=\"\" name=\"geodir-listing-search\" action=\"https:\/\/caminodesantiagofrances.com\/en\/buscar\/\" method=\"get\" style=\"box-sizing:content-box;\">\n\t\t<input type=\"hidden\" name=\"geodir_search\" value=\"1\" \/>\n\t\t\n\t\t<div class=\"geodir-search row gap-2 gy-2 px-3 align-items-center\" style=\"row-gap:0!important;\">\n\t\t\t\t<input type=\"hidden\" name=\"stype\" value=\"gd_place\" data-slug=\"lo\" \/><div class='gd-search-field-search col-auto flex-fill\n px-0' style=\"flex-grow:9999 !important;\" data-rule-key=\"s\" data-rule-type=\"text\">\n\t<div class=\"\" ><label class=\"visually-hidden form-label\">Search for<\/label><div class=\"input-group-inside position-relative w-100\" ><div class=\"input-group-text  bg-transparent border-0\"><span class=\"geodir-search-input-label hover-swap text-muted\" onclick=\"jQuery('.search_text').val('').trigger('change').trigger('keyup');\" aria-hidden=\"true\"><i class=\"fas fa-search hover-content-original\"><\/i><i class=\"fas fa-times geodir-search-input-label-clear hover-content c-pointer\" title=\"Clear field\"><\/i><\/span><\/div><input type=\"text\"  name=\"s\"  placeholder=\"Search for\"  class=\"form-control search_text gd_search_text w-100\"  onkeydown=\"if(event.keyCode == 13) geodir_click_search(this);\"  onClick=\"this.select();\"  autocomplete=\"off\"  size=\"16\"  aria-label=\"Search for\" ><\/div><\/div><\/div>\n<div class='gd-search-field-near col-auto flex-fill\n px-0' style=\"flex-grow:9999 !important;\" data-rule-key=\"near\" data-rule-type=\"text\">\n\t<div class=\"\" ><label class=\"visually-hidden visually-hidden form-label\">Near<\/label><div class=\"input-group-inside position-relative w-100\" ><div class=\"input-group-text  bg-transparent border-0\"><span class=\"geodir-search-input-label hover-swap text-muted\" onclick=\"jQuery('.snear').val('').trigger('change').trigger('keyup');jQuery('.sgeo_lat,.sgeo_lon').val('');\" aria-hidden=\"true\"><i class=\"fas fa-map-marker-alt hover-content-original\"><\/i><i class=\"fas fa-times geodir-search-input-label-clear hover-content c-pointer\" title=\"Clear field\"><\/i><\/span><\/div><input type=\"text\"  name=\"snear\"  placeholder=\"Near\"  class=\"form-control snear w-100\"  onkeydown=\"javascript: if(event.keyCode == 13) geodir_click_search(this);\"  onClick=\"this.select();\"  autocomplete=\"off\"  size=\"16\"  aria-label=\"Near\"  data-bs-toggle=\"dropdown\"  data-bs-flip=\"false\" ><\/div><\/div><\/div>\n<div class='gd-search-field-search col-auto flex-grow-1 px-0'>\n\t<div class=''>\n\t\t<button type=\"button\"  class=\"geodir_submit_search btn w-100 btn-primary\"  data-title=\"fas fa-search\"  aria-label=\"Search\"  ><i class=\"fas fas fa-search\" aria-hidden=\"true\"><\/i><span class=\"visually-hidden\">Search<\/span><\/button>\n\t<\/div>\n<\/div>\n\t\t<\/div>\n\t\t\t\t<input name=\"sgeo_lat\" class=\"sgeo_lat\" type=\"hidden\" value=\"\"\/>\n\t\t<input name=\"sgeo_lon\" class=\"sgeo_lon\" type=\"hidden\" value=\"\"\/>\n\t\t<input class=\"geodir-location-search-type\" name=\"\" type=\"hidden\" value=\"\"><div class=\"geodir-keep-args\" style=\"display:none!important\">{&#8220;hide_search_input&#8221;:false,&#8221;hide_near_input&#8221;:false,&#8221;input_size&#8221;:&#8221;&#8221;,&#8221;bar_flex_wrap&#8221;:&#8221;&#8221;,&#8221;bar_flex_wrap_md&#8221;:&#8221;&#8221;,&#8221;bar_flex_wrap_lg&#8221;:&#8221;&#8221;,&#8221;input_border&#8221;:&#8221;&#8221;,&#8221;input_border_opacity&#8221;:&#8221;&#8221;,&#8221;input_rounded_size&#8221;:&#8221;&#8221;,&#8221;btn_bg&#8221;:&#8221;&#8221;,&#8221;btn_rounded_size&#8221;:&#8221;&#8221;,&#8221;btn_rounded_size_md&#8221;:&#8221;&#8221;,&#8221;btn_rounded_size_lg&#8221;:&#8221;&#8221;,&#8221;bg&#8221;:&#8221;&#8221;,&#8221;mt&#8221;:&#8221;&#8221;,&#8221;mr&#8221;:&#8221;&#8221;,&#8221;mb&#8221;:&#8221;3&#8243;,&#8221;ml&#8221;:&#8221;&#8221;,&#8221;pt&#8221;:&#8221;&#8221;,&#8221;pr&#8221;:&#8221;&#8221;,&#8221;pb&#8221;:&#8221;&#8221;,&#8221;pl&#8221;:&#8221;&#8221;,&#8221;border&#8221;:&#8221;&#8221;,&#8221;rounded&#8221;:&#8221;&#8221;,&#8221;rounded_size&#8221;:&#8221;&#8221;,&#8221;rounded_size_md&#8221;:&#8221;&#8221;,&#8221;rounded_size_lg&#8221;:&#8221;&#8221;,&#8221;shadow&#8221;:&#8221;&#8221;,&#8221;css_class&#8221;:&#8221;&#8221;}<\/div>\t<\/form>\n<\/div>\n<\/div><\/div>\n\n\n\n<hr class=\"wp-block-separator has-alpha-channel-opacity\"\/>\n\n\n\n<h2 class=\"wp-block-heading has-text-align-center\">Puente la Reina<\/h2>\n\n\n\n<p class=\"wp-block-paragraph\"><strong>Puente la Reina<\/strong>, also officially known as <strong>Gares<\/strong> in Basque, is a notable place in the Spanish geography of the Chartered Community of Navarre. It lies in the merindad of <strong><a href=\"https:\/\/caminodesantiagofrances.com\/en\/navarra\/pamplona\/\" data-type=\"page\" data-id=\"11050\" target=\"_blank\" rel=\"noreferrer noopener\">Pamplona<\/a><\/strong>, in the region of <strong>Puente la Reina<\/strong>, situated in the Valdizarbe valley about 22 kilometres from Pamplona, the region&#8217;s capital. The population of this charming village stands at 2,944 residents according to the National Statistics Institute for 2023.<\/p>\n\n\n\n<p class=\"wp-block-paragraph\">Besides its population, <strong>Puente la Reina<\/strong> stands out as a crucial point on the Way of St James, since this is where the two routes coming from France merge, cementing its historical and cultural importance in the network of routes leading to the <strong><a href=\"https:\/\/caminodesantiagofrances.com\/en\/lo\/catedral-de-santiago\/\" target=\"_blank\" data-type=\"gd_place\" data-id=\"12591\" rel=\"noreferrer noopener\">Cathedral of Santiago<\/a><\/strong> in the city of <strong><a href=\"https:\/\/caminodesantiagofrances.com\/en\/provincia-a-coruna\/santiago-de-compostela\/\" data-type=\"page\" data-id=\"12306\" target=\"_blank\" rel=\"noreferrer noopener\">Santiago de Compostela<\/a><\/strong>.<\/p>\n\n\n\n<hr class=\"wp-block-separator has-alpha-channel-opacity\"\/>\n\n\n\n<h2 class=\"wp-block-heading has-text-align-center\"><strong>Accommodation in Puente la Reina<\/strong><\/h2>\n\n\n\n<div class=\"wp-block-geodirectory-geodir-widget-listings\"><div class=\"geodir-listings bsui sdel-f3041761\" >\t\t<div id=\"geodir_6a9d738c0f1ee\" class=\"geodir_locations geodir_location_listing\n\t\t\t\t\t\t\t geodir-wgt-pagination geodir-wgt-pagination-top geodir-wgt-pagination-bottom mb-3\t\t position-relative\">\n\t\t\t<div class=\"geodir-loop-paging-container bsui sdel-c83c1d52\" ><div class=\"mb-3\">\n\t<section class=\"px-0 py-2 w-100\">\n\t<nav class=\"navigation aui-pagination\" aria-label=\"Posts navigation\">\n\t\t<h2 class=\"screen-reader-text visually-hidden\">Posts navigation<\/h2>\n\t\t<div class=\"aui-nav-links\"><ul class=\"pagination m-0 p-0 \"><li class=\"page-item mx-0\"><span aria-current=\"page\" class=\"page-link current active\">1<\/span><\/li><li class=\"page-item mx-0\"><a class=\"page-link\" href=\"https:\/\/caminodesantiagofrances.com\/en\/wp-json\/wp\/v2\/pages\/11078\/page\/2\/\">2<\/a><\/li><li class=\"page-item mx-0\"><a class=\"next page-link\" href=\"https:\/\/caminodesantiagofrances.com\/en\/wp-json\/wp\/v2\/pages\/11078\/page\/2\/\"><span class=\"nav-next-text visually-hidden\">Older posts<\/span> <i class=\"fas fa-chevron-right\"><\/i><\/a><\/li><\/ul><\/div>\n\t<\/nav><\/section><\/div>\n<\/div>\t<div\n\t\tclass=\"row row-cols-1 row-cols-sm-2 geodir-category-list-view geodir-widget-posts geodir-gridview row-cols-md-3\">\n\t\t\n<div class=\"col mb-4 geodir-post post-13327 gd_place type-gd_place status-publish has-post-thumbnail gd-post-pkg-1\" data-post-id=\"13327\">\n\t\t<div class=\"card h-100 p-0 m-0 mw-100  \">\n\t<div class=\"card p-0 mw-100 h-100 \"><div class=\"card-img-top overflow-hidden position-relative  \"><span class=\"bsui gd-badge-meta\"><a href=\"https:\/\/caminodesantiagofrances.com\/en\/lo\/categoria\/albergue\/\" class=\"gd-badge border-0 badge ab-bottom-left ms-1\" data-id=\"13327\" data-badge=\"default_category\" data-badge-condition=\"is_not_empty\" style=\"background-color:rgba(0,0,0,0.5);border-color:rgba(0,0,0,0.5);color:#ffffff;\">Albergue<\/a>\n<\/span><div class=\"geodir_post_meta gd-fav-info-wrap  gd-fav-hide-text ab-bottom-right me-1  mb-n1  me-1 mb-n1 ab-bottom-right\" >\t\t<span class=\"gd-list-favorite\">\n\t\t\t<span class=\"geodir-addtofav favorite_property_13327  h5\" aria-hidden=\"true\"><span  title=\"Add to Favourites\"  class=\"geodir-addtofav-icon c-pointer geodir-act-fav\"  data-color-on=\"#ff0000\"  data-icon=\"fas fa-heart\"  data-color-off=\"rgba(223,223,223,0.8)\"  data-text-color=\"\"  data-bs-toggle=\"tooltip\"  aria-hidden=\"true\"  onclick=\"javascript:window.location.href='https:\/\/caminodesantiagofrances.com\/en\/wp-login.php'\"  ><i class=\"fas fa-heart\"  style=\"color:rgba(223,223,223,0.8);\" ><\/i> <span class=\"geodir-fav-text gv-secondary visually-hidden\" style=\"\" aria-hidden=\"true\">Favourite<\/span><\/span>\n<\/span>\t\t<\/span>\n\t\t<\/div><div class=\"geodir-post-slider bsui sdel-03994e04\" ><div class=\"geodir-image-container geodir-image-sizes-medium_large overflow-hidden\">\n\t\t\t<div class=\"geodir-images aui-gallery geodir-images-n-1 geodir-images-image carousel-inner \">\n\t\t<div class=\"carousel-item active\"><a href=\"https:\/\/caminodesantiagofrances.com\/en\/lo\/albergue-de-los-padres-reparadores\/\" class=\"geodir-link-image embed-has-action ratio ratio-16x9 ratio ratio-16x9 d-block\"><img src='data:image\/png;base64,iVBORw0KGgoAAAANSUhEUgAAAGQAAAABCAQAAACC0sM2AAAADklEQVR42mP8X88wLAAAK5IBgMYCdqgAAAAASUVORK5CYII=' data-src=\"https:\/\/caminodesantiagofrances.com\/en\/wp-content\/uploads\/sites\/3\/2024\/08\/Albergue-de-los-Padres-Reparadores-Camino-de-Santiago-Frances_2-768x403.jpg\" alt=\"Albergue de los Padres Reparadores Camino de Santiago Frances 2 768x403\" width=\"768\" height=\"403\" class=\"geodir-lazy-load align size-medium_large geodir-image-417 embed-item-cover-xy w-100 p-0 m-0 mw-100 border-0\" data-srcset=\"https:\/\/caminodesantiagofrances.com\/en\/wp-content\/uploads\/sites\/3\/2024\/08\/Albergue-de-los-Padres-Reparadores-Camino-de-Santiago-Frances_2-768x403.jpg 768w, https:\/\/caminodesantiagofrances.com\/en\/wp-content\/uploads\/sites\/3\/2024\/08\/Albergue-de-los-Padres-Reparadores-Camino-de-Santiago-Frances_2-300x158.jpg 300w, https:\/\/caminodesantiagofrances.com\/en\/wp-content\/uploads\/sites\/3\/2024\/08\/Albergue-de-los-Padres-Reparadores-Camino-de-Santiago-Frances_2-1024x538.jpg 1024w, https:\/\/caminodesantiagofrances.com\/en\/wp-content\/uploads\/sites\/3\/2024\/08\/Albergue-de-los-Padres-Reparadores-Camino-de-Santiago-Frances_2.jpg 1200w\" sizes=\"(max-width: 768px) 100vw, 768px\" \/><i class=\"fas fa-link w-auto h-auto\" aria-hidden=\"true\"><\/i><\/a><\/div>\t\t<\/div>\n\t\t<\/div>\n<\/div><\/div><div class=\"card-body p-2  \"><div class=\"row justify-content-center gv-hide-3 gv-hide-0\"><div class=\"col col-4 text-center tofront \"><a href=\"https:\/\/caminodesantiagofrances.com\/en\/author\/caminodesantiagofrances-com\/\" title=\"caminodesantiagofrances-com\"><img decoding=\"async\" style=\"max-height:75px;\" class=\"rounded-circle shadow border border-white border-width-4 p-0 mw-100 mt-n5 bg-white\" src=\"https:\/\/secure.gravatar.com\/avatar\/03aa5dc32308904f80a38258afc0335b43d4b2bec3418626e4f8712b71c3b93e?s=96&#038;d=mm&#038;r=g\" alt=\"Author Image\"><\/a><\/div><\/div><div class=\"geodir-post-title bsui sdel-caa60b10\" ><h3 class=\"geodir-entry-title  h5 \"><a href=\"https:\/\/caminodesantiagofrances.com\/en\/lo\/albergue-de-los-padres-reparadores\/\" class=\"\" title=\"View: Albergue de los Padres Reparadores\">Albergue de los Padres Reparadores<\/a><\/h3><\/div><div class=\"geodir-post-content-container bsui sdel-1e477937\" ><div class=\"geodir_post_meta  text-justify pb-1 position-relative geodir-field-post_content\" >Albergue de peregrinos de los Padres Reparadores Puente la Reina El Albergue de los Padres Reparadores es un acogedor lugar<\/div><\/div><\/div><div class=\"card-footer p-2  \"><div class='d-flex justify-content-between align-items-center flex-wrap'><div><\/div><div><\/div><\/div><\/div><\/div>\t<\/div>\n\t<\/div>\n\n<div class=\"col mb-4 geodir-post post-16378 gd_place type-gd_place status-publish has-post-thumbnail gd-post-pkg-1\" data-post-id=\"16378\">\n\t\t<div class=\"card h-100 p-0 m-0 mw-100  \">\n\t<div class=\"card p-0 mw-100 h-100 \"><div class=\"card-img-top overflow-hidden position-relative  \"><span class=\"bsui gd-badge-meta\"><a href=\"https:\/\/caminodesantiagofrances.com\/en\/lo\/categoria\/hotel\/\" class=\"gd-badge border-0 badge ab-bottom-left ms-1\" data-id=\"16378\" data-badge=\"default_category\" data-badge-condition=\"is_not_empty\" style=\"background-color:rgba(0,0,0,0.5);border-color:rgba(0,0,0,0.5);color:#ffffff;\">Hotel<\/a>\n<\/span><div class=\"geodir_post_meta gd-fav-info-wrap  gd-fav-hide-text ab-bottom-right me-1  mb-n1  me-1 mb-n1 ab-bottom-right\" >\t\t<span class=\"gd-list-favorite\">\n\t\t\t<span class=\"geodir-addtofav favorite_property_16378  h5\" aria-hidden=\"true\"><span  title=\"Add to Favourites\"  class=\"geodir-addtofav-icon c-pointer geodir-act-fav\"  data-color-on=\"#ff0000\"  data-icon=\"fas fa-heart\"  data-color-off=\"rgba(223,223,223,0.8)\"  data-text-color=\"\"  data-bs-toggle=\"tooltip\"  aria-hidden=\"true\"  onclick=\"javascript:window.location.href='https:\/\/caminodesantiagofrances.com\/en\/wp-login.php'\"  ><i class=\"fas fa-heart\"  style=\"color:rgba(223,223,223,0.8);\" ><\/i> <span class=\"geodir-fav-text gv-secondary visually-hidden\" style=\"\" aria-hidden=\"true\">Favourite<\/span><\/span>\n<\/span>\t\t<\/span>\n\t\t<\/div><div class=\"geodir-post-slider bsui sdel-03994e04\" ><div class=\"geodir-image-container geodir-image-sizes-medium_large overflow-hidden\">\n\t\t\t<div class=\"geodir-images aui-gallery geodir-images-n-1 geodir-images-image carousel-inner \">\n\t\t<div class=\"carousel-item active\"><a href=\"https:\/\/caminodesantiagofrances.com\/en\/lo\/hotel-rural-bidean-puente-la-reina\/\" class=\"geodir-link-image embed-has-action ratio ratio-16x9 ratio ratio-16x9 d-block\"><img src='data:image\/png;base64,iVBORw0KGgoAAAANSUhEUgAAAGQAAAABCAQAAACC0sM2AAAADklEQVR42mP8X88wLAAAK5IBgMYCdqgAAAAASUVORK5CYII=' data-src=\"https:\/\/caminodesantiagofrances.com\/en\/wp-content\/uploads\/sites\/3\/2025\/08\/Hotel-Rural-Bidean-Puente-la-Reina-Camino-de-Santiago-Frances-768x403.jpg\" alt=\"Hotel Rural Bidean Puente la Reina Camino de Santiago Frances 768x403\" width=\"768\" height=\"403\" class=\"geodir-lazy-load align size-medium_large geodir-image-3327 embed-item-cover-xy w-100 p-0 m-0 mw-100 border-0\" data-srcset=\"https:\/\/caminodesantiagofrances.com\/en\/wp-content\/uploads\/sites\/3\/2025\/08\/Hotel-Rural-Bidean-Puente-la-Reina-Camino-de-Santiago-Frances-768x403.jpg 768w, https:\/\/caminodesantiagofrances.com\/en\/wp-content\/uploads\/sites\/3\/2025\/08\/Hotel-Rural-Bidean-Puente-la-Reina-Camino-de-Santiago-Frances-300x158.jpg 300w, https:\/\/caminodesantiagofrances.com\/en\/wp-content\/uploads\/sites\/3\/2025\/08\/Hotel-Rural-Bidean-Puente-la-Reina-Camino-de-Santiago-Frances-1024x538.jpg 1024w, https:\/\/caminodesantiagofrances.com\/en\/wp-content\/uploads\/sites\/3\/2025\/08\/Hotel-Rural-Bidean-Puente-la-Reina-Camino-de-Santiago-Frances.jpg 1200w\" sizes=\"(max-width: 768px) 100vw, 768px\" \/><i class=\"fas fa-link w-auto h-auto\" aria-hidden=\"true\"><\/i><\/a><\/div>\t\t<\/div>\n\t\t<\/div>\n<\/div><\/div><div class=\"card-body p-2  \"><div class=\"row justify-content-center gv-hide-3 gv-hide-0\"><div class=\"col col-4 text-center tofront \"><a href=\"https:\/\/caminodesantiagofrances.com\/en\/author\/caminodesantiagofrances-com\/\" title=\"caminodesantiagofrances-com\"><img decoding=\"async\" style=\"max-height:75px;\" class=\"rounded-circle shadow border border-white border-width-4 p-0 mw-100 mt-n5 bg-white\" src=\"https:\/\/secure.gravatar.com\/avatar\/03aa5dc32308904f80a38258afc0335b43d4b2bec3418626e4f8712b71c3b93e?s=96&#038;d=mm&#038;r=g\" alt=\"Author Image\"><\/a><\/div><\/div><div class=\"geodir-post-title bsui sdel-caa60b10\" ><h3 class=\"geodir-entry-title  h5 \"><a href=\"https:\/\/caminodesantiagofrances.com\/en\/lo\/hotel-rural-bidean-puente-la-reina\/\" class=\"\" title=\"View: Hotel Rural Bidean Puente la Reina\">Hotel Rural Bidean Puente la Reina<\/a><\/h3><\/div><div class=\"geodir-post-content-container bsui sdel-1e477937\" ><div class=\"geodir_post_meta  text-justify pb-1 position-relative geodir-field-post_content\" >RESERVAR AHORA Hotel Rural Bidean en Puente la Reina RESERVAR AHORA &nbsp; Camino de Santiago Franc\u00e9s\u00a0 &gt;&gt;\u00a0 Navarra\u00a0 &gt;&gt; Puente<\/div><\/div><\/div><div class=\"card-footer p-2  \"><div class='d-flex justify-content-between align-items-center flex-wrap'><div><\/div><div><\/div><\/div><\/div><\/div>\t<\/div>\n\t<\/div>\n\n<div class=\"col mb-4 geodir-post post-16380 gd_place type-gd_place status-publish has-post-thumbnail gd-post-pkg-1\" data-post-id=\"16380\">\n\t\t<div class=\"card h-100 p-0 m-0 mw-100  \">\n\t<div class=\"card p-0 mw-100 h-100 \"><div class=\"card-img-top overflow-hidden position-relative  \"><span class=\"bsui gd-badge-meta\"><a href=\"https:\/\/caminodesantiagofrances.com\/en\/lo\/categoria\/hostal\/\" class=\"gd-badge border-0 badge ab-bottom-left ms-1\" data-id=\"16380\" data-badge=\"default_category\" data-badge-condition=\"is_not_empty\" style=\"background-color:rgba(0,0,0,0.5);border-color:rgba(0,0,0,0.5);color:#ffffff;\">Hostal<\/a>\n<\/span><div class=\"geodir_post_meta gd-fav-info-wrap  gd-fav-hide-text ab-bottom-right me-1  mb-n1  me-1 mb-n1 ab-bottom-right\" >\t\t<span class=\"gd-list-favorite\">\n\t\t\t<span class=\"geodir-addtofav favorite_property_16380  h5\" aria-hidden=\"true\"><span  title=\"Add to Favourites\"  class=\"geodir-addtofav-icon c-pointer geodir-act-fav\"  data-color-on=\"#ff0000\"  data-icon=\"fas fa-heart\"  data-color-off=\"rgba(223,223,223,0.8)\"  data-text-color=\"\"  data-bs-toggle=\"tooltip\"  aria-hidden=\"true\"  onclick=\"javascript:window.location.href='https:\/\/caminodesantiagofrances.com\/en\/wp-login.php'\"  ><i class=\"fas fa-heart\"  style=\"color:rgba(223,223,223,0.8);\" ><\/i> <span class=\"geodir-fav-text gv-secondary visually-hidden\" style=\"\" aria-hidden=\"true\">Favourite<\/span><\/span>\n<\/span>\t\t<\/span>\n\t\t<\/div><div class=\"geodir-post-slider bsui sdel-03994e04\" ><div class=\"geodir-image-container geodir-image-sizes-medium_large overflow-hidden\">\n\t\t\t<div class=\"geodir-images aui-gallery geodir-images-n-1 geodir-images-image carousel-inner \">\n\t\t<div class=\"carousel-item active\"><a href=\"https:\/\/caminodesantiagofrances.com\/en\/lo\/hostal-la-plaza-puente-la-reina\/\" class=\"geodir-link-image embed-has-action ratio ratio-16x9 ratio ratio-16x9 d-block\"><img src='data:image\/png;base64,iVBORw0KGgoAAAANSUhEUgAAAGQAAAABCAQAAACC0sM2AAAADklEQVR42mP8X88wLAAAK5IBgMYCdqgAAAAASUVORK5CYII=' data-src=\"https:\/\/caminodesantiagofrances.com\/en\/wp-content\/uploads\/sites\/3\/2025\/08\/Hostal-La-Plaza-Puente-la-Reina-Camino-de-Santiago-Frances-768x403.jpg\" alt=\"Hostal La Plaza Puente la Reina Camino de Santiago Frances 768x403\" width=\"768\" height=\"403\" class=\"geodir-lazy-load align size-medium_large geodir-image-3338 embed-item-cover-xy w-100 p-0 m-0 mw-100 border-0\" data-srcset=\"https:\/\/caminodesantiagofrances.com\/en\/wp-content\/uploads\/sites\/3\/2025\/08\/Hostal-La-Plaza-Puente-la-Reina-Camino-de-Santiago-Frances-768x403.jpg 768w, https:\/\/caminodesantiagofrances.com\/en\/wp-content\/uploads\/sites\/3\/2025\/08\/Hostal-La-Plaza-Puente-la-Reina-Camino-de-Santiago-Frances-300x158.jpg 300w, https:\/\/caminodesantiagofrances.com\/en\/wp-content\/uploads\/sites\/3\/2025\/08\/Hostal-La-Plaza-Puente-la-Reina-Camino-de-Santiago-Frances-1024x538.jpg 1024w, https:\/\/caminodesantiagofrances.com\/en\/wp-content\/uploads\/sites\/3\/2025\/08\/Hostal-La-Plaza-Puente-la-Reina-Camino-de-Santiago-Frances.jpg 1200w\" sizes=\"(max-width: 768px) 100vw, 768px\" \/><i class=\"fas fa-link w-auto h-auto\" aria-hidden=\"true\"><\/i><\/a><\/div>\t\t<\/div>\n\t\t<\/div>\n<\/div><\/div><div class=\"card-body p-2  \"><div class=\"row justify-content-center gv-hide-3 gv-hide-0\"><div class=\"col col-4 text-center tofront \"><a href=\"https:\/\/caminodesantiagofrances.com\/en\/author\/caminodesantiagofrances-com\/\" title=\"caminodesantiagofrances-com\"><img decoding=\"async\" style=\"max-height:75px;\" class=\"rounded-circle shadow border border-white border-width-4 p-0 mw-100 mt-n5 bg-white\" src=\"https:\/\/secure.gravatar.com\/avatar\/03aa5dc32308904f80a38258afc0335b43d4b2bec3418626e4f8712b71c3b93e?s=96&#038;d=mm&#038;r=g\" alt=\"Author Image\"><\/a><\/div><\/div><div class=\"geodir-post-title bsui sdel-caa60b10\" ><h3 class=\"geodir-entry-title  h5 \"><a href=\"https:\/\/caminodesantiagofrances.com\/en\/lo\/hostal-la-plaza-puente-la-reina\/\" class=\"\" title=\"View: Hostal La Plaza Puente la Reina\">Hostal La Plaza Puente la Reina<\/a><\/h3><\/div><div class=\"geodir-post-content-container bsui sdel-1e477937\" ><div class=\"geodir_post_meta  text-justify pb-1 position-relative geodir-field-post_content\" >RESERVAR AHORA Hostal La Plaza en Puente la Reina RESERVAR AHORA &nbsp; Camino de Santiago Franc\u00e9s\u00a0 &gt;&gt;\u00a0 Navarra\u00a0 &gt;&gt; Puente<\/div><\/div><\/div><div class=\"card-footer p-2  \"><div class='d-flex justify-content-between align-items-center flex-wrap'><div><\/div><div><\/div><\/div><\/div><\/div>\t<\/div>\n\t<\/div>\n\n<div class=\"col mb-4 geodir-post post-16369 gd_place type-gd_place status-publish has-post-thumbnail gd-post-pkg-1\" data-post-id=\"16369\">\n\t\t<div class=\"card h-100 p-0 m-0 mw-100  \">\n\t<div class=\"card p-0 mw-100 h-100 \"><div class=\"card-img-top overflow-hidden position-relative  \"><span class=\"bsui gd-badge-meta\"><a href=\"https:\/\/caminodesantiagofrances.com\/en\/lo\/categoria\/albergue\/\" class=\"gd-badge border-0 badge ab-bottom-left ms-1\" data-id=\"16369\" data-badge=\"default_category\" data-badge-condition=\"is_not_empty\" style=\"background-color:rgba(0,0,0,0.5);border-color:rgba(0,0,0,0.5);color:#ffffff;\">Albergue<\/a>\n<\/span><div class=\"geodir_post_meta gd-fav-info-wrap  gd-fav-hide-text ab-bottom-right me-1  mb-n1  me-1 mb-n1 ab-bottom-right\" >\t\t<span class=\"gd-list-favorite\">\n\t\t\t<span class=\"geodir-addtofav favorite_property_16369  h5\" aria-hidden=\"true\"><span  title=\"Add to Favourites\"  class=\"geodir-addtofav-icon c-pointer geodir-act-fav\"  data-color-on=\"#ff0000\"  data-icon=\"fas fa-heart\"  data-color-off=\"rgba(223,223,223,0.8)\"  data-text-color=\"\"  data-bs-toggle=\"tooltip\"  aria-hidden=\"true\"  onclick=\"javascript:window.location.href='https:\/\/caminodesantiagofrances.com\/en\/wp-login.php'\"  ><i class=\"fas fa-heart\"  style=\"color:rgba(223,223,223,0.8);\" ><\/i> <span class=\"geodir-fav-text gv-secondary visually-hidden\" style=\"\" aria-hidden=\"true\">Favourite<\/span><\/span>\n<\/span>\t\t<\/span>\n\t\t<\/div><div class=\"geodir-post-slider bsui sdel-03994e04\" ><div class=\"geodir-image-container geodir-image-sizes-medium_large overflow-hidden\">\n\t\t\t<div class=\"geodir-images aui-gallery geodir-images-n-1 geodir-images-image carousel-inner \">\n\t\t<div class=\"carousel-item active\"><a href=\"https:\/\/caminodesantiagofrances.com\/en\/lo\/albergue-estrella-guia-puente-la-reina\/\" class=\"geodir-link-image embed-has-action ratio ratio-16x9 ratio ratio-16x9 d-block\"><img src='data:image\/png;base64,iVBORw0KGgoAAAANSUhEUgAAAGQAAAABCAQAAACC0sM2AAAADklEQVR42mP8X88wLAAAK5IBgMYCdqgAAAAASUVORK5CYII=' data-src=\"https:\/\/caminodesantiagofrances.com\/en\/wp-content\/uploads\/sites\/3\/2025\/08\/Albergue-Estrella-Guia-Puente-la-Reina-Camino-de-Santiago-Frances_2-768x403.jpg\" alt=\"Albergue Estrella Guia Puente la Reina Camino de Santiago Frances 2 768x403\" width=\"768\" height=\"403\" class=\"geodir-lazy-load align size-medium_large geodir-image-3284 embed-item-cover-xy w-100 p-0 m-0 mw-100 border-0\" data-srcset=\"https:\/\/caminodesantiagofrances.com\/en\/wp-content\/uploads\/sites\/3\/2025\/08\/Albergue-Estrella-Guia-Puente-la-Reina-Camino-de-Santiago-Frances_2-768x403.jpg 768w, https:\/\/caminodesantiagofrances.com\/en\/wp-content\/uploads\/sites\/3\/2025\/08\/Albergue-Estrella-Guia-Puente-la-Reina-Camino-de-Santiago-Frances_2-300x158.jpg 300w, https:\/\/caminodesantiagofrances.com\/en\/wp-content\/uploads\/sites\/3\/2025\/08\/Albergue-Estrella-Guia-Puente-la-Reina-Camino-de-Santiago-Frances_2-1024x538.jpg 1024w, https:\/\/caminodesantiagofrances.com\/en\/wp-content\/uploads\/sites\/3\/2025\/08\/Albergue-Estrella-Guia-Puente-la-Reina-Camino-de-Santiago-Frances_2.jpg 1200w\" sizes=\"(max-width: 768px) 100vw, 768px\" \/><i class=\"fas fa-link w-auto h-auto\" aria-hidden=\"true\"><\/i><\/a><\/div>\t\t<\/div>\n\t\t<\/div>\n<\/div><\/div><div class=\"card-body p-2  \"><div class=\"row justify-content-center gv-hide-3 gv-hide-0\"><div class=\"col col-4 text-center tofront \"><a href=\"https:\/\/caminodesantiagofrances.com\/en\/author\/caminodesantiagofrances-com\/\" title=\"caminodesantiagofrances-com\"><img decoding=\"async\" style=\"max-height:75px;\" class=\"rounded-circle shadow border border-white border-width-4 p-0 mw-100 mt-n5 bg-white\" src=\"https:\/\/secure.gravatar.com\/avatar\/03aa5dc32308904f80a38258afc0335b43d4b2bec3418626e4f8712b71c3b93e?s=96&#038;d=mm&#038;r=g\" alt=\"Author Image\"><\/a><\/div><\/div><div class=\"geodir-post-title bsui sdel-caa60b10\" ><h3 class=\"geodir-entry-title  h5 \"><a href=\"https:\/\/caminodesantiagofrances.com\/en\/lo\/albergue-estrella-guia-puente-la-reina\/\" class=\"\" title=\"View: Albergue Estrella Gu\u00eda Puente la Reina\">Albergue Estrella Gu\u00eda Puente la Reina<\/a><\/h3><\/div><div class=\"geodir-post-content-container bsui sdel-1e477937\" ><div class=\"geodir_post_meta  text-justify pb-1 position-relative geodir-field-post_content\" >RESERVAR AHORA Albergue Estrella Gu\u00eda: el refugio perfecto en Puente la Reina El Albergue Estrella Gu\u00eda se encuentra en pleno<\/div><\/div><\/div><div class=\"card-footer p-2  \"><div class='d-flex justify-content-between align-items-center flex-wrap'><div><\/div><div><\/div><\/div><\/div><\/div>\t<\/div>\n\t<\/div>\n\n<div class=\"col mb-4 geodir-post post-16376 gd_place type-gd_place status-publish has-post-thumbnail gd-post-pkg-1\" data-post-id=\"16376\">\n\t\t<div class=\"card h-100 p-0 m-0 mw-100  \">\n\t<div class=\"card p-0 mw-100 h-100 \"><div class=\"card-img-top overflow-hidden position-relative  \"><span class=\"bsui gd-badge-meta\"><a href=\"https:\/\/caminodesantiagofrances.com\/en\/lo\/categoria\/albergue\/\" class=\"gd-badge border-0 badge ab-bottom-left ms-1\" data-id=\"16376\" data-badge=\"default_category\" data-badge-condition=\"is_not_empty\" style=\"background-color:rgba(0,0,0,0.5);border-color:rgba(0,0,0,0.5);color:#ffffff;\">Albergue<\/a>\n<\/span><div class=\"geodir_post_meta gd-fav-info-wrap  gd-fav-hide-text ab-bottom-right me-1  mb-n1  me-1 mb-n1 ab-bottom-right\" >\t\t<span class=\"gd-list-favorite\">\n\t\t\t<span class=\"geodir-addtofav favorite_property_16376  h5\" aria-hidden=\"true\"><span  title=\"Add to Favourites\"  class=\"geodir-addtofav-icon c-pointer geodir-act-fav\"  data-color-on=\"#ff0000\"  data-icon=\"fas fa-heart\"  data-color-off=\"rgba(223,223,223,0.8)\"  data-text-color=\"\"  data-bs-toggle=\"tooltip\"  aria-hidden=\"true\"  onclick=\"javascript:window.location.href='https:\/\/caminodesantiagofrances.com\/en\/wp-login.php'\"  ><i class=\"fas fa-heart\"  style=\"color:rgba(223,223,223,0.8);\" ><\/i> <span class=\"geodir-fav-text gv-secondary visually-hidden\" style=\"\" aria-hidden=\"true\">Favourite<\/span><\/span>\n<\/span>\t\t<\/span>\n\t\t<\/div><div class=\"geodir-post-slider bsui sdel-03994e04\" ><div class=\"geodir-image-container geodir-image-sizes-medium_large overflow-hidden\">\n\t\t\t<div class=\"geodir-images aui-gallery geodir-images-n-1 geodir-images-image carousel-inner \">\n\t\t<div class=\"carousel-item active\"><a href=\"https:\/\/caminodesantiagofrances.com\/en\/lo\/albergue-gares-puente-la-reina\/\" class=\"geodir-link-image embed-has-action ratio ratio-16x9 ratio ratio-16x9 d-block\"><img src='data:image\/png;base64,iVBORw0KGgoAAAANSUhEUgAAAGQAAAABCAQAAACC0sM2AAAADklEQVR42mP8X88wLAAAK5IBgMYCdqgAAAAASUVORK5CYII=' data-src=\"https:\/\/caminodesantiagofrances.com\/en\/wp-content\/uploads\/sites\/3\/2025\/08\/Albergue-Gares-Puente-la-Reina-Camino-de-Santiago-Frances-768x403.jpg\" alt=\"Albergue Gares Puente la Reina Camino de Santiago Frances 768x403\" width=\"768\" height=\"403\" class=\"geodir-lazy-load align size-medium_large geodir-image-3313 embed-item-cover-xy w-100 p-0 m-0 mw-100 border-0\" data-srcset=\"https:\/\/caminodesantiagofrances.com\/en\/wp-content\/uploads\/sites\/3\/2025\/08\/Albergue-Gares-Puente-la-Reina-Camino-de-Santiago-Frances-768x403.jpg 768w, https:\/\/caminodesantiagofrances.com\/en\/wp-content\/uploads\/sites\/3\/2025\/08\/Albergue-Gares-Puente-la-Reina-Camino-de-Santiago-Frances-300x158.jpg 300w, https:\/\/caminodesantiagofrances.com\/en\/wp-content\/uploads\/sites\/3\/2025\/08\/Albergue-Gares-Puente-la-Reina-Camino-de-Santiago-Frances-1024x538.jpg 1024w, https:\/\/caminodesantiagofrances.com\/en\/wp-content\/uploads\/sites\/3\/2025\/08\/Albergue-Gares-Puente-la-Reina-Camino-de-Santiago-Frances.jpg 1200w\" sizes=\"(max-width: 768px) 100vw, 768px\" \/><i class=\"fas fa-link w-auto h-auto\" aria-hidden=\"true\"><\/i><\/a><\/div>\t\t<\/div>\n\t\t<\/div>\n<\/div><\/div><div class=\"card-body p-2  \"><div class=\"row justify-content-center gv-hide-3 gv-hide-0\"><div class=\"col col-4 text-center tofront \"><a href=\"https:\/\/caminodesantiagofrances.com\/en\/author\/caminodesantiagofrances-com\/\" title=\"caminodesantiagofrances-com\"><img decoding=\"async\" style=\"max-height:75px;\" class=\"rounded-circle shadow border border-white border-width-4 p-0 mw-100 mt-n5 bg-white\" src=\"https:\/\/secure.gravatar.com\/avatar\/03aa5dc32308904f80a38258afc0335b43d4b2bec3418626e4f8712b71c3b93e?s=96&#038;d=mm&#038;r=g\" alt=\"Author Image\"><\/a><\/div><\/div><div class=\"geodir-post-title bsui sdel-caa60b10\" ><h3 class=\"geodir-entry-title  h5 \"><a href=\"https:\/\/caminodesantiagofrances.com\/en\/lo\/albergue-gares-puente-la-reina\/\" class=\"\" title=\"View: Albergue Gares Puente la Reina\">Albergue Gares Puente la Reina<\/a><\/h3><\/div><div class=\"geodir-post-content-container bsui sdel-1e477937\" ><div class=\"geodir_post_meta  text-justify pb-1 position-relative geodir-field-post_content\" >RESERVAR AHORA Albergue Gares Puente la Reina RESERVAR AHORA &nbsp; Camino de Santiago Franc\u00e9s\u00a0 &gt;&gt;\u00a0 Navarra\u00a0 &gt;&gt; Puente la Reina\u00a0\u00a0&gt;&gt;<\/div><\/div><\/div><div class=\"card-footer p-2  \"><div class='d-flex justify-content-between align-items-center flex-wrap'><div><\/div><div><\/div><\/div><\/div><\/div>\t<\/div>\n\t<\/div>\n\n<div class=\"col mb-4 geodir-post post-16364 gd_place type-gd_place status-publish has-post-thumbnail gd-post-pkg-1\" data-post-id=\"16364\">\n\t\t<div class=\"card h-100 p-0 m-0 mw-100  \">\n\t<div class=\"card p-0 mw-100 h-100 \"><div class=\"card-img-top overflow-hidden position-relative  \"><span class=\"bsui gd-badge-meta\"><a href=\"https:\/\/caminodesantiagofrances.com\/en\/lo\/categoria\/albergue\/\" class=\"gd-badge border-0 badge ab-bottom-left ms-1\" data-id=\"16364\" data-badge=\"default_category\" data-badge-condition=\"is_not_empty\" style=\"background-color:rgba(0,0,0,0.5);border-color:rgba(0,0,0,0.5);color:#ffffff;\">Albergue<\/a>\n<\/span><div class=\"geodir_post_meta gd-fav-info-wrap  gd-fav-hide-text ab-bottom-right me-1  mb-n1  me-1 mb-n1 ab-bottom-right\" >\t\t<span class=\"gd-list-favorite\">\n\t\t\t<span class=\"geodir-addtofav favorite_property_16364  h5\" aria-hidden=\"true\"><span  title=\"Add to Favourites\"  class=\"geodir-addtofav-icon c-pointer geodir-act-fav\"  data-color-on=\"#ff0000\"  data-icon=\"fas fa-heart\"  data-color-off=\"rgba(223,223,223,0.8)\"  data-text-color=\"\"  data-bs-toggle=\"tooltip\"  aria-hidden=\"true\"  onclick=\"javascript:window.location.href='https:\/\/caminodesantiagofrances.com\/en\/wp-login.php'\"  ><i class=\"fas fa-heart\"  style=\"color:rgba(223,223,223,0.8);\" ><\/i> <span class=\"geodir-fav-text gv-secondary visually-hidden\" style=\"\" aria-hidden=\"true\">Favourite<\/span><\/span>\n<\/span>\t\t<\/span>\n\t\t<\/div><div class=\"geodir-post-slider bsui sdel-03994e04\" ><div class=\"geodir-image-container geodir-image-sizes-medium_large overflow-hidden\">\n\t\t\t<div class=\"geodir-images aui-gallery geodir-images-n-1 geodir-images-image carousel-inner \">\n\t\t<div class=\"carousel-item active\"><a href=\"https:\/\/caminodesantiagofrances.com\/en\/lo\/albergue-santiago-apostol-puente-la-reina\/\" class=\"geodir-link-image embed-has-action ratio ratio-16x9 ratio ratio-16x9 d-block\"><img src='data:image\/png;base64,iVBORw0KGgoAAAANSUhEUgAAAGQAAAABCAQAAACC0sM2AAAADklEQVR42mP8X88wLAAAK5IBgMYCdqgAAAAASUVORK5CYII=' data-src=\"https:\/\/caminodesantiagofrances.com\/en\/wp-content\/uploads\/sites\/3\/2025\/08\/Albergue-Santiago-Apostol-Puente-la-Reina-Camino-de-Santiago-Frances-768x403.jpg\" alt=\"Albergue Santiago Apostol Puente la Reina Camino de Santiago Frances 768x403\" width=\"768\" height=\"403\" class=\"geodir-lazy-load align size-medium_large geodir-image-3274 embed-item-cover-xy w-100 p-0 m-0 mw-100 border-0\" data-srcset=\"https:\/\/caminodesantiagofrances.com\/en\/wp-content\/uploads\/sites\/3\/2025\/08\/Albergue-Santiago-Apostol-Puente-la-Reina-Camino-de-Santiago-Frances-768x403.jpg 768w, https:\/\/caminodesantiagofrances.com\/en\/wp-content\/uploads\/sites\/3\/2025\/08\/Albergue-Santiago-Apostol-Puente-la-Reina-Camino-de-Santiago-Frances-300x158.jpg 300w, https:\/\/caminodesantiagofrances.com\/en\/wp-content\/uploads\/sites\/3\/2025\/08\/Albergue-Santiago-Apostol-Puente-la-Reina-Camino-de-Santiago-Frances-1024x538.jpg 1024w, https:\/\/caminodesantiagofrances.com\/en\/wp-content\/uploads\/sites\/3\/2025\/08\/Albergue-Santiago-Apostol-Puente-la-Reina-Camino-de-Santiago-Frances.jpg 1200w\" sizes=\"(max-width: 768px) 100vw, 768px\" \/><i class=\"fas fa-link w-auto h-auto\" aria-hidden=\"true\"><\/i><\/a><\/div>\t\t<\/div>\n\t\t<\/div>\n<\/div><\/div><div class=\"card-body p-2  \"><div class=\"row justify-content-center gv-hide-3 gv-hide-0\"><div class=\"col col-4 text-center tofront \"><a href=\"https:\/\/caminodesantiagofrances.com\/en\/author\/caminodesantiagofrances-com\/\" title=\"caminodesantiagofrances-com\"><img decoding=\"async\" style=\"max-height:75px;\" class=\"rounded-circle shadow border border-white border-width-4 p-0 mw-100 mt-n5 bg-white\" src=\"https:\/\/secure.gravatar.com\/avatar\/03aa5dc32308904f80a38258afc0335b43d4b2bec3418626e4f8712b71c3b93e?s=96&#038;d=mm&#038;r=g\" alt=\"Author Image\"><\/a><\/div><\/div><div class=\"geodir-post-title bsui sdel-caa60b10\" ><h3 class=\"geodir-entry-title  h5 \"><a href=\"https:\/\/caminodesantiagofrances.com\/en\/lo\/albergue-santiago-apostol-puente-la-reina\/\" class=\"\" title=\"View: Albergue Santiago Ap\u00f3stol Puente la Reina\">Albergue Santiago Ap\u00f3stol Puente la Reina<\/a><\/h3><\/div><div class=\"geodir-post-content-container bsui sdel-1e477937\" ><div class=\"geodir_post_meta  text-justify pb-1 position-relative geodir-field-post_content\" >RESERVAR AHORA Albergue de Peregrinos Santiago Ap\u00f3stol en Puente la Reina RESERVAR AHORA &nbsp; Camino de Santiago Franc\u00e9s\u00a0 &gt;&gt;\u00a0 Navarra\u00a0<\/div><\/div><\/div><div class=\"card-footer p-2  \"><div class='d-flex justify-content-between align-items-center flex-wrap'><div><\/div><div><\/div><\/div><\/div><\/div>\t<\/div>\n\t<\/div>\n\t<\/div>\n<div class=\"geodir-ajax-listings-loader loading_div overlay overlay-black position-absolute row m-0 z-index-1 w-100 h-100 rounded overflow-hidden\" style=\"display: none;z-index: 3;top:0;\">\n\t\t\t\t\t\t\t\t<div class=\"spinner-border mx-auto align-self-center text-white\" role=\"status\">\n\t\t\t\t\t\t\t\t\t<span class=\"visually-hidden\">Loading&#8230;<\/span>\n\t\t\t\t\t\t\t\t<\/div>\n\t\t\t\t\t\t\t<\/div><div class=\"geodir-loop-paging-container bsui sdel-c83c1d52\" ><div class=\"mb-3\">\n\t<section class=\"px-0 py-2 w-100\">\n\t<nav class=\"navigation aui-pagination\" aria-label=\"Posts navigation\">\n\t\t<h2 class=\"screen-reader-text visually-hidden\">Posts navigation<\/h2>\n\t\t<div class=\"aui-nav-links\"><ul class=\"pagination m-0 p-0 \"><li class=\"page-item mx-0\"><span aria-current=\"page\" class=\"page-link current active\">1<\/span><\/li><li class=\"page-item mx-0\"><a class=\"page-link\" href=\"https:\/\/caminodesantiagofrances.com\/en\/wp-json\/wp\/v2\/pages\/11078\/page\/2\/\">2<\/a><\/li><li class=\"page-item mx-0\"><a class=\"next page-link\" href=\"https:\/\/caminodesantiagofrances.com\/en\/wp-json\/wp\/v2\/pages\/11078\/page\/2\/\"><span class=\"nav-next-text visually-hidden\">Older posts<\/span> <i class=\"fas fa-chevron-right\"><\/i><\/a><\/li><\/ul><\/div>\n\t<\/nav><\/section><\/div>\n<\/div>\t\t\t\t<script type=\"text\/javascript\">\n\t\t\t\t\t\/* <![CDATA[ *\/\n\t\t\t\t\tjQuery(function () {\n\t\t\t\t\t\ttry {\n\t\t\t\t\t\t\tvar params = {\"title\":\"\",\"post_type\":\"gd_place\",\"category\":\"662,661,692,724,723\",\"related_to\":\"\",\"tags\":\"\",\"rating\":\"\",\"post_author\":\"\",\"category_title\":\"\",\"sort_by\":\"random\",\"title_tag\":\"h3\",\"list_order\":\"\",\"post_limit\":\"6\",\"post_ids\":\"\",\"layout\":\"3\",\"listing_width\":\"\",\"add_location_filter\":1,\"nearby_gps\":0,\"character_count\":\"20\",\"show_featured_only\":0,\"show_special_only\":0,\"with_pics_only\":0,\"with_videos_only\":0,\"show_favorites_only\":0,\"favorites_by_user\":\"\",\"use_viewing_post_type\":0,\"use_viewing_term\":0,\"hide_if_empty\":0,\"view_all_link\":0,\"with_pagination\":1,\"top_pagination\":1,\"bottom_pagination\":1,\"pagination_info\":\"\",\"template_type\":\"\",\"tmpl_page\":\"\",\"tmpl_part\":\"\",\"skin_id\":\"\",\"skin_column_gap\":\"\",\"skin_row_gap\":\"\",\"column_gap\":\"\",\"row_gap\":\"\",\"card_border\":\"\",\"card_shadow\":\"\",\"bg\":\"\",\"mt\":\"\",\"mb\":\"3\",\"mr\":\"\",\"ml\":\"\",\"pt\":\"\",\"pb\":\"\",\"pr\":\"\",\"pl\":\"\",\"border\":\"\",\"rounded\":\"\",\"rounded_size\":\"\",\"shadow\":\"\",\"with_carousel\":\"\",\"with_controls\":\"\",\"with_indicators\":\"\",\"slide_interval\":\"5\",\"slide_ride\":\"\",\"center_slide\":\"\",\"widget_title_tag\":\"\",\"widget_title_size_class\":\"\",\"widget_title_align_class\":\"\",\"widget_title_color_class\":\"\",\"widget_title_border_class\":\"\",\"widget_title_border_color_class\":\"\",\"widget_title_mt_class\":\"\",\"widget_title_mr_class\":\"\",\"widget_title_mb_class\":\"\",\"widget_title_ml_class\":\"\",\"widget_title_pt_class\":\"\",\"widget_title_pr_class\":\"\",\"widget_title_pb_class\":\"\",\"widget_title_pl_class\":\"\",\"package_ids\":\"\",\"paging_style\":\"\",\"paging_mid_size\":\"\",\"paging_mid_size_sm\":\"\",\"paging_size\":\"\",\"paging_size_sm\":\"\",\"indicators_mb\":\"\",\"css_class\":\"\",\"country\":\"\",\"region\":\"\",\"city\":\"puente-la-reina\",\"neighbourhood\":\"\",\"posts_per_page\":\"6\",\"is_geodir_loop\":1,\"gd_location\":1,\"order_by\":\"random\",\"distance_to_post\":0,\"pageno\":1,\"is_gd_author\":0,\"excerpt_length\":\"20\",\"tax_query\":[{\"taxonomy\":\"gd_placecategory\",\"field\":\"id\",\"terms\":[\"662\",\"661\",\"692\",\"724\",\"723\"]}],\"count_only\":0,\"set_query_vars\":{\"rest_route\":\"\\\/wp\\\/v2\\\/pages\\\/11078\",\"tax_query\":[{\"taxonomy\":\"gd_placecategory\",\"field\":\"id\",\"terms\":[\"662\",\"661\",\"692\",\"724\",\"723\"]}]}};\n\t\t\t\t\t\t\tparams['action'] = 'geodir_widget_listings';\n\t\t\t\t\t\t\tparams['widget_args'] = [];\n\t\t\t\t\t\t\tparams['security'] = geodir_params.basic_nonce;\n\t\t\t\t\t\t\tgeodir_widget_listings_pagination('geodir_6a9d738c0f1ee', params);\n\t\t\t\t\t\t} catch (err) {\n\t\t\t\t\t\t\tconsole.log(err.message);\n\t\t\t\t\t\t}\n\t\t\t\t\t});\n\t\t\t\t\t\/* ]]> *\/\n\t\t\t\t<\/script>\n\t\t\t\t\t\t<\/div>\n\t\t<\/div><\/div>\n\n\n\n<hr class=\"wp-block-separator has-alpha-channel-opacity\"\/>\n\n\n\n<h2 class=\"wp-block-heading has-text-align-center\"><strong>Hostels in Puente la Reina<\/strong><\/h2>\n\n\n\n<div class=\"wp-block-geodirectory-geodir-widget-listings\"><div class=\"geodir-listings bsui sdel-cbb3a106\" >\t\t<div id=\"geodir_6a9d738c42a6b\" class=\"geodir_locations geodir_location_listing\n\t\t\t\t\t\t\t mb-3\t\t position-relative\">\n\t\t\t\t<div\n\t\tclass=\"row row-cols-1 row-cols-sm-2 geodir-category-list-view geodir-widget-posts geodir-gridview row-cols-md-2\">\n\t\t\n<div class=\"col mb-4 geodir-post post-16382 gd_place type-gd_place status-publish has-post-thumbnail gd-post-pkg-1\" data-post-id=\"16382\">\n\t\t<div class=\"card h-100 p-0 m-0 mw-100  \">\n\t<div class=\"card p-0 mw-100 h-100 \"><div class=\"card-img-top overflow-hidden position-relative  \"><span class=\"bsui gd-badge-meta\"><a href=\"https:\/\/caminodesantiagofrances.com\/en\/lo\/categoria\/albergue\/\" class=\"gd-badge border-0 badge ab-bottom-left ms-1\" data-id=\"16382\" data-badge=\"default_category\" data-badge-condition=\"is_not_empty\" style=\"background-color:rgba(0,0,0,0.5);border-color:rgba(0,0,0,0.5);color:#ffffff;\">Albergue<\/a>\n<\/span><div class=\"geodir_post_meta gd-fav-info-wrap  gd-fav-hide-text ab-bottom-right me-1  mb-n1  me-1 mb-n1 ab-bottom-right\" >\t\t<span class=\"gd-list-favorite\">\n\t\t\t<span class=\"geodir-addtofav favorite_property_16382  h5\" aria-hidden=\"true\"><span  title=\"Add to Favourites\"  class=\"geodir-addtofav-icon c-pointer geodir-act-fav\"  data-color-on=\"#ff0000\"  data-icon=\"fas fa-heart\"  data-color-off=\"rgba(223,223,223,0.8)\"  data-text-color=\"\"  data-bs-toggle=\"tooltip\"  aria-hidden=\"true\"  onclick=\"javascript:window.location.href='https:\/\/caminodesantiagofrances.com\/en\/wp-login.php'\"  ><i class=\"fas fa-heart\"  style=\"color:rgba(223,223,223,0.8);\" ><\/i> <span class=\"geodir-fav-text gv-secondary visually-hidden\" style=\"\" aria-hidden=\"true\">Favourite<\/span><\/span>\n<\/span>\t\t<\/span>\n\t\t<\/div><div class=\"geodir-post-slider bsui sdel-03994e04\" ><div class=\"geodir-image-container geodir-image-sizes-medium_large overflow-hidden\">\n\t\t\t<div class=\"geodir-images aui-gallery geodir-images-n-1 geodir-images-image carousel-inner \">\n\t\t<div class=\"carousel-item active\"><a href=\"https:\/\/caminodesantiagofrances.com\/en\/lo\/albergue-puente\/\" class=\"geodir-link-image embed-has-action ratio ratio-16x9 ratio ratio-16x9 d-block\"><img src='data:image\/png;base64,iVBORw0KGgoAAAANSUhEUgAAAGQAAAABCAQAAACC0sM2AAAADklEQVR42mP8X88wLAAAK5IBgMYCdqgAAAAASUVORK5CYII=' data-src=\"https:\/\/caminodesantiagofrances.com\/en\/wp-content\/uploads\/sites\/3\/2025\/08\/Albergue-Puente-Camino-de-Santiago-Frances-768x403.jpg\" alt=\"Albergue Puente Camino de Santiago Frances 768x403\" width=\"768\" height=\"403\" class=\"geodir-lazy-load align size-medium_large geodir-image-3350 embed-item-cover-xy w-100 p-0 m-0 mw-100 border-0\" data-srcset=\"https:\/\/caminodesantiagofrances.com\/en\/wp-content\/uploads\/sites\/3\/2025\/08\/Albergue-Puente-Camino-de-Santiago-Frances-768x403.jpg 768w, https:\/\/caminodesantiagofrances.com\/en\/wp-content\/uploads\/sites\/3\/2025\/08\/Albergue-Puente-Camino-de-Santiago-Frances-300x158.jpg 300w, https:\/\/caminodesantiagofrances.com\/en\/wp-content\/uploads\/sites\/3\/2025\/08\/Albergue-Puente-Camino-de-Santiago-Frances-1024x538.jpg 1024w, https:\/\/caminodesantiagofrances.com\/en\/wp-content\/uploads\/sites\/3\/2025\/08\/Albergue-Puente-Camino-de-Santiago-Frances.jpg 1200w\" sizes=\"(max-width: 768px) 100vw, 768px\" \/><i class=\"fas fa-link w-auto h-auto\" aria-hidden=\"true\"><\/i><\/a><\/div>\t\t<\/div>\n\t\t<\/div>\n<\/div><\/div><div class=\"card-body p-2  \"><div class=\"row justify-content-center gv-hide-3 gv-hide-0\"><div class=\"col col-4 text-center tofront \"><a href=\"https:\/\/caminodesantiagofrances.com\/en\/author\/caminodesantiagofrances-com\/\" title=\"caminodesantiagofrances-com\"><img decoding=\"async\" style=\"max-height:75px;\" class=\"rounded-circle shadow border border-white border-width-4 p-0 mw-100 mt-n5 bg-white\" src=\"https:\/\/secure.gravatar.com\/avatar\/03aa5dc32308904f80a38258afc0335b43d4b2bec3418626e4f8712b71c3b93e?s=96&#038;d=mm&#038;r=g\" alt=\"Author Image\"><\/a><\/div><\/div><div class=\"geodir-post-title bsui sdel-caa60b10\" ><h3 class=\"geodir-entry-title  h5 \"><a href=\"https:\/\/caminodesantiagofrances.com\/en\/lo\/albergue-puente\/\" class=\"\" title=\"View: Albergue Puente\">Albergue Puente<\/a><\/h3><\/div><div class=\"geodir-post-content-container bsui sdel-1e477937\" ><div class=\"geodir_post_meta  text-justify pb-1 position-relative geodir-field-post_content\" >RESERVAR AHORA Albergue Puente para peregrinos en Puente la Reina RESERVAR AHORA &nbsp; &nbsp; Camino de Santiago Franc\u00e9s\u00a0 &gt;&gt;\u00a0 Navarra\u00a0<\/div><\/div><\/div><div class=\"card-footer p-2  \"><div class='d-flex justify-content-between align-items-center flex-wrap'><div><\/div><div><\/div><\/div><\/div><\/div>\t<\/div>\n\t<\/div>\n\n<div class=\"col mb-4 geodir-post post-16376 gd_place type-gd_place status-publish has-post-thumbnail gd-post-pkg-1\" data-post-id=\"16376\">\n\t\t<div class=\"card h-100 p-0 m-0 mw-100  \">\n\t<div class=\"card p-0 mw-100 h-100 \"><div class=\"card-img-top overflow-hidden position-relative  \"><span class=\"bsui gd-badge-meta\"><a href=\"https:\/\/caminodesantiagofrances.com\/en\/lo\/categoria\/albergue\/\" class=\"gd-badge border-0 badge ab-bottom-left ms-1\" data-id=\"16376\" data-badge=\"default_category\" data-badge-condition=\"is_not_empty\" style=\"background-color:rgba(0,0,0,0.5);border-color:rgba(0,0,0,0.5);color:#ffffff;\">Albergue<\/a>\n<\/span><div class=\"geodir_post_meta gd-fav-info-wrap  gd-fav-hide-text ab-bottom-right me-1  mb-n1  me-1 mb-n1 ab-bottom-right\" >\t\t<span class=\"gd-list-favorite\">\n\t\t\t<span class=\"geodir-addtofav favorite_property_16376  h5\" aria-hidden=\"true\"><span  title=\"Add to Favourites\"  class=\"geodir-addtofav-icon c-pointer geodir-act-fav\"  data-color-on=\"#ff0000\"  data-icon=\"fas fa-heart\"  data-color-off=\"rgba(223,223,223,0.8)\"  data-text-color=\"\"  data-bs-toggle=\"tooltip\"  aria-hidden=\"true\"  onclick=\"javascript:window.location.href='https:\/\/caminodesantiagofrances.com\/en\/wp-login.php'\"  ><i class=\"fas fa-heart\"  style=\"color:rgba(223,223,223,0.8);\" ><\/i> <span class=\"geodir-fav-text gv-secondary visually-hidden\" style=\"\" aria-hidden=\"true\">Favourite<\/span><\/span>\n<\/span>\t\t<\/span>\n\t\t<\/div><div class=\"geodir-post-slider bsui sdel-03994e04\" ><div class=\"geodir-image-container geodir-image-sizes-medium_large overflow-hidden\">\n\t\t\t<div class=\"geodir-images aui-gallery geodir-images-n-1 geodir-images-image carousel-inner \">\n\t\t<div class=\"carousel-item active\"><a href=\"https:\/\/caminodesantiagofrances.com\/en\/lo\/albergue-gares-puente-la-reina\/\" class=\"geodir-link-image embed-has-action ratio ratio-16x9 ratio ratio-16x9 d-block\"><img src='data:image\/png;base64,iVBORw0KGgoAAAANSUhEUgAAAGQAAAABCAQAAACC0sM2AAAADklEQVR42mP8X88wLAAAK5IBgMYCdqgAAAAASUVORK5CYII=' data-src=\"https:\/\/caminodesantiagofrances.com\/en\/wp-content\/uploads\/sites\/3\/2025\/08\/Albergue-Gares-Puente-la-Reina-Camino-de-Santiago-Frances-768x403.jpg\" alt=\"Albergue Gares Puente la Reina Camino de Santiago Frances 768x403\" width=\"768\" height=\"403\" class=\"geodir-lazy-load align size-medium_large geodir-image-3313 embed-item-cover-xy w-100 p-0 m-0 mw-100 border-0\" data-srcset=\"https:\/\/caminodesantiagofrances.com\/en\/wp-content\/uploads\/sites\/3\/2025\/08\/Albergue-Gares-Puente-la-Reina-Camino-de-Santiago-Frances-768x403.jpg 768w, https:\/\/caminodesantiagofrances.com\/en\/wp-content\/uploads\/sites\/3\/2025\/08\/Albergue-Gares-Puente-la-Reina-Camino-de-Santiago-Frances-300x158.jpg 300w, https:\/\/caminodesantiagofrances.com\/en\/wp-content\/uploads\/sites\/3\/2025\/08\/Albergue-Gares-Puente-la-Reina-Camino-de-Santiago-Frances-1024x538.jpg 1024w, https:\/\/caminodesantiagofrances.com\/en\/wp-content\/uploads\/sites\/3\/2025\/08\/Albergue-Gares-Puente-la-Reina-Camino-de-Santiago-Frances.jpg 1200w\" sizes=\"(max-width: 768px) 100vw, 768px\" \/><i class=\"fas fa-link w-auto h-auto\" aria-hidden=\"true\"><\/i><\/a><\/div>\t\t<\/div>\n\t\t<\/div>\n<\/div><\/div><div class=\"card-body p-2  \"><div class=\"row justify-content-center gv-hide-3 gv-hide-0\"><div class=\"col col-4 text-center tofront \"><a href=\"https:\/\/caminodesantiagofrances.com\/en\/author\/caminodesantiagofrances-com\/\" title=\"caminodesantiagofrances-com\"><img decoding=\"async\" style=\"max-height:75px;\" class=\"rounded-circle shadow border border-white border-width-4 p-0 mw-100 mt-n5 bg-white\" src=\"https:\/\/secure.gravatar.com\/avatar\/03aa5dc32308904f80a38258afc0335b43d4b2bec3418626e4f8712b71c3b93e?s=96&#038;d=mm&#038;r=g\" alt=\"Author Image\"><\/a><\/div><\/div><div class=\"geodir-post-title bsui sdel-caa60b10\" ><h3 class=\"geodir-entry-title  h5 \"><a href=\"https:\/\/caminodesantiagofrances.com\/en\/lo\/albergue-gares-puente-la-reina\/\" class=\"\" title=\"View: Albergue Gares Puente la Reina\">Albergue Gares Puente la Reina<\/a><\/h3><\/div><div class=\"geodir-post-content-container bsui sdel-1e477937\" ><div class=\"geodir_post_meta  text-justify pb-1 position-relative geodir-field-post_content\" >RESERVAR AHORA Albergue Gares Puente la Reina RESERVAR AHORA &nbsp; Camino de Santiago Franc\u00e9s\u00a0 &gt;&gt;\u00a0 Navarra\u00a0 &gt;&gt; Puente la Reina\u00a0\u00a0&gt;&gt;<\/div><\/div><\/div><div class=\"card-footer p-2  \"><div class='d-flex justify-content-between align-items-center flex-wrap'><div><\/div><div><\/div><\/div><\/div><\/div>\t<\/div>\n\t<\/div>\n\n<div class=\"col mb-4 geodir-post post-16369 gd_place type-gd_place status-publish has-post-thumbnail gd-post-pkg-1\" data-post-id=\"16369\">\n\t\t<div class=\"card h-100 p-0 m-0 mw-100  \">\n\t<div class=\"card p-0 mw-100 h-100 \"><div class=\"card-img-top overflow-hidden position-relative  \"><span class=\"bsui gd-badge-meta\"><a href=\"https:\/\/caminodesantiagofrances.com\/en\/lo\/categoria\/albergue\/\" class=\"gd-badge border-0 badge ab-bottom-left ms-1\" data-id=\"16369\" data-badge=\"default_category\" data-badge-condition=\"is_not_empty\" style=\"background-color:rgba(0,0,0,0.5);border-color:rgba(0,0,0,0.5);color:#ffffff;\">Albergue<\/a>\n<\/span><div class=\"geodir_post_meta gd-fav-info-wrap  gd-fav-hide-text ab-bottom-right me-1  mb-n1  me-1 mb-n1 ab-bottom-right\" >\t\t<span class=\"gd-list-favorite\">\n\t\t\t<span class=\"geodir-addtofav favorite_property_16369  h5\" aria-hidden=\"true\"><span  title=\"Add to Favourites\"  class=\"geodir-addtofav-icon c-pointer geodir-act-fav\"  data-color-on=\"#ff0000\"  data-icon=\"fas fa-heart\"  data-color-off=\"rgba(223,223,223,0.8)\"  data-text-color=\"\"  data-bs-toggle=\"tooltip\"  aria-hidden=\"true\"  onclick=\"javascript:window.location.href='https:\/\/caminodesantiagofrances.com\/en\/wp-login.php'\"  ><i class=\"fas fa-heart\"  style=\"color:rgba(223,223,223,0.8);\" ><\/i> <span class=\"geodir-fav-text gv-secondary visually-hidden\" style=\"\" aria-hidden=\"true\">Favourite<\/span><\/span>\n<\/span>\t\t<\/span>\n\t\t<\/div><div class=\"geodir-post-slider bsui sdel-03994e04\" ><div class=\"geodir-image-container geodir-image-sizes-medium_large overflow-hidden\">\n\t\t\t<div class=\"geodir-images aui-gallery geodir-images-n-1 geodir-images-image carousel-inner \">\n\t\t<div class=\"carousel-item active\"><a href=\"https:\/\/caminodesantiagofrances.com\/en\/lo\/albergue-estrella-guia-puente-la-reina\/\" class=\"geodir-link-image embed-has-action ratio ratio-16x9 ratio ratio-16x9 d-block\"><img src='data:image\/png;base64,iVBORw0KGgoAAAANSUhEUgAAAGQAAAABCAQAAACC0sM2AAAADklEQVR42mP8X88wLAAAK5IBgMYCdqgAAAAASUVORK5CYII=' data-src=\"https:\/\/caminodesantiagofrances.com\/en\/wp-content\/uploads\/sites\/3\/2025\/08\/Albergue-Estrella-Guia-Puente-la-Reina-Camino-de-Santiago-Frances_2-768x403.jpg\" alt=\"Albergue Estrella Guia Puente la Reina Camino de Santiago Frances 2 768x403\" width=\"768\" height=\"403\" class=\"geodir-lazy-load align size-medium_large geodir-image-3284 embed-item-cover-xy w-100 p-0 m-0 mw-100 border-0\" data-srcset=\"https:\/\/caminodesantiagofrances.com\/en\/wp-content\/uploads\/sites\/3\/2025\/08\/Albergue-Estrella-Guia-Puente-la-Reina-Camino-de-Santiago-Frances_2-768x403.jpg 768w, https:\/\/caminodesantiagofrances.com\/en\/wp-content\/uploads\/sites\/3\/2025\/08\/Albergue-Estrella-Guia-Puente-la-Reina-Camino-de-Santiago-Frances_2-300x158.jpg 300w, https:\/\/caminodesantiagofrances.com\/en\/wp-content\/uploads\/sites\/3\/2025\/08\/Albergue-Estrella-Guia-Puente-la-Reina-Camino-de-Santiago-Frances_2-1024x538.jpg 1024w, https:\/\/caminodesantiagofrances.com\/en\/wp-content\/uploads\/sites\/3\/2025\/08\/Albergue-Estrella-Guia-Puente-la-Reina-Camino-de-Santiago-Frances_2.jpg 1200w\" sizes=\"(max-width: 768px) 100vw, 768px\" \/><i class=\"fas fa-link w-auto h-auto\" aria-hidden=\"true\"><\/i><\/a><\/div>\t\t<\/div>\n\t\t<\/div>\n<\/div><\/div><div class=\"card-body p-2  \"><div class=\"row justify-content-center gv-hide-3 gv-hide-0\"><div class=\"col col-4 text-center tofront \"><a href=\"https:\/\/caminodesantiagofrances.com\/en\/author\/caminodesantiagofrances-com\/\" title=\"caminodesantiagofrances-com\"><img decoding=\"async\" style=\"max-height:75px;\" class=\"rounded-circle shadow border border-white border-width-4 p-0 mw-100 mt-n5 bg-white\" src=\"https:\/\/secure.gravatar.com\/avatar\/03aa5dc32308904f80a38258afc0335b43d4b2bec3418626e4f8712b71c3b93e?s=96&#038;d=mm&#038;r=g\" alt=\"Author Image\"><\/a><\/div><\/div><div class=\"geodir-post-title bsui sdel-caa60b10\" ><h3 class=\"geodir-entry-title  h5 \"><a href=\"https:\/\/caminodesantiagofrances.com\/en\/lo\/albergue-estrella-guia-puente-la-reina\/\" class=\"\" title=\"View: Albergue Estrella Gu\u00eda Puente la Reina\">Albergue Estrella Gu\u00eda Puente la Reina<\/a><\/h3><\/div><div class=\"geodir-post-content-container bsui sdel-1e477937\" ><div class=\"geodir_post_meta  text-justify pb-1 position-relative geodir-field-post_content\" >RESERVAR AHORA Albergue Estrella Gu\u00eda: el refugio perfecto en Puente la Reina El Albergue Estrella Gu\u00eda se encuentra en pleno<\/div><\/div><\/div><div class=\"card-footer p-2  \"><div class='d-flex justify-content-between align-items-center flex-wrap'><div><\/div><div><\/div><\/div><\/div><\/div>\t<\/div>\n\t<\/div>\n\n<div class=\"col mb-4 geodir-post post-16364 gd_place type-gd_place status-publish has-post-thumbnail gd-post-pkg-1\" data-post-id=\"16364\">\n\t\t<div class=\"card h-100 p-0 m-0 mw-100  \">\n\t<div class=\"card p-0 mw-100 h-100 \"><div class=\"card-img-top overflow-hidden position-relative  \"><span class=\"bsui gd-badge-meta\"><a href=\"https:\/\/caminodesantiagofrances.com\/en\/lo\/categoria\/albergue\/\" class=\"gd-badge border-0 badge ab-bottom-left ms-1\" data-id=\"16364\" data-badge=\"default_category\" data-badge-condition=\"is_not_empty\" style=\"background-color:rgba(0,0,0,0.5);border-color:rgba(0,0,0,0.5);color:#ffffff;\">Albergue<\/a>\n<\/span><div class=\"geodir_post_meta gd-fav-info-wrap  gd-fav-hide-text ab-bottom-right me-1  mb-n1  me-1 mb-n1 ab-bottom-right\" >\t\t<span class=\"gd-list-favorite\">\n\t\t\t<span class=\"geodir-addtofav favorite_property_16364  h5\" aria-hidden=\"true\"><span  title=\"Add to Favourites\"  class=\"geodir-addtofav-icon c-pointer geodir-act-fav\"  data-color-on=\"#ff0000\"  data-icon=\"fas fa-heart\"  data-color-off=\"rgba(223,223,223,0.8)\"  data-text-color=\"\"  data-bs-toggle=\"tooltip\"  aria-hidden=\"true\"  onclick=\"javascript:window.location.href='https:\/\/caminodesantiagofrances.com\/en\/wp-login.php'\"  ><i class=\"fas fa-heart\"  style=\"color:rgba(223,223,223,0.8);\" ><\/i> <span class=\"geodir-fav-text gv-secondary visually-hidden\" style=\"\" aria-hidden=\"true\">Favourite<\/span><\/span>\n<\/span>\t\t<\/span>\n\t\t<\/div><div class=\"geodir-post-slider bsui sdel-03994e04\" ><div class=\"geodir-image-container geodir-image-sizes-medium_large overflow-hidden\">\n\t\t\t<div class=\"geodir-images aui-gallery geodir-images-n-1 geodir-images-image carousel-inner \">\n\t\t<div class=\"carousel-item active\"><a href=\"https:\/\/caminodesantiagofrances.com\/en\/lo\/albergue-santiago-apostol-puente-la-reina\/\" class=\"geodir-link-image embed-has-action ratio ratio-16x9 ratio ratio-16x9 d-block\"><img src='data:image\/png;base64,iVBORw0KGgoAAAANSUhEUgAAAGQAAAABCAQAAACC0sM2AAAADklEQVR42mP8X88wLAAAK5IBgMYCdqgAAAAASUVORK5CYII=' data-src=\"https:\/\/caminodesantiagofrances.com\/en\/wp-content\/uploads\/sites\/3\/2025\/08\/Albergue-Santiago-Apostol-Puente-la-Reina-Camino-de-Santiago-Frances-768x403.jpg\" alt=\"Albergue Santiago Apostol Puente la Reina Camino de Santiago Frances 768x403\" width=\"768\" height=\"403\" class=\"geodir-lazy-load align size-medium_large geodir-image-3274 embed-item-cover-xy w-100 p-0 m-0 mw-100 border-0\" data-srcset=\"https:\/\/caminodesantiagofrances.com\/en\/wp-content\/uploads\/sites\/3\/2025\/08\/Albergue-Santiago-Apostol-Puente-la-Reina-Camino-de-Santiago-Frances-768x403.jpg 768w, https:\/\/caminodesantiagofrances.com\/en\/wp-content\/uploads\/sites\/3\/2025\/08\/Albergue-Santiago-Apostol-Puente-la-Reina-Camino-de-Santiago-Frances-300x158.jpg 300w, https:\/\/caminodesantiagofrances.com\/en\/wp-content\/uploads\/sites\/3\/2025\/08\/Albergue-Santiago-Apostol-Puente-la-Reina-Camino-de-Santiago-Frances-1024x538.jpg 1024w, https:\/\/caminodesantiagofrances.com\/en\/wp-content\/uploads\/sites\/3\/2025\/08\/Albergue-Santiago-Apostol-Puente-la-Reina-Camino-de-Santiago-Frances.jpg 1200w\" sizes=\"(max-width: 768px) 100vw, 768px\" \/><i class=\"fas fa-link w-auto h-auto\" aria-hidden=\"true\"><\/i><\/a><\/div>\t\t<\/div>\n\t\t<\/div>\n<\/div><\/div><div class=\"card-body p-2  \"><div class=\"row justify-content-center gv-hide-3 gv-hide-0\"><div class=\"col col-4 text-center tofront \"><a href=\"https:\/\/caminodesantiagofrances.com\/en\/author\/caminodesantiagofrances-com\/\" title=\"caminodesantiagofrances-com\"><img decoding=\"async\" style=\"max-height:75px;\" class=\"rounded-circle shadow border border-white border-width-4 p-0 mw-100 mt-n5 bg-white\" src=\"https:\/\/secure.gravatar.com\/avatar\/03aa5dc32308904f80a38258afc0335b43d4b2bec3418626e4f8712b71c3b93e?s=96&#038;d=mm&#038;r=g\" alt=\"Author Image\"><\/a><\/div><\/div><div class=\"geodir-post-title bsui sdel-caa60b10\" ><h3 class=\"geodir-entry-title  h5 \"><a href=\"https:\/\/caminodesantiagofrances.com\/en\/lo\/albergue-santiago-apostol-puente-la-reina\/\" class=\"\" title=\"View: Albergue Santiago Ap\u00f3stol Puente la Reina\">Albergue Santiago Ap\u00f3stol Puente la Reina<\/a><\/h3><\/div><div class=\"geodir-post-content-container bsui sdel-1e477937\" ><div class=\"geodir_post_meta  text-justify pb-1 position-relative geodir-field-post_content\" >RESERVAR AHORA Albergue de Peregrinos Santiago Ap\u00f3stol en Puente la Reina RESERVAR AHORA &nbsp; Camino de Santiago Franc\u00e9s\u00a0 &gt;&gt;\u00a0 Navarra\u00a0<\/div><\/div><\/div><div class=\"card-footer p-2  \"><div class='d-flex justify-content-between align-items-center flex-wrap'><div><\/div><div><\/div><\/div><\/div><\/div>\t<\/div>\n\t<\/div>\n\n<div class=\"col mb-4 geodir-post post-13327 gd_place type-gd_place status-publish has-post-thumbnail gd-post-pkg-1\" data-post-id=\"13327\">\n\t\t<div class=\"card h-100 p-0 m-0 mw-100  \">\n\t<div class=\"card p-0 mw-100 h-100 \"><div class=\"card-img-top overflow-hidden position-relative  \"><span class=\"bsui gd-badge-meta\"><a href=\"https:\/\/caminodesantiagofrances.com\/en\/lo\/categoria\/albergue\/\" class=\"gd-badge border-0 badge ab-bottom-left ms-1\" data-id=\"13327\" data-badge=\"default_category\" data-badge-condition=\"is_not_empty\" style=\"background-color:rgba(0,0,0,0.5);border-color:rgba(0,0,0,0.5);color:#ffffff;\">Albergue<\/a>\n<\/span><div class=\"geodir_post_meta gd-fav-info-wrap  gd-fav-hide-text ab-bottom-right me-1  mb-n1  me-1 mb-n1 ab-bottom-right\" >\t\t<span class=\"gd-list-favorite\">\n\t\t\t<span class=\"geodir-addtofav favorite_property_13327  h5\" aria-hidden=\"true\"><span  title=\"Add to Favourites\"  class=\"geodir-addtofav-icon c-pointer geodir-act-fav\"  data-color-on=\"#ff0000\"  data-icon=\"fas fa-heart\"  data-color-off=\"rgba(223,223,223,0.8)\"  data-text-color=\"\"  data-bs-toggle=\"tooltip\"  aria-hidden=\"true\"  onclick=\"javascript:window.location.href='https:\/\/caminodesantiagofrances.com\/en\/wp-login.php'\"  ><i class=\"fas fa-heart\"  style=\"color:rgba(223,223,223,0.8);\" ><\/i> <span class=\"geodir-fav-text gv-secondary visually-hidden\" style=\"\" aria-hidden=\"true\">Favourite<\/span><\/span>\n<\/span>\t\t<\/span>\n\t\t<\/div><div class=\"geodir-post-slider bsui sdel-03994e04\" ><div class=\"geodir-image-container geodir-image-sizes-medium_large overflow-hidden\">\n\t\t\t<div class=\"geodir-images aui-gallery geodir-images-n-1 geodir-images-image carousel-inner \">\n\t\t<div class=\"carousel-item active\"><a href=\"https:\/\/caminodesantiagofrances.com\/en\/lo\/albergue-de-los-padres-reparadores\/\" class=\"geodir-link-image embed-has-action ratio ratio-16x9 ratio ratio-16x9 d-block\"><img src='data:image\/png;base64,iVBORw0KGgoAAAANSUhEUgAAAGQAAAABCAQAAACC0sM2AAAADklEQVR42mP8X88wLAAAK5IBgMYCdqgAAAAASUVORK5CYII=' data-src=\"https:\/\/caminodesantiagofrances.com\/en\/wp-content\/uploads\/sites\/3\/2024\/08\/Albergue-de-los-Padres-Reparadores-Camino-de-Santiago-Frances_2-768x403.jpg\" alt=\"Albergue de los Padres Reparadores Camino de Santiago Frances 2 768x403\" width=\"768\" height=\"403\" class=\"geodir-lazy-load align size-medium_large geodir-image-417 embed-item-cover-xy w-100 p-0 m-0 mw-100 border-0\" data-srcset=\"https:\/\/caminodesantiagofrances.com\/en\/wp-content\/uploads\/sites\/3\/2024\/08\/Albergue-de-los-Padres-Reparadores-Camino-de-Santiago-Frances_2-768x403.jpg 768w, https:\/\/caminodesantiagofrances.com\/en\/wp-content\/uploads\/sites\/3\/2024\/08\/Albergue-de-los-Padres-Reparadores-Camino-de-Santiago-Frances_2-300x158.jpg 300w, https:\/\/caminodesantiagofrances.com\/en\/wp-content\/uploads\/sites\/3\/2024\/08\/Albergue-de-los-Padres-Reparadores-Camino-de-Santiago-Frances_2-1024x538.jpg 1024w, https:\/\/caminodesantiagofrances.com\/en\/wp-content\/uploads\/sites\/3\/2024\/08\/Albergue-de-los-Padres-Reparadores-Camino-de-Santiago-Frances_2.jpg 1200w\" sizes=\"(max-width: 768px) 100vw, 768px\" \/><i class=\"fas fa-link w-auto h-auto\" aria-hidden=\"true\"><\/i><\/a><\/div>\t\t<\/div>\n\t\t<\/div>\n<\/div><\/div><div class=\"card-body p-2  \"><div class=\"row justify-content-center gv-hide-3 gv-hide-0\"><div class=\"col col-4 text-center tofront \"><a href=\"https:\/\/caminodesantiagofrances.com\/en\/author\/caminodesantiagofrances-com\/\" title=\"caminodesantiagofrances-com\"><img decoding=\"async\" style=\"max-height:75px;\" class=\"rounded-circle shadow border border-white border-width-4 p-0 mw-100 mt-n5 bg-white\" src=\"https:\/\/secure.gravatar.com\/avatar\/03aa5dc32308904f80a38258afc0335b43d4b2bec3418626e4f8712b71c3b93e?s=96&#038;d=mm&#038;r=g\" alt=\"Author Image\"><\/a><\/div><\/div><div class=\"geodir-post-title bsui sdel-caa60b10\" ><h3 class=\"geodir-entry-title  h5 \"><a href=\"https:\/\/caminodesantiagofrances.com\/en\/lo\/albergue-de-los-padres-reparadores\/\" class=\"\" title=\"View: Albergue de los Padres Reparadores\">Albergue de los Padres Reparadores<\/a><\/h3><\/div><div class=\"geodir-post-content-container bsui sdel-1e477937\" ><div class=\"geodir_post_meta  text-justify pb-1 position-relative geodir-field-post_content\" >Albergue de peregrinos de los Padres Reparadores Puente la Reina El Albergue de los Padres Reparadores es un acogedor lugar<\/div><\/div><\/div><div class=\"card-footer p-2  \"><div class='d-flex justify-content-between align-items-center flex-wrap'><div><\/div><div><\/div><\/div><\/div><\/div>\t<\/div>\n\t<\/div>\n\t<\/div>\n\t\t<\/div>\n\t\t<\/div><\/div>\n\n\n\n<hr class=\"wp-block-separator has-alpha-channel-opacity\"\/>\n\n\n\n<h3 class=\"wp-block-heading has-text-align-center\">What to see in Puente la Reina?<\/h3>\n\n\n\n<div class=\"wp-block-geodirectory-geodir-widget-listings\"><div class=\"geodir-listings bsui sdel-40df7952\" >\t\t<div id=\"geodir_6a9d738c664d1\" class=\"geodir_locations geodir_location_listing\n\t\t\t\t\t\t\t mb-3\t\t position-relative\">\n\t\t\t\t<div\n\t\tclass=\"row row-cols-1 row-cols-sm-2 geodir-category-list-view geodir-widget-posts geodir-gridview row-cols-md-2\">\n\t\t\n<div class=\"col mb-4 geodir-post post-13331 gd_place type-gd_place status-publish has-post-thumbnail gd-post-pkg-1\" data-post-id=\"13331\">\n\t\t<div class=\"card h-100 p-0 m-0 mw-100  \">\n\t<div class=\"card p-0 mw-100 h-100 \"><div class=\"card-img-top overflow-hidden position-relative  \"><span class=\"bsui gd-badge-meta\"><a href=\"https:\/\/caminodesantiagofrances.com\/en\/lo\/categoria\/iglesia\/\" class=\"gd-badge border-0 badge ab-bottom-left ms-1\" data-id=\"13331\" data-badge=\"default_category\" data-badge-condition=\"is_not_empty\" style=\"background-color:rgba(0,0,0,0.5);border-color:rgba(0,0,0,0.5);color:#ffffff;\">Iglesia<\/a>\n<\/span><div class=\"geodir_post_meta gd-fav-info-wrap  gd-fav-hide-text ab-bottom-right me-1  mb-n1  me-1 mb-n1 ab-bottom-right\" >\t\t<span class=\"gd-list-favorite\">\n\t\t\t<span class=\"geodir-addtofav favorite_property_13331  h5\" aria-hidden=\"true\"><span  title=\"Add to Favourites\"  class=\"geodir-addtofav-icon c-pointer geodir-act-fav\"  data-color-on=\"#ff0000\"  data-icon=\"fas fa-heart\"  data-color-off=\"rgba(223,223,223,0.8)\"  data-text-color=\"\"  data-bs-toggle=\"tooltip\"  aria-hidden=\"true\"  onclick=\"javascript:window.location.href='https:\/\/caminodesantiagofrances.com\/en\/wp-login.php'\"  ><i class=\"fas fa-heart\"  style=\"color:rgba(223,223,223,0.8);\" ><\/i> <span class=\"geodir-fav-text gv-secondary visually-hidden\" style=\"\" aria-hidden=\"true\">Favourite<\/span><\/span>\n<\/span>\t\t<\/span>\n\t\t<\/div><div class=\"geodir-post-slider bsui sdel-03994e04\" ><div class=\"geodir-image-container geodir-image-sizes-medium_large overflow-hidden\">\n\t\t\t<div class=\"geodir-images aui-gallery geodir-images-n-1 geodir-images-image carousel-inner \">\n\t\t<div class=\"carousel-item active\"><a href=\"https:\/\/caminodesantiagofrances.com\/en\/lo\/iglesia-del-crucifijo-puente-la-reina\/\" class=\"geodir-link-image embed-has-action ratio ratio-16x9 ratio ratio-16x9 d-block\"><img src='data:image\/png;base64,iVBORw0KGgoAAAANSUhEUgAAAGQAAAABCAQAAACC0sM2AAAADklEQVR42mP8X88wLAAAK5IBgMYCdqgAAAAASUVORK5CYII=' data-src=\"https:\/\/caminodesantiagofrances.com\/en\/wp-content\/uploads\/sites\/3\/2024\/08\/La-Iglesia-del-Crucifijo-Puente-la-Reina-Camino-de-Santiago-Frances_2-768x403.jpg\" alt=\"La Iglesia del Crucifijo Puente la Reina Camino de Santiago Frances 2 768x403\" width=\"768\" height=\"403\" class=\"geodir-lazy-load align size-medium_large geodir-image-418 embed-item-cover-xy w-100 p-0 m-0 mw-100 border-0\" data-srcset=\"https:\/\/caminodesantiagofrances.com\/en\/wp-content\/uploads\/sites\/3\/2024\/08\/La-Iglesia-del-Crucifijo-Puente-la-Reina-Camino-de-Santiago-Frances_2-768x403.jpg 768w, https:\/\/caminodesantiagofrances.com\/en\/wp-content\/uploads\/sites\/3\/2024\/08\/La-Iglesia-del-Crucifijo-Puente-la-Reina-Camino-de-Santiago-Frances_2-300x158.jpg 300w, https:\/\/caminodesantiagofrances.com\/en\/wp-content\/uploads\/sites\/3\/2024\/08\/La-Iglesia-del-Crucifijo-Puente-la-Reina-Camino-de-Santiago-Frances_2-1024x538.jpg 1024w, https:\/\/caminodesantiagofrances.com\/en\/wp-content\/uploads\/sites\/3\/2024\/08\/La-Iglesia-del-Crucifijo-Puente-la-Reina-Camino-de-Santiago-Frances_2.jpg 1200w\" sizes=\"(max-width: 768px) 100vw, 768px\" \/><i class=\"fas fa-link w-auto h-auto\" aria-hidden=\"true\"><\/i><\/a><\/div>\t\t<\/div>\n\t\t<\/div>\n<\/div><\/div><div class=\"card-body p-2  \"><div class=\"row justify-content-center gv-hide-3 gv-hide-0\"><div class=\"col col-4 text-center tofront \"><a href=\"https:\/\/caminodesantiagofrances.com\/en\/author\/caminodesantiagofrances-com\/\" title=\"caminodesantiagofrances-com\"><img decoding=\"async\" style=\"max-height:75px;\" class=\"rounded-circle shadow border border-white border-width-4 p-0 mw-100 mt-n5 bg-white\" src=\"https:\/\/secure.gravatar.com\/avatar\/03aa5dc32308904f80a38258afc0335b43d4b2bec3418626e4f8712b71c3b93e?s=96&#038;d=mm&#038;r=g\" alt=\"Author Image\"><\/a><\/div><\/div><div class=\"geodir-post-title bsui sdel-caa60b10\" ><h3 class=\"geodir-entry-title  h5 \"><a href=\"https:\/\/caminodesantiagofrances.com\/en\/lo\/iglesia-del-crucifijo-puente-la-reina\/\" class=\"\" title=\"View: Iglesia del Crucifijo Puente la Reina\">Iglesia del Crucifijo Puente la Reina<\/a><\/h3><\/div><div class=\"geodir-post-content-container bsui sdel-1e477937\" ><div class=\"geodir_post_meta  text-justify pb-1 position-relative geodir-field-post_content\" >La Iglesia del Crucifijo en Puente la Reina La Iglesia del Crucifijo de Puente la Reina: Historia, Arte y Leyenda<\/div><\/div><\/div><div class=\"card-footer p-2  \"><div class='d-flex justify-content-between align-items-center flex-wrap'><div><\/div><div><\/div><\/div><\/div><\/div>\t<\/div>\n\t<\/div>\n\n<div class=\"col mb-4 geodir-post post-13326 gd_place type-gd_place status-publish has-post-thumbnail gd-post-pkg-1\" data-post-id=\"13326\">\n\t\t<div class=\"card h-100 p-0 m-0 mw-100  \">\n\t<div class=\"card p-0 mw-100 h-100 \"><div class=\"card-img-top overflow-hidden position-relative  \"><span class=\"bsui gd-badge-meta\"><a href=\"https:\/\/caminodesantiagofrances.com\/en\/lo\/categoria\/iglesia\/\" class=\"gd-badge border-0 badge ab-bottom-left ms-1\" data-id=\"13326\" data-badge=\"default_category\" data-badge-condition=\"is_not_empty\" style=\"background-color:rgba(0,0,0,0.5);border-color:rgba(0,0,0,0.5);color:#ffffff;\">Iglesia<\/a>\n<\/span><div class=\"geodir_post_meta gd-fav-info-wrap  gd-fav-hide-text ab-bottom-right me-1  mb-n1  me-1 mb-n1 ab-bottom-right\" >\t\t<span class=\"gd-list-favorite\">\n\t\t\t<span class=\"geodir-addtofav favorite_property_13326  h5\" aria-hidden=\"true\"><span  title=\"Add to Favourites\"  class=\"geodir-addtofav-icon c-pointer geodir-act-fav\"  data-color-on=\"#ff0000\"  data-icon=\"fas fa-heart\"  data-color-off=\"rgba(223,223,223,0.8)\"  data-text-color=\"\"  data-bs-toggle=\"tooltip\"  aria-hidden=\"true\"  onclick=\"javascript:window.location.href='https:\/\/caminodesantiagofrances.com\/en\/wp-login.php'\"  ><i class=\"fas fa-heart\"  style=\"color:rgba(223,223,223,0.8);\" ><\/i> <span class=\"geodir-fav-text gv-secondary visually-hidden\" style=\"\" aria-hidden=\"true\">Favourite<\/span><\/span>\n<\/span>\t\t<\/span>\n\t\t<\/div><div class=\"geodir-post-slider bsui sdel-03994e04\" ><div class=\"geodir-image-container geodir-image-sizes-medium_large overflow-hidden\">\n\t\t\t<div class=\"geodir-images aui-gallery geodir-images-n-1 geodir-images-image carousel-inner \">\n\t\t<div class=\"carousel-item active\"><a href=\"https:\/\/caminodesantiagofrances.com\/en\/lo\/iglesia-de-santiago-puente-la-reina\/\" class=\"geodir-link-image embed-has-action ratio ratio-16x9 ratio ratio-16x9 d-block\"><img src='data:image\/png;base64,iVBORw0KGgoAAAANSUhEUgAAAGQAAAABCAQAAACC0sM2AAAADklEQVR42mP8X88wLAAAK5IBgMYCdqgAAAAASUVORK5CYII=' data-src=\"https:\/\/caminodesantiagofrances.com\/en\/wp-content\/uploads\/sites\/3\/2024\/08\/Iglesia-de-Santiago-Puente-la-Reina-Camino-de-Santiago-Frances_2-768x403.jpg\" alt=\"Iglesia de Santiago Puente la Reina Camino de Santiago Frances 2 768x403\" width=\"768\" height=\"403\" class=\"geodir-lazy-load align size-medium_large geodir-image-420 embed-item-cover-xy w-100 p-0 m-0 mw-100 border-0\" data-srcset=\"https:\/\/caminodesantiagofrances.com\/en\/wp-content\/uploads\/sites\/3\/2024\/08\/Iglesia-de-Santiago-Puente-la-Reina-Camino-de-Santiago-Frances_2-768x403.jpg 768w, https:\/\/caminodesantiagofrances.com\/en\/wp-content\/uploads\/sites\/3\/2024\/08\/Iglesia-de-Santiago-Puente-la-Reina-Camino-de-Santiago-Frances_2-300x158.jpg 300w, https:\/\/caminodesantiagofrances.com\/en\/wp-content\/uploads\/sites\/3\/2024\/08\/Iglesia-de-Santiago-Puente-la-Reina-Camino-de-Santiago-Frances_2-1024x538.jpg 1024w, https:\/\/caminodesantiagofrances.com\/en\/wp-content\/uploads\/sites\/3\/2024\/08\/Iglesia-de-Santiago-Puente-la-Reina-Camino-de-Santiago-Frances_2.jpg 1200w\" sizes=\"(max-width: 768px) 100vw, 768px\" \/><i class=\"fas fa-link w-auto h-auto\" aria-hidden=\"true\"><\/i><\/a><\/div>\t\t<\/div>\n\t\t<\/div>\n<\/div><\/div><div class=\"card-body p-2  \"><div class=\"row justify-content-center gv-hide-3 gv-hide-0\"><div class=\"col col-4 text-center tofront \"><a href=\"https:\/\/caminodesantiagofrances.com\/en\/author\/caminodesantiagofrances-com\/\" title=\"caminodesantiagofrances-com\"><img decoding=\"async\" style=\"max-height:75px;\" class=\"rounded-circle shadow border border-white border-width-4 p-0 mw-100 mt-n5 bg-white\" src=\"https:\/\/secure.gravatar.com\/avatar\/03aa5dc32308904f80a38258afc0335b43d4b2bec3418626e4f8712b71c3b93e?s=96&#038;d=mm&#038;r=g\" alt=\"Author Image\"><\/a><\/div><\/div><div class=\"geodir-post-title bsui sdel-caa60b10\" ><h3 class=\"geodir-entry-title  h5 \"><a href=\"https:\/\/caminodesantiagofrances.com\/en\/lo\/iglesia-de-santiago-puente-la-reina\/\" class=\"\" title=\"View: Iglesia de Santiago Puente la Reina\">Iglesia de Santiago Puente la Reina<\/a><\/h3><\/div><div class=\"geodir-post-content-container bsui sdel-1e477937\" ><div class=\"geodir_post_meta  text-justify pb-1 position-relative geodir-field-post_content\" >Iglesia Parroquial de Santiago de Puente la Reina La iglesia de Santiago en Puente la Reina, junto con la iglesia<\/div><\/div><\/div><div class=\"card-footer p-2  \"><div class='d-flex justify-content-between align-items-center flex-wrap'><div><\/div><div><\/div><\/div><\/div><\/div>\t<\/div>\n\t<\/div>\n\n<div class=\"col mb-4 geodir-post post-14219 gd_place type-gd_place status-publish has-post-thumbnail gd-post-pkg-1\" data-post-id=\"14219\">\n\t\t<div class=\"card h-100 p-0 m-0 mw-100  \">\n\t<div class=\"card p-0 mw-100 h-100 \"><div class=\"card-img-top overflow-hidden position-relative  \"><span class=\"bsui gd-badge-meta\"><a href=\"https:\/\/caminodesantiagofrances.com\/en\/lo\/categoria\/puente\/\" class=\"gd-badge border-0 badge ab-bottom-left ms-1\" data-id=\"14219\" data-badge=\"default_category\" data-badge-condition=\"is_not_empty\" style=\"background-color:rgba(0,0,0,0.5);border-color:rgba(0,0,0,0.5);color:#ffffff;\">Puente<\/a>\n<\/span><div class=\"geodir_post_meta gd-fav-info-wrap  gd-fav-hide-text ab-bottom-right me-1  mb-n1  me-1 mb-n1 ab-bottom-right\" >\t\t<span class=\"gd-list-favorite\">\n\t\t\t<span class=\"geodir-addtofav favorite_property_14219  h5\" aria-hidden=\"true\"><span  title=\"Add to Favourites\"  class=\"geodir-addtofav-icon c-pointer geodir-act-fav\"  data-color-on=\"#ff0000\"  data-icon=\"fas fa-heart\"  data-color-off=\"rgba(223,223,223,0.8)\"  data-text-color=\"\"  data-bs-toggle=\"tooltip\"  aria-hidden=\"true\"  onclick=\"javascript:window.location.href='https:\/\/caminodesantiagofrances.com\/en\/wp-login.php'\"  ><i class=\"fas fa-heart\"  style=\"color:rgba(223,223,223,0.8);\" ><\/i> <span class=\"geodir-fav-text gv-secondary visually-hidden\" style=\"\" aria-hidden=\"true\">Favourite<\/span><\/span>\n<\/span>\t\t<\/span>\n\t\t<\/div><div class=\"geodir-post-slider bsui sdel-03994e04\" ><div class=\"geodir-image-container geodir-image-sizes-medium_large overflow-hidden\">\n\t\t\t<div class=\"geodir-images aui-gallery geodir-images-n-1 geodir-images-image carousel-inner \">\n\t\t<div class=\"carousel-item active\"><a href=\"https:\/\/caminodesantiagofrances.com\/en\/lo\/puente-romanico-de-puente-la-reina\/\" class=\"geodir-link-image embed-has-action ratio ratio-16x9 ratio ratio-16x9 d-block\"><img src='data:image\/png;base64,iVBORw0KGgoAAAANSUhEUgAAAGQAAAABCAQAAACC0sM2AAAADklEQVR42mP8X88wLAAAK5IBgMYCdqgAAAAASUVORK5CYII=' data-src=\"https:\/\/caminodesantiagofrances.com\/en\/wp-content\/uploads\/sites\/3\/2024\/11\/Puente-Romanico-de-Puente-la-Reina-Camino-de-Santiago-Frances-768x403.jpg\" alt=\"Puente Romanico de Puente la Reina Camino de Santiago Frances 768x403\" width=\"768\" height=\"403\" class=\"geodir-lazy-load align size-medium_large geodir-image-537 embed-item-cover-xy w-100 p-0 m-0 mw-100 border-0\" data-srcset=\"https:\/\/caminodesantiagofrances.com\/en\/wp-content\/uploads\/sites\/3\/2024\/11\/Puente-Romanico-de-Puente-la-Reina-Camino-de-Santiago-Frances-768x403.jpg 768w, https:\/\/caminodesantiagofrances.com\/en\/wp-content\/uploads\/sites\/3\/2024\/11\/Puente-Romanico-de-Puente-la-Reina-Camino-de-Santiago-Frances-300x158.jpg 300w, https:\/\/caminodesantiagofrances.com\/en\/wp-content\/uploads\/sites\/3\/2024\/11\/Puente-Romanico-de-Puente-la-Reina-Camino-de-Santiago-Frances-1024x538.jpg 1024w, https:\/\/caminodesantiagofrances.com\/en\/wp-content\/uploads\/sites\/3\/2024\/11\/Puente-Romanico-de-Puente-la-Reina-Camino-de-Santiago-Frances.jpg 1200w\" sizes=\"(max-width: 768px) 100vw, 768px\" \/><i class=\"fas fa-link w-auto h-auto\" aria-hidden=\"true\"><\/i><\/a><\/div>\t\t<\/div>\n\t\t<\/div>\n<\/div><\/div><div class=\"card-body p-2  \"><div class=\"row justify-content-center gv-hide-3 gv-hide-0\"><div class=\"col col-4 text-center tofront \"><a href=\"https:\/\/caminodesantiagofrances.com\/en\/author\/caminodesantiagofrances-com\/\" title=\"caminodesantiagofrances-com\"><img decoding=\"async\" style=\"max-height:75px;\" class=\"rounded-circle shadow border border-white border-width-4 p-0 mw-100 mt-n5 bg-white\" src=\"https:\/\/secure.gravatar.com\/avatar\/03aa5dc32308904f80a38258afc0335b43d4b2bec3418626e4f8712b71c3b93e?s=96&#038;d=mm&#038;r=g\" alt=\"Author Image\"><\/a><\/div><\/div><div class=\"geodir-post-title bsui sdel-caa60b10\" ><h3 class=\"geodir-entry-title  h5 \"><a href=\"https:\/\/caminodesantiagofrances.com\/en\/lo\/puente-romanico-de-puente-la-reina\/\" class=\"\" title=\"View: Puente Rom\u00e1nico de Puente la Reina\">Puente Rom\u00e1nico de Puente la Reina<\/a><\/h3><\/div><div class=\"geodir-post-content-container bsui sdel-1e477937\" ><div class=\"geodir_post_meta  text-justify pb-1 position-relative geodir-field-post_content\" >Puente Rom\u00e1nico de Puente la Reina El puente rom\u00e1nico de Puente la Reina es un impresionante puente con arco que<\/div><\/div><\/div><div class=\"card-footer p-2  \"><div class='d-flex justify-content-between align-items-center flex-wrap'><div><\/div><div><\/div><\/div><\/div><\/div>\t<\/div>\n\t<\/div>\n\t<\/div>\n\t\t<\/div>\n\t\t<\/div><\/div>\n\n\n\n<hr class=\"wp-block-separator has-alpha-channel-opacity\"\/>\n\n\n\n<h3 class=\"wp-block-heading has-text-align-center\">Place name: Puente la Reina<\/h3>\n\n\n\n<p class=\"wp-block-paragraph\">According to tradition, the name Puente la Reina (&#8220;the Queen&#8217;s Bridge&#8221;) originated from the Romanesque bridge that crossed the Arga river, built in the 11th century by an unnamed queen of <strong><a href=\"https:\/\/caminodesantiagofrances.com\/en\/navarra\/\" data-type=\"page\" data-id=\"6005\" target=\"_blank\" rel=\"noreferrer noopener\">Navarre<\/a><\/strong>. It is commonly said this queen may have been Muniadona of Castile, wife of Sancho the Great, or Estefan\u00eda, wife of King Garc\u00eda of <strong><a href=\"https:\/\/caminodesantiagofrances.com\/en\/la-rioja\/najera\/\" data-type=\"page\" data-id=\"11241\" target=\"_blank\" rel=\"noreferrer noopener\">N\u00e1jera<\/a><\/strong>.<\/p>\n\n\n\n<p class=\"wp-block-paragraph\">Some place-name scholars disagree with the traditional account. For example, Jos\u00e9 Mar\u00eda Jimeno Jurio believed the name derived from an old &#8220;<strong>Pons Rune<\/strong>&#8220;, where &#8220;<strong>Runa<\/strong>&#8221; was the original name of the <strong>Arga river<\/strong>, itself coming from &#8220;Iru\u00f1a&#8221;, the Basque name for Pamplona.<\/p>\n\n\n\n<h3 class=\"wp-block-heading has-text-align-center\">Place name: Gares<\/h3>\n\n\n\n<p class=\"wp-block-paragraph\">The Basque term for the village, <strong>Gares<\/strong>, fell out of use as Basque disappeared from the region towards the end of the 19th century. However, the name survived to this day mainly thanks to written records left by the Navarrese historian Jos\u00e9 de Moret in the 17th century, and a few lesser-known local names (such as Garesbidea, &#8220;the road to Gares&#8221;, in the nearby village of <strong><a href=\"https:\/\/caminodesantiagofrances.com\/en\/navarra\/uterga\/\" data-type=\"page\" data-id=\"11068\" target=\"_blank\" rel=\"noreferrer noopener\">Uterga<\/a><\/strong>). The name likely persisted orally among some locals until the early 20th century. In the second half of the 20th century, the name Gares was revived as the Basque name for the village and is now official. Its etymological origin remains uncertain; some believe it is related to the word &#8220;gari&#8221; (wheat) and interpret it as meaning wheat fields.<\/p>\n\n\n\n<h3 class=\"wp-block-heading has-text-align-center\">Demonym of Puente la Reina<\/h3>\n\n\n\n<p class=\"wp-block-paragraph\">The <strong>demonym of Puente la Reina<\/strong> is <strong>puentesino<\/strong> or <strong>puentesina<\/strong>, and in Basque it is <strong>garestarra<\/strong>.<\/p>\n\n\n\n<h3 class=\"wp-block-heading has-text-align-center\">Location of Puente la Reina<\/h3>\n\n\n\n<p class=\"wp-block-paragraph\">The village of Puente la Reina is located in the centre of the <strong>Chartered Community of Navarre<\/strong>, south of the Sierra del Perd\u00f3n, in the Valdizarbe Valley, at an altitude of 344 metres above sea level.<\/p>\n\n\n\n<p class=\"wp-block-paragraph\">In terms of territorial extent, it covers 39.7 square kilometres and is bordered to the north by the municipalities of Belasco\u00e1in and Zabalza, to the south by Mendigorr\u00eda, to the west by Guirguillano, Ma\u00f1eru and Artazu, and to the east by <strong><a href=\"https:\/\/caminodesantiagofrances.com\/en\/navarra\/obanos\/\" target=\"_blank\" data-type=\"page\" data-id=\"11074\" rel=\"noreferrer noopener\">Obanos<\/a><\/strong> and Legarda.<\/p>\n\n\n\n<h2 class=\"wp-block-heading has-text-align-center\">Puente la Reina<\/h2>\n\n\n\n<figure class=\"wp-block-table\"><table class=\"has-fixed-layout\"><tbody><tr><th>Country<\/th><td colspan=\"2\">Spain<\/td><\/tr><tr><th>Autonomous community<\/th><td colspan=\"2\"><strong><a href=\"https:\/\/caminodesantiagofrances.com\/en\/navarra\/\" target=\"_blank\" data-type=\"page\" data-id=\"6005\" rel=\"noreferrer noopener\">Navarra<\/a><\/strong><\/td><\/tr><tr><th>Province<\/th><td colspan=\"2\"><strong><a href=\"https:\/\/caminodesantiagofrances.com\/en\/navarra\/\" target=\"_blank\" data-type=\"page\" data-id=\"6005\" rel=\"noreferrer noopener\">Navarra<\/a><\/strong><\/td><\/tr><tr><th>Merindad<\/th><td colspan=\"2\"><strong><a href=\"https:\/\/caminodesantiagofrances.com\/en\/navarra\/pamplona\/\" target=\"_blank\" data-type=\"page\" data-id=\"11050\" rel=\"noreferrer noopener\">Pamplona<\/a><\/strong><\/td><\/tr><tr><th>County<\/th><td colspan=\"2\">Puente la Reina<\/td><\/tr><tr><th>Judicial district<\/th><td colspan=\"2\">Pamplona\/Iru\u00f1a<\/td><\/tr><tr><th>Association<\/th><td colspan=\"2\">Valdizarbe<\/td><\/tr><tr><th>Location<\/th><td colspan=\"2\">42\u00b041\u203231\u2033N&nbsp;1\u00b049\u203201\u2033O<\/td><\/tr><tr><th>Elevation<\/th><td colspan=\"2\">344&nbsp;m<\/td><\/tr><tr><th>Area<\/th><td colspan=\"2\">39.7&nbsp;km\u00b2<\/td><\/tr><tr><th>Population<\/th><td colspan=\"2\">2,805 (2023)<\/td><\/tr><tr><th>Density<\/th><td colspan=\"2\">70.65 per km\u00b2<\/td><\/tr><tr><th>Demonym<\/th><td colspan=\"2\">puentesino, puentesina \/ <small>(eus.) garestarra<\/small><\/td><\/tr><tr><th>Predominant language<\/th><td colspan=\"2\">Mixed zone<\/td><\/tr><tr><th>Postal code<\/th><td colspan=\"2\">31100<\/td><\/tr><tr><th>Phone prefix<\/th><td colspan=\"2\">948<\/td><\/tr><tr><th>Mayor&nbsp;(2023)<\/th><td colspan=\"2\">Itziar Imaz Art\u00e1zcoz (EH Bildu)<\/td><\/tr><tr><th>Website<\/th><td colspan=\"2\"><strong><a href=\"http:\/\/www.puentelareina-gares.es\/\" target=\"_blank\" data-type=\"link\" data-id=\"http:\/\/www.puentelareina-gares.es\/\" rel=\"noreferrer noopener nofollow\">www.puentelareina-gares.es<\/a><\/strong><\/td><\/tr><\/tbody><\/table><\/figure>\n\n\n\n<hr class=\"wp-block-separator has-alpha-channel-opacity\"\/>\n\n\n<p><nav aria-label=\"breadcrumbs\" class=\"rank-math-breadcrumb\"><p><span class=\"last\">Camino de Santiago Franc\u00e9s<\/span><\/p><\/nav><\/p>\n","protected":false},"excerpt":{"rendered":"<p>Puente la Reina Puente la Reina, also officially known as Gares in Basque, is a notable place in the Spanish geography of the Chartered Community of Navarre. It lies in the merindad of Pamplona, in the region of Puente la Reina, situated in the Valdizarbe valley about 22 kilometres from Pamplona, the region&#8217;s capital. The [&hellip;]<\/p>\n","protected":false},"author":1,"featured_media":0,"parent":6005,"menu_order":0,"comment_status":"closed","ping_status":"closed","template":"","meta":{"footnotes":""},"class_list":["post-11078","page","type-page","status-publish","hentry"],"_links":{"self":[{"href":"https:\/\/caminodesantiagofrances.com\/en\/wp-json\/wp\/v2\/pages\/11078","targetHints":{"allow":["GET"]}}],"collection":[{"href":"https:\/\/caminodesantiagofrances.com\/en\/wp-json\/wp\/v2\/pages"}],"about":[{"href":"https:\/\/caminodesantiagofrances.com\/en\/wp-json\/wp\/v2\/types\/page"}],"author":[{"embeddable":true,"href":"https:\/\/caminodesantiagofrances.com\/en\/wp-json\/wp\/v2\/users\/1"}],"replies":[{"embeddable":true,"href":"https:\/\/caminodesantiagofrances.com\/en\/wp-json\/wp\/v2\/comments?post=11078"}],"version-history":[{"count":0,"href":"https:\/\/caminodesantiagofrances.com\/en\/wp-json\/wp\/v2\/pages\/11078\/revisions"}],"up":[{"embeddable":true,"href":"https:\/\/caminodesantiagofrances.com\/en\/wp-json\/wp\/v2\/pages\/6005"}],"wp:attachment":[{"href":"https:\/\/caminodesantiagofrances.com\/en\/wp-json\/wp\/v2\/media?parent=11078"}],"curies":[{"name":"wp","href":"https:\/\/api.w.org\/{rel}","templated":true}]}}