{"id":11695,"date":"2024-02-16T22:34:50","date_gmt":"2024-02-16T21:34:50","guid":{"rendered":"https:\/\/caminodesantiagofrances.com\/en\/?page_id=11695"},"modified":"2025-09-25T20:18:28","modified_gmt":"2025-09-25T18:18:28","slug":"astorga","status":"publish","type":"page","link":"https:\/\/caminodesantiagofrances.com\/en\/provincia-de-leon\/astorga\/","title":{"rendered":"Astorga"},"content":{"rendered":"\n<div class=\"wp-block-geodirectory-geodir-widget-map\"><div class=\"geodir-wgt-map bsui sdel-1a0f8fd0\" ><!--START geodir-map-wrap-->\n<div class=\"geodir-map-wrap geodir-directory-map-wrap 100 425px overflow-hidden\">\n\t<div id=\"catcher_gd_map_canvas_directory\"><\/div>\n\t<!--START stick_trigger_container-->\n\t<div class=\"stick_trigger_container bsui\">\n\t\t<div class=\"trigger_sticky triggeroff_sticky mt-n5 btn btn-secondary me-n2 me-n2 c-pointer\" style=\"display: none;\">\n\t\t\t<i class=\"fas fa-map-marked-alt\"><\/i>\n\t\t\t<i class=\"fas fa-angle-right\"><\/i>\n\t\t<\/div>\n\t\t<!--end of stick trigger container-->\n\t\t<div class=\"geodir_map_container gd_map_canvas_directory bsui position-relative mw-100\"\n\t\t     id=\"sticky_map_gd_map_canvas_directory\"\n\t\t     style=\"width:100%;min-height:425px;\">\n\t\t\t<!--END map_background-->\n\t\t\t<div class=\"map_background\">\n\t\t\t\t<div class=\"top_banner_section_in clearfix\">\n\t\t\t\t\t<div class=\"gd_map_canvas_directory_TopLeft TopLeft position-absolute bg-white text-muted rounded-sm rounded-1 shadow-sm m-2 px-1 py-1 h5 c-pointer\" style=\"z-index: 3;\">\n\t\t\t\t\t\t<span class=\"triggermap\" id=\"gd_map_canvas_directory_triggermap\">\n\t\t\t\t\t\t\t<i class=\"fas fa-expand-arrows-alt fa-fw fa-width-fixed\" aria-hidden=\"true\"><\/i>\n\t\t\t\t\t\t\t<i class=\"fas fa-compress-arrows-alt fa-fw fa-width-fixed d-none\" aria-hidden=\"true\"><\/i>\n\t\t\t\t\t\t<\/span>\n\t\t\t\t\t<\/div>\n\t\t\t\t\t<div class=\"gd_map_canvas_directory_TopRight TopRight\"><\/div>\n\t\t\t\t\t<div id=\"gd_map_canvas_directory_wrapper\" class=\"main_map_wrapper\" style=\"height:425px;width:100%;\">\n\t\t\t\t\t\t<div class=\"iprelative position-relative\">\n\t\t\t\t\t\t\t<div id=\"gd_map_canvas_directory\" class=\"geodir-map-canvas\" data-map-type=\"directory\" data-map-canvas=\"gd_map_canvas_directory\" style=\"height:425px;width:100%;z-index: 0;\" ><\/div>\n\t\t\t\t\t\t\t<div id=\"gd_map_canvas_directory_loading_div\" class=\"loading_div overlay overlay-black position-absolute row m-0\" style=\"height:425px;width:100%;top:0;z-index: 2;\">\n\t\t\t\t\t\t\t\t<div class=\"spinner-border mx-auto align-self-center text-white\" role=\"status\">\n\t\t\t\t\t\t\t\t\t<span class=\"visually-hidden\">Loading&#8230;<\/span>\n\t\t\t\t\t\t\t\t<\/div>\n\t\t\t\t\t\t\t<\/div>\n\t\t\t\t\t\t\t<div id=\"gd_map_canvas_directory_map_nofound\"\n\t\t\t\t\t\t\t     class=\"advmap_nofound position-absolute row m-0 z-index-1\"\n\t\t\t\t\t\t\t     style=\"display:none;transform: translate(-50%, -50%);top:50%;left:50%;opacity: .85;pointer-events: none;\">\n\t\t\t\t\t\t\t\t<div class=\"alert alert-info text-center mx-auto align-self-center shadow-lg mb-0\">\n\t\t\t\t\t\t\t\t\t<div class='h3 alert-heading'>No Records Found<\/div><p> Sorry, no records were found. Please adjust your search criteria and try again.<\/p>\t\t\t\t\t\t\t\t<\/div>\n\t\t\t\t\t\t\t<\/div>\n\t\t\t\t\t\t\t<div id=\"gd_map_canvas_directory_map_notloaded\"\n\t\t\t\t\t\t\t     class=\"advmap_notloaded position-absolute row m-0 z-index-1\"\n\t\t\t\t\t\t\t     style=\"display:none;transform: translate(-50%, -50%);top:50%;left:50%;opacity: .85;pointer-events: none;\">\n\t\t\t\t\t\t\t\t<div class=\"alert alert-danger text-center mx-auto align-self-center shadow-lg mb-0\">\n\t\t\t\t\t\t\t\t\t<div class='h3 alert-heading'>Maps failed to load<\/div><p> Sorry, unable to load the Maps API.<\/p>\t\t\t\t\t\t\t\t<\/div>\n\t\t\t\t\t\t\t<\/div>\n\t\t\t\t\t\t<\/div>\n\t\t\t\t\t<\/div>\n\t\t\t\t\t<div class=\"gd_map_canvas_directory_BottomLeft BottomLeft\"><\/div>\n\t\t\t\t<\/div>\n\t\t\t<\/div><!--END map_background-->\n\t\t\t\t\t<\/div>\n\t\t<style>.geodir_map_container .poi-info-window .full-width{width:180px;position:relative;margin-left:inherit;left:inherit;}.geodir-map-canvas .gm-style img{max-width:none;box-shadow:none!important}.geodir-map-canvas .leaflet-tile-container img{box-shadow:none!important}<\/style>\n<script type=\"text\/javascript\">\nwindow.gdBaseLat = 0;\nwindow.gdBaseLng = 0;\nwindow.gdBaseZoom = 0;\njQuery(function ($) {\n\t\t\t\t\tvar gdMapCanvas = 'gd_map_canvas_directory';\n\t\t\tbuild_map_ajax_search_param(gdMapCanvas, false);\t\t\t\t\t\t\t\t\t\t\t\tvar screenH, heightVH, ptypeH = 0;\n\t\t\tscreenH = $(window).height();\n\t\t\theightVH = parseFloat('425');\n\t\t\tif ($(\"#\" + gdMapCanvas + \"_posttype_menu\").length) {\n\t\t\t\tptypeH = $(\"#\" + gdMapCanvas + \"_posttype_menu\").outerHeight();\n\t\t\t}\n\t\t\t$(\"#\" + gdMapCanvas + \"_cat\").css(\"max-height\", heightVH - ptypeH + 'px');\n\t\t\t});\n<\/script>\n\t\t\t<\/div><!--END stick_trigger_container-->\n<\/div><!--END geodir-map-wrap-->\n<style>body.stickymap_hide .stickymap{display:none!important}body.stickymap_hide .stick_trigger_container .fa-angle-right{transform:rotate(180deg)}body.body_fullscreen>.stick_trigger_container{width:100vw;height:100vh;position:fixed;z-index:50000}body.gd-google-maps .geodir-map-wrap .geodir-map-cat-filter-wrap{margin-bottom:14px!important}body.gd-osm-gmaps .geodir-map-wrap .geodir-map-cat-filter-wrap{margin-bottom:16.5px!important}<\/style>\n<\/div><\/div>\n\n\n\n<hr class=\"wp-block-separator has-alpha-channel-opacity\"\/>\n\n\n\n<div class=\"wp-block-geodirectory-geodir-widget-search\"><div class=\"geodir-search-container bsui sdel-6b5e8662\" ><div class=\"geodir-search-form-wrapper mb-3\">\n\t<form class=\"w-100 d-block geodir-listing-search gd-search-bar-style geodir-search-show-all\" data-show=\"\" name=\"geodir-listing-search\" action=\"https:\/\/caminodesantiagofrances.com\/en\/buscar\/\" method=\"get\" style=\"box-sizing:content-box;\">\n\t\t<input type=\"hidden\" name=\"geodir_search\" value=\"1\" \/>\n\t\t\n\t\t<div class=\"geodir-search row gap-2 gy-2 px-3 align-items-center\" style=\"row-gap:0!important;\">\n\t\t\t\t<input type=\"hidden\" name=\"stype\" value=\"gd_place\" data-slug=\"lo\" \/><div class='gd-search-field-search col-auto flex-fill\n px-0' style=\"flex-grow:9999 !important;\" data-rule-key=\"s\" data-rule-type=\"text\">\n\t<div class=\"\" ><label class=\"visually-hidden form-label\">Search for<\/label><div class=\"input-group-inside position-relative w-100\" ><div class=\"input-group-text  bg-transparent border-0\"><span class=\"geodir-search-input-label hover-swap text-muted\" onclick=\"jQuery('.search_text').val('').trigger('change').trigger('keyup');\" aria-hidden=\"true\"><i class=\"fas fa-search hover-content-original\"><\/i><i class=\"fas fa-times geodir-search-input-label-clear hover-content c-pointer\" title=\"Clear field\"><\/i><\/span><\/div><input type=\"text\"  name=\"s\"  placeholder=\"Search for\"  class=\"form-control search_text gd_search_text w-100\"  onkeydown=\"if(event.keyCode == 13) geodir_click_search(this);\"  onClick=\"this.select();\"  autocomplete=\"off\"  size=\"16\"  aria-label=\"Search for\" ><\/div><\/div><\/div>\n<div class='gd-search-field-near col-auto flex-fill\n px-0' style=\"flex-grow:9999 !important;\" data-rule-key=\"near\" data-rule-type=\"text\">\n\t<div class=\"\" ><label class=\"visually-hidden visually-hidden form-label\">Near<\/label><div class=\"input-group-inside position-relative w-100\" ><div class=\"input-group-text  bg-transparent border-0\"><span class=\"geodir-search-input-label hover-swap text-muted\" onclick=\"jQuery('.snear').val('').trigger('change').trigger('keyup');jQuery('.sgeo_lat,.sgeo_lon').val('');\" aria-hidden=\"true\"><i class=\"fas fa-map-marker-alt hover-content-original\"><\/i><i class=\"fas fa-times geodir-search-input-label-clear hover-content c-pointer\" title=\"Clear field\"><\/i><\/span><\/div><input type=\"text\"  name=\"snear\"  placeholder=\"Near\"  class=\"form-control snear w-100\"  onkeydown=\"javascript: if(event.keyCode == 13) geodir_click_search(this);\"  onClick=\"this.select();\"  autocomplete=\"off\"  size=\"16\"  aria-label=\"Near\"  data-bs-toggle=\"dropdown\"  data-bs-flip=\"false\" ><\/div><\/div><\/div>\n<div class='gd-search-field-search col-auto flex-grow-1 px-0'>\n\t<div class=''>\n\t\t<button type=\"button\"  class=\"geodir_submit_search btn w-100 btn-primary\"  data-title=\"fas fa-search\"  aria-label=\"Search\"  ><i class=\"fas fas fa-search\" aria-hidden=\"true\"><\/i><span class=\"visually-hidden\">Search<\/span><\/button>\n\t<\/div>\n<\/div>\n\t\t<\/div>\n\t\t\t\t<input name=\"sgeo_lat\" class=\"sgeo_lat\" type=\"hidden\" value=\"\"\/>\n\t\t<input name=\"sgeo_lon\" class=\"sgeo_lon\" type=\"hidden\" value=\"\"\/>\n\t\t<input class=\"geodir-location-search-type\" name=\"\" type=\"hidden\" value=\"\"><div class=\"geodir-keep-args\" style=\"display:none!important\">{&#8220;hide_search_input&#8221;:false,&#8221;hide_near_input&#8221;:false,&#8221;input_size&#8221;:&#8221;&#8221;,&#8221;bar_flex_wrap&#8221;:&#8221;&#8221;,&#8221;bar_flex_wrap_md&#8221;:&#8221;&#8221;,&#8221;bar_flex_wrap_lg&#8221;:&#8221;&#8221;,&#8221;input_border&#8221;:&#8221;&#8221;,&#8221;input_border_opacity&#8221;:&#8221;&#8221;,&#8221;input_rounded_size&#8221;:&#8221;&#8221;,&#8221;btn_bg&#8221;:&#8221;&#8221;,&#8221;btn_rounded_size&#8221;:&#8221;&#8221;,&#8221;btn_rounded_size_md&#8221;:&#8221;&#8221;,&#8221;btn_rounded_size_lg&#8221;:&#8221;&#8221;,&#8221;bg&#8221;:&#8221;&#8221;,&#8221;mt&#8221;:&#8221;&#8221;,&#8221;mr&#8221;:&#8221;&#8221;,&#8221;mb&#8221;:&#8221;3&#8243;,&#8221;ml&#8221;:&#8221;&#8221;,&#8221;pt&#8221;:&#8221;&#8221;,&#8221;pr&#8221;:&#8221;&#8221;,&#8221;pb&#8221;:&#8221;&#8221;,&#8221;pl&#8221;:&#8221;&#8221;,&#8221;border&#8221;:&#8221;&#8221;,&#8221;rounded&#8221;:&#8221;&#8221;,&#8221;rounded_size&#8221;:&#8221;&#8221;,&#8221;rounded_size_md&#8221;:&#8221;&#8221;,&#8221;rounded_size_lg&#8221;:&#8221;&#8221;,&#8221;shadow&#8221;:&#8221;&#8221;,&#8221;css_class&#8221;:&#8221;&#8221;}<\/div>\t<\/form>\n<\/div>\n<\/div><\/div>\n\n\n\n<hr class=\"wp-block-separator has-alpha-channel-opacity\"\/>\n\n\n\n<h2 class=\"wp-block-heading has-text-align-center\">Astorga<\/h2>\n\n\n\n<p class=\"wp-block-paragraph\"><strong>Astorga<\/strong>&nbsp;es un&nbsp;municipio\u200b y ciudad&nbsp;espa\u00f1ola&nbsp;de la&nbsp;<strong><a href=\"https:\/\/caminodesantiagofrances.com\/en\/provincia-de-leon\/\" data-type=\"page\" data-id=\"6006\" target=\"_blank\" rel=\"noreferrer noopener\">Provincia de Le\u00f3n<\/a><\/strong>, en la comunidad aut\u00f3noma de&nbsp;Castilla y Le\u00f3n, en el <strong><a href=\"https:\/\/caminodesantiagofrances.com\/en\/\" data-type=\"page\" data-id=\"86\" target=\"_blank\" rel=\"noreferrer noopener\">Camino de Santiago Franc\u00e9s<\/a><\/strong>.<\/p>\n\n\n\n<hr class=\"wp-block-separator has-alpha-channel-opacity\"\/>\n\n\n\n<h2 class=\"wp-block-heading has-text-align-center\"><strong>Alojamientos en Astorga<\/strong><\/h2>\n\n\n\n<div class=\"wp-block-geodirectory-geodir-widget-listings\"><div class=\"geodir-listings bsui sdel-c8f41c48\" >\t\t<div id=\"geodir_6a9d6a5241a04\" class=\"geodir_locations geodir_location_listing\n\t\t\t\t\t\t\t geodir-wgt-pagination geodir-wgt-pagination-top geodir-wgt-pagination-bottom mb-3\t\t position-relative\">\n\t\t\t<div class=\"geodir-loop-paging-container bsui sdel-c83c1d52\" ><div class=\"mb-3\">\n\t<section class=\"px-0 py-2 w-100\">\n\t<nav class=\"navigation aui-pagination\" aria-label=\"Posts navigation\">\n\t\t<h2 class=\"screen-reader-text visually-hidden\">Posts navigation<\/h2>\n\t\t<div class=\"aui-nav-links\"><ul class=\"pagination m-0 p-0 \"><li class=\"page-item mx-0\"><span aria-current=\"page\" class=\"page-link current active\">1<\/span><\/li><li class=\"page-item mx-0\"><a class=\"page-link\" href=\"https:\/\/caminodesantiagofrances.com\/en\/wp-json\/wp\/v2\/pages\/11695\/page\/2\/\">2<\/a><\/li><li class=\"page-item mx-0\"><a class=\"next page-link\" href=\"https:\/\/caminodesantiagofrances.com\/en\/wp-json\/wp\/v2\/pages\/11695\/page\/2\/\"><span class=\"nav-next-text visually-hidden\">Older posts<\/span> <i class=\"fas fa-chevron-right\"><\/i><\/a><\/li><\/ul><\/div>\n\t<\/nav><\/section><\/div>\n<\/div>\t<div\n\t\tclass=\"row row-cols-1 row-cols-sm-2 geodir-category-list-view geodir-widget-posts geodir-gridview row-cols-md-3\">\n\t\t\n<div class=\"col mb-4 geodir-post post-13754 gd_place type-gd_place status-publish has-post-thumbnail gd-post-pkg-1\" data-post-id=\"13754\">\n\t\t<div class=\"card h-100 p-0 m-0 mw-100  \">\n\t<div class=\"card p-0 mw-100 h-100 \"><div class=\"card-img-top overflow-hidden position-relative  \"><span class=\"bsui gd-badge-meta\"><a href=\"https:\/\/caminodesantiagofrances.com\/en\/lo\/categoria\/albergue\/\" class=\"gd-badge border-0 badge ab-bottom-left ms-1\" data-id=\"13754\" data-badge=\"default_category\" data-badge-condition=\"is_not_empty\" style=\"background-color:rgba(0,0,0,0.5);border-color:rgba(0,0,0,0.5);color:#ffffff;\">Albergue<\/a>\n<\/span><div class=\"geodir_post_meta gd-fav-info-wrap  gd-fav-hide-text ab-bottom-right me-1  mb-n1  me-1 mb-n1 ab-bottom-right\" >\t\t<span class=\"gd-list-favorite\">\n\t\t\t<span class=\"geodir-addtofav favorite_property_13754  h5\" aria-hidden=\"true\"><span  title=\"Add to Favourites\"  class=\"geodir-addtofav-icon c-pointer geodir-act-fav\"  data-color-on=\"#ff0000\"  data-icon=\"fas fa-heart\"  data-color-off=\"rgba(223,223,223,0.8)\"  data-text-color=\"\"  data-bs-toggle=\"tooltip\"  aria-hidden=\"true\"  onclick=\"javascript:window.location.href='https:\/\/caminodesantiagofrances.com\/en\/wp-login.php'\"  ><i class=\"fas fa-heart\"  style=\"color:rgba(223,223,223,0.8);\" ><\/i> <span class=\"geodir-fav-text gv-secondary visually-hidden\" style=\"\" aria-hidden=\"true\">Favourite<\/span><\/span>\n<\/span>\t\t<\/span>\n\t\t<\/div><div class=\"geodir-post-slider bsui sdel-03994e04\" ><div class=\"geodir-image-container geodir-image-sizes-medium_large overflow-hidden\">\n\t\t\t<div class=\"geodir-images aui-gallery geodir-images-n-1 geodir-images-image carousel-inner \">\n\t\t<div class=\"carousel-item active\"><a href=\"https:\/\/caminodesantiagofrances.com\/en\/lo\/albergue-siervas-de-maria-astorga\/\" class=\"geodir-link-image embed-has-action ratio ratio-16x9 ratio ratio-16x9 d-block\"><img src='data:image\/png;base64,iVBORw0KGgoAAAANSUhEUgAAAGQAAAABCAQAAACC0sM2AAAADklEQVR42mP8X88wLAAAK5IBgMYCdqgAAAAASUVORK5CYII=' data-src=\"https:\/\/caminodesantiagofrances.com\/en\/wp-content\/uploads\/sites\/3\/2024\/10\/Albergue-Siervas-de-Maria-Astorga-Camino-de-Santiago-Frances-768x403.jpg\" alt=\"Albergue Siervas de Maria Astorga Camino de Santiago Frances 768x403\" width=\"768\" height=\"403\" class=\"geodir-lazy-load align size-medium_large geodir-image-487 embed-item-cover-xy w-100 p-0 m-0 mw-100 border-0\" data-srcset=\"https:\/\/caminodesantiagofrances.com\/en\/wp-content\/uploads\/sites\/3\/2024\/10\/Albergue-Siervas-de-Maria-Astorga-Camino-de-Santiago-Frances-768x403.jpg 768w, https:\/\/caminodesantiagofrances.com\/en\/wp-content\/uploads\/sites\/3\/2024\/10\/Albergue-Siervas-de-Maria-Astorga-Camino-de-Santiago-Frances-300x158.jpg 300w, https:\/\/caminodesantiagofrances.com\/en\/wp-content\/uploads\/sites\/3\/2024\/10\/Albergue-Siervas-de-Maria-Astorga-Camino-de-Santiago-Frances-1024x538.jpg 1024w, https:\/\/caminodesantiagofrances.com\/en\/wp-content\/uploads\/sites\/3\/2024\/10\/Albergue-Siervas-de-Maria-Astorga-Camino-de-Santiago-Frances.jpg 1200w\" sizes=\"(max-width: 768px) 100vw, 768px\" \/><i class=\"fas fa-link w-auto h-auto\" aria-hidden=\"true\"><\/i><\/a><\/div>\t\t<\/div>\n\t\t<\/div>\n<\/div><\/div><div class=\"card-body p-2  \"><div class=\"row justify-content-center gv-hide-3 gv-hide-0\"><div class=\"col col-4 text-center tofront \"><a href=\"https:\/\/caminodesantiagofrances.com\/en\/author\/caminodesantiagofrances-com\/\" title=\"caminodesantiagofrances-com\"><img decoding=\"async\" style=\"max-height:75px;\" class=\"rounded-circle shadow border border-white border-width-4 p-0 mw-100 mt-n5 bg-white\" src=\"https:\/\/secure.gravatar.com\/avatar\/03aa5dc32308904f80a38258afc0335b43d4b2bec3418626e4f8712b71c3b93e?s=96&#038;d=mm&#038;r=g\" alt=\"Author Image\"><\/a><\/div><\/div><div class=\"geodir-post-title bsui sdel-caa60b10\" ><h3 class=\"geodir-entry-title  h5 \"><a href=\"https:\/\/caminodesantiagofrances.com\/en\/lo\/albergue-siervas-de-maria-astorga\/\" class=\"\" title=\"View: Albergue Siervas de Mar\u00eda Astorga\">Albergue Siervas de Mar\u00eda Astorga<\/a><\/h3><\/div><div class=\"geodir-post-content-container bsui sdel-1e477937\" ><div class=\"geodir_post_meta  text-justify pb-1 position-relative geodir-field-post_content\" >Albergue de Peregrinos Siervas de Mar\u00eda de Astorga El Albergue de Peregrinos Siervas de Mar\u00eda es un lugar realmente excelente<\/div><\/div><\/div><div class=\"card-footer p-2  \"><div class='d-flex justify-content-between align-items-center flex-wrap'><div><\/div><div><\/div><\/div><\/div><\/div>\t<\/div>\n\t<\/div>\n\n<div class=\"col mb-4 geodir-post post-16795 gd_place type-gd_place status-publish has-post-thumbnail gd-post-pkg-1\" data-post-id=\"16795\">\n\t\t<div class=\"card h-100 p-0 m-0 mw-100  \">\n\t<div class=\"card p-0 mw-100 h-100 \"><div class=\"card-img-top overflow-hidden position-relative  \"><span class=\"bsui gd-badge-meta\"><a href=\"https:\/\/caminodesantiagofrances.com\/en\/lo\/categoria\/hostal\/\" class=\"gd-badge border-0 badge ab-bottom-left ms-1\" data-id=\"16795\" data-badge=\"default_category\" data-badge-condition=\"is_not_empty\" style=\"background-color:rgba(0,0,0,0.5);border-color:rgba(0,0,0,0.5);color:#ffffff;\">Hostal<\/a>\n<\/span><div class=\"geodir_post_meta gd-fav-info-wrap  gd-fav-hide-text ab-bottom-right me-1  mb-n1  me-1 mb-n1 ab-bottom-right\" >\t\t<span class=\"gd-list-favorite\">\n\t\t\t<span class=\"geodir-addtofav favorite_property_16795  h5\" aria-hidden=\"true\"><span  title=\"Add to Favourites\"  class=\"geodir-addtofav-icon c-pointer geodir-act-fav\"  data-color-on=\"#ff0000\"  data-icon=\"fas fa-heart\"  data-color-off=\"rgba(223,223,223,0.8)\"  data-text-color=\"\"  data-bs-toggle=\"tooltip\"  aria-hidden=\"true\"  onclick=\"javascript:window.location.href='https:\/\/caminodesantiagofrances.com\/en\/wp-login.php'\"  ><i class=\"fas fa-heart\"  style=\"color:rgba(223,223,223,0.8);\" ><\/i> <span class=\"geodir-fav-text gv-secondary visually-hidden\" style=\"\" aria-hidden=\"true\">Favourite<\/span><\/span>\n<\/span>\t\t<\/span>\n\t\t<\/div><div class=\"geodir-post-slider bsui sdel-03994e04\" ><div class=\"geodir-image-container geodir-image-sizes-medium_large overflow-hidden\">\n\t\t\t<div class=\"geodir-images aui-gallery geodir-images-n-1 geodir-images-image carousel-inner \">\n\t\t<div class=\"carousel-item active\"><a href=\"https:\/\/caminodesantiagofrances.com\/en\/lo\/hostal-coruna-astorga\/\" class=\"geodir-link-image embed-has-action ratio ratio-16x9 ratio ratio-16x9 d-block\"><img src='data:image\/png;base64,iVBORw0KGgoAAAANSUhEUgAAAGQAAAABCAQAAACC0sM2AAAADklEQVR42mP8X88wLAAAK5IBgMYCdqgAAAAASUVORK5CYII=' data-src=\"https:\/\/caminodesantiagofrances.com\/en\/wp-content\/uploads\/sites\/3\/2025\/09\/Hostal-Coruna-Astorga-Camino-de-Santiago-Frances-768x403.jpg\" alt=\"Hostal Coruna Astorga Camino de Santiago Frances 768x403\" width=\"768\" height=\"403\" class=\"geodir-lazy-load align size-medium_large geodir-image-4092 embed-item-cover-xy w-100 p-0 m-0 mw-100 border-0\" data-srcset=\"https:\/\/caminodesantiagofrances.com\/en\/wp-content\/uploads\/sites\/3\/2025\/09\/Hostal-Coruna-Astorga-Camino-de-Santiago-Frances-768x403.jpg 768w, https:\/\/caminodesantiagofrances.com\/en\/wp-content\/uploads\/sites\/3\/2025\/09\/Hostal-Coruna-Astorga-Camino-de-Santiago-Frances-300x158.jpg 300w, https:\/\/caminodesantiagofrances.com\/en\/wp-content\/uploads\/sites\/3\/2025\/09\/Hostal-Coruna-Astorga-Camino-de-Santiago-Frances-1024x538.jpg 1024w, https:\/\/caminodesantiagofrances.com\/en\/wp-content\/uploads\/sites\/3\/2025\/09\/Hostal-Coruna-Astorga-Camino-de-Santiago-Frances.jpg 1200w\" sizes=\"(max-width: 768px) 100vw, 768px\" \/><i class=\"fas fa-link w-auto h-auto\" aria-hidden=\"true\"><\/i><\/a><\/div>\t\t<\/div>\n\t\t<\/div>\n<\/div><\/div><div class=\"card-body p-2  \"><div class=\"row justify-content-center gv-hide-3 gv-hide-0\"><div class=\"col col-4 text-center tofront \"><a href=\"https:\/\/caminodesantiagofrances.com\/en\/author\/caminodesantiagofrances-com\/\" title=\"caminodesantiagofrances-com\"><img decoding=\"async\" style=\"max-height:75px;\" class=\"rounded-circle shadow border border-white border-width-4 p-0 mw-100 mt-n5 bg-white\" src=\"https:\/\/secure.gravatar.com\/avatar\/03aa5dc32308904f80a38258afc0335b43d4b2bec3418626e4f8712b71c3b93e?s=96&#038;d=mm&#038;r=g\" alt=\"Author Image\"><\/a><\/div><\/div><div class=\"geodir-post-title bsui sdel-caa60b10\" ><h3 class=\"geodir-entry-title  h5 \"><a href=\"https:\/\/caminodesantiagofrances.com\/en\/lo\/hostal-coruna-astorga\/\" class=\"\" title=\"View: Hostal Coru\u00f1a Astorga\">Hostal Coru\u00f1a Astorga<\/a><\/h3><\/div><div class=\"geodir-post-content-container bsui sdel-1e477937\" ><div class=\"geodir_post_meta  text-justify pb-1 position-relative geodir-field-post_content\" >RESERVAR AHORA Hostal Coru\u00f1a \u2013 Confort y tradici\u00f3n en Astorga El Hostal Coru\u00f1a se encuentra a tan solo 300 metros<\/div><\/div><\/div><div class=\"card-footer p-2  \"><div class='d-flex justify-content-between align-items-center flex-wrap'><div><\/div><div><\/div><\/div><\/div><\/div>\t<\/div>\n\t<\/div>\n\n<div class=\"col mb-4 geodir-post post-16798 gd_place type-gd_place status-publish has-post-thumbnail gd-post-pkg-1\" data-post-id=\"16798\">\n\t\t<div class=\"card h-100 p-0 m-0 mw-100  \">\n\t<div class=\"card p-0 mw-100 h-100 \"><div class=\"card-img-top overflow-hidden position-relative  \"><span class=\"bsui gd-badge-meta\"><a href=\"https:\/\/caminodesantiagofrances.com\/en\/lo\/categoria\/hostal\/\" class=\"gd-badge border-0 badge ab-bottom-left ms-1\" data-id=\"16798\" data-badge=\"default_category\" data-badge-condition=\"is_not_empty\" style=\"background-color:rgba(0,0,0,0.5);border-color:rgba(0,0,0,0.5);color:#ffffff;\">Hostal<\/a>\n<\/span><div class=\"geodir_post_meta gd-fav-info-wrap  gd-fav-hide-text ab-bottom-right me-1  mb-n1  me-1 mb-n1 ab-bottom-right\" >\t\t<span class=\"gd-list-favorite\">\n\t\t\t<span class=\"geodir-addtofav favorite_property_16798  h5\" aria-hidden=\"true\"><span  title=\"Add to Favourites\"  class=\"geodir-addtofav-icon c-pointer geodir-act-fav\"  data-color-on=\"#ff0000\"  data-icon=\"fas fa-heart\"  data-color-off=\"rgba(223,223,223,0.8)\"  data-text-color=\"\"  data-bs-toggle=\"tooltip\"  aria-hidden=\"true\"  onclick=\"javascript:window.location.href='https:\/\/caminodesantiagofrances.com\/en\/wp-login.php'\"  ><i class=\"fas fa-heart\"  style=\"color:rgba(223,223,223,0.8);\" ><\/i> <span class=\"geodir-fav-text gv-secondary visually-hidden\" style=\"\" aria-hidden=\"true\">Favourite<\/span><\/span>\n<\/span>\t\t<\/span>\n\t\t<\/div><div class=\"geodir-post-slider bsui sdel-03994e04\" ><div class=\"geodir-image-container geodir-image-sizes-medium_large overflow-hidden\">\n\t\t\t<div class=\"geodir-images aui-gallery geodir-images-n-1 geodir-images-image carousel-inner \">\n\t\t<div class=\"carousel-item active\"><a href=\"https:\/\/caminodesantiagofrances.com\/en\/lo\/hostal-delfin-astorga\/\" class=\"geodir-link-image embed-has-action ratio ratio-16x9 ratio ratio-16x9 d-block\"><img src='data:image\/png;base64,iVBORw0KGgoAAAANSUhEUgAAAGQAAAABCAQAAACC0sM2AAAADklEQVR42mP8X88wLAAAK5IBgMYCdqgAAAAASUVORK5CYII=' data-src=\"https:\/\/caminodesantiagofrances.com\/en\/wp-content\/uploads\/sites\/3\/2025\/09\/Hostal-Delfin-Astorga-Camino-de-Santiago-Frances-768x403.jpg\" alt=\"Hostal Delfin Astorga Camino de Santiago Frances 768x403\" width=\"768\" height=\"403\" class=\"geodir-lazy-load align size-medium_large geodir-image-4104 embed-item-cover-xy w-100 p-0 m-0 mw-100 border-0\" data-srcset=\"https:\/\/caminodesantiagofrances.com\/en\/wp-content\/uploads\/sites\/3\/2025\/09\/Hostal-Delfin-Astorga-Camino-de-Santiago-Frances-768x403.jpg 768w, https:\/\/caminodesantiagofrances.com\/en\/wp-content\/uploads\/sites\/3\/2025\/09\/Hostal-Delfin-Astorga-Camino-de-Santiago-Frances-300x158.jpg 300w, https:\/\/caminodesantiagofrances.com\/en\/wp-content\/uploads\/sites\/3\/2025\/09\/Hostal-Delfin-Astorga-Camino-de-Santiago-Frances-1024x538.jpg 1024w, https:\/\/caminodesantiagofrances.com\/en\/wp-content\/uploads\/sites\/3\/2025\/09\/Hostal-Delfin-Astorga-Camino-de-Santiago-Frances.jpg 1200w\" sizes=\"(max-width: 768px) 100vw, 768px\" \/><i class=\"fas fa-link w-auto h-auto\" aria-hidden=\"true\"><\/i><\/a><\/div>\t\t<\/div>\n\t\t<\/div>\n<\/div><\/div><div class=\"card-body p-2  \"><div class=\"row justify-content-center gv-hide-3 gv-hide-0\"><div class=\"col col-4 text-center tofront \"><a href=\"https:\/\/caminodesantiagofrances.com\/en\/author\/caminodesantiagofrances-com\/\" title=\"caminodesantiagofrances-com\"><img decoding=\"async\" style=\"max-height:75px;\" class=\"rounded-circle shadow border border-white border-width-4 p-0 mw-100 mt-n5 bg-white\" src=\"https:\/\/secure.gravatar.com\/avatar\/03aa5dc32308904f80a38258afc0335b43d4b2bec3418626e4f8712b71c3b93e?s=96&#038;d=mm&#038;r=g\" alt=\"Author Image\"><\/a><\/div><\/div><div class=\"geodir-post-title bsui sdel-caa60b10\" ><h3 class=\"geodir-entry-title  h5 \"><a href=\"https:\/\/caminodesantiagofrances.com\/en\/lo\/hostal-delfin-astorga\/\" class=\"\" title=\"View: Hostal Delfin Astorga\">Hostal Delfin Astorga<\/a><\/h3><\/div><div class=\"geodir-post-content-container bsui sdel-1e477937\" ><div class=\"geodir_post_meta  text-justify pb-1 position-relative geodir-field-post_content\" >RESERVAR AHORA Hostal Restaurante Delf\u00edn \u2013 Alojamiento econ\u00f3mico y acogedor en Astorga El Hostal Delf\u00edn Astorga se encuentra a solo<\/div><\/div><\/div><div class=\"card-footer p-2  \"><div class='d-flex justify-content-between align-items-center flex-wrap'><div><\/div><div><\/div><\/div><\/div><\/div>\t<\/div>\n\t<\/div>\n\n<div class=\"col mb-4 geodir-post post-16785 gd_place type-gd_place status-publish has-post-thumbnail gd-post-pkg-1\" data-post-id=\"16785\">\n\t\t<div class=\"card h-100 p-0 m-0 mw-100  \">\n\t<div class=\"card p-0 mw-100 h-100 \"><div class=\"card-img-top overflow-hidden position-relative  \"><span class=\"bsui gd-badge-meta\"><a href=\"https:\/\/caminodesantiagofrances.com\/en\/lo\/categoria\/hotel\/\" class=\"gd-badge border-0 badge ab-bottom-left ms-1\" data-id=\"16785\" data-badge=\"default_category\" data-badge-condition=\"is_not_empty\" style=\"background-color:rgba(0,0,0,0.5);border-color:rgba(0,0,0,0.5);color:#ffffff;\">Hotel<\/a>\n<\/span><div class=\"geodir_post_meta gd-fav-info-wrap  gd-fav-hide-text ab-bottom-right me-1  mb-n1  me-1 mb-n1 ab-bottom-right\" >\t\t<span class=\"gd-list-favorite\">\n\t\t\t<span class=\"geodir-addtofav favorite_property_16785  h5\" aria-hidden=\"true\"><span  title=\"Add to Favourites\"  class=\"geodir-addtofav-icon c-pointer geodir-act-fav\"  data-color-on=\"#ff0000\"  data-icon=\"fas fa-heart\"  data-color-off=\"rgba(223,223,223,0.8)\"  data-text-color=\"\"  data-bs-toggle=\"tooltip\"  aria-hidden=\"true\"  onclick=\"javascript:window.location.href='https:\/\/caminodesantiagofrances.com\/en\/wp-login.php'\"  ><i class=\"fas fa-heart\"  style=\"color:rgba(223,223,223,0.8);\" ><\/i> <span class=\"geodir-fav-text gv-secondary visually-hidden\" style=\"\" aria-hidden=\"true\">Favourite<\/span><\/span>\n<\/span>\t\t<\/span>\n\t\t<\/div><div class=\"geodir-post-slider bsui sdel-03994e04\" ><div class=\"geodir-image-container geodir-image-sizes-medium_large overflow-hidden\">\n\t\t\t<div class=\"geodir-images aui-gallery geodir-images-n-1 geodir-images-image carousel-inner \">\n\t\t<div class=\"carousel-item active\"><a href=\"https:\/\/caminodesantiagofrances.com\/en\/lo\/hotel-eurostars-via-de-la-plata\/\" class=\"geodir-link-image embed-has-action ratio ratio-16x9 ratio ratio-16x9 d-block\"><img src='data:image\/png;base64,iVBORw0KGgoAAAANSUhEUgAAAGQAAAABCAQAAACC0sM2AAAADklEQVR42mP8X88wLAAAK5IBgMYCdqgAAAAASUVORK5CYII=' data-src=\"https:\/\/caminodesantiagofrances.com\/en\/wp-content\/uploads\/sites\/3\/2025\/09\/Hotel-Eurostars-Via-de-la-Plata-Camino-de-Santiago-Frances-768x403.jpg\" alt=\"Hotel Eurostars Via de la Plata Camino de Santiago Frances 768x403\" width=\"768\" height=\"403\" class=\"geodir-lazy-load align size-medium_large geodir-image-4059 embed-item-cover-xy w-100 p-0 m-0 mw-100 border-0\" data-srcset=\"https:\/\/caminodesantiagofrances.com\/en\/wp-content\/uploads\/sites\/3\/2025\/09\/Hotel-Eurostars-Via-de-la-Plata-Camino-de-Santiago-Frances-768x403.jpg 768w, https:\/\/caminodesantiagofrances.com\/en\/wp-content\/uploads\/sites\/3\/2025\/09\/Hotel-Eurostars-Via-de-la-Plata-Camino-de-Santiago-Frances-300x158.jpg 300w, https:\/\/caminodesantiagofrances.com\/en\/wp-content\/uploads\/sites\/3\/2025\/09\/Hotel-Eurostars-Via-de-la-Plata-Camino-de-Santiago-Frances-1024x538.jpg 1024w, https:\/\/caminodesantiagofrances.com\/en\/wp-content\/uploads\/sites\/3\/2025\/09\/Hotel-Eurostars-Via-de-la-Plata-Camino-de-Santiago-Frances.jpg 1200w\" sizes=\"(max-width: 768px) 100vw, 768px\" \/><i class=\"fas fa-link w-auto h-auto\" aria-hidden=\"true\"><\/i><\/a><\/div>\t\t<\/div>\n\t\t<\/div>\n<\/div><\/div><div class=\"card-body p-2  \"><div class=\"row justify-content-center gv-hide-3 gv-hide-0\"><div class=\"col col-4 text-center tofront \"><a href=\"https:\/\/caminodesantiagofrances.com\/en\/author\/caminodesantiagofrances-com\/\" title=\"caminodesantiagofrances-com\"><img decoding=\"async\" style=\"max-height:75px;\" class=\"rounded-circle shadow border border-white border-width-4 p-0 mw-100 mt-n5 bg-white\" src=\"https:\/\/secure.gravatar.com\/avatar\/03aa5dc32308904f80a38258afc0335b43d4b2bec3418626e4f8712b71c3b93e?s=96&#038;d=mm&#038;r=g\" alt=\"Author Image\"><\/a><\/div><\/div><div class=\"geodir-post-title bsui sdel-caa60b10\" ><h3 class=\"geodir-entry-title  h5 \"><a href=\"https:\/\/caminodesantiagofrances.com\/en\/lo\/hotel-eurostars-via-de-la-plata\/\" class=\"\" title=\"View: Hotel Eurostars V\u00eda de la Plata\">Hotel Eurostars V\u00eda de la Plata<\/a><\/h3><\/div><div class=\"geodir-post-content-container bsui sdel-1e477937\" ><div class=\"geodir_post_meta  text-justify pb-1 position-relative geodir-field-post_content\" >RESERVAR AHORA Hotel Eurostars V\u00eda de la Plata &#8211; Spa y confort en El Hotel Eurostars V\u00eda de la Plata<\/div><\/div><\/div><div class=\"card-footer p-2  \"><div class='d-flex justify-content-between align-items-center flex-wrap'><div><\/div><div><\/div><\/div><\/div><\/div>\t<\/div>\n\t<\/div>\n\n<div class=\"col mb-4 geodir-post post-16792 gd_place type-gd_place status-publish has-post-thumbnail gd-post-pkg-1\" data-post-id=\"16792\">\n\t\t<div class=\"card h-100 p-0 m-0 mw-100  \">\n\t<div class=\"card p-0 mw-100 h-100 \"><div class=\"card-img-top overflow-hidden position-relative  \"><span class=\"bsui gd-badge-meta\"><a href=\"https:\/\/caminodesantiagofrances.com\/en\/lo\/categoria\/albergue\/\" class=\"gd-badge border-0 badge ab-bottom-left ms-1\" data-id=\"16792\" data-badge=\"default_category\" data-badge-condition=\"is_not_empty\" style=\"background-color:rgba(0,0,0,0.5);border-color:rgba(0,0,0,0.5);color:#ffffff;\">Albergue<\/a>\n<\/span><div class=\"geodir_post_meta gd-fav-info-wrap  gd-fav-hide-text ab-bottom-right me-1  mb-n1  me-1 mb-n1 ab-bottom-right\" >\t\t<span class=\"gd-list-favorite\">\n\t\t\t<span class=\"geodir-addtofav favorite_property_16792  h5\" aria-hidden=\"true\"><span  title=\"Add to Favourites\"  class=\"geodir-addtofav-icon c-pointer geodir-act-fav\"  data-color-on=\"#ff0000\"  data-icon=\"fas fa-heart\"  data-color-off=\"rgba(223,223,223,0.8)\"  data-text-color=\"\"  data-bs-toggle=\"tooltip\"  aria-hidden=\"true\"  onclick=\"javascript:window.location.href='https:\/\/caminodesantiagofrances.com\/en\/wp-login.php'\"  ><i class=\"fas fa-heart\"  style=\"color:rgba(223,223,223,0.8);\" ><\/i> <span class=\"geodir-fav-text gv-secondary visually-hidden\" style=\"\" aria-hidden=\"true\">Favourite<\/span><\/span>\n<\/span>\t\t<\/span>\n\t\t<\/div><div class=\"geodir-post-slider bsui sdel-03994e04\" ><div class=\"geodir-image-container geodir-image-sizes-medium_large overflow-hidden\">\n\t\t\t<div class=\"geodir-images aui-gallery geodir-images-n-1 geodir-images-image carousel-inner \">\n\t\t<div class=\"carousel-item active\"><a href=\"https:\/\/caminodesantiagofrances.com\/en\/lo\/albergue-so-por-hoje-astorga\/\" class=\"geodir-link-image embed-has-action ratio ratio-16x9 ratio ratio-16x9 d-block\"><img src='data:image\/png;base64,iVBORw0KGgoAAAANSUhEUgAAAGQAAAABCAQAAACC0sM2AAAADklEQVR42mP8X88wLAAAK5IBgMYCdqgAAAAASUVORK5CYII=' data-src=\"https:\/\/caminodesantiagofrances.com\/en\/wp-content\/uploads\/sites\/3\/2025\/09\/Albergue-So-Por-Hoje-Astorga-Camino-de-Santiago-Frances-768x403.jpg\" alt=\"Albergue So Por Hoje Astorga Camino de Santiago Frances 768x403\" width=\"768\" height=\"403\" class=\"geodir-lazy-load align size-medium_large geodir-image-4081 embed-item-cover-xy w-100 p-0 m-0 mw-100 border-0\" data-srcset=\"https:\/\/caminodesantiagofrances.com\/en\/wp-content\/uploads\/sites\/3\/2025\/09\/Albergue-So-Por-Hoje-Astorga-Camino-de-Santiago-Frances-768x403.jpg 768w, https:\/\/caminodesantiagofrances.com\/en\/wp-content\/uploads\/sites\/3\/2025\/09\/Albergue-So-Por-Hoje-Astorga-Camino-de-Santiago-Frances-300x158.jpg 300w, https:\/\/caminodesantiagofrances.com\/en\/wp-content\/uploads\/sites\/3\/2025\/09\/Albergue-So-Por-Hoje-Astorga-Camino-de-Santiago-Frances-1024x538.jpg 1024w, https:\/\/caminodesantiagofrances.com\/en\/wp-content\/uploads\/sites\/3\/2025\/09\/Albergue-So-Por-Hoje-Astorga-Camino-de-Santiago-Frances.jpg 1200w\" sizes=\"(max-width: 768px) 100vw, 768px\" \/><i class=\"fas fa-link w-auto h-auto\" aria-hidden=\"true\"><\/i><\/a><\/div>\t\t<\/div>\n\t\t<\/div>\n<\/div><\/div><div class=\"card-body p-2  \"><div class=\"row justify-content-center gv-hide-3 gv-hide-0\"><div class=\"col col-4 text-center tofront \"><a href=\"https:\/\/caminodesantiagofrances.com\/en\/author\/caminodesantiagofrances-com\/\" title=\"caminodesantiagofrances-com\"><img decoding=\"async\" style=\"max-height:75px;\" class=\"rounded-circle shadow border border-white border-width-4 p-0 mw-100 mt-n5 bg-white\" src=\"https:\/\/secure.gravatar.com\/avatar\/03aa5dc32308904f80a38258afc0335b43d4b2bec3418626e4f8712b71c3b93e?s=96&#038;d=mm&#038;r=g\" alt=\"Author Image\"><\/a><\/div><\/div><div class=\"geodir-post-title bsui sdel-caa60b10\" ><h3 class=\"geodir-entry-title  h5 \"><a href=\"https:\/\/caminodesantiagofrances.com\/en\/lo\/albergue-so-por-hoje-astorga\/\" class=\"\" title=\"View: Albergue S\u00f3 Por Hoje Astorga\">Albergue S\u00f3 Por Hoje Astorga<\/a><\/h3><\/div><div class=\"geodir-post-content-container bsui sdel-1e477937\" ><div class=\"geodir_post_meta  text-justify pb-1 position-relative geodir-field-post_content\" >RESERVAR AHORA Albergue S\u00f3 Por Hoje Astorga \u2013 Hospitalidad brasile\u00f1a en pleno Camino de Santiago Franc\u00e9s El Albergue S\u00f3 Por<\/div><\/div><\/div><div class=\"card-footer p-2  \"><div class='d-flex justify-content-between align-items-center flex-wrap'><div><\/div><div><\/div><\/div><\/div><\/div>\t<\/div>\n\t<\/div>\n\n<div class=\"col mb-4 geodir-post post-16811 gd_place type-gd_place status-publish has-post-thumbnail gd-post-pkg-1\" data-post-id=\"16811\">\n\t\t<div class=\"card h-100 p-0 m-0 mw-100  \">\n\t<div class=\"card p-0 mw-100 h-100 \"><div class=\"card-img-top overflow-hidden position-relative  \"><span class=\"bsui gd-badge-meta\"><a href=\"https:\/\/caminodesantiagofrances.com\/en\/lo\/categoria\/hotel\/\" class=\"gd-badge border-0 badge ab-bottom-left ms-1\" data-id=\"16811\" data-badge=\"default_category\" data-badge-condition=\"is_not_empty\" style=\"background-color:rgba(0,0,0,0.5);border-color:rgba(0,0,0,0.5);color:#ffffff;\">Hotel<\/a>\n<\/span><div class=\"geodir_post_meta gd-fav-info-wrap  gd-fav-hide-text ab-bottom-right me-1  mb-n1  me-1 mb-n1 ab-bottom-right\" >\t\t<span class=\"gd-list-favorite\">\n\t\t\t<span class=\"geodir-addtofav favorite_property_16811  h5\" aria-hidden=\"true\"><span  title=\"Add to Favourites\"  class=\"geodir-addtofav-icon c-pointer geodir-act-fav\"  data-color-on=\"#ff0000\"  data-icon=\"fas fa-heart\"  data-color-off=\"rgba(223,223,223,0.8)\"  data-text-color=\"\"  data-bs-toggle=\"tooltip\"  aria-hidden=\"true\"  onclick=\"javascript:window.location.href='https:\/\/caminodesantiagofrances.com\/en\/wp-login.php'\"  ><i class=\"fas fa-heart\"  style=\"color:rgba(223,223,223,0.8);\" ><\/i> <span class=\"geodir-fav-text gv-secondary visually-hidden\" style=\"\" aria-hidden=\"true\">Favourite<\/span><\/span>\n<\/span>\t\t<\/span>\n\t\t<\/div><div class=\"geodir-post-slider bsui sdel-03994e04\" ><div class=\"geodir-image-container geodir-image-sizes-medium_large overflow-hidden\">\n\t\t\t<div class=\"geodir-images aui-gallery geodir-images-n-1 geodir-images-image carousel-inner \">\n\t\t<div class=\"carousel-item active\"><a href=\"https:\/\/caminodesantiagofrances.com\/en\/lo\/hotel-restaurante-la-peseta-astorga\/\" class=\"geodir-link-image embed-has-action ratio ratio-16x9 ratio ratio-16x9 d-block\"><img src='data:image\/png;base64,iVBORw0KGgoAAAANSUhEUgAAAGQAAAABCAQAAACC0sM2AAAADklEQVR42mP8X88wLAAAK5IBgMYCdqgAAAAASUVORK5CYII=' data-src=\"https:\/\/caminodesantiagofrances.com\/en\/wp-content\/uploads\/sites\/3\/2025\/09\/Hotel-Restaurante-La-Peseta-Astorga-Camino-de-Santiago-Frances-768x403.jpg\" alt=\"Hotel Restaurante La Peseta Astorga Camino de Santiago Frances 768x403\" width=\"768\" height=\"403\" class=\"geodir-lazy-load align size-medium_large geodir-image-4139 embed-item-cover-xy w-100 p-0 m-0 mw-100 border-0\" data-srcset=\"https:\/\/caminodesantiagofrances.com\/en\/wp-content\/uploads\/sites\/3\/2025\/09\/Hotel-Restaurante-La-Peseta-Astorga-Camino-de-Santiago-Frances-768x403.jpg 768w, https:\/\/caminodesantiagofrances.com\/en\/wp-content\/uploads\/sites\/3\/2025\/09\/Hotel-Restaurante-La-Peseta-Astorga-Camino-de-Santiago-Frances-300x158.jpg 300w, https:\/\/caminodesantiagofrances.com\/en\/wp-content\/uploads\/sites\/3\/2025\/09\/Hotel-Restaurante-La-Peseta-Astorga-Camino-de-Santiago-Frances-1024x538.jpg 1024w, https:\/\/caminodesantiagofrances.com\/en\/wp-content\/uploads\/sites\/3\/2025\/09\/Hotel-Restaurante-La-Peseta-Astorga-Camino-de-Santiago-Frances.jpg 1200w\" sizes=\"(max-width: 768px) 100vw, 768px\" \/><i class=\"fas fa-link w-auto h-auto\" aria-hidden=\"true\"><\/i><\/a><\/div>\t\t<\/div>\n\t\t<\/div>\n<\/div><\/div><div class=\"card-body p-2  \"><div class=\"row justify-content-center gv-hide-3 gv-hide-0\"><div class=\"col col-4 text-center tofront \"><a href=\"https:\/\/caminodesantiagofrances.com\/en\/author\/caminodesantiagofrances-com\/\" title=\"caminodesantiagofrances-com\"><img decoding=\"async\" style=\"max-height:75px;\" class=\"rounded-circle shadow border border-white border-width-4 p-0 mw-100 mt-n5 bg-white\" src=\"https:\/\/secure.gravatar.com\/avatar\/03aa5dc32308904f80a38258afc0335b43d4b2bec3418626e4f8712b71c3b93e?s=96&#038;d=mm&#038;r=g\" alt=\"Author Image\"><\/a><\/div><\/div><div class=\"geodir-post-title bsui sdel-caa60b10\" ><h3 class=\"geodir-entry-title  h5 \"><a href=\"https:\/\/caminodesantiagofrances.com\/en\/lo\/hotel-restaurante-la-peseta-astorga\/\" class=\"\" title=\"View: Hotel Restaurante La Peseta Astorga\">Hotel Restaurante La Peseta Astorga<\/a><\/h3><\/div><div class=\"geodir-post-content-container bsui sdel-1e477937\" ><div class=\"geodir_post_meta  text-justify pb-1 position-relative geodir-field-post_content\" >RESERVAR AHORA Hotel Restaurante La Peseta en Astorga: tradici\u00f3n, hospitalidad y el sabor del Camino de Santiago El Hotel Restaurante<\/div><\/div><\/div><div class=\"card-footer p-2  \"><div class='d-flex justify-content-between align-items-center flex-wrap'><div><\/div><div><\/div><\/div><\/div><\/div>\t<\/div>\n\t<\/div>\n\t<\/div>\n<div class=\"geodir-ajax-listings-loader loading_div overlay overlay-black position-absolute row m-0 z-index-1 w-100 h-100 rounded overflow-hidden\" style=\"display: none;z-index: 3;top:0;\">\n\t\t\t\t\t\t\t\t<div class=\"spinner-border mx-auto align-self-center text-white\" role=\"status\">\n\t\t\t\t\t\t\t\t\t<span class=\"visually-hidden\">Loading&#8230;<\/span>\n\t\t\t\t\t\t\t\t<\/div>\n\t\t\t\t\t\t\t<\/div><div class=\"geodir-loop-paging-container bsui sdel-c83c1d52\" ><div class=\"mb-3\">\n\t<section class=\"px-0 py-2 w-100\">\n\t<nav class=\"navigation aui-pagination\" aria-label=\"Posts navigation\">\n\t\t<h2 class=\"screen-reader-text visually-hidden\">Posts navigation<\/h2>\n\t\t<div class=\"aui-nav-links\"><ul class=\"pagination m-0 p-0 \"><li class=\"page-item mx-0\"><span aria-current=\"page\" class=\"page-link current active\">1<\/span><\/li><li class=\"page-item mx-0\"><a class=\"page-link\" href=\"https:\/\/caminodesantiagofrances.com\/en\/wp-json\/wp\/v2\/pages\/11695\/page\/2\/\">2<\/a><\/li><li class=\"page-item mx-0\"><a class=\"next page-link\" href=\"https:\/\/caminodesantiagofrances.com\/en\/wp-json\/wp\/v2\/pages\/11695\/page\/2\/\"><span class=\"nav-next-text visually-hidden\">Older posts<\/span> <i class=\"fas fa-chevron-right\"><\/i><\/a><\/li><\/ul><\/div>\n\t<\/nav><\/section><\/div>\n<\/div>\t\t\t\t<script type=\"text\/javascript\">\n\t\t\t\t\t\/* <![CDATA[ *\/\n\t\t\t\t\tjQuery(function () {\n\t\t\t\t\t\ttry {\n\t\t\t\t\t\t\tvar params = {\"title\":\"\",\"post_type\":\"gd_place\",\"category\":\"661,692,662\",\"related_to\":\"\",\"tags\":\"\",\"rating\":\"\",\"post_author\":\"\",\"category_title\":\"\",\"sort_by\":\"random\",\"title_tag\":\"h3\",\"list_order\":\"\",\"post_limit\":\"6\",\"post_ids\":\"\",\"layout\":\"3\",\"listing_width\":\"\",\"add_location_filter\":1,\"nearby_gps\":0,\"character_count\":\"20\",\"show_featured_only\":0,\"show_special_only\":0,\"with_pics_only\":0,\"with_videos_only\":0,\"show_favorites_only\":0,\"favorites_by_user\":\"\",\"use_viewing_post_type\":0,\"use_viewing_term\":0,\"hide_if_empty\":0,\"view_all_link\":0,\"with_pagination\":1,\"top_pagination\":1,\"bottom_pagination\":1,\"pagination_info\":\"\",\"template_type\":\"\",\"tmpl_page\":\"\",\"tmpl_part\":\"\",\"skin_id\":\"\",\"skin_column_gap\":\"\",\"skin_row_gap\":\"\",\"column_gap\":\"\",\"row_gap\":\"\",\"card_border\":\"\",\"card_shadow\":\"\",\"bg\":\"\",\"mt\":\"\",\"mb\":\"3\",\"mr\":\"\",\"ml\":\"\",\"pt\":\"\",\"pb\":\"\",\"pr\":\"\",\"pl\":\"\",\"border\":\"\",\"rounded\":\"\",\"rounded_size\":\"\",\"shadow\":\"\",\"with_carousel\":\"\",\"with_controls\":\"\",\"with_indicators\":\"\",\"slide_interval\":\"5\",\"slide_ride\":\"\",\"center_slide\":\"\",\"widget_title_tag\":\"\",\"widget_title_size_class\":\"\",\"widget_title_align_class\":\"\",\"widget_title_color_class\":\"\",\"widget_title_border_class\":\"\",\"widget_title_border_color_class\":\"\",\"widget_title_mt_class\":\"\",\"widget_title_mr_class\":\"\",\"widget_title_mb_class\":\"\",\"widget_title_ml_class\":\"\",\"widget_title_pt_class\":\"\",\"widget_title_pr_class\":\"\",\"widget_title_pb_class\":\"\",\"widget_title_pl_class\":\"\",\"package_ids\":\"\",\"paging_style\":\"\",\"paging_mid_size\":\"\",\"paging_mid_size_sm\":\"\",\"paging_size\":\"\",\"paging_size_sm\":\"\",\"indicators_mb\":\"\",\"css_class\":\"\",\"country\":\"\",\"region\":\"\",\"city\":\"astorga\",\"neighbourhood\":\"\",\"posts_per_page\":\"6\",\"is_geodir_loop\":1,\"gd_location\":1,\"order_by\":\"random\",\"distance_to_post\":0,\"pageno\":1,\"is_gd_author\":0,\"excerpt_length\":\"20\",\"tax_query\":[{\"taxonomy\":\"gd_placecategory\",\"field\":\"id\",\"terms\":[\"661\",\"692\",\"662\"]}],\"count_only\":0,\"set_query_vars\":{\"rest_route\":\"\\\/wp\\\/v2\\\/pages\\\/11695\",\"tax_query\":[{\"taxonomy\":\"gd_placecategory\",\"field\":\"id\",\"terms\":[\"661\",\"692\",\"662\"]}]}};\n\t\t\t\t\t\t\tparams['action'] = 'geodir_widget_listings';\n\t\t\t\t\t\t\tparams['widget_args'] = [];\n\t\t\t\t\t\t\tparams['security'] = geodir_params.basic_nonce;\n\t\t\t\t\t\t\tgeodir_widget_listings_pagination('geodir_6a9d6a5241a04', params);\n\t\t\t\t\t\t} catch (err) {\n\t\t\t\t\t\t\tconsole.log(err.message);\n\t\t\t\t\t\t}\n\t\t\t\t\t});\n\t\t\t\t\t\/* ]]> *\/\n\t\t\t\t<\/script>\n\t\t\t\t\t\t<\/div>\n\t\t<\/div><\/div>\n\n\n\n<hr class=\"wp-block-separator has-alpha-channel-opacity\"\/>\n\n\n\n<h2 class=\"wp-block-heading has-text-align-center\"><strong>Albergues en Astorga<\/strong><\/h2>\n\n\n\n<div class=\"wp-block-geodirectory-geodir-widget-listings\"><div class=\"geodir-listings bsui sdel-79796016\" >\t\t<div id=\"geodir_6a9d6a5255902\" class=\"geodir_locations geodir_location_listing\n\t\t\t\t\t\t\t geodir-wgt-pagination geodir-wgt-pagination-top geodir-wgt-pagination-bottom mb-3\t\t position-relative\">\n\t\t\t\t<div\n\t\tclass=\"row row-cols-1 row-cols-sm-2 geodir-category-list-view geodir-widget-posts geodir-gridview row-cols-md-2\">\n\t\t\n<div class=\"col mb-4 geodir-post post-13754 gd_place type-gd_place status-publish has-post-thumbnail gd-post-pkg-1\" data-post-id=\"13754\">\n\t\t<div class=\"card h-100 p-0 m-0 mw-100  \">\n\t<div class=\"card p-0 mw-100 h-100 \"><div class=\"card-img-top overflow-hidden position-relative  \"><span class=\"bsui gd-badge-meta\"><a href=\"https:\/\/caminodesantiagofrances.com\/en\/lo\/categoria\/albergue\/\" class=\"gd-badge border-0 badge ab-bottom-left ms-1\" data-id=\"13754\" data-badge=\"default_category\" data-badge-condition=\"is_not_empty\" style=\"background-color:rgba(0,0,0,0.5);border-color:rgba(0,0,0,0.5);color:#ffffff;\">Albergue<\/a>\n<\/span><div class=\"geodir_post_meta gd-fav-info-wrap  gd-fav-hide-text ab-bottom-right me-1  mb-n1  me-1 mb-n1 ab-bottom-right\" >\t\t<span class=\"gd-list-favorite\">\n\t\t\t<span class=\"geodir-addtofav favorite_property_13754  h5\" aria-hidden=\"true\"><span  title=\"Add to Favourites\"  class=\"geodir-addtofav-icon c-pointer geodir-act-fav\"  data-color-on=\"#ff0000\"  data-icon=\"fas fa-heart\"  data-color-off=\"rgba(223,223,223,0.8)\"  data-text-color=\"\"  data-bs-toggle=\"tooltip\"  aria-hidden=\"true\"  onclick=\"javascript:window.location.href='https:\/\/caminodesantiagofrances.com\/en\/wp-login.php'\"  ><i class=\"fas fa-heart\"  style=\"color:rgba(223,223,223,0.8);\" ><\/i> <span class=\"geodir-fav-text gv-secondary visually-hidden\" style=\"\" aria-hidden=\"true\">Favourite<\/span><\/span>\n<\/span>\t\t<\/span>\n\t\t<\/div><div class=\"geodir-post-slider bsui sdel-03994e04\" ><div class=\"geodir-image-container geodir-image-sizes-medium_large overflow-hidden\">\n\t\t\t<div class=\"geodir-images aui-gallery geodir-images-n-1 geodir-images-image carousel-inner \">\n\t\t<div class=\"carousel-item active\"><a href=\"https:\/\/caminodesantiagofrances.com\/en\/lo\/albergue-siervas-de-maria-astorga\/\" class=\"geodir-link-image embed-has-action ratio ratio-16x9 ratio ratio-16x9 d-block\"><img src='data:image\/png;base64,iVBORw0KGgoAAAANSUhEUgAAAGQAAAABCAQAAACC0sM2AAAADklEQVR42mP8X88wLAAAK5IBgMYCdqgAAAAASUVORK5CYII=' data-src=\"https:\/\/caminodesantiagofrances.com\/en\/wp-content\/uploads\/sites\/3\/2024\/10\/Albergue-Siervas-de-Maria-Astorga-Camino-de-Santiago-Frances-768x403.jpg\" alt=\"Albergue Siervas de Maria Astorga Camino de Santiago Frances 768x403\" width=\"768\" height=\"403\" class=\"geodir-lazy-load align size-medium_large geodir-image-487 embed-item-cover-xy w-100 p-0 m-0 mw-100 border-0\" data-srcset=\"https:\/\/caminodesantiagofrances.com\/en\/wp-content\/uploads\/sites\/3\/2024\/10\/Albergue-Siervas-de-Maria-Astorga-Camino-de-Santiago-Frances-768x403.jpg 768w, https:\/\/caminodesantiagofrances.com\/en\/wp-content\/uploads\/sites\/3\/2024\/10\/Albergue-Siervas-de-Maria-Astorga-Camino-de-Santiago-Frances-300x158.jpg 300w, https:\/\/caminodesantiagofrances.com\/en\/wp-content\/uploads\/sites\/3\/2024\/10\/Albergue-Siervas-de-Maria-Astorga-Camino-de-Santiago-Frances-1024x538.jpg 1024w, https:\/\/caminodesantiagofrances.com\/en\/wp-content\/uploads\/sites\/3\/2024\/10\/Albergue-Siervas-de-Maria-Astorga-Camino-de-Santiago-Frances.jpg 1200w\" sizes=\"(max-width: 768px) 100vw, 768px\" \/><i class=\"fas fa-link w-auto h-auto\" aria-hidden=\"true\"><\/i><\/a><\/div>\t\t<\/div>\n\t\t<\/div>\n<\/div><\/div><div class=\"card-body p-2  \"><div class=\"row justify-content-center gv-hide-3 gv-hide-0\"><div class=\"col col-4 text-center tofront \"><a href=\"https:\/\/caminodesantiagofrances.com\/en\/author\/caminodesantiagofrances-com\/\" title=\"caminodesantiagofrances-com\"><img decoding=\"async\" style=\"max-height:75px;\" class=\"rounded-circle shadow border border-white border-width-4 p-0 mw-100 mt-n5 bg-white\" src=\"https:\/\/secure.gravatar.com\/avatar\/03aa5dc32308904f80a38258afc0335b43d4b2bec3418626e4f8712b71c3b93e?s=96&#038;d=mm&#038;r=g\" alt=\"Author Image\"><\/a><\/div><\/div><div class=\"geodir-post-title bsui sdel-caa60b10\" ><h3 class=\"geodir-entry-title  h5 \"><a href=\"https:\/\/caminodesantiagofrances.com\/en\/lo\/albergue-siervas-de-maria-astorga\/\" class=\"\" title=\"View: Albergue Siervas de Mar\u00eda Astorga\">Albergue Siervas de Mar\u00eda Astorga<\/a><\/h3><\/div><div class=\"geodir-post-content-container bsui sdel-1e477937\" ><div class=\"geodir_post_meta  text-justify pb-1 position-relative geodir-field-post_content\" >Albergue de Peregrinos Siervas de Mar\u00eda de Astorga El Albergue de Peregrinos Siervas de Mar\u00eda es un lugar realmente excelente<\/div><\/div><\/div><div class=\"card-footer p-2  \"><div class='d-flex justify-content-between align-items-center flex-wrap'><div><\/div><div><\/div><\/div><\/div><\/div>\t<\/div>\n\t<\/div>\n\n<div class=\"col mb-4 geodir-post post-16788 gd_place type-gd_place status-publish has-post-thumbnail gd-post-pkg-1\" data-post-id=\"16788\">\n\t\t<div class=\"card h-100 p-0 m-0 mw-100  \">\n\t<div class=\"card p-0 mw-100 h-100 \"><div class=\"card-img-top overflow-hidden position-relative  \"><span class=\"bsui gd-badge-meta\"><a href=\"https:\/\/caminodesantiagofrances.com\/en\/lo\/categoria\/albergue\/\" class=\"gd-badge border-0 badge ab-bottom-left ms-1\" data-id=\"16788\" data-badge=\"default_category\" data-badge-condition=\"is_not_empty\" style=\"background-color:rgba(0,0,0,0.5);border-color:rgba(0,0,0,0.5);color:#ffffff;\">Albergue<\/a>\n<\/span><div class=\"geodir_post_meta gd-fav-info-wrap  gd-fav-hide-text ab-bottom-right me-1  mb-n1  me-1 mb-n1 ab-bottom-right\" >\t\t<span class=\"gd-list-favorite\">\n\t\t\t<span class=\"geodir-addtofav favorite_property_16788  h5\" aria-hidden=\"true\"><span  title=\"Add to Favourites\"  class=\"geodir-addtofav-icon c-pointer geodir-act-fav\"  data-color-on=\"#ff0000\"  data-icon=\"fas fa-heart\"  data-color-off=\"rgba(223,223,223,0.8)\"  data-text-color=\"\"  data-bs-toggle=\"tooltip\"  aria-hidden=\"true\"  onclick=\"javascript:window.location.href='https:\/\/caminodesantiagofrances.com\/en\/wp-login.php'\"  ><i class=\"fas fa-heart\"  style=\"color:rgba(223,223,223,0.8);\" ><\/i> <span class=\"geodir-fav-text gv-secondary visually-hidden\" style=\"\" aria-hidden=\"true\">Favourite<\/span><\/span>\n<\/span>\t\t<\/span>\n\t\t<\/div><div class=\"geodir-post-slider bsui sdel-03994e04\" ><div class=\"geodir-image-container geodir-image-sizes-medium_large overflow-hidden\">\n\t\t\t<div class=\"geodir-images aui-gallery geodir-images-n-1 geodir-images-image carousel-inner \">\n\t\t<div class=\"carousel-item active\"><a href=\"https:\/\/caminodesantiagofrances.com\/en\/lo\/albergue-san-javier-astorga\/\" class=\"geodir-link-image embed-has-action ratio ratio-16x9 ratio ratio-16x9 d-block\"><img src='data:image\/png;base64,iVBORw0KGgoAAAANSUhEUgAAAGQAAAABCAQAAACC0sM2AAAADklEQVR42mP8X88wLAAAK5IBgMYCdqgAAAAASUVORK5CYII=' data-src=\"https:\/\/caminodesantiagofrances.com\/en\/wp-content\/uploads\/sites\/3\/2025\/09\/Albergue-San-Javier-Astorga-Camino-de-Santiago-Frances_2-768x403.jpg\" alt=\"Albergue San Javier Astorga Camino de Santiago Frances 2 768x403\" width=\"768\" height=\"403\" class=\"geodir-lazy-load align size-medium_large geodir-image-4074 embed-item-cover-xy w-100 p-0 m-0 mw-100 border-0\" data-srcset=\"https:\/\/caminodesantiagofrances.com\/en\/wp-content\/uploads\/sites\/3\/2025\/09\/Albergue-San-Javier-Astorga-Camino-de-Santiago-Frances_2-768x403.jpg 768w, https:\/\/caminodesantiagofrances.com\/en\/wp-content\/uploads\/sites\/3\/2025\/09\/Albergue-San-Javier-Astorga-Camino-de-Santiago-Frances_2-300x158.jpg 300w, https:\/\/caminodesantiagofrances.com\/en\/wp-content\/uploads\/sites\/3\/2025\/09\/Albergue-San-Javier-Astorga-Camino-de-Santiago-Frances_2-1024x538.jpg 1024w, https:\/\/caminodesantiagofrances.com\/en\/wp-content\/uploads\/sites\/3\/2025\/09\/Albergue-San-Javier-Astorga-Camino-de-Santiago-Frances_2.jpg 1200w\" sizes=\"(max-width: 768px) 100vw, 768px\" \/><i class=\"fas fa-link w-auto h-auto\" aria-hidden=\"true\"><\/i><\/a><\/div>\t\t<\/div>\n\t\t<\/div>\n<\/div><\/div><div class=\"card-body p-2  \"><div class=\"row justify-content-center gv-hide-3 gv-hide-0\"><div class=\"col col-4 text-center tofront \"><a href=\"https:\/\/caminodesantiagofrances.com\/en\/author\/caminodesantiagofrances-com\/\" title=\"caminodesantiagofrances-com\"><img decoding=\"async\" style=\"max-height:75px;\" class=\"rounded-circle shadow border border-white border-width-4 p-0 mw-100 mt-n5 bg-white\" src=\"https:\/\/secure.gravatar.com\/avatar\/03aa5dc32308904f80a38258afc0335b43d4b2bec3418626e4f8712b71c3b93e?s=96&#038;d=mm&#038;r=g\" alt=\"Author Image\"><\/a><\/div><\/div><div class=\"geodir-post-title bsui sdel-caa60b10\" ><h3 class=\"geodir-entry-title  h5 \"><a href=\"https:\/\/caminodesantiagofrances.com\/en\/lo\/albergue-san-javier-astorga\/\" class=\"\" title=\"View: Albergue San Javier Astorga\">Albergue San Javier Astorga<\/a><\/h3><\/div><div class=\"geodir-post-content-container bsui sdel-1e477937\" ><div class=\"geodir_post_meta  text-justify pb-1 position-relative geodir-field-post_content\" >RESERVAR AHORA Albergue San Javier \u2013 Historia y hospitalidad en Astorga El Albergue San Javier se sit\u00faa en el casco<\/div><\/div><\/div><div class=\"card-footer p-2  \"><div class='d-flex justify-content-between align-items-center flex-wrap'><div><\/div><div><\/div><\/div><\/div><\/div>\t<\/div>\n\t<\/div>\n\n<div class=\"col mb-4 geodir-post post-16781 gd_place type-gd_place status-publish has-post-thumbnail gd-post-pkg-1\" data-post-id=\"16781\">\n\t\t<div class=\"card h-100 p-0 m-0 mw-100  \">\n\t<div class=\"card p-0 mw-100 h-100 \"><div class=\"card-img-top overflow-hidden position-relative  \"><span class=\"bsui gd-badge-meta\"><a href=\"https:\/\/caminodesantiagofrances.com\/en\/lo\/categoria\/albergue\/\" class=\"gd-badge border-0 badge ab-bottom-left ms-1\" data-id=\"16781\" data-badge=\"default_category\" data-badge-condition=\"is_not_empty\" style=\"background-color:rgba(0,0,0,0.5);border-color:rgba(0,0,0,0.5);color:#ffffff;\">Albergue<\/a>\n<\/span><div class=\"geodir_post_meta gd-fav-info-wrap  gd-fav-hide-text ab-bottom-right me-1  mb-n1  me-1 mb-n1 ab-bottom-right\" >\t\t<span class=\"gd-list-favorite\">\n\t\t\t<span class=\"geodir-addtofav favorite_property_16781  h5\" aria-hidden=\"true\"><span  title=\"Add to Favourites\"  class=\"geodir-addtofav-icon c-pointer geodir-act-fav\"  data-color-on=\"#ff0000\"  data-icon=\"fas fa-heart\"  data-color-off=\"rgba(223,223,223,0.8)\"  data-text-color=\"\"  data-bs-toggle=\"tooltip\"  aria-hidden=\"true\"  onclick=\"javascript:window.location.href='https:\/\/caminodesantiagofrances.com\/en\/wp-login.php'\"  ><i class=\"fas fa-heart\"  style=\"color:rgba(223,223,223,0.8);\" ><\/i> <span class=\"geodir-fav-text gv-secondary visually-hidden\" style=\"\" aria-hidden=\"true\">Favourite<\/span><\/span>\n<\/span>\t\t<\/span>\n\t\t<\/div><div class=\"geodir-post-slider bsui sdel-03994e04\" ><div class=\"geodir-image-container geodir-image-sizes-medium_large overflow-hidden\">\n\t\t\t<div class=\"geodir-images aui-gallery geodir-images-n-1 geodir-images-image carousel-inner \">\n\t\t<div class=\"carousel-item active\"><a href=\"https:\/\/caminodesantiagofrances.com\/en\/lo\/albergue-myway-astorga\/\" class=\"geodir-link-image embed-has-action ratio ratio-16x9 ratio ratio-16x9 d-block\"><img src='data:image\/png;base64,iVBORw0KGgoAAAANSUhEUgAAAGQAAAABCAQAAACC0sM2AAAADklEQVR42mP8X88wLAAAK5IBgMYCdqgAAAAASUVORK5CYII=' data-src=\"https:\/\/caminodesantiagofrances.com\/en\/wp-content\/uploads\/sites\/3\/2025\/09\/Albergue-MyWay-Astorga-Camino-de-Santiago-Frances-768x403.jpg\" alt=\"Albergue MyWay Astorga Camino de Santiago Frances 768x403\" width=\"768\" height=\"403\" class=\"geodir-lazy-load align size-medium_large geodir-image-4044 embed-item-cover-xy w-100 p-0 m-0 mw-100 border-0\" data-srcset=\"https:\/\/caminodesantiagofrances.com\/en\/wp-content\/uploads\/sites\/3\/2025\/09\/Albergue-MyWay-Astorga-Camino-de-Santiago-Frances-768x403.jpg 768w, https:\/\/caminodesantiagofrances.com\/en\/wp-content\/uploads\/sites\/3\/2025\/09\/Albergue-MyWay-Astorga-Camino-de-Santiago-Frances-300x158.jpg 300w, https:\/\/caminodesantiagofrances.com\/en\/wp-content\/uploads\/sites\/3\/2025\/09\/Albergue-MyWay-Astorga-Camino-de-Santiago-Frances-1024x538.jpg 1024w, https:\/\/caminodesantiagofrances.com\/en\/wp-content\/uploads\/sites\/3\/2025\/09\/Albergue-MyWay-Astorga-Camino-de-Santiago-Frances.jpg 1200w\" sizes=\"(max-width: 768px) 100vw, 768px\" \/><i class=\"fas fa-link w-auto h-auto\" aria-hidden=\"true\"><\/i><\/a><\/div>\t\t<\/div>\n\t\t<\/div>\n<\/div><\/div><div class=\"card-body p-2  \"><div class=\"row justify-content-center gv-hide-3 gv-hide-0\"><div class=\"col col-4 text-center tofront \"><a href=\"https:\/\/caminodesantiagofrances.com\/en\/author\/caminodesantiagofrances-com\/\" title=\"caminodesantiagofrances-com\"><img decoding=\"async\" style=\"max-height:75px;\" class=\"rounded-circle shadow border border-white border-width-4 p-0 mw-100 mt-n5 bg-white\" src=\"https:\/\/secure.gravatar.com\/avatar\/03aa5dc32308904f80a38258afc0335b43d4b2bec3418626e4f8712b71c3b93e?s=96&#038;d=mm&#038;r=g\" alt=\"Author Image\"><\/a><\/div><\/div><div class=\"geodir-post-title bsui sdel-caa60b10\" ><h3 class=\"geodir-entry-title  h5 \"><a href=\"https:\/\/caminodesantiagofrances.com\/en\/lo\/albergue-myway-astorga\/\" class=\"\" title=\"View: Albergue MyWay Astorga\">Albergue MyWay Astorga<\/a><\/h3><\/div><div class=\"geodir-post-content-container bsui sdel-1e477937\" ><div class=\"geodir_post_meta  text-justify pb-1 position-relative geodir-field-post_content\" >RESERVAR AHORA Albergue MyWay Hospitalidad y confort en Astorga El Albergue MyWay se encuentra a la entrada de Astorga, a<\/div><\/div><\/div><div class=\"card-footer p-2  \"><div class='d-flex justify-content-between align-items-center flex-wrap'><div><\/div><div><\/div><\/div><\/div><\/div>\t<\/div>\n\t<\/div>\n\n<div class=\"col mb-4 geodir-post post-16792 gd_place type-gd_place status-publish has-post-thumbnail gd-post-pkg-1\" data-post-id=\"16792\">\n\t\t<div class=\"card h-100 p-0 m-0 mw-100  \">\n\t<div class=\"card p-0 mw-100 h-100 \"><div class=\"card-img-top overflow-hidden position-relative  \"><span class=\"bsui gd-badge-meta\"><a href=\"https:\/\/caminodesantiagofrances.com\/en\/lo\/categoria\/albergue\/\" class=\"gd-badge border-0 badge ab-bottom-left ms-1\" data-id=\"16792\" data-badge=\"default_category\" data-badge-condition=\"is_not_empty\" style=\"background-color:rgba(0,0,0,0.5);border-color:rgba(0,0,0,0.5);color:#ffffff;\">Albergue<\/a>\n<\/span><div class=\"geodir_post_meta gd-fav-info-wrap  gd-fav-hide-text ab-bottom-right me-1  mb-n1  me-1 mb-n1 ab-bottom-right\" >\t\t<span class=\"gd-list-favorite\">\n\t\t\t<span class=\"geodir-addtofav favorite_property_16792  h5\" aria-hidden=\"true\"><span  title=\"Add to Favourites\"  class=\"geodir-addtofav-icon c-pointer geodir-act-fav\"  data-color-on=\"#ff0000\"  data-icon=\"fas fa-heart\"  data-color-off=\"rgba(223,223,223,0.8)\"  data-text-color=\"\"  data-bs-toggle=\"tooltip\"  aria-hidden=\"true\"  onclick=\"javascript:window.location.href='https:\/\/caminodesantiagofrances.com\/en\/wp-login.php'\"  ><i class=\"fas fa-heart\"  style=\"color:rgba(223,223,223,0.8);\" ><\/i> <span class=\"geodir-fav-text gv-secondary visually-hidden\" style=\"\" aria-hidden=\"true\">Favourite<\/span><\/span>\n<\/span>\t\t<\/span>\n\t\t<\/div><div class=\"geodir-post-slider bsui sdel-03994e04\" ><div class=\"geodir-image-container geodir-image-sizes-medium_large overflow-hidden\">\n\t\t\t<div class=\"geodir-images aui-gallery geodir-images-n-1 geodir-images-image carousel-inner \">\n\t\t<div class=\"carousel-item active\"><a href=\"https:\/\/caminodesantiagofrances.com\/en\/lo\/albergue-so-por-hoje-astorga\/\" class=\"geodir-link-image embed-has-action ratio ratio-16x9 ratio ratio-16x9 d-block\"><img src='data:image\/png;base64,iVBORw0KGgoAAAANSUhEUgAAAGQAAAABCAQAAACC0sM2AAAADklEQVR42mP8X88wLAAAK5IBgMYCdqgAAAAASUVORK5CYII=' data-src=\"https:\/\/caminodesantiagofrances.com\/en\/wp-content\/uploads\/sites\/3\/2025\/09\/Albergue-So-Por-Hoje-Astorga-Camino-de-Santiago-Frances-768x403.jpg\" alt=\"Albergue So Por Hoje Astorga Camino de Santiago Frances 768x403\" width=\"768\" height=\"403\" class=\"geodir-lazy-load align size-medium_large geodir-image-4081 embed-item-cover-xy w-100 p-0 m-0 mw-100 border-0\" data-srcset=\"https:\/\/caminodesantiagofrances.com\/en\/wp-content\/uploads\/sites\/3\/2025\/09\/Albergue-So-Por-Hoje-Astorga-Camino-de-Santiago-Frances-768x403.jpg 768w, https:\/\/caminodesantiagofrances.com\/en\/wp-content\/uploads\/sites\/3\/2025\/09\/Albergue-So-Por-Hoje-Astorga-Camino-de-Santiago-Frances-300x158.jpg 300w, https:\/\/caminodesantiagofrances.com\/en\/wp-content\/uploads\/sites\/3\/2025\/09\/Albergue-So-Por-Hoje-Astorga-Camino-de-Santiago-Frances-1024x538.jpg 1024w, https:\/\/caminodesantiagofrances.com\/en\/wp-content\/uploads\/sites\/3\/2025\/09\/Albergue-So-Por-Hoje-Astorga-Camino-de-Santiago-Frances.jpg 1200w\" sizes=\"(max-width: 768px) 100vw, 768px\" \/><i class=\"fas fa-link w-auto h-auto\" aria-hidden=\"true\"><\/i><\/a><\/div>\t\t<\/div>\n\t\t<\/div>\n<\/div><\/div><div class=\"card-body p-2  \"><div class=\"row justify-content-center gv-hide-3 gv-hide-0\"><div class=\"col col-4 text-center tofront \"><a href=\"https:\/\/caminodesantiagofrances.com\/en\/author\/caminodesantiagofrances-com\/\" title=\"caminodesantiagofrances-com\"><img decoding=\"async\" style=\"max-height:75px;\" class=\"rounded-circle shadow border border-white border-width-4 p-0 mw-100 mt-n5 bg-white\" src=\"https:\/\/secure.gravatar.com\/avatar\/03aa5dc32308904f80a38258afc0335b43d4b2bec3418626e4f8712b71c3b93e?s=96&#038;d=mm&#038;r=g\" alt=\"Author Image\"><\/a><\/div><\/div><div class=\"geodir-post-title bsui sdel-caa60b10\" ><h3 class=\"geodir-entry-title  h5 \"><a href=\"https:\/\/caminodesantiagofrances.com\/en\/lo\/albergue-so-por-hoje-astorga\/\" class=\"\" title=\"View: Albergue S\u00f3 Por Hoje Astorga\">Albergue S\u00f3 Por Hoje Astorga<\/a><\/h3><\/div><div class=\"geodir-post-content-container bsui sdel-1e477937\" ><div class=\"geodir_post_meta  text-justify pb-1 position-relative geodir-field-post_content\" >RESERVAR AHORA Albergue S\u00f3 Por Hoje Astorga \u2013 Hospitalidad brasile\u00f1a en pleno Camino de Santiago Franc\u00e9s El Albergue S\u00f3 Por<\/div><\/div><\/div><div class=\"card-footer p-2  \"><div class='d-flex justify-content-between align-items-center flex-wrap'><div><\/div><div><\/div><\/div><\/div><\/div>\t<\/div>\n\t<\/div>\n\t<\/div>\n<div class=\"geodir-ajax-listings-loader loading_div overlay overlay-black position-absolute row m-0 z-index-1 w-100 h-100 rounded overflow-hidden\" style=\"display: none;z-index: 3;top:0;\">\n\t\t\t\t\t\t\t\t<div class=\"spinner-border mx-auto align-self-center text-white\" role=\"status\">\n\t\t\t\t\t\t\t\t\t<span class=\"visually-hidden\">Loading&#8230;<\/span>\n\t\t\t\t\t\t\t\t<\/div>\n\t\t\t\t\t\t\t<\/div>\t\t\t\t<script type=\"text\/javascript\">\n\t\t\t\t\t\/* <![CDATA[ *\/\n\t\t\t\t\tjQuery(function () {\n\t\t\t\t\t\ttry {\n\t\t\t\t\t\t\tvar params = {\"title\":\"\",\"post_type\":\"gd_place\",\"category\":\"662\",\"related_to\":\"\",\"tags\":\"\",\"rating\":\"\",\"post_author\":\"\",\"category_title\":\"\",\"sort_by\":\"random\",\"title_tag\":\"h3\",\"list_order\":\"\",\"post_limit\":\"6\",\"post_ids\":\"\",\"layout\":\"2\",\"listing_width\":\"\",\"add_location_filter\":1,\"nearby_gps\":0,\"character_count\":\"20\",\"show_featured_only\":0,\"show_special_only\":0,\"with_pics_only\":0,\"with_videos_only\":0,\"show_favorites_only\":0,\"favorites_by_user\":\"\",\"use_viewing_post_type\":0,\"use_viewing_term\":0,\"hide_if_empty\":0,\"view_all_link\":0,\"with_pagination\":1,\"top_pagination\":1,\"bottom_pagination\":1,\"pagination_info\":\"\",\"template_type\":\"\",\"tmpl_page\":\"\",\"tmpl_part\":\"\",\"skin_id\":\"\",\"skin_column_gap\":\"\",\"skin_row_gap\":\"\",\"column_gap\":\"\",\"row_gap\":\"\",\"card_border\":\"\",\"card_shadow\":\"\",\"bg\":\"\",\"mt\":\"\",\"mb\":\"3\",\"mr\":\"\",\"ml\":\"\",\"pt\":\"\",\"pb\":\"\",\"pr\":\"\",\"pl\":\"\",\"border\":\"\",\"rounded\":\"\",\"rounded_size\":\"\",\"shadow\":\"\",\"with_carousel\":\"\",\"with_controls\":\"\",\"with_indicators\":\"\",\"slide_interval\":\"5\",\"slide_ride\":\"\",\"center_slide\":\"\",\"widget_title_tag\":\"\",\"widget_title_size_class\":\"\",\"widget_title_align_class\":\"\",\"widget_title_color_class\":\"\",\"widget_title_border_class\":\"\",\"widget_title_border_color_class\":\"\",\"widget_title_mt_class\":\"\",\"widget_title_mr_class\":\"\",\"widget_title_mb_class\":\"\",\"widget_title_ml_class\":\"\",\"widget_title_pt_class\":\"\",\"widget_title_pr_class\":\"\",\"widget_title_pb_class\":\"\",\"widget_title_pl_class\":\"\",\"package_ids\":\"\",\"paging_style\":\"\",\"paging_mid_size\":\"\",\"paging_mid_size_sm\":\"\",\"paging_size\":\"\",\"paging_size_sm\":\"\",\"indicators_mb\":\"\",\"css_class\":\"\",\"country\":\"\",\"region\":\"\",\"city\":\"astorga\",\"neighbourhood\":\"\",\"posts_per_page\":\"6\",\"is_geodir_loop\":1,\"gd_location\":1,\"order_by\":\"random\",\"distance_to_post\":0,\"pageno\":1,\"is_gd_author\":0,\"excerpt_length\":\"20\",\"tax_query\":[{\"taxonomy\":\"gd_placecategory\",\"field\":\"id\",\"terms\":[\"662\"]}],\"count_only\":0,\"set_query_vars\":{\"rest_route\":\"\\\/wp\\\/v2\\\/pages\\\/11695\",\"tax_query\":[{\"taxonomy\":\"gd_placecategory\",\"field\":\"id\",\"terms\":[\"662\"]}]}};\n\t\t\t\t\t\t\tparams['action'] = 'geodir_widget_listings';\n\t\t\t\t\t\t\tparams['widget_args'] = [];\n\t\t\t\t\t\t\tparams['security'] = geodir_params.basic_nonce;\n\t\t\t\t\t\t\tgeodir_widget_listings_pagination('geodir_6a9d6a5255902', params);\n\t\t\t\t\t\t} catch (err) {\n\t\t\t\t\t\t\tconsole.log(err.message);\n\t\t\t\t\t\t}\n\t\t\t\t\t});\n\t\t\t\t\t\/* ]]> *\/\n\t\t\t\t<\/script>\n\t\t\t\t\t\t<\/div>\n\t\t<\/div><\/div>\n\n\n\n<hr class=\"wp-block-separator has-alpha-channel-opacity\"\/>\n\n\n\n<h2 class=\"wp-block-heading has-text-align-center\">Toponimia Astorga<\/h2>\n\n\n\n<p class=\"wp-block-paragraph\">El top\u00f3nimo de <strong>Astorga<\/strong> ha evolucionado de una manera natural y popular a partir del antiguo top\u00f3nimo conocido como <strong>Asturica<\/strong>. Para entender el origen y el significado de este antiguo nombre, hay varias teor\u00edas que se han propuesto a lo largo del tiempo. Por un lado, algunos historiadores y cronistas, como el famoso Gil Gonz\u00e1lez D\u00e1vila, sostienen que el nombre Asturica proviene del nombre de un personaje llamado Astyr o Astur, quien era el escudero de Memn\u00f3n, un h\u00e9roe m\u00edtico que lleg\u00f3 a la regi\u00f3n desde Oriente. Esta teor\u00eda sugiere una conexi\u00f3n con los antiguos relatos y leyendas, d\u00e1ndole un aire de prestigio al nombre de la ciudad.<\/p>\n\n\n\n<p class=\"wp-block-paragraph\">Por otro lado, hay quienes argumentan que el top\u00f3nimo deriva de palabras como Astiria, Astirica o Asturia, t\u00e9rminos que ya se utilizaban en tiempos de las conquistas de Munuza, un gobernador musulm\u00e1n. Este contexto hist\u00f3rico tambi\u00e9n juega un papel importante en la formaci\u00f3n del nombre, ya que sugiere una continuidad en la identidad del lugar a lo largo de los siglos.<\/p>\n\n\n\n<p class=\"wp-block-paragraph\">Pedro Junco, un escritor del siglo XVII, ofreci\u00f3 una interpretaci\u00f3n distinta. En su obra de 1635, apoy\u00e1ndose en textos hist\u00f3ricos como el Diccionario de Covarrubias, propuso que el nombre derivaba de dos palabras, Astu y Orgia. Al unir estas dos palabras, se formar\u00eda el nombre Astorgia, que \u00e9l interpret\u00f3 como \u00abciudad para celebrar el culto de los dioses\u00bb, refiri\u00e9ndose espec\u00edficamente al culto de Baco, el dios del vino en la mitolog\u00eda romana. Seg\u00fan esta interpretaci\u00f3n, al latiniz\u00e1rse, el nombre se transformar\u00eda en Asturica. Junco tambi\u00e9n afirm\u00f3 que antes de adoptar el nombre de Asturica, la ciudad hab\u00eda sido conocida como Rhoma, un t\u00e9rmino que en griego significa fuerte, lo que indicar\u00eda la importancia y la fortaleza del lugar en la antig\u00fcedad.<\/p>\n\n\n\n<p class=\"wp-block-paragraph\">A lo largo de la historia, la ciudad de Astorga ha sido mencionada con diferentes nombres en diversos documentos. Por ejemplo, en un documento del a\u00f1o 878, se hace referencia a ella como Astorica. Adem\u00e1s, en el famoso <strong><a href=\"https:\/\/caminodesantiagofrances.com\/en\/codice-calixtino\/\" target=\"_blank\" data-type=\"page\" data-id=\"5722\" rel=\"noreferrer noopener\">Codex Calixtinus<\/a><\/strong> se le menciona como <strong>Osturga<\/strong> y <strong>Austurga<\/strong>. A lo largo de la Edad Media, el nombre continu\u00f3 evolucionando, y se conoc\u00eda como Astur, Asturius y Asturia. En el siglo XIX, el historiador V\u00edctor Gebhardt, en su obra Historia general de Espa\u00f1a, escribi\u00f3 que Astorga, en \u00e9pocas anteriores, hab\u00eda tenido el nombre de Asturica Amak, reflejando as\u00ed las diversas formas en las que el nombre de la ciudad ha sido registrado a lo largo de los a\u00f1os.<\/p>\n\n\n\n<p class=\"wp-block-paragraph\">En el diccionario de Antonio de Nebrija, en su edici\u00f3n de 1734, se mencionan variantes del nombre, describiendo Asturia como una regi\u00f3n y ciudad cercana a Portugal, y Asturica Augusta como una ciudad que formaba parte de la Espa\u00f1a tarraconense, conocida vulgarmente como Roma. Estas referencias muestran c\u00f3mo Astorga era vista no solo en t\u00e9rminos locales, sino como parte de un contexto m\u00e1s amplio, dentro de la historia de Espa\u00f1a.<\/p>\n\n\n\n<p class=\"wp-block-paragraph\">En resumen, <strong>Asturica<\/strong> fue el nombre que se le dio a la antigua capital de las 22 tribus astures. Con el tiempo, el emperador C\u00e9sar Augusto le otorg\u00f3 el apellido de Augusta, elevando la importancia del lugar al convertirlo en la capital de un convento jur\u00eddico. Esto no solo resalta la historia rica de Astorga, sino que tambi\u00e9n pone de manifiesto la evoluci\u00f3n de su nombre a lo largo de siglos de historia y cambios culturales en la pen\u00ednsula ib\u00e9rica.<\/p>\n\n\n\n<h3 class=\"wp-block-heading has-text-align-center\">\u00bfQu\u00e9 ver en Astorga?<\/h3>\n\n\n\n<div class=\"wp-block-geodirectory-geodir-widget-listings\"><div class=\"geodir-listings bsui sdel-c9291565\" >\t\t<div id=\"geodir_6a9d6a525e828\" class=\"geodir_locations geodir_location_listing\n\t\t\t\t\t\t\t geodir-wgt-pagination geodir-wgt-pagination-top geodir-wgt-pagination-bottom mb-3\t\t position-relative\">\n\t\t\t\t<div\n\t\tclass=\"row row-cols-1 row-cols-sm-2 geodir-category-list-view geodir-widget-posts geodir-gridview row-cols-md-3\">\n\t\t\n<div class=\"col mb-4 geodir-post post-15347 gd_place type-gd_place status-publish has-post-thumbnail gd-post-pkg-1\" data-post-id=\"15347\">\n\t\t<div class=\"card h-100 p-0 m-0 mw-100  \">\n\t<div class=\"card p-0 mw-100 h-100 \"><div class=\"card-img-top overflow-hidden position-relative  \"><span class=\"bsui gd-badge-meta\"><a href=\"https:\/\/caminodesantiagofrances.com\/en\/lo\/categoria\/museo\/\" class=\"gd-badge border-0 badge ab-bottom-left ms-1\" data-id=\"15347\" data-badge=\"default_category\" data-badge-condition=\"is_not_empty\" style=\"background-color:rgba(0,0,0,0.5);border-color:rgba(0,0,0,0.5);color:#ffffff;\">Museo<\/a>\n<\/span><div class=\"geodir_post_meta gd-fav-info-wrap  gd-fav-hide-text ab-bottom-right me-1  mb-n1  me-1 mb-n1 ab-bottom-right\" >\t\t<span class=\"gd-list-favorite\">\n\t\t\t<span class=\"geodir-addtofav favorite_property_15347  h5\" aria-hidden=\"true\"><span  title=\"Add to Favourites\"  class=\"geodir-addtofav-icon c-pointer geodir-act-fav\"  data-color-on=\"#ff0000\"  data-icon=\"fas fa-heart\"  data-color-off=\"rgba(223,223,223,0.8)\"  data-text-color=\"\"  data-bs-toggle=\"tooltip\"  aria-hidden=\"true\"  onclick=\"javascript:window.location.href='https:\/\/caminodesantiagofrances.com\/en\/wp-login.php'\"  ><i class=\"fas fa-heart\"  style=\"color:rgba(223,223,223,0.8);\" ><\/i> <span class=\"geodir-fav-text gv-secondary visually-hidden\" style=\"\" aria-hidden=\"true\">Favourite<\/span><\/span>\n<\/span>\t\t<\/span>\n\t\t<\/div><div class=\"geodir-post-slider bsui sdel-03994e04\" ><div class=\"geodir-image-container geodir-image-sizes-medium_large overflow-hidden\">\n\t\t\t<div class=\"geodir-images aui-gallery geodir-images-n-1 geodir-images-image carousel-inner \">\n\t\t<div class=\"carousel-item active\"><a href=\"https:\/\/caminodesantiagofrances.com\/en\/lo\/museo-romano-astorga\/\" class=\"geodir-link-image embed-has-action ratio ratio-16x9 ratio ratio-16x9 d-block\"><img src='data:image\/png;base64,iVBORw0KGgoAAAANSUhEUgAAAGQAAAABCAQAAACC0sM2AAAADklEQVR42mP8X88wLAAAK5IBgMYCdqgAAAAASUVORK5CYII=' data-src=\"https:\/\/caminodesantiagofrances.com\/en\/wp-content\/uploads\/sites\/3\/2025\/05\/Museo-Romano-Astorga-Camino-de-Santiago-Frances-768x403.jpg\" alt=\"Museo Romano Astorga Camino de Santiago Frances 768x403\" width=\"768\" height=\"403\" class=\"geodir-lazy-load align size-medium_large geodir-image-1190 embed-item-cover-xy w-100 p-0 m-0 mw-100 border-0\" data-srcset=\"https:\/\/caminodesantiagofrances.com\/en\/wp-content\/uploads\/sites\/3\/2025\/05\/Museo-Romano-Astorga-Camino-de-Santiago-Frances-768x403.jpg 768w, https:\/\/caminodesantiagofrances.com\/en\/wp-content\/uploads\/sites\/3\/2025\/05\/Museo-Romano-Astorga-Camino-de-Santiago-Frances-300x158.jpg 300w, https:\/\/caminodesantiagofrances.com\/en\/wp-content\/uploads\/sites\/3\/2025\/05\/Museo-Romano-Astorga-Camino-de-Santiago-Frances-1024x538.jpg 1024w, https:\/\/caminodesantiagofrances.com\/en\/wp-content\/uploads\/sites\/3\/2025\/05\/Museo-Romano-Astorga-Camino-de-Santiago-Frances.jpg 1200w\" sizes=\"(max-width: 768px) 100vw, 768px\" \/><i class=\"fas fa-link w-auto h-auto\" aria-hidden=\"true\"><\/i><\/a><\/div>\t\t<\/div>\n\t\t<\/div>\n<\/div><\/div><div class=\"card-body p-2  \"><div class=\"row justify-content-center gv-hide-3 gv-hide-0\"><div class=\"col col-4 text-center tofront \"><a href=\"https:\/\/caminodesantiagofrances.com\/en\/author\/caminodesantiagofrances-com\/\" title=\"caminodesantiagofrances-com\"><img decoding=\"async\" style=\"max-height:75px;\" class=\"rounded-circle shadow border border-white border-width-4 p-0 mw-100 mt-n5 bg-white\" src=\"https:\/\/secure.gravatar.com\/avatar\/03aa5dc32308904f80a38258afc0335b43d4b2bec3418626e4f8712b71c3b93e?s=96&#038;d=mm&#038;r=g\" alt=\"Author Image\"><\/a><\/div><\/div><div class=\"geodir-post-title bsui sdel-caa60b10\" ><h3 class=\"geodir-entry-title  h5 \"><a href=\"https:\/\/caminodesantiagofrances.com\/en\/lo\/museo-romano-astorga\/\" class=\"\" title=\"View: Museo Romano Astorga\">Museo Romano Astorga<\/a><\/h3><\/div><div class=\"geodir-post-content-container bsui sdel-1e477937\" ><div class=\"geodir_post_meta  text-justify pb-1 position-relative geodir-field-post_content\" >Museo Romano en Astorga Descubriendo el legado romano en Astorga \u00bfAlguna vez te has preguntado c\u00f3mo era la vida en<\/div><\/div><\/div><div class=\"card-footer p-2  \"><div class='d-flex justify-content-between align-items-center flex-wrap'><div><\/div><div><\/div><\/div><\/div><\/div>\t<\/div>\n\t<\/div>\n\n<div class=\"col mb-4 geodir-post post-15344 gd_place type-gd_place status-publish has-post-thumbnail gd-post-pkg-1\" data-post-id=\"15344\">\n\t\t<div class=\"card h-100 p-0 m-0 mw-100  \">\n\t<div class=\"card p-0 mw-100 h-100 \"><div class=\"card-img-top overflow-hidden position-relative  \"><span class=\"bsui gd-badge-meta\"><a href=\"https:\/\/caminodesantiagofrances.com\/en\/lo\/categoria\/basilica\/\" class=\"gd-badge border-0 badge ab-bottom-left ms-1\" data-id=\"15344\" data-badge=\"default_category\" data-badge-condition=\"is_not_empty\" style=\"background-color:rgba(0,0,0,0.5);border-color:rgba(0,0,0,0.5);color:#ffffff;\">Bas\u00edlica<\/a>\n<\/span><div class=\"geodir_post_meta gd-fav-info-wrap  gd-fav-hide-text ab-bottom-right me-1  mb-n1  me-1 mb-n1 ab-bottom-right\" >\t\t<span class=\"gd-list-favorite\">\n\t\t\t<span class=\"geodir-addtofav favorite_property_15344  h5\" aria-hidden=\"true\"><span  title=\"Add to Favourites\"  class=\"geodir-addtofav-icon c-pointer geodir-act-fav\"  data-color-on=\"#ff0000\"  data-icon=\"fas fa-heart\"  data-color-off=\"rgba(223,223,223,0.8)\"  data-text-color=\"\"  data-bs-toggle=\"tooltip\"  aria-hidden=\"true\"  onclick=\"javascript:window.location.href='https:\/\/caminodesantiagofrances.com\/en\/wp-login.php'\"  ><i class=\"fas fa-heart\"  style=\"color:rgba(223,223,223,0.8);\" ><\/i> <span class=\"geodir-fav-text gv-secondary visually-hidden\" style=\"\" aria-hidden=\"true\">Favourite<\/span><\/span>\n<\/span>\t\t<\/span>\n\t\t<\/div><div class=\"geodir-post-slider bsui sdel-03994e04\" ><div class=\"geodir-image-container geodir-image-sizes-medium_large overflow-hidden\">\n\t\t\t<div class=\"geodir-images aui-gallery geodir-images-n-1 geodir-images-image carousel-inner \">\n\t\t<div class=\"carousel-item active\"><a href=\"https:\/\/caminodesantiagofrances.com\/en\/lo\/basilica-nuestra-senora-de-fatima-astorga\/\" class=\"geodir-link-image embed-has-action ratio ratio-16x9 ratio ratio-16x9 d-block\"><img src='data:image\/png;base64,iVBORw0KGgoAAAANSUhEUgAAAGQAAAABCAQAAACC0sM2AAAADklEQVR42mP8X88wLAAAK5IBgMYCdqgAAAAASUVORK5CYII=' data-src=\"https:\/\/caminodesantiagofrances.com\/en\/wp-content\/uploads\/sites\/3\/2025\/05\/Basilica-Nuestra-Senora-de-Fatima-Astorga-Camino-de-Santiago-Frances-768x403.jpg\" alt=\"Basilica Nuestra Senora de Fatima Astorga Camino de Santiago Frances 768x403\" width=\"768\" height=\"403\" class=\"geodir-lazy-load align size-medium_large geodir-image-1185 embed-item-cover-xy w-100 p-0 m-0 mw-100 border-0\" data-srcset=\"https:\/\/caminodesantiagofrances.com\/en\/wp-content\/uploads\/sites\/3\/2025\/05\/Basilica-Nuestra-Senora-de-Fatima-Astorga-Camino-de-Santiago-Frances-768x403.jpg 768w, https:\/\/caminodesantiagofrances.com\/en\/wp-content\/uploads\/sites\/3\/2025\/05\/Basilica-Nuestra-Senora-de-Fatima-Astorga-Camino-de-Santiago-Frances-300x158.jpg 300w, https:\/\/caminodesantiagofrances.com\/en\/wp-content\/uploads\/sites\/3\/2025\/05\/Basilica-Nuestra-Senora-de-Fatima-Astorga-Camino-de-Santiago-Frances-1024x538.jpg 1024w, https:\/\/caminodesantiagofrances.com\/en\/wp-content\/uploads\/sites\/3\/2025\/05\/Basilica-Nuestra-Senora-de-Fatima-Astorga-Camino-de-Santiago-Frances.jpg 1200w\" sizes=\"(max-width: 768px) 100vw, 768px\" \/><i class=\"fas fa-link w-auto h-auto\" aria-hidden=\"true\"><\/i><\/a><\/div>\t\t<\/div>\n\t\t<\/div>\n<\/div><\/div><div class=\"card-body p-2  \"><div class=\"row justify-content-center gv-hide-3 gv-hide-0\"><div class=\"col col-4 text-center tofront \"><a href=\"https:\/\/caminodesantiagofrances.com\/en\/author\/caminodesantiagofrances-com\/\" title=\"caminodesantiagofrances-com\"><img decoding=\"async\" style=\"max-height:75px;\" class=\"rounded-circle shadow border border-white border-width-4 p-0 mw-100 mt-n5 bg-white\" src=\"https:\/\/secure.gravatar.com\/avatar\/03aa5dc32308904f80a38258afc0335b43d4b2bec3418626e4f8712b71c3b93e?s=96&#038;d=mm&#038;r=g\" alt=\"Author Image\"><\/a><\/div><\/div><div class=\"geodir-post-title bsui sdel-caa60b10\" ><h3 class=\"geodir-entry-title  h5 \"><a href=\"https:\/\/caminodesantiagofrances.com\/en\/lo\/basilica-nuestra-senora-de-fatima-astorga\/\" class=\"\" title=\"View: Bas\u00edlica Nuestra Se\u00f1ora de F\u00e1tima Astorga\">Bas\u00edlica Nuestra Se\u00f1ora de F\u00e1tima Astorga<\/a><\/h3><\/div><div class=\"geodir-post-content-container bsui sdel-1e477937\" ><div class=\"geodir_post_meta  text-justify pb-1 position-relative geodir-field-post_content\" >Santuario de Nuestra Se\u00f1ora de F\u00e1tima en Astorga \u00bfAlguna vez has sentido la magia de un lugar que respira historia<\/div><\/div><\/div><div class=\"card-footer p-2  \"><div class='d-flex justify-content-between align-items-center flex-wrap'><div><\/div><div><\/div><\/div><\/div><\/div>\t<\/div>\n\t<\/div>\n\n<div class=\"col mb-4 geodir-post post-15341 gd_place type-gd_place status-publish has-post-thumbnail gd-post-pkg-1\" data-post-id=\"15341\">\n\t\t<div class=\"card h-100 p-0 m-0 mw-100  \">\n\t<div class=\"card p-0 mw-100 h-100 \"><div class=\"card-img-top overflow-hidden position-relative  \"><span class=\"bsui gd-badge-meta\"><a href=\"https:\/\/caminodesantiagofrances.com\/en\/lo\/categoria\/museo\/\" class=\"gd-badge border-0 badge ab-bottom-left ms-1\" data-id=\"15341\" data-badge=\"default_category\" data-badge-condition=\"is_not_empty\" style=\"background-color:rgba(0,0,0,0.5);border-color:rgba(0,0,0,0.5);color:#ffffff;\">Museo<\/a>\n<\/span><div class=\"geodir_post_meta gd-fav-info-wrap  gd-fav-hide-text ab-bottom-right me-1  mb-n1  me-1 mb-n1 ab-bottom-right\" >\t\t<span class=\"gd-list-favorite\">\n\t\t\t<span class=\"geodir-addtofav favorite_property_15341  h5\" aria-hidden=\"true\"><span  title=\"Add to Favourites\"  class=\"geodir-addtofav-icon c-pointer geodir-act-fav\"  data-color-on=\"#ff0000\"  data-icon=\"fas fa-heart\"  data-color-off=\"rgba(223,223,223,0.8)\"  data-text-color=\"\"  data-bs-toggle=\"tooltip\"  aria-hidden=\"true\"  onclick=\"javascript:window.location.href='https:\/\/caminodesantiagofrances.com\/en\/wp-login.php'\"  ><i class=\"fas fa-heart\"  style=\"color:rgba(223,223,223,0.8);\" ><\/i> <span class=\"geodir-fav-text gv-secondary visually-hidden\" style=\"\" aria-hidden=\"true\">Favourite<\/span><\/span>\n<\/span>\t\t<\/span>\n\t\t<\/div><div class=\"geodir-post-slider bsui sdel-03994e04\" ><div class=\"geodir-image-container geodir-image-sizes-medium_large overflow-hidden\">\n\t\t\t<div class=\"geodir-images aui-gallery geodir-images-n-1 geodir-images-image carousel-inner \">\n\t\t<div class=\"carousel-item active\"><a href=\"https:\/\/caminodesantiagofrances.com\/en\/lo\/museo-de-la-catedral-de-astorga\/\" class=\"geodir-link-image embed-has-action ratio ratio-16x9 ratio ratio-16x9 d-block\"><img src='data:image\/png;base64,iVBORw0KGgoAAAANSUhEUgAAAGQAAAABCAQAAACC0sM2AAAADklEQVR42mP8X88wLAAAK5IBgMYCdqgAAAAASUVORK5CYII=' data-src=\"https:\/\/caminodesantiagofrances.com\/en\/wp-content\/uploads\/sites\/3\/2025\/05\/Museo-de-la-Catedral-de-Astorga-Camino-de-Santiago-Frances-768x403.jpg\" alt=\"Museo de la Catedral de Astorga Camino de Santiago Frances 768x403\" width=\"768\" height=\"403\" class=\"geodir-lazy-load align size-medium_large geodir-image-1180 embed-item-cover-xy w-100 p-0 m-0 mw-100 border-0\" data-srcset=\"https:\/\/caminodesantiagofrances.com\/en\/wp-content\/uploads\/sites\/3\/2025\/05\/Museo-de-la-Catedral-de-Astorga-Camino-de-Santiago-Frances-768x403.jpg 768w, https:\/\/caminodesantiagofrances.com\/en\/wp-content\/uploads\/sites\/3\/2025\/05\/Museo-de-la-Catedral-de-Astorga-Camino-de-Santiago-Frances-300x158.jpg 300w, https:\/\/caminodesantiagofrances.com\/en\/wp-content\/uploads\/sites\/3\/2025\/05\/Museo-de-la-Catedral-de-Astorga-Camino-de-Santiago-Frances-1024x538.jpg 1024w, https:\/\/caminodesantiagofrances.com\/en\/wp-content\/uploads\/sites\/3\/2025\/05\/Museo-de-la-Catedral-de-Astorga-Camino-de-Santiago-Frances.jpg 1200w\" sizes=\"(max-width: 768px) 100vw, 768px\" \/><i class=\"fas fa-link w-auto h-auto\" aria-hidden=\"true\"><\/i><\/a><\/div>\t\t<\/div>\n\t\t<\/div>\n<\/div><\/div><div class=\"card-body p-2  \"><div class=\"row justify-content-center gv-hide-3 gv-hide-0\"><div class=\"col col-4 text-center tofront \"><a href=\"https:\/\/caminodesantiagofrances.com\/en\/author\/caminodesantiagofrances-com\/\" title=\"caminodesantiagofrances-com\"><img decoding=\"async\" style=\"max-height:75px;\" class=\"rounded-circle shadow border border-white border-width-4 p-0 mw-100 mt-n5 bg-white\" src=\"https:\/\/secure.gravatar.com\/avatar\/03aa5dc32308904f80a38258afc0335b43d4b2bec3418626e4f8712b71c3b93e?s=96&#038;d=mm&#038;r=g\" alt=\"Author Image\"><\/a><\/div><\/div><div class=\"geodir-post-title bsui sdel-caa60b10\" ><h3 class=\"geodir-entry-title  h5 \"><a href=\"https:\/\/caminodesantiagofrances.com\/en\/lo\/museo-de-la-catedral-de-astorga\/\" class=\"\" title=\"View: Museo de la Catedral de Astorga\">Museo de la Catedral de Astorga<\/a><\/h3><\/div><div class=\"geodir-post-content-container bsui sdel-1e477937\" ><div class=\"geodir_post_meta  text-justify pb-1 position-relative geodir-field-post_content\" >Museo de la Catedral de Astorga \u00bfAlguna vez has sentido que al cruzar una puerta te transportas a otro tiempo?<\/div><\/div><\/div><div class=\"card-footer p-2  \"><div class='d-flex justify-content-between align-items-center flex-wrap'><div><\/div><div><\/div><\/div><\/div><\/div>\t<\/div>\n\t<\/div>\n\n<div class=\"col mb-4 geodir-post post-15338 gd_place type-gd_place status-publish has-post-thumbnail gd-post-pkg-1\" data-post-id=\"15338\">\n\t\t<div class=\"card h-100 p-0 m-0 mw-100  \">\n\t<div class=\"card p-0 mw-100 h-100 \"><div class=\"card-img-top overflow-hidden position-relative  \"><span class=\"bsui gd-badge-meta\"><a href=\"https:\/\/caminodesantiagofrances.com\/en\/lo\/categoria\/iglesia\/\" class=\"gd-badge border-0 badge ab-bottom-left ms-1\" data-id=\"15338\" data-badge=\"default_category\" data-badge-condition=\"is_not_empty\" style=\"background-color:rgba(0,0,0,0.5);border-color:rgba(0,0,0,0.5);color:#ffffff;\">Iglesia<\/a>\n<\/span><div class=\"geodir_post_meta gd-fav-info-wrap  gd-fav-hide-text ab-bottom-right me-1  mb-n1  me-1 mb-n1 ab-bottom-right\" >\t\t<span class=\"gd-list-favorite\">\n\t\t\t<span class=\"geodir-addtofav favorite_property_15338  h5\" aria-hidden=\"true\"><span  title=\"Add to Favourites\"  class=\"geodir-addtofav-icon c-pointer geodir-act-fav\"  data-color-on=\"#ff0000\"  data-icon=\"fas fa-heart\"  data-color-off=\"rgba(223,223,223,0.8)\"  data-text-color=\"\"  data-bs-toggle=\"tooltip\"  aria-hidden=\"true\"  onclick=\"javascript:window.location.href='https:\/\/caminodesantiagofrances.com\/en\/wp-login.php'\"  ><i class=\"fas fa-heart\"  style=\"color:rgba(223,223,223,0.8);\" ><\/i> <span class=\"geodir-fav-text gv-secondary visually-hidden\" style=\"\" aria-hidden=\"true\">Favourite<\/span><\/span>\n<\/span>\t\t<\/span>\n\t\t<\/div><div class=\"geodir-post-slider bsui sdel-03994e04\" ><div class=\"geodir-image-container geodir-image-sizes-medium_large overflow-hidden\">\n\t\t\t<div class=\"geodir-images aui-gallery geodir-images-n-1 geodir-images-image carousel-inner \">\n\t\t<div class=\"carousel-item active\"><a href=\"https:\/\/caminodesantiagofrances.com\/en\/lo\/iglesia-de-san-bartolome-astorga\/\" class=\"geodir-link-image embed-has-action ratio ratio-16x9 ratio ratio-16x9 d-block\"><img src='data:image\/png;base64,iVBORw0KGgoAAAANSUhEUgAAAGQAAAABCAQAAACC0sM2AAAADklEQVR42mP8X88wLAAAK5IBgMYCdqgAAAAASUVORK5CYII=' data-src=\"https:\/\/caminodesantiagofrances.com\/en\/wp-content\/uploads\/sites\/3\/2025\/05\/Iglesia-de-San-Bartolome-Astorga-Camino-de-Santiago-Frances-768x403.jpg\" alt=\"Iglesia de San Bartolome Astorga Camino de Santiago Frances 768x403\" width=\"768\" height=\"403\" class=\"geodir-lazy-load align size-medium_large geodir-image-1176 embed-item-cover-xy w-100 p-0 m-0 mw-100 border-0\" data-srcset=\"https:\/\/caminodesantiagofrances.com\/en\/wp-content\/uploads\/sites\/3\/2025\/05\/Iglesia-de-San-Bartolome-Astorga-Camino-de-Santiago-Frances-768x403.jpg 768w, https:\/\/caminodesantiagofrances.com\/en\/wp-content\/uploads\/sites\/3\/2025\/05\/Iglesia-de-San-Bartolome-Astorga-Camino-de-Santiago-Frances-300x158.jpg 300w, https:\/\/caminodesantiagofrances.com\/en\/wp-content\/uploads\/sites\/3\/2025\/05\/Iglesia-de-San-Bartolome-Astorga-Camino-de-Santiago-Frances-1024x538.jpg 1024w, https:\/\/caminodesantiagofrances.com\/en\/wp-content\/uploads\/sites\/3\/2025\/05\/Iglesia-de-San-Bartolome-Astorga-Camino-de-Santiago-Frances.jpg 1200w\" sizes=\"(max-width: 768px) 100vw, 768px\" \/><i class=\"fas fa-link w-auto h-auto\" aria-hidden=\"true\"><\/i><\/a><\/div>\t\t<\/div>\n\t\t<\/div>\n<\/div><\/div><div class=\"card-body p-2  \"><div class=\"row justify-content-center gv-hide-3 gv-hide-0\"><div class=\"col col-4 text-center tofront \"><a href=\"https:\/\/caminodesantiagofrances.com\/en\/author\/caminodesantiagofrances-com\/\" title=\"caminodesantiagofrances-com\"><img decoding=\"async\" style=\"max-height:75px;\" class=\"rounded-circle shadow border border-white border-width-4 p-0 mw-100 mt-n5 bg-white\" src=\"https:\/\/secure.gravatar.com\/avatar\/03aa5dc32308904f80a38258afc0335b43d4b2bec3418626e4f8712b71c3b93e?s=96&#038;d=mm&#038;r=g\" alt=\"Author Image\"><\/a><\/div><\/div><div class=\"geodir-post-title bsui sdel-caa60b10\" ><h3 class=\"geodir-entry-title  h5 \"><a href=\"https:\/\/caminodesantiagofrances.com\/en\/lo\/iglesia-de-san-bartolome-astorga\/\" class=\"\" title=\"View: Iglesia de San Bartolom\u00e9 Astorga\">Iglesia de San Bartolom\u00e9 Astorga<\/a><\/h3><\/div><div class=\"geodir-post-content-container bsui sdel-1e477937\" ><div class=\"geodir_post_meta  text-justify pb-1 position-relative geodir-field-post_content\" >Iglesia de San Bartolom\u00e9 en Astorga En el coraz\u00f3n de Astorga, Provincia de Le\u00f3n, se alza la Iglesia de San<\/div><\/div><\/div><div class=\"card-footer p-2  \"><div class='d-flex justify-content-between align-items-center flex-wrap'><div><\/div><div><\/div><\/div><\/div><\/div>\t<\/div>\n\t<\/div>\n\n<div class=\"col mb-4 geodir-post post-15322 gd_place type-gd_place status-publish has-post-thumbnail gd-post-pkg-3\" data-post-id=\"15322\">\n\t\t<div class=\"card h-100 p-0 m-0 mw-100  \">\n\t<div class=\"card p-0 mw-100 h-100 \"><div class=\"card-img-top overflow-hidden position-relative  \"><span class=\"bsui gd-badge-meta\"><a href=\"https:\/\/caminodesantiagofrances.com\/en\/lo\/categoria\/catedral\/\" class=\"gd-badge border-0 badge ab-bottom-left ms-1\" data-id=\"15322\" data-badge=\"default_category\" data-badge-condition=\"is_not_empty\" style=\"background-color:rgba(0,0,0,0.5);border-color:rgba(0,0,0,0.5);color:#ffffff;\">Catedral<\/a>\n<\/span><div class=\"geodir_post_meta gd-fav-info-wrap  gd-fav-hide-text ab-bottom-right me-1  mb-n1  me-1 mb-n1 ab-bottom-right\" >\t\t<span class=\"gd-list-favorite\">\n\t\t\t<span class=\"geodir-addtofav favorite_property_15322  h5\" aria-hidden=\"true\"><span  title=\"Add to Favourites\"  class=\"geodir-addtofav-icon c-pointer geodir-act-fav\"  data-color-on=\"#ff0000\"  data-icon=\"fas fa-heart\"  data-color-off=\"rgba(223,223,223,0.8)\"  data-text-color=\"\"  data-bs-toggle=\"tooltip\"  aria-hidden=\"true\"  onclick=\"javascript:window.location.href='https:\/\/caminodesantiagofrances.com\/en\/wp-login.php'\"  ><i class=\"fas fa-heart\"  style=\"color:rgba(223,223,223,0.8);\" ><\/i> <span class=\"geodir-fav-text gv-secondary visually-hidden\" style=\"\" aria-hidden=\"true\">Favourite<\/span><\/span>\n<\/span>\t\t<\/span>\n\t\t<\/div><div class=\"geodir-post-slider bsui sdel-03994e04\" ><div class=\"geodir-image-container geodir-image-sizes-medium_large overflow-hidden\">\n\t\t\t<div class=\"geodir-images aui-gallery geodir-images-n-1 geodir-images-image carousel-inner \">\n\t\t<div class=\"carousel-item active\"><a href=\"https:\/\/caminodesantiagofrances.com\/en\/lo\/catedral-de-astorga\/\" class=\"geodir-link-image embed-has-action ratio ratio-16x9 ratio ratio-16x9 d-block\"><img src='data:image\/png;base64,iVBORw0KGgoAAAANSUhEUgAAAGQAAAABCAQAAACC0sM2AAAADklEQVR42mP8X88wLAAAK5IBgMYCdqgAAAAASUVORK5CYII=' data-src=\"https:\/\/caminodesantiagofrances.com\/en\/wp-content\/uploads\/sites\/3\/2025\/05\/Catedral-de-Astorga-Camino-de-Santiago-Frances-768x403.jpg\" alt=\"Catedral de Astorga Camino de Santiago Frances 768x403\" width=\"768\" height=\"403\" class=\"geodir-lazy-load align size-medium_large geodir-image-1155 embed-item-cover-xy w-100 p-0 m-0 mw-100 border-0\" data-srcset=\"https:\/\/caminodesantiagofrances.com\/en\/wp-content\/uploads\/sites\/3\/2025\/05\/Catedral-de-Astorga-Camino-de-Santiago-Frances-768x403.jpg 768w, https:\/\/caminodesantiagofrances.com\/en\/wp-content\/uploads\/sites\/3\/2025\/05\/Catedral-de-Astorga-Camino-de-Santiago-Frances-300x158.jpg 300w, https:\/\/caminodesantiagofrances.com\/en\/wp-content\/uploads\/sites\/3\/2025\/05\/Catedral-de-Astorga-Camino-de-Santiago-Frances-1024x538.jpg 1024w, https:\/\/caminodesantiagofrances.com\/en\/wp-content\/uploads\/sites\/3\/2025\/05\/Catedral-de-Astorga-Camino-de-Santiago-Frances.jpg 1200w\" sizes=\"(max-width: 768px) 100vw, 768px\" \/><i class=\"fas fa-link w-auto h-auto\" aria-hidden=\"true\"><\/i><\/a><\/div>\t\t<\/div>\n\t\t<\/div>\n<\/div><\/div><div class=\"card-body p-2  \"><div class=\"row justify-content-center gv-hide-3 gv-hide-0\"><div class=\"col col-4 text-center tofront \"><a href=\"https:\/\/caminodesantiagofrances.com\/en\/author\/caminodesantiagofrances-com\/\" title=\"caminodesantiagofrances-com\"><img decoding=\"async\" style=\"max-height:75px;\" class=\"rounded-circle shadow border border-white border-width-4 p-0 mw-100 mt-n5 bg-white\" src=\"https:\/\/secure.gravatar.com\/avatar\/03aa5dc32308904f80a38258afc0335b43d4b2bec3418626e4f8712b71c3b93e?s=96&#038;d=mm&#038;r=g\" alt=\"Author Image\"><\/a><\/div><\/div><div class=\"geodir-post-title bsui sdel-caa60b10\" ><h3 class=\"geodir-entry-title  h5 \"><a href=\"https:\/\/caminodesantiagofrances.com\/en\/lo\/catedral-de-astorga\/\" class=\"\" title=\"View: Catedral de Astorga\">Catedral de Astorga<\/a><\/h3><\/div><div class=\"geodir-post-content-container bsui sdel-1e477937\" ><div class=\"geodir_post_meta  text-justify pb-1 position-relative geodir-field-post_content\" >Catedral de Santa Mar\u00eda de Astorga La Catedral de Santa Mar\u00eda de Astorga, situada en la ciudad de Astorga, Provincia<\/div><\/div><\/div><div class=\"card-footer p-2  \"><div class='d-flex justify-content-between align-items-center flex-wrap'><div><\/div><div><\/div><\/div><\/div><\/div>\t<\/div>\n\t<\/div>\n\n<div class=\"col mb-4 geodir-post post-15211 gd_place type-gd_place status-publish has-post-thumbnail gd-post-pkg-1\" data-post-id=\"15211\">\n\t\t<div class=\"card h-100 p-0 m-0 mw-100  \">\n\t<div class=\"card p-0 mw-100 h-100 \"><div class=\"card-img-top overflow-hidden position-relative  \"><span class=\"bsui gd-badge-meta\"><a href=\"https:\/\/caminodesantiagofrances.com\/en\/lo\/categoria\/museo\/\" class=\"gd-badge border-0 badge ab-bottom-left ms-1\" data-id=\"15211\" data-badge=\"default_category\" data-badge-condition=\"is_not_empty\" style=\"background-color:rgba(0,0,0,0.5);border-color:rgba(0,0,0,0.5);color:#ffffff;\">Museo<\/a>\n<\/span><div class=\"geodir_post_meta gd-fav-info-wrap  gd-fav-hide-text ab-bottom-right me-1  mb-n1  me-1 mb-n1 ab-bottom-right\" >\t\t<span class=\"gd-list-favorite\">\n\t\t\t<span class=\"geodir-addtofav favorite_property_15211  h5\" aria-hidden=\"true\"><span  title=\"Add to Favourites\"  class=\"geodir-addtofav-icon c-pointer geodir-act-fav\"  data-color-on=\"#ff0000\"  data-icon=\"fas fa-heart\"  data-color-off=\"rgba(223,223,223,0.8)\"  data-text-color=\"\"  data-bs-toggle=\"tooltip\"  aria-hidden=\"true\"  onclick=\"javascript:window.location.href='https:\/\/caminodesantiagofrances.com\/en\/wp-login.php'\"  ><i class=\"fas fa-heart\"  style=\"color:rgba(223,223,223,0.8);\" ><\/i> <span class=\"geodir-fav-text gv-secondary visually-hidden\" style=\"\" aria-hidden=\"true\">Favourite<\/span><\/span>\n<\/span>\t\t<\/span>\n\t\t<\/div><div class=\"geodir-post-slider bsui sdel-03994e04\" ><div class=\"geodir-image-container geodir-image-sizes-medium_large overflow-hidden\">\n\t\t\t<div class=\"geodir-images aui-gallery geodir-images-n-1 geodir-images-image carousel-inner \">\n\t\t<div class=\"carousel-item active\"><a href=\"https:\/\/caminodesantiagofrances.com\/en\/lo\/palacio-episcopal-de-astorga\/\" class=\"geodir-link-image embed-has-action ratio ratio-16x9 ratio ratio-16x9 d-block\"><img src='data:image\/png;base64,iVBORw0KGgoAAAANSUhEUgAAAGQAAAABCAQAAACC0sM2AAAADklEQVR42mP8X88wLAAAK5IBgMYCdqgAAAAASUVORK5CYII=' data-src=\"https:\/\/caminodesantiagofrances.com\/en\/wp-content\/uploads\/sites\/3\/2025\/05\/Palacio-Episcopal-de-Astorga-Camino-de-Santiago-Frances-768x403.jpg\" alt=\"Palacio Episcopal de Astorga Camino de Santiago Frances 768x403\" width=\"768\" height=\"403\" class=\"geodir-lazy-load align size-medium_large geodir-image-1058 embed-item-cover-xy w-100 p-0 m-0 mw-100 border-0\" data-srcset=\"https:\/\/caminodesantiagofrances.com\/en\/wp-content\/uploads\/sites\/3\/2025\/05\/Palacio-Episcopal-de-Astorga-Camino-de-Santiago-Frances-768x403.jpg 768w, https:\/\/caminodesantiagofrances.com\/en\/wp-content\/uploads\/sites\/3\/2025\/05\/Palacio-Episcopal-de-Astorga-Camino-de-Santiago-Frances-300x158.jpg 300w, https:\/\/caminodesantiagofrances.com\/en\/wp-content\/uploads\/sites\/3\/2025\/05\/Palacio-Episcopal-de-Astorga-Camino-de-Santiago-Frances-1024x538.jpg 1024w, https:\/\/caminodesantiagofrances.com\/en\/wp-content\/uploads\/sites\/3\/2025\/05\/Palacio-Episcopal-de-Astorga-Camino-de-Santiago-Frances.jpg 1200w\" sizes=\"(max-width: 768px) 100vw, 768px\" \/><i class=\"fas fa-link w-auto h-auto\" aria-hidden=\"true\"><\/i><\/a><\/div>\t\t<\/div>\n\t\t<\/div>\n<\/div><\/div><div class=\"card-body p-2  \"><div class=\"row justify-content-center gv-hide-3 gv-hide-0\"><div class=\"col col-4 text-center tofront \"><a href=\"https:\/\/caminodesantiagofrances.com\/en\/author\/caminodesantiagofrances-com\/\" title=\"caminodesantiagofrances-com\"><img decoding=\"async\" style=\"max-height:75px;\" class=\"rounded-circle shadow border border-white border-width-4 p-0 mw-100 mt-n5 bg-white\" src=\"https:\/\/secure.gravatar.com\/avatar\/03aa5dc32308904f80a38258afc0335b43d4b2bec3418626e4f8712b71c3b93e?s=96&#038;d=mm&#038;r=g\" alt=\"Author Image\"><\/a><\/div><\/div><div class=\"geodir-post-title bsui sdel-caa60b10\" ><h3 class=\"geodir-entry-title  h5 \"><a href=\"https:\/\/caminodesantiagofrances.com\/en\/lo\/palacio-episcopal-de-astorga\/\" class=\"\" title=\"View: Palacio Episcopal de Astorga\">Palacio Episcopal de Astorga<\/a><\/h3><\/div><div class=\"geodir-post-content-container bsui sdel-1e477937\" ><div class=\"geodir_post_meta  text-justify pb-1 position-relative geodir-field-post_content\" >Palacio Episcopal de Gaud\u00ed Palacio Episcopal de Astorga: Obra Maestra Neog\u00f3tica de Gaud\u00ed El Palacio Episcopal de Astorga, tambi\u00e9n llamado<\/div><\/div><\/div><div class=\"card-footer p-2  \"><div class='d-flex justify-content-between align-items-center flex-wrap'><div><\/div><div><\/div><\/div><\/div><\/div>\t<\/div>\n\t<\/div>\n\t<\/div>\n<div class=\"geodir-ajax-listings-loader loading_div overlay overlay-black position-absolute row m-0 z-index-1 w-100 h-100 rounded overflow-hidden\" style=\"display: none;z-index: 3;top:0;\">\n\t\t\t\t\t\t\t\t<div class=\"spinner-border mx-auto align-self-center text-white\" role=\"status\">\n\t\t\t\t\t\t\t\t\t<span class=\"visually-hidden\">Loading&#8230;<\/span>\n\t\t\t\t\t\t\t\t<\/div>\n\t\t\t\t\t\t\t<\/div>\t\t\t\t<script type=\"text\/javascript\">\n\t\t\t\t\t\/* <![CDATA[ *\/\n\t\t\t\t\tjQuery(function () {\n\t\t\t\t\t\ttry {\n\t\t\t\t\t\t\tvar params = {\"title\":\"\",\"post_type\":\"gd_place\",\"category\":\"664,663,688,693,665,695,694,686,696\",\"related_to\":\"category\",\"tags\":\"\",\"rating\":\"\",\"post_author\":\"\",\"category_title\":\"\",\"sort_by\":\"\",\"title_tag\":\"h3\",\"list_order\":\"\",\"post_limit\":\"6\",\"post_ids\":\"\",\"layout\":\"3\",\"listing_width\":\"\",\"add_location_filter\":1,\"nearby_gps\":0,\"character_count\":\"20\",\"show_featured_only\":0,\"show_special_only\":0,\"with_pics_only\":0,\"with_videos_only\":0,\"show_favorites_only\":0,\"favorites_by_user\":\"\",\"use_viewing_post_type\":0,\"use_viewing_term\":0,\"hide_if_empty\":0,\"view_all_link\":0,\"with_pagination\":1,\"top_pagination\":1,\"bottom_pagination\":1,\"pagination_info\":\"\",\"template_type\":\"\",\"tmpl_page\":\"\",\"tmpl_part\":\"\",\"skin_id\":\"\",\"skin_column_gap\":\"\",\"skin_row_gap\":\"\",\"column_gap\":\"\",\"row_gap\":\"\",\"card_border\":\"\",\"card_shadow\":\"\",\"bg\":\"\",\"mt\":\"\",\"mb\":\"3\",\"mr\":\"\",\"ml\":\"\",\"pt\":\"\",\"pb\":\"\",\"pr\":\"\",\"pl\":\"\",\"border\":\"\",\"rounded\":\"\",\"rounded_size\":\"\",\"shadow\":\"\",\"with_carousel\":\"\",\"with_controls\":\"\",\"with_indicators\":\"\",\"slide_interval\":\"5\",\"slide_ride\":\"\",\"center_slide\":\"\",\"widget_title_tag\":\"\",\"widget_title_size_class\":\"\",\"widget_title_align_class\":\"\",\"widget_title_color_class\":\"\",\"widget_title_border_class\":\"\",\"widget_title_border_color_class\":\"\",\"widget_title_mt_class\":\"\",\"widget_title_mr_class\":\"\",\"widget_title_mb_class\":\"\",\"widget_title_ml_class\":\"\",\"widget_title_pt_class\":\"\",\"widget_title_pr_class\":\"\",\"widget_title_pb_class\":\"\",\"widget_title_pl_class\":\"\",\"package_ids\":\"\",\"paging_style\":\"\",\"paging_mid_size\":\"\",\"paging_mid_size_sm\":\"\",\"paging_size\":\"\",\"paging_size_sm\":\"\",\"indicators_mb\":\"\",\"css_class\":\"\",\"country\":\"\",\"region\":\"\",\"city\":\"astorga\",\"neighbourhood\":\"\",\"posts_per_page\":\"6\",\"is_geodir_loop\":1,\"gd_location\":1,\"order_by\":\"latest\",\"distance_to_post\":0,\"pageno\":1,\"is_gd_author\":0,\"excerpt_length\":\"20\",\"tax_query\":[{\"taxonomy\":\"gd_placecategory\",\"field\":\"id\",\"terms\":[\"664\",\"663\",\"688\",\"693\",\"665\",\"695\",\"694\",\"686\",\"696\"]}],\"count_only\":0,\"set_query_vars\":{\"rest_route\":\"\\\/wp\\\/v2\\\/pages\\\/11695\",\"tax_query\":[{\"taxonomy\":\"gd_placecategory\",\"field\":\"id\",\"terms\":[\"664\",\"663\",\"688\",\"693\",\"665\",\"695\",\"694\",\"686\",\"696\"]}]}};\n\t\t\t\t\t\t\tparams['action'] = 'geodir_widget_listings';\n\t\t\t\t\t\t\tparams['widget_args'] = [];\n\t\t\t\t\t\t\tparams['security'] = geodir_params.basic_nonce;\n\t\t\t\t\t\t\tgeodir_widget_listings_pagination('geodir_6a9d6a525e828', params);\n\t\t\t\t\t\t} catch (err) {\n\t\t\t\t\t\t\tconsole.log(err.message);\n\t\t\t\t\t\t}\n\t\t\t\t\t});\n\t\t\t\t\t\/* ]]> *\/\n\t\t\t\t<\/script>\n\t\t\t\t\t\t<\/div>\n\t\t<\/div><\/div>\n\n\n\n<hr class=\"wp-block-separator has-alpha-channel-opacity\"\/>\n\n\n\n<h2 class=\"wp-block-heading has-text-align-center\">Ruta Romana<\/h2>\n\n\n\n<p class=\"wp-block-paragraph\">Art\u00edculos principales: <strong><a href=\"https:\/\/caminodesantiagofrances.com\/en\/provincia-de-leon\/astorga\/asturica-augusta\/\" data-type=\"page\" data-id=\"13548\">Asturica Augusta<\/a><\/strong> y <strong><a href=\"https:\/\/caminodesantiagofrances.com\/en\/provincia-de-leon\/astorga\/muralla-de-astorga\/\" data-type=\"page\" data-id=\"13543\">Muralla de Astorga<\/a><\/strong>.<\/p>\n\n\n\n<p class=\"wp-block-paragraph\">Las primeras excavaciones se iniciaron en 1835, pero cobraron relevancia en los a\u00f1os 40 con Jos\u00e9 Mar\u00eda Luengo. Desde finales del siglo xx, se han realizado trabajos que han permitido crear una ruta para visitar restos romanos en la ciudad. Entre los hallazgos destacados est\u00e1n las Termas Mayores y Menores, la red de cloacas en uso, el Aedes Augusti (templo imperial) y la Erg\u00e1stula romana, sobre la que se encuentra el Museo Romano. Tambi\u00e9n se conserva la Domus del mosaico del oso y los p\u00e1jaros, una t\u00edpica vivienda romana.<\/p>\n\n\n\n<p class=\"wp-block-paragraph\">La muralla romana tambi\u00e9n forma parte del legado de la ciudad. Inicialmente, contaba con un foso y empalizada de la Legio X Gemina. En el siglo I se erigi\u00f3 un primer recinto amurallado, y en el III se complet\u00f3 con una muralla de m\u00e1s de dos kil\u00f3metros que ten\u00eda 27 cubos semicirculares. Esta muralla fue reutilizada en la \u00e9poca medieval, pero sufri\u00f3 da\u00f1os durante la Guerra de la Independencia en el siglo xix. Aunque no quedan restos de las puertas antiguas, a\u00fan se reconocen en los nombres de algunas calles: Puerta Obispo, Puerta del Rey, El Postigo, Puerta del Sol y Puerta de San Miguel.<\/p>\n\n\n\n<h3 class=\"wp-block-heading has-text-align-center\">Catedral de la ciudad de Astorga<\/h3>\n\n\n\n<p class=\"wp-block-paragraph\">Art\u00edculo principal: <strong><a href=\"https:\/\/caminodesantiagofrances.com\/en\/lo\/catedral-de-astorga\/\" data-type=\"gd_place\" data-id=\"15322\">Catedral de Astorga<\/a><\/strong><\/p>\n\n\n\n<p class=\"wp-block-paragraph\">La catedral, dedicada a Santa Mar\u00eda, fue consagrada en 1069 por el obispo Pedro N\u00fa\u00f1ez. Se reconstruy\u00f3 en 1087 bajo el obispo Osmundo y nuevamente en el siglo XIII con el obispo Pedro Fern\u00e1ndez. La ampliaci\u00f3n definitiva comenz\u00f3 en 1471 y se extendi\u00f3 hasta el siglo XVIII, combinando estilos g\u00f3tico, renacentista y barroco. El edificio tiene planta rectangular, tres \u00e1bsides y naves, con dos torres en la fachada principal. La parte g\u00f3tica se levant\u00f3 a finales del siglo XV y principios del XVI, bajo la direcci\u00f3n de Francisco de Colonia y los hermanos Gil de Honta\u00f1\u00f3n. La fachada barroca churrigueresca comenz\u00f3 en el siglo XVII, con la torre izquierda afectada por desastres naturales y b\u00e9licos, finaliz\u00e1ndose en 1965. En el interior, destaca el coro renacentista del siglo XVI y diversas capillas, incluyendo la de Nuestra Se\u00f1ora de la Majestad y la Capilla Mayor de Gaspar Becerra. Tambi\u00e9n se encuentran la cripta de 1521, un claustro neocl\u00e1sico de 1755, y la sacrist\u00eda rococ\u00f3 de 1772, junto con el Museo Diocesano y el Archivo Diocesano.<\/p>\n\n\n\n<h3 class=\"wp-block-heading has-text-align-center\">Palacio Episcopal de la ciudad de Astorga<\/h3>\n\n\n\n<p class=\"wp-block-paragraph\">Art\u00edculo principal: <strong><a href=\"https:\/\/caminodesantiagofrances.com\/en\/lo\/palacio-episcopal-de-astorga\/\" target=\"_blank\" data-type=\"gd_place\" data-id=\"15211\" rel=\"noreferrer noopener\">Palacio Episcopal de Astorga<\/a><\/strong><\/p>\n\n\n\n<p class=\"wp-block-paragraph\">Despu\u00e9s del incendio de 1886 que destruy\u00f3 el antiguo palacio episcopal, el obispo Joan Baptista Grau i Vallespin\u00f3s encarg\u00f3 a Antoni Gaud\u00ed el dise\u00f1o de un nuevo edificio, comenzando las obras en 1889. Sin embargo, despu\u00e9s de la muerte del obispo en 1893, Gaud\u00ed renunci\u00f3 al proyecto debido a desacuerdos, quedando a cargo los arquitectos Francisco Blanch y Pons, y Manuel Hern\u00e1ndez, hasta que Ricardo Garc\u00eda Guereta complet\u00f3 el edificio en 1913. Durante la Guerra Civil, fue usado como cuartel, y en 1963 se inaugur\u00f3 como Museo de los Caminos.<\/p>\n\n\n\n<p class=\"wp-block-paragraph\">El palacio, construido en granito gris de El Bierzo y en estilo neog\u00f3tico, tiene planta de cruz latina y cuatro fachadas con torres en cada esquina. Se plane\u00f3 combinar caracter\u00edsticas de un castillo y un palacio, incluyendo un foso. La entrada presenta un porche con tres arcos y contrafuertes. Aunque Gaud\u00ed hab\u00eda dise\u00f1ado un \u00e1ngel de cinco metros para la fachada, no se construy\u00f3. En la parte posterior hay un \u00e1bside con tres peque\u00f1os absidiolos. La planta baja cuenta con un vest\u00edbulo y una escalera que deja entrar mucha luz. La estructura se apoya en pilares decorados y b\u00f3vedas de crucer\u00eda. En el exterior se conservan figuras de tres \u00e1ngeles dise\u00f1adas por Gaud\u00ed que nunca ocuparon su lugar previsto en la cubierta.<\/p>\n\n\n\n<h3 class=\"wp-block-heading has-text-align-center\">Museos, archivos y biblioteca de Astorga<\/h3>\n\n\n\n<p class=\"wp-block-paragraph\">Art\u00edculo principal: <strong>Museos de Astorga<\/strong><\/p>\n\n\n\n<p class=\"wp-block-paragraph\">Las artes pl\u00e1sticas est\u00e1n presentes en el Museo Catedralicio, el Museo de los Caminos y el Museo de la Semana Santa. El Museo Catedralicio, inaugurado en 1954, ocupa diez salas y alberga obras lit\u00fargicas de la catedral. El Museo de los Caminos, instalado en el Palacio Episcopal desde 1962, expone piezas relacionadas con el Camino de Santiago y cuenta con obras de artistas leoneses contempor\u00e1neos. La cofrad\u00eda de la Santa Vera Cruz organiza exposiciones de patrimonio religioso, destacando obras de Gregorio Espa\u00f1ol y otras tallas. El Museo Romano, inaugurado en 1999, muestra objetos de la antigua <strong><a href=\"https:\/\/caminodesantiagofrances.com\/en\/provincia-de-leon\/astorga\/asturica-augusta\/\" target=\"_blank\" data-type=\"page\" data-id=\"13548\" rel=\"noreferrer noopener\">Asturica Augusta<\/a><\/strong>, revelando su vida desde su origen hasta la \u00e9poca tardorromana. Tambi\u00e9n est\u00e1 el Museo del Chocolate, fundado en 1994, que exhibe la historia chocolatera de la ciudad en un edificio modernista desde 2015. La Casa Panero, inaugurada en 2011, es el hogar de la familia Panero y re\u00fane el legado de escritores de la Escuela de Astorga.<\/p>\n\n\n\n<p class=\"wp-block-paragraph\">Astorga cuenta adem\u00e1s con una biblioteca municipal, creada en 1931, ubicada en un antiguo hospicio. Tambi\u00e9n hay un Archivo Hist\u00f3rico Municipal, con documentos desde 1253, incluyendo una acta concejal de 1427, y el Archivo Diocesano, creado en 1973, que guarda la documentaci\u00f3n de la di\u00f3cesis desde el a\u00f1o 898.<\/p>\n\n\n\n<h2 class=\"wp-block-heading has-text-align-center\"><strong>Encrucijada de caminos<\/strong><\/h2>\n\n\n\n<p class=\"wp-block-paragraph\"><strong>Astorga<\/strong>, gracias a su ubicaci\u00f3n estrat\u00e9gica y a su rica historia, se ha convertido desde tiempos antiguos en un punto de encuentro y partida para numerosos caminos que han facilitado el tr\u00e1nsito de diferentes pueblos y culturas. Durante el periodo romano, esta ciudad estaba conectada con las m\u00e1s importantes urbes de aquella \u00e9poca a trav\u00e9s de varias rutas de comunicaci\u00f3n fundamentales. En una antigua referencia conocida como las tablas de Astorga, que datan del siglo III, se mencionan varias trayectorias donde aparece el nombre de Asturica, que es el antiguo nombre de la ciudad de Astorga. Adem\u00e1s, en el mismo siglo, se encuentra el Itinerario de Antonino, un documento que detalla el sistema de comunicaci\u00f3n que un\u00eda Astorga con otras ciudades importantes como Bracara Augusta, que es la actual Braga, siguiendo la ruta XVIII. Otra conexi\u00f3n era por la ruta XIX, que pasaba por Lucus Augusti, lo que hoy conocemos como Lugo, dirigi\u00e9ndose a Augusta Emerita, que es M\u00e9rida, y continuando hacia Tarragona, pasando por Caesaraugusta, que corresponde a Zaragoza, a trav\u00e9s de la ruta XXXII conocida tambi\u00e9n como Ab Asturica Terracone. Esta ciudad tambi\u00e9n estaba comunicada con Burdeos gracias a la ruta XXXIV, denominada Ab Asturica Burdigalam. Estas v\u00edas de comunicaci\u00f3n conectaban pr\u00e1cticamente todos los puntos cardinales de la provincia Tarraconense, facilitando el tr\u00e1nsito de tropas, viajeros, y el transporte de diversos productos, siendo el oro extra\u00eddo de Las M\u00e9dulas uno de los m\u00e1s destacados.<\/p>\n\n\n\n<p class=\"wp-block-paragraph\">En la parte sur, la famosa v\u00eda de la Plata, que estaba destinada a unir M\u00e9rida con Astorga (Iter ab Emeritam Asturica), coincidir\u00eda siglos m\u00e1s tarde en algunos tramos con la Ca\u00f1ada Real de la Vizana. Esta v\u00eda era utilizada por los reba\u00f1os en su migraci\u00f3n desde Extremadura hacia las monta\u00f1as leonesas, en un movimiento conocido como trashumancia. En la actualidad, esta antigua v\u00eda se ha transformado en una de las principales arterias de comunicaci\u00f3n que conectan el occidente de Espa\u00f1a, extendi\u00e9ndose desde Gij\u00f3n hasta Sevilla a trav\u00e9s de la carretera N-630 y la autov\u00eda Ruta de la Plata. Diferentes instituciones est\u00e1n promoviendo este trayecto como una ruta tur\u00edstica, tambi\u00e9n llamada <strong>Ruta de la Plata<\/strong>, lo que ha generado ciertos desacuerdos. Esto se debe a que las evidencias hist\u00f3ricas establecen que su recorrido original va exclusivamente desde M\u00e9rida hasta Astorga. Desde el a\u00f1o 2006, la Asociaci\u00f3n de Pueblos de la V\u00eda de la Plata, que est\u00e1 bajo la presidencia de la alcald\u00eda de Astorga, ha llevado a cabo diversas acciones de protesta en contra de esta extensi\u00f3n artificial de la V\u00eda, buscando preservar su autenticidad y su historia.<\/p>\n\n\n\n<p class=\"wp-block-paragraph\">Mirando hacia el este, exist\u00eda una calzada que un\u00eda Asturica con un lugar conocido como Legio, y que posteriormente continuaba su curso hacia <strong>Caesaraugusta<\/strong>. Esta calzada lleg\u00f3 a ser utilizada como parte del <strong><a href=\"https:\/\/caminodesantiagofrances.com\/en\/\" data-type=\"page\" data-id=\"86\" target=\"_blank\" rel=\"noreferrer noopener\">Camino de Santiago Franc\u00e9s<\/a><\/strong> y se convirti\u00f3, con el tiempo, en la base de la actual N-120. En cuanto a la direcci\u00f3n oeste, la calzada que conectaba con Lucus Augusti y Gallaecia tambi\u00e9n se integr\u00f3, siglos despu\u00e9s, en uno de los tramos del Camino de Santiago, que parte de Astorga y cruza lugares como <strong><a href=\"https:\/\/caminodesantiagofrances.com\/en\/provincia-de-leon\/foncebadon\/\" data-type=\"page\" data-id=\"11739\" target=\"_blank\" rel=\"noreferrer noopener\">Foncebad\u00f3n<\/a><\/strong>, <strong><a href=\"https:\/\/caminodesantiagofrances.com\/en\/provincia-de-leon\/ponferrada\/\" data-type=\"page\" data-id=\"11776\" target=\"_blank\" rel=\"noreferrer noopener\">Ponferrada<\/a><\/strong> y <strong><a href=\"https:\/\/caminodesantiagofrances.com\/en\/provincia-de-leon\/villafranca-del-bierzo\/\" target=\"_blank\" data-type=\"page\" data-id=\"11816\" rel=\"noreferrer noopener\">Villafranca del Bierzo<\/a><\/strong>, entre otros caminos hist\u00f3ricos. A su alrededor, estas rutas principales dieron vida a una red de caminos interconectados, incluyendo los utilizados por los arrieros y aquellos de las razzias. Estos caminos eran utilizados tanto por las tropas musulmanas lideradas por figuras como Tarik, Muza o Almanzor, como por los soldados franceses durante la Guerra de la Independencia Espa\u00f1ola. Todos estos caminos mantuvieron un tr\u00e1fico constante que no solo ayud\u00f3 a su vitalidad, sino que tambi\u00e9n promovi\u00f3 el intercambio cultural y humano, as\u00ed como la introducci\u00f3n de varios estilos art\u00edsticos a la regi\u00f3n. Hoy en d\u00eda, el legado de algunas de estas v\u00edas de comunicaci\u00f3n se puede apreciar en el <strong>Museo de los Caminos<\/strong> de Astorga, que fue fundado en el a\u00f1o 1962 y que preserva la rica historia de estos antiguos trayectos.<\/p>\n\n\n\n<h2 class=\"wp-block-heading has-text-align-center\">Camino de Santiago Franc\u00e9s en Astorga<\/h2>\n\n\n\n<p class=\"wp-block-paragraph\">El Camino de Santiago es una de las rutas de peregrinaci\u00f3n m\u00e1s famosas y usadas en el mundo, especialmente conocido por su rica historia y su importancia cultural. Entre las diversas rutas que llevan a la <strong><a href=\"https:\/\/caminodesantiagofrances.com\/en\/sitio\/catedral-de-santiago\/\" data-type=\"gd_place\" data-id=\"12591\" target=\"_blank\" rel=\"noreferrer noopener\">Catedral de Santiago<\/a><\/strong> en la ciudad de <strong><a href=\"https:\/\/caminodesantiagofrances.com\/en\/provincia-a-coruna\/santiago-de-compostela\/\" data-type=\"page\" data-id=\"12306\" target=\"_blank\" rel=\"noreferrer noopener\">Santiago de Compostela<\/a><\/strong>, el <strong><a href=\"https:\/\/caminodesantiagofrances.com\/en\/\" data-type=\"page\" data-id=\"86\" target=\"_blank\" rel=\"noreferrer noopener\">Camino de Santiago Franc\u00e9s<\/a><\/strong> se destaca como la m\u00e1s popular y reconocida desde la Edad Media. Este camino tiene sus ra\u00edces en la antigua calzada romana llamada Ab Asturica Burdigalam. A lo largo de su recorrido, que comienza en la localidad de <strong><a href=\"https:\/\/caminodesantiagofrances.com\/en\/provincia-de-leon\/san-justo-de-la-vega\/\" data-type=\"page\" data-id=\"11687\" target=\"_blank\" rel=\"noreferrer noopener\">San Justo de la Vega<\/a><\/strong>, el camino se dirige hacia la ciudad de Astorga. Los <strong><a href=\"https:\/\/caminodesantiagofrances.com\/en\/peregrinos\/\" data-type=\"page\" data-id=\"5880\" target=\"_blank\" rel=\"noreferrer noopener\">peregrinos<\/a><\/strong> ingresan a la ciudad a trav\u00e9s de lo que era la antigua puerta del Sol, aunque lamentablemente esta puerta ya no existe.<\/p>\n\n\n\n<p class=\"wp-block-paragraph\">Una vez que el caminante entra en Astorga, se encuentra con diferentes calles y plazas que son parte de la historia y la cultura de la zona. El viaje contin\u00faa siguiendo la calle San Francisco, que era conocida en el pasado como la calle de las Tiendas. Luego, el peregrino llega a la plaza Mayor, un lugar central y lleno de vida, seguido por la calle P\u00edo Gull\u00f3n, que anteriormente se conoc\u00eda como R\u00faa Nueva. Despu\u00e9s, el camino avanza por Santiago Crespo y finalmente se dirige hacia la calle Santiago, que en tiempos antiguos se llamaba Caleya Yerma. Este recorrido culmina frente al Palacio Episcopal, que es un edificio notable, as\u00ed como la iglesia de Santa Marta y la famosa catedral de la ciudad. Desde este punto, el peregrino contin\u00faa su recorrido hacia la calle Leopoldo Panero y luego a San Pedro, donde se encuentra con la iglesia de San Pedro, que es de construcci\u00f3n moderna y est\u00e1 ubicada en el \u00e1rea conocida como el arrabal de Rectiv\u00eda. Al cruzar la carretera N-6, el camino prosigue hacia el puerto de Foncebad\u00f3n, otro punto significativo en esta ruta de peregrinaci\u00f3n.<\/p>\n\n\n\n<p class=\"wp-block-paragraph\">Durante la Edad Media, Astorga era un lugar que ofrec\u00eda un n\u00famero considerable de albergues y hospitales destinados a acoger a los peregrinos que llegaban a la ciudad. Uno de estos albergues, el Hospital de San Juan Bautista, tiene una historia interesante: seg\u00fan la tradici\u00f3n, san Francisco pas\u00f3 varios d\u00edas en este lugar para recuperarse de su enfermedad. Este hospital fue el precursor de una instituci\u00f3n moderna con fines ben\u00e9ficos y asistenciales. Sin embargo, a medida que los siglos han pasado, la mayor\u00eda de estos albergues han desaparecido, y hoy solo quedan recuerdos y algunas descripciones que se pueden encontrar en documentos hist\u00f3ricos que se han conservado a lo largo del tiempo.<\/p>\n\n\n\n<p class=\"wp-block-paragraph\">Hasta finales de los a\u00f1os ochenta, los peregrinos que transitaban por Astorga pod\u00edan encontrar refugio y alojamiento gracias a los esfuerzos de la congregaci\u00f3n de los <strong>Hermanos de Nuestra Se\u00f1ora de Lourdes<\/strong>. A partir de esa \u00e9poca, los servicios de alojamiento para los peregrinos fueron asumidos por la <strong><a href=\"https:\/\/www.caminodesantiagoastorga.com\/\" target=\"_blank\" data-type=\"link\" data-id=\"https:\/\/www.caminodesantiagoastorga.com\/\" rel=\"noreferrer noopener nofollow\">Asociaci\u00f3n de Amigos del Camino de Santiago de Astorga<\/a><\/strong>. Esta asociaci\u00f3n, tras ofrecer su asistencia en varias ubicaciones, estableci\u00f3 en 2006 el albergue Siervas de Mar\u00eda, que cuenta con una capacidad total de 164 plazas para los <strong><a href=\"https:\/\/caminodesantiagofrances.com\/en\/peregrinos\/\" target=\"_blank\" data-type=\"page\" data-id=\"5880\" rel=\"noreferrer noopener\">peregrinos<\/a><\/strong>. Por otro lado, el albergue San Javier, que fue inaugurado en 2003 y es administrado por la Asociaci\u00f3n Cultural V\u00eda de la Plata, ofrece 110 plazas. Recientemente, en 2019, se abri\u00f3 otro albergue llamado S\u00f3 Por Hoje, que proporciona 10 plazas para los caminantes que buscan un lugar para descansar. Adem\u00e1s, en 2007, la Asociaci\u00f3n de Amigos del Camino de Santiago de Astorga fue reconocida con el premio El\u00edas Vali\u00f1a por parte de la Junta de Galicia, un galard\u00f3n que destaca la labor promocional y el esfuerzo dedicado a preservar y promover las rutas jacobeas, lo que refuerza la importancia de estas tradiciones en la actualidad.<\/p>\n\n\n\n<h2 class=\"wp-block-heading has-text-align-center\">Astorga<\/h2>\n\n\n\n<figure class=\"wp-block-table\"><table class=\"has-fixed-layout\"><tbody><tr><th>Pa\u00eds<\/th><td colspan=\"2\">Espa\u00f1a<\/td><\/tr><tr><th>Com.&nbsp;aut\u00f3noma<\/th><td colspan=\"2\">Castilla y Le\u00f3n<\/td><\/tr><tr><th>Provincia<\/th><td colspan=\"2\"><strong><a href=\"https:\/\/caminodesantiagofrances.com\/en\/provincia-de-leon\/\" target=\"_blank\" data-type=\"page\" data-id=\"6006\" rel=\"noreferrer noopener\">Provincia de Le\u00f3n<\/a><\/strong><\/td><\/tr><tr><th>Comarca<\/th><td colspan=\"2\">Tierra de Astorga\u200b<\/td><\/tr><tr><th>Partido&nbsp;judicial<\/th><td colspan=\"2\">Astorga\u200b<\/td><\/tr><tr><th>Ubicaci\u00f3n<\/th><td colspan=\"2\">42\u00b027\u203227\u2033N&nbsp;6\u00b003\u203225\u2033O<\/td><\/tr><tr><th>Altitud<\/th><td colspan=\"2\">869\u200b&nbsp;m<\/td><\/tr><tr><th>Superficie<\/th><td colspan=\"2\">46,78&nbsp;km\u00b2<\/td><\/tr><tr><th>N\u00facleos&nbsp;de<br>poblaci\u00f3n<\/th><td colspan=\"2\"><strong>Astorga<\/strong>,&nbsp;<strong>Castrillo de los Polvazares<\/strong>,&nbsp;<strong><a href=\"https:\/\/caminodesantiagofrances.com\/en\/provincia-de-leon\/murias-de-rechivaldo\/\" data-type=\"page\" data-id=\"11708\" target=\"_blank\" rel=\"noreferrer noopener\">Murias de Rechivaldo<\/a><\/strong>,&nbsp;<strong><a href=\"https:\/\/caminodesantiagofrances.com\/en\/provincia-de-leon\/santa-catalina-de-somoza\/\" data-type=\"page\" data-id=\"11715\" target=\"_blank\" rel=\"noreferrer noopener\">Santa Catalina de Somoza<\/a><\/strong>&nbsp;y&nbsp;<strong><a href=\"https:\/\/caminodesantiagofrances.com\/en\/provincia-de-leon\/valdeviejas\/\" target=\"_blank\" data-type=\"page\" data-id=\"11702\" rel=\"noreferrer noopener\">Valdeviejas<\/a><\/strong><\/td><\/tr><tr><th>Fundaci\u00f3n<\/th><td colspan=\"2\">Hacia 14&nbsp;a.&nbsp;C.<\/td><\/tr><tr><th>Poblaci\u00f3n<\/th><td colspan=\"2\">10&nbsp;308 hab.&nbsp;(2024)<\/td><\/tr><tr><th>Densidad<\/th><td colspan=\"2\">238,41 hab.\/km\u00b2<\/td><\/tr><tr><th>Gentilicio<\/th><td colspan=\"2\">astorgano, astorgana\u200b<\/td><\/tr><tr><th>C\u00f3digo postal<\/th><td colspan=\"2\">24700<\/td><\/tr><tr><th>Pref.&nbsp;telef\u00f3nico<\/th><td colspan=\"2\">987<\/td><\/tr><tr><th>Hermanada&nbsp;con<\/th><td colspan=\"2\">Reus&nbsp;(Tarragona)<br>Moissac&nbsp;(Francia)<br>Clavijo&nbsp;(La Rioja)<br>M\u00e9rida&nbsp;(Badajoz)<\/td><\/tr><tr><th>Patr\u00f3n<\/th><td colspan=\"2\"><strong><a href=\"https:\/\/caminodesantiagofrances.com\/en\/patronos\/santo-toribio\/\" target=\"_blank\" data-type=\"page\" data-id=\"8836\" rel=\"noreferrer noopener\">Santo Toribio<\/a><\/strong> (16 de abril)<\/td><\/tr><tr><th>Patrona<\/th><td colspan=\"2\"><strong>Santa Marta<\/strong> (23 de febrero)<\/td><\/tr><tr><th>Sitio web<\/th><td colspan=\"2\"><strong><a href=\"http:\/\/www.aytoastorga.es\/\" target=\"_blank\" data-type=\"link\" data-id=\"http:\/\/www.aytoastorga.es\/\" rel=\"noreferrer noopener nofollow\">www.aytoastorga.es<\/a><\/strong><\/td><\/tr><\/tbody><\/table><\/figure>\n\n\n\n<hr class=\"wp-block-separator has-alpha-channel-opacity\"\/>\n\n\n\n<p class=\"wp-block-paragraph\">V\u00e9ase tambi\u00e9n<\/p>\n\n\n\n<div class=\"wp-block-columns\">\n<div class=\"wp-block-column\">\n<figure class=\"wp-block-image size-large\"><a href=\"https:\/\/caminodesantiagofrances.com\/en\/provincia-de-leon\/astorga\/muralla-de-astorga\/\" target=\"_blank\" rel=\"noreferrer noopener\"><img loading=\"lazy\" decoding=\"async\" width=\"1024\" height=\"538\" src=\"https:\/\/caminodesantiagofrances.com\/en\/wp-content\/uploads\/sites\/3\/2024\/10\/Muralla-de-Astorga-Camino-de-Santiago-Frances_2-1024x538.jpg\" alt=\"\" class=\"wp-image-13545\" srcset=\"https:\/\/caminodesantiagofrances.com\/en\/wp-content\/uploads\/sites\/3\/2024\/10\/Muralla-de-Astorga-Camino-de-Santiago-Frances_2-1024x538.jpg 1024w, https:\/\/caminodesantiagofrances.com\/en\/wp-content\/uploads\/sites\/3\/2024\/10\/Muralla-de-Astorga-Camino-de-Santiago-Frances_2-300x158.jpg 300w, https:\/\/caminodesantiagofrances.com\/en\/wp-content\/uploads\/sites\/3\/2024\/10\/Muralla-de-Astorga-Camino-de-Santiago-Frances_2-768x403.jpg 768w, https:\/\/caminodesantiagofrances.com\/en\/wp-content\/uploads\/sites\/3\/2024\/10\/Muralla-de-Astorga-Camino-de-Santiago-Frances_2.jpg 1200w\" sizes=\"auto, (max-width: 1024px) 100vw, 1024px\" \/><\/a><\/figure>\n\n\n\n<h3 class=\"wp-block-heading has-text-align-center\"><strong><a href=\"https:\/\/caminodesantiagofrances.com\/en\/provincia-de-leon\/astorga\/muralla-de-astorga\/\" data-type=\"link\" data-id=\"https:\/\/caminodesantiagofrances.com\/en\/provincia-de-leon\/astorga\/muralla-de-astorga\/\" target=\"_blank\" rel=\"noreferrer noopener\">Muralla de Astorga<\/a><\/strong><\/h3>\n<\/div>\n\n\n\n<div class=\"wp-block-column\">\n<figure class=\"wp-block-image size-large\"><a href=\"https:\/\/caminodesantiagofrances.com\/en\/provincia-de-leon\/astorga\/asturica-augusta\/\" target=\"_blank\" rel=\"noreferrer noopener\"><img loading=\"lazy\" decoding=\"async\" width=\"1024\" height=\"538\" src=\"https:\/\/caminodesantiagofrances.com\/en\/wp-content\/uploads\/sites\/3\/2024\/10\/Asturica-Augusta-Camino-de-Santiago-Frances-1024x538.jpg\" alt=\"\" class=\"wp-image-13563\" srcset=\"https:\/\/caminodesantiagofrances.com\/en\/wp-content\/uploads\/sites\/3\/2024\/10\/Asturica-Augusta-Camino-de-Santiago-Frances-1024x538.jpg 1024w, https:\/\/caminodesantiagofrances.com\/en\/wp-content\/uploads\/sites\/3\/2024\/10\/Asturica-Augusta-Camino-de-Santiago-Frances-300x158.jpg 300w, https:\/\/caminodesantiagofrances.com\/en\/wp-content\/uploads\/sites\/3\/2024\/10\/Asturica-Augusta-Camino-de-Santiago-Frances-768x403.jpg 768w, https:\/\/caminodesantiagofrances.com\/en\/wp-content\/uploads\/sites\/3\/2024\/10\/Asturica-Augusta-Camino-de-Santiago-Frances.jpg 1200w\" sizes=\"auto, (max-width: 1024px) 100vw, 1024px\" \/><\/a><\/figure>\n\n\n\n<h3 class=\"wp-block-heading has-text-align-center\"><strong><a href=\"https:\/\/caminodesantiagofrances.com\/en\/provincia-de-leon\/astorga\/asturica-augusta\/\" target=\"_blank\" data-type=\"page\" data-id=\"13548\" rel=\"noreferrer noopener\">Asturica Augusta<\/a><\/strong><\/h3>\n<\/div>\n<\/div>\n\n\n\n<p class=\"wp-block-paragraph\"><\/p>\n","protected":false},"excerpt":{"rendered":"<p>Astorga Astorga&nbsp;es un&nbsp;municipio\u200b y ciudad&nbsp;espa\u00f1ola&nbsp;de la&nbsp;Provincia de Le\u00f3n, en la comunidad aut\u00f3noma de&nbsp;Castilla y Le\u00f3n, en el Camino de Santiago Franc\u00e9s. Alojamientos en Astorga Albergues en Astorga Toponimia Astorga El top\u00f3nimo de Astorga ha evolucionado de una manera natural y popular a partir del antiguo top\u00f3nimo conocido como Asturica. Para entender el origen y el [&hellip;]<\/p>\n","protected":false},"author":1,"featured_media":0,"parent":6006,"menu_order":0,"comment_status":"closed","ping_status":"closed","template":"","meta":{"footnotes":""},"class_list":["post-11695","page","type-page","status-publish","hentry"],"_links":{"self":[{"href":"https:\/\/caminodesantiagofrances.com\/en\/wp-json\/wp\/v2\/pages\/11695","targetHints":{"allow":["GET"]}}],"collection":[{"href":"https:\/\/caminodesantiagofrances.com\/en\/wp-json\/wp\/v2\/pages"}],"about":[{"href":"https:\/\/caminodesantiagofrances.com\/en\/wp-json\/wp\/v2\/types\/page"}],"author":[{"embeddable":true,"href":"https:\/\/caminodesantiagofrances.com\/en\/wp-json\/wp\/v2\/users\/1"}],"replies":[{"embeddable":true,"href":"https:\/\/caminodesantiagofrances.com\/en\/wp-json\/wp\/v2\/comments?post=11695"}],"version-history":[{"count":0,"href":"https:\/\/caminodesantiagofrances.com\/en\/wp-json\/wp\/v2\/pages\/11695\/revisions"}],"up":[{"embeddable":true,"href":"https:\/\/caminodesantiagofrances.com\/en\/wp-json\/wp\/v2\/pages\/6006"}],"wp:attachment":[{"href":"https:\/\/caminodesantiagofrances.com\/en\/wp-json\/wp\/v2\/media?parent=11695"}],"curies":[{"name":"wp","href":"https:\/\/api.w.org\/{rel}","templated":true}]}}