{"id":11802,"date":"2024-02-17T14:42:44","date_gmt":"2024-02-17T13:42:44","guid":{"rendered":"https:\/\/caminodesantiagofrances.com\/en\/?page_id=11802"},"modified":"2026-08-28T15:35:30","modified_gmt":"2026-08-28T13:35:30","slug":"cacabelos","status":"publish","type":"page","link":"https:\/\/caminodesantiagofrances.com\/en\/leon-province\/cacabelos\/","title":{"rendered":"Cacabelos"},"content":{"rendered":"\n<div class=\"wp-block-geodirectory-geodir-widget-map\"><div class=\"geodir-wgt-map bsui sdel-590c0d8b\" ><!--START geodir-map-wrap-->\n<div class=\"geodir-map-wrap geodir-directory-map-wrap 100 425px overflow-hidden\">\n\t<div id=\"catcher_gd_map_canvas_directory\"><\/div>\n\t<!--START stick_trigger_container-->\n\t<div class=\"stick_trigger_container bsui\">\n\t\t<div class=\"trigger_sticky triggeroff_sticky mt-n5 btn btn-secondary me-n2 me-n2 c-pointer\" style=\"display: none;\">\n\t\t\t<i class=\"fas fa-map-marked-alt\"><\/i>\n\t\t\t<i class=\"fas fa-angle-right\"><\/i>\n\t\t<\/div>\n\t\t<!--end of stick trigger container-->\n\t\t<div class=\"geodir_map_container gd_map_canvas_directory bsui position-relative mw-100\"\n\t\t     id=\"sticky_map_gd_map_canvas_directory\"\n\t\t     style=\"width:100%;min-height:425px;\">\n\t\t\t<!--END map_background-->\n\t\t\t<div class=\"map_background\">\n\t\t\t\t<div class=\"top_banner_section_in clearfix\">\n\t\t\t\t\t<div class=\"gd_map_canvas_directory_TopLeft TopLeft position-absolute bg-white text-muted rounded-sm rounded-1 shadow-sm m-2 px-1 py-1 h5 c-pointer\" style=\"z-index: 3;\">\n\t\t\t\t\t\t<span class=\"triggermap\" id=\"gd_map_canvas_directory_triggermap\">\n\t\t\t\t\t\t\t<i class=\"fas fa-expand-arrows-alt fa-fw fa-width-fixed\" aria-hidden=\"true\"><\/i>\n\t\t\t\t\t\t\t<i class=\"fas fa-compress-arrows-alt fa-fw fa-width-fixed d-none\" aria-hidden=\"true\"><\/i>\n\t\t\t\t\t\t<\/span>\n\t\t\t\t\t<\/div>\n\t\t\t\t\t<div class=\"gd_map_canvas_directory_TopRight TopRight\"><\/div>\n\t\t\t\t\t<div id=\"gd_map_canvas_directory_wrapper\" class=\"main_map_wrapper\" style=\"height:425px;width:100%;\">\n\t\t\t\t\t\t<div class=\"iprelative position-relative\">\n\t\t\t\t\t\t\t<div id=\"gd_map_canvas_directory\" class=\"geodir-map-canvas\" data-map-type=\"directory\" data-map-canvas=\"gd_map_canvas_directory\" style=\"height:425px;width:100%;z-index: 0;\" ><\/div>\n\t\t\t\t\t\t\t<div id=\"gd_map_canvas_directory_loading_div\" class=\"loading_div overlay overlay-black position-absolute row m-0\" style=\"height:425px;width:100%;top:0;z-index: 2;\">\n\t\t\t\t\t\t\t\t<div class=\"spinner-border mx-auto align-self-center text-white\" role=\"status\">\n\t\t\t\t\t\t\t\t\t<span class=\"visually-hidden\">Loading&#8230;<\/span>\n\t\t\t\t\t\t\t\t<\/div>\n\t\t\t\t\t\t\t<\/div>\n\t\t\t\t\t\t\t<div id=\"gd_map_canvas_directory_map_nofound\"\n\t\t\t\t\t\t\t     class=\"advmap_nofound position-absolute row m-0 z-index-1\"\n\t\t\t\t\t\t\t     style=\"display:none;transform: translate(-50%, -50%);top:50%;left:50%;opacity: .85;pointer-events: none;\">\n\t\t\t\t\t\t\t\t<div class=\"alert alert-info text-center mx-auto align-self-center shadow-lg mb-0\">\n\t\t\t\t\t\t\t\t\t<div class='h3 alert-heading'>No Records Found<\/div><p> Sorry, no records were found. Please adjust your search criteria and try again.<\/p>\t\t\t\t\t\t\t\t<\/div>\n\t\t\t\t\t\t\t<\/div>\n\t\t\t\t\t\t\t<div id=\"gd_map_canvas_directory_map_notloaded\"\n\t\t\t\t\t\t\t     class=\"advmap_notloaded position-absolute row m-0 z-index-1\"\n\t\t\t\t\t\t\t     style=\"display:none;transform: translate(-50%, -50%);top:50%;left:50%;opacity: .85;pointer-events: none;\">\n\t\t\t\t\t\t\t\t<div class=\"alert alert-danger text-center mx-auto align-self-center shadow-lg mb-0\">\n\t\t\t\t\t\t\t\t\t<div class='h3 alert-heading'>Maps failed to load<\/div><p> Sorry, unable to load the Maps API.<\/p>\t\t\t\t\t\t\t\t<\/div>\n\t\t\t\t\t\t\t<\/div>\n\t\t\t\t\t\t<\/div>\n\t\t\t\t\t<\/div>\n\t\t\t\t\t<div class=\"gd_map_canvas_directory_BottomLeft BottomLeft\"><\/div>\n\t\t\t\t<\/div>\n\t\t\t<\/div><!--END map_background-->\n\t\t\t\t\t<\/div>\n\t\t<style>.geodir_map_container .poi-info-window .full-width{width:180px;position:relative;margin-left:inherit;left:inherit;}.geodir-map-canvas .gm-style img{max-width:none;box-shadow:none!important}.geodir-map-canvas .leaflet-tile-container img{box-shadow:none!important}<\/style>\n<script type=\"text\/javascript\">\nwindow.gdBaseLat = 0;\nwindow.gdBaseLng = 0;\nwindow.gdBaseZoom = 0;\njQuery(function ($) {\n\t\t\t\t\tvar gdMapCanvas = 'gd_map_canvas_directory';\n\t\t\tbuild_map_ajax_search_param(gdMapCanvas, false);\t\t\t\t\t\t\t\t\t\t\t\tvar screenH, heightVH, ptypeH = 0;\n\t\t\tscreenH = $(window).height();\n\t\t\theightVH = parseFloat('425');\n\t\t\tif ($(\"#\" + gdMapCanvas + \"_posttype_menu\").length) {\n\t\t\t\tptypeH = $(\"#\" + gdMapCanvas + \"_posttype_menu\").outerHeight();\n\t\t\t}\n\t\t\t$(\"#\" + gdMapCanvas + \"_cat\").css(\"max-height\", heightVH - ptypeH + 'px');\n\t\t\t});\n<\/script>\n\t\t\t<\/div><!--END stick_trigger_container-->\n<\/div><!--END geodir-map-wrap-->\n<style>body.stickymap_hide .stickymap{display:none!important}body.stickymap_hide .stick_trigger_container .fa-angle-right{transform:rotate(180deg)}body.body_fullscreen>.stick_trigger_container{width:100vw;height:100vh;position:fixed;z-index:50000}body.gd-google-maps .geodir-map-wrap .geodir-map-cat-filter-wrap{margin-bottom:14px!important}body.gd-osm-gmaps .geodir-map-wrap .geodir-map-cat-filter-wrap{margin-bottom:16.5px!important}<\/style>\n<\/div><\/div>\n\n\n\n<hr class=\"wp-block-separator has-alpha-channel-opacity\"\/>\n\n\n\n<div class=\"wp-block-geodirectory-geodir-widget-search\"><div class=\"geodir-search-container bsui sdel-6b5e8662\" ><div class=\"geodir-search-form-wrapper mb-3\">\n\t<form class=\"w-100 d-block geodir-listing-search gd-search-bar-style geodir-search-show-all\" data-show=\"\" name=\"geodir-listing-search\" action=\"https:\/\/caminodesantiagofrances.com\/en\/buscar\/\" method=\"get\" style=\"box-sizing:content-box;\">\n\t\t<input type=\"hidden\" name=\"geodir_search\" value=\"1\" \/>\n\t\t\n\t\t<div class=\"geodir-search row gap-2 gy-2 px-3 align-items-center\" style=\"row-gap:0!important;\">\n\t\t\t\t<input type=\"hidden\" name=\"stype\" value=\"gd_place\" data-slug=\"lo\" \/><div class='gd-search-field-search col-auto flex-fill\n px-0' style=\"flex-grow:9999 !important;\" data-rule-key=\"s\" data-rule-type=\"text\">\n\t<div class=\"\" ><label class=\"visually-hidden form-label\">Search for<\/label><div class=\"input-group-inside position-relative w-100\" ><div class=\"input-group-text  bg-transparent border-0\"><span class=\"geodir-search-input-label hover-swap text-muted\" onclick=\"jQuery('.search_text').val('').trigger('change').trigger('keyup');\" aria-hidden=\"true\"><i class=\"fas fa-search hover-content-original\"><\/i><i class=\"fas fa-times geodir-search-input-label-clear hover-content c-pointer\" title=\"Clear field\"><\/i><\/span><\/div><input type=\"text\"  name=\"s\"  placeholder=\"Search for\"  class=\"form-control search_text gd_search_text w-100\"  onkeydown=\"if(event.keyCode == 13) geodir_click_search(this);\"  onClick=\"this.select();\"  autocomplete=\"off\"  size=\"16\"  aria-label=\"Search for\" ><\/div><\/div><\/div>\n<div class='gd-search-field-near col-auto flex-fill\n px-0' style=\"flex-grow:9999 !important;\" data-rule-key=\"near\" data-rule-type=\"text\">\n\t<div class=\"\" ><label class=\"visually-hidden visually-hidden form-label\">Near<\/label><div class=\"input-group-inside position-relative w-100\" ><div class=\"input-group-text  bg-transparent border-0\"><span class=\"geodir-search-input-label hover-swap text-muted\" onclick=\"jQuery('.snear').val('').trigger('change').trigger('keyup');jQuery('.sgeo_lat,.sgeo_lon').val('');\" aria-hidden=\"true\"><i class=\"fas fa-map-marker-alt hover-content-original\"><\/i><i class=\"fas fa-times geodir-search-input-label-clear hover-content c-pointer\" title=\"Clear field\"><\/i><\/span><\/div><input type=\"text\"  name=\"snear\"  placeholder=\"Near\"  class=\"form-control snear w-100\"  onkeydown=\"javascript: if(event.keyCode == 13) geodir_click_search(this);\"  onClick=\"this.select();\"  autocomplete=\"off\"  size=\"16\"  aria-label=\"Near\"  data-bs-toggle=\"dropdown\"  data-bs-flip=\"false\" ><\/div><\/div><\/div>\n<div class='gd-search-field-search col-auto flex-grow-1 px-0'>\n\t<div class=''>\n\t\t<button type=\"button\"  class=\"geodir_submit_search btn w-100 btn-primary\"  data-title=\"fas fa-search\"  aria-label=\"Search\"  ><i class=\"fas fas fa-search\" aria-hidden=\"true\"><\/i><span class=\"visually-hidden\">Search<\/span><\/button>\n\t<\/div>\n<\/div>\n\t\t<\/div>\n\t\t\t\t<input name=\"sgeo_lat\" class=\"sgeo_lat\" type=\"hidden\" value=\"\"\/>\n\t\t<input name=\"sgeo_lon\" class=\"sgeo_lon\" type=\"hidden\" value=\"\"\/>\n\t\t<input class=\"geodir-location-search-type\" name=\"\" type=\"hidden\" value=\"\"><div class=\"geodir-keep-args\" style=\"display:none!important\">{&#8220;hide_search_input&#8221;:false,&#8221;hide_near_input&#8221;:false,&#8221;input_size&#8221;:&#8221;&#8221;,&#8221;bar_flex_wrap&#8221;:&#8221;&#8221;,&#8221;bar_flex_wrap_md&#8221;:&#8221;&#8221;,&#8221;bar_flex_wrap_lg&#8221;:&#8221;&#8221;,&#8221;input_border&#8221;:&#8221;&#8221;,&#8221;input_border_opacity&#8221;:&#8221;&#8221;,&#8221;input_rounded_size&#8221;:&#8221;&#8221;,&#8221;btn_bg&#8221;:&#8221;&#8221;,&#8221;btn_rounded_size&#8221;:&#8221;&#8221;,&#8221;btn_rounded_size_md&#8221;:&#8221;&#8221;,&#8221;btn_rounded_size_lg&#8221;:&#8221;&#8221;,&#8221;bg&#8221;:&#8221;&#8221;,&#8221;mt&#8221;:&#8221;&#8221;,&#8221;mr&#8221;:&#8221;&#8221;,&#8221;mb&#8221;:&#8221;3&#8243;,&#8221;ml&#8221;:&#8221;&#8221;,&#8221;pt&#8221;:&#8221;&#8221;,&#8221;pr&#8221;:&#8221;&#8221;,&#8221;pb&#8221;:&#8221;&#8221;,&#8221;pl&#8221;:&#8221;&#8221;,&#8221;border&#8221;:&#8221;&#8221;,&#8221;rounded&#8221;:&#8221;&#8221;,&#8221;rounded_size&#8221;:&#8221;&#8221;,&#8221;rounded_size_md&#8221;:&#8221;&#8221;,&#8221;rounded_size_lg&#8221;:&#8221;&#8221;,&#8221;shadow&#8221;:&#8221;&#8221;,&#8221;css_class&#8221;:&#8221;&#8221;}<\/div>\t<\/form>\n<\/div>\n<\/div><\/div>\n\n\n\n<hr class=\"wp-block-separator has-alpha-channel-opacity\"\/>\n\n\n\n<h2 class=\"wp-block-heading has-text-align-center\">Cacabelos<\/h2>\n\n\n\n<p class=\"wp-block-paragraph\">Located in the heart of the Bierzo region, <strong>Cacabelos<\/strong> represents a cultural, historical and economic gem of northwestern Spain. With a population of approximately 4,735 inhabitants and an area of 32.66 km\u00b2, this municipality in the <strong><a href=\"https:\/\/caminodesantiagofrances.com\/en\/leon-province\/\" data-type=\"page\" data-id=\"6006\" target=\"_blank\" rel=\"noreferrer noopener\">Provincia de Le\u00f3n<\/a><\/strong> is not only a crossroads of the past \u2014 especially along the <strong><a href=\"https:\/\/caminodesantiagofrances.com\/en\/\" data-type=\"page\" data-id=\"86\" target=\"_blank\" rel=\"noreferrer noopener\">Camino Frances<\/a><\/strong> \u2014 but also a strategic hub for wine production, sustainable rural development, and the preservation of archaeological and natural heritage.<\/p>\n\n\n\n<h2 class=\"wp-block-heading has-text-align-center\"><strong>Accommodation in Cacabelos<\/strong><\/h2>\n\n\n\n<div class=\"wp-block-geodirectory-geodir-widget-listings\"><div class=\"geodir-listings bsui sdel-adb147f0\" >\t\t<div id=\"geodir_6a9df327655b7\" class=\"geodir_locations geodir_location_listing\n\t\t\t\t\t\t\t geodir-wgt-pagination geodir-wgt-pagination-top geodir-wgt-pagination-bottom mb-3\t\t position-relative\">\n\t\t\t\t<div\n\t\tclass=\"row row-cols-1 row-cols-sm-2 geodir-category-list-view geodir-widget-posts geodir-gridview row-cols-md-3\">\n\t\t\n<div class=\"col mb-4 geodir-post post-15951 gd_place type-gd_place status-publish has-post-thumbnail gd-post-pkg-1\" data-post-id=\"15951\">\n\t\t<div class=\"card h-100 p-0 m-0 mw-100  \">\n\t<div class=\"card p-0 mw-100 h-100 \"><div class=\"card-img-top overflow-hidden position-relative  \"><span class=\"bsui gd-badge-meta\"><a href=\"https:\/\/caminodesantiagofrances.com\/en\/lo\/categoria\/hotel\/\" class=\"gd-badge border-0 badge ab-bottom-left ms-1\" data-id=\"15951\" data-badge=\"default_category\" data-badge-condition=\"is_not_empty\" style=\"background-color:rgba(0,0,0,0.5);border-color:rgba(0,0,0,0.5);color:#ffffff;\">Hotel<\/a>\n<\/span><div class=\"geodir_post_meta gd-fav-info-wrap  gd-fav-hide-text ab-bottom-right me-1  mb-n1  me-1 mb-n1 ab-bottom-right\" >\t\t<span class=\"gd-list-favorite\">\n\t\t\t<span class=\"geodir-addtofav favorite_property_15951  h5\" aria-hidden=\"true\"><span  title=\"Add to Favourites\"  class=\"geodir-addtofav-icon c-pointer geodir-act-fav\"  data-color-on=\"#ff0000\"  data-icon=\"fas fa-heart\"  data-color-off=\"rgba(223,223,223,0.8)\"  data-text-color=\"\"  data-bs-toggle=\"tooltip\"  aria-hidden=\"true\"  onclick=\"javascript:window.location.href='https:\/\/caminodesantiagofrances.com\/en\/wp-login.php'\"  ><i class=\"fas fa-heart\"  style=\"color:rgba(223,223,223,0.8);\" ><\/i> <span class=\"geodir-fav-text gv-secondary visually-hidden\" style=\"\" aria-hidden=\"true\">Favourite<\/span><\/span>\n<\/span>\t\t<\/span>\n\t\t<\/div><div class=\"geodir-post-slider bsui sdel-03994e04\" ><div class=\"geodir-image-container geodir-image-sizes-medium_large overflow-hidden\">\n\t\t\t<div class=\"geodir-images aui-gallery geodir-images-n-1 geodir-images-image carousel-inner \">\n\t\t<div class=\"carousel-item active\"><a href=\"https:\/\/caminodesantiagofrances.com\/en\/lo\/hotel-miralrio-cacabelos\/\" class=\"geodir-link-image embed-has-action ratio ratio-16x9 ratio ratio-16x9 d-block\"><img src='data:image\/png;base64,iVBORw0KGgoAAAANSUhEUgAAAGQAAAABCAQAAACC0sM2AAAADklEQVR42mP8X88wLAAAK5IBgMYCdqgAAAAASUVORK5CYII=' data-src=\"https:\/\/caminodesantiagofrances.com\/en\/wp-content\/uploads\/sites\/3\/2025\/08\/Hotel-Miralrio-Cacabelos-Camino-de-Santiago-Frances-768x403.jpg\" alt=\"Hotel Miralrio Cacabelos Camino de Santiago Frances 768x403\" width=\"768\" height=\"403\" class=\"geodir-lazy-load align size-medium_large geodir-image-2091 embed-item-cover-xy w-100 p-0 m-0 mw-100 border-0\" data-srcset=\"https:\/\/caminodesantiagofrances.com\/en\/wp-content\/uploads\/sites\/3\/2025\/08\/Hotel-Miralrio-Cacabelos-Camino-de-Santiago-Frances-768x403.jpg 768w, https:\/\/caminodesantiagofrances.com\/en\/wp-content\/uploads\/sites\/3\/2025\/08\/Hotel-Miralrio-Cacabelos-Camino-de-Santiago-Frances-300x158.jpg 300w, https:\/\/caminodesantiagofrances.com\/en\/wp-content\/uploads\/sites\/3\/2025\/08\/Hotel-Miralrio-Cacabelos-Camino-de-Santiago-Frances-1024x538.jpg 1024w, https:\/\/caminodesantiagofrances.com\/en\/wp-content\/uploads\/sites\/3\/2025\/08\/Hotel-Miralrio-Cacabelos-Camino-de-Santiago-Frances.jpg 1200w\" sizes=\"(max-width: 768px) 100vw, 768px\" \/><i class=\"fas fa-link w-auto h-auto\" aria-hidden=\"true\"><\/i><\/a><\/div>\t\t<\/div>\n\t\t<\/div>\n<\/div><\/div><div class=\"card-body p-2  \"><div class=\"row justify-content-center gv-hide-3 gv-hide-0\"><div class=\"col col-4 text-center tofront \"><a href=\"https:\/\/caminodesantiagofrances.com\/en\/author\/caminodesantiagofrances-com\/\" title=\"caminodesantiagofrances-com\"><img decoding=\"async\" style=\"max-height:75px;\" class=\"rounded-circle shadow border border-white border-width-4 p-0 mw-100 mt-n5 bg-white\" src=\"https:\/\/secure.gravatar.com\/avatar\/03aa5dc32308904f80a38258afc0335b43d4b2bec3418626e4f8712b71c3b93e?s=96&#038;d=mm&#038;r=g\" alt=\"Author Image\"><\/a><\/div><\/div><div class=\"geodir-post-title bsui sdel-caa60b10\" ><h3 class=\"geodir-entry-title  h5 \"><a href=\"https:\/\/caminodesantiagofrances.com\/en\/lo\/hotel-miralrio-cacabelos\/\" class=\"\" title=\"View: Hotel Miralrio Cacabelos\">Hotel Miralrio Cacabelos<\/a><\/h3><\/div><div class=\"geodir-post-content-container bsui sdel-1e477937\" ><div class=\"geodir_post_meta  text-justify pb-1 position-relative geodir-field-post_content\" >RESERVAR AHORA Hotel Miralr\u00edo Cacabelos: descanso moderno frente al r\u00edo C\u00faa en pleno Camino de Santiago Franc\u00e9s Situado en un<\/div><\/div><\/div><div class=\"card-footer p-2  \"><div class='d-flex justify-content-between align-items-center flex-wrap'><div><\/div><div><\/div><\/div><\/div><\/div>\t<\/div>\n\t<\/div>\n\n<div class=\"col mb-4 geodir-post post-15947 gd_place type-gd_place status-publish has-post-thumbnail gd-post-pkg-1\" data-post-id=\"15947\">\n\t\t<div class=\"card h-100 p-0 m-0 mw-100  \">\n\t<div class=\"card p-0 mw-100 h-100 \"><div class=\"card-img-top overflow-hidden position-relative  \"><span class=\"bsui gd-badge-meta\"><a href=\"https:\/\/caminodesantiagofrances.com\/en\/lo\/categoria\/hostal\/\" class=\"gd-badge border-0 badge ab-bottom-left ms-1\" data-id=\"15947\" data-badge=\"default_category\" data-badge-condition=\"is_not_empty\" style=\"background-color:rgba(0,0,0,0.5);border-color:rgba(0,0,0,0.5);color:#ffffff;\">Hostal<\/a>\n<\/span><div class=\"geodir_post_meta gd-fav-info-wrap  gd-fav-hide-text ab-bottom-right me-1  mb-n1  me-1 mb-n1 ab-bottom-right\" >\t\t<span class=\"gd-list-favorite\">\n\t\t\t<span class=\"geodir-addtofav favorite_property_15947  h5\" aria-hidden=\"true\"><span  title=\"Add to Favourites\"  class=\"geodir-addtofav-icon c-pointer geodir-act-fav\"  data-color-on=\"#ff0000\"  data-icon=\"fas fa-heart\"  data-color-off=\"rgba(223,223,223,0.8)\"  data-text-color=\"\"  data-bs-toggle=\"tooltip\"  aria-hidden=\"true\"  onclick=\"javascript:window.location.href='https:\/\/caminodesantiagofrances.com\/en\/wp-login.php'\"  ><i class=\"fas fa-heart\"  style=\"color:rgba(223,223,223,0.8);\" ><\/i> <span class=\"geodir-fav-text gv-secondary visually-hidden\" style=\"\" aria-hidden=\"true\">Favourite<\/span><\/span>\n<\/span>\t\t<\/span>\n\t\t<\/div><div class=\"geodir-post-slider bsui sdel-03994e04\" ><div class=\"geodir-image-container geodir-image-sizes-medium_large overflow-hidden\">\n\t\t\t<div class=\"geodir-images aui-gallery geodir-images-n-1 geodir-images-image carousel-inner \">\n\t\t<div class=\"carousel-item active\"><a href=\"https:\/\/caminodesantiagofrances.com\/en\/lo\/hostal-siglo-xix\/\" class=\"geodir-link-image embed-has-action ratio ratio-16x9 ratio ratio-16x9 d-block\"><img src='data:image\/png;base64,iVBORw0KGgoAAAANSUhEUgAAAGQAAAABCAQAAACC0sM2AAAADklEQVR42mP8X88wLAAAK5IBgMYCdqgAAAAASUVORK5CYII=' data-src=\"https:\/\/caminodesantiagofrances.com\/en\/wp-content\/uploads\/sites\/3\/2025\/08\/Hostal-Siglo-XIX-Camino-de-Santiago-Frances-768x403.jpg\" alt=\"Hostal Siglo XIX Camino de Santiago Frances 768x403\" width=\"768\" height=\"403\" class=\"geodir-lazy-load align size-medium_large geodir-image-2076 embed-item-cover-xy w-100 p-0 m-0 mw-100 border-0\" data-srcset=\"https:\/\/caminodesantiagofrances.com\/en\/wp-content\/uploads\/sites\/3\/2025\/08\/Hostal-Siglo-XIX-Camino-de-Santiago-Frances-768x403.jpg 768w, https:\/\/caminodesantiagofrances.com\/en\/wp-content\/uploads\/sites\/3\/2025\/08\/Hostal-Siglo-XIX-Camino-de-Santiago-Frances-300x158.jpg 300w, https:\/\/caminodesantiagofrances.com\/en\/wp-content\/uploads\/sites\/3\/2025\/08\/Hostal-Siglo-XIX-Camino-de-Santiago-Frances-1024x538.jpg 1024w, https:\/\/caminodesantiagofrances.com\/en\/wp-content\/uploads\/sites\/3\/2025\/08\/Hostal-Siglo-XIX-Camino-de-Santiago-Frances.jpg 1200w\" sizes=\"(max-width: 768px) 100vw, 768px\" \/><i class=\"fas fa-link w-auto h-auto\" aria-hidden=\"true\"><\/i><\/a><\/div>\t\t<\/div>\n\t\t<\/div>\n<\/div><\/div><div class=\"card-body p-2  \"><div class=\"row justify-content-center gv-hide-3 gv-hide-0\"><div class=\"col col-4 text-center tofront \"><a href=\"https:\/\/caminodesantiagofrances.com\/en\/author\/caminodesantiagofrances-com\/\" title=\"caminodesantiagofrances-com\"><img decoding=\"async\" style=\"max-height:75px;\" class=\"rounded-circle shadow border border-white border-width-4 p-0 mw-100 mt-n5 bg-white\" src=\"https:\/\/secure.gravatar.com\/avatar\/03aa5dc32308904f80a38258afc0335b43d4b2bec3418626e4f8712b71c3b93e?s=96&#038;d=mm&#038;r=g\" alt=\"Author Image\"><\/a><\/div><\/div><div class=\"geodir-post-title bsui sdel-caa60b10\" ><h3 class=\"geodir-entry-title  h5 \"><a href=\"https:\/\/caminodesantiagofrances.com\/en\/lo\/hostal-siglo-xix\/\" class=\"\" title=\"View: Hostal Siglo XIX\">Hostal Siglo XIX<\/a><\/h3><\/div><div class=\"geodir-post-content-container bsui sdel-1e477937\" ><div class=\"geodir_post_meta  text-justify pb-1 position-relative geodir-field-post_content\" >RESERVAR AHORA Hostal Siglo XIX en Cacabelos: tradici\u00f3n, descanso y hospitalidad en el Camino de Santiago Franc\u00e9s Ubicado en la<\/div><\/div><\/div><div class=\"card-footer p-2  \"><div class='d-flex justify-content-between align-items-center flex-wrap'><div><\/div><div><\/div><\/div><\/div><\/div>\t<\/div>\n\t<\/div>\n\n<div class=\"col mb-4 geodir-post post-15943 gd_place type-gd_place status-publish has-post-thumbnail gd-post-pkg-1\" data-post-id=\"15943\">\n\t\t<div class=\"card h-100 p-0 m-0 mw-100  \">\n\t<div class=\"card p-0 mw-100 h-100 \"><div class=\"card-img-top overflow-hidden position-relative  \"><span class=\"bsui gd-badge-meta\"><a href=\"https:\/\/caminodesantiagofrances.com\/en\/lo\/categoria\/hotel\/\" class=\"gd-badge border-0 badge ab-bottom-left ms-1\" data-id=\"15943\" data-badge=\"default_category\" data-badge-condition=\"is_not_empty\" style=\"background-color:rgba(0,0,0,0.5);border-color:rgba(0,0,0,0.5);color:#ffffff;\">Hotel<\/a>\n<\/span><div class=\"geodir_post_meta gd-fav-info-wrap  gd-fav-hide-text ab-bottom-right me-1  mb-n1  me-1 mb-n1 ab-bottom-right\" >\t\t<span class=\"gd-list-favorite\">\n\t\t\t<span class=\"geodir-addtofav favorite_property_15943  h5\" aria-hidden=\"true\"><span  title=\"Add to Favourites\"  class=\"geodir-addtofav-icon c-pointer geodir-act-fav\"  data-color-on=\"#ff0000\"  data-icon=\"fas fa-heart\"  data-color-off=\"rgba(223,223,223,0.8)\"  data-text-color=\"\"  data-bs-toggle=\"tooltip\"  aria-hidden=\"true\"  onclick=\"javascript:window.location.href='https:\/\/caminodesantiagofrances.com\/en\/wp-login.php'\"  ><i class=\"fas fa-heart\"  style=\"color:rgba(223,223,223,0.8);\" ><\/i> <span class=\"geodir-fav-text gv-secondary visually-hidden\" style=\"\" aria-hidden=\"true\">Favourite<\/span><\/span>\n<\/span>\t\t<\/span>\n\t\t<\/div><div class=\"geodir-post-slider bsui sdel-03994e04\" ><div class=\"geodir-image-container geodir-image-sizes-medium_large overflow-hidden\">\n\t\t\t<div class=\"geodir-images aui-gallery geodir-images-n-1 geodir-images-image carousel-inner \">\n\t\t<div class=\"carousel-item active\"><a href=\"https:\/\/caminodesantiagofrances.com\/en\/lo\/hotel-villa-de-cacabelos\/\" class=\"geodir-link-image embed-has-action ratio ratio-16x9 ratio ratio-16x9 d-block\"><img src='data:image\/png;base64,iVBORw0KGgoAAAANSUhEUgAAAGQAAAABCAQAAACC0sM2AAAADklEQVR42mP8X88wLAAAK5IBgMYCdqgAAAAASUVORK5CYII=' data-src=\"https:\/\/caminodesantiagofrances.com\/en\/wp-content\/uploads\/sites\/3\/2025\/08\/Hotel-Villa-de-Cacabelos-Camino-de-Santiago-Frances-768x403.jpg\" alt=\"Hotel Villa de Cacabelos Camino de Santiago Frances 768x403\" width=\"768\" height=\"403\" class=\"geodir-lazy-load align size-medium_large geodir-image-2062 embed-item-cover-xy w-100 p-0 m-0 mw-100 border-0\" data-srcset=\"https:\/\/caminodesantiagofrances.com\/en\/wp-content\/uploads\/sites\/3\/2025\/08\/Hotel-Villa-de-Cacabelos-Camino-de-Santiago-Frances-768x403.jpg 768w, https:\/\/caminodesantiagofrances.com\/en\/wp-content\/uploads\/sites\/3\/2025\/08\/Hotel-Villa-de-Cacabelos-Camino-de-Santiago-Frances-300x158.jpg 300w, https:\/\/caminodesantiagofrances.com\/en\/wp-content\/uploads\/sites\/3\/2025\/08\/Hotel-Villa-de-Cacabelos-Camino-de-Santiago-Frances-1024x538.jpg 1024w, https:\/\/caminodesantiagofrances.com\/en\/wp-content\/uploads\/sites\/3\/2025\/08\/Hotel-Villa-de-Cacabelos-Camino-de-Santiago-Frances.jpg 1200w\" sizes=\"(max-width: 768px) 100vw, 768px\" \/><i class=\"fas fa-link w-auto h-auto\" aria-hidden=\"true\"><\/i><\/a><\/div>\t\t<\/div>\n\t\t<\/div>\n<\/div><\/div><div class=\"card-body p-2  \"><div class=\"row justify-content-center gv-hide-3 gv-hide-0\"><div class=\"col col-4 text-center tofront \"><a href=\"https:\/\/caminodesantiagofrances.com\/en\/author\/caminodesantiagofrances-com\/\" title=\"caminodesantiagofrances-com\"><img decoding=\"async\" style=\"max-height:75px;\" class=\"rounded-circle shadow border border-white border-width-4 p-0 mw-100 mt-n5 bg-white\" src=\"https:\/\/secure.gravatar.com\/avatar\/03aa5dc32308904f80a38258afc0335b43d4b2bec3418626e4f8712b71c3b93e?s=96&#038;d=mm&#038;r=g\" alt=\"Author Image\"><\/a><\/div><\/div><div class=\"geodir-post-title bsui sdel-caa60b10\" ><h3 class=\"geodir-entry-title  h5 \"><a href=\"https:\/\/caminodesantiagofrances.com\/en\/lo\/hotel-villa-de-cacabelos\/\" class=\"\" title=\"View: Hotel Villa de Cacabelos\">Hotel Villa de Cacabelos<\/a><\/h3><\/div><div class=\"geodir-post-content-container bsui sdel-1e477937\" ><div class=\"geodir_post_meta  text-justify pb-1 position-relative geodir-field-post_content\" >RESERVAR AHORA Hotel Villa de Cacabelos: descanso moderno y confort garantizado en pleno Camino de Santiago Franc\u00e9s En el coraz\u00f3n<\/div><\/div><\/div><div class=\"card-footer p-2  \"><div class='d-flex justify-content-between align-items-center flex-wrap'><div><\/div><div><\/div><\/div><\/div><\/div>\t<\/div>\n\t<\/div>\n\n<div class=\"col mb-4 geodir-post post-15940 gd_place type-gd_place status-publish has-post-thumbnail gd-post-pkg-1\" data-post-id=\"15940\">\n\t\t<div class=\"card h-100 p-0 m-0 mw-100  \">\n\t<div class=\"card p-0 mw-100 h-100 \"><div class=\"card-img-top overflow-hidden position-relative  \"><span class=\"bsui gd-badge-meta\"><a href=\"https:\/\/caminodesantiagofrances.com\/en\/lo\/categoria\/albergue\/\" class=\"gd-badge border-0 badge ab-bottom-left ms-1\" data-id=\"15940\" data-badge=\"default_category\" data-badge-condition=\"is_not_empty\" style=\"background-color:rgba(0,0,0,0.5);border-color:rgba(0,0,0,0.5);color:#ffffff;\">Albergue<\/a>\n<\/span><div class=\"geodir_post_meta gd-fav-info-wrap  gd-fav-hide-text ab-bottom-right me-1  mb-n1  me-1 mb-n1 ab-bottom-right\" >\t\t<span class=\"gd-list-favorite\">\n\t\t\t<span class=\"geodir-addtofav favorite_property_15940  h5\" aria-hidden=\"true\"><span  title=\"Add to Favourites\"  class=\"geodir-addtofav-icon c-pointer geodir-act-fav\"  data-color-on=\"#ff0000\"  data-icon=\"fas fa-heart\"  data-color-off=\"rgba(223,223,223,0.8)\"  data-text-color=\"\"  data-bs-toggle=\"tooltip\"  aria-hidden=\"true\"  onclick=\"javascript:window.location.href='https:\/\/caminodesantiagofrances.com\/en\/wp-login.php'\"  ><i class=\"fas fa-heart\"  style=\"color:rgba(223,223,223,0.8);\" ><\/i> <span class=\"geodir-fav-text gv-secondary visually-hidden\" style=\"\" aria-hidden=\"true\">Favourite<\/span><\/span>\n<\/span>\t\t<\/span>\n\t\t<\/div><div class=\"geodir-post-slider bsui sdel-03994e04\" ><div class=\"geodir-image-container geodir-image-sizes-medium_large overflow-hidden\">\n\t\t\t<div class=\"geodir-images aui-gallery geodir-images-n-1 geodir-images-image carousel-inner \">\n\t\t<div class=\"carousel-item active\"><a href=\"https:\/\/caminodesantiagofrances.com\/en\/lo\/albergue-hostal-la-gallega\/\" class=\"geodir-link-image embed-has-action ratio ratio-16x9 ratio ratio-16x9 d-block\"><img src='data:image\/png;base64,iVBORw0KGgoAAAANSUhEUgAAAGQAAAABCAQAAACC0sM2AAAADklEQVR42mP8X88wLAAAK5IBgMYCdqgAAAAASUVORK5CYII=' data-src=\"https:\/\/caminodesantiagofrances.com\/en\/wp-content\/uploads\/sites\/3\/2025\/08\/Albergue-Hostal-La-Gallega-Camino-de-Santiago-Frances-768x403.jpg\" alt=\"Albergue Hostal La Gallega Camino de Santiago Frances 768x403\" width=\"768\" height=\"403\" class=\"geodir-lazy-load align size-medium_large geodir-image-2042 embed-item-cover-xy w-100 p-0 m-0 mw-100 border-0\" data-srcset=\"https:\/\/caminodesantiagofrances.com\/en\/wp-content\/uploads\/sites\/3\/2025\/08\/Albergue-Hostal-La-Gallega-Camino-de-Santiago-Frances-768x403.jpg 768w, https:\/\/caminodesantiagofrances.com\/en\/wp-content\/uploads\/sites\/3\/2025\/08\/Albergue-Hostal-La-Gallega-Camino-de-Santiago-Frances-300x158.jpg 300w, https:\/\/caminodesantiagofrances.com\/en\/wp-content\/uploads\/sites\/3\/2025\/08\/Albergue-Hostal-La-Gallega-Camino-de-Santiago-Frances-1024x538.jpg 1024w, https:\/\/caminodesantiagofrances.com\/en\/wp-content\/uploads\/sites\/3\/2025\/08\/Albergue-Hostal-La-Gallega-Camino-de-Santiago-Frances.jpg 1200w\" sizes=\"(max-width: 768px) 100vw, 768px\" \/><i class=\"fas fa-link w-auto h-auto\" aria-hidden=\"true\"><\/i><\/a><\/div>\t\t<\/div>\n\t\t<\/div>\n<\/div><\/div><div class=\"card-body p-2  \"><div class=\"row justify-content-center gv-hide-3 gv-hide-0\"><div class=\"col col-4 text-center tofront \"><a href=\"https:\/\/caminodesantiagofrances.com\/en\/author\/caminodesantiagofrances-com\/\" title=\"caminodesantiagofrances-com\"><img decoding=\"async\" style=\"max-height:75px;\" class=\"rounded-circle shadow border border-white border-width-4 p-0 mw-100 mt-n5 bg-white\" src=\"https:\/\/secure.gravatar.com\/avatar\/03aa5dc32308904f80a38258afc0335b43d4b2bec3418626e4f8712b71c3b93e?s=96&#038;d=mm&#038;r=g\" alt=\"Author Image\"><\/a><\/div><\/div><div class=\"geodir-post-title bsui sdel-caa60b10\" ><h3 class=\"geodir-entry-title  h5 \"><a href=\"https:\/\/caminodesantiagofrances.com\/en\/lo\/albergue-hostal-la-gallega\/\" class=\"\" title=\"View: Albergue-Hostal La Gallega\">Albergue-Hostal La Gallega<\/a><\/h3><\/div><div class=\"geodir-post-content-container bsui sdel-1e477937\" ><div class=\"geodir_post_meta  text-justify pb-1 position-relative geodir-field-post_content\" >RESERVAR AHORA Albergue-Hostal La Gallega La Gallega en Cacabelos: descanso tradicional y ambiente familiar en el Camino de Santiago Franc\u00e9s<\/div><\/div><\/div><div class=\"card-footer p-2  \"><div class='d-flex justify-content-between align-items-center flex-wrap'><div><\/div><div><\/div><\/div><\/div><\/div>\t<\/div>\n\t<\/div>\n\n<div class=\"col mb-4 geodir-post post-13768 gd_place type-gd_place status-publish has-post-thumbnail gd-post-pkg-1\" data-post-id=\"13768\">\n\t\t<div class=\"card h-100 p-0 m-0 mw-100  \">\n\t<div class=\"card p-0 mw-100 h-100 \"><div class=\"card-img-top overflow-hidden position-relative  \"><span class=\"bsui gd-badge-meta\"><a href=\"https:\/\/caminodesantiagofrances.com\/en\/lo\/categoria\/albergue\/\" class=\"gd-badge border-0 badge ab-bottom-left ms-1\" data-id=\"13768\" data-badge=\"default_category\" data-badge-condition=\"is_not_empty\" style=\"background-color:rgba(0,0,0,0.5);border-color:rgba(0,0,0,0.5);color:#ffffff;\">Albergue<\/a>\n<\/span><div class=\"geodir_post_meta gd-fav-info-wrap  gd-fav-hide-text ab-bottom-right me-1  mb-n1  me-1 mb-n1 ab-bottom-right\" >\t\t<span class=\"gd-list-favorite\">\n\t\t\t<span class=\"geodir-addtofav favorite_property_13768  h5\" aria-hidden=\"true\"><span  title=\"Add to Favourites\"  class=\"geodir-addtofav-icon c-pointer geodir-act-fav\"  data-color-on=\"#ff0000\"  data-icon=\"fas fa-heart\"  data-color-off=\"rgba(223,223,223,0.8)\"  data-text-color=\"\"  data-bs-toggle=\"tooltip\"  aria-hidden=\"true\"  onclick=\"javascript:window.location.href='https:\/\/caminodesantiagofrances.com\/en\/wp-login.php'\"  ><i class=\"fas fa-heart\"  style=\"color:rgba(223,223,223,0.8);\" ><\/i> <span class=\"geodir-fav-text gv-secondary visually-hidden\" style=\"\" aria-hidden=\"true\">Favourite<\/span><\/span>\n<\/span>\t\t<\/span>\n\t\t<\/div><div class=\"geodir-post-slider bsui sdel-03994e04\" ><div class=\"geodir-image-container geodir-image-sizes-medium_large overflow-hidden\">\n\t\t\t<div class=\"geodir-images aui-gallery geodir-images-n-1 geodir-images-image carousel-inner \">\n\t\t<div class=\"carousel-item active\"><a href=\"https:\/\/caminodesantiagofrances.com\/en\/lo\/albergue-municipal-santuario-de-la-quinta-angustia\/\" class=\"geodir-link-image embed-has-action ratio ratio-16x9 ratio ratio-16x9 d-block\"><img src='data:image\/png;base64,iVBORw0KGgoAAAANSUhEUgAAAGQAAAABCAQAAACC0sM2AAAADklEQVR42mP8X88wLAAAK5IBgMYCdqgAAAAASUVORK5CYII=' data-src=\"https:\/\/caminodesantiagofrances.com\/en\/wp-content\/uploads\/sites\/3\/2024\/10\/Albergue-Municipal-Santuario-de-la-Quinta-Angustia-Camino-de-Santiago-Frances-768x403.jpg\" alt=\"Albergue Municipal Santuario de la Quinta Angustia Camino de Santiago Frances 768x403\" width=\"768\" height=\"403\" class=\"geodir-lazy-load align size-medium_large geodir-image-489 embed-item-cover-xy w-100 p-0 m-0 mw-100 border-0\" data-srcset=\"https:\/\/caminodesantiagofrances.com\/en\/wp-content\/uploads\/sites\/3\/2024\/10\/Albergue-Municipal-Santuario-de-la-Quinta-Angustia-Camino-de-Santiago-Frances-768x403.jpg 768w, https:\/\/caminodesantiagofrances.com\/en\/wp-content\/uploads\/sites\/3\/2024\/10\/Albergue-Municipal-Santuario-de-la-Quinta-Angustia-Camino-de-Santiago-Frances-300x158.jpg 300w, https:\/\/caminodesantiagofrances.com\/en\/wp-content\/uploads\/sites\/3\/2024\/10\/Albergue-Municipal-Santuario-de-la-Quinta-Angustia-Camino-de-Santiago-Frances-1024x538.jpg 1024w, https:\/\/caminodesantiagofrances.com\/en\/wp-content\/uploads\/sites\/3\/2024\/10\/Albergue-Municipal-Santuario-de-la-Quinta-Angustia-Camino-de-Santiago-Frances.jpg 1200w\" sizes=\"(max-width: 768px) 100vw, 768px\" \/><i class=\"fas fa-link w-auto h-auto\" aria-hidden=\"true\"><\/i><\/a><\/div>\t\t<\/div>\n\t\t<\/div>\n<\/div><\/div><div class=\"card-body p-2  \"><div class=\"row justify-content-center gv-hide-3 gv-hide-0\"><div class=\"col col-4 text-center tofront \"><a href=\"https:\/\/caminodesantiagofrances.com\/en\/author\/caminodesantiagofrances-com\/\" title=\"caminodesantiagofrances-com\"><img decoding=\"async\" style=\"max-height:75px;\" class=\"rounded-circle shadow border border-white border-width-4 p-0 mw-100 mt-n5 bg-white\" src=\"https:\/\/secure.gravatar.com\/avatar\/03aa5dc32308904f80a38258afc0335b43d4b2bec3418626e4f8712b71c3b93e?s=96&#038;d=mm&#038;r=g\" alt=\"Author Image\"><\/a><\/div><\/div><div class=\"geodir-post-title bsui sdel-caa60b10\" ><h3 class=\"geodir-entry-title  h5 \"><a href=\"https:\/\/caminodesantiagofrances.com\/en\/lo\/albergue-municipal-santuario-de-la-quinta-angustia\/\" class=\"\" title=\"View: Albergue Municipal Santuario de la Quinta Angustia\">Albergue Municipal Santuario de la Quinta Angustia<\/a><\/h3><\/div><div class=\"geodir-post-content-container bsui sdel-1e477937\" ><div class=\"geodir_post_meta  text-justify pb-1 position-relative geodir-field-post_content\" >Albergue de Peregrinos Municipal Santuario de la Quinta Angustia de\u00a0 Cacabelos En la localidad leonesa de Cacabelos, a escasos kil\u00f3metros<\/div><\/div><\/div><div class=\"card-footer p-2  \"><div class='d-flex justify-content-between align-items-center flex-wrap'><div><\/div><div><\/div><\/div><\/div><\/div>\t<\/div>\n\t<\/div>\n\t<\/div>\n<div class=\"geodir-ajax-listings-loader loading_div overlay overlay-black position-absolute row m-0 z-index-1 w-100 h-100 rounded overflow-hidden\" style=\"display: none;z-index: 3;top:0;\">\n\t\t\t\t\t\t\t\t<div class=\"spinner-border mx-auto align-self-center text-white\" role=\"status\">\n\t\t\t\t\t\t\t\t\t<span class=\"visually-hidden\">Loading&#8230;<\/span>\n\t\t\t\t\t\t\t\t<\/div>\n\t\t\t\t\t\t\t<\/div>\t\t\t\t<script type=\"text\/javascript\">\n\t\t\t\t\t\/* <![CDATA[ *\/\n\t\t\t\t\tjQuery(function () {\n\t\t\t\t\t\ttry {\n\t\t\t\t\t\t\tvar params = {\"title\":\"\",\"post_type\":\"gd_place\",\"category\":\"662,692,661,723\",\"related_to\":\"\",\"tags\":\"\",\"rating\":\"\",\"post_author\":\"\",\"category_title\":\"\",\"sort_by\":\"\",\"title_tag\":\"h3\",\"list_order\":\"\",\"post_limit\":\"6\",\"post_ids\":\"\",\"layout\":\"3\",\"listing_width\":\"\",\"add_location_filter\":1,\"nearby_gps\":0,\"character_count\":\"20\",\"show_featured_only\":0,\"show_special_only\":0,\"with_pics_only\":0,\"with_videos_only\":0,\"show_favorites_only\":0,\"favorites_by_user\":\"\",\"use_viewing_post_type\":0,\"use_viewing_term\":0,\"hide_if_empty\":0,\"view_all_link\":0,\"with_pagination\":1,\"top_pagination\":1,\"bottom_pagination\":1,\"pagination_info\":\"\",\"template_type\":\"\",\"tmpl_page\":\"\",\"tmpl_part\":\"\",\"skin_id\":\"\",\"skin_column_gap\":\"\",\"skin_row_gap\":\"\",\"column_gap\":\"\",\"row_gap\":\"\",\"card_border\":\"\",\"card_shadow\":\"\",\"bg\":\"\",\"mt\":\"\",\"mb\":\"3\",\"mr\":\"\",\"ml\":\"\",\"pt\":\"\",\"pb\":\"\",\"pr\":\"\",\"pl\":\"\",\"border\":\"\",\"rounded\":\"\",\"rounded_size\":\"\",\"shadow\":\"\",\"with_carousel\":\"\",\"with_controls\":\"\",\"with_indicators\":\"\",\"slide_interval\":\"5\",\"slide_ride\":\"\",\"center_slide\":\"\",\"widget_title_tag\":\"\",\"widget_title_size_class\":\"\",\"widget_title_align_class\":\"\",\"widget_title_color_class\":\"\",\"widget_title_border_class\":\"\",\"widget_title_border_color_class\":\"\",\"widget_title_mt_class\":\"\",\"widget_title_mr_class\":\"\",\"widget_title_mb_class\":\"\",\"widget_title_ml_class\":\"\",\"widget_title_pt_class\":\"\",\"widget_title_pr_class\":\"\",\"widget_title_pb_class\":\"\",\"widget_title_pl_class\":\"\",\"package_ids\":\"\",\"paging_style\":\"\",\"paging_mid_size\":\"\",\"paging_mid_size_sm\":\"\",\"paging_size\":\"\",\"paging_size_sm\":\"\",\"indicators_mb\":\"\",\"css_class\":\"\",\"country\":\"\",\"region\":\"\",\"city\":\"cacabelos\",\"neighbourhood\":\"\",\"posts_per_page\":\"6\",\"is_geodir_loop\":1,\"gd_location\":1,\"order_by\":\"latest\",\"distance_to_post\":0,\"pageno\":1,\"is_gd_author\":0,\"excerpt_length\":\"20\",\"tax_query\":[{\"taxonomy\":\"gd_placecategory\",\"field\":\"id\",\"terms\":[\"662\",\"692\",\"661\",\"723\"]}],\"count_only\":0,\"set_query_vars\":{\"rest_route\":\"\\\/wp\\\/v2\\\/pages\\\/11802\",\"tax_query\":[{\"taxonomy\":\"gd_placecategory\",\"field\":\"id\",\"terms\":[\"662\",\"692\",\"661\",\"723\"]}]}};\n\t\t\t\t\t\t\tparams['action'] = 'geodir_widget_listings';\n\t\t\t\t\t\t\tparams['widget_args'] = [];\n\t\t\t\t\t\t\tparams['security'] = geodir_params.basic_nonce;\n\t\t\t\t\t\t\tgeodir_widget_listings_pagination('geodir_6a9df327655b7', params);\n\t\t\t\t\t\t} catch (err) {\n\t\t\t\t\t\t\tconsole.log(err.message);\n\t\t\t\t\t\t}\n\t\t\t\t\t});\n\t\t\t\t\t\/* ]]> *\/\n\t\t\t\t<\/script>\n\t\t\t\t\t\t<\/div>\n\t\t<\/div><\/div>\n\n\n\n<hr class=\"wp-block-separator has-alpha-channel-opacity\"\/>\n\n\n\n<h2 class=\"wp-block-heading has-text-align-center\"><strong>Albergues en Cacabelos<\/strong><\/h2>\n\n\n\n<div class=\"wp-block-geodirectory-geodir-widget-listings\"><div class=\"geodir-listings bsui sdel-3a3a98d2\" >\t\t<div id=\"geodir_6a9df327717d5\" class=\"geodir_locations geodir_location_listing\n\t\t\t\t\t\t\t mb-3\t\t position-relative\">\n\t\t\t\t<div\n\t\tclass=\"row row-cols-1 row-cols-sm-2 geodir-category-list-view geodir-widget-posts geodir-gridview row-cols-md-2\">\n\t\t\n<div class=\"col mb-4 geodir-post post-15940 gd_place type-gd_place status-publish has-post-thumbnail gd-post-pkg-1\" data-post-id=\"15940\">\n\t\t<div class=\"card h-100 p-0 m-0 mw-100  \">\n\t<div class=\"card p-0 mw-100 h-100 \"><div class=\"card-img-top overflow-hidden position-relative  \"><span class=\"bsui gd-badge-meta\"><a href=\"https:\/\/caminodesantiagofrances.com\/en\/lo\/categoria\/albergue\/\" class=\"gd-badge border-0 badge ab-bottom-left ms-1\" data-id=\"15940\" data-badge=\"default_category\" data-badge-condition=\"is_not_empty\" style=\"background-color:rgba(0,0,0,0.5);border-color:rgba(0,0,0,0.5);color:#ffffff;\">Albergue<\/a>\n<\/span><div class=\"geodir_post_meta gd-fav-info-wrap  gd-fav-hide-text ab-bottom-right me-1  mb-n1  me-1 mb-n1 ab-bottom-right\" >\t\t<span class=\"gd-list-favorite\">\n\t\t\t<span class=\"geodir-addtofav favorite_property_15940  h5\" aria-hidden=\"true\"><span  title=\"Add to Favourites\"  class=\"geodir-addtofav-icon c-pointer geodir-act-fav\"  data-color-on=\"#ff0000\"  data-icon=\"fas fa-heart\"  data-color-off=\"rgba(223,223,223,0.8)\"  data-text-color=\"\"  data-bs-toggle=\"tooltip\"  aria-hidden=\"true\"  onclick=\"javascript:window.location.href='https:\/\/caminodesantiagofrances.com\/en\/wp-login.php'\"  ><i class=\"fas fa-heart\"  style=\"color:rgba(223,223,223,0.8);\" ><\/i> <span class=\"geodir-fav-text gv-secondary visually-hidden\" style=\"\" aria-hidden=\"true\">Favourite<\/span><\/span>\n<\/span>\t\t<\/span>\n\t\t<\/div><div class=\"geodir-post-slider bsui sdel-03994e04\" ><div class=\"geodir-image-container geodir-image-sizes-medium_large overflow-hidden\">\n\t\t\t<div class=\"geodir-images aui-gallery geodir-images-n-1 geodir-images-image carousel-inner \">\n\t\t<div class=\"carousel-item active\"><a href=\"https:\/\/caminodesantiagofrances.com\/en\/lo\/albergue-hostal-la-gallega\/\" class=\"geodir-link-image embed-has-action ratio ratio-16x9 ratio ratio-16x9 d-block\"><img src='data:image\/png;base64,iVBORw0KGgoAAAANSUhEUgAAAGQAAAABCAQAAACC0sM2AAAADklEQVR42mP8X88wLAAAK5IBgMYCdqgAAAAASUVORK5CYII=' data-src=\"https:\/\/caminodesantiagofrances.com\/en\/wp-content\/uploads\/sites\/3\/2025\/08\/Albergue-Hostal-La-Gallega-Camino-de-Santiago-Frances-768x403.jpg\" alt=\"Albergue Hostal La Gallega Camino de Santiago Frances 768x403\" width=\"768\" height=\"403\" class=\"geodir-lazy-load align size-medium_large geodir-image-2042 embed-item-cover-xy w-100 p-0 m-0 mw-100 border-0\" data-srcset=\"https:\/\/caminodesantiagofrances.com\/en\/wp-content\/uploads\/sites\/3\/2025\/08\/Albergue-Hostal-La-Gallega-Camino-de-Santiago-Frances-768x403.jpg 768w, https:\/\/caminodesantiagofrances.com\/en\/wp-content\/uploads\/sites\/3\/2025\/08\/Albergue-Hostal-La-Gallega-Camino-de-Santiago-Frances-300x158.jpg 300w, https:\/\/caminodesantiagofrances.com\/en\/wp-content\/uploads\/sites\/3\/2025\/08\/Albergue-Hostal-La-Gallega-Camino-de-Santiago-Frances-1024x538.jpg 1024w, https:\/\/caminodesantiagofrances.com\/en\/wp-content\/uploads\/sites\/3\/2025\/08\/Albergue-Hostal-La-Gallega-Camino-de-Santiago-Frances.jpg 1200w\" sizes=\"(max-width: 768px) 100vw, 768px\" \/><i class=\"fas fa-link w-auto h-auto\" aria-hidden=\"true\"><\/i><\/a><\/div>\t\t<\/div>\n\t\t<\/div>\n<\/div><\/div><div class=\"card-body p-2  \"><div class=\"row justify-content-center gv-hide-3 gv-hide-0\"><div class=\"col col-4 text-center tofront \"><a href=\"https:\/\/caminodesantiagofrances.com\/en\/author\/caminodesantiagofrances-com\/\" title=\"caminodesantiagofrances-com\"><img decoding=\"async\" style=\"max-height:75px;\" class=\"rounded-circle shadow border border-white border-width-4 p-0 mw-100 mt-n5 bg-white\" src=\"https:\/\/secure.gravatar.com\/avatar\/03aa5dc32308904f80a38258afc0335b43d4b2bec3418626e4f8712b71c3b93e?s=96&#038;d=mm&#038;r=g\" alt=\"Author Image\"><\/a><\/div><\/div><div class=\"geodir-post-title bsui sdel-caa60b10\" ><h3 class=\"geodir-entry-title  h5 \"><a href=\"https:\/\/caminodesantiagofrances.com\/en\/lo\/albergue-hostal-la-gallega\/\" class=\"\" title=\"View: Albergue-Hostal La Gallega\">Albergue-Hostal La Gallega<\/a><\/h3><\/div><div class=\"geodir-post-content-container bsui sdel-1e477937\" ><div class=\"geodir_post_meta  text-justify pb-1 position-relative geodir-field-post_content\" >RESERVAR AHORA Albergue-Hostal La Gallega La Gallega en Cacabelos: descanso tradicional y ambiente familiar en el Camino de Santiago Franc\u00e9s<\/div><\/div><\/div><div class=\"card-footer p-2  \"><div class='d-flex justify-content-between align-items-center flex-wrap'><div><\/div><div><\/div><\/div><\/div><\/div>\t<\/div>\n\t<\/div>\n\n<div class=\"col mb-4 geodir-post post-13768 gd_place type-gd_place status-publish has-post-thumbnail gd-post-pkg-1\" data-post-id=\"13768\">\n\t\t<div class=\"card h-100 p-0 m-0 mw-100  \">\n\t<div class=\"card p-0 mw-100 h-100 \"><div class=\"card-img-top overflow-hidden position-relative  \"><span class=\"bsui gd-badge-meta\"><a href=\"https:\/\/caminodesantiagofrances.com\/en\/lo\/categoria\/albergue\/\" class=\"gd-badge border-0 badge ab-bottom-left ms-1\" data-id=\"13768\" data-badge=\"default_category\" data-badge-condition=\"is_not_empty\" style=\"background-color:rgba(0,0,0,0.5);border-color:rgba(0,0,0,0.5);color:#ffffff;\">Albergue<\/a>\n<\/span><div class=\"geodir_post_meta gd-fav-info-wrap  gd-fav-hide-text ab-bottom-right me-1  mb-n1  me-1 mb-n1 ab-bottom-right\" >\t\t<span class=\"gd-list-favorite\">\n\t\t\t<span class=\"geodir-addtofav favorite_property_13768  h5\" aria-hidden=\"true\"><span  title=\"Add to Favourites\"  class=\"geodir-addtofav-icon c-pointer geodir-act-fav\"  data-color-on=\"#ff0000\"  data-icon=\"fas fa-heart\"  data-color-off=\"rgba(223,223,223,0.8)\"  data-text-color=\"\"  data-bs-toggle=\"tooltip\"  aria-hidden=\"true\"  onclick=\"javascript:window.location.href='https:\/\/caminodesantiagofrances.com\/en\/wp-login.php'\"  ><i class=\"fas fa-heart\"  style=\"color:rgba(223,223,223,0.8);\" ><\/i> <span class=\"geodir-fav-text gv-secondary visually-hidden\" style=\"\" aria-hidden=\"true\">Favourite<\/span><\/span>\n<\/span>\t\t<\/span>\n\t\t<\/div><div class=\"geodir-post-slider bsui sdel-03994e04\" ><div class=\"geodir-image-container geodir-image-sizes-medium_large overflow-hidden\">\n\t\t\t<div class=\"geodir-images aui-gallery geodir-images-n-1 geodir-images-image carousel-inner \">\n\t\t<div class=\"carousel-item active\"><a href=\"https:\/\/caminodesantiagofrances.com\/en\/lo\/albergue-municipal-santuario-de-la-quinta-angustia\/\" class=\"geodir-link-image embed-has-action ratio ratio-16x9 ratio ratio-16x9 d-block\"><img src='data:image\/png;base64,iVBORw0KGgoAAAANSUhEUgAAAGQAAAABCAQAAACC0sM2AAAADklEQVR42mP8X88wLAAAK5IBgMYCdqgAAAAASUVORK5CYII=' data-src=\"https:\/\/caminodesantiagofrances.com\/en\/wp-content\/uploads\/sites\/3\/2024\/10\/Albergue-Municipal-Santuario-de-la-Quinta-Angustia-Camino-de-Santiago-Frances-768x403.jpg\" alt=\"Albergue Municipal Santuario de la Quinta Angustia Camino de Santiago Frances 768x403\" width=\"768\" height=\"403\" class=\"geodir-lazy-load align size-medium_large geodir-image-489 embed-item-cover-xy w-100 p-0 m-0 mw-100 border-0\" data-srcset=\"https:\/\/caminodesantiagofrances.com\/en\/wp-content\/uploads\/sites\/3\/2024\/10\/Albergue-Municipal-Santuario-de-la-Quinta-Angustia-Camino-de-Santiago-Frances-768x403.jpg 768w, https:\/\/caminodesantiagofrances.com\/en\/wp-content\/uploads\/sites\/3\/2024\/10\/Albergue-Municipal-Santuario-de-la-Quinta-Angustia-Camino-de-Santiago-Frances-300x158.jpg 300w, https:\/\/caminodesantiagofrances.com\/en\/wp-content\/uploads\/sites\/3\/2024\/10\/Albergue-Municipal-Santuario-de-la-Quinta-Angustia-Camino-de-Santiago-Frances-1024x538.jpg 1024w, https:\/\/caminodesantiagofrances.com\/en\/wp-content\/uploads\/sites\/3\/2024\/10\/Albergue-Municipal-Santuario-de-la-Quinta-Angustia-Camino-de-Santiago-Frances.jpg 1200w\" sizes=\"(max-width: 768px) 100vw, 768px\" \/><i class=\"fas fa-link w-auto h-auto\" aria-hidden=\"true\"><\/i><\/a><\/div>\t\t<\/div>\n\t\t<\/div>\n<\/div><\/div><div class=\"card-body p-2  \"><div class=\"row justify-content-center gv-hide-3 gv-hide-0\"><div class=\"col col-4 text-center tofront \"><a href=\"https:\/\/caminodesantiagofrances.com\/en\/author\/caminodesantiagofrances-com\/\" title=\"caminodesantiagofrances-com\"><img decoding=\"async\" style=\"max-height:75px;\" class=\"rounded-circle shadow border border-white border-width-4 p-0 mw-100 mt-n5 bg-white\" src=\"https:\/\/secure.gravatar.com\/avatar\/03aa5dc32308904f80a38258afc0335b43d4b2bec3418626e4f8712b71c3b93e?s=96&#038;d=mm&#038;r=g\" alt=\"Author Image\"><\/a><\/div><\/div><div class=\"geodir-post-title bsui sdel-caa60b10\" ><h3 class=\"geodir-entry-title  h5 \"><a href=\"https:\/\/caminodesantiagofrances.com\/en\/lo\/albergue-municipal-santuario-de-la-quinta-angustia\/\" class=\"\" title=\"View: Albergue Municipal Santuario de la Quinta Angustia\">Albergue Municipal Santuario de la Quinta Angustia<\/a><\/h3><\/div><div class=\"geodir-post-content-container bsui sdel-1e477937\" ><div class=\"geodir_post_meta  text-justify pb-1 position-relative geodir-field-post_content\" >Albergue de Peregrinos Municipal Santuario de la Quinta Angustia de\u00a0 Cacabelos En la localidad leonesa de Cacabelos, a escasos kil\u00f3metros<\/div><\/div><\/div><div class=\"card-footer p-2  \"><div class='d-flex justify-content-between align-items-center flex-wrap'><div><\/div><div><\/div><\/div><\/div><\/div>\t<\/div>\n\t<\/div>\n\t<\/div>\n\t\t<\/div>\n\t\t<\/div><\/div>\n\n\n\n<hr class=\"wp-block-separator has-alpha-channel-opacity\"\/>\n\n\n\n<h2 class=\"wp-block-heading has-text-align-center\">Cacabelos on the Camino de Santiago<\/h2>\n\n\n\n<p class=\"wp-block-paragraph\">Cacabelos is an iconic stage of the Camino Frances. Its location beside the medieval bridge and the Church of Santa Mar\u00eda del Camino makes it a meeting point between pilgrims and centuries-old traditions.<\/p>\n\n\n\n<h3 class=\"wp-block-heading has-text-align-center\">What to see in Cacabelos?<\/h3>\n\n\n\n<div class=\"wp-block-geodirectory-geodir-widget-listings\"><div class=\"geodir-listings bsui sdel-53fd7fb5\" >\t\t<div id=\"geodir_6a9df327754b2\" class=\"geodir_locations geodir_location_listing\n\t\t\t\t\t\t\t mb-3\t\t position-relative\">\n\t\t\t\t<div\n\t\tclass=\"row row-cols-1 row-cols-sm-2 geodir-category-list-view geodir-widget-posts geodir-gridview row-cols-md-2\">\n\t\t\n<div class=\"col mb-4 geodir-post post-15526 gd_place type-gd_place status-publish has-post-thumbnail gd-post-pkg-1\" data-post-id=\"15526\">\n\t\t<div class=\"card h-100 p-0 m-0 mw-100  \">\n\t<div class=\"card p-0 mw-100 h-100 \"><div class=\"card-img-top overflow-hidden position-relative  \"><span class=\"bsui gd-badge-meta\"><a href=\"https:\/\/caminodesantiagofrances.com\/en\/lo\/categoria\/museo\/\" class=\"gd-badge border-0 badge ab-bottom-left ms-1\" data-id=\"15526\" data-badge=\"default_category\" data-badge-condition=\"is_not_empty\" style=\"background-color:rgba(0,0,0,0.5);border-color:rgba(0,0,0,0.5);color:#ffffff;\">Museo<\/a>\n<\/span><div class=\"geodir_post_meta gd-fav-info-wrap  gd-fav-hide-text ab-bottom-right me-1  mb-n1  me-1 mb-n1 ab-bottom-right\" >\t\t<span class=\"gd-list-favorite\">\n\t\t\t<span class=\"geodir-addtofav favorite_property_15526  h5\" aria-hidden=\"true\"><span  title=\"Add to Favourites\"  class=\"geodir-addtofav-icon c-pointer geodir-act-fav\"  data-color-on=\"#ff0000\"  data-icon=\"fas fa-heart\"  data-color-off=\"rgba(223,223,223,0.8)\"  data-text-color=\"\"  data-bs-toggle=\"tooltip\"  aria-hidden=\"true\"  onclick=\"javascript:window.location.href='https:\/\/caminodesantiagofrances.com\/en\/wp-login.php'\"  ><i class=\"fas fa-heart\"  style=\"color:rgba(223,223,223,0.8);\" ><\/i> <span class=\"geodir-fav-text gv-secondary visually-hidden\" style=\"\" aria-hidden=\"true\">Favourite<\/span><\/span>\n<\/span>\t\t<\/span>\n\t\t<\/div><div class=\"geodir-post-slider bsui sdel-03994e04\" ><div class=\"geodir-image-container geodir-image-sizes-medium_large overflow-hidden\">\n\t\t\t<div class=\"geodir-images aui-gallery geodir-images-n-1 geodir-images-image carousel-inner \">\n\t\t<div class=\"carousel-item active\"><a href=\"https:\/\/caminodesantiagofrances.com\/en\/lo\/museo-marca\/\" class=\"geodir-link-image embed-has-action ratio ratio-16x9 ratio ratio-16x9 d-block\"><img src='data:image\/png;base64,iVBORw0KGgoAAAANSUhEUgAAAGQAAAABCAQAAACC0sM2AAAADklEQVR42mP8X88wLAAAK5IBgMYCdqgAAAAASUVORK5CYII=' data-src=\"https:\/\/caminodesantiagofrances.com\/en\/wp-content\/uploads\/sites\/3\/2025\/05\/Museo-Marca-Camino-de-Santiago-Frances-768x403.jpg\" alt=\"Museo Marca Camino de Santiago Frances 768x403\" width=\"768\" height=\"403\" class=\"geodir-lazy-load align size-medium_large geodir-image-1359 embed-item-cover-xy w-100 p-0 m-0 mw-100 border-0\" data-srcset=\"https:\/\/caminodesantiagofrances.com\/en\/wp-content\/uploads\/sites\/3\/2025\/05\/Museo-Marca-Camino-de-Santiago-Frances-768x403.jpg 768w, https:\/\/caminodesantiagofrances.com\/en\/wp-content\/uploads\/sites\/3\/2025\/05\/Museo-Marca-Camino-de-Santiago-Frances-300x158.jpg 300w, https:\/\/caminodesantiagofrances.com\/en\/wp-content\/uploads\/sites\/3\/2025\/05\/Museo-Marca-Camino-de-Santiago-Frances-1024x538.jpg 1024w, https:\/\/caminodesantiagofrances.com\/en\/wp-content\/uploads\/sites\/3\/2025\/05\/Museo-Marca-Camino-de-Santiago-Frances.jpg 1200w\" sizes=\"(max-width: 768px) 100vw, 768px\" \/><i class=\"fas fa-link w-auto h-auto\" aria-hidden=\"true\"><\/i><\/a><\/div>\t\t<\/div>\n\t\t<\/div>\n<\/div><\/div><div class=\"card-body p-2  \"><div class=\"row justify-content-center gv-hide-3 gv-hide-0\"><div class=\"col col-4 text-center tofront \"><a href=\"https:\/\/caminodesantiagofrances.com\/en\/author\/caminodesantiagofrances-com\/\" title=\"caminodesantiagofrances-com\"><img decoding=\"async\" style=\"max-height:75px;\" class=\"rounded-circle shadow border border-white border-width-4 p-0 mw-100 mt-n5 bg-white\" src=\"https:\/\/secure.gravatar.com\/avatar\/03aa5dc32308904f80a38258afc0335b43d4b2bec3418626e4f8712b71c3b93e?s=96&#038;d=mm&#038;r=g\" alt=\"Author Image\"><\/a><\/div><\/div><div class=\"geodir-post-title bsui sdel-caa60b10\" ><h3 class=\"geodir-entry-title  h5 \"><a href=\"https:\/\/caminodesantiagofrances.com\/en\/lo\/museo-marca\/\" class=\"\" title=\"View: Museo Marca\">Museo Marca<\/a><\/h3><\/div><div class=\"geodir-post-content-container bsui sdel-1e477937\" ><div class=\"geodir_post_meta  text-justify pb-1 position-relative geodir-field-post_content\" >Museo Arqueol\u00f3gico de Cacabelos Situado en pleno centro urbano de Cacabelos, Provincia de Le\u00f3n , el Museo Arqueol\u00f3gico de Cacabelos<\/div><\/div><\/div><div class=\"card-footer p-2  \"><div class='d-flex justify-content-between align-items-center flex-wrap'><div><\/div><div><\/div><\/div><\/div><\/div>\t<\/div>\n\t<\/div>\n\n<div class=\"col mb-4 geodir-post post-15523 gd_place type-gd_place status-publish has-post-thumbnail gd-post-pkg-1\" data-post-id=\"15523\">\n\t\t<div class=\"card h-100 p-0 m-0 mw-100  \">\n\t<div class=\"card p-0 mw-100 h-100 \"><div class=\"card-img-top overflow-hidden position-relative  \"><span class=\"bsui gd-badge-meta\"><a href=\"https:\/\/caminodesantiagofrances.com\/en\/lo\/categoria\/iglesia\/\" class=\"gd-badge border-0 badge ab-bottom-left ms-1\" data-id=\"15523\" data-badge=\"default_category\" data-badge-condition=\"is_not_empty\" style=\"background-color:rgba(0,0,0,0.5);border-color:rgba(0,0,0,0.5);color:#ffffff;\">Iglesia<\/a>\n<\/span><div class=\"geodir_post_meta gd-fav-info-wrap  gd-fav-hide-text ab-bottom-right me-1  mb-n1  me-1 mb-n1 ab-bottom-right\" >\t\t<span class=\"gd-list-favorite\">\n\t\t\t<span class=\"geodir-addtofav favorite_property_15523  h5\" aria-hidden=\"true\"><span  title=\"Add to Favourites\"  class=\"geodir-addtofav-icon c-pointer geodir-act-fav\"  data-color-on=\"#ff0000\"  data-icon=\"fas fa-heart\"  data-color-off=\"rgba(223,223,223,0.8)\"  data-text-color=\"\"  data-bs-toggle=\"tooltip\"  aria-hidden=\"true\"  onclick=\"javascript:window.location.href='https:\/\/caminodesantiagofrances.com\/en\/wp-login.php'\"  ><i class=\"fas fa-heart\"  style=\"color:rgba(223,223,223,0.8);\" ><\/i> <span class=\"geodir-fav-text gv-secondary visually-hidden\" style=\"\" aria-hidden=\"true\">Favourite<\/span><\/span>\n<\/span>\t\t<\/span>\n\t\t<\/div><div class=\"geodir-post-slider bsui sdel-03994e04\" ><div class=\"geodir-image-container geodir-image-sizes-medium_large overflow-hidden\">\n\t\t\t<div class=\"geodir-images aui-gallery geodir-images-n-1 geodir-images-image carousel-inner \">\n\t\t<div class=\"carousel-item active\"><a href=\"https:\/\/caminodesantiagofrances.com\/en\/lo\/iglesia-de-nuestra-senora-de-la-plaza\/\" class=\"geodir-link-image embed-has-action ratio ratio-16x9 ratio ratio-16x9 d-block\"><img src='data:image\/png;base64,iVBORw0KGgoAAAANSUhEUgAAAGQAAAABCAQAAACC0sM2AAAADklEQVR42mP8X88wLAAAK5IBgMYCdqgAAAAASUVORK5CYII=' data-src=\"https:\/\/caminodesantiagofrances.com\/en\/wp-content\/uploads\/sites\/3\/2025\/05\/Iglesia-de-Nuestra-Senora-de-la-Plaza-Camino-de-Santiago-Frances-768x403.jpg\" alt=\"Iglesia de Nuestra Senora de la Plaza Camino de Santiago Frances 768x403\" width=\"768\" height=\"403\" class=\"geodir-lazy-load align size-medium_large geodir-image-1354 embed-item-cover-xy w-100 p-0 m-0 mw-100 border-0\" data-srcset=\"https:\/\/caminodesantiagofrances.com\/en\/wp-content\/uploads\/sites\/3\/2025\/05\/Iglesia-de-Nuestra-Senora-de-la-Plaza-Camino-de-Santiago-Frances-768x403.jpg 768w, https:\/\/caminodesantiagofrances.com\/en\/wp-content\/uploads\/sites\/3\/2025\/05\/Iglesia-de-Nuestra-Senora-de-la-Plaza-Camino-de-Santiago-Frances-300x158.jpg 300w, https:\/\/caminodesantiagofrances.com\/en\/wp-content\/uploads\/sites\/3\/2025\/05\/Iglesia-de-Nuestra-Senora-de-la-Plaza-Camino-de-Santiago-Frances-1024x538.jpg 1024w, https:\/\/caminodesantiagofrances.com\/en\/wp-content\/uploads\/sites\/3\/2025\/05\/Iglesia-de-Nuestra-Senora-de-la-Plaza-Camino-de-Santiago-Frances.jpg 1200w\" sizes=\"(max-width: 768px) 100vw, 768px\" \/><i class=\"fas fa-link w-auto h-auto\" aria-hidden=\"true\"><\/i><\/a><\/div>\t\t<\/div>\n\t\t<\/div>\n<\/div><\/div><div class=\"card-body p-2  \"><div class=\"row justify-content-center gv-hide-3 gv-hide-0\"><div class=\"col col-4 text-center tofront \"><a href=\"https:\/\/caminodesantiagofrances.com\/en\/author\/caminodesantiagofrances-com\/\" title=\"caminodesantiagofrances-com\"><img decoding=\"async\" style=\"max-height:75px;\" class=\"rounded-circle shadow border border-white border-width-4 p-0 mw-100 mt-n5 bg-white\" src=\"https:\/\/secure.gravatar.com\/avatar\/03aa5dc32308904f80a38258afc0335b43d4b2bec3418626e4f8712b71c3b93e?s=96&#038;d=mm&#038;r=g\" alt=\"Author Image\"><\/a><\/div><\/div><div class=\"geodir-post-title bsui sdel-caa60b10\" ><h3 class=\"geodir-entry-title  h5 \"><a href=\"https:\/\/caminodesantiagofrances.com\/en\/lo\/iglesia-de-nuestra-senora-de-la-plaza\/\" class=\"\" title=\"View: Iglesia de Nuestra Se\u00f1ora de la Plaza\">Iglesia de Nuestra Se\u00f1ora de la Plaza<\/a><\/h3><\/div><div class=\"geodir-post-content-container bsui sdel-1e477937\" ><div class=\"geodir_post_meta  text-justify pb-1 position-relative geodir-field-post_content\" >Iglesia de Nuestra Se\u00f1ora de la Plaza Cacabelos Ubicada en pleno coraz\u00f3n del Camino de Santiago Franc\u00e9s, la Iglesia de<\/div><\/div><\/div><div class=\"card-footer p-2  \"><div class='d-flex justify-content-between align-items-center flex-wrap'><div><\/div><div><\/div><\/div><\/div><\/div>\t<\/div>\n\t<\/div>\n\n<div class=\"col mb-4 geodir-post post-15519 gd_place type-gd_place status-publish has-post-thumbnail gd-post-pkg-1\" data-post-id=\"15519\">\n\t\t<div class=\"card h-100 p-0 m-0 mw-100  \">\n\t<div class=\"card p-0 mw-100 h-100 \"><div class=\"card-img-top overflow-hidden position-relative  \"><span class=\"bsui gd-badge-meta\"><a href=\"https:\/\/caminodesantiagofrances.com\/en\/lo\/categoria\/puente\/\" class=\"gd-badge border-0 badge ab-bottom-left ms-1\" data-id=\"15519\" data-badge=\"default_category\" data-badge-condition=\"is_not_empty\" style=\"background-color:rgba(0,0,0,0.5);border-color:rgba(0,0,0,0.5);color:#ffffff;\">Puente<\/a>\n<\/span><div class=\"geodir_post_meta gd-fav-info-wrap  gd-fav-hide-text ab-bottom-right me-1  mb-n1  me-1 mb-n1 ab-bottom-right\" >\t\t<span class=\"gd-list-favorite\">\n\t\t\t<span class=\"geodir-addtofav favorite_property_15519  h5\" aria-hidden=\"true\"><span  title=\"Add to Favourites\"  class=\"geodir-addtofav-icon c-pointer geodir-act-fav\"  data-color-on=\"#ff0000\"  data-icon=\"fas fa-heart\"  data-color-off=\"rgba(223,223,223,0.8)\"  data-text-color=\"\"  data-bs-toggle=\"tooltip\"  aria-hidden=\"true\"  onclick=\"javascript:window.location.href='https:\/\/caminodesantiagofrances.com\/en\/wp-login.php'\"  ><i class=\"fas fa-heart\"  style=\"color:rgba(223,223,223,0.8);\" ><\/i> <span class=\"geodir-fav-text gv-secondary visually-hidden\" style=\"\" aria-hidden=\"true\">Favourite<\/span><\/span>\n<\/span>\t\t<\/span>\n\t\t<\/div><div class=\"geodir-post-slider bsui sdel-03994e04\" ><div class=\"geodir-image-container geodir-image-sizes-medium_large overflow-hidden\">\n\t\t\t<div class=\"geodir-images aui-gallery geodir-images-n-1 geodir-images-image carousel-inner \">\n\t\t<div class=\"carousel-item active\"><a href=\"https:\/\/caminodesantiagofrances.com\/en\/lo\/puente-mayor-de-cacabelos\/\" class=\"geodir-link-image embed-has-action ratio ratio-16x9 ratio ratio-16x9 d-block\"><img src='data:image\/png;base64,iVBORw0KGgoAAAANSUhEUgAAAGQAAAABCAQAAACC0sM2AAAADklEQVR42mP8X88wLAAAK5IBgMYCdqgAAAAASUVORK5CYII=' data-src=\"https:\/\/caminodesantiagofrances.com\/en\/wp-content\/uploads\/sites\/3\/2025\/05\/Puente-Mayor-de-Cacabelos-Camino-de-Santiago-Frances-768x403.jpg\" alt=\"Puente Mayor de Cacabelos Camino de Santiago Frances 768x403\" width=\"768\" height=\"403\" class=\"geodir-lazy-load align size-medium_large geodir-image-1345 embed-item-cover-xy w-100 p-0 m-0 mw-100 border-0\" data-srcset=\"https:\/\/caminodesantiagofrances.com\/en\/wp-content\/uploads\/sites\/3\/2025\/05\/Puente-Mayor-de-Cacabelos-Camino-de-Santiago-Frances-768x403.jpg 768w, https:\/\/caminodesantiagofrances.com\/en\/wp-content\/uploads\/sites\/3\/2025\/05\/Puente-Mayor-de-Cacabelos-Camino-de-Santiago-Frances-300x158.jpg 300w, https:\/\/caminodesantiagofrances.com\/en\/wp-content\/uploads\/sites\/3\/2025\/05\/Puente-Mayor-de-Cacabelos-Camino-de-Santiago-Frances-1024x538.jpg 1024w, https:\/\/caminodesantiagofrances.com\/en\/wp-content\/uploads\/sites\/3\/2025\/05\/Puente-Mayor-de-Cacabelos-Camino-de-Santiago-Frances.jpg 1200w\" sizes=\"(max-width: 768px) 100vw, 768px\" \/><i class=\"fas fa-link w-auto h-auto\" aria-hidden=\"true\"><\/i><\/a><\/div>\t\t<\/div>\n\t\t<\/div>\n<\/div><\/div><div class=\"card-body p-2  \"><div class=\"row justify-content-center gv-hide-3 gv-hide-0\"><div class=\"col col-4 text-center tofront \"><a href=\"https:\/\/caminodesantiagofrances.com\/en\/author\/caminodesantiagofrances-com\/\" title=\"caminodesantiagofrances-com\"><img decoding=\"async\" style=\"max-height:75px;\" class=\"rounded-circle shadow border border-white border-width-4 p-0 mw-100 mt-n5 bg-white\" src=\"https:\/\/secure.gravatar.com\/avatar\/03aa5dc32308904f80a38258afc0335b43d4b2bec3418626e4f8712b71c3b93e?s=96&#038;d=mm&#038;r=g\" alt=\"Author Image\"><\/a><\/div><\/div><div class=\"geodir-post-title bsui sdel-caa60b10\" ><h3 class=\"geodir-entry-title  h5 \"><a href=\"https:\/\/caminodesantiagofrances.com\/en\/lo\/puente-mayor-de-cacabelos\/\" class=\"\" title=\"View: Puente Mayor de Cacabelos\">Puente Mayor de Cacabelos<\/a><\/h3><\/div><div class=\"geodir-post-content-container bsui sdel-1e477937\" ><div class=\"geodir_post_meta  text-justify pb-1 position-relative geodir-field-post_content\" >Puente Mayor de Cacabelos Situado en el encantador municipio de Cacabelos, en la Provincia de Le\u00f3n (Castilla y Le\u00f3n), el<\/div><\/div><\/div><div class=\"card-footer p-2  \"><div class='d-flex justify-content-between align-items-center flex-wrap'><div><\/div><div><\/div><\/div><\/div><\/div>\t<\/div>\n\t<\/div>\n\n<div class=\"col mb-4 geodir-post post-15514 gd_place type-gd_place status-publish has-post-thumbnail gd-post-pkg-1\" data-post-id=\"15514\">\n\t\t<div class=\"card h-100 p-0 m-0 mw-100  \">\n\t<div class=\"card p-0 mw-100 h-100 \"><div class=\"card-img-top overflow-hidden position-relative  \"><span class=\"bsui gd-badge-meta\"><a href=\"https:\/\/caminodesantiagofrances.com\/en\/lo\/categoria\/iglesia\/\" class=\"gd-badge border-0 badge ab-bottom-left ms-1\" data-id=\"15514\" data-badge=\"default_category\" data-badge-condition=\"is_not_empty\" style=\"background-color:rgba(0,0,0,0.5);border-color:rgba(0,0,0,0.5);color:#ffffff;\">Iglesia<\/a>\n<\/span><div class=\"geodir_post_meta gd-fav-info-wrap  gd-fav-hide-text ab-bottom-right me-1  mb-n1  me-1 mb-n1 ab-bottom-right\" >\t\t<span class=\"gd-list-favorite\">\n\t\t\t<span class=\"geodir-addtofav favorite_property_15514  h5\" aria-hidden=\"true\"><span  title=\"Add to Favourites\"  class=\"geodir-addtofav-icon c-pointer geodir-act-fav\"  data-color-on=\"#ff0000\"  data-icon=\"fas fa-heart\"  data-color-off=\"rgba(223,223,223,0.8)\"  data-text-color=\"\"  data-bs-toggle=\"tooltip\"  aria-hidden=\"true\"  onclick=\"javascript:window.location.href='https:\/\/caminodesantiagofrances.com\/en\/wp-login.php'\"  ><i class=\"fas fa-heart\"  style=\"color:rgba(223,223,223,0.8);\" ><\/i> <span class=\"geodir-fav-text gv-secondary visually-hidden\" style=\"\" aria-hidden=\"true\">Favourite<\/span><\/span>\n<\/span>\t\t<\/span>\n\t\t<\/div><div class=\"geodir-post-slider bsui sdel-03994e04\" ><div class=\"geodir-image-container geodir-image-sizes-medium_large overflow-hidden\">\n\t\t\t<div class=\"geodir-images aui-gallery geodir-images-n-1 geodir-images-image carousel-inner \">\n\t\t<div class=\"carousel-item active\"><a href=\"https:\/\/caminodesantiagofrances.com\/en\/lo\/santuario-de-la-quinta-angustia\/\" class=\"geodir-link-image embed-has-action ratio ratio-16x9 ratio ratio-16x9 d-block\"><img src='data:image\/png;base64,iVBORw0KGgoAAAANSUhEUgAAAGQAAAABCAQAAACC0sM2AAAADklEQVR42mP8X88wLAAAK5IBgMYCdqgAAAAASUVORK5CYII=' data-src=\"https:\/\/caminodesantiagofrances.com\/en\/wp-content\/uploads\/sites\/3\/2025\/05\/Santuario-de-la-Quinta-Angustia-Camino-de-Santiago-Frances_6-768x403.jpg\" alt=\"Santuario de la Quinta Angustia Camino de Santiago Frances 6 768x403\" width=\"768\" height=\"403\" class=\"geodir-lazy-load align size-medium_large geodir-image-1344 embed-item-cover-xy w-100 p-0 m-0 mw-100 border-0\" data-srcset=\"https:\/\/caminodesantiagofrances.com\/en\/wp-content\/uploads\/sites\/3\/2025\/05\/Santuario-de-la-Quinta-Angustia-Camino-de-Santiago-Frances_6-768x403.jpg 768w, https:\/\/caminodesantiagofrances.com\/en\/wp-content\/uploads\/sites\/3\/2025\/05\/Santuario-de-la-Quinta-Angustia-Camino-de-Santiago-Frances_6-300x158.jpg 300w, https:\/\/caminodesantiagofrances.com\/en\/wp-content\/uploads\/sites\/3\/2025\/05\/Santuario-de-la-Quinta-Angustia-Camino-de-Santiago-Frances_6-1024x538.jpg 1024w, https:\/\/caminodesantiagofrances.com\/en\/wp-content\/uploads\/sites\/3\/2025\/05\/Santuario-de-la-Quinta-Angustia-Camino-de-Santiago-Frances_6.jpg 1200w\" sizes=\"(max-width: 768px) 100vw, 768px\" \/><i class=\"fas fa-link w-auto h-auto\" aria-hidden=\"true\"><\/i><\/a><\/div>\t\t<\/div>\n\t\t<\/div>\n<\/div><\/div><div class=\"card-body p-2  \"><div class=\"row justify-content-center gv-hide-3 gv-hide-0\"><div class=\"col col-4 text-center tofront \"><a href=\"https:\/\/caminodesantiagofrances.com\/en\/author\/caminodesantiagofrances-com\/\" title=\"caminodesantiagofrances-com\"><img decoding=\"async\" style=\"max-height:75px;\" class=\"rounded-circle shadow border border-white border-width-4 p-0 mw-100 mt-n5 bg-white\" src=\"https:\/\/secure.gravatar.com\/avatar\/03aa5dc32308904f80a38258afc0335b43d4b2bec3418626e4f8712b71c3b93e?s=96&#038;d=mm&#038;r=g\" alt=\"Author Image\"><\/a><\/div><\/div><div class=\"geodir-post-title bsui sdel-caa60b10\" ><h3 class=\"geodir-entry-title  h5 \"><a href=\"https:\/\/caminodesantiagofrances.com\/en\/lo\/santuario-de-la-quinta-angustia\/\" class=\"\" title=\"View: Santuario de la Quinta Angustia\">Santuario de la Quinta Angustia<\/a><\/h3><\/div><div class=\"geodir-post-content-container bsui sdel-1e477937\" ><div class=\"geodir_post_meta  text-justify pb-1 position-relative geodir-field-post_content\" >Santuario de la Quinta Angustia en Cacabelos En el coraz\u00f3n del Bierzo leon\u00e9s, a mitad de camino entre Villafranca del<\/div><\/div><\/div><div class=\"card-footer p-2  \"><div class='d-flex justify-content-between align-items-center flex-wrap'><div><\/div><div><\/div><\/div><\/div><\/div>\t<\/div>\n\t<\/div>\n\n<div class=\"col mb-4 geodir-post post-15509 gd_place type-gd_place status-publish has-post-thumbnail gd-post-pkg-1\" data-post-id=\"15509\">\n\t\t<div class=\"card h-100 p-0 m-0 mw-100  \">\n\t<div class=\"card p-0 mw-100 h-100 \"><div class=\"card-img-top overflow-hidden position-relative  \"><span class=\"bsui gd-badge-meta\"><a href=\"https:\/\/caminodesantiagofrances.com\/en\/lo\/categoria\/capilla\/\" class=\"gd-badge border-0 badge ab-bottom-left ms-1\" data-id=\"15509\" data-badge=\"default_category\" data-badge-condition=\"is_not_empty\" style=\"background-color:rgba(0,0,0,0.5);border-color:rgba(0,0,0,0.5);color:#ffffff;\">Capilla<\/a>\n<\/span><div class=\"geodir_post_meta gd-fav-info-wrap  gd-fav-hide-text ab-bottom-right me-1  mb-n1  me-1 mb-n1 ab-bottom-right\" >\t\t<span class=\"gd-list-favorite\">\n\t\t\t<span class=\"geodir-addtofav favorite_property_15509  h5\" aria-hidden=\"true\"><span  title=\"Add to Favourites\"  class=\"geodir-addtofav-icon c-pointer geodir-act-fav\"  data-color-on=\"#ff0000\"  data-icon=\"fas fa-heart\"  data-color-off=\"rgba(223,223,223,0.8)\"  data-text-color=\"\"  data-bs-toggle=\"tooltip\"  aria-hidden=\"true\"  onclick=\"javascript:window.location.href='https:\/\/caminodesantiagofrances.com\/en\/wp-login.php'\"  ><i class=\"fas fa-heart\"  style=\"color:rgba(223,223,223,0.8);\" ><\/i> <span class=\"geodir-fav-text gv-secondary visually-hidden\" style=\"\" aria-hidden=\"true\">Favourite<\/span><\/span>\n<\/span>\t\t<\/span>\n\t\t<\/div><div class=\"geodir-post-slider bsui sdel-03994e04\" ><div class=\"geodir-image-container geodir-image-sizes-medium_large overflow-hidden\">\n\t\t\t<div class=\"geodir-images aui-gallery geodir-images-n-1 geodir-images-image carousel-inner \">\n\t\t<div class=\"carousel-item active\"><a href=\"https:\/\/caminodesantiagofrances.com\/en\/lo\/capilla-san-roque-cacabelos\/\" class=\"geodir-link-image embed-has-action ratio ratio-16x9 ratio ratio-16x9 d-block\"><img src='data:image\/png;base64,iVBORw0KGgoAAAANSUhEUgAAAGQAAAABCAQAAACC0sM2AAAADklEQVR42mP8X88wLAAAK5IBgMYCdqgAAAAASUVORK5CYII=' data-src=\"https:\/\/caminodesantiagofrances.com\/en\/wp-content\/uploads\/sites\/3\/2025\/05\/Capilla-San-Roque-Cacabelos-Camino-de-Santiago-Frances-768x403.jpg\" alt=\"Capilla San Roque Cacabelos Camino de Santiago Frances 768x403\" width=\"768\" height=\"403\" class=\"geodir-lazy-load align size-medium_large geodir-image-1330 embed-item-cover-xy w-100 p-0 m-0 mw-100 border-0\" data-srcset=\"https:\/\/caminodesantiagofrances.com\/en\/wp-content\/uploads\/sites\/3\/2025\/05\/Capilla-San-Roque-Cacabelos-Camino-de-Santiago-Frances-768x403.jpg 768w, https:\/\/caminodesantiagofrances.com\/en\/wp-content\/uploads\/sites\/3\/2025\/05\/Capilla-San-Roque-Cacabelos-Camino-de-Santiago-Frances-300x158.jpg 300w, https:\/\/caminodesantiagofrances.com\/en\/wp-content\/uploads\/sites\/3\/2025\/05\/Capilla-San-Roque-Cacabelos-Camino-de-Santiago-Frances-1024x538.jpg 1024w, https:\/\/caminodesantiagofrances.com\/en\/wp-content\/uploads\/sites\/3\/2025\/05\/Capilla-San-Roque-Cacabelos-Camino-de-Santiago-Frances.jpg 1200w\" sizes=\"(max-width: 768px) 100vw, 768px\" \/><i class=\"fas fa-link w-auto h-auto\" aria-hidden=\"true\"><\/i><\/a><\/div>\t\t<\/div>\n\t\t<\/div>\n<\/div><\/div><div class=\"card-body p-2  \"><div class=\"row justify-content-center gv-hide-3 gv-hide-0\"><div class=\"col col-4 text-center tofront \"><a href=\"https:\/\/caminodesantiagofrances.com\/en\/author\/caminodesantiagofrances-com\/\" title=\"caminodesantiagofrances-com\"><img decoding=\"async\" style=\"max-height:75px;\" class=\"rounded-circle shadow border border-white border-width-4 p-0 mw-100 mt-n5 bg-white\" src=\"https:\/\/secure.gravatar.com\/avatar\/03aa5dc32308904f80a38258afc0335b43d4b2bec3418626e4f8712b71c3b93e?s=96&#038;d=mm&#038;r=g\" alt=\"Author Image\"><\/a><\/div><\/div><div class=\"geodir-post-title bsui sdel-caa60b10\" ><h3 class=\"geodir-entry-title  h5 \"><a href=\"https:\/\/caminodesantiagofrances.com\/en\/lo\/capilla-san-roque-cacabelos\/\" class=\"\" title=\"View: Capilla San Roque Cacabelos\">Capilla San Roque Cacabelos<\/a><\/h3><\/div><div class=\"geodir-post-content-container bsui sdel-1e477937\" ><div class=\"geodir_post_meta  text-justify pb-1 position-relative geodir-field-post_content\" >Capilla San Roque en Cacabelos La Capilla de San Roque se encuentra en Cacabelos, un bonito pueblo de la comarca<\/div><\/div><\/div><div class=\"card-footer p-2  \"><div class='d-flex justify-content-between align-items-center flex-wrap'><div><\/div><div><\/div><\/div><\/div><\/div>\t<\/div>\n\t<\/div>\n\t<\/div>\n\t\t<\/div>\n\t\t<\/div><\/div>\n\n\n\n<hr class=\"wp-block-separator has-alpha-channel-opacity\"\/>\n\n\n\n<h3 class=\"wp-block-heading has-text-align-center\">Services for pilgrims in Cacabelos<\/h3>\n\n\n\n<p class=\"wp-block-paragraph\">Cacabelos&#8217; town centre gives pilgrims easy access to a wide range of services:<\/p>\n\n\n\n<ul class=\"wp-block-list\">\n<li><strong>Health centre and pharmacy<\/strong>.<\/li>\n\n\n\n<li><strong>Cash machine and telephone box<\/strong>.<\/li>\n\n\n\n<li><strong>Grocery stores, butchers and bakeries<\/strong>.<\/li>\n\n\n\n<li><strong>Bars and restaurants with pilgrim menus<\/strong>.<\/li>\n\n\n\n<li><strong>Two bicycle repair shops<\/strong>, one of them right in front of the <strong><a href=\"https:\/\/caminodesantiagofrances.com\/en\/lo\/albergue-municipal-santuario-de-la-quinta-angustia\/\" target=\"_blank\" data-type=\"gd_place\" data-id=\"13768\" rel=\"noreferrer noopener\">Albergue Municipal Santuario de la Quinta Angustia<\/a><\/strong>.<\/li>\n<\/ul>\n\n\n\n<h3 class=\"wp-block-heading has-text-align-center\">Geography and Nature of Cacabelos<\/h3>\n\n\n\n<p class=\"wp-block-paragraph\">The municipality stretches along the valley of the <strong>C\u00faa River<\/strong>, with elevations ranging between 478 and 700 metres. This privileged setting is characterised by its arrowhead-shaped topography, fertile valleys and gentle slopes that have favoured human settlement since prehistoric times.<\/p>\n\n\n\n<p class=\"wp-block-paragraph\">Climatic conditions \u2014 cold winters with persistent fog and mild summers \u2014 together with abundant rainfall exceeding 645 mm per year, support varied vegetation, from relict oak woodlands to fruit orchards and vineyards that define the municipality&#8217;s agricultural identity.<\/p>\n\n\n\n<h3 class=\"wp-block-heading has-text-align-center\">History of Cacabelos<\/h3>\n\n\n\n<p class=\"wp-block-paragraph\">The earliest human evidence dates back to the Palaeolithic, with particular significance in the Iron Age through Castro Ventosa and Castro Vizca\u00edno. The hillfort of Bergidum Flavium, cited by classical authors such as Florus and Orosius, was key to the Romanisation of El Bierzo. Gold mining in the surrounding area, as at the Lagos de Villabuena, cemented the region&#8217;s importance as an economic centre under Roman rule.<\/p>\n\n\n\n<p class=\"wp-block-paragraph\">During the Middle Ages, Cacabelos became a key point on the Camino de Santiago. Churches such as Santa Mar\u00eda de la Plaza and pilgrim hospitals marked the town&#8217;s hospitable character. The granting of fairs by Sancho IV in 1291 provided a major commercial boost.<\/p>\n\n\n\n<p class=\"wp-block-paragraph\">In the 15th century, the town passed to the Marquisate of Villafranca. In the 19th century, Cacabelos became a municipality following the fall of the seigniories. A notable event was the Battle of Cacabelos (1809) during the Peninsular War, in which the French general Colbert fell.<\/p>\n\n\n\n<h3 class=\"wp-block-heading has-text-align-center\">Economy of Cacabelos<\/h3>\n\n\n\n<p class=\"wp-block-paragraph\">Cacabelos is one of the pillars of the <strong>Bierzo Designation of Origin<\/strong>. After the phylloxera crisis of the 19th century, replanting with American varieties marked the resurgence of the vineyards. Today, the municipality is home to an important network of wineries and a wine cooperative recognised both nationally and internationally.<\/p>\n\n\n\n<h3 class=\"wp-block-heading has-text-align-center\">Culture, Heritage and Tourism in Cacabelos<\/h3>\n\n\n\n<h4 class=\"wp-block-heading has-text-align-center\">Archaeological Museum (MARCA)<\/h4>\n\n\n\n<p class=\"wp-block-paragraph\">MARCA is the cultural epicentre of the municipality. Its pre-Roman and Roman period collections are essential to understanding the history of El Bierzo. The museum also serves as a driver of cultural, educational and heritage tourism.<\/p>\n\n\n\n<h3 class=\"wp-block-heading has-text-align-center\">Festivals in Cacabelos<\/h3>\n\n\n\n<ul class=\"wp-block-list\">\n<li><strong>Easter<\/strong>: Patron saint festivities with processions, religious ceremonies and street parties.<\/li>\n\n\n\n<li><strong>Feria de la Cruz de Mayo<\/strong>: Of medieval origin, it retains its importance as a traditional market.<\/li>\n\n\n\n<li><strong>Feria de San Bartolom\u00e9 y San Miguel<\/strong>: Agricultural and livestock celebrations that boost the local economy.<\/li>\n<\/ul>\n\n\n\n<hr class=\"wp-block-separator has-alpha-channel-opacity\"\/>\n\n\n\n<h2 class=\"wp-block-heading\">Infrastructure and Public Services<\/h2>\n\n\n\n<p class=\"wp-block-paragraph\">The municipality has:<\/p>\n\n\n\n<ul class=\"wp-block-list\">\n<li>Regional reference health centre.<\/li>\n\n\n\n<li>Secondary school and public school.<\/li>\n\n\n\n<li>Sports centre and municipal swimming pools.<\/li>\n\n\n\n<li>Retirement home.<\/li>\n\n\n\n<li>Connectivity with Ponferrada and the rest of El Bierzo.<\/li>\n<\/ul>\n\n\n\n<p class=\"wp-block-paragraph\">It is also just 8 km from the Hospital del Bierzo, ensuring specialised medical care.<\/p>\n\n\n\n<h3 class=\"wp-block-heading has-text-align-center\">Demographics and Population Centres<\/h3>\n\n\n\n<p class=\"wp-block-paragraph\">Cacabelos is made up of several localities:<\/p>\n\n\n\n<figure class=\"wp-block-table\"><table class=\"has-fixed-layout\"><thead><tr><th>Locality<\/th><th>Population (2024)<\/th><\/tr><\/thead><tbody><tr><td>Cacabelos<\/td><td>4,233<\/td><\/tr><tr><td>Quil\u00f3s<\/td><td>639<\/td><\/tr><tr><td>Villabuena<\/td><td>195<\/td><\/tr><tr><td>Pieros<\/td><td>36<\/td><\/tr><tr><td>San Clemente<\/td><td>30<\/td><\/tr><tr><td>Arborbuena<\/td><td>19<\/td><\/tr><\/tbody><\/table><\/figure>\n\n\n\n<h3 class=\"wp-block-heading has-text-align-center\">Language and Intangible Heritage<\/h3>\n\n\n\n<p class=\"wp-block-paragraph\">The municipality reflects the historical confluence of Leonese and Galician linguistic elements. This philological richness is expressed both in place names and in traditional speech, creating a unique cultural environment.<\/p>\n\n\n\n<h3 class=\"wp-block-heading has-text-align-center\">Cacabelos<\/h3>\n\n\n\n<p class=\"wp-block-paragraph\"><strong>Cacabelos<\/strong> is not only a living testimony to the history of the north-western peninsula, but also an economic engine based on agriculture, wine and sustainable tourism. Its age-old legacy, its role on the <strong><a href=\"https:\/\/caminodesantiagofrances.com\/en\/\" data-type=\"page\" data-id=\"86\" target=\"_blank\" rel=\"noreferrer noopener\">Camino Frances<\/a><\/strong> and its contemporary dynamism make it an essential landmark within the province of Le\u00f3n and Castilla y Le\u00f3n.<\/p>\n\n\n\n<figure class=\"wp-block-table\"><table class=\"has-fixed-layout\"><tbody><tr><th>Country<\/th><td colspan=\"2\">Spain<\/td><\/tr><tr><th>Autonomous&nbsp;community<\/th><td colspan=\"2\">Castilla y Le\u00f3n<\/td><\/tr><tr><th>Province<\/th><td colspan=\"2\"><strong><a href=\"https:\/\/caminodesantiagofrances.com\/en\/leon-province\/\" target=\"_blank\" data-type=\"page\" data-id=\"6006\" rel=\"noreferrer noopener\">Provincia de Le\u00f3n<\/a><\/strong><\/td><\/tr><tr><th>Comarca<\/th><td colspan=\"2\">El Bierzo\u200b<\/td><\/tr><tr><th>Judicial&nbsp;district<\/th><td colspan=\"2\"><strong><a href=\"https:\/\/caminodesantiagofrances.com\/en\/leon-province\/ponferrada\/\" target=\"_blank\" data-type=\"page\" data-id=\"11776\" rel=\"noreferrer noopener\">Ponferrada<\/a><\/strong><\/td><\/tr><tr><th>Association&nbsp;of&nbsp;municipalities<\/th><td colspan=\"2\">Bierzo Central<br>Agua del Bierzo<br>Bajo Bierzo<\/td><\/tr><tr><th>Location<\/th><td colspan=\"2\">42\u00b035\u203259\u2033N&nbsp;6\u00b043\u203232\u2033O<\/td><\/tr><tr><th>Elevation<\/th><td colspan=\"2\">479\u200b&nbsp;m<\/td><\/tr><tr><th>Area<\/th><td colspan=\"2\">32.66&nbsp;km\u00b2<\/td><\/tr><tr><th>Settlements<\/th><td colspan=\"2\">Arborbuena, <strong>Cacabelos<\/strong>,&nbsp;<strong><a href=\"https:\/\/caminodesantiagofrances.com\/en\/leon-province\/pieros\/\" target=\"_blank\" data-type=\"page\" data-id=\"11808\" rel=\"noreferrer noopener\">Pieros<\/a><\/strong>,&nbsp;Quil\u00f3s,&nbsp;San Clemente&nbsp;and&nbsp;Villabuena<\/td><\/tr><tr><th>Population<\/th><td colspan=\"2\">4,735 inh.&nbsp;(2024)<\/td><\/tr><tr><th>Density<\/th><td colspan=\"2\">157.75 inh.\/km\u00b2<\/td><\/tr><tr><th>Demonym<\/th><td colspan=\"2\">cacabelense<\/td><\/tr><tr><th>Postal code<\/th><td colspan=\"2\">24540<\/td><\/tr><tr><th>Dialling&nbsp;code<\/th><td colspan=\"2\">987<\/td><\/tr><tr><th>Website<\/th><td colspan=\"2\"><a href=\"http:\/\/www.cacabelos.org\/\" rel=\"nofollow noopener\" target=\"_blank\"><strong>www.cacabelos.org<\/strong><\/a><\/td><\/tr><\/tbody><\/table><\/figure>\n","protected":false},"excerpt":{"rendered":"<p>Cacabelos Located in the heart of the Bierzo region, Cacabelos represents a cultural, historical and economic gem of northwestern Spain. With a population of approximately 4,735 inhabitants and an area of 32.66 km\u00b2, this municipality in the Provincia de Le\u00f3n is not only a crossroads of the past \u2014 especially along the Camino Frances \u2014 [&hellip;]<\/p>\n","protected":false},"author":1,"featured_media":0,"parent":6006,"menu_order":0,"comment_status":"closed","ping_status":"closed","template":"","meta":{"footnotes":""},"class_list":["post-11802","page","type-page","status-publish","hentry"],"_links":{"self":[{"href":"https:\/\/caminodesantiagofrances.com\/en\/wp-json\/wp\/v2\/pages\/11802","targetHints":{"allow":["GET"]}}],"collection":[{"href":"https:\/\/caminodesantiagofrances.com\/en\/wp-json\/wp\/v2\/pages"}],"about":[{"href":"https:\/\/caminodesantiagofrances.com\/en\/wp-json\/wp\/v2\/types\/page"}],"author":[{"embeddable":true,"href":"https:\/\/caminodesantiagofrances.com\/en\/wp-json\/wp\/v2\/users\/1"}],"replies":[{"embeddable":true,"href":"https:\/\/caminodesantiagofrances.com\/en\/wp-json\/wp\/v2\/comments?post=11802"}],"version-history":[{"count":0,"href":"https:\/\/caminodesantiagofrances.com\/en\/wp-json\/wp\/v2\/pages\/11802\/revisions"}],"up":[{"embeddable":true,"href":"https:\/\/caminodesantiagofrances.com\/en\/wp-json\/wp\/v2\/pages\/6006"}],"wp:attachment":[{"href":"https:\/\/caminodesantiagofrances.com\/en\/wp-json\/wp\/v2\/media?parent=11802"}],"curies":[{"name":"wp","href":"https:\/\/api.w.org\/{rel}","templated":true}]}}