{"id":12121,"date":"2024-02-18T13:54:53","date_gmt":"2024-02-18T12:54:53","guid":{"rendered":"https:\/\/caminodesantiagofrances.com\/en\/?page_id=12121"},"modified":"2024-10-14T22:04:32","modified_gmt":"2024-10-14T20:04:32","slug":"samos","status":"publish","type":"page","link":"https:\/\/caminodesantiagofrances.com\/en\/provincia-de-lugo\/samos\/","title":{"rendered":"Samos"},"content":{"rendered":"\n<div class=\"wp-block-geodirectory-geodir-widget-map\"><div class=\"geodir-wgt-map bsui sdel-be33299f\" ><!--START geodir-map-wrap-->\n<div class=\"geodir-map-wrap geodir-directory-map-wrap 100 425px overflow-hidden\">\n\t<div id=\"catcher_gd_map_canvas_directory\"><\/div>\n\t<!--START stick_trigger_container-->\n\t<div class=\"stick_trigger_container bsui\">\n\t\t<div class=\"trigger_sticky triggeroff_sticky mt-n5 btn btn-secondary me-n2 me-n2 c-pointer\" style=\"display: none;\">\n\t\t\t<i class=\"fas fa-map-marked-alt\"><\/i>\n\t\t\t<i class=\"fas fa-angle-right\"><\/i>\n\t\t<\/div>\n\t\t<!--end of stick trigger container-->\n\t\t<div class=\"geodir_map_container gd_map_canvas_directory bsui position-relative mw-100\"\n\t\t     id=\"sticky_map_gd_map_canvas_directory\"\n\t\t     style=\"width:100%;min-height:425px;\">\n\t\t\t<!--END map_background-->\n\t\t\t<div class=\"map_background\">\n\t\t\t\t<div class=\"top_banner_section_in clearfix\">\n\t\t\t\t\t<div class=\"gd_map_canvas_directory_TopLeft TopLeft position-absolute bg-white text-muted rounded-sm rounded-1 shadow-sm m-2 px-1 py-1 h5 c-pointer\" style=\"z-index: 3;\">\n\t\t\t\t\t\t<span class=\"triggermap\" id=\"gd_map_canvas_directory_triggermap\">\n\t\t\t\t\t\t\t<i class=\"fas fa-expand-arrows-alt fa-fw fa-width-fixed\" aria-hidden=\"true\"><\/i>\n\t\t\t\t\t\t\t<i class=\"fas fa-compress-arrows-alt fa-fw fa-width-fixed d-none\" aria-hidden=\"true\"><\/i>\n\t\t\t\t\t\t<\/span>\n\t\t\t\t\t<\/div>\n\t\t\t\t\t<div class=\"gd_map_canvas_directory_TopRight TopRight\"><\/div>\n\t\t\t\t\t<div id=\"gd_map_canvas_directory_wrapper\" class=\"main_map_wrapper\" style=\"height:425px;width:100%;\">\n\t\t\t\t\t\t<div class=\"iprelative position-relative\">\n\t\t\t\t\t\t\t<div id=\"gd_map_canvas_directory\" class=\"geodir-map-canvas\" data-map-type=\"directory\" data-map-canvas=\"gd_map_canvas_directory\" style=\"height:425px;width:100%;z-index: 0;\" ><\/div>\n\t\t\t\t\t\t\t<div id=\"gd_map_canvas_directory_loading_div\" class=\"loading_div overlay overlay-black position-absolute row m-0\" style=\"height:425px;width:100%;top:0;z-index: 2;\">\n\t\t\t\t\t\t\t\t<div class=\"spinner-border mx-auto align-self-center text-white\" role=\"status\">\n\t\t\t\t\t\t\t\t\t<span class=\"visually-hidden\">Loading&#8230;<\/span>\n\t\t\t\t\t\t\t\t<\/div>\n\t\t\t\t\t\t\t<\/div>\n\t\t\t\t\t\t\t<div id=\"gd_map_canvas_directory_map_nofound\"\n\t\t\t\t\t\t\t     class=\"advmap_nofound position-absolute row m-0 z-index-1\"\n\t\t\t\t\t\t\t     style=\"display:none;transform: translate(-50%, -50%);top:50%;left:50%;opacity: .85;pointer-events: none;\">\n\t\t\t\t\t\t\t\t<div class=\"alert alert-info text-center mx-auto align-self-center shadow-lg mb-0\">\n\t\t\t\t\t\t\t\t\t<div class='h3 alert-heading'>No Records Found<\/div><p> Sorry, no records were found. Please adjust your search criteria and try again.<\/p>\t\t\t\t\t\t\t\t<\/div>\n\t\t\t\t\t\t\t<\/div>\n\t\t\t\t\t\t\t<div id=\"gd_map_canvas_directory_map_notloaded\"\n\t\t\t\t\t\t\t     class=\"advmap_notloaded position-absolute row m-0 z-index-1\"\n\t\t\t\t\t\t\t     style=\"display:none;transform: translate(-50%, -50%);top:50%;left:50%;opacity: .85;pointer-events: none;\">\n\t\t\t\t\t\t\t\t<div class=\"alert alert-danger text-center mx-auto align-self-center shadow-lg mb-0\">\n\t\t\t\t\t\t\t\t\t<div class='h3 alert-heading'>Maps failed to load<\/div><p> Sorry, unable to load the Maps API.<\/p>\t\t\t\t\t\t\t\t<\/div>\n\t\t\t\t\t\t\t<\/div>\n\t\t\t\t\t\t<\/div>\n\t\t\t\t\t<\/div>\n\t\t\t\t\t<div class=\"gd_map_canvas_directory_BottomLeft BottomLeft\"><\/div>\n\t\t\t\t<\/div>\n\t\t\t<\/div><!--END map_background-->\n\t\t\t\t\t<\/div>\n\t\t<style>.geodir_map_container .poi-info-window .full-width{width:180px;position:relative;margin-left:inherit;left:inherit;}.geodir-map-canvas .gm-style img{max-width:none;box-shadow:none!important}.geodir-map-canvas .leaflet-tile-container img{box-shadow:none!important}<\/style>\n<script type=\"text\/javascript\">\nwindow.gdBaseLat = 0;\nwindow.gdBaseLng = 0;\nwindow.gdBaseZoom = 0;\njQuery(function ($) {\n\t\t\t\t\tvar gdMapCanvas = 'gd_map_canvas_directory';\n\t\t\tbuild_map_ajax_search_param(gdMapCanvas, false);\t\t\t\t\t\t\t\t\t\t\t\tvar screenH, heightVH, ptypeH = 0;\n\t\t\tscreenH = $(window).height();\n\t\t\theightVH = parseFloat('425');\n\t\t\tif ($(\"#\" + gdMapCanvas + \"_posttype_menu\").length) {\n\t\t\t\tptypeH = $(\"#\" + gdMapCanvas + \"_posttype_menu\").outerHeight();\n\t\t\t}\n\t\t\t$(\"#\" + gdMapCanvas + \"_cat\").css(\"max-height\", heightVH - ptypeH + 'px');\n\t\t\t});\n<\/script>\n\t\t\t<\/div><!--END stick_trigger_container-->\n<\/div><!--END geodir-map-wrap-->\n<style>body.stickymap_hide .stickymap{display:none!important}body.stickymap_hide .stick_trigger_container .fa-angle-right{transform:rotate(180deg)}body.body_fullscreen>.stick_trigger_container{width:100vw;height:100vh;position:fixed;z-index:50000}body.gd-google-maps .geodir-map-wrap .geodir-map-cat-filter-wrap{margin-bottom:14px!important}body.gd-osm-gmaps .geodir-map-wrap .geodir-map-cat-filter-wrap{margin-bottom:16.5px!important}<\/style>\n<\/div><\/div>\n\n\n\n<hr class=\"wp-block-separator has-alpha-channel-opacity\"\/>\n\n\n\n<h2 class=\"wp-block-heading has-text-align-center\">Samos<\/h2>\n\n\n\n<p class=\"wp-block-paragraph\"><strong>Samos<\/strong>&nbsp;es un municipio&nbsp;espa\u00f1ol&nbsp;de la&nbsp;<strong><a href=\"https:\/\/caminodesantiagofrances.com\/en\/provincia-de-lugo\/\" target=\"_blank\" rel=\"noreferrer noopener\">Provincia de Lugo<\/a><\/strong>, comunidad aut\u00f3noma de&nbsp;Galicia, en el&nbsp;<strong><a href=\"https:\/\/caminodesantiagofrances.com\/en\/\">Camino de Santiago Franc\u00e9s<\/a><\/strong>. Pertenece a la&nbsp;<strong>comarca de&nbsp;<a href=\"https:\/\/caminodesantiagofrances.com\/en\/provincia-de-lugo\/sarria\/\" target=\"_blank\" rel=\"noreferrer noopener\">Sarria<\/a><\/strong>.<\/p>\n\n\n\n<hr class=\"wp-block-separator has-alpha-channel-opacity\"\/>\n\n\n\n<h2 class=\"wp-block-heading has-text-align-center\"><strong>Alojamientos en Samos<\/strong><\/h2>\n\n\n\n<div class=\"wp-block-geodirectory-geodir-widget-listings\"><div class=\"geodir-listings bsui sdel-9a1d50b7\" >\t\t<div id=\"geodir_6a9d6a4ea63bc\" class=\"geodir_locations geodir_location_listing\n\t\t\t\t\t\t\t mb-3\t\t position-relative\">\n\t\t\t\t<div\n\t\tclass=\"row row-cols-1 row-cols-sm-2 geodir-category-list-view geodir-widget-posts geodir-gridview row-cols-md-2\">\n\t\t\n<div class=\"col mb-4 geodir-post post-13818 gd_place type-gd_place status-publish has-post-thumbnail gd-post-pkg-1\" data-post-id=\"13818\">\n\t\t<div class=\"card h-100 p-0 m-0 mw-100  \">\n\t<div class=\"card p-0 mw-100 h-100 \"><div class=\"card-img-top overflow-hidden position-relative  \"><span class=\"bsui gd-badge-meta\"><a href=\"https:\/\/caminodesantiagofrances.com\/en\/lo\/categoria\/albergue\/\" class=\"gd-badge border-0 badge ab-bottom-left ms-1\"  data-id=\"13818\"  data-badge=\"default_category\"  data-badge-condition=\"is_not_empty\"  style=\"background-color:rgba(0,0,0,0.5);border-color:rgba(0,0,0,0.5);color:#ffffff;\"  >Albergue<\/a>\n<\/span><div class=\"geodir_post_meta gd-fav-info-wrap  gd-fav-hide-text ab-bottom-right me-1  mb-n1  me-1 mb-n1 ab-bottom-right\" >\t\t<span class=\"gd-list-favorite\">\n\t\t\t<span class=\"geodir-addtofav favorite_property_13818  h5\" aria-hidden=\"true\"><span  title=\"Add to Favourites\"  class=\"geodir-addtofav-icon c-pointer geodir-act-fav\"  data-color-on=\"#ff0000\"  data-icon=\"fas fa-heart\"  data-color-off=\"rgba(223,223,223,0.8)\"  data-text-color=\"\"  data-bs-toggle=\"tooltip\"  aria-hidden=\"true\"  onclick=\"javascript:window.location.href='https:\/\/caminodesantiagofrances.com\/en\/wp-login.php'\"  ><i class=\"fas fa-heart\"  style=\"color:rgba(223,223,223,0.8);\" ><\/i> <span class=\"geodir-fav-text gv-secondary visually-hidden\" style=\"\" aria-hidden=\"true\">Favourite<\/span><\/span>\n<\/span>\t\t<\/span>\n\t\t<\/div><div class=\"geodir-post-slider bsui sdel-03994e04\" ><div class=\"geodir-image-container geodir-image-sizes-medium_large overflow-hidden\">\n\t\t\t<div class=\"geodir-images aui-gallery geodir-images-n-1 geodir-images-image carousel-inner \">\n\t\t<div class=\"carousel-item active\"><a href='https:\/\/caminodesantiagofrances.com\/en\/lo\/albergue-monasterio-de-samos\/' class='geodir-link-image embed-has-action ratio ratio-16x9 ratio ratio-16x9 d-block'><img src='data:image\/png;base64,iVBORw0KGgoAAAANSUhEUgAAAGQAAAABCAQAAACC0sM2AAAADklEQVR42mP8X88wLAAAK5IBgMYCdqgAAAAASUVORK5CYII=' data-src=\"https:\/\/caminodesantiagofrances.com\/en\/wp-content\/uploads\/sites\/3\/2024\/10\/Albergue-Monasterio-de-Samos-Camino-de-Santiago-Frances_2-768x403.jpg\" alt=\"Albergue Monasterio de Samos Camino de Santiago Frances 2 768x403\" width=\"768\" height=\"403\" class=\"geodir-lazy-load align size-medium_large geodir-image-500 embed-item-cover-xy w-100 p-0 m-0 mw-100 border-0\" data-srcset=\"https:\/\/caminodesantiagofrances.com\/en\/wp-content\/uploads\/sites\/3\/2024\/10\/Albergue-Monasterio-de-Samos-Camino-de-Santiago-Frances_2-768x403.jpg 768w, https:\/\/caminodesantiagofrances.com\/en\/wp-content\/uploads\/sites\/3\/2024\/10\/Albergue-Monasterio-de-Samos-Camino-de-Santiago-Frances_2-300x158.jpg 300w, https:\/\/caminodesantiagofrances.com\/en\/wp-content\/uploads\/sites\/3\/2024\/10\/Albergue-Monasterio-de-Samos-Camino-de-Santiago-Frances_2-1024x538.jpg 1024w, https:\/\/caminodesantiagofrances.com\/en\/wp-content\/uploads\/sites\/3\/2024\/10\/Albergue-Monasterio-de-Samos-Camino-de-Santiago-Frances_2.jpg 1200w\" sizes=\"(max-width: 768px) 100vw, 768px\" \/><i class=\"fas fa-link w-auto h-auto\" aria-hidden=\"true\"><\/i><\/a><\/div>\t\t<\/div>\n\t\t<\/div>\n<\/div><\/div><div class=\"card-body p-2  \"><div class=\"row justify-content-center gv-hide-3 gv-hide-0\"><div class=\"col col-4 text-center tofront \"><a href=\"https:\/\/caminodesantiagofrances.com\/en\/author\/caminodesantiagofrances-com\/\" title=\"caminodesantiagofrances-com\"><img decoding=\"async\" style=\"max-height:75px;\" class=\"rounded-circle shadow border border-white border-width-4 p-0 mw-100 mt-n5 bg-white\" src=\"https:\/\/secure.gravatar.com\/avatar\/03aa5dc32308904f80a38258afc0335b43d4b2bec3418626e4f8712b71c3b93e?s=96&#038;d=mm&#038;r=g\" alt=\"Author Image\"><\/a><\/div><\/div><div class=\"geodir-post-title bsui sdel-caa60b10\" ><h3 class=\"geodir-entry-title  h5 \"><a href=\"https:\/\/caminodesantiagofrances.com\/en\/lo\/albergue-monasterio-de-samos\/\" class=\"\" title=\"View: Albergue Monasterio de Samos\">Albergue Monasterio de Samos<\/a><\/h3><\/div><div class=\"geodir-post-content-container bsui sdel-1e477937\" ><div class=\"geodir_post_meta  text-justify pb-1 position-relative geodir-field-post_content\" >Albergue de Peregrinos del Monasterio de Samos El albergue de peregrinos que se encuentra en el Monasterio de Samos es<\/div><\/div><\/div><div class=\"card-footer p-2  \"><div class='d-flex justify-content-between align-items-center flex-wrap'><div><\/div><div><\/div><\/div><\/div><\/div>\t<\/div>\n\t<\/div>\n\t<\/div>\n\t\t<\/div>\n\t\t<\/div><\/div>\n\n\n\n<hr class=\"wp-block-separator has-alpha-channel-opacity\"\/>\n\n\n\n<h3 class=\"wp-block-heading has-text-align-center\">Geograf\u00eda Samos<\/h3>\n\n\n\n<p class=\"wp-block-paragraph\">Situada a una distancia de aproximadamente 11 kil\u00f3metros de <strong><a href=\"https:\/\/caminodesantiagofrances.com\/en\/provincia-de-lugo\/sarria\/\" target=\"_blank\" rel=\"noreferrer noopener\">Sarria<\/a><\/strong> y a unos 45 kil\u00f3metros de la ciudad de Lugo, esta encantadora villa es un punto de paso esencial para todos aquellos <strong><a href=\"https:\/\/caminodesantiagofrances.com\/en\/peregrinos\/\" data-type=\"page\" data-id=\"5880\">peregrinos<\/a><\/strong> que est\u00e1n en su camino hacia la <strong><a href=\"https:\/\/caminodesantiagofrances.com\/en\/lo\/catedral-de-santiago\/\" target=\"_blank\" data-type=\"gd_place\" data-id=\"12591\" rel=\"noreferrer noopener\">Catedral de Santiago<\/a><\/strong> en la ciudad de <strong><a href=\"https:\/\/caminodesantiagofrances.com\/en\/provincia-a-coruna\/santiago-de-compostela\/\" target=\"_blank\" data-type=\"page\" data-id=\"12306\" rel=\"noreferrer noopener\">Santiago de Compostela<\/a><\/strong>. Debido a su ubicaci\u00f3n estrat\u00e9gica en la ruta, muchos de estos peregrinos eligen pasar la noche en el acogedor hospedaje que ofrecen los monjes benedictinos, quienes residen en la <strong>Real Abad\u00eda Benedictina de San Juli\u00e1n de Samos<\/strong>. Esta abad\u00eda no solo es notable por su hospitalidad, sino que tambi\u00e9n es reconocida como uno de los centros religiosos m\u00e1s significativos de toda Galicia. La historia de esta abad\u00eda se remonta al siglo sexto, una \u00e9poca en la que los Suevos habitaban los territorios que hoy en d\u00eda conocemos como Galicia. Esta rica herencia cultural y religiosa a\u00f1ade un profundo significado a la experiencia de los peregrinos, quienes pueden sentirse conectados no solo con su viaje personal, sino tambi\u00e9n con la historia de este lugar tan especial.<\/p>\n\n\n\n<h3 class=\"wp-block-heading has-text-align-center\">Organizaci\u00f3n territorial Samos<\/h3>\n\n\n\n<p class=\"wp-block-paragraph\">El municipio est\u00e1 compuesto por un total de ciento diecinueve entidades de poblaci\u00f3n. Estas entidades est\u00e1n organizadas y distribuidas en veinticuatro parroquias diferentes.<\/p>\n\n\n\n<div class=\"wp-block-columns\">\n<div class=\"wp-block-column\">\n<ul id=\"block-97984a01-a81c-46ee-831a-0ee1a76d84e7\" class=\"wp-block-list\">\n<li>Carballo&nbsp;(San Xil)<\/li>\n\n\n\n<li>Castronc\u00e1n&nbsp;(Santa Marta)<\/li>\n\n\n\n<li>Couto&nbsp;(San Mamede)\u200b<\/li>\n\n\n\n<li>Estragiz\u200b<\/li>\n\n\n\n<li>Formigueiros&nbsp;(Santiago)<\/li>\n\n\n\n<li>Freijo\u200b<\/li>\n\n\n\n<li>Froll\u00e1is\u200b<\/li>\n\n\n\n<li>Gundriz&nbsp;(San Andr\u00e9s)\u200b<\/li>\n\n\n\n<li>Loureiro&nbsp;(Santa Mar\u00eda)<\/li>\n\n\n\n<li>Lousada&nbsp;(San Marti\u00f1o)<\/li>\n\n\n\n<li>L\u00f3zara&nbsp;(San Crist\u00f3bal)\u200b<\/li>\n\n\n\n<li>Mont\u00e1n&nbsp;(Santa Mar\u00eda)<\/li>\n<\/ul>\n<\/div>\n\n\n\n<div class=\"wp-block-column\">\n<ul class=\"wp-block-list\">\n<li>Pasc\u00e1is\u200b (Santa Eulalia)\u200b<\/li>\n\n\n\n<li>Real&nbsp;(San Crist\u00f3bal)\u200b<\/li>\n\n\n\n<li>Reiriz&nbsp;(San Estebo)\u200b<\/li>\n\n\n\n<li>Renche&nbsp;(Santiago)<\/li>\n\n\n\n<li>Romelle&nbsp;(San Marti\u00f1o)<\/li>\n\n\n\n<li>Samos&nbsp;(Santa Xertrude)<\/li>\n\n\n\n<li>San Juan de L\u00f3zara&nbsp;(San Juan)\u200b<\/li>\n\n\n\n<li>San Mart\u00edn de Real&nbsp;(San Mart\u00edn)\u200b<\/li>\n\n\n\n<li>Santalla&nbsp;(San Xos\u00e9)<\/li>\n\n\n\n<li>Su\u00f1iz\u200b<\/li>\n\n\n\n<li>Teivillid\u200b<\/li>\n\n\n\n<li>Zo\u00f3&nbsp;(Santiago)<\/li>\n<\/ul>\n<\/div>\n<\/div>\n\n\n\n<p class=\"wp-block-paragraph\"><\/p>\n\n\n\n<h2 class=\"wp-block-heading\" id=\"Fiestas\">Fiestas Samos<\/h2>\n\n\n\n<ul class=\"wp-block-list\">\n<li><strong>San Benito<\/strong>, el 11 de julio.<\/li>\n\n\n\n<li><strong>Santa Basilisa<\/strong>, patrona del monasterio, el 9 de enero.<\/li>\n\n\n\n<li>Romer\u00eda de&nbsp;<strong>San Roque<\/strong>, en&nbsp;Santalla de L\u00f3uzara, el 16 de agosto.<\/li>\n<\/ul>\n\n\n\n<hr class=\"wp-block-separator has-alpha-channel-opacity\"\/>\n\n\n\n<h2 class=\"wp-block-heading has-text-align-center\">Samos<\/h2>\n\n\n\n<figure class=\"wp-block-table\"><table class=\"has-fixed-layout\"><tbody><tr><th>Pa\u00eds<\/th><td colspan=\"2\">Espa\u00f1a<\/td><\/tr><tr><th>Com.&nbsp;aut\u00f3noma<\/th><td colspan=\"2\">Galicia<\/td><\/tr><tr><th>Provincia<\/th><td colspan=\"2\">Lugo<\/td><\/tr><tr><th>Comarca<\/th><td colspan=\"2\">Sarria<\/td><\/tr><tr><th>Partido&nbsp;judicial<\/th><td colspan=\"2\">Sarria<\/td><\/tr><tr><th>Ubicaci\u00f3n<\/th><td colspan=\"2\">42\u00b043\u203250\u2033N&nbsp;7\u00b019\u203236\u2033O<\/td><\/tr><tr><th>Altitud<\/th><td colspan=\"2\">700&nbsp;m<\/td><\/tr><tr><th>Superficie<\/th><td colspan=\"2\">136,77&nbsp;km\u00b2<\/td><\/tr><tr><th>Parroquias<\/th><td colspan=\"2\">24<\/td><\/tr><tr><th>Poblaci\u00f3n<\/th><td colspan=\"2\">1210 hab.&nbsp;(2023)<\/td><\/tr><tr><th>Densidad<\/th><td colspan=\"2\">9,82 hab.\/km\u00b2<\/td><\/tr><tr><th>Gentilicio<\/th><td colspan=\"2\">samiense\u200b<br>sononense\u200b<br>sononiense\u200b<\/td><\/tr><tr><th>C\u00f3digo postal<\/th><td colspan=\"2\">27620<\/td><\/tr><tr><th>Pref.&nbsp;telef\u00f3nico<\/th><td colspan=\"2\">982<\/td><\/tr><tr><th>Alcaldesa&nbsp;(2023)<\/th><td colspan=\"2\">Mar\u00eda Jes\u00fas L\u00f3pez L\u00f3pez<\/td><\/tr><tr><th>Sitio web<\/th><td colspan=\"2\"><a href=\"http:\/\/www.concellosamos.es\/\" target=\"_blank\" rel=\"noreferrer noopener nofollow\"><strong>www.concellosamos.es\/<\/strong><\/a><\/td><\/tr><\/tbody><\/table><\/figure>\n\n\n\n<hr class=\"wp-block-separator has-alpha-channel-opacity\"\/>\n\n\n<p><nav aria-label=\"breadcrumbs\" class=\"rank-math-breadcrumb\"><p><span class=\"last\">Camino de Santiago Franc\u00e9s<\/span><\/p><\/nav><\/p>\n","protected":false},"excerpt":{"rendered":"<p>Samos Samos&nbsp;es un municipio&nbsp;espa\u00f1ol&nbsp;de la&nbsp;Provincia de Lugo, comunidad aut\u00f3noma de&nbsp;Galicia, en el&nbsp;Camino de Santiago Franc\u00e9s. Pertenece a la&nbsp;comarca de&nbsp;Sarria. Alojamientos en Samos Geograf\u00eda Samos Situada a una distancia de aproximadamente 11 kil\u00f3metros de Sarria y a unos 45 kil\u00f3metros de la ciudad de Lugo, esta encantadora villa es un punto de paso esencial para todos [&hellip;]<\/p>\n","protected":false},"author":1,"featured_media":0,"parent":6065,"menu_order":0,"comment_status":"closed","ping_status":"closed","template":"","meta":{"footnotes":""},"class_list":["post-12121","page","type-page","status-publish","hentry"],"_links":{"self":[{"href":"https:\/\/caminodesantiagofrances.com\/en\/wp-json\/wp\/v2\/pages\/12121","targetHints":{"allow":["GET"]}}],"collection":[{"href":"https:\/\/caminodesantiagofrances.com\/en\/wp-json\/wp\/v2\/pages"}],"about":[{"href":"https:\/\/caminodesantiagofrances.com\/en\/wp-json\/wp\/v2\/types\/page"}],"author":[{"embeddable":true,"href":"https:\/\/caminodesantiagofrances.com\/en\/wp-json\/wp\/v2\/users\/1"}],"replies":[{"embeddable":true,"href":"https:\/\/caminodesantiagofrances.com\/en\/wp-json\/wp\/v2\/comments?post=12121"}],"version-history":[{"count":0,"href":"https:\/\/caminodesantiagofrances.com\/en\/wp-json\/wp\/v2\/pages\/12121\/revisions"}],"up":[{"embeddable":true,"href":"https:\/\/caminodesantiagofrances.com\/en\/wp-json\/wp\/v2\/pages\/6065"}],"wp:attachment":[{"href":"https:\/\/caminodesantiagofrances.com\/en\/wp-json\/wp\/v2\/media?parent=12121"}],"curies":[{"name":"wp","href":"https:\/\/api.w.org\/{rel}","templated":true}]}}