{"id":12306,"date":"2024-02-25T10:43:05","date_gmt":"2024-02-25T09:43:05","guid":{"rendered":"https:\/\/caminodesantiagofrances.com\/en\/?page_id=12306"},"modified":"2026-01-23T16:46:13","modified_gmt":"2026-01-23T15:46:13","slug":"santiago-de-compostela","status":"publish","type":"page","link":"https:\/\/caminodesantiagofrances.com\/en\/provincia-a-coruna\/santiago-de-compostela\/","title":{"rendered":"Santiago de Compostela"},"content":{"rendered":"\n<div class=\"wp-block-geodirectory-geodir-widget-map\"><div class=\"geodir-wgt-map bsui sdel-16017229\" ><!--START geodir-map-wrap-->\n<div class=\"geodir-map-wrap geodir-directory-map-wrap 100 425px overflow-hidden\">\n\t<div id=\"catcher_gd_map_canvas_directory\"><\/div>\n\t<!--START stick_trigger_container-->\n\t<div class=\"stick_trigger_container bsui\">\n\t\t<div class=\"trigger_sticky triggeroff_sticky mt-n5 btn btn-secondary me-n2 me-n2 c-pointer\" style=\"display: none;\">\n\t\t\t<i class=\"fas fa-map-marked-alt\"><\/i>\n\t\t\t<i class=\"fas fa-angle-right\"><\/i>\n\t\t<\/div>\n\t\t<!--end of stick trigger container-->\n\t\t<div class=\"geodir_map_container gd_map_canvas_directory bsui position-relative mw-100\"\n\t\t     id=\"sticky_map_gd_map_canvas_directory\"\n\t\t     style=\"width:100%;min-height:425px;\">\n\t\t\t<!--END map_background-->\n\t\t\t<div class=\"map_background\">\n\t\t\t\t<div class=\"top_banner_section_in clearfix\">\n\t\t\t\t\t<div class=\"gd_map_canvas_directory_TopLeft TopLeft position-absolute bg-white text-muted rounded-sm rounded-1 shadow-sm m-2 px-1 py-1 h5 c-pointer\" style=\"z-index: 3;\">\n\t\t\t\t\t\t<span class=\"triggermap\" id=\"gd_map_canvas_directory_triggermap\">\n\t\t\t\t\t\t\t<i class=\"fas fa-expand-arrows-alt fa-fw fa-width-fixed\" aria-hidden=\"true\"><\/i>\n\t\t\t\t\t\t\t<i class=\"fas fa-compress-arrows-alt fa-fw fa-width-fixed d-none\" aria-hidden=\"true\"><\/i>\n\t\t\t\t\t\t<\/span>\n\t\t\t\t\t<\/div>\n\t\t\t\t\t<div class=\"gd_map_canvas_directory_TopRight TopRight\"><\/div>\n\t\t\t\t\t<div id=\"gd_map_canvas_directory_wrapper\" class=\"main_map_wrapper\" style=\"height:425px;width:100%;\">\n\t\t\t\t\t\t<div class=\"iprelative position-relative\">\n\t\t\t\t\t\t\t<div id=\"gd_map_canvas_directory\" class=\"geodir-map-canvas\" data-map-type=\"directory\" data-map-canvas=\"gd_map_canvas_directory\" style=\"height:425px;width:100%;z-index: 0;\" ><\/div>\n\t\t\t\t\t\t\t<div id=\"gd_map_canvas_directory_loading_div\" class=\"loading_div overlay overlay-black position-absolute row m-0\" style=\"height:425px;width:100%;top:0;z-index: 2;\">\n\t\t\t\t\t\t\t\t<div class=\"spinner-border mx-auto align-self-center text-white\" role=\"status\">\n\t\t\t\t\t\t\t\t\t<span class=\"visually-hidden\">Loading&#8230;<\/span>\n\t\t\t\t\t\t\t\t<\/div>\n\t\t\t\t\t\t\t<\/div>\n\t\t\t\t\t\t\t<div id=\"gd_map_canvas_directory_map_nofound\"\n\t\t\t\t\t\t\t     class=\"advmap_nofound position-absolute row m-0 z-index-1\"\n\t\t\t\t\t\t\t     style=\"display:none;transform: translate(-50%, -50%);top:50%;left:50%;opacity: .85;pointer-events: none;\">\n\t\t\t\t\t\t\t\t<div class=\"alert alert-info text-center mx-auto align-self-center shadow-lg mb-0\">\n\t\t\t\t\t\t\t\t\t<div class='h3 alert-heading'>No Records Found<\/div><p> Sorry, no records were found. Please adjust your search criteria and try again.<\/p>\t\t\t\t\t\t\t\t<\/div>\n\t\t\t\t\t\t\t<\/div>\n\t\t\t\t\t\t\t<div id=\"gd_map_canvas_directory_map_notloaded\"\n\t\t\t\t\t\t\t     class=\"advmap_notloaded position-absolute row m-0 z-index-1\"\n\t\t\t\t\t\t\t     style=\"display:none;transform: translate(-50%, -50%);top:50%;left:50%;opacity: .85;pointer-events: none;\">\n\t\t\t\t\t\t\t\t<div class=\"alert alert-danger text-center mx-auto align-self-center shadow-lg mb-0\">\n\t\t\t\t\t\t\t\t\t<div class='h3 alert-heading'>Maps failed to load<\/div><p> Sorry, unable to load the Maps API.<\/p>\t\t\t\t\t\t\t\t<\/div>\n\t\t\t\t\t\t\t<\/div>\n\t\t\t\t\t\t<\/div>\n\t\t\t\t\t<\/div>\n\t\t\t\t\t<div class=\"gd_map_canvas_directory_BottomLeft BottomLeft\"><\/div>\n\t\t\t\t<\/div>\n\t\t\t<\/div><!--END map_background-->\n\t\t\t\t\t<\/div>\n\t\t<style>.geodir_map_container .poi-info-window .full-width{width:180px;position:relative;margin-left:inherit;left:inherit;}.geodir-map-canvas .gm-style img{max-width:none;box-shadow:none!important}.geodir-map-canvas .leaflet-tile-container img{box-shadow:none!important}<\/style>\n<script type=\"text\/javascript\">\nwindow.gdBaseLat = 0;\nwindow.gdBaseLng = 0;\nwindow.gdBaseZoom = 0;\njQuery(function ($) {\n\t\t\t\t\tvar gdMapCanvas = 'gd_map_canvas_directory';\n\t\t\tbuild_map_ajax_search_param(gdMapCanvas, false);\t\t\t\t\t\t\t\t\t\t\t\tvar screenH, heightVH, ptypeH = 0;\n\t\t\tscreenH = $(window).height();\n\t\t\theightVH = parseFloat('425');\n\t\t\tif ($(\"#\" + gdMapCanvas + \"_posttype_menu\").length) {\n\t\t\t\tptypeH = $(\"#\" + gdMapCanvas + \"_posttype_menu\").outerHeight();\n\t\t\t}\n\t\t\t$(\"#\" + gdMapCanvas + \"_cat\").css(\"max-height\", heightVH - ptypeH + 'px');\n\t\t\t});\n<\/script>\n\t\t\t<\/div><!--END stick_trigger_container-->\n<\/div><!--END geodir-map-wrap-->\n<style>body.stickymap_hide .stickymap{display:none!important}body.stickymap_hide .stick_trigger_container .fa-angle-right{transform:rotate(180deg)}body.body_fullscreen>.stick_trigger_container{width:100vw;height:100vh;position:fixed;z-index:50000}body.gd-google-maps .geodir-map-wrap .geodir-map-cat-filter-wrap{margin-bottom:14px!important}body.gd-osm-gmaps .geodir-map-wrap .geodir-map-cat-filter-wrap{margin-bottom:16.5px!important}<\/style>\n<\/div><\/div>\n\n\n\n<div class=\"wp-block-geodirectory-geodir-widget-search\"><div class=\"geodir-search-container bsui sdel-6b5e8662\" ><div class=\"geodir-search-form-wrapper mb-3\">\n\t<form class=\"w-100 d-block geodir-listing-search gd-search-bar-style geodir-search-show-all\" data-show=\"\" name=\"geodir-listing-search\" action=\"https:\/\/caminodesantiagofrances.com\/en\/buscar\/\" method=\"get\" style=\"box-sizing:content-box;\">\n\t\t<input type=\"hidden\" name=\"geodir_search\" value=\"1\" \/>\n\t\t\n\t\t<div class=\"geodir-search row gap-2 gy-2 px-3 align-items-center\" style=\"row-gap:0!important;\">\n\t\t\t\t<input type=\"hidden\" name=\"stype\" value=\"gd_place\" data-slug=\"lo\" \/><div class='gd-search-field-search col-auto flex-fill\n px-0' style=\"flex-grow:9999 !important;\" data-rule-key=\"s\" data-rule-type=\"text\">\n\t<div class=\"\" ><label class=\"visually-hidden form-label\">Search for<\/label><div class=\"input-group-inside position-relative w-100\" ><div class=\"input-group-text  bg-transparent border-0\"><span class=\"geodir-search-input-label hover-swap text-muted\" onclick=\"jQuery('.search_text').val('').trigger('change').trigger('keyup');\" aria-hidden=\"true\"><i class=\"fas fa-search hover-content-original\"><\/i><i class=\"fas fa-times geodir-search-input-label-clear hover-content c-pointer\" title=\"Clear field\"><\/i><\/span><\/div><input type=\"text\"  name=\"s\"  placeholder=\"Search for\"  class=\"form-control search_text gd_search_text w-100\"  onkeydown=\"if(event.keyCode == 13) geodir_click_search(this);\"  onClick=\"this.select();\"  autocomplete=\"off\"  size=\"16\"  aria-label=\"Search for\" ><\/div><\/div><\/div>\n<div class='gd-search-field-near col-auto flex-fill\n px-0' style=\"flex-grow:9999 !important;\" data-rule-key=\"near\" data-rule-type=\"text\">\n\t<div class=\"\" ><label class=\"visually-hidden visually-hidden form-label\">Near<\/label><div class=\"input-group-inside position-relative w-100\" ><div class=\"input-group-text  bg-transparent border-0\"><span class=\"geodir-search-input-label hover-swap text-muted\" onclick=\"jQuery('.snear').val('').trigger('change').trigger('keyup');jQuery('.sgeo_lat,.sgeo_lon').val('');\" aria-hidden=\"true\"><i class=\"fas fa-map-marker-alt hover-content-original\"><\/i><i class=\"fas fa-times geodir-search-input-label-clear hover-content c-pointer\" title=\"Clear field\"><\/i><\/span><\/div><input type=\"text\"  name=\"snear\"  placeholder=\"Near\"  class=\"form-control snear w-100\"  onkeydown=\"javascript: if(event.keyCode == 13) geodir_click_search(this);\"  onClick=\"this.select();\"  autocomplete=\"off\"  size=\"16\"  aria-label=\"Near\"  data-bs-toggle=\"dropdown\"  data-bs-flip=\"false\" ><\/div><\/div><\/div>\n<div class='gd-search-field-search col-auto flex-grow-1 px-0'>\n\t<div class=''>\n\t\t<button type=\"button\"  class=\"geodir_submit_search btn w-100 btn-primary\"  data-title=\"fas fa-search\"  aria-label=\"Search\"  ><i class=\"fas fas fa-search\" aria-hidden=\"true\"><\/i><span class=\"visually-hidden\">Search<\/span><\/button>\n\t<\/div>\n<\/div>\n\t\t<\/div>\n\t\t\t\t<input name=\"sgeo_lat\" class=\"sgeo_lat\" type=\"hidden\" value=\"\"\/>\n\t\t<input name=\"sgeo_lon\" class=\"sgeo_lon\" type=\"hidden\" value=\"\"\/>\n\t\t<input class=\"geodir-location-search-type\" name=\"\" type=\"hidden\" value=\"\"><div class=\"geodir-keep-args\" style=\"display:none!important\">{&#8220;hide_search_input&#8221;:false,&#8221;hide_near_input&#8221;:false,&#8221;input_size&#8221;:&#8221;&#8221;,&#8221;bar_flex_wrap&#8221;:&#8221;&#8221;,&#8221;bar_flex_wrap_md&#8221;:&#8221;&#8221;,&#8221;bar_flex_wrap_lg&#8221;:&#8221;&#8221;,&#8221;input_border&#8221;:&#8221;&#8221;,&#8221;input_border_opacity&#8221;:&#8221;&#8221;,&#8221;input_rounded_size&#8221;:&#8221;&#8221;,&#8221;btn_bg&#8221;:&#8221;&#8221;,&#8221;btn_rounded_size&#8221;:&#8221;&#8221;,&#8221;btn_rounded_size_md&#8221;:&#8221;&#8221;,&#8221;btn_rounded_size_lg&#8221;:&#8221;&#8221;,&#8221;bg&#8221;:&#8221;&#8221;,&#8221;mt&#8221;:&#8221;&#8221;,&#8221;mr&#8221;:&#8221;&#8221;,&#8221;mb&#8221;:&#8221;3&#8243;,&#8221;ml&#8221;:&#8221;&#8221;,&#8221;pt&#8221;:&#8221;&#8221;,&#8221;pr&#8221;:&#8221;&#8221;,&#8221;pb&#8221;:&#8221;&#8221;,&#8221;pl&#8221;:&#8221;&#8221;,&#8221;border&#8221;:&#8221;&#8221;,&#8221;rounded&#8221;:&#8221;&#8221;,&#8221;rounded_size&#8221;:&#8221;&#8221;,&#8221;rounded_size_md&#8221;:&#8221;&#8221;,&#8221;rounded_size_lg&#8221;:&#8221;&#8221;,&#8221;shadow&#8221;:&#8221;&#8221;,&#8221;css_class&#8221;:&#8221;&#8221;}<\/div>\t<\/form>\n<\/div>\n<\/div><\/div>\n\n\n\n<hr class=\"wp-block-separator has-alpha-channel-opacity\"\/>\n\n\n\n<h2 class=\"wp-block-heading has-text-align-center\">Santiago de Compostela<\/h2>\n\n\n\n<p class=\"wp-block-paragraph\">En el noroeste de Espa\u00f1a, en pleno coraz\u00f3n de Galicia, en la la <strong><a href=\"https:\/\/caminodesantiagofrances.com\/en\/provincia-a-coruna\/\" data-type=\"page\" data-id=\"6221\" target=\"_blank\" rel=\"noreferrer noopener\">Provincia A Coru\u00f1a<\/a><\/strong>, se alza <strong>Santiago de Compostela<\/strong>, una ciudad que combina historia, espiritualidad, cultura y tradici\u00f3n. Capital de la comunidad aut\u00f3noma y sede de instituciones tan importantes como la <strong>Xunta de Galicia<\/strong> y el <strong>Parlamento<\/strong>, Santiago es el destino final del <strong><a href=\"https:\/\/caminodesantiagofrances.com\/en\/\" target=\"_blank\" data-type=\"page\" data-id=\"86\" rel=\"noreferrer noopener\">Camino de Santiago Franc\u00e9s<\/a><\/strong>, una experiencia \u00fanica que cada a\u00f1o atrae a cientos de miles de peregrinos y viajeros de todo el mundo.<\/p>\n\n\n\n<p class=\"wp-block-paragraph\">Un hecho destacable es que es uno de los tres principales lugares de peregrinaci\u00f3n del cristianismo, junto con Jerusal\u00e9n y Roma, ya que la tradici\u00f3n dice que all\u00ed reposan los restos del <strong>ap\u00f3stol Santiago el Mayor<\/strong>. La <strong><a href=\"https:\/\/caminodesantiagofrances.com\/en\/sitio\/catedral-de-santiago\/\" data-type=\"gd_place\" data-id=\"12591\" target=\"_blank\" rel=\"noreferrer noopener\">Catedral de Santiago<\/a><\/strong>, dedicada al <strong><a href=\"https:\/\/caminodesantiagofrances.com\/en\/patronos\/apostol-santiago\/\" data-type=\"page\" data-id=\"5930\" target=\"_blank\" rel=\"noreferrer noopener\">ap\u00f3stol Santiago<\/a><\/strong>, es una obra de arte de gran importancia y atrae a cientos de miles de <strong><a href=\"https:\/\/caminodesantiagofrances.com\/en\/peregrinos\/\" data-type=\"page\" data-id=\"5880\" target=\"_blank\" rel=\"noreferrer noopener\">peregrinos<\/a><\/strong> de todas partes del mundo que cada a\u00f1o completan el Camino de Santiago.<\/p>\n\n\n\n<h2 class=\"wp-block-heading has-text-align-center\"><strong>Alojamientos en Santiago de Compostela<\/strong><\/h2>\n\n\n\n<p class=\"wp-block-paragraph\">Santiago ofrece una amplia gama de alojamientos que van desde <strong>albergues para peregrinos<\/strong> hasta <strong>hoteles boutique y apartamentos tur\u00edsticos<\/strong> en pleno centro hist\u00f3rico. Opciones adaptadas a todo tipo de viajeros, que buscan descansar tras el <strong>Camino de Santiago<\/strong> o simplemente disfrutar de unos d\u00edas de turismo en la ciudad.<\/p>\n\n\n\n<div class=\"wp-block-geodirectory-geodir-widget-listings\"><div class=\"geodir-listings bsui sdel-03d218e6\" >\t\t<div id=\"geodir_6a9d3c06843fc\" class=\"geodir_locations geodir_location_listing\n\t\t\t\t\t\t\t geodir-wgt-pagination geodir-wgt-pagination-top geodir-wgt-pagination-bottom mb-3 bg-light\t\t position-relative\">\n\t\t\t<div class=\"geodir-loop-paging-container bsui sdel-c83c1d52\" ><div class=\"mb-3\">\n\t<section class=\"px-0 py-2 w-100\">\n\t<nav class=\"navigation aui-pagination\" aria-label=\"Posts navigation\">\n\t\t<h2 class=\"screen-reader-text visually-hidden\">Posts navigation<\/h2>\n\t\t<div class=\"aui-nav-links\"><ul class=\"pagination m-0 p-0 \"><li class=\"page-item mx-0\"><span aria-current=\"page\" class=\"page-link current active\">1<\/span><\/li><li class=\"page-item mx-0\"><a class=\"page-link\" href=\"https:\/\/caminodesantiagofrances.com\/en\/wp-json\/wp\/v2\/pages\/12306\/page\/2\/\">2<\/a><\/li><li class=\"page-item mx-0\"><a class=\"next page-link\" href=\"https:\/\/caminodesantiagofrances.com\/en\/wp-json\/wp\/v2\/pages\/12306\/page\/2\/\"><span class=\"nav-next-text visually-hidden\">Older posts<\/span> <i class=\"fas fa-chevron-right\"><\/i><\/a><\/li><\/ul><\/div>\n\t<\/nav><\/section><\/div>\n<\/div>\t<div\n\t\tclass=\"row row-cols-1 row-cols-sm-2 geodir-category-list-view geodir-widget-posts geodir-gridview row-cols-md-3\">\n\t\t\n<div class=\"col mb-4 geodir-post post-13270 gd_place type-gd_place status-publish has-post-thumbnail gd-post-pkg-1\" data-post-id=\"13270\">\n\t\t<div class=\"card h-100 p-0 m-0 mw-100  \">\n\t<div class=\"card p-0 mw-100 h-100 \"><div class=\"card-img-top overflow-hidden position-relative  \"><span class=\"bsui gd-badge-meta\"><a href=\"https:\/\/caminodesantiagofrances.com\/en\/lo\/categoria\/albergue\/\" class=\"gd-badge border-0 badge ab-bottom-left ms-1\" data-id=\"13270\" data-badge=\"default_category\" data-badge-condition=\"is_not_empty\" style=\"background-color:rgba(0,0,0,0.5);border-color:rgba(0,0,0,0.5);color:#ffffff;\">Albergue<\/a>\n<\/span><div class=\"geodir_post_meta gd-fav-info-wrap  gd-fav-hide-text ab-bottom-right me-1  mb-n1  me-1 mb-n1 ab-bottom-right\" >\t\t<span class=\"gd-list-favorite\">\n\t\t\t<span class=\"geodir-addtofav favorite_property_13270  h5\" aria-hidden=\"true\"><span  title=\"Add to Favourites\"  class=\"geodir-addtofav-icon c-pointer geodir-act-fav\"  data-color-on=\"#ff0000\"  data-icon=\"fas fa-heart\"  data-color-off=\"rgba(223,223,223,0.8)\"  data-text-color=\"\"  data-bs-toggle=\"tooltip\"  aria-hidden=\"true\"  onclick=\"javascript:window.location.href='https:\/\/caminodesantiagofrances.com\/en\/wp-login.php'\"  ><i class=\"fas fa-heart\"  style=\"color:rgba(223,223,223,0.8);\" ><\/i> <span class=\"geodir-fav-text gv-secondary visually-hidden\" style=\"\" aria-hidden=\"true\">Favourite<\/span><\/span>\n<\/span>\t\t<\/span>\n\t\t<\/div><div class=\"geodir-post-slider bsui sdel-03994e04\" ><div class=\"geodir-image-container geodir-image-sizes-medium_large overflow-hidden\">\n\t\t\t<div class=\"geodir-images aui-gallery geodir-images-n-1 geodir-images-image carousel-inner \">\n\t\t<div class=\"carousel-item active\"><a href=\"https:\/\/caminodesantiagofrances.com\/en\/lo\/residencia-de-peregrinos-san-lazaro\/\" class=\"geodir-link-image embed-has-action ratio ratio-16x9 ratio ratio-16x9 d-block\"><img src='data:image\/png;base64,iVBORw0KGgoAAAANSUhEUgAAAGQAAAABCAQAAACC0sM2AAAADklEQVR42mP8X88wLAAAK5IBgMYCdqgAAAAASUVORK5CYII=' data-src=\"https:\/\/caminodesantiagofrances.com\/en\/wp-content\/uploads\/sites\/3\/2024\/08\/Residencia-de-peregrinos-San-Lazaro-Camino-de-Santiago-Frances-768x403.jpg\" alt=\"Residencia de peregrinos San Lazaro Camino de Santiago Frances 768x403\" width=\"768\" height=\"403\" class=\"geodir-lazy-load align size-medium_large geodir-image-408 embed-item-cover-xy w-100 p-0 m-0 mw-100 border-0\" data-srcset=\"https:\/\/caminodesantiagofrances.com\/en\/wp-content\/uploads\/sites\/3\/2024\/08\/Residencia-de-peregrinos-San-Lazaro-Camino-de-Santiago-Frances-768x403.jpg 768w, https:\/\/caminodesantiagofrances.com\/en\/wp-content\/uploads\/sites\/3\/2024\/08\/Residencia-de-peregrinos-San-Lazaro-Camino-de-Santiago-Frances-300x158.jpg 300w, https:\/\/caminodesantiagofrances.com\/en\/wp-content\/uploads\/sites\/3\/2024\/08\/Residencia-de-peregrinos-San-Lazaro-Camino-de-Santiago-Frances-1024x538.jpg 1024w, https:\/\/caminodesantiagofrances.com\/en\/wp-content\/uploads\/sites\/3\/2024\/08\/Residencia-de-peregrinos-San-Lazaro-Camino-de-Santiago-Frances.jpg 1200w\" sizes=\"(max-width: 768px) 100vw, 768px\" \/><i class=\"fas fa-link w-auto h-auto\" aria-hidden=\"true\"><\/i><\/a><\/div>\t\t<\/div>\n\t\t<\/div>\n<\/div><\/div><div class=\"card-body p-2  \"><div class=\"row justify-content-center gv-hide-3 gv-hide-0\"><div class=\"col col-4 text-center tofront \"><a href=\"https:\/\/caminodesantiagofrances.com\/en\/author\/caminodesantiagofrances-com\/\" title=\"caminodesantiagofrances-com\"><img decoding=\"async\" style=\"max-height:75px;\" class=\"rounded-circle shadow border border-white border-width-4 p-0 mw-100 mt-n5 bg-white\" src=\"https:\/\/secure.gravatar.com\/avatar\/03aa5dc32308904f80a38258afc0335b43d4b2bec3418626e4f8712b71c3b93e?s=96&#038;d=mm&#038;r=g\" alt=\"Author Image\"><\/a><\/div><\/div><div class=\"geodir-post-title bsui sdel-caa60b10\" ><h3 class=\"geodir-entry-title  h5 \"><a href=\"https:\/\/caminodesantiagofrances.com\/en\/lo\/residencia-de-peregrinos-san-lazaro\/\" class=\"\" title=\"View: Residencia de peregrinos San L\u00e1zaro\">Residencia de peregrinos San L\u00e1zaro<\/a><\/h3><\/div><div class=\"geodir-post-content-container bsui sdel-1e477937\" ><div class=\"geodir_post_meta  text-justify pb-1 position-relative geodir-field-post_content\" >Albergue Residencia de Peregrinos San L\u00e1zaro Albergue de Peregrinos San L\u00e1zaro Albergue publico Residencia de peregrinos San L\u00e1zaro en Santiago<\/div><\/div><\/div><div class=\"card-footer p-2  \"><div class='d-flex justify-content-between align-items-center flex-wrap'><div><\/div><div><\/div><\/div><\/div><\/div>\t<\/div>\n\t<\/div>\n\n<div class=\"col mb-4 geodir-post post-16241 gd_place type-gd_place status-publish has-post-thumbnail gd-post-pkg-1\" data-post-id=\"16241\">\n\t\t<div class=\"card h-100 p-0 m-0 mw-100  \">\n\t<div class=\"card p-0 mw-100 h-100 \"><div class=\"card-img-top overflow-hidden position-relative  \"><span class=\"bsui gd-badge-meta\"><a href=\"https:\/\/caminodesantiagofrances.com\/en\/lo\/categoria\/albergue\/\" class=\"gd-badge border-0 badge ab-bottom-left ms-1\" data-id=\"16241\" data-badge=\"default_category\" data-badge-condition=\"is_not_empty\" style=\"background-color:rgba(0,0,0,0.5);border-color:rgba(0,0,0,0.5);color:#ffffff;\">Albergue<\/a>\n<\/span><div class=\"geodir_post_meta gd-fav-info-wrap  gd-fav-hide-text ab-bottom-right me-1  mb-n1  me-1 mb-n1 ab-bottom-right\" >\t\t<span class=\"gd-list-favorite\">\n\t\t\t<span class=\"geodir-addtofav favorite_property_16241  h5\" aria-hidden=\"true\"><span  title=\"Add to Favourites\"  class=\"geodir-addtofav-icon c-pointer geodir-act-fav\"  data-color-on=\"#ff0000\"  data-icon=\"fas fa-heart\"  data-color-off=\"rgba(223,223,223,0.8)\"  data-text-color=\"\"  data-bs-toggle=\"tooltip\"  aria-hidden=\"true\"  onclick=\"javascript:window.location.href='https:\/\/caminodesantiagofrances.com\/en\/wp-login.php'\"  ><i class=\"fas fa-heart\"  style=\"color:rgba(223,223,223,0.8);\" ><\/i> <span class=\"geodir-fav-text gv-secondary visually-hidden\" style=\"\" aria-hidden=\"true\">Favourite<\/span><\/span>\n<\/span>\t\t<\/span>\n\t\t<\/div><div class=\"geodir-post-slider bsui sdel-03994e04\" ><div class=\"geodir-image-container geodir-image-sizes-medium_large overflow-hidden\">\n\t\t\t<div class=\"geodir-images aui-gallery geodir-images-n-1 geodir-images-image carousel-inner \">\n\t\t<div class=\"carousel-item active\"><a href=\"https:\/\/caminodesantiagofrances.com\/en\/lo\/albergue-la-credencial-santiago-de-compostela\/\" class=\"geodir-link-image embed-has-action ratio ratio-16x9 ratio ratio-16x9 d-block\"><img src='data:image\/png;base64,iVBORw0KGgoAAAANSUhEUgAAAGQAAAABCAQAAACC0sM2AAAADklEQVR42mP8X88wLAAAK5IBgMYCdqgAAAAASUVORK5CYII=' data-src=\"https:\/\/caminodesantiagofrances.com\/en\/wp-content\/uploads\/sites\/3\/2025\/08\/Albergue-La-Credencial-Santiago-de-Compostela-Camino-de-Santiago-Frances-768x403.jpg\" alt=\"Albergue La Credencial Santiago de Compostela Camino de Santiago Frances 768x403\" width=\"768\" height=\"403\" class=\"geodir-lazy-load align size-medium_large geodir-image-3002 embed-item-cover-xy w-100 p-0 m-0 mw-100 border-0\" data-srcset=\"https:\/\/caminodesantiagofrances.com\/en\/wp-content\/uploads\/sites\/3\/2025\/08\/Albergue-La-Credencial-Santiago-de-Compostela-Camino-de-Santiago-Frances-768x403.jpg 768w, https:\/\/caminodesantiagofrances.com\/en\/wp-content\/uploads\/sites\/3\/2025\/08\/Albergue-La-Credencial-Santiago-de-Compostela-Camino-de-Santiago-Frances-300x158.jpg 300w, https:\/\/caminodesantiagofrances.com\/en\/wp-content\/uploads\/sites\/3\/2025\/08\/Albergue-La-Credencial-Santiago-de-Compostela-Camino-de-Santiago-Frances-1024x538.jpg 1024w, https:\/\/caminodesantiagofrances.com\/en\/wp-content\/uploads\/sites\/3\/2025\/08\/Albergue-La-Credencial-Santiago-de-Compostela-Camino-de-Santiago-Frances.jpg 1200w\" sizes=\"(max-width: 768px) 100vw, 768px\" \/><i class=\"fas fa-link w-auto h-auto\" aria-hidden=\"true\"><\/i><\/a><\/div>\t\t<\/div>\n\t\t<\/div>\n<\/div><\/div><div class=\"card-body p-2  \"><div class=\"row justify-content-center gv-hide-3 gv-hide-0\"><div class=\"col col-4 text-center tofront \"><a href=\"https:\/\/caminodesantiagofrances.com\/en\/author\/caminodesantiagofrances-com\/\" title=\"caminodesantiagofrances-com\"><img decoding=\"async\" style=\"max-height:75px;\" class=\"rounded-circle shadow border border-white border-width-4 p-0 mw-100 mt-n5 bg-white\" src=\"https:\/\/secure.gravatar.com\/avatar\/03aa5dc32308904f80a38258afc0335b43d4b2bec3418626e4f8712b71c3b93e?s=96&#038;d=mm&#038;r=g\" alt=\"Author Image\"><\/a><\/div><\/div><div class=\"geodir-post-title bsui sdel-caa60b10\" ><h3 class=\"geodir-entry-title  h5 \"><a href=\"https:\/\/caminodesantiagofrances.com\/en\/lo\/albergue-la-credencial-santiago-de-compostela\/\" class=\"\" title=\"View: Albergue La Credencial Santiago de Compostela\">Albergue La Credencial Santiago de Compostela<\/a><\/h3><\/div><div class=\"geodir-post-content-container bsui sdel-1e477937\" ><div class=\"geodir_post_meta  text-justify pb-1 position-relative geodir-field-post_content\" >RESERVAR AHORA Albergue La Credencial: descanso y hospitalidad en Santiago de Compostela Ubicado en la R\u00faa Fonte dos Concheiros, a<\/div><\/div><\/div><div class=\"card-footer p-2  \"><div class='d-flex justify-content-between align-items-center flex-wrap'><div><\/div><div><\/div><\/div><\/div><\/div>\t<\/div>\n\t<\/div>\n\n<div class=\"col mb-4 geodir-post post-16244 gd_place type-gd_place status-publish has-post-thumbnail gd-post-pkg-1\" data-post-id=\"16244\">\n\t\t<div class=\"card h-100 p-0 m-0 mw-100  \">\n\t<div class=\"card p-0 mw-100 h-100 \"><div class=\"card-img-top overflow-hidden position-relative  \"><span class=\"bsui gd-badge-meta\"><a href=\"https:\/\/caminodesantiagofrances.com\/en\/lo\/categoria\/albergue\/\" class=\"gd-badge border-0 badge ab-bottom-left ms-1\" data-id=\"16244\" data-badge=\"default_category\" data-badge-condition=\"is_not_empty\" style=\"background-color:rgba(0,0,0,0.5);border-color:rgba(0,0,0,0.5);color:#ffffff;\">Albergue<\/a>\n<\/span><div class=\"geodir_post_meta gd-fav-info-wrap  gd-fav-hide-text ab-bottom-right me-1  mb-n1  me-1 mb-n1 ab-bottom-right\" >\t\t<span class=\"gd-list-favorite\">\n\t\t\t<span class=\"geodir-addtofav favorite_property_16244  h5\" aria-hidden=\"true\"><span  title=\"Add to Favourites\"  class=\"geodir-addtofav-icon c-pointer geodir-act-fav\"  data-color-on=\"#ff0000\"  data-icon=\"fas fa-heart\"  data-color-off=\"rgba(223,223,223,0.8)\"  data-text-color=\"\"  data-bs-toggle=\"tooltip\"  aria-hidden=\"true\"  onclick=\"javascript:window.location.href='https:\/\/caminodesantiagofrances.com\/en\/wp-login.php'\"  ><i class=\"fas fa-heart\"  style=\"color:rgba(223,223,223,0.8);\" ><\/i> <span class=\"geodir-fav-text gv-secondary visually-hidden\" style=\"\" aria-hidden=\"true\">Favourite<\/span><\/span>\n<\/span>\t\t<\/span>\n\t\t<\/div><div class=\"geodir-post-slider bsui sdel-03994e04\" ><div class=\"geodir-image-container geodir-image-sizes-medium_large overflow-hidden\">\n\t\t\t<div class=\"geodir-images aui-gallery geodir-images-n-1 geodir-images-image carousel-inner \">\n\t\t<div class=\"carousel-item active\"><a href=\"https:\/\/caminodesantiagofrances.com\/en\/lo\/albergue-scq-santiago-de-compostela\/\" class=\"geodir-link-image embed-has-action ratio ratio-16x9 ratio ratio-16x9 d-block\"><img src='data:image\/png;base64,iVBORw0KGgoAAAANSUhEUgAAAGQAAAABCAQAAACC0sM2AAAADklEQVR42mP8X88wLAAAK5IBgMYCdqgAAAAASUVORK5CYII=' data-src=\"https:\/\/caminodesantiagofrances.com\/en\/wp-content\/uploads\/sites\/3\/2025\/08\/Albergue-SCQ-Santiago-de-Compostela-Camino-de-Santiago-Frances-768x403.jpg\" alt=\"Albergue SCQ Santiago de Compostela Camino de Santiago Frances 768x403\" width=\"768\" height=\"403\" class=\"geodir-lazy-load align size-medium_large geodir-image-3019 embed-item-cover-xy w-100 p-0 m-0 mw-100 border-0\" data-srcset=\"https:\/\/caminodesantiagofrances.com\/en\/wp-content\/uploads\/sites\/3\/2025\/08\/Albergue-SCQ-Santiago-de-Compostela-Camino-de-Santiago-Frances-768x403.jpg 768w, https:\/\/caminodesantiagofrances.com\/en\/wp-content\/uploads\/sites\/3\/2025\/08\/Albergue-SCQ-Santiago-de-Compostela-Camino-de-Santiago-Frances-300x158.jpg 300w, https:\/\/caminodesantiagofrances.com\/en\/wp-content\/uploads\/sites\/3\/2025\/08\/Albergue-SCQ-Santiago-de-Compostela-Camino-de-Santiago-Frances-1024x538.jpg 1024w, https:\/\/caminodesantiagofrances.com\/en\/wp-content\/uploads\/sites\/3\/2025\/08\/Albergue-SCQ-Santiago-de-Compostela-Camino-de-Santiago-Frances.jpg 1200w\" sizes=\"(max-width: 768px) 100vw, 768px\" \/><i class=\"fas fa-link w-auto h-auto\" aria-hidden=\"true\"><\/i><\/a><\/div>\t\t<\/div>\n\t\t<\/div>\n<\/div><\/div><div class=\"card-body p-2  \"><div class=\"row justify-content-center gv-hide-3 gv-hide-0\"><div class=\"col col-4 text-center tofront \"><a href=\"https:\/\/caminodesantiagofrances.com\/en\/author\/caminodesantiagofrances-com\/\" title=\"caminodesantiagofrances-com\"><img decoding=\"async\" style=\"max-height:75px;\" class=\"rounded-circle shadow border border-white border-width-4 p-0 mw-100 mt-n5 bg-white\" src=\"https:\/\/secure.gravatar.com\/avatar\/03aa5dc32308904f80a38258afc0335b43d4b2bec3418626e4f8712b71c3b93e?s=96&#038;d=mm&#038;r=g\" alt=\"Author Image\"><\/a><\/div><\/div><div class=\"geodir-post-title bsui sdel-caa60b10\" ><h3 class=\"geodir-entry-title  h5 \"><a href=\"https:\/\/caminodesantiagofrances.com\/en\/lo\/albergue-scq-santiago-de-compostela\/\" class=\"\" title=\"View: Albergue SCQ Santiago de Compostela\">Albergue SCQ Santiago de Compostela<\/a><\/h3><\/div><div class=\"geodir-post-content-container bsui sdel-1e477937\" ><div class=\"geodir_post_meta  text-justify pb-1 position-relative geodir-field-post_content\" >RESERVAR AHORA Albergue Hostel SCQ: descanso y comodidad a un paso del coraz\u00f3n de Santiago En el l\u00edmite del casco<\/div><\/div><\/div><div class=\"card-footer p-2  \"><div class='d-flex justify-content-between align-items-center flex-wrap'><div><\/div><div><\/div><\/div><\/div><\/div>\t<\/div>\n\t<\/div>\n\n<div class=\"col mb-4 geodir-post post-16231 gd_place type-gd_place status-publish has-post-thumbnail gd-post-pkg-1\" data-post-id=\"16231\">\n\t\t<div class=\"card h-100 p-0 m-0 mw-100  \">\n\t<div class=\"card p-0 mw-100 h-100 \"><div class=\"card-img-top overflow-hidden position-relative  \"><span class=\"bsui gd-badge-meta\"><a href=\"https:\/\/caminodesantiagofrances.com\/en\/lo\/categoria\/albergue\/\" class=\"gd-badge border-0 badge ab-bottom-left ms-1\" data-id=\"16231\" data-badge=\"default_category\" data-badge-condition=\"is_not_empty\" style=\"background-color:rgba(0,0,0,0.5);border-color:rgba(0,0,0,0.5);color:#ffffff;\">Albergue<\/a>\n<\/span><div class=\"geodir_post_meta gd-fav-info-wrap  gd-fav-hide-text ab-bottom-right me-1  mb-n1  me-1 mb-n1 ab-bottom-right\" >\t\t<span class=\"gd-list-favorite\">\n\t\t\t<span class=\"geodir-addtofav favorite_property_16231  h5\" aria-hidden=\"true\"><span  title=\"Add to Favourites\"  class=\"geodir-addtofav-icon c-pointer geodir-act-fav\"  data-color-on=\"#ff0000\"  data-icon=\"fas fa-heart\"  data-color-off=\"rgba(223,223,223,0.8)\"  data-text-color=\"\"  data-bs-toggle=\"tooltip\"  aria-hidden=\"true\"  onclick=\"javascript:window.location.href='https:\/\/caminodesantiagofrances.com\/en\/wp-login.php'\"  ><i class=\"fas fa-heart\"  style=\"color:rgba(223,223,223,0.8);\" ><\/i> <span class=\"geodir-fav-text gv-secondary visually-hidden\" style=\"\" aria-hidden=\"true\">Favourite<\/span><\/span>\n<\/span>\t\t<\/span>\n\t\t<\/div><div class=\"geodir-post-slider bsui sdel-03994e04\" ><div class=\"geodir-image-container geodir-image-sizes-medium_large overflow-hidden\">\n\t\t\t<div class=\"geodir-images aui-gallery geodir-images-n-1 geodir-images-image carousel-inner \">\n\t\t<div class=\"carousel-item active\"><a href=\"https:\/\/caminodesantiagofrances.com\/en\/lo\/albergue-santo-santiago\/\" class=\"geodir-link-image embed-has-action ratio ratio-16x9 ratio ratio-16x9 d-block\"><img src='data:image\/png;base64,iVBORw0KGgoAAAANSUhEUgAAAGQAAAABCAQAAACC0sM2AAAADklEQVR42mP8X88wLAAAK5IBgMYCdqgAAAAASUVORK5CYII=' data-src=\"https:\/\/caminodesantiagofrances.com\/en\/wp-content\/uploads\/sites\/3\/2025\/08\/Albergue-Santo-Santiago-Camino-de-Santiago-Frances-768x403.jpg\" alt=\"Albergue Santo Santiago Camino de Santiago Frances 768x403\" width=\"768\" height=\"403\" class=\"geodir-lazy-load align size-medium_large geodir-image-2963 embed-item-cover-xy w-100 p-0 m-0 mw-100 border-0\" data-srcset=\"https:\/\/caminodesantiagofrances.com\/en\/wp-content\/uploads\/sites\/3\/2025\/08\/Albergue-Santo-Santiago-Camino-de-Santiago-Frances-768x403.jpg 768w, https:\/\/caminodesantiagofrances.com\/en\/wp-content\/uploads\/sites\/3\/2025\/08\/Albergue-Santo-Santiago-Camino-de-Santiago-Frances-300x158.jpg 300w, https:\/\/caminodesantiagofrances.com\/en\/wp-content\/uploads\/sites\/3\/2025\/08\/Albergue-Santo-Santiago-Camino-de-Santiago-Frances-1024x538.jpg 1024w, https:\/\/caminodesantiagofrances.com\/en\/wp-content\/uploads\/sites\/3\/2025\/08\/Albergue-Santo-Santiago-Camino-de-Santiago-Frances.jpg 1200w\" sizes=\"(max-width: 768px) 100vw, 768px\" \/><i class=\"fas fa-link w-auto h-auto\" aria-hidden=\"true\"><\/i><\/a><\/div>\t\t<\/div>\n\t\t<\/div>\n<\/div><\/div><div class=\"card-body p-2  \"><div class=\"row justify-content-center gv-hide-3 gv-hide-0\"><div class=\"col col-4 text-center tofront \"><a href=\"https:\/\/caminodesantiagofrances.com\/en\/author\/caminodesantiagofrances-com\/\" title=\"caminodesantiagofrances-com\"><img decoding=\"async\" style=\"max-height:75px;\" class=\"rounded-circle shadow border border-white border-width-4 p-0 mw-100 mt-n5 bg-white\" src=\"https:\/\/secure.gravatar.com\/avatar\/03aa5dc32308904f80a38258afc0335b43d4b2bec3418626e4f8712b71c3b93e?s=96&#038;d=mm&#038;r=g\" alt=\"Author Image\"><\/a><\/div><\/div><div class=\"geodir-post-title bsui sdel-caa60b10\" ><h3 class=\"geodir-entry-title  h5 \"><a href=\"https:\/\/caminodesantiagofrances.com\/en\/lo\/albergue-santo-santiago\/\" class=\"\" title=\"View: Albergue Santo Santiago\">Albergue Santo Santiago<\/a><\/h3><\/div><div class=\"geodir-post-content-container bsui sdel-1e477937\" ><div class=\"geodir_post_meta  text-justify pb-1 position-relative geodir-field-post_content\" >RESERVAR AHORA Albergue Santo Santiago: hospitalidad y descanso en el coraz\u00f3n del Camino Franc\u00e9s Ubicado estrat\u00e9gicamente en la R\u00faa do<\/div><\/div><\/div><div class=\"card-footer p-2  \"><div class='d-flex justify-content-between align-items-center flex-wrap'><div><\/div><div><\/div><\/div><\/div><\/div>\t<\/div>\n\t<\/div>\n\n<div class=\"col mb-4 geodir-post post-16285 gd_place type-gd_place status-publish has-post-thumbnail gd-post-pkg-1\" data-post-id=\"16285\">\n\t\t<div class=\"card h-100 p-0 m-0 mw-100  \">\n\t<div class=\"card p-0 mw-100 h-100 \"><div class=\"card-img-top overflow-hidden position-relative  \"><span class=\"bsui gd-badge-meta\"><a href=\"https:\/\/caminodesantiagofrances.com\/en\/lo\/categoria\/albergue\/\" class=\"gd-badge border-0 badge ab-bottom-left ms-1\" data-id=\"16285\" data-badge=\"default_category\" data-badge-condition=\"is_not_empty\" style=\"background-color:rgba(0,0,0,0.5);border-color:rgba(0,0,0,0.5);color:#ffffff;\">Albergue<\/a>\n<\/span><div class=\"geodir_post_meta gd-fav-info-wrap  gd-fav-hide-text ab-bottom-right me-1  mb-n1  me-1 mb-n1 ab-bottom-right\" >\t\t<span class=\"gd-list-favorite\">\n\t\t\t<span class=\"geodir-addtofav favorite_property_16285  h5\" aria-hidden=\"true\"><span  title=\"Add to Favourites\"  class=\"geodir-addtofav-icon c-pointer geodir-act-fav\"  data-color-on=\"#ff0000\"  data-icon=\"fas fa-heart\"  data-color-off=\"rgba(223,223,223,0.8)\"  data-text-color=\"\"  data-bs-toggle=\"tooltip\"  aria-hidden=\"true\"  onclick=\"javascript:window.location.href='https:\/\/caminodesantiagofrances.com\/en\/wp-login.php'\"  ><i class=\"fas fa-heart\"  style=\"color:rgba(223,223,223,0.8);\" ><\/i> <span class=\"geodir-fav-text gv-secondary visually-hidden\" style=\"\" aria-hidden=\"true\">Favourite<\/span><\/span>\n<\/span>\t\t<\/span>\n\t\t<\/div><div class=\"geodir-post-slider bsui sdel-03994e04\" ><div class=\"geodir-image-container geodir-image-sizes-medium_large overflow-hidden\">\n\t\t\t<div class=\"geodir-images aui-gallery geodir-images-n-1 geodir-images-image carousel-inner \">\n\t\t<div class=\"carousel-item active\"><a href=\"https:\/\/caminodesantiagofrances.com\/en\/lo\/albergue-azabache-santiago-de-compostela\/\" class=\"geodir-link-image embed-has-action ratio ratio-16x9 ratio ratio-16x9 d-block\"><img src='data:image\/png;base64,iVBORw0KGgoAAAANSUhEUgAAAGQAAAABCAQAAACC0sM2AAAADklEQVR42mP8X88wLAAAK5IBgMYCdqgAAAAASUVORK5CYII=' data-src=\"https:\/\/caminodesantiagofrances.com\/en\/wp-content\/uploads\/sites\/3\/2025\/08\/Albergue-Azabache-Santiago-de-Compostela-Camino-de-Santiago-Frances-768x403.jpg\" alt=\"Albergue Azabache Santiago de Compostela Camino de Santiago Frances 768x403\" width=\"768\" height=\"403\" class=\"geodir-lazy-load align size-medium_large geodir-image-3099 embed-item-cover-xy w-100 p-0 m-0 mw-100 border-0\" data-srcset=\"https:\/\/caminodesantiagofrances.com\/en\/wp-content\/uploads\/sites\/3\/2025\/08\/Albergue-Azabache-Santiago-de-Compostela-Camino-de-Santiago-Frances-768x403.jpg 768w, https:\/\/caminodesantiagofrances.com\/en\/wp-content\/uploads\/sites\/3\/2025\/08\/Albergue-Azabache-Santiago-de-Compostela-Camino-de-Santiago-Frances-300x158.jpg 300w, https:\/\/caminodesantiagofrances.com\/en\/wp-content\/uploads\/sites\/3\/2025\/08\/Albergue-Azabache-Santiago-de-Compostela-Camino-de-Santiago-Frances-1024x538.jpg 1024w, https:\/\/caminodesantiagofrances.com\/en\/wp-content\/uploads\/sites\/3\/2025\/08\/Albergue-Azabache-Santiago-de-Compostela-Camino-de-Santiago-Frances.jpg 1200w\" sizes=\"(max-width: 768px) 100vw, 768px\" \/><i class=\"fas fa-link w-auto h-auto\" aria-hidden=\"true\"><\/i><\/a><\/div>\t\t<\/div>\n\t\t<\/div>\n<\/div><\/div><div class=\"card-body p-2  \"><div class=\"row justify-content-center gv-hide-3 gv-hide-0\"><div class=\"col col-4 text-center tofront \"><a href=\"https:\/\/caminodesantiagofrances.com\/en\/author\/caminodesantiagofrances-com\/\" title=\"caminodesantiagofrances-com\"><img decoding=\"async\" style=\"max-height:75px;\" class=\"rounded-circle shadow border border-white border-width-4 p-0 mw-100 mt-n5 bg-white\" src=\"https:\/\/secure.gravatar.com\/avatar\/03aa5dc32308904f80a38258afc0335b43d4b2bec3418626e4f8712b71c3b93e?s=96&#038;d=mm&#038;r=g\" alt=\"Author Image\"><\/a><\/div><\/div><div class=\"geodir-post-title bsui sdel-caa60b10\" ><h3 class=\"geodir-entry-title  h5 \"><a href=\"https:\/\/caminodesantiagofrances.com\/en\/lo\/albergue-azabache-santiago-de-compostela\/\" class=\"\" title=\"View: Albergue Azabache Santiago de Compostela\">Albergue Azabache Santiago de Compostela<\/a><\/h3><\/div><div class=\"geodir-post-content-container bsui sdel-1e477937\" ><div class=\"geodir_post_meta  text-justify pb-1 position-relative geodir-field-post_content\" >RESERVAR AHORA Albergue Azabache: descanso y tradici\u00f3n a un paso de la Catedral de Santiago En el coraz\u00f3n del casco<\/div><\/div><\/div><div class=\"card-footer p-2  \"><div class='d-flex justify-content-between align-items-center flex-wrap'><div><\/div><div><\/div><\/div><\/div><\/div>\t<\/div>\n\t<\/div>\n\n<div class=\"col mb-4 geodir-post post-16237 gd_place type-gd_place status-publish has-post-thumbnail gd-post-pkg-1\" data-post-id=\"16237\">\n\t\t<div class=\"card h-100 p-0 m-0 mw-100  \">\n\t<div class=\"card p-0 mw-100 h-100 \"><div class=\"card-img-top overflow-hidden position-relative  \"><span class=\"bsui gd-badge-meta\"><a href=\"https:\/\/caminodesantiagofrances.com\/en\/lo\/categoria\/albergue\/\" class=\"gd-badge border-0 badge ab-bottom-left ms-1\" data-id=\"16237\" data-badge=\"default_category\" data-badge-condition=\"is_not_empty\" style=\"background-color:rgba(0,0,0,0.5);border-color:rgba(0,0,0,0.5);color:#ffffff;\">Albergue<\/a>\n<\/span><div class=\"geodir_post_meta gd-fav-info-wrap  gd-fav-hide-text ab-bottom-right me-1  mb-n1  me-1 mb-n1 ab-bottom-right\" >\t\t<span class=\"gd-list-favorite\">\n\t\t\t<span class=\"geodir-addtofav favorite_property_16237  h5\" aria-hidden=\"true\"><span  title=\"Add to Favourites\"  class=\"geodir-addtofav-icon c-pointer geodir-act-fav\"  data-color-on=\"#ff0000\"  data-icon=\"fas fa-heart\"  data-color-off=\"rgba(223,223,223,0.8)\"  data-text-color=\"\"  data-bs-toggle=\"tooltip\"  aria-hidden=\"true\"  onclick=\"javascript:window.location.href='https:\/\/caminodesantiagofrances.com\/en\/wp-login.php'\"  ><i class=\"fas fa-heart\"  style=\"color:rgba(223,223,223,0.8);\" ><\/i> <span class=\"geodir-fav-text gv-secondary visually-hidden\" style=\"\" aria-hidden=\"true\">Favourite<\/span><\/span>\n<\/span>\t\t<\/span>\n\t\t<\/div><div class=\"geodir-post-slider bsui sdel-03994e04\" ><div class=\"geodir-image-container geodir-image-sizes-medium_large overflow-hidden\">\n\t\t\t<div class=\"geodir-images aui-gallery geodir-images-n-1 geodir-images-image carousel-inner \">\n\t\t<div class=\"carousel-item active\"><a href=\"https:\/\/caminodesantiagofrances.com\/en\/lo\/albergue-sixtos-no-caminho\/\" class=\"geodir-link-image embed-has-action ratio ratio-16x9 ratio ratio-16x9 d-block\"><img src='data:image\/png;base64,iVBORw0KGgoAAAANSUhEUgAAAGQAAAABCAQAAACC0sM2AAAADklEQVR42mP8X88wLAAAK5IBgMYCdqgAAAAASUVORK5CYII=' data-src=\"https:\/\/caminodesantiagofrances.com\/en\/wp-content\/uploads\/sites\/3\/2025\/08\/Albergue-Sixtos-no-Caminho-Camino-de-Santiago-Frances-768x403.jpg\" alt=\"Albergue Sixtos no Caminho Camino de Santiago Frances 768x403\" width=\"768\" height=\"403\" class=\"geodir-lazy-load align size-medium_large geodir-image-2987 embed-item-cover-xy w-100 p-0 m-0 mw-100 border-0\" data-srcset=\"https:\/\/caminodesantiagofrances.com\/en\/wp-content\/uploads\/sites\/3\/2025\/08\/Albergue-Sixtos-no-Caminho-Camino-de-Santiago-Frances-768x403.jpg 768w, https:\/\/caminodesantiagofrances.com\/en\/wp-content\/uploads\/sites\/3\/2025\/08\/Albergue-Sixtos-no-Caminho-Camino-de-Santiago-Frances-300x158.jpg 300w, https:\/\/caminodesantiagofrances.com\/en\/wp-content\/uploads\/sites\/3\/2025\/08\/Albergue-Sixtos-no-Caminho-Camino-de-Santiago-Frances-1024x538.jpg 1024w, https:\/\/caminodesantiagofrances.com\/en\/wp-content\/uploads\/sites\/3\/2025\/08\/Albergue-Sixtos-no-Caminho-Camino-de-Santiago-Frances.jpg 1200w\" sizes=\"(max-width: 768px) 100vw, 768px\" \/><i class=\"fas fa-link w-auto h-auto\" aria-hidden=\"true\"><\/i><\/a><\/div>\t\t<\/div>\n\t\t<\/div>\n<\/div><\/div><div class=\"card-body p-2  \"><div class=\"row justify-content-center gv-hide-3 gv-hide-0\"><div class=\"col col-4 text-center tofront \"><a href=\"https:\/\/caminodesantiagofrances.com\/en\/author\/caminodesantiagofrances-com\/\" title=\"caminodesantiagofrances-com\"><img decoding=\"async\" style=\"max-height:75px;\" class=\"rounded-circle shadow border border-white border-width-4 p-0 mw-100 mt-n5 bg-white\" src=\"https:\/\/secure.gravatar.com\/avatar\/03aa5dc32308904f80a38258afc0335b43d4b2bec3418626e4f8712b71c3b93e?s=96&#038;d=mm&#038;r=g\" alt=\"Author Image\"><\/a><\/div><\/div><div class=\"geodir-post-title bsui sdel-caa60b10\" ><h3 class=\"geodir-entry-title  h5 \"><a href=\"https:\/\/caminodesantiagofrances.com\/en\/lo\/albergue-sixtos-no-caminho\/\" class=\"\" title=\"View: Albergue SIXTOs no Caminho\">Albergue SIXTOs no Caminho<\/a><\/h3><\/div><div class=\"geodir-post-content-container bsui sdel-1e477937\" ><div class=\"geodir_post_meta  text-justify pb-1 position-relative geodir-field-post_content\" >RESERVAR AHORA Albergue SIXTOs no Caminho: descanso y hospitalidad en Santiago de Compostela Ubicado en la R\u00faa da Fonte dos<\/div><\/div><\/div><div class=\"card-footer p-2  \"><div class='d-flex justify-content-between align-items-center flex-wrap'><div><\/div><div><\/div><\/div><\/div><\/div>\t<\/div>\n\t<\/div>\n\t<\/div>\n<div class=\"geodir-ajax-listings-loader loading_div overlay overlay-black position-absolute row m-0 z-index-1 w-100 h-100 rounded overflow-hidden\" style=\"display: none;z-index: 3;top:0;\">\n\t\t\t\t\t\t\t\t<div class=\"spinner-border mx-auto align-self-center text-white\" role=\"status\">\n\t\t\t\t\t\t\t\t\t<span class=\"visually-hidden\">Loading&#8230;<\/span>\n\t\t\t\t\t\t\t\t<\/div>\n\t\t\t\t\t\t\t<\/div><div class=\"geodir-loop-paging-container bsui sdel-c83c1d52\" ><div class=\"mb-3\">\n\t<section class=\"px-0 py-2 w-100\">\n\t<nav class=\"navigation aui-pagination\" aria-label=\"Posts navigation\">\n\t\t<h2 class=\"screen-reader-text visually-hidden\">Posts navigation<\/h2>\n\t\t<div class=\"aui-nav-links\"><ul class=\"pagination m-0 p-0 \"><li class=\"page-item mx-0\"><span aria-current=\"page\" class=\"page-link current active\">1<\/span><\/li><li class=\"page-item mx-0\"><a class=\"page-link\" href=\"https:\/\/caminodesantiagofrances.com\/en\/wp-json\/wp\/v2\/pages\/12306\/page\/2\/\">2<\/a><\/li><li class=\"page-item mx-0\"><a class=\"next page-link\" href=\"https:\/\/caminodesantiagofrances.com\/en\/wp-json\/wp\/v2\/pages\/12306\/page\/2\/\"><span class=\"nav-next-text visually-hidden\">Older posts<\/span> <i class=\"fas fa-chevron-right\"><\/i><\/a><\/li><\/ul><\/div>\n\t<\/nav><\/section><\/div>\n<\/div>\t\t\t\t<script type=\"text\/javascript\">\n\t\t\t\t\t\/* <![CDATA[ *\/\n\t\t\t\t\tjQuery(function () {\n\t\t\t\t\t\ttry {\n\t\t\t\t\t\t\tvar params = {\"title\":\"\",\"post_type\":\"gd_place\",\"category\":\"662,692,661,724,723\",\"related_to\":\"\",\"tags\":\"\",\"rating\":\"\",\"post_author\":\"\",\"category_title\":\"\",\"sort_by\":\"random\",\"title_tag\":\"h3\",\"list_order\":\"\",\"post_limit\":\"6\",\"post_ids\":\"\",\"layout\":\"3\",\"listing_width\":\"\",\"add_location_filter\":1,\"nearby_gps\":0,\"character_count\":\"20\",\"show_featured_only\":0,\"show_special_only\":0,\"with_pics_only\":0,\"with_videos_only\":0,\"show_favorites_only\":0,\"favorites_by_user\":\"\",\"use_viewing_post_type\":0,\"use_viewing_term\":0,\"hide_if_empty\":1,\"view_all_link\":0,\"with_pagination\":1,\"top_pagination\":1,\"bottom_pagination\":1,\"pagination_info\":\"\",\"template_type\":\"\",\"tmpl_page\":\"\",\"tmpl_part\":\"\",\"skin_id\":\"\",\"skin_column_gap\":\"\",\"skin_row_gap\":\"\",\"column_gap\":\"\",\"row_gap\":\"\",\"card_border\":\"\",\"card_shadow\":\"\",\"bg\":\"light\",\"mt\":\"\",\"mb\":\"3\",\"mr\":\"\",\"ml\":\"\",\"pt\":\"\",\"pb\":\"\",\"pr\":\"\",\"pl\":\"\",\"border\":\"\",\"rounded\":\"\",\"rounded_size\":\"\",\"shadow\":\"\",\"with_carousel\":\"\",\"with_controls\":\"\",\"with_indicators\":\"\",\"slide_interval\":\"5\",\"slide_ride\":\"\",\"center_slide\":\"\",\"widget_title_tag\":\"\",\"widget_title_size_class\":\"\",\"widget_title_align_class\":\"\",\"widget_title_color_class\":\"\",\"widget_title_border_class\":\"\",\"widget_title_border_color_class\":\"\",\"widget_title_mt_class\":\"\",\"widget_title_mr_class\":\"\",\"widget_title_mb_class\":\"\",\"widget_title_ml_class\":\"\",\"widget_title_pt_class\":\"\",\"widget_title_pr_class\":\"\",\"widget_title_pb_class\":\"\",\"widget_title_pl_class\":\"\",\"package_ids\":\"\",\"paging_style\":\"\",\"paging_mid_size\":\"\",\"paging_mid_size_sm\":\"\",\"paging_size\":\"\",\"paging_size_sm\":\"\",\"indicators_mb\":\"\",\"css_class\":\"\",\"country\":\"\",\"region\":\"\",\"city\":\"santiago-de-compostela-1\",\"neighbourhood\":\"\",\"posts_per_page\":\"6\",\"is_geodir_loop\":1,\"gd_location\":1,\"order_by\":\"random\",\"distance_to_post\":0,\"pageno\":1,\"is_gd_author\":0,\"excerpt_length\":\"20\",\"tax_query\":[{\"taxonomy\":\"gd_placecategory\",\"field\":\"id\",\"terms\":[\"662\",\"692\",\"661\",\"724\",\"723\"]}],\"count_only\":0,\"set_query_vars\":{\"rest_route\":\"\\\/wp\\\/v2\\\/pages\\\/12306\",\"tax_query\":[{\"taxonomy\":\"gd_placecategory\",\"field\":\"id\",\"terms\":[\"662\",\"692\",\"661\",\"724\",\"723\"]}]}};\n\t\t\t\t\t\t\tparams['action'] = 'geodir_widget_listings';\n\t\t\t\t\t\t\tparams['widget_args'] = [];\n\t\t\t\t\t\t\tparams['security'] = geodir_params.basic_nonce;\n\t\t\t\t\t\t\tgeodir_widget_listings_pagination('geodir_6a9d3c06843fc', params);\n\t\t\t\t\t\t} catch (err) {\n\t\t\t\t\t\t\tconsole.log(err.message);\n\t\t\t\t\t\t}\n\t\t\t\t\t});\n\t\t\t\t\t\/* ]]> *\/\n\t\t\t\t<\/script>\n\t\t\t\t\t\t<\/div>\n\t\t<\/div><\/div>\n\n\n\n<hr class=\"wp-block-separator has-alpha-channel-opacity\"\/>\n\n\n\n<p class=\"wp-block-paragraph\"><strong>Reserva tu alojamiento en Santiago de Compostela<\/strong> y d\u00e9jate seducir por su magia. Ya sea como peregrino, viajero cultural o amante de la buena gastronom\u00eda, esta ciudad te recibir\u00e1 con los brazos abiertos y con una historia que te acompa\u00f1ar\u00e1 para siempre.<\/p>\n\n\n\n<h2 class=\"wp-block-heading has-text-align-center\"><strong>Albergues en Santiago de Compostela<\/strong><\/h2>\n\n\n\n<div class=\"wp-block-geodirectory-geodir-widget-listings\"><div class=\"geodir-listings bsui sdel-2342271b\" >\t\t<div id=\"geodir_6a9d3c06905ee\" class=\"geodir_locations geodir_location_listing\n\t\t\t\t\t\t\t geodir-wgt-pagination geodir-wgt-pagination-top geodir-wgt-pagination-bottom mb-3 bg-light\t\t position-relative\">\n\t\t\t<div class=\"geodir-loop-paging-container bsui sdel-c83c1d52\" ><div class=\"mb-3\">\n\t<section class=\"px-0 py-2 w-100\">\n\t<nav class=\"navigation aui-pagination\" aria-label=\"Posts navigation\">\n\t\t<h2 class=\"screen-reader-text visually-hidden\">Posts navigation<\/h2>\n\t\t<div class=\"aui-nav-links\"><ul class=\"pagination m-0 p-0 \"><li class=\"page-item mx-0\"><span aria-current=\"page\" class=\"page-link current active\">1<\/span><\/li><li class=\"page-item mx-0\"><a class=\"page-link\" href=\"https:\/\/caminodesantiagofrances.com\/en\/wp-json\/wp\/v2\/pages\/12306\/page\/2\/\">2<\/a><\/li><li class=\"page-item mx-0\"><a class=\"next page-link\" href=\"https:\/\/caminodesantiagofrances.com\/en\/wp-json\/wp\/v2\/pages\/12306\/page\/2\/\"><span class=\"nav-next-text visually-hidden\">Older posts<\/span> <i class=\"fas fa-chevron-right\"><\/i><\/a><\/li><\/ul><\/div>\n\t<\/nav><\/section><\/div>\n<\/div>\t<div\n\t\tclass=\"row row-cols-1 row-cols-sm-2 geodir-category-list-view geodir-widget-posts geodir-gridview row-cols-md-3\">\n\t\t\n<div class=\"col mb-4 geodir-post post-13270 gd_place type-gd_place status-publish has-post-thumbnail gd-post-pkg-1\" data-post-id=\"13270\">\n\t\t<div class=\"card h-100 p-0 m-0 mw-100  \">\n\t<div class=\"card p-0 mw-100 h-100 \"><div class=\"card-img-top overflow-hidden position-relative  \"><span class=\"bsui gd-badge-meta\"><a href=\"https:\/\/caminodesantiagofrances.com\/en\/lo\/categoria\/albergue\/\" class=\"gd-badge border-0 badge ab-bottom-left ms-1\" data-id=\"13270\" data-badge=\"default_category\" data-badge-condition=\"is_not_empty\" style=\"background-color:rgba(0,0,0,0.5);border-color:rgba(0,0,0,0.5);color:#ffffff;\">Albergue<\/a>\n<\/span><div class=\"geodir_post_meta gd-fav-info-wrap  gd-fav-hide-text ab-bottom-right me-1  mb-n1  me-1 mb-n1 ab-bottom-right\" >\t\t<span class=\"gd-list-favorite\">\n\t\t\t<span class=\"geodir-addtofav favorite_property_13270  h5\" aria-hidden=\"true\"><span  title=\"Add to Favourites\"  class=\"geodir-addtofav-icon c-pointer geodir-act-fav\"  data-color-on=\"#ff0000\"  data-icon=\"fas fa-heart\"  data-color-off=\"rgba(223,223,223,0.8)\"  data-text-color=\"\"  data-bs-toggle=\"tooltip\"  aria-hidden=\"true\"  onclick=\"javascript:window.location.href='https:\/\/caminodesantiagofrances.com\/en\/wp-login.php'\"  ><i class=\"fas fa-heart\"  style=\"color:rgba(223,223,223,0.8);\" ><\/i> <span class=\"geodir-fav-text gv-secondary visually-hidden\" style=\"\" aria-hidden=\"true\">Favourite<\/span><\/span>\n<\/span>\t\t<\/span>\n\t\t<\/div><div class=\"geodir-post-slider bsui sdel-03994e04\" ><div class=\"geodir-image-container geodir-image-sizes-medium_large overflow-hidden\">\n\t\t\t<div class=\"geodir-images aui-gallery geodir-images-n-1 geodir-images-image carousel-inner \">\n\t\t<div class=\"carousel-item active\"><a href=\"https:\/\/caminodesantiagofrances.com\/en\/lo\/residencia-de-peregrinos-san-lazaro\/\" class=\"geodir-link-image embed-has-action ratio ratio-16x9 ratio ratio-16x9 d-block\"><img src='data:image\/png;base64,iVBORw0KGgoAAAANSUhEUgAAAGQAAAABCAQAAACC0sM2AAAADklEQVR42mP8X88wLAAAK5IBgMYCdqgAAAAASUVORK5CYII=' data-src=\"https:\/\/caminodesantiagofrances.com\/en\/wp-content\/uploads\/sites\/3\/2024\/08\/Residencia-de-peregrinos-San-Lazaro-Camino-de-Santiago-Frances-768x403.jpg\" alt=\"Residencia de peregrinos San Lazaro Camino de Santiago Frances 768x403\" width=\"768\" height=\"403\" class=\"geodir-lazy-load align size-medium_large geodir-image-408 embed-item-cover-xy w-100 p-0 m-0 mw-100 border-0\" data-srcset=\"https:\/\/caminodesantiagofrances.com\/en\/wp-content\/uploads\/sites\/3\/2024\/08\/Residencia-de-peregrinos-San-Lazaro-Camino-de-Santiago-Frances-768x403.jpg 768w, https:\/\/caminodesantiagofrances.com\/en\/wp-content\/uploads\/sites\/3\/2024\/08\/Residencia-de-peregrinos-San-Lazaro-Camino-de-Santiago-Frances-300x158.jpg 300w, https:\/\/caminodesantiagofrances.com\/en\/wp-content\/uploads\/sites\/3\/2024\/08\/Residencia-de-peregrinos-San-Lazaro-Camino-de-Santiago-Frances-1024x538.jpg 1024w, https:\/\/caminodesantiagofrances.com\/en\/wp-content\/uploads\/sites\/3\/2024\/08\/Residencia-de-peregrinos-San-Lazaro-Camino-de-Santiago-Frances.jpg 1200w\" sizes=\"(max-width: 768px) 100vw, 768px\" \/><i class=\"fas fa-link w-auto h-auto\" aria-hidden=\"true\"><\/i><\/a><\/div>\t\t<\/div>\n\t\t<\/div>\n<\/div><\/div><div class=\"card-body p-2  \"><div class=\"row justify-content-center gv-hide-3 gv-hide-0\"><div class=\"col col-4 text-center tofront \"><a href=\"https:\/\/caminodesantiagofrances.com\/en\/author\/caminodesantiagofrances-com\/\" title=\"caminodesantiagofrances-com\"><img decoding=\"async\" style=\"max-height:75px;\" class=\"rounded-circle shadow border border-white border-width-4 p-0 mw-100 mt-n5 bg-white\" src=\"https:\/\/secure.gravatar.com\/avatar\/03aa5dc32308904f80a38258afc0335b43d4b2bec3418626e4f8712b71c3b93e?s=96&#038;d=mm&#038;r=g\" alt=\"Author Image\"><\/a><\/div><\/div><div class=\"geodir-post-title bsui sdel-caa60b10\" ><h3 class=\"geodir-entry-title  h5 \"><a href=\"https:\/\/caminodesantiagofrances.com\/en\/lo\/residencia-de-peregrinos-san-lazaro\/\" class=\"\" title=\"View: Residencia de peregrinos San L\u00e1zaro\">Residencia de peregrinos San L\u00e1zaro<\/a><\/h3><\/div><div class=\"geodir-post-content-container bsui sdel-1e477937\" ><div class=\"geodir_post_meta  text-justify pb-1 position-relative geodir-field-post_content\" >Albergue Residencia de Peregrinos San L\u00e1zaro Albergue de Peregrinos San L\u00e1zaro Albergue publico Residencia de peregrinos San L\u00e1zaro en Santiago<\/div><\/div><\/div><div class=\"card-footer p-2  \"><div class='d-flex justify-content-between align-items-center flex-wrap'><div><\/div><div><\/div><\/div><\/div><\/div>\t<\/div>\n\t<\/div>\n\n<div class=\"col mb-4 geodir-post post-16241 gd_place type-gd_place status-publish has-post-thumbnail gd-post-pkg-1\" data-post-id=\"16241\">\n\t\t<div class=\"card h-100 p-0 m-0 mw-100  \">\n\t<div class=\"card p-0 mw-100 h-100 \"><div class=\"card-img-top overflow-hidden position-relative  \"><span class=\"bsui gd-badge-meta\"><a href=\"https:\/\/caminodesantiagofrances.com\/en\/lo\/categoria\/albergue\/\" class=\"gd-badge border-0 badge ab-bottom-left ms-1\" data-id=\"16241\" data-badge=\"default_category\" data-badge-condition=\"is_not_empty\" style=\"background-color:rgba(0,0,0,0.5);border-color:rgba(0,0,0,0.5);color:#ffffff;\">Albergue<\/a>\n<\/span><div class=\"geodir_post_meta gd-fav-info-wrap  gd-fav-hide-text ab-bottom-right me-1  mb-n1  me-1 mb-n1 ab-bottom-right\" >\t\t<span class=\"gd-list-favorite\">\n\t\t\t<span class=\"geodir-addtofav favorite_property_16241  h5\" aria-hidden=\"true\"><span  title=\"Add to Favourites\"  class=\"geodir-addtofav-icon c-pointer geodir-act-fav\"  data-color-on=\"#ff0000\"  data-icon=\"fas fa-heart\"  data-color-off=\"rgba(223,223,223,0.8)\"  data-text-color=\"\"  data-bs-toggle=\"tooltip\"  aria-hidden=\"true\"  onclick=\"javascript:window.location.href='https:\/\/caminodesantiagofrances.com\/en\/wp-login.php'\"  ><i class=\"fas fa-heart\"  style=\"color:rgba(223,223,223,0.8);\" ><\/i> <span class=\"geodir-fav-text gv-secondary visually-hidden\" style=\"\" aria-hidden=\"true\">Favourite<\/span><\/span>\n<\/span>\t\t<\/span>\n\t\t<\/div><div class=\"geodir-post-slider bsui sdel-03994e04\" ><div class=\"geodir-image-container geodir-image-sizes-medium_large overflow-hidden\">\n\t\t\t<div class=\"geodir-images aui-gallery geodir-images-n-1 geodir-images-image carousel-inner \">\n\t\t<div class=\"carousel-item active\"><a href=\"https:\/\/caminodesantiagofrances.com\/en\/lo\/albergue-la-credencial-santiago-de-compostela\/\" class=\"geodir-link-image embed-has-action ratio ratio-16x9 ratio ratio-16x9 d-block\"><img src='data:image\/png;base64,iVBORw0KGgoAAAANSUhEUgAAAGQAAAABCAQAAACC0sM2AAAADklEQVR42mP8X88wLAAAK5IBgMYCdqgAAAAASUVORK5CYII=' data-src=\"https:\/\/caminodesantiagofrances.com\/en\/wp-content\/uploads\/sites\/3\/2025\/08\/Albergue-La-Credencial-Santiago-de-Compostela-Camino-de-Santiago-Frances-768x403.jpg\" alt=\"Albergue La Credencial Santiago de Compostela Camino de Santiago Frances 768x403\" width=\"768\" height=\"403\" class=\"geodir-lazy-load align size-medium_large geodir-image-3002 embed-item-cover-xy w-100 p-0 m-0 mw-100 border-0\" data-srcset=\"https:\/\/caminodesantiagofrances.com\/en\/wp-content\/uploads\/sites\/3\/2025\/08\/Albergue-La-Credencial-Santiago-de-Compostela-Camino-de-Santiago-Frances-768x403.jpg 768w, https:\/\/caminodesantiagofrances.com\/en\/wp-content\/uploads\/sites\/3\/2025\/08\/Albergue-La-Credencial-Santiago-de-Compostela-Camino-de-Santiago-Frances-300x158.jpg 300w, https:\/\/caminodesantiagofrances.com\/en\/wp-content\/uploads\/sites\/3\/2025\/08\/Albergue-La-Credencial-Santiago-de-Compostela-Camino-de-Santiago-Frances-1024x538.jpg 1024w, https:\/\/caminodesantiagofrances.com\/en\/wp-content\/uploads\/sites\/3\/2025\/08\/Albergue-La-Credencial-Santiago-de-Compostela-Camino-de-Santiago-Frances.jpg 1200w\" sizes=\"(max-width: 768px) 100vw, 768px\" \/><i class=\"fas fa-link w-auto h-auto\" aria-hidden=\"true\"><\/i><\/a><\/div>\t\t<\/div>\n\t\t<\/div>\n<\/div><\/div><div class=\"card-body p-2  \"><div class=\"row justify-content-center gv-hide-3 gv-hide-0\"><div class=\"col col-4 text-center tofront \"><a href=\"https:\/\/caminodesantiagofrances.com\/en\/author\/caminodesantiagofrances-com\/\" title=\"caminodesantiagofrances-com\"><img decoding=\"async\" style=\"max-height:75px;\" class=\"rounded-circle shadow border border-white border-width-4 p-0 mw-100 mt-n5 bg-white\" src=\"https:\/\/secure.gravatar.com\/avatar\/03aa5dc32308904f80a38258afc0335b43d4b2bec3418626e4f8712b71c3b93e?s=96&#038;d=mm&#038;r=g\" alt=\"Author Image\"><\/a><\/div><\/div><div class=\"geodir-post-title bsui sdel-caa60b10\" ><h3 class=\"geodir-entry-title  h5 \"><a href=\"https:\/\/caminodesantiagofrances.com\/en\/lo\/albergue-la-credencial-santiago-de-compostela\/\" class=\"\" title=\"View: Albergue La Credencial Santiago de Compostela\">Albergue La Credencial Santiago de Compostela<\/a><\/h3><\/div><div class=\"geodir-post-content-container bsui sdel-1e477937\" ><div class=\"geodir_post_meta  text-justify pb-1 position-relative geodir-field-post_content\" >RESERVAR AHORA Albergue La Credencial: descanso y hospitalidad en Santiago de Compostela Ubicado en la R\u00faa Fonte dos Concheiros, a<\/div><\/div><\/div><div class=\"card-footer p-2  \"><div class='d-flex justify-content-between align-items-center flex-wrap'><div><\/div><div><\/div><\/div><\/div><\/div>\t<\/div>\n\t<\/div>\n\n<div class=\"col mb-4 geodir-post post-16244 gd_place type-gd_place status-publish has-post-thumbnail gd-post-pkg-1\" data-post-id=\"16244\">\n\t\t<div class=\"card h-100 p-0 m-0 mw-100  \">\n\t<div class=\"card p-0 mw-100 h-100 \"><div class=\"card-img-top overflow-hidden position-relative  \"><span class=\"bsui gd-badge-meta\"><a href=\"https:\/\/caminodesantiagofrances.com\/en\/lo\/categoria\/albergue\/\" class=\"gd-badge border-0 badge ab-bottom-left ms-1\" data-id=\"16244\" data-badge=\"default_category\" data-badge-condition=\"is_not_empty\" style=\"background-color:rgba(0,0,0,0.5);border-color:rgba(0,0,0,0.5);color:#ffffff;\">Albergue<\/a>\n<\/span><div class=\"geodir_post_meta gd-fav-info-wrap  gd-fav-hide-text ab-bottom-right me-1  mb-n1  me-1 mb-n1 ab-bottom-right\" >\t\t<span class=\"gd-list-favorite\">\n\t\t\t<span class=\"geodir-addtofav favorite_property_16244  h5\" aria-hidden=\"true\"><span  title=\"Add to Favourites\"  class=\"geodir-addtofav-icon c-pointer geodir-act-fav\"  data-color-on=\"#ff0000\"  data-icon=\"fas fa-heart\"  data-color-off=\"rgba(223,223,223,0.8)\"  data-text-color=\"\"  data-bs-toggle=\"tooltip\"  aria-hidden=\"true\"  onclick=\"javascript:window.location.href='https:\/\/caminodesantiagofrances.com\/en\/wp-login.php'\"  ><i class=\"fas fa-heart\"  style=\"color:rgba(223,223,223,0.8);\" ><\/i> <span class=\"geodir-fav-text gv-secondary visually-hidden\" style=\"\" aria-hidden=\"true\">Favourite<\/span><\/span>\n<\/span>\t\t<\/span>\n\t\t<\/div><div class=\"geodir-post-slider bsui sdel-03994e04\" ><div class=\"geodir-image-container geodir-image-sizes-medium_large overflow-hidden\">\n\t\t\t<div class=\"geodir-images aui-gallery geodir-images-n-1 geodir-images-image carousel-inner \">\n\t\t<div class=\"carousel-item active\"><a href=\"https:\/\/caminodesantiagofrances.com\/en\/lo\/albergue-scq-santiago-de-compostela\/\" class=\"geodir-link-image embed-has-action ratio ratio-16x9 ratio ratio-16x9 d-block\"><img src='data:image\/png;base64,iVBORw0KGgoAAAANSUhEUgAAAGQAAAABCAQAAACC0sM2AAAADklEQVR42mP8X88wLAAAK5IBgMYCdqgAAAAASUVORK5CYII=' data-src=\"https:\/\/caminodesantiagofrances.com\/en\/wp-content\/uploads\/sites\/3\/2025\/08\/Albergue-SCQ-Santiago-de-Compostela-Camino-de-Santiago-Frances-768x403.jpg\" alt=\"Albergue SCQ Santiago de Compostela Camino de Santiago Frances 768x403\" width=\"768\" height=\"403\" class=\"geodir-lazy-load align size-medium_large geodir-image-3019 embed-item-cover-xy w-100 p-0 m-0 mw-100 border-0\" data-srcset=\"https:\/\/caminodesantiagofrances.com\/en\/wp-content\/uploads\/sites\/3\/2025\/08\/Albergue-SCQ-Santiago-de-Compostela-Camino-de-Santiago-Frances-768x403.jpg 768w, https:\/\/caminodesantiagofrances.com\/en\/wp-content\/uploads\/sites\/3\/2025\/08\/Albergue-SCQ-Santiago-de-Compostela-Camino-de-Santiago-Frances-300x158.jpg 300w, https:\/\/caminodesantiagofrances.com\/en\/wp-content\/uploads\/sites\/3\/2025\/08\/Albergue-SCQ-Santiago-de-Compostela-Camino-de-Santiago-Frances-1024x538.jpg 1024w, https:\/\/caminodesantiagofrances.com\/en\/wp-content\/uploads\/sites\/3\/2025\/08\/Albergue-SCQ-Santiago-de-Compostela-Camino-de-Santiago-Frances.jpg 1200w\" sizes=\"(max-width: 768px) 100vw, 768px\" \/><i class=\"fas fa-link w-auto h-auto\" aria-hidden=\"true\"><\/i><\/a><\/div>\t\t<\/div>\n\t\t<\/div>\n<\/div><\/div><div class=\"card-body p-2  \"><div class=\"row justify-content-center gv-hide-3 gv-hide-0\"><div class=\"col col-4 text-center tofront \"><a href=\"https:\/\/caminodesantiagofrances.com\/en\/author\/caminodesantiagofrances-com\/\" title=\"caminodesantiagofrances-com\"><img decoding=\"async\" style=\"max-height:75px;\" class=\"rounded-circle shadow border border-white border-width-4 p-0 mw-100 mt-n5 bg-white\" src=\"https:\/\/secure.gravatar.com\/avatar\/03aa5dc32308904f80a38258afc0335b43d4b2bec3418626e4f8712b71c3b93e?s=96&#038;d=mm&#038;r=g\" alt=\"Author Image\"><\/a><\/div><\/div><div class=\"geodir-post-title bsui sdel-caa60b10\" ><h3 class=\"geodir-entry-title  h5 \"><a href=\"https:\/\/caminodesantiagofrances.com\/en\/lo\/albergue-scq-santiago-de-compostela\/\" class=\"\" title=\"View: Albergue SCQ Santiago de Compostela\">Albergue SCQ Santiago de Compostela<\/a><\/h3><\/div><div class=\"geodir-post-content-container bsui sdel-1e477937\" ><div class=\"geodir_post_meta  text-justify pb-1 position-relative geodir-field-post_content\" >RESERVAR AHORA Albergue Hostel SCQ: descanso y comodidad a un paso del coraz\u00f3n de Santiago En el l\u00edmite del casco<\/div><\/div><\/div><div class=\"card-footer p-2  \"><div class='d-flex justify-content-between align-items-center flex-wrap'><div><\/div><div><\/div><\/div><\/div><\/div>\t<\/div>\n\t<\/div>\n\n<div class=\"col mb-4 geodir-post post-16231 gd_place type-gd_place status-publish has-post-thumbnail gd-post-pkg-1\" data-post-id=\"16231\">\n\t\t<div class=\"card h-100 p-0 m-0 mw-100  \">\n\t<div class=\"card p-0 mw-100 h-100 \"><div class=\"card-img-top overflow-hidden position-relative  \"><span class=\"bsui gd-badge-meta\"><a href=\"https:\/\/caminodesantiagofrances.com\/en\/lo\/categoria\/albergue\/\" class=\"gd-badge border-0 badge ab-bottom-left ms-1\" data-id=\"16231\" data-badge=\"default_category\" data-badge-condition=\"is_not_empty\" style=\"background-color:rgba(0,0,0,0.5);border-color:rgba(0,0,0,0.5);color:#ffffff;\">Albergue<\/a>\n<\/span><div class=\"geodir_post_meta gd-fav-info-wrap  gd-fav-hide-text ab-bottom-right me-1  mb-n1  me-1 mb-n1 ab-bottom-right\" >\t\t<span class=\"gd-list-favorite\">\n\t\t\t<span class=\"geodir-addtofav favorite_property_16231  h5\" aria-hidden=\"true\"><span  title=\"Add to Favourites\"  class=\"geodir-addtofav-icon c-pointer geodir-act-fav\"  data-color-on=\"#ff0000\"  data-icon=\"fas fa-heart\"  data-color-off=\"rgba(223,223,223,0.8)\"  data-text-color=\"\"  data-bs-toggle=\"tooltip\"  aria-hidden=\"true\"  onclick=\"javascript:window.location.href='https:\/\/caminodesantiagofrances.com\/en\/wp-login.php'\"  ><i class=\"fas fa-heart\"  style=\"color:rgba(223,223,223,0.8);\" ><\/i> <span class=\"geodir-fav-text gv-secondary visually-hidden\" style=\"\" aria-hidden=\"true\">Favourite<\/span><\/span>\n<\/span>\t\t<\/span>\n\t\t<\/div><div class=\"geodir-post-slider bsui sdel-03994e04\" ><div class=\"geodir-image-container geodir-image-sizes-medium_large overflow-hidden\">\n\t\t\t<div class=\"geodir-images aui-gallery geodir-images-n-1 geodir-images-image carousel-inner \">\n\t\t<div class=\"carousel-item active\"><a href=\"https:\/\/caminodesantiagofrances.com\/en\/lo\/albergue-santo-santiago\/\" class=\"geodir-link-image embed-has-action ratio ratio-16x9 ratio ratio-16x9 d-block\"><img src='data:image\/png;base64,iVBORw0KGgoAAAANSUhEUgAAAGQAAAABCAQAAACC0sM2AAAADklEQVR42mP8X88wLAAAK5IBgMYCdqgAAAAASUVORK5CYII=' data-src=\"https:\/\/caminodesantiagofrances.com\/en\/wp-content\/uploads\/sites\/3\/2025\/08\/Albergue-Santo-Santiago-Camino-de-Santiago-Frances-768x403.jpg\" alt=\"Albergue Santo Santiago Camino de Santiago Frances 768x403\" width=\"768\" height=\"403\" class=\"geodir-lazy-load align size-medium_large geodir-image-2963 embed-item-cover-xy w-100 p-0 m-0 mw-100 border-0\" data-srcset=\"https:\/\/caminodesantiagofrances.com\/en\/wp-content\/uploads\/sites\/3\/2025\/08\/Albergue-Santo-Santiago-Camino-de-Santiago-Frances-768x403.jpg 768w, https:\/\/caminodesantiagofrances.com\/en\/wp-content\/uploads\/sites\/3\/2025\/08\/Albergue-Santo-Santiago-Camino-de-Santiago-Frances-300x158.jpg 300w, https:\/\/caminodesantiagofrances.com\/en\/wp-content\/uploads\/sites\/3\/2025\/08\/Albergue-Santo-Santiago-Camino-de-Santiago-Frances-1024x538.jpg 1024w, https:\/\/caminodesantiagofrances.com\/en\/wp-content\/uploads\/sites\/3\/2025\/08\/Albergue-Santo-Santiago-Camino-de-Santiago-Frances.jpg 1200w\" sizes=\"(max-width: 768px) 100vw, 768px\" \/><i class=\"fas fa-link w-auto h-auto\" aria-hidden=\"true\"><\/i><\/a><\/div>\t\t<\/div>\n\t\t<\/div>\n<\/div><\/div><div class=\"card-body p-2  \"><div class=\"row justify-content-center gv-hide-3 gv-hide-0\"><div class=\"col col-4 text-center tofront \"><a href=\"https:\/\/caminodesantiagofrances.com\/en\/author\/caminodesantiagofrances-com\/\" title=\"caminodesantiagofrances-com\"><img decoding=\"async\" style=\"max-height:75px;\" class=\"rounded-circle shadow border border-white border-width-4 p-0 mw-100 mt-n5 bg-white\" src=\"https:\/\/secure.gravatar.com\/avatar\/03aa5dc32308904f80a38258afc0335b43d4b2bec3418626e4f8712b71c3b93e?s=96&#038;d=mm&#038;r=g\" alt=\"Author Image\"><\/a><\/div><\/div><div class=\"geodir-post-title bsui sdel-caa60b10\" ><h3 class=\"geodir-entry-title  h5 \"><a href=\"https:\/\/caminodesantiagofrances.com\/en\/lo\/albergue-santo-santiago\/\" class=\"\" title=\"View: Albergue Santo Santiago\">Albergue Santo Santiago<\/a><\/h3><\/div><div class=\"geodir-post-content-container bsui sdel-1e477937\" ><div class=\"geodir_post_meta  text-justify pb-1 position-relative geodir-field-post_content\" >RESERVAR AHORA Albergue Santo Santiago: hospitalidad y descanso en el coraz\u00f3n del Camino Franc\u00e9s Ubicado estrat\u00e9gicamente en la R\u00faa do<\/div><\/div><\/div><div class=\"card-footer p-2  \"><div class='d-flex justify-content-between align-items-center flex-wrap'><div><\/div><div><\/div><\/div><\/div><\/div>\t<\/div>\n\t<\/div>\n\n<div class=\"col mb-4 geodir-post post-16285 gd_place type-gd_place status-publish has-post-thumbnail gd-post-pkg-1\" data-post-id=\"16285\">\n\t\t<div class=\"card h-100 p-0 m-0 mw-100  \">\n\t<div class=\"card p-0 mw-100 h-100 \"><div class=\"card-img-top overflow-hidden position-relative  \"><span class=\"bsui gd-badge-meta\"><a href=\"https:\/\/caminodesantiagofrances.com\/en\/lo\/categoria\/albergue\/\" class=\"gd-badge border-0 badge ab-bottom-left ms-1\" data-id=\"16285\" data-badge=\"default_category\" data-badge-condition=\"is_not_empty\" style=\"background-color:rgba(0,0,0,0.5);border-color:rgba(0,0,0,0.5);color:#ffffff;\">Albergue<\/a>\n<\/span><div class=\"geodir_post_meta gd-fav-info-wrap  gd-fav-hide-text ab-bottom-right me-1  mb-n1  me-1 mb-n1 ab-bottom-right\" >\t\t<span class=\"gd-list-favorite\">\n\t\t\t<span class=\"geodir-addtofav favorite_property_16285  h5\" aria-hidden=\"true\"><span  title=\"Add to Favourites\"  class=\"geodir-addtofav-icon c-pointer geodir-act-fav\"  data-color-on=\"#ff0000\"  data-icon=\"fas fa-heart\"  data-color-off=\"rgba(223,223,223,0.8)\"  data-text-color=\"\"  data-bs-toggle=\"tooltip\"  aria-hidden=\"true\"  onclick=\"javascript:window.location.href='https:\/\/caminodesantiagofrances.com\/en\/wp-login.php'\"  ><i class=\"fas fa-heart\"  style=\"color:rgba(223,223,223,0.8);\" ><\/i> <span class=\"geodir-fav-text gv-secondary visually-hidden\" style=\"\" aria-hidden=\"true\">Favourite<\/span><\/span>\n<\/span>\t\t<\/span>\n\t\t<\/div><div class=\"geodir-post-slider bsui sdel-03994e04\" ><div class=\"geodir-image-container geodir-image-sizes-medium_large overflow-hidden\">\n\t\t\t<div class=\"geodir-images aui-gallery geodir-images-n-1 geodir-images-image carousel-inner \">\n\t\t<div class=\"carousel-item active\"><a href=\"https:\/\/caminodesantiagofrances.com\/en\/lo\/albergue-azabache-santiago-de-compostela\/\" class=\"geodir-link-image embed-has-action ratio ratio-16x9 ratio ratio-16x9 d-block\"><img src='data:image\/png;base64,iVBORw0KGgoAAAANSUhEUgAAAGQAAAABCAQAAACC0sM2AAAADklEQVR42mP8X88wLAAAK5IBgMYCdqgAAAAASUVORK5CYII=' data-src=\"https:\/\/caminodesantiagofrances.com\/en\/wp-content\/uploads\/sites\/3\/2025\/08\/Albergue-Azabache-Santiago-de-Compostela-Camino-de-Santiago-Frances-768x403.jpg\" alt=\"Albergue Azabache Santiago de Compostela Camino de Santiago Frances 768x403\" width=\"768\" height=\"403\" class=\"geodir-lazy-load align size-medium_large geodir-image-3099 embed-item-cover-xy w-100 p-0 m-0 mw-100 border-0\" data-srcset=\"https:\/\/caminodesantiagofrances.com\/en\/wp-content\/uploads\/sites\/3\/2025\/08\/Albergue-Azabache-Santiago-de-Compostela-Camino-de-Santiago-Frances-768x403.jpg 768w, https:\/\/caminodesantiagofrances.com\/en\/wp-content\/uploads\/sites\/3\/2025\/08\/Albergue-Azabache-Santiago-de-Compostela-Camino-de-Santiago-Frances-300x158.jpg 300w, https:\/\/caminodesantiagofrances.com\/en\/wp-content\/uploads\/sites\/3\/2025\/08\/Albergue-Azabache-Santiago-de-Compostela-Camino-de-Santiago-Frances-1024x538.jpg 1024w, https:\/\/caminodesantiagofrances.com\/en\/wp-content\/uploads\/sites\/3\/2025\/08\/Albergue-Azabache-Santiago-de-Compostela-Camino-de-Santiago-Frances.jpg 1200w\" sizes=\"(max-width: 768px) 100vw, 768px\" \/><i class=\"fas fa-link w-auto h-auto\" aria-hidden=\"true\"><\/i><\/a><\/div>\t\t<\/div>\n\t\t<\/div>\n<\/div><\/div><div class=\"card-body p-2  \"><div class=\"row justify-content-center gv-hide-3 gv-hide-0\"><div class=\"col col-4 text-center tofront \"><a href=\"https:\/\/caminodesantiagofrances.com\/en\/author\/caminodesantiagofrances-com\/\" title=\"caminodesantiagofrances-com\"><img decoding=\"async\" style=\"max-height:75px;\" class=\"rounded-circle shadow border border-white border-width-4 p-0 mw-100 mt-n5 bg-white\" src=\"https:\/\/secure.gravatar.com\/avatar\/03aa5dc32308904f80a38258afc0335b43d4b2bec3418626e4f8712b71c3b93e?s=96&#038;d=mm&#038;r=g\" alt=\"Author Image\"><\/a><\/div><\/div><div class=\"geodir-post-title bsui sdel-caa60b10\" ><h3 class=\"geodir-entry-title  h5 \"><a href=\"https:\/\/caminodesantiagofrances.com\/en\/lo\/albergue-azabache-santiago-de-compostela\/\" class=\"\" title=\"View: Albergue Azabache Santiago de Compostela\">Albergue Azabache Santiago de Compostela<\/a><\/h3><\/div><div class=\"geodir-post-content-container bsui sdel-1e477937\" ><div class=\"geodir_post_meta  text-justify pb-1 position-relative geodir-field-post_content\" >RESERVAR AHORA Albergue Azabache: descanso y tradici\u00f3n a un paso de la Catedral de Santiago En el coraz\u00f3n del casco<\/div><\/div><\/div><div class=\"card-footer p-2  \"><div class='d-flex justify-content-between align-items-center flex-wrap'><div><\/div><div><\/div><\/div><\/div><\/div>\t<\/div>\n\t<\/div>\n\n<div class=\"col mb-4 geodir-post post-16237 gd_place type-gd_place status-publish has-post-thumbnail gd-post-pkg-1\" data-post-id=\"16237\">\n\t\t<div class=\"card h-100 p-0 m-0 mw-100  \">\n\t<div class=\"card p-0 mw-100 h-100 \"><div class=\"card-img-top overflow-hidden position-relative  \"><span class=\"bsui gd-badge-meta\"><a href=\"https:\/\/caminodesantiagofrances.com\/en\/lo\/categoria\/albergue\/\" class=\"gd-badge border-0 badge ab-bottom-left ms-1\" data-id=\"16237\" data-badge=\"default_category\" data-badge-condition=\"is_not_empty\" style=\"background-color:rgba(0,0,0,0.5);border-color:rgba(0,0,0,0.5);color:#ffffff;\">Albergue<\/a>\n<\/span><div class=\"geodir_post_meta gd-fav-info-wrap  gd-fav-hide-text ab-bottom-right me-1  mb-n1  me-1 mb-n1 ab-bottom-right\" >\t\t<span class=\"gd-list-favorite\">\n\t\t\t<span class=\"geodir-addtofav favorite_property_16237  h5\" aria-hidden=\"true\"><span  title=\"Add to Favourites\"  class=\"geodir-addtofav-icon c-pointer geodir-act-fav\"  data-color-on=\"#ff0000\"  data-icon=\"fas fa-heart\"  data-color-off=\"rgba(223,223,223,0.8)\"  data-text-color=\"\"  data-bs-toggle=\"tooltip\"  aria-hidden=\"true\"  onclick=\"javascript:window.location.href='https:\/\/caminodesantiagofrances.com\/en\/wp-login.php'\"  ><i class=\"fas fa-heart\"  style=\"color:rgba(223,223,223,0.8);\" ><\/i> <span class=\"geodir-fav-text gv-secondary visually-hidden\" style=\"\" aria-hidden=\"true\">Favourite<\/span><\/span>\n<\/span>\t\t<\/span>\n\t\t<\/div><div class=\"geodir-post-slider bsui sdel-03994e04\" ><div class=\"geodir-image-container geodir-image-sizes-medium_large overflow-hidden\">\n\t\t\t<div class=\"geodir-images aui-gallery geodir-images-n-1 geodir-images-image carousel-inner \">\n\t\t<div class=\"carousel-item active\"><a href=\"https:\/\/caminodesantiagofrances.com\/en\/lo\/albergue-sixtos-no-caminho\/\" class=\"geodir-link-image embed-has-action ratio ratio-16x9 ratio ratio-16x9 d-block\"><img src='data:image\/png;base64,iVBORw0KGgoAAAANSUhEUgAAAGQAAAABCAQAAACC0sM2AAAADklEQVR42mP8X88wLAAAK5IBgMYCdqgAAAAASUVORK5CYII=' data-src=\"https:\/\/caminodesantiagofrances.com\/en\/wp-content\/uploads\/sites\/3\/2025\/08\/Albergue-Sixtos-no-Caminho-Camino-de-Santiago-Frances-768x403.jpg\" alt=\"Albergue Sixtos no Caminho Camino de Santiago Frances 768x403\" width=\"768\" height=\"403\" class=\"geodir-lazy-load align size-medium_large geodir-image-2987 embed-item-cover-xy w-100 p-0 m-0 mw-100 border-0\" data-srcset=\"https:\/\/caminodesantiagofrances.com\/en\/wp-content\/uploads\/sites\/3\/2025\/08\/Albergue-Sixtos-no-Caminho-Camino-de-Santiago-Frances-768x403.jpg 768w, https:\/\/caminodesantiagofrances.com\/en\/wp-content\/uploads\/sites\/3\/2025\/08\/Albergue-Sixtos-no-Caminho-Camino-de-Santiago-Frances-300x158.jpg 300w, https:\/\/caminodesantiagofrances.com\/en\/wp-content\/uploads\/sites\/3\/2025\/08\/Albergue-Sixtos-no-Caminho-Camino-de-Santiago-Frances-1024x538.jpg 1024w, https:\/\/caminodesantiagofrances.com\/en\/wp-content\/uploads\/sites\/3\/2025\/08\/Albergue-Sixtos-no-Caminho-Camino-de-Santiago-Frances.jpg 1200w\" sizes=\"(max-width: 768px) 100vw, 768px\" \/><i class=\"fas fa-link w-auto h-auto\" aria-hidden=\"true\"><\/i><\/a><\/div>\t\t<\/div>\n\t\t<\/div>\n<\/div><\/div><div class=\"card-body p-2  \"><div class=\"row justify-content-center gv-hide-3 gv-hide-0\"><div class=\"col col-4 text-center tofront \"><a href=\"https:\/\/caminodesantiagofrances.com\/en\/author\/caminodesantiagofrances-com\/\" title=\"caminodesantiagofrances-com\"><img decoding=\"async\" style=\"max-height:75px;\" class=\"rounded-circle shadow border border-white border-width-4 p-0 mw-100 mt-n5 bg-white\" src=\"https:\/\/secure.gravatar.com\/avatar\/03aa5dc32308904f80a38258afc0335b43d4b2bec3418626e4f8712b71c3b93e?s=96&#038;d=mm&#038;r=g\" alt=\"Author Image\"><\/a><\/div><\/div><div class=\"geodir-post-title bsui sdel-caa60b10\" ><h3 class=\"geodir-entry-title  h5 \"><a href=\"https:\/\/caminodesantiagofrances.com\/en\/lo\/albergue-sixtos-no-caminho\/\" class=\"\" title=\"View: Albergue SIXTOs no Caminho\">Albergue SIXTOs no Caminho<\/a><\/h3><\/div><div class=\"geodir-post-content-container bsui sdel-1e477937\" ><div class=\"geodir_post_meta  text-justify pb-1 position-relative geodir-field-post_content\" >RESERVAR AHORA Albergue SIXTOs no Caminho: descanso y hospitalidad en Santiago de Compostela Ubicado en la R\u00faa da Fonte dos<\/div><\/div><\/div><div class=\"card-footer p-2  \"><div class='d-flex justify-content-between align-items-center flex-wrap'><div><\/div><div><\/div><\/div><\/div><\/div>\t<\/div>\n\t<\/div>\n\t<\/div>\n<div class=\"geodir-ajax-listings-loader loading_div overlay overlay-black position-absolute row m-0 z-index-1 w-100 h-100 rounded overflow-hidden\" style=\"display: none;z-index: 3;top:0;\">\n\t\t\t\t\t\t\t\t<div class=\"spinner-border mx-auto align-self-center text-white\" role=\"status\">\n\t\t\t\t\t\t\t\t\t<span class=\"visually-hidden\">Loading&#8230;<\/span>\n\t\t\t\t\t\t\t\t<\/div>\n\t\t\t\t\t\t\t<\/div><div class=\"geodir-loop-paging-container bsui sdel-c83c1d52\" ><div class=\"mb-3\">\n\t<section class=\"px-0 py-2 w-100\">\n\t<nav class=\"navigation aui-pagination\" aria-label=\"Posts navigation\">\n\t\t<h2 class=\"screen-reader-text visually-hidden\">Posts navigation<\/h2>\n\t\t<div class=\"aui-nav-links\"><ul class=\"pagination m-0 p-0 \"><li class=\"page-item mx-0\"><span aria-current=\"page\" class=\"page-link current active\">1<\/span><\/li><li class=\"page-item mx-0\"><a class=\"page-link\" href=\"https:\/\/caminodesantiagofrances.com\/en\/wp-json\/wp\/v2\/pages\/12306\/page\/2\/\">2<\/a><\/li><li class=\"page-item mx-0\"><a class=\"next page-link\" href=\"https:\/\/caminodesantiagofrances.com\/en\/wp-json\/wp\/v2\/pages\/12306\/page\/2\/\"><span class=\"nav-next-text visually-hidden\">Older posts<\/span> <i class=\"fas fa-chevron-right\"><\/i><\/a><\/li><\/ul><\/div>\n\t<\/nav><\/section><\/div>\n<\/div>\t\t\t\t<script type=\"text\/javascript\">\n\t\t\t\t\t\/* <![CDATA[ *\/\n\t\t\t\t\tjQuery(function () {\n\t\t\t\t\t\ttry {\n\t\t\t\t\t\t\tvar params = {\"title\":\"\",\"post_type\":\"gd_place\",\"category\":\"662\",\"related_to\":\"\",\"tags\":\"\",\"rating\":\"\",\"post_author\":\"\",\"category_title\":\"\",\"sort_by\":\"random\",\"title_tag\":\"h3\",\"list_order\":\"\",\"post_limit\":\"6\",\"post_ids\":\"\",\"layout\":\"3\",\"listing_width\":\"\",\"add_location_filter\":1,\"nearby_gps\":0,\"character_count\":\"20\",\"show_featured_only\":0,\"show_special_only\":0,\"with_pics_only\":0,\"with_videos_only\":0,\"show_favorites_only\":0,\"favorites_by_user\":\"\",\"use_viewing_post_type\":0,\"use_viewing_term\":0,\"hide_if_empty\":1,\"view_all_link\":0,\"with_pagination\":1,\"top_pagination\":1,\"bottom_pagination\":1,\"pagination_info\":\"\",\"template_type\":\"\",\"tmpl_page\":\"\",\"tmpl_part\":\"\",\"skin_id\":\"\",\"skin_column_gap\":\"\",\"skin_row_gap\":\"\",\"column_gap\":\"\",\"row_gap\":\"\",\"card_border\":\"\",\"card_shadow\":\"\",\"bg\":\"light\",\"mt\":\"\",\"mb\":\"3\",\"mr\":\"\",\"ml\":\"\",\"pt\":\"\",\"pb\":\"\",\"pr\":\"\",\"pl\":\"\",\"border\":\"\",\"rounded\":\"\",\"rounded_size\":\"\",\"shadow\":\"\",\"with_carousel\":\"\",\"with_controls\":\"\",\"with_indicators\":\"\",\"slide_interval\":\"5\",\"slide_ride\":\"\",\"center_slide\":\"\",\"widget_title_tag\":\"\",\"widget_title_size_class\":\"\",\"widget_title_align_class\":\"\",\"widget_title_color_class\":\"\",\"widget_title_border_class\":\"\",\"widget_title_border_color_class\":\"\",\"widget_title_mt_class\":\"\",\"widget_title_mr_class\":\"\",\"widget_title_mb_class\":\"\",\"widget_title_ml_class\":\"\",\"widget_title_pt_class\":\"\",\"widget_title_pr_class\":\"\",\"widget_title_pb_class\":\"\",\"widget_title_pl_class\":\"\",\"package_ids\":\"\",\"paging_style\":\"\",\"paging_mid_size\":\"\",\"paging_mid_size_sm\":\"\",\"paging_size\":\"\",\"paging_size_sm\":\"\",\"indicators_mb\":\"\",\"css_class\":\"\",\"country\":\"\",\"region\":\"\",\"city\":\"santiago-de-compostela-1\",\"neighbourhood\":\"\",\"posts_per_page\":\"6\",\"is_geodir_loop\":1,\"gd_location\":1,\"order_by\":\"random\",\"distance_to_post\":0,\"pageno\":1,\"is_gd_author\":0,\"excerpt_length\":\"20\",\"tax_query\":[{\"taxonomy\":\"gd_placecategory\",\"field\":\"id\",\"terms\":[\"662\"]}],\"count_only\":0,\"set_query_vars\":{\"rest_route\":\"\\\/wp\\\/v2\\\/pages\\\/12306\",\"tax_query\":[{\"taxonomy\":\"gd_placecategory\",\"field\":\"id\",\"terms\":[\"662\"]}]}};\n\t\t\t\t\t\t\tparams['action'] = 'geodir_widget_listings';\n\t\t\t\t\t\t\tparams['widget_args'] = [];\n\t\t\t\t\t\t\tparams['security'] = geodir_params.basic_nonce;\n\t\t\t\t\t\t\tgeodir_widget_listings_pagination('geodir_6a9d3c06905ee', params);\n\t\t\t\t\t\t} catch (err) {\n\t\t\t\t\t\t\tconsole.log(err.message);\n\t\t\t\t\t\t}\n\t\t\t\t\t});\n\t\t\t\t\t\/* ]]> *\/\n\t\t\t\t<\/script>\n\t\t\t\t\t\t<\/div>\n\t\t<\/div><\/div>\n\n\n\n<hr class=\"wp-block-separator has-alpha-channel-opacity\"\/>\n\n\n\n<h2 class=\"wp-block-heading has-text-align-center\">La Catedral de Santiago<\/h2>\n\n\n\n<div class=\"wp-block-geodirectory-geodir-widget-listings\"><div class=\"geodir-listings bsui sdel-6699bdaf\" >\t\t<div id=\"geodir_6a9d3c0699333\" class=\"geodir_locations geodir_location_listing\n\t\t\t\t\t\t\t mb-3 shadow-lg\t\t position-relative\">\n\t\t\t\t<div\n\t\tclass=\"row row-cols-1 row-cols-sm-2 geodir-category-list-view geodir-widget-posts geodir-gridview row-cols-md-0\">\n\t\t\n<div class=\"col mb-4 geodir-post post-12591 gd_place type-gd_place status-publish has-post-thumbnail gd-post-pkg-1\" data-post-id=\"12591\">\n\t\t<div class=\"card h-100 p-0 m-0 mw-100  shadow-lg\">\n\t<div class=\"card p-0 mw-100 h-100 \"><div class=\"card-img-top overflow-hidden position-relative  \"><span class=\"bsui gd-badge-meta\"><a href=\"https:\/\/caminodesantiagofrances.com\/en\/lo\/categoria\/catedral\/\" class=\"gd-badge border-0 badge ab-bottom-left ms-1\" data-id=\"12591\" data-badge=\"default_category\" data-badge-condition=\"is_not_empty\" style=\"background-color:rgba(0,0,0,0.5);border-color:rgba(0,0,0,0.5);color:#ffffff;\">Catedral<\/a>\n<\/span><div class=\"geodir_post_meta gd-fav-info-wrap  gd-fav-hide-text ab-bottom-right me-1  mb-n1  me-1 mb-n1 ab-bottom-right\" >\t\t<span class=\"gd-list-favorite\">\n\t\t\t<span class=\"geodir-addtofav favorite_property_12591  h5\" aria-hidden=\"true\"><span  title=\"Add to Favourites\"  class=\"geodir-addtofav-icon c-pointer geodir-act-fav\"  data-color-on=\"#ff0000\"  data-icon=\"fas fa-heart\"  data-color-off=\"rgba(223,223,223,0.8)\"  data-text-color=\"\"  data-bs-toggle=\"tooltip\"  aria-hidden=\"true\"  onclick=\"javascript:window.location.href='https:\/\/caminodesantiagofrances.com\/en\/wp-login.php'\"  ><i class=\"fas fa-heart\"  style=\"color:rgba(223,223,223,0.8);\" ><\/i> <span class=\"geodir-fav-text gv-secondary visually-hidden\" style=\"\" aria-hidden=\"true\">Favourite<\/span><\/span>\n<\/span>\t\t<\/span>\n\t\t<\/div><div class=\"geodir-post-slider bsui sdel-03994e04\" ><div class=\"geodir-image-container geodir-image-sizes-medium_large overflow-hidden\">\n\t\t\t<div class=\"geodir-images aui-gallery geodir-images-n-1 geodir-images-image carousel-inner \">\n\t\t<div class=\"carousel-item active\"><a href=\"https:\/\/caminodesantiagofrances.com\/en\/lo\/catedral-de-santiago\/\" class=\"geodir-link-image embed-has-action ratio ratio-16x9 ratio ratio-16x9 d-block\"><img src='data:image\/png;base64,iVBORw0KGgoAAAANSUhEUgAAAGQAAAABCAQAAACC0sM2AAAADklEQVR42mP8X88wLAAAK5IBgMYCdqgAAAAASUVORK5CYII=' data-src=\"https:\/\/caminodesantiagofrances.com\/en\/wp-content\/uploads\/sites\/3\/2024\/02\/Catedral-de-Santiago_2-Camino-de-Santiago-Frances.jpg\" alt=\"Catedral de Santiago 2 Camino de Santiago Frances\" width=\"600\" height=\"315\" class=\"geodir-lazy-load align size-medium_large geodir-image-1 embed-item-cover-xy w-100 p-0 m-0 mw-100 border-0\" data-srcset=\"https:\/\/caminodesantiagofrances.com\/en\/wp-content\/uploads\/sites\/3\/2024\/02\/Catedral-de-Santiago_2-Camino-de-Santiago-Frances.jpg 600w, https:\/\/caminodesantiagofrances.com\/en\/wp-content\/uploads\/sites\/3\/2024\/02\/Catedral-de-Santiago_2-Camino-de-Santiago-Frances-300x158.jpg 300w\" sizes=\"(max-width: 600px) 100vw, 600px\" \/><i class=\"fas fa-link w-auto h-auto\" aria-hidden=\"true\"><\/i><\/a><\/div>\t\t<\/div>\n\t\t<\/div>\n<\/div><\/div><div class=\"card-body p-2  \"><div class=\"row justify-content-center gv-hide-3 gv-hide-0\"><div class=\"col col-4 text-center tofront \"><a href=\"https:\/\/caminodesantiagofrances.com\/en\/author\/caminodesantiagofrances-com\/\" title=\"caminodesantiagofrances-com\"><img decoding=\"async\" style=\"max-height:75px;\" class=\"rounded-circle shadow border border-white border-width-4 p-0 mw-100 mt-n5 bg-white\" src=\"https:\/\/secure.gravatar.com\/avatar\/03aa5dc32308904f80a38258afc0335b43d4b2bec3418626e4f8712b71c3b93e?s=96&#038;d=mm&#038;r=g\" alt=\"Author Image\"><\/a><\/div><\/div><div class=\"geodir-post-title bsui sdel-caa60b10\" ><h3 class=\"geodir-entry-title  h5 \"><a href=\"https:\/\/caminodesantiagofrances.com\/en\/lo\/catedral-de-santiago\/\" class=\"\" title=\"View: Catedral de Santiago\">Catedral de Santiago<\/a><\/h3><\/div><div class=\"geodir-post-content-container bsui sdel-1e477937\" ><div class=\"geodir_post_meta  text-justify pb-1 position-relative geodir-field-post_content\" >Catedral de Santiago de Compostela La Catedral de Santiago de Compostela, conocida como La Santa Apost\u00f3lica y Metropolitana Iglesia Catedral<\/div><\/div><\/div><div class=\"card-footer p-2  \"><div class='d-flex justify-content-between align-items-center flex-wrap'><div><\/div><div><div class=\"geodir-post-meta-container bsui sdel-ed46df4c\" ><div class=\"geodir_post_meta gd-bh-show-field  clear-both  gv-hide-s-2  text- text- geodir-field-business_hours gd-bh-toggled dropdown \" style=\"\"><a class=\" text-reset  dropdown-toggle  d-block text-truncate\" href=\"#\" role=\"button\" data-bs-toggle=\"dropdown\" aria-haspopup=\"true\" aria-expanded=\"false\"><span class=\"geodir-i-business_hours geodir-i-biz-hours \" style=\"\"><i class=\"fas fa-clock fa-fw fa-width-fixed\" aria-hidden=\"true\"><\/i> <font><\/font>: <\/span><span class=\"gd-bh-expand-range \" data-offset=\"+2\" data-offsetsec=\"7200\" title=\"Expand opening hours\"><span class=\"gd-bh-today-range gv-secondary\">07:00 &#8211; 21:00<\/span><\/span><\/a><div class=\"gd-bh-open-hours  dropdown-menu dropdown-caret-0 my-3 \" style=\"min-width:250px;\"><div data-day=\"1\" data-closed=\"0\" class=\" dropdown-item py-1  gd-bh-days-list \"><div class=\"gd-bh-days-d  d-inline-block  me-3 \">Mon<\/div><div class=\"gd-bh-slots  d-inline-block  float-end\"><div data-open=\"0700\"  data-close=\"2100\" class=\"gd-bh-slot\"><div class=\"gd-bh-slot-r\">07:00 &#8211; 21:00<\/div><\/div><\/div><\/div><div data-day=\"2\" data-closed=\"0\" class=\" dropdown-item py-1  gd-bh-days-list \"><div class=\"gd-bh-days-d  d-inline-block  me-3 \">Tue<\/div><div class=\"gd-bh-slots  d-inline-block  float-end\"><div data-open=\"0700\"  data-close=\"2100\" class=\"gd-bh-slot\"><div class=\"gd-bh-slot-r\">07:00 &#8211; 21:00<\/div><\/div><\/div><\/div><div data-day=\"3\" data-closed=\"0\" class=\" dropdown-item py-1  gd-bh-days-list \"><div class=\"gd-bh-days-d  d-inline-block  me-3 \">Wed<\/div><div class=\"gd-bh-slots  d-inline-block  float-end\"><div data-open=\"0700\"  data-close=\"2100\" class=\"gd-bh-slot\"><div class=\"gd-bh-slot-r\">07:00 &#8211; 21:00<\/div><\/div><\/div><\/div><div data-day=\"4\" data-closed=\"0\" class=\" dropdown-item py-1  gd-bh-days-list \"><div class=\"gd-bh-days-d  d-inline-block  me-3 \">Thu<\/div><div class=\"gd-bh-slots  d-inline-block  float-end\"><div data-open=\"0700\"  data-close=\"2100\" class=\"gd-bh-slot\"><div class=\"gd-bh-slot-r\">07:00 &#8211; 21:00<\/div><\/div><\/div><\/div><div data-day=\"5\" data-closed=\"0\" class=\" dropdown-item py-1  gd-bh-days-list \"><div class=\"gd-bh-days-d  d-inline-block  me-3 \">Fri<\/div><div class=\"gd-bh-slots  d-inline-block  float-end\"><div data-open=\"0700\"  data-close=\"2100\" class=\"gd-bh-slot\"><div class=\"gd-bh-slot-r\">07:00 &#8211; 21:00<\/div><\/div><\/div><\/div><div data-day=\"6\" data-closed=\"0\" class=\" dropdown-item py-1  gd-bh-days-list \"><div class=\"gd-bh-days-d  d-inline-block  me-3 \">Sat<\/div><div class=\"gd-bh-slots  d-inline-block  float-end\"><div data-open=\"0700\"  data-close=\"2100\" class=\"gd-bh-slot\"><div class=\"gd-bh-slot-r\">07:00 &#8211; 21:00<\/div><\/div><\/div><\/div><div data-day=\"7\" data-closed=\"0\" class=\" dropdown-item py-1  gd-bh-days-list \"><div class=\"gd-bh-days-d  d-inline-block  me-3 \">Sun<\/div><div class=\"gd-bh-slots  d-inline-block  float-end\"><div data-open=\"0700\"  data-close=\"2100\" class=\"gd-bh-slot\"><div class=\"gd-bh-slot-r\">07:00 &#8211; 21:00<\/div><\/div><\/div><\/div><\/div><\/div><\/div><\/div><\/div><\/div><\/div>\t<\/div>\n\t<\/div>\n\t<\/div>\n\t\t<\/div>\n\t\t<\/div><\/div>\n\n\n\n<p class=\"wp-block-paragraph\">En el coraz\u00f3n de la ciudad se encuentra la <strong>Catedral de Santiago de Compostela<\/strong>, s\u00edmbolo universal del Camino y lugar donde, seg\u00fan la tradici\u00f3n, descansan los restos del ap\u00f3stol Santiago el Mayor. Su fachada barroca, su impresionante P\u00f3rtico de la Gloria y el majestuoso botafumeiro hacen de esta catedral una de las obras maestras del arte mundial.<\/p>\n\n\n\n<p class=\"wp-block-paragraph\">Cada a\u00f1o, miles de <a href=\"https:\/\/caminodesantiagofrances.com\/en\/peregrinos\/\" data-type=\"page\" data-id=\"5880\">peregrinos<\/a> concluyen aqu\u00ed su viaje, sellando su experiencia con <strong><a href=\"https:\/\/caminodesantiagofrances.com\/en\/la-compostela\/\" target=\"_blank\" data-type=\"page\" data-id=\"9243\" rel=\"noreferrer noopener\">la Compostela<\/a><\/strong>, el certificado que acredita haber completado el Camino.<\/p>\n\n\n\n<h2 class=\"wp-block-heading has-text-align-center\">\u00bfQu\u00e9 ver en Santiago de Compostela?<\/h2>\n\n\n\n<div class=\"wp-block-geodirectory-geodir-widget-listings\"><div class=\"geodir-listings bsui sdel-4fec82f4\" >\t\t<div id=\"geodir_6a9d3c069cb77\" class=\"geodir_locations geodir_location_listing\n\t\t\t\t\t\t\t mb-3 bg-light\t\t position-relative\">\n\t\t\t\t<div\n\t\tclass=\"row row-cols-1 row-cols-sm-2 geodir-category-list-view geodir-widget-posts geodir-gridview row-cols-md-3\">\n\t\t\n<div class=\"col mb-4 geodir-post post-12591 gd_place type-gd_place status-publish has-post-thumbnail gd-post-pkg-1\" data-post-id=\"12591\">\n\t\t<div class=\"card h-100 p-0 m-0 mw-100  \">\n\t<div class=\"card p-0 mw-100 h-100 \"><div class=\"card-img-top overflow-hidden position-relative  \"><span class=\"bsui gd-badge-meta\"><a href=\"https:\/\/caminodesantiagofrances.com\/en\/lo\/categoria\/catedral\/\" class=\"gd-badge border-0 badge ab-bottom-left ms-1\" data-id=\"12591\" data-badge=\"default_category\" data-badge-condition=\"is_not_empty\" style=\"background-color:rgba(0,0,0,0.5);border-color:rgba(0,0,0,0.5);color:#ffffff;\">Catedral<\/a>\n<\/span><div class=\"geodir_post_meta gd-fav-info-wrap  gd-fav-hide-text ab-bottom-right me-1  mb-n1  me-1 mb-n1 ab-bottom-right\" >\t\t<span class=\"gd-list-favorite\">\n\t\t\t<span class=\"geodir-addtofav favorite_property_12591  h5\" aria-hidden=\"true\"><span  title=\"Add to Favourites\"  class=\"geodir-addtofav-icon c-pointer geodir-act-fav\"  data-color-on=\"#ff0000\"  data-icon=\"fas fa-heart\"  data-color-off=\"rgba(223,223,223,0.8)\"  data-text-color=\"\"  data-bs-toggle=\"tooltip\"  aria-hidden=\"true\"  onclick=\"javascript:window.location.href='https:\/\/caminodesantiagofrances.com\/en\/wp-login.php'\"  ><i class=\"fas fa-heart\"  style=\"color:rgba(223,223,223,0.8);\" ><\/i> <span class=\"geodir-fav-text gv-secondary visually-hidden\" style=\"\" aria-hidden=\"true\">Favourite<\/span><\/span>\n<\/span>\t\t<\/span>\n\t\t<\/div><div class=\"geodir-post-slider bsui sdel-03994e04\" ><div class=\"geodir-image-container geodir-image-sizes-medium_large overflow-hidden\">\n\t\t\t<div class=\"geodir-images aui-gallery geodir-images-n-1 geodir-images-image carousel-inner \">\n\t\t<div class=\"carousel-item active\"><a href=\"https:\/\/caminodesantiagofrances.com\/en\/lo\/catedral-de-santiago\/\" class=\"geodir-link-image embed-has-action ratio ratio-16x9 ratio ratio-16x9 d-block\"><img src='data:image\/png;base64,iVBORw0KGgoAAAANSUhEUgAAAGQAAAABCAQAAACC0sM2AAAADklEQVR42mP8X88wLAAAK5IBgMYCdqgAAAAASUVORK5CYII=' data-src=\"https:\/\/caminodesantiagofrances.com\/en\/wp-content\/uploads\/sites\/3\/2024\/02\/Catedral-de-Santiago_2-Camino-de-Santiago-Frances.jpg\" alt=\"Catedral de Santiago 2 Camino de Santiago Frances\" width=\"600\" height=\"315\" class=\"geodir-lazy-load align size-medium_large geodir-image-1 embed-item-cover-xy w-100 p-0 m-0 mw-100 border-0\" data-srcset=\"https:\/\/caminodesantiagofrances.com\/en\/wp-content\/uploads\/sites\/3\/2024\/02\/Catedral-de-Santiago_2-Camino-de-Santiago-Frances.jpg 600w, https:\/\/caminodesantiagofrances.com\/en\/wp-content\/uploads\/sites\/3\/2024\/02\/Catedral-de-Santiago_2-Camino-de-Santiago-Frances-300x158.jpg 300w\" sizes=\"(max-width: 600px) 100vw, 600px\" \/><i class=\"fas fa-link w-auto h-auto\" aria-hidden=\"true\"><\/i><\/a><\/div>\t\t<\/div>\n\t\t<\/div>\n<\/div><\/div><div class=\"card-body p-2  \"><div class=\"row justify-content-center gv-hide-3 gv-hide-0\"><div class=\"col col-4 text-center tofront \"><a href=\"https:\/\/caminodesantiagofrances.com\/en\/author\/caminodesantiagofrances-com\/\" title=\"caminodesantiagofrances-com\"><img decoding=\"async\" style=\"max-height:75px;\" class=\"rounded-circle shadow border border-white border-width-4 p-0 mw-100 mt-n5 bg-white\" src=\"https:\/\/secure.gravatar.com\/avatar\/03aa5dc32308904f80a38258afc0335b43d4b2bec3418626e4f8712b71c3b93e?s=96&#038;d=mm&#038;r=g\" alt=\"Author Image\"><\/a><\/div><\/div><div class=\"geodir-post-title bsui sdel-caa60b10\" ><h3 class=\"geodir-entry-title  h5 \"><a href=\"https:\/\/caminodesantiagofrances.com\/en\/lo\/catedral-de-santiago\/\" class=\"\" title=\"View: Catedral de Santiago\">Catedral de Santiago<\/a><\/h3><\/div><div class=\"geodir-post-content-container bsui sdel-1e477937\" ><div class=\"geodir_post_meta  text-justify pb-1 position-relative geodir-field-post_content\" >Catedral de Santiago de Compostela La Catedral de Santiago de Compostela, conocida como La Santa Apost\u00f3lica y Metropolitana Iglesia Catedral<\/div><\/div><\/div><div class=\"card-footer p-2  \"><div class='d-flex justify-content-between align-items-center flex-wrap'><div><\/div><div><div class=\"geodir-post-meta-container bsui sdel-ed46df4c\" ><div class=\"geodir_post_meta gd-bh-show-field  clear-both  gv-hide-s-2  text- text- geodir-field-business_hours gd-bh-toggled dropdown \" style=\"\"><a class=\" text-reset  dropdown-toggle  d-block text-truncate\" href=\"#\" role=\"button\" data-bs-toggle=\"dropdown\" aria-haspopup=\"true\" aria-expanded=\"false\"><span class=\"geodir-i-business_hours geodir-i-biz-hours \" style=\"\"><i class=\"fas fa-clock fa-fw fa-width-fixed\" aria-hidden=\"true\"><\/i> <font><\/font>: <\/span><span class=\"gd-bh-expand-range \" data-offset=\"+2\" data-offsetsec=\"7200\" title=\"Expand opening hours\"><span class=\"gd-bh-today-range gv-secondary\">07:00 &#8211; 21:00<\/span><\/span><\/a><div class=\"gd-bh-open-hours  dropdown-menu dropdown-caret-0 my-3 \" style=\"min-width:250px;\"><div data-day=\"1\" data-closed=\"0\" class=\" dropdown-item py-1  gd-bh-days-list \"><div class=\"gd-bh-days-d  d-inline-block  me-3 \">Mon<\/div><div class=\"gd-bh-slots  d-inline-block  float-end\"><div data-open=\"0700\"  data-close=\"2100\" class=\"gd-bh-slot\"><div class=\"gd-bh-slot-r\">07:00 &#8211; 21:00<\/div><\/div><\/div><\/div><div data-day=\"2\" data-closed=\"0\" class=\" dropdown-item py-1  gd-bh-days-list \"><div class=\"gd-bh-days-d  d-inline-block  me-3 \">Tue<\/div><div class=\"gd-bh-slots  d-inline-block  float-end\"><div data-open=\"0700\"  data-close=\"2100\" class=\"gd-bh-slot\"><div class=\"gd-bh-slot-r\">07:00 &#8211; 21:00<\/div><\/div><\/div><\/div><div data-day=\"3\" data-closed=\"0\" class=\" dropdown-item py-1  gd-bh-days-list \"><div class=\"gd-bh-days-d  d-inline-block  me-3 \">Wed<\/div><div class=\"gd-bh-slots  d-inline-block  float-end\"><div data-open=\"0700\"  data-close=\"2100\" class=\"gd-bh-slot\"><div class=\"gd-bh-slot-r\">07:00 &#8211; 21:00<\/div><\/div><\/div><\/div><div data-day=\"4\" data-closed=\"0\" class=\" dropdown-item py-1  gd-bh-days-list \"><div class=\"gd-bh-days-d  d-inline-block  me-3 \">Thu<\/div><div class=\"gd-bh-slots  d-inline-block  float-end\"><div data-open=\"0700\"  data-close=\"2100\" class=\"gd-bh-slot\"><div class=\"gd-bh-slot-r\">07:00 &#8211; 21:00<\/div><\/div><\/div><\/div><div data-day=\"5\" data-closed=\"0\" class=\" dropdown-item py-1  gd-bh-days-list \"><div class=\"gd-bh-days-d  d-inline-block  me-3 \">Fri<\/div><div class=\"gd-bh-slots  d-inline-block  float-end\"><div data-open=\"0700\"  data-close=\"2100\" class=\"gd-bh-slot\"><div class=\"gd-bh-slot-r\">07:00 &#8211; 21:00<\/div><\/div><\/div><\/div><div data-day=\"6\" data-closed=\"0\" class=\" dropdown-item py-1  gd-bh-days-list \"><div class=\"gd-bh-days-d  d-inline-block  me-3 \">Sat<\/div><div class=\"gd-bh-slots  d-inline-block  float-end\"><div data-open=\"0700\"  data-close=\"2100\" class=\"gd-bh-slot\"><div class=\"gd-bh-slot-r\">07:00 &#8211; 21:00<\/div><\/div><\/div><\/div><div data-day=\"7\" data-closed=\"0\" class=\" dropdown-item py-1  gd-bh-days-list \"><div class=\"gd-bh-days-d  d-inline-block  me-3 \">Sun<\/div><div class=\"gd-bh-slots  d-inline-block  float-end\"><div data-open=\"0700\"  data-close=\"2100\" class=\"gd-bh-slot\"><div class=\"gd-bh-slot-r\">07:00 &#8211; 21:00<\/div><\/div><\/div><\/div><\/div><\/div><\/div><\/div><\/div><\/div><\/div>\t<\/div>\n\t<\/div>\n\t<\/div>\n\t\t<\/div>\n\t\t<\/div><\/div>\n\n\n\n<hr class=\"wp-block-separator has-alpha-channel-opacity\"\/>\n\n\n\n<h3 class=\"wp-block-heading has-text-align-center\">Una ciudad Patrimonio de la Humanidad<\/h3>\n\n\n\n<p class=\"has-text-align-left wp-block-paragraph\">El casco hist\u00f3rico de Santiago de Compostela fue declarado <strong>Patrimonio de la Humanidad por la UNESCO en 1985<\/strong>. Sus calles empedradas, plazas llenas de vida y monumentos centenarios envuelven a visitantes y peregrinos en un ambiente que respira historia y devoci\u00f3n. Pasear por su zona antigua es un viaje al pasado, con joyas arquitect\u00f3nicas que narran siglos de espiritualidad, comercio y cultura.<\/p>\n\n\n\n<h2 class=\"wp-block-heading has-text-align-center\">Toponimia Santiago de Compostela<\/h2>\n\n\n\n<p class=\"wp-block-paragraph\">Santiago de Compostela, situada en Galicia y punto final del Camino Franc\u00e9s, debe su nombre a una rica tradici\u00f3n hist\u00f3rica y filol\u00f3gica.<\/p>\n\n\n\n<p class=\"wp-block-paragraph\">El t\u00e9rmino <strong>\u201cSantiago\u201d<\/strong> proviene del lat\u00edn <em>Sanctus Iacobus<\/em>, en referencia al <strong><a href=\"https:\/\/caminodesantiagofrances.com\/en\/santos\/apostol-santiago\/\" target=\"_blank\" data-type=\"page\" data-id=\"5930\" rel=\"noreferrer noopener\">ap\u00f3stol Santiago<\/a><\/strong>.<\/p>\n\n\n\n<p class=\"wp-block-paragraph\">El origen de <strong>\u201cCompostela\u201d<\/strong> ha generado varias teor\u00edas:<\/p>\n\n\n\n<ul class=\"wp-block-list\">\n<li><strong>Mito popular:<\/strong> <em>campus stellae<\/em> (\u201ccampo de estrellas\u201d), relacionado con la leyenda de la estrella que gui\u00f3 al obispo Teodomiro, pero considerada inexacta por los expertos.<\/li>\n\n\n\n<li><strong>Etimolog\u00eda hist\u00f3rica:<\/strong> <em>compositum tellus<\/em> o <em>bene composita<\/em>, que aluden a una \u201ctierra bien compuesta\u201d o \u201cconstrucci\u00f3n ordenada\u201d, en alusi\u00f3n posiblemente a un lugar funerario o a la reconstrucci\u00f3n de la ciudad tras las incursiones de Almanzor.<\/li>\n\n\n\n<li><strong>Hip\u00f3tesis funeraria:<\/strong> <em>compostum<\/em> + sufijo <em>-ela<\/em>, indicando \u201clugar de sepultura\u201d.<\/li>\n<\/ul>\n\n\n\n<p class=\"wp-block-paragraph\">Este origen topon\u00edmico refleja la importancia espiritual, cultural y arquitect\u00f3nica de la ciudad, convertida en Patrimonio de la Humanidad y destino de peregrinos de todo el mundo.<\/p>\n\n\n\n<h3 class=\"wp-block-heading has-text-align-center\">Cultura y tradici\u00f3n vivas<\/h3>\n\n\n\n<p class=\"wp-block-paragraph\">M\u00e1s all\u00e1 de su importancia religiosa, Santiago es una ciudad vibrante y cosmopolita que ofrece <strong>una agenda cultural activa durante todo el a\u00f1o<\/strong>. Conciertos, exposiciones, festivales y teatro llenan de vida sus calles. El <strong>Auditorio de Galicia<\/strong>, el <strong>Teatro Principal<\/strong> y numerosos espacios culturales acogen actividades que fusionan tradici\u00f3n y modernidad.<\/p>\n\n\n\n<p class=\"wp-block-paragraph\">Los mercados y fiestas tradicionales tambi\u00e9n forman parte del alma compostelana. El <strong>Mercado de Abastos<\/strong>, segundo monumento m\u00e1s visitado de la ciudad, es el lugar ideal para conocer los productos frescos de Galicia y degustar su riqueza gastron\u00f3mica.<\/p>\n\n\n\n<h3 class=\"wp-block-heading has-text-align-center\">Gastronom\u00eda gallega: un viaje de sabores<\/h3>\n\n\n\n<p class=\"wp-block-paragraph\">La cocina compostelana es un reflejo del esp\u00edritu gallego: sencilla, aut\u00e9ntica y con productos de calidad. Restaurantes y tabernas ofrecen platos ic\u00f3nicos como el <strong>pulpo \u00e1 feira<\/strong>, el <strong>lac\u00f3n con grelos<\/strong>, las empanadas artesanas o los frescos mariscos de las r\u00edas. Y, como broche de oro, nada mejor que un trozo de <strong><a href=\"https:\/\/caminodesantiagofrances.com\/en\/provincia-a-coruna\/gastronomia\/tarta-de-santiago\/\" target=\"_blank\" data-type=\"page\" data-id=\"13644\" rel=\"noreferrer noopener\">tarta de Santiago<\/a><\/strong> acompa\u00f1ado de un buen albari\u00f1o.<\/p>\n\n\n\n<h3 class=\"wp-block-heading has-text-align-center\">Geograf\u00eda y naturaleza alrededor de la ciudad<\/h3>\n\n\n\n<p class=\"wp-block-paragraph\">Santiago est\u00e1 rodeada de <strong>colinas verdes y valles<\/strong>, con los r\u00edos Sar y Sarela recorriendo su geograf\u00eda. Al norte, el r\u00edo Tambre marca el l\u00edmite del municipio, mientras que el <strong><a href=\"https:\/\/caminodesantiagofrances.com\/en\/provincia-a-coruna\/monte-do-gozo\/\" target=\"_blank\" data-type=\"page\" data-id=\"12623\" rel=\"noreferrer noopener\">Monte do Gozo<\/a><\/strong>, a las afueras, ofrece unas vistas inigualables de la ciudad y es el lugar donde los peregrinos avistan por primera vez las torres de la Catedral.<\/p>\n\n\n\n<p class=\"wp-block-paragraph\">Adem\u00e1s, su ubicaci\u00f3n estrat\u00e9gica permite acceder f\u00e1cilmente a otros puntos emblem\u00e1ticos de Galicia, como la <strong>Costa da Morte<\/strong>, las <strong>R\u00edas Baixas<\/strong> o el m\u00edstico <strong>Cabo Fisterra<\/strong>, considerado por muchos el verdadero final del Camino.<\/p>\n\n\n\n<h3 class=\"wp-block-heading has-text-align-center\">Clima oce\u00e1nico y acogedor<\/h3>\n\n\n\n<p class=\"wp-block-paragraph\">El <strong>clima de Santiago<\/strong> es suave y oce\u00e1nico. Los inviernos son h\u00famedos y templados, con frecuentes lluvias que pintan de verde el paisaje gallego, mientras que los veranos son m\u00e1s secos y agradables, con temperaturas ideales para recorrer la ciudad y disfrutar de su oferta cultural y gastron\u00f3mica al aire libre.<\/p>\n\n\n\n<h3 class=\"wp-block-heading has-text-align-center\">Experiencias imprescindibles en Santiago de Compostela<\/h3>\n\n\n\n<p class=\"wp-block-paragraph\">Quien llega a Santiago de Compostela encuentra un sinf\u00edn de actividades y lugares por descubrir:<\/p>\n\n\n\n<ul class=\"wp-block-list\">\n<li>Disfrutar de un atardecer desde el <strong>Monte Pedroso<\/strong>.<\/li>\n\n\n\n<li><strong>Visitar la Catedral y el P\u00f3rtico de la Gloria.<\/strong><\/li>\n\n\n\n<li>Recorrer el <strong>Casco Hist\u00f3rico<\/strong>, declarado Patrimonio de la Humanidad.<\/li>\n\n\n\n<li>Degustar productos locales en el <strong>Mercado de Abastos<\/strong>.<\/li>\n\n\n\n<li>Subir al <strong>Parque de la Alameda<\/strong> y contemplar la panor\u00e1mica m\u00e1s ic\u00f3nica de la ciudad.<\/li>\n<\/ul>\n\n\n\n<h2 class=\"wp-block-heading has-text-align-center\"><strong>Santiago de Compostela<\/strong><\/h2>\n\n\n\n<p class=\"wp-block-paragraph\"><strong>Santiago de Compostela<\/strong> es m\u00e1s que una meta f\u00edsica: es un enclave cultural, espiritual y sensorial irresistible. Como ciudad final del <strong><a href=\"https:\/\/caminodesantiagofrances.com\/en\/\" data-type=\"page\" data-id=\"86\" target=\"_blank\" rel=\"noreferrer noopener\">Camino de Santiago Franc\u00e9s<\/a><\/strong>, fusiona historia milenaria, patrimonio arquitect\u00f3nico, vida cultural vibrante y gastronom\u00eda exquisita. Cerrar el trayecto del <strong>Camino de Santiago<\/strong> con celebraci\u00f3n aut\u00e9ntica, paseos por la ciudad, sabores gallegos y momentos inolvidables que perdurar\u00e1n mucho m\u00e1s all\u00e1 junto con <strong><a href=\"https:\/\/caminodesantiagofrances.com\/en\/la-compostela\/\" data-type=\"page\" data-id=\"9243\" target=\"_blank\" rel=\"noreferrer noopener\">la Compostela<\/a><\/strong>. Venir a Santiago es culminar un viaje exterior que nos ha cambiado por dentro.<\/p>\n\n\n\n<figure class=\"wp-block-table\"><table class=\"has-fixed-layout\"><tbody><tr><th class=\"has-text-align-center\" data-align=\"center\">Pa\u00eds<\/th><td colspan=\"2\">Espa\u00f1a<\/td><\/tr><tr><th class=\"has-text-align-center\" data-align=\"center\">Com.&nbsp;aut\u00f3noma<\/th><td colspan=\"2\">Galicia<\/td><\/tr><tr><th class=\"has-text-align-center\" data-align=\"center\">Provincia<\/th><td colspan=\"2\"><strong><a href=\"https:\/\/caminodesantiagofrances.com\/en\/provincia-a-coruna\/\" target=\"_blank\" data-type=\"page\" data-id=\"6221\" rel=\"noreferrer noopener\">Provincia A Coru\u00f1a<\/a><\/strong><\/td><\/tr><tr><th class=\"has-text-align-center\" data-align=\"center\">Comarca<\/th><td colspan=\"2\">Santiago<\/td><\/tr><tr><th class=\"has-text-align-center\" data-align=\"center\">Partido&nbsp;judicial<\/th><td colspan=\"2\">Santiago de Compostela<\/td><\/tr><tr><th class=\"has-text-align-center\" data-align=\"center\">Ubicaci\u00f3n<\/th><td colspan=\"2\">42\u00b053\u203200\u2033N&nbsp;8\u00b032\u203200\u2033O<\/td><\/tr><tr><th class=\"has-text-align-center\" data-align=\"center\">Altitud<\/th><td colspan=\"2\">260&nbsp;m (m\u00edn:&nbsp;62\u200b, m\u00e1x:&nbsp;530\u200b)<\/td><\/tr><tr><th class=\"has-text-align-center\" data-align=\"center\">Superficie<\/th><td colspan=\"2\">220,01&nbsp;km\u00b2<\/td><\/tr><tr><th class=\"has-text-align-center\" data-align=\"center\">Fundaci\u00f3n<\/th><td colspan=\"2\">Siglo&nbsp;IX<\/td><\/tr><tr><th class=\"has-text-align-center\" data-align=\"center\">Poblaci\u00f3n<\/th><td colspan=\"2\">99 536 hab.&nbsp;(2024)<\/td><\/tr><tr><th class=\"has-text-align-center\" data-align=\"center\">Densidad<\/th><td colspan=\"2\">452,42 hab.\/km\u00b2<\/td><\/tr><tr><th class=\"has-text-align-center\" data-align=\"center\">Gentilicio Santiago de Compostela<\/th><td colspan=\"2\">compostelano, compostelana<br>santiagu\u00e9s, santiaguesa\u200b<br>picheleiro, picheleira<\/td><\/tr><tr><th class=\"has-text-align-center\" data-align=\"center\">C\u00f3digo postal<\/th><td colspan=\"2\">15701-15708<\/td><\/tr><tr><th class=\"has-text-align-center\" data-align=\"center\">Pref.&nbsp;telef\u00f3nico<\/th><td colspan=\"2\">(+34) 981<\/td><\/tr><tr><th class=\"has-text-align-center\" data-align=\"center\">Fiesta mayor<\/th><td colspan=\"2\">Fiestas del <strong><a href=\"https:\/\/caminodesantiagofrances.com\/en\/santos\/apostol-santiago\/\" target=\"_blank\" data-type=\"page\" data-id=\"5930\" rel=\"noreferrer noopener\">Ap\u00f3stol Santiago<\/a><\/strong><\/td><\/tr><tr><th class=\"has-text-align-center\" data-align=\"center\">Hermanada&nbsp;con<\/th><td colspan=\"2\">C\u00f3rdoba,&nbsp;Espa\u00f1a<br>Santiago de Cali,&nbsp;Colombia<br>Temuco,&nbsp;Chile<br>Buenos Aires,&nbsp;Argentina<br>C\u00e1ceres,&nbsp;Espa\u00f1a<br>Qufu,&nbsp;China<br>Santiago,&nbsp;Rep. Dominicana<br>Santiago de Cuba,&nbsp;Cuba<br>Santiago,&nbsp;M\u00e9xico<br>Santiago do Cac\u00e9m,&nbsp;Portugal<br>Pisa,&nbsp;Italia<br>Le Puy-en-Velay,&nbsp;Francia<br>As\u00eds,&nbsp;Italia<br>Co\u00edmbra,&nbsp;Portugal<br>Popay\u00e1n,&nbsp;Colombia<br>Santiago Tuxtla,&nbsp;M\u00e9xico<br>Santiago,&nbsp;Panam\u00e1<\/td><\/tr><tr><th class=\"has-text-align-center\" data-align=\"center\">Patr\u00f3n<\/th><td colspan=\"2\"><strong><a href=\"https:\/\/caminodesantiagofrances.com\/en\/santos\/san-roque\/\" target=\"_blank\" data-type=\"page\" data-id=\"14632\" rel=\"noreferrer noopener\">San Roque<\/a><\/strong> y <strong>Santa Susana<\/strong><\/td><\/tr><tr><th class=\"has-text-align-center\" data-align=\"center\">Sitio web<\/th><td colspan=\"2\"><a href=\"http:\/\/www.santiagodecompostela.gal\/?lg=cas\" target=\"_blank\" rel=\"noreferrer noopener nofollow\"><strong>santiagodecompostela.gal<\/strong><\/a><\/td><\/tr><\/tbody><\/table><\/figure>\n","protected":false},"excerpt":{"rendered":"<p>Santiago de Compostela En el noroeste de Espa\u00f1a, en pleno coraz\u00f3n de Galicia, en la la Provincia A Coru\u00f1a, se alza Santiago de Compostela, una ciudad que combina historia, espiritualidad, cultura y tradici\u00f3n. Capital de la comunidad aut\u00f3noma y sede de instituciones tan importantes como la Xunta de Galicia y el Parlamento, Santiago es el [&hellip;]<\/p>\n","protected":false},"author":1,"featured_media":0,"parent":6221,"menu_order":0,"comment_status":"closed","ping_status":"closed","template":"","meta":{"footnotes":""},"class_list":["post-12306","page","type-page","status-publish","hentry"],"_links":{"self":[{"href":"https:\/\/caminodesantiagofrances.com\/en\/wp-json\/wp\/v2\/pages\/12306","targetHints":{"allow":["GET"]}}],"collection":[{"href":"https:\/\/caminodesantiagofrances.com\/en\/wp-json\/wp\/v2\/pages"}],"about":[{"href":"https:\/\/caminodesantiagofrances.com\/en\/wp-json\/wp\/v2\/types\/page"}],"author":[{"embeddable":true,"href":"https:\/\/caminodesantiagofrances.com\/en\/wp-json\/wp\/v2\/users\/1"}],"replies":[{"embeddable":true,"href":"https:\/\/caminodesantiagofrances.com\/en\/wp-json\/wp\/v2\/comments?post=12306"}],"version-history":[{"count":0,"href":"https:\/\/caminodesantiagofrances.com\/en\/wp-json\/wp\/v2\/pages\/12306\/revisions"}],"up":[{"embeddable":true,"href":"https:\/\/caminodesantiagofrances.com\/en\/wp-json\/wp\/v2\/pages\/6221"}],"wp:attachment":[{"href":"https:\/\/caminodesantiagofrances.com\/en\/wp-json\/wp\/v2\/media?parent=12306"}],"curies":[{"name":"wp","href":"https:\/\/api.w.org\/{rel}","templated":true}]}}