{"id":13437,"date":"2024-09-28T03:24:41","date_gmt":"2024-09-28T01:24:41","guid":{"rendered":"https:\/\/caminodesantiagofrances.com\/en\/?page_id=13437"},"modified":"2024-11-21T11:26:44","modified_gmt":"2024-11-21T10:26:44","slug":"santo-domingo","status":"publish","type":"page","link":"https:\/\/caminodesantiagofrances.com\/en\/santos\/santo-domingo\/","title":{"rendered":"Santo Domingo"},"content":{"rendered":"\n<h2 class=\"wp-block-heading has-text-align-center\"><strong>Domingo de la Calzada<\/strong><\/h2>\n\n\n\n<p class=\"wp-block-paragraph\"><strong>Domingo Garc\u00eda<\/strong>, a quien se le conoce popularmente como <strong>Santo Domingo de la Calzada<\/strong>, naci\u00f3 en el a\u00f1o 1019 en un lugar llamado posiblemente <strong><a href=\"https:\/\/caminodesantiagofrances.com\/en\/provincia-de-burgos\/viloria-de-rioja\/\" target=\"_blank\" data-type=\"page\" data-id=\"11295\" rel=\"noreferrer noopener\">Viloria de Rioja<\/a><\/strong>, que se encuentra en la <strong><a href=\"https:\/\/caminodesantiagofrances.com\/en\/provincia-de-burgos\/\" target=\"_blank\" data-type=\"page\" data-id=\"10813\" rel=\"noreferrer noopener\">Provincia de Burgos<\/a><\/strong>, en el norte de Espa\u00f1a. Muri\u00f3 el 12 de mayo del a\u00f1o 1109 en la localidad de <strong><a href=\"https:\/\/caminodesantiagofrances.com\/en\/la-rioja\/santo-domingo-de-la-calzada\/\" data-type=\"page\" data-id=\"11260\" target=\"_blank\" rel=\"noreferrer noopener\">Santo Domingo de la Calzada<\/a><\/strong>, situada en <strong><a href=\"https:\/\/caminodesantiagofrances.com\/en\/la-rioja\/\" data-type=\"page\" data-id=\"5494\">La Rioja<\/a><\/strong>. A lo largo de su vida, Domingo fue un destacado religioso que dedic\u00f3 su esfuerzo y dedicaci\u00f3n a fomentar y promover el <strong><a href=\"https:\/\/caminodesantiagofrances.com\/en\/\" data-type=\"page\" data-id=\"86\" target=\"_blank\" rel=\"noreferrer noopener\">Camino de Santiago Franc\u00e9s<\/a><\/strong>, una de las rutas de peregrinaci\u00f3n m\u00e1s importantes en la historia cristiana.<\/p>\n\n\n\n<p class=\"wp-block-paragraph\">Su contribuci\u00f3n al camino fue fundamental, no solo en t\u00e9rminos de organizaci\u00f3n y atenci\u00f3n a los peregrinos, sino tambi\u00e9n en la construcci\u00f3n de infraestructuras que facilitaran el tr\u00e1nsito de los viajeros que realizaban esta sagrada ruta. Su legado permanece vigente hasta hoy, convirti\u00e9ndolo en una figura muy respetada y recordada dentro de la tradici\u00f3n espa\u00f1ola. Adem\u00e1s, <strong>Santo Domingo de la Calzada<\/strong> es reconocido como el patr\u00f3n de los ingenieros civiles, que incluye tanto a los ingenieros t\u00e9cnicos de obras p\u00fablicas como a aquellos especializados en caminos, canales y puertos, lo que resalta a\u00fan m\u00e1s su influencia en el desarrollo de la ingenier\u00eda en su pa\u00eds.<\/p>\n\n\n\n<h2 class=\"wp-block-heading has-text-align-center\">Biograf\u00eda Santo Domingo<\/h2>\n\n\n\n<p class=\"wp-block-paragraph\"><strong>Domingo de la Calzada<\/strong> naci\u00f3 como hijo de un labrador cuya identidad era Ximeno Garc\u00eda y de su madre, Orodulce. Tras la triste y temprana muerte de sus padres, Domingo se vio en la necesidad de buscar su camino espiritual. Durante este per\u00edodo dif\u00edcil, intent\u00f3 unirse a los monasterios benedictinos de Valvanera y San Mill\u00e1n de la Cogolla, con la esperanza de llevar una vida dedicada a la fe y la oraci\u00f3n. Sin embargo, a pesar de sus esfuerzos, no logr\u00f3 ser admitido en ninguno de estos monasterios lo que lo llev\u00f3 a experimentar una profunda decepci\u00f3n.<\/p>\n\n\n\n<p class=\"wp-block-paragraph\">Con el \u00e1nimo un poco deca\u00eddo despu\u00e9s de este traspi\u00e9, decidi\u00f3 retirarse a vivir como eremita en un lugar apartado y solitario. Se estableci\u00f3 en los bosques de encinas de Ayuela, una zona tranquila que est\u00e1 cerca de lo que hoy conocemos como <strong>Santo Domingo de la Calzada<\/strong>. All\u00ed, llev\u00f3 una vida de reflexi\u00f3n y contemplaci\u00f3n hasta el a\u00f1o 1039. En ese a\u00f1o, ocurri\u00f3 un cambio importante en su vida cuando comenz\u00f3 a colaborar con Gregorio, el obispo de Ostia, quien hab\u00eda llegado a Calahorra con la misi\u00f3n de combatir una devastadora plaga de langosta que estaba afectando las tierras de Navarra y La Rioja.<\/p>\n\n\n\n<p class=\"wp-block-paragraph\">A trav\u00e9s del trabajo conjunto con Gregorio, recibi\u00f3 la ordenaci\u00f3n sacerdotal, lo que marc\u00f3 un nuevo cap\u00edtulo en su vida. Ambos se unieron para llevar a cabo una importante obra: la construcci\u00f3n de un puente de madera sobre el r\u00edo Oja. Este puente ten\u00eda como objetivo facilitar el paso de los peregrinos que se dirig\u00edan hacia Compostela, permitiendo que el viaje fuera m\u00e1s accesible y seguro. La colaboraci\u00f3n entre Domingo y Gregorio dur\u00f3 hasta la muerte de este \u00faltimo en el a\u00f1o 1044.<\/p>\n\n\n\n<p class=\"wp-block-paragraph\">Despu\u00e9s de la triste muerte de su compa\u00f1ero Gregorio, Domingo regres\u00f3 nuevamente a la zona de Ayuela, donde decidi\u00f3 emprender una significativa labor de colonizaci\u00f3n. Se dedic\u00f3 a talar bosques densos y a roturar tierras v\u00edrgenes, abriendo as\u00ed el camino para nuevas posibilidades agr\u00edcolas en la regi\u00f3n. Adem\u00e1s, comenz\u00f3 la construcci\u00f3n de una calzada de piedra, que represent\u00f3 una desviaci\u00f3n del antiguo camino romano que conectaba <strong><a href=\"https:\/\/caminodesantiagofrances.com\/en\/la-rioja\/logrono\/\" target=\"_blank\" data-type=\"page\" data-id=\"11211\" rel=\"noreferrer noopener\">Logro\u00f1o<\/a><\/strong> y <strong><a href=\"https:\/\/caminodesantiagofrances.com\/en\/provincia-de-burgos\/burgos\/\" target=\"_blank\" data-type=\"page\" data-id=\"11386\" rel=\"noreferrer noopener\">Burgos<\/a><\/strong>. Con el tiempo, esta nueva ruta se transform\u00f3 en el principal recorrido entre <strong><a href=\"https:\/\/caminodesantiagofrances.com\/en\/la-rioja\/najera\/\" target=\"_blank\" data-type=\"page\" data-id=\"11241\" rel=\"noreferrer noopener\">N\u00e1jera<\/a><\/strong> y <strong><a href=\"https:\/\/caminodesantiagofrances.com\/en\/provincia-de-burgos\/redecilla-del-camino\/\" target=\"_blank\" data-type=\"page\" data-id=\"11275\" rel=\"noreferrer noopener\">Redecilla del Camino<\/a><\/strong>. Gracias a su arduo trabajo y dedicaci\u00f3n a esta labor, Domingo lleg\u00f3 a ser conocido como <strong>Domingo de la Calzada<\/strong>, un t\u00edtulo que refleja su impacto en la regi\u00f3n y su contribuci\u00f3n a la mejora de las condiciones de vida de quienes lo rodeaban.<\/p>\n\n\n\n<p class=\"wp-block-paragraph\">Para mejorar las condiciones de vida de los peregrinos que comenzaron a transitar por la nueva calzada, se tom\u00f3 la decisi\u00f3n de sustituir el antiguo puente de madera que hab\u00eda sido construido con la ayuda de Gregorio por uno que fuera m\u00e1s robusto y duradero, hecho de piedra. Adem\u00e1s, se llev\u00f3 a cabo la construcci\u00f3n de un complejo que inclu\u00eda un hospital, un pozo y una iglesia. Este complejo ten\u00eda como objetivo atender las diversas necesidades de los viajeros que pasaban por all\u00ed. En la actualidad, este lugar es conocido como la Casa del Santo, que se utiliza como albergue para los peregrinos que recorren el Camino de Santiago. El albergue que se erigi\u00f3, as\u00ed como el pozo, est\u00e1n ubicados en lo que hoy se conoce como el Parador Nacional, que se encuentra en la plaza del Santo.<\/p>\n\n\n\n<p class=\"wp-block-paragraph\">En el a\u00f1o 1076, cuando Alfonso VI de Le\u00f3n se apoder\u00f3 de <strong><a href=\"https:\/\/caminodesantiagofrances.com\/en\/la-rioja\/\" data-type=\"page\" data-id=\"5494\" target=\"_blank\" rel=\"noreferrer noopener\">La Rioja<\/a><\/strong>, se dio cuenta de que el desarrollo del Camino de Santiago contribu\u00eda de manera significativa a su ambicioso proyecto de integrar esta zona a su reino. Por esta raz\u00f3n, comenz\u00f3 a apoyar al santo, sus obras y a la villa misma. En el a\u00f1o 1090, visit\u00f3 a Domingo y le confi\u00f3 la responsabilidad de las obras viarias que se estaban llevando a cabo a lo largo del Camino de Santiago. En esos momentos, Domingo, junto con su disc\u00edpulo el <strong><a href=\"https:\/\/caminodesantiagofrances.com\/en\/patronos\/santo-san-juan-de-ortega\/\" target=\"_blank\" data-type=\"page\" data-id=\"14262\" rel=\"noreferrer noopener\">Santo San Juan de Ortega<\/a><\/strong>, ya hab\u00eda iniciado la construcci\u00f3n de un templo que estaba dedicado al Salvador y a Santa Mar\u00eda. Este templo fue consagrado oficialmente por el obispo de Calahorra en el a\u00f1o 1106. En el exterior de esta iglesia, adosado a sus muros, el santo eligi\u00f3 un lugar para ser enterrado, lo que significaba que era un punto importante no solo en t\u00e9rminos de fe sino tambi\u00e9n en la historia de la regi\u00f3n.<\/p>\n\n\n\n<p class=\"wp-block-paragraph\">El burgo, conocido como <strong>Masburguete<\/strong> o <strong>Margubete<\/strong> en la actualidad, que corresponde a <strong><a href=\"https:\/\/caminodesantiagofrances.com\/en\/la-rioja\/santo-domingo-de-la-calzada\/\" target=\"_blank\" data-type=\"page\" data-id=\"11260\" rel=\"noreferrer noopener\">Santo Domingo de la Calzada<\/a><\/strong>, comenz\u00f3 como un peque\u00f1o grupo de casas que se construyeron alrededor de la ermita del santo durante su vida. Para el a\u00f1o 1109, cuando Domingo falleci\u00f3, la villa ya contaba con una poblaci\u00f3n en crecimiento. La iglesia de Santo Domingo de la Calzada, donde fue enterrado, fue elevada al rango de catedral poco tiempo despu\u00e9s, cuando la di\u00f3cesis de Calahorra se traslad\u00f3 a este lugar entre los a\u00f1os 1232 y 1235.<\/p>\n\n\n\n<p class=\"wp-block-paragraph\">En la actualidad, se pueden ver nueve tablas pintadas que adornan una de las paredes de la catedral, y estas tablas sirven para recordar los milagros que realiz\u00f3 <strong>Santo Domingo<\/strong>, lo que resalta su importancia y su legado en la historia de la regi\u00f3n. Estos elementos no solo son un testimonio de la fe sino que tambi\u00e9n ilustran el impacto duradero que tuvo el santo en la vida de la comunidad y en el camino que siguen los peregrinos hasta el d\u00eda de hoy.<\/p>\n\n\n\n<h2 class=\"wp-block-heading has-text-align-center\">Milagros del Santo Domingo<\/h2>\n\n\n\n<p class=\"wp-block-paragraph\">La imagen de <strong>Domingo de la Calzada<\/strong> se encuentra en la iglesia de San Juan de Ortega que est\u00e1 localizada en la <strong><a href=\"https:\/\/caminodesantiagofrances.com\/en\/provincia-de-burgos\/\" target=\"_blank\" data-type=\"page\" data-id=\"10813\" rel=\"noreferrer noopener\">Provincia de Burgos<\/a><\/strong>. Las buenas obras realizadas por Santo Domingo a favor de los <strong><a href=\"https:\/\/caminodesantiagofrances.com\/en\/peregrinos\/\" target=\"_blank\" data-type=\"page\" data-id=\"5880\" rel=\"noreferrer noopener\">peregrinos<\/a><\/strong> que viajaban hacia <strong><a href=\"https:\/\/caminodesantiagofrances.com\/en\/provincia-a-coruna\/santiago-de-compostela\/\" target=\"_blank\" data-type=\"page\" data-id=\"12306\" rel=\"noreferrer noopener\">Santiago de Compostela<\/a><\/strong> no parecen haber terminado con su muerte. De hecho, hay muchos relatos que hablan de milagrosas curaciones que han sucedido en la villa, y la gente atribuye estas sanaciones a la influencia y la intercesi\u00f3n de Domingo.<\/p>\n\n\n\n<p class=\"wp-block-paragraph\">Uno de los milagros m\u00e1s notables es la curaci\u00f3n de un caballero franc\u00e9s que estaba pose\u00eddo por un demonio. Este hombre logr\u00f3 liberarse del esp\u00edritu maligno cuando se encontraba ante el sepulcro del santo, lo que dej\u00f3 a muchos creyentes asombrados y llenos de fe en el poder de <strong>Santo Domingo<\/strong>.<\/p>\n\n\n\n<p class=\"wp-block-paragraph\">Otro relato famoso es el de un peregrino alem\u00e1n del siglo XV llamado Bernardo. Este hombre lleg\u00f3 a la tumba de Santo Domingo sufriendo de una infecci\u00f3n purulenta en los ojos que le causaba un gran dolor. Sin embargo, al visitar el lugar sagrado, experiment\u00f3 una notable recuperaci\u00f3n y se cur\u00f3 por completo, lo que aument\u00f3 la fama de las maravillas de Santo Domingo.<\/p>\n\n\n\n<p class=\"wp-block-paragraph\">Tambi\u00e9n hay una historia sobre un normando que, al visitar la catedral, recuper\u00f3 la vista. Esta sanaci\u00f3n, igual que las otras, es un testimonio de la fe y la devoci\u00f3n que la gente ten\u00eda hacia Santo Domingo, ya que muchos cre\u00edan que su esp\u00edritu continuaba protegiendo y ayudando a los peregrinos que pasaban por la villa. Estos milagros no solo resaltan la figura de Santo Domingo, sino que tambi\u00e9n refuerzan la importancia de la fe en las tradiciones de los peregrinos que se dirigen a Santiago de Compostela.<\/p>\n\n\n\n<h3 class=\"wp-block-heading has-text-align-center\">El milagro del gallo y la gallina<\/h3>\n\n\n\n<p class=\"wp-block-paragraph\">Esto sucedi\u00f3 en Santo Domingo de la Calzada, que se encuentra en la regi\u00f3n de La Rioja.<\/p>\n\n\n\n<p class=\"wp-block-paragraph\">Era durante el siglo catorce, un tiempo en el que muchos personas hac\u00edan el <strong><a href=\"https:\/\/caminodesantiagofrances.com\/en\/\" data-type=\"page\" data-id=\"86\" target=\"_blank\" rel=\"noreferrer noopener\">Camino de Santiago Franc\u00e9s<\/a><\/strong>, un largo viaje hasta la <strong><a href=\"https:\/\/caminodesantiagofrances.com\/en\/sitio\/catedral-de-santiago\/\" data-type=\"gd_place\" data-id=\"12591\" target=\"_blank\" rel=\"noreferrer noopener\">Catedral de Santiago<\/a><\/strong> en la ciudad de <strong><a href=\"https:\/\/caminodesantiagofrances.com\/en\/provincia-a-coruna\/santiago-de-compostela\/\" data-type=\"page\" data-id=\"12306\" target=\"_blank\" rel=\"noreferrer noopener\">Santiago de Compostela<\/a><\/strong>, que era muy importante para los peregrinos. En este contexto, hab\u00eda un joven alem\u00e1n de dieciocho a\u00f1os llamado <strong>Hugonell<\/strong>. \u00c9l estaba viajando con sus padres, con la esperanza de completar su peregrinaci\u00f3n y recibir la bendici\u00f3n del <strong><a href=\"https:\/\/caminodesantiagofrances.com\/en\/patronos\/apostol-santiago\/\" target=\"_blank\" data-type=\"page\" data-id=\"5930\" rel=\"noreferrer noopener\">Ap\u00f3stol Santiago<\/a><\/strong>.<\/p>\n\n\n\n<p class=\"wp-block-paragraph\">Mientras se alojaban en un mes\u00f3n, una joven que trabajaba all\u00ed se sinti\u00f3 atra\u00edda por Hugonell y comenz\u00f3 a enamorarse de \u00e9l. Sin embargo, el joven no correspondi\u00f3 a sus sentimientos, lo que caus\u00f3 en ella un gran despecho. Llen\u00e1ndose de rencor y deseo de venganza, decidi\u00f3 actuar de manera muy deshonesta. En un momento de secreto y malicia, guard\u00f3 en el zurr\u00f3n de Hugonell una copa de plata que no le pertenec\u00eda. Despu\u00e9s, sin m\u00e1s, lo acus\u00f3 de haber robado esa copa.<\/p>\n\n\n\n<p class=\"wp-block-paragraph\">Cuando Hugonell y sus padres estaban por salir del mes\u00f3n y continuar su viaje hacia Compostela, la justicia lleg\u00f3 al lugar. Examinaron el zurr\u00f3n del muchacho y encontraron la copa de plata. A pesar de su inocencia, Hugonell fue declarado culpable de robo y fue sentenciado a la horca. Los padres, desesperados y sin poder hacer nada m\u00e1s que simplemente rezar, elevaron sus s\u00faplicas a Santiago, pidiendo ayuda y justicia.<\/p>\n\n\n\n<p class=\"wp-block-paragraph\">Mientras se acercaban al lugar donde estaba el cuerpo de su hijo colgado, ellos se despidieron, pero para su sorpresa, escucharon que \u00e9l les hablaba desde la horca. Les asegur\u00f3 que estaba vivo gracias a la intercesi\u00f3n de <strong>Santo Domingo de la Calzada<\/strong>, quien hab\u00eda obrado un milagro.<\/p>\n\n\n\n<p class=\"wp-block-paragraph\">Con gran alegr\u00eda, los padres decidieron llevar la noticia al corregidor del lugar. Este, que en ese momento se encontraba cenando de manera muy opulenta unas aves, naturalmente no crey\u00f3 lo que escuchaba y se ri\u00f3 de la situaci\u00f3n. Con un tono burl\u00f3n, pronunci\u00f3 la famosa frase: \u201cVuestro hijo est\u00e1 tan vivo como este gallo y esta gallina que me dispon\u00eda a comer antes de que me importunarais\u201d. En ese momento, ocurri\u00f3 algo inesperado y sorprendente. Las aves, que estaban sobre la mesa, saltaron de su plato y comenzaron a cantar y cacarear alegremente, como si tambi\u00e9n quisieran confirmar el milagro que hab\u00eda tenido lugar.<\/p>\n\n\n<p><nav aria-label=\"breadcrumbs\" class=\"rank-math-breadcrumb\"><p><span class=\"last\">Camino de Santiago Franc\u00e9s<\/span><\/p><\/nav><\/p>\n","protected":false},"excerpt":{"rendered":"<p>Domingo de la Calzada Domingo Garc\u00eda, a quien se le conoce popularmente como Santo Domingo de la Calzada, naci\u00f3 en el a\u00f1o 1019 en un lugar llamado posiblemente Viloria de Rioja, que se encuentra en la Provincia de Burgos, en el norte de Espa\u00f1a. Muri\u00f3 el 12 de mayo del a\u00f1o 1109 en la localidad [&hellip;]<\/p>\n","protected":false},"author":1,"featured_media":13440,"parent":5908,"menu_order":0,"comment_status":"closed","ping_status":"closed","template":"","meta":{"footnotes":""},"class_list":["post-13437","page","type-page","status-publish","has-post-thumbnail","hentry"],"_links":{"self":[{"href":"https:\/\/caminodesantiagofrances.com\/en\/wp-json\/wp\/v2\/pages\/13437","targetHints":{"allow":["GET"]}}],"collection":[{"href":"https:\/\/caminodesantiagofrances.com\/en\/wp-json\/wp\/v2\/pages"}],"about":[{"href":"https:\/\/caminodesantiagofrances.com\/en\/wp-json\/wp\/v2\/types\/page"}],"author":[{"embeddable":true,"href":"https:\/\/caminodesantiagofrances.com\/en\/wp-json\/wp\/v2\/users\/1"}],"replies":[{"embeddable":true,"href":"https:\/\/caminodesantiagofrances.com\/en\/wp-json\/wp\/v2\/comments?post=13437"}],"version-history":[{"count":0,"href":"https:\/\/caminodesantiagofrances.com\/en\/wp-json\/wp\/v2\/pages\/13437\/revisions"}],"up":[{"embeddable":true,"href":"https:\/\/caminodesantiagofrances.com\/en\/wp-json\/wp\/v2\/pages\/5908"}],"wp:featuredmedia":[{"embeddable":true,"href":"https:\/\/caminodesantiagofrances.com\/en\/wp-json\/wp\/v2\/media\/13440"}],"wp:attachment":[{"href":"https:\/\/caminodesantiagofrances.com\/en\/wp-json\/wp\/v2\/media?parent=13437"}],"curies":[{"name":"wp","href":"https:\/\/api.w.org\/{rel}","templated":true}]}}