{"id":13994,"date":"2024-10-29T12:19:49","date_gmt":"2024-10-29T11:19:49","guid":{"rendered":"https:\/\/caminodesantiagofrances.com\/en\/?page_id=13994"},"modified":"2024-10-30T15:22:51","modified_gmt":"2024-10-30T14:22:51","slug":"albergues","status":"publish","type":"page","link":"https:\/\/caminodesantiagofrances.com\/en\/alojamientos\/albergues\/","title":{"rendered":"Albergues Camino de Santiago Franc\u00e9s"},"content":{"rendered":"\n<h2 class=\"wp-block-heading has-text-align-center\">Albergues Camino Franc\u00e9s<\/h2>\n\n\n\n<div class=\"wp-block-geodirectory-geodir-widget-map\"><div class=\"geodir-wgt-map bsui sdel-ed4a67ce\" ><!--START geodir-map-wrap-->\n<div class=\"geodir-map-wrap geodir-directory-map-wrap 100 425px overflow-hidden\">\n\t<div id=\"catcher_gd_map_canvas_directory\"><\/div>\n\t<!--START stick_trigger_container-->\n\t<div class=\"stick_trigger_container bsui\">\n\t\t<div class=\"trigger_sticky triggeroff_sticky mt-n5 btn btn-secondary me-n2 me-n2 c-pointer\" style=\"display: none;\">\n\t\t\t<i class=\"fas fa-map-marked-alt\"><\/i>\n\t\t\t<i class=\"fas fa-angle-right\"><\/i>\n\t\t<\/div>\n\t\t<!--end of stick trigger container-->\n\t\t<div class=\"geodir_map_container gd_map_canvas_directory bsui position-relative mw-100\"\n\t\t     id=\"sticky_map_gd_map_canvas_directory\"\n\t\t     style=\"width:100%;min-height:425px;\">\n\t\t\t<!--END map_background-->\n\t\t\t<div class=\"map_background\">\n\t\t\t\t<div class=\"top_banner_section_in clearfix\">\n\t\t\t\t\t<div class=\"gd_map_canvas_directory_TopLeft TopLeft position-absolute bg-white text-muted rounded-sm rounded-1 shadow-sm m-2 px-1 py-1 h5 c-pointer\" style=\"z-index: 3;\">\n\t\t\t\t\t\t<span class=\"triggermap\" id=\"gd_map_canvas_directory_triggermap\">\n\t\t\t\t\t\t\t<i class=\"fas fa-expand-arrows-alt fa-fw fa-width-fixed\" aria-hidden=\"true\"><\/i>\n\t\t\t\t\t\t\t<i class=\"fas fa-compress-arrows-alt fa-fw fa-width-fixed d-none\" aria-hidden=\"true\"><\/i>\n\t\t\t\t\t\t<\/span>\n\t\t\t\t\t<\/div>\n\t\t\t\t\t<div class=\"gd_map_canvas_directory_TopRight TopRight\"><\/div>\n\t\t\t\t\t<div id=\"gd_map_canvas_directory_wrapper\" class=\"main_map_wrapper\" style=\"height:425px;width:100%;\">\n\t\t\t\t\t\t<div class=\"iprelative position-relative\">\n\t\t\t\t\t\t\t<div id=\"gd_map_canvas_directory\" class=\"geodir-map-canvas\" data-map-type=\"directory\" data-map-canvas=\"gd_map_canvas_directory\" style=\"height:425px;width:100%;z-index: 0;\" ><\/div>\n\t\t\t\t\t\t\t<div id=\"gd_map_canvas_directory_loading_div\" class=\"loading_div overlay overlay-black position-absolute row m-0\" style=\"height:425px;width:100%;top:0;z-index: 2;\">\n\t\t\t\t\t\t\t\t<div class=\"spinner-border mx-auto align-self-center text-white\" role=\"status\">\n\t\t\t\t\t\t\t\t\t<span class=\"visually-hidden\">Loading&#8230;<\/span>\n\t\t\t\t\t\t\t\t<\/div>\n\t\t\t\t\t\t\t<\/div>\n\t\t\t\t\t\t\t<div id=\"gd_map_canvas_directory_map_nofound\"\n\t\t\t\t\t\t\t     class=\"advmap_nofound position-absolute row m-0 z-index-1\"\n\t\t\t\t\t\t\t     style=\"display:none;transform: translate(-50%, -50%);top:50%;left:50%;opacity: .85;pointer-events: none;\">\n\t\t\t\t\t\t\t\t<div class=\"alert alert-info text-center mx-auto align-self-center shadow-lg mb-0\">\n\t\t\t\t\t\t\t\t\t<div class='h3 alert-heading'>No Records Found<\/div><p> Sorry, no records were found. Please adjust your search criteria and try again.<\/p>\t\t\t\t\t\t\t\t<\/div>\n\t\t\t\t\t\t\t<\/div>\n\t\t\t\t\t\t\t<div id=\"gd_map_canvas_directory_map_notloaded\"\n\t\t\t\t\t\t\t     class=\"advmap_notloaded position-absolute row m-0 z-index-1\"\n\t\t\t\t\t\t\t     style=\"display:none;transform: translate(-50%, -50%);top:50%;left:50%;opacity: .85;pointer-events: none;\">\n\t\t\t\t\t\t\t\t<div class=\"alert alert-danger text-center mx-auto align-self-center shadow-lg mb-0\">\n\t\t\t\t\t\t\t\t\t<div class='h3 alert-heading'>Maps failed to load<\/div><p> Sorry, unable to load the Maps API.<\/p>\t\t\t\t\t\t\t\t<\/div>\n\t\t\t\t\t\t\t<\/div>\n\t\t\t\t\t\t<\/div>\n\t\t\t\t\t<\/div>\n\t\t\t\t\t<div class=\"gd_map_canvas_directory_BottomLeft BottomLeft\"><\/div>\n\t\t\t\t<\/div>\n\t\t\t<\/div><!--END map_background-->\n\t\t\t\t\t<\/div>\n\t\t<style>.geodir_map_container .poi-info-window .full-width{width:180px;position:relative;margin-left:inherit;left:inherit;}.geodir-map-canvas .gm-style img{max-width:none;box-shadow:none!important}.geodir-map-canvas .leaflet-tile-container img{box-shadow:none!important}<\/style>\n<script type=\"text\/javascript\">\nwindow.gdBaseLat = 0;\nwindow.gdBaseLng = 0;\nwindow.gdBaseZoom = 0;\njQuery(function ($) {\n\t\t\t\t\tvar gdMapCanvas = 'gd_map_canvas_directory';\n\t\t\tbuild_map_ajax_search_param(gdMapCanvas, false);\t\t\t\t\t\t\t\t\t\t\t\tvar screenH, heightVH, ptypeH = 0;\n\t\t\tscreenH = $(window).height();\n\t\t\theightVH = parseFloat('425');\n\t\t\tif ($(\"#\" + gdMapCanvas + \"_posttype_menu\").length) {\n\t\t\t\tptypeH = $(\"#\" + gdMapCanvas + \"_posttype_menu\").outerHeight();\n\t\t\t}\n\t\t\t$(\"#\" + gdMapCanvas + \"_cat\").css(\"max-height\", heightVH - ptypeH + 'px');\n\t\t\t});\n<\/script>\n\t\t\t<\/div><!--END stick_trigger_container-->\n<\/div><!--END geodir-map-wrap-->\n<style>body.stickymap_hide .stickymap{display:none!important}body.stickymap_hide .stick_trigger_container .fa-angle-right{transform:rotate(180deg)}body.body_fullscreen>.stick_trigger_container{width:100vw;height:100vh;position:fixed;z-index:50000}body.gd-google-maps .geodir-map-wrap .geodir-map-cat-filter-wrap{margin-bottom:14px!important}body.gd-osm-gmaps .geodir-map-wrap .geodir-map-cat-filter-wrap{margin-bottom:16.5px!important}<\/style>\n<\/div><\/div>\n\n\n\n<hr class=\"wp-block-separator has-alpha-channel-opacity\"\/>\n\n\n\n<h2 class=\"wp-block-heading has-text-align-center\"><strong><a href=\"https:\/\/caminodesantiagofrances.com\/en\/navarra\/albergues\/\" target=\"_blank\" data-type=\"page\" data-id=\"14006\" rel=\"noreferrer noopener\">Albergues Navarra<\/a><\/strong><\/h2>\n\n\n\n<h3 class=\"wp-block-heading has-text-align-center\"><a href=\"https:\/\/caminodesantiagofrances.com\/en\/navarra\/roncesvalles\/\" data-type=\"link\" data-id=\"https:\/\/caminodesantiagofrances.com\/en\/navarra\/roncesvalles\/\" target=\"_blank\" rel=\"noreferrer noopener\">Roncesvalles<\/a><\/h3>\n\n\n\n<div class=\"wp-block-geodirectory-geodir-widget-listings\"><div class=\"geodir-listings bsui sdel-ef5e5541\" >\t\t<div id=\"geodir_6a9d4533cb26e\" class=\"geodir_locations geodir_location_listing\n\t\t\t\t\t\t\t mb-3\t\t position-relative\">\n\t\t\t\t<div\n\t\tclass=\"row row-cols-1 row-cols-sm-2 geodir-category-list-view geodir-widget-posts geodir-gridview row-cols-md-2\">\n\t\t\n<div class=\"col mb-4 geodir-post post-12581 gd_place type-gd_place status-publish has-post-thumbnail gd-post-pkg-1\" data-post-id=\"12581\">\n\t\t<div class=\"card h-100 p-0 m-0 mw-100  shadow\">\n\t<div class=\"card p-0 mw-100 h-100 \"><div class=\"card-img-top overflow-hidden position-relative  \"><span class=\"bsui gd-badge-meta\"><a href=\"https:\/\/caminodesantiagofrances.com\/en\/lo\/categoria\/albergue\/\" class=\"gd-badge border-0 badge ab-bottom-left ms-1\" data-id=\"12581\" data-badge=\"default_category\" data-badge-condition=\"is_not_empty\" style=\"background-color:rgba(0,0,0,0.5);border-color:rgba(0,0,0,0.5);color:#ffffff;\">Albergue<\/a>\n<\/span><div class=\"geodir_post_meta gd-fav-info-wrap  gd-fav-hide-text ab-bottom-right me-1  mb-n1  me-1 mb-n1 ab-bottom-right\" >\t\t<span class=\"gd-list-favorite\">\n\t\t\t<span class=\"geodir-addtofav favorite_property_12581  h5\" aria-hidden=\"true\"><span  title=\"Add to Favourites\"  class=\"geodir-addtofav-icon c-pointer geodir-act-fav\"  data-color-on=\"#ff0000\"  data-icon=\"fas fa-heart\"  data-color-off=\"rgba(223,223,223,0.8)\"  data-text-color=\"\"  data-bs-toggle=\"tooltip\"  aria-hidden=\"true\"  onclick=\"javascript:window.location.href='https:\/\/caminodesantiagofrances.com\/en\/wp-login.php'\"  ><i class=\"fas fa-heart\"  style=\"color:rgba(223,223,223,0.8);\" ><\/i> <span class=\"geodir-fav-text gv-secondary visually-hidden\" style=\"\" aria-hidden=\"true\">Favourite<\/span><\/span>\n<\/span>\t\t<\/span>\n\t\t<\/div><div class=\"geodir-post-slider bsui sdel-03994e04\" ><div class=\"geodir-image-container geodir-image-sizes-medium_large overflow-hidden\">\n\t\t\t<div class=\"geodir-images aui-gallery geodir-images-n-1 geodir-images-image carousel-inner \">\n\t\t<div class=\"carousel-item active\"><a href=\"https:\/\/caminodesantiagofrances.com\/en\/lo\/albergue-roncesvalles\/\" class=\"geodir-link-image embed-has-action ratio ratio-16x9 ratio ratio-16x9 d-block\"><img src='data:image\/png;base64,iVBORw0KGgoAAAANSUhEUgAAAGQAAAABCAQAAACC0sM2AAAADklEQVR42mP8X88wLAAAK5IBgMYCdqgAAAAASUVORK5CYII=' data-src=\"https:\/\/caminodesantiagofrances.com\/en\/wp-content\/uploads\/sites\/3\/2024\/03\/Albergue-de-Roncesvalles-Camino-de-Santiago-Frances.jpg\" alt=\"Albergue de Roncesvalles Camino de Santiago Frances\" width=\"600\" height=\"315\" class=\"geodir-lazy-load align size-medium_large geodir-image-341 embed-item-cover-xy w-100 p-0 m-0 mw-100 border-0\" data-srcset=\"https:\/\/caminodesantiagofrances.com\/en\/wp-content\/uploads\/sites\/3\/2024\/03\/Albergue-de-Roncesvalles-Camino-de-Santiago-Frances.jpg 600w, https:\/\/caminodesantiagofrances.com\/en\/wp-content\/uploads\/sites\/3\/2024\/03\/Albergue-de-Roncesvalles-Camino-de-Santiago-Frances-300x158.jpg 300w\" sizes=\"(max-width: 600px) 100vw, 600px\" \/><i class=\"fas fa-link w-auto h-auto\" aria-hidden=\"true\"><\/i><\/a><\/div>\t\t<\/div>\n\t\t<\/div>\n<\/div><\/div><div class=\"card-body p-2  \"><div class=\"row justify-content-center gv-hide-3 gv-hide-0\"><div class=\"col col-4 text-center tofront \"><a href=\"https:\/\/caminodesantiagofrances.com\/en\/author\/caminodesantiagofrances-com\/\" title=\"caminodesantiagofrances-com\"><img decoding=\"async\" style=\"max-height:75px;\" class=\"rounded-circle shadow border border-white border-width-4 p-0 mw-100 mt-n5 bg-white\" src=\"https:\/\/secure.gravatar.com\/avatar\/03aa5dc32308904f80a38258afc0335b43d4b2bec3418626e4f8712b71c3b93e?s=96&#038;d=mm&#038;r=g\" alt=\"Author Image\"><\/a><\/div><\/div><div class=\"geodir-post-title bsui sdel-caa60b10\" ><h3 class=\"geodir-entry-title  h5 \"><a href=\"https:\/\/caminodesantiagofrances.com\/en\/lo\/albergue-roncesvalles\/\" class=\"\" title=\"View: Albergue Roncesvalles\">Albergue Roncesvalles<\/a><\/h3><\/div><div class=\"geodir-post-content-container bsui sdel-1e477937\" ><div class=\"geodir_post_meta  text-justify pb-1 position-relative geodir-field-post_content\" >Albergue de Peregrinos de Roncesvalles El Albergue de Peregrinos de la Real Colegiata de Roncesvalles, que se inaugur\u00f3 en marzo<\/div><\/div><\/div><div class=\"card-footer p-2  \"><div class='d-flex justify-content-between align-items-center flex-wrap'><div><\/div><div><\/div><\/div><\/div><\/div>\t<\/div>\n\t<\/div>\n\t<\/div>\n\t\t<\/div>\n\t\t<\/div><\/div>\n\n\n\n<h3 class=\"wp-block-heading has-text-align-center\"><a href=\"https:\/\/caminodesantiagofrances.com\/en\/navarra\/burguete\/\" data-type=\"link\" data-id=\"https:\/\/caminodesantiagofrances.com\/en\/navarra\/burguete\/\" target=\"_blank\" rel=\"noreferrer noopener\">Burguete<\/a><\/h3>\n\n\n\n<h3 class=\"wp-block-heading has-text-align-center\"><a href=\"https:\/\/caminodesantiagofrances.com\/en\/navarra\/espinal\/\" data-type=\"link\" data-id=\"https:\/\/caminodesantiagofrances.com\/en\/navarra\/espinal\/\" target=\"_blank\" rel=\"noreferrer noopener\">Espinal<\/a><\/h3>\n\n\n\n<h3 class=\"wp-block-heading has-text-align-center\"><a href=\"https:\/\/caminodesantiagofrances.com\/en\/navarra\/viscarret-guerendiain\/\" data-type=\"link\" data-id=\"https:\/\/caminodesantiagofrances.com\/en\/navarra\/viscarret-guerendiain\/\" target=\"_blank\" rel=\"noreferrer noopener\">Viscarret-Guerendi\u00e1in<\/a><\/h3>\n\n\n\n<h3 class=\"wp-block-heading has-text-align-center\"><a href=\"https:\/\/caminodesantiagofrances.com\/en\/navarra\/linzoain\/\" data-type=\"link\" data-id=\"https:\/\/caminodesantiagofrances.com\/en\/navarra\/linzoain\/\" target=\"_blank\" rel=\"noreferrer noopener\">Linzo\u00e1in<\/a><\/h3>\n\n\n\n<h3 class=\"wp-block-heading has-text-align-center\"><a href=\"https:\/\/caminodesantiagofrances.com\/en\/navarra\/zubiri\/\" data-type=\"link\" data-id=\"https:\/\/caminodesantiagofrances.com\/en\/navarra\/zubiri\/\" target=\"_blank\" rel=\"noreferrer noopener\">Zubiri<\/a><\/h3>\n\n\n\n<div class=\"wp-block-geodirectory-geodir-widget-listings\"><div class=\"geodir-listings bsui sdel-7dc0536e\" >\t\t<div id=\"geodir_6a9d4533ce729\" class=\"geodir_locations geodir_location_listing\n\t\t\t\t\t\t\t mb-3\t\t position-relative\">\n\t\t\t\t<div\n\t\tclass=\"row row-cols-1 row-cols-sm-2 geodir-category-list-view geodir-widget-posts geodir-gridview row-cols-md-2\">\n\t\t\n<div class=\"col mb-4 geodir-post post-13283 gd_place type-gd_place status-publish has-post-thumbnail gd-post-pkg-1\" data-post-id=\"13283\">\n\t\t<div class=\"card h-100 p-0 m-0 mw-100  \">\n\t<div class=\"card p-0 mw-100 h-100 \"><div class=\"card-img-top overflow-hidden position-relative  \"><span class=\"bsui gd-badge-meta\"><a href=\"https:\/\/caminodesantiagofrances.com\/en\/lo\/categoria\/albergue\/\" class=\"gd-badge border-0 badge ab-bottom-left ms-1\" data-id=\"13283\" data-badge=\"default_category\" data-badge-condition=\"is_not_empty\" style=\"background-color:rgba(0,0,0,0.5);border-color:rgba(0,0,0,0.5);color:#ffffff;\">Albergue<\/a>\n<\/span><div class=\"geodir_post_meta gd-fav-info-wrap  gd-fav-hide-text ab-bottom-right me-1  mb-n1  me-1 mb-n1 ab-bottom-right\" >\t\t<span class=\"gd-list-favorite\">\n\t\t\t<span class=\"geodir-addtofav favorite_property_13283  h5\" aria-hidden=\"true\"><span  title=\"Add to Favourites\"  class=\"geodir-addtofav-icon c-pointer geodir-act-fav\"  data-color-on=\"#ff0000\"  data-icon=\"fas fa-heart\"  data-color-off=\"rgba(223,223,223,0.8)\"  data-text-color=\"\"  data-bs-toggle=\"tooltip\"  aria-hidden=\"true\"  onclick=\"javascript:window.location.href='https:\/\/caminodesantiagofrances.com\/en\/wp-login.php'\"  ><i class=\"fas fa-heart\"  style=\"color:rgba(223,223,223,0.8);\" ><\/i> <span class=\"geodir-fav-text gv-secondary visually-hidden\" style=\"\" aria-hidden=\"true\">Favourite<\/span><\/span>\n<\/span>\t\t<\/span>\n\t\t<\/div><div class=\"geodir-post-slider bsui sdel-03994e04\" ><div class=\"geodir-image-container geodir-image-sizes-medium_large overflow-hidden\">\n\t\t\t<div class=\"geodir-images aui-gallery geodir-images-n-1 geodir-images-image carousel-inner \">\n\t\t<div class=\"carousel-item active\"><a href=\"https:\/\/caminodesantiagofrances.com\/en\/lo\/albergue-municipal-de-zubiri\/\" class=\"geodir-link-image embed-has-action ratio ratio-16x9 ratio ratio-16x9 d-block\"><img src='data:image\/png;base64,iVBORw0KGgoAAAANSUhEUgAAAGQAAAABCAQAAACC0sM2AAAADklEQVR42mP8X88wLAAAK5IBgMYCdqgAAAAASUVORK5CYII=' data-src=\"https:\/\/caminodesantiagofrances.com\/en\/wp-content\/uploads\/sites\/3\/2024\/08\/Albergue-Municipal-de-Zubiri-Camino-de-Santiago-Frances-768x403.jpg\" alt=\"Albergue Municipal de Zubiri Camino de Santiago Frances 768x403\" width=\"768\" height=\"403\" class=\"geodir-lazy-load align size-medium_large geodir-image-412 embed-item-cover-xy w-100 p-0 m-0 mw-100 border-0\" data-srcset=\"https:\/\/caminodesantiagofrances.com\/en\/wp-content\/uploads\/sites\/3\/2024\/08\/Albergue-Municipal-de-Zubiri-Camino-de-Santiago-Frances-768x403.jpg 768w, https:\/\/caminodesantiagofrances.com\/en\/wp-content\/uploads\/sites\/3\/2024\/08\/Albergue-Municipal-de-Zubiri-Camino-de-Santiago-Frances-300x158.jpg 300w, https:\/\/caminodesantiagofrances.com\/en\/wp-content\/uploads\/sites\/3\/2024\/08\/Albergue-Municipal-de-Zubiri-Camino-de-Santiago-Frances-1024x538.jpg 1024w, https:\/\/caminodesantiagofrances.com\/en\/wp-content\/uploads\/sites\/3\/2024\/08\/Albergue-Municipal-de-Zubiri-Camino-de-Santiago-Frances.jpg 1200w\" sizes=\"(max-width: 768px) 100vw, 768px\" \/><i class=\"fas fa-link w-auto h-auto\" aria-hidden=\"true\"><\/i><\/a><\/div>\t\t<\/div>\n\t\t<\/div>\n<\/div><\/div><div class=\"card-body p-2  \"><div class=\"row justify-content-center gv-hide-3 gv-hide-0\"><div class=\"col col-4 text-center tofront \"><a href=\"https:\/\/caminodesantiagofrances.com\/en\/author\/caminodesantiagofrances-com\/\" title=\"caminodesantiagofrances-com\"><img decoding=\"async\" style=\"max-height:75px;\" class=\"rounded-circle shadow border border-white border-width-4 p-0 mw-100 mt-n5 bg-white\" src=\"https:\/\/secure.gravatar.com\/avatar\/03aa5dc32308904f80a38258afc0335b43d4b2bec3418626e4f8712b71c3b93e?s=96&#038;d=mm&#038;r=g\" alt=\"Author Image\"><\/a><\/div><\/div><div class=\"geodir-post-title bsui sdel-caa60b10\" ><h3 class=\"geodir-entry-title  h5 \"><a href=\"https:\/\/caminodesantiagofrances.com\/en\/lo\/albergue-municipal-de-zubiri\/\" class=\"\" title=\"View: Albergue Municipal de Zubiri\">Albergue Municipal de Zubiri<\/a><\/h3><\/div><div class=\"geodir-post-content-container bsui sdel-1e477937\" ><div class=\"geodir_post_meta  text-justify pb-1 position-relative geodir-field-post_content\" >Albergue de Peregrinos Municipal de Zubiri El Albergue de Peregrinos Municipal del Concejo de Zubiri es un lugar dise\u00f1ado para<\/div><\/div><\/div><div class=\"card-footer p-2  \"><div class='d-flex justify-content-between align-items-center flex-wrap'><div><\/div><div><\/div><\/div><\/div><\/div>\t<\/div>\n\t<\/div>\n\t<\/div>\n\t\t<\/div>\n\t\t<\/div><\/div>\n\n\n\n<h3 class=\"wp-block-heading has-text-align-center\"><a href=\"https:\/\/caminodesantiagofrances.com\/en\/navarra\/ilarraz\/\" data-type=\"link\" data-id=\"https:\/\/caminodesantiagofrances.com\/en\/navarra\/ilarraz\/\" target=\"_blank\" rel=\"noreferrer noopener\">Il\u00e1rraz<\/a><\/h3>\n\n\n\n<h3 class=\"wp-block-heading has-text-align-center\"><a href=\"https:\/\/caminodesantiagofrances.com\/en\/navarra\/larrasoana\/\" data-type=\"link\" data-id=\"https:\/\/caminodesantiagofrances.com\/en\/navarra\/larrasoana\/\">Larrasoa\u00f1a<\/a><\/h3>\n\n\n\n<h3 class=\"wp-block-heading has-text-align-center\"><a href=\"https:\/\/caminodesantiagofrances.com\/en\/navarra\/aquerreta\/\" data-type=\"link\" data-id=\"https:\/\/caminodesantiagofrances.com\/en\/navarra\/aquerreta\/\">Aquerreta<\/a><\/h3>\n\n\n\n<h3 class=\"wp-block-heading has-text-align-center\"><a href=\"https:\/\/caminodesantiagofrances.com\/en\/navarra\/zuriain\/\" data-type=\"link\" data-id=\"https:\/\/caminodesantiagofrances.com\/en\/navarra\/zuriain\/\" target=\"_blank\" rel=\"noreferrer noopener\">Zuri\u00e1in<\/a><\/h3>\n\n\n\n<h3 class=\"wp-block-heading has-text-align-center\"><a href=\"https:\/\/caminodesantiagofrances.com\/en\/navarra\/zabaldica\/\" data-type=\"link\" data-id=\"https:\/\/caminodesantiagofrances.com\/en\/navarra\/zabaldica\/\">Zabaldica<\/a><\/h3>\n\n\n\n<h3 class=\"wp-block-heading has-text-align-center\"><a href=\"https:\/\/caminodesantiagofrances.com\/en\/navarra\/trinidad-de-arre\/\" data-type=\"link\" data-id=\"https:\/\/caminodesantiagofrances.com\/en\/navarra\/trinidad-de-arre\/\" target=\"_blank\" rel=\"noreferrer noopener\">Trinidad de Arre<\/a><\/h3>\n\n\n\n<h3 class=\"wp-block-heading has-text-align-center\"><a href=\"https:\/\/caminodesantiagofrances.com\/en\/navarra\/villava\/\" data-type=\"link\" data-id=\"https:\/\/caminodesantiagofrances.com\/en\/navarra\/villava\/\">Villava<\/a><\/h3>\n\n\n\n<h3 class=\"wp-block-heading has-text-align-center\"><a href=\"https:\/\/caminodesantiagofrances.com\/en\/navarra\/burlada\/\" data-type=\"link\" data-id=\"https:\/\/caminodesantiagofrances.com\/en\/navarra\/burlada\/\">Burlada<\/a><\/h3>\n\n\n\n<h3 class=\"wp-block-heading has-text-align-center\"><a href=\"https:\/\/caminodesantiagofrances.com\/en\/navarra\/pamplona\/\" data-type=\"link\" data-id=\"https:\/\/caminodesantiagofrances.com\/en\/navarra\/pamplona\/\">Pamplona<\/a><\/h3>\n\n\n\n<div class=\"wp-block-geodirectory-geodir-widget-listings\"><div class=\"geodir-listings bsui sdel-f07de726\" >\t\t<div id=\"geodir_6a9d4533d17d2\" class=\"geodir_locations geodir_location_listing\n\t\t\t\t\t\t\t mb-3\t\t position-relative\">\n\t\t\t\t<div\n\t\tclass=\"row row-cols-1 row-cols-sm-2 geodir-category-list-view geodir-widget-posts geodir-gridview row-cols-md-2\">\n\t\t\n<div class=\"col mb-4 geodir-post post-16871 gd_place type-gd_place status-publish has-post-thumbnail gd-post-pkg-1\" data-post-id=\"16871\">\n\t\t<div class=\"card h-100 p-0 m-0 mw-100  \">\n\t<div class=\"card p-0 mw-100 h-100 \"><div class=\"card-img-top overflow-hidden position-relative  \"><span class=\"bsui gd-badge-meta\"><a href=\"https:\/\/caminodesantiagofrances.com\/en\/lo\/categoria\/albergue\/\" class=\"gd-badge border-0 badge ab-bottom-left ms-1\" data-id=\"16871\" data-badge=\"default_category\" data-badge-condition=\"is_not_empty\" style=\"background-color:rgba(0,0,0,0.5);border-color:rgba(0,0,0,0.5);color:#ffffff;\">Albergue<\/a>\n<\/span><div class=\"geodir_post_meta gd-fav-info-wrap  gd-fav-hide-text ab-bottom-right me-1  mb-n1  me-1 mb-n1 ab-bottom-right\" >\t\t<span class=\"gd-list-favorite\">\n\t\t\t<span class=\"geodir-addtofav favorite_property_16871  h5\" aria-hidden=\"true\"><span  title=\"Add to Favourites\"  class=\"geodir-addtofav-icon c-pointer geodir-act-fav\"  data-color-on=\"#ff0000\"  data-icon=\"fas fa-heart\"  data-color-off=\"rgba(223,223,223,0.8)\"  data-text-color=\"\"  data-bs-toggle=\"tooltip\"  aria-hidden=\"true\"  onclick=\"javascript:window.location.href='https:\/\/caminodesantiagofrances.com\/en\/wp-login.php'\"  ><i class=\"fas fa-heart\"  style=\"color:rgba(223,223,223,0.8);\" ><\/i> <span class=\"geodir-fav-text gv-secondary visually-hidden\" style=\"\" aria-hidden=\"true\">Favourite<\/span><\/span>\n<\/span>\t\t<\/span>\n\t\t<\/div><div class=\"geodir-post-slider bsui sdel-03994e04\" ><div class=\"geodir-image-container geodir-image-sizes-medium_large overflow-hidden\">\n\t\t\t<div class=\"geodir-images aui-gallery geodir-images-n-1 geodir-images-image carousel-inner \">\n\t\t<div class=\"carousel-item active\"><a href=\"https:\/\/caminodesantiagofrances.com\/en\/lo\/albergue-plaza-catedral-pamplona\/\" class=\"geodir-link-image embed-has-action ratio ratio-16x9 ratio ratio-16x9 d-block\"><img src='data:image\/png;base64,iVBORw0KGgoAAAANSUhEUgAAAGQAAAABCAQAAACC0sM2AAAADklEQVR42mP8X88wLAAAK5IBgMYCdqgAAAAASUVORK5CYII=' data-src=\"https:\/\/caminodesantiagofrances.com\/en\/wp-content\/uploads\/sites\/3\/2025\/09\/Albergue-Plaza-Catedral-Pamplona-Camino-de-Santiago-Frances-768x403.jpg\" alt=\"Albergue Plaza Catedral Pamplona Camino de Santiago Frances 768x403\" width=\"768\" height=\"403\" class=\"geodir-lazy-load align size-medium_large geodir-image-4344 embed-item-cover-xy w-100 p-0 m-0 mw-100 border-0\" data-srcset=\"https:\/\/caminodesantiagofrances.com\/en\/wp-content\/uploads\/sites\/3\/2025\/09\/Albergue-Plaza-Catedral-Pamplona-Camino-de-Santiago-Frances-768x403.jpg 768w, https:\/\/caminodesantiagofrances.com\/en\/wp-content\/uploads\/sites\/3\/2025\/09\/Albergue-Plaza-Catedral-Pamplona-Camino-de-Santiago-Frances-300x158.jpg 300w, https:\/\/caminodesantiagofrances.com\/en\/wp-content\/uploads\/sites\/3\/2025\/09\/Albergue-Plaza-Catedral-Pamplona-Camino-de-Santiago-Frances-1024x538.jpg 1024w, https:\/\/caminodesantiagofrances.com\/en\/wp-content\/uploads\/sites\/3\/2025\/09\/Albergue-Plaza-Catedral-Pamplona-Camino-de-Santiago-Frances.jpg 1200w\" sizes=\"(max-width: 768px) 100vw, 768px\" \/><i class=\"fas fa-link w-auto h-auto\" aria-hidden=\"true\"><\/i><\/a><\/div>\t\t<\/div>\n\t\t<\/div>\n<\/div><\/div><div class=\"card-body p-2  \"><div class=\"row justify-content-center gv-hide-3 gv-hide-0\"><div class=\"col col-4 text-center tofront \"><a href=\"https:\/\/caminodesantiagofrances.com\/en\/author\/caminodesantiagofrances-com\/\" title=\"caminodesantiagofrances-com\"><img decoding=\"async\" style=\"max-height:75px;\" class=\"rounded-circle shadow border border-white border-width-4 p-0 mw-100 mt-n5 bg-white\" src=\"https:\/\/secure.gravatar.com\/avatar\/03aa5dc32308904f80a38258afc0335b43d4b2bec3418626e4f8712b71c3b93e?s=96&#038;d=mm&#038;r=g\" alt=\"Author Image\"><\/a><\/div><\/div><div class=\"geodir-post-title bsui sdel-caa60b10\" ><h3 class=\"geodir-entry-title  h5 \"><a href=\"https:\/\/caminodesantiagofrances.com\/en\/lo\/albergue-plaza-catedral-pamplona\/\" class=\"\" title=\"View: Albergue Plaza Catedral Pamplona\">Albergue Plaza Catedral Pamplona<\/a><\/h3><\/div><div class=\"geodir-post-content-container bsui sdel-1e477937\" ><div class=\"geodir_post_meta  text-justify pb-1 position-relative geodir-field-post_content\" >RESERVAR AHORA Albergue Plaza Catedral Pamplona | Alojamiento en el coraz\u00f3n de Pamplona El Albergue Plaza Catedral est\u00e1 situado en<\/div><\/div><\/div><div class=\"card-footer p-2  \"><div class='d-flex justify-content-between align-items-center flex-wrap'><div><\/div><div><\/div><\/div><\/div><\/div>\t<\/div>\n\t<\/div>\n\n<div class=\"col mb-4 geodir-post post-16868 gd_place type-gd_place status-publish has-post-thumbnail gd-post-pkg-1\" data-post-id=\"16868\">\n\t\t<div class=\"card h-100 p-0 m-0 mw-100  \">\n\t<div class=\"card p-0 mw-100 h-100 \"><div class=\"card-img-top overflow-hidden position-relative  \"><span class=\"bsui gd-badge-meta\"><a href=\"https:\/\/caminodesantiagofrances.com\/en\/lo\/categoria\/albergue\/\" class=\"gd-badge border-0 badge ab-bottom-left ms-1\" data-id=\"16868\" data-badge=\"default_category\" data-badge-condition=\"is_not_empty\" style=\"background-color:rgba(0,0,0,0.5);border-color:rgba(0,0,0,0.5);color:#ffffff;\">Albergue<\/a>\n<\/span><div class=\"geodir_post_meta gd-fav-info-wrap  gd-fav-hide-text ab-bottom-right me-1  mb-n1  me-1 mb-n1 ab-bottom-right\" >\t\t<span class=\"gd-list-favorite\">\n\t\t\t<span class=\"geodir-addtofav favorite_property_16868  h5\" aria-hidden=\"true\"><span  title=\"Add to Favourites\"  class=\"geodir-addtofav-icon c-pointer geodir-act-fav\"  data-color-on=\"#ff0000\"  data-icon=\"fas fa-heart\"  data-color-off=\"rgba(223,223,223,0.8)\"  data-text-color=\"\"  data-bs-toggle=\"tooltip\"  aria-hidden=\"true\"  onclick=\"javascript:window.location.href='https:\/\/caminodesantiagofrances.com\/en\/wp-login.php'\"  ><i class=\"fas fa-heart\"  style=\"color:rgba(223,223,223,0.8);\" ><\/i> <span class=\"geodir-fav-text gv-secondary visually-hidden\" style=\"\" aria-hidden=\"true\">Favourite<\/span><\/span>\n<\/span>\t\t<\/span>\n\t\t<\/div><div class=\"geodir-post-slider bsui sdel-03994e04\" ><div class=\"geodir-image-container geodir-image-sizes-medium_large overflow-hidden\">\n\t\t\t<div class=\"geodir-images aui-gallery geodir-images-n-1 geodir-images-image carousel-inner \">\n\t\t<div class=\"carousel-item active\"><a href=\"https:\/\/caminodesantiagofrances.com\/en\/lo\/albergue-aloha-hostel-pamplona\/\" class=\"geodir-link-image embed-has-action ratio ratio-16x9 ratio ratio-16x9 d-block\"><img src='data:image\/png;base64,iVBORw0KGgoAAAANSUhEUgAAAGQAAAABCAQAAACC0sM2AAAADklEQVR42mP8X88wLAAAK5IBgMYCdqgAAAAASUVORK5CYII=' data-src=\"https:\/\/caminodesantiagofrances.com\/en\/wp-content\/uploads\/sites\/3\/2025\/09\/Albergue-Aloha-Hostel-Pamplona-Camino-de-Santiago-Frances-768x403.jpg\" alt=\"Albergue Aloha Hostel Pamplona Camino de Santiago Frances 768x403\" width=\"768\" height=\"403\" class=\"geodir-lazy-load align size-medium_large geodir-image-4329 embed-item-cover-xy w-100 p-0 m-0 mw-100 border-0\" data-srcset=\"https:\/\/caminodesantiagofrances.com\/en\/wp-content\/uploads\/sites\/3\/2025\/09\/Albergue-Aloha-Hostel-Pamplona-Camino-de-Santiago-Frances-768x403.jpg 768w, https:\/\/caminodesantiagofrances.com\/en\/wp-content\/uploads\/sites\/3\/2025\/09\/Albergue-Aloha-Hostel-Pamplona-Camino-de-Santiago-Frances-300x158.jpg 300w, https:\/\/caminodesantiagofrances.com\/en\/wp-content\/uploads\/sites\/3\/2025\/09\/Albergue-Aloha-Hostel-Pamplona-Camino-de-Santiago-Frances-1024x538.jpg 1024w, https:\/\/caminodesantiagofrances.com\/en\/wp-content\/uploads\/sites\/3\/2025\/09\/Albergue-Aloha-Hostel-Pamplona-Camino-de-Santiago-Frances.jpg 1200w\" sizes=\"(max-width: 768px) 100vw, 768px\" \/><i class=\"fas fa-link w-auto h-auto\" aria-hidden=\"true\"><\/i><\/a><\/div>\t\t<\/div>\n\t\t<\/div>\n<\/div><\/div><div class=\"card-body p-2  \"><div class=\"row justify-content-center gv-hide-3 gv-hide-0\"><div class=\"col col-4 text-center tofront \"><a href=\"https:\/\/caminodesantiagofrances.com\/en\/author\/caminodesantiagofrances-com\/\" title=\"caminodesantiagofrances-com\"><img decoding=\"async\" style=\"max-height:75px;\" class=\"rounded-circle shadow border border-white border-width-4 p-0 mw-100 mt-n5 bg-white\" src=\"https:\/\/secure.gravatar.com\/avatar\/03aa5dc32308904f80a38258afc0335b43d4b2bec3418626e4f8712b71c3b93e?s=96&#038;d=mm&#038;r=g\" alt=\"Author Image\"><\/a><\/div><\/div><div class=\"geodir-post-title bsui sdel-caa60b10\" ><h3 class=\"geodir-entry-title  h5 \"><a href=\"https:\/\/caminodesantiagofrances.com\/en\/lo\/albergue-aloha-hostel-pamplona\/\" class=\"\" title=\"View: Albergue Aloha Hostel Pamplona\">Albergue Aloha Hostel Pamplona<\/a><\/h3><\/div><div class=\"geodir-post-content-container bsui sdel-1e477937\" ><div class=\"geodir_post_meta  text-justify pb-1 position-relative geodir-field-post_content\" >RESERVAR AHORA Albergue Aloha Hostel: descanso y comodidad en Pamplona El Albergue Aloha Hostel se encuentra en el coraz\u00f3n de<\/div><\/div><\/div><div class=\"card-footer p-2  \"><div class='d-flex justify-content-between align-items-center flex-wrap'><div><\/div><div><\/div><\/div><\/div><\/div>\t<\/div>\n\t<\/div>\n\n<div class=\"col mb-4 geodir-post post-16865 gd_place type-gd_place status-publish has-post-thumbnail gd-post-pkg-1\" data-post-id=\"16865\">\n\t\t<div class=\"card h-100 p-0 m-0 mw-100  \">\n\t<div class=\"card p-0 mw-100 h-100 \"><div class=\"card-img-top overflow-hidden position-relative  \"><span class=\"bsui gd-badge-meta\"><a href=\"https:\/\/caminodesantiagofrances.com\/en\/lo\/categoria\/albergue\/\" class=\"gd-badge border-0 badge ab-bottom-left ms-1\" data-id=\"16865\" data-badge=\"default_category\" data-badge-condition=\"is_not_empty\" style=\"background-color:rgba(0,0,0,0.5);border-color:rgba(0,0,0,0.5);color:#ffffff;\">Albergue<\/a>\n<\/span><div class=\"geodir_post_meta gd-fav-info-wrap  gd-fav-hide-text ab-bottom-right me-1  mb-n1  me-1 mb-n1 ab-bottom-right\" >\t\t<span class=\"gd-list-favorite\">\n\t\t\t<span class=\"geodir-addtofav favorite_property_16865  h5\" aria-hidden=\"true\"><span  title=\"Add to Favourites\"  class=\"geodir-addtofav-icon c-pointer geodir-act-fav\"  data-color-on=\"#ff0000\"  data-icon=\"fas fa-heart\"  data-color-off=\"rgba(223,223,223,0.8)\"  data-text-color=\"\"  data-bs-toggle=\"tooltip\"  aria-hidden=\"true\"  onclick=\"javascript:window.location.href='https:\/\/caminodesantiagofrances.com\/en\/wp-login.php'\"  ><i class=\"fas fa-heart\"  style=\"color:rgba(223,223,223,0.8);\" ><\/i> <span class=\"geodir-fav-text gv-secondary visually-hidden\" style=\"\" aria-hidden=\"true\">Favourite<\/span><\/span>\n<\/span>\t\t<\/span>\n\t\t<\/div><div class=\"geodir-post-slider bsui sdel-03994e04\" ><div class=\"geodir-image-container geodir-image-sizes-medium_large overflow-hidden\">\n\t\t\t<div class=\"geodir-images aui-gallery geodir-images-n-1 geodir-images-image carousel-inner \">\n\t\t<div class=\"carousel-item active\"><a href=\"https:\/\/caminodesantiagofrances.com\/en\/lo\/albergue-casa-ibarrola-pamplona\/\" class=\"geodir-link-image embed-has-action ratio ratio-16x9 ratio ratio-16x9 d-block\"><img src='data:image\/png;base64,iVBORw0KGgoAAAANSUhEUgAAAGQAAAABCAQAAACC0sM2AAAADklEQVR42mP8X88wLAAAK5IBgMYCdqgAAAAASUVORK5CYII=' data-src=\"https:\/\/caminodesantiagofrances.com\/en\/wp-content\/uploads\/sites\/3\/2025\/09\/Albergue-Casa-Ibarrola-Pamplona-Camino-de-Santiago-Frances-768x403.jpg\" alt=\"Albergue Casa Ibarrola Pamplona Camino de Santiago Frances 768x403\" width=\"768\" height=\"403\" class=\"geodir-lazy-load align size-medium_large geodir-image-4317 embed-item-cover-xy w-100 p-0 m-0 mw-100 border-0\" data-srcset=\"https:\/\/caminodesantiagofrances.com\/en\/wp-content\/uploads\/sites\/3\/2025\/09\/Albergue-Casa-Ibarrola-Pamplona-Camino-de-Santiago-Frances-768x403.jpg 768w, https:\/\/caminodesantiagofrances.com\/en\/wp-content\/uploads\/sites\/3\/2025\/09\/Albergue-Casa-Ibarrola-Pamplona-Camino-de-Santiago-Frances-300x158.jpg 300w, https:\/\/caminodesantiagofrances.com\/en\/wp-content\/uploads\/sites\/3\/2025\/09\/Albergue-Casa-Ibarrola-Pamplona-Camino-de-Santiago-Frances-1024x538.jpg 1024w, https:\/\/caminodesantiagofrances.com\/en\/wp-content\/uploads\/sites\/3\/2025\/09\/Albergue-Casa-Ibarrola-Pamplona-Camino-de-Santiago-Frances.jpg 1200w\" sizes=\"(max-width: 768px) 100vw, 768px\" \/><i class=\"fas fa-link w-auto h-auto\" aria-hidden=\"true\"><\/i><\/a><\/div>\t\t<\/div>\n\t\t<\/div>\n<\/div><\/div><div class=\"card-body p-2  \"><div class=\"row justify-content-center gv-hide-3 gv-hide-0\"><div class=\"col col-4 text-center tofront \"><a href=\"https:\/\/caminodesantiagofrances.com\/en\/author\/caminodesantiagofrances-com\/\" title=\"caminodesantiagofrances-com\"><img decoding=\"async\" style=\"max-height:75px;\" class=\"rounded-circle shadow border border-white border-width-4 p-0 mw-100 mt-n5 bg-white\" src=\"https:\/\/secure.gravatar.com\/avatar\/03aa5dc32308904f80a38258afc0335b43d4b2bec3418626e4f8712b71c3b93e?s=96&#038;d=mm&#038;r=g\" alt=\"Author Image\"><\/a><\/div><\/div><div class=\"geodir-post-title bsui sdel-caa60b10\" ><h3 class=\"geodir-entry-title  h5 \"><a href=\"https:\/\/caminodesantiagofrances.com\/en\/lo\/albergue-casa-ibarrola-pamplona\/\" class=\"\" title=\"View: Albergue Casa Ibarrola Pamplona\">Albergue Casa Ibarrola Pamplona<\/a><\/h3><\/div><div class=\"geodir-post-content-container bsui sdel-1e477937\" ><div class=\"geodir_post_meta  text-justify pb-1 position-relative geodir-field-post_content\" >RESERVAR AHORA Albergue Casa Ibarrola Pamplona: descanso innovador en el coraz\u00f3n de Pamplona El Albergue Casa Ibarrola est\u00e1 situado en<\/div><\/div><\/div><div class=\"card-footer p-2  \"><div class='d-flex justify-content-between align-items-center flex-wrap'><div><\/div><div><\/div><\/div><\/div><\/div>\t<\/div>\n\t<\/div>\n\n<div class=\"col mb-4 geodir-post post-13313 gd_place type-gd_place status-publish has-post-thumbnail gd-post-pkg-1\" data-post-id=\"13313\">\n\t\t<div class=\"card h-100 p-0 m-0 mw-100  \">\n\t<div class=\"card p-0 mw-100 h-100 \"><div class=\"card-img-top overflow-hidden position-relative  \"><span class=\"bsui gd-badge-meta\"><a href=\"https:\/\/caminodesantiagofrances.com\/en\/lo\/categoria\/albergue\/\" class=\"gd-badge border-0 badge ab-bottom-left ms-1\" data-id=\"13313\" data-badge=\"default_category\" data-badge-condition=\"is_not_empty\" style=\"background-color:rgba(0,0,0,0.5);border-color:rgba(0,0,0,0.5);color:#ffffff;\">Albergue<\/a>\n<\/span><div class=\"geodir_post_meta gd-fav-info-wrap  gd-fav-hide-text ab-bottom-right me-1  mb-n1  me-1 mb-n1 ab-bottom-right\" >\t\t<span class=\"gd-list-favorite\">\n\t\t\t<span class=\"geodir-addtofav favorite_property_13313  h5\" aria-hidden=\"true\"><span  title=\"Add to Favourites\"  class=\"geodir-addtofav-icon c-pointer geodir-act-fav\"  data-color-on=\"#ff0000\"  data-icon=\"fas fa-heart\"  data-color-off=\"rgba(223,223,223,0.8)\"  data-text-color=\"\"  data-bs-toggle=\"tooltip\"  aria-hidden=\"true\"  onclick=\"javascript:window.location.href='https:\/\/caminodesantiagofrances.com\/en\/wp-login.php'\"  ><i class=\"fas fa-heart\"  style=\"color:rgba(223,223,223,0.8);\" ><\/i> <span class=\"geodir-fav-text gv-secondary visually-hidden\" style=\"\" aria-hidden=\"true\">Favourite<\/span><\/span>\n<\/span>\t\t<\/span>\n\t\t<\/div><div class=\"geodir-post-slider bsui sdel-03994e04\" ><div class=\"geodir-image-container geodir-image-sizes-medium_large overflow-hidden\">\n\t\t\t<div class=\"geodir-images aui-gallery geodir-images-n-1 geodir-images-image carousel-inner \">\n\t\t<div class=\"carousel-item active\"><a href=\"https:\/\/caminodesantiagofrances.com\/en\/lo\/albergue-de-jesus-y-maria\/\" class=\"geodir-link-image embed-has-action ratio ratio-16x9 ratio ratio-16x9 d-block\"><img src='data:image\/png;base64,iVBORw0KGgoAAAANSUhEUgAAAGQAAAABCAQAAACC0sM2AAAADklEQVR42mP8X88wLAAAK5IBgMYCdqgAAAAASUVORK5CYII=' data-src=\"https:\/\/caminodesantiagofrances.com\/en\/wp-content\/uploads\/sites\/3\/2024\/08\/Albergue-de-Jesus-y-Maria-Camino-de-Santiago-Frances-768x403.jpg\" alt=\"Albergue de Jesus y Maria Camino de Santiago Frances 768x403\" width=\"768\" height=\"403\" class=\"geodir-lazy-load align size-medium_large geodir-image-415 embed-item-cover-xy w-100 p-0 m-0 mw-100 border-0\" data-srcset=\"https:\/\/caminodesantiagofrances.com\/en\/wp-content\/uploads\/sites\/3\/2024\/08\/Albergue-de-Jesus-y-Maria-Camino-de-Santiago-Frances-768x403.jpg 768w, https:\/\/caminodesantiagofrances.com\/en\/wp-content\/uploads\/sites\/3\/2024\/08\/Albergue-de-Jesus-y-Maria-Camino-de-Santiago-Frances-300x158.jpg 300w, https:\/\/caminodesantiagofrances.com\/en\/wp-content\/uploads\/sites\/3\/2024\/08\/Albergue-de-Jesus-y-Maria-Camino-de-Santiago-Frances-1024x538.jpg 1024w, https:\/\/caminodesantiagofrances.com\/en\/wp-content\/uploads\/sites\/3\/2024\/08\/Albergue-de-Jesus-y-Maria-Camino-de-Santiago-Frances.jpg 1200w\" sizes=\"(max-width: 768px) 100vw, 768px\" \/><i class=\"fas fa-link w-auto h-auto\" aria-hidden=\"true\"><\/i><\/a><\/div>\t\t<\/div>\n\t\t<\/div>\n<\/div><\/div><div class=\"card-body p-2  \"><div class=\"row justify-content-center gv-hide-3 gv-hide-0\"><div class=\"col col-4 text-center tofront \"><a href=\"https:\/\/caminodesantiagofrances.com\/en\/author\/caminodesantiagofrances-com\/\" title=\"caminodesantiagofrances-com\"><img decoding=\"async\" style=\"max-height:75px;\" class=\"rounded-circle shadow border border-white border-width-4 p-0 mw-100 mt-n5 bg-white\" src=\"https:\/\/secure.gravatar.com\/avatar\/03aa5dc32308904f80a38258afc0335b43d4b2bec3418626e4f8712b71c3b93e?s=96&#038;d=mm&#038;r=g\" alt=\"Author Image\"><\/a><\/div><\/div><div class=\"geodir-post-title bsui sdel-caa60b10\" ><h3 class=\"geodir-entry-title  h5 \"><a href=\"https:\/\/caminodesantiagofrances.com\/en\/lo\/albergue-de-jesus-y-maria\/\" class=\"\" title=\"View: Albergue de Jesus y Maria\">Albergue de Jesus y Maria<\/a><\/h3><\/div><div class=\"geodir-post-content-container bsui sdel-1e477937\" ><div class=\"geodir_post_meta  text-justify pb-1 position-relative geodir-field-post_content\" >Albergue Municipal Jesus y Maria La antigua iglesia de Jes\u00fas y Mar\u00eda es un edificio que ha sido maravillosamente restaurado<\/div><\/div><\/div><div class=\"card-footer p-2  \"><div class='d-flex justify-content-between align-items-center flex-wrap'><div><\/div><div><\/div><\/div><\/div><\/div>\t<\/div>\n\t<\/div>\n\t<\/div>\n\t\t<\/div>\n\t\t<\/div><\/div>\n\n\n\n<h3 class=\"wp-block-heading has-text-align-center\"><a href=\"https:\/\/caminodesantiagofrances.com\/en\/navarra\/cizur-menor\/\" data-type=\"link\" data-id=\"https:\/\/caminodesantiagofrances.com\/en\/navarra\/cizur-menor\/\">Cizur Menor<\/a><\/h3>\n\n\n\n<h3 class=\"wp-block-heading has-text-align-center\"><a href=\"https:\/\/caminodesantiagofrances.com\/en\/navarra\/zariquiegui\/\" data-type=\"link\" data-id=\"https:\/\/caminodesantiagofrances.com\/en\/navarra\/zariquiegui\/\">Zariquiegui<\/a><\/h3>\n\n\n\n<h3 class=\"wp-block-heading has-text-align-center\"><a href=\"https:\/\/caminodesantiagofrances.com\/en\/navarra\/uterga\/\" data-type=\"link\" data-id=\"https:\/\/caminodesantiagofrances.com\/en\/navarra\/uterga\/\">Uterga<\/a><\/h3>\n\n\n\n<h3 class=\"wp-block-heading has-text-align-center\"><a href=\"https:\/\/caminodesantiagofrances.com\/en\/navarra\/muruzabal\/\" data-type=\"link\" data-id=\"https:\/\/caminodesantiagofrances.com\/en\/navarra\/muruzabal\/\">Muruz\u00e1bal<\/a><\/h3>\n\n\n\n<h3 class=\"wp-block-heading has-text-align-center\"><a href=\"https:\/\/caminodesantiagofrances.com\/en\/navarra\/obanos\/\" data-type=\"link\" data-id=\"https:\/\/caminodesantiagofrances.com\/en\/navarra\/obanos\/\">Obanos<\/a><\/h3>\n\n\n\n<h3 class=\"wp-block-heading has-text-align-center\"><a href=\"https:\/\/caminodesantiagofrances.com\/en\/navarra\/puente-la-reina\/\" data-type=\"link\" data-id=\"https:\/\/caminodesantiagofrances.com\/en\/navarra\/puente-la-reina\/\">Puente la Reina<\/a><\/h3>\n\n\n\n<div class=\"wp-block-geodirectory-geodir-widget-listings\"><div class=\"geodir-listings bsui sdel-8d240711\" >\t\t<div id=\"geodir_6a9d4533da2cc\" class=\"geodir_locations geodir_location_listing\n\t\t\t\t\t\t\t mb-3\t\t position-relative\">\n\t\t\t\t<div\n\t\tclass=\"row row-cols-1 row-cols-sm-2 geodir-category-list-view geodir-widget-posts geodir-gridview row-cols-md-2\">\n\t\t\n<div class=\"col mb-4 geodir-post post-16382 gd_place type-gd_place status-publish has-post-thumbnail gd-post-pkg-1\" data-post-id=\"16382\">\n\t\t<div class=\"card h-100 p-0 m-0 mw-100  \">\n\t<div class=\"card p-0 mw-100 h-100 \"><div class=\"card-img-top overflow-hidden position-relative  \"><span class=\"bsui gd-badge-meta\"><a href=\"https:\/\/caminodesantiagofrances.com\/en\/lo\/categoria\/albergue\/\" class=\"gd-badge border-0 badge ab-bottom-left ms-1\" data-id=\"16382\" data-badge=\"default_category\" data-badge-condition=\"is_not_empty\" style=\"background-color:rgba(0,0,0,0.5);border-color:rgba(0,0,0,0.5);color:#ffffff;\">Albergue<\/a>\n<\/span><div class=\"geodir_post_meta gd-fav-info-wrap  gd-fav-hide-text ab-bottom-right me-1  mb-n1  me-1 mb-n1 ab-bottom-right\" >\t\t<span class=\"gd-list-favorite\">\n\t\t\t<span class=\"geodir-addtofav favorite_property_16382  h5\" aria-hidden=\"true\"><span  title=\"Add to Favourites\"  class=\"geodir-addtofav-icon c-pointer geodir-act-fav\"  data-color-on=\"#ff0000\"  data-icon=\"fas fa-heart\"  data-color-off=\"rgba(223,223,223,0.8)\"  data-text-color=\"\"  data-bs-toggle=\"tooltip\"  aria-hidden=\"true\"  onclick=\"javascript:window.location.href='https:\/\/caminodesantiagofrances.com\/en\/wp-login.php'\"  ><i class=\"fas fa-heart\"  style=\"color:rgba(223,223,223,0.8);\" ><\/i> <span class=\"geodir-fav-text gv-secondary visually-hidden\" style=\"\" aria-hidden=\"true\">Favourite<\/span><\/span>\n<\/span>\t\t<\/span>\n\t\t<\/div><div class=\"geodir-post-slider bsui sdel-03994e04\" ><div class=\"geodir-image-container geodir-image-sizes-medium_large overflow-hidden\">\n\t\t\t<div class=\"geodir-images aui-gallery geodir-images-n-1 geodir-images-image carousel-inner \">\n\t\t<div class=\"carousel-item active\"><a href=\"https:\/\/caminodesantiagofrances.com\/en\/lo\/albergue-puente\/\" class=\"geodir-link-image embed-has-action ratio ratio-16x9 ratio ratio-16x9 d-block\"><img src='data:image\/png;base64,iVBORw0KGgoAAAANSUhEUgAAAGQAAAABCAQAAACC0sM2AAAADklEQVR42mP8X88wLAAAK5IBgMYCdqgAAAAASUVORK5CYII=' data-src=\"https:\/\/caminodesantiagofrances.com\/en\/wp-content\/uploads\/sites\/3\/2025\/08\/Albergue-Puente-Camino-de-Santiago-Frances-768x403.jpg\" alt=\"Albergue Puente Camino de Santiago Frances 768x403\" width=\"768\" height=\"403\" class=\"geodir-lazy-load align size-medium_large geodir-image-3350 embed-item-cover-xy w-100 p-0 m-0 mw-100 border-0\" data-srcset=\"https:\/\/caminodesantiagofrances.com\/en\/wp-content\/uploads\/sites\/3\/2025\/08\/Albergue-Puente-Camino-de-Santiago-Frances-768x403.jpg 768w, https:\/\/caminodesantiagofrances.com\/en\/wp-content\/uploads\/sites\/3\/2025\/08\/Albergue-Puente-Camino-de-Santiago-Frances-300x158.jpg 300w, https:\/\/caminodesantiagofrances.com\/en\/wp-content\/uploads\/sites\/3\/2025\/08\/Albergue-Puente-Camino-de-Santiago-Frances-1024x538.jpg 1024w, https:\/\/caminodesantiagofrances.com\/en\/wp-content\/uploads\/sites\/3\/2025\/08\/Albergue-Puente-Camino-de-Santiago-Frances.jpg 1200w\" sizes=\"(max-width: 768px) 100vw, 768px\" \/><i class=\"fas fa-link w-auto h-auto\" aria-hidden=\"true\"><\/i><\/a><\/div>\t\t<\/div>\n\t\t<\/div>\n<\/div><\/div><div class=\"card-body p-2  \"><div class=\"row justify-content-center gv-hide-3 gv-hide-0\"><div class=\"col col-4 text-center tofront \"><a href=\"https:\/\/caminodesantiagofrances.com\/en\/author\/caminodesantiagofrances-com\/\" title=\"caminodesantiagofrances-com\"><img decoding=\"async\" style=\"max-height:75px;\" class=\"rounded-circle shadow border border-white border-width-4 p-0 mw-100 mt-n5 bg-white\" src=\"https:\/\/secure.gravatar.com\/avatar\/03aa5dc32308904f80a38258afc0335b43d4b2bec3418626e4f8712b71c3b93e?s=96&#038;d=mm&#038;r=g\" alt=\"Author Image\"><\/a><\/div><\/div><div class=\"geodir-post-title bsui sdel-caa60b10\" ><h3 class=\"geodir-entry-title  h5 \"><a href=\"https:\/\/caminodesantiagofrances.com\/en\/lo\/albergue-puente\/\" class=\"\" title=\"View: Albergue Puente\">Albergue Puente<\/a><\/h3><\/div><div class=\"geodir-post-content-container bsui sdel-1e477937\" ><div class=\"geodir_post_meta  text-justify pb-1 position-relative geodir-field-post_content\" >RESERVAR AHORA Albergue Puente para peregrinos en Puente la Reina RESERVAR AHORA &nbsp; &nbsp; Camino de Santiago Franc\u00e9s\u00a0 &gt;&gt;\u00a0 Navarra\u00a0<\/div><\/div><\/div><div class=\"card-footer p-2  \"><div class='d-flex justify-content-between align-items-center flex-wrap'><div><\/div><div><\/div><\/div><\/div><\/div>\t<\/div>\n\t<\/div>\n\n<div class=\"col mb-4 geodir-post post-16376 gd_place type-gd_place status-publish has-post-thumbnail gd-post-pkg-1\" data-post-id=\"16376\">\n\t\t<div class=\"card h-100 p-0 m-0 mw-100  \">\n\t<div class=\"card p-0 mw-100 h-100 \"><div class=\"card-img-top overflow-hidden position-relative  \"><span class=\"bsui gd-badge-meta\"><a href=\"https:\/\/caminodesantiagofrances.com\/en\/lo\/categoria\/albergue\/\" class=\"gd-badge border-0 badge ab-bottom-left ms-1\" data-id=\"16376\" data-badge=\"default_category\" data-badge-condition=\"is_not_empty\" style=\"background-color:rgba(0,0,0,0.5);border-color:rgba(0,0,0,0.5);color:#ffffff;\">Albergue<\/a>\n<\/span><div class=\"geodir_post_meta gd-fav-info-wrap  gd-fav-hide-text ab-bottom-right me-1  mb-n1  me-1 mb-n1 ab-bottom-right\" >\t\t<span class=\"gd-list-favorite\">\n\t\t\t<span class=\"geodir-addtofav favorite_property_16376  h5\" aria-hidden=\"true\"><span  title=\"Add to Favourites\"  class=\"geodir-addtofav-icon c-pointer geodir-act-fav\"  data-color-on=\"#ff0000\"  data-icon=\"fas fa-heart\"  data-color-off=\"rgba(223,223,223,0.8)\"  data-text-color=\"\"  data-bs-toggle=\"tooltip\"  aria-hidden=\"true\"  onclick=\"javascript:window.location.href='https:\/\/caminodesantiagofrances.com\/en\/wp-login.php'\"  ><i class=\"fas fa-heart\"  style=\"color:rgba(223,223,223,0.8);\" ><\/i> <span class=\"geodir-fav-text gv-secondary visually-hidden\" style=\"\" aria-hidden=\"true\">Favourite<\/span><\/span>\n<\/span>\t\t<\/span>\n\t\t<\/div><div class=\"geodir-post-slider bsui sdel-03994e04\" ><div class=\"geodir-image-container geodir-image-sizes-medium_large overflow-hidden\">\n\t\t\t<div class=\"geodir-images aui-gallery geodir-images-n-1 geodir-images-image carousel-inner \">\n\t\t<div class=\"carousel-item active\"><a href=\"https:\/\/caminodesantiagofrances.com\/en\/lo\/albergue-gares-puente-la-reina\/\" class=\"geodir-link-image embed-has-action ratio ratio-16x9 ratio ratio-16x9 d-block\"><img src='data:image\/png;base64,iVBORw0KGgoAAAANSUhEUgAAAGQAAAABCAQAAACC0sM2AAAADklEQVR42mP8X88wLAAAK5IBgMYCdqgAAAAASUVORK5CYII=' data-src=\"https:\/\/caminodesantiagofrances.com\/en\/wp-content\/uploads\/sites\/3\/2025\/08\/Albergue-Gares-Puente-la-Reina-Camino-de-Santiago-Frances-768x403.jpg\" alt=\"Albergue Gares Puente la Reina Camino de Santiago Frances 768x403\" width=\"768\" height=\"403\" class=\"geodir-lazy-load align size-medium_large geodir-image-3313 embed-item-cover-xy w-100 p-0 m-0 mw-100 border-0\" data-srcset=\"https:\/\/caminodesantiagofrances.com\/en\/wp-content\/uploads\/sites\/3\/2025\/08\/Albergue-Gares-Puente-la-Reina-Camino-de-Santiago-Frances-768x403.jpg 768w, https:\/\/caminodesantiagofrances.com\/en\/wp-content\/uploads\/sites\/3\/2025\/08\/Albergue-Gares-Puente-la-Reina-Camino-de-Santiago-Frances-300x158.jpg 300w, https:\/\/caminodesantiagofrances.com\/en\/wp-content\/uploads\/sites\/3\/2025\/08\/Albergue-Gares-Puente-la-Reina-Camino-de-Santiago-Frances-1024x538.jpg 1024w, https:\/\/caminodesantiagofrances.com\/en\/wp-content\/uploads\/sites\/3\/2025\/08\/Albergue-Gares-Puente-la-Reina-Camino-de-Santiago-Frances.jpg 1200w\" sizes=\"(max-width: 768px) 100vw, 768px\" \/><i class=\"fas fa-link w-auto h-auto\" aria-hidden=\"true\"><\/i><\/a><\/div>\t\t<\/div>\n\t\t<\/div>\n<\/div><\/div><div class=\"card-body p-2  \"><div class=\"row justify-content-center gv-hide-3 gv-hide-0\"><div class=\"col col-4 text-center tofront \"><a href=\"https:\/\/caminodesantiagofrances.com\/en\/author\/caminodesantiagofrances-com\/\" title=\"caminodesantiagofrances-com\"><img decoding=\"async\" style=\"max-height:75px;\" class=\"rounded-circle shadow border border-white border-width-4 p-0 mw-100 mt-n5 bg-white\" src=\"https:\/\/secure.gravatar.com\/avatar\/03aa5dc32308904f80a38258afc0335b43d4b2bec3418626e4f8712b71c3b93e?s=96&#038;d=mm&#038;r=g\" alt=\"Author Image\"><\/a><\/div><\/div><div class=\"geodir-post-title bsui sdel-caa60b10\" ><h3 class=\"geodir-entry-title  h5 \"><a href=\"https:\/\/caminodesantiagofrances.com\/en\/lo\/albergue-gares-puente-la-reina\/\" class=\"\" title=\"View: Albergue Gares Puente la Reina\">Albergue Gares Puente la Reina<\/a><\/h3><\/div><div class=\"geodir-post-content-container bsui sdel-1e477937\" ><div class=\"geodir_post_meta  text-justify pb-1 position-relative geodir-field-post_content\" >RESERVAR AHORA Albergue Gares Puente la Reina RESERVAR AHORA &nbsp; Camino de Santiago Franc\u00e9s\u00a0 &gt;&gt;\u00a0 Navarra\u00a0 &gt;&gt; Puente la Reina\u00a0\u00a0&gt;&gt;<\/div><\/div><\/div><div class=\"card-footer p-2  \"><div class='d-flex justify-content-between align-items-center flex-wrap'><div><\/div><div><\/div><\/div><\/div><\/div>\t<\/div>\n\t<\/div>\n\n<div class=\"col mb-4 geodir-post post-16369 gd_place type-gd_place status-publish has-post-thumbnail gd-post-pkg-1\" data-post-id=\"16369\">\n\t\t<div class=\"card h-100 p-0 m-0 mw-100  \">\n\t<div class=\"card p-0 mw-100 h-100 \"><div class=\"card-img-top overflow-hidden position-relative  \"><span class=\"bsui gd-badge-meta\"><a href=\"https:\/\/caminodesantiagofrances.com\/en\/lo\/categoria\/albergue\/\" class=\"gd-badge border-0 badge ab-bottom-left ms-1\" data-id=\"16369\" data-badge=\"default_category\" data-badge-condition=\"is_not_empty\" style=\"background-color:rgba(0,0,0,0.5);border-color:rgba(0,0,0,0.5);color:#ffffff;\">Albergue<\/a>\n<\/span><div class=\"geodir_post_meta gd-fav-info-wrap  gd-fav-hide-text ab-bottom-right me-1  mb-n1  me-1 mb-n1 ab-bottom-right\" >\t\t<span class=\"gd-list-favorite\">\n\t\t\t<span class=\"geodir-addtofav favorite_property_16369  h5\" aria-hidden=\"true\"><span  title=\"Add to Favourites\"  class=\"geodir-addtofav-icon c-pointer geodir-act-fav\"  data-color-on=\"#ff0000\"  data-icon=\"fas fa-heart\"  data-color-off=\"rgba(223,223,223,0.8)\"  data-text-color=\"\"  data-bs-toggle=\"tooltip\"  aria-hidden=\"true\"  onclick=\"javascript:window.location.href='https:\/\/caminodesantiagofrances.com\/en\/wp-login.php'\"  ><i class=\"fas fa-heart\"  style=\"color:rgba(223,223,223,0.8);\" ><\/i> <span class=\"geodir-fav-text gv-secondary visually-hidden\" style=\"\" aria-hidden=\"true\">Favourite<\/span><\/span>\n<\/span>\t\t<\/span>\n\t\t<\/div><div class=\"geodir-post-slider bsui sdel-03994e04\" ><div class=\"geodir-image-container geodir-image-sizes-medium_large overflow-hidden\">\n\t\t\t<div class=\"geodir-images aui-gallery geodir-images-n-1 geodir-images-image carousel-inner \">\n\t\t<div class=\"carousel-item active\"><a href=\"https:\/\/caminodesantiagofrances.com\/en\/lo\/albergue-estrella-guia-puente-la-reina\/\" class=\"geodir-link-image embed-has-action ratio ratio-16x9 ratio ratio-16x9 d-block\"><img src='data:image\/png;base64,iVBORw0KGgoAAAANSUhEUgAAAGQAAAABCAQAAACC0sM2AAAADklEQVR42mP8X88wLAAAK5IBgMYCdqgAAAAASUVORK5CYII=' data-src=\"https:\/\/caminodesantiagofrances.com\/en\/wp-content\/uploads\/sites\/3\/2025\/08\/Albergue-Estrella-Guia-Puente-la-Reina-Camino-de-Santiago-Frances_2-768x403.jpg\" alt=\"Albergue Estrella Guia Puente la Reina Camino de Santiago Frances 2 768x403\" width=\"768\" height=\"403\" class=\"geodir-lazy-load align size-medium_large geodir-image-3284 embed-item-cover-xy w-100 p-0 m-0 mw-100 border-0\" data-srcset=\"https:\/\/caminodesantiagofrances.com\/en\/wp-content\/uploads\/sites\/3\/2025\/08\/Albergue-Estrella-Guia-Puente-la-Reina-Camino-de-Santiago-Frances_2-768x403.jpg 768w, https:\/\/caminodesantiagofrances.com\/en\/wp-content\/uploads\/sites\/3\/2025\/08\/Albergue-Estrella-Guia-Puente-la-Reina-Camino-de-Santiago-Frances_2-300x158.jpg 300w, https:\/\/caminodesantiagofrances.com\/en\/wp-content\/uploads\/sites\/3\/2025\/08\/Albergue-Estrella-Guia-Puente-la-Reina-Camino-de-Santiago-Frances_2-1024x538.jpg 1024w, https:\/\/caminodesantiagofrances.com\/en\/wp-content\/uploads\/sites\/3\/2025\/08\/Albergue-Estrella-Guia-Puente-la-Reina-Camino-de-Santiago-Frances_2.jpg 1200w\" sizes=\"(max-width: 768px) 100vw, 768px\" \/><i class=\"fas fa-link w-auto h-auto\" aria-hidden=\"true\"><\/i><\/a><\/div>\t\t<\/div>\n\t\t<\/div>\n<\/div><\/div><div class=\"card-body p-2  \"><div class=\"row justify-content-center gv-hide-3 gv-hide-0\"><div class=\"col col-4 text-center tofront \"><a href=\"https:\/\/caminodesantiagofrances.com\/en\/author\/caminodesantiagofrances-com\/\" title=\"caminodesantiagofrances-com\"><img decoding=\"async\" style=\"max-height:75px;\" class=\"rounded-circle shadow border border-white border-width-4 p-0 mw-100 mt-n5 bg-white\" src=\"https:\/\/secure.gravatar.com\/avatar\/03aa5dc32308904f80a38258afc0335b43d4b2bec3418626e4f8712b71c3b93e?s=96&#038;d=mm&#038;r=g\" alt=\"Author Image\"><\/a><\/div><\/div><div class=\"geodir-post-title bsui sdel-caa60b10\" ><h3 class=\"geodir-entry-title  h5 \"><a href=\"https:\/\/caminodesantiagofrances.com\/en\/lo\/albergue-estrella-guia-puente-la-reina\/\" class=\"\" title=\"View: Albergue Estrella Gu\u00eda Puente la Reina\">Albergue Estrella Gu\u00eda Puente la Reina<\/a><\/h3><\/div><div class=\"geodir-post-content-container bsui sdel-1e477937\" ><div class=\"geodir_post_meta  text-justify pb-1 position-relative geodir-field-post_content\" >RESERVAR AHORA Albergue Estrella Gu\u00eda: el refugio perfecto en Puente la Reina El Albergue Estrella Gu\u00eda se encuentra en pleno<\/div><\/div><\/div><div class=\"card-footer p-2  \"><div class='d-flex justify-content-between align-items-center flex-wrap'><div><\/div><div><\/div><\/div><\/div><\/div>\t<\/div>\n\t<\/div>\n\n<div class=\"col mb-4 geodir-post post-16364 gd_place type-gd_place status-publish has-post-thumbnail gd-post-pkg-1\" data-post-id=\"16364\">\n\t\t<div class=\"card h-100 p-0 m-0 mw-100  \">\n\t<div class=\"card p-0 mw-100 h-100 \"><div class=\"card-img-top overflow-hidden position-relative  \"><span class=\"bsui gd-badge-meta\"><a href=\"https:\/\/caminodesantiagofrances.com\/en\/lo\/categoria\/albergue\/\" class=\"gd-badge border-0 badge ab-bottom-left ms-1\" data-id=\"16364\" data-badge=\"default_category\" data-badge-condition=\"is_not_empty\" style=\"background-color:rgba(0,0,0,0.5);border-color:rgba(0,0,0,0.5);color:#ffffff;\">Albergue<\/a>\n<\/span><div class=\"geodir_post_meta gd-fav-info-wrap  gd-fav-hide-text ab-bottom-right me-1  mb-n1  me-1 mb-n1 ab-bottom-right\" >\t\t<span class=\"gd-list-favorite\">\n\t\t\t<span class=\"geodir-addtofav favorite_property_16364  h5\" aria-hidden=\"true\"><span  title=\"Add to Favourites\"  class=\"geodir-addtofav-icon c-pointer geodir-act-fav\"  data-color-on=\"#ff0000\"  data-icon=\"fas fa-heart\"  data-color-off=\"rgba(223,223,223,0.8)\"  data-text-color=\"\"  data-bs-toggle=\"tooltip\"  aria-hidden=\"true\"  onclick=\"javascript:window.location.href='https:\/\/caminodesantiagofrances.com\/en\/wp-login.php'\"  ><i class=\"fas fa-heart\"  style=\"color:rgba(223,223,223,0.8);\" ><\/i> <span class=\"geodir-fav-text gv-secondary visually-hidden\" style=\"\" aria-hidden=\"true\">Favourite<\/span><\/span>\n<\/span>\t\t<\/span>\n\t\t<\/div><div class=\"geodir-post-slider bsui sdel-03994e04\" ><div class=\"geodir-image-container geodir-image-sizes-medium_large overflow-hidden\">\n\t\t\t<div class=\"geodir-images aui-gallery geodir-images-n-1 geodir-images-image carousel-inner \">\n\t\t<div class=\"carousel-item active\"><a href=\"https:\/\/caminodesantiagofrances.com\/en\/lo\/albergue-santiago-apostol-puente-la-reina\/\" class=\"geodir-link-image embed-has-action ratio ratio-16x9 ratio ratio-16x9 d-block\"><img src='data:image\/png;base64,iVBORw0KGgoAAAANSUhEUgAAAGQAAAABCAQAAACC0sM2AAAADklEQVR42mP8X88wLAAAK5IBgMYCdqgAAAAASUVORK5CYII=' data-src=\"https:\/\/caminodesantiagofrances.com\/en\/wp-content\/uploads\/sites\/3\/2025\/08\/Albergue-Santiago-Apostol-Puente-la-Reina-Camino-de-Santiago-Frances-768x403.jpg\" alt=\"Albergue Santiago Apostol Puente la Reina Camino de Santiago Frances 768x403\" width=\"768\" height=\"403\" class=\"geodir-lazy-load align size-medium_large geodir-image-3274 embed-item-cover-xy w-100 p-0 m-0 mw-100 border-0\" data-srcset=\"https:\/\/caminodesantiagofrances.com\/en\/wp-content\/uploads\/sites\/3\/2025\/08\/Albergue-Santiago-Apostol-Puente-la-Reina-Camino-de-Santiago-Frances-768x403.jpg 768w, https:\/\/caminodesantiagofrances.com\/en\/wp-content\/uploads\/sites\/3\/2025\/08\/Albergue-Santiago-Apostol-Puente-la-Reina-Camino-de-Santiago-Frances-300x158.jpg 300w, https:\/\/caminodesantiagofrances.com\/en\/wp-content\/uploads\/sites\/3\/2025\/08\/Albergue-Santiago-Apostol-Puente-la-Reina-Camino-de-Santiago-Frances-1024x538.jpg 1024w, https:\/\/caminodesantiagofrances.com\/en\/wp-content\/uploads\/sites\/3\/2025\/08\/Albergue-Santiago-Apostol-Puente-la-Reina-Camino-de-Santiago-Frances.jpg 1200w\" sizes=\"(max-width: 768px) 100vw, 768px\" \/><i class=\"fas fa-link w-auto h-auto\" aria-hidden=\"true\"><\/i><\/a><\/div>\t\t<\/div>\n\t\t<\/div>\n<\/div><\/div><div class=\"card-body p-2  \"><div class=\"row justify-content-center gv-hide-3 gv-hide-0\"><div class=\"col col-4 text-center tofront \"><a href=\"https:\/\/caminodesantiagofrances.com\/en\/author\/caminodesantiagofrances-com\/\" title=\"caminodesantiagofrances-com\"><img decoding=\"async\" style=\"max-height:75px;\" class=\"rounded-circle shadow border border-white border-width-4 p-0 mw-100 mt-n5 bg-white\" src=\"https:\/\/secure.gravatar.com\/avatar\/03aa5dc32308904f80a38258afc0335b43d4b2bec3418626e4f8712b71c3b93e?s=96&#038;d=mm&#038;r=g\" alt=\"Author Image\"><\/a><\/div><\/div><div class=\"geodir-post-title bsui sdel-caa60b10\" ><h3 class=\"geodir-entry-title  h5 \"><a href=\"https:\/\/caminodesantiagofrances.com\/en\/lo\/albergue-santiago-apostol-puente-la-reina\/\" class=\"\" title=\"View: Albergue Santiago Ap\u00f3stol Puente la Reina\">Albergue Santiago Ap\u00f3stol Puente la Reina<\/a><\/h3><\/div><div class=\"geodir-post-content-container bsui sdel-1e477937\" ><div class=\"geodir_post_meta  text-justify pb-1 position-relative geodir-field-post_content\" >RESERVAR AHORA Albergue de Peregrinos Santiago Ap\u00f3stol en Puente la Reina RESERVAR AHORA &nbsp; Camino de Santiago Franc\u00e9s\u00a0 &gt;&gt;\u00a0 Navarra\u00a0<\/div><\/div><\/div><div class=\"card-footer p-2  \"><div class='d-flex justify-content-between align-items-center flex-wrap'><div><\/div><div><\/div><\/div><\/div><\/div>\t<\/div>\n\t<\/div>\n\n<div class=\"col mb-4 geodir-post post-13327 gd_place type-gd_place status-publish has-post-thumbnail gd-post-pkg-1\" data-post-id=\"13327\">\n\t\t<div class=\"card h-100 p-0 m-0 mw-100  \">\n\t<div class=\"card p-0 mw-100 h-100 \"><div class=\"card-img-top overflow-hidden position-relative  \"><span class=\"bsui gd-badge-meta\"><a href=\"https:\/\/caminodesantiagofrances.com\/en\/lo\/categoria\/albergue\/\" class=\"gd-badge border-0 badge ab-bottom-left ms-1\" data-id=\"13327\" data-badge=\"default_category\" data-badge-condition=\"is_not_empty\" style=\"background-color:rgba(0,0,0,0.5);border-color:rgba(0,0,0,0.5);color:#ffffff;\">Albergue<\/a>\n<\/span><div class=\"geodir_post_meta gd-fav-info-wrap  gd-fav-hide-text ab-bottom-right me-1  mb-n1  me-1 mb-n1 ab-bottom-right\" >\t\t<span class=\"gd-list-favorite\">\n\t\t\t<span class=\"geodir-addtofav favorite_property_13327  h5\" aria-hidden=\"true\"><span  title=\"Add to Favourites\"  class=\"geodir-addtofav-icon c-pointer geodir-act-fav\"  data-color-on=\"#ff0000\"  data-icon=\"fas fa-heart\"  data-color-off=\"rgba(223,223,223,0.8)\"  data-text-color=\"\"  data-bs-toggle=\"tooltip\"  aria-hidden=\"true\"  onclick=\"javascript:window.location.href='https:\/\/caminodesantiagofrances.com\/en\/wp-login.php'\"  ><i class=\"fas fa-heart\"  style=\"color:rgba(223,223,223,0.8);\" ><\/i> <span class=\"geodir-fav-text gv-secondary visually-hidden\" style=\"\" aria-hidden=\"true\">Favourite<\/span><\/span>\n<\/span>\t\t<\/span>\n\t\t<\/div><div class=\"geodir-post-slider bsui sdel-03994e04\" ><div class=\"geodir-image-container geodir-image-sizes-medium_large overflow-hidden\">\n\t\t\t<div class=\"geodir-images aui-gallery geodir-images-n-1 geodir-images-image carousel-inner \">\n\t\t<div class=\"carousel-item active\"><a href=\"https:\/\/caminodesantiagofrances.com\/en\/lo\/albergue-de-los-padres-reparadores\/\" class=\"geodir-link-image embed-has-action ratio ratio-16x9 ratio ratio-16x9 d-block\"><img src='data:image\/png;base64,iVBORw0KGgoAAAANSUhEUgAAAGQAAAABCAQAAACC0sM2AAAADklEQVR42mP8X88wLAAAK5IBgMYCdqgAAAAASUVORK5CYII=' data-src=\"https:\/\/caminodesantiagofrances.com\/en\/wp-content\/uploads\/sites\/3\/2024\/08\/Albergue-de-los-Padres-Reparadores-Camino-de-Santiago-Frances_2-768x403.jpg\" alt=\"Albergue de los Padres Reparadores Camino de Santiago Frances 2 768x403\" width=\"768\" height=\"403\" class=\"geodir-lazy-load align size-medium_large geodir-image-417 embed-item-cover-xy w-100 p-0 m-0 mw-100 border-0\" data-srcset=\"https:\/\/caminodesantiagofrances.com\/en\/wp-content\/uploads\/sites\/3\/2024\/08\/Albergue-de-los-Padres-Reparadores-Camino-de-Santiago-Frances_2-768x403.jpg 768w, https:\/\/caminodesantiagofrances.com\/en\/wp-content\/uploads\/sites\/3\/2024\/08\/Albergue-de-los-Padres-Reparadores-Camino-de-Santiago-Frances_2-300x158.jpg 300w, https:\/\/caminodesantiagofrances.com\/en\/wp-content\/uploads\/sites\/3\/2024\/08\/Albergue-de-los-Padres-Reparadores-Camino-de-Santiago-Frances_2-1024x538.jpg 1024w, https:\/\/caminodesantiagofrances.com\/en\/wp-content\/uploads\/sites\/3\/2024\/08\/Albergue-de-los-Padres-Reparadores-Camino-de-Santiago-Frances_2.jpg 1200w\" sizes=\"(max-width: 768px) 100vw, 768px\" \/><i class=\"fas fa-link w-auto h-auto\" aria-hidden=\"true\"><\/i><\/a><\/div>\t\t<\/div>\n\t\t<\/div>\n<\/div><\/div><div class=\"card-body p-2  \"><div class=\"row justify-content-center gv-hide-3 gv-hide-0\"><div class=\"col col-4 text-center tofront \"><a href=\"https:\/\/caminodesantiagofrances.com\/en\/author\/caminodesantiagofrances-com\/\" title=\"caminodesantiagofrances-com\"><img decoding=\"async\" style=\"max-height:75px;\" class=\"rounded-circle shadow border border-white border-width-4 p-0 mw-100 mt-n5 bg-white\" src=\"https:\/\/secure.gravatar.com\/avatar\/03aa5dc32308904f80a38258afc0335b43d4b2bec3418626e4f8712b71c3b93e?s=96&#038;d=mm&#038;r=g\" alt=\"Author Image\"><\/a><\/div><\/div><div class=\"geodir-post-title bsui sdel-caa60b10\" ><h3 class=\"geodir-entry-title  h5 \"><a href=\"https:\/\/caminodesantiagofrances.com\/en\/lo\/albergue-de-los-padres-reparadores\/\" class=\"\" title=\"View: Albergue de los Padres Reparadores\">Albergue de los Padres Reparadores<\/a><\/h3><\/div><div class=\"geodir-post-content-container bsui sdel-1e477937\" ><div class=\"geodir_post_meta  text-justify pb-1 position-relative geodir-field-post_content\" >Albergue de peregrinos de los Padres Reparadores Puente la Reina El Albergue de los Padres Reparadores es un acogedor lugar<\/div><\/div><\/div><div class=\"card-footer p-2  \"><div class='d-flex justify-content-between align-items-center flex-wrap'><div><\/div><div><\/div><\/div><\/div><\/div>\t<\/div>\n\t<\/div>\n\t<\/div>\n\t\t<\/div>\n\t\t<\/div><\/div>\n\n\n\n<h3 class=\"wp-block-heading has-text-align-center\"><a href=\"https:\/\/caminodesantiagofrances.com\/en\/navarra\/maneru\/\" data-type=\"link\" data-id=\"https:\/\/caminodesantiagofrances.com\/en\/navarra\/maneru\/\">Ma\u00f1eru<\/a><\/h3>\n\n\n\n<h3 class=\"wp-block-heading has-text-align-center\"><a href=\"https:\/\/caminodesantiagofrances.com\/en\/navarra\/cirauqui\/\" data-type=\"link\" data-id=\"https:\/\/caminodesantiagofrances.com\/en\/navarra\/cirauqui\/\">Cirauqui<\/a><\/h3>\n\n\n\n<h3 class=\"wp-block-heading has-text-align-center\"><a href=\"https:\/\/caminodesantiagofrances.com\/en\/navarra\/lorca\/\" data-type=\"link\" data-id=\"https:\/\/caminodesantiagofrances.com\/en\/navarra\/lorca\/\">Lorca<\/a><\/h3>\n\n\n\n<h3 class=\"wp-block-heading has-text-align-center\"><a href=\"https:\/\/caminodesantiagofrances.com\/en\/navarra\/villatuerta\/\" data-type=\"link\" data-id=\"https:\/\/caminodesantiagofrances.com\/en\/navarra\/villatuerta\/\">Villatuerta<\/a><\/h3>\n\n\n\n<h3 class=\"wp-block-heading has-text-align-center\"><a href=\"https:\/\/caminodesantiagofrances.com\/en\/navarra\/estella\/\" data-type=\"link\" data-id=\"https:\/\/caminodesantiagofrances.com\/en\/navarra\/estella\/\">Estella<\/a><\/h3>\n\n\n\n<div class=\"wp-block-geodirectory-geodir-widget-listings\"><div class=\"geodir-listings bsui sdel-aa21b05b\" >\t\t<div id=\"geodir_6a9d4533e2849\" class=\"geodir_locations geodir_location_listing\n\t\t\t\t\t\t\t mb-3\t\t position-relative\">\n\t\t\t\t<div\n\t\tclass=\"row row-cols-1 row-cols-sm-2 geodir-category-list-view geodir-widget-posts geodir-gridview row-cols-md-2\">\n\t\t\n<div class=\"col mb-4 geodir-post post-16399 gd_place type-gd_place status-publish has-post-thumbnail gd-post-pkg-1\" data-post-id=\"16399\">\n\t\t<div class=\"card h-100 p-0 m-0 mw-100  \">\n\t<div class=\"card p-0 mw-100 h-100 \"><div class=\"card-img-top overflow-hidden position-relative  \"><span class=\"bsui gd-badge-meta\"><a href=\"https:\/\/caminodesantiagofrances.com\/en\/lo\/categoria\/albergue\/\" class=\"gd-badge border-0 badge ab-bottom-left ms-1\" data-id=\"16399\" data-badge=\"default_category\" data-badge-condition=\"is_not_empty\" style=\"background-color:rgba(0,0,0,0.5);border-color:rgba(0,0,0,0.5);color:#ffffff;\">Albergue<\/a>\n<\/span><div class=\"geodir_post_meta gd-fav-info-wrap  gd-fav-hide-text ab-bottom-right me-1  mb-n1  me-1 mb-n1 ab-bottom-right\" >\t\t<span class=\"gd-list-favorite\">\n\t\t\t<span class=\"geodir-addtofav favorite_property_16399  h5\" aria-hidden=\"true\"><span  title=\"Add to Favourites\"  class=\"geodir-addtofav-icon c-pointer geodir-act-fav\"  data-color-on=\"#ff0000\"  data-icon=\"fas fa-heart\"  data-color-off=\"rgba(223,223,223,0.8)\"  data-text-color=\"\"  data-bs-toggle=\"tooltip\"  aria-hidden=\"true\"  onclick=\"javascript:window.location.href='https:\/\/caminodesantiagofrances.com\/en\/wp-login.php'\"  ><i class=\"fas fa-heart\"  style=\"color:rgba(223,223,223,0.8);\" ><\/i> <span class=\"geodir-fav-text gv-secondary visually-hidden\" style=\"\" aria-hidden=\"true\">Favourite<\/span><\/span>\n<\/span>\t\t<\/span>\n\t\t<\/div><div class=\"geodir-post-slider bsui sdel-03994e04\" ><div class=\"geodir-image-container geodir-image-sizes-medium_large overflow-hidden\">\n\t\t\t<div class=\"geodir-images aui-gallery geodir-images-n-1 geodir-images-image carousel-inner \">\n\t\t<div class=\"carousel-item active\"><a href=\"https:\/\/caminodesantiagofrances.com\/en\/lo\/albergue-capuchinos-rocamador-estella\/\" class=\"geodir-link-image embed-has-action ratio ratio-16x9 ratio ratio-16x9 d-block\"><img src='data:image\/png;base64,iVBORw0KGgoAAAANSUhEUgAAAGQAAAABCAQAAACC0sM2AAAADklEQVR42mP8X88wLAAAK5IBgMYCdqgAAAAASUVORK5CYII=' data-src=\"https:\/\/caminodesantiagofrances.com\/en\/wp-content\/uploads\/sites\/3\/2025\/08\/Albergue-Capuchinos-Rocamador-Estella-Camino-de-Santiago-Frances_2-768x403.jpg\" alt=\"Albergue Capuchinos Rocamador Estella Camino de Santiago Frances 2 768x403\" width=\"768\" height=\"403\" class=\"geodir-lazy-load align size-medium_large geodir-image-3396 embed-item-cover-xy w-100 p-0 m-0 mw-100 border-0\" data-srcset=\"https:\/\/caminodesantiagofrances.com\/en\/wp-content\/uploads\/sites\/3\/2025\/08\/Albergue-Capuchinos-Rocamador-Estella-Camino-de-Santiago-Frances_2-768x403.jpg 768w, https:\/\/caminodesantiagofrances.com\/en\/wp-content\/uploads\/sites\/3\/2025\/08\/Albergue-Capuchinos-Rocamador-Estella-Camino-de-Santiago-Frances_2-300x158.jpg 300w, https:\/\/caminodesantiagofrances.com\/en\/wp-content\/uploads\/sites\/3\/2025\/08\/Albergue-Capuchinos-Rocamador-Estella-Camino-de-Santiago-Frances_2-1024x538.jpg 1024w, https:\/\/caminodesantiagofrances.com\/en\/wp-content\/uploads\/sites\/3\/2025\/08\/Albergue-Capuchinos-Rocamador-Estella-Camino-de-Santiago-Frances_2.jpg 1200w\" sizes=\"(max-width: 768px) 100vw, 768px\" \/><i class=\"fas fa-link w-auto h-auto\" aria-hidden=\"true\"><\/i><\/a><\/div>\t\t<\/div>\n\t\t<\/div>\n<\/div><\/div><div class=\"card-body p-2  \"><div class=\"row justify-content-center gv-hide-3 gv-hide-0\"><div class=\"col col-4 text-center tofront \"><a href=\"https:\/\/caminodesantiagofrances.com\/en\/author\/caminodesantiagofrances-com\/\" title=\"caminodesantiagofrances-com\"><img decoding=\"async\" style=\"max-height:75px;\" class=\"rounded-circle shadow border border-white border-width-4 p-0 mw-100 mt-n5 bg-white\" src=\"https:\/\/secure.gravatar.com\/avatar\/03aa5dc32308904f80a38258afc0335b43d4b2bec3418626e4f8712b71c3b93e?s=96&#038;d=mm&#038;r=g\" alt=\"Author Image\"><\/a><\/div><\/div><div class=\"geodir-post-title bsui sdel-caa60b10\" ><h3 class=\"geodir-entry-title  h5 \"><a href=\"https:\/\/caminodesantiagofrances.com\/en\/lo\/albergue-capuchinos-rocamador-estella\/\" class=\"\" title=\"View: Albergue Capuchinos Rocamador Estella\">Albergue Capuchinos Rocamador Estella<\/a><\/h3><\/div><div class=\"geodir-post-content-container bsui sdel-1e477937\" ><div class=\"geodir_post_meta  text-justify pb-1 position-relative geodir-field-post_content\" >RESERVAR AHORA Albergue Capuchinos Rocamador: descanso y espiritualidad en el coraz\u00f3n de Estella El Albergue Capuchinos Rocamador se encuentra en<\/div><\/div><\/div><div class=\"card-footer p-2  \"><div class='d-flex justify-content-between align-items-center flex-wrap'><div><\/div><div><\/div><\/div><\/div><\/div>\t<\/div>\n\t<\/div>\n\n<div class=\"col mb-4 geodir-post post-16396 gd_place type-gd_place status-publish has-post-thumbnail gd-post-pkg-1\" data-post-id=\"16396\">\n\t\t<div class=\"card h-100 p-0 m-0 mw-100  \">\n\t<div class=\"card p-0 mw-100 h-100 \"><div class=\"card-img-top overflow-hidden position-relative  \"><span class=\"bsui gd-badge-meta\"><a href=\"https:\/\/caminodesantiagofrances.com\/en\/lo\/categoria\/albergue\/\" class=\"gd-badge border-0 badge ab-bottom-left ms-1\" data-id=\"16396\" data-badge=\"default_category\" data-badge-condition=\"is_not_empty\" style=\"background-color:rgba(0,0,0,0.5);border-color:rgba(0,0,0,0.5);color:#ffffff;\">Albergue<\/a>\n<\/span><div class=\"geodir_post_meta gd-fav-info-wrap  gd-fav-hide-text ab-bottom-right me-1  mb-n1  me-1 mb-n1 ab-bottom-right\" >\t\t<span class=\"gd-list-favorite\">\n\t\t\t<span class=\"geodir-addtofav favorite_property_16396  h5\" aria-hidden=\"true\"><span  title=\"Add to Favourites\"  class=\"geodir-addtofav-icon c-pointer geodir-act-fav\"  data-color-on=\"#ff0000\"  data-icon=\"fas fa-heart\"  data-color-off=\"rgba(223,223,223,0.8)\"  data-text-color=\"\"  data-bs-toggle=\"tooltip\"  aria-hidden=\"true\"  onclick=\"javascript:window.location.href='https:\/\/caminodesantiagofrances.com\/en\/wp-login.php'\"  ><i class=\"fas fa-heart\"  style=\"color:rgba(223,223,223,0.8);\" ><\/i> <span class=\"geodir-fav-text gv-secondary visually-hidden\" style=\"\" aria-hidden=\"true\">Favourite<\/span><\/span>\n<\/span>\t\t<\/span>\n\t\t<\/div><div class=\"geodir-post-slider bsui sdel-03994e04\" ><div class=\"geodir-image-container geodir-image-sizes-medium_large overflow-hidden\">\n\t\t\t<div class=\"geodir-images aui-gallery geodir-images-n-1 geodir-images-image carousel-inner \">\n\t\t<div class=\"carousel-item active\"><a href=\"https:\/\/caminodesantiagofrances.com\/en\/lo\/albergue-alda-estella-hostel\/\" class=\"geodir-link-image embed-has-action ratio ratio-16x9 ratio ratio-16x9 d-block\"><img src='data:image\/png;base64,iVBORw0KGgoAAAANSUhEUgAAAGQAAAABCAQAAACC0sM2AAAADklEQVR42mP8X88wLAAAK5IBgMYCdqgAAAAASUVORK5CYII=' data-src=\"https:\/\/caminodesantiagofrances.com\/en\/wp-content\/uploads\/sites\/3\/2025\/08\/Albergue-Alda-Estella-Hostel-Camino-de-Santiago-Frances-768x403.jpg\" alt=\"Albergue Alda Estella Hostel Camino de Santiago Frances 768x403\" width=\"768\" height=\"403\" class=\"geodir-lazy-load align size-medium_large geodir-image-3381 embed-item-cover-xy w-100 p-0 m-0 mw-100 border-0\" data-srcset=\"https:\/\/caminodesantiagofrances.com\/en\/wp-content\/uploads\/sites\/3\/2025\/08\/Albergue-Alda-Estella-Hostel-Camino-de-Santiago-Frances-768x403.jpg 768w, https:\/\/caminodesantiagofrances.com\/en\/wp-content\/uploads\/sites\/3\/2025\/08\/Albergue-Alda-Estella-Hostel-Camino-de-Santiago-Frances-300x158.jpg 300w, https:\/\/caminodesantiagofrances.com\/en\/wp-content\/uploads\/sites\/3\/2025\/08\/Albergue-Alda-Estella-Hostel-Camino-de-Santiago-Frances-1024x538.jpg 1024w, https:\/\/caminodesantiagofrances.com\/en\/wp-content\/uploads\/sites\/3\/2025\/08\/Albergue-Alda-Estella-Hostel-Camino-de-Santiago-Frances.jpg 1200w\" sizes=\"(max-width: 768px) 100vw, 768px\" \/><i class=\"fas fa-link w-auto h-auto\" aria-hidden=\"true\"><\/i><\/a><\/div>\t\t<\/div>\n\t\t<\/div>\n<\/div><\/div><div class=\"card-body p-2  \"><div class=\"row justify-content-center gv-hide-3 gv-hide-0\"><div class=\"col col-4 text-center tofront \"><a href=\"https:\/\/caminodesantiagofrances.com\/en\/author\/caminodesantiagofrances-com\/\" title=\"caminodesantiagofrances-com\"><img decoding=\"async\" style=\"max-height:75px;\" class=\"rounded-circle shadow border border-white border-width-4 p-0 mw-100 mt-n5 bg-white\" src=\"https:\/\/secure.gravatar.com\/avatar\/03aa5dc32308904f80a38258afc0335b43d4b2bec3418626e4f8712b71c3b93e?s=96&#038;d=mm&#038;r=g\" alt=\"Author Image\"><\/a><\/div><\/div><div class=\"geodir-post-title bsui sdel-caa60b10\" ><h3 class=\"geodir-entry-title  h5 \"><a href=\"https:\/\/caminodesantiagofrances.com\/en\/lo\/albergue-alda-estella-hostel\/\" class=\"\" title=\"View: Albergue Alda Estella Hostel\">Albergue Alda Estella Hostel<\/a><\/h3><\/div><div class=\"geodir-post-content-container bsui sdel-1e477937\" ><div class=\"geodir_post_meta  text-justify pb-1 position-relative geodir-field-post_content\" >RESERVAR AHORA Albergue Alda Estella Hostel: comodidad y tradici\u00f3n en Estella El Alda Estella Hostel se encuentra en pleno coraz\u00f3n<\/div><\/div><\/div><div class=\"card-footer p-2  \"><div class='d-flex justify-content-between align-items-center flex-wrap'><div><\/div><div><\/div><\/div><\/div><\/div>\t<\/div>\n\t<\/div>\n\n<div class=\"col mb-4 geodir-post post-16393 gd_place type-gd_place status-publish has-post-thumbnail gd-post-pkg-1\" data-post-id=\"16393\">\n\t\t<div class=\"card h-100 p-0 m-0 mw-100  \">\n\t<div class=\"card p-0 mw-100 h-100 \"><div class=\"card-img-top overflow-hidden position-relative  \"><span class=\"bsui gd-badge-meta\"><a href=\"https:\/\/caminodesantiagofrances.com\/en\/lo\/categoria\/albergue\/\" class=\"gd-badge border-0 badge ab-bottom-left ms-1\" data-id=\"16393\" data-badge=\"default_category\" data-badge-condition=\"is_not_empty\" style=\"background-color:rgba(0,0,0,0.5);border-color:rgba(0,0,0,0.5);color:#ffffff;\">Albergue<\/a>\n<\/span><div class=\"geodir_post_meta gd-fav-info-wrap  gd-fav-hide-text ab-bottom-right me-1  mb-n1  me-1 mb-n1 ab-bottom-right\" >\t\t<span class=\"gd-list-favorite\">\n\t\t\t<span class=\"geodir-addtofav favorite_property_16393  h5\" aria-hidden=\"true\"><span  title=\"Add to Favourites\"  class=\"geodir-addtofav-icon c-pointer geodir-act-fav\"  data-color-on=\"#ff0000\"  data-icon=\"fas fa-heart\"  data-color-off=\"rgba(223,223,223,0.8)\"  data-text-color=\"\"  data-bs-toggle=\"tooltip\"  aria-hidden=\"true\"  onclick=\"javascript:window.location.href='https:\/\/caminodesantiagofrances.com\/en\/wp-login.php'\"  ><i class=\"fas fa-heart\"  style=\"color:rgba(223,223,223,0.8);\" ><\/i> <span class=\"geodir-fav-text gv-secondary visually-hidden\" style=\"\" aria-hidden=\"true\">Favourite<\/span><\/span>\n<\/span>\t\t<\/span>\n\t\t<\/div><div class=\"geodir-post-slider bsui sdel-03994e04\" ><div class=\"geodir-image-container geodir-image-sizes-medium_large overflow-hidden\">\n\t\t\t<div class=\"geodir-images aui-gallery geodir-images-n-1 geodir-images-image carousel-inner \">\n\t\t<div class=\"carousel-item active\"><a href=\"https:\/\/caminodesantiagofrances.com\/en\/lo\/albergue-agora-hostel-estella\/\" class=\"geodir-link-image embed-has-action ratio ratio-16x9 ratio ratio-16x9 d-block\"><img src='data:image\/png;base64,iVBORw0KGgoAAAANSUhEUgAAAGQAAAABCAQAAACC0sM2AAAADklEQVR42mP8X88wLAAAK5IBgMYCdqgAAAAASUVORK5CYII=' data-src=\"https:\/\/caminodesantiagofrances.com\/en\/wp-content\/uploads\/sites\/3\/2025\/08\/Albergue-Agora-Hostel-Estella-Camino-de-Santiago-Frances-768x403.jpg\" alt=\"Albergue Agora Hostel Estella Camino de Santiago Frances 768x403\" width=\"768\" height=\"403\" class=\"geodir-lazy-load align size-medium_large geodir-image-3366 embed-item-cover-xy w-100 p-0 m-0 mw-100 border-0\" data-srcset=\"https:\/\/caminodesantiagofrances.com\/en\/wp-content\/uploads\/sites\/3\/2025\/08\/Albergue-Agora-Hostel-Estella-Camino-de-Santiago-Frances-768x403.jpg 768w, https:\/\/caminodesantiagofrances.com\/en\/wp-content\/uploads\/sites\/3\/2025\/08\/Albergue-Agora-Hostel-Estella-Camino-de-Santiago-Frances-300x158.jpg 300w, https:\/\/caminodesantiagofrances.com\/en\/wp-content\/uploads\/sites\/3\/2025\/08\/Albergue-Agora-Hostel-Estella-Camino-de-Santiago-Frances-1024x538.jpg 1024w, https:\/\/caminodesantiagofrances.com\/en\/wp-content\/uploads\/sites\/3\/2025\/08\/Albergue-Agora-Hostel-Estella-Camino-de-Santiago-Frances.jpg 1200w\" sizes=\"(max-width: 768px) 100vw, 768px\" \/><i class=\"fas fa-link w-auto h-auto\" aria-hidden=\"true\"><\/i><\/a><\/div>\t\t<\/div>\n\t\t<\/div>\n<\/div><\/div><div class=\"card-body p-2  \"><div class=\"row justify-content-center gv-hide-3 gv-hide-0\"><div class=\"col col-4 text-center tofront \"><a href=\"https:\/\/caminodesantiagofrances.com\/en\/author\/caminodesantiagofrances-com\/\" title=\"caminodesantiagofrances-com\"><img decoding=\"async\" style=\"max-height:75px;\" class=\"rounded-circle shadow border border-white border-width-4 p-0 mw-100 mt-n5 bg-white\" src=\"https:\/\/secure.gravatar.com\/avatar\/03aa5dc32308904f80a38258afc0335b43d4b2bec3418626e4f8712b71c3b93e?s=96&#038;d=mm&#038;r=g\" alt=\"Author Image\"><\/a><\/div><\/div><div class=\"geodir-post-title bsui sdel-caa60b10\" ><h3 class=\"geodir-entry-title  h5 \"><a href=\"https:\/\/caminodesantiagofrances.com\/en\/lo\/albergue-agora-hostel-estella\/\" class=\"\" title=\"View: Albergue \u00c1gora Hostel Estella\">Albergue \u00c1gora Hostel Estella<\/a><\/h3><\/div><div class=\"geodir-post-content-container bsui sdel-1e477937\" ><div class=\"geodir_post_meta  text-justify pb-1 position-relative geodir-field-post_content\" >RESERVAR AHORA Albergue \u00c1gora Hostel: descanso y comodidad en el coraz\u00f3n de Estella El \u00c1gora Hostel est\u00e1 situado en pleno<\/div><\/div><\/div><div class=\"card-footer p-2  \"><div class='d-flex justify-content-between align-items-center flex-wrap'><div><\/div><div><\/div><\/div><\/div><\/div>\t<\/div>\n\t<\/div>\n\n<div class=\"col mb-4 geodir-post post-16387 gd_place type-gd_place status-publish has-post-thumbnail gd-post-pkg-1\" data-post-id=\"16387\">\n\t\t<div class=\"card h-100 p-0 m-0 mw-100  \">\n\t<div class=\"card p-0 mw-100 h-100 \"><div class=\"card-img-top overflow-hidden position-relative  \"><span class=\"bsui gd-badge-meta\"><a href=\"https:\/\/caminodesantiagofrances.com\/en\/lo\/categoria\/albergue\/\" class=\"gd-badge border-0 badge ab-bottom-left ms-1\" data-id=\"16387\" data-badge=\"default_category\" data-badge-condition=\"is_not_empty\" style=\"background-color:rgba(0,0,0,0.5);border-color:rgba(0,0,0,0.5);color:#ffffff;\">Albergue<\/a>\n<\/span><div class=\"geodir_post_meta gd-fav-info-wrap  gd-fav-hide-text ab-bottom-right me-1  mb-n1  me-1 mb-n1 ab-bottom-right\" >\t\t<span class=\"gd-list-favorite\">\n\t\t\t<span class=\"geodir-addtofav favorite_property_16387  h5\" aria-hidden=\"true\"><span  title=\"Add to Favourites\"  class=\"geodir-addtofav-icon c-pointer geodir-act-fav\"  data-color-on=\"#ff0000\"  data-icon=\"fas fa-heart\"  data-color-off=\"rgba(223,223,223,0.8)\"  data-text-color=\"\"  data-bs-toggle=\"tooltip\"  aria-hidden=\"true\"  onclick=\"javascript:window.location.href='https:\/\/caminodesantiagofrances.com\/en\/wp-login.php'\"  ><i class=\"fas fa-heart\"  style=\"color:rgba(223,223,223,0.8);\" ><\/i> <span class=\"geodir-fav-text gv-secondary visually-hidden\" style=\"\" aria-hidden=\"true\">Favourite<\/span><\/span>\n<\/span>\t\t<\/span>\n\t\t<\/div><div class=\"geodir-post-slider bsui sdel-03994e04\" ><div class=\"geodir-image-container geodir-image-sizes-medium_large overflow-hidden\">\n\t\t\t<div class=\"geodir-images aui-gallery geodir-images-n-1 geodir-images-image carousel-inner \">\n\t\t<div class=\"carousel-item active\"><a href=\"https:\/\/caminodesantiagofrances.com\/en\/lo\/albergue-hosteria-de-curtidores-estella\/\" class=\"geodir-link-image embed-has-action ratio ratio-16x9 ratio ratio-16x9 d-block\"><img src='data:image\/png;base64,iVBORw0KGgoAAAANSUhEUgAAAGQAAAABCAQAAACC0sM2AAAADklEQVR42mP8X88wLAAAK5IBgMYCdqgAAAAASUVORK5CYII=' data-src=\"https:\/\/caminodesantiagofrances.com\/en\/wp-content\/uploads\/sites\/3\/2025\/08\/Albergue-Hosteria-de-Curtidores-Estella-Camino-de-Santiago-Frances-768x403.jpg\" alt=\"Albergue Hosteria de Curtidores Estella Camino de Santiago Frances 768x403\" width=\"768\" height=\"403\" class=\"geodir-lazy-load align size-medium_large geodir-image-3351 embed-item-cover-xy w-100 p-0 m-0 mw-100 border-0\" data-srcset=\"https:\/\/caminodesantiagofrances.com\/en\/wp-content\/uploads\/sites\/3\/2025\/08\/Albergue-Hosteria-de-Curtidores-Estella-Camino-de-Santiago-Frances-768x403.jpg 768w, https:\/\/caminodesantiagofrances.com\/en\/wp-content\/uploads\/sites\/3\/2025\/08\/Albergue-Hosteria-de-Curtidores-Estella-Camino-de-Santiago-Frances-300x158.jpg 300w, https:\/\/caminodesantiagofrances.com\/en\/wp-content\/uploads\/sites\/3\/2025\/08\/Albergue-Hosteria-de-Curtidores-Estella-Camino-de-Santiago-Frances-1024x538.jpg 1024w, https:\/\/caminodesantiagofrances.com\/en\/wp-content\/uploads\/sites\/3\/2025\/08\/Albergue-Hosteria-de-Curtidores-Estella-Camino-de-Santiago-Frances.jpg 1200w\" sizes=\"(max-width: 768px) 100vw, 768px\" \/><i class=\"fas fa-link w-auto h-auto\" aria-hidden=\"true\"><\/i><\/a><\/div>\t\t<\/div>\n\t\t<\/div>\n<\/div><\/div><div class=\"card-body p-2  \"><div class=\"row justify-content-center gv-hide-3 gv-hide-0\"><div class=\"col col-4 text-center tofront \"><a href=\"https:\/\/caminodesantiagofrances.com\/en\/author\/caminodesantiagofrances-com\/\" title=\"caminodesantiagofrances-com\"><img decoding=\"async\" style=\"max-height:75px;\" class=\"rounded-circle shadow border border-white border-width-4 p-0 mw-100 mt-n5 bg-white\" src=\"https:\/\/secure.gravatar.com\/avatar\/03aa5dc32308904f80a38258afc0335b43d4b2bec3418626e4f8712b71c3b93e?s=96&#038;d=mm&#038;r=g\" alt=\"Author Image\"><\/a><\/div><\/div><div class=\"geodir-post-title bsui sdel-caa60b10\" ><h3 class=\"geodir-entry-title  h5 \"><a href=\"https:\/\/caminodesantiagofrances.com\/en\/lo\/albergue-hosteria-de-curtidores-estella\/\" class=\"\" title=\"View: Albergue Hoster\u00eda de Curtidores Estella\">Albergue Hoster\u00eda de Curtidores Estella<\/a><\/h3><\/div><div class=\"geodir-post-content-container bsui sdel-1e477937\" ><div class=\"geodir_post_meta  text-justify pb-1 position-relative geodir-field-post_content\" >RESERVAR AHORA Albergue Hoster\u00eda de Curtidores: descanso y tradici\u00f3n en Estella El Albergue Hoster\u00eda de Curtidores se encuentra a la<\/div><\/div><\/div><div class=\"card-footer p-2  \"><div class='d-flex justify-content-between align-items-center flex-wrap'><div><\/div><div><\/div><\/div><\/div><\/div>\t<\/div>\n\t<\/div>\n\n<div class=\"col mb-4 geodir-post post-14449 gd_place type-gd_place status-publish has-post-thumbnail gd-post-pkg-1\" data-post-id=\"14449\">\n\t\t<div class=\"card h-100 p-0 m-0 mw-100  \">\n\t<div class=\"card p-0 mw-100 h-100 \"><div class=\"card-img-top overflow-hidden position-relative  \"><span class=\"bsui gd-badge-meta\"><a href=\"https:\/\/caminodesantiagofrances.com\/en\/lo\/categoria\/albergue\/\" class=\"gd-badge border-0 badge ab-bottom-left ms-1\" data-id=\"14449\" data-badge=\"default_category\" data-badge-condition=\"is_not_empty\" style=\"background-color:rgba(0,0,0,0.5);border-color:rgba(0,0,0,0.5);color:#ffffff;\">Albergue<\/a>\n<\/span><div class=\"geodir_post_meta gd-fav-info-wrap  gd-fav-hide-text ab-bottom-right me-1  mb-n1  me-1 mb-n1 ab-bottom-right\" >\t\t<span class=\"gd-list-favorite\">\n\t\t\t<span class=\"geodir-addtofav favorite_property_14449  h5\" aria-hidden=\"true\"><span  title=\"Add to Favourites\"  class=\"geodir-addtofav-icon c-pointer geodir-act-fav\"  data-color-on=\"#ff0000\"  data-icon=\"fas fa-heart\"  data-color-off=\"rgba(223,223,223,0.8)\"  data-text-color=\"\"  data-bs-toggle=\"tooltip\"  aria-hidden=\"true\"  onclick=\"javascript:window.location.href='https:\/\/caminodesantiagofrances.com\/en\/wp-login.php'\"  ><i class=\"fas fa-heart\"  style=\"color:rgba(223,223,223,0.8);\" ><\/i> <span class=\"geodir-fav-text gv-secondary visually-hidden\" style=\"\" aria-hidden=\"true\">Favourite<\/span><\/span>\n<\/span>\t\t<\/span>\n\t\t<\/div><div class=\"geodir-post-slider bsui sdel-03994e04\" ><div class=\"geodir-image-container geodir-image-sizes-medium_large overflow-hidden\">\n\t\t\t<div class=\"geodir-images aui-gallery geodir-images-n-1 geodir-images-image carousel-inner \">\n\t\t<div class=\"carousel-item active\"><a href=\"https:\/\/caminodesantiagofrances.com\/en\/lo\/albergue-parroquial-san-miguel\/\" class=\"geodir-link-image embed-has-action ratio ratio-16x9 ratio ratio-16x9 d-block\"><img src='data:image\/png;base64,iVBORw0KGgoAAAANSUhEUgAAAGQAAAABCAQAAACC0sM2AAAADklEQVR42mP8X88wLAAAK5IBgMYCdqgAAAAASUVORK5CYII=' data-src=\"https:\/\/caminodesantiagofrances.com\/en\/wp-content\/uploads\/sites\/3\/2025\/02\/Albergue-Parroquial-San-Miguel-Camino-de-Santiago-Frances-768x403.jpg\" alt=\"Albergue Parroquial San Miguel Camino de Santiago Frances 768x403\" width=\"768\" height=\"403\" class=\"geodir-lazy-load align size-medium_large geodir-image-606 embed-item-cover-xy w-100 p-0 m-0 mw-100 border-0\" data-srcset=\"https:\/\/caminodesantiagofrances.com\/en\/wp-content\/uploads\/sites\/3\/2025\/02\/Albergue-Parroquial-San-Miguel-Camino-de-Santiago-Frances-768x403.jpg 768w, https:\/\/caminodesantiagofrances.com\/en\/wp-content\/uploads\/sites\/3\/2025\/02\/Albergue-Parroquial-San-Miguel-Camino-de-Santiago-Frances-300x158.jpg 300w, https:\/\/caminodesantiagofrances.com\/en\/wp-content\/uploads\/sites\/3\/2025\/02\/Albergue-Parroquial-San-Miguel-Camino-de-Santiago-Frances-1024x538.jpg 1024w, https:\/\/caminodesantiagofrances.com\/en\/wp-content\/uploads\/sites\/3\/2025\/02\/Albergue-Parroquial-San-Miguel-Camino-de-Santiago-Frances.jpg 1200w\" sizes=\"(max-width: 768px) 100vw, 768px\" \/><i class=\"fas fa-link w-auto h-auto\" aria-hidden=\"true\"><\/i><\/a><\/div>\t\t<\/div>\n\t\t<\/div>\n<\/div><\/div><div class=\"card-body p-2  \"><div class=\"row justify-content-center gv-hide-3 gv-hide-0\"><div class=\"col col-4 text-center tofront \"><a href=\"https:\/\/caminodesantiagofrances.com\/en\/author\/caminodesantiagofrances-com\/\" title=\"caminodesantiagofrances-com\"><img decoding=\"async\" style=\"max-height:75px;\" class=\"rounded-circle shadow border border-white border-width-4 p-0 mw-100 mt-n5 bg-white\" src=\"https:\/\/secure.gravatar.com\/avatar\/03aa5dc32308904f80a38258afc0335b43d4b2bec3418626e4f8712b71c3b93e?s=96&#038;d=mm&#038;r=g\" alt=\"Author Image\"><\/a><\/div><\/div><div class=\"geodir-post-title bsui sdel-caa60b10\" ><h3 class=\"geodir-entry-title  h5 \"><a href=\"https:\/\/caminodesantiagofrances.com\/en\/lo\/albergue-parroquial-san-miguel\/\" class=\"\" title=\"View: Albergue Parroquial San Miguel\">Albergue Parroquial San Miguel<\/a><\/h3><\/div><div class=\"geodir-post-content-container bsui sdel-1e477937\" ><div class=\"geodir_post_meta  text-justify pb-1 position-relative geodir-field-post_content\" >Albergue de la Parroquia de San Miguel Arc\u00e1ngel en Estella Si est\u00e1s recorriendo el Camino de Santiago Franc\u00e9s y buscas<\/div><\/div><\/div><div class=\"card-footer p-2  \"><div class='d-flex justify-content-between align-items-center flex-wrap'><div><\/div><div><\/div><\/div><\/div><\/div>\t<\/div>\n\t<\/div>\n\n<div class=\"col mb-4 geodir-post post-13350 gd_place type-gd_place status-publish has-post-thumbnail gd-post-pkg-1\" data-post-id=\"13350\">\n\t\t<div class=\"card h-100 p-0 m-0 mw-100  \">\n\t<div class=\"card p-0 mw-100 h-100 \"><div class=\"card-img-top overflow-hidden position-relative  \"><span class=\"bsui gd-badge-meta\"><a href=\"https:\/\/caminodesantiagofrances.com\/en\/lo\/categoria\/albergue\/\" class=\"gd-badge border-0 badge ab-bottom-left ms-1\" data-id=\"13350\" data-badge=\"default_category\" data-badge-condition=\"is_not_empty\" style=\"background-color:rgba(0,0,0,0.5);border-color:rgba(0,0,0,0.5);color:#ffffff;\">Albergue<\/a>\n<\/span><div class=\"geodir_post_meta gd-fav-info-wrap  gd-fav-hide-text ab-bottom-right me-1  mb-n1  me-1 mb-n1 ab-bottom-right\" >\t\t<span class=\"gd-list-favorite\">\n\t\t\t<span class=\"geodir-addtofav favorite_property_13350  h5\" aria-hidden=\"true\"><span  title=\"Add to Favourites\"  class=\"geodir-addtofav-icon c-pointer geodir-act-fav\"  data-color-on=\"#ff0000\"  data-icon=\"fas fa-heart\"  data-color-off=\"rgba(223,223,223,0.8)\"  data-text-color=\"\"  data-bs-toggle=\"tooltip\"  aria-hidden=\"true\"  onclick=\"javascript:window.location.href='https:\/\/caminodesantiagofrances.com\/en\/wp-login.php'\"  ><i class=\"fas fa-heart\"  style=\"color:rgba(223,223,223,0.8);\" ><\/i> <span class=\"geodir-fav-text gv-secondary visually-hidden\" style=\"\" aria-hidden=\"true\">Favourite<\/span><\/span>\n<\/span>\t\t<\/span>\n\t\t<\/div><div class=\"geodir-post-slider bsui sdel-03994e04\" ><div class=\"geodir-image-container geodir-image-sizes-medium_large overflow-hidden\">\n\t\t\t<div class=\"geodir-images aui-gallery geodir-images-n-1 geodir-images-image carousel-inner \">\n\t\t<div class=\"carousel-item active\"><a href=\"https:\/\/caminodesantiagofrances.com\/en\/lo\/albergue-de-peregrinos-de-estella\/\" class=\"geodir-link-image embed-has-action ratio ratio-16x9 ratio ratio-16x9 d-block\"><img src='data:image\/png;base64,iVBORw0KGgoAAAANSUhEUgAAAGQAAAABCAQAAACC0sM2AAAADklEQVR42mP8X88wLAAAK5IBgMYCdqgAAAAASUVORK5CYII=' data-src=\"https:\/\/caminodesantiagofrances.com\/en\/wp-content\/uploads\/sites\/3\/2024\/08\/Albergue-de-Peregrinos-de-Estella-Camino-de-Santiago-Frances_2-768x403.jpg\" alt=\"Albergue de Peregrinos de Estella Camino de Santiago Frances 2 768x403\" width=\"768\" height=\"403\" class=\"geodir-lazy-load align size-medium_large geodir-image-427 embed-item-cover-xy w-100 p-0 m-0 mw-100 border-0\" data-srcset=\"https:\/\/caminodesantiagofrances.com\/en\/wp-content\/uploads\/sites\/3\/2024\/08\/Albergue-de-Peregrinos-de-Estella-Camino-de-Santiago-Frances_2-768x403.jpg 768w, https:\/\/caminodesantiagofrances.com\/en\/wp-content\/uploads\/sites\/3\/2024\/08\/Albergue-de-Peregrinos-de-Estella-Camino-de-Santiago-Frances_2-300x158.jpg 300w, https:\/\/caminodesantiagofrances.com\/en\/wp-content\/uploads\/sites\/3\/2024\/08\/Albergue-de-Peregrinos-de-Estella-Camino-de-Santiago-Frances_2-1024x538.jpg 1024w, https:\/\/caminodesantiagofrances.com\/en\/wp-content\/uploads\/sites\/3\/2024\/08\/Albergue-de-Peregrinos-de-Estella-Camino-de-Santiago-Frances_2.jpg 1200w\" sizes=\"(max-width: 768px) 100vw, 768px\" \/><i class=\"fas fa-link w-auto h-auto\" aria-hidden=\"true\"><\/i><\/a><\/div>\t\t<\/div>\n\t\t<\/div>\n<\/div><\/div><div class=\"card-body p-2  \"><div class=\"row justify-content-center gv-hide-3 gv-hide-0\"><div class=\"col col-4 text-center tofront \"><a href=\"https:\/\/caminodesantiagofrances.com\/en\/author\/caminodesantiagofrances-com\/\" title=\"caminodesantiagofrances-com\"><img decoding=\"async\" style=\"max-height:75px;\" class=\"rounded-circle shadow border border-white border-width-4 p-0 mw-100 mt-n5 bg-white\" src=\"https:\/\/secure.gravatar.com\/avatar\/03aa5dc32308904f80a38258afc0335b43d4b2bec3418626e4f8712b71c3b93e?s=96&#038;d=mm&#038;r=g\" alt=\"Author Image\"><\/a><\/div><\/div><div class=\"geodir-post-title bsui sdel-caa60b10\" ><h3 class=\"geodir-entry-title  h5 \"><a href=\"https:\/\/caminodesantiagofrances.com\/en\/lo\/albergue-de-peregrinos-de-estella\/\" class=\"\" title=\"View: Albergue de Peregrinos de Estella\">Albergue de Peregrinos de Estella<\/a><\/h3><\/div><div class=\"geodir-post-content-container bsui sdel-1e477937\" ><div class=\"geodir_post_meta  text-justify pb-1 position-relative geodir-field-post_content\" >Albergue de Peregrinos municipal de Estella El Albergue de peregrinos de Estella es un lugar de alojamiento p\u00fablico que se<\/div><\/div><\/div><div class=\"card-footer p-2  \"><div class='d-flex justify-content-between align-items-center flex-wrap'><div><\/div><div><\/div><\/div><\/div><\/div>\t<\/div>\n\t<\/div>\n\t<\/div>\n\t\t<\/div>\n\t\t<\/div><\/div>\n\n\n\n<h3 class=\"wp-block-heading has-text-align-center\"><a href=\"https:\/\/caminodesantiagofrances.com\/en\/navarra\/ayegui\/\" data-type=\"link\" data-id=\"https:\/\/caminodesantiagofrances.com\/en\/ayegui\/\">Ayegui<\/a><\/h3>\n\n\n\n<h3 class=\"wp-block-heading has-text-align-center\"><a href=\"https:\/\/caminodesantiagofrances.com\/en\/navarra\/azqueta\/\" data-type=\"link\" data-id=\"https:\/\/caminodesantiagofrances.com\/en\/navarra\/azqueta\/\">\u00c1zqueta<\/a><\/h3>\n\n\n\n<h3 class=\"wp-block-heading has-text-align-center\"><a href=\"https:\/\/caminodesantiagofrances.com\/en\/navarra\/villamayor-de-monjardin\/\" data-type=\"link\" data-id=\"https:\/\/caminodesantiagofrances.com\/en\/navarra\/villamayor-de-monjardin\/\">Villamayor de Monjard\u00edn<\/a><\/h3>\n\n\n\n<h3 class=\"wp-block-heading has-text-align-center\"><a href=\"https:\/\/caminodesantiagofrances.com\/en\/navarra\/los-arcos\/\" data-type=\"link\" data-id=\"https:\/\/caminodesantiagofrances.com\/en\/navarra\/los-arcos\/\">Los Arcos<\/a><\/h3>\n\n\n\n<div class=\"wp-block-geodirectory-geodir-widget-listings\"><div class=\"geodir-listings bsui sdel-53ee0ec7\" >\t\t<div id=\"geodir_6a9d4533eec54\" class=\"geodir_locations geodir_location_listing\n\t\t\t\t\t\t\t mb-3\t\t position-relative\">\n\t\t\t\t<div\n\t\tclass=\"row row-cols-1 row-cols-sm-2 geodir-category-list-view geodir-widget-posts geodir-gridview row-cols-md-2\">\n\t\t\n<div class=\"col mb-4 geodir-post post-16430 gd_place type-gd_place status-publish has-post-thumbnail gd-post-pkg-1\" data-post-id=\"16430\">\n\t\t<div class=\"card h-100 p-0 m-0 mw-100  \">\n\t<div class=\"card p-0 mw-100 h-100 \"><div class=\"card-img-top overflow-hidden position-relative  \"><span class=\"bsui gd-badge-meta\"><a href=\"https:\/\/caminodesantiagofrances.com\/en\/lo\/categoria\/albergue\/\" class=\"gd-badge border-0 badge ab-bottom-left ms-1\" data-id=\"16430\" data-badge=\"default_category\" data-badge-condition=\"is_not_empty\" style=\"background-color:rgba(0,0,0,0.5);border-color:rgba(0,0,0,0.5);color:#ffffff;\">Albergue<\/a>\n<\/span><div class=\"geodir_post_meta gd-fav-info-wrap  gd-fav-hide-text ab-bottom-right me-1  mb-n1  me-1 mb-n1 ab-bottom-right\" >\t\t<span class=\"gd-list-favorite\">\n\t\t\t<span class=\"geodir-addtofav favorite_property_16430  h5\" aria-hidden=\"true\"><span  title=\"Add to Favourites\"  class=\"geodir-addtofav-icon c-pointer geodir-act-fav\"  data-color-on=\"#ff0000\"  data-icon=\"fas fa-heart\"  data-color-off=\"rgba(223,223,223,0.8)\"  data-text-color=\"\"  data-bs-toggle=\"tooltip\"  aria-hidden=\"true\"  onclick=\"javascript:window.location.href='https:\/\/caminodesantiagofrances.com\/en\/wp-login.php'\"  ><i class=\"fas fa-heart\"  style=\"color:rgba(223,223,223,0.8);\" ><\/i> <span class=\"geodir-fav-text gv-secondary visually-hidden\" style=\"\" aria-hidden=\"true\">Favourite<\/span><\/span>\n<\/span>\t\t<\/span>\n\t\t<\/div><div class=\"geodir-post-slider bsui sdel-03994e04\" ><div class=\"geodir-image-container geodir-image-sizes-medium_large overflow-hidden\">\n\t\t\t<div class=\"geodir-images aui-gallery geodir-images-n-1 geodir-images-image carousel-inner \">\n\t\t<div class=\"carousel-item active\"><a href=\"https:\/\/caminodesantiagofrances.com\/en\/lo\/albergue-casa-arquena-los-arcos\/\" class=\"geodir-link-image embed-has-action ratio ratio-16x9 ratio ratio-16x9 d-block\"><img src='data:image\/png;base64,iVBORw0KGgoAAAANSUhEUgAAAGQAAAABCAQAAACC0sM2AAAADklEQVR42mP8X88wLAAAK5IBgMYCdqgAAAAASUVORK5CYII=' data-src=\"https:\/\/caminodesantiagofrances.com\/en\/wp-content\/uploads\/sites\/3\/2025\/08\/Albergue-Casa-Arquena-Los-Arcos-Camino-de-Santiago-Frances-768x403.jpg\" alt=\"Albergue Casa Arquena Los Arcos Camino de Santiago Frances 768x403\" width=\"768\" height=\"403\" class=\"geodir-lazy-load align size-medium_large geodir-image-3476 embed-item-cover-xy w-100 p-0 m-0 mw-100 border-0\" data-srcset=\"https:\/\/caminodesantiagofrances.com\/en\/wp-content\/uploads\/sites\/3\/2025\/08\/Albergue-Casa-Arquena-Los-Arcos-Camino-de-Santiago-Frances-768x403.jpg 768w, https:\/\/caminodesantiagofrances.com\/en\/wp-content\/uploads\/sites\/3\/2025\/08\/Albergue-Casa-Arquena-Los-Arcos-Camino-de-Santiago-Frances-300x158.jpg 300w, https:\/\/caminodesantiagofrances.com\/en\/wp-content\/uploads\/sites\/3\/2025\/08\/Albergue-Casa-Arquena-Los-Arcos-Camino-de-Santiago-Frances-1024x538.jpg 1024w, https:\/\/caminodesantiagofrances.com\/en\/wp-content\/uploads\/sites\/3\/2025\/08\/Albergue-Casa-Arquena-Los-Arcos-Camino-de-Santiago-Frances.jpg 1200w\" sizes=\"(max-width: 768px) 100vw, 768px\" \/><i class=\"fas fa-link w-auto h-auto\" aria-hidden=\"true\"><\/i><\/a><\/div>\t\t<\/div>\n\t\t<\/div>\n<\/div><\/div><div class=\"card-body p-2  \"><div class=\"row justify-content-center gv-hide-3 gv-hide-0\"><div class=\"col col-4 text-center tofront \"><a href=\"https:\/\/caminodesantiagofrances.com\/en\/author\/caminodesantiagofrances-com\/\" title=\"caminodesantiagofrances-com\"><img decoding=\"async\" style=\"max-height:75px;\" class=\"rounded-circle shadow border border-white border-width-4 p-0 mw-100 mt-n5 bg-white\" src=\"https:\/\/secure.gravatar.com\/avatar\/03aa5dc32308904f80a38258afc0335b43d4b2bec3418626e4f8712b71c3b93e?s=96&#038;d=mm&#038;r=g\" alt=\"Author Image\"><\/a><\/div><\/div><div class=\"geodir-post-title bsui sdel-caa60b10\" ><h3 class=\"geodir-entry-title  h5 \"><a href=\"https:\/\/caminodesantiagofrances.com\/en\/lo\/albergue-casa-arquena-los-arcos\/\" class=\"\" title=\"View: Albergue Casa Arque\u00f1a Los Arcos\">Albergue Casa Arque\u00f1a Los Arcos<\/a><\/h3><\/div><div class=\"geodir-post-content-container bsui sdel-1e477937\" ><div class=\"geodir_post_meta  text-justify pb-1 position-relative geodir-field-post_content\" >RESERVAR AHORA Albergue Casa Arque\u00f1a: descanso y calidez en el coraz\u00f3n de Los Arcos El Albergue Casa Arque\u00f1a se encuentra<\/div><\/div><\/div><div class=\"card-footer p-2  \"><div class='d-flex justify-content-between align-items-center flex-wrap'><div><\/div><div><\/div><\/div><\/div><\/div>\t<\/div>\n\t<\/div>\n\n<div class=\"col mb-4 geodir-post post-16427 gd_place type-gd_place status-publish has-post-thumbnail gd-post-pkg-1\" data-post-id=\"16427\">\n\t\t<div class=\"card h-100 p-0 m-0 mw-100  \">\n\t<div class=\"card p-0 mw-100 h-100 \"><div class=\"card-img-top overflow-hidden position-relative  \"><span class=\"bsui gd-badge-meta\"><a href=\"https:\/\/caminodesantiagofrances.com\/en\/lo\/categoria\/albergue\/\" class=\"gd-badge border-0 badge ab-bottom-left ms-1\" data-id=\"16427\" data-badge=\"default_category\" data-badge-condition=\"is_not_empty\" style=\"background-color:rgba(0,0,0,0.5);border-color:rgba(0,0,0,0.5);color:#ffffff;\">Albergue<\/a>\n<\/span><div class=\"geodir_post_meta gd-fav-info-wrap  gd-fav-hide-text ab-bottom-right me-1  mb-n1  me-1 mb-n1 ab-bottom-right\" >\t\t<span class=\"gd-list-favorite\">\n\t\t\t<span class=\"geodir-addtofav favorite_property_16427  h5\" aria-hidden=\"true\"><span  title=\"Add to Favourites\"  class=\"geodir-addtofav-icon c-pointer geodir-act-fav\"  data-color-on=\"#ff0000\"  data-icon=\"fas fa-heart\"  data-color-off=\"rgba(223,223,223,0.8)\"  data-text-color=\"\"  data-bs-toggle=\"tooltip\"  aria-hidden=\"true\"  onclick=\"javascript:window.location.href='https:\/\/caminodesantiagofrances.com\/en\/wp-login.php'\"  ><i class=\"fas fa-heart\"  style=\"color:rgba(223,223,223,0.8);\" ><\/i> <span class=\"geodir-fav-text gv-secondary visually-hidden\" style=\"\" aria-hidden=\"true\">Favourite<\/span><\/span>\n<\/span>\t\t<\/span>\n\t\t<\/div><div class=\"geodir-post-slider bsui sdel-03994e04\" ><div class=\"geodir-image-container geodir-image-sizes-medium_large overflow-hidden\">\n\t\t\t<div class=\"geodir-images aui-gallery geodir-images-n-1 geodir-images-image carousel-inner \">\n\t\t<div class=\"carousel-item active\"><a href=\"https:\/\/caminodesantiagofrances.com\/en\/lo\/albergue-los-arcos\/\" class=\"geodir-link-image embed-has-action ratio ratio-16x9 ratio ratio-16x9 d-block\"><img src='data:image\/png;base64,iVBORw0KGgoAAAANSUhEUgAAAGQAAAABCAQAAACC0sM2AAAADklEQVR42mP8X88wLAAAK5IBgMYCdqgAAAAASUVORK5CYII=' data-src=\"https:\/\/caminodesantiagofrances.com\/en\/wp-content\/uploads\/sites\/3\/2025\/08\/Albergue-Los-Arcos-Camino-de-Santiago-Frances-768x403.jpg\" alt=\"Albergue Los Arcos Camino de Santiago Frances 768x403\" width=\"768\" height=\"403\" class=\"geodir-lazy-load align size-medium_large geodir-image-3474 embed-item-cover-xy w-100 p-0 m-0 mw-100 border-0\" data-srcset=\"https:\/\/caminodesantiagofrances.com\/en\/wp-content\/uploads\/sites\/3\/2025\/08\/Albergue-Los-Arcos-Camino-de-Santiago-Frances-768x403.jpg 768w, https:\/\/caminodesantiagofrances.com\/en\/wp-content\/uploads\/sites\/3\/2025\/08\/Albergue-Los-Arcos-Camino-de-Santiago-Frances-300x158.jpg 300w, https:\/\/caminodesantiagofrances.com\/en\/wp-content\/uploads\/sites\/3\/2025\/08\/Albergue-Los-Arcos-Camino-de-Santiago-Frances-1024x538.jpg 1024w, https:\/\/caminodesantiagofrances.com\/en\/wp-content\/uploads\/sites\/3\/2025\/08\/Albergue-Los-Arcos-Camino-de-Santiago-Frances.jpg 1200w\" sizes=\"(max-width: 768px) 100vw, 768px\" \/><i class=\"fas fa-link w-auto h-auto\" aria-hidden=\"true\"><\/i><\/a><\/div>\t\t<\/div>\n\t\t<\/div>\n<\/div><\/div><div class=\"card-body p-2  \"><div class=\"row justify-content-center gv-hide-3 gv-hide-0\"><div class=\"col col-4 text-center tofront \"><a href=\"https:\/\/caminodesantiagofrances.com\/en\/author\/caminodesantiagofrances-com\/\" title=\"caminodesantiagofrances-com\"><img decoding=\"async\" style=\"max-height:75px;\" class=\"rounded-circle shadow border border-white border-width-4 p-0 mw-100 mt-n5 bg-white\" src=\"https:\/\/secure.gravatar.com\/avatar\/03aa5dc32308904f80a38258afc0335b43d4b2bec3418626e4f8712b71c3b93e?s=96&#038;d=mm&#038;r=g\" alt=\"Author Image\"><\/a><\/div><\/div><div class=\"geodir-post-title bsui sdel-caa60b10\" ><h3 class=\"geodir-entry-title  h5 \"><a href=\"https:\/\/caminodesantiagofrances.com\/en\/lo\/albergue-los-arcos\/\" class=\"\" title=\"View: Albergue Los Arcos\">Albergue Los Arcos<\/a><\/h3><\/div><div class=\"geodir-post-content-container bsui sdel-1e477937\" ><div class=\"geodir_post_meta  text-justify pb-1 position-relative geodir-field-post_content\" >RESERVAR AHORA Albergue Los Arcos: descanso y hospitalidad en el coraz\u00f3n del Camino Franc\u00e9s El Albergue Los Arcos se encuentra<\/div><\/div><\/div><div class=\"card-footer p-2  \"><div class='d-flex justify-content-between align-items-center flex-wrap'><div><\/div><div><\/div><\/div><\/div><\/div>\t<\/div>\n\t<\/div>\n\n<div class=\"col mb-4 geodir-post post-16424 gd_place type-gd_place status-publish has-post-thumbnail gd-post-pkg-1\" data-post-id=\"16424\">\n\t\t<div class=\"card h-100 p-0 m-0 mw-100  \">\n\t<div class=\"card p-0 mw-100 h-100 \"><div class=\"card-img-top overflow-hidden position-relative  \"><span class=\"bsui gd-badge-meta\"><a href=\"https:\/\/caminodesantiagofrances.com\/en\/lo\/categoria\/albergue\/\" class=\"gd-badge border-0 badge ab-bottom-left ms-1\" data-id=\"16424\" data-badge=\"default_category\" data-badge-condition=\"is_not_empty\" style=\"background-color:rgba(0,0,0,0.5);border-color:rgba(0,0,0,0.5);color:#ffffff;\">Albergue<\/a>\n<\/span><div class=\"geodir_post_meta gd-fav-info-wrap  gd-fav-hide-text ab-bottom-right me-1  mb-n1  me-1 mb-n1 ab-bottom-right\" >\t\t<span class=\"gd-list-favorite\">\n\t\t\t<span class=\"geodir-addtofav favorite_property_16424  h5\" aria-hidden=\"true\"><span  title=\"Add to Favourites\"  class=\"geodir-addtofav-icon c-pointer geodir-act-fav\"  data-color-on=\"#ff0000\"  data-icon=\"fas fa-heart\"  data-color-off=\"rgba(223,223,223,0.8)\"  data-text-color=\"\"  data-bs-toggle=\"tooltip\"  aria-hidden=\"true\"  onclick=\"javascript:window.location.href='https:\/\/caminodesantiagofrances.com\/en\/wp-login.php'\"  ><i class=\"fas fa-heart\"  style=\"color:rgba(223,223,223,0.8);\" ><\/i> <span class=\"geodir-fav-text gv-secondary visually-hidden\" style=\"\" aria-hidden=\"true\">Favourite<\/span><\/span>\n<\/span>\t\t<\/span>\n\t\t<\/div><div class=\"geodir-post-slider bsui sdel-03994e04\" ><div class=\"geodir-image-container geodir-image-sizes-medium_large overflow-hidden\">\n\t\t\t<div class=\"geodir-images aui-gallery geodir-images-n-1 geodir-images-image carousel-inner \">\n\t\t<div class=\"carousel-item active\"><a href=\"https:\/\/caminodesantiagofrances.com\/en\/lo\/albergue-casa-de-la-abuela-los-arcos\/\" class=\"geodir-link-image embed-has-action ratio ratio-16x9 ratio ratio-16x9 d-block\"><img src='data:image\/png;base64,iVBORw0KGgoAAAANSUhEUgAAAGQAAAABCAQAAACC0sM2AAAADklEQVR42mP8X88wLAAAK5IBgMYCdqgAAAAASUVORK5CYII=' data-src=\"https:\/\/caminodesantiagofrances.com\/en\/wp-content\/uploads\/sites\/3\/2025\/08\/Albergue-Casa-de-la-Abuela-Los-Arcos-Camino-de-Santiago-Frances-768x403.jpg\" alt=\"Albergue Casa de la Abuela Los Arcos Camino de Santiago Frances 768x403\" width=\"768\" height=\"403\" class=\"geodir-lazy-load align size-medium_large geodir-image-3462 embed-item-cover-xy w-100 p-0 m-0 mw-100 border-0\" data-srcset=\"https:\/\/caminodesantiagofrances.com\/en\/wp-content\/uploads\/sites\/3\/2025\/08\/Albergue-Casa-de-la-Abuela-Los-Arcos-Camino-de-Santiago-Frances-768x403.jpg 768w, https:\/\/caminodesantiagofrances.com\/en\/wp-content\/uploads\/sites\/3\/2025\/08\/Albergue-Casa-de-la-Abuela-Los-Arcos-Camino-de-Santiago-Frances-300x158.jpg 300w, https:\/\/caminodesantiagofrances.com\/en\/wp-content\/uploads\/sites\/3\/2025\/08\/Albergue-Casa-de-la-Abuela-Los-Arcos-Camino-de-Santiago-Frances-1024x538.jpg 1024w, https:\/\/caminodesantiagofrances.com\/en\/wp-content\/uploads\/sites\/3\/2025\/08\/Albergue-Casa-de-la-Abuela-Los-Arcos-Camino-de-Santiago-Frances.jpg 1200w\" sizes=\"(max-width: 768px) 100vw, 768px\" \/><i class=\"fas fa-link w-auto h-auto\" aria-hidden=\"true\"><\/i><\/a><\/div>\t\t<\/div>\n\t\t<\/div>\n<\/div><\/div><div class=\"card-body p-2  \"><div class=\"row justify-content-center gv-hide-3 gv-hide-0\"><div class=\"col col-4 text-center tofront \"><a href=\"https:\/\/caminodesantiagofrances.com\/en\/author\/caminodesantiagofrances-com\/\" title=\"caminodesantiagofrances-com\"><img decoding=\"async\" style=\"max-height:75px;\" class=\"rounded-circle shadow border border-white border-width-4 p-0 mw-100 mt-n5 bg-white\" src=\"https:\/\/secure.gravatar.com\/avatar\/03aa5dc32308904f80a38258afc0335b43d4b2bec3418626e4f8712b71c3b93e?s=96&#038;d=mm&#038;r=g\" alt=\"Author Image\"><\/a><\/div><\/div><div class=\"geodir-post-title bsui sdel-caa60b10\" ><h3 class=\"geodir-entry-title  h5 \"><a href=\"https:\/\/caminodesantiagofrances.com\/en\/lo\/albergue-casa-de-la-abuela-los-arcos\/\" class=\"\" title=\"View: Albergue Casa de la Abuela Los Arcos\">Albergue Casa de la Abuela Los Arcos<\/a><\/h3><\/div><div class=\"geodir-post-content-container bsui sdel-1e477937\" ><div class=\"geodir_post_meta  text-justify pb-1 position-relative geodir-field-post_content\" >RESERVAR AHORA Albergue Casa de la Abuela: hospitalidad y descanso en el coraz\u00f3n de Los Arcos El Albergue Casa de<\/div><\/div><\/div><div class=\"card-footer p-2  \"><div class='d-flex justify-content-between align-items-center flex-wrap'><div><\/div><div><\/div><\/div><\/div><\/div>\t<\/div>\n\t<\/div>\n\n<div class=\"col mb-4 geodir-post post-13361 gd_place type-gd_place status-publish has-post-thumbnail gd-post-pkg-1\" data-post-id=\"13361\">\n\t\t<div class=\"card h-100 p-0 m-0 mw-100  \">\n\t<div class=\"card p-0 mw-100 h-100 \"><div class=\"card-img-top overflow-hidden position-relative  \"><span class=\"bsui gd-badge-meta\"><a href=\"https:\/\/caminodesantiagofrances.com\/en\/lo\/categoria\/albergue\/\" class=\"gd-badge border-0 badge ab-bottom-left ms-1\" data-id=\"13361\" data-badge=\"default_category\" data-badge-condition=\"is_not_empty\" style=\"background-color:rgba(0,0,0,0.5);border-color:rgba(0,0,0,0.5);color:#ffffff;\">Albergue<\/a>\n<\/span><div class=\"geodir_post_meta gd-fav-info-wrap  gd-fav-hide-text ab-bottom-right me-1  mb-n1  me-1 mb-n1 ab-bottom-right\" >\t\t<span class=\"gd-list-favorite\">\n\t\t\t<span class=\"geodir-addtofav favorite_property_13361  h5\" aria-hidden=\"true\"><span  title=\"Add to Favourites\"  class=\"geodir-addtofav-icon c-pointer geodir-act-fav\"  data-color-on=\"#ff0000\"  data-icon=\"fas fa-heart\"  data-color-off=\"rgba(223,223,223,0.8)\"  data-text-color=\"\"  data-bs-toggle=\"tooltip\"  aria-hidden=\"true\"  onclick=\"javascript:window.location.href='https:\/\/caminodesantiagofrances.com\/en\/wp-login.php'\"  ><i class=\"fas fa-heart\"  style=\"color:rgba(223,223,223,0.8);\" ><\/i> <span class=\"geodir-fav-text gv-secondary visually-hidden\" style=\"\" aria-hidden=\"true\">Favourite<\/span><\/span>\n<\/span>\t\t<\/span>\n\t\t<\/div><div class=\"geodir-post-slider bsui sdel-03994e04\" ><div class=\"geodir-image-container geodir-image-sizes-medium_large overflow-hidden\">\n\t\t\t<div class=\"geodir-images aui-gallery geodir-images-n-1 geodir-images-image carousel-inner \">\n\t\t<div class=\"carousel-item active\"><a href=\"https:\/\/caminodesantiagofrances.com\/en\/lo\/albergue-municipal-isaac-santiago\/\" class=\"geodir-link-image embed-has-action ratio ratio-16x9 ratio ratio-16x9 d-block\"><img src='data:image\/png;base64,iVBORw0KGgoAAAANSUhEUgAAAGQAAAABCAQAAACC0sM2AAAADklEQVR42mP8X88wLAAAK5IBgMYCdqgAAAAASUVORK5CYII=' data-src=\"https:\/\/caminodesantiagofrances.com\/en\/wp-content\/uploads\/sites\/3\/2024\/08\/Albergue-Municipal-Isaac-Santiago-Camino-de-Santiago-Frances-768x403.jpg\" alt=\"Albergue Municipal Isaac Santiago Camino de Santiago Frances 768x403\" width=\"768\" height=\"403\" class=\"geodir-lazy-load align size-medium_large geodir-image-430 embed-item-cover-xy w-100 p-0 m-0 mw-100 border-0\" data-srcset=\"https:\/\/caminodesantiagofrances.com\/en\/wp-content\/uploads\/sites\/3\/2024\/08\/Albergue-Municipal-Isaac-Santiago-Camino-de-Santiago-Frances-768x403.jpg 768w, https:\/\/caminodesantiagofrances.com\/en\/wp-content\/uploads\/sites\/3\/2024\/08\/Albergue-Municipal-Isaac-Santiago-Camino-de-Santiago-Frances-300x158.jpg 300w, https:\/\/caminodesantiagofrances.com\/en\/wp-content\/uploads\/sites\/3\/2024\/08\/Albergue-Municipal-Isaac-Santiago-Camino-de-Santiago-Frances-1024x538.jpg 1024w, https:\/\/caminodesantiagofrances.com\/en\/wp-content\/uploads\/sites\/3\/2024\/08\/Albergue-Municipal-Isaac-Santiago-Camino-de-Santiago-Frances.jpg 1200w\" sizes=\"(max-width: 768px) 100vw, 768px\" \/><i class=\"fas fa-link w-auto h-auto\" aria-hidden=\"true\"><\/i><\/a><\/div>\t\t<\/div>\n\t\t<\/div>\n<\/div><\/div><div class=\"card-body p-2  \"><div class=\"row justify-content-center gv-hide-3 gv-hide-0\"><div class=\"col col-4 text-center tofront \"><a href=\"https:\/\/caminodesantiagofrances.com\/en\/author\/caminodesantiagofrances-com\/\" title=\"caminodesantiagofrances-com\"><img decoding=\"async\" style=\"max-height:75px;\" class=\"rounded-circle shadow border border-white border-width-4 p-0 mw-100 mt-n5 bg-white\" src=\"https:\/\/secure.gravatar.com\/avatar\/03aa5dc32308904f80a38258afc0335b43d4b2bec3418626e4f8712b71c3b93e?s=96&#038;d=mm&#038;r=g\" alt=\"Author Image\"><\/a><\/div><\/div><div class=\"geodir-post-title bsui sdel-caa60b10\" ><h3 class=\"geodir-entry-title  h5 \"><a href=\"https:\/\/caminodesantiagofrances.com\/en\/lo\/albergue-municipal-isaac-santiago\/\" class=\"\" title=\"View: Albergue Municipal Isaac Santiago\">Albergue Municipal Isaac Santiago<\/a><\/h3><\/div><div class=\"geodir-post-content-container bsui sdel-1e477937\" ><div class=\"geodir_post_meta  text-justify pb-1 position-relative geodir-field-post_content\" >Albergue Municipal de Peregrinos Isaac Santiago en Los Arcos El Albergue Municipal Isaac Santiago esta ubicado en el municipio de<\/div><\/div><\/div><div class=\"card-footer p-2  \"><div class='d-flex justify-content-between align-items-center flex-wrap'><div><\/div><div><\/div><\/div><\/div><\/div>\t<\/div>\n\t<\/div>\n\t<\/div>\n\t\t<\/div>\n\t\t<\/div><\/div>\n\n\n\n<h3 class=\"wp-block-heading has-text-align-center\"><a href=\"https:\/\/caminodesantiagofrances.com\/en\/navarra\/sansol\/\" data-type=\"link\" data-id=\"https:\/\/caminodesantiagofrances.com\/en\/navarra\/sansol\/\">Sansol<\/a><\/h3>\n\n\n\n<h3 class=\"wp-block-heading has-text-align-center\"><a href=\"https:\/\/caminodesantiagofrances.com\/en\/navarra\/torres-del-rio\/\" data-type=\"link\" data-id=\"https:\/\/caminodesantiagofrances.com\/en\/navarra\/torres-del-rio\/\">Torres del R\u00edo<\/a><\/h3>\n\n\n\n<h3 class=\"wp-block-heading has-text-align-center\"><a href=\"https:\/\/caminodesantiagofrances.com\/en\/navarra\/viana\/\" data-type=\"link\" data-id=\"https:\/\/caminodesantiagofrances.com\/en\/navarra\/viana\/\">Viana<\/a><\/h3>\n\n\n\n<hr class=\"wp-block-separator has-alpha-channel-opacity\"\/>\n\n\n\n<h2 class=\"wp-block-heading has-text-align-center\"><strong><a href=\"https:\/\/caminodesantiagofrances.com\/en\/la-rioja\/albergues\/\" data-type=\"page\" data-id=\"14024\">Albergues La Rioja<\/a><\/strong><\/h2>\n\n\n\n<h3 class=\"wp-block-heading has-text-align-center\"><a href=\"https:\/\/caminodesantiagofrances.com\/en\/la-rioja\/logrono\/\" data-type=\"link\" data-id=\"https:\/\/caminodesantiagofrances.com\/en\/la-rioja\/logrono\/\">Logro\u00f1o<\/a><\/h3>\n\n\n\n<div class=\"wp-block-geodirectory-geodir-widget-listings\"><div class=\"geodir-listings bsui sdel-232bd1d6\" >\t\t<div id=\"geodir_6a9d453405741\" class=\"geodir_locations geodir_location_listing\n\t\t\t\t\t\t\t mb-3\t\t position-relative\">\n\t\t\t\t<div\n\t\tclass=\"row row-cols-1 row-cols-sm-2 geodir-category-list-view geodir-widget-posts geodir-gridview row-cols-md-2\">\n\t\t\n<div class=\"col mb-4 geodir-post post-16524 gd_place type-gd_place status-publish has-post-thumbnail gd-post-pkg-1\" data-post-id=\"16524\">\n\t\t<div class=\"card h-100 p-0 m-0 mw-100  \">\n\t<div class=\"card p-0 mw-100 h-100 \"><div class=\"card-img-top overflow-hidden position-relative  \"><span class=\"bsui gd-badge-meta\"><a href=\"https:\/\/caminodesantiagofrances.com\/en\/lo\/categoria\/albergue\/\" class=\"gd-badge border-0 badge ab-bottom-left ms-1\" data-id=\"16524\" data-badge=\"default_category\" data-badge-condition=\"is_not_empty\" style=\"background-color:rgba(0,0,0,0.5);border-color:rgba(0,0,0,0.5);color:#ffffff;\">Albergue<\/a>\n<\/span><div class=\"geodir_post_meta gd-fav-info-wrap  gd-fav-hide-text ab-bottom-right me-1  mb-n1  me-1 mb-n1 ab-bottom-right\" >\t\t<span class=\"gd-list-favorite\">\n\t\t\t<span class=\"geodir-addtofav favorite_property_16524  h5\" aria-hidden=\"true\"><span  title=\"Add to Favourites\"  class=\"geodir-addtofav-icon c-pointer geodir-act-fav\"  data-color-on=\"#ff0000\"  data-icon=\"fas fa-heart\"  data-color-off=\"rgba(223,223,223,0.8)\"  data-text-color=\"\"  data-bs-toggle=\"tooltip\"  aria-hidden=\"true\"  onclick=\"javascript:window.location.href='https:\/\/caminodesantiagofrances.com\/en\/wp-login.php'\"  ><i class=\"fas fa-heart\"  style=\"color:rgba(223,223,223,0.8);\" ><\/i> <span class=\"geodir-fav-text gv-secondary visually-hidden\" style=\"\" aria-hidden=\"true\">Favourite<\/span><\/span>\n<\/span>\t\t<\/span>\n\t\t<\/div><div class=\"geodir-post-slider bsui sdel-03994e04\" ><div class=\"geodir-image-container geodir-image-sizes-medium_large overflow-hidden\">\n\t\t\t<div class=\"geodir-images aui-gallery geodir-images-n-1 geodir-images-image carousel-inner \">\n\t\t<div class=\"carousel-item active\"><a href=\"https:\/\/caminodesantiagofrances.com\/en\/lo\/albergue-logrono-centro\/\" class=\"geodir-link-image embed-has-action ratio ratio-16x9 ratio ratio-16x9 d-block\"><img src='data:image\/png;base64,iVBORw0KGgoAAAANSUhEUgAAAGQAAAABCAQAAACC0sM2AAAADklEQVR42mP8X88wLAAAK5IBgMYCdqgAAAAASUVORK5CYII=' data-src=\"https:\/\/caminodesantiagofrances.com\/en\/wp-content\/uploads\/sites\/3\/2025\/09\/Albergue-Logrono-Centro-Camino-de-Santiago-Frances-768x403.jpg\" alt=\"Albergue Logrono Centro Camino de Santiago Frances 768x403\" width=\"768\" height=\"403\" class=\"geodir-lazy-load align size-medium_large geodir-image-3765 embed-item-cover-xy w-100 p-0 m-0 mw-100 border-0\" data-srcset=\"https:\/\/caminodesantiagofrances.com\/en\/wp-content\/uploads\/sites\/3\/2025\/09\/Albergue-Logrono-Centro-Camino-de-Santiago-Frances-768x403.jpg 768w, https:\/\/caminodesantiagofrances.com\/en\/wp-content\/uploads\/sites\/3\/2025\/09\/Albergue-Logrono-Centro-Camino-de-Santiago-Frances-300x158.jpg 300w, https:\/\/caminodesantiagofrances.com\/en\/wp-content\/uploads\/sites\/3\/2025\/09\/Albergue-Logrono-Centro-Camino-de-Santiago-Frances-1024x538.jpg 1024w, https:\/\/caminodesantiagofrances.com\/en\/wp-content\/uploads\/sites\/3\/2025\/09\/Albergue-Logrono-Centro-Camino-de-Santiago-Frances.jpg 1200w\" sizes=\"(max-width: 768px) 100vw, 768px\" \/><i class=\"fas fa-link w-auto h-auto\" aria-hidden=\"true\"><\/i><\/a><\/div>\t\t<\/div>\n\t\t<\/div>\n<\/div><\/div><div class=\"card-body p-2  \"><div class=\"row justify-content-center gv-hide-3 gv-hide-0\"><div class=\"col col-4 text-center tofront \"><a href=\"https:\/\/caminodesantiagofrances.com\/en\/author\/caminodesantiagofrances-com\/\" title=\"caminodesantiagofrances-com\"><img decoding=\"async\" style=\"max-height:75px;\" class=\"rounded-circle shadow border border-white border-width-4 p-0 mw-100 mt-n5 bg-white\" src=\"https:\/\/secure.gravatar.com\/avatar\/03aa5dc32308904f80a38258afc0335b43d4b2bec3418626e4f8712b71c3b93e?s=96&#038;d=mm&#038;r=g\" alt=\"Author Image\"><\/a><\/div><\/div><div class=\"geodir-post-title bsui sdel-caa60b10\" ><h3 class=\"geodir-entry-title  h5 \"><a href=\"https:\/\/caminodesantiagofrances.com\/en\/lo\/albergue-logrono-centro\/\" class=\"\" title=\"View: Albergue Logro\u00f1o Centro\">Albergue Logro\u00f1o Centro<\/a><\/h3><\/div><div class=\"geodir-post-content-container bsui sdel-1e477937\" ><div class=\"geodir_post_meta  text-justify pb-1 position-relative geodir-field-post_content\" >RESERVAR AHORA Albergue Logro\u00f1o Centro \u2013 Tu refugio ideal en pleno Camino Franc\u00e9s El Albergue Logro\u00f1o Centro se encuentra en<\/div><\/div><\/div><div class=\"card-footer p-2  \"><div class='d-flex justify-content-between align-items-center flex-wrap'><div><\/div><div><\/div><\/div><\/div><\/div>\t<\/div>\n\t<\/div>\n\n<div class=\"col mb-4 geodir-post post-16521 gd_place type-gd_place status-publish has-post-thumbnail gd-post-pkg-1\" data-post-id=\"16521\">\n\t\t<div class=\"card h-100 p-0 m-0 mw-100  \">\n\t<div class=\"card p-0 mw-100 h-100 \"><div class=\"card-img-top overflow-hidden position-relative  \"><span class=\"bsui gd-badge-meta\"><a href=\"https:\/\/caminodesantiagofrances.com\/en\/lo\/categoria\/albergue\/\" class=\"gd-badge border-0 badge ab-bottom-left ms-1\" data-id=\"16521\" data-badge=\"default_category\" data-badge-condition=\"is_not_empty\" style=\"background-color:rgba(0,0,0,0.5);border-color:rgba(0,0,0,0.5);color:#ffffff;\">Albergue<\/a>\n<\/span><div class=\"geodir_post_meta gd-fav-info-wrap  gd-fav-hide-text ab-bottom-right me-1  mb-n1  me-1 mb-n1 ab-bottom-right\" >\t\t<span class=\"gd-list-favorite\">\n\t\t\t<span class=\"geodir-addtofav favorite_property_16521  h5\" aria-hidden=\"true\"><span  title=\"Add to Favourites\"  class=\"geodir-addtofav-icon c-pointer geodir-act-fav\"  data-color-on=\"#ff0000\"  data-icon=\"fas fa-heart\"  data-color-off=\"rgba(223,223,223,0.8)\"  data-text-color=\"\"  data-bs-toggle=\"tooltip\"  aria-hidden=\"true\"  onclick=\"javascript:window.location.href='https:\/\/caminodesantiagofrances.com\/en\/wp-login.php'\"  ><i class=\"fas fa-heart\"  style=\"color:rgba(223,223,223,0.8);\" ><\/i> <span class=\"geodir-fav-text gv-secondary visually-hidden\" style=\"\" aria-hidden=\"true\">Favourite<\/span><\/span>\n<\/span>\t\t<\/span>\n\t\t<\/div><div class=\"geodir-post-slider bsui sdel-03994e04\" ><div class=\"geodir-image-container geodir-image-sizes-medium_large overflow-hidden\">\n\t\t\t<div class=\"geodir-images aui-gallery geodir-images-n-1 geodir-images-image carousel-inner \">\n\t\t<div class=\"carousel-item active\"><a href=\"https:\/\/caminodesantiagofrances.com\/en\/lo\/albergue-albas-logrono\/\" class=\"geodir-link-image embed-has-action ratio ratio-16x9 ratio ratio-16x9 d-block\"><img src='data:image\/png;base64,iVBORw0KGgoAAAANSUhEUgAAAGQAAAABCAQAAACC0sM2AAAADklEQVR42mP8X88wLAAAK5IBgMYCdqgAAAAASUVORK5CYII=' data-src=\"https:\/\/caminodesantiagofrances.com\/en\/wp-content\/uploads\/sites\/3\/2025\/09\/Albergue-Albas-Logrono-Camino-de-Santiago-Frances-768x403.jpg\" alt=\"Albergue Albas Logrono Camino de Santiago Frances 768x403\" width=\"768\" height=\"403\" class=\"geodir-lazy-load align size-medium_large geodir-image-3749 embed-item-cover-xy w-100 p-0 m-0 mw-100 border-0\" data-srcset=\"https:\/\/caminodesantiagofrances.com\/en\/wp-content\/uploads\/sites\/3\/2025\/09\/Albergue-Albas-Logrono-Camino-de-Santiago-Frances-768x403.jpg 768w, https:\/\/caminodesantiagofrances.com\/en\/wp-content\/uploads\/sites\/3\/2025\/09\/Albergue-Albas-Logrono-Camino-de-Santiago-Frances-300x158.jpg 300w, https:\/\/caminodesantiagofrances.com\/en\/wp-content\/uploads\/sites\/3\/2025\/09\/Albergue-Albas-Logrono-Camino-de-Santiago-Frances-1024x538.jpg 1024w, https:\/\/caminodesantiagofrances.com\/en\/wp-content\/uploads\/sites\/3\/2025\/09\/Albergue-Albas-Logrono-Camino-de-Santiago-Frances.jpg 1200w\" sizes=\"(max-width: 768px) 100vw, 768px\" \/><i class=\"fas fa-link w-auto h-auto\" aria-hidden=\"true\"><\/i><\/a><\/div>\t\t<\/div>\n\t\t<\/div>\n<\/div><\/div><div class=\"card-body p-2  \"><div class=\"row justify-content-center gv-hide-3 gv-hide-0\"><div class=\"col col-4 text-center tofront \"><a href=\"https:\/\/caminodesantiagofrances.com\/en\/author\/caminodesantiagofrances-com\/\" title=\"caminodesantiagofrances-com\"><img decoding=\"async\" style=\"max-height:75px;\" class=\"rounded-circle shadow border border-white border-width-4 p-0 mw-100 mt-n5 bg-white\" src=\"https:\/\/secure.gravatar.com\/avatar\/03aa5dc32308904f80a38258afc0335b43d4b2bec3418626e4f8712b71c3b93e?s=96&#038;d=mm&#038;r=g\" alt=\"Author Image\"><\/a><\/div><\/div><div class=\"geodir-post-title bsui sdel-caa60b10\" ><h3 class=\"geodir-entry-title  h5 \"><a href=\"https:\/\/caminodesantiagofrances.com\/en\/lo\/albergue-albas-logrono\/\" class=\"\" title=\"View: Albergue Albas Logro\u00f1o\">Albergue Albas Logro\u00f1o<\/a><\/h3><\/div><div class=\"geodir-post-content-container bsui sdel-1e477937\" ><div class=\"geodir_post_meta  text-justify pb-1 position-relative geodir-field-post_content\" >RESERVAR AHORA Albergue Albas \u2013 Tu refugio de descanso en el coraz\u00f3n de Logro\u00f1o El Albergue Albas est\u00e1 estrat\u00e9gicamente situado<\/div><\/div><\/div><div class=\"card-footer p-2  \"><div class='d-flex justify-content-between align-items-center flex-wrap'><div><\/div><div><\/div><\/div><\/div><\/div>\t<\/div>\n\t<\/div>\n\n<div class=\"col mb-4 geodir-post post-16518 gd_place type-gd_place status-publish has-post-thumbnail gd-post-pkg-1\" data-post-id=\"16518\">\n\t\t<div class=\"card h-100 p-0 m-0 mw-100  \">\n\t<div class=\"card p-0 mw-100 h-100 \"><div class=\"card-img-top overflow-hidden position-relative  \"><span class=\"bsui gd-badge-meta\"><a href=\"https:\/\/caminodesantiagofrances.com\/en\/lo\/categoria\/albergue\/\" class=\"gd-badge border-0 badge ab-bottom-left ms-1\" data-id=\"16518\" data-badge=\"default_category\" data-badge-condition=\"is_not_empty\" style=\"background-color:rgba(0,0,0,0.5);border-color:rgba(0,0,0,0.5);color:#ffffff;\">Albergue<\/a>\n<\/span><div class=\"geodir_post_meta gd-fav-info-wrap  gd-fav-hide-text ab-bottom-right me-1  mb-n1  me-1 mb-n1 ab-bottom-right\" >\t\t<span class=\"gd-list-favorite\">\n\t\t\t<span class=\"geodir-addtofav favorite_property_16518  h5\" aria-hidden=\"true\"><span  title=\"Add to Favourites\"  class=\"geodir-addtofav-icon c-pointer geodir-act-fav\"  data-color-on=\"#ff0000\"  data-icon=\"fas fa-heart\"  data-color-off=\"rgba(223,223,223,0.8)\"  data-text-color=\"\"  data-bs-toggle=\"tooltip\"  aria-hidden=\"true\"  onclick=\"javascript:window.location.href='https:\/\/caminodesantiagofrances.com\/en\/wp-login.php'\"  ><i class=\"fas fa-heart\"  style=\"color:rgba(223,223,223,0.8);\" ><\/i> <span class=\"geodir-fav-text gv-secondary visually-hidden\" style=\"\" aria-hidden=\"true\">Favourite<\/span><\/span>\n<\/span>\t\t<\/span>\n\t\t<\/div><div class=\"geodir-post-slider bsui sdel-03994e04\" ><div class=\"geodir-image-container geodir-image-sizes-medium_large overflow-hidden\">\n\t\t\t<div class=\"geodir-images aui-gallery geodir-images-n-1 geodir-images-image carousel-inner \">\n\t\t<div class=\"carousel-item active\"><a href=\"https:\/\/caminodesantiagofrances.com\/en\/lo\/albergue-winederful-hostel-cafe-logrono\/\" class=\"geodir-link-image embed-has-action ratio ratio-16x9 ratio ratio-16x9 d-block\"><img src='data:image\/png;base64,iVBORw0KGgoAAAANSUhEUgAAAGQAAAABCAQAAACC0sM2AAAADklEQVR42mP8X88wLAAAK5IBgMYCdqgAAAAASUVORK5CYII=' data-src=\"https:\/\/caminodesantiagofrances.com\/en\/wp-content\/uploads\/sites\/3\/2025\/09\/Albergue-Winederful-Hostel-Cafe-Logrono-Camino-de-Santiago-Frances-768x403.jpg\" alt=\"Albergue Winederful Hostel Cafe Logrono Camino de Santiago Frances 768x403\" width=\"768\" height=\"403\" class=\"geodir-lazy-load align size-medium_large geodir-image-3737 embed-item-cover-xy w-100 p-0 m-0 mw-100 border-0\" data-srcset=\"https:\/\/caminodesantiagofrances.com\/en\/wp-content\/uploads\/sites\/3\/2025\/09\/Albergue-Winederful-Hostel-Cafe-Logrono-Camino-de-Santiago-Frances-768x403.jpg 768w, https:\/\/caminodesantiagofrances.com\/en\/wp-content\/uploads\/sites\/3\/2025\/09\/Albergue-Winederful-Hostel-Cafe-Logrono-Camino-de-Santiago-Frances-300x158.jpg 300w, https:\/\/caminodesantiagofrances.com\/en\/wp-content\/uploads\/sites\/3\/2025\/09\/Albergue-Winederful-Hostel-Cafe-Logrono-Camino-de-Santiago-Frances-1024x538.jpg 1024w, https:\/\/caminodesantiagofrances.com\/en\/wp-content\/uploads\/sites\/3\/2025\/09\/Albergue-Winederful-Hostel-Cafe-Logrono-Camino-de-Santiago-Frances.jpg 1200w\" sizes=\"(max-width: 768px) 100vw, 768px\" \/><i class=\"fas fa-link w-auto h-auto\" aria-hidden=\"true\"><\/i><\/a><\/div>\t\t<\/div>\n\t\t<\/div>\n<\/div><\/div><div class=\"card-body p-2  \"><div class=\"row justify-content-center gv-hide-3 gv-hide-0\"><div class=\"col col-4 text-center tofront \"><a href=\"https:\/\/caminodesantiagofrances.com\/en\/author\/caminodesantiagofrances-com\/\" title=\"caminodesantiagofrances-com\"><img decoding=\"async\" style=\"max-height:75px;\" class=\"rounded-circle shadow border border-white border-width-4 p-0 mw-100 mt-n5 bg-white\" src=\"https:\/\/secure.gravatar.com\/avatar\/03aa5dc32308904f80a38258afc0335b43d4b2bec3418626e4f8712b71c3b93e?s=96&#038;d=mm&#038;r=g\" alt=\"Author Image\"><\/a><\/div><\/div><div class=\"geodir-post-title bsui sdel-caa60b10\" ><h3 class=\"geodir-entry-title  h5 \"><a href=\"https:\/\/caminodesantiagofrances.com\/en\/lo\/albergue-winederful-hostel-cafe-logrono\/\" class=\"\" title=\"View: Albergue Winederful Hostel &#038; Caf\u00e9 Logro\u00f1o\">Albergue Winederful Hostel &#038; Caf\u00e9 Logro\u00f1o<\/a><\/h3><\/div><div class=\"geodir-post-content-container bsui sdel-1e477937\" ><div class=\"geodir_post_meta  text-justify pb-1 position-relative geodir-field-post_content\" >RESERVAR AHORA Albergue Winederful Hostel &amp; Caf\u00e9 \u2013 La esencia del Camino en el coraz\u00f3n de Logro\u00f1o El Albergue Winederful<\/div><\/div><\/div><div class=\"card-footer p-2  \"><div class='d-flex justify-content-between align-items-center flex-wrap'><div><\/div><div><\/div><\/div><\/div><\/div>\t<\/div>\n\t<\/div>\n\n<div class=\"col mb-4 geodir-post post-16515 gd_place type-gd_place status-publish has-post-thumbnail gd-post-pkg-1\" data-post-id=\"16515\">\n\t\t<div class=\"card h-100 p-0 m-0 mw-100  \">\n\t<div class=\"card p-0 mw-100 h-100 \"><div class=\"card-img-top overflow-hidden position-relative  \"><span class=\"bsui gd-badge-meta\"><a href=\"https:\/\/caminodesantiagofrances.com\/en\/lo\/categoria\/albergue\/\" class=\"gd-badge border-0 badge ab-bottom-left ms-1\" data-id=\"16515\" data-badge=\"default_category\" data-badge-condition=\"is_not_empty\" style=\"background-color:rgba(0,0,0,0.5);border-color:rgba(0,0,0,0.5);color:#ffffff;\">Albergue<\/a>\n<\/span><div class=\"geodir_post_meta gd-fav-info-wrap  gd-fav-hide-text ab-bottom-right me-1  mb-n1  me-1 mb-n1 ab-bottom-right\" >\t\t<span class=\"gd-list-favorite\">\n\t\t\t<span class=\"geodir-addtofav favorite_property_16515  h5\" aria-hidden=\"true\"><span  title=\"Add to Favourites\"  class=\"geodir-addtofav-icon c-pointer geodir-act-fav\"  data-color-on=\"#ff0000\"  data-icon=\"fas fa-heart\"  data-color-off=\"rgba(223,223,223,0.8)\"  data-text-color=\"\"  data-bs-toggle=\"tooltip\"  aria-hidden=\"true\"  onclick=\"javascript:window.location.href='https:\/\/caminodesantiagofrances.com\/en\/wp-login.php'\"  ><i class=\"fas fa-heart\"  style=\"color:rgba(223,223,223,0.8);\" ><\/i> <span class=\"geodir-fav-text gv-secondary visually-hidden\" style=\"\" aria-hidden=\"true\">Favourite<\/span><\/span>\n<\/span>\t\t<\/span>\n\t\t<\/div><div class=\"geodir-post-slider bsui sdel-03994e04\" ><div class=\"geodir-image-container geodir-image-sizes-medium_large overflow-hidden\">\n\t\t\t<div class=\"geodir-images aui-gallery geodir-images-n-1 geodir-images-image carousel-inner \">\n\t\t<div class=\"carousel-item active\"><a href=\"https:\/\/caminodesantiagofrances.com\/en\/lo\/albergue-san-nicolas-logrono\/\" class=\"geodir-link-image embed-has-action ratio ratio-16x9 ratio ratio-16x9 d-block\"><img src='data:image\/png;base64,iVBORw0KGgoAAAANSUhEUgAAAGQAAAABCAQAAACC0sM2AAAADklEQVR42mP8X88wLAAAK5IBgMYCdqgAAAAASUVORK5CYII=' data-src=\"https:\/\/caminodesantiagofrances.com\/en\/wp-content\/uploads\/sites\/3\/2025\/09\/Albergue-San-Nicolas-Logrono-Camino-de-Santiago-Frances-768x403.jpg\" alt=\"Albergue San Nicolas Logrono Camino de Santiago Frances 768x403\" width=\"768\" height=\"403\" class=\"geodir-lazy-load align size-medium_large geodir-image-3722 embed-item-cover-xy w-100 p-0 m-0 mw-100 border-0\" data-srcset=\"https:\/\/caminodesantiagofrances.com\/en\/wp-content\/uploads\/sites\/3\/2025\/09\/Albergue-San-Nicolas-Logrono-Camino-de-Santiago-Frances-768x403.jpg 768w, https:\/\/caminodesantiagofrances.com\/en\/wp-content\/uploads\/sites\/3\/2025\/09\/Albergue-San-Nicolas-Logrono-Camino-de-Santiago-Frances-300x158.jpg 300w, https:\/\/caminodesantiagofrances.com\/en\/wp-content\/uploads\/sites\/3\/2025\/09\/Albergue-San-Nicolas-Logrono-Camino-de-Santiago-Frances-1024x538.jpg 1024w, https:\/\/caminodesantiagofrances.com\/en\/wp-content\/uploads\/sites\/3\/2025\/09\/Albergue-San-Nicolas-Logrono-Camino-de-Santiago-Frances.jpg 1200w\" sizes=\"(max-width: 768px) 100vw, 768px\" \/><i class=\"fas fa-link w-auto h-auto\" aria-hidden=\"true\"><\/i><\/a><\/div>\t\t<\/div>\n\t\t<\/div>\n<\/div><\/div><div class=\"card-body p-2  \"><div class=\"row justify-content-center gv-hide-3 gv-hide-0\"><div class=\"col col-4 text-center tofront \"><a href=\"https:\/\/caminodesantiagofrances.com\/en\/author\/caminodesantiagofrances-com\/\" title=\"caminodesantiagofrances-com\"><img decoding=\"async\" style=\"max-height:75px;\" class=\"rounded-circle shadow border border-white border-width-4 p-0 mw-100 mt-n5 bg-white\" src=\"https:\/\/secure.gravatar.com\/avatar\/03aa5dc32308904f80a38258afc0335b43d4b2bec3418626e4f8712b71c3b93e?s=96&#038;d=mm&#038;r=g\" alt=\"Author Image\"><\/a><\/div><\/div><div class=\"geodir-post-title bsui sdel-caa60b10\" ><h3 class=\"geodir-entry-title  h5 \"><a href=\"https:\/\/caminodesantiagofrances.com\/en\/lo\/albergue-san-nicolas-logrono\/\" class=\"\" title=\"View: Albergue San Nicol\u00e1s Logro\u00f1o\">Albergue San Nicol\u00e1s Logro\u00f1o<\/a><\/h3><\/div><div class=\"geodir-post-content-container bsui sdel-1e477937\" ><div class=\"geodir_post_meta  text-justify pb-1 position-relative geodir-field-post_content\" >RESERVAR AHORA Albergue San Nicol\u00e1s \u2013 Tu refugio en el coraz\u00f3n del Camino en Logro\u00f1o El Albergue San Nicol\u00e1s se<\/div><\/div><\/div><div class=\"card-footer p-2  \"><div class='d-flex justify-content-between align-items-center flex-wrap'><div><\/div><div><\/div><\/div><\/div><\/div>\t<\/div>\n\t<\/div>\n\n<div class=\"col mb-4 geodir-post post-16508 gd_place type-gd_place status-publish has-post-thumbnail gd-post-pkg-1\" data-post-id=\"16508\">\n\t\t<div class=\"card h-100 p-0 m-0 mw-100  \">\n\t<div class=\"card p-0 mw-100 h-100 \"><div class=\"card-img-top overflow-hidden position-relative  \"><span class=\"bsui gd-badge-meta\"><a href=\"https:\/\/caminodesantiagofrances.com\/en\/lo\/categoria\/albergue\/\" class=\"gd-badge border-0 badge ab-bottom-left ms-1\" data-id=\"16508\" data-badge=\"default_category\" data-badge-condition=\"is_not_empty\" style=\"background-color:rgba(0,0,0,0.5);border-color:rgba(0,0,0,0.5);color:#ffffff;\">Albergue<\/a>\n<\/span><div class=\"geodir_post_meta gd-fav-info-wrap  gd-fav-hide-text ab-bottom-right me-1  mb-n1  me-1 mb-n1 ab-bottom-right\" >\t\t<span class=\"gd-list-favorite\">\n\t\t\t<span class=\"geodir-addtofav favorite_property_16508  h5\" aria-hidden=\"true\"><span  title=\"Add to Favourites\"  class=\"geodir-addtofav-icon c-pointer geodir-act-fav\"  data-color-on=\"#ff0000\"  data-icon=\"fas fa-heart\"  data-color-off=\"rgba(223,223,223,0.8)\"  data-text-color=\"\"  data-bs-toggle=\"tooltip\"  aria-hidden=\"true\"  onclick=\"javascript:window.location.href='https:\/\/caminodesantiagofrances.com\/en\/wp-login.php'\"  ><i class=\"fas fa-heart\"  style=\"color:rgba(223,223,223,0.8);\" ><\/i> <span class=\"geodir-fav-text gv-secondary visually-hidden\" style=\"\" aria-hidden=\"true\">Favourite<\/span><\/span>\n<\/span>\t\t<\/span>\n\t\t<\/div><div class=\"geodir-post-slider bsui sdel-03994e04\" ><div class=\"geodir-image-container geodir-image-sizes-medium_large overflow-hidden\">\n\t\t\t<div class=\"geodir-images aui-gallery geodir-images-n-1 geodir-images-image carousel-inner \">\n\t\t<div class=\"carousel-item active\"><a href=\"https:\/\/caminodesantiagofrances.com\/en\/lo\/albergue-santiago-apostol-logrono\/\" class=\"geodir-link-image embed-has-action ratio ratio-16x9 ratio ratio-16x9 d-block\"><img src='data:image\/png;base64,iVBORw0KGgoAAAANSUhEUgAAAGQAAAABCAQAAACC0sM2AAAADklEQVR42mP8X88wLAAAK5IBgMYCdqgAAAAASUVORK5CYII=' data-src=\"https:\/\/caminodesantiagofrances.com\/en\/wp-content\/uploads\/sites\/3\/2025\/09\/Albergue-Santiago-Apostol-Logrono-Camino-de-Santiago-Frances-768x403.jpg\" alt=\"Albergue Santiago Apostol Logrono Camino de Santiago Frances 768x403\" width=\"768\" height=\"403\" class=\"geodir-lazy-load align size-medium_large geodir-image-3706 embed-item-cover-xy w-100 p-0 m-0 mw-100 border-0\" data-srcset=\"https:\/\/caminodesantiagofrances.com\/en\/wp-content\/uploads\/sites\/3\/2025\/09\/Albergue-Santiago-Apostol-Logrono-Camino-de-Santiago-Frances-768x403.jpg 768w, https:\/\/caminodesantiagofrances.com\/en\/wp-content\/uploads\/sites\/3\/2025\/09\/Albergue-Santiago-Apostol-Logrono-Camino-de-Santiago-Frances-300x158.jpg 300w, https:\/\/caminodesantiagofrances.com\/en\/wp-content\/uploads\/sites\/3\/2025\/09\/Albergue-Santiago-Apostol-Logrono-Camino-de-Santiago-Frances-1024x538.jpg 1024w, https:\/\/caminodesantiagofrances.com\/en\/wp-content\/uploads\/sites\/3\/2025\/09\/Albergue-Santiago-Apostol-Logrono-Camino-de-Santiago-Frances.jpg 1200w\" sizes=\"(max-width: 768px) 100vw, 768px\" \/><i class=\"fas fa-link w-auto h-auto\" aria-hidden=\"true\"><\/i><\/a><\/div>\t\t<\/div>\n\t\t<\/div>\n<\/div><\/div><div class=\"card-body p-2  \"><div class=\"row justify-content-center gv-hide-3 gv-hide-0\"><div class=\"col col-4 text-center tofront \"><a href=\"https:\/\/caminodesantiagofrances.com\/en\/author\/caminodesantiagofrances-com\/\" title=\"caminodesantiagofrances-com\"><img decoding=\"async\" style=\"max-height:75px;\" class=\"rounded-circle shadow border border-white border-width-4 p-0 mw-100 mt-n5 bg-white\" src=\"https:\/\/secure.gravatar.com\/avatar\/03aa5dc32308904f80a38258afc0335b43d4b2bec3418626e4f8712b71c3b93e?s=96&#038;d=mm&#038;r=g\" alt=\"Author Image\"><\/a><\/div><\/div><div class=\"geodir-post-title bsui sdel-caa60b10\" ><h3 class=\"geodir-entry-title  h5 \"><a href=\"https:\/\/caminodesantiagofrances.com\/en\/lo\/albergue-santiago-apostol-logrono\/\" class=\"\" title=\"View: Albergue Santiago Ap\u00f3stol Logro\u00f1o\">Albergue Santiago Ap\u00f3stol Logro\u00f1o<\/a><\/h3><\/div><div class=\"geodir-post-content-container bsui sdel-1e477937\" ><div class=\"geodir_post_meta  text-justify pb-1 position-relative geodir-field-post_content\" >RESERVAR AHORA Albergue Santiago Ap\u00f3stol \u2013 Tu refugio en el coraz\u00f3n del Camino en Logro\u00f1o El Albergue Santiago Ap\u00f3stol se<\/div><\/div><\/div><div class=\"card-footer p-2  \"><div class='d-flex justify-content-between align-items-center flex-wrap'><div><\/div><div><\/div><\/div><\/div><\/div>\t<\/div>\n\t<\/div>\n\n<div class=\"col mb-4 geodir-post post-13399 gd_place type-gd_place status-publish has-post-thumbnail gd-post-pkg-1\" data-post-id=\"13399\">\n\t\t<div class=\"card h-100 p-0 m-0 mw-100  \">\n\t<div class=\"card p-0 mw-100 h-100 \"><div class=\"card-img-top overflow-hidden position-relative  \"><span class=\"bsui gd-badge-meta\"><a href=\"https:\/\/caminodesantiagofrances.com\/en\/lo\/categoria\/albergue\/\" class=\"gd-badge border-0 badge ab-bottom-left ms-1\" data-id=\"13399\" data-badge=\"default_category\" data-badge-condition=\"is_not_empty\" style=\"background-color:rgba(0,0,0,0.5);border-color:rgba(0,0,0,0.5);color:#ffffff;\">Albergue<\/a>\n<\/span><div class=\"geodir_post_meta gd-fav-info-wrap  gd-fav-hide-text ab-bottom-right me-1  mb-n1  me-1 mb-n1 ab-bottom-right\" >\t\t<span class=\"gd-list-favorite\">\n\t\t\t<span class=\"geodir-addtofav favorite_property_13399  h5\" aria-hidden=\"true\"><span  title=\"Add to Favourites\"  class=\"geodir-addtofav-icon c-pointer geodir-act-fav\"  data-color-on=\"#ff0000\"  data-icon=\"fas fa-heart\"  data-color-off=\"rgba(223,223,223,0.8)\"  data-text-color=\"\"  data-bs-toggle=\"tooltip\"  aria-hidden=\"true\"  onclick=\"javascript:window.location.href='https:\/\/caminodesantiagofrances.com\/en\/wp-login.php'\"  ><i class=\"fas fa-heart\"  style=\"color:rgba(223,223,223,0.8);\" ><\/i> <span class=\"geodir-fav-text gv-secondary visually-hidden\" style=\"\" aria-hidden=\"true\">Favourite<\/span><\/span>\n<\/span>\t\t<\/span>\n\t\t<\/div><div class=\"geodir-post-slider bsui sdel-03994e04\" ><div class=\"geodir-image-container geodir-image-sizes-medium_large overflow-hidden\">\n\t\t\t<div class=\"geodir-images aui-gallery geodir-images-n-1 geodir-images-image carousel-inner \">\n\t\t<div class=\"carousel-item active\"><a href=\"https:\/\/caminodesantiagofrances.com\/en\/lo\/albergue-municipal-de-logrono\/\" class=\"geodir-link-image embed-has-action ratio ratio-16x9 ratio ratio-16x9 d-block\"><img src='data:image\/png;base64,iVBORw0KGgoAAAANSUhEUgAAAGQAAAABCAQAAACC0sM2AAAADklEQVR42mP8X88wLAAAK5IBgMYCdqgAAAAASUVORK5CYII=' data-src=\"https:\/\/caminodesantiagofrances.com\/en\/wp-content\/uploads\/sites\/3\/2024\/09\/Albergue-Municipal-de-Logrono-Camino-de-Santiago-Frances-768x403.jpg\" alt=\"Albergue Municipal de Logrono Camino de Santiago Frances 768x403\" width=\"768\" height=\"403\" class=\"geodir-lazy-load align size-medium_large geodir-image-434 embed-item-cover-xy w-100 p-0 m-0 mw-100 border-0\" data-srcset=\"https:\/\/caminodesantiagofrances.com\/en\/wp-content\/uploads\/sites\/3\/2024\/09\/Albergue-Municipal-de-Logrono-Camino-de-Santiago-Frances-768x403.jpg 768w, https:\/\/caminodesantiagofrances.com\/en\/wp-content\/uploads\/sites\/3\/2024\/09\/Albergue-Municipal-de-Logrono-Camino-de-Santiago-Frances-300x158.jpg 300w, https:\/\/caminodesantiagofrances.com\/en\/wp-content\/uploads\/sites\/3\/2024\/09\/Albergue-Municipal-de-Logrono-Camino-de-Santiago-Frances-1024x538.jpg 1024w, https:\/\/caminodesantiagofrances.com\/en\/wp-content\/uploads\/sites\/3\/2024\/09\/Albergue-Municipal-de-Logrono-Camino-de-Santiago-Frances.jpg 1200w\" sizes=\"(max-width: 768px) 100vw, 768px\" \/><i class=\"fas fa-link w-auto h-auto\" aria-hidden=\"true\"><\/i><\/a><\/div>\t\t<\/div>\n\t\t<\/div>\n<\/div><\/div><div class=\"card-body p-2  \"><div class=\"row justify-content-center gv-hide-3 gv-hide-0\"><div class=\"col col-4 text-center tofront \"><a href=\"https:\/\/caminodesantiagofrances.com\/en\/author\/caminodesantiagofrances-com\/\" title=\"caminodesantiagofrances-com\"><img decoding=\"async\" style=\"max-height:75px;\" class=\"rounded-circle shadow border border-white border-width-4 p-0 mw-100 mt-n5 bg-white\" src=\"https:\/\/secure.gravatar.com\/avatar\/03aa5dc32308904f80a38258afc0335b43d4b2bec3418626e4f8712b71c3b93e?s=96&#038;d=mm&#038;r=g\" alt=\"Author Image\"><\/a><\/div><\/div><div class=\"geodir-post-title bsui sdel-caa60b10\" ><h3 class=\"geodir-entry-title  h5 \"><a href=\"https:\/\/caminodesantiagofrances.com\/en\/lo\/albergue-municipal-de-logrono\/\" class=\"\" title=\"View: Albergue Municipal de Logro\u00f1o\">Albergue Municipal de Logro\u00f1o<\/a><\/h3><\/div><div class=\"geodir-post-content-container bsui sdel-1e477937\" ><div class=\"geodir_post_meta  text-justify pb-1 position-relative geodir-field-post_content\" >Albergue de Peregrinos Municipal de Logro\u00f1o El Albergue Municipal para Peregrinos en Logro\u00f1o est\u00e1 destinado exclusivamente a aquellos que caminan<\/div><\/div><\/div><div class=\"card-footer p-2  \"><div class='d-flex justify-content-between align-items-center flex-wrap'><div><\/div><div><\/div><\/div><\/div><\/div>\t<\/div>\n\t<\/div>\n\t<\/div>\n\t\t<\/div>\n\t\t<\/div><\/div>\n\n\n\n<h3 class=\"wp-block-heading has-text-align-center\"><a href=\"https:\/\/caminodesantiagofrances.com\/en\/la-rioja\/navarrete\/\" data-type=\"link\" data-id=\"https:\/\/caminodesantiagofrances.com\/en\/la-rioja\/navarrete\/\">Navarrete<\/a><\/h3>\n\n\n\n<h3 class=\"wp-block-heading has-text-align-center\"><a href=\"https:\/\/caminodesantiagofrances.com\/en\/la-rioja\/ventosa\/\" data-type=\"link\" data-id=\"https:\/\/caminodesantiagofrances.com\/en\/la-rioja\/ventosa\/\">Ventosa<\/a><\/h3>\n\n\n\n<h3 class=\"wp-block-heading has-text-align-center\"><a href=\"https:\/\/caminodesantiagofrances.com\/en\/la-rioja\/najera\/\" data-type=\"link\" data-id=\"https:\/\/caminodesantiagofrances.com\/en\/la-rioja\/najera\/\">N\u00e1jera<\/a><\/h3>\n\n\n\n<div class=\"wp-block-geodirectory-geodir-widget-listings\"><div class=\"geodir-listings bsui sdel-ec853ddf\" >\t\t<div id=\"geodir_6a9d45341175a\" class=\"geodir_locations geodir_location_listing\n\t\t\t\t\t\t\t mb-3\t\t position-relative\">\n\t\t\t\t<div\n\t\tclass=\"row row-cols-1 row-cols-sm-2 geodir-category-list-view geodir-widget-posts geodir-gridview row-cols-md-2\">\n\t\t\n<div class=\"col mb-4 geodir-post post-13427 gd_place type-gd_place status-publish has-post-thumbnail gd-post-pkg-1\" data-post-id=\"13427\">\n\t\t<div class=\"card h-100 p-0 m-0 mw-100  \">\n\t<div class=\"card p-0 mw-100 h-100 \"><div class=\"card-img-top overflow-hidden position-relative  \"><span class=\"bsui gd-badge-meta\"><a href=\"https:\/\/caminodesantiagofrances.com\/en\/lo\/categoria\/albergue\/\" class=\"gd-badge border-0 badge ab-bottom-left ms-1\" data-id=\"13427\" data-badge=\"default_category\" data-badge-condition=\"is_not_empty\" style=\"background-color:rgba(0,0,0,0.5);border-color:rgba(0,0,0,0.5);color:#ffffff;\">Albergue<\/a>\n<\/span><div class=\"geodir_post_meta gd-fav-info-wrap  gd-fav-hide-text ab-bottom-right me-1  mb-n1  me-1 mb-n1 ab-bottom-right\" >\t\t<span class=\"gd-list-favorite\">\n\t\t\t<span class=\"geodir-addtofav favorite_property_13427  h5\" aria-hidden=\"true\"><span  title=\"Add to Favourites\"  class=\"geodir-addtofav-icon c-pointer geodir-act-fav\"  data-color-on=\"#ff0000\"  data-icon=\"fas fa-heart\"  data-color-off=\"rgba(223,223,223,0.8)\"  data-text-color=\"\"  data-bs-toggle=\"tooltip\"  aria-hidden=\"true\"  onclick=\"javascript:window.location.href='https:\/\/caminodesantiagofrances.com\/en\/wp-login.php'\"  ><i class=\"fas fa-heart\"  style=\"color:rgba(223,223,223,0.8);\" ><\/i> <span class=\"geodir-fav-text gv-secondary visually-hidden\" style=\"\" aria-hidden=\"true\">Favourite<\/span><\/span>\n<\/span>\t\t<\/span>\n\t\t<\/div><div class=\"geodir-post-slider bsui sdel-03994e04\" ><div class=\"geodir-image-container geodir-image-sizes-medium_large overflow-hidden\">\n\t\t\t<div class=\"geodir-images aui-gallery geodir-images-n-1 geodir-images-image carousel-inner \">\n\t\t<div class=\"carousel-item active\"><a href=\"https:\/\/caminodesantiagofrances.com\/en\/lo\/albergue-municipal-de-najera\/\" class=\"geodir-link-image embed-has-action ratio ratio-16x9 ratio ratio-16x9 d-block\"><img src='data:image\/png;base64,iVBORw0KGgoAAAANSUhEUgAAAGQAAAABCAQAAACC0sM2AAAADklEQVR42mP8X88wLAAAK5IBgMYCdqgAAAAASUVORK5CYII=' data-src=\"https:\/\/caminodesantiagofrances.com\/en\/wp-content\/uploads\/sites\/3\/2024\/09\/Albergue-Municipal-de-Najera-Camino-de-Santiago-Frances-768x403.jpg\" alt=\"Albergue Municipal de Najera Camino de Santiago Frances 768x403\" width=\"768\" height=\"403\" class=\"geodir-lazy-load align size-medium_large geodir-image-437 embed-item-cover-xy w-100 p-0 m-0 mw-100 border-0\" data-srcset=\"https:\/\/caminodesantiagofrances.com\/en\/wp-content\/uploads\/sites\/3\/2024\/09\/Albergue-Municipal-de-Najera-Camino-de-Santiago-Frances-768x403.jpg 768w, https:\/\/caminodesantiagofrances.com\/en\/wp-content\/uploads\/sites\/3\/2024\/09\/Albergue-Municipal-de-Najera-Camino-de-Santiago-Frances-300x158.jpg 300w, https:\/\/caminodesantiagofrances.com\/en\/wp-content\/uploads\/sites\/3\/2024\/09\/Albergue-Municipal-de-Najera-Camino-de-Santiago-Frances-1024x538.jpg 1024w, https:\/\/caminodesantiagofrances.com\/en\/wp-content\/uploads\/sites\/3\/2024\/09\/Albergue-Municipal-de-Najera-Camino-de-Santiago-Frances.jpg 1200w\" sizes=\"(max-width: 768px) 100vw, 768px\" \/><i class=\"fas fa-link w-auto h-auto\" aria-hidden=\"true\"><\/i><\/a><\/div>\t\t<\/div>\n\t\t<\/div>\n<\/div><\/div><div class=\"card-body p-2  \"><div class=\"row justify-content-center gv-hide-3 gv-hide-0\"><div class=\"col col-4 text-center tofront \"><a href=\"https:\/\/caminodesantiagofrances.com\/en\/author\/caminodesantiagofrances-com\/\" title=\"caminodesantiagofrances-com\"><img decoding=\"async\" style=\"max-height:75px;\" class=\"rounded-circle shadow border border-white border-width-4 p-0 mw-100 mt-n5 bg-white\" src=\"https:\/\/secure.gravatar.com\/avatar\/03aa5dc32308904f80a38258afc0335b43d4b2bec3418626e4f8712b71c3b93e?s=96&#038;d=mm&#038;r=g\" alt=\"Author Image\"><\/a><\/div><\/div><div class=\"geodir-post-title bsui sdel-caa60b10\" ><h3 class=\"geodir-entry-title  h5 \"><a href=\"https:\/\/caminodesantiagofrances.com\/en\/lo\/albergue-municipal-de-najera\/\" class=\"\" title=\"View: Albergue Municipal de N\u00e1jera\">Albergue Municipal de N\u00e1jera<\/a><\/h3><\/div><div class=\"geodir-post-content-container bsui sdel-1e477937\" ><div class=\"geodir_post_meta  text-justify pb-1 position-relative geodir-field-post_content\" >Albergue de Peregrinos Municipal de N\u00e1jera El Albergue de Peregrinos Municipal de N\u00e1jera es un lugar especialmente dise\u00f1ado para acoger<\/div><\/div><\/div><div class=\"card-footer p-2  \"><div class='d-flex justify-content-between align-items-center flex-wrap'><div><\/div><div><\/div><\/div><\/div><\/div>\t<\/div>\n\t<\/div>\n\t<\/div>\n\t\t<\/div>\n\t\t<\/div><\/div>\n\n\n\n<h3 class=\"wp-block-heading has-text-align-center\"><a href=\"https:\/\/caminodesantiagofrances.com\/en\/la-rioja\/azofra\/\" data-type=\"link\" data-id=\"https:\/\/caminodesantiagofrances.com\/en\/la-rioja\/azofra\/\">Azofra<\/a><\/h3>\n\n\n\n<h3 class=\"wp-block-heading has-text-align-center\"><a href=\"https:\/\/caminodesantiagofrances.com\/en\/la-rioja\/ciruena\/\" data-type=\"link\" data-id=\"https:\/\/caminodesantiagofrances.com\/en\/la-rioja\/ciruena\/\">Cirue\u00f1a<\/a><\/h3>\n\n\n\n<h3 class=\"wp-block-heading has-text-align-center\"><a href=\"https:\/\/caminodesantiagofrances.com\/en\/la-rioja\/santo-domingo-de-la-calzada\/\" data-type=\"link\" data-id=\"https:\/\/caminodesantiagofrances.com\/en\/la-rioja\/santo-domingo-de-la-calzada\/\">Santo Domingo de la Calzada<\/a><\/h3>\n\n\n\n<div class=\"wp-block-geodirectory-geodir-widget-listings\"><div class=\"geodir-listings bsui sdel-7489398d\" >\t\t<div id=\"geodir_6a9d453414229\" class=\"geodir_locations geodir_location_listing\n\t\t\t\t\t\t\t mb-3\t\t position-relative\">\n\t\t\t\t<div\n\t\tclass=\"row row-cols-1 row-cols-sm-2 geodir-category-list-view geodir-widget-posts geodir-gridview row-cols-md-2\">\n\t\t\n<div class=\"col mb-4 geodir-post post-14673 gd_place type-gd_place status-publish has-post-thumbnail gd-post-pkg-1\" data-post-id=\"14673\">\n\t\t<div class=\"card h-100 p-0 m-0 mw-100  \">\n\t<div class=\"card p-0 mw-100 h-100 \"><div class=\"card-img-top overflow-hidden position-relative  \"><span class=\"bsui gd-badge-meta\"><a href=\"https:\/\/caminodesantiagofrances.com\/en\/lo\/categoria\/albergue\/\" class=\"gd-badge border-0 badge ab-bottom-left ms-1\" data-id=\"14673\" data-badge=\"default_category\" data-badge-condition=\"is_not_empty\" style=\"background-color:rgba(0,0,0,0.5);border-color:rgba(0,0,0,0.5);color:#ffffff;\">Albergue<\/a>\n<\/span><div class=\"geodir_post_meta gd-fav-info-wrap  gd-fav-hide-text ab-bottom-right me-1  mb-n1  me-1 mb-n1 ab-bottom-right\" >\t\t<span class=\"gd-list-favorite\">\n\t\t\t<span class=\"geodir-addtofav favorite_property_14673  h5\" aria-hidden=\"true\"><span  title=\"Add to Favourites\"  class=\"geodir-addtofav-icon c-pointer geodir-act-fav\"  data-color-on=\"#ff0000\"  data-icon=\"fas fa-heart\"  data-color-off=\"rgba(223,223,223,0.8)\"  data-text-color=\"\"  data-bs-toggle=\"tooltip\"  aria-hidden=\"true\"  onclick=\"javascript:window.location.href='https:\/\/caminodesantiagofrances.com\/en\/wp-login.php'\"  ><i class=\"fas fa-heart\"  style=\"color:rgba(223,223,223,0.8);\" ><\/i> <span class=\"geodir-fav-text gv-secondary visually-hidden\" style=\"\" aria-hidden=\"true\">Favourite<\/span><\/span>\n<\/span>\t\t<\/span>\n\t\t<\/div><div class=\"geodir-post-slider bsui sdel-03994e04\" ><div class=\"geodir-image-container geodir-image-sizes-medium_large overflow-hidden\">\n\t\t\t<div class=\"geodir-images aui-gallery geodir-images-n-1 geodir-images-image carousel-inner \">\n\t\t<div class=\"carousel-item active\"><a href=\"https:\/\/caminodesantiagofrances.com\/en\/lo\/albergue-cofradia-del-santo\/\" class=\"geodir-link-image embed-has-action ratio ratio-16x9 ratio ratio-16x9 d-block\"><img src='data:image\/png;base64,iVBORw0KGgoAAAANSUhEUgAAAGQAAAABCAQAAACC0sM2AAAADklEQVR42mP8X88wLAAAK5IBgMYCdqgAAAAASUVORK5CYII=' data-src=\"https:\/\/caminodesantiagofrances.com\/en\/wp-content\/uploads\/sites\/3\/2025\/04\/Albergue-Cofradia-del-Santo-Camino-de-Santiago-Frances-768x403.jpg\" alt=\"Albergue Cofradia del Santo Camino de Santiago Frances 768x403\" width=\"768\" height=\"403\" class=\"geodir-lazy-load align size-medium_large geodir-image-658 embed-item-cover-xy w-100 p-0 m-0 mw-100 border-0\" data-srcset=\"https:\/\/caminodesantiagofrances.com\/en\/wp-content\/uploads\/sites\/3\/2025\/04\/Albergue-Cofradia-del-Santo-Camino-de-Santiago-Frances-768x403.jpg 768w, https:\/\/caminodesantiagofrances.com\/en\/wp-content\/uploads\/sites\/3\/2025\/04\/Albergue-Cofradia-del-Santo-Camino-de-Santiago-Frances-300x158.jpg 300w, https:\/\/caminodesantiagofrances.com\/en\/wp-content\/uploads\/sites\/3\/2025\/04\/Albergue-Cofradia-del-Santo-Camino-de-Santiago-Frances-1024x538.jpg 1024w, https:\/\/caminodesantiagofrances.com\/en\/wp-content\/uploads\/sites\/3\/2025\/04\/Albergue-Cofradia-del-Santo-Camino-de-Santiago-Frances.jpg 1200w\" sizes=\"(max-width: 768px) 100vw, 768px\" \/><i class=\"fas fa-link w-auto h-auto\" aria-hidden=\"true\"><\/i><\/a><\/div>\t\t<\/div>\n\t\t<\/div>\n<\/div><\/div><div class=\"card-body p-2  \"><div class=\"row justify-content-center gv-hide-3 gv-hide-0\"><div class=\"col col-4 text-center tofront \"><a href=\"https:\/\/caminodesantiagofrances.com\/en\/author\/caminodesantiagofrances-com\/\" title=\"caminodesantiagofrances-com\"><img decoding=\"async\" style=\"max-height:75px;\" class=\"rounded-circle shadow border border-white border-width-4 p-0 mw-100 mt-n5 bg-white\" src=\"https:\/\/secure.gravatar.com\/avatar\/03aa5dc32308904f80a38258afc0335b43d4b2bec3418626e4f8712b71c3b93e?s=96&#038;d=mm&#038;r=g\" alt=\"Author Image\"><\/a><\/div><\/div><div class=\"geodir-post-title bsui sdel-caa60b10\" ><h3 class=\"geodir-entry-title  h5 \"><a href=\"https:\/\/caminodesantiagofrances.com\/en\/lo\/albergue-cofradia-del-santo\/\" class=\"\" title=\"View: Albergue Cofrad\u00eda del Santo\">Albergue Cofrad\u00eda del Santo<\/a><\/h3><\/div><div class=\"geodir-post-content-container bsui sdel-1e477937\" ><div class=\"geodir_post_meta  text-justify pb-1 position-relative geodir-field-post_content\" >Albergue de peregrinos Casa de la Cofrad\u00eda del Santo de Santo Domingo de la Calzada Ubicado en una de las<\/div><\/div><\/div><div class=\"card-footer p-2  \"><div class='d-flex justify-content-between align-items-center flex-wrap'><div><\/div><div><\/div><\/div><\/div><\/div>\t<\/div>\n\t<\/div>\n\n<div class=\"col mb-4 geodir-post post-13445 gd_place type-gd_place status-publish has-post-thumbnail gd-post-pkg-1\" data-post-id=\"13445\">\n\t\t<div class=\"card h-100 p-0 m-0 mw-100  \">\n\t<div class=\"card p-0 mw-100 h-100 \"><div class=\"card-img-top overflow-hidden position-relative  \"><span class=\"bsui gd-badge-meta\"><a href=\"https:\/\/caminodesantiagofrances.com\/en\/lo\/categoria\/albergue\/\" class=\"gd-badge border-0 badge ab-bottom-left ms-1\" data-id=\"13445\" data-badge=\"default_category\" data-badge-condition=\"is_not_empty\" style=\"background-color:rgba(0,0,0,0.5);border-color:rgba(0,0,0,0.5);color:#ffffff;\">Albergue<\/a>\n<\/span><div class=\"geodir_post_meta gd-fav-info-wrap  gd-fav-hide-text ab-bottom-right me-1  mb-n1  me-1 mb-n1 ab-bottom-right\" >\t\t<span class=\"gd-list-favorite\">\n\t\t\t<span class=\"geodir-addtofav favorite_property_13445  h5\" aria-hidden=\"true\"><span  title=\"Add to Favourites\"  class=\"geodir-addtofav-icon c-pointer geodir-act-fav\"  data-color-on=\"#ff0000\"  data-icon=\"fas fa-heart\"  data-color-off=\"rgba(223,223,223,0.8)\"  data-text-color=\"\"  data-bs-toggle=\"tooltip\"  aria-hidden=\"true\"  onclick=\"javascript:window.location.href='https:\/\/caminodesantiagofrances.com\/en\/wp-login.php'\"  ><i class=\"fas fa-heart\"  style=\"color:rgba(223,223,223,0.8);\" ><\/i> <span class=\"geodir-fav-text gv-secondary visually-hidden\" style=\"\" aria-hidden=\"true\">Favourite<\/span><\/span>\n<\/span>\t\t<\/span>\n\t\t<\/div><div class=\"geodir-post-slider bsui sdel-03994e04\" ><div class=\"geodir-image-container geodir-image-sizes-medium_large overflow-hidden\">\n\t\t\t<div class=\"geodir-images aui-gallery geodir-images-n-1 geodir-images-image carousel-inner \">\n\t\t<div class=\"carousel-item active\"><a href=\"https:\/\/caminodesantiagofrances.com\/en\/lo\/albergue-de-la-abadia-cisterciense\/\" class=\"geodir-link-image embed-has-action ratio ratio-16x9 ratio ratio-16x9 d-block\"><img src='data:image\/png;base64,iVBORw0KGgoAAAANSUhEUgAAAGQAAAABCAQAAACC0sM2AAAADklEQVR42mP8X88wLAAAK5IBgMYCdqgAAAAASUVORK5CYII=' data-src=\"https:\/\/caminodesantiagofrances.com\/en\/wp-content\/uploads\/sites\/3\/2024\/09\/Albergue-de-la-Abadia-Cisterciense-Camino-de-Santiago-Frances-768x403.jpg\" alt=\"Albergue de la Abadia Cisterciense Camino de Santiago Frances 768x403\" width=\"768\" height=\"403\" class=\"geodir-lazy-load align size-medium_large geodir-image-445 embed-item-cover-xy w-100 p-0 m-0 mw-100 border-0\" data-srcset=\"https:\/\/caminodesantiagofrances.com\/en\/wp-content\/uploads\/sites\/3\/2024\/09\/Albergue-de-la-Abadia-Cisterciense-Camino-de-Santiago-Frances-768x403.jpg 768w, https:\/\/caminodesantiagofrances.com\/en\/wp-content\/uploads\/sites\/3\/2024\/09\/Albergue-de-la-Abadia-Cisterciense-Camino-de-Santiago-Frances-300x158.jpg 300w, https:\/\/caminodesantiagofrances.com\/en\/wp-content\/uploads\/sites\/3\/2024\/09\/Albergue-de-la-Abadia-Cisterciense-Camino-de-Santiago-Frances-1024x538.jpg 1024w, https:\/\/caminodesantiagofrances.com\/en\/wp-content\/uploads\/sites\/3\/2024\/09\/Albergue-de-la-Abadia-Cisterciense-Camino-de-Santiago-Frances.jpg 1200w\" sizes=\"(max-width: 768px) 100vw, 768px\" \/><i class=\"fas fa-link w-auto h-auto\" aria-hidden=\"true\"><\/i><\/a><\/div>\t\t<\/div>\n\t\t<\/div>\n<\/div><\/div><div class=\"card-body p-2  \"><div class=\"row justify-content-center gv-hide-3 gv-hide-0\"><div class=\"col col-4 text-center tofront \"><a href=\"https:\/\/caminodesantiagofrances.com\/en\/author\/caminodesantiagofrances-com\/\" title=\"caminodesantiagofrances-com\"><img decoding=\"async\" style=\"max-height:75px;\" class=\"rounded-circle shadow border border-white border-width-4 p-0 mw-100 mt-n5 bg-white\" src=\"https:\/\/secure.gravatar.com\/avatar\/03aa5dc32308904f80a38258afc0335b43d4b2bec3418626e4f8712b71c3b93e?s=96&#038;d=mm&#038;r=g\" alt=\"Author Image\"><\/a><\/div><\/div><div class=\"geodir-post-title bsui sdel-caa60b10\" ><h3 class=\"geodir-entry-title  h5 \"><a href=\"https:\/\/caminodesantiagofrances.com\/en\/lo\/albergue-de-la-abadia-cisterciense\/\" class=\"\" title=\"View: Albergue de la Abad\u00eda Cisterciense\">Albergue de la Abad\u00eda Cisterciense<\/a><\/h3><\/div><div class=\"geodir-post-content-container bsui sdel-1e477937\" ><div class=\"geodir_post_meta  text-justify pb-1 position-relative geodir-field-post_content\" >Albergue de peregrinos de la Abad\u00eda Cisterciense El albergue de peregrinos que se encuentra en la Abad\u00eda Cisterciense Nuestra Se\u00f1ora<\/div><\/div><\/div><div class=\"card-footer p-2  \"><div class='d-flex justify-content-between align-items-center flex-wrap'><div><\/div><div><\/div><\/div><\/div><\/div>\t<\/div>\n\t<\/div>\n\t<\/div>\n\t\t<\/div>\n\t\t<\/div><\/div>\n\n\n\n<h3 class=\"wp-block-heading has-text-align-center\"><a href=\"https:\/\/caminodesantiagofrances.com\/en\/la-rioja\/granon\/\" data-type=\"link\" data-id=\"https:\/\/caminodesantiagofrances.com\/en\/la-rioja\/granon\/\">Gra\u00f1\u00f3n<\/a><\/h3>\n\n\n\n<div class=\"wp-block-geodirectory-geodir-widget-listings\"><div class=\"geodir-listings bsui sdel-e5960a3e\" >\t\t<div id=\"geodir_6a9d4534185c7\" class=\"geodir_locations geodir_location_listing\n\t\t\t\t\t\t\t mb-3\t\t position-relative\">\n\t\t\t\t<div\n\t\tclass=\"row row-cols-1 row-cols-sm-2 geodir-category-list-view geodir-widget-posts geodir-gridview row-cols-md-2\">\n\t\t\n<div class=\"col mb-4 geodir-post post-13455 gd_place type-gd_place status-publish has-post-thumbnail gd-post-pkg-1\" data-post-id=\"13455\">\n\t\t<div class=\"card h-100 p-0 m-0 mw-100  \">\n\t<div class=\"card p-0 mw-100 h-100 \"><div class=\"card-img-top overflow-hidden position-relative  \"><span class=\"bsui gd-badge-meta\"><a href=\"https:\/\/caminodesantiagofrances.com\/en\/lo\/categoria\/albergue\/\" class=\"gd-badge border-0 badge ab-bottom-left ms-1\" data-id=\"13455\" data-badge=\"default_category\" data-badge-condition=\"is_not_empty\" style=\"background-color:rgba(0,0,0,0.5);border-color:rgba(0,0,0,0.5);color:#ffffff;\">Albergue<\/a>\n<\/span><div class=\"geodir_post_meta gd-fav-info-wrap  gd-fav-hide-text ab-bottom-right me-1  mb-n1  me-1 mb-n1 ab-bottom-right\" >\t\t<span class=\"gd-list-favorite\">\n\t\t\t<span class=\"geodir-addtofav favorite_property_13455  h5\" aria-hidden=\"true\"><span  title=\"Add to Favourites\"  class=\"geodir-addtofav-icon c-pointer geodir-act-fav\"  data-color-on=\"#ff0000\"  data-icon=\"fas fa-heart\"  data-color-off=\"rgba(223,223,223,0.8)\"  data-text-color=\"\"  data-bs-toggle=\"tooltip\"  aria-hidden=\"true\"  onclick=\"javascript:window.location.href='https:\/\/caminodesantiagofrances.com\/en\/wp-login.php'\"  ><i class=\"fas fa-heart\"  style=\"color:rgba(223,223,223,0.8);\" ><\/i> <span class=\"geodir-fav-text gv-secondary visually-hidden\" style=\"\" aria-hidden=\"true\">Favourite<\/span><\/span>\n<\/span>\t\t<\/span>\n\t\t<\/div><div class=\"geodir-post-slider bsui sdel-03994e04\" ><div class=\"geodir-image-container geodir-image-sizes-medium_large overflow-hidden\">\n\t\t\t<div class=\"geodir-images aui-gallery geodir-images-n-1 geodir-images-image carousel-inner \">\n\t\t<div class=\"carousel-item active\"><a href=\"https:\/\/caminodesantiagofrances.com\/en\/lo\/albergue-parroquial-san-juan-bautista\/\" class=\"geodir-link-image embed-has-action ratio ratio-16x9 ratio ratio-16x9 d-block\"><img src='data:image\/png;base64,iVBORw0KGgoAAAANSUhEUgAAAGQAAAABCAQAAACC0sM2AAAADklEQVR42mP8X88wLAAAK5IBgMYCdqgAAAAASUVORK5CYII=' data-src=\"https:\/\/caminodesantiagofrances.com\/en\/wp-content\/uploads\/sites\/3\/2024\/09\/Albergue-Parroquial-San-Juan-Bautista-Camino-de-Santiago-Frances-768x403.jpg\" alt=\"Albergue Parroquial San Juan Bautista Camino de Santiago Frances 768x403\" width=\"768\" height=\"403\" class=\"geodir-lazy-load align size-medium_large geodir-image-447 embed-item-cover-xy w-100 p-0 m-0 mw-100 border-0\" data-srcset=\"https:\/\/caminodesantiagofrances.com\/en\/wp-content\/uploads\/sites\/3\/2024\/09\/Albergue-Parroquial-San-Juan-Bautista-Camino-de-Santiago-Frances-768x403.jpg 768w, https:\/\/caminodesantiagofrances.com\/en\/wp-content\/uploads\/sites\/3\/2024\/09\/Albergue-Parroquial-San-Juan-Bautista-Camino-de-Santiago-Frances-300x158.jpg 300w, https:\/\/caminodesantiagofrances.com\/en\/wp-content\/uploads\/sites\/3\/2024\/09\/Albergue-Parroquial-San-Juan-Bautista-Camino-de-Santiago-Frances-1024x538.jpg 1024w, https:\/\/caminodesantiagofrances.com\/en\/wp-content\/uploads\/sites\/3\/2024\/09\/Albergue-Parroquial-San-Juan-Bautista-Camino-de-Santiago-Frances.jpg 1200w\" sizes=\"(max-width: 768px) 100vw, 768px\" \/><i class=\"fas fa-link w-auto h-auto\" aria-hidden=\"true\"><\/i><\/a><\/div>\t\t<\/div>\n\t\t<\/div>\n<\/div><\/div><div class=\"card-body p-2  \"><div class=\"row justify-content-center gv-hide-3 gv-hide-0\"><div class=\"col col-4 text-center tofront \"><a href=\"https:\/\/caminodesantiagofrances.com\/en\/author\/caminodesantiagofrances-com\/\" title=\"caminodesantiagofrances-com\"><img decoding=\"async\" style=\"max-height:75px;\" class=\"rounded-circle shadow border border-white border-width-4 p-0 mw-100 mt-n5 bg-white\" src=\"https:\/\/secure.gravatar.com\/avatar\/03aa5dc32308904f80a38258afc0335b43d4b2bec3418626e4f8712b71c3b93e?s=96&#038;d=mm&#038;r=g\" alt=\"Author Image\"><\/a><\/div><\/div><div class=\"geodir-post-title bsui sdel-caa60b10\" ><h3 class=\"geodir-entry-title  h5 \"><a href=\"https:\/\/caminodesantiagofrances.com\/en\/lo\/albergue-parroquial-san-juan-bautista\/\" class=\"\" title=\"View: Albergue Parroquial San Juan Bautista\">Albergue Parroquial San Juan Bautista<\/a><\/h3><\/div><div class=\"geodir-post-content-container bsui sdel-1e477937\" ><div class=\"geodir_post_meta  text-justify pb-1 position-relative geodir-field-post_content\" >Albergue de Peregrinos Parroquial San Juan Bautista en Gra\u00f1on El albergue Hospital de peregrinos parroquial San Juan Bautista de Gra\u00f1\u00f3n(La<\/div><\/div><\/div><div class=\"card-footer p-2  \"><div class='d-flex justify-content-between align-items-center flex-wrap'><div><\/div><div><\/div><\/div><\/div><\/div>\t<\/div>\n\t<\/div>\n\t<\/div>\n\t\t<\/div>\n\t\t<\/div><\/div>\n\n\n\n<hr class=\"wp-block-separator has-alpha-channel-opacity\"\/>\n\n\n\n<h2 class=\"wp-block-heading has-text-align-center\"><strong><a href=\"https:\/\/caminodesantiagofrances.com\/en\/provincia-de-burgos\/albergues\/\" target=\"_blank\" data-type=\"page\" data-id=\"14026\" rel=\"noreferrer noopener\">Albergues Provincia de Burgos<\/a><\/strong><\/h2>\n\n\n\n<h3 class=\"wp-block-heading has-text-align-center\"><a href=\"https:\/\/caminodesantiagofrances.com\/en\/provincia-de-burgos\/redecilla-del-camino\/\" data-type=\"link\" data-id=\"https:\/\/caminodesantiagofrances.com\/en\/provincia-de-burgos\/redecilla-del-camino\/\">Redecilla del Camino<\/a><\/h3>\n\n\n\n<div class=\"wp-block-geodirectory-geodir-widget-listings\"><div class=\"geodir-listings bsui sdel-734838cc\" >\t\t<div id=\"geodir_6a9d45341aeaa\" class=\"geodir_locations geodir_location_listing\n\t\t\t\t\t\t\t mb-3\t\t position-relative\">\n\t\t\t\t<div\n\t\tclass=\"row row-cols-1 row-cols-sm-2 geodir-category-list-view geodir-widget-posts geodir-gridview row-cols-md-2\">\n\t\t\n<div class=\"col mb-4 geodir-post post-13464 gd_place type-gd_place status-publish has-post-thumbnail gd-post-pkg-1\" data-post-id=\"13464\">\n\t\t<div class=\"card h-100 p-0 m-0 mw-100  \">\n\t<div class=\"card p-0 mw-100 h-100 \"><div class=\"card-img-top overflow-hidden position-relative  \"><span class=\"bsui gd-badge-meta\"><a href=\"https:\/\/caminodesantiagofrances.com\/en\/lo\/categoria\/albergue\/\" class=\"gd-badge border-0 badge ab-bottom-left ms-1\" data-id=\"13464\" data-badge=\"default_category\" data-badge-condition=\"is_not_empty\" style=\"background-color:rgba(0,0,0,0.5);border-color:rgba(0,0,0,0.5);color:#ffffff;\">Albergue<\/a>\n<\/span><div class=\"geodir_post_meta gd-fav-info-wrap  gd-fav-hide-text ab-bottom-right me-1  mb-n1  me-1 mb-n1 ab-bottom-right\" >\t\t<span class=\"gd-list-favorite\">\n\t\t\t<span class=\"geodir-addtofav favorite_property_13464  h5\" aria-hidden=\"true\"><span  title=\"Add to Favourites\"  class=\"geodir-addtofav-icon c-pointer geodir-act-fav\"  data-color-on=\"#ff0000\"  data-icon=\"fas fa-heart\"  data-color-off=\"rgba(223,223,223,0.8)\"  data-text-color=\"\"  data-bs-toggle=\"tooltip\"  aria-hidden=\"true\"  onclick=\"javascript:window.location.href='https:\/\/caminodesantiagofrances.com\/en\/wp-login.php'\"  ><i class=\"fas fa-heart\"  style=\"color:rgba(223,223,223,0.8);\" ><\/i> <span class=\"geodir-fav-text gv-secondary visually-hidden\" style=\"\" aria-hidden=\"true\">Favourite<\/span><\/span>\n<\/span>\t\t<\/span>\n\t\t<\/div><div class=\"geodir-post-slider bsui sdel-03994e04\" ><div class=\"geodir-image-container geodir-image-sizes-medium_large overflow-hidden\">\n\t\t\t<div class=\"geodir-images aui-gallery geodir-images-n-1 geodir-images-image carousel-inner \">\n\t\t<div class=\"carousel-item active\"><a href=\"https:\/\/caminodesantiagofrances.com\/en\/lo\/albergue-municipal-san-lazaro\/\" class=\"geodir-link-image embed-has-action ratio ratio-16x9 ratio ratio-16x9 d-block\"><img src='data:image\/png;base64,iVBORw0KGgoAAAANSUhEUgAAAGQAAAABCAQAAACC0sM2AAAADklEQVR42mP8X88wLAAAK5IBgMYCdqgAAAAASUVORK5CYII=' data-src=\"https:\/\/caminodesantiagofrances.com\/en\/wp-content\/uploads\/sites\/3\/2024\/09\/Albergue-Municipal-San-Lazaro-Camino-de-Santiago-Frances-768x403.jpg\" alt=\"Albergue Municipal San Lazaro Camino de Santiago Frances 768x403\" width=\"768\" height=\"403\" class=\"geodir-lazy-load align size-medium_large geodir-image-452 embed-item-cover-xy w-100 p-0 m-0 mw-100 border-0\" data-srcset=\"https:\/\/caminodesantiagofrances.com\/en\/wp-content\/uploads\/sites\/3\/2024\/09\/Albergue-Municipal-San-Lazaro-Camino-de-Santiago-Frances-768x403.jpg 768w, https:\/\/caminodesantiagofrances.com\/en\/wp-content\/uploads\/sites\/3\/2024\/09\/Albergue-Municipal-San-Lazaro-Camino-de-Santiago-Frances-300x158.jpg 300w, https:\/\/caminodesantiagofrances.com\/en\/wp-content\/uploads\/sites\/3\/2024\/09\/Albergue-Municipal-San-Lazaro-Camino-de-Santiago-Frances-1024x538.jpg 1024w, https:\/\/caminodesantiagofrances.com\/en\/wp-content\/uploads\/sites\/3\/2024\/09\/Albergue-Municipal-San-Lazaro-Camino-de-Santiago-Frances.jpg 1200w\" sizes=\"(max-width: 768px) 100vw, 768px\" \/><i class=\"fas fa-link w-auto h-auto\" aria-hidden=\"true\"><\/i><\/a><\/div>\t\t<\/div>\n\t\t<\/div>\n<\/div><\/div><div class=\"card-body p-2  \"><div class=\"row justify-content-center gv-hide-3 gv-hide-0\"><div class=\"col col-4 text-center tofront \"><a href=\"https:\/\/caminodesantiagofrances.com\/en\/author\/caminodesantiagofrances-com\/\" title=\"caminodesantiagofrances-com\"><img decoding=\"async\" style=\"max-height:75px;\" class=\"rounded-circle shadow border border-white border-width-4 p-0 mw-100 mt-n5 bg-white\" src=\"https:\/\/secure.gravatar.com\/avatar\/03aa5dc32308904f80a38258afc0335b43d4b2bec3418626e4f8712b71c3b93e?s=96&#038;d=mm&#038;r=g\" alt=\"Author Image\"><\/a><\/div><\/div><div class=\"geodir-post-title bsui sdel-caa60b10\" ><h3 class=\"geodir-entry-title  h5 \"><a href=\"https:\/\/caminodesantiagofrances.com\/en\/lo\/albergue-municipal-san-lazaro\/\" class=\"\" title=\"View: Albergue Municipal San L\u00e1zaro\">Albergue Municipal San L\u00e1zaro<\/a><\/h3><\/div><div class=\"geodir-post-content-container bsui sdel-1e477937\" ><div class=\"geodir_post_meta  text-justify pb-1 position-relative geodir-field-post_content\" >Albergue Municipal de Peregrinos San L\u00e1zaro de Redecilla del Camino El Albergue de Peregrinos San L\u00e1zaro, situado en el pintoresco<\/div><\/div><\/div><div class=\"card-footer p-2  \"><div class='d-flex justify-content-between align-items-center flex-wrap'><div><\/div><div><\/div><\/div><\/div><\/div>\t<\/div>\n\t<\/div>\n\t<\/div>\n\t\t<\/div>\n\t\t<\/div><\/div>\n\n\n\n<h3 class=\"wp-block-heading has-text-align-center\"><a href=\"https:\/\/caminodesantiagofrances.com\/en\/provincia-de-burgos\/castildelgado\/\" data-type=\"link\" data-id=\"https:\/\/caminodesantiagofrances.com\/en\/provincia-de-burgos\/castildelgado\/\">Castildelgado<\/a><\/h3>\n\n\n\n<h3 class=\"wp-block-heading has-text-align-center\"><a href=\"https:\/\/caminodesantiagofrances.com\/en\/provincia-de-burgos\/viloria-de-rioja\/\" data-type=\"link\" data-id=\"https:\/\/caminodesantiagofrances.com\/en\/provincia-de-burgos\/viloria-de-rioja\/\">Viloria de Rioja<\/a><\/h3>\n\n\n\n<h3 class=\"wp-block-heading has-text-align-center\"><a href=\"https:\/\/caminodesantiagofrances.com\/en\/provincia-de-burgos\/villamayor-del-rio\/\" data-type=\"link\" data-id=\"https:\/\/caminodesantiagofrances.com\/en\/provincia-de-burgos\/villamayor-del-rio\/\">Villamayor del R\u00edo<\/a><\/h3>\n\n\n\n<h3 class=\"wp-block-heading has-text-align-center\"><a href=\"https:\/\/caminodesantiagofrances.com\/en\/provincia-de-burgos\/belorado\/\" data-type=\"link\" data-id=\"https:\/\/caminodesantiagofrances.com\/en\/provincia-de-burgos\/belorado\/\">Belorado<\/a><\/h3>\n\n\n\n<div class=\"wp-block-geodirectory-geodir-widget-listings\"><div class=\"geodir-listings bsui sdel-8e953001\" >\t\t<div id=\"geodir_6a9d45341db23\" class=\"geodir_locations geodir_location_listing\n\t\t\t\t\t\t\t mb-3\t\t position-relative\">\n\t\t\t\t<div\n\t\tclass=\"row row-cols-1 row-cols-sm-2 geodir-category-list-view geodir-widget-posts geodir-gridview row-cols-md-2\">\n\t\t\n<div class=\"col mb-4 geodir-post post-16622 gd_place type-gd_place status-publish has-post-thumbnail gd-post-pkg-1\" data-post-id=\"16622\">\n\t\t<div class=\"card h-100 p-0 m-0 mw-100  \">\n\t<div class=\"card p-0 mw-100 h-100 \"><div class=\"card-img-top overflow-hidden position-relative  \"><span class=\"bsui gd-badge-meta\"><a href=\"https:\/\/caminodesantiagofrances.com\/en\/lo\/categoria\/albergue\/\" class=\"gd-badge border-0 badge ab-bottom-left ms-1\" data-id=\"16622\" data-badge=\"default_category\" data-badge-condition=\"is_not_empty\" style=\"background-color:rgba(0,0,0,0.5);border-color:rgba(0,0,0,0.5);color:#ffffff;\">Albergue<\/a>\n<\/span><div class=\"geodir_post_meta gd-fav-info-wrap  gd-fav-hide-text ab-bottom-right me-1  mb-n1  me-1 mb-n1 ab-bottom-right\" >\t\t<span class=\"gd-list-favorite\">\n\t\t\t<span class=\"geodir-addtofav favorite_property_16622  h5\" aria-hidden=\"true\"><span  title=\"Add to Favourites\"  class=\"geodir-addtofav-icon c-pointer geodir-act-fav\"  data-color-on=\"#ff0000\"  data-icon=\"fas fa-heart\"  data-color-off=\"rgba(223,223,223,0.8)\"  data-text-color=\"\"  data-bs-toggle=\"tooltip\"  aria-hidden=\"true\"  onclick=\"javascript:window.location.href='https:\/\/caminodesantiagofrances.com\/en\/wp-login.php'\"  ><i class=\"fas fa-heart\"  style=\"color:rgba(223,223,223,0.8);\" ><\/i> <span class=\"geodir-fav-text gv-secondary visually-hidden\" style=\"\" aria-hidden=\"true\">Favourite<\/span><\/span>\n<\/span>\t\t<\/span>\n\t\t<\/div><div class=\"geodir-post-slider bsui sdel-03994e04\" ><div class=\"geodir-image-container geodir-image-sizes-medium_large overflow-hidden\">\n\t\t\t<div class=\"geodir-images aui-gallery geodir-images-n-1 geodir-images-image carousel-inner \">\n\t\t<div class=\"carousel-item active\"><a href=\"https:\/\/caminodesantiagofrances.com\/en\/lo\/albergue-hostel-punto-b-belorado\/\" class=\"geodir-link-image embed-has-action ratio ratio-16x9 ratio ratio-16x9 d-block\"><img src='data:image\/png;base64,iVBORw0KGgoAAAANSUhEUgAAAGQAAAABCAQAAACC0sM2AAAADklEQVR42mP8X88wLAAAK5IBgMYCdqgAAAAASUVORK5CYII=' data-src=\"https:\/\/caminodesantiagofrances.com\/en\/wp-content\/uploads\/sites\/3\/2025\/09\/Albergue-Hostel-Punto-B-Belorado-Camino-de-Santiago-Frances-768x403.jpg\" alt=\"Albergue Hostel Punto B Belorado Camino de Santiago Frances 768x403\" width=\"768\" height=\"403\" class=\"geodir-lazy-load align size-medium_large geodir-image-3980 embed-item-cover-xy w-100 p-0 m-0 mw-100 border-0\" data-srcset=\"https:\/\/caminodesantiagofrances.com\/en\/wp-content\/uploads\/sites\/3\/2025\/09\/Albergue-Hostel-Punto-B-Belorado-Camino-de-Santiago-Frances-768x403.jpg 768w, https:\/\/caminodesantiagofrances.com\/en\/wp-content\/uploads\/sites\/3\/2025\/09\/Albergue-Hostel-Punto-B-Belorado-Camino-de-Santiago-Frances-300x158.jpg 300w, https:\/\/caminodesantiagofrances.com\/en\/wp-content\/uploads\/sites\/3\/2025\/09\/Albergue-Hostel-Punto-B-Belorado-Camino-de-Santiago-Frances-1024x538.jpg 1024w, https:\/\/caminodesantiagofrances.com\/en\/wp-content\/uploads\/sites\/3\/2025\/09\/Albergue-Hostel-Punto-B-Belorado-Camino-de-Santiago-Frances.jpg 1200w\" sizes=\"(max-width: 768px) 100vw, 768px\" \/><i class=\"fas fa-link w-auto h-auto\" aria-hidden=\"true\"><\/i><\/a><\/div>\t\t<\/div>\n\t\t<\/div>\n<\/div><\/div><div class=\"card-body p-2  \"><div class=\"row justify-content-center gv-hide-3 gv-hide-0\"><div class=\"col col-4 text-center tofront \"><a href=\"https:\/\/caminodesantiagofrances.com\/en\/author\/caminodesantiagofrances-com\/\" title=\"caminodesantiagofrances-com\"><img decoding=\"async\" style=\"max-height:75px;\" class=\"rounded-circle shadow border border-white border-width-4 p-0 mw-100 mt-n5 bg-white\" src=\"https:\/\/secure.gravatar.com\/avatar\/03aa5dc32308904f80a38258afc0335b43d4b2bec3418626e4f8712b71c3b93e?s=96&#038;d=mm&#038;r=g\" alt=\"Author Image\"><\/a><\/div><\/div><div class=\"geodir-post-title bsui sdel-caa60b10\" ><h3 class=\"geodir-entry-title  h5 \"><a href=\"https:\/\/caminodesantiagofrances.com\/en\/lo\/albergue-hostel-punto-b-belorado\/\" class=\"\" title=\"View: Albergue Hostel Punto B Belorado\">Albergue Hostel Punto B Belorado<\/a><\/h3><\/div><div class=\"geodir-post-content-container bsui sdel-1e477937\" ><div class=\"geodir_post_meta  text-justify pb-1 position-relative geodir-field-post_content\" >RESERVAR AHORA Albergue Hostel Punto B en Belorado, dise\u00f1o, confort y hospitalidad El Albergue Hostel Punto B se sit\u00faa en<\/div><\/div><\/div><div class=\"card-footer p-2  \"><div class='d-flex justify-content-between align-items-center flex-wrap'><div><\/div><div><\/div><\/div><\/div><\/div>\t<\/div>\n\t<\/div>\n\n<div class=\"col mb-4 geodir-post post-16619 gd_place type-gd_place status-publish has-post-thumbnail gd-post-pkg-1\" data-post-id=\"16619\">\n\t\t<div class=\"card h-100 p-0 m-0 mw-100  \">\n\t<div class=\"card p-0 mw-100 h-100 \"><div class=\"card-img-top overflow-hidden position-relative  \"><span class=\"bsui gd-badge-meta\"><a href=\"https:\/\/caminodesantiagofrances.com\/en\/lo\/categoria\/albergue\/\" class=\"gd-badge border-0 badge ab-bottom-left ms-1\" data-id=\"16619\" data-badge=\"default_category\" data-badge-condition=\"is_not_empty\" style=\"background-color:rgba(0,0,0,0.5);border-color:rgba(0,0,0,0.5);color:#ffffff;\">Albergue<\/a>\n<\/span><div class=\"geodir_post_meta gd-fav-info-wrap  gd-fav-hide-text ab-bottom-right me-1  mb-n1  me-1 mb-n1 ab-bottom-right\" >\t\t<span class=\"gd-list-favorite\">\n\t\t\t<span class=\"geodir-addtofav favorite_property_16619  h5\" aria-hidden=\"true\"><span  title=\"Add to Favourites\"  class=\"geodir-addtofav-icon c-pointer geodir-act-fav\"  data-color-on=\"#ff0000\"  data-icon=\"fas fa-heart\"  data-color-off=\"rgba(223,223,223,0.8)\"  data-text-color=\"\"  data-bs-toggle=\"tooltip\"  aria-hidden=\"true\"  onclick=\"javascript:window.location.href='https:\/\/caminodesantiagofrances.com\/en\/wp-login.php'\"  ><i class=\"fas fa-heart\"  style=\"color:rgba(223,223,223,0.8);\" ><\/i> <span class=\"geodir-fav-text gv-secondary visually-hidden\" style=\"\" aria-hidden=\"true\">Favourite<\/span><\/span>\n<\/span>\t\t<\/span>\n\t\t<\/div><div class=\"geodir-post-slider bsui sdel-03994e04\" ><div class=\"geodir-image-container geodir-image-sizes-medium_large overflow-hidden\">\n\t\t\t<div class=\"geodir-images aui-gallery geodir-images-n-1 geodir-images-image carousel-inner \">\n\t\t<div class=\"carousel-item active\"><a href=\"https:\/\/caminodesantiagofrances.com\/en\/lo\/albergue-cuatro-cantones-belorado\/\" class=\"geodir-link-image embed-has-action ratio ratio-16x9 ratio ratio-16x9 d-block\"><img src='data:image\/png;base64,iVBORw0KGgoAAAANSUhEUgAAAGQAAAABCAQAAACC0sM2AAAADklEQVR42mP8X88wLAAAK5IBgMYCdqgAAAAASUVORK5CYII=' data-src=\"https:\/\/caminodesantiagofrances.com\/en\/wp-content\/uploads\/sites\/3\/2025\/09\/Albergue-Cuatro-Cantones-Belorado-Camino-de-Santiago-Frances-768x403.jpg\" alt=\"Albergue Cuatro Cantones Belorado Camino de Santiago Frances 768x403\" width=\"768\" height=\"403\" class=\"geodir-lazy-load align size-medium_large geodir-image-3968 embed-item-cover-xy w-100 p-0 m-0 mw-100 border-0\" data-srcset=\"https:\/\/caminodesantiagofrances.com\/en\/wp-content\/uploads\/sites\/3\/2025\/09\/Albergue-Cuatro-Cantones-Belorado-Camino-de-Santiago-Frances-768x403.jpg 768w, https:\/\/caminodesantiagofrances.com\/en\/wp-content\/uploads\/sites\/3\/2025\/09\/Albergue-Cuatro-Cantones-Belorado-Camino-de-Santiago-Frances-300x158.jpg 300w, https:\/\/caminodesantiagofrances.com\/en\/wp-content\/uploads\/sites\/3\/2025\/09\/Albergue-Cuatro-Cantones-Belorado-Camino-de-Santiago-Frances-1024x538.jpg 1024w, https:\/\/caminodesantiagofrances.com\/en\/wp-content\/uploads\/sites\/3\/2025\/09\/Albergue-Cuatro-Cantones-Belorado-Camino-de-Santiago-Frances.jpg 1200w\" sizes=\"(max-width: 768px) 100vw, 768px\" \/><i class=\"fas fa-link w-auto h-auto\" aria-hidden=\"true\"><\/i><\/a><\/div>\t\t<\/div>\n\t\t<\/div>\n<\/div><\/div><div class=\"card-body p-2  \"><div class=\"row justify-content-center gv-hide-3 gv-hide-0\"><div class=\"col col-4 text-center tofront \"><a href=\"https:\/\/caminodesantiagofrances.com\/en\/author\/caminodesantiagofrances-com\/\" title=\"caminodesantiagofrances-com\"><img decoding=\"async\" style=\"max-height:75px;\" class=\"rounded-circle shadow border border-white border-width-4 p-0 mw-100 mt-n5 bg-white\" src=\"https:\/\/secure.gravatar.com\/avatar\/03aa5dc32308904f80a38258afc0335b43d4b2bec3418626e4f8712b71c3b93e?s=96&#038;d=mm&#038;r=g\" alt=\"Author Image\"><\/a><\/div><\/div><div class=\"geodir-post-title bsui sdel-caa60b10\" ><h3 class=\"geodir-entry-title  h5 \"><a href=\"https:\/\/caminodesantiagofrances.com\/en\/lo\/albergue-cuatro-cantones-belorado\/\" class=\"\" title=\"View: Albergue Cuatro Cantones Belorado\">Albergue Cuatro Cantones Belorado<\/a><\/h3><\/div><div class=\"geodir-post-content-container bsui sdel-1e477937\" ><div class=\"geodir_post_meta  text-justify pb-1 position-relative geodir-field-post_content\" >RESERVAR AHORA Albergue Cuatro Cantones en Belorado, descanso y experiencia \u00fanica en el Camino Franc\u00e9s El Albergue de Peregrinos Cuatro<\/div><\/div><\/div><div class=\"card-footer p-2  \"><div class='d-flex justify-content-between align-items-center flex-wrap'><div><\/div><div><\/div><\/div><\/div><\/div>\t<\/div>\n\t<\/div>\n\n<div class=\"col mb-4 geodir-post post-14724 gd_place type-gd_place status-publish has-post-thumbnail gd-post-pkg-1\" data-post-id=\"14724\">\n\t\t<div class=\"card h-100 p-0 m-0 mw-100  \">\n\t<div class=\"card p-0 mw-100 h-100 \"><div class=\"card-img-top overflow-hidden position-relative  \"><span class=\"bsui gd-badge-meta\"><a href=\"https:\/\/caminodesantiagofrances.com\/en\/lo\/categoria\/albergue\/\" class=\"gd-badge border-0 badge ab-bottom-left ms-1\" data-id=\"14724\" data-badge=\"default_category\" data-badge-condition=\"is_not_empty\" style=\"background-color:rgba(0,0,0,0.5);border-color:rgba(0,0,0,0.5);color:#ffffff;\">Albergue<\/a>\n<\/span><div class=\"geodir_post_meta gd-fav-info-wrap  gd-fav-hide-text ab-bottom-right me-1  mb-n1  me-1 mb-n1 ab-bottom-right\" >\t\t<span class=\"gd-list-favorite\">\n\t\t\t<span class=\"geodir-addtofav favorite_property_14724  h5\" aria-hidden=\"true\"><span  title=\"Add to Favourites\"  class=\"geodir-addtofav-icon c-pointer geodir-act-fav\"  data-color-on=\"#ff0000\"  data-icon=\"fas fa-heart\"  data-color-off=\"rgba(223,223,223,0.8)\"  data-text-color=\"\"  data-bs-toggle=\"tooltip\"  aria-hidden=\"true\"  onclick=\"javascript:window.location.href='https:\/\/caminodesantiagofrances.com\/en\/wp-login.php'\"  ><i class=\"fas fa-heart\"  style=\"color:rgba(223,223,223,0.8);\" ><\/i> <span class=\"geodir-fav-text gv-secondary visually-hidden\" style=\"\" aria-hidden=\"true\">Favourite<\/span><\/span>\n<\/span>\t\t<\/span>\n\t\t<\/div><div class=\"geodir-post-slider bsui sdel-03994e04\" ><div class=\"geodir-image-container geodir-image-sizes-medium_large overflow-hidden\">\n\t\t\t<div class=\"geodir-images aui-gallery geodir-images-n-1 geodir-images-image carousel-inner \">\n\t\t<div class=\"carousel-item active\"><a href=\"https:\/\/caminodesantiagofrances.com\/en\/lo\/albergue-municipal-el-corro\/\" class=\"geodir-link-image embed-has-action ratio ratio-16x9 ratio ratio-16x9 d-block\"><img src='data:image\/png;base64,iVBORw0KGgoAAAANSUhEUgAAAGQAAAABCAQAAACC0sM2AAAADklEQVR42mP8X88wLAAAK5IBgMYCdqgAAAAASUVORK5CYII=' data-src=\"https:\/\/caminodesantiagofrances.com\/en\/wp-content\/uploads\/sites\/3\/2025\/04\/Albergue-Municipal-El-Corro-Camino-de-Santiago-Frances-768x403.jpg\" alt=\"Albergue Municipal El Corro Camino de Santiago Frances 768x403\" width=\"768\" height=\"403\" class=\"geodir-lazy-load align size-medium_large geodir-image-673 embed-item-cover-xy w-100 p-0 m-0 mw-100 border-0\" data-srcset=\"https:\/\/caminodesantiagofrances.com\/en\/wp-content\/uploads\/sites\/3\/2025\/04\/Albergue-Municipal-El-Corro-Camino-de-Santiago-Frances-768x403.jpg 768w, https:\/\/caminodesantiagofrances.com\/en\/wp-content\/uploads\/sites\/3\/2025\/04\/Albergue-Municipal-El-Corro-Camino-de-Santiago-Frances-300x158.jpg 300w, https:\/\/caminodesantiagofrances.com\/en\/wp-content\/uploads\/sites\/3\/2025\/04\/Albergue-Municipal-El-Corro-Camino-de-Santiago-Frances-1024x538.jpg 1024w, https:\/\/caminodesantiagofrances.com\/en\/wp-content\/uploads\/sites\/3\/2025\/04\/Albergue-Municipal-El-Corro-Camino-de-Santiago-Frances.jpg 1200w\" sizes=\"(max-width: 768px) 100vw, 768px\" \/><i class=\"fas fa-link w-auto h-auto\" aria-hidden=\"true\"><\/i><\/a><\/div>\t\t<\/div>\n\t\t<\/div>\n<\/div><\/div><div class=\"card-body p-2  \"><div class=\"row justify-content-center gv-hide-3 gv-hide-0\"><div class=\"col col-4 text-center tofront \"><a href=\"https:\/\/caminodesantiagofrances.com\/en\/author\/caminodesantiagofrances-com\/\" title=\"caminodesantiagofrances-com\"><img decoding=\"async\" style=\"max-height:75px;\" class=\"rounded-circle shadow border border-white border-width-4 p-0 mw-100 mt-n5 bg-white\" src=\"https:\/\/secure.gravatar.com\/avatar\/03aa5dc32308904f80a38258afc0335b43d4b2bec3418626e4f8712b71c3b93e?s=96&#038;d=mm&#038;r=g\" alt=\"Author Image\"><\/a><\/div><\/div><div class=\"geodir-post-title bsui sdel-caa60b10\" ><h3 class=\"geodir-entry-title  h5 \"><a href=\"https:\/\/caminodesantiagofrances.com\/en\/lo\/albergue-municipal-el-corro\/\" class=\"\" title=\"View: Albergue Municipal El Corro\">Albergue Municipal El Corro<\/a><\/h3><\/div><div class=\"geodir-post-content-container bsui sdel-1e477937\" ><div class=\"geodir_post_meta  text-justify pb-1 position-relative geodir-field-post_content\" >RESERVAR AHORA Albergue Municipal El Corro en Belorado El Albergue Municipal El Corro se encuentra en la localidad burgalesa de<\/div><\/div><\/div><div class=\"card-footer p-2  \"><div class='d-flex justify-content-between align-items-center flex-wrap'><div><\/div><div><\/div><\/div><\/div><\/div>\t<\/div>\n\t<\/div>\n\n<div class=\"col mb-4 geodir-post post-13853 gd_place type-gd_place status-publish has-post-thumbnail gd-post-pkg-1\" data-post-id=\"13853\">\n\t\t<div class=\"card h-100 p-0 m-0 mw-100  \">\n\t<div class=\"card p-0 mw-100 h-100 \"><div class=\"card-img-top overflow-hidden position-relative  \"><span class=\"bsui gd-badge-meta\"><a href=\"https:\/\/caminodesantiagofrances.com\/en\/lo\/categoria\/albergue\/\" class=\"gd-badge border-0 badge ab-bottom-left ms-1\" data-id=\"13853\" data-badge=\"default_category\" data-badge-condition=\"is_not_empty\" style=\"background-color:rgba(0,0,0,0.5);border-color:rgba(0,0,0,0.5);color:#ffffff;\">Albergue<\/a>\n<\/span><div class=\"geodir_post_meta gd-fav-info-wrap  gd-fav-hide-text ab-bottom-right me-1  mb-n1  me-1 mb-n1 ab-bottom-right\" >\t\t<span class=\"gd-list-favorite\">\n\t\t\t<span class=\"geodir-addtofav favorite_property_13853  h5\" aria-hidden=\"true\"><span  title=\"Add to Favourites\"  class=\"geodir-addtofav-icon c-pointer geodir-act-fav\"  data-color-on=\"#ff0000\"  data-icon=\"fas fa-heart\"  data-color-off=\"rgba(223,223,223,0.8)\"  data-text-color=\"\"  data-bs-toggle=\"tooltip\"  aria-hidden=\"true\"  onclick=\"javascript:window.location.href='https:\/\/caminodesantiagofrances.com\/en\/wp-login.php'\"  ><i class=\"fas fa-heart\"  style=\"color:rgba(223,223,223,0.8);\" ><\/i> <span class=\"geodir-fav-text gv-secondary visually-hidden\" style=\"\" aria-hidden=\"true\">Favourite<\/span><\/span>\n<\/span>\t\t<\/span>\n\t\t<\/div><div class=\"geodir-post-slider bsui sdel-03994e04\" ><div class=\"geodir-image-container geodir-image-sizes-medium_large overflow-hidden\">\n\t\t\t<div class=\"geodir-images aui-gallery geodir-images-n-1 geodir-images-image carousel-inner \">\n\t\t<div class=\"carousel-item active\"><a href=\"https:\/\/caminodesantiagofrances.com\/en\/lo\/albergue-parroquial-belorado\/\" class=\"geodir-link-image embed-has-action ratio ratio-16x9 ratio ratio-16x9 d-block\"><img src='data:image\/png;base64,iVBORw0KGgoAAAANSUhEUgAAAGQAAAABCAQAAACC0sM2AAAADklEQVR42mP8X88wLAAAK5IBgMYCdqgAAAAASUVORK5CYII=' data-src=\"https:\/\/caminodesantiagofrances.com\/en\/wp-content\/uploads\/sites\/3\/2024\/10\/Albergue-Parroquial-Belorado-Camino-de-Santiago-Frances-768x403.jpg\" alt=\"Albergue Parroquial Belorado Camino de Santiago Frances 768x403\" width=\"768\" height=\"403\" class=\"geodir-lazy-load align size-medium_large geodir-image-511 embed-item-cover-xy w-100 p-0 m-0 mw-100 border-0\" data-srcset=\"https:\/\/caminodesantiagofrances.com\/en\/wp-content\/uploads\/sites\/3\/2024\/10\/Albergue-Parroquial-Belorado-Camino-de-Santiago-Frances-768x403.jpg 768w, https:\/\/caminodesantiagofrances.com\/en\/wp-content\/uploads\/sites\/3\/2024\/10\/Albergue-Parroquial-Belorado-Camino-de-Santiago-Frances-300x158.jpg 300w, https:\/\/caminodesantiagofrances.com\/en\/wp-content\/uploads\/sites\/3\/2024\/10\/Albergue-Parroquial-Belorado-Camino-de-Santiago-Frances-1024x538.jpg 1024w, https:\/\/caminodesantiagofrances.com\/en\/wp-content\/uploads\/sites\/3\/2024\/10\/Albergue-Parroquial-Belorado-Camino-de-Santiago-Frances.jpg 1200w\" sizes=\"(max-width: 768px) 100vw, 768px\" \/><i class=\"fas fa-link w-auto h-auto\" aria-hidden=\"true\"><\/i><\/a><\/div>\t\t<\/div>\n\t\t<\/div>\n<\/div><\/div><div class=\"card-body p-2  \"><div class=\"row justify-content-center gv-hide-3 gv-hide-0\"><div class=\"col col-4 text-center tofront \"><a href=\"https:\/\/caminodesantiagofrances.com\/en\/author\/caminodesantiagofrances-com\/\" title=\"caminodesantiagofrances-com\"><img decoding=\"async\" style=\"max-height:75px;\" class=\"rounded-circle shadow border border-white border-width-4 p-0 mw-100 mt-n5 bg-white\" src=\"https:\/\/secure.gravatar.com\/avatar\/03aa5dc32308904f80a38258afc0335b43d4b2bec3418626e4f8712b71c3b93e?s=96&#038;d=mm&#038;r=g\" alt=\"Author Image\"><\/a><\/div><\/div><div class=\"geodir-post-title bsui sdel-caa60b10\" ><h3 class=\"geodir-entry-title  h5 \"><a href=\"https:\/\/caminodesantiagofrances.com\/en\/lo\/albergue-parroquial-belorado\/\" class=\"\" title=\"View: Albergue Parroquial Belorado\">Albergue Parroquial Belorado<\/a><\/h3><\/div><div class=\"geodir-post-content-container bsui sdel-1e477937\" ><div class=\"geodir_post_meta  text-justify pb-1 position-relative geodir-field-post_content\" >Albergue de Peregrinos Parroquial de Belorado El Albergue de Peregrinos Parroquial de Belorado es un lugar religioso que se ha<\/div><\/div><\/div><div class=\"card-footer p-2  \"><div class='d-flex justify-content-between align-items-center flex-wrap'><div><\/div><div><\/div><\/div><\/div><\/div>\t<\/div>\n\t<\/div>\n\t<\/div>\n\t\t<\/div>\n\t\t<\/div><\/div>\n\n\n\n<h3 class=\"wp-block-heading has-text-align-center\"><a href=\"https:\/\/caminodesantiagofrances.com\/en\/provincia-de-burgos\/tosantos\/\" data-type=\"link\" data-id=\"https:\/\/caminodesantiagofrances.com\/en\/provincia-de-burgos\/tosantos\/\">Tosantos<\/a><\/h3>\n\n\n\n<h3 class=\"wp-block-heading has-text-align-center\"><a href=\"https:\/\/caminodesantiagofrances.com\/en\/provincia-de-burgos\/villambistia\/\" data-type=\"link\" data-id=\"https:\/\/caminodesantiagofrances.com\/en\/provincia-de-burgos\/villambistia\/\">Villambistia<\/a><\/h3>\n\n\n\n<h3 class=\"wp-block-heading has-text-align-center\"><a href=\"https:\/\/caminodesantiagofrances.com\/en\/provincia-de-burgos\/espinosa-del-camino\/\" data-type=\"link\" data-id=\"https:\/\/caminodesantiagofrances.com\/en\/provincia-de-burgos\/espinosa-del-camino\/\">Espinosa del Camino<\/a><\/h3>\n\n\n\n<h3 class=\"wp-block-heading has-text-align-center\"><a href=\"https:\/\/caminodesantiagofrances.com\/en\/provincia-de-burgos\/villafranca-montes-de-oca\/\" data-type=\"link\" data-id=\"https:\/\/caminodesantiagofrances.com\/en\/provincia-de-burgos\/villafranca-montes-de-oca\/\">Villafranca Montes de Oca<\/a><\/h3>\n\n\n\n<h3 class=\"wp-block-heading has-text-align-center\"><a href=\"https:\/\/caminodesantiagofrances.com\/en\/provincia-de-burgos\/san-juan-de-ortega\/\" data-type=\"link\" data-id=\"https:\/\/caminodesantiagofrances.com\/en\/provincia-de-burgos\/san-juan-de-ortega\/\">San Juan de Ortega<\/a><\/h3>\n\n\n\n<h3 class=\"wp-block-heading has-text-align-center\"><a href=\"https:\/\/caminodesantiagofrances.com\/en\/provincia-de-burgos\/ages\/\" data-type=\"link\" data-id=\"https:\/\/caminodesantiagofrances.com\/en\/provincia-de-burgos\/ages\/\">Ag\u00e9s<\/a><\/h3>\n\n\n\n<h3 class=\"wp-block-heading has-text-align-center\"><a href=\"https:\/\/caminodesantiagofrances.com\/en\/provincia-de-burgos\/atapuerca\/\" data-type=\"link\" data-id=\"https:\/\/caminodesantiagofrances.com\/en\/provincia-de-burgos\/atapuerca\/\">Atapuerca<\/a><\/h3>\n\n\n\n<h3 class=\"wp-block-heading has-text-align-center\"><a href=\"https:\/\/caminodesantiagofrances.com\/en\/provincia-de-burgos\/villalval\/\" data-type=\"link\" data-id=\"https:\/\/caminodesantiagofrances.com\/en\/provincia-de-burgos\/villalval\/\">Villalval<\/a><\/h3>\n\n\n\n<h3 class=\"wp-block-heading has-text-align-center\"><a href=\"https:\/\/caminodesantiagofrances.com\/en\/provincia-de-burgos\/cardenuela-riopico\/\" data-type=\"link\" data-id=\"https:\/\/caminodesantiagofrances.com\/en\/provincia-de-burgos\/cardenuela-riopico\/\">Carde\u00f1uela Riopico<\/a><\/h3>\n\n\n\n<h3 class=\"wp-block-heading has-text-align-center\"><a href=\"https:\/\/caminodesantiagofrances.com\/en\/provincia-de-burgos\/orbaneja-riopico\/\" data-type=\"link\" data-id=\"https:\/\/caminodesantiagofrances.com\/en\/provincia-de-burgos\/orbaneja-riopico\/\">Orbaneja Riopico<\/a><\/h3>\n\n\n\n<h3 class=\"wp-block-heading has-text-align-center\"><a href=\"https:\/\/caminodesantiagofrances.com\/en\/provincia-de-burgos\/villafria\/\" data-type=\"link\" data-id=\"https:\/\/caminodesantiagofrances.com\/en\/provincia-de-burgos\/villafria\/\">Villafr\u00eda<\/a><\/h3>\n\n\n\n<h3 class=\"wp-block-heading has-text-align-center\"><a href=\"https:\/\/caminodesantiagofrances.com\/en\/provincia-de-burgos\/burgos\/\" data-type=\"link\" data-id=\"https:\/\/caminodesantiagofrances.com\/en\/provincia-de-burgos\/burgos\/\">Burgos<\/a><\/h3>\n\n\n\n<div class=\"wp-block-geodirectory-geodir-widget-listings\"><div class=\"geodir-listings bsui sdel-3650895f\" >\t\t<div id=\"geodir_6a9d453425623\" class=\"geodir_locations geodir_location_listing\n\t\t\t\t\t\t\t mb-3\t\t position-relative\">\n\t\t\t\t<div\n\t\tclass=\"row row-cols-1 row-cols-sm-2 geodir-category-list-view geodir-widget-posts geodir-gridview row-cols-md-2\">\n\t\t\n<div class=\"col mb-4 geodir-post post-16547 gd_place type-gd_place status-publish has-post-thumbnail gd-post-pkg-1\" data-post-id=\"16547\">\n\t\t<div class=\"card h-100 p-0 m-0 mw-100  \">\n\t<div class=\"card p-0 mw-100 h-100 \"><div class=\"card-img-top overflow-hidden position-relative  \"><span class=\"bsui gd-badge-meta\"><a href=\"https:\/\/caminodesantiagofrances.com\/en\/lo\/categoria\/albergue\/\" class=\"gd-badge border-0 badge ab-bottom-left ms-1\" data-id=\"16547\" data-badge=\"default_category\" data-badge-condition=\"is_not_empty\" style=\"background-color:rgba(0,0,0,0.5);border-color:rgba(0,0,0,0.5);color:#ffffff;\">Albergue<\/a>\n<\/span><div class=\"geodir_post_meta gd-fav-info-wrap  gd-fav-hide-text ab-bottom-right me-1  mb-n1  me-1 mb-n1 ab-bottom-right\" >\t\t<span class=\"gd-list-favorite\">\n\t\t\t<span class=\"geodir-addtofav favorite_property_16547  h5\" aria-hidden=\"true\"><span  title=\"Add to Favourites\"  class=\"geodir-addtofav-icon c-pointer geodir-act-fav\"  data-color-on=\"#ff0000\"  data-icon=\"fas fa-heart\"  data-color-off=\"rgba(223,223,223,0.8)\"  data-text-color=\"\"  data-bs-toggle=\"tooltip\"  aria-hidden=\"true\"  onclick=\"javascript:window.location.href='https:\/\/caminodesantiagofrances.com\/en\/wp-login.php'\"  ><i class=\"fas fa-heart\"  style=\"color:rgba(223,223,223,0.8);\" ><\/i> <span class=\"geodir-fav-text gv-secondary visually-hidden\" style=\"\" aria-hidden=\"true\">Favourite<\/span><\/span>\n<\/span>\t\t<\/span>\n\t\t<\/div><div class=\"geodir-post-slider bsui sdel-03994e04\" ><div class=\"geodir-image-container geodir-image-sizes-medium_large overflow-hidden\">\n\t\t\t<div class=\"geodir-images aui-gallery geodir-images-n-1 geodir-images-image carousel-inner \">\n\t\t<div class=\"carousel-item active\"><a href=\"https:\/\/caminodesantiagofrances.com\/en\/lo\/albergue-mola-hostel-burgos\/\" class=\"geodir-link-image embed-has-action ratio ratio-16x9 ratio ratio-16x9 d-block\"><img src='data:image\/png;base64,iVBORw0KGgoAAAANSUhEUgAAAGQAAAABCAQAAACC0sM2AAAADklEQVR42mP8X88wLAAAK5IBgMYCdqgAAAAASUVORK5CYII=' data-src=\"https:\/\/caminodesantiagofrances.com\/en\/wp-content\/uploads\/sites\/3\/2025\/09\/Albergue-Mola-Hostel-Burgos-Camino-de-Santiago-Frances-768x403.jpg\" alt=\"Albergue Mola Hostel Burgos Camino de Santiago Frances 768x403\" width=\"768\" height=\"403\" class=\"geodir-lazy-load align size-medium_large geodir-image-3806 embed-item-cover-xy w-100 p-0 m-0 mw-100 border-0\" data-srcset=\"https:\/\/caminodesantiagofrances.com\/en\/wp-content\/uploads\/sites\/3\/2025\/09\/Albergue-Mola-Hostel-Burgos-Camino-de-Santiago-Frances-768x403.jpg 768w, https:\/\/caminodesantiagofrances.com\/en\/wp-content\/uploads\/sites\/3\/2025\/09\/Albergue-Mola-Hostel-Burgos-Camino-de-Santiago-Frances-300x158.jpg 300w, https:\/\/caminodesantiagofrances.com\/en\/wp-content\/uploads\/sites\/3\/2025\/09\/Albergue-Mola-Hostel-Burgos-Camino-de-Santiago-Frances-1024x538.jpg 1024w, https:\/\/caminodesantiagofrances.com\/en\/wp-content\/uploads\/sites\/3\/2025\/09\/Albergue-Mola-Hostel-Burgos-Camino-de-Santiago-Frances.jpg 1200w\" sizes=\"(max-width: 768px) 100vw, 768px\" \/><i class=\"fas fa-link w-auto h-auto\" aria-hidden=\"true\"><\/i><\/a><\/div>\t\t<\/div>\n\t\t<\/div>\n<\/div><\/div><div class=\"card-body p-2  \"><div class=\"row justify-content-center gv-hide-3 gv-hide-0\"><div class=\"col col-4 text-center tofront \"><a href=\"https:\/\/caminodesantiagofrances.com\/en\/author\/caminodesantiagofrances-com\/\" title=\"caminodesantiagofrances-com\"><img decoding=\"async\" style=\"max-height:75px;\" class=\"rounded-circle shadow border border-white border-width-4 p-0 mw-100 mt-n5 bg-white\" src=\"https:\/\/secure.gravatar.com\/avatar\/03aa5dc32308904f80a38258afc0335b43d4b2bec3418626e4f8712b71c3b93e?s=96&#038;d=mm&#038;r=g\" alt=\"Author Image\"><\/a><\/div><\/div><div class=\"geodir-post-title bsui sdel-caa60b10\" ><h3 class=\"geodir-entry-title  h5 \"><a href=\"https:\/\/caminodesantiagofrances.com\/en\/lo\/albergue-mola-hostel-burgos\/\" class=\"\" title=\"View: Albergue Mola! Hostel Burgos\">Albergue Mola! Hostel Burgos<\/a><\/h3><\/div><div class=\"geodir-post-content-container bsui sdel-1e477937\" ><div class=\"geodir_post_meta  text-justify pb-1 position-relative geodir-field-post_content\" >RESERVAR AHORA Albergue Mola! Hostel Burgos \u2013 Modernidad y hospitalidad en el Camino de Santiago El Albergue Mola! Hostel Burgos<\/div><\/div><\/div><div class=\"card-footer p-2  \"><div class='d-flex justify-content-between align-items-center flex-wrap'><div><\/div><div><\/div><\/div><\/div><\/div>\t<\/div>\n\t<\/div>\n\n<div class=\"col mb-4 geodir-post post-16544 gd_place type-gd_place status-publish has-post-thumbnail gd-post-pkg-1\" data-post-id=\"16544\">\n\t\t<div class=\"card h-100 p-0 m-0 mw-100  \">\n\t<div class=\"card p-0 mw-100 h-100 \"><div class=\"card-img-top overflow-hidden position-relative  \"><span class=\"bsui gd-badge-meta\"><a href=\"https:\/\/caminodesantiagofrances.com\/en\/lo\/categoria\/albergue\/\" class=\"gd-badge border-0 badge ab-bottom-left ms-1\" data-id=\"16544\" data-badge=\"default_category\" data-badge-condition=\"is_not_empty\" style=\"background-color:rgba(0,0,0,0.5);border-color:rgba(0,0,0,0.5);color:#ffffff;\">Albergue<\/a>\n<\/span><div class=\"geodir_post_meta gd-fav-info-wrap  gd-fav-hide-text ab-bottom-right me-1  mb-n1  me-1 mb-n1 ab-bottom-right\" >\t\t<span class=\"gd-list-favorite\">\n\t\t\t<span class=\"geodir-addtofav favorite_property_16544  h5\" aria-hidden=\"true\"><span  title=\"Add to Favourites\"  class=\"geodir-addtofav-icon c-pointer geodir-act-fav\"  data-color-on=\"#ff0000\"  data-icon=\"fas fa-heart\"  data-color-off=\"rgba(223,223,223,0.8)\"  data-text-color=\"\"  data-bs-toggle=\"tooltip\"  aria-hidden=\"true\"  onclick=\"javascript:window.location.href='https:\/\/caminodesantiagofrances.com\/en\/wp-login.php'\"  ><i class=\"fas fa-heart\"  style=\"color:rgba(223,223,223,0.8);\" ><\/i> <span class=\"geodir-fav-text gv-secondary visually-hidden\" style=\"\" aria-hidden=\"true\">Favourite<\/span><\/span>\n<\/span>\t\t<\/span>\n\t\t<\/div><div class=\"geodir-post-slider bsui sdel-03994e04\" ><div class=\"geodir-image-container geodir-image-sizes-medium_large overflow-hidden\">\n\t\t\t<div class=\"geodir-images aui-gallery geodir-images-n-1 geodir-images-image carousel-inner \">\n\t\t<div class=\"carousel-item active\"><a href=\"https:\/\/caminodesantiagofrances.com\/en\/lo\/albergue-hostel-catedral-burgos\/\" class=\"geodir-link-image embed-has-action ratio ratio-16x9 ratio ratio-16x9 d-block\"><img src='data:image\/png;base64,iVBORw0KGgoAAAANSUhEUgAAAGQAAAABCAQAAACC0sM2AAAADklEQVR42mP8X88wLAAAK5IBgMYCdqgAAAAASUVORK5CYII=' data-src=\"https:\/\/caminodesantiagofrances.com\/en\/wp-content\/uploads\/sites\/3\/2025\/09\/Albergue-Hostel-Catedral-Burgos-Camino-de-Santiago-Frances-768x403.jpg\" alt=\"Albergue Hostel Catedral Burgos Camino de Santiago Frances 768x403\" width=\"768\" height=\"403\" class=\"geodir-lazy-load align size-medium_large geodir-image-3790 embed-item-cover-xy w-100 p-0 m-0 mw-100 border-0\" data-srcset=\"https:\/\/caminodesantiagofrances.com\/en\/wp-content\/uploads\/sites\/3\/2025\/09\/Albergue-Hostel-Catedral-Burgos-Camino-de-Santiago-Frances-768x403.jpg 768w, https:\/\/caminodesantiagofrances.com\/en\/wp-content\/uploads\/sites\/3\/2025\/09\/Albergue-Hostel-Catedral-Burgos-Camino-de-Santiago-Frances-300x158.jpg 300w, https:\/\/caminodesantiagofrances.com\/en\/wp-content\/uploads\/sites\/3\/2025\/09\/Albergue-Hostel-Catedral-Burgos-Camino-de-Santiago-Frances-1024x538.jpg 1024w, https:\/\/caminodesantiagofrances.com\/en\/wp-content\/uploads\/sites\/3\/2025\/09\/Albergue-Hostel-Catedral-Burgos-Camino-de-Santiago-Frances.jpg 1200w\" sizes=\"(max-width: 768px) 100vw, 768px\" \/><i class=\"fas fa-link w-auto h-auto\" aria-hidden=\"true\"><\/i><\/a><\/div>\t\t<\/div>\n\t\t<\/div>\n<\/div><\/div><div class=\"card-body p-2  \"><div class=\"row justify-content-center gv-hide-3 gv-hide-0\"><div class=\"col col-4 text-center tofront \"><a href=\"https:\/\/caminodesantiagofrances.com\/en\/author\/caminodesantiagofrances-com\/\" title=\"caminodesantiagofrances-com\"><img decoding=\"async\" style=\"max-height:75px;\" class=\"rounded-circle shadow border border-white border-width-4 p-0 mw-100 mt-n5 bg-white\" src=\"https:\/\/secure.gravatar.com\/avatar\/03aa5dc32308904f80a38258afc0335b43d4b2bec3418626e4f8712b71c3b93e?s=96&#038;d=mm&#038;r=g\" alt=\"Author Image\"><\/a><\/div><\/div><div class=\"geodir-post-title bsui sdel-caa60b10\" ><h3 class=\"geodir-entry-title  h5 \"><a href=\"https:\/\/caminodesantiagofrances.com\/en\/lo\/albergue-hostel-catedral-burgos\/\" class=\"\" title=\"View: Albergue Hostel Catedral Burgos\">Albergue Hostel Catedral Burgos<\/a><\/h3><\/div><div class=\"geodir-post-content-container bsui sdel-1e477937\" ><div class=\"geodir_post_meta  text-justify pb-1 position-relative geodir-field-post_content\" >RESERVAR AHORA Albergue Hostel Catedral Burgos \u2013 Confort moderno junto a la Catedral de Burgos El Albergue Hostel Catedral Burgos<\/div><\/div><\/div><div class=\"card-footer p-2  \"><div class='d-flex justify-content-between align-items-center flex-wrap'><div><\/div><div><\/div><\/div><\/div><\/div>\t<\/div>\n\t<\/div>\n\n<div class=\"col mb-4 geodir-post post-14865 gd_place type-gd_place status-publish has-post-thumbnail gd-post-pkg-1\" data-post-id=\"14865\">\n\t\t<div class=\"card h-100 p-0 m-0 mw-100  \">\n\t<div class=\"card p-0 mw-100 h-100 \"><div class=\"card-img-top overflow-hidden position-relative  \"><span class=\"bsui gd-badge-meta\"><a href=\"https:\/\/caminodesantiagofrances.com\/en\/lo\/categoria\/albergue\/\" class=\"gd-badge border-0 badge ab-bottom-left ms-1\" data-id=\"14865\" data-badge=\"default_category\" data-badge-condition=\"is_not_empty\" style=\"background-color:rgba(0,0,0,0.5);border-color:rgba(0,0,0,0.5);color:#ffffff;\">Albergue<\/a>\n<\/span><div class=\"geodir_post_meta gd-fav-info-wrap  gd-fav-hide-text ab-bottom-right me-1  mb-n1  me-1 mb-n1 ab-bottom-right\" >\t\t<span class=\"gd-list-favorite\">\n\t\t\t<span class=\"geodir-addtofav favorite_property_14865  h5\" aria-hidden=\"true\"><span  title=\"Add to Favourites\"  class=\"geodir-addtofav-icon c-pointer geodir-act-fav\"  data-color-on=\"#ff0000\"  data-icon=\"fas fa-heart\"  data-color-off=\"rgba(223,223,223,0.8)\"  data-text-color=\"\"  data-bs-toggle=\"tooltip\"  aria-hidden=\"true\"  onclick=\"javascript:window.location.href='https:\/\/caminodesantiagofrances.com\/en\/wp-login.php'\"  ><i class=\"fas fa-heart\"  style=\"color:rgba(223,223,223,0.8);\" ><\/i> <span class=\"geodir-fav-text gv-secondary visually-hidden\" style=\"\" aria-hidden=\"true\">Favourite<\/span><\/span>\n<\/span>\t\t<\/span>\n\t\t<\/div><div class=\"geodir-post-slider bsui sdel-03994e04\" ><div class=\"geodir-image-container geodir-image-sizes-medium_large overflow-hidden\">\n\t\t\t<div class=\"geodir-images aui-gallery geodir-images-n-1 geodir-images-image carousel-inner \">\n\t\t<div class=\"carousel-item active\"><a href=\"https:\/\/caminodesantiagofrances.com\/en\/lo\/albergue-divina-pastora-burgos\/\" class=\"geodir-link-image embed-has-action ratio ratio-16x9 ratio ratio-16x9 d-block\"><img src='data:image\/png;base64,iVBORw0KGgoAAAANSUhEUgAAAGQAAAABCAQAAACC0sM2AAAADklEQVR42mP8X88wLAAAK5IBgMYCdqgAAAAASUVORK5CYII=' data-src=\"https:\/\/caminodesantiagofrances.com\/en\/wp-content\/uploads\/sites\/3\/2025\/04\/Albergue-Divina-Pastora-Burgos-Camino-de-Santiago-Frances-768x403.jpg\" alt=\"Albergue Divina Pastora Burgos Camino de Santiago Frances 768x403\" width=\"768\" height=\"403\" class=\"geodir-lazy-load align size-medium_large geodir-image-700 embed-item-cover-xy w-100 p-0 m-0 mw-100 border-0\" data-srcset=\"https:\/\/caminodesantiagofrances.com\/en\/wp-content\/uploads\/sites\/3\/2025\/04\/Albergue-Divina-Pastora-Burgos-Camino-de-Santiago-Frances-768x403.jpg 768w, https:\/\/caminodesantiagofrances.com\/en\/wp-content\/uploads\/sites\/3\/2025\/04\/Albergue-Divina-Pastora-Burgos-Camino-de-Santiago-Frances-300x158.jpg 300w, https:\/\/caminodesantiagofrances.com\/en\/wp-content\/uploads\/sites\/3\/2025\/04\/Albergue-Divina-Pastora-Burgos-Camino-de-Santiago-Frances-1024x538.jpg 1024w, https:\/\/caminodesantiagofrances.com\/en\/wp-content\/uploads\/sites\/3\/2025\/04\/Albergue-Divina-Pastora-Burgos-Camino-de-Santiago-Frances.jpg 1200w\" sizes=\"(max-width: 768px) 100vw, 768px\" \/><i class=\"fas fa-link w-auto h-auto\" aria-hidden=\"true\"><\/i><\/a><\/div>\t\t<\/div>\n\t\t<\/div>\n<\/div><\/div><div class=\"card-body p-2  \"><div class=\"row justify-content-center gv-hide-3 gv-hide-0\"><div class=\"col col-4 text-center tofront \"><a href=\"https:\/\/caminodesantiagofrances.com\/en\/author\/caminodesantiagofrances-com\/\" title=\"caminodesantiagofrances-com\"><img decoding=\"async\" style=\"max-height:75px;\" class=\"rounded-circle shadow border border-white border-width-4 p-0 mw-100 mt-n5 bg-white\" src=\"https:\/\/secure.gravatar.com\/avatar\/03aa5dc32308904f80a38258afc0335b43d4b2bec3418626e4f8712b71c3b93e?s=96&#038;d=mm&#038;r=g\" alt=\"Author Image\"><\/a><\/div><\/div><div class=\"geodir-post-title bsui sdel-caa60b10\" ><h3 class=\"geodir-entry-title  h5 \"><a href=\"https:\/\/caminodesantiagofrances.com\/en\/lo\/albergue-divina-pastora-burgos\/\" class=\"\" title=\"View: Albergue Divina Pastora Burgos\">Albergue Divina Pastora Burgos<\/a><\/h3><\/div><div class=\"geodir-post-content-container bsui sdel-1e477937\" ><div class=\"geodir_post_meta  text-justify pb-1 position-relative geodir-field-post_content\" >Albergue de Peregrinos Santiago y Santa Catalina &#8220;La Divina Pastora&#8221; en Burgos Albergue La Divina Pastora Ubicado estrat\u00e9gicamente en el<\/div><\/div><\/div><div class=\"card-footer p-2  \"><div class='d-flex justify-content-between align-items-center flex-wrap'><div><\/div><div><\/div><\/div><\/div><\/div>\t<\/div>\n\t<\/div>\n\n<div class=\"col mb-4 geodir-post post-13660 gd_place type-gd_place status-publish has-post-thumbnail gd-post-pkg-1\" data-post-id=\"13660\">\n\t\t<div class=\"card h-100 p-0 m-0 mw-100  \">\n\t<div class=\"card p-0 mw-100 h-100 \"><div class=\"card-img-top overflow-hidden position-relative  \"><span class=\"bsui gd-badge-meta\"><a href=\"https:\/\/caminodesantiagofrances.com\/en\/lo\/categoria\/albergue\/\" class=\"gd-badge border-0 badge ab-bottom-left ms-1\" data-id=\"13660\" data-badge=\"default_category\" data-badge-condition=\"is_not_empty\" style=\"background-color:rgba(0,0,0,0.5);border-color:rgba(0,0,0,0.5);color:#ffffff;\">Albergue<\/a>\n<\/span><div class=\"geodir_post_meta gd-fav-info-wrap  gd-fav-hide-text ab-bottom-right me-1  mb-n1  me-1 mb-n1 ab-bottom-right\" >\t\t<span class=\"gd-list-favorite\">\n\t\t\t<span class=\"geodir-addtofav favorite_property_13660  h5\" aria-hidden=\"true\"><span  title=\"Add to Favourites\"  class=\"geodir-addtofav-icon c-pointer geodir-act-fav\"  data-color-on=\"#ff0000\"  data-icon=\"fas fa-heart\"  data-color-off=\"rgba(223,223,223,0.8)\"  data-text-color=\"\"  data-bs-toggle=\"tooltip\"  aria-hidden=\"true\"  onclick=\"javascript:window.location.href='https:\/\/caminodesantiagofrances.com\/en\/wp-login.php'\"  ><i class=\"fas fa-heart\"  style=\"color:rgba(223,223,223,0.8);\" ><\/i> <span class=\"geodir-fav-text gv-secondary visually-hidden\" style=\"\" aria-hidden=\"true\">Favourite<\/span><\/span>\n<\/span>\t\t<\/span>\n\t\t<\/div><div class=\"geodir-post-slider bsui sdel-03994e04\" ><div class=\"geodir-image-container geodir-image-sizes-medium_large overflow-hidden\">\n\t\t\t<div class=\"geodir-images aui-gallery geodir-images-n-1 geodir-images-image carousel-inner \">\n\t\t<div class=\"carousel-item active\"><a href=\"https:\/\/caminodesantiagofrances.com\/en\/lo\/albergue-municipal-casa-del-cubo\/\" class=\"geodir-link-image embed-has-action ratio ratio-16x9 ratio ratio-16x9 d-block\"><img src='data:image\/png;base64,iVBORw0KGgoAAAANSUhEUgAAAGQAAAABCAQAAACC0sM2AAAADklEQVR42mP8X88wLAAAK5IBgMYCdqgAAAAASUVORK5CYII=' data-src=\"https:\/\/caminodesantiagofrances.com\/en\/wp-content\/uploads\/sites\/3\/2024\/10\/Albergue-Municipal-Casa-del-Cubo-Camino-de-Santiago-Frances-768x403.jpg\" alt=\"Albergue Municipal Casa del Cubo Camino de Santiago Frances 768x403\" width=\"768\" height=\"403\" class=\"geodir-lazy-load align size-medium_large geodir-image-471 embed-item-cover-xy w-100 p-0 m-0 mw-100 border-0\" data-srcset=\"https:\/\/caminodesantiagofrances.com\/en\/wp-content\/uploads\/sites\/3\/2024\/10\/Albergue-Municipal-Casa-del-Cubo-Camino-de-Santiago-Frances-768x403.jpg 768w, https:\/\/caminodesantiagofrances.com\/en\/wp-content\/uploads\/sites\/3\/2024\/10\/Albergue-Municipal-Casa-del-Cubo-Camino-de-Santiago-Frances-300x158.jpg 300w, https:\/\/caminodesantiagofrances.com\/en\/wp-content\/uploads\/sites\/3\/2024\/10\/Albergue-Municipal-Casa-del-Cubo-Camino-de-Santiago-Frances-1024x538.jpg 1024w, https:\/\/caminodesantiagofrances.com\/en\/wp-content\/uploads\/sites\/3\/2024\/10\/Albergue-Municipal-Casa-del-Cubo-Camino-de-Santiago-Frances.jpg 1200w\" sizes=\"(max-width: 768px) 100vw, 768px\" \/><i class=\"fas fa-link w-auto h-auto\" aria-hidden=\"true\"><\/i><\/a><\/div>\t\t<\/div>\n\t\t<\/div>\n<\/div><\/div><div class=\"card-body p-2  \"><div class=\"row justify-content-center gv-hide-3 gv-hide-0\"><div class=\"col col-4 text-center tofront \"><a href=\"https:\/\/caminodesantiagofrances.com\/en\/author\/caminodesantiagofrances-com\/\" title=\"caminodesantiagofrances-com\"><img decoding=\"async\" style=\"max-height:75px;\" class=\"rounded-circle shadow border border-white border-width-4 p-0 mw-100 mt-n5 bg-white\" src=\"https:\/\/secure.gravatar.com\/avatar\/03aa5dc32308904f80a38258afc0335b43d4b2bec3418626e4f8712b71c3b93e?s=96&#038;d=mm&#038;r=g\" alt=\"Author Image\"><\/a><\/div><\/div><div class=\"geodir-post-title bsui sdel-caa60b10\" ><h3 class=\"geodir-entry-title  h5 \"><a href=\"https:\/\/caminodesantiagofrances.com\/en\/lo\/albergue-municipal-casa-del-cubo\/\" class=\"\" title=\"View: Albergue Municipal Casa del Cubo\">Albergue Municipal Casa del Cubo<\/a><\/h3><\/div><div class=\"geodir-post-content-container bsui sdel-1e477937\" ><div class=\"geodir_post_meta  text-justify pb-1 position-relative geodir-field-post_content\" >Albergue de peregrinos Municipal Casa del Cubo en Burgos El albergue de peregrinos municipal conocido como Casa del Cubo es<\/div><\/div><\/div><div class=\"card-footer p-2  \"><div class='d-flex justify-content-between align-items-center flex-wrap'><div><\/div><div><\/div><\/div><\/div><\/div>\t<\/div>\n\t<\/div>\n\t<\/div>\n\t\t<\/div>\n\t\t<\/div><\/div>\n\n\n\n<h3 class=\"wp-block-heading has-text-align-center\"><a href=\"https:\/\/caminodesantiagofrances.com\/en\/provincia-de-burgos\/tardajos\/\" data-type=\"link\" data-id=\"https:\/\/caminodesantiagofrances.com\/en\/provincia-de-burgos\/tardajos\/\">Tardajos<\/a><\/h3>\n\n\n\n<div class=\"wp-block-geodirectory-geodir-widget-listings\"><div class=\"geodir-listings bsui sdel-6a356e9a\" >\t\t<div id=\"geodir_6a9d45342c6a4\" class=\"geodir_locations geodir_location_listing\n\t\t\t\t\t\t\t mb-3\t\t position-relative\">\n\t\t\t\t<div\n\t\tclass=\"row row-cols-1 row-cols-sm-2 geodir-category-list-view geodir-widget-posts geodir-gridview row-cols-md-2\">\n\t\t\n<div class=\"col mb-4 geodir-post post-16956 gd_place type-gd_place status-publish has-post-thumbnail gd-post-pkg-1\" data-post-id=\"16956\">\n\t\t<div class=\"card h-100 p-0 m-0 mw-100  \">\n\t<div class=\"card p-0 mw-100 h-100 \"><div class=\"card-img-top overflow-hidden position-relative  \"><span class=\"bsui gd-badge-meta\"><a href=\"https:\/\/caminodesantiagofrances.com\/en\/lo\/categoria\/albergue\/\" class=\"gd-badge border-0 badge ab-bottom-left ms-1\" data-id=\"16956\" data-badge=\"default_category\" data-badge-condition=\"is_not_empty\" style=\"background-color:rgba(0,0,0,0.5);border-color:rgba(0,0,0,0.5);color:#ffffff;\">Albergue<\/a>\n<\/span><div class=\"geodir_post_meta gd-fav-info-wrap  gd-fav-hide-text ab-bottom-right me-1  mb-n1  me-1 mb-n1 ab-bottom-right\" >\t\t<span class=\"gd-list-favorite\">\n\t\t\t<span class=\"geodir-addtofav favorite_property_16956  h5\" aria-hidden=\"true\"><span  title=\"Add to Favourites\"  class=\"geodir-addtofav-icon c-pointer geodir-act-fav\"  data-color-on=\"#ff0000\"  data-icon=\"fas fa-heart\"  data-color-off=\"rgba(223,223,223,0.8)\"  data-text-color=\"\"  data-bs-toggle=\"tooltip\"  aria-hidden=\"true\"  onclick=\"javascript:window.location.href='https:\/\/caminodesantiagofrances.com\/en\/wp-login.php'\"  ><i class=\"fas fa-heart\"  style=\"color:rgba(223,223,223,0.8);\" ><\/i> <span class=\"geodir-fav-text gv-secondary visually-hidden\" style=\"\" aria-hidden=\"true\">Favourite<\/span><\/span>\n<\/span>\t\t<\/span>\n\t\t<\/div><div class=\"geodir-post-slider bsui sdel-03994e04\" ><div class=\"geodir-image-container geodir-image-sizes-medium_large overflow-hidden\">\n\t\t\t<div class=\"geodir-images aui-gallery geodir-images-n-1 geodir-images-image carousel-inner \">\n\t\t<div class=\"carousel-item active\"><a href=\"https:\/\/caminodesantiagofrances.com\/en\/lo\/albergue-la-fabrica-tardajos\/\" class=\"geodir-link-image embed-has-action ratio ratio-16x9 ratio ratio-16x9 d-block\"><img src='data:image\/png;base64,iVBORw0KGgoAAAANSUhEUgAAAGQAAAABCAQAAACC0sM2AAAADklEQVR42mP8X88wLAAAK5IBgMYCdqgAAAAASUVORK5CYII=' data-src=\"https:\/\/caminodesantiagofrances.com\/en\/wp-content\/uploads\/sites\/3\/2025\/10\/Albergue-La-Fabrica-Tardajos-Camino-de-Santiago-Frances-768x403.jpg\" alt=\"Albergue La Fabrica Tardajos Camino de Santiago Frances 768x403\" width=\"768\" height=\"403\" class=\"geodir-lazy-load align size-medium_large geodir-image-4542 embed-item-cover-xy w-100 p-0 m-0 mw-100 border-0\" data-srcset=\"https:\/\/caminodesantiagofrances.com\/en\/wp-content\/uploads\/sites\/3\/2025\/10\/Albergue-La-Fabrica-Tardajos-Camino-de-Santiago-Frances-768x403.jpg 768w, https:\/\/caminodesantiagofrances.com\/en\/wp-content\/uploads\/sites\/3\/2025\/10\/Albergue-La-Fabrica-Tardajos-Camino-de-Santiago-Frances-300x158.jpg 300w, https:\/\/caminodesantiagofrances.com\/en\/wp-content\/uploads\/sites\/3\/2025\/10\/Albergue-La-Fabrica-Tardajos-Camino-de-Santiago-Frances-1024x538.jpg 1024w, https:\/\/caminodesantiagofrances.com\/en\/wp-content\/uploads\/sites\/3\/2025\/10\/Albergue-La-Fabrica-Tardajos-Camino-de-Santiago-Frances.jpg 1200w\" sizes=\"(max-width: 768px) 100vw, 768px\" \/><i class=\"fas fa-link w-auto h-auto\" aria-hidden=\"true\"><\/i><\/a><\/div>\t\t<\/div>\n\t\t<\/div>\n<\/div><\/div><div class=\"card-body p-2  \"><div class=\"row justify-content-center gv-hide-3 gv-hide-0\"><div class=\"col col-4 text-center tofront \"><a href=\"https:\/\/caminodesantiagofrances.com\/en\/author\/caminodesantiagofrances-com\/\" title=\"caminodesantiagofrances-com\"><img decoding=\"async\" style=\"max-height:75px;\" class=\"rounded-circle shadow border border-white border-width-4 p-0 mw-100 mt-n5 bg-white\" src=\"https:\/\/secure.gravatar.com\/avatar\/03aa5dc32308904f80a38258afc0335b43d4b2bec3418626e4f8712b71c3b93e?s=96&#038;d=mm&#038;r=g\" alt=\"Author Image\"><\/a><\/div><\/div><div class=\"geodir-post-title bsui sdel-caa60b10\" ><h3 class=\"geodir-entry-title  h5 \"><a href=\"https:\/\/caminodesantiagofrances.com\/en\/lo\/albergue-la-fabrica-tardajos\/\" class=\"\" title=\"View: Albergue La F\u00e1brica Tardajos\">Albergue La F\u00e1brica Tardajos<\/a><\/h3><\/div><div class=\"geodir-post-content-container bsui sdel-1e477937\" ><div class=\"geodir_post_meta  text-justify pb-1 position-relative geodir-field-post_content\" >RESERVAR AHORA Albergue La F\u00e1brica: descanso en Tardajos En la pintoresca localidad de Tardajos, a tan solo 12 km de<\/div><\/div><\/div><div class=\"card-footer p-2  \"><div class='d-flex justify-content-between align-items-center flex-wrap'><div><\/div><div><\/div><\/div><\/div><\/div>\t<\/div>\n\t<\/div>\n\n<div class=\"col mb-4 geodir-post post-13668 gd_place type-gd_place status-publish has-post-thumbnail gd-post-pkg-1\" data-post-id=\"13668\">\n\t\t<div class=\"card h-100 p-0 m-0 mw-100  \">\n\t<div class=\"card p-0 mw-100 h-100 \"><div class=\"card-img-top overflow-hidden position-relative  \"><span class=\"bsui gd-badge-meta\"><a href=\"https:\/\/caminodesantiagofrances.com\/en\/lo\/categoria\/albergue\/\" class=\"gd-badge border-0 badge ab-bottom-left ms-1\" data-id=\"13668\" data-badge=\"default_category\" data-badge-condition=\"is_not_empty\" style=\"background-color:rgba(0,0,0,0.5);border-color:rgba(0,0,0,0.5);color:#ffffff;\">Albergue<\/a>\n<\/span><div class=\"geodir_post_meta gd-fav-info-wrap  gd-fav-hide-text ab-bottom-right me-1  mb-n1  me-1 mb-n1 ab-bottom-right\" >\t\t<span class=\"gd-list-favorite\">\n\t\t\t<span class=\"geodir-addtofav favorite_property_13668  h5\" aria-hidden=\"true\"><span  title=\"Add to Favourites\"  class=\"geodir-addtofav-icon c-pointer geodir-act-fav\"  data-color-on=\"#ff0000\"  data-icon=\"fas fa-heart\"  data-color-off=\"rgba(223,223,223,0.8)\"  data-text-color=\"\"  data-bs-toggle=\"tooltip\"  aria-hidden=\"true\"  onclick=\"javascript:window.location.href='https:\/\/caminodesantiagofrances.com\/en\/wp-login.php'\"  ><i class=\"fas fa-heart\"  style=\"color:rgba(223,223,223,0.8);\" ><\/i> <span class=\"geodir-fav-text gv-secondary visually-hidden\" style=\"\" aria-hidden=\"true\">Favourite<\/span><\/span>\n<\/span>\t\t<\/span>\n\t\t<\/div><div class=\"geodir-post-slider bsui sdel-03994e04\" ><div class=\"geodir-image-container geodir-image-sizes-medium_large overflow-hidden\">\n\t\t\t<div class=\"geodir-images aui-gallery geodir-images-n-1 geodir-images-image carousel-inner \">\n\t\t<div class=\"carousel-item active\"><a href=\"https:\/\/caminodesantiagofrances.com\/en\/lo\/albergue-municipal-de-tardajos\/\" class=\"geodir-link-image embed-has-action ratio ratio-16x9 ratio ratio-16x9 d-block\"><img src='data:image\/png;base64,iVBORw0KGgoAAAANSUhEUgAAAGQAAAABCAQAAACC0sM2AAAADklEQVR42mP8X88wLAAAK5IBgMYCdqgAAAAASUVORK5CYII=' data-src=\"https:\/\/caminodesantiagofrances.com\/en\/wp-content\/uploads\/sites\/3\/2024\/10\/Albergue-Municipal-de-Tardajos-Camino-de-Santiago-Frances-768x403.jpg\" alt=\"Albergue Municipal de Tardajos Camino de Santiago Frances 768x403\" width=\"768\" height=\"403\" class=\"geodir-lazy-load align size-medium_large geodir-image-472 embed-item-cover-xy w-100 p-0 m-0 mw-100 border-0\" data-srcset=\"https:\/\/caminodesantiagofrances.com\/en\/wp-content\/uploads\/sites\/3\/2024\/10\/Albergue-Municipal-de-Tardajos-Camino-de-Santiago-Frances-768x403.jpg 768w, https:\/\/caminodesantiagofrances.com\/en\/wp-content\/uploads\/sites\/3\/2024\/10\/Albergue-Municipal-de-Tardajos-Camino-de-Santiago-Frances-300x158.jpg 300w, https:\/\/caminodesantiagofrances.com\/en\/wp-content\/uploads\/sites\/3\/2024\/10\/Albergue-Municipal-de-Tardajos-Camino-de-Santiago-Frances-1024x538.jpg 1024w, https:\/\/caminodesantiagofrances.com\/en\/wp-content\/uploads\/sites\/3\/2024\/10\/Albergue-Municipal-de-Tardajos-Camino-de-Santiago-Frances.jpg 1200w\" sizes=\"(max-width: 768px) 100vw, 768px\" \/><i class=\"fas fa-link w-auto h-auto\" aria-hidden=\"true\"><\/i><\/a><\/div>\t\t<\/div>\n\t\t<\/div>\n<\/div><\/div><div class=\"card-body p-2  \"><div class=\"row justify-content-center gv-hide-3 gv-hide-0\"><div class=\"col col-4 text-center tofront \"><a href=\"https:\/\/caminodesantiagofrances.com\/en\/author\/caminodesantiagofrances-com\/\" title=\"caminodesantiagofrances-com\"><img decoding=\"async\" style=\"max-height:75px;\" class=\"rounded-circle shadow border border-white border-width-4 p-0 mw-100 mt-n5 bg-white\" src=\"https:\/\/secure.gravatar.com\/avatar\/03aa5dc32308904f80a38258afc0335b43d4b2bec3418626e4f8712b71c3b93e?s=96&#038;d=mm&#038;r=g\" alt=\"Author Image\"><\/a><\/div><\/div><div class=\"geodir-post-title bsui sdel-caa60b10\" ><h3 class=\"geodir-entry-title  h5 \"><a href=\"https:\/\/caminodesantiagofrances.com\/en\/lo\/albergue-municipal-de-tardajos\/\" class=\"\" title=\"View: Albergue Municipal de Tardajos\">Albergue Municipal de Tardajos<\/a><\/h3><\/div><div class=\"geodir-post-content-container bsui sdel-1e477937\" ><div class=\"geodir_post_meta  text-justify pb-1 position-relative geodir-field-post_content\" >Albergue de Peregrinos Municipal de Tardajos El Albergue de Peregrinos Municipal de Tardajos es un establecimiento p\u00fablico que ha sido<\/div><\/div><\/div><div class=\"card-footer p-2  \"><div class='d-flex justify-content-between align-items-center flex-wrap'><div><\/div><div><\/div><\/div><\/div><\/div>\t<\/div>\n\t<\/div>\n\t<\/div>\n\t\t<\/div>\n\t\t<\/div><\/div>\n\n\n\n<h3 class=\"wp-block-heading has-text-align-center\"><a href=\"https:\/\/caminodesantiagofrances.com\/en\/provincia-de-burgos\/rabe-de-las-calzadas\/\" data-type=\"link\" data-id=\"https:\/\/caminodesantiagofrances.com\/en\/provincia-de-burgos\/rabe-de-las-calzadas\/\">Rab\u00e9 de las Calzadas<\/a><\/h3>\n\n\n\n<h3 class=\"wp-block-heading has-text-align-center\"><a href=\"https:\/\/caminodesantiagofrances.com\/en\/provincia-de-burgos\/hornillos-del-camino\/\" data-type=\"link\" data-id=\"https:\/\/caminodesantiagofrances.com\/en\/provincia-de-burgos\/hornillos-del-camino\/\">Hornillos del Camino<\/a><\/h3>\n\n\n\n<div class=\"wp-block-geodirectory-geodir-widget-listings\"><div class=\"geodir-listings bsui sdel-7978f812\" >\t\t<div id=\"geodir_6a9d453430a21\" class=\"geodir_locations geodir_location_listing\n\t\t\t\t\t\t\t mb-3\t\t position-relative\">\n\t\t\t\t<div\n\t\tclass=\"row row-cols-1 row-cols-sm-2 geodir-category-list-view geodir-widget-posts geodir-gridview row-cols-md-2\">\n\t\t\n<div class=\"col mb-4 geodir-post post-13683 gd_place type-gd_place status-publish has-post-thumbnail gd-post-pkg-1\" data-post-id=\"13683\">\n\t\t<div class=\"card h-100 p-0 m-0 mw-100  \">\n\t<div class=\"card p-0 mw-100 h-100 \"><div class=\"card-img-top overflow-hidden position-relative  \"><span class=\"bsui gd-badge-meta\"><a href=\"https:\/\/caminodesantiagofrances.com\/en\/lo\/categoria\/albergue\/\" class=\"gd-badge border-0 badge ab-bottom-left ms-1\" data-id=\"13683\" data-badge=\"default_category\" data-badge-condition=\"is_not_empty\" style=\"background-color:rgba(0,0,0,0.5);border-color:rgba(0,0,0,0.5);color:#ffffff;\">Albergue<\/a>\n<\/span><div class=\"geodir_post_meta gd-fav-info-wrap  gd-fav-hide-text ab-bottom-right me-1  mb-n1  me-1 mb-n1 ab-bottom-right\" >\t\t<span class=\"gd-list-favorite\">\n\t\t\t<span class=\"geodir-addtofav favorite_property_13683  h5\" aria-hidden=\"true\"><span  title=\"Add to Favourites\"  class=\"geodir-addtofav-icon c-pointer geodir-act-fav\"  data-color-on=\"#ff0000\"  data-icon=\"fas fa-heart\"  data-color-off=\"rgba(223,223,223,0.8)\"  data-text-color=\"\"  data-bs-toggle=\"tooltip\"  aria-hidden=\"true\"  onclick=\"javascript:window.location.href='https:\/\/caminodesantiagofrances.com\/en\/wp-login.php'\"  ><i class=\"fas fa-heart\"  style=\"color:rgba(223,223,223,0.8);\" ><\/i> <span class=\"geodir-fav-text gv-secondary visually-hidden\" style=\"\" aria-hidden=\"true\">Favourite<\/span><\/span>\n<\/span>\t\t<\/span>\n\t\t<\/div><div class=\"geodir-post-slider bsui sdel-03994e04\" ><div class=\"geodir-image-container geodir-image-sizes-medium_large overflow-hidden\">\n\t\t\t<div class=\"geodir-images aui-gallery geodir-images-n-1 geodir-images-image carousel-inner \">\n\t\t<div class=\"carousel-item active\"><a href=\"https:\/\/caminodesantiagofrances.com\/en\/lo\/albergue-municipal-de-hornillos-del-camino\/\" class=\"geodir-link-image embed-has-action ratio ratio-16x9 ratio ratio-16x9 d-block\"><img src='data:image\/png;base64,iVBORw0KGgoAAAANSUhEUgAAAGQAAAABCAQAAACC0sM2AAAADklEQVR42mP8X88wLAAAK5IBgMYCdqgAAAAASUVORK5CYII=' data-src=\"https:\/\/caminodesantiagofrances.com\/en\/wp-content\/uploads\/sites\/3\/2024\/10\/Albergue-Municipal-de-Hornillos-del-Camino-Camino-de-Santiago-Frances-768x403.jpg\" alt=\"Albergue Municipal de Hornillos del Camino Camino de Santiago Frances 768x403\" width=\"768\" height=\"403\" class=\"geodir-lazy-load align size-medium_large geodir-image-474 embed-item-cover-xy w-100 p-0 m-0 mw-100 border-0\" data-srcset=\"https:\/\/caminodesantiagofrances.com\/en\/wp-content\/uploads\/sites\/3\/2024\/10\/Albergue-Municipal-de-Hornillos-del-Camino-Camino-de-Santiago-Frances-768x403.jpg 768w, https:\/\/caminodesantiagofrances.com\/en\/wp-content\/uploads\/sites\/3\/2024\/10\/Albergue-Municipal-de-Hornillos-del-Camino-Camino-de-Santiago-Frances-300x158.jpg 300w, https:\/\/caminodesantiagofrances.com\/en\/wp-content\/uploads\/sites\/3\/2024\/10\/Albergue-Municipal-de-Hornillos-del-Camino-Camino-de-Santiago-Frances-1024x538.jpg 1024w, https:\/\/caminodesantiagofrances.com\/en\/wp-content\/uploads\/sites\/3\/2024\/10\/Albergue-Municipal-de-Hornillos-del-Camino-Camino-de-Santiago-Frances.jpg 1200w\" sizes=\"(max-width: 768px) 100vw, 768px\" \/><i class=\"fas fa-link w-auto h-auto\" aria-hidden=\"true\"><\/i><\/a><\/div>\t\t<\/div>\n\t\t<\/div>\n<\/div><\/div><div class=\"card-body p-2  \"><div class=\"row justify-content-center gv-hide-3 gv-hide-0\"><div class=\"col col-4 text-center tofront \"><a href=\"https:\/\/caminodesantiagofrances.com\/en\/author\/caminodesantiagofrances-com\/\" title=\"caminodesantiagofrances-com\"><img decoding=\"async\" style=\"max-height:75px;\" class=\"rounded-circle shadow border border-white border-width-4 p-0 mw-100 mt-n5 bg-white\" src=\"https:\/\/secure.gravatar.com\/avatar\/03aa5dc32308904f80a38258afc0335b43d4b2bec3418626e4f8712b71c3b93e?s=96&#038;d=mm&#038;r=g\" alt=\"Author Image\"><\/a><\/div><\/div><div class=\"geodir-post-title bsui sdel-caa60b10\" ><h3 class=\"geodir-entry-title  h5 \"><a href=\"https:\/\/caminodesantiagofrances.com\/en\/lo\/albergue-municipal-de-hornillos-del-camino\/\" class=\"\" title=\"View: Albergue Municipal de Hornillos del Camino\">Albergue Municipal de Hornillos del Camino<\/a><\/h3><\/div><div class=\"geodir-post-content-container bsui sdel-1e477937\" ><div class=\"geodir_post_meta  text-justify pb-1 position-relative geodir-field-post_content\" >Albergue de Peregrinos Municipal de Hornillos del Camino El Albergue de Peregrinos Municipal de Hornillos del Camino es un establecimiento<\/div><\/div><\/div><div class=\"card-footer p-2  \"><div class='d-flex justify-content-between align-items-center flex-wrap'><div><\/div><div><\/div><\/div><\/div><\/div>\t<\/div>\n\t<\/div>\n\t<\/div>\n\t\t<\/div>\n\t\t<\/div><\/div>\n\n\n\n<h3 class=\"wp-block-heading has-text-align-center\"><a href=\"https:\/\/caminodesantiagofrances.com\/en\/provincia-de-burgos\/hontanas\/\" data-type=\"link\" data-id=\"https:\/\/caminodesantiagofrances.com\/en\/provincia-de-burgos\/hontanas\/\">Hontanas<\/a><\/h3>\n\n\n\n<h3 class=\"wp-block-heading has-text-align-center\"><a href=\"https:\/\/caminodesantiagofrances.com\/en\/provincia-de-burgos\/castrojeriz\/\" data-type=\"link\" data-id=\"https:\/\/caminodesantiagofrances.com\/en\/provincia-de-burgos\/castrojeriz\/\">Castrojeriz<\/a><\/h3>\n\n\n\n<div class=\"wp-block-geodirectory-geodir-widget-listings\"><div class=\"geodir-listings bsui sdel-c8928ba7\" >\t\t<div id=\"geodir_6a9d4534335bb\" class=\"geodir_locations geodir_location_listing\n\t\t\t\t\t\t\t mb-3\t\t position-relative\">\n\t\t\t\t<div\n\t\tclass=\"row row-cols-1 row-cols-sm-2 geodir-category-list-view geodir-widget-posts geodir-gridview row-cols-md-2\">\n\t\t\n<div class=\"col mb-4 geodir-post post-17137 gd_place type-gd_place status-publish has-post-thumbnail gd-post-pkg-1\" data-post-id=\"17137\">\n\t\t<div class=\"card h-100 p-0 m-0 mw-100  \">\n\t<div class=\"card p-0 mw-100 h-100 \"><div class=\"card-img-top overflow-hidden position-relative  \"><span class=\"bsui gd-badge-meta\"><a href=\"https:\/\/caminodesantiagofrances.com\/en\/lo\/categoria\/albergue\/\" class=\"gd-badge border-0 badge ab-bottom-left ms-1\" data-id=\"17137\" data-badge=\"default_category\" data-badge-condition=\"is_not_empty\" style=\"background-color:rgba(0,0,0,0.5);border-color:rgba(0,0,0,0.5);color:#ffffff;\">Albergue<\/a>\n<\/span><div class=\"geodir_post_meta gd-fav-info-wrap  gd-fav-hide-text ab-bottom-right me-1  mb-n1  me-1 mb-n1 ab-bottom-right\" >\t\t<span class=\"gd-list-favorite\">\n\t\t\t<span class=\"geodir-addtofav favorite_property_17137  h5\" aria-hidden=\"true\"><span  title=\"Add to Favourites\"  class=\"geodir-addtofav-icon c-pointer geodir-act-fav\"  data-color-on=\"#ff0000\"  data-icon=\"fas fa-heart\"  data-color-off=\"rgba(223,223,223,0.8)\"  data-text-color=\"\"  data-bs-toggle=\"tooltip\"  aria-hidden=\"true\"  onclick=\"javascript:window.location.href='https:\/\/caminodesantiagofrances.com\/en\/wp-login.php'\"  ><i class=\"fas fa-heart\"  style=\"color:rgba(223,223,223,0.8);\" ><\/i> <span class=\"geodir-fav-text gv-secondary visually-hidden\" style=\"\" aria-hidden=\"true\">Favourite<\/span><\/span>\n<\/span>\t\t<\/span>\n\t\t<\/div><div class=\"geodir-post-slider bsui sdel-03994e04\" ><div class=\"geodir-image-container geodir-image-sizes-medium_large overflow-hidden\">\n\t\t\t<div class=\"geodir-images aui-gallery geodir-images-n-1 geodir-images-image carousel-inner \">\n\t\t<div class=\"carousel-item active\"><a href=\"https:\/\/caminodesantiagofrances.com\/en\/lo\/albergue-casa-nostra-castrojeriz\/\" class=\"geodir-link-image embed-has-action ratio ratio-16x9 ratio ratio-16x9 d-block\"><img src='data:image\/png;base64,iVBORw0KGgoAAAANSUhEUgAAAGQAAAABCAQAAACC0sM2AAAADklEQVR42mP8X88wLAAAK5IBgMYCdqgAAAAASUVORK5CYII=' data-src=\"https:\/\/caminodesantiagofrances.com\/en\/wp-content\/uploads\/sites\/3\/2025\/10\/Albergue-Casa-Nostra-Castrojeriz-Camino-de-Santiago-Frances-768x403.jpg\" alt=\"Albergue Casa Nostra Castrojeriz Camino de Santiago Frances 768x403\" width=\"768\" height=\"403\" class=\"geodir-lazy-load align size-medium_large geodir-image-4694 embed-item-cover-xy w-100 p-0 m-0 mw-100 border-0\" data-srcset=\"https:\/\/caminodesantiagofrances.com\/en\/wp-content\/uploads\/sites\/3\/2025\/10\/Albergue-Casa-Nostra-Castrojeriz-Camino-de-Santiago-Frances-768x403.jpg 768w, https:\/\/caminodesantiagofrances.com\/en\/wp-content\/uploads\/sites\/3\/2025\/10\/Albergue-Casa-Nostra-Castrojeriz-Camino-de-Santiago-Frances-300x158.jpg 300w, https:\/\/caminodesantiagofrances.com\/en\/wp-content\/uploads\/sites\/3\/2025\/10\/Albergue-Casa-Nostra-Castrojeriz-Camino-de-Santiago-Frances-1024x538.jpg 1024w, https:\/\/caminodesantiagofrances.com\/en\/wp-content\/uploads\/sites\/3\/2025\/10\/Albergue-Casa-Nostra-Castrojeriz-Camino-de-Santiago-Frances.jpg 1200w\" sizes=\"(max-width: 768px) 100vw, 768px\" \/><i class=\"fas fa-link w-auto h-auto\" aria-hidden=\"true\"><\/i><\/a><\/div>\t\t<\/div>\n\t\t<\/div>\n<\/div><\/div><div class=\"card-body p-2  \"><div class=\"row justify-content-center gv-hide-3 gv-hide-0\"><div class=\"col col-4 text-center tofront \"><a href=\"https:\/\/caminodesantiagofrances.com\/en\/author\/caminodesantiagofrances-com\/\" title=\"caminodesantiagofrances-com\"><img decoding=\"async\" style=\"max-height:75px;\" class=\"rounded-circle shadow border border-white border-width-4 p-0 mw-100 mt-n5 bg-white\" src=\"https:\/\/secure.gravatar.com\/avatar\/03aa5dc32308904f80a38258afc0335b43d4b2bec3418626e4f8712b71c3b93e?s=96&#038;d=mm&#038;r=g\" alt=\"Author Image\"><\/a><\/div><\/div><div class=\"geodir-post-title bsui sdel-caa60b10\" ><h3 class=\"geodir-entry-title  h5 \"><a href=\"https:\/\/caminodesantiagofrances.com\/en\/lo\/albergue-casa-nostra-castrojeriz\/\" class=\"\" title=\"View: Albergue Casa Nostra Castrojeriz\">Albergue Casa Nostra Castrojeriz<\/a><\/h3><\/div><div class=\"geodir-post-content-container bsui sdel-1e477937\" ><div class=\"geodir_post_meta  text-justify pb-1 position-relative geodir-field-post_content\" >RESERVAR AHORA Albergue Casa Nostra \u2013 Hospitalidad y Autenticidad en Castrojeriz En la hist\u00f3rica villa burgalesa de Castrojeriz, uno de<\/div><\/div><\/div><div class=\"card-footer p-2  \"><div class='d-flex justify-content-between align-items-center flex-wrap'><div><\/div><div><\/div><\/div><\/div><\/div>\t<\/div>\n\t<\/div>\n\n<div class=\"col mb-4 geodir-post post-17114 gd_place type-gd_place status-publish has-post-thumbnail gd-post-pkg-1\" data-post-id=\"17114\">\n\t\t<div class=\"card h-100 p-0 m-0 mw-100  \">\n\t<div class=\"card p-0 mw-100 h-100 \"><div class=\"card-img-top overflow-hidden position-relative  \"><span class=\"bsui gd-badge-meta\"><a href=\"https:\/\/caminodesantiagofrances.com\/en\/lo\/categoria\/albergue\/\" class=\"gd-badge border-0 badge ab-bottom-left ms-1\" data-id=\"17114\" data-badge=\"default_category\" data-badge-condition=\"is_not_empty\" style=\"background-color:rgba(0,0,0,0.5);border-color:rgba(0,0,0,0.5);color:#ffffff;\">Albergue<\/a>\n<\/span><div class=\"geodir_post_meta gd-fav-info-wrap  gd-fav-hide-text ab-bottom-right me-1  mb-n1  me-1 mb-n1 ab-bottom-right\" >\t\t<span class=\"gd-list-favorite\">\n\t\t\t<span class=\"geodir-addtofav favorite_property_17114  h5\" aria-hidden=\"true\"><span  title=\"Add to Favourites\"  class=\"geodir-addtofav-icon c-pointer geodir-act-fav\"  data-color-on=\"#ff0000\"  data-icon=\"fas fa-heart\"  data-color-off=\"rgba(223,223,223,0.8)\"  data-text-color=\"\"  data-bs-toggle=\"tooltip\"  aria-hidden=\"true\"  onclick=\"javascript:window.location.href='https:\/\/caminodesantiagofrances.com\/en\/wp-login.php'\"  ><i class=\"fas fa-heart\"  style=\"color:rgba(223,223,223,0.8);\" ><\/i> <span class=\"geodir-fav-text gv-secondary visually-hidden\" style=\"\" aria-hidden=\"true\">Favourite<\/span><\/span>\n<\/span>\t\t<\/span>\n\t\t<\/div><div class=\"geodir-post-slider bsui sdel-03994e04\" ><div class=\"geodir-image-container geodir-image-sizes-medium_large overflow-hidden\">\n\t\t\t<div class=\"geodir-images aui-gallery geodir-images-n-1 geodir-images-image carousel-inner \">\n\t\t<div class=\"carousel-item active\"><a href=\"https:\/\/caminodesantiagofrances.com\/en\/lo\/albergue-rosalia-castrojeriz\/\" class=\"geodir-link-image embed-has-action ratio ratio-16x9 ratio ratio-16x9 d-block\"><img src='data:image\/png;base64,iVBORw0KGgoAAAANSUhEUgAAAGQAAAABCAQAAACC0sM2AAAADklEQVR42mP8X88wLAAAK5IBgMYCdqgAAAAASUVORK5CYII=' data-src=\"https:\/\/caminodesantiagofrances.com\/en\/wp-content\/uploads\/sites\/3\/2025\/10\/Albergue-Rosalia-Castrojeriz-Camino-de-Santiago-Frances-768x403.jpg\" alt=\"Albergue Rosalia Castrojeriz Camino de Santiago Frances 768x403\" width=\"768\" height=\"403\" class=\"geodir-lazy-load align size-medium_large geodir-image-4638 embed-item-cover-xy w-100 p-0 m-0 mw-100 border-0\" data-srcset=\"https:\/\/caminodesantiagofrances.com\/en\/wp-content\/uploads\/sites\/3\/2025\/10\/Albergue-Rosalia-Castrojeriz-Camino-de-Santiago-Frances-768x403.jpg 768w, https:\/\/caminodesantiagofrances.com\/en\/wp-content\/uploads\/sites\/3\/2025\/10\/Albergue-Rosalia-Castrojeriz-Camino-de-Santiago-Frances-300x158.jpg 300w, https:\/\/caminodesantiagofrances.com\/en\/wp-content\/uploads\/sites\/3\/2025\/10\/Albergue-Rosalia-Castrojeriz-Camino-de-Santiago-Frances-1024x538.jpg 1024w, https:\/\/caminodesantiagofrances.com\/en\/wp-content\/uploads\/sites\/3\/2025\/10\/Albergue-Rosalia-Castrojeriz-Camino-de-Santiago-Frances.jpg 1200w\" sizes=\"(max-width: 768px) 100vw, 768px\" \/><i class=\"fas fa-link w-auto h-auto\" aria-hidden=\"true\"><\/i><\/a><\/div>\t\t<\/div>\n\t\t<\/div>\n<\/div><\/div><div class=\"card-body p-2  \"><div class=\"row justify-content-center gv-hide-3 gv-hide-0\"><div class=\"col col-4 text-center tofront \"><a href=\"https:\/\/caminodesantiagofrances.com\/en\/author\/caminodesantiagofrances-com\/\" title=\"caminodesantiagofrances-com\"><img decoding=\"async\" style=\"max-height:75px;\" class=\"rounded-circle shadow border border-white border-width-4 p-0 mw-100 mt-n5 bg-white\" src=\"https:\/\/secure.gravatar.com\/avatar\/03aa5dc32308904f80a38258afc0335b43d4b2bec3418626e4f8712b71c3b93e?s=96&#038;d=mm&#038;r=g\" alt=\"Author Image\"><\/a><\/div><\/div><div class=\"geodir-post-title bsui sdel-caa60b10\" ><h3 class=\"geodir-entry-title  h5 \"><a href=\"https:\/\/caminodesantiagofrances.com\/en\/lo\/albergue-rosalia-castrojeriz\/\" class=\"\" title=\"View: Albergue Rosal\u00eda Castrojeriz\">Albergue Rosal\u00eda Castrojeriz<\/a><\/h3><\/div><div class=\"geodir-post-content-container bsui sdel-1e477937\" ><div class=\"geodir_post_meta  text-justify pb-1 position-relative geodir-field-post_content\" >RESERVAR AHORA Albergue Rosal\u00eda \u2013 Confort, Historia y Hospitalidad en el Coraz\u00f3n de Castrojeriz En el pintoresco municipio burgal\u00e9s de<\/div><\/div><\/div><div class=\"card-footer p-2  \"><div class='d-flex justify-content-between align-items-center flex-wrap'><div><\/div><div><\/div><\/div><\/div><\/div>\t<\/div>\n\t<\/div>\n\n<div class=\"col mb-4 geodir-post post-13687 gd_place type-gd_place status-publish has-post-thumbnail gd-post-pkg-1\" data-post-id=\"13687\">\n\t\t<div class=\"card h-100 p-0 m-0 mw-100  \">\n\t<div class=\"card p-0 mw-100 h-100 \"><div class=\"card-img-top overflow-hidden position-relative  \"><span class=\"bsui gd-badge-meta\"><a href=\"https:\/\/caminodesantiagofrances.com\/en\/lo\/categoria\/albergue\/\" class=\"gd-badge border-0 badge ab-bottom-left ms-1\" data-id=\"13687\" data-badge=\"default_category\" data-badge-condition=\"is_not_empty\" style=\"background-color:rgba(0,0,0,0.5);border-color:rgba(0,0,0,0.5);color:#ffffff;\">Albergue<\/a>\n<\/span><div class=\"geodir_post_meta gd-fav-info-wrap  gd-fav-hide-text ab-bottom-right me-1  mb-n1  me-1 mb-n1 ab-bottom-right\" >\t\t<span class=\"gd-list-favorite\">\n\t\t\t<span class=\"geodir-addtofav favorite_property_13687  h5\" aria-hidden=\"true\"><span  title=\"Add to Favourites\"  class=\"geodir-addtofav-icon c-pointer geodir-act-fav\"  data-color-on=\"#ff0000\"  data-icon=\"fas fa-heart\"  data-color-off=\"rgba(223,223,223,0.8)\"  data-text-color=\"\"  data-bs-toggle=\"tooltip\"  aria-hidden=\"true\"  onclick=\"javascript:window.location.href='https:\/\/caminodesantiagofrances.com\/en\/wp-login.php'\"  ><i class=\"fas fa-heart\"  style=\"color:rgba(223,223,223,0.8);\" ><\/i> <span class=\"geodir-fav-text gv-secondary visually-hidden\" style=\"\" aria-hidden=\"true\">Favourite<\/span><\/span>\n<\/span>\t\t<\/span>\n\t\t<\/div><div class=\"geodir-post-slider bsui sdel-03994e04\" ><div class=\"geodir-image-container geodir-image-sizes-medium_large overflow-hidden\">\n\t\t\t<div class=\"geodir-images aui-gallery geodir-images-n-1 geodir-images-image carousel-inner \">\n\t\t<div class=\"carousel-item active\"><a href=\"https:\/\/caminodesantiagofrances.com\/en\/lo\/albergue-municipal-san-esteban-castrojeriz\/\" class=\"geodir-link-image embed-has-action ratio ratio-16x9 ratio ratio-16x9 d-block\"><img src='data:image\/png;base64,iVBORw0KGgoAAAANSUhEUgAAAGQAAAABCAQAAACC0sM2AAAADklEQVR42mP8X88wLAAAK5IBgMYCdqgAAAAASUVORK5CYII=' data-src=\"https:\/\/caminodesantiagofrances.com\/en\/wp-content\/uploads\/sites\/3\/2024\/10\/Albergue-Municipal-San-Esteban-Castrojeriz-Camino-de-Santiago-Frances-768x403.jpg\" alt=\"Albergue Municipal San Esteban Castrojeriz Camino de Santiago Frances 768x403\" width=\"768\" height=\"403\" class=\"geodir-lazy-load align size-medium_large geodir-image-475 embed-item-cover-xy w-100 p-0 m-0 mw-100 border-0\" data-srcset=\"https:\/\/caminodesantiagofrances.com\/en\/wp-content\/uploads\/sites\/3\/2024\/10\/Albergue-Municipal-San-Esteban-Castrojeriz-Camino-de-Santiago-Frances-768x403.jpg 768w, https:\/\/caminodesantiagofrances.com\/en\/wp-content\/uploads\/sites\/3\/2024\/10\/Albergue-Municipal-San-Esteban-Castrojeriz-Camino-de-Santiago-Frances-300x158.jpg 300w, https:\/\/caminodesantiagofrances.com\/en\/wp-content\/uploads\/sites\/3\/2024\/10\/Albergue-Municipal-San-Esteban-Castrojeriz-Camino-de-Santiago-Frances-1024x538.jpg 1024w, https:\/\/caminodesantiagofrances.com\/en\/wp-content\/uploads\/sites\/3\/2024\/10\/Albergue-Municipal-San-Esteban-Castrojeriz-Camino-de-Santiago-Frances.jpg 1200w\" sizes=\"(max-width: 768px) 100vw, 768px\" \/><i class=\"fas fa-link w-auto h-auto\" aria-hidden=\"true\"><\/i><\/a><\/div>\t\t<\/div>\n\t\t<\/div>\n<\/div><\/div><div class=\"card-body p-2  \"><div class=\"row justify-content-center gv-hide-3 gv-hide-0\"><div class=\"col col-4 text-center tofront \"><a href=\"https:\/\/caminodesantiagofrances.com\/en\/author\/caminodesantiagofrances-com\/\" title=\"caminodesantiagofrances-com\"><img decoding=\"async\" style=\"max-height:75px;\" class=\"rounded-circle shadow border border-white border-width-4 p-0 mw-100 mt-n5 bg-white\" src=\"https:\/\/secure.gravatar.com\/avatar\/03aa5dc32308904f80a38258afc0335b43d4b2bec3418626e4f8712b71c3b93e?s=96&#038;d=mm&#038;r=g\" alt=\"Author Image\"><\/a><\/div><\/div><div class=\"geodir-post-title bsui sdel-caa60b10\" ><h3 class=\"geodir-entry-title  h5 \"><a href=\"https:\/\/caminodesantiagofrances.com\/en\/lo\/albergue-municipal-san-esteban-castrojeriz\/\" class=\"\" title=\"View: Albergue Municipal San Esteban Castrojeriz\">Albergue Municipal San Esteban Castrojeriz<\/a><\/h3><\/div><div class=\"geodir-post-content-container bsui sdel-1e477937\" ><div class=\"geodir_post_meta  text-justify pb-1 position-relative geodir-field-post_content\" >Albergue de Peregrinos Municipal San Esteban, Castrojeriz El Albergue de Peregrinos Municipal San Esteban de Castrojeriz es un establecimiento p\u00fablico<\/div><\/div><\/div><div class=\"card-footer p-2  \"><div class='d-flex justify-content-between align-items-center flex-wrap'><div><\/div><div><\/div><\/div><\/div><\/div>\t<\/div>\n\t<\/div>\n\t<\/div>\n\t\t<\/div>\n\t\t<\/div><\/div>\n\n\n\n<h3 class=\"wp-block-heading has-text-align-center\"><a href=\"https:\/\/caminodesantiagofrances.com\/en\/provincia-de-burgos\/itero-del-castillo\/\" data-type=\"link\" data-id=\"https:\/\/caminodesantiagofrances.com\/en\/provincia-de-burgos\/itero-del-castillo\/\">Itero del Castillo<\/a><\/h3>\n\n\n\n<div class=\"wp-block-geodirectory-geodir-widget-listings\"><div class=\"geodir-listings bsui sdel-a74bb213\" >\t\t<div id=\"geodir_6a9d453439526\" class=\"geodir_locations geodir_location_listing\n\t\t\t\t\t\t\t mb-3\t\t position-relative\">\n\t\t\t\t<div\n\t\tclass=\"row row-cols-1 row-cols-sm-2 geodir-category-list-view geodir-widget-posts geodir-gridview row-cols-md-2\">\n\t\t\n<div class=\"col mb-4 geodir-post post-13695 gd_place type-gd_place status-publish has-post-thumbnail gd-post-pkg-1\" data-post-id=\"13695\">\n\t\t<div class=\"card h-100 p-0 m-0 mw-100  \">\n\t<div class=\"card p-0 mw-100 h-100 \"><div class=\"card-img-top overflow-hidden position-relative  \"><span class=\"bsui gd-badge-meta\"><a href=\"https:\/\/caminodesantiagofrances.com\/en\/lo\/categoria\/albergue\/\" class=\"gd-badge border-0 badge ab-bottom-left ms-1\" data-id=\"13695\" data-badge=\"default_category\" data-badge-condition=\"is_not_empty\" style=\"background-color:rgba(0,0,0,0.5);border-color:rgba(0,0,0,0.5);color:#ffffff;\">Albergue<\/a>\n<\/span><div class=\"geodir_post_meta gd-fav-info-wrap  gd-fav-hide-text ab-bottom-right me-1  mb-n1  me-1 mb-n1 ab-bottom-right\" >\t\t<span class=\"gd-list-favorite\">\n\t\t\t<span class=\"geodir-addtofav favorite_property_13695  h5\" aria-hidden=\"true\"><span  title=\"Add to Favourites\"  class=\"geodir-addtofav-icon c-pointer geodir-act-fav\"  data-color-on=\"#ff0000\"  data-icon=\"fas fa-heart\"  data-color-off=\"rgba(223,223,223,0.8)\"  data-text-color=\"\"  data-bs-toggle=\"tooltip\"  aria-hidden=\"true\"  onclick=\"javascript:window.location.href='https:\/\/caminodesantiagofrances.com\/en\/wp-login.php'\"  ><i class=\"fas fa-heart\"  style=\"color:rgba(223,223,223,0.8);\" ><\/i> <span class=\"geodir-fav-text gv-secondary visually-hidden\" style=\"\" aria-hidden=\"true\">Favourite<\/span><\/span>\n<\/span>\t\t<\/span>\n\t\t<\/div><div class=\"geodir-post-slider bsui sdel-03994e04\" ><div class=\"geodir-image-container geodir-image-sizes-medium_large overflow-hidden\">\n\t\t\t<div class=\"geodir-images aui-gallery geodir-images-n-1 geodir-images-image carousel-inner \">\n\t\t<div class=\"carousel-item active\"><a href=\"https:\/\/caminodesantiagofrances.com\/en\/lo\/albergue-san-nicolas-itero-del-castillo\/\" class=\"geodir-link-image embed-has-action ratio ratio-16x9 ratio ratio-16x9 d-block\"><img src='data:image\/png;base64,iVBORw0KGgoAAAANSUhEUgAAAGQAAAABCAQAAACC0sM2AAAADklEQVR42mP8X88wLAAAK5IBgMYCdqgAAAAASUVORK5CYII=' data-src=\"https:\/\/caminodesantiagofrances.com\/en\/wp-content\/uploads\/sites\/3\/2024\/10\/Albergue-San-Nicolas-Itero-del-Castillo-Camino-de-Santiago-Frances-768x403.jpg\" alt=\"Albergue San Nicolas Itero del Castillo Camino de Santiago Frances 768x403\" width=\"768\" height=\"403\" class=\"geodir-lazy-load align size-medium_large geodir-image-476 embed-item-cover-xy w-100 p-0 m-0 mw-100 border-0\" data-srcset=\"https:\/\/caminodesantiagofrances.com\/en\/wp-content\/uploads\/sites\/3\/2024\/10\/Albergue-San-Nicolas-Itero-del-Castillo-Camino-de-Santiago-Frances-768x403.jpg 768w, https:\/\/caminodesantiagofrances.com\/en\/wp-content\/uploads\/sites\/3\/2024\/10\/Albergue-San-Nicolas-Itero-del-Castillo-Camino-de-Santiago-Frances-300x158.jpg 300w, https:\/\/caminodesantiagofrances.com\/en\/wp-content\/uploads\/sites\/3\/2024\/10\/Albergue-San-Nicolas-Itero-del-Castillo-Camino-de-Santiago-Frances-1024x538.jpg 1024w, https:\/\/caminodesantiagofrances.com\/en\/wp-content\/uploads\/sites\/3\/2024\/10\/Albergue-San-Nicolas-Itero-del-Castillo-Camino-de-Santiago-Frances.jpg 1200w\" sizes=\"(max-width: 768px) 100vw, 768px\" \/><i class=\"fas fa-link w-auto h-auto\" aria-hidden=\"true\"><\/i><\/a><\/div>\t\t<\/div>\n\t\t<\/div>\n<\/div><\/div><div class=\"card-body p-2  \"><div class=\"row justify-content-center gv-hide-3 gv-hide-0\"><div class=\"col col-4 text-center tofront \"><a href=\"https:\/\/caminodesantiagofrances.com\/en\/author\/caminodesantiagofrances-com\/\" title=\"caminodesantiagofrances-com\"><img decoding=\"async\" style=\"max-height:75px;\" class=\"rounded-circle shadow border border-white border-width-4 p-0 mw-100 mt-n5 bg-white\" src=\"https:\/\/secure.gravatar.com\/avatar\/03aa5dc32308904f80a38258afc0335b43d4b2bec3418626e4f8712b71c3b93e?s=96&#038;d=mm&#038;r=g\" alt=\"Author Image\"><\/a><\/div><\/div><div class=\"geodir-post-title bsui sdel-caa60b10\" ><h3 class=\"geodir-entry-title  h5 \"><a href=\"https:\/\/caminodesantiagofrances.com\/en\/lo\/albergue-san-nicolas-itero-del-castillo\/\" class=\"\" title=\"View: Albergue San Nicol\u00e1s Itero del Castillo\">Albergue San Nicol\u00e1s Itero del Castillo<\/a><\/h3><\/div><div class=\"geodir-post-content-container bsui sdel-1e477937\" ><div class=\"geodir_post_meta  text-justify pb-1 position-relative geodir-field-post_content\" >Albergue de peregrinos San Nicol\u00e1s de Puente Fitero, Itero del Castillo El Albergue de Peregrinos de San Nicol\u00e1s es un<\/div><\/div><\/div><div class=\"card-footer p-2  \"><div class='d-flex justify-content-between align-items-center flex-wrap'><div><\/div><div><\/div><\/div><\/div><\/div>\t<\/div>\n\t<\/div>\n\t<\/div>\n\t\t<\/div>\n\t\t<\/div><\/div>\n\n\n\n<hr class=\"wp-block-separator has-alpha-channel-opacity\"\/>\n\n\n\n<h2 class=\"wp-block-heading has-text-align-center\"><strong><a href=\"https:\/\/caminodesantiagofrances.com\/en\/provincia-de-palencia\/albergues\/\" target=\"_blank\" data-type=\"page\" data-id=\"14027\" rel=\"noreferrer noopener\">Albergues Provincia de Palencia<\/a><\/strong><\/h2>\n\n\n\n<h3 class=\"wp-block-heading has-text-align-center\"><a href=\"https:\/\/caminodesantiagofrances.com\/en\/provincia-de-palencia\/itero-de-la-vega\/\" data-type=\"link\" data-id=\"https:\/\/caminodesantiagofrances.com\/en\/provincia-de-palencia\/itero-de-la-vega\/\">Itero de la Vega<\/a><\/h3>\n\n\n\n<h3 class=\"wp-block-heading has-text-align-center\"><a href=\"https:\/\/caminodesantiagofrances.com\/en\/provincia-de-palencia\/boadilla-del-camino\/\" data-type=\"link\" data-id=\"https:\/\/caminodesantiagofrances.com\/en\/provincia-de-palencia\/boadilla-del-camino\/\">Boadilla del Camino<\/a><\/h3>\n\n\n\n<h3 class=\"wp-block-heading has-text-align-center\"><a href=\"https:\/\/caminodesantiagofrances.com\/en\/provincia-de-palencia\/fromista\/\" data-type=\"link\" data-id=\"https:\/\/caminodesantiagofrances.com\/en\/provincia-de-palencia\/fromista\/\">Fr\u00f3mista<\/a><\/h3>\n\n\n\n<div class=\"wp-block-geodirectory-geodir-widget-listings\"><div class=\"geodir-listings bsui sdel-7695c6ef\" >\t\t<div id=\"geodir_6a9d45343c226\" class=\"geodir_locations geodir_location_listing\n\t\t\t\t\t\t\t mb-3\t\t position-relative\">\n\t\t\t\t<div\n\t\tclass=\"row row-cols-1 row-cols-sm-2 geodir-category-list-view geodir-widget-posts geodir-gridview row-cols-md-2\">\n\t\t\n<div class=\"col mb-4 geodir-post post-13707 gd_place type-gd_place status-publish has-post-thumbnail gd-post-pkg-1\" data-post-id=\"13707\">\n\t\t<div class=\"card h-100 p-0 m-0 mw-100  \">\n\t<div class=\"card p-0 mw-100 h-100 \"><div class=\"card-img-top overflow-hidden position-relative  \"><span class=\"bsui gd-badge-meta\"><a href=\"https:\/\/caminodesantiagofrances.com\/en\/lo\/categoria\/albergue\/\" class=\"gd-badge border-0 badge ab-bottom-left ms-1\" data-id=\"13707\" data-badge=\"default_category\" data-badge-condition=\"is_not_empty\" style=\"background-color:rgba(0,0,0,0.5);border-color:rgba(0,0,0,0.5);color:#ffffff;\">Albergue<\/a>\n<\/span><div class=\"geodir_post_meta gd-fav-info-wrap  gd-fav-hide-text ab-bottom-right me-1  mb-n1  me-1 mb-n1 ab-bottom-right\" >\t\t<span class=\"gd-list-favorite\">\n\t\t\t<span class=\"geodir-addtofav favorite_property_13707  h5\" aria-hidden=\"true\"><span  title=\"Add to Favourites\"  class=\"geodir-addtofav-icon c-pointer geodir-act-fav\"  data-color-on=\"#ff0000\"  data-icon=\"fas fa-heart\"  data-color-off=\"rgba(223,223,223,0.8)\"  data-text-color=\"\"  data-bs-toggle=\"tooltip\"  aria-hidden=\"true\"  onclick=\"javascript:window.location.href='https:\/\/caminodesantiagofrances.com\/en\/wp-login.php'\"  ><i class=\"fas fa-heart\"  style=\"color:rgba(223,223,223,0.8);\" ><\/i> <span class=\"geodir-fav-text gv-secondary visually-hidden\" style=\"\" aria-hidden=\"true\">Favourite<\/span><\/span>\n<\/span>\t\t<\/span>\n\t\t<\/div><div class=\"geodir-post-slider bsui sdel-03994e04\" ><div class=\"geodir-image-container geodir-image-sizes-medium_large overflow-hidden\">\n\t\t\t<div class=\"geodir-images aui-gallery geodir-images-n-1 geodir-images-image carousel-inner \">\n\t\t<div class=\"carousel-item active\"><a href=\"https:\/\/caminodesantiagofrances.com\/en\/lo\/albergue-municipal-de-fromista\/\" class=\"geodir-link-image embed-has-action ratio ratio-16x9 ratio ratio-16x9 d-block\"><img src='data:image\/png;base64,iVBORw0KGgoAAAANSUhEUgAAAGQAAAABCAQAAACC0sM2AAAADklEQVR42mP8X88wLAAAK5IBgMYCdqgAAAAASUVORK5CYII=' data-src=\"https:\/\/caminodesantiagofrances.com\/en\/wp-content\/uploads\/sites\/3\/2024\/10\/Albergue-Municipal-de-Fromista-Camino-de-Santiago-Frances-768x403.jpg\" alt=\"Albergue Municipal de Fromista Camino de Santiago Frances 768x403\" width=\"768\" height=\"403\" class=\"geodir-lazy-load align size-medium_large geodir-image-478 embed-item-cover-xy w-100 p-0 m-0 mw-100 border-0\" data-srcset=\"https:\/\/caminodesantiagofrances.com\/en\/wp-content\/uploads\/sites\/3\/2024\/10\/Albergue-Municipal-de-Fromista-Camino-de-Santiago-Frances-768x403.jpg 768w, https:\/\/caminodesantiagofrances.com\/en\/wp-content\/uploads\/sites\/3\/2024\/10\/Albergue-Municipal-de-Fromista-Camino-de-Santiago-Frances-300x158.jpg 300w, https:\/\/caminodesantiagofrances.com\/en\/wp-content\/uploads\/sites\/3\/2024\/10\/Albergue-Municipal-de-Fromista-Camino-de-Santiago-Frances-1024x538.jpg 1024w, https:\/\/caminodesantiagofrances.com\/en\/wp-content\/uploads\/sites\/3\/2024\/10\/Albergue-Municipal-de-Fromista-Camino-de-Santiago-Frances.jpg 1200w\" sizes=\"(max-width: 768px) 100vw, 768px\" \/><i class=\"fas fa-link w-auto h-auto\" aria-hidden=\"true\"><\/i><\/a><\/div>\t\t<\/div>\n\t\t<\/div>\n<\/div><\/div><div class=\"card-body p-2  \"><div class=\"row justify-content-center gv-hide-3 gv-hide-0\"><div class=\"col col-4 text-center tofront \"><a href=\"https:\/\/caminodesantiagofrances.com\/en\/author\/caminodesantiagofrances-com\/\" title=\"caminodesantiagofrances-com\"><img decoding=\"async\" style=\"max-height:75px;\" class=\"rounded-circle shadow border border-white border-width-4 p-0 mw-100 mt-n5 bg-white\" src=\"https:\/\/secure.gravatar.com\/avatar\/03aa5dc32308904f80a38258afc0335b43d4b2bec3418626e4f8712b71c3b93e?s=96&#038;d=mm&#038;r=g\" alt=\"Author Image\"><\/a><\/div><\/div><div class=\"geodir-post-title bsui sdel-caa60b10\" ><h3 class=\"geodir-entry-title  h5 \"><a href=\"https:\/\/caminodesantiagofrances.com\/en\/lo\/albergue-municipal-de-fromista\/\" class=\"\" title=\"View: Albergue Municipal de Fr\u00f3mista\">Albergue Municipal de Fr\u00f3mista<\/a><\/h3><\/div><div class=\"geodir-post-content-container bsui sdel-1e477937\" ><div class=\"geodir_post_meta  text-justify pb-1 position-relative geodir-field-post_content\" >Albergue de Peregrinos Municipal de Fr\u00f3mista El Albergue de Peregrinos Municipal de Fr\u00f3mista se erige como una parada esencial en<\/div><\/div><\/div><div class=\"card-footer p-2  \"><div class='d-flex justify-content-between align-items-center flex-wrap'><div><\/div><div><\/div><\/div><\/div><\/div>\t<\/div>\n\t<\/div>\n\t<\/div>\n\t\t<\/div>\n\t\t<\/div><\/div>\n\n\n\n<h3 class=\"wp-block-heading has-text-align-center\"><a href=\"https:\/\/caminodesantiagofrances.com\/en\/provincia-de-palencia\/poblacion-de-campos\/\" data-type=\"link\" data-id=\"https:\/\/caminodesantiagofrances.com\/en\/provincia-de-palencia\/poblacion-de-campos\/\">Poblaci\u00f3n de Campos<\/a><\/h3>\n\n\n\n<h3 class=\"wp-block-heading has-text-align-center\"><a href=\"https:\/\/caminodesantiagofrances.com\/en\/provincia-de-palencia\/revenga-de-campos\/\" data-type=\"link\" data-id=\"https:\/\/caminodesantiagofrances.com\/en\/provincia-de-palencia\/revenga-de-campos\/\">Revenga de Campos<\/a><\/h3>\n\n\n\n<h3 class=\"wp-block-heading has-text-align-center\"><a href=\"https:\/\/caminodesantiagofrances.com\/en\/provincia-de-palencia\/villarmentero-de-campos\/\" data-type=\"link\" data-id=\"https:\/\/caminodesantiagofrances.com\/en\/provincia-de-palencia\/villarmentero-de-campos\/\">Villarmentero de Campos<\/a><\/h3>\n\n\n\n<h3 class=\"wp-block-heading has-text-align-center\"><a href=\"https:\/\/caminodesantiagofrances.com\/en\/provincia-de-palencia\/villalcazar-de-sirga\/\" data-type=\"link\" data-id=\"https:\/\/caminodesantiagofrances.com\/en\/provincia-de-palencia\/villalcazar-de-sirga\/\">Villalc\u00e1zar de Sirga<\/a><\/h3>\n\n\n\n<div class=\"wp-block-geodirectory-geodir-widget-listings\"><div class=\"geodir-listings bsui sdel-7ffe14cd\" >\t\t<div id=\"geodir_6a9d45343e912\" class=\"geodir_locations geodir_location_listing\n\t\t\t\t\t\t\t mb-3\t\t position-relative\">\n\t\t\t\t<div\n\t\tclass=\"row row-cols-1 row-cols-sm-2 geodir-category-list-view geodir-widget-posts geodir-gridview row-cols-md-2\">\n\t\t\n<div class=\"col mb-4 geodir-post post-13708 gd_place type-gd_place status-publish has-post-thumbnail gd-post-pkg-1\" data-post-id=\"13708\">\n\t\t<div class=\"card h-100 p-0 m-0 mw-100  \">\n\t<div class=\"card p-0 mw-100 h-100 \"><div class=\"card-img-top overflow-hidden position-relative  \"><span class=\"bsui gd-badge-meta\"><a href=\"https:\/\/caminodesantiagofrances.com\/en\/lo\/categoria\/albergue\/\" class=\"gd-badge border-0 badge ab-bottom-left ms-1\" data-id=\"13708\" data-badge=\"default_category\" data-badge-condition=\"is_not_empty\" style=\"background-color:rgba(0,0,0,0.5);border-color:rgba(0,0,0,0.5);color:#ffffff;\">Albergue<\/a>\n<\/span><div class=\"geodir_post_meta gd-fav-info-wrap  gd-fav-hide-text ab-bottom-right me-1  mb-n1  me-1 mb-n1 ab-bottom-right\" >\t\t<span class=\"gd-list-favorite\">\n\t\t\t<span class=\"geodir-addtofav favorite_property_13708  h5\" aria-hidden=\"true\"><span  title=\"Add to Favourites\"  class=\"geodir-addtofav-icon c-pointer geodir-act-fav\"  data-color-on=\"#ff0000\"  data-icon=\"fas fa-heart\"  data-color-off=\"rgba(223,223,223,0.8)\"  data-text-color=\"\"  data-bs-toggle=\"tooltip\"  aria-hidden=\"true\"  onclick=\"javascript:window.location.href='https:\/\/caminodesantiagofrances.com\/en\/wp-login.php'\"  ><i class=\"fas fa-heart\"  style=\"color:rgba(223,223,223,0.8);\" ><\/i> <span class=\"geodir-fav-text gv-secondary visually-hidden\" style=\"\" aria-hidden=\"true\">Favourite<\/span><\/span>\n<\/span>\t\t<\/span>\n\t\t<\/div><div class=\"geodir-post-slider bsui sdel-03994e04\" ><div class=\"geodir-image-container geodir-image-sizes-medium_large overflow-hidden\">\n\t\t\t<div class=\"geodir-images aui-gallery geodir-images-n-1 geodir-images-image carousel-inner \">\n\t\t<div class=\"carousel-item active\"><a href=\"https:\/\/caminodesantiagofrances.com\/en\/lo\/albergue-municipal-de-villalcazar-de-sirga\/\" class=\"geodir-link-image embed-has-action ratio ratio-16x9 ratio ratio-16x9 d-block\"><img src='data:image\/png;base64,iVBORw0KGgoAAAANSUhEUgAAAGQAAAABCAQAAACC0sM2AAAADklEQVR42mP8X88wLAAAK5IBgMYCdqgAAAAASUVORK5CYII=' data-src=\"https:\/\/caminodesantiagofrances.com\/en\/wp-content\/uploads\/sites\/3\/2024\/10\/Albergue-Municipal-de-Villalcazar-de-Sirga-Camino-de-Santiago-Frances-768x403.jpg\" alt=\"Albergue Municipal de Villalcazar de Sirga Camino de Santiago Frances 768x403\" width=\"768\" height=\"403\" class=\"geodir-lazy-load align size-medium_large geodir-image-479 embed-item-cover-xy w-100 p-0 m-0 mw-100 border-0\" data-srcset=\"https:\/\/caminodesantiagofrances.com\/en\/wp-content\/uploads\/sites\/3\/2024\/10\/Albergue-Municipal-de-Villalcazar-de-Sirga-Camino-de-Santiago-Frances-768x403.jpg 768w, https:\/\/caminodesantiagofrances.com\/en\/wp-content\/uploads\/sites\/3\/2024\/10\/Albergue-Municipal-de-Villalcazar-de-Sirga-Camino-de-Santiago-Frances-300x158.jpg 300w, https:\/\/caminodesantiagofrances.com\/en\/wp-content\/uploads\/sites\/3\/2024\/10\/Albergue-Municipal-de-Villalcazar-de-Sirga-Camino-de-Santiago-Frances-1024x538.jpg 1024w, https:\/\/caminodesantiagofrances.com\/en\/wp-content\/uploads\/sites\/3\/2024\/10\/Albergue-Municipal-de-Villalcazar-de-Sirga-Camino-de-Santiago-Frances.jpg 1200w\" sizes=\"(max-width: 768px) 100vw, 768px\" \/><i class=\"fas fa-link w-auto h-auto\" aria-hidden=\"true\"><\/i><\/a><\/div>\t\t<\/div>\n\t\t<\/div>\n<\/div><\/div><div class=\"card-body p-2  \"><div class=\"row justify-content-center gv-hide-3 gv-hide-0\"><div class=\"col col-4 text-center tofront \"><a href=\"https:\/\/caminodesantiagofrances.com\/en\/author\/caminodesantiagofrances-com\/\" title=\"caminodesantiagofrances-com\"><img decoding=\"async\" style=\"max-height:75px;\" class=\"rounded-circle shadow border border-white border-width-4 p-0 mw-100 mt-n5 bg-white\" src=\"https:\/\/secure.gravatar.com\/avatar\/03aa5dc32308904f80a38258afc0335b43d4b2bec3418626e4f8712b71c3b93e?s=96&#038;d=mm&#038;r=g\" alt=\"Author Image\"><\/a><\/div><\/div><div class=\"geodir-post-title bsui sdel-caa60b10\" ><h3 class=\"geodir-entry-title  h5 \"><a href=\"https:\/\/caminodesantiagofrances.com\/en\/lo\/albergue-municipal-de-villalcazar-de-sirga\/\" class=\"\" title=\"View: Albergue Municipal de Villalc\u00e1zar de Sirga\">Albergue Municipal de Villalc\u00e1zar de Sirga<\/a><\/h3><\/div><div class=\"geodir-post-content-container bsui sdel-1e477937\" ><div class=\"geodir_post_meta  text-justify pb-1 position-relative geodir-field-post_content\" >Albergue Municipal de Peregrinos en Villalc\u00e1zar de Sirga El Albergue Municipal de Peregrinos en Villalc\u00e1zar de Sirga es un lugar<\/div><\/div><\/div><div class=\"card-footer p-2  \"><div class='d-flex justify-content-between align-items-center flex-wrap'><div><\/div><div><\/div><\/div><\/div><\/div>\t<\/div>\n\t<\/div>\n\t<\/div>\n\t\t<\/div>\n\t\t<\/div><\/div>\n\n\n\n<h3 class=\"wp-block-heading has-text-align-center\"><a href=\"https:\/\/caminodesantiagofrances.com\/en\/provincia-de-palencia\/carrion-de-los-condes\/\" data-type=\"link\" data-id=\"https:\/\/caminodesantiagofrances.com\/en\/provincia-de-palencia\/carrion-de-los-condes\/\">Carri\u00f3n de los Condes<\/a><\/h3>\n\n\n\n<h3 class=\"wp-block-heading has-text-align-center\"><a href=\"https:\/\/caminodesantiagofrances.com\/en\/provincia-de-palencia\/calzadilla-de-la-cueza\/\" data-type=\"link\" data-id=\"https:\/\/caminodesantiagofrances.com\/en\/provincia-de-palencia\/calzadilla-de-la-cueza\/\">Calzadilla de la Cueza<\/a><\/h3>\n\n\n\n<div class=\"wp-block-geodirectory-geodir-widget-listings\"><div class=\"geodir-listings bsui sdel-21f3bf59\" >\t\t<div id=\"geodir_6a9d453440e28\" class=\"geodir_locations geodir_location_listing\n\t\t\t\t\t\t\t mb-3\t\t position-relative\">\n\t\t\t\t<div\n\t\tclass=\"row row-cols-1 row-cols-sm-2 geodir-category-list-view geodir-widget-posts geodir-gridview row-cols-md-2\">\n\t\t\n<div class=\"col mb-4 geodir-post post-13723 gd_place type-gd_place status-publish has-post-thumbnail gd-post-pkg-1\" data-post-id=\"13723\">\n\t\t<div class=\"card h-100 p-0 m-0 mw-100  \">\n\t<div class=\"card p-0 mw-100 h-100 \"><div class=\"card-img-top overflow-hidden position-relative  \"><span class=\"bsui gd-badge-meta\"><a href=\"https:\/\/caminodesantiagofrances.com\/en\/lo\/categoria\/albergue\/\" class=\"gd-badge border-0 badge ab-bottom-left ms-1\" data-id=\"13723\" data-badge=\"default_category\" data-badge-condition=\"is_not_empty\" style=\"background-color:rgba(0,0,0,0.5);border-color:rgba(0,0,0,0.5);color:#ffffff;\">Albergue<\/a>\n<\/span><div class=\"geodir_post_meta gd-fav-info-wrap  gd-fav-hide-text ab-bottom-right me-1  mb-n1  me-1 mb-n1 ab-bottom-right\" >\t\t<span class=\"gd-list-favorite\">\n\t\t\t<span class=\"geodir-addtofav favorite_property_13723  h5\" aria-hidden=\"true\"><span  title=\"Add to Favourites\"  class=\"geodir-addtofav-icon c-pointer geodir-act-fav\"  data-color-on=\"#ff0000\"  data-icon=\"fas fa-heart\"  data-color-off=\"rgba(223,223,223,0.8)\"  data-text-color=\"\"  data-bs-toggle=\"tooltip\"  aria-hidden=\"true\"  onclick=\"javascript:window.location.href='https:\/\/caminodesantiagofrances.com\/en\/wp-login.php'\"  ><i class=\"fas fa-heart\"  style=\"color:rgba(223,223,223,0.8);\" ><\/i> <span class=\"geodir-fav-text gv-secondary visually-hidden\" style=\"\" aria-hidden=\"true\">Favourite<\/span><\/span>\n<\/span>\t\t<\/span>\n\t\t<\/div><div class=\"geodir-post-slider bsui sdel-03994e04\" ><div class=\"geodir-image-container geodir-image-sizes-medium_large overflow-hidden\">\n\t\t\t<div class=\"geodir-images aui-gallery geodir-images-n-1 geodir-images-image carousel-inner \">\n\t\t<div class=\"carousel-item active\"><a href=\"https:\/\/caminodesantiagofrances.com\/en\/lo\/albergue-municipal-de-calzadilla-de-la-cueza\/\" class=\"geodir-link-image embed-has-action ratio ratio-16x9 ratio ratio-16x9 d-block\"><img src='data:image\/png;base64,iVBORw0KGgoAAAANSUhEUgAAAGQAAAABCAQAAACC0sM2AAAADklEQVR42mP8X88wLAAAK5IBgMYCdqgAAAAASUVORK5CYII=' data-src=\"https:\/\/caminodesantiagofrances.com\/en\/wp-content\/uploads\/sites\/3\/2024\/10\/Albergue-Municipal-de-Calzadilla-de-la-Cueza-Camino-de-Santiago-Frances-768x403.jpg\" alt=\"Albergue Municipal de Calzadilla de la Cueza Camino de Santiago Frances 768x403\" width=\"768\" height=\"403\" class=\"geodir-lazy-load align size-medium_large geodir-image-480 embed-item-cover-xy w-100 p-0 m-0 mw-100 border-0\" data-srcset=\"https:\/\/caminodesantiagofrances.com\/en\/wp-content\/uploads\/sites\/3\/2024\/10\/Albergue-Municipal-de-Calzadilla-de-la-Cueza-Camino-de-Santiago-Frances-768x403.jpg 768w, https:\/\/caminodesantiagofrances.com\/en\/wp-content\/uploads\/sites\/3\/2024\/10\/Albergue-Municipal-de-Calzadilla-de-la-Cueza-Camino-de-Santiago-Frances-300x158.jpg 300w, https:\/\/caminodesantiagofrances.com\/en\/wp-content\/uploads\/sites\/3\/2024\/10\/Albergue-Municipal-de-Calzadilla-de-la-Cueza-Camino-de-Santiago-Frances-1024x538.jpg 1024w, https:\/\/caminodesantiagofrances.com\/en\/wp-content\/uploads\/sites\/3\/2024\/10\/Albergue-Municipal-de-Calzadilla-de-la-Cueza-Camino-de-Santiago-Frances.jpg 1200w\" sizes=\"(max-width: 768px) 100vw, 768px\" \/><i class=\"fas fa-link w-auto h-auto\" aria-hidden=\"true\"><\/i><\/a><\/div>\t\t<\/div>\n\t\t<\/div>\n<\/div><\/div><div class=\"card-body p-2  \"><div class=\"row justify-content-center gv-hide-3 gv-hide-0\"><div class=\"col col-4 text-center tofront \"><a href=\"https:\/\/caminodesantiagofrances.com\/en\/author\/caminodesantiagofrances-com\/\" title=\"caminodesantiagofrances-com\"><img decoding=\"async\" style=\"max-height:75px;\" class=\"rounded-circle shadow border border-white border-width-4 p-0 mw-100 mt-n5 bg-white\" src=\"https:\/\/secure.gravatar.com\/avatar\/03aa5dc32308904f80a38258afc0335b43d4b2bec3418626e4f8712b71c3b93e?s=96&#038;d=mm&#038;r=g\" alt=\"Author Image\"><\/a><\/div><\/div><div class=\"geodir-post-title bsui sdel-caa60b10\" ><h3 class=\"geodir-entry-title  h5 \"><a href=\"https:\/\/caminodesantiagofrances.com\/en\/lo\/albergue-municipal-de-calzadilla-de-la-cueza\/\" class=\"\" title=\"View: Albergue Municipal de Calzadilla de la Cueza\">Albergue Municipal de Calzadilla de la Cueza<\/a><\/h3><\/div><div class=\"geodir-post-content-container bsui sdel-1e477937\" ><div class=\"geodir_post_meta  text-justify pb-1 position-relative geodir-field-post_content\" >Albergue de Peregrinos Municipal de Calzadilla de la Cueza El Albergue de Peregrinos Municipal de Calzadilla de la Cueza es<\/div><\/div><\/div><div class=\"card-footer p-2  \"><div class='d-flex justify-content-between align-items-center flex-wrap'><div><\/div><div><\/div><\/div><\/div><\/div>\t<\/div>\n\t<\/div>\n\t<\/div>\n\t\t<\/div>\n\t\t<\/div><\/div>\n\n\n\n<h3 class=\"wp-block-heading has-text-align-center\"><a href=\"https:\/\/caminodesantiagofrances.com\/en\/provincia-de-palencia\/ledigos\/\" data-type=\"link\" data-id=\"https:\/\/caminodesantiagofrances.com\/en\/provincia-de-palencia\/ledigos\/\">Ledigos<\/a><\/h3>\n\n\n\n<h3 class=\"wp-block-heading has-text-align-center\"><a href=\"https:\/\/caminodesantiagofrances.com\/en\/provincia-de-palencia\/terradillos-de-los-templarios\/\" data-type=\"link\" data-id=\"https:\/\/caminodesantiagofrances.com\/en\/provincia-de-palencia\/terradillos-de-los-templarios\/\">Terradillos de los Templarios<\/a><\/h3>\n\n\n\n<h3 class=\"wp-block-heading has-text-align-center\"><a href=\"https:\/\/caminodesantiagofrances.com\/en\/provincia-de-palencia\/moratinos\/\" data-type=\"link\" data-id=\"https:\/\/caminodesantiagofrances.com\/en\/provincia-de-palencia\/moratinos\/\">Moratinos<\/a><\/h3>\n\n\n\n<h3 class=\"wp-block-heading has-text-align-center\"><a href=\"https:\/\/caminodesantiagofrances.com\/en\/provincia-de-palencia\/san-nicolas-del-real-camino\/\" data-type=\"link\" data-id=\"https:\/\/caminodesantiagofrances.com\/en\/provincia-de-palencia\/san-nicolas-del-real-camino\/\">San Nicol\u00e1s del Real Camino<\/a><\/h3>\n\n\n\n<hr class=\"wp-block-separator has-alpha-channel-opacity\"\/>\n\n\n\n<h2 class=\"wp-block-heading has-text-align-center\"><strong><a href=\"https:\/\/caminodesantiagofrances.com\/en\/provincia-de-leon\/albergues\/\" target=\"_blank\" data-type=\"page\" data-id=\"14028\" rel=\"noreferrer noopener\">Albergues Provincia de Le\u00f3n<\/a><\/strong><\/h2>\n\n\n\n<h3 class=\"wp-block-heading has-text-align-center\"><a href=\"https:\/\/caminodesantiagofrances.com\/en\/provincia-de-leon\/sahagun\/\" data-type=\"link\" data-id=\"https:\/\/caminodesantiagofrances.com\/en\/provincia-de-leon\/sahagun\/\">Sahag\u00fan<\/a><\/h3>\n\n\n\n<div class=\"wp-block-geodirectory-geodir-widget-listings\"><div class=\"geodir-listings bsui sdel-577da78f\" >\t\t<div id=\"geodir_6a9d45344381f\" class=\"geodir_locations geodir_location_listing\n\t\t\t\t\t\t\t mb-3\t\t position-relative\">\n\t\t\t\t<div\n\t\tclass=\"row row-cols-1 row-cols-sm-2 geodir-category-list-view geodir-widget-posts geodir-gridview row-cols-md-2\">\n\t\t\n<div class=\"col mb-4 geodir-post post-13728 gd_place type-gd_place status-publish has-post-thumbnail gd-post-pkg-1\" data-post-id=\"13728\">\n\t\t<div class=\"card h-100 p-0 m-0 mw-100  \">\n\t<div class=\"card p-0 mw-100 h-100 \"><div class=\"card-img-top overflow-hidden position-relative  \"><span class=\"bsui gd-badge-meta\"><a href=\"https:\/\/caminodesantiagofrances.com\/en\/lo\/categoria\/albergue\/\" class=\"gd-badge border-0 badge ab-bottom-left ms-1\" data-id=\"13728\" data-badge=\"default_category\" data-badge-condition=\"is_not_empty\" style=\"background-color:rgba(0,0,0,0.5);border-color:rgba(0,0,0,0.5);color:#ffffff;\">Albergue<\/a>\n<\/span><div class=\"geodir_post_meta gd-fav-info-wrap  gd-fav-hide-text ab-bottom-right me-1  mb-n1  me-1 mb-n1 ab-bottom-right\" >\t\t<span class=\"gd-list-favorite\">\n\t\t\t<span class=\"geodir-addtofav favorite_property_13728  h5\" aria-hidden=\"true\"><span  title=\"Add to Favourites\"  class=\"geodir-addtofav-icon c-pointer geodir-act-fav\"  data-color-on=\"#ff0000\"  data-icon=\"fas fa-heart\"  data-color-off=\"rgba(223,223,223,0.8)\"  data-text-color=\"\"  data-bs-toggle=\"tooltip\"  aria-hidden=\"true\"  onclick=\"javascript:window.location.href='https:\/\/caminodesantiagofrances.com\/en\/wp-login.php'\"  ><i class=\"fas fa-heart\"  style=\"color:rgba(223,223,223,0.8);\" ><\/i> <span class=\"geodir-fav-text gv-secondary visually-hidden\" style=\"\" aria-hidden=\"true\">Favourite<\/span><\/span>\n<\/span>\t\t<\/span>\n\t\t<\/div><div class=\"geodir-post-slider bsui sdel-03994e04\" ><div class=\"geodir-image-container geodir-image-sizes-medium_large overflow-hidden\">\n\t\t\t<div class=\"geodir-images aui-gallery geodir-images-n-1 geodir-images-image carousel-inner \">\n\t\t<div class=\"carousel-item active\"><a href=\"https:\/\/caminodesantiagofrances.com\/en\/lo\/albergue-municipal-cluny-sahagun\/\" class=\"geodir-link-image embed-has-action ratio ratio-16x9 ratio ratio-16x9 d-block\"><img src='data:image\/png;base64,iVBORw0KGgoAAAANSUhEUgAAAGQAAAABCAQAAACC0sM2AAAADklEQVR42mP8X88wLAAAK5IBgMYCdqgAAAAASUVORK5CYII=' data-src=\"https:\/\/caminodesantiagofrances.com\/en\/wp-content\/uploads\/sites\/3\/2024\/10\/Albergue-Municipal-Cluny-Sahagun-Camino-de-Santiago-Frances-768x403.jpg\" alt=\"Albergue Municipal Cluny Sahagun Camino de Santiago Frances 768x403\" width=\"768\" height=\"403\" class=\"geodir-lazy-load align size-medium_large geodir-image-481 embed-item-cover-xy w-100 p-0 m-0 mw-100 border-0\" data-srcset=\"https:\/\/caminodesantiagofrances.com\/en\/wp-content\/uploads\/sites\/3\/2024\/10\/Albergue-Municipal-Cluny-Sahagun-Camino-de-Santiago-Frances-768x403.jpg 768w, https:\/\/caminodesantiagofrances.com\/en\/wp-content\/uploads\/sites\/3\/2024\/10\/Albergue-Municipal-Cluny-Sahagun-Camino-de-Santiago-Frances-300x158.jpg 300w, https:\/\/caminodesantiagofrances.com\/en\/wp-content\/uploads\/sites\/3\/2024\/10\/Albergue-Municipal-Cluny-Sahagun-Camino-de-Santiago-Frances-1024x538.jpg 1024w, https:\/\/caminodesantiagofrances.com\/en\/wp-content\/uploads\/sites\/3\/2024\/10\/Albergue-Municipal-Cluny-Sahagun-Camino-de-Santiago-Frances.jpg 1200w\" sizes=\"(max-width: 768px) 100vw, 768px\" \/><i class=\"fas fa-link w-auto h-auto\" aria-hidden=\"true\"><\/i><\/a><\/div>\t\t<\/div>\n\t\t<\/div>\n<\/div><\/div><div class=\"card-body p-2  \"><div class=\"row justify-content-center gv-hide-3 gv-hide-0\"><div class=\"col col-4 text-center tofront \"><a href=\"https:\/\/caminodesantiagofrances.com\/en\/author\/caminodesantiagofrances-com\/\" title=\"caminodesantiagofrances-com\"><img decoding=\"async\" style=\"max-height:75px;\" class=\"rounded-circle shadow border border-white border-width-4 p-0 mw-100 mt-n5 bg-white\" src=\"https:\/\/secure.gravatar.com\/avatar\/03aa5dc32308904f80a38258afc0335b43d4b2bec3418626e4f8712b71c3b93e?s=96&#038;d=mm&#038;r=g\" alt=\"Author Image\"><\/a><\/div><\/div><div class=\"geodir-post-title bsui sdel-caa60b10\" ><h3 class=\"geodir-entry-title  h5 \"><a href=\"https:\/\/caminodesantiagofrances.com\/en\/lo\/albergue-municipal-cluny-sahagun\/\" class=\"\" title=\"View: Albergue Municipal Cluny Sahag\u00fan\">Albergue Municipal Cluny Sahag\u00fan<\/a><\/h3><\/div><div class=\"geodir-post-content-container bsui sdel-1e477937\" ><div class=\"geodir_post_meta  text-justify pb-1 position-relative geodir-field-post_content\" >Albergue de Peregrinos Municipal Cluny de Sahag\u00fan El Albergue de Peregrinos Municipal Cluny es un establecimiento exclusivo y \u00fanico que<\/div><\/div><\/div><div class=\"card-footer p-2  \"><div class='d-flex justify-content-between align-items-center flex-wrap'><div><\/div><div><\/div><\/div><\/div><\/div>\t<\/div>\n\t<\/div>\n\t<\/div>\n\t\t<\/div>\n\t\t<\/div><\/div>\n\n\n\n<h3 class=\"wp-block-heading has-text-align-center\"><a href=\"https:\/\/caminodesantiagofrances.com\/en\/provincia-de-leon\/calzada-del-coto\/\" data-type=\"link\" data-id=\"https:\/\/caminodesantiagofrances.com\/en\/provincia-de-leon\/calzada-del-coto\/\">Calzada del Coto<\/a><\/h3>\n\n\n\n<h3 class=\"wp-block-heading has-text-align-center\"><a href=\"https:\/\/caminodesantiagofrances.com\/en\/provincia-de-leon\/bercianos-del-real-camino\/\" data-type=\"link\" data-id=\"https:\/\/caminodesantiagofrances.com\/en\/provincia-de-leon\/bercianos-del-real-camino\/\">Bercianos del Real Camino<\/a><\/h3>\n\n\n\n<h3 class=\"wp-block-heading has-text-align-center\"><a href=\"https:\/\/caminodesantiagofrances.com\/en\/provincia-de-leon\/el-burgo-ranero\/\" data-type=\"link\" data-id=\"https:\/\/caminodesantiagofrances.com\/en\/provincia-de-leon\/el-burgo-ranero\/\">El Burgo Ranero<\/a><\/h3>\n\n\n\n<div class=\"wp-block-geodirectory-geodir-widget-listings\"><div class=\"geodir-listings bsui sdel-f7e96e4c\" >\t\t<div id=\"geodir_6a9d453445ba8\" class=\"geodir_locations geodir_location_listing\n\t\t\t\t\t\t\t mb-3\t\t position-relative\">\n\t\t\t\t<div\n\t\tclass=\"row row-cols-1 row-cols-sm-2 geodir-category-list-view geodir-widget-posts geodir-gridview row-cols-md-2\">\n\t\t\n<div class=\"col mb-4 geodir-post post-13732 gd_place type-gd_place status-publish has-post-thumbnail gd-post-pkg-1\" data-post-id=\"13732\">\n\t\t<div class=\"card h-100 p-0 m-0 mw-100  \">\n\t<div class=\"card p-0 mw-100 h-100 \"><div class=\"card-img-top overflow-hidden position-relative  \"><span class=\"bsui gd-badge-meta\"><a href=\"https:\/\/caminodesantiagofrances.com\/en\/lo\/categoria\/albergue\/\" class=\"gd-badge border-0 badge ab-bottom-left ms-1\" data-id=\"13732\" data-badge=\"default_category\" data-badge-condition=\"is_not_empty\" style=\"background-color:rgba(0,0,0,0.5);border-color:rgba(0,0,0,0.5);color:#ffffff;\">Albergue<\/a>\n<\/span><div class=\"geodir_post_meta gd-fav-info-wrap  gd-fav-hide-text ab-bottom-right me-1  mb-n1  me-1 mb-n1 ab-bottom-right\" >\t\t<span class=\"gd-list-favorite\">\n\t\t\t<span class=\"geodir-addtofav favorite_property_13732  h5\" aria-hidden=\"true\"><span  title=\"Add to Favourites\"  class=\"geodir-addtofav-icon c-pointer geodir-act-fav\"  data-color-on=\"#ff0000\"  data-icon=\"fas fa-heart\"  data-color-off=\"rgba(223,223,223,0.8)\"  data-text-color=\"\"  data-bs-toggle=\"tooltip\"  aria-hidden=\"true\"  onclick=\"javascript:window.location.href='https:\/\/caminodesantiagofrances.com\/en\/wp-login.php'\"  ><i class=\"fas fa-heart\"  style=\"color:rgba(223,223,223,0.8);\" ><\/i> <span class=\"geodir-fav-text gv-secondary visually-hidden\" style=\"\" aria-hidden=\"true\">Favourite<\/span><\/span>\n<\/span>\t\t<\/span>\n\t\t<\/div><div class=\"geodir-post-slider bsui sdel-03994e04\" ><div class=\"geodir-image-container geodir-image-sizes-medium_large overflow-hidden\">\n\t\t\t<div class=\"geodir-images aui-gallery geodir-images-n-1 geodir-images-image carousel-inner \">\n\t\t<div class=\"carousel-item active\"><a href=\"https:\/\/caminodesantiagofrances.com\/en\/lo\/albergue-municipal-domenico-laffi-el-burgo-ranero\/\" class=\"geodir-link-image embed-has-action ratio ratio-16x9 ratio ratio-16x9 d-block\"><img src='data:image\/png;base64,iVBORw0KGgoAAAANSUhEUgAAAGQAAAABCAQAAACC0sM2AAAADklEQVR42mP8X88wLAAAK5IBgMYCdqgAAAAASUVORK5CYII=' data-src=\"https:\/\/caminodesantiagofrances.com\/en\/wp-content\/uploads\/sites\/3\/2024\/10\/Albergue-Municipal-Domenico-Laffi-El-Burgo-Ranero-Camino-de-Santiago-Frances-768x403.jpg\" alt=\"Albergue Municipal Domenico Laffi El Burgo Ranero Camino de Santiago Frances 768x403\" width=\"768\" height=\"403\" class=\"geodir-lazy-load align size-medium_large geodir-image-482 embed-item-cover-xy w-100 p-0 m-0 mw-100 border-0\" data-srcset=\"https:\/\/caminodesantiagofrances.com\/en\/wp-content\/uploads\/sites\/3\/2024\/10\/Albergue-Municipal-Domenico-Laffi-El-Burgo-Ranero-Camino-de-Santiago-Frances-768x403.jpg 768w, https:\/\/caminodesantiagofrances.com\/en\/wp-content\/uploads\/sites\/3\/2024\/10\/Albergue-Municipal-Domenico-Laffi-El-Burgo-Ranero-Camino-de-Santiago-Frances-300x158.jpg 300w, https:\/\/caminodesantiagofrances.com\/en\/wp-content\/uploads\/sites\/3\/2024\/10\/Albergue-Municipal-Domenico-Laffi-El-Burgo-Ranero-Camino-de-Santiago-Frances-1024x538.jpg 1024w, https:\/\/caminodesantiagofrances.com\/en\/wp-content\/uploads\/sites\/3\/2024\/10\/Albergue-Municipal-Domenico-Laffi-El-Burgo-Ranero-Camino-de-Santiago-Frances.jpg 1200w\" sizes=\"(max-width: 768px) 100vw, 768px\" \/><i class=\"fas fa-link w-auto h-auto\" aria-hidden=\"true\"><\/i><\/a><\/div>\t\t<\/div>\n\t\t<\/div>\n<\/div><\/div><div class=\"card-body p-2  \"><div class=\"row justify-content-center gv-hide-3 gv-hide-0\"><div class=\"col col-4 text-center tofront \"><a href=\"https:\/\/caminodesantiagofrances.com\/en\/author\/caminodesantiagofrances-com\/\" title=\"caminodesantiagofrances-com\"><img decoding=\"async\" style=\"max-height:75px;\" class=\"rounded-circle shadow border border-white border-width-4 p-0 mw-100 mt-n5 bg-white\" src=\"https:\/\/secure.gravatar.com\/avatar\/03aa5dc32308904f80a38258afc0335b43d4b2bec3418626e4f8712b71c3b93e?s=96&#038;d=mm&#038;r=g\" alt=\"Author Image\"><\/a><\/div><\/div><div class=\"geodir-post-title bsui sdel-caa60b10\" ><h3 class=\"geodir-entry-title  h5 \"><a href=\"https:\/\/caminodesantiagofrances.com\/en\/lo\/albergue-municipal-domenico-laffi-el-burgo-ranero\/\" class=\"\" title=\"View: Albergue Municipal Dom\u00e9nico Laffi El Burgo Ranero\">Albergue Municipal Dom\u00e9nico Laffi El Burgo Ranero<\/a><\/h3><\/div><div class=\"geodir-post-content-container bsui sdel-1e477937\" ><div class=\"geodir_post_meta  text-justify pb-1 position-relative geodir-field-post_content\" >Albergue de Peregrinos Municipal Dom\u00e9nico Laffi de El Burgo Ranero El Albergue de Peregrinos Municipal Dom\u00e9nico Laffi, ubicado en El<\/div><\/div><\/div><div class=\"card-footer p-2  \"><div class='d-flex justify-content-between align-items-center flex-wrap'><div><\/div><div><\/div><\/div><\/div><\/div>\t<\/div>\n\t<\/div>\n\t<\/div>\n\t\t<\/div>\n\t\t<\/div><\/div>\n\n\n\n<h3 class=\"wp-block-heading has-text-align-center\"><a href=\"https:\/\/caminodesantiagofrances.com\/en\/provincia-de-leon\/reliegos\/\" data-type=\"link\" data-id=\"https:\/\/caminodesantiagofrances.com\/en\/provincia-de-leon\/reliegos\/\">Reliegos<\/a><\/h3>\n\n\n\n<h3 class=\"wp-block-heading has-text-align-center\"><a href=\"https:\/\/caminodesantiagofrances.com\/en\/provincia-de-leon\/mansilla-de-las-mulas\/\" data-type=\"link\" data-id=\"https:\/\/caminodesantiagofrances.com\/en\/provincia-de-leon\/mansilla-de-las-mulas\/\">Mansilla de las Mulas<\/a><\/h3>\n\n\n\n<h3 class=\"wp-block-heading has-text-align-center\"><a href=\"https:\/\/caminodesantiagofrances.com\/en\/provincia-de-leon\/villamoros-de-mansilla\/\" data-type=\"link\" data-id=\"https:\/\/caminodesantiagofrances.com\/en\/provincia-de-leon\/villamoros-de-mansilla\/\">Villamoros de Mansilla<\/a><\/h3>\n\n\n\n<h3 class=\"wp-block-heading has-text-align-center\"><a href=\"https:\/\/caminodesantiagofrances.com\/en\/provincia-de-leon\/puente-villarente\/\" data-type=\"link\" data-id=\"https:\/\/caminodesantiagofrances.com\/en\/provincia-de-leon\/puente-villarente\/\">Puente Villarente<\/a><\/h3>\n\n\n\n<h3 class=\"wp-block-heading has-text-align-center\"><a href=\"https:\/\/caminodesantiagofrances.com\/en\/provincia-de-leon\/arcahueja\/\" data-type=\"link\" data-id=\"https:\/\/caminodesantiagofrances.com\/en\/provincia-de-leon\/arcahueja\/\">Arcahueja<\/a><\/h3>\n\n\n\n<h3 class=\"wp-block-heading has-text-align-center\"><a href=\"https:\/\/caminodesantiagofrances.com\/en\/provincia-de-leon\/valdelafuente\/\" data-type=\"link\" data-id=\"https:\/\/caminodesantiagofrances.com\/en\/provincia-de-leon\/valdelafuente\/\">Valdelafuente<\/a><\/h3>\n\n\n\n<h3 class=\"wp-block-heading has-text-align-center\"><a href=\"https:\/\/caminodesantiagofrances.com\/en\/provincia-de-leon\/leon\/\" data-type=\"link\" data-id=\"https:\/\/caminodesantiagofrances.com\/en\/provincia-de-leon\/leon\/\">Le\u00f3n<\/a><\/h3>\n\n\n\n<div class=\"wp-block-geodirectory-geodir-widget-listings\"><div class=\"geodir-listings bsui sdel-5c9032e2\" >\t\t<div id=\"geodir_6a9d453449f0f\" class=\"geodir_locations geodir_location_listing\n\t\t\t\t\t\t\t mb-3\t\t position-relative\">\n\t\t\t\t<div\n\t\tclass=\"row row-cols-1 row-cols-sm-2 geodir-category-list-view geodir-widget-posts geodir-gridview row-cols-md-2\">\n\t\t\n<div class=\"col mb-4 geodir-post post-17137 gd_place type-gd_place status-publish has-post-thumbnail gd-post-pkg-1\" data-post-id=\"17137\">\n\t\t<div class=\"card h-100 p-0 m-0 mw-100  \">\n\t<div class=\"card p-0 mw-100 h-100 \"><div class=\"card-img-top overflow-hidden position-relative  \"><span class=\"bsui gd-badge-meta\"><a href=\"https:\/\/caminodesantiagofrances.com\/en\/lo\/categoria\/albergue\/\" class=\"gd-badge border-0 badge ab-bottom-left ms-1\" data-id=\"17137\" data-badge=\"default_category\" data-badge-condition=\"is_not_empty\" style=\"background-color:rgba(0,0,0,0.5);border-color:rgba(0,0,0,0.5);color:#ffffff;\">Albergue<\/a>\n<\/span><div class=\"geodir_post_meta gd-fav-info-wrap  gd-fav-hide-text ab-bottom-right me-1  mb-n1  me-1 mb-n1 ab-bottom-right\" >\t\t<span class=\"gd-list-favorite\">\n\t\t\t<span class=\"geodir-addtofav favorite_property_17137  h5\" aria-hidden=\"true\"><span  title=\"Add to Favourites\"  class=\"geodir-addtofav-icon c-pointer geodir-act-fav\"  data-color-on=\"#ff0000\"  data-icon=\"fas fa-heart\"  data-color-off=\"rgba(223,223,223,0.8)\"  data-text-color=\"\"  data-bs-toggle=\"tooltip\"  aria-hidden=\"true\"  onclick=\"javascript:window.location.href='https:\/\/caminodesantiagofrances.com\/en\/wp-login.php'\"  ><i class=\"fas fa-heart\"  style=\"color:rgba(223,223,223,0.8);\" ><\/i> <span class=\"geodir-fav-text gv-secondary visually-hidden\" style=\"\" aria-hidden=\"true\">Favourite<\/span><\/span>\n<\/span>\t\t<\/span>\n\t\t<\/div><div class=\"geodir-post-slider bsui sdel-03994e04\" ><div class=\"geodir-image-container geodir-image-sizes-medium_large overflow-hidden\">\n\t\t\t<div class=\"geodir-images aui-gallery geodir-images-n-1 geodir-images-image carousel-inner \">\n\t\t<div class=\"carousel-item active\"><a href=\"https:\/\/caminodesantiagofrances.com\/en\/lo\/albergue-casa-nostra-castrojeriz\/\" class=\"geodir-link-image embed-has-action ratio ratio-16x9 ratio ratio-16x9 d-block\"><img src='data:image\/png;base64,iVBORw0KGgoAAAANSUhEUgAAAGQAAAABCAQAAACC0sM2AAAADklEQVR42mP8X88wLAAAK5IBgMYCdqgAAAAASUVORK5CYII=' data-src=\"https:\/\/caminodesantiagofrances.com\/en\/wp-content\/uploads\/sites\/3\/2025\/10\/Albergue-Casa-Nostra-Castrojeriz-Camino-de-Santiago-Frances-768x403.jpg\" alt=\"Albergue Casa Nostra Castrojeriz Camino de Santiago Frances 768x403\" width=\"768\" height=\"403\" class=\"geodir-lazy-load align size-medium_large geodir-image-4694 embed-item-cover-xy w-100 p-0 m-0 mw-100 border-0\" data-srcset=\"https:\/\/caminodesantiagofrances.com\/en\/wp-content\/uploads\/sites\/3\/2025\/10\/Albergue-Casa-Nostra-Castrojeriz-Camino-de-Santiago-Frances-768x403.jpg 768w, https:\/\/caminodesantiagofrances.com\/en\/wp-content\/uploads\/sites\/3\/2025\/10\/Albergue-Casa-Nostra-Castrojeriz-Camino-de-Santiago-Frances-300x158.jpg 300w, https:\/\/caminodesantiagofrances.com\/en\/wp-content\/uploads\/sites\/3\/2025\/10\/Albergue-Casa-Nostra-Castrojeriz-Camino-de-Santiago-Frances-1024x538.jpg 1024w, https:\/\/caminodesantiagofrances.com\/en\/wp-content\/uploads\/sites\/3\/2025\/10\/Albergue-Casa-Nostra-Castrojeriz-Camino-de-Santiago-Frances.jpg 1200w\" sizes=\"(max-width: 768px) 100vw, 768px\" \/><i class=\"fas fa-link w-auto h-auto\" aria-hidden=\"true\"><\/i><\/a><\/div>\t\t<\/div>\n\t\t<\/div>\n<\/div><\/div><div class=\"card-body p-2  \"><div class=\"row justify-content-center gv-hide-3 gv-hide-0\"><div class=\"col col-4 text-center tofront \"><a href=\"https:\/\/caminodesantiagofrances.com\/en\/author\/caminodesantiagofrances-com\/\" title=\"caminodesantiagofrances-com\"><img decoding=\"async\" style=\"max-height:75px;\" class=\"rounded-circle shadow border border-white border-width-4 p-0 mw-100 mt-n5 bg-white\" src=\"https:\/\/secure.gravatar.com\/avatar\/03aa5dc32308904f80a38258afc0335b43d4b2bec3418626e4f8712b71c3b93e?s=96&#038;d=mm&#038;r=g\" alt=\"Author Image\"><\/a><\/div><\/div><div class=\"geodir-post-title bsui sdel-caa60b10\" ><h3 class=\"geodir-entry-title  h5 \"><a href=\"https:\/\/caminodesantiagofrances.com\/en\/lo\/albergue-casa-nostra-castrojeriz\/\" class=\"\" title=\"View: Albergue Casa Nostra Castrojeriz\">Albergue Casa Nostra Castrojeriz<\/a><\/h3><\/div><div class=\"geodir-post-content-container bsui sdel-1e477937\" ><div class=\"geodir_post_meta  text-justify pb-1 position-relative geodir-field-post_content\" >RESERVAR AHORA Albergue Casa Nostra \u2013 Hospitalidad y Autenticidad en Castrojeriz En la hist\u00f3rica villa burgalesa de Castrojeriz, uno de<\/div><\/div><\/div><div class=\"card-footer p-2  \"><div class='d-flex justify-content-between align-items-center flex-wrap'><div><\/div><div><\/div><\/div><\/div><\/div>\t<\/div>\n\t<\/div>\n\n<div class=\"col mb-4 geodir-post post-17114 gd_place type-gd_place status-publish has-post-thumbnail gd-post-pkg-1\" data-post-id=\"17114\">\n\t\t<div class=\"card h-100 p-0 m-0 mw-100  \">\n\t<div class=\"card p-0 mw-100 h-100 \"><div class=\"card-img-top overflow-hidden position-relative  \"><span class=\"bsui gd-badge-meta\"><a href=\"https:\/\/caminodesantiagofrances.com\/en\/lo\/categoria\/albergue\/\" class=\"gd-badge border-0 badge ab-bottom-left ms-1\" data-id=\"17114\" data-badge=\"default_category\" data-badge-condition=\"is_not_empty\" style=\"background-color:rgba(0,0,0,0.5);border-color:rgba(0,0,0,0.5);color:#ffffff;\">Albergue<\/a>\n<\/span><div class=\"geodir_post_meta gd-fav-info-wrap  gd-fav-hide-text ab-bottom-right me-1  mb-n1  me-1 mb-n1 ab-bottom-right\" >\t\t<span class=\"gd-list-favorite\">\n\t\t\t<span class=\"geodir-addtofav favorite_property_17114  h5\" aria-hidden=\"true\"><span  title=\"Add to Favourites\"  class=\"geodir-addtofav-icon c-pointer geodir-act-fav\"  data-color-on=\"#ff0000\"  data-icon=\"fas fa-heart\"  data-color-off=\"rgba(223,223,223,0.8)\"  data-text-color=\"\"  data-bs-toggle=\"tooltip\"  aria-hidden=\"true\"  onclick=\"javascript:window.location.href='https:\/\/caminodesantiagofrances.com\/en\/wp-login.php'\"  ><i class=\"fas fa-heart\"  style=\"color:rgba(223,223,223,0.8);\" ><\/i> <span class=\"geodir-fav-text gv-secondary visually-hidden\" style=\"\" aria-hidden=\"true\">Favourite<\/span><\/span>\n<\/span>\t\t<\/span>\n\t\t<\/div><div class=\"geodir-post-slider bsui sdel-03994e04\" ><div class=\"geodir-image-container geodir-image-sizes-medium_large overflow-hidden\">\n\t\t\t<div class=\"geodir-images aui-gallery geodir-images-n-1 geodir-images-image carousel-inner \">\n\t\t<div class=\"carousel-item active\"><a href=\"https:\/\/caminodesantiagofrances.com\/en\/lo\/albergue-rosalia-castrojeriz\/\" class=\"geodir-link-image embed-has-action ratio ratio-16x9 ratio ratio-16x9 d-block\"><img src='data:image\/png;base64,iVBORw0KGgoAAAANSUhEUgAAAGQAAAABCAQAAACC0sM2AAAADklEQVR42mP8X88wLAAAK5IBgMYCdqgAAAAASUVORK5CYII=' data-src=\"https:\/\/caminodesantiagofrances.com\/en\/wp-content\/uploads\/sites\/3\/2025\/10\/Albergue-Rosalia-Castrojeriz-Camino-de-Santiago-Frances-768x403.jpg\" alt=\"Albergue Rosalia Castrojeriz Camino de Santiago Frances 768x403\" width=\"768\" height=\"403\" class=\"geodir-lazy-load align size-medium_large geodir-image-4638 embed-item-cover-xy w-100 p-0 m-0 mw-100 border-0\" data-srcset=\"https:\/\/caminodesantiagofrances.com\/en\/wp-content\/uploads\/sites\/3\/2025\/10\/Albergue-Rosalia-Castrojeriz-Camino-de-Santiago-Frances-768x403.jpg 768w, https:\/\/caminodesantiagofrances.com\/en\/wp-content\/uploads\/sites\/3\/2025\/10\/Albergue-Rosalia-Castrojeriz-Camino-de-Santiago-Frances-300x158.jpg 300w, https:\/\/caminodesantiagofrances.com\/en\/wp-content\/uploads\/sites\/3\/2025\/10\/Albergue-Rosalia-Castrojeriz-Camino-de-Santiago-Frances-1024x538.jpg 1024w, https:\/\/caminodesantiagofrances.com\/en\/wp-content\/uploads\/sites\/3\/2025\/10\/Albergue-Rosalia-Castrojeriz-Camino-de-Santiago-Frances.jpg 1200w\" sizes=\"(max-width: 768px) 100vw, 768px\" \/><i class=\"fas fa-link w-auto h-auto\" aria-hidden=\"true\"><\/i><\/a><\/div>\t\t<\/div>\n\t\t<\/div>\n<\/div><\/div><div class=\"card-body p-2  \"><div class=\"row justify-content-center gv-hide-3 gv-hide-0\"><div class=\"col col-4 text-center tofront \"><a href=\"https:\/\/caminodesantiagofrances.com\/en\/author\/caminodesantiagofrances-com\/\" title=\"caminodesantiagofrances-com\"><img decoding=\"async\" style=\"max-height:75px;\" class=\"rounded-circle shadow border border-white border-width-4 p-0 mw-100 mt-n5 bg-white\" src=\"https:\/\/secure.gravatar.com\/avatar\/03aa5dc32308904f80a38258afc0335b43d4b2bec3418626e4f8712b71c3b93e?s=96&#038;d=mm&#038;r=g\" alt=\"Author Image\"><\/a><\/div><\/div><div class=\"geodir-post-title bsui sdel-caa60b10\" ><h3 class=\"geodir-entry-title  h5 \"><a href=\"https:\/\/caminodesantiagofrances.com\/en\/lo\/albergue-rosalia-castrojeriz\/\" class=\"\" title=\"View: Albergue Rosal\u00eda Castrojeriz\">Albergue Rosal\u00eda Castrojeriz<\/a><\/h3><\/div><div class=\"geodir-post-content-container bsui sdel-1e477937\" ><div class=\"geodir_post_meta  text-justify pb-1 position-relative geodir-field-post_content\" >RESERVAR AHORA Albergue Rosal\u00eda \u2013 Confort, Historia y Hospitalidad en el Coraz\u00f3n de Castrojeriz En el pintoresco municipio burgal\u00e9s de<\/div><\/div><\/div><div class=\"card-footer p-2  \"><div class='d-flex justify-content-between align-items-center flex-wrap'><div><\/div><div><\/div><\/div><\/div><\/div>\t<\/div>\n\t<\/div>\n\n<div class=\"col mb-4 geodir-post post-16956 gd_place type-gd_place status-publish has-post-thumbnail gd-post-pkg-1\" data-post-id=\"16956\">\n\t\t<div class=\"card h-100 p-0 m-0 mw-100  \">\n\t<div class=\"card p-0 mw-100 h-100 \"><div class=\"card-img-top overflow-hidden position-relative  \"><span class=\"bsui gd-badge-meta\"><a href=\"https:\/\/caminodesantiagofrances.com\/en\/lo\/categoria\/albergue\/\" class=\"gd-badge border-0 badge ab-bottom-left ms-1\" data-id=\"16956\" data-badge=\"default_category\" data-badge-condition=\"is_not_empty\" style=\"background-color:rgba(0,0,0,0.5);border-color:rgba(0,0,0,0.5);color:#ffffff;\">Albergue<\/a>\n<\/span><div class=\"geodir_post_meta gd-fav-info-wrap  gd-fav-hide-text ab-bottom-right me-1  mb-n1  me-1 mb-n1 ab-bottom-right\" >\t\t<span class=\"gd-list-favorite\">\n\t\t\t<span class=\"geodir-addtofav favorite_property_16956  h5\" aria-hidden=\"true\"><span  title=\"Add to Favourites\"  class=\"geodir-addtofav-icon c-pointer geodir-act-fav\"  data-color-on=\"#ff0000\"  data-icon=\"fas fa-heart\"  data-color-off=\"rgba(223,223,223,0.8)\"  data-text-color=\"\"  data-bs-toggle=\"tooltip\"  aria-hidden=\"true\"  onclick=\"javascript:window.location.href='https:\/\/caminodesantiagofrances.com\/en\/wp-login.php'\"  ><i class=\"fas fa-heart\"  style=\"color:rgba(223,223,223,0.8);\" ><\/i> <span class=\"geodir-fav-text gv-secondary visually-hidden\" style=\"\" aria-hidden=\"true\">Favourite<\/span><\/span>\n<\/span>\t\t<\/span>\n\t\t<\/div><div class=\"geodir-post-slider bsui sdel-03994e04\" ><div class=\"geodir-image-container geodir-image-sizes-medium_large overflow-hidden\">\n\t\t\t<div class=\"geodir-images aui-gallery geodir-images-n-1 geodir-images-image carousel-inner \">\n\t\t<div class=\"carousel-item active\"><a href=\"https:\/\/caminodesantiagofrances.com\/en\/lo\/albergue-la-fabrica-tardajos\/\" class=\"geodir-link-image embed-has-action ratio ratio-16x9 ratio ratio-16x9 d-block\"><img src='data:image\/png;base64,iVBORw0KGgoAAAANSUhEUgAAAGQAAAABCAQAAACC0sM2AAAADklEQVR42mP8X88wLAAAK5IBgMYCdqgAAAAASUVORK5CYII=' data-src=\"https:\/\/caminodesantiagofrances.com\/en\/wp-content\/uploads\/sites\/3\/2025\/10\/Albergue-La-Fabrica-Tardajos-Camino-de-Santiago-Frances-768x403.jpg\" alt=\"Albergue La Fabrica Tardajos Camino de Santiago Frances 768x403\" width=\"768\" height=\"403\" class=\"geodir-lazy-load align size-medium_large geodir-image-4542 embed-item-cover-xy w-100 p-0 m-0 mw-100 border-0\" data-srcset=\"https:\/\/caminodesantiagofrances.com\/en\/wp-content\/uploads\/sites\/3\/2025\/10\/Albergue-La-Fabrica-Tardajos-Camino-de-Santiago-Frances-768x403.jpg 768w, https:\/\/caminodesantiagofrances.com\/en\/wp-content\/uploads\/sites\/3\/2025\/10\/Albergue-La-Fabrica-Tardajos-Camino-de-Santiago-Frances-300x158.jpg 300w, https:\/\/caminodesantiagofrances.com\/en\/wp-content\/uploads\/sites\/3\/2025\/10\/Albergue-La-Fabrica-Tardajos-Camino-de-Santiago-Frances-1024x538.jpg 1024w, https:\/\/caminodesantiagofrances.com\/en\/wp-content\/uploads\/sites\/3\/2025\/10\/Albergue-La-Fabrica-Tardajos-Camino-de-Santiago-Frances.jpg 1200w\" sizes=\"(max-width: 768px) 100vw, 768px\" \/><i class=\"fas fa-link w-auto h-auto\" aria-hidden=\"true\"><\/i><\/a><\/div>\t\t<\/div>\n\t\t<\/div>\n<\/div><\/div><div class=\"card-body p-2  \"><div class=\"row justify-content-center gv-hide-3 gv-hide-0\"><div class=\"col col-4 text-center tofront \"><a href=\"https:\/\/caminodesantiagofrances.com\/en\/author\/caminodesantiagofrances-com\/\" title=\"caminodesantiagofrances-com\"><img decoding=\"async\" style=\"max-height:75px;\" class=\"rounded-circle shadow border border-white border-width-4 p-0 mw-100 mt-n5 bg-white\" src=\"https:\/\/secure.gravatar.com\/avatar\/03aa5dc32308904f80a38258afc0335b43d4b2bec3418626e4f8712b71c3b93e?s=96&#038;d=mm&#038;r=g\" alt=\"Author Image\"><\/a><\/div><\/div><div class=\"geodir-post-title bsui sdel-caa60b10\" ><h3 class=\"geodir-entry-title  h5 \"><a href=\"https:\/\/caminodesantiagofrances.com\/en\/lo\/albergue-la-fabrica-tardajos\/\" class=\"\" title=\"View: Albergue La F\u00e1brica Tardajos\">Albergue La F\u00e1brica Tardajos<\/a><\/h3><\/div><div class=\"geodir-post-content-container bsui sdel-1e477937\" ><div class=\"geodir_post_meta  text-justify pb-1 position-relative geodir-field-post_content\" >RESERVAR AHORA Albergue La F\u00e1brica: descanso en Tardajos En la pintoresca localidad de Tardajos, a tan solo 12 km de<\/div><\/div><\/div><div class=\"card-footer p-2  \"><div class='d-flex justify-content-between align-items-center flex-wrap'><div><\/div><div><\/div><\/div><\/div><\/div>\t<\/div>\n\t<\/div>\n\n<div class=\"col mb-4 geodir-post post-16938 gd_place type-gd_place status-publish has-post-thumbnail gd-post-pkg-1\" data-post-id=\"16938\">\n\t\t<div class=\"card h-100 p-0 m-0 mw-100  \">\n\t<div class=\"card p-0 mw-100 h-100 \"><div class=\"card-img-top overflow-hidden position-relative  \"><span class=\"bsui gd-badge-meta\"><a href=\"https:\/\/caminodesantiagofrances.com\/en\/lo\/categoria\/albergue\/\" class=\"gd-badge border-0 badge ab-bottom-left ms-1\" data-id=\"16938\" data-badge=\"default_category\" data-badge-condition=\"is_not_empty\" style=\"background-color:rgba(0,0,0,0.5);border-color:rgba(0,0,0,0.5);color:#ffffff;\">Albergue<\/a>\n<\/span><div class=\"geodir_post_meta gd-fav-info-wrap  gd-fav-hide-text ab-bottom-right me-1  mb-n1  me-1 mb-n1 ab-bottom-right\" >\t\t<span class=\"gd-list-favorite\">\n\t\t\t<span class=\"geodir-addtofav favorite_property_16938  h5\" aria-hidden=\"true\"><span  title=\"Add to Favourites\"  class=\"geodir-addtofav-icon c-pointer geodir-act-fav\"  data-color-on=\"#ff0000\"  data-icon=\"fas fa-heart\"  data-color-off=\"rgba(223,223,223,0.8)\"  data-text-color=\"\"  data-bs-toggle=\"tooltip\"  aria-hidden=\"true\"  onclick=\"javascript:window.location.href='https:\/\/caminodesantiagofrances.com\/en\/wp-login.php'\"  ><i class=\"fas fa-heart\"  style=\"color:rgba(223,223,223,0.8);\" ><\/i> <span class=\"geodir-fav-text gv-secondary visually-hidden\" style=\"\" aria-hidden=\"true\">Favourite<\/span><\/span>\n<\/span>\t\t<\/span>\n\t\t<\/div><div class=\"geodir-post-slider bsui sdel-03994e04\" ><div class=\"geodir-image-container geodir-image-sizes-medium_large overflow-hidden\">\n\t\t\t<div class=\"geodir-images aui-gallery geodir-images-n-1 geodir-images-image carousel-inner \">\n\t\t<div class=\"carousel-item active\"><a href=\"https:\/\/caminodesantiagofrances.com\/en\/lo\/albergue-san-nicolas-larrasoana\/\" class=\"geodir-link-image embed-has-action ratio ratio-16x9 ratio ratio-16x9 d-block\"><img src='data:image\/png;base64,iVBORw0KGgoAAAANSUhEUgAAAGQAAAABCAQAAACC0sM2AAAADklEQVR42mP8X88wLAAAK5IBgMYCdqgAAAAASUVORK5CYII=' data-src=\"https:\/\/caminodesantiagofrances.com\/en\/wp-content\/uploads\/sites\/3\/2025\/09\/Albergue-San-Nicolas-Larrasoana-Camino-de-Santiago-Frances-768x403.jpg\" alt=\"Albergue San Nicolas Larrasoana Camino de Santiago Frances 768x403\" width=\"768\" height=\"403\" class=\"geodir-lazy-load align size-medium_large geodir-image-4516 embed-item-cover-xy w-100 p-0 m-0 mw-100 border-0\" data-srcset=\"https:\/\/caminodesantiagofrances.com\/en\/wp-content\/uploads\/sites\/3\/2025\/09\/Albergue-San-Nicolas-Larrasoana-Camino-de-Santiago-Frances-768x403.jpg 768w, https:\/\/caminodesantiagofrances.com\/en\/wp-content\/uploads\/sites\/3\/2025\/09\/Albergue-San-Nicolas-Larrasoana-Camino-de-Santiago-Frances-300x158.jpg 300w, https:\/\/caminodesantiagofrances.com\/en\/wp-content\/uploads\/sites\/3\/2025\/09\/Albergue-San-Nicolas-Larrasoana-Camino-de-Santiago-Frances-1024x538.jpg 1024w, https:\/\/caminodesantiagofrances.com\/en\/wp-content\/uploads\/sites\/3\/2025\/09\/Albergue-San-Nicolas-Larrasoana-Camino-de-Santiago-Frances.jpg 1200w\" sizes=\"(max-width: 768px) 100vw, 768px\" \/><i class=\"fas fa-link w-auto h-auto\" aria-hidden=\"true\"><\/i><\/a><\/div>\t\t<\/div>\n\t\t<\/div>\n<\/div><\/div><div class=\"card-body p-2  \"><div class=\"row justify-content-center gv-hide-3 gv-hide-0\"><div class=\"col col-4 text-center tofront \"><a href=\"https:\/\/caminodesantiagofrances.com\/en\/author\/caminodesantiagofrances-com\/\" title=\"caminodesantiagofrances-com\"><img decoding=\"async\" style=\"max-height:75px;\" class=\"rounded-circle shadow border border-white border-width-4 p-0 mw-100 mt-n5 bg-white\" src=\"https:\/\/secure.gravatar.com\/avatar\/03aa5dc32308904f80a38258afc0335b43d4b2bec3418626e4f8712b71c3b93e?s=96&#038;d=mm&#038;r=g\" alt=\"Author Image\"><\/a><\/div><\/div><div class=\"geodir-post-title bsui sdel-caa60b10\" ><h3 class=\"geodir-entry-title  h5 \"><a href=\"https:\/\/caminodesantiagofrances.com\/en\/lo\/albergue-san-nicolas-larrasoana\/\" class=\"\" title=\"View: Albergue San Nicol\u00e1s Larrasoa\u00f1a\">Albergue San Nicol\u00e1s Larrasoa\u00f1a<\/a><\/h3><\/div><div class=\"geodir-post-content-container bsui sdel-1e477937\" ><div class=\"geodir_post_meta  text-justify pb-1 position-relative geodir-field-post_content\" >RESERVAR AHORA Albergue San Nicol\u00e1s en Larrasoa\u00f1a: descanso aut\u00e9ntico en Larrasoa\u00f1a El Albergue San Nicol\u00e1s se sit\u00faa en la pintoresca<\/div><\/div><\/div><div class=\"card-footer p-2  \"><div class='d-flex justify-content-between align-items-center flex-wrap'><div><\/div><div><\/div><\/div><\/div><\/div>\t<\/div>\n\t<\/div>\n\n<div class=\"col mb-4 geodir-post post-16906 gd_place type-gd_place status-publish has-post-thumbnail gd-post-pkg-1\" data-post-id=\"16906\">\n\t\t<div class=\"card h-100 p-0 m-0 mw-100  \">\n\t<div class=\"card p-0 mw-100 h-100 \"><div class=\"card-img-top overflow-hidden position-relative  \"><span class=\"bsui gd-badge-meta\"><a href=\"https:\/\/caminodesantiagofrances.com\/en\/lo\/categoria\/albergue\/\" class=\"gd-badge border-0 badge ab-bottom-left ms-1\" data-id=\"16906\" data-badge=\"default_category\" data-badge-condition=\"is_not_empty\" style=\"background-color:rgba(0,0,0,0.5);border-color:rgba(0,0,0,0.5);color:#ffffff;\">Albergue<\/a>\n<\/span><div class=\"geodir_post_meta gd-fav-info-wrap  gd-fav-hide-text ab-bottom-right me-1  mb-n1  me-1 mb-n1 ab-bottom-right\" >\t\t<span class=\"gd-list-favorite\">\n\t\t\t<span class=\"geodir-addtofav favorite_property_16906  h5\" aria-hidden=\"true\"><span  title=\"Add to Favourites\"  class=\"geodir-addtofav-icon c-pointer geodir-act-fav\"  data-color-on=\"#ff0000\"  data-icon=\"fas fa-heart\"  data-color-off=\"rgba(223,223,223,0.8)\"  data-text-color=\"\"  data-bs-toggle=\"tooltip\"  aria-hidden=\"true\"  onclick=\"javascript:window.location.href='https:\/\/caminodesantiagofrances.com\/en\/wp-login.php'\"  ><i class=\"fas fa-heart\"  style=\"color:rgba(223,223,223,0.8);\" ><\/i> <span class=\"geodir-fav-text gv-secondary visually-hidden\" style=\"\" aria-hidden=\"true\">Favourite<\/span><\/span>\n<\/span>\t\t<\/span>\n\t\t<\/div><div class=\"geodir-post-slider bsui sdel-03994e04\" ><div class=\"geodir-image-container geodir-image-sizes-medium_large overflow-hidden\">\n\t\t\t<div class=\"geodir-images aui-gallery geodir-images-n-1 geodir-images-image carousel-inner \">\n\t\t<div class=\"carousel-item active\"><a href=\"https:\/\/caminodesantiagofrances.com\/en\/lo\/albergue-hostal-rural-haizea-espinal\/\" class=\"geodir-link-image embed-has-action ratio ratio-16x9 ratio ratio-16x9 d-block\"><img src='data:image\/png;base64,iVBORw0KGgoAAAANSUhEUgAAAGQAAAABCAQAAACC0sM2AAAADklEQVR42mP8X88wLAAAK5IBgMYCdqgAAAAASUVORK5CYII=' data-src=\"https:\/\/caminodesantiagofrances.com\/en\/wp-content\/uploads\/sites\/3\/2025\/09\/Albergue-Hostal-Rural-Haizea-Espinal-Camino-de-Santiago-Frances-768x403.jpg\" alt=\"Albergue Hostal Rural Haizea Espinal Camino de Santiago Frances 768x403\" width=\"768\" height=\"403\" class=\"geodir-lazy-load align size-medium_large geodir-image-4474 embed-item-cover-xy w-100 p-0 m-0 mw-100 border-0\" data-srcset=\"https:\/\/caminodesantiagofrances.com\/en\/wp-content\/uploads\/sites\/3\/2025\/09\/Albergue-Hostal-Rural-Haizea-Espinal-Camino-de-Santiago-Frances-768x403.jpg 768w, https:\/\/caminodesantiagofrances.com\/en\/wp-content\/uploads\/sites\/3\/2025\/09\/Albergue-Hostal-Rural-Haizea-Espinal-Camino-de-Santiago-Frances-300x158.jpg 300w, https:\/\/caminodesantiagofrances.com\/en\/wp-content\/uploads\/sites\/3\/2025\/09\/Albergue-Hostal-Rural-Haizea-Espinal-Camino-de-Santiago-Frances-1024x538.jpg 1024w, https:\/\/caminodesantiagofrances.com\/en\/wp-content\/uploads\/sites\/3\/2025\/09\/Albergue-Hostal-Rural-Haizea-Espinal-Camino-de-Santiago-Frances.jpg 1200w\" sizes=\"(max-width: 768px) 100vw, 768px\" \/><i class=\"fas fa-link w-auto h-auto\" aria-hidden=\"true\"><\/i><\/a><\/div>\t\t<\/div>\n\t\t<\/div>\n<\/div><\/div><div class=\"card-body p-2  \"><div class=\"row justify-content-center gv-hide-3 gv-hide-0\"><div class=\"col col-4 text-center tofront \"><a href=\"https:\/\/caminodesantiagofrances.com\/en\/author\/caminodesantiagofrances-com\/\" title=\"caminodesantiagofrances-com\"><img decoding=\"async\" style=\"max-height:75px;\" class=\"rounded-circle shadow border border-white border-width-4 p-0 mw-100 mt-n5 bg-white\" src=\"https:\/\/secure.gravatar.com\/avatar\/03aa5dc32308904f80a38258afc0335b43d4b2bec3418626e4f8712b71c3b93e?s=96&#038;d=mm&#038;r=g\" alt=\"Author Image\"><\/a><\/div><\/div><div class=\"geodir-post-title bsui sdel-caa60b10\" ><h3 class=\"geodir-entry-title  h5 \"><a href=\"https:\/\/caminodesantiagofrances.com\/en\/lo\/albergue-hostal-rural-haizea-espinal\/\" class=\"\" title=\"View: Albergue Hostal Rural Haizea Espinal\">Albergue Hostal Rural Haizea Espinal<\/a><\/h3><\/div><div class=\"geodir-post-content-container bsui sdel-1e477937\" ><div class=\"geodir_post_meta  text-justify pb-1 position-relative geodir-field-post_content\" >RESERVAR AHORA Albergue Hostal Rural Haizea: descanso y gastronom\u00eda en Espinal-Aurizberri El Albergue Hostal Rural Haizea est\u00e1 situado en la<\/div><\/div><\/div><div class=\"card-footer p-2  \"><div class='d-flex justify-content-between align-items-center flex-wrap'><div><\/div><div><\/div><\/div><\/div><\/div>\t<\/div>\n\t<\/div>\n\n<div class=\"col mb-4 geodir-post post-16871 gd_place type-gd_place status-publish has-post-thumbnail gd-post-pkg-1\" data-post-id=\"16871\">\n\t\t<div class=\"card h-100 p-0 m-0 mw-100  \">\n\t<div class=\"card p-0 mw-100 h-100 \"><div class=\"card-img-top overflow-hidden position-relative  \"><span class=\"bsui gd-badge-meta\"><a href=\"https:\/\/caminodesantiagofrances.com\/en\/lo\/categoria\/albergue\/\" class=\"gd-badge border-0 badge ab-bottom-left ms-1\" data-id=\"16871\" data-badge=\"default_category\" data-badge-condition=\"is_not_empty\" style=\"background-color:rgba(0,0,0,0.5);border-color:rgba(0,0,0,0.5);color:#ffffff;\">Albergue<\/a>\n<\/span><div class=\"geodir_post_meta gd-fav-info-wrap  gd-fav-hide-text ab-bottom-right me-1  mb-n1  me-1 mb-n1 ab-bottom-right\" >\t\t<span class=\"gd-list-favorite\">\n\t\t\t<span class=\"geodir-addtofav favorite_property_16871  h5\" aria-hidden=\"true\"><span  title=\"Add to Favourites\"  class=\"geodir-addtofav-icon c-pointer geodir-act-fav\"  data-color-on=\"#ff0000\"  data-icon=\"fas fa-heart\"  data-color-off=\"rgba(223,223,223,0.8)\"  data-text-color=\"\"  data-bs-toggle=\"tooltip\"  aria-hidden=\"true\"  onclick=\"javascript:window.location.href='https:\/\/caminodesantiagofrances.com\/en\/wp-login.php'\"  ><i class=\"fas fa-heart\"  style=\"color:rgba(223,223,223,0.8);\" ><\/i> <span class=\"geodir-fav-text gv-secondary visually-hidden\" style=\"\" aria-hidden=\"true\">Favourite<\/span><\/span>\n<\/span>\t\t<\/span>\n\t\t<\/div><div class=\"geodir-post-slider bsui sdel-03994e04\" ><div class=\"geodir-image-container geodir-image-sizes-medium_large overflow-hidden\">\n\t\t\t<div class=\"geodir-images aui-gallery geodir-images-n-1 geodir-images-image carousel-inner \">\n\t\t<div class=\"carousel-item active\"><a href=\"https:\/\/caminodesantiagofrances.com\/en\/lo\/albergue-plaza-catedral-pamplona\/\" class=\"geodir-link-image embed-has-action ratio ratio-16x9 ratio ratio-16x9 d-block\"><img src='data:image\/png;base64,iVBORw0KGgoAAAANSUhEUgAAAGQAAAABCAQAAACC0sM2AAAADklEQVR42mP8X88wLAAAK5IBgMYCdqgAAAAASUVORK5CYII=' data-src=\"https:\/\/caminodesantiagofrances.com\/en\/wp-content\/uploads\/sites\/3\/2025\/09\/Albergue-Plaza-Catedral-Pamplona-Camino-de-Santiago-Frances-768x403.jpg\" alt=\"Albergue Plaza Catedral Pamplona Camino de Santiago Frances 768x403\" width=\"768\" height=\"403\" class=\"geodir-lazy-load align size-medium_large geodir-image-4344 embed-item-cover-xy w-100 p-0 m-0 mw-100 border-0\" data-srcset=\"https:\/\/caminodesantiagofrances.com\/en\/wp-content\/uploads\/sites\/3\/2025\/09\/Albergue-Plaza-Catedral-Pamplona-Camino-de-Santiago-Frances-768x403.jpg 768w, https:\/\/caminodesantiagofrances.com\/en\/wp-content\/uploads\/sites\/3\/2025\/09\/Albergue-Plaza-Catedral-Pamplona-Camino-de-Santiago-Frances-300x158.jpg 300w, https:\/\/caminodesantiagofrances.com\/en\/wp-content\/uploads\/sites\/3\/2025\/09\/Albergue-Plaza-Catedral-Pamplona-Camino-de-Santiago-Frances-1024x538.jpg 1024w, https:\/\/caminodesantiagofrances.com\/en\/wp-content\/uploads\/sites\/3\/2025\/09\/Albergue-Plaza-Catedral-Pamplona-Camino-de-Santiago-Frances.jpg 1200w\" sizes=\"(max-width: 768px) 100vw, 768px\" \/><i class=\"fas fa-link w-auto h-auto\" aria-hidden=\"true\"><\/i><\/a><\/div>\t\t<\/div>\n\t\t<\/div>\n<\/div><\/div><div class=\"card-body p-2  \"><div class=\"row justify-content-center gv-hide-3 gv-hide-0\"><div class=\"col col-4 text-center tofront \"><a href=\"https:\/\/caminodesantiagofrances.com\/en\/author\/caminodesantiagofrances-com\/\" title=\"caminodesantiagofrances-com\"><img decoding=\"async\" style=\"max-height:75px;\" class=\"rounded-circle shadow border border-white border-width-4 p-0 mw-100 mt-n5 bg-white\" src=\"https:\/\/secure.gravatar.com\/avatar\/03aa5dc32308904f80a38258afc0335b43d4b2bec3418626e4f8712b71c3b93e?s=96&#038;d=mm&#038;r=g\" alt=\"Author Image\"><\/a><\/div><\/div><div class=\"geodir-post-title bsui sdel-caa60b10\" ><h3 class=\"geodir-entry-title  h5 \"><a href=\"https:\/\/caminodesantiagofrances.com\/en\/lo\/albergue-plaza-catedral-pamplona\/\" class=\"\" title=\"View: Albergue Plaza Catedral Pamplona\">Albergue Plaza Catedral Pamplona<\/a><\/h3><\/div><div class=\"geodir-post-content-container bsui sdel-1e477937\" ><div class=\"geodir_post_meta  text-justify pb-1 position-relative geodir-field-post_content\" >RESERVAR AHORA Albergue Plaza Catedral Pamplona | Alojamiento en el coraz\u00f3n de Pamplona El Albergue Plaza Catedral est\u00e1 situado en<\/div><\/div><\/div><div class=\"card-footer p-2  \"><div class='d-flex justify-content-between align-items-center flex-wrap'><div><\/div><div><\/div><\/div><\/div><\/div>\t<\/div>\n\t<\/div>\n\t<\/div>\n\t\t<\/div>\n\t\t<\/div><\/div>\n\n\n\n<h3 class=\"wp-block-heading has-text-align-center\"><a href=\"https:\/\/caminodesantiagofrances.com\/en\/provincia-de-leon\/trobajo-del-camino\/\" data-type=\"link\" data-id=\"https:\/\/caminodesantiagofrances.com\/en\/provincia-de-leon\/trobajo-del-camino\/\">Trobajo del Camino<\/a><\/h3>\n\n\n\n<h3 class=\"wp-block-heading has-text-align-center\"><a href=\"https:\/\/caminodesantiagofrances.com\/en\/provincia-de-leon\/la-virgen-del-camino\/\" data-type=\"link\" data-id=\"https:\/\/caminodesantiagofrances.com\/en\/provincia-de-leon\/la-virgen-del-camino\/\">La Virgen del Camino<\/a><\/h3>\n\n\n\n<h3 class=\"wp-block-heading has-text-align-center\"><a href=\"https:\/\/caminodesantiagofrances.com\/en\/provincia-de-leon\/valverde-de-la-virgen\/\" data-type=\"link\" data-id=\"https:\/\/caminodesantiagofrances.com\/en\/provincia-de-leon\/valverde-de-la-virgen\/\">Valverde de la Virgen<\/a><\/h3>\n\n\n\n<h3 class=\"wp-block-heading has-text-align-center\"><a href=\"https:\/\/caminodesantiagofrances.com\/en\/provincia-de-leon\/san-miguel-del-camino\/\" data-type=\"link\" data-id=\"https:\/\/caminodesantiagofrances.com\/en\/provincia-de-leon\/san-miguel-del-camino\/\">San Miguel del Camino<\/a><\/h3>\n\n\n\n<h3 class=\"wp-block-heading has-text-align-center\"><a href=\"https:\/\/caminodesantiagofrances.com\/en\/provincia-de-leon\/villadangos-del-paramo\/\" data-type=\"link\" data-id=\"https:\/\/caminodesantiagofrances.com\/en\/provincia-de-leon\/villadangos-del-paramo\/\">Villadangos del P\u00e1ramo<\/a><\/h3>\n\n\n\n<div class=\"wp-block-geodirectory-geodir-widget-listings\"><div class=\"geodir-listings bsui sdel-77f88a25\" >\t\t<div id=\"geodir_6a9d4534545ce\" class=\"geodir_locations geodir_location_listing\n\t\t\t\t\t\t\t mb-3\t\t position-relative\">\n\t\t\t\t<div\n\t\tclass=\"row row-cols-1 row-cols-sm-2 geodir-category-list-view geodir-widget-posts geodir-gridview row-cols-md-2\">\n\t\t\n<div class=\"col mb-4 geodir-post post-13740 gd_place type-gd_place status-publish has-post-thumbnail gd-post-pkg-1\" data-post-id=\"13740\">\n\t\t<div class=\"card h-100 p-0 m-0 mw-100  \">\n\t<div class=\"card p-0 mw-100 h-100 \"><div class=\"card-img-top overflow-hidden position-relative  \"><span class=\"bsui gd-badge-meta\"><a href=\"https:\/\/caminodesantiagofrances.com\/en\/lo\/categoria\/albergue\/\" class=\"gd-badge border-0 badge ab-bottom-left ms-1\" data-id=\"13740\" data-badge=\"default_category\" data-badge-condition=\"is_not_empty\" style=\"background-color:rgba(0,0,0,0.5);border-color:rgba(0,0,0,0.5);color:#ffffff;\">Albergue<\/a>\n<\/span><div class=\"geodir_post_meta gd-fav-info-wrap  gd-fav-hide-text ab-bottom-right me-1  mb-n1  me-1 mb-n1 ab-bottom-right\" >\t\t<span class=\"gd-list-favorite\">\n\t\t\t<span class=\"geodir-addtofav favorite_property_13740  h5\" aria-hidden=\"true\"><span  title=\"Add to Favourites\"  class=\"geodir-addtofav-icon c-pointer geodir-act-fav\"  data-color-on=\"#ff0000\"  data-icon=\"fas fa-heart\"  data-color-off=\"rgba(223,223,223,0.8)\"  data-text-color=\"\"  data-bs-toggle=\"tooltip\"  aria-hidden=\"true\"  onclick=\"javascript:window.location.href='https:\/\/caminodesantiagofrances.com\/en\/wp-login.php'\"  ><i class=\"fas fa-heart\"  style=\"color:rgba(223,223,223,0.8);\" ><\/i> <span class=\"geodir-fav-text gv-secondary visually-hidden\" style=\"\" aria-hidden=\"true\">Favourite<\/span><\/span>\n<\/span>\t\t<\/span>\n\t\t<\/div><div class=\"geodir-post-slider bsui sdel-03994e04\" ><div class=\"geodir-image-container geodir-image-sizes-medium_large overflow-hidden\">\n\t\t\t<div class=\"geodir-images aui-gallery geodir-images-n-1 geodir-images-image carousel-inner \">\n\t\t<div class=\"carousel-item active\"><a href=\"https:\/\/caminodesantiagofrances.com\/en\/lo\/albergue-municipal-de-villadangos-del-paramo\/\" class=\"geodir-link-image embed-has-action ratio ratio-16x9 ratio ratio-16x9 d-block\"><img src='data:image\/png;base64,iVBORw0KGgoAAAANSUhEUgAAAGQAAAABCAQAAACC0sM2AAAADklEQVR42mP8X88wLAAAK5IBgMYCdqgAAAAASUVORK5CYII=' data-src=\"https:\/\/caminodesantiagofrances.com\/en\/wp-content\/uploads\/sites\/3\/2025\/05\/Albergue-Municipal-de-Villadangos-del-Paramo-Camino-de-Santiago-Frances_5-768x403.jpg\" alt=\"Albergue Municipal de Villadangos del Paramo Camino de Santiago Frances 5 768x403\" width=\"768\" height=\"403\" class=\"geodir-lazy-load align size-medium_large geodir-image-1122 embed-item-cover-xy w-100 p-0 m-0 mw-100 border-0\" data-srcset=\"https:\/\/caminodesantiagofrances.com\/en\/wp-content\/uploads\/sites\/3\/2025\/05\/Albergue-Municipal-de-Villadangos-del-Paramo-Camino-de-Santiago-Frances_5-768x403.jpg 768w, https:\/\/caminodesantiagofrances.com\/en\/wp-content\/uploads\/sites\/3\/2025\/05\/Albergue-Municipal-de-Villadangos-del-Paramo-Camino-de-Santiago-Frances_5-300x158.jpg 300w, https:\/\/caminodesantiagofrances.com\/en\/wp-content\/uploads\/sites\/3\/2025\/05\/Albergue-Municipal-de-Villadangos-del-Paramo-Camino-de-Santiago-Frances_5-1024x538.jpg 1024w, https:\/\/caminodesantiagofrances.com\/en\/wp-content\/uploads\/sites\/3\/2025\/05\/Albergue-Municipal-de-Villadangos-del-Paramo-Camino-de-Santiago-Frances_5.jpg 1200w\" sizes=\"(max-width: 768px) 100vw, 768px\" \/><i class=\"fas fa-link w-auto h-auto\" aria-hidden=\"true\"><\/i><\/a><\/div>\t\t<\/div>\n\t\t<\/div>\n<\/div><\/div><div class=\"card-body p-2  \"><div class=\"row justify-content-center gv-hide-3 gv-hide-0\"><div class=\"col col-4 text-center tofront \"><a href=\"https:\/\/caminodesantiagofrances.com\/en\/author\/caminodesantiagofrances-com\/\" title=\"caminodesantiagofrances-com\"><img decoding=\"async\" style=\"max-height:75px;\" class=\"rounded-circle shadow border border-white border-width-4 p-0 mw-100 mt-n5 bg-white\" src=\"https:\/\/secure.gravatar.com\/avatar\/03aa5dc32308904f80a38258afc0335b43d4b2bec3418626e4f8712b71c3b93e?s=96&#038;d=mm&#038;r=g\" alt=\"Author Image\"><\/a><\/div><\/div><div class=\"geodir-post-title bsui sdel-caa60b10\" ><h3 class=\"geodir-entry-title  h5 \"><a href=\"https:\/\/caminodesantiagofrances.com\/en\/lo\/albergue-municipal-de-villadangos-del-paramo\/\" class=\"\" title=\"View: Albergue Municipal de Villadangos del P\u00e1ramo\">Albergue Municipal de Villadangos del P\u00e1ramo<\/a><\/h3><\/div><div class=\"geodir-post-content-container bsui sdel-1e477937\" ><div class=\"geodir_post_meta  text-justify pb-1 position-relative geodir-field-post_content\" >Albergue de Peregrinos Municipal de Villadangos del P\u00e1ramo Ubicado en la localidad leonesa de Villadangos del P\u00e1ramo, el Albergue de<\/div><\/div><\/div><div class=\"card-footer p-2  \"><div class='d-flex justify-content-between align-items-center flex-wrap'><div><\/div><div><\/div><\/div><\/div><\/div>\t<\/div>\n\t<\/div>\n\t<\/div>\n\t\t<\/div>\n\t\t<\/div><\/div>\n\n\n\n<h3 class=\"wp-block-heading has-text-align-center\"><a href=\"https:\/\/caminodesantiagofrances.com\/en\/provincia-de-leon\/san-martin-del-camino\/\" data-type=\"link\" data-id=\"https:\/\/caminodesantiagofrances.com\/en\/provincia-de-leon\/san-martin-del-camino\/\">San Mart\u00edn del Camino<\/a><\/h3>\n\n\n\n<h3 class=\"wp-block-heading has-text-align-center\"><a href=\"https:\/\/caminodesantiagofrances.com\/en\/provincia-de-leon\/hospital-de-orbigo\/\" data-type=\"link\" data-id=\"https:\/\/caminodesantiagofrances.com\/en\/provincia-de-leon\/hospital-de-orbigo\/\">Hospital de \u00d3rbigo<\/a><\/h3>\n\n\n\n<h3 class=\"wp-block-heading has-text-align-center\"><a href=\"https:\/\/caminodesantiagofrances.com\/en\/provincia-de-leon\/villares-de-orbigo\/\" data-type=\"link\" data-id=\"https:\/\/caminodesantiagofrances.com\/en\/provincia-de-leon\/villares-de-orbigo\/\">Villares de \u00d3rbigo<\/a><\/h3>\n\n\n\n<h3 class=\"wp-block-heading has-text-align-center\"><a href=\"https:\/\/caminodesantiagofrances.com\/en\/provincia-de-leon\/santibanez-de-valdeiglesias\/\" data-type=\"link\" data-id=\"https:\/\/caminodesantiagofrances.com\/en\/provincia-de-leon\/santibanez-de-valdeiglesias\/\">Santib\u00e1\u00f1ez de Valdeiglesias<\/a><\/h3>\n\n\n\n<div class=\"wp-block-geodirectory-geodir-widget-listings\"><div class=\"geodir-listings bsui sdel-f2e9d997\" >\t\t<div id=\"geodir_6a9d45345672d\" class=\"geodir_locations geodir_location_listing\n\t\t\t\t\t\t\t mb-3\t\t position-relative\">\n\t\t\t\t<div\n\t\tclass=\"row row-cols-1 row-cols-sm-2 geodir-category-list-view geodir-widget-posts geodir-gridview row-cols-md-2\">\n\t\t\n<div class=\"col mb-4 geodir-post post-13748 gd_place type-gd_place status-publish has-post-thumbnail gd-post-pkg-1\" data-post-id=\"13748\">\n\t\t<div class=\"card h-100 p-0 m-0 mw-100  \">\n\t<div class=\"card p-0 mw-100 h-100 \"><div class=\"card-img-top overflow-hidden position-relative  \"><span class=\"bsui gd-badge-meta\"><a href=\"https:\/\/caminodesantiagofrances.com\/en\/lo\/categoria\/albergue\/\" class=\"gd-badge border-0 badge ab-bottom-left ms-1\" data-id=\"13748\" data-badge=\"default_category\" data-badge-condition=\"is_not_empty\" style=\"background-color:rgba(0,0,0,0.5);border-color:rgba(0,0,0,0.5);color:#ffffff;\">Albergue<\/a>\n<\/span><div class=\"geodir_post_meta gd-fav-info-wrap  gd-fav-hide-text ab-bottom-right me-1  mb-n1  me-1 mb-n1 ab-bottom-right\" >\t\t<span class=\"gd-list-favorite\">\n\t\t\t<span class=\"geodir-addtofav favorite_property_13748  h5\" aria-hidden=\"true\"><span  title=\"Add to Favourites\"  class=\"geodir-addtofav-icon c-pointer geodir-act-fav\"  data-color-on=\"#ff0000\"  data-icon=\"fas fa-heart\"  data-color-off=\"rgba(223,223,223,0.8)\"  data-text-color=\"\"  data-bs-toggle=\"tooltip\"  aria-hidden=\"true\"  onclick=\"javascript:window.location.href='https:\/\/caminodesantiagofrances.com\/en\/wp-login.php'\"  ><i class=\"fas fa-heart\"  style=\"color:rgba(223,223,223,0.8);\" ><\/i> <span class=\"geodir-fav-text gv-secondary visually-hidden\" style=\"\" aria-hidden=\"true\">Favourite<\/span><\/span>\n<\/span>\t\t<\/span>\n\t\t<\/div><div class=\"geodir-post-slider bsui sdel-03994e04\" ><div class=\"geodir-image-container geodir-image-sizes-medium_large overflow-hidden\">\n\t\t\t<div class=\"geodir-images aui-gallery geodir-images-n-1 geodir-images-image carousel-inner \">\n\t\t<div class=\"carousel-item active\"><a href=\"https:\/\/caminodesantiagofrances.com\/en\/lo\/albergue-parroquial-de-santibanez-de-valdeiglesias\/\" class=\"geodir-link-image embed-has-action ratio ratio-16x9 ratio ratio-16x9 d-block\"><img src='data:image\/png;base64,iVBORw0KGgoAAAANSUhEUgAAAGQAAAABCAQAAACC0sM2AAAADklEQVR42mP8X88wLAAAK5IBgMYCdqgAAAAASUVORK5CYII=' data-src=\"https:\/\/caminodesantiagofrances.com\/en\/wp-content\/uploads\/sites\/3\/2024\/10\/Albergue-Parroquial-de-Santibanez-de-Valdeiglesias-Camino-de-Santiago-Frances-768x403.jpg\" alt=\"Albergue Parroquial de Santibanez de Valdeiglesias Camino de Santiago Frances 768x403\" width=\"768\" height=\"403\" class=\"geodir-lazy-load align size-medium_large geodir-image-486 embed-item-cover-xy w-100 p-0 m-0 mw-100 border-0\" data-srcset=\"https:\/\/caminodesantiagofrances.com\/en\/wp-content\/uploads\/sites\/3\/2024\/10\/Albergue-Parroquial-de-Santibanez-de-Valdeiglesias-Camino-de-Santiago-Frances-768x403.jpg 768w, https:\/\/caminodesantiagofrances.com\/en\/wp-content\/uploads\/sites\/3\/2024\/10\/Albergue-Parroquial-de-Santibanez-de-Valdeiglesias-Camino-de-Santiago-Frances-300x158.jpg 300w, https:\/\/caminodesantiagofrances.com\/en\/wp-content\/uploads\/sites\/3\/2024\/10\/Albergue-Parroquial-de-Santibanez-de-Valdeiglesias-Camino-de-Santiago-Frances-1024x538.jpg 1024w, https:\/\/caminodesantiagofrances.com\/en\/wp-content\/uploads\/sites\/3\/2024\/10\/Albergue-Parroquial-de-Santibanez-de-Valdeiglesias-Camino-de-Santiago-Frances.jpg 1200w\" sizes=\"(max-width: 768px) 100vw, 768px\" \/><i class=\"fas fa-link w-auto h-auto\" aria-hidden=\"true\"><\/i><\/a><\/div>\t\t<\/div>\n\t\t<\/div>\n<\/div><\/div><div class=\"card-body p-2  \"><div class=\"row justify-content-center gv-hide-3 gv-hide-0\"><div class=\"col col-4 text-center tofront \"><a href=\"https:\/\/caminodesantiagofrances.com\/en\/author\/caminodesantiagofrances-com\/\" title=\"caminodesantiagofrances-com\"><img decoding=\"async\" style=\"max-height:75px;\" class=\"rounded-circle shadow border border-white border-width-4 p-0 mw-100 mt-n5 bg-white\" src=\"https:\/\/secure.gravatar.com\/avatar\/03aa5dc32308904f80a38258afc0335b43d4b2bec3418626e4f8712b71c3b93e?s=96&#038;d=mm&#038;r=g\" alt=\"Author Image\"><\/a><\/div><\/div><div class=\"geodir-post-title bsui sdel-caa60b10\" ><h3 class=\"geodir-entry-title  h5 \"><a href=\"https:\/\/caminodesantiagofrances.com\/en\/lo\/albergue-parroquial-de-santibanez-de-valdeiglesias\/\" class=\"\" title=\"View: Albergue Parroquial de Santib\u00e1\u00f1ez de Valdeiglesias\u00a0\">Albergue Parroquial de Santib\u00e1\u00f1ez de Valdeiglesias\u00a0<\/a><\/h3><\/div><div class=\"geodir-post-content-container bsui sdel-1e477937\" ><div class=\"geodir_post_meta  text-justify pb-1 position-relative geodir-field-post_content\" >Albergue de Peregrinos Parroquial de Santib\u00e1\u00f1ez de Valdeiglesias El Albergue de Peregrinos Parroquial de Santib\u00e1\u00f1ez de Valdeiglesias se erige como<\/div><\/div><\/div><div class=\"card-footer p-2  \"><div class='d-flex justify-content-between align-items-center flex-wrap'><div><\/div><div><\/div><\/div><\/div><\/div>\t<\/div>\n\t<\/div>\n\t<\/div>\n\t\t<\/div>\n\t\t<\/div><\/div>\n\n\n\n<h3 class=\"wp-block-heading has-text-align-center\"><a href=\"https:\/\/caminodesantiagofrances.com\/en\/provincia-de-leon\/san-justo-de-la-vega\/\" data-type=\"link\" data-id=\"https:\/\/caminodesantiagofrances.com\/en\/provincia-de-leon\/san-justo-de-la-vega\/\">San Justo de la Vega<\/a><\/h3>\n\n\n\n<h3 class=\"wp-block-heading has-text-align-center\"><a href=\"https:\/\/caminodesantiagofrances.com\/en\/provincia-de-leon\/astorga\/\" data-type=\"link\" data-id=\"https:\/\/caminodesantiagofrances.com\/en\/provincia-de-leon\/astorga\/\">Astorga<\/a><\/h3>\n\n\n\n<div class=\"wp-block-geodirectory-geodir-widget-listings\"><div class=\"geodir-listings bsui sdel-49b385ee\" >\t\t<div id=\"geodir_6a9d453459039\" class=\"geodir_locations geodir_location_listing\n\t\t\t\t\t\t\t mb-3\t\t position-relative\">\n\t\t\t\t<div\n\t\tclass=\"row row-cols-1 row-cols-sm-2 geodir-category-list-view geodir-widget-posts geodir-gridview row-cols-md-2\">\n\t\t\n<div class=\"col mb-4 geodir-post post-16792 gd_place type-gd_place status-publish has-post-thumbnail gd-post-pkg-1\" data-post-id=\"16792\">\n\t\t<div class=\"card h-100 p-0 m-0 mw-100  \">\n\t<div class=\"card p-0 mw-100 h-100 \"><div class=\"card-img-top overflow-hidden position-relative  \"><span class=\"bsui gd-badge-meta\"><a href=\"https:\/\/caminodesantiagofrances.com\/en\/lo\/categoria\/albergue\/\" class=\"gd-badge border-0 badge ab-bottom-left ms-1\" data-id=\"16792\" data-badge=\"default_category\" data-badge-condition=\"is_not_empty\" style=\"background-color:rgba(0,0,0,0.5);border-color:rgba(0,0,0,0.5);color:#ffffff;\">Albergue<\/a>\n<\/span><div class=\"geodir_post_meta gd-fav-info-wrap  gd-fav-hide-text ab-bottom-right me-1  mb-n1  me-1 mb-n1 ab-bottom-right\" >\t\t<span class=\"gd-list-favorite\">\n\t\t\t<span class=\"geodir-addtofav favorite_property_16792  h5\" aria-hidden=\"true\"><span  title=\"Add to Favourites\"  class=\"geodir-addtofav-icon c-pointer geodir-act-fav\"  data-color-on=\"#ff0000\"  data-icon=\"fas fa-heart\"  data-color-off=\"rgba(223,223,223,0.8)\"  data-text-color=\"\"  data-bs-toggle=\"tooltip\"  aria-hidden=\"true\"  onclick=\"javascript:window.location.href='https:\/\/caminodesantiagofrances.com\/en\/wp-login.php'\"  ><i class=\"fas fa-heart\"  style=\"color:rgba(223,223,223,0.8);\" ><\/i> <span class=\"geodir-fav-text gv-secondary visually-hidden\" style=\"\" aria-hidden=\"true\">Favourite<\/span><\/span>\n<\/span>\t\t<\/span>\n\t\t<\/div><div class=\"geodir-post-slider bsui sdel-03994e04\" ><div class=\"geodir-image-container geodir-image-sizes-medium_large overflow-hidden\">\n\t\t\t<div class=\"geodir-images aui-gallery geodir-images-n-1 geodir-images-image carousel-inner \">\n\t\t<div class=\"carousel-item active\"><a href=\"https:\/\/caminodesantiagofrances.com\/en\/lo\/albergue-so-por-hoje-astorga\/\" class=\"geodir-link-image embed-has-action ratio ratio-16x9 ratio ratio-16x9 d-block\"><img src='data:image\/png;base64,iVBORw0KGgoAAAANSUhEUgAAAGQAAAABCAQAAACC0sM2AAAADklEQVR42mP8X88wLAAAK5IBgMYCdqgAAAAASUVORK5CYII=' data-src=\"https:\/\/caminodesantiagofrances.com\/en\/wp-content\/uploads\/sites\/3\/2025\/09\/Albergue-So-Por-Hoje-Astorga-Camino-de-Santiago-Frances-768x403.jpg\" alt=\"Albergue So Por Hoje Astorga Camino de Santiago Frances 768x403\" width=\"768\" height=\"403\" class=\"geodir-lazy-load align size-medium_large geodir-image-4081 embed-item-cover-xy w-100 p-0 m-0 mw-100 border-0\" data-srcset=\"https:\/\/caminodesantiagofrances.com\/en\/wp-content\/uploads\/sites\/3\/2025\/09\/Albergue-So-Por-Hoje-Astorga-Camino-de-Santiago-Frances-768x403.jpg 768w, https:\/\/caminodesantiagofrances.com\/en\/wp-content\/uploads\/sites\/3\/2025\/09\/Albergue-So-Por-Hoje-Astorga-Camino-de-Santiago-Frances-300x158.jpg 300w, https:\/\/caminodesantiagofrances.com\/en\/wp-content\/uploads\/sites\/3\/2025\/09\/Albergue-So-Por-Hoje-Astorga-Camino-de-Santiago-Frances-1024x538.jpg 1024w, https:\/\/caminodesantiagofrances.com\/en\/wp-content\/uploads\/sites\/3\/2025\/09\/Albergue-So-Por-Hoje-Astorga-Camino-de-Santiago-Frances.jpg 1200w\" sizes=\"(max-width: 768px) 100vw, 768px\" \/><i class=\"fas fa-link w-auto h-auto\" aria-hidden=\"true\"><\/i><\/a><\/div>\t\t<\/div>\n\t\t<\/div>\n<\/div><\/div><div class=\"card-body p-2  \"><div class=\"row justify-content-center gv-hide-3 gv-hide-0\"><div class=\"col col-4 text-center tofront \"><a href=\"https:\/\/caminodesantiagofrances.com\/en\/author\/caminodesantiagofrances-com\/\" title=\"caminodesantiagofrances-com\"><img decoding=\"async\" style=\"max-height:75px;\" class=\"rounded-circle shadow border border-white border-width-4 p-0 mw-100 mt-n5 bg-white\" src=\"https:\/\/secure.gravatar.com\/avatar\/03aa5dc32308904f80a38258afc0335b43d4b2bec3418626e4f8712b71c3b93e?s=96&#038;d=mm&#038;r=g\" alt=\"Author Image\"><\/a><\/div><\/div><div class=\"geodir-post-title bsui sdel-caa60b10\" ><h3 class=\"geodir-entry-title  h5 \"><a href=\"https:\/\/caminodesantiagofrances.com\/en\/lo\/albergue-so-por-hoje-astorga\/\" class=\"\" title=\"View: Albergue S\u00f3 Por Hoje Astorga\">Albergue S\u00f3 Por Hoje Astorga<\/a><\/h3><\/div><div class=\"geodir-post-content-container bsui sdel-1e477937\" ><div class=\"geodir_post_meta  text-justify pb-1 position-relative geodir-field-post_content\" >RESERVAR AHORA Albergue S\u00f3 Por Hoje Astorga \u2013 Hospitalidad brasile\u00f1a en pleno Camino de Santiago Franc\u00e9s El Albergue S\u00f3 Por<\/div><\/div><\/div><div class=\"card-footer p-2  \"><div class='d-flex justify-content-between align-items-center flex-wrap'><div><\/div><div><\/div><\/div><\/div><\/div>\t<\/div>\n\t<\/div>\n\n<div class=\"col mb-4 geodir-post post-16788 gd_place type-gd_place status-publish has-post-thumbnail gd-post-pkg-1\" data-post-id=\"16788\">\n\t\t<div class=\"card h-100 p-0 m-0 mw-100  \">\n\t<div class=\"card p-0 mw-100 h-100 \"><div class=\"card-img-top overflow-hidden position-relative  \"><span class=\"bsui gd-badge-meta\"><a href=\"https:\/\/caminodesantiagofrances.com\/en\/lo\/categoria\/albergue\/\" class=\"gd-badge border-0 badge ab-bottom-left ms-1\" data-id=\"16788\" data-badge=\"default_category\" data-badge-condition=\"is_not_empty\" style=\"background-color:rgba(0,0,0,0.5);border-color:rgba(0,0,0,0.5);color:#ffffff;\">Albergue<\/a>\n<\/span><div class=\"geodir_post_meta gd-fav-info-wrap  gd-fav-hide-text ab-bottom-right me-1  mb-n1  me-1 mb-n1 ab-bottom-right\" >\t\t<span class=\"gd-list-favorite\">\n\t\t\t<span class=\"geodir-addtofav favorite_property_16788  h5\" aria-hidden=\"true\"><span  title=\"Add to Favourites\"  class=\"geodir-addtofav-icon c-pointer geodir-act-fav\"  data-color-on=\"#ff0000\"  data-icon=\"fas fa-heart\"  data-color-off=\"rgba(223,223,223,0.8)\"  data-text-color=\"\"  data-bs-toggle=\"tooltip\"  aria-hidden=\"true\"  onclick=\"javascript:window.location.href='https:\/\/caminodesantiagofrances.com\/en\/wp-login.php'\"  ><i class=\"fas fa-heart\"  style=\"color:rgba(223,223,223,0.8);\" ><\/i> <span class=\"geodir-fav-text gv-secondary visually-hidden\" style=\"\" aria-hidden=\"true\">Favourite<\/span><\/span>\n<\/span>\t\t<\/span>\n\t\t<\/div><div class=\"geodir-post-slider bsui sdel-03994e04\" ><div class=\"geodir-image-container geodir-image-sizes-medium_large overflow-hidden\">\n\t\t\t<div class=\"geodir-images aui-gallery geodir-images-n-1 geodir-images-image carousel-inner \">\n\t\t<div class=\"carousel-item active\"><a href=\"https:\/\/caminodesantiagofrances.com\/en\/lo\/albergue-san-javier-astorga\/\" class=\"geodir-link-image embed-has-action ratio ratio-16x9 ratio ratio-16x9 d-block\"><img src='data:image\/png;base64,iVBORw0KGgoAAAANSUhEUgAAAGQAAAABCAQAAACC0sM2AAAADklEQVR42mP8X88wLAAAK5IBgMYCdqgAAAAASUVORK5CYII=' data-src=\"https:\/\/caminodesantiagofrances.com\/en\/wp-content\/uploads\/sites\/3\/2025\/09\/Albergue-San-Javier-Astorga-Camino-de-Santiago-Frances_2-768x403.jpg\" alt=\"Albergue San Javier Astorga Camino de Santiago Frances 2 768x403\" width=\"768\" height=\"403\" class=\"geodir-lazy-load align size-medium_large geodir-image-4074 embed-item-cover-xy w-100 p-0 m-0 mw-100 border-0\" data-srcset=\"https:\/\/caminodesantiagofrances.com\/en\/wp-content\/uploads\/sites\/3\/2025\/09\/Albergue-San-Javier-Astorga-Camino-de-Santiago-Frances_2-768x403.jpg 768w, https:\/\/caminodesantiagofrances.com\/en\/wp-content\/uploads\/sites\/3\/2025\/09\/Albergue-San-Javier-Astorga-Camino-de-Santiago-Frances_2-300x158.jpg 300w, https:\/\/caminodesantiagofrances.com\/en\/wp-content\/uploads\/sites\/3\/2025\/09\/Albergue-San-Javier-Astorga-Camino-de-Santiago-Frances_2-1024x538.jpg 1024w, https:\/\/caminodesantiagofrances.com\/en\/wp-content\/uploads\/sites\/3\/2025\/09\/Albergue-San-Javier-Astorga-Camino-de-Santiago-Frances_2.jpg 1200w\" sizes=\"(max-width: 768px) 100vw, 768px\" \/><i class=\"fas fa-link w-auto h-auto\" aria-hidden=\"true\"><\/i><\/a><\/div>\t\t<\/div>\n\t\t<\/div>\n<\/div><\/div><div class=\"card-body p-2  \"><div class=\"row justify-content-center gv-hide-3 gv-hide-0\"><div class=\"col col-4 text-center tofront \"><a href=\"https:\/\/caminodesantiagofrances.com\/en\/author\/caminodesantiagofrances-com\/\" title=\"caminodesantiagofrances-com\"><img decoding=\"async\" style=\"max-height:75px;\" class=\"rounded-circle shadow border border-white border-width-4 p-0 mw-100 mt-n5 bg-white\" src=\"https:\/\/secure.gravatar.com\/avatar\/03aa5dc32308904f80a38258afc0335b43d4b2bec3418626e4f8712b71c3b93e?s=96&#038;d=mm&#038;r=g\" alt=\"Author Image\"><\/a><\/div><\/div><div class=\"geodir-post-title bsui sdel-caa60b10\" ><h3 class=\"geodir-entry-title  h5 \"><a href=\"https:\/\/caminodesantiagofrances.com\/en\/lo\/albergue-san-javier-astorga\/\" class=\"\" title=\"View: Albergue San Javier Astorga\">Albergue San Javier Astorga<\/a><\/h3><\/div><div class=\"geodir-post-content-container bsui sdel-1e477937\" ><div class=\"geodir_post_meta  text-justify pb-1 position-relative geodir-field-post_content\" >RESERVAR AHORA Albergue San Javier \u2013 Historia y hospitalidad en Astorga El Albergue San Javier se sit\u00faa en el casco<\/div><\/div><\/div><div class=\"card-footer p-2  \"><div class='d-flex justify-content-between align-items-center flex-wrap'><div><\/div><div><\/div><\/div><\/div><\/div>\t<\/div>\n\t<\/div>\n\n<div class=\"col mb-4 geodir-post post-16781 gd_place type-gd_place status-publish has-post-thumbnail gd-post-pkg-1\" data-post-id=\"16781\">\n\t\t<div class=\"card h-100 p-0 m-0 mw-100  \">\n\t<div class=\"card p-0 mw-100 h-100 \"><div class=\"card-img-top overflow-hidden position-relative  \"><span class=\"bsui gd-badge-meta\"><a href=\"https:\/\/caminodesantiagofrances.com\/en\/lo\/categoria\/albergue\/\" class=\"gd-badge border-0 badge ab-bottom-left ms-1\" data-id=\"16781\" data-badge=\"default_category\" data-badge-condition=\"is_not_empty\" style=\"background-color:rgba(0,0,0,0.5);border-color:rgba(0,0,0,0.5);color:#ffffff;\">Albergue<\/a>\n<\/span><div class=\"geodir_post_meta gd-fav-info-wrap  gd-fav-hide-text ab-bottom-right me-1  mb-n1  me-1 mb-n1 ab-bottom-right\" >\t\t<span class=\"gd-list-favorite\">\n\t\t\t<span class=\"geodir-addtofav favorite_property_16781  h5\" aria-hidden=\"true\"><span  title=\"Add to Favourites\"  class=\"geodir-addtofav-icon c-pointer geodir-act-fav\"  data-color-on=\"#ff0000\"  data-icon=\"fas fa-heart\"  data-color-off=\"rgba(223,223,223,0.8)\"  data-text-color=\"\"  data-bs-toggle=\"tooltip\"  aria-hidden=\"true\"  onclick=\"javascript:window.location.href='https:\/\/caminodesantiagofrances.com\/en\/wp-login.php'\"  ><i class=\"fas fa-heart\"  style=\"color:rgba(223,223,223,0.8);\" ><\/i> <span class=\"geodir-fav-text gv-secondary visually-hidden\" style=\"\" aria-hidden=\"true\">Favourite<\/span><\/span>\n<\/span>\t\t<\/span>\n\t\t<\/div><div class=\"geodir-post-slider bsui sdel-03994e04\" ><div class=\"geodir-image-container geodir-image-sizes-medium_large overflow-hidden\">\n\t\t\t<div class=\"geodir-images aui-gallery geodir-images-n-1 geodir-images-image carousel-inner \">\n\t\t<div class=\"carousel-item active\"><a href=\"https:\/\/caminodesantiagofrances.com\/en\/lo\/albergue-myway-astorga\/\" class=\"geodir-link-image embed-has-action ratio ratio-16x9 ratio ratio-16x9 d-block\"><img src='data:image\/png;base64,iVBORw0KGgoAAAANSUhEUgAAAGQAAAABCAQAAACC0sM2AAAADklEQVR42mP8X88wLAAAK5IBgMYCdqgAAAAASUVORK5CYII=' data-src=\"https:\/\/caminodesantiagofrances.com\/en\/wp-content\/uploads\/sites\/3\/2025\/09\/Albergue-MyWay-Astorga-Camino-de-Santiago-Frances-768x403.jpg\" alt=\"Albergue MyWay Astorga Camino de Santiago Frances 768x403\" width=\"768\" height=\"403\" class=\"geodir-lazy-load align size-medium_large geodir-image-4044 embed-item-cover-xy w-100 p-0 m-0 mw-100 border-0\" data-srcset=\"https:\/\/caminodesantiagofrances.com\/en\/wp-content\/uploads\/sites\/3\/2025\/09\/Albergue-MyWay-Astorga-Camino-de-Santiago-Frances-768x403.jpg 768w, https:\/\/caminodesantiagofrances.com\/en\/wp-content\/uploads\/sites\/3\/2025\/09\/Albergue-MyWay-Astorga-Camino-de-Santiago-Frances-300x158.jpg 300w, https:\/\/caminodesantiagofrances.com\/en\/wp-content\/uploads\/sites\/3\/2025\/09\/Albergue-MyWay-Astorga-Camino-de-Santiago-Frances-1024x538.jpg 1024w, https:\/\/caminodesantiagofrances.com\/en\/wp-content\/uploads\/sites\/3\/2025\/09\/Albergue-MyWay-Astorga-Camino-de-Santiago-Frances.jpg 1200w\" sizes=\"(max-width: 768px) 100vw, 768px\" \/><i class=\"fas fa-link w-auto h-auto\" aria-hidden=\"true\"><\/i><\/a><\/div>\t\t<\/div>\n\t\t<\/div>\n<\/div><\/div><div class=\"card-body p-2  \"><div class=\"row justify-content-center gv-hide-3 gv-hide-0\"><div class=\"col col-4 text-center tofront \"><a href=\"https:\/\/caminodesantiagofrances.com\/en\/author\/caminodesantiagofrances-com\/\" title=\"caminodesantiagofrances-com\"><img decoding=\"async\" style=\"max-height:75px;\" class=\"rounded-circle shadow border border-white border-width-4 p-0 mw-100 mt-n5 bg-white\" src=\"https:\/\/secure.gravatar.com\/avatar\/03aa5dc32308904f80a38258afc0335b43d4b2bec3418626e4f8712b71c3b93e?s=96&#038;d=mm&#038;r=g\" alt=\"Author Image\"><\/a><\/div><\/div><div class=\"geodir-post-title bsui sdel-caa60b10\" ><h3 class=\"geodir-entry-title  h5 \"><a href=\"https:\/\/caminodesantiagofrances.com\/en\/lo\/albergue-myway-astorga\/\" class=\"\" title=\"View: Albergue MyWay Astorga\">Albergue MyWay Astorga<\/a><\/h3><\/div><div class=\"geodir-post-content-container bsui sdel-1e477937\" ><div class=\"geodir_post_meta  text-justify pb-1 position-relative geodir-field-post_content\" >RESERVAR AHORA Albergue MyWay Hospitalidad y confort en Astorga El Albergue MyWay se encuentra a la entrada de Astorga, a<\/div><\/div><\/div><div class=\"card-footer p-2  \"><div class='d-flex justify-content-between align-items-center flex-wrap'><div><\/div><div><\/div><\/div><\/div><\/div>\t<\/div>\n\t<\/div>\n\n<div class=\"col mb-4 geodir-post post-13754 gd_place type-gd_place status-publish has-post-thumbnail gd-post-pkg-1\" data-post-id=\"13754\">\n\t\t<div class=\"card h-100 p-0 m-0 mw-100  \">\n\t<div class=\"card p-0 mw-100 h-100 \"><div class=\"card-img-top overflow-hidden position-relative  \"><span class=\"bsui gd-badge-meta\"><a href=\"https:\/\/caminodesantiagofrances.com\/en\/lo\/categoria\/albergue\/\" class=\"gd-badge border-0 badge ab-bottom-left ms-1\" data-id=\"13754\" data-badge=\"default_category\" data-badge-condition=\"is_not_empty\" style=\"background-color:rgba(0,0,0,0.5);border-color:rgba(0,0,0,0.5);color:#ffffff;\">Albergue<\/a>\n<\/span><div class=\"geodir_post_meta gd-fav-info-wrap  gd-fav-hide-text ab-bottom-right me-1  mb-n1  me-1 mb-n1 ab-bottom-right\" >\t\t<span class=\"gd-list-favorite\">\n\t\t\t<span class=\"geodir-addtofav favorite_property_13754  h5\" aria-hidden=\"true\"><span  title=\"Add to Favourites\"  class=\"geodir-addtofav-icon c-pointer geodir-act-fav\"  data-color-on=\"#ff0000\"  data-icon=\"fas fa-heart\"  data-color-off=\"rgba(223,223,223,0.8)\"  data-text-color=\"\"  data-bs-toggle=\"tooltip\"  aria-hidden=\"true\"  onclick=\"javascript:window.location.href='https:\/\/caminodesantiagofrances.com\/en\/wp-login.php'\"  ><i class=\"fas fa-heart\"  style=\"color:rgba(223,223,223,0.8);\" ><\/i> <span class=\"geodir-fav-text gv-secondary visually-hidden\" style=\"\" aria-hidden=\"true\">Favourite<\/span><\/span>\n<\/span>\t\t<\/span>\n\t\t<\/div><div class=\"geodir-post-slider bsui sdel-03994e04\" ><div class=\"geodir-image-container geodir-image-sizes-medium_large overflow-hidden\">\n\t\t\t<div class=\"geodir-images aui-gallery geodir-images-n-1 geodir-images-image carousel-inner \">\n\t\t<div class=\"carousel-item active\"><a href=\"https:\/\/caminodesantiagofrances.com\/en\/lo\/albergue-siervas-de-maria-astorga\/\" class=\"geodir-link-image embed-has-action ratio ratio-16x9 ratio ratio-16x9 d-block\"><img src='data:image\/png;base64,iVBORw0KGgoAAAANSUhEUgAAAGQAAAABCAQAAACC0sM2AAAADklEQVR42mP8X88wLAAAK5IBgMYCdqgAAAAASUVORK5CYII=' data-src=\"https:\/\/caminodesantiagofrances.com\/en\/wp-content\/uploads\/sites\/3\/2024\/10\/Albergue-Siervas-de-Maria-Astorga-Camino-de-Santiago-Frances-768x403.jpg\" alt=\"Albergue Siervas de Maria Astorga Camino de Santiago Frances 768x403\" width=\"768\" height=\"403\" class=\"geodir-lazy-load align size-medium_large geodir-image-487 embed-item-cover-xy w-100 p-0 m-0 mw-100 border-0\" data-srcset=\"https:\/\/caminodesantiagofrances.com\/en\/wp-content\/uploads\/sites\/3\/2024\/10\/Albergue-Siervas-de-Maria-Astorga-Camino-de-Santiago-Frances-768x403.jpg 768w, https:\/\/caminodesantiagofrances.com\/en\/wp-content\/uploads\/sites\/3\/2024\/10\/Albergue-Siervas-de-Maria-Astorga-Camino-de-Santiago-Frances-300x158.jpg 300w, https:\/\/caminodesantiagofrances.com\/en\/wp-content\/uploads\/sites\/3\/2024\/10\/Albergue-Siervas-de-Maria-Astorga-Camino-de-Santiago-Frances-1024x538.jpg 1024w, https:\/\/caminodesantiagofrances.com\/en\/wp-content\/uploads\/sites\/3\/2024\/10\/Albergue-Siervas-de-Maria-Astorga-Camino-de-Santiago-Frances.jpg 1200w\" sizes=\"(max-width: 768px) 100vw, 768px\" \/><i class=\"fas fa-link w-auto h-auto\" aria-hidden=\"true\"><\/i><\/a><\/div>\t\t<\/div>\n\t\t<\/div>\n<\/div><\/div><div class=\"card-body p-2  \"><div class=\"row justify-content-center gv-hide-3 gv-hide-0\"><div class=\"col col-4 text-center tofront \"><a href=\"https:\/\/caminodesantiagofrances.com\/en\/author\/caminodesantiagofrances-com\/\" title=\"caminodesantiagofrances-com\"><img decoding=\"async\" style=\"max-height:75px;\" class=\"rounded-circle shadow border border-white border-width-4 p-0 mw-100 mt-n5 bg-white\" src=\"https:\/\/secure.gravatar.com\/avatar\/03aa5dc32308904f80a38258afc0335b43d4b2bec3418626e4f8712b71c3b93e?s=96&#038;d=mm&#038;r=g\" alt=\"Author Image\"><\/a><\/div><\/div><div class=\"geodir-post-title bsui sdel-caa60b10\" ><h3 class=\"geodir-entry-title  h5 \"><a href=\"https:\/\/caminodesantiagofrances.com\/en\/lo\/albergue-siervas-de-maria-astorga\/\" class=\"\" title=\"View: Albergue Siervas de Mar\u00eda Astorga\">Albergue Siervas de Mar\u00eda Astorga<\/a><\/h3><\/div><div class=\"geodir-post-content-container bsui sdel-1e477937\" ><div class=\"geodir_post_meta  text-justify pb-1 position-relative geodir-field-post_content\" >Albergue de Peregrinos Siervas de Mar\u00eda de Astorga El Albergue de Peregrinos Siervas de Mar\u00eda es un lugar realmente excelente<\/div><\/div><\/div><div class=\"card-footer p-2  \"><div class='d-flex justify-content-between align-items-center flex-wrap'><div><\/div><div><\/div><\/div><\/div><\/div>\t<\/div>\n\t<\/div>\n\t<\/div>\n\t\t<\/div>\n\t\t<\/div><\/div>\n\n\n\n<h3 class=\"wp-block-heading has-text-align-center\"><a href=\"https:\/\/caminodesantiagofrances.com\/en\/provincia-de-leon\/valdeviejas\/\" data-type=\"link\" data-id=\"https:\/\/caminodesantiagofrances.com\/en\/provincia-de-leon\/valdeviejas\/\">Valdeviejas<\/a><\/h3>\n\n\n\n<h3 class=\"wp-block-heading has-text-align-center\"><a href=\"https:\/\/caminodesantiagofrances.com\/en\/provincia-de-leon\/murias-de-rechivaldo\/\" data-type=\"link\" data-id=\"https:\/\/caminodesantiagofrances.com\/en\/provincia-de-leon\/murias-de-rechivaldo\/\">Murias de Rechivaldo<\/a><\/h3>\n\n\n\n<div class=\"wp-block-geodirectory-geodir-widget-listings\"><div class=\"geodir-listings bsui sdel-0617e56d\" >\t\t<div id=\"geodir_6a9d4534601ab\" class=\"geodir_locations geodir_location_listing\n\t\t\t\t\t\t\t mb-3\t\t position-relative\">\n\t\t\t\t<div\n\t\tclass=\"row row-cols-1 row-cols-sm-2 geodir-category-list-view geodir-widget-posts geodir-gridview row-cols-md-2\">\n\t\t\n<div class=\"col mb-4 geodir-post post-17137 gd_place type-gd_place status-publish has-post-thumbnail gd-post-pkg-1\" data-post-id=\"17137\">\n\t\t<div class=\"card h-100 p-0 m-0 mw-100  \">\n\t<div class=\"card p-0 mw-100 h-100 \"><div class=\"card-img-top overflow-hidden position-relative  \"><span class=\"bsui gd-badge-meta\"><a href=\"https:\/\/caminodesantiagofrances.com\/en\/lo\/categoria\/albergue\/\" class=\"gd-badge border-0 badge ab-bottom-left ms-1\" data-id=\"17137\" data-badge=\"default_category\" data-badge-condition=\"is_not_empty\" style=\"background-color:rgba(0,0,0,0.5);border-color:rgba(0,0,0,0.5);color:#ffffff;\">Albergue<\/a>\n<\/span><div class=\"geodir_post_meta gd-fav-info-wrap  gd-fav-hide-text ab-bottom-right me-1  mb-n1  me-1 mb-n1 ab-bottom-right\" >\t\t<span class=\"gd-list-favorite\">\n\t\t\t<span class=\"geodir-addtofav favorite_property_17137  h5\" aria-hidden=\"true\"><span  title=\"Add to Favourites\"  class=\"geodir-addtofav-icon c-pointer geodir-act-fav\"  data-color-on=\"#ff0000\"  data-icon=\"fas fa-heart\"  data-color-off=\"rgba(223,223,223,0.8)\"  data-text-color=\"\"  data-bs-toggle=\"tooltip\"  aria-hidden=\"true\"  onclick=\"javascript:window.location.href='https:\/\/caminodesantiagofrances.com\/en\/wp-login.php'\"  ><i class=\"fas fa-heart\"  style=\"color:rgba(223,223,223,0.8);\" ><\/i> <span class=\"geodir-fav-text gv-secondary visually-hidden\" style=\"\" aria-hidden=\"true\">Favourite<\/span><\/span>\n<\/span>\t\t<\/span>\n\t\t<\/div><div class=\"geodir-post-slider bsui sdel-03994e04\" ><div class=\"geodir-image-container geodir-image-sizes-medium_large overflow-hidden\">\n\t\t\t<div class=\"geodir-images aui-gallery geodir-images-n-1 geodir-images-image carousel-inner \">\n\t\t<div class=\"carousel-item active\"><a href=\"https:\/\/caminodesantiagofrances.com\/en\/lo\/albergue-casa-nostra-castrojeriz\/\" class=\"geodir-link-image embed-has-action ratio ratio-16x9 ratio ratio-16x9 d-block\"><img src='data:image\/png;base64,iVBORw0KGgoAAAANSUhEUgAAAGQAAAABCAQAAACC0sM2AAAADklEQVR42mP8X88wLAAAK5IBgMYCdqgAAAAASUVORK5CYII=' data-src=\"https:\/\/caminodesantiagofrances.com\/en\/wp-content\/uploads\/sites\/3\/2025\/10\/Albergue-Casa-Nostra-Castrojeriz-Camino-de-Santiago-Frances-768x403.jpg\" alt=\"Albergue Casa Nostra Castrojeriz Camino de Santiago Frances 768x403\" width=\"768\" height=\"403\" class=\"geodir-lazy-load align size-medium_large geodir-image-4694 embed-item-cover-xy w-100 p-0 m-0 mw-100 border-0\" data-srcset=\"https:\/\/caminodesantiagofrances.com\/en\/wp-content\/uploads\/sites\/3\/2025\/10\/Albergue-Casa-Nostra-Castrojeriz-Camino-de-Santiago-Frances-768x403.jpg 768w, https:\/\/caminodesantiagofrances.com\/en\/wp-content\/uploads\/sites\/3\/2025\/10\/Albergue-Casa-Nostra-Castrojeriz-Camino-de-Santiago-Frances-300x158.jpg 300w, https:\/\/caminodesantiagofrances.com\/en\/wp-content\/uploads\/sites\/3\/2025\/10\/Albergue-Casa-Nostra-Castrojeriz-Camino-de-Santiago-Frances-1024x538.jpg 1024w, https:\/\/caminodesantiagofrances.com\/en\/wp-content\/uploads\/sites\/3\/2025\/10\/Albergue-Casa-Nostra-Castrojeriz-Camino-de-Santiago-Frances.jpg 1200w\" sizes=\"(max-width: 768px) 100vw, 768px\" \/><i class=\"fas fa-link w-auto h-auto\" aria-hidden=\"true\"><\/i><\/a><\/div>\t\t<\/div>\n\t\t<\/div>\n<\/div><\/div><div class=\"card-body p-2  \"><div class=\"row justify-content-center gv-hide-3 gv-hide-0\"><div class=\"col col-4 text-center tofront \"><a href=\"https:\/\/caminodesantiagofrances.com\/en\/author\/caminodesantiagofrances-com\/\" title=\"caminodesantiagofrances-com\"><img decoding=\"async\" style=\"max-height:75px;\" class=\"rounded-circle shadow border border-white border-width-4 p-0 mw-100 mt-n5 bg-white\" src=\"https:\/\/secure.gravatar.com\/avatar\/03aa5dc32308904f80a38258afc0335b43d4b2bec3418626e4f8712b71c3b93e?s=96&#038;d=mm&#038;r=g\" alt=\"Author Image\"><\/a><\/div><\/div><div class=\"geodir-post-title bsui sdel-caa60b10\" ><h3 class=\"geodir-entry-title  h5 \"><a href=\"https:\/\/caminodesantiagofrances.com\/en\/lo\/albergue-casa-nostra-castrojeriz\/\" class=\"\" title=\"View: Albergue Casa Nostra Castrojeriz\">Albergue Casa Nostra Castrojeriz<\/a><\/h3><\/div><div class=\"geodir-post-content-container bsui sdel-1e477937\" ><div class=\"geodir_post_meta  text-justify pb-1 position-relative geodir-field-post_content\" >RESERVAR AHORA Albergue Casa Nostra \u2013 Hospitalidad y Autenticidad en Castrojeriz En la hist\u00f3rica villa burgalesa de Castrojeriz, uno de<\/div><\/div><\/div><div class=\"card-footer p-2  \"><div class='d-flex justify-content-between align-items-center flex-wrap'><div><\/div><div><\/div><\/div><\/div><\/div>\t<\/div>\n\t<\/div>\n\n<div class=\"col mb-4 geodir-post post-17114 gd_place type-gd_place status-publish has-post-thumbnail gd-post-pkg-1\" data-post-id=\"17114\">\n\t\t<div class=\"card h-100 p-0 m-0 mw-100  \">\n\t<div class=\"card p-0 mw-100 h-100 \"><div class=\"card-img-top overflow-hidden position-relative  \"><span class=\"bsui gd-badge-meta\"><a href=\"https:\/\/caminodesantiagofrances.com\/en\/lo\/categoria\/albergue\/\" class=\"gd-badge border-0 badge ab-bottom-left ms-1\" data-id=\"17114\" data-badge=\"default_category\" data-badge-condition=\"is_not_empty\" style=\"background-color:rgba(0,0,0,0.5);border-color:rgba(0,0,0,0.5);color:#ffffff;\">Albergue<\/a>\n<\/span><div class=\"geodir_post_meta gd-fav-info-wrap  gd-fav-hide-text ab-bottom-right me-1  mb-n1  me-1 mb-n1 ab-bottom-right\" >\t\t<span class=\"gd-list-favorite\">\n\t\t\t<span class=\"geodir-addtofav favorite_property_17114  h5\" aria-hidden=\"true\"><span  title=\"Add to Favourites\"  class=\"geodir-addtofav-icon c-pointer geodir-act-fav\"  data-color-on=\"#ff0000\"  data-icon=\"fas fa-heart\"  data-color-off=\"rgba(223,223,223,0.8)\"  data-text-color=\"\"  data-bs-toggle=\"tooltip\"  aria-hidden=\"true\"  onclick=\"javascript:window.location.href='https:\/\/caminodesantiagofrances.com\/en\/wp-login.php'\"  ><i class=\"fas fa-heart\"  style=\"color:rgba(223,223,223,0.8);\" ><\/i> <span class=\"geodir-fav-text gv-secondary visually-hidden\" style=\"\" aria-hidden=\"true\">Favourite<\/span><\/span>\n<\/span>\t\t<\/span>\n\t\t<\/div><div class=\"geodir-post-slider bsui sdel-03994e04\" ><div class=\"geodir-image-container geodir-image-sizes-medium_large overflow-hidden\">\n\t\t\t<div class=\"geodir-images aui-gallery geodir-images-n-1 geodir-images-image carousel-inner \">\n\t\t<div class=\"carousel-item active\"><a href=\"https:\/\/caminodesantiagofrances.com\/en\/lo\/albergue-rosalia-castrojeriz\/\" class=\"geodir-link-image embed-has-action ratio ratio-16x9 ratio ratio-16x9 d-block\"><img src='data:image\/png;base64,iVBORw0KGgoAAAANSUhEUgAAAGQAAAABCAQAAACC0sM2AAAADklEQVR42mP8X88wLAAAK5IBgMYCdqgAAAAASUVORK5CYII=' data-src=\"https:\/\/caminodesantiagofrances.com\/en\/wp-content\/uploads\/sites\/3\/2025\/10\/Albergue-Rosalia-Castrojeriz-Camino-de-Santiago-Frances-768x403.jpg\" alt=\"Albergue Rosalia Castrojeriz Camino de Santiago Frances 768x403\" width=\"768\" height=\"403\" class=\"geodir-lazy-load align size-medium_large geodir-image-4638 embed-item-cover-xy w-100 p-0 m-0 mw-100 border-0\" data-srcset=\"https:\/\/caminodesantiagofrances.com\/en\/wp-content\/uploads\/sites\/3\/2025\/10\/Albergue-Rosalia-Castrojeriz-Camino-de-Santiago-Frances-768x403.jpg 768w, https:\/\/caminodesantiagofrances.com\/en\/wp-content\/uploads\/sites\/3\/2025\/10\/Albergue-Rosalia-Castrojeriz-Camino-de-Santiago-Frances-300x158.jpg 300w, https:\/\/caminodesantiagofrances.com\/en\/wp-content\/uploads\/sites\/3\/2025\/10\/Albergue-Rosalia-Castrojeriz-Camino-de-Santiago-Frances-1024x538.jpg 1024w, https:\/\/caminodesantiagofrances.com\/en\/wp-content\/uploads\/sites\/3\/2025\/10\/Albergue-Rosalia-Castrojeriz-Camino-de-Santiago-Frances.jpg 1200w\" sizes=\"(max-width: 768px) 100vw, 768px\" \/><i class=\"fas fa-link w-auto h-auto\" aria-hidden=\"true\"><\/i><\/a><\/div>\t\t<\/div>\n\t\t<\/div>\n<\/div><\/div><div class=\"card-body p-2  \"><div class=\"row justify-content-center gv-hide-3 gv-hide-0\"><div class=\"col col-4 text-center tofront \"><a href=\"https:\/\/caminodesantiagofrances.com\/en\/author\/caminodesantiagofrances-com\/\" title=\"caminodesantiagofrances-com\"><img decoding=\"async\" style=\"max-height:75px;\" class=\"rounded-circle shadow border border-white border-width-4 p-0 mw-100 mt-n5 bg-white\" src=\"https:\/\/secure.gravatar.com\/avatar\/03aa5dc32308904f80a38258afc0335b43d4b2bec3418626e4f8712b71c3b93e?s=96&#038;d=mm&#038;r=g\" alt=\"Author Image\"><\/a><\/div><\/div><div class=\"geodir-post-title bsui sdel-caa60b10\" ><h3 class=\"geodir-entry-title  h5 \"><a href=\"https:\/\/caminodesantiagofrances.com\/en\/lo\/albergue-rosalia-castrojeriz\/\" class=\"\" title=\"View: Albergue Rosal\u00eda Castrojeriz\">Albergue Rosal\u00eda Castrojeriz<\/a><\/h3><\/div><div class=\"geodir-post-content-container bsui sdel-1e477937\" ><div class=\"geodir_post_meta  text-justify pb-1 position-relative geodir-field-post_content\" >RESERVAR AHORA Albergue Rosal\u00eda \u2013 Confort, Historia y Hospitalidad en el Coraz\u00f3n de Castrojeriz En el pintoresco municipio burgal\u00e9s de<\/div><\/div><\/div><div class=\"card-footer p-2  \"><div class='d-flex justify-content-between align-items-center flex-wrap'><div><\/div><div><\/div><\/div><\/div><\/div>\t<\/div>\n\t<\/div>\n\n<div class=\"col mb-4 geodir-post post-16956 gd_place type-gd_place status-publish has-post-thumbnail gd-post-pkg-1\" data-post-id=\"16956\">\n\t\t<div class=\"card h-100 p-0 m-0 mw-100  \">\n\t<div class=\"card p-0 mw-100 h-100 \"><div class=\"card-img-top overflow-hidden position-relative  \"><span class=\"bsui gd-badge-meta\"><a href=\"https:\/\/caminodesantiagofrances.com\/en\/lo\/categoria\/albergue\/\" class=\"gd-badge border-0 badge ab-bottom-left ms-1\" data-id=\"16956\" data-badge=\"default_category\" data-badge-condition=\"is_not_empty\" style=\"background-color:rgba(0,0,0,0.5);border-color:rgba(0,0,0,0.5);color:#ffffff;\">Albergue<\/a>\n<\/span><div class=\"geodir_post_meta gd-fav-info-wrap  gd-fav-hide-text ab-bottom-right me-1  mb-n1  me-1 mb-n1 ab-bottom-right\" >\t\t<span class=\"gd-list-favorite\">\n\t\t\t<span class=\"geodir-addtofav favorite_property_16956  h5\" aria-hidden=\"true\"><span  title=\"Add to Favourites\"  class=\"geodir-addtofav-icon c-pointer geodir-act-fav\"  data-color-on=\"#ff0000\"  data-icon=\"fas fa-heart\"  data-color-off=\"rgba(223,223,223,0.8)\"  data-text-color=\"\"  data-bs-toggle=\"tooltip\"  aria-hidden=\"true\"  onclick=\"javascript:window.location.href='https:\/\/caminodesantiagofrances.com\/en\/wp-login.php'\"  ><i class=\"fas fa-heart\"  style=\"color:rgba(223,223,223,0.8);\" ><\/i> <span class=\"geodir-fav-text gv-secondary visually-hidden\" style=\"\" aria-hidden=\"true\">Favourite<\/span><\/span>\n<\/span>\t\t<\/span>\n\t\t<\/div><div class=\"geodir-post-slider bsui sdel-03994e04\" ><div class=\"geodir-image-container geodir-image-sizes-medium_large overflow-hidden\">\n\t\t\t<div class=\"geodir-images aui-gallery geodir-images-n-1 geodir-images-image carousel-inner \">\n\t\t<div class=\"carousel-item active\"><a href=\"https:\/\/caminodesantiagofrances.com\/en\/lo\/albergue-la-fabrica-tardajos\/\" class=\"geodir-link-image embed-has-action ratio ratio-16x9 ratio ratio-16x9 d-block\"><img src='data:image\/png;base64,iVBORw0KGgoAAAANSUhEUgAAAGQAAAABCAQAAACC0sM2AAAADklEQVR42mP8X88wLAAAK5IBgMYCdqgAAAAASUVORK5CYII=' data-src=\"https:\/\/caminodesantiagofrances.com\/en\/wp-content\/uploads\/sites\/3\/2025\/10\/Albergue-La-Fabrica-Tardajos-Camino-de-Santiago-Frances-768x403.jpg\" alt=\"Albergue La Fabrica Tardajos Camino de Santiago Frances 768x403\" width=\"768\" height=\"403\" class=\"geodir-lazy-load align size-medium_large geodir-image-4542 embed-item-cover-xy w-100 p-0 m-0 mw-100 border-0\" data-srcset=\"https:\/\/caminodesantiagofrances.com\/en\/wp-content\/uploads\/sites\/3\/2025\/10\/Albergue-La-Fabrica-Tardajos-Camino-de-Santiago-Frances-768x403.jpg 768w, https:\/\/caminodesantiagofrances.com\/en\/wp-content\/uploads\/sites\/3\/2025\/10\/Albergue-La-Fabrica-Tardajos-Camino-de-Santiago-Frances-300x158.jpg 300w, https:\/\/caminodesantiagofrances.com\/en\/wp-content\/uploads\/sites\/3\/2025\/10\/Albergue-La-Fabrica-Tardajos-Camino-de-Santiago-Frances-1024x538.jpg 1024w, https:\/\/caminodesantiagofrances.com\/en\/wp-content\/uploads\/sites\/3\/2025\/10\/Albergue-La-Fabrica-Tardajos-Camino-de-Santiago-Frances.jpg 1200w\" sizes=\"(max-width: 768px) 100vw, 768px\" \/><i class=\"fas fa-link w-auto h-auto\" aria-hidden=\"true\"><\/i><\/a><\/div>\t\t<\/div>\n\t\t<\/div>\n<\/div><\/div><div class=\"card-body p-2  \"><div class=\"row justify-content-center gv-hide-3 gv-hide-0\"><div class=\"col col-4 text-center tofront \"><a href=\"https:\/\/caminodesantiagofrances.com\/en\/author\/caminodesantiagofrances-com\/\" title=\"caminodesantiagofrances-com\"><img decoding=\"async\" style=\"max-height:75px;\" class=\"rounded-circle shadow border border-white border-width-4 p-0 mw-100 mt-n5 bg-white\" src=\"https:\/\/secure.gravatar.com\/avatar\/03aa5dc32308904f80a38258afc0335b43d4b2bec3418626e4f8712b71c3b93e?s=96&#038;d=mm&#038;r=g\" alt=\"Author Image\"><\/a><\/div><\/div><div class=\"geodir-post-title bsui sdel-caa60b10\" ><h3 class=\"geodir-entry-title  h5 \"><a href=\"https:\/\/caminodesantiagofrances.com\/en\/lo\/albergue-la-fabrica-tardajos\/\" class=\"\" title=\"View: Albergue La F\u00e1brica Tardajos\">Albergue La F\u00e1brica Tardajos<\/a><\/h3><\/div><div class=\"geodir-post-content-container bsui sdel-1e477937\" ><div class=\"geodir_post_meta  text-justify pb-1 position-relative geodir-field-post_content\" >RESERVAR AHORA Albergue La F\u00e1brica: descanso en Tardajos En la pintoresca localidad de Tardajos, a tan solo 12 km de<\/div><\/div><\/div><div class=\"card-footer p-2  \"><div class='d-flex justify-content-between align-items-center flex-wrap'><div><\/div><div><\/div><\/div><\/div><\/div>\t<\/div>\n\t<\/div>\n\n<div class=\"col mb-4 geodir-post post-16938 gd_place type-gd_place status-publish has-post-thumbnail gd-post-pkg-1\" data-post-id=\"16938\">\n\t\t<div class=\"card h-100 p-0 m-0 mw-100  \">\n\t<div class=\"card p-0 mw-100 h-100 \"><div class=\"card-img-top overflow-hidden position-relative  \"><span class=\"bsui gd-badge-meta\"><a href=\"https:\/\/caminodesantiagofrances.com\/en\/lo\/categoria\/albergue\/\" class=\"gd-badge border-0 badge ab-bottom-left ms-1\" data-id=\"16938\" data-badge=\"default_category\" data-badge-condition=\"is_not_empty\" style=\"background-color:rgba(0,0,0,0.5);border-color:rgba(0,0,0,0.5);color:#ffffff;\">Albergue<\/a>\n<\/span><div class=\"geodir_post_meta gd-fav-info-wrap  gd-fav-hide-text ab-bottom-right me-1  mb-n1  me-1 mb-n1 ab-bottom-right\" >\t\t<span class=\"gd-list-favorite\">\n\t\t\t<span class=\"geodir-addtofav favorite_property_16938  h5\" aria-hidden=\"true\"><span  title=\"Add to Favourites\"  class=\"geodir-addtofav-icon c-pointer geodir-act-fav\"  data-color-on=\"#ff0000\"  data-icon=\"fas fa-heart\"  data-color-off=\"rgba(223,223,223,0.8)\"  data-text-color=\"\"  data-bs-toggle=\"tooltip\"  aria-hidden=\"true\"  onclick=\"javascript:window.location.href='https:\/\/caminodesantiagofrances.com\/en\/wp-login.php'\"  ><i class=\"fas fa-heart\"  style=\"color:rgba(223,223,223,0.8);\" ><\/i> <span class=\"geodir-fav-text gv-secondary visually-hidden\" style=\"\" aria-hidden=\"true\">Favourite<\/span><\/span>\n<\/span>\t\t<\/span>\n\t\t<\/div><div class=\"geodir-post-slider bsui sdel-03994e04\" ><div class=\"geodir-image-container geodir-image-sizes-medium_large overflow-hidden\">\n\t\t\t<div class=\"geodir-images aui-gallery geodir-images-n-1 geodir-images-image carousel-inner \">\n\t\t<div class=\"carousel-item active\"><a href=\"https:\/\/caminodesantiagofrances.com\/en\/lo\/albergue-san-nicolas-larrasoana\/\" class=\"geodir-link-image embed-has-action ratio ratio-16x9 ratio ratio-16x9 d-block\"><img src='data:image\/png;base64,iVBORw0KGgoAAAANSUhEUgAAAGQAAAABCAQAAACC0sM2AAAADklEQVR42mP8X88wLAAAK5IBgMYCdqgAAAAASUVORK5CYII=' data-src=\"https:\/\/caminodesantiagofrances.com\/en\/wp-content\/uploads\/sites\/3\/2025\/09\/Albergue-San-Nicolas-Larrasoana-Camino-de-Santiago-Frances-768x403.jpg\" alt=\"Albergue San Nicolas Larrasoana Camino de Santiago Frances 768x403\" width=\"768\" height=\"403\" class=\"geodir-lazy-load align size-medium_large geodir-image-4516 embed-item-cover-xy w-100 p-0 m-0 mw-100 border-0\" data-srcset=\"https:\/\/caminodesantiagofrances.com\/en\/wp-content\/uploads\/sites\/3\/2025\/09\/Albergue-San-Nicolas-Larrasoana-Camino-de-Santiago-Frances-768x403.jpg 768w, https:\/\/caminodesantiagofrances.com\/en\/wp-content\/uploads\/sites\/3\/2025\/09\/Albergue-San-Nicolas-Larrasoana-Camino-de-Santiago-Frances-300x158.jpg 300w, https:\/\/caminodesantiagofrances.com\/en\/wp-content\/uploads\/sites\/3\/2025\/09\/Albergue-San-Nicolas-Larrasoana-Camino-de-Santiago-Frances-1024x538.jpg 1024w, https:\/\/caminodesantiagofrances.com\/en\/wp-content\/uploads\/sites\/3\/2025\/09\/Albergue-San-Nicolas-Larrasoana-Camino-de-Santiago-Frances.jpg 1200w\" sizes=\"(max-width: 768px) 100vw, 768px\" \/><i class=\"fas fa-link w-auto h-auto\" aria-hidden=\"true\"><\/i><\/a><\/div>\t\t<\/div>\n\t\t<\/div>\n<\/div><\/div><div class=\"card-body p-2  \"><div class=\"row justify-content-center gv-hide-3 gv-hide-0\"><div class=\"col col-4 text-center tofront \"><a href=\"https:\/\/caminodesantiagofrances.com\/en\/author\/caminodesantiagofrances-com\/\" title=\"caminodesantiagofrances-com\"><img decoding=\"async\" style=\"max-height:75px;\" class=\"rounded-circle shadow border border-white border-width-4 p-0 mw-100 mt-n5 bg-white\" src=\"https:\/\/secure.gravatar.com\/avatar\/03aa5dc32308904f80a38258afc0335b43d4b2bec3418626e4f8712b71c3b93e?s=96&#038;d=mm&#038;r=g\" alt=\"Author Image\"><\/a><\/div><\/div><div class=\"geodir-post-title bsui sdel-caa60b10\" ><h3 class=\"geodir-entry-title  h5 \"><a href=\"https:\/\/caminodesantiagofrances.com\/en\/lo\/albergue-san-nicolas-larrasoana\/\" class=\"\" title=\"View: Albergue San Nicol\u00e1s Larrasoa\u00f1a\">Albergue San Nicol\u00e1s Larrasoa\u00f1a<\/a><\/h3><\/div><div class=\"geodir-post-content-container bsui sdel-1e477937\" ><div class=\"geodir_post_meta  text-justify pb-1 position-relative geodir-field-post_content\" >RESERVAR AHORA Albergue San Nicol\u00e1s en Larrasoa\u00f1a: descanso aut\u00e9ntico en Larrasoa\u00f1a El Albergue San Nicol\u00e1s se sit\u00faa en la pintoresca<\/div><\/div><\/div><div class=\"card-footer p-2  \"><div class='d-flex justify-content-between align-items-center flex-wrap'><div><\/div><div><\/div><\/div><\/div><\/div>\t<\/div>\n\t<\/div>\n\n<div class=\"col mb-4 geodir-post post-16906 gd_place type-gd_place status-publish has-post-thumbnail gd-post-pkg-1\" data-post-id=\"16906\">\n\t\t<div class=\"card h-100 p-0 m-0 mw-100  \">\n\t<div class=\"card p-0 mw-100 h-100 \"><div class=\"card-img-top overflow-hidden position-relative  \"><span class=\"bsui gd-badge-meta\"><a href=\"https:\/\/caminodesantiagofrances.com\/en\/lo\/categoria\/albergue\/\" class=\"gd-badge border-0 badge ab-bottom-left ms-1\" data-id=\"16906\" data-badge=\"default_category\" data-badge-condition=\"is_not_empty\" style=\"background-color:rgba(0,0,0,0.5);border-color:rgba(0,0,0,0.5);color:#ffffff;\">Albergue<\/a>\n<\/span><div class=\"geodir_post_meta gd-fav-info-wrap  gd-fav-hide-text ab-bottom-right me-1  mb-n1  me-1 mb-n1 ab-bottom-right\" >\t\t<span class=\"gd-list-favorite\">\n\t\t\t<span class=\"geodir-addtofav favorite_property_16906  h5\" aria-hidden=\"true\"><span  title=\"Add to Favourites\"  class=\"geodir-addtofav-icon c-pointer geodir-act-fav\"  data-color-on=\"#ff0000\"  data-icon=\"fas fa-heart\"  data-color-off=\"rgba(223,223,223,0.8)\"  data-text-color=\"\"  data-bs-toggle=\"tooltip\"  aria-hidden=\"true\"  onclick=\"javascript:window.location.href='https:\/\/caminodesantiagofrances.com\/en\/wp-login.php'\"  ><i class=\"fas fa-heart\"  style=\"color:rgba(223,223,223,0.8);\" ><\/i> <span class=\"geodir-fav-text gv-secondary visually-hidden\" style=\"\" aria-hidden=\"true\">Favourite<\/span><\/span>\n<\/span>\t\t<\/span>\n\t\t<\/div><div class=\"geodir-post-slider bsui sdel-03994e04\" ><div class=\"geodir-image-container geodir-image-sizes-medium_large overflow-hidden\">\n\t\t\t<div class=\"geodir-images aui-gallery geodir-images-n-1 geodir-images-image carousel-inner \">\n\t\t<div class=\"carousel-item active\"><a href=\"https:\/\/caminodesantiagofrances.com\/en\/lo\/albergue-hostal-rural-haizea-espinal\/\" class=\"geodir-link-image embed-has-action ratio ratio-16x9 ratio ratio-16x9 d-block\"><img src='data:image\/png;base64,iVBORw0KGgoAAAANSUhEUgAAAGQAAAABCAQAAACC0sM2AAAADklEQVR42mP8X88wLAAAK5IBgMYCdqgAAAAASUVORK5CYII=' data-src=\"https:\/\/caminodesantiagofrances.com\/en\/wp-content\/uploads\/sites\/3\/2025\/09\/Albergue-Hostal-Rural-Haizea-Espinal-Camino-de-Santiago-Frances-768x403.jpg\" alt=\"Albergue Hostal Rural Haizea Espinal Camino de Santiago Frances 768x403\" width=\"768\" height=\"403\" class=\"geodir-lazy-load align size-medium_large geodir-image-4474 embed-item-cover-xy w-100 p-0 m-0 mw-100 border-0\" data-srcset=\"https:\/\/caminodesantiagofrances.com\/en\/wp-content\/uploads\/sites\/3\/2025\/09\/Albergue-Hostal-Rural-Haizea-Espinal-Camino-de-Santiago-Frances-768x403.jpg 768w, https:\/\/caminodesantiagofrances.com\/en\/wp-content\/uploads\/sites\/3\/2025\/09\/Albergue-Hostal-Rural-Haizea-Espinal-Camino-de-Santiago-Frances-300x158.jpg 300w, https:\/\/caminodesantiagofrances.com\/en\/wp-content\/uploads\/sites\/3\/2025\/09\/Albergue-Hostal-Rural-Haizea-Espinal-Camino-de-Santiago-Frances-1024x538.jpg 1024w, https:\/\/caminodesantiagofrances.com\/en\/wp-content\/uploads\/sites\/3\/2025\/09\/Albergue-Hostal-Rural-Haizea-Espinal-Camino-de-Santiago-Frances.jpg 1200w\" sizes=\"(max-width: 768px) 100vw, 768px\" \/><i class=\"fas fa-link w-auto h-auto\" aria-hidden=\"true\"><\/i><\/a><\/div>\t\t<\/div>\n\t\t<\/div>\n<\/div><\/div><div class=\"card-body p-2  \"><div class=\"row justify-content-center gv-hide-3 gv-hide-0\"><div class=\"col col-4 text-center tofront \"><a href=\"https:\/\/caminodesantiagofrances.com\/en\/author\/caminodesantiagofrances-com\/\" title=\"caminodesantiagofrances-com\"><img decoding=\"async\" style=\"max-height:75px;\" class=\"rounded-circle shadow border border-white border-width-4 p-0 mw-100 mt-n5 bg-white\" src=\"https:\/\/secure.gravatar.com\/avatar\/03aa5dc32308904f80a38258afc0335b43d4b2bec3418626e4f8712b71c3b93e?s=96&#038;d=mm&#038;r=g\" alt=\"Author Image\"><\/a><\/div><\/div><div class=\"geodir-post-title bsui sdel-caa60b10\" ><h3 class=\"geodir-entry-title  h5 \"><a href=\"https:\/\/caminodesantiagofrances.com\/en\/lo\/albergue-hostal-rural-haizea-espinal\/\" class=\"\" title=\"View: Albergue Hostal Rural Haizea Espinal\">Albergue Hostal Rural Haizea Espinal<\/a><\/h3><\/div><div class=\"geodir-post-content-container bsui sdel-1e477937\" ><div class=\"geodir_post_meta  text-justify pb-1 position-relative geodir-field-post_content\" >RESERVAR AHORA Albergue Hostal Rural Haizea: descanso y gastronom\u00eda en Espinal-Aurizberri El Albergue Hostal Rural Haizea est\u00e1 situado en la<\/div><\/div><\/div><div class=\"card-footer p-2  \"><div class='d-flex justify-content-between align-items-center flex-wrap'><div><\/div><div><\/div><\/div><\/div><\/div>\t<\/div>\n\t<\/div>\n\n<div class=\"col mb-4 geodir-post post-16871 gd_place type-gd_place status-publish has-post-thumbnail gd-post-pkg-1\" data-post-id=\"16871\">\n\t\t<div class=\"card h-100 p-0 m-0 mw-100  \">\n\t<div class=\"card p-0 mw-100 h-100 \"><div class=\"card-img-top overflow-hidden position-relative  \"><span class=\"bsui gd-badge-meta\"><a href=\"https:\/\/caminodesantiagofrances.com\/en\/lo\/categoria\/albergue\/\" class=\"gd-badge border-0 badge ab-bottom-left ms-1\" data-id=\"16871\" data-badge=\"default_category\" data-badge-condition=\"is_not_empty\" style=\"background-color:rgba(0,0,0,0.5);border-color:rgba(0,0,0,0.5);color:#ffffff;\">Albergue<\/a>\n<\/span><div class=\"geodir_post_meta gd-fav-info-wrap  gd-fav-hide-text ab-bottom-right me-1  mb-n1  me-1 mb-n1 ab-bottom-right\" >\t\t<span class=\"gd-list-favorite\">\n\t\t\t<span class=\"geodir-addtofav favorite_property_16871  h5\" aria-hidden=\"true\"><span  title=\"Add to Favourites\"  class=\"geodir-addtofav-icon c-pointer geodir-act-fav\"  data-color-on=\"#ff0000\"  data-icon=\"fas fa-heart\"  data-color-off=\"rgba(223,223,223,0.8)\"  data-text-color=\"\"  data-bs-toggle=\"tooltip\"  aria-hidden=\"true\"  onclick=\"javascript:window.location.href='https:\/\/caminodesantiagofrances.com\/en\/wp-login.php'\"  ><i class=\"fas fa-heart\"  style=\"color:rgba(223,223,223,0.8);\" ><\/i> <span class=\"geodir-fav-text gv-secondary visually-hidden\" style=\"\" aria-hidden=\"true\">Favourite<\/span><\/span>\n<\/span>\t\t<\/span>\n\t\t<\/div><div class=\"geodir-post-slider bsui sdel-03994e04\" ><div class=\"geodir-image-container geodir-image-sizes-medium_large overflow-hidden\">\n\t\t\t<div class=\"geodir-images aui-gallery geodir-images-n-1 geodir-images-image carousel-inner \">\n\t\t<div class=\"carousel-item active\"><a href=\"https:\/\/caminodesantiagofrances.com\/en\/lo\/albergue-plaza-catedral-pamplona\/\" class=\"geodir-link-image embed-has-action ratio ratio-16x9 ratio ratio-16x9 d-block\"><img src='data:image\/png;base64,iVBORw0KGgoAAAANSUhEUgAAAGQAAAABCAQAAACC0sM2AAAADklEQVR42mP8X88wLAAAK5IBgMYCdqgAAAAASUVORK5CYII=' data-src=\"https:\/\/caminodesantiagofrances.com\/en\/wp-content\/uploads\/sites\/3\/2025\/09\/Albergue-Plaza-Catedral-Pamplona-Camino-de-Santiago-Frances-768x403.jpg\" alt=\"Albergue Plaza Catedral Pamplona Camino de Santiago Frances 768x403\" width=\"768\" height=\"403\" class=\"geodir-lazy-load align size-medium_large geodir-image-4344 embed-item-cover-xy w-100 p-0 m-0 mw-100 border-0\" data-srcset=\"https:\/\/caminodesantiagofrances.com\/en\/wp-content\/uploads\/sites\/3\/2025\/09\/Albergue-Plaza-Catedral-Pamplona-Camino-de-Santiago-Frances-768x403.jpg 768w, https:\/\/caminodesantiagofrances.com\/en\/wp-content\/uploads\/sites\/3\/2025\/09\/Albergue-Plaza-Catedral-Pamplona-Camino-de-Santiago-Frances-300x158.jpg 300w, https:\/\/caminodesantiagofrances.com\/en\/wp-content\/uploads\/sites\/3\/2025\/09\/Albergue-Plaza-Catedral-Pamplona-Camino-de-Santiago-Frances-1024x538.jpg 1024w, https:\/\/caminodesantiagofrances.com\/en\/wp-content\/uploads\/sites\/3\/2025\/09\/Albergue-Plaza-Catedral-Pamplona-Camino-de-Santiago-Frances.jpg 1200w\" sizes=\"(max-width: 768px) 100vw, 768px\" \/><i class=\"fas fa-link w-auto h-auto\" aria-hidden=\"true\"><\/i><\/a><\/div>\t\t<\/div>\n\t\t<\/div>\n<\/div><\/div><div class=\"card-body p-2  \"><div class=\"row justify-content-center gv-hide-3 gv-hide-0\"><div class=\"col col-4 text-center tofront \"><a href=\"https:\/\/caminodesantiagofrances.com\/en\/author\/caminodesantiagofrances-com\/\" title=\"caminodesantiagofrances-com\"><img decoding=\"async\" style=\"max-height:75px;\" class=\"rounded-circle shadow border border-white border-width-4 p-0 mw-100 mt-n5 bg-white\" src=\"https:\/\/secure.gravatar.com\/avatar\/03aa5dc32308904f80a38258afc0335b43d4b2bec3418626e4f8712b71c3b93e?s=96&#038;d=mm&#038;r=g\" alt=\"Author Image\"><\/a><\/div><\/div><div class=\"geodir-post-title bsui sdel-caa60b10\" ><h3 class=\"geodir-entry-title  h5 \"><a href=\"https:\/\/caminodesantiagofrances.com\/en\/lo\/albergue-plaza-catedral-pamplona\/\" class=\"\" title=\"View: Albergue Plaza Catedral Pamplona\">Albergue Plaza Catedral Pamplona<\/a><\/h3><\/div><div class=\"geodir-post-content-container bsui sdel-1e477937\" ><div class=\"geodir_post_meta  text-justify pb-1 position-relative geodir-field-post_content\" >RESERVAR AHORA Albergue Plaza Catedral Pamplona | Alojamiento en el coraz\u00f3n de Pamplona El Albergue Plaza Catedral est\u00e1 situado en<\/div><\/div><\/div><div class=\"card-footer p-2  \"><div class='d-flex justify-content-between align-items-center flex-wrap'><div><\/div><div><\/div><\/div><\/div><\/div>\t<\/div>\n\t<\/div>\n\t<\/div>\n\t\t<\/div>\n\t\t<\/div><\/div>\n\n\n\n<h3 class=\"wp-block-heading has-text-align-center\"><a href=\"https:\/\/caminodesantiagofrances.com\/en\/provincia-de-leon\/santa-catalina-de-somoza\/\" data-type=\"link\" data-id=\"https:\/\/caminodesantiagofrances.com\/en\/provincia-de-leon\/santa-catalina-de-somoza\/\">Santa Catalina de Somoza<\/a><\/h3>\n\n\n\n<h3 class=\"wp-block-heading has-text-align-center\"><a href=\"https:\/\/caminodesantiagofrances.com\/en\/provincia-de-leon\/el-ganso\/\" data-type=\"link\" data-id=\"https:\/\/caminodesantiagofrances.com\/en\/provincia-de-leon\/el-ganso\/\">El Ganso<\/a><\/h3>\n\n\n\n<h3 class=\"wp-block-heading has-text-align-center\"><a href=\"https:\/\/caminodesantiagofrances.com\/en\/provincia-de-leon\/rabanal-del-camino\/\" data-type=\"link\" data-id=\"https:\/\/caminodesantiagofrances.com\/en\/provincia-de-leon\/rabanal-del-camino\/\">Rabanal del Camino<\/a><\/h3>\n\n\n\n<h3 class=\"wp-block-heading has-text-align-center\"><a href=\"https:\/\/caminodesantiagofrances.com\/en\/provincia-de-leon\/foncebadon\/\" data-type=\"link\" data-id=\"https:\/\/caminodesantiagofrances.com\/en\/provincia-de-leon\/foncebadon\/\">Foncebad\u00f3n<\/a><\/h3>\n\n\n\n<h3 class=\"wp-block-heading has-text-align-center\"><a href=\"https:\/\/caminodesantiagofrances.com\/en\/provincia-de-leon\/manjarin\/\" data-type=\"link\" data-id=\"https:\/\/caminodesantiagofrances.com\/en\/provincia-de-leon\/manjarin\/\">Manjar\u00edn<\/a><\/h3>\n\n\n\n<h3 class=\"wp-block-heading has-text-align-center\"><a href=\"https:\/\/caminodesantiagofrances.com\/en\/provincia-de-leon\/el-acebo\/\" data-type=\"link\" data-id=\"https:\/\/caminodesantiagofrances.com\/en\/provincia-de-leon\/el-acebo\/\">El Acebo<\/a><\/h3>\n\n\n\n<h3 class=\"wp-block-heading has-text-align-center\"><a href=\"https:\/\/caminodesantiagofrances.com\/en\/provincia-de-leon\/riego-de-ambros\/\" data-type=\"link\" data-id=\"https:\/\/caminodesantiagofrances.com\/en\/provincia-de-leon\/riego-de-ambros\/\">Riego de Ambr\u00f3s<\/a><\/h3>\n\n\n\n<h3 class=\"wp-block-heading has-text-align-center\"><a href=\"https:\/\/caminodesantiagofrances.com\/en\/provincia-de-leon\/molinaseca\/\" data-type=\"link\" data-id=\"https:\/\/caminodesantiagofrances.com\/en\/provincia-de-leon\/molinaseca\/\">Molinaseca<\/a><\/h3>\n\n\n\n<h3 class=\"wp-block-heading has-text-align-center\"><a href=\"https:\/\/caminodesantiagofrances.com\/en\/provincia-de-leon\/ponferrada\/\" data-type=\"link\" data-id=\"https:\/\/caminodesantiagofrances.com\/en\/provincia-de-leon\/ponferrada\/\">Ponferrada<\/a><\/h3>\n\n\n\n<div class=\"wp-block-geodirectory-geodir-widget-listings\"><div class=\"geodir-listings bsui sdel-2db65ff4\" >\t\t<div id=\"geodir_6a9d453469e04\" class=\"geodir_locations geodir_location_listing\n\t\t\t\t\t\t\t mb-3\t\t position-relative\">\n\t\t\t\t<div\n\t\tclass=\"row row-cols-1 row-cols-sm-2 geodir-category-list-view geodir-widget-posts geodir-gridview row-cols-md-2\">\n\t\t\n<div class=\"col mb-4 geodir-post post-15926 gd_place type-gd_place status-publish has-post-thumbnail gd-post-pkg-1\" data-post-id=\"15926\">\n\t\t<div class=\"card h-100 p-0 m-0 mw-100  \">\n\t<div class=\"card p-0 mw-100 h-100 \"><div class=\"card-img-top overflow-hidden position-relative  \"><span class=\"bsui gd-badge-meta\"><a href=\"https:\/\/caminodesantiagofrances.com\/en\/lo\/categoria\/hostal\/\" class=\"gd-badge border-0 badge ab-bottom-left ms-1\" data-id=\"15926\" data-badge=\"default_category\" data-badge-condition=\"is_not_empty\" style=\"background-color:rgba(0,0,0,0.5);border-color:rgba(0,0,0,0.5);color:#ffffff;\">Hostal<\/a>\n<\/span><div class=\"geodir_post_meta gd-fav-info-wrap  gd-fav-hide-text ab-bottom-right me-1  mb-n1  me-1 mb-n1 ab-bottom-right\" >\t\t<span class=\"gd-list-favorite\">\n\t\t\t<span class=\"geodir-addtofav favorite_property_15926  h5\" aria-hidden=\"true\"><span  title=\"Add to Favourites\"  class=\"geodir-addtofav-icon c-pointer geodir-act-fav\"  data-color-on=\"#ff0000\"  data-icon=\"fas fa-heart\"  data-color-off=\"rgba(223,223,223,0.8)\"  data-text-color=\"\"  data-bs-toggle=\"tooltip\"  aria-hidden=\"true\"  onclick=\"javascript:window.location.href='https:\/\/caminodesantiagofrances.com\/en\/wp-login.php'\"  ><i class=\"fas fa-heart\"  style=\"color:rgba(223,223,223,0.8);\" ><\/i> <span class=\"geodir-fav-text gv-secondary visually-hidden\" style=\"\" aria-hidden=\"true\">Favourite<\/span><\/span>\n<\/span>\t\t<\/span>\n\t\t<\/div><div class=\"geodir-post-slider bsui sdel-03994e04\" ><div class=\"geodir-image-container geodir-image-sizes-medium_large overflow-hidden\">\n\t\t\t<div class=\"geodir-images aui-gallery geodir-images-n-1 geodir-images-image carousel-inner \">\n\t\t<div class=\"carousel-item active\"><a href=\"https:\/\/caminodesantiagofrances.com\/en\/lo\/hostal-rio-selmo\/\" class=\"geodir-link-image embed-has-action ratio ratio-16x9 ratio ratio-16x9 d-block\"><img src='data:image\/png;base64,iVBORw0KGgoAAAANSUhEUgAAAGQAAAABCAQAAACC0sM2AAAADklEQVR42mP8X88wLAAAK5IBgMYCdqgAAAAASUVORK5CYII=' data-src=\"https:\/\/caminodesantiagofrances.com\/en\/wp-content\/uploads\/sites\/3\/2025\/07\/Hostal-Ri_o-Selmo-Camino-de-Santiago-Frances-768x403.jpg\" alt=\"Hostal Ri o Selmo Camino de Santiago Frances 768x403\" width=\"768\" height=\"403\" class=\"geodir-lazy-load align size-medium_large geodir-image-2001 embed-item-cover-xy w-100 p-0 m-0 mw-100 border-0\" data-srcset=\"https:\/\/caminodesantiagofrances.com\/en\/wp-content\/uploads\/sites\/3\/2025\/07\/Hostal-Ri_o-Selmo-Camino-de-Santiago-Frances-768x403.jpg 768w, https:\/\/caminodesantiagofrances.com\/en\/wp-content\/uploads\/sites\/3\/2025\/07\/Hostal-Ri_o-Selmo-Camino-de-Santiago-Frances-300x158.jpg 300w, https:\/\/caminodesantiagofrances.com\/en\/wp-content\/uploads\/sites\/3\/2025\/07\/Hostal-Ri_o-Selmo-Camino-de-Santiago-Frances-1024x538.jpg 1024w, https:\/\/caminodesantiagofrances.com\/en\/wp-content\/uploads\/sites\/3\/2025\/07\/Hostal-Ri_o-Selmo-Camino-de-Santiago-Frances.jpg 1200w\" sizes=\"(max-width: 768px) 100vw, 768px\" \/><i class=\"fas fa-link w-auto h-auto\" aria-hidden=\"true\"><\/i><\/a><\/div>\t\t<\/div>\n\t\t<\/div>\n<\/div><\/div><div class=\"card-body p-2  \"><div class=\"row justify-content-center gv-hide-3 gv-hide-0\"><div class=\"col col-4 text-center tofront \"><a href=\"https:\/\/caminodesantiagofrances.com\/en\/author\/caminodesantiagofrances-com\/\" title=\"caminodesantiagofrances-com\"><img decoding=\"async\" style=\"max-height:75px;\" class=\"rounded-circle shadow border border-white border-width-4 p-0 mw-100 mt-n5 bg-white\" src=\"https:\/\/secure.gravatar.com\/avatar\/03aa5dc32308904f80a38258afc0335b43d4b2bec3418626e4f8712b71c3b93e?s=96&#038;d=mm&#038;r=g\" alt=\"Author Image\"><\/a><\/div><\/div><div class=\"geodir-post-title bsui sdel-caa60b10\" ><h3 class=\"geodir-entry-title  h5 \"><a href=\"https:\/\/caminodesantiagofrances.com\/en\/lo\/hostal-rio-selmo\/\" class=\"\" title=\"View: Hostal R\u00ed\u00ado Selmo\">Hostal R\u00ed\u00ado Selmo<\/a><\/h3><\/div><div class=\"geodir-post-content-container bsui sdel-1e477937\" ><div class=\"geodir_post_meta  text-justify pb-1 position-relative geodir-field-post_content\" >RESERVAR AHORA Hostal R\u00edo Selmo en Ponferrada: alojamiento c\u00f3modo y c\u00e9ntrico El Hostal R\u00edo Selmo est\u00e1 ubicado en el centro<\/div><\/div><\/div><div class=\"card-footer p-2  \"><div class='d-flex justify-content-between align-items-center flex-wrap'><div><\/div><div><\/div><\/div><\/div><\/div>\t<\/div>\n\t<\/div>\n\n<div class=\"col mb-4 geodir-post post-15923 gd_place type-gd_place status-publish has-post-thumbnail gd-post-pkg-1\" data-post-id=\"15923\">\n\t\t<div class=\"card h-100 p-0 m-0 mw-100  \">\n\t<div class=\"card p-0 mw-100 h-100 \"><div class=\"card-img-top overflow-hidden position-relative  \"><span class=\"bsui gd-badge-meta\"><a href=\"https:\/\/caminodesantiagofrances.com\/en\/lo\/categoria\/albergue\/\" class=\"gd-badge border-0 badge ab-bottom-left ms-1\" data-id=\"15923\" data-badge=\"default_category\" data-badge-condition=\"is_not_empty\" style=\"background-color:rgba(0,0,0,0.5);border-color:rgba(0,0,0,0.5);color:#ffffff;\">Albergue<\/a>\n<\/span><div class=\"geodir_post_meta gd-fav-info-wrap  gd-fav-hide-text ab-bottom-right me-1  mb-n1  me-1 mb-n1 ab-bottom-right\" >\t\t<span class=\"gd-list-favorite\">\n\t\t\t<span class=\"geodir-addtofav favorite_property_15923  h5\" aria-hidden=\"true\"><span  title=\"Add to Favourites\"  class=\"geodir-addtofav-icon c-pointer geodir-act-fav\"  data-color-on=\"#ff0000\"  data-icon=\"fas fa-heart\"  data-color-off=\"rgba(223,223,223,0.8)\"  data-text-color=\"\"  data-bs-toggle=\"tooltip\"  aria-hidden=\"true\"  onclick=\"javascript:window.location.href='https:\/\/caminodesantiagofrances.com\/en\/wp-login.php'\"  ><i class=\"fas fa-heart\"  style=\"color:rgba(223,223,223,0.8);\" ><\/i> <span class=\"geodir-fav-text gv-secondary visually-hidden\" style=\"\" aria-hidden=\"true\">Favourite<\/span><\/span>\n<\/span>\t\t<\/span>\n\t\t<\/div><div class=\"geodir-post-slider bsui sdel-03994e04\" ><div class=\"geodir-image-container geodir-image-sizes-medium_large overflow-hidden\">\n\t\t\t<div class=\"geodir-images aui-gallery geodir-images-n-1 geodir-images-image carousel-inner \">\n\t\t<div class=\"carousel-item active\"><a href=\"https:\/\/caminodesantiagofrances.com\/en\/lo\/albergue-guiana\/\" class=\"geodir-link-image embed-has-action ratio ratio-16x9 ratio ratio-16x9 d-block\"><img src='data:image\/png;base64,iVBORw0KGgoAAAANSUhEUgAAAGQAAAABCAQAAACC0sM2AAAADklEQVR42mP8X88wLAAAK5IBgMYCdqgAAAAASUVORK5CYII=' data-src=\"https:\/\/caminodesantiagofrances.com\/en\/wp-content\/uploads\/sites\/3\/2025\/07\/Albergue-Guiana-Camino-de-Santiago-Frances-768x403.jpg\" alt=\"Albergue Guiana Camino de Santiago Frances 768x403\" width=\"768\" height=\"403\" class=\"geodir-lazy-load align size-medium_large geodir-image-1983 embed-item-cover-xy w-100 p-0 m-0 mw-100 border-0\" data-srcset=\"https:\/\/caminodesantiagofrances.com\/en\/wp-content\/uploads\/sites\/3\/2025\/07\/Albergue-Guiana-Camino-de-Santiago-Frances-768x403.jpg 768w, https:\/\/caminodesantiagofrances.com\/en\/wp-content\/uploads\/sites\/3\/2025\/07\/Albergue-Guiana-Camino-de-Santiago-Frances-300x158.jpg 300w, https:\/\/caminodesantiagofrances.com\/en\/wp-content\/uploads\/sites\/3\/2025\/07\/Albergue-Guiana-Camino-de-Santiago-Frances-1024x538.jpg 1024w, https:\/\/caminodesantiagofrances.com\/en\/wp-content\/uploads\/sites\/3\/2025\/07\/Albergue-Guiana-Camino-de-Santiago-Frances.jpg 1200w\" sizes=\"(max-width: 768px) 100vw, 768px\" \/><i class=\"fas fa-link w-auto h-auto\" aria-hidden=\"true\"><\/i><\/a><\/div>\t\t<\/div>\n\t\t<\/div>\n<\/div><\/div><div class=\"card-body p-2  \"><div class=\"row justify-content-center gv-hide-3 gv-hide-0\"><div class=\"col col-4 text-center tofront \"><a href=\"https:\/\/caminodesantiagofrances.com\/en\/author\/caminodesantiagofrances-com\/\" title=\"caminodesantiagofrances-com\"><img decoding=\"async\" style=\"max-height:75px;\" class=\"rounded-circle shadow border border-white border-width-4 p-0 mw-100 mt-n5 bg-white\" src=\"https:\/\/secure.gravatar.com\/avatar\/03aa5dc32308904f80a38258afc0335b43d4b2bec3418626e4f8712b71c3b93e?s=96&#038;d=mm&#038;r=g\" alt=\"Author Image\"><\/a><\/div><\/div><div class=\"geodir-post-title bsui sdel-caa60b10\" ><h3 class=\"geodir-entry-title  h5 \"><a href=\"https:\/\/caminodesantiagofrances.com\/en\/lo\/albergue-guiana\/\" class=\"\" title=\"View: Albergue Guiana\">Albergue Guiana<\/a><\/h3><\/div><div class=\"geodir-post-content-container bsui sdel-1e477937\" ><div class=\"geodir_post_meta  text-justify pb-1 position-relative geodir-field-post_content\" >RESERVAR AHORA Albergue Guiana en Ponferrada: hospitalidad moderna en el coraz\u00f3n del Camino de Santiago Franc\u00e9s El Albergue Guiana se<\/div><\/div><\/div><div class=\"card-footer p-2  \"><div class='d-flex justify-content-between align-items-center flex-wrap'><div><\/div><div><\/div><\/div><\/div><\/div>\t<\/div>\n\t<\/div>\n\n<div class=\"col mb-4 geodir-post post-15920 gd_place type-gd_place status-publish has-post-thumbnail gd-post-pkg-1\" data-post-id=\"15920\">\n\t\t<div class=\"card h-100 p-0 m-0 mw-100  \">\n\t<div class=\"card p-0 mw-100 h-100 \"><div class=\"card-img-top overflow-hidden position-relative  \"><span class=\"bsui gd-badge-meta\"><a href=\"https:\/\/caminodesantiagofrances.com\/en\/lo\/categoria\/hotel\/\" class=\"gd-badge border-0 badge ab-bottom-left ms-1\" data-id=\"15920\" data-badge=\"default_category\" data-badge-condition=\"is_not_empty\" style=\"background-color:rgba(0,0,0,0.5);border-color:rgba(0,0,0,0.5);color:#ffffff;\">Hotel<\/a>\n<\/span><div class=\"geodir_post_meta gd-fav-info-wrap  gd-fav-hide-text ab-bottom-right me-1  mb-n1  me-1 mb-n1 ab-bottom-right\" >\t\t<span class=\"gd-list-favorite\">\n\t\t\t<span class=\"geodir-addtofav favorite_property_15920  h5\" aria-hidden=\"true\"><span  title=\"Add to Favourites\"  class=\"geodir-addtofav-icon c-pointer geodir-act-fav\"  data-color-on=\"#ff0000\"  data-icon=\"fas fa-heart\"  data-color-off=\"rgba(223,223,223,0.8)\"  data-text-color=\"\"  data-bs-toggle=\"tooltip\"  aria-hidden=\"true\"  onclick=\"javascript:window.location.href='https:\/\/caminodesantiagofrances.com\/en\/wp-login.php'\"  ><i class=\"fas fa-heart\"  style=\"color:rgba(223,223,223,0.8);\" ><\/i> <span class=\"geodir-fav-text gv-secondary visually-hidden\" style=\"\" aria-hidden=\"true\">Favourite<\/span><\/span>\n<\/span>\t\t<\/span>\n\t\t<\/div><div class=\"geodir-post-slider bsui sdel-03994e04\" ><div class=\"geodir-image-container geodir-image-sizes-medium_large overflow-hidden\">\n\t\t\t<div class=\"geodir-images aui-gallery geodir-images-n-1 geodir-images-image carousel-inner \">\n\t\t<div class=\"carousel-item active\"><a href=\"https:\/\/caminodesantiagofrances.com\/en\/lo\/hotel-aroi-bierzo-plaza\/\" class=\"geodir-link-image embed-has-action ratio ratio-16x9 ratio ratio-16x9 d-block\"><img src='data:image\/png;base64,iVBORw0KGgoAAAANSUhEUgAAAGQAAAABCAQAAACC0sM2AAAADklEQVR42mP8X88wLAAAK5IBgMYCdqgAAAAASUVORK5CYII=' data-src=\"https:\/\/caminodesantiagofrances.com\/en\/wp-content\/uploads\/sites\/3\/2025\/07\/Hotel-Aroi-Bierzo-Plaza-Camino-de-Santiago-Frances-768x403.jpg\" alt=\"Hotel Aroi Bierzo Plaza Camino de Santiago Frances 768x403\" width=\"768\" height=\"403\" class=\"geodir-lazy-load align size-medium_large geodir-image-1968 embed-item-cover-xy w-100 p-0 m-0 mw-100 border-0\" data-srcset=\"https:\/\/caminodesantiagofrances.com\/en\/wp-content\/uploads\/sites\/3\/2025\/07\/Hotel-Aroi-Bierzo-Plaza-Camino-de-Santiago-Frances-768x403.jpg 768w, https:\/\/caminodesantiagofrances.com\/en\/wp-content\/uploads\/sites\/3\/2025\/07\/Hotel-Aroi-Bierzo-Plaza-Camino-de-Santiago-Frances-300x158.jpg 300w, https:\/\/caminodesantiagofrances.com\/en\/wp-content\/uploads\/sites\/3\/2025\/07\/Hotel-Aroi-Bierzo-Plaza-Camino-de-Santiago-Frances-1024x538.jpg 1024w, https:\/\/caminodesantiagofrances.com\/en\/wp-content\/uploads\/sites\/3\/2025\/07\/Hotel-Aroi-Bierzo-Plaza-Camino-de-Santiago-Frances.jpg 1200w\" sizes=\"(max-width: 768px) 100vw, 768px\" \/><i class=\"fas fa-link w-auto h-auto\" aria-hidden=\"true\"><\/i><\/a><\/div>\t\t<\/div>\n\t\t<\/div>\n<\/div><\/div><div class=\"card-body p-2  \"><div class=\"row justify-content-center gv-hide-3 gv-hide-0\"><div class=\"col col-4 text-center tofront \"><a href=\"https:\/\/caminodesantiagofrances.com\/en\/author\/caminodesantiagofrances-com\/\" title=\"caminodesantiagofrances-com\"><img decoding=\"async\" style=\"max-height:75px;\" class=\"rounded-circle shadow border border-white border-width-4 p-0 mw-100 mt-n5 bg-white\" src=\"https:\/\/secure.gravatar.com\/avatar\/03aa5dc32308904f80a38258afc0335b43d4b2bec3418626e4f8712b71c3b93e?s=96&#038;d=mm&#038;r=g\" alt=\"Author Image\"><\/a><\/div><\/div><div class=\"geodir-post-title bsui sdel-caa60b10\" ><h3 class=\"geodir-entry-title  h5 \"><a href=\"https:\/\/caminodesantiagofrances.com\/en\/lo\/hotel-aroi-bierzo-plaza\/\" class=\"\" title=\"View: Hotel Aroi Bierzo Plaza\">Hotel Aroi Bierzo Plaza<\/a><\/h3><\/div><div class=\"geodir-post-content-container bsui sdel-1e477937\" ><div class=\"geodir_post_meta  text-justify pb-1 position-relative geodir-field-post_content\" >RESERVAR AHORA Hotel Aroi Bierzo Plaza en Ponferrada: descanso con distinci\u00f3n en el coraz\u00f3n del Camino de Santiago Franc\u00e9s El<\/div><\/div><\/div><div class=\"card-footer p-2  \"><div class='d-flex justify-content-between align-items-center flex-wrap'><div><\/div><div><\/div><\/div><\/div><\/div>\t<\/div>\n\t<\/div>\n\n<div class=\"col mb-4 geodir-post post-15917 gd_place type-gd_place status-publish has-post-thumbnail gd-post-pkg-1\" data-post-id=\"15917\">\n\t\t<div class=\"card h-100 p-0 m-0 mw-100  \">\n\t<div class=\"card p-0 mw-100 h-100 \"><div class=\"card-img-top overflow-hidden position-relative  \"><span class=\"bsui gd-badge-meta\"><a href=\"https:\/\/caminodesantiagofrances.com\/en\/lo\/categoria\/albergue\/\" class=\"gd-badge border-0 badge ab-bottom-left ms-1\" data-id=\"15917\" data-badge=\"default_category\" data-badge-condition=\"is_not_empty\" style=\"background-color:rgba(0,0,0,0.5);border-color:rgba(0,0,0,0.5);color:#ffffff;\">Albergue<\/a>\n<\/span><div class=\"geodir_post_meta gd-fav-info-wrap  gd-fav-hide-text ab-bottom-right me-1  mb-n1  me-1 mb-n1 ab-bottom-right\" >\t\t<span class=\"gd-list-favorite\">\n\t\t\t<span class=\"geodir-addtofav favorite_property_15917  h5\" aria-hidden=\"true\"><span  title=\"Add to Favourites\"  class=\"geodir-addtofav-icon c-pointer geodir-act-fav\"  data-color-on=\"#ff0000\"  data-icon=\"fas fa-heart\"  data-color-off=\"rgba(223,223,223,0.8)\"  data-text-color=\"\"  data-bs-toggle=\"tooltip\"  aria-hidden=\"true\"  onclick=\"javascript:window.location.href='https:\/\/caminodesantiagofrances.com\/en\/wp-login.php'\"  ><i class=\"fas fa-heart\"  style=\"color:rgba(223,223,223,0.8);\" ><\/i> <span class=\"geodir-fav-text gv-secondary visually-hidden\" style=\"\" aria-hidden=\"true\">Favourite<\/span><\/span>\n<\/span>\t\t<\/span>\n\t\t<\/div><div class=\"geodir-post-slider bsui sdel-03994e04\" ><div class=\"geodir-image-container geodir-image-sizes-medium_large overflow-hidden\">\n\t\t\t<div class=\"geodir-images aui-gallery geodir-images-n-1 geodir-images-image carousel-inner \">\n\t\t<div class=\"carousel-item active\"><a href=\"https:\/\/caminodesantiagofrances.com\/en\/lo\/albergue-el-templarin\/\" class=\"geodir-link-image embed-has-action ratio ratio-16x9 ratio ratio-16x9 d-block\"><img src='data:image\/png;base64,iVBORw0KGgoAAAANSUhEUgAAAGQAAAABCAQAAACC0sM2AAAADklEQVR42mP8X88wLAAAK5IBgMYCdqgAAAAASUVORK5CYII=' data-src=\"https:\/\/caminodesantiagofrances.com\/en\/wp-content\/uploads\/sites\/3\/2025\/07\/Albergue-El-Templarin-Camino-de-Santiago-Frances-768x403.jpg\" alt=\"Albergue El Templarin Camino de Santiago Frances 768x403\" width=\"768\" height=\"403\" class=\"geodir-lazy-load align size-medium_large geodir-image-1957 embed-item-cover-xy w-100 p-0 m-0 mw-100 border-0\" data-srcset=\"https:\/\/caminodesantiagofrances.com\/en\/wp-content\/uploads\/sites\/3\/2025\/07\/Albergue-El-Templarin-Camino-de-Santiago-Frances-768x403.jpg 768w, https:\/\/caminodesantiagofrances.com\/en\/wp-content\/uploads\/sites\/3\/2025\/07\/Albergue-El-Templarin-Camino-de-Santiago-Frances-300x158.jpg 300w, https:\/\/caminodesantiagofrances.com\/en\/wp-content\/uploads\/sites\/3\/2025\/07\/Albergue-El-Templarin-Camino-de-Santiago-Frances-1024x538.jpg 1024w, https:\/\/caminodesantiagofrances.com\/en\/wp-content\/uploads\/sites\/3\/2025\/07\/Albergue-El-Templarin-Camino-de-Santiago-Frances.jpg 1200w\" sizes=\"(max-width: 768px) 100vw, 768px\" \/><i class=\"fas fa-link w-auto h-auto\" aria-hidden=\"true\"><\/i><\/a><\/div>\t\t<\/div>\n\t\t<\/div>\n<\/div><\/div><div class=\"card-body p-2  \"><div class=\"row justify-content-center gv-hide-3 gv-hide-0\"><div class=\"col col-4 text-center tofront \"><a href=\"https:\/\/caminodesantiagofrances.com\/en\/author\/caminodesantiagofrances-com\/\" title=\"caminodesantiagofrances-com\"><img decoding=\"async\" style=\"max-height:75px;\" class=\"rounded-circle shadow border border-white border-width-4 p-0 mw-100 mt-n5 bg-white\" src=\"https:\/\/secure.gravatar.com\/avatar\/03aa5dc32308904f80a38258afc0335b43d4b2bec3418626e4f8712b71c3b93e?s=96&#038;d=mm&#038;r=g\" alt=\"Author Image\"><\/a><\/div><\/div><div class=\"geodir-post-title bsui sdel-caa60b10\" ><h3 class=\"geodir-entry-title  h5 \"><a href=\"https:\/\/caminodesantiagofrances.com\/en\/lo\/albergue-el-templarin\/\" class=\"\" title=\"View: Albergue El Templar\u00edn\">Albergue El Templar\u00edn<\/a><\/h3><\/div><div class=\"geodir-post-content-container bsui sdel-1e477937\" ><div class=\"geodir_post_meta  text-justify pb-1 position-relative geodir-field-post_content\" >RESERVAR AHORA Albergue El Templarin en Ponferrada: hospitalidad aut\u00e9ntica en el coraz\u00f3n templario del Camino de Santiago Franc\u00e9s El Albergue<\/div><\/div><\/div><div class=\"card-footer p-2  \"><div class='d-flex justify-content-between align-items-center flex-wrap'><div><\/div><div><\/div><\/div><\/div><\/div>\t<\/div>\n\t<\/div>\n\n<div class=\"col mb-4 geodir-post post-15913 gd_place type-gd_place status-publish has-post-thumbnail gd-post-pkg-1\" data-post-id=\"15913\">\n\t\t<div class=\"card h-100 p-0 m-0 mw-100  \">\n\t<div class=\"card p-0 mw-100 h-100 \"><div class=\"card-img-top overflow-hidden position-relative  \"><span class=\"bsui gd-badge-meta\"><a href=\"https:\/\/caminodesantiagofrances.com\/en\/lo\/categoria\/hostal\/\" class=\"gd-badge border-0 badge ab-bottom-left ms-1\" data-id=\"15913\" data-badge=\"default_category\" data-badge-condition=\"is_not_empty\" style=\"background-color:rgba(0,0,0,0.5);border-color:rgba(0,0,0,0.5);color:#ffffff;\">Hostal<\/a>\n<\/span><div class=\"geodir_post_meta gd-fav-info-wrap  gd-fav-hide-text ab-bottom-right me-1  mb-n1  me-1 mb-n1 ab-bottom-right\" >\t\t<span class=\"gd-list-favorite\">\n\t\t\t<span class=\"geodir-addtofav favorite_property_15913  h5\" aria-hidden=\"true\"><span  title=\"Add to Favourites\"  class=\"geodir-addtofav-icon c-pointer geodir-act-fav\"  data-color-on=\"#ff0000\"  data-icon=\"fas fa-heart\"  data-color-off=\"rgba(223,223,223,0.8)\"  data-text-color=\"\"  data-bs-toggle=\"tooltip\"  aria-hidden=\"true\"  onclick=\"javascript:window.location.href='https:\/\/caminodesantiagofrances.com\/en\/wp-login.php'\"  ><i class=\"fas fa-heart\"  style=\"color:rgba(223,223,223,0.8);\" ><\/i> <span class=\"geodir-fav-text gv-secondary visually-hidden\" style=\"\" aria-hidden=\"true\">Favourite<\/span><\/span>\n<\/span>\t\t<\/span>\n\t\t<\/div><div class=\"geodir-post-slider bsui sdel-03994e04\" ><div class=\"geodir-image-container geodir-image-sizes-medium_large overflow-hidden\">\n\t\t\t<div class=\"geodir-images aui-gallery geodir-images-n-1 geodir-images-image carousel-inner \">\n\t\t<div class=\"carousel-item active\"><a href=\"https:\/\/caminodesantiagofrances.com\/en\/lo\/hostal-virgen-de-la-encina\/\" class=\"geodir-link-image embed-has-action ratio ratio-16x9 ratio ratio-16x9 d-block\"><img src='data:image\/png;base64,iVBORw0KGgoAAAANSUhEUgAAAGQAAAABCAQAAACC0sM2AAAADklEQVR42mP8X88wLAAAK5IBgMYCdqgAAAAASUVORK5CYII=' data-src=\"https:\/\/caminodesantiagofrances.com\/en\/wp-content\/uploads\/sites\/3\/2025\/07\/Hostal-Virgen-de-la-Encina-Camino-de-Santiago-Frances-768x403.jpg\" alt=\"Hostal Virgen de la Encina Camino de Santiago Frances 768x403\" width=\"768\" height=\"403\" class=\"geodir-lazy-load align size-medium_large geodir-image-1946 embed-item-cover-xy w-100 p-0 m-0 mw-100 border-0\" data-srcset=\"https:\/\/caminodesantiagofrances.com\/en\/wp-content\/uploads\/sites\/3\/2025\/07\/Hostal-Virgen-de-la-Encina-Camino-de-Santiago-Frances-768x403.jpg 768w, https:\/\/caminodesantiagofrances.com\/en\/wp-content\/uploads\/sites\/3\/2025\/07\/Hostal-Virgen-de-la-Encina-Camino-de-Santiago-Frances-300x158.jpg 300w, https:\/\/caminodesantiagofrances.com\/en\/wp-content\/uploads\/sites\/3\/2025\/07\/Hostal-Virgen-de-la-Encina-Camino-de-Santiago-Frances-1024x538.jpg 1024w, https:\/\/caminodesantiagofrances.com\/en\/wp-content\/uploads\/sites\/3\/2025\/07\/Hostal-Virgen-de-la-Encina-Camino-de-Santiago-Frances.jpg 1200w\" sizes=\"(max-width: 768px) 100vw, 768px\" \/><i class=\"fas fa-link w-auto h-auto\" aria-hidden=\"true\"><\/i><\/a><\/div>\t\t<\/div>\n\t\t<\/div>\n<\/div><\/div><div class=\"card-body p-2  \"><div class=\"row justify-content-center gv-hide-3 gv-hide-0\"><div class=\"col col-4 text-center tofront \"><a href=\"https:\/\/caminodesantiagofrances.com\/en\/author\/caminodesantiagofrances-com\/\" title=\"caminodesantiagofrances-com\"><img decoding=\"async\" style=\"max-height:75px;\" class=\"rounded-circle shadow border border-white border-width-4 p-0 mw-100 mt-n5 bg-white\" src=\"https:\/\/secure.gravatar.com\/avatar\/03aa5dc32308904f80a38258afc0335b43d4b2bec3418626e4f8712b71c3b93e?s=96&#038;d=mm&#038;r=g\" alt=\"Author Image\"><\/a><\/div><\/div><div class=\"geodir-post-title bsui sdel-caa60b10\" ><h3 class=\"geodir-entry-title  h5 \"><a href=\"https:\/\/caminodesantiagofrances.com\/en\/lo\/hostal-virgen-de-la-encina\/\" class=\"\" title=\"View: Hostal Virgen de la Encina\">Hostal Virgen de la Encina<\/a><\/h3><\/div><div class=\"geodir-post-content-container bsui sdel-1e477937\" ><div class=\"geodir_post_meta  text-justify pb-1 position-relative geodir-field-post_content\" >RESERVAR AHORA Hostal Virgen de la Encina en Ponferrada: descanso con alma jacobea frente al Castillo Templario El Hostal Virgen<\/div><\/div><\/div><div class=\"card-footer p-2  \"><div class='d-flex justify-content-between align-items-center flex-wrap'><div><\/div><div><\/div><\/div><\/div><\/div>\t<\/div>\n\t<\/div>\n\n<div class=\"col mb-4 geodir-post post-15909 gd_place type-gd_place status-publish has-post-thumbnail gd-post-pkg-1\" data-post-id=\"15909\">\n\t\t<div class=\"card h-100 p-0 m-0 mw-100  \">\n\t<div class=\"card p-0 mw-100 h-100 \"><div class=\"card-img-top overflow-hidden position-relative  \"><span class=\"bsui gd-badge-meta\"><a href=\"https:\/\/caminodesantiagofrances.com\/en\/lo\/categoria\/hotel\/\" class=\"gd-badge border-0 badge ab-bottom-left ms-1\" data-id=\"15909\" data-badge=\"default_category\" data-badge-condition=\"is_not_empty\" style=\"background-color:rgba(0,0,0,0.5);border-color:rgba(0,0,0,0.5);color:#ffffff;\">Hotel<\/a>\n<\/span><div class=\"geodir_post_meta gd-fav-info-wrap  gd-fav-hide-text ab-bottom-right me-1  mb-n1  me-1 mb-n1 ab-bottom-right\" >\t\t<span class=\"gd-list-favorite\">\n\t\t\t<span class=\"geodir-addtofav favorite_property_15909  h5\" aria-hidden=\"true\"><span  title=\"Add to Favourites\"  class=\"geodir-addtofav-icon c-pointer geodir-act-fav\"  data-color-on=\"#ff0000\"  data-icon=\"fas fa-heart\"  data-color-off=\"rgba(223,223,223,0.8)\"  data-text-color=\"\"  data-bs-toggle=\"tooltip\"  aria-hidden=\"true\"  onclick=\"javascript:window.location.href='https:\/\/caminodesantiagofrances.com\/en\/wp-login.php'\"  ><i class=\"fas fa-heart\"  style=\"color:rgba(223,223,223,0.8);\" ><\/i> <span class=\"geodir-fav-text gv-secondary visually-hidden\" style=\"\" aria-hidden=\"true\">Favourite<\/span><\/span>\n<\/span>\t\t<\/span>\n\t\t<\/div><div class=\"geodir-post-slider bsui sdel-03994e04\" ><div class=\"geodir-image-container geodir-image-sizes-medium_large overflow-hidden\">\n\t\t\t<div class=\"geodir-images aui-gallery geodir-images-n-1 geodir-images-image carousel-inner \">\n\t\t<div class=\"carousel-item active\"><a href=\"https:\/\/caminodesantiagofrances.com\/en\/lo\/hotel-el-castillo\/\" class=\"geodir-link-image embed-has-action ratio ratio-16x9 ratio ratio-16x9 d-block\"><img src='data:image\/png;base64,iVBORw0KGgoAAAANSUhEUgAAAGQAAAABCAQAAACC0sM2AAAADklEQVR42mP8X88wLAAAK5IBgMYCdqgAAAAASUVORK5CYII=' data-src=\"https:\/\/caminodesantiagofrances.com\/en\/wp-content\/uploads\/sites\/3\/2025\/07\/Hotel-El-Castillo-Camino-de-Santiago-Frances-768x403.jpg\" alt=\"Hotel El Castillo Camino de Santiago Frances 768x403\" width=\"768\" height=\"403\" class=\"geodir-lazy-load align size-medium_large geodir-image-1934 embed-item-cover-xy w-100 p-0 m-0 mw-100 border-0\" data-srcset=\"https:\/\/caminodesantiagofrances.com\/en\/wp-content\/uploads\/sites\/3\/2025\/07\/Hotel-El-Castillo-Camino-de-Santiago-Frances-768x403.jpg 768w, https:\/\/caminodesantiagofrances.com\/en\/wp-content\/uploads\/sites\/3\/2025\/07\/Hotel-El-Castillo-Camino-de-Santiago-Frances-300x158.jpg 300w, https:\/\/caminodesantiagofrances.com\/en\/wp-content\/uploads\/sites\/3\/2025\/07\/Hotel-El-Castillo-Camino-de-Santiago-Frances-1024x538.jpg 1024w, https:\/\/caminodesantiagofrances.com\/en\/wp-content\/uploads\/sites\/3\/2025\/07\/Hotel-El-Castillo-Camino-de-Santiago-Frances.jpg 1200w\" sizes=\"(max-width: 768px) 100vw, 768px\" \/><i class=\"fas fa-link w-auto h-auto\" aria-hidden=\"true\"><\/i><\/a><\/div>\t\t<\/div>\n\t\t<\/div>\n<\/div><\/div><div class=\"card-body p-2  \"><div class=\"row justify-content-center gv-hide-3 gv-hide-0\"><div class=\"col col-4 text-center tofront \"><a href=\"https:\/\/caminodesantiagofrances.com\/en\/author\/caminodesantiagofrances-com\/\" title=\"caminodesantiagofrances-com\"><img decoding=\"async\" style=\"max-height:75px;\" class=\"rounded-circle shadow border border-white border-width-4 p-0 mw-100 mt-n5 bg-white\" src=\"https:\/\/secure.gravatar.com\/avatar\/03aa5dc32308904f80a38258afc0335b43d4b2bec3418626e4f8712b71c3b93e?s=96&#038;d=mm&#038;r=g\" alt=\"Author Image\"><\/a><\/div><\/div><div class=\"geodir-post-title bsui sdel-caa60b10\" ><h3 class=\"geodir-entry-title  h5 \"><a href=\"https:\/\/caminodesantiagofrances.com\/en\/lo\/hotel-el-castillo\/\" class=\"\" title=\"View: Hotel El Castillo\">Hotel El Castillo<\/a><\/h3><\/div><div class=\"geodir-post-content-container bsui sdel-1e477937\" ><div class=\"geodir_post_meta  text-justify pb-1 position-relative geodir-field-post_content\" >RESERVAR AHORA Hotel El Castillo en Ponferrada: confort, historia y hospitalidad en plena ruta del Camino de Santiago Franc\u00e9s Situado<\/div><\/div><\/div><div class=\"card-footer p-2  \"><div class='d-flex justify-content-between align-items-center flex-wrap'><div><\/div><div><\/div><\/div><\/div><\/div>\t<\/div>\n\t<\/div>\n\t<\/div>\n\t\t<\/div>\n\t\t<\/div><\/div>\n\n\n\n<h3 class=\"wp-block-heading has-text-align-center\"><a href=\"https:\/\/caminodesantiagofrances.com\/en\/provincia-de-leon\/columbrianos\/\" data-type=\"link\" data-id=\"https:\/\/caminodesantiagofrances.com\/en\/provincia-de-leon\/columbrianos\/\">Columbrianos<\/a><\/h3>\n\n\n\n<h3 class=\"wp-block-heading has-text-align-center\"><a href=\"https:\/\/caminodesantiagofrances.com\/en\/provincia-de-leon\/fuentes-nuevas\/\" data-type=\"link\" data-id=\"https:\/\/caminodesantiagofrances.com\/en\/provincia-de-leon\/fuentes-nuevas\/\">Fuentes Nuevas<\/a><\/h3>\n\n\n\n<h3 class=\"wp-block-heading has-text-align-center\"><a href=\"https:\/\/caminodesantiagofrances.com\/en\/provincia-de-leon\/camponaraya\/\" data-type=\"link\" data-id=\"https:\/\/caminodesantiagofrances.com\/en\/provincia-de-leon\/camponaraya\/\">Camponaraya<\/a><\/h3>\n\n\n\n<h3 class=\"wp-block-heading has-text-align-center\"><a href=\"https:\/\/caminodesantiagofrances.com\/en\/provincia-de-leon\/cacabelos\/\" data-type=\"link\" data-id=\"https:\/\/caminodesantiagofrances.com\/en\/provincia-de-leon\/cacabelos\/\">Cacabelos<\/a><\/h3>\n\n\n\n<div class=\"wp-block-geodirectory-geodir-widget-listings\"><div class=\"geodir-listings bsui sdel-ca440237\" >\t\t<div id=\"geodir_6a9d453476b6e\" class=\"geodir_locations geodir_location_listing\n\t\t\t\t\t\t\t mb-3\t\t position-relative\">\n\t\t\t\t<div\n\t\tclass=\"row row-cols-1 row-cols-sm-2 geodir-category-list-view geodir-widget-posts geodir-gridview row-cols-md-2\">\n\t\t\n<div class=\"col mb-4 geodir-post post-15940 gd_place type-gd_place status-publish has-post-thumbnail gd-post-pkg-1\" data-post-id=\"15940\">\n\t\t<div class=\"card h-100 p-0 m-0 mw-100  \">\n\t<div class=\"card p-0 mw-100 h-100 \"><div class=\"card-img-top overflow-hidden position-relative  \"><span class=\"bsui gd-badge-meta\"><a href=\"https:\/\/caminodesantiagofrances.com\/en\/lo\/categoria\/albergue\/\" class=\"gd-badge border-0 badge ab-bottom-left ms-1\" data-id=\"15940\" data-badge=\"default_category\" data-badge-condition=\"is_not_empty\" style=\"background-color:rgba(0,0,0,0.5);border-color:rgba(0,0,0,0.5);color:#ffffff;\">Albergue<\/a>\n<\/span><div class=\"geodir_post_meta gd-fav-info-wrap  gd-fav-hide-text ab-bottom-right me-1  mb-n1  me-1 mb-n1 ab-bottom-right\" >\t\t<span class=\"gd-list-favorite\">\n\t\t\t<span class=\"geodir-addtofav favorite_property_15940  h5\" aria-hidden=\"true\"><span  title=\"Add to Favourites\"  class=\"geodir-addtofav-icon c-pointer geodir-act-fav\"  data-color-on=\"#ff0000\"  data-icon=\"fas fa-heart\"  data-color-off=\"rgba(223,223,223,0.8)\"  data-text-color=\"\"  data-bs-toggle=\"tooltip\"  aria-hidden=\"true\"  onclick=\"javascript:window.location.href='https:\/\/caminodesantiagofrances.com\/en\/wp-login.php'\"  ><i class=\"fas fa-heart\"  style=\"color:rgba(223,223,223,0.8);\" ><\/i> <span class=\"geodir-fav-text gv-secondary visually-hidden\" style=\"\" aria-hidden=\"true\">Favourite<\/span><\/span>\n<\/span>\t\t<\/span>\n\t\t<\/div><div class=\"geodir-post-slider bsui sdel-03994e04\" ><div class=\"geodir-image-container geodir-image-sizes-medium_large overflow-hidden\">\n\t\t\t<div class=\"geodir-images aui-gallery geodir-images-n-1 geodir-images-image carousel-inner \">\n\t\t<div class=\"carousel-item active\"><a href=\"https:\/\/caminodesantiagofrances.com\/en\/lo\/albergue-hostal-la-gallega\/\" class=\"geodir-link-image embed-has-action ratio ratio-16x9 ratio ratio-16x9 d-block\"><img src='data:image\/png;base64,iVBORw0KGgoAAAANSUhEUgAAAGQAAAABCAQAAACC0sM2AAAADklEQVR42mP8X88wLAAAK5IBgMYCdqgAAAAASUVORK5CYII=' data-src=\"https:\/\/caminodesantiagofrances.com\/en\/wp-content\/uploads\/sites\/3\/2025\/08\/Albergue-Hostal-La-Gallega-Camino-de-Santiago-Frances-768x403.jpg\" alt=\"Albergue Hostal La Gallega Camino de Santiago Frances 768x403\" width=\"768\" height=\"403\" class=\"geodir-lazy-load align size-medium_large geodir-image-2042 embed-item-cover-xy w-100 p-0 m-0 mw-100 border-0\" data-srcset=\"https:\/\/caminodesantiagofrances.com\/en\/wp-content\/uploads\/sites\/3\/2025\/08\/Albergue-Hostal-La-Gallega-Camino-de-Santiago-Frances-768x403.jpg 768w, https:\/\/caminodesantiagofrances.com\/en\/wp-content\/uploads\/sites\/3\/2025\/08\/Albergue-Hostal-La-Gallega-Camino-de-Santiago-Frances-300x158.jpg 300w, https:\/\/caminodesantiagofrances.com\/en\/wp-content\/uploads\/sites\/3\/2025\/08\/Albergue-Hostal-La-Gallega-Camino-de-Santiago-Frances-1024x538.jpg 1024w, https:\/\/caminodesantiagofrances.com\/en\/wp-content\/uploads\/sites\/3\/2025\/08\/Albergue-Hostal-La-Gallega-Camino-de-Santiago-Frances.jpg 1200w\" sizes=\"(max-width: 768px) 100vw, 768px\" \/><i class=\"fas fa-link w-auto h-auto\" aria-hidden=\"true\"><\/i><\/a><\/div>\t\t<\/div>\n\t\t<\/div>\n<\/div><\/div><div class=\"card-body p-2  \"><div class=\"row justify-content-center gv-hide-3 gv-hide-0\"><div class=\"col col-4 text-center tofront \"><a href=\"https:\/\/caminodesantiagofrances.com\/en\/author\/caminodesantiagofrances-com\/\" title=\"caminodesantiagofrances-com\"><img decoding=\"async\" style=\"max-height:75px;\" class=\"rounded-circle shadow border border-white border-width-4 p-0 mw-100 mt-n5 bg-white\" src=\"https:\/\/secure.gravatar.com\/avatar\/03aa5dc32308904f80a38258afc0335b43d4b2bec3418626e4f8712b71c3b93e?s=96&#038;d=mm&#038;r=g\" alt=\"Author Image\"><\/a><\/div><\/div><div class=\"geodir-post-title bsui sdel-caa60b10\" ><h3 class=\"geodir-entry-title  h5 \"><a href=\"https:\/\/caminodesantiagofrances.com\/en\/lo\/albergue-hostal-la-gallega\/\" class=\"\" title=\"View: Albergue-Hostal La Gallega\">Albergue-Hostal La Gallega<\/a><\/h3><\/div><div class=\"geodir-post-content-container bsui sdel-1e477937\" ><div class=\"geodir_post_meta  text-justify pb-1 position-relative geodir-field-post_content\" >RESERVAR AHORA Albergue-Hostal La Gallega La Gallega en Cacabelos: descanso tradicional y ambiente familiar en el Camino de Santiago Franc\u00e9s<\/div><\/div><\/div><div class=\"card-footer p-2  \"><div class='d-flex justify-content-between align-items-center flex-wrap'><div><\/div><div><\/div><\/div><\/div><\/div>\t<\/div>\n\t<\/div>\n\n<div class=\"col mb-4 geodir-post post-13768 gd_place type-gd_place status-publish has-post-thumbnail gd-post-pkg-1\" data-post-id=\"13768\">\n\t\t<div class=\"card h-100 p-0 m-0 mw-100  \">\n\t<div class=\"card p-0 mw-100 h-100 \"><div class=\"card-img-top overflow-hidden position-relative  \"><span class=\"bsui gd-badge-meta\"><a href=\"https:\/\/caminodesantiagofrances.com\/en\/lo\/categoria\/albergue\/\" class=\"gd-badge border-0 badge ab-bottom-left ms-1\" data-id=\"13768\" data-badge=\"default_category\" data-badge-condition=\"is_not_empty\" style=\"background-color:rgba(0,0,0,0.5);border-color:rgba(0,0,0,0.5);color:#ffffff;\">Albergue<\/a>\n<\/span><div class=\"geodir_post_meta gd-fav-info-wrap  gd-fav-hide-text ab-bottom-right me-1  mb-n1  me-1 mb-n1 ab-bottom-right\" >\t\t<span class=\"gd-list-favorite\">\n\t\t\t<span class=\"geodir-addtofav favorite_property_13768  h5\" aria-hidden=\"true\"><span  title=\"Add to Favourites\"  class=\"geodir-addtofav-icon c-pointer geodir-act-fav\"  data-color-on=\"#ff0000\"  data-icon=\"fas fa-heart\"  data-color-off=\"rgba(223,223,223,0.8)\"  data-text-color=\"\"  data-bs-toggle=\"tooltip\"  aria-hidden=\"true\"  onclick=\"javascript:window.location.href='https:\/\/caminodesantiagofrances.com\/en\/wp-login.php'\"  ><i class=\"fas fa-heart\"  style=\"color:rgba(223,223,223,0.8);\" ><\/i> <span class=\"geodir-fav-text gv-secondary visually-hidden\" style=\"\" aria-hidden=\"true\">Favourite<\/span><\/span>\n<\/span>\t\t<\/span>\n\t\t<\/div><div class=\"geodir-post-slider bsui sdel-03994e04\" ><div class=\"geodir-image-container geodir-image-sizes-medium_large overflow-hidden\">\n\t\t\t<div class=\"geodir-images aui-gallery geodir-images-n-1 geodir-images-image carousel-inner \">\n\t\t<div class=\"carousel-item active\"><a href=\"https:\/\/caminodesantiagofrances.com\/en\/lo\/albergue-municipal-santuario-de-la-quinta-angustia\/\" class=\"geodir-link-image embed-has-action ratio ratio-16x9 ratio ratio-16x9 d-block\"><img src='data:image\/png;base64,iVBORw0KGgoAAAANSUhEUgAAAGQAAAABCAQAAACC0sM2AAAADklEQVR42mP8X88wLAAAK5IBgMYCdqgAAAAASUVORK5CYII=' data-src=\"https:\/\/caminodesantiagofrances.com\/en\/wp-content\/uploads\/sites\/3\/2024\/10\/Albergue-Municipal-Santuario-de-la-Quinta-Angustia-Camino-de-Santiago-Frances-768x403.jpg\" alt=\"Albergue Municipal Santuario de la Quinta Angustia Camino de Santiago Frances 768x403\" width=\"768\" height=\"403\" class=\"geodir-lazy-load align size-medium_large geodir-image-489 embed-item-cover-xy w-100 p-0 m-0 mw-100 border-0\" data-srcset=\"https:\/\/caminodesantiagofrances.com\/en\/wp-content\/uploads\/sites\/3\/2024\/10\/Albergue-Municipal-Santuario-de-la-Quinta-Angustia-Camino-de-Santiago-Frances-768x403.jpg 768w, https:\/\/caminodesantiagofrances.com\/en\/wp-content\/uploads\/sites\/3\/2024\/10\/Albergue-Municipal-Santuario-de-la-Quinta-Angustia-Camino-de-Santiago-Frances-300x158.jpg 300w, https:\/\/caminodesantiagofrances.com\/en\/wp-content\/uploads\/sites\/3\/2024\/10\/Albergue-Municipal-Santuario-de-la-Quinta-Angustia-Camino-de-Santiago-Frances-1024x538.jpg 1024w, https:\/\/caminodesantiagofrances.com\/en\/wp-content\/uploads\/sites\/3\/2024\/10\/Albergue-Municipal-Santuario-de-la-Quinta-Angustia-Camino-de-Santiago-Frances.jpg 1200w\" sizes=\"(max-width: 768px) 100vw, 768px\" \/><i class=\"fas fa-link w-auto h-auto\" aria-hidden=\"true\"><\/i><\/a><\/div>\t\t<\/div>\n\t\t<\/div>\n<\/div><\/div><div class=\"card-body p-2  \"><div class=\"row justify-content-center gv-hide-3 gv-hide-0\"><div class=\"col col-4 text-center tofront \"><a href=\"https:\/\/caminodesantiagofrances.com\/en\/author\/caminodesantiagofrances-com\/\" title=\"caminodesantiagofrances-com\"><img decoding=\"async\" style=\"max-height:75px;\" class=\"rounded-circle shadow border border-white border-width-4 p-0 mw-100 mt-n5 bg-white\" src=\"https:\/\/secure.gravatar.com\/avatar\/03aa5dc32308904f80a38258afc0335b43d4b2bec3418626e4f8712b71c3b93e?s=96&#038;d=mm&#038;r=g\" alt=\"Author Image\"><\/a><\/div><\/div><div class=\"geodir-post-title bsui sdel-caa60b10\" ><h3 class=\"geodir-entry-title  h5 \"><a href=\"https:\/\/caminodesantiagofrances.com\/en\/lo\/albergue-municipal-santuario-de-la-quinta-angustia\/\" class=\"\" title=\"View: Albergue Municipal Santuario de la Quinta Angustia\">Albergue Municipal Santuario de la Quinta Angustia<\/a><\/h3><\/div><div class=\"geodir-post-content-container bsui sdel-1e477937\" ><div class=\"geodir_post_meta  text-justify pb-1 position-relative geodir-field-post_content\" >Albergue de Peregrinos Municipal Santuario de la Quinta Angustia de\u00a0 Cacabelos En la localidad leonesa de Cacabelos, a escasos kil\u00f3metros<\/div><\/div><\/div><div class=\"card-footer p-2  \"><div class='d-flex justify-content-between align-items-center flex-wrap'><div><\/div><div><\/div><\/div><\/div><\/div>\t<\/div>\n\t<\/div>\n\t<\/div>\n\t\t<\/div>\n\t\t<\/div><\/div>\n\n\n\n<h3 class=\"wp-block-heading has-text-align-center\"><a href=\"https:\/\/caminodesantiagofrances.com\/en\/provincia-de-leon\/pieros\/\" data-type=\"link\" data-id=\"https:\/\/caminodesantiagofrances.com\/en\/provincia-de-leon\/pieros\/\">Pieros<\/a><\/h3>\n\n\n\n<h3 class=\"wp-block-heading has-text-align-center\"><a href=\"https:\/\/caminodesantiagofrances.com\/en\/provincia-de-leon\/villafranca-del-bierzo\/\" data-type=\"link\" data-id=\"https:\/\/caminodesantiagofrances.com\/en\/provincia-de-leon\/villafranca-del-bierzo\/\">Villafranca del Bierzo<\/a><\/h3>\n\n\n\n<div class=\"wp-block-geodirectory-geodir-widget-listings\"><div class=\"geodir-listings bsui sdel-56d0cef9\" >\t\t<div id=\"geodir_6a9d45347a853\" class=\"geodir_locations geodir_location_listing\n\t\t\t\t\t\t\t mb-3\t\t position-relative\">\n\t\t\t\t<div\n\t\tclass=\"row row-cols-1 row-cols-sm-2 geodir-category-list-view geodir-widget-posts geodir-gridview row-cols-md-2\">\n\t\t\n<div class=\"col mb-4 geodir-post post-15970 gd_place type-gd_place status-publish has-post-thumbnail gd-post-pkg-1\" data-post-id=\"15970\">\n\t\t<div class=\"card h-100 p-0 m-0 mw-100  \">\n\t<div class=\"card p-0 mw-100 h-100 \"><div class=\"card-img-top overflow-hidden position-relative  \"><span class=\"bsui gd-badge-meta\"><a href=\"https:\/\/caminodesantiagofrances.com\/en\/lo\/categoria\/albergue\/\" class=\"gd-badge border-0 badge ab-bottom-left ms-1\" data-id=\"15970\" data-badge=\"default_category\" data-badge-condition=\"is_not_empty\" style=\"background-color:rgba(0,0,0,0.5);border-color:rgba(0,0,0,0.5);color:#ffffff;\">Albergue<\/a>\n<\/span><div class=\"geodir_post_meta gd-fav-info-wrap  gd-fav-hide-text ab-bottom-right me-1  mb-n1  me-1 mb-n1 ab-bottom-right\" >\t\t<span class=\"gd-list-favorite\">\n\t\t\t<span class=\"geodir-addtofav favorite_property_15970  h5\" aria-hidden=\"true\"><span  title=\"Add to Favourites\"  class=\"geodir-addtofav-icon c-pointer geodir-act-fav\"  data-color-on=\"#ff0000\"  data-icon=\"fas fa-heart\"  data-color-off=\"rgba(223,223,223,0.8)\"  data-text-color=\"\"  data-bs-toggle=\"tooltip\"  aria-hidden=\"true\"  onclick=\"javascript:window.location.href='https:\/\/caminodesantiagofrances.com\/en\/wp-login.php'\"  ><i class=\"fas fa-heart\"  style=\"color:rgba(223,223,223,0.8);\" ><\/i> <span class=\"geodir-fav-text gv-secondary visually-hidden\" style=\"\" aria-hidden=\"true\">Favourite<\/span><\/span>\n<\/span>\t\t<\/span>\n\t\t<\/div><div class=\"geodir-post-slider bsui sdel-03994e04\" ><div class=\"geodir-image-container geodir-image-sizes-medium_large overflow-hidden\">\n\t\t\t<div class=\"geodir-images aui-gallery geodir-images-n-1 geodir-images-image carousel-inner \">\n\t\t<div class=\"carousel-item active\"><a href=\"https:\/\/caminodesantiagofrances.com\/en\/lo\/albergue-vina-femita\/\" class=\"geodir-link-image embed-has-action ratio ratio-16x9 ratio ratio-16x9 d-block\"><img src='data:image\/png;base64,iVBORw0KGgoAAAANSUhEUgAAAGQAAAABCAQAAACC0sM2AAAADklEQVR42mP8X88wLAAAK5IBgMYCdqgAAAAASUVORK5CYII=' data-src=\"https:\/\/caminodesantiagofrances.com\/en\/wp-content\/uploads\/sites\/3\/2025\/08\/Albergue-Vina-Femita-Camino-de-Santiago-Frances-768x403.jpg\" alt=\"Albergue Vina Femita Camino de Santiago Frances 768x403\" width=\"768\" height=\"403\" class=\"geodir-lazy-load align size-medium_large geodir-image-2185 embed-item-cover-xy w-100 p-0 m-0 mw-100 border-0\" data-srcset=\"https:\/\/caminodesantiagofrances.com\/en\/wp-content\/uploads\/sites\/3\/2025\/08\/Albergue-Vina-Femita-Camino-de-Santiago-Frances-768x403.jpg 768w, https:\/\/caminodesantiagofrances.com\/en\/wp-content\/uploads\/sites\/3\/2025\/08\/Albergue-Vina-Femita-Camino-de-Santiago-Frances-300x158.jpg 300w, https:\/\/caminodesantiagofrances.com\/en\/wp-content\/uploads\/sites\/3\/2025\/08\/Albergue-Vina-Femita-Camino-de-Santiago-Frances-1024x538.jpg 1024w, https:\/\/caminodesantiagofrances.com\/en\/wp-content\/uploads\/sites\/3\/2025\/08\/Albergue-Vina-Femita-Camino-de-Santiago-Frances.jpg 1200w\" sizes=\"(max-width: 768px) 100vw, 768px\" \/><i class=\"fas fa-link w-auto h-auto\" aria-hidden=\"true\"><\/i><\/a><\/div>\t\t<\/div>\n\t\t<\/div>\n<\/div><\/div><div class=\"card-body p-2  \"><div class=\"row justify-content-center gv-hide-3 gv-hide-0\"><div class=\"col col-4 text-center tofront \"><a href=\"https:\/\/caminodesantiagofrances.com\/en\/author\/caminodesantiagofrances-com\/\" title=\"caminodesantiagofrances-com\"><img decoding=\"async\" style=\"max-height:75px;\" class=\"rounded-circle shadow border border-white border-width-4 p-0 mw-100 mt-n5 bg-white\" src=\"https:\/\/secure.gravatar.com\/avatar\/03aa5dc32308904f80a38258afc0335b43d4b2bec3418626e4f8712b71c3b93e?s=96&#038;d=mm&#038;r=g\" alt=\"Author Image\"><\/a><\/div><\/div><div class=\"geodir-post-title bsui sdel-caa60b10\" ><h3 class=\"geodir-entry-title  h5 \"><a href=\"https:\/\/caminodesantiagofrances.com\/en\/lo\/albergue-vina-femita\/\" class=\"\" title=\"View: Albergue Vi\u00f1a Femita\">Albergue Vi\u00f1a Femita<\/a><\/h3><\/div><div class=\"geodir-post-content-container bsui sdel-1e477937\" ><div class=\"geodir_post_meta  text-justify pb-1 position-relative geodir-field-post_content\" >RESERVAR AHORA Albergue Vi\u00f1a Femita: descanso con esencia berciana en Villafranca del Bierzo Situada en el coraz\u00f3n del Bierzo leon\u00e9s,<\/div><\/div><\/div><div class=\"card-footer p-2  \"><div class='d-flex justify-content-between align-items-center flex-wrap'><div><\/div><div><\/div><\/div><\/div><\/div>\t<\/div>\n\t<\/div>\n\n<div class=\"col mb-4 geodir-post post-15967 gd_place type-gd_place status-publish has-post-thumbnail gd-post-pkg-1\" data-post-id=\"15967\">\n\t\t<div class=\"card h-100 p-0 m-0 mw-100  \">\n\t<div class=\"card p-0 mw-100 h-100 \"><div class=\"card-img-top overflow-hidden position-relative  \"><span class=\"bsui gd-badge-meta\"><a href=\"https:\/\/caminodesantiagofrances.com\/en\/lo\/categoria\/albergue\/\" class=\"gd-badge border-0 badge ab-bottom-left ms-1\" data-id=\"15967\" data-badge=\"default_category\" data-badge-condition=\"is_not_empty\" style=\"background-color:rgba(0,0,0,0.5);border-color:rgba(0,0,0,0.5);color:#ffffff;\">Albergue<\/a>\n<\/span><div class=\"geodir_post_meta gd-fav-info-wrap  gd-fav-hide-text ab-bottom-right me-1  mb-n1  me-1 mb-n1 ab-bottom-right\" >\t\t<span class=\"gd-list-favorite\">\n\t\t\t<span class=\"geodir-addtofav favorite_property_15967  h5\" aria-hidden=\"true\"><span  title=\"Add to Favourites\"  class=\"geodir-addtofav-icon c-pointer geodir-act-fav\"  data-color-on=\"#ff0000\"  data-icon=\"fas fa-heart\"  data-color-off=\"rgba(223,223,223,0.8)\"  data-text-color=\"\"  data-bs-toggle=\"tooltip\"  aria-hidden=\"true\"  onclick=\"javascript:window.location.href='https:\/\/caminodesantiagofrances.com\/en\/wp-login.php'\"  ><i class=\"fas fa-heart\"  style=\"color:rgba(223,223,223,0.8);\" ><\/i> <span class=\"geodir-fav-text gv-secondary visually-hidden\" style=\"\" aria-hidden=\"true\">Favourite<\/span><\/span>\n<\/span>\t\t<\/span>\n\t\t<\/div><div class=\"geodir-post-slider bsui sdel-03994e04\" ><div class=\"geodir-image-container geodir-image-sizes-medium_large overflow-hidden\">\n\t\t\t<div class=\"geodir-images aui-gallery geodir-images-n-1 geodir-images-image carousel-inner \">\n\t\t<div class=\"carousel-item active\"><a href=\"https:\/\/caminodesantiagofrances.com\/en\/lo\/albergue-hospederia-san-nicolas-el-real\/\" class=\"geodir-link-image embed-has-action ratio ratio-16x9 ratio ratio-16x9 d-block\"><img src='data:image\/png;base64,iVBORw0KGgoAAAANSUhEUgAAAGQAAAABCAQAAACC0sM2AAAADklEQVR42mP8X88wLAAAK5IBgMYCdqgAAAAASUVORK5CYII=' data-src=\"https:\/\/caminodesantiagofrances.com\/en\/wp-content\/uploads\/sites\/3\/2025\/08\/Albergue-Hospederia-San-Nicolas-El-Real-Camino-de-Santiago-Frances-768x403.jpg\" alt=\"Albergue Hospederia San Nicolas El Real Camino de Santiago Frances 768x403\" width=\"768\" height=\"403\" class=\"geodir-lazy-load align size-medium_large geodir-image-2170 embed-item-cover-xy w-100 p-0 m-0 mw-100 border-0\" data-srcset=\"https:\/\/caminodesantiagofrances.com\/en\/wp-content\/uploads\/sites\/3\/2025\/08\/Albergue-Hospederia-San-Nicolas-El-Real-Camino-de-Santiago-Frances-768x403.jpg 768w, https:\/\/caminodesantiagofrances.com\/en\/wp-content\/uploads\/sites\/3\/2025\/08\/Albergue-Hospederia-San-Nicolas-El-Real-Camino-de-Santiago-Frances-300x158.jpg 300w, https:\/\/caminodesantiagofrances.com\/en\/wp-content\/uploads\/sites\/3\/2025\/08\/Albergue-Hospederia-San-Nicolas-El-Real-Camino-de-Santiago-Frances-1024x538.jpg 1024w, https:\/\/caminodesantiagofrances.com\/en\/wp-content\/uploads\/sites\/3\/2025\/08\/Albergue-Hospederia-San-Nicolas-El-Real-Camino-de-Santiago-Frances.jpg 1200w\" sizes=\"(max-width: 768px) 100vw, 768px\" \/><i class=\"fas fa-link w-auto h-auto\" aria-hidden=\"true\"><\/i><\/a><\/div>\t\t<\/div>\n\t\t<\/div>\n<\/div><\/div><div class=\"card-body p-2  \"><div class=\"row justify-content-center gv-hide-3 gv-hide-0\"><div class=\"col col-4 text-center tofront \"><a href=\"https:\/\/caminodesantiagofrances.com\/en\/author\/caminodesantiagofrances-com\/\" title=\"caminodesantiagofrances-com\"><img decoding=\"async\" style=\"max-height:75px;\" class=\"rounded-circle shadow border border-white border-width-4 p-0 mw-100 mt-n5 bg-white\" src=\"https:\/\/secure.gravatar.com\/avatar\/03aa5dc32308904f80a38258afc0335b43d4b2bec3418626e4f8712b71c3b93e?s=96&#038;d=mm&#038;r=g\" alt=\"Author Image\"><\/a><\/div><\/div><div class=\"geodir-post-title bsui sdel-caa60b10\" ><h3 class=\"geodir-entry-title  h5 \"><a href=\"https:\/\/caminodesantiagofrances.com\/en\/lo\/albergue-hospederia-san-nicolas-el-real\/\" class=\"\" title=\"View: Albergue Hospeder\u00eda San Nicol\u00e1s El Real\">Albergue Hospeder\u00eda San Nicol\u00e1s El Real<\/a><\/h3><\/div><div class=\"geodir-post-content-container bsui sdel-1e477937\" ><div class=\"geodir_post_meta  text-justify pb-1 position-relative geodir-field-post_content\" >RESERVAR AHORA Albergue Hospeder\u00eda San Nicol\u00e1s El Real: historia, espiritualidad y descanso en Villafranca del Bierzo Ubicada en el coraz\u00f3n<\/div><\/div><\/div><div class=\"card-footer p-2  \"><div class='d-flex justify-content-between align-items-center flex-wrap'><div><\/div><div><\/div><\/div><\/div><\/div>\t<\/div>\n\t<\/div>\n\n<div class=\"col mb-4 geodir-post post-15958 gd_place type-gd_place status-publish has-post-thumbnail gd-post-pkg-1\" data-post-id=\"15958\">\n\t\t<div class=\"card h-100 p-0 m-0 mw-100  \">\n\t<div class=\"card p-0 mw-100 h-100 \"><div class=\"card-img-top overflow-hidden position-relative  \"><span class=\"bsui gd-badge-meta\"><a href=\"https:\/\/caminodesantiagofrances.com\/en\/lo\/categoria\/albergue\/\" class=\"gd-badge border-0 badge ab-bottom-left ms-1\" data-id=\"15958\" data-badge=\"default_category\" data-badge-condition=\"is_not_empty\" style=\"background-color:rgba(0,0,0,0.5);border-color:rgba(0,0,0,0.5);color:#ffffff;\">Albergue<\/a>\n<\/span><div class=\"geodir_post_meta gd-fav-info-wrap  gd-fav-hide-text ab-bottom-right me-1  mb-n1  me-1 mb-n1 ab-bottom-right\" >\t\t<span class=\"gd-list-favorite\">\n\t\t\t<span class=\"geodir-addtofav favorite_property_15958  h5\" aria-hidden=\"true\"><span  title=\"Add to Favourites\"  class=\"geodir-addtofav-icon c-pointer geodir-act-fav\"  data-color-on=\"#ff0000\"  data-icon=\"fas fa-heart\"  data-color-off=\"rgba(223,223,223,0.8)\"  data-text-color=\"\"  data-bs-toggle=\"tooltip\"  aria-hidden=\"true\"  onclick=\"javascript:window.location.href='https:\/\/caminodesantiagofrances.com\/en\/wp-login.php'\"  ><i class=\"fas fa-heart\"  style=\"color:rgba(223,223,223,0.8);\" ><\/i> <span class=\"geodir-fav-text gv-secondary visually-hidden\" style=\"\" aria-hidden=\"true\">Favourite<\/span><\/span>\n<\/span>\t\t<\/span>\n\t\t<\/div><div class=\"geodir-post-slider bsui sdel-03994e04\" ><div class=\"geodir-image-container geodir-image-sizes-medium_large overflow-hidden\">\n\t\t\t<div class=\"geodir-images aui-gallery geodir-images-n-1 geodir-images-image carousel-inner \">\n\t\t<div class=\"carousel-item active\"><a href=\"https:\/\/caminodesantiagofrances.com\/en\/lo\/albergue-de-la-piedra\/\" class=\"geodir-link-image embed-has-action ratio ratio-16x9 ratio ratio-16x9 d-block\"><img src='data:image\/png;base64,iVBORw0KGgoAAAANSUhEUgAAAGQAAAABCAQAAACC0sM2AAAADklEQVR42mP8X88wLAAAK5IBgMYCdqgAAAAASUVORK5CYII=' data-src=\"https:\/\/caminodesantiagofrances.com\/en\/wp-content\/uploads\/sites\/3\/2025\/08\/Albergue-de-la-Piedra-Camino-de-Santiago-Frances-768x403.jpg\" alt=\"Albergue de la Piedra Camino de Santiago Frances 768x403\" width=\"768\" height=\"403\" class=\"geodir-lazy-load align size-medium_large geodir-image-2124 embed-item-cover-xy w-100 p-0 m-0 mw-100 border-0\" data-srcset=\"https:\/\/caminodesantiagofrances.com\/en\/wp-content\/uploads\/sites\/3\/2025\/08\/Albergue-de-la-Piedra-Camino-de-Santiago-Frances-768x403.jpg 768w, https:\/\/caminodesantiagofrances.com\/en\/wp-content\/uploads\/sites\/3\/2025\/08\/Albergue-de-la-Piedra-Camino-de-Santiago-Frances-300x158.jpg 300w, https:\/\/caminodesantiagofrances.com\/en\/wp-content\/uploads\/sites\/3\/2025\/08\/Albergue-de-la-Piedra-Camino-de-Santiago-Frances-1024x538.jpg 1024w, https:\/\/caminodesantiagofrances.com\/en\/wp-content\/uploads\/sites\/3\/2025\/08\/Albergue-de-la-Piedra-Camino-de-Santiago-Frances.jpg 1200w\" sizes=\"(max-width: 768px) 100vw, 768px\" \/><i class=\"fas fa-link w-auto h-auto\" aria-hidden=\"true\"><\/i><\/a><\/div>\t\t<\/div>\n\t\t<\/div>\n<\/div><\/div><div class=\"card-body p-2  \"><div class=\"row justify-content-center gv-hide-3 gv-hide-0\"><div class=\"col col-4 text-center tofront \"><a href=\"https:\/\/caminodesantiagofrances.com\/en\/author\/caminodesantiagofrances-com\/\" title=\"caminodesantiagofrances-com\"><img decoding=\"async\" style=\"max-height:75px;\" class=\"rounded-circle shadow border border-white border-width-4 p-0 mw-100 mt-n5 bg-white\" src=\"https:\/\/secure.gravatar.com\/avatar\/03aa5dc32308904f80a38258afc0335b43d4b2bec3418626e4f8712b71c3b93e?s=96&#038;d=mm&#038;r=g\" alt=\"Author Image\"><\/a><\/div><\/div><div class=\"geodir-post-title bsui sdel-caa60b10\" ><h3 class=\"geodir-entry-title  h5 \"><a href=\"https:\/\/caminodesantiagofrances.com\/en\/lo\/albergue-de-la-piedra\/\" class=\"\" title=\"View: Albergue de la Piedra\">Albergue de la Piedra<\/a><\/h3><\/div><div class=\"geodir-post-content-container bsui sdel-1e477937\" ><div class=\"geodir_post_meta  text-justify pb-1 position-relative geodir-field-post_content\" >RESERVAR AHORA Albergue La Piedra en Villafranca del Bierzo: tradici\u00f3n, descanso y hospitalidad en el Camino de Santiago Franc\u00e9s Situada<\/div><\/div><\/div><div class=\"card-footer p-2  \"><div class='d-flex justify-content-between align-items-center flex-wrap'><div><\/div><div><\/div><\/div><\/div><\/div>\t<\/div>\n\t<\/div>\n\n<div class=\"col mb-4 geodir-post post-13773 gd_place type-gd_place status-publish has-post-thumbnail gd-post-pkg-1\" data-post-id=\"13773\">\n\t\t<div class=\"card h-100 p-0 m-0 mw-100  \">\n\t<div class=\"card p-0 mw-100 h-100 \"><div class=\"card-img-top overflow-hidden position-relative  \"><span class=\"bsui gd-badge-meta\"><a href=\"https:\/\/caminodesantiagofrances.com\/en\/lo\/categoria\/albergue\/\" class=\"gd-badge border-0 badge ab-bottom-left ms-1\" data-id=\"13773\" data-badge=\"default_category\" data-badge-condition=\"is_not_empty\" style=\"background-color:rgba(0,0,0,0.5);border-color:rgba(0,0,0,0.5);color:#ffffff;\">Albergue<\/a>\n<\/span><div class=\"geodir_post_meta gd-fav-info-wrap  gd-fav-hide-text ab-bottom-right me-1  mb-n1  me-1 mb-n1 ab-bottom-right\" >\t\t<span class=\"gd-list-favorite\">\n\t\t\t<span class=\"geodir-addtofav favorite_property_13773  h5\" aria-hidden=\"true\"><span  title=\"Add to Favourites\"  class=\"geodir-addtofav-icon c-pointer geodir-act-fav\"  data-color-on=\"#ff0000\"  data-icon=\"fas fa-heart\"  data-color-off=\"rgba(223,223,223,0.8)\"  data-text-color=\"\"  data-bs-toggle=\"tooltip\"  aria-hidden=\"true\"  onclick=\"javascript:window.location.href='https:\/\/caminodesantiagofrances.com\/en\/wp-login.php'\"  ><i class=\"fas fa-heart\"  style=\"color:rgba(223,223,223,0.8);\" ><\/i> <span class=\"geodir-fav-text gv-secondary visually-hidden\" style=\"\" aria-hidden=\"true\">Favourite<\/span><\/span>\n<\/span>\t\t<\/span>\n\t\t<\/div><div class=\"geodir-post-slider bsui sdel-03994e04\" ><div class=\"geodir-image-container geodir-image-sizes-medium_large overflow-hidden\">\n\t\t\t<div class=\"geodir-images aui-gallery geodir-images-n-1 geodir-images-image carousel-inner \">\n\t\t<div class=\"carousel-item active\"><a href=\"https:\/\/caminodesantiagofrances.com\/en\/lo\/albergue-municipal-de-villafranca-del-bierzo\/\" class=\"geodir-link-image embed-has-action ratio ratio-16x9 ratio ratio-16x9 d-block\"><img src='data:image\/png;base64,iVBORw0KGgoAAAANSUhEUgAAAGQAAAABCAQAAACC0sM2AAAADklEQVR42mP8X88wLAAAK5IBgMYCdqgAAAAASUVORK5CYII=' data-src=\"https:\/\/caminodesantiagofrances.com\/en\/wp-content\/uploads\/sites\/3\/2024\/10\/Albergue-Municipal-de-Villafranca-del-Bierzo-Camino-de-Santiago-Frances-768x403.jpg\" alt=\"Albergue Municipal de Villafranca del Bierzo Camino de Santiago Frances 768x403\" width=\"768\" height=\"403\" class=\"geodir-lazy-load align size-medium_large geodir-image-491 embed-item-cover-xy w-100 p-0 m-0 mw-100 border-0\" data-srcset=\"https:\/\/caminodesantiagofrances.com\/en\/wp-content\/uploads\/sites\/3\/2024\/10\/Albergue-Municipal-de-Villafranca-del-Bierzo-Camino-de-Santiago-Frances-768x403.jpg 768w, https:\/\/caminodesantiagofrances.com\/en\/wp-content\/uploads\/sites\/3\/2024\/10\/Albergue-Municipal-de-Villafranca-del-Bierzo-Camino-de-Santiago-Frances-300x158.jpg 300w, https:\/\/caminodesantiagofrances.com\/en\/wp-content\/uploads\/sites\/3\/2024\/10\/Albergue-Municipal-de-Villafranca-del-Bierzo-Camino-de-Santiago-Frances-1024x538.jpg 1024w, https:\/\/caminodesantiagofrances.com\/en\/wp-content\/uploads\/sites\/3\/2024\/10\/Albergue-Municipal-de-Villafranca-del-Bierzo-Camino-de-Santiago-Frances.jpg 1200w\" sizes=\"(max-width: 768px) 100vw, 768px\" \/><i class=\"fas fa-link w-auto h-auto\" aria-hidden=\"true\"><\/i><\/a><\/div>\t\t<\/div>\n\t\t<\/div>\n<\/div><\/div><div class=\"card-body p-2  \"><div class=\"row justify-content-center gv-hide-3 gv-hide-0\"><div class=\"col col-4 text-center tofront \"><a href=\"https:\/\/caminodesantiagofrances.com\/en\/author\/caminodesantiagofrances-com\/\" title=\"caminodesantiagofrances-com\"><img decoding=\"async\" style=\"max-height:75px;\" class=\"rounded-circle shadow border border-white border-width-4 p-0 mw-100 mt-n5 bg-white\" src=\"https:\/\/secure.gravatar.com\/avatar\/03aa5dc32308904f80a38258afc0335b43d4b2bec3418626e4f8712b71c3b93e?s=96&#038;d=mm&#038;r=g\" alt=\"Author Image\"><\/a><\/div><\/div><div class=\"geodir-post-title bsui sdel-caa60b10\" ><h3 class=\"geodir-entry-title  h5 \"><a href=\"https:\/\/caminodesantiagofrances.com\/en\/lo\/albergue-municipal-de-villafranca-del-bierzo\/\" class=\"\" title=\"View: Albergue Municipal de Villafranca del Bierzo\u00a0\">Albergue Municipal de Villafranca del Bierzo\u00a0<\/a><\/h3><\/div><div class=\"geodir-post-content-container bsui sdel-1e477937\" ><div class=\"geodir_post_meta  text-justify pb-1 position-relative geodir-field-post_content\" >Albergue de Peregrinos Municipal de Villafranca del Bierzo El Albergue de Peregrinos Municipal de Villafranca del Bierzo es un lugar<\/div><\/div><\/div><div class=\"card-footer p-2  \"><div class='d-flex justify-content-between align-items-center flex-wrap'><div><\/div><div><\/div><\/div><\/div><\/div>\t<\/div>\n\t<\/div>\n\t<\/div>\n\t\t<\/div>\n\t\t<\/div><\/div>\n\n\n\n<h3 class=\"wp-block-heading has-text-align-center\"><a href=\"https:\/\/caminodesantiagofrances.com\/en\/provincia-de-leon\/pereje\/\" data-type=\"link\" data-id=\"https:\/\/caminodesantiagofrances.com\/en\/provincia-de-leon\/pereje\/\">Pereje<\/a><\/h3>\n\n\n\n<h3 class=\"wp-block-heading has-text-align-center\"><a href=\"https:\/\/caminodesantiagofrances.com\/en\/provincia-de-leon\/trabadelo\/\">Trabadelo<\/a><\/h3>\n\n\n\n<div class=\"wp-block-geodirectory-geodir-widget-listings\"><div class=\"geodir-listings bsui sdel-1afdc0e5\" >\t\t<div id=\"geodir_6a9d4534821cf\" class=\"geodir_locations geodir_location_listing\n\t\t\t\t\t\t\t mb-3\t\t position-relative\">\n\t\t\t\t<div\n\t\tclass=\"row row-cols-1 row-cols-sm-2 geodir-category-list-view geodir-widget-posts geodir-gridview row-cols-md-2\">\n\t\t\n<div class=\"col mb-4 geodir-post post-15975 gd_place type-gd_place status-publish has-post-thumbnail gd-post-pkg-1\" data-post-id=\"15975\">\n\t\t<div class=\"card h-100 p-0 m-0 mw-100  \">\n\t<div class=\"card p-0 mw-100 h-100 \"><div class=\"card-img-top overflow-hidden position-relative  \"><span class=\"bsui gd-badge-meta\"><a href=\"https:\/\/caminodesantiagofrances.com\/en\/lo\/categoria\/albergue\/\" class=\"gd-badge border-0 badge ab-bottom-left ms-1\" data-id=\"15975\" data-badge=\"default_category\" data-badge-condition=\"is_not_empty\" style=\"background-color:rgba(0,0,0,0.5);border-color:rgba(0,0,0,0.5);color:#ffffff;\">Albergue<\/a>\n<\/span><div class=\"geodir_post_meta gd-fav-info-wrap  gd-fav-hide-text ab-bottom-right me-1  mb-n1  me-1 mb-n1 ab-bottom-right\" >\t\t<span class=\"gd-list-favorite\">\n\t\t\t<span class=\"geodir-addtofav favorite_property_15975  h5\" aria-hidden=\"true\"><span  title=\"Add to Favourites\"  class=\"geodir-addtofav-icon c-pointer geodir-act-fav\"  data-color-on=\"#ff0000\"  data-icon=\"fas fa-heart\"  data-color-off=\"rgba(223,223,223,0.8)\"  data-text-color=\"\"  data-bs-toggle=\"tooltip\"  aria-hidden=\"true\"  onclick=\"javascript:window.location.href='https:\/\/caminodesantiagofrances.com\/en\/wp-login.php'\"  ><i class=\"fas fa-heart\"  style=\"color:rgba(223,223,223,0.8);\" ><\/i> <span class=\"geodir-fav-text gv-secondary visually-hidden\" style=\"\" aria-hidden=\"true\">Favourite<\/span><\/span>\n<\/span>\t\t<\/span>\n\t\t<\/div><div class=\"geodir-post-slider bsui sdel-03994e04\" ><div class=\"geodir-image-container geodir-image-sizes-medium_large overflow-hidden\">\n\t\t\t<div class=\"geodir-images aui-gallery geodir-images-n-1 geodir-images-image carousel-inner \">\n\t\t<div class=\"carousel-item active\"><a href=\"https:\/\/caminodesantiagofrances.com\/en\/lo\/albergue-camino-y-leyenda\/\" class=\"geodir-link-image embed-has-action ratio ratio-16x9 ratio ratio-16x9 d-block\"><img src='data:image\/png;base64,iVBORw0KGgoAAAANSUhEUgAAAGQAAAABCAQAAACC0sM2AAAADklEQVR42mP8X88wLAAAK5IBgMYCdqgAAAAASUVORK5CYII=' data-src=\"https:\/\/caminodesantiagofrances.com\/en\/wp-content\/uploads\/sites\/3\/2025\/08\/Albergue-Camino-y-Leyenda-Camino-de-Santiago-Frances-768x403.jpg\" alt=\"Albergue Camino y Leyenda Camino de Santiago Frances 768x403\" width=\"768\" height=\"403\" class=\"geodir-lazy-load align size-medium_large geodir-image-2197 embed-item-cover-xy w-100 p-0 m-0 mw-100 border-0\" data-srcset=\"https:\/\/caminodesantiagofrances.com\/en\/wp-content\/uploads\/sites\/3\/2025\/08\/Albergue-Camino-y-Leyenda-Camino-de-Santiago-Frances-768x403.jpg 768w, https:\/\/caminodesantiagofrances.com\/en\/wp-content\/uploads\/sites\/3\/2025\/08\/Albergue-Camino-y-Leyenda-Camino-de-Santiago-Frances-300x158.jpg 300w, https:\/\/caminodesantiagofrances.com\/en\/wp-content\/uploads\/sites\/3\/2025\/08\/Albergue-Camino-y-Leyenda-Camino-de-Santiago-Frances-1024x538.jpg 1024w, https:\/\/caminodesantiagofrances.com\/en\/wp-content\/uploads\/sites\/3\/2025\/08\/Albergue-Camino-y-Leyenda-Camino-de-Santiago-Frances.jpg 1200w\" sizes=\"(max-width: 768px) 100vw, 768px\" \/><i class=\"fas fa-link w-auto h-auto\" aria-hidden=\"true\"><\/i><\/a><\/div>\t\t<\/div>\n\t\t<\/div>\n<\/div><\/div><div class=\"card-body p-2  \"><div class=\"row justify-content-center gv-hide-3 gv-hide-0\"><div class=\"col col-4 text-center tofront \"><a href=\"https:\/\/caminodesantiagofrances.com\/en\/author\/caminodesantiagofrances-com\/\" title=\"caminodesantiagofrances-com\"><img decoding=\"async\" style=\"max-height:75px;\" class=\"rounded-circle shadow border border-white border-width-4 p-0 mw-100 mt-n5 bg-white\" src=\"https:\/\/secure.gravatar.com\/avatar\/03aa5dc32308904f80a38258afc0335b43d4b2bec3418626e4f8712b71c3b93e?s=96&#038;d=mm&#038;r=g\" alt=\"Author Image\"><\/a><\/div><\/div><div class=\"geodir-post-title bsui sdel-caa60b10\" ><h3 class=\"geodir-entry-title  h5 \"><a href=\"https:\/\/caminodesantiagofrances.com\/en\/lo\/albergue-camino-y-leyenda\/\" class=\"\" title=\"View: Albergue Camino y Leyenda\">Albergue Camino y Leyenda<\/a><\/h3><\/div><div class=\"geodir-post-content-container bsui sdel-1e477937\" ><div class=\"geodir_post_meta  text-justify pb-1 position-relative geodir-field-post_content\" >RESERVAR AHORA Albergue Camino y Leyenda en Trabadelo: descanso con historia en el coraz\u00f3n del Bierzo Situado en la comarca<\/div><\/div><\/div><div class=\"card-footer p-2  \"><div class='d-flex justify-content-between align-items-center flex-wrap'><div><\/div><div><\/div><\/div><\/div><\/div>\t<\/div>\n\t<\/div>\n\n<div class=\"col mb-4 geodir-post post-13778 gd_place type-gd_place status-publish has-post-thumbnail gd-post-pkg-1\" data-post-id=\"13778\">\n\t\t<div class=\"card h-100 p-0 m-0 mw-100  \">\n\t<div class=\"card p-0 mw-100 h-100 \"><div class=\"card-img-top overflow-hidden position-relative  \"><span class=\"bsui gd-badge-meta\"><a href=\"https:\/\/caminodesantiagofrances.com\/en\/lo\/categoria\/albergue\/\" class=\"gd-badge border-0 badge ab-bottom-left ms-1\" data-id=\"13778\" data-badge=\"default_category\" data-badge-condition=\"is_not_empty\" style=\"background-color:rgba(0,0,0,0.5);border-color:rgba(0,0,0,0.5);color:#ffffff;\">Albergue<\/a>\n<\/span><div class=\"geodir_post_meta gd-fav-info-wrap  gd-fav-hide-text ab-bottom-right me-1  mb-n1  me-1 mb-n1 ab-bottom-right\" >\t\t<span class=\"gd-list-favorite\">\n\t\t\t<span class=\"geodir-addtofav favorite_property_13778  h5\" aria-hidden=\"true\"><span  title=\"Add to Favourites\"  class=\"geodir-addtofav-icon c-pointer geodir-act-fav\"  data-color-on=\"#ff0000\"  data-icon=\"fas fa-heart\"  data-color-off=\"rgba(223,223,223,0.8)\"  data-text-color=\"\"  data-bs-toggle=\"tooltip\"  aria-hidden=\"true\"  onclick=\"javascript:window.location.href='https:\/\/caminodesantiagofrances.com\/en\/wp-login.php'\"  ><i class=\"fas fa-heart\"  style=\"color:rgba(223,223,223,0.8);\" ><\/i> <span class=\"geodir-fav-text gv-secondary visually-hidden\" style=\"\" aria-hidden=\"true\">Favourite<\/span><\/span>\n<\/span>\t\t<\/span>\n\t\t<\/div><div class=\"geodir-post-slider bsui sdel-03994e04\" ><div class=\"geodir-image-container geodir-image-sizes-medium_large overflow-hidden\">\n\t\t\t<div class=\"geodir-images aui-gallery geodir-images-n-1 geodir-images-image carousel-inner \">\n\t\t<div class=\"carousel-item active\"><a href=\"https:\/\/caminodesantiagofrances.com\/en\/lo\/albergue-municipal-de-trabadelo\/\" class=\"geodir-link-image embed-has-action ratio ratio-16x9 ratio ratio-16x9 d-block\"><img src='data:image\/png;base64,iVBORw0KGgoAAAANSUhEUgAAAGQAAAABCAQAAACC0sM2AAAADklEQVR42mP8X88wLAAAK5IBgMYCdqgAAAAASUVORK5CYII=' data-src=\"https:\/\/caminodesantiagofrances.com\/en\/wp-content\/uploads\/sites\/3\/2024\/10\/Albergue-Municipal-de-Trabadelo-Camino-de-Santiago-Frances-768x403.jpg\" alt=\"Albergue Municipal de Trabadelo Camino de Santiago Frances 768x403\" width=\"768\" height=\"403\" class=\"geodir-lazy-load align size-medium_large geodir-image-492 embed-item-cover-xy w-100 p-0 m-0 mw-100 border-0\" data-srcset=\"https:\/\/caminodesantiagofrances.com\/en\/wp-content\/uploads\/sites\/3\/2024\/10\/Albergue-Municipal-de-Trabadelo-Camino-de-Santiago-Frances-768x403.jpg 768w, https:\/\/caminodesantiagofrances.com\/en\/wp-content\/uploads\/sites\/3\/2024\/10\/Albergue-Municipal-de-Trabadelo-Camino-de-Santiago-Frances-300x158.jpg 300w, https:\/\/caminodesantiagofrances.com\/en\/wp-content\/uploads\/sites\/3\/2024\/10\/Albergue-Municipal-de-Trabadelo-Camino-de-Santiago-Frances-1024x538.jpg 1024w, https:\/\/caminodesantiagofrances.com\/en\/wp-content\/uploads\/sites\/3\/2024\/10\/Albergue-Municipal-de-Trabadelo-Camino-de-Santiago-Frances.jpg 1200w\" sizes=\"(max-width: 768px) 100vw, 768px\" \/><i class=\"fas fa-link w-auto h-auto\" aria-hidden=\"true\"><\/i><\/a><\/div>\t\t<\/div>\n\t\t<\/div>\n<\/div><\/div><div class=\"card-body p-2  \"><div class=\"row justify-content-center gv-hide-3 gv-hide-0\"><div class=\"col col-4 text-center tofront \"><a href=\"https:\/\/caminodesantiagofrances.com\/en\/author\/caminodesantiagofrances-com\/\" title=\"caminodesantiagofrances-com\"><img decoding=\"async\" style=\"max-height:75px;\" class=\"rounded-circle shadow border border-white border-width-4 p-0 mw-100 mt-n5 bg-white\" src=\"https:\/\/secure.gravatar.com\/avatar\/03aa5dc32308904f80a38258afc0335b43d4b2bec3418626e4f8712b71c3b93e?s=96&#038;d=mm&#038;r=g\" alt=\"Author Image\"><\/a><\/div><\/div><div class=\"geodir-post-title bsui sdel-caa60b10\" ><h3 class=\"geodir-entry-title  h5 \"><a href=\"https:\/\/caminodesantiagofrances.com\/en\/lo\/albergue-municipal-de-trabadelo\/\" class=\"\" title=\"View: Albergue Municipal de Trabadelo\">Albergue Municipal de Trabadelo<\/a><\/h3><\/div><div class=\"geodir-post-content-container bsui sdel-1e477937\" ><div class=\"geodir_post_meta  text-justify pb-1 position-relative geodir-field-post_content\" >Albergue de Peregrinos Municipal de Trabadelo El Albergue de Peregrinos Municipal de Trabadelo es un lugar destinado especialmente para los<\/div><\/div><\/div><div class=\"card-footer p-2  \"><div class='d-flex justify-content-between align-items-center flex-wrap'><div><\/div><div><\/div><\/div><\/div><\/div>\t<\/div>\n\t<\/div>\n\t<\/div>\n\t\t<\/div>\n\t\t<\/div><\/div>\n\n\n\n<h3 class=\"wp-block-heading has-text-align-center\"><a href=\"https:\/\/caminodesantiagofrances.com\/en\/provincia-de-leon\/la-portela-de-valcarce\/\" data-type=\"link\" data-id=\"https:\/\/caminodesantiagofrances.com\/en\/provincia-de-leon\/la-portela-de-valcarce\/\">La Portela de Valcarce<\/a><\/h3>\n\n\n\n<h3 class=\"wp-block-heading has-text-align-center\"><a href=\"https:\/\/caminodesantiagofrances.com\/en\/provincia-de-leon\/ambasmestas\/\" data-type=\"link\" data-id=\"https:\/\/caminodesantiagofrances.com\/en\/provincia-de-leon\/ambasmestas\/\">Ambasmestas<\/a><\/h3>\n\n\n\n<h3 class=\"wp-block-heading has-text-align-center\"><a href=\"https:\/\/caminodesantiagofrances.com\/en\/provincia-de-leon\/vega-de-valcarce\/\" data-type=\"link\" data-id=\"https:\/\/caminodesantiagofrances.com\/en\/provincia-de-leon\/vega-de-valcarce\/\">Vega de Valcarce<\/a><\/h3>\n\n\n\n<div class=\"wp-block-geodirectory-geodir-widget-listings\"><div class=\"geodir-listings bsui sdel-8e87ba38\" >\t\t<div id=\"geodir_6a9d45348662c\" class=\"geodir_locations geodir_location_listing\n\t\t\t\t\t\t\t mb-3\t\t position-relative\">\n\t\t\t\t<div\n\t\tclass=\"row row-cols-1 row-cols-sm-2 geodir-category-list-view geodir-widget-posts geodir-gridview row-cols-md-2\">\n\t\t\n<div class=\"col mb-4 geodir-post post-13785 gd_place type-gd_place status-publish has-post-thumbnail gd-post-pkg-1\" data-post-id=\"13785\">\n\t\t<div class=\"card h-100 p-0 m-0 mw-100  \">\n\t<div class=\"card p-0 mw-100 h-100 \"><div class=\"card-img-top overflow-hidden position-relative  \"><span class=\"bsui gd-badge-meta\"><a href=\"https:\/\/caminodesantiagofrances.com\/en\/lo\/categoria\/albergue\/\" class=\"gd-badge border-0 badge ab-bottom-left ms-1\" data-id=\"13785\" data-badge=\"default_category\" data-badge-condition=\"is_not_empty\" style=\"background-color:rgba(0,0,0,0.5);border-color:rgba(0,0,0,0.5);color:#ffffff;\">Albergue<\/a>\n<\/span><div class=\"geodir_post_meta gd-fav-info-wrap  gd-fav-hide-text ab-bottom-right me-1  mb-n1  me-1 mb-n1 ab-bottom-right\" >\t\t<span class=\"gd-list-favorite\">\n\t\t\t<span class=\"geodir-addtofav favorite_property_13785  h5\" aria-hidden=\"true\"><span  title=\"Add to Favourites\"  class=\"geodir-addtofav-icon c-pointer geodir-act-fav\"  data-color-on=\"#ff0000\"  data-icon=\"fas fa-heart\"  data-color-off=\"rgba(223,223,223,0.8)\"  data-text-color=\"\"  data-bs-toggle=\"tooltip\"  aria-hidden=\"true\"  onclick=\"javascript:window.location.href='https:\/\/caminodesantiagofrances.com\/en\/wp-login.php'\"  ><i class=\"fas fa-heart\"  style=\"color:rgba(223,223,223,0.8);\" ><\/i> <span class=\"geodir-fav-text gv-secondary visually-hidden\" style=\"\" aria-hidden=\"true\">Favourite<\/span><\/span>\n<\/span>\t\t<\/span>\n\t\t<\/div><div class=\"geodir-post-slider bsui sdel-03994e04\" ><div class=\"geodir-image-container geodir-image-sizes-medium_large overflow-hidden\">\n\t\t\t<div class=\"geodir-images aui-gallery geodir-images-n-1 geodir-images-image carousel-inner \">\n\t\t<div class=\"carousel-item active\"><a href=\"https:\/\/caminodesantiagofrances.com\/en\/lo\/albergue-municipal-de-vega-de-valcarce\/\" class=\"geodir-link-image embed-has-action ratio ratio-16x9 ratio ratio-16x9 d-block\"><img src='data:image\/png;base64,iVBORw0KGgoAAAANSUhEUgAAAGQAAAABCAQAAACC0sM2AAAADklEQVR42mP8X88wLAAAK5IBgMYCdqgAAAAASUVORK5CYII=' data-src=\"https:\/\/caminodesantiagofrances.com\/en\/wp-content\/uploads\/sites\/3\/2024\/10\/Albergue-Municipal-de-Vega-de-Valcarce-Camino-de-Santiago-Frances-768x403.jpg\" alt=\"Albergue Municipal de Vega de Valcarce Camino de Santiago Frances 768x403\" width=\"768\" height=\"403\" class=\"geodir-lazy-load align size-medium_large geodir-image-493 embed-item-cover-xy w-100 p-0 m-0 mw-100 border-0\" data-srcset=\"https:\/\/caminodesantiagofrances.com\/en\/wp-content\/uploads\/sites\/3\/2024\/10\/Albergue-Municipal-de-Vega-de-Valcarce-Camino-de-Santiago-Frances-768x403.jpg 768w, https:\/\/caminodesantiagofrances.com\/en\/wp-content\/uploads\/sites\/3\/2024\/10\/Albergue-Municipal-de-Vega-de-Valcarce-Camino-de-Santiago-Frances-300x158.jpg 300w, https:\/\/caminodesantiagofrances.com\/en\/wp-content\/uploads\/sites\/3\/2024\/10\/Albergue-Municipal-de-Vega-de-Valcarce-Camino-de-Santiago-Frances-1024x538.jpg 1024w, https:\/\/caminodesantiagofrances.com\/en\/wp-content\/uploads\/sites\/3\/2024\/10\/Albergue-Municipal-de-Vega-de-Valcarce-Camino-de-Santiago-Frances.jpg 1200w\" sizes=\"(max-width: 768px) 100vw, 768px\" \/><i class=\"fas fa-link w-auto h-auto\" aria-hidden=\"true\"><\/i><\/a><\/div>\t\t<\/div>\n\t\t<\/div>\n<\/div><\/div><div class=\"card-body p-2  \"><div class=\"row justify-content-center gv-hide-3 gv-hide-0\"><div class=\"col col-4 text-center tofront \"><a href=\"https:\/\/caminodesantiagofrances.com\/en\/author\/caminodesantiagofrances-com\/\" title=\"caminodesantiagofrances-com\"><img decoding=\"async\" style=\"max-height:75px;\" class=\"rounded-circle shadow border border-white border-width-4 p-0 mw-100 mt-n5 bg-white\" src=\"https:\/\/secure.gravatar.com\/avatar\/03aa5dc32308904f80a38258afc0335b43d4b2bec3418626e4f8712b71c3b93e?s=96&#038;d=mm&#038;r=g\" alt=\"Author Image\"><\/a><\/div><\/div><div class=\"geodir-post-title bsui sdel-caa60b10\" ><h3 class=\"geodir-entry-title  h5 \"><a href=\"https:\/\/caminodesantiagofrances.com\/en\/lo\/albergue-municipal-de-vega-de-valcarce\/\" class=\"\" title=\"View: Albergue Municipal de Vega de Valcarce\">Albergue Municipal de Vega de Valcarce<\/a><\/h3><\/div><div class=\"geodir-post-content-container bsui sdel-1e477937\" ><div class=\"geodir_post_meta  text-justify pb-1 position-relative geodir-field-post_content\" >Albergue de Peregrinos Municipal de Vega de Valcarce El Albergue de Peregrinos Municipal de Vega de Valcarce es un lugar<\/div><\/div><\/div><div class=\"card-footer p-2  \"><div class='d-flex justify-content-between align-items-center flex-wrap'><div><\/div><div><\/div><\/div><\/div><\/div>\t<\/div>\n\t<\/div>\n\t<\/div>\n\t\t<\/div>\n\t\t<\/div><\/div>\n\n\n\n<h3 class=\"wp-block-heading has-text-align-center\"><a href=\"https:\/\/caminodesantiagofrances.com\/en\/provincia-de-leon\/ruitelan\/\" data-type=\"link\" data-id=\"https:\/\/caminodesantiagofrances.com\/en\/provincia-de-leon\/ruitelan\/\">Ruitel\u00e1n<\/a><\/h3>\n\n\n\n<h3 class=\"wp-block-heading has-text-align-center\"><a href=\"https:\/\/caminodesantiagofrances.com\/en\/provincia-de-leon\/las-herrerias\/\" data-type=\"link\" data-id=\"https:\/\/caminodesantiagofrances.com\/en\/provincia-de-leon\/las-herrerias\/\">Las Herrer\u00edas<\/a><\/h3>\n\n\n\n<h3 class=\"wp-block-heading has-text-align-center\"><a href=\"https:\/\/caminodesantiagofrances.com\/en\/provincia-de-leon\/la-faba\/\" data-type=\"link\" data-id=\"https:\/\/caminodesantiagofrances.com\/en\/provincia-de-leon\/la-faba\/\">La Faba<\/a><\/h3>\n\n\n\n<div class=\"wp-block-geodirectory-geodir-widget-listings\"><div class=\"geodir-listings bsui sdel-07e2060d\" >\t\t<div id=\"geodir_6a9d453488d16\" class=\"geodir_locations geodir_location_listing\n\t\t\t\t\t\t\t mb-3\t\t position-relative\">\n\t\t\t\t<div\n\t\tclass=\"row row-cols-1 row-cols-sm-2 geodir-category-list-view geodir-widget-posts geodir-gridview row-cols-md-2\">\n\t\t\n<div class=\"col mb-4 geodir-post post-13791 gd_place type-gd_place status-publish has-post-thumbnail gd-post-pkg-1\" data-post-id=\"13791\">\n\t\t<div class=\"card h-100 p-0 m-0 mw-100  \">\n\t<div class=\"card p-0 mw-100 h-100 \"><div class=\"card-img-top overflow-hidden position-relative  \"><span class=\"bsui gd-badge-meta\"><a href=\"https:\/\/caminodesantiagofrances.com\/en\/lo\/categoria\/albergue\/\" class=\"gd-badge border-0 badge ab-bottom-left ms-1\" data-id=\"13791\" data-badge=\"default_category\" data-badge-condition=\"is_not_empty\" style=\"background-color:rgba(0,0,0,0.5);border-color:rgba(0,0,0,0.5);color:#ffffff;\">Albergue<\/a>\n<\/span><div class=\"geodir_post_meta gd-fav-info-wrap  gd-fav-hide-text ab-bottom-right me-1  mb-n1  me-1 mb-n1 ab-bottom-right\" >\t\t<span class=\"gd-list-favorite\">\n\t\t\t<span class=\"geodir-addtofav favorite_property_13791  h5\" aria-hidden=\"true\"><span  title=\"Add to Favourites\"  class=\"geodir-addtofav-icon c-pointer geodir-act-fav\"  data-color-on=\"#ff0000\"  data-icon=\"fas fa-heart\"  data-color-off=\"rgba(223,223,223,0.8)\"  data-text-color=\"\"  data-bs-toggle=\"tooltip\"  aria-hidden=\"true\"  onclick=\"javascript:window.location.href='https:\/\/caminodesantiagofrances.com\/en\/wp-login.php'\"  ><i class=\"fas fa-heart\"  style=\"color:rgba(223,223,223,0.8);\" ><\/i> <span class=\"geodir-fav-text gv-secondary visually-hidden\" style=\"\" aria-hidden=\"true\">Favourite<\/span><\/span>\n<\/span>\t\t<\/span>\n\t\t<\/div><div class=\"geodir-post-slider bsui sdel-03994e04\" ><div class=\"geodir-image-container geodir-image-sizes-medium_large overflow-hidden\">\n\t\t\t<div class=\"geodir-images aui-gallery geodir-images-n-1 geodir-images-image carousel-inner \">\n\t\t<div class=\"carousel-item active\"><a href=\"https:\/\/caminodesantiagofrances.com\/en\/lo\/albergue-parroquial-la-faba\/\" class=\"geodir-link-image embed-has-action ratio ratio-16x9 ratio ratio-16x9 d-block\"><img src='data:image\/png;base64,iVBORw0KGgoAAAANSUhEUgAAAGQAAAABCAQAAACC0sM2AAAADklEQVR42mP8X88wLAAAK5IBgMYCdqgAAAAASUVORK5CYII=' data-src=\"https:\/\/caminodesantiagofrances.com\/en\/wp-content\/uploads\/sites\/3\/2024\/10\/Albergue-Parroquial-La-Faba-Camino-de-Santiago-Frances-768x403.jpg\" alt=\"Albergue Parroquial La Faba Camino de Santiago Frances 768x403\" width=\"768\" height=\"403\" class=\"geodir-lazy-load align size-medium_large geodir-image-494 embed-item-cover-xy w-100 p-0 m-0 mw-100 border-0\" data-srcset=\"https:\/\/caminodesantiagofrances.com\/en\/wp-content\/uploads\/sites\/3\/2024\/10\/Albergue-Parroquial-La-Faba-Camino-de-Santiago-Frances-768x403.jpg 768w, https:\/\/caminodesantiagofrances.com\/en\/wp-content\/uploads\/sites\/3\/2024\/10\/Albergue-Parroquial-La-Faba-Camino-de-Santiago-Frances-300x158.jpg 300w, https:\/\/caminodesantiagofrances.com\/en\/wp-content\/uploads\/sites\/3\/2024\/10\/Albergue-Parroquial-La-Faba-Camino-de-Santiago-Frances-1024x538.jpg 1024w, https:\/\/caminodesantiagofrances.com\/en\/wp-content\/uploads\/sites\/3\/2024\/10\/Albergue-Parroquial-La-Faba-Camino-de-Santiago-Frances.jpg 1200w\" sizes=\"(max-width: 768px) 100vw, 768px\" \/><i class=\"fas fa-link w-auto h-auto\" aria-hidden=\"true\"><\/i><\/a><\/div>\t\t<\/div>\n\t\t<\/div>\n<\/div><\/div><div class=\"card-body p-2  \"><div class=\"row justify-content-center gv-hide-3 gv-hide-0\"><div class=\"col col-4 text-center tofront \"><a href=\"https:\/\/caminodesantiagofrances.com\/en\/author\/caminodesantiagofrances-com\/\" title=\"caminodesantiagofrances-com\"><img decoding=\"async\" style=\"max-height:75px;\" class=\"rounded-circle shadow border border-white border-width-4 p-0 mw-100 mt-n5 bg-white\" src=\"https:\/\/secure.gravatar.com\/avatar\/03aa5dc32308904f80a38258afc0335b43d4b2bec3418626e4f8712b71c3b93e?s=96&#038;d=mm&#038;r=g\" alt=\"Author Image\"><\/a><\/div><\/div><div class=\"geodir-post-title bsui sdel-caa60b10\" ><h3 class=\"geodir-entry-title  h5 \"><a href=\"https:\/\/caminodesantiagofrances.com\/en\/lo\/albergue-parroquial-la-faba\/\" class=\"\" title=\"View: \u00a0Albergue Parroquial La Faba\">\u00a0Albergue Parroquial La Faba<\/a><\/h3><\/div><div class=\"geodir-post-content-container bsui sdel-1e477937\" ><div class=\"geodir_post_meta  text-justify pb-1 position-relative geodir-field-post_content\" >Albergue de Peregrinos Parroquial de La Faba El Albergue de Peregrinos Parroquial de La Faba es un lugar \u00fanico y<\/div><\/div><\/div><div class=\"card-footer p-2  \"><div class='d-flex justify-content-between align-items-center flex-wrap'><div><\/div><div><\/div><\/div><\/div><\/div>\t<\/div>\n\t<\/div>\n\t<\/div>\n\t\t<\/div>\n\t\t<\/div><\/div>\n\n\n\n<h3 class=\"wp-block-heading has-text-align-center\"><a href=\"https:\/\/caminodesantiagofrances.com\/en\/provincia-de-leon\/la-laguna\/\" data-type=\"link\" data-id=\"https:\/\/caminodesantiagofrances.com\/en\/provincia-de-leon\/la-laguna\/\">La Laguna<\/a><\/h3>\n\n\n\n<hr class=\"wp-block-separator has-alpha-channel-opacity\"\/>\n\n\n\n<h3 class=\"wp-block-heading has-text-align-center\"><a href=\"https:\/\/caminodesantiagofrances.com\/en\/provincia-de-lugo\/o-cebreiro\/\" data-type=\"link\" data-id=\"https:\/\/caminodesantiagofrances.com\/en\/provincia-de-lugo\/o-cebreiro\/\">O Cebreiro<\/a><\/h3>\n\n\n\n<h2 class=\"wp-block-heading has-text-align-center\"><strong><a href=\"https:\/\/caminodesantiagofrances.com\/en\/provincia-de-lugo\/albergues\/\" target=\"_blank\" data-type=\"page\" data-id=\"14030\" rel=\"noreferrer noopener\">Albergues Provincia de Lugo<\/a><\/strong><\/h2>\n\n\n\n<div class=\"wp-block-geodirectory-geodir-widget-listings\"><div class=\"geodir-listings bsui sdel-7e8dec60\" >\t\t<div id=\"geodir_6a9d45348ba48\" class=\"geodir_locations geodir_location_listing\n\t\t\t\t\t\t\t mb-3\t\t position-relative\">\n\t\t\t\t<div\n\t\tclass=\"row row-cols-1 row-cols-sm-2 geodir-category-list-view geodir-widget-posts geodir-gridview row-cols-md-2\">\n\t\t\n<div class=\"col mb-4 geodir-post post-13803 gd_place type-gd_place status-publish has-post-thumbnail gd-post-pkg-1\" data-post-id=\"13803\">\n\t\t<div class=\"card h-100 p-0 m-0 mw-100  \">\n\t<div class=\"card p-0 mw-100 h-100 \"><div class=\"card-img-top overflow-hidden position-relative  \"><span class=\"bsui gd-badge-meta\"><a href=\"https:\/\/caminodesantiagofrances.com\/en\/lo\/categoria\/albergue\/\" class=\"gd-badge border-0 badge ab-bottom-left ms-1\" data-id=\"13803\" data-badge=\"default_category\" data-badge-condition=\"is_not_empty\" style=\"background-color:rgba(0,0,0,0.5);border-color:rgba(0,0,0,0.5);color:#ffffff;\">Albergue<\/a>\n<\/span><div class=\"geodir_post_meta gd-fav-info-wrap  gd-fav-hide-text ab-bottom-right me-1  mb-n1  me-1 mb-n1 ab-bottom-right\" >\t\t<span class=\"gd-list-favorite\">\n\t\t\t<span class=\"geodir-addtofav favorite_property_13803  h5\" aria-hidden=\"true\"><span  title=\"Add to Favourites\"  class=\"geodir-addtofav-icon c-pointer geodir-act-fav\"  data-color-on=\"#ff0000\"  data-icon=\"fas fa-heart\"  data-color-off=\"rgba(223,223,223,0.8)\"  data-text-color=\"\"  data-bs-toggle=\"tooltip\"  aria-hidden=\"true\"  onclick=\"javascript:window.location.href='https:\/\/caminodesantiagofrances.com\/en\/wp-login.php'\"  ><i class=\"fas fa-heart\"  style=\"color:rgba(223,223,223,0.8);\" ><\/i> <span class=\"geodir-fav-text gv-secondary visually-hidden\" style=\"\" aria-hidden=\"true\">Favourite<\/span><\/span>\n<\/span>\t\t<\/span>\n\t\t<\/div><div class=\"geodir-post-slider bsui sdel-03994e04\" ><div class=\"geodir-image-container geodir-image-sizes-medium_large overflow-hidden\">\n\t\t\t<div class=\"geodir-images aui-gallery geodir-images-n-1 geodir-images-image carousel-inner \">\n\t\t<div class=\"carousel-item active\"><a href=\"https:\/\/caminodesantiagofrances.com\/en\/lo\/albergue-peregrinos-o-cebreiro\/\" class=\"geodir-link-image embed-has-action ratio ratio-16x9 ratio ratio-16x9 d-block\"><img src='data:image\/png;base64,iVBORw0KGgoAAAANSUhEUgAAAGQAAAABCAQAAACC0sM2AAAADklEQVR42mP8X88wLAAAK5IBgMYCdqgAAAAASUVORK5CYII=' data-src=\"https:\/\/caminodesantiagofrances.com\/en\/wp-content\/uploads\/sites\/3\/2024\/10\/Albergue-Peregrinos-O-Cebreiro-Camino-de-Santiago-Frances-768x403.jpg\" alt=\"Albergue Peregrinos O Cebreiro Camino de Santiago Frances 768x403\" width=\"768\" height=\"403\" class=\"geodir-lazy-load align size-medium_large geodir-image-496 embed-item-cover-xy w-100 p-0 m-0 mw-100 border-0\" data-srcset=\"https:\/\/caminodesantiagofrances.com\/en\/wp-content\/uploads\/sites\/3\/2024\/10\/Albergue-Peregrinos-O-Cebreiro-Camino-de-Santiago-Frances-768x403.jpg 768w, https:\/\/caminodesantiagofrances.com\/en\/wp-content\/uploads\/sites\/3\/2024\/10\/Albergue-Peregrinos-O-Cebreiro-Camino-de-Santiago-Frances-300x158.jpg 300w, https:\/\/caminodesantiagofrances.com\/en\/wp-content\/uploads\/sites\/3\/2024\/10\/Albergue-Peregrinos-O-Cebreiro-Camino-de-Santiago-Frances-1024x538.jpg 1024w, https:\/\/caminodesantiagofrances.com\/en\/wp-content\/uploads\/sites\/3\/2024\/10\/Albergue-Peregrinos-O-Cebreiro-Camino-de-Santiago-Frances.jpg 1200w\" sizes=\"(max-width: 768px) 100vw, 768px\" \/><i class=\"fas fa-link w-auto h-auto\" aria-hidden=\"true\"><\/i><\/a><\/div>\t\t<\/div>\n\t\t<\/div>\n<\/div><\/div><div class=\"card-body p-2  \"><div class=\"row justify-content-center gv-hide-3 gv-hide-0\"><div class=\"col col-4 text-center tofront \"><a href=\"https:\/\/caminodesantiagofrances.com\/en\/author\/caminodesantiagofrances-com\/\" title=\"caminodesantiagofrances-com\"><img decoding=\"async\" style=\"max-height:75px;\" class=\"rounded-circle shadow border border-white border-width-4 p-0 mw-100 mt-n5 bg-white\" src=\"https:\/\/secure.gravatar.com\/avatar\/03aa5dc32308904f80a38258afc0335b43d4b2bec3418626e4f8712b71c3b93e?s=96&#038;d=mm&#038;r=g\" alt=\"Author Image\"><\/a><\/div><\/div><div class=\"geodir-post-title bsui sdel-caa60b10\" ><h3 class=\"geodir-entry-title  h5 \"><a href=\"https:\/\/caminodesantiagofrances.com\/en\/lo\/albergue-peregrinos-o-cebreiro\/\" class=\"\" title=\"View: Albergue Peregrinos O Cebreiro\">Albergue Peregrinos O Cebreiro<\/a><\/h3><\/div><div class=\"geodir-post-content-container bsui sdel-1e477937\" ><div class=\"geodir_post_meta  text-justify pb-1 position-relative geodir-field-post_content\" >Albergue de Peregrinos de O Cebreiro de la Xunta de Galicia El Albergue de Peregrinos de O Cebreiro es un<\/div><\/div><\/div><div class=\"card-footer p-2  \"><div class='d-flex justify-content-between align-items-center flex-wrap'><div><\/div><div><\/div><\/div><\/div><\/div>\t<\/div>\n\t<\/div>\n\t<\/div>\n\t\t<\/div>\n\t\t<\/div><\/div>\n\n\n\n<h3 class=\"wp-block-heading has-text-align-center\"><a href=\"https:\/\/caminodesantiagofrances.com\/en\/provincia-de-lugo\/linares\/\" data-type=\"link\" data-id=\"https:\/\/caminodesantiagofrances.com\/en\/provincia-de-lugo\/linares\/\">Li\u00f1ares<\/a><\/h3>\n\n\n\n<h3 class=\"wp-block-heading has-text-align-center\"><a href=\"https:\/\/caminodesantiagofrances.com\/en\/provincia-de-lugo\/alto-de-san-roque\/\" data-type=\"link\" data-id=\"https:\/\/caminodesantiagofrances.com\/en\/provincia-de-lugo\/alto-de-san-roque\/\">Alto de San Roque<\/a><\/h3>\n\n\n\n<h3 class=\"wp-block-heading has-text-align-center\"><a href=\"https:\/\/caminodesantiagofrances.com\/en\/provincia-de-lugo\/hospital-de-la-condesa\/\" data-type=\"link\" data-id=\"https:\/\/caminodesantiagofrances.com\/en\/provincia-de-lugo\/hospital-de-la-condesa\/\">Hospital de la Condesa<\/a><\/h3>\n\n\n\n<h3 class=\"wp-block-heading has-text-align-center\"><a href=\"https:\/\/caminodesantiagofrances.com\/en\/provincia-de-lugo\/padornelo\/\" data-type=\"link\" data-id=\"https:\/\/caminodesantiagofrances.com\/en\/provincia-de-lugo\/padornelo\/\">Padornelo<\/a><\/h3>\n\n\n\n<h3 class=\"wp-block-heading has-text-align-center\"><a href=\"https:\/\/caminodesantiagofrances.com\/en\/provincia-de-lugo\/fonfria\/\" data-type=\"link\" data-id=\"https:\/\/caminodesantiagofrances.com\/en\/provincia-de-lugo\/fonfria\/\">Fonfr\u00eda<\/a><\/h3>\n\n\n\n<div class=\"wp-block-geodirectory-geodir-widget-listings\"><div class=\"geodir-listings bsui sdel-3042f699\" >\t\t<div id=\"geodir_6a9d45348e301\" class=\"geodir_locations geodir_location_listing\n\t\t\t\t\t\t\t mb-3\t\t position-relative\">\n\t\t\t\t<div\n\t\tclass=\"row row-cols-1 row-cols-sm-2 geodir-category-list-view geodir-widget-posts geodir-gridview row-cols-md-2\">\n\t\t\n<div class=\"col mb-4 geodir-post post-13807 gd_place type-gd_place status-publish has-post-thumbnail gd-post-pkg-1\" data-post-id=\"13807\">\n\t\t<div class=\"card h-100 p-0 m-0 mw-100  \">\n\t<div class=\"card p-0 mw-100 h-100 \"><div class=\"card-img-top overflow-hidden position-relative  \"><span class=\"bsui gd-badge-meta\"><a href=\"https:\/\/caminodesantiagofrances.com\/en\/lo\/categoria\/albergue\/\" class=\"gd-badge border-0 badge ab-bottom-left ms-1\" data-id=\"13807\" data-badge=\"default_category\" data-badge-condition=\"is_not_empty\" style=\"background-color:rgba(0,0,0,0.5);border-color:rgba(0,0,0,0.5);color:#ffffff;\">Albergue<\/a>\n<\/span><div class=\"geodir_post_meta gd-fav-info-wrap  gd-fav-hide-text ab-bottom-right me-1  mb-n1  me-1 mb-n1 ab-bottom-right\" >\t\t<span class=\"gd-list-favorite\">\n\t\t\t<span class=\"geodir-addtofav favorite_property_13807  h5\" aria-hidden=\"true\"><span  title=\"Add to Favourites\"  class=\"geodir-addtofav-icon c-pointer geodir-act-fav\"  data-color-on=\"#ff0000\"  data-icon=\"fas fa-heart\"  data-color-off=\"rgba(223,223,223,0.8)\"  data-text-color=\"\"  data-bs-toggle=\"tooltip\"  aria-hidden=\"true\"  onclick=\"javascript:window.location.href='https:\/\/caminodesantiagofrances.com\/en\/wp-login.php'\"  ><i class=\"fas fa-heart\"  style=\"color:rgba(223,223,223,0.8);\" ><\/i> <span class=\"geodir-fav-text gv-secondary visually-hidden\" style=\"\" aria-hidden=\"true\">Favourite<\/span><\/span>\n<\/span>\t\t<\/span>\n\t\t<\/div><div class=\"geodir-post-slider bsui sdel-03994e04\" ><div class=\"geodir-image-container geodir-image-sizes-medium_large overflow-hidden\">\n\t\t\t<div class=\"geodir-images aui-gallery geodir-images-n-1 geodir-images-image carousel-inner \">\n\t\t<div class=\"carousel-item active\"><a href=\"https:\/\/caminodesantiagofrances.com\/en\/lo\/albergue-a-reboleira-fonfria\/\" class=\"geodir-link-image embed-has-action ratio ratio-16x9 ratio ratio-16x9 d-block\"><img src='data:image\/png;base64,iVBORw0KGgoAAAANSUhEUgAAAGQAAAABCAQAAACC0sM2AAAADklEQVR42mP8X88wLAAAK5IBgMYCdqgAAAAASUVORK5CYII=' data-src=\"https:\/\/caminodesantiagofrances.com\/en\/wp-content\/uploads\/sites\/3\/2025\/06\/Albergue-A-Reboleira-Fonfria-Camino-de-Santiago-Frances_2-768x403.jpg\" alt=\"Albergue A Reboleira Fonfria Camino de Santiago Frances 2 768x403\" width=\"768\" height=\"403\" class=\"geodir-lazy-load align size-medium_large geodir-image-1483 embed-item-cover-xy w-100 p-0 m-0 mw-100 border-0\" data-srcset=\"https:\/\/caminodesantiagofrances.com\/en\/wp-content\/uploads\/sites\/3\/2025\/06\/Albergue-A-Reboleira-Fonfria-Camino-de-Santiago-Frances_2-768x403.jpg 768w, https:\/\/caminodesantiagofrances.com\/en\/wp-content\/uploads\/sites\/3\/2025\/06\/Albergue-A-Reboleira-Fonfria-Camino-de-Santiago-Frances_2-300x158.jpg 300w, https:\/\/caminodesantiagofrances.com\/en\/wp-content\/uploads\/sites\/3\/2025\/06\/Albergue-A-Reboleira-Fonfria-Camino-de-Santiago-Frances_2-1024x538.jpg 1024w, https:\/\/caminodesantiagofrances.com\/en\/wp-content\/uploads\/sites\/3\/2025\/06\/Albergue-A-Reboleira-Fonfria-Camino-de-Santiago-Frances_2.jpg 1200w\" sizes=\"(max-width: 768px) 100vw, 768px\" \/><i class=\"fas fa-link w-auto h-auto\" aria-hidden=\"true\"><\/i><\/a><\/div>\t\t<\/div>\n\t\t<\/div>\n<\/div><\/div><div class=\"card-body p-2  \"><div class=\"row justify-content-center gv-hide-3 gv-hide-0\"><div class=\"col col-4 text-center tofront \"><a href=\"https:\/\/caminodesantiagofrances.com\/en\/author\/caminodesantiagofrances-com\/\" title=\"caminodesantiagofrances-com\"><img decoding=\"async\" style=\"max-height:75px;\" class=\"rounded-circle shadow border border-white border-width-4 p-0 mw-100 mt-n5 bg-white\" src=\"https:\/\/secure.gravatar.com\/avatar\/03aa5dc32308904f80a38258afc0335b43d4b2bec3418626e4f8712b71c3b93e?s=96&#038;d=mm&#038;r=g\" alt=\"Author Image\"><\/a><\/div><\/div><div class=\"geodir-post-title bsui sdel-caa60b10\" ><h3 class=\"geodir-entry-title  h5 \"><a href=\"https:\/\/caminodesantiagofrances.com\/en\/lo\/albergue-a-reboleira-fonfria\/\" class=\"\" title=\"View: Albergue A Reboleira Fonfr\u00eda\">Albergue A Reboleira Fonfr\u00eda<\/a><\/h3><\/div><div class=\"geodir-post-content-container bsui sdel-1e477937\" ><div class=\"geodir_post_meta  text-justify pb-1 position-relative geodir-field-post_content\" >RESERVAR AHORA Albergue de Peregrinos A Reboleira en Fonfr\u00eda Situado en la aldea de Fonfr\u00eda (municipio de Piedrafita do Cebreiro,<\/div><\/div><\/div><div class=\"card-footer p-2  \"><div class='d-flex justify-content-between align-items-center flex-wrap'><div><\/div><div><\/div><\/div><\/div><\/div>\t<\/div>\n\t<\/div>\n\t<\/div>\n\t\t<\/div>\n\t\t<\/div><\/div>\n\n\n\n<h3 class=\"wp-block-heading has-text-align-center\"><a href=\"https:\/\/caminodesantiagofrances.com\/en\/provincia-de-lugo\/o-biduedo\/\" data-type=\"link\" data-id=\"https:\/\/caminodesantiagofrances.com\/en\/provincia-de-lugo\/o-biduedo\/\">O Biduedo<\/a><\/h3>\n\n\n\n<h3 class=\"wp-block-heading has-text-align-center\"><a href=\"https:\/\/caminodesantiagofrances.com\/en\/provincia-de-lugo\/fillobal\/\" data-type=\"link\" data-id=\"https:\/\/caminodesantiagofrances.com\/en\/provincia-de-lugo\/fillobal\/\">Fillobal<\/a><\/h3>\n\n\n\n<h3 class=\"wp-block-heading has-text-align-center\"><a href=\"https:\/\/caminodesantiagofrances.com\/en\/provincia-de-lugo\/triacastela\/\" data-type=\"link\" data-id=\"https:\/\/caminodesantiagofrances.com\/en\/provincia-de-lugo\/triacastela\/\">Triacastela<\/a><\/h3>\n\n\n\n<div class=\"wp-block-geodirectory-geodir-widget-listings\"><div class=\"geodir-listings bsui sdel-f0ac75a6\" >\t\t<div id=\"geodir_6a9d453490ecc\" class=\"geodir_locations geodir_location_listing\n\t\t\t\t\t\t\t mb-3\t\t position-relative\">\n\t\t\t\t<div\n\t\tclass=\"row row-cols-1 row-cols-sm-2 geodir-category-list-view geodir-widget-posts geodir-gridview row-cols-md-2\">\n\t\t\n<div class=\"col mb-4 geodir-post post-16010 gd_place type-gd_place status-publish has-post-thumbnail gd-post-pkg-1\" data-post-id=\"16010\">\n\t\t<div class=\"card h-100 p-0 m-0 mw-100  \">\n\t<div class=\"card p-0 mw-100 h-100 \"><div class=\"card-img-top overflow-hidden position-relative  \"><span class=\"bsui gd-badge-meta\"><a href=\"https:\/\/caminodesantiagofrances.com\/en\/lo\/categoria\/albergue\/\" class=\"gd-badge border-0 badge ab-bottom-left ms-1\" data-id=\"16010\" data-badge=\"default_category\" data-badge-condition=\"is_not_empty\" style=\"background-color:rgba(0,0,0,0.5);border-color:rgba(0,0,0,0.5);color:#ffffff;\">Albergue<\/a>\n<\/span><div class=\"geodir_post_meta gd-fav-info-wrap  gd-fav-hide-text ab-bottom-right me-1  mb-n1  me-1 mb-n1 ab-bottom-right\" >\t\t<span class=\"gd-list-favorite\">\n\t\t\t<span class=\"geodir-addtofav favorite_property_16010  h5\" aria-hidden=\"true\"><span  title=\"Add to Favourites\"  class=\"geodir-addtofav-icon c-pointer geodir-act-fav\"  data-color-on=\"#ff0000\"  data-icon=\"fas fa-heart\"  data-color-off=\"rgba(223,223,223,0.8)\"  data-text-color=\"\"  data-bs-toggle=\"tooltip\"  aria-hidden=\"true\"  onclick=\"javascript:window.location.href='https:\/\/caminodesantiagofrances.com\/en\/wp-login.php'\"  ><i class=\"fas fa-heart\"  style=\"color:rgba(223,223,223,0.8);\" ><\/i> <span class=\"geodir-fav-text gv-secondary visually-hidden\" style=\"\" aria-hidden=\"true\">Favourite<\/span><\/span>\n<\/span>\t\t<\/span>\n\t\t<\/div><div class=\"geodir-post-slider bsui sdel-03994e04\" ><div class=\"geodir-image-container geodir-image-sizes-medium_large overflow-hidden\">\n\t\t\t<div class=\"geodir-images aui-gallery geodir-images-n-1 geodir-images-image carousel-inner \">\n\t\t<div class=\"carousel-item active\"><a href=\"https:\/\/caminodesantiagofrances.com\/en\/lo\/albergue-pension-lemos\/\" class=\"geodir-link-image embed-has-action ratio ratio-16x9 ratio ratio-16x9 d-block\"><img src='data:image\/png;base64,iVBORw0KGgoAAAANSUhEUgAAAGQAAAABCAQAAACC0sM2AAAADklEQVR42mP8X88wLAAAK5IBgMYCdqgAAAAASUVORK5CYII=' data-src=\"https:\/\/caminodesantiagofrances.com\/en\/wp-content\/uploads\/sites\/3\/2025\/08\/Albergue-Pension-Lemos-Camino-de-Santiago-Frances-768x403.jpg\" alt=\"Albergue Pension Lemos Camino de Santiago Frances 768x403\" width=\"768\" height=\"403\" class=\"geodir-lazy-load align size-medium_large geodir-image-2295 embed-item-cover-xy w-100 p-0 m-0 mw-100 border-0\" data-srcset=\"https:\/\/caminodesantiagofrances.com\/en\/wp-content\/uploads\/sites\/3\/2025\/08\/Albergue-Pension-Lemos-Camino-de-Santiago-Frances-768x403.jpg 768w, https:\/\/caminodesantiagofrances.com\/en\/wp-content\/uploads\/sites\/3\/2025\/08\/Albergue-Pension-Lemos-Camino-de-Santiago-Frances-300x158.jpg 300w, https:\/\/caminodesantiagofrances.com\/en\/wp-content\/uploads\/sites\/3\/2025\/08\/Albergue-Pension-Lemos-Camino-de-Santiago-Frances-1024x538.jpg 1024w, https:\/\/caminodesantiagofrances.com\/en\/wp-content\/uploads\/sites\/3\/2025\/08\/Albergue-Pension-Lemos-Camino-de-Santiago-Frances.jpg 1200w\" sizes=\"(max-width: 768px) 100vw, 768px\" \/><i class=\"fas fa-link w-auto h-auto\" aria-hidden=\"true\"><\/i><\/a><\/div>\t\t<\/div>\n\t\t<\/div>\n<\/div><\/div><div class=\"card-body p-2  \"><div class=\"row justify-content-center gv-hide-3 gv-hide-0\"><div class=\"col col-4 text-center tofront \"><a href=\"https:\/\/caminodesantiagofrances.com\/en\/author\/caminodesantiagofrances-com\/\" title=\"caminodesantiagofrances-com\"><img decoding=\"async\" style=\"max-height:75px;\" class=\"rounded-circle shadow border border-white border-width-4 p-0 mw-100 mt-n5 bg-white\" src=\"https:\/\/secure.gravatar.com\/avatar\/03aa5dc32308904f80a38258afc0335b43d4b2bec3418626e4f8712b71c3b93e?s=96&#038;d=mm&#038;r=g\" alt=\"Author Image\"><\/a><\/div><\/div><div class=\"geodir-post-title bsui sdel-caa60b10\" ><h3 class=\"geodir-entry-title  h5 \"><a href=\"https:\/\/caminodesantiagofrances.com\/en\/lo\/albergue-pension-lemos\/\" class=\"\" title=\"View: Albergue Pensi\u00f3n Lemos\">Albergue Pensi\u00f3n Lemos<\/a><\/h3><\/div><div class=\"geodir-post-content-container bsui sdel-1e477937\" ><div class=\"geodir_post_meta  text-justify pb-1 position-relative geodir-field-post_content\" >RESERVAR AHORA Albergue-Pensi\u00f3n Lemos en Triacastela: descanso y hospitalidad en el Camino Franc\u00e9s En el coraz\u00f3n de Triacastela, una de<\/div><\/div><\/div><div class=\"card-footer p-2  \"><div class='d-flex justify-content-between align-items-center flex-wrap'><div><\/div><div><\/div><\/div><\/div><\/div>\t<\/div>\n\t<\/div>\n\n<div class=\"col mb-4 geodir-post post-16005 gd_place type-gd_place status-publish has-post-thumbnail gd-post-pkg-1\" data-post-id=\"16005\">\n\t\t<div class=\"card h-100 p-0 m-0 mw-100  \">\n\t<div class=\"card p-0 mw-100 h-100 \"><div class=\"card-img-top overflow-hidden position-relative  \"><span class=\"bsui gd-badge-meta\"><a href=\"https:\/\/caminodesantiagofrances.com\/en\/lo\/categoria\/albergue\/\" class=\"gd-badge border-0 badge ab-bottom-left ms-1\" data-id=\"16005\" data-badge=\"default_category\" data-badge-condition=\"is_not_empty\" style=\"background-color:rgba(0,0,0,0.5);border-color:rgba(0,0,0,0.5);color:#ffffff;\">Albergue<\/a>\n<\/span><div class=\"geodir_post_meta gd-fav-info-wrap  gd-fav-hide-text ab-bottom-right me-1  mb-n1  me-1 mb-n1 ab-bottom-right\" >\t\t<span class=\"gd-list-favorite\">\n\t\t\t<span class=\"geodir-addtofav favorite_property_16005  h5\" aria-hidden=\"true\"><span  title=\"Add to Favourites\"  class=\"geodir-addtofav-icon c-pointer geodir-act-fav\"  data-color-on=\"#ff0000\"  data-icon=\"fas fa-heart\"  data-color-off=\"rgba(223,223,223,0.8)\"  data-text-color=\"\"  data-bs-toggle=\"tooltip\"  aria-hidden=\"true\"  onclick=\"javascript:window.location.href='https:\/\/caminodesantiagofrances.com\/en\/wp-login.php'\"  ><i class=\"fas fa-heart\"  style=\"color:rgba(223,223,223,0.8);\" ><\/i> <span class=\"geodir-fav-text gv-secondary visually-hidden\" style=\"\" aria-hidden=\"true\">Favourite<\/span><\/span>\n<\/span>\t\t<\/span>\n\t\t<\/div><div class=\"geodir-post-slider bsui sdel-03994e04\" ><div class=\"geodir-image-container geodir-image-sizes-medium_large overflow-hidden\">\n\t\t\t<div class=\"geodir-images aui-gallery geodir-images-n-1 geodir-images-image carousel-inner \">\n\t\t<div class=\"carousel-item active\"><a href=\"https:\/\/caminodesantiagofrances.com\/en\/lo\/albergue-pension-complexo-xacobeo\/\" class=\"geodir-link-image embed-has-action ratio ratio-16x9 ratio ratio-16x9 d-block\"><img src='data:image\/png;base64,iVBORw0KGgoAAAANSUhEUgAAAGQAAAABCAQAAACC0sM2AAAADklEQVR42mP8X88wLAAAK5IBgMYCdqgAAAAASUVORK5CYII=' data-src=\"https:\/\/caminodesantiagofrances.com\/en\/wp-content\/uploads\/sites\/3\/2025\/08\/Albergue-Pension-Complexo-Xacobeo-Camino-de-Santiago-Frances-768x403.jpg\" alt=\"Albergue Pension Complexo Xacobeo Camino de Santiago Frances 768x403\" width=\"768\" height=\"403\" class=\"geodir-lazy-load align size-medium_large geodir-image-2280 embed-item-cover-xy w-100 p-0 m-0 mw-100 border-0\" data-srcset=\"https:\/\/caminodesantiagofrances.com\/en\/wp-content\/uploads\/sites\/3\/2025\/08\/Albergue-Pension-Complexo-Xacobeo-Camino-de-Santiago-Frances-768x403.jpg 768w, https:\/\/caminodesantiagofrances.com\/en\/wp-content\/uploads\/sites\/3\/2025\/08\/Albergue-Pension-Complexo-Xacobeo-Camino-de-Santiago-Frances-300x158.jpg 300w, https:\/\/caminodesantiagofrances.com\/en\/wp-content\/uploads\/sites\/3\/2025\/08\/Albergue-Pension-Complexo-Xacobeo-Camino-de-Santiago-Frances-1024x538.jpg 1024w, https:\/\/caminodesantiagofrances.com\/en\/wp-content\/uploads\/sites\/3\/2025\/08\/Albergue-Pension-Complexo-Xacobeo-Camino-de-Santiago-Frances.jpg 1200w\" sizes=\"(max-width: 768px) 100vw, 768px\" \/><i class=\"fas fa-link w-auto h-auto\" aria-hidden=\"true\"><\/i><\/a><\/div>\t\t<\/div>\n\t\t<\/div>\n<\/div><\/div><div class=\"card-body p-2  \"><div class=\"row justify-content-center gv-hide-3 gv-hide-0\"><div class=\"col col-4 text-center tofront \"><a href=\"https:\/\/caminodesantiagofrances.com\/en\/author\/caminodesantiagofrances-com\/\" title=\"caminodesantiagofrances-com\"><img decoding=\"async\" style=\"max-height:75px;\" class=\"rounded-circle shadow border border-white border-width-4 p-0 mw-100 mt-n5 bg-white\" src=\"https:\/\/secure.gravatar.com\/avatar\/03aa5dc32308904f80a38258afc0335b43d4b2bec3418626e4f8712b71c3b93e?s=96&#038;d=mm&#038;r=g\" alt=\"Author Image\"><\/a><\/div><\/div><div class=\"geodir-post-title bsui sdel-caa60b10\" ><h3 class=\"geodir-entry-title  h5 \"><a href=\"https:\/\/caminodesantiagofrances.com\/en\/lo\/albergue-pension-complexo-xacobeo\/\" class=\"\" title=\"View: Albergue Pensi\u00f3n Complexo Xacobeo\">Albergue Pensi\u00f3n Complexo Xacobeo<\/a><\/h3><\/div><div class=\"geodir-post-content-container bsui sdel-1e477937\" ><div class=\"geodir_post_meta  text-justify pb-1 position-relative geodir-field-post_content\" >RESERVAR AHORA Albergue Pensi\u00f3n Complexo Xacobeo en Triacastela: Un refugio ideal en el coraz\u00f3n del Camino Franc\u00e9s Situado en el<\/div><\/div><\/div><div class=\"card-footer p-2  \"><div class='d-flex justify-content-between align-items-center flex-wrap'><div><\/div><div><\/div><\/div><\/div><\/div>\t<\/div>\n\t<\/div>\n\n<div class=\"col mb-4 geodir-post post-15999 gd_place type-gd_place status-publish has-post-thumbnail gd-post-pkg-1\" data-post-id=\"15999\">\n\t\t<div class=\"card h-100 p-0 m-0 mw-100  \">\n\t<div class=\"card p-0 mw-100 h-100 \"><div class=\"card-img-top overflow-hidden position-relative  \"><span class=\"bsui gd-badge-meta\"><a href=\"https:\/\/caminodesantiagofrances.com\/en\/lo\/categoria\/albergue\/\" class=\"gd-badge border-0 badge ab-bottom-left ms-1\" data-id=\"15999\" data-badge=\"default_category\" data-badge-condition=\"is_not_empty\" style=\"background-color:rgba(0,0,0,0.5);border-color:rgba(0,0,0,0.5);color:#ffffff;\">Albergue<\/a>\n<\/span><div class=\"geodir_post_meta gd-fav-info-wrap  gd-fav-hide-text ab-bottom-right me-1  mb-n1  me-1 mb-n1 ab-bottom-right\" >\t\t<span class=\"gd-list-favorite\">\n\t\t\t<span class=\"geodir-addtofav favorite_property_15999  h5\" aria-hidden=\"true\"><span  title=\"Add to Favourites\"  class=\"geodir-addtofav-icon c-pointer geodir-act-fav\"  data-color-on=\"#ff0000\"  data-icon=\"fas fa-heart\"  data-color-off=\"rgba(223,223,223,0.8)\"  data-text-color=\"\"  data-bs-toggle=\"tooltip\"  aria-hidden=\"true\"  onclick=\"javascript:window.location.href='https:\/\/caminodesantiagofrances.com\/en\/wp-login.php'\"  ><i class=\"fas fa-heart\"  style=\"color:rgba(223,223,223,0.8);\" ><\/i> <span class=\"geodir-fav-text gv-secondary visually-hidden\" style=\"\" aria-hidden=\"true\">Favourite<\/span><\/span>\n<\/span>\t\t<\/span>\n\t\t<\/div><div class=\"geodir-post-slider bsui sdel-03994e04\" ><div class=\"geodir-image-container geodir-image-sizes-medium_large overflow-hidden\">\n\t\t\t<div class=\"geodir-images aui-gallery geodir-images-n-1 geodir-images-image carousel-inner \">\n\t\t<div class=\"carousel-item active\"><a href=\"https:\/\/caminodesantiagofrances.com\/en\/lo\/albergue-berce-do-camino\/\" class=\"geodir-link-image embed-has-action ratio ratio-16x9 ratio ratio-16x9 d-block\"><img src='data:image\/png;base64,iVBORw0KGgoAAAANSUhEUgAAAGQAAAABCAQAAACC0sM2AAAADklEQVR42mP8X88wLAAAK5IBgMYCdqgAAAAASUVORK5CYII=' data-src=\"https:\/\/caminodesantiagofrances.com\/en\/wp-content\/uploads\/sites\/3\/2025\/08\/Albergue-Berce-do-Camino-Camino-de-Santiago-Frances-768x403.jpg\" alt=\"Albergue Berce do Camino Camino de Santiago Frances 768x403\" width=\"768\" height=\"403\" class=\"geodir-lazy-load align size-medium_large geodir-image-2268 embed-item-cover-xy w-100 p-0 m-0 mw-100 border-0\" data-srcset=\"https:\/\/caminodesantiagofrances.com\/en\/wp-content\/uploads\/sites\/3\/2025\/08\/Albergue-Berce-do-Camino-Camino-de-Santiago-Frances-768x403.jpg 768w, https:\/\/caminodesantiagofrances.com\/en\/wp-content\/uploads\/sites\/3\/2025\/08\/Albergue-Berce-do-Camino-Camino-de-Santiago-Frances-300x158.jpg 300w, https:\/\/caminodesantiagofrances.com\/en\/wp-content\/uploads\/sites\/3\/2025\/08\/Albergue-Berce-do-Camino-Camino-de-Santiago-Frances-1024x538.jpg 1024w, https:\/\/caminodesantiagofrances.com\/en\/wp-content\/uploads\/sites\/3\/2025\/08\/Albergue-Berce-do-Camino-Camino-de-Santiago-Frances.jpg 1200w\" sizes=\"(max-width: 768px) 100vw, 768px\" \/><i class=\"fas fa-link w-auto h-auto\" aria-hidden=\"true\"><\/i><\/a><\/div>\t\t<\/div>\n\t\t<\/div>\n<\/div><\/div><div class=\"card-body p-2  \"><div class=\"row justify-content-center gv-hide-3 gv-hide-0\"><div class=\"col col-4 text-center tofront \"><a href=\"https:\/\/caminodesantiagofrances.com\/en\/author\/caminodesantiagofrances-com\/\" title=\"caminodesantiagofrances-com\"><img decoding=\"async\" style=\"max-height:75px;\" class=\"rounded-circle shadow border border-white border-width-4 p-0 mw-100 mt-n5 bg-white\" src=\"https:\/\/secure.gravatar.com\/avatar\/03aa5dc32308904f80a38258afc0335b43d4b2bec3418626e4f8712b71c3b93e?s=96&#038;d=mm&#038;r=g\" alt=\"Author Image\"><\/a><\/div><\/div><div class=\"geodir-post-title bsui sdel-caa60b10\" ><h3 class=\"geodir-entry-title  h5 \"><a href=\"https:\/\/caminodesantiagofrances.com\/en\/lo\/albergue-berce-do-camino\/\" class=\"\" title=\"View: Albergue Berce do Cami\u00f1o\">Albergue Berce do Cami\u00f1o<\/a><\/h3><\/div><div class=\"geodir-post-content-container bsui sdel-1e477937\" ><div class=\"geodir_post_meta  text-justify pb-1 position-relative geodir-field-post_content\" >RESERVAR AHORA Albergue Berce do Cami\u00f1o en Triacastela Situado en la encantadora localidad lucense de Triacastela, en pleno Camino de<\/div><\/div><\/div><div class=\"card-footer p-2  \"><div class='d-flex justify-content-between align-items-center flex-wrap'><div><\/div><div><\/div><\/div><\/div><\/div>\t<\/div>\n\t<\/div>\n\n<div class=\"col mb-4 geodir-post post-13812 gd_place type-gd_place status-publish has-post-thumbnail gd-post-pkg-1\" data-post-id=\"13812\">\n\t\t<div class=\"card h-100 p-0 m-0 mw-100  \">\n\t<div class=\"card p-0 mw-100 h-100 \"><div class=\"card-img-top overflow-hidden position-relative  \"><span class=\"bsui gd-badge-meta\"><a href=\"https:\/\/caminodesantiagofrances.com\/en\/lo\/categoria\/albergue\/\" class=\"gd-badge border-0 badge ab-bottom-left ms-1\" data-id=\"13812\" data-badge=\"default_category\" data-badge-condition=\"is_not_empty\" style=\"background-color:rgba(0,0,0,0.5);border-color:rgba(0,0,0,0.5);color:#ffffff;\">Albergue<\/a>\n<\/span><div class=\"geodir_post_meta gd-fav-info-wrap  gd-fav-hide-text ab-bottom-right me-1  mb-n1  me-1 mb-n1 ab-bottom-right\" >\t\t<span class=\"gd-list-favorite\">\n\t\t\t<span class=\"geodir-addtofav favorite_property_13812  h5\" aria-hidden=\"true\"><span  title=\"Add to Favourites\"  class=\"geodir-addtofav-icon c-pointer geodir-act-fav\"  data-color-on=\"#ff0000\"  data-icon=\"fas fa-heart\"  data-color-off=\"rgba(223,223,223,0.8)\"  data-text-color=\"\"  data-bs-toggle=\"tooltip\"  aria-hidden=\"true\"  onclick=\"javascript:window.location.href='https:\/\/caminodesantiagofrances.com\/en\/wp-login.php'\"  ><i class=\"fas fa-heart\"  style=\"color:rgba(223,223,223,0.8);\" ><\/i> <span class=\"geodir-fav-text gv-secondary visually-hidden\" style=\"\" aria-hidden=\"true\">Favourite<\/span><\/span>\n<\/span>\t\t<\/span>\n\t\t<\/div><div class=\"geodir-post-slider bsui sdel-03994e04\" ><div class=\"geodir-image-container geodir-image-sizes-medium_large overflow-hidden\">\n\t\t\t<div class=\"geodir-images aui-gallery geodir-images-n-1 geodir-images-image carousel-inner \">\n\t\t<div class=\"carousel-item active\"><a href=\"https:\/\/caminodesantiagofrances.com\/en\/lo\/albergue-de-la-xunta-de-galicia-de-triacastela\/\" class=\"geodir-link-image embed-has-action ratio ratio-16x9 ratio ratio-16x9 d-block\"><img src='data:image\/png;base64,iVBORw0KGgoAAAANSUhEUgAAAGQAAAABCAQAAACC0sM2AAAADklEQVR42mP8X88wLAAAK5IBgMYCdqgAAAAASUVORK5CYII=' data-src=\"https:\/\/caminodesantiagofrances.com\/en\/wp-content\/uploads\/sites\/3\/2024\/10\/Albergue-de-la-Xunta-de-Galicia-de-Triacastela-Camino-de-Santiago-Frances-768x403.jpg\" alt=\"Albergue de la Xunta de Galicia de Triacastela Camino de Santiago Frances 768x403\" width=\"768\" height=\"403\" class=\"geodir-lazy-load align size-medium_large geodir-image-498 embed-item-cover-xy w-100 p-0 m-0 mw-100 border-0\" data-srcset=\"https:\/\/caminodesantiagofrances.com\/en\/wp-content\/uploads\/sites\/3\/2024\/10\/Albergue-de-la-Xunta-de-Galicia-de-Triacastela-Camino-de-Santiago-Frances-768x403.jpg 768w, https:\/\/caminodesantiagofrances.com\/en\/wp-content\/uploads\/sites\/3\/2024\/10\/Albergue-de-la-Xunta-de-Galicia-de-Triacastela-Camino-de-Santiago-Frances-300x158.jpg 300w, https:\/\/caminodesantiagofrances.com\/en\/wp-content\/uploads\/sites\/3\/2024\/10\/Albergue-de-la-Xunta-de-Galicia-de-Triacastela-Camino-de-Santiago-Frances-1024x538.jpg 1024w, https:\/\/caminodesantiagofrances.com\/en\/wp-content\/uploads\/sites\/3\/2024\/10\/Albergue-de-la-Xunta-de-Galicia-de-Triacastela-Camino-de-Santiago-Frances.jpg 1200w\" sizes=\"(max-width: 768px) 100vw, 768px\" \/><i class=\"fas fa-link w-auto h-auto\" aria-hidden=\"true\"><\/i><\/a><\/div>\t\t<\/div>\n\t\t<\/div>\n<\/div><\/div><div class=\"card-body p-2  \"><div class=\"row justify-content-center gv-hide-3 gv-hide-0\"><div class=\"col col-4 text-center tofront \"><a href=\"https:\/\/caminodesantiagofrances.com\/en\/author\/caminodesantiagofrances-com\/\" title=\"caminodesantiagofrances-com\"><img decoding=\"async\" style=\"max-height:75px;\" class=\"rounded-circle shadow border border-white border-width-4 p-0 mw-100 mt-n5 bg-white\" src=\"https:\/\/secure.gravatar.com\/avatar\/03aa5dc32308904f80a38258afc0335b43d4b2bec3418626e4f8712b71c3b93e?s=96&#038;d=mm&#038;r=g\" alt=\"Author Image\"><\/a><\/div><\/div><div class=\"geodir-post-title bsui sdel-caa60b10\" ><h3 class=\"geodir-entry-title  h5 \"><a href=\"https:\/\/caminodesantiagofrances.com\/en\/lo\/albergue-de-la-xunta-de-galicia-de-triacastela\/\" class=\"\" title=\"View: Albergue de la Xunta de Galicia de Triacastela\">Albergue de la Xunta de Galicia de Triacastela<\/a><\/h3><\/div><div class=\"geodir-post-content-container bsui sdel-1e477937\" ><div class=\"geodir_post_meta  text-justify pb-1 position-relative geodir-field-post_content\" >Albergue de Peregrinos de la Xunta de Galicia de Triacastela El Albergue de Peregrinos de la Xunta de Galicia que<\/div><\/div><\/div><div class=\"card-footer p-2  \"><div class='d-flex justify-content-between align-items-center flex-wrap'><div><\/div><div><\/div><\/div><\/div><\/div>\t<\/div>\n\t<\/div>\n\t<\/div>\n\t\t<\/div>\n\t\t<\/div><\/div>\n\n\n\n<h3 class=\"wp-block-heading has-text-align-center\"><a href=\"https:\/\/caminodesantiagofrances.com\/en\/provincia-de-lugo\/san-cristobal-do-real\/\" data-type=\"link\" data-id=\"https:\/\/caminodesantiagofrances.com\/en\/provincia-de-lugo\/san-cristobal-do-real\/\">San Crist\u00f3bal do Real<\/a><\/h3>\n\n\n\n<h3 class=\"wp-block-heading has-text-align-center\"><a href=\"https:\/\/caminodesantiagofrances.com\/en\/provincia-de-lugo\/renche\/\" data-type=\"link\" data-id=\"https:\/\/caminodesantiagofrances.com\/en\/provincia-de-lugo\/renche\/\">Renche<\/a><\/h3>\n\n\n\n<h3 class=\"wp-block-heading has-text-align-center\"><a href=\"https:\/\/caminodesantiagofrances.com\/en\/provincia-de-lugo\/san-martino-do-real\/\" data-type=\"link\" data-id=\"https:\/\/caminodesantiagofrances.com\/en\/provincia-de-lugo\/san-martino-do-real\/\">San Marti\u00f1o do Real<\/a><\/h3>\n\n\n\n<h3 class=\"wp-block-heading has-text-align-center\"><a href=\"https:\/\/caminodesantiagofrances.com\/en\/provincia-de-lugo\/samos\/\" data-type=\"link\" data-id=\"https:\/\/caminodesantiagofrances.com\/en\/provincia-de-lugo\/samos\/\">Samos<\/a><\/h3>\n\n\n\n<div class=\"wp-block-geodirectory-geodir-widget-listings\"><div class=\"geodir-listings bsui sdel-d1c6082a\" >\t\t<div id=\"geodir_6a9d45349864e\" class=\"geodir_locations geodir_location_listing\n\t\t\t\t\t\t\t mb-3\t\t position-relative\">\n\t\t\t\t<div\n\t\tclass=\"row row-cols-1 row-cols-sm-2 geodir-category-list-view geodir-widget-posts geodir-gridview row-cols-md-2\">\n\t\t\n<div class=\"col mb-4 geodir-post post-13818 gd_place type-gd_place status-publish has-post-thumbnail gd-post-pkg-1\" data-post-id=\"13818\">\n\t\t<div class=\"card h-100 p-0 m-0 mw-100  \">\n\t<div class=\"card p-0 mw-100 h-100 \"><div class=\"card-img-top overflow-hidden position-relative  \"><span class=\"bsui gd-badge-meta\"><a href=\"https:\/\/caminodesantiagofrances.com\/en\/lo\/categoria\/albergue\/\" class=\"gd-badge border-0 badge ab-bottom-left ms-1\" data-id=\"13818\" data-badge=\"default_category\" data-badge-condition=\"is_not_empty\" style=\"background-color:rgba(0,0,0,0.5);border-color:rgba(0,0,0,0.5);color:#ffffff;\">Albergue<\/a>\n<\/span><div class=\"geodir_post_meta gd-fav-info-wrap  gd-fav-hide-text ab-bottom-right me-1  mb-n1  me-1 mb-n1 ab-bottom-right\" >\t\t<span class=\"gd-list-favorite\">\n\t\t\t<span class=\"geodir-addtofav favorite_property_13818  h5\" aria-hidden=\"true\"><span  title=\"Add to Favourites\"  class=\"geodir-addtofav-icon c-pointer geodir-act-fav\"  data-color-on=\"#ff0000\"  data-icon=\"fas fa-heart\"  data-color-off=\"rgba(223,223,223,0.8)\"  data-text-color=\"\"  data-bs-toggle=\"tooltip\"  aria-hidden=\"true\"  onclick=\"javascript:window.location.href='https:\/\/caminodesantiagofrances.com\/en\/wp-login.php'\"  ><i class=\"fas fa-heart\"  style=\"color:rgba(223,223,223,0.8);\" ><\/i> <span class=\"geodir-fav-text gv-secondary visually-hidden\" style=\"\" aria-hidden=\"true\">Favourite<\/span><\/span>\n<\/span>\t\t<\/span>\n\t\t<\/div><div class=\"geodir-post-slider bsui sdel-03994e04\" ><div class=\"geodir-image-container geodir-image-sizes-medium_large overflow-hidden\">\n\t\t\t<div class=\"geodir-images aui-gallery geodir-images-n-1 geodir-images-image carousel-inner \">\n\t\t<div class=\"carousel-item active\"><a href=\"https:\/\/caminodesantiagofrances.com\/en\/lo\/albergue-monasterio-de-samos\/\" class=\"geodir-link-image embed-has-action ratio ratio-16x9 ratio ratio-16x9 d-block\"><img src='data:image\/png;base64,iVBORw0KGgoAAAANSUhEUgAAAGQAAAABCAQAAACC0sM2AAAADklEQVR42mP8X88wLAAAK5IBgMYCdqgAAAAASUVORK5CYII=' data-src=\"https:\/\/caminodesantiagofrances.com\/en\/wp-content\/uploads\/sites\/3\/2024\/10\/Albergue-Monasterio-de-Samos-Camino-de-Santiago-Frances_2-768x403.jpg\" alt=\"Albergue Monasterio de Samos Camino de Santiago Frances 2 768x403\" width=\"768\" height=\"403\" class=\"geodir-lazy-load align size-medium_large geodir-image-500 embed-item-cover-xy w-100 p-0 m-0 mw-100 border-0\" data-srcset=\"https:\/\/caminodesantiagofrances.com\/en\/wp-content\/uploads\/sites\/3\/2024\/10\/Albergue-Monasterio-de-Samos-Camino-de-Santiago-Frances_2-768x403.jpg 768w, https:\/\/caminodesantiagofrances.com\/en\/wp-content\/uploads\/sites\/3\/2024\/10\/Albergue-Monasterio-de-Samos-Camino-de-Santiago-Frances_2-300x158.jpg 300w, https:\/\/caminodesantiagofrances.com\/en\/wp-content\/uploads\/sites\/3\/2024\/10\/Albergue-Monasterio-de-Samos-Camino-de-Santiago-Frances_2-1024x538.jpg 1024w, https:\/\/caminodesantiagofrances.com\/en\/wp-content\/uploads\/sites\/3\/2024\/10\/Albergue-Monasterio-de-Samos-Camino-de-Santiago-Frances_2.jpg 1200w\" sizes=\"(max-width: 768px) 100vw, 768px\" \/><i class=\"fas fa-link w-auto h-auto\" aria-hidden=\"true\"><\/i><\/a><\/div>\t\t<\/div>\n\t\t<\/div>\n<\/div><\/div><div class=\"card-body p-2  \"><div class=\"row justify-content-center gv-hide-3 gv-hide-0\"><div class=\"col col-4 text-center tofront \"><a href=\"https:\/\/caminodesantiagofrances.com\/en\/author\/caminodesantiagofrances-com\/\" title=\"caminodesantiagofrances-com\"><img decoding=\"async\" style=\"max-height:75px;\" class=\"rounded-circle shadow border border-white border-width-4 p-0 mw-100 mt-n5 bg-white\" src=\"https:\/\/secure.gravatar.com\/avatar\/03aa5dc32308904f80a38258afc0335b43d4b2bec3418626e4f8712b71c3b93e?s=96&#038;d=mm&#038;r=g\" alt=\"Author Image\"><\/a><\/div><\/div><div class=\"geodir-post-title bsui sdel-caa60b10\" ><h3 class=\"geodir-entry-title  h5 \"><a href=\"https:\/\/caminodesantiagofrances.com\/en\/lo\/albergue-monasterio-de-samos\/\" class=\"\" title=\"View: Albergue Monasterio de Samos\">Albergue Monasterio de Samos<\/a><\/h3><\/div><div class=\"geodir-post-content-container bsui sdel-1e477937\" ><div class=\"geodir_post_meta  text-justify pb-1 position-relative geodir-field-post_content\" >Albergue de Peregrinos del Monasterio de Samos El albergue de peregrinos que se encuentra en el Monasterio de Samos es<\/div><\/div><\/div><div class=\"card-footer p-2  \"><div class='d-flex justify-content-between align-items-center flex-wrap'><div><\/div><div><\/div><\/div><\/div><\/div>\t<\/div>\n\t<\/div>\n\t<\/div>\n\t\t<\/div>\n\t\t<\/div><\/div>\n\n\n\n<h3 class=\"wp-block-heading has-text-align-center\"><a href=\"https:\/\/caminodesantiagofrances.com\/en\/provincia-de-lugo\/teiguin\/\" data-type=\"link\" data-id=\"https:\/\/caminodesantiagofrances.com\/en\/provincia-de-lugo\/teiguin\/\">Teigu\u00edn<\/a><\/h3>\n\n\n\n<h3 class=\"wp-block-heading has-text-align-center\"><a href=\"https:\/\/caminodesantiagofrances.com\/en\/provincia-de-lugo\/sarria\/\">Sarria<\/a><\/h3>\n\n\n\n<div class=\"wp-block-geodirectory-geodir-widget-listings\"><div class=\"geodir-listings bsui sdel-0d03f5ad\" >\t\t<div id=\"geodir_6a9d45349acfe\" class=\"geodir_locations geodir_location_listing\n\t\t\t\t\t\t\t mb-3\t\t position-relative\">\n\t\t\t\t<div\n\t\tclass=\"row row-cols-1 row-cols-sm-2 geodir-category-list-view geodir-widget-posts geodir-gridview row-cols-md-2\">\n\t\t\n<div class=\"col mb-4 geodir-post post-16032 gd_place type-gd_place status-publish has-post-thumbnail gd-post-pkg-1\" data-post-id=\"16032\">\n\t\t<div class=\"card h-100 p-0 m-0 mw-100  \">\n\t<div class=\"card p-0 mw-100 h-100 \"><div class=\"card-img-top overflow-hidden position-relative  \"><span class=\"bsui gd-badge-meta\"><a href=\"https:\/\/caminodesantiagofrances.com\/en\/lo\/categoria\/albergue\/\" class=\"gd-badge border-0 badge ab-bottom-left ms-1\" data-id=\"16032\" data-badge=\"default_category\" data-badge-condition=\"is_not_empty\" style=\"background-color:rgba(0,0,0,0.5);border-color:rgba(0,0,0,0.5);color:#ffffff;\">Albergue<\/a>\n<\/span><div class=\"geodir_post_meta gd-fav-info-wrap  gd-fav-hide-text ab-bottom-right me-1  mb-n1  me-1 mb-n1 ab-bottom-right\" >\t\t<span class=\"gd-list-favorite\">\n\t\t\t<span class=\"geodir-addtofav favorite_property_16032  h5\" aria-hidden=\"true\"><span  title=\"Add to Favourites\"  class=\"geodir-addtofav-icon c-pointer geodir-act-fav\"  data-color-on=\"#ff0000\"  data-icon=\"fas fa-heart\"  data-color-off=\"rgba(223,223,223,0.8)\"  data-text-color=\"\"  data-bs-toggle=\"tooltip\"  aria-hidden=\"true\"  onclick=\"javascript:window.location.href='https:\/\/caminodesantiagofrances.com\/en\/wp-login.php'\"  ><i class=\"fas fa-heart\"  style=\"color:rgba(223,223,223,0.8);\" ><\/i> <span class=\"geodir-fav-text gv-secondary visually-hidden\" style=\"\" aria-hidden=\"true\">Favourite<\/span><\/span>\n<\/span>\t\t<\/span>\n\t\t<\/div><div class=\"geodir-post-slider bsui sdel-03994e04\" ><div class=\"geodir-image-container geodir-image-sizes-medium_large overflow-hidden\">\n\t\t\t<div class=\"geodir-images aui-gallery geodir-images-n-1 geodir-images-image carousel-inner \">\n\t\t<div class=\"carousel-item active\"><a href=\"https:\/\/caminodesantiagofrances.com\/en\/lo\/albergue-oasis-sarria\/\" class=\"geodir-link-image embed-has-action ratio ratio-16x9 ratio ratio-16x9 d-block\"><img src='data:image\/png;base64,iVBORw0KGgoAAAANSUhEUgAAAGQAAAABCAQAAACC0sM2AAAADklEQVR42mP8X88wLAAAK5IBgMYCdqgAAAAASUVORK5CYII=' data-src=\"https:\/\/caminodesantiagofrances.com\/en\/wp-content\/uploads\/sites\/3\/2025\/08\/Albergue-Oasis-Sarria-Camino-de-Santiago-Frances-768x403.jpg\" alt=\"Albergue Oasis Sarria Camino de Santiago Frances 768x403\" width=\"768\" height=\"403\" class=\"geodir-lazy-load align size-medium_large geodir-image-2384 embed-item-cover-xy w-100 p-0 m-0 mw-100 border-0\" data-srcset=\"https:\/\/caminodesantiagofrances.com\/en\/wp-content\/uploads\/sites\/3\/2025\/08\/Albergue-Oasis-Sarria-Camino-de-Santiago-Frances-768x403.jpg 768w, https:\/\/caminodesantiagofrances.com\/en\/wp-content\/uploads\/sites\/3\/2025\/08\/Albergue-Oasis-Sarria-Camino-de-Santiago-Frances-300x158.jpg 300w, https:\/\/caminodesantiagofrances.com\/en\/wp-content\/uploads\/sites\/3\/2025\/08\/Albergue-Oasis-Sarria-Camino-de-Santiago-Frances-1024x538.jpg 1024w, https:\/\/caminodesantiagofrances.com\/en\/wp-content\/uploads\/sites\/3\/2025\/08\/Albergue-Oasis-Sarria-Camino-de-Santiago-Frances.jpg 1200w\" sizes=\"(max-width: 768px) 100vw, 768px\" \/><i class=\"fas fa-link w-auto h-auto\" aria-hidden=\"true\"><\/i><\/a><\/div>\t\t<\/div>\n\t\t<\/div>\n<\/div><\/div><div class=\"card-body p-2  \"><div class=\"row justify-content-center gv-hide-3 gv-hide-0\"><div class=\"col col-4 text-center tofront \"><a href=\"https:\/\/caminodesantiagofrances.com\/en\/author\/caminodesantiagofrances-com\/\" title=\"caminodesantiagofrances-com\"><img decoding=\"async\" style=\"max-height:75px;\" class=\"rounded-circle shadow border border-white border-width-4 p-0 mw-100 mt-n5 bg-white\" src=\"https:\/\/secure.gravatar.com\/avatar\/03aa5dc32308904f80a38258afc0335b43d4b2bec3418626e4f8712b71c3b93e?s=96&#038;d=mm&#038;r=g\" alt=\"Author Image\"><\/a><\/div><\/div><div class=\"geodir-post-title bsui sdel-caa60b10\" ><h3 class=\"geodir-entry-title  h5 \"><a href=\"https:\/\/caminodesantiagofrances.com\/en\/lo\/albergue-oasis-sarria\/\" class=\"\" title=\"View: Albergue Oasis Sarria\">Albergue Oasis Sarria<\/a><\/h3><\/div><div class=\"geodir-post-content-container bsui sdel-1e477937\" ><div class=\"geodir_post_meta  text-justify pb-1 position-relative geodir-field-post_content\" >RESERVAR AHORA Albergue Oasis \u2013 Sarria, Lugo: hospitalidad en el Camino de Santiago Franc\u00e9s En la villa lucense de Sarria,<\/div><\/div><\/div><div class=\"card-footer p-2  \"><div class='d-flex justify-content-between align-items-center flex-wrap'><div><\/div><div><\/div><\/div><\/div><\/div>\t<\/div>\n\t<\/div>\n\n<div class=\"col mb-4 geodir-post post-16026 gd_place type-gd_place status-publish has-post-thumbnail gd-post-pkg-1\" data-post-id=\"16026\">\n\t\t<div class=\"card h-100 p-0 m-0 mw-100  \">\n\t<div class=\"card p-0 mw-100 h-100 \"><div class=\"card-img-top overflow-hidden position-relative  \"><span class=\"bsui gd-badge-meta\"><a href=\"https:\/\/caminodesantiagofrances.com\/en\/lo\/categoria\/albergue\/\" class=\"gd-badge border-0 badge ab-bottom-left ms-1\" data-id=\"16026\" data-badge=\"default_category\" data-badge-condition=\"is_not_empty\" style=\"background-color:rgba(0,0,0,0.5);border-color:rgba(0,0,0,0.5);color:#ffffff;\">Albergue<\/a>\n<\/span><div class=\"geodir_post_meta gd-fav-info-wrap  gd-fav-hide-text ab-bottom-right me-1  mb-n1  me-1 mb-n1 ab-bottom-right\" >\t\t<span class=\"gd-list-favorite\">\n\t\t\t<span class=\"geodir-addtofav favorite_property_16026  h5\" aria-hidden=\"true\"><span  title=\"Add to Favourites\"  class=\"geodir-addtofav-icon c-pointer geodir-act-fav\"  data-color-on=\"#ff0000\"  data-icon=\"fas fa-heart\"  data-color-off=\"rgba(223,223,223,0.8)\"  data-text-color=\"\"  data-bs-toggle=\"tooltip\"  aria-hidden=\"true\"  onclick=\"javascript:window.location.href='https:\/\/caminodesantiagofrances.com\/en\/wp-login.php'\"  ><i class=\"fas fa-heart\"  style=\"color:rgba(223,223,223,0.8);\" ><\/i> <span class=\"geodir-fav-text gv-secondary visually-hidden\" style=\"\" aria-hidden=\"true\">Favourite<\/span><\/span>\n<\/span>\t\t<\/span>\n\t\t<\/div><div class=\"geodir-post-slider bsui sdel-03994e04\" ><div class=\"geodir-image-container geodir-image-sizes-medium_large overflow-hidden\">\n\t\t\t<div class=\"geodir-images aui-gallery geodir-images-n-1 geodir-images-image carousel-inner \">\n\t\t<div class=\"carousel-item active\"><a href=\"https:\/\/caminodesantiagofrances.com\/en\/lo\/pension-albergue-a-pedra\/\" class=\"geodir-link-image embed-has-action ratio ratio-16x9 ratio ratio-16x9 d-block\"><img src='data:image\/png;base64,iVBORw0KGgoAAAANSUhEUgAAAGQAAAABCAQAAACC0sM2AAAADklEQVR42mP8X88wLAAAK5IBgMYCdqgAAAAASUVORK5CYII=' data-src=\"https:\/\/caminodesantiagofrances.com\/en\/wp-content\/uploads\/sites\/3\/2025\/08\/Pension-Albergue-A-Pedra-Camino-de-Santiago-Frances-768x403.jpg\" alt=\"Pension Albergue A Pedra Camino de Santiago Frances 768x403\" width=\"768\" height=\"403\" class=\"geodir-lazy-load align size-medium_large geodir-image-2354 embed-item-cover-xy w-100 p-0 m-0 mw-100 border-0\" data-srcset=\"https:\/\/caminodesantiagofrances.com\/en\/wp-content\/uploads\/sites\/3\/2025\/08\/Pension-Albergue-A-Pedra-Camino-de-Santiago-Frances-768x403.jpg 768w, https:\/\/caminodesantiagofrances.com\/en\/wp-content\/uploads\/sites\/3\/2025\/08\/Pension-Albergue-A-Pedra-Camino-de-Santiago-Frances-300x158.jpg 300w, https:\/\/caminodesantiagofrances.com\/en\/wp-content\/uploads\/sites\/3\/2025\/08\/Pension-Albergue-A-Pedra-Camino-de-Santiago-Frances-1024x538.jpg 1024w, https:\/\/caminodesantiagofrances.com\/en\/wp-content\/uploads\/sites\/3\/2025\/08\/Pension-Albergue-A-Pedra-Camino-de-Santiago-Frances.jpg 1200w\" sizes=\"(max-width: 768px) 100vw, 768px\" \/><i class=\"fas fa-link w-auto h-auto\" aria-hidden=\"true\"><\/i><\/a><\/div>\t\t<\/div>\n\t\t<\/div>\n<\/div><\/div><div class=\"card-body p-2  \"><div class=\"row justify-content-center gv-hide-3 gv-hide-0\"><div class=\"col col-4 text-center tofront \"><a href=\"https:\/\/caminodesantiagofrances.com\/en\/author\/caminodesantiagofrances-com\/\" title=\"caminodesantiagofrances-com\"><img decoding=\"async\" style=\"max-height:75px;\" class=\"rounded-circle shadow border border-white border-width-4 p-0 mw-100 mt-n5 bg-white\" src=\"https:\/\/secure.gravatar.com\/avatar\/03aa5dc32308904f80a38258afc0335b43d4b2bec3418626e4f8712b71c3b93e?s=96&#038;d=mm&#038;r=g\" alt=\"Author Image\"><\/a><\/div><\/div><div class=\"geodir-post-title bsui sdel-caa60b10\" ><h3 class=\"geodir-entry-title  h5 \"><a href=\"https:\/\/caminodesantiagofrances.com\/en\/lo\/pension-albergue-a-pedra\/\" class=\"\" title=\"View: Pensi\u00f3n Albergue A Pedra\">Pensi\u00f3n Albergue A Pedra<\/a><\/h3><\/div><div class=\"geodir-post-content-container bsui sdel-1e477937\" ><div class=\"geodir_post_meta  text-justify pb-1 position-relative geodir-field-post_content\" >RESERVAR AHORA Pensi\u00f3n Albergue A Pedra \u2013 Descanso acogedor en el coraz\u00f3n de Sarria, Camino de Santiago Franc\u00e9s En la<\/div><\/div><\/div><div class=\"card-footer p-2  \"><div class='d-flex justify-content-between align-items-center flex-wrap'><div><\/div><div><\/div><\/div><\/div><\/div>\t<\/div>\n\t<\/div>\n\n<div class=\"col mb-4 geodir-post post-16019 gd_place type-gd_place status-publish has-post-thumbnail gd-post-pkg-1\" data-post-id=\"16019\">\n\t\t<div class=\"card h-100 p-0 m-0 mw-100  \">\n\t<div class=\"card p-0 mw-100 h-100 \"><div class=\"card-img-top overflow-hidden position-relative  \"><span class=\"bsui gd-badge-meta\"><a href=\"https:\/\/caminodesantiagofrances.com\/en\/lo\/categoria\/albergue\/\" class=\"gd-badge border-0 badge ab-bottom-left ms-1\" data-id=\"16019\" data-badge=\"default_category\" data-badge-condition=\"is_not_empty\" style=\"background-color:rgba(0,0,0,0.5);border-color:rgba(0,0,0,0.5);color:#ffffff;\">Albergue<\/a>\n<\/span><div class=\"geodir_post_meta gd-fav-info-wrap  gd-fav-hide-text ab-bottom-right me-1  mb-n1  me-1 mb-n1 ab-bottom-right\" >\t\t<span class=\"gd-list-favorite\">\n\t\t\t<span class=\"geodir-addtofav favorite_property_16019  h5\" aria-hidden=\"true\"><span  title=\"Add to Favourites\"  class=\"geodir-addtofav-icon c-pointer geodir-act-fav\"  data-color-on=\"#ff0000\"  data-icon=\"fas fa-heart\"  data-color-off=\"rgba(223,223,223,0.8)\"  data-text-color=\"\"  data-bs-toggle=\"tooltip\"  aria-hidden=\"true\"  onclick=\"javascript:window.location.href='https:\/\/caminodesantiagofrances.com\/en\/wp-login.php'\"  ><i class=\"fas fa-heart\"  style=\"color:rgba(223,223,223,0.8);\" ><\/i> <span class=\"geodir-fav-text gv-secondary visually-hidden\" style=\"\" aria-hidden=\"true\">Favourite<\/span><\/span>\n<\/span>\t\t<\/span>\n\t\t<\/div><div class=\"geodir-post-slider bsui sdel-03994e04\" ><div class=\"geodir-image-container geodir-image-sizes-medium_large overflow-hidden\">\n\t\t\t<div class=\"geodir-images aui-gallery geodir-images-n-1 geodir-images-image carousel-inner \">\n\t\t<div class=\"carousel-item active\"><a href=\"https:\/\/caminodesantiagofrances.com\/en\/lo\/albergue-credencial-sarria\/\" class=\"geodir-link-image embed-has-action ratio ratio-16x9 ratio ratio-16x9 d-block\"><img src='data:image\/png;base64,iVBORw0KGgoAAAANSUhEUgAAAGQAAAABCAQAAACC0sM2AAAADklEQVR42mP8X88wLAAAK5IBgMYCdqgAAAAASUVORK5CYII=' data-src=\"https:\/\/caminodesantiagofrances.com\/en\/wp-content\/uploads\/sites\/3\/2025\/08\/Albergue-Credencial-Sarria-Camino-de-Santiago-Frances-768x403.jpg\" alt=\"Albergue Credencial Sarria Camino de Santiago Frances 768x403\" width=\"768\" height=\"403\" class=\"geodir-lazy-load align size-medium_large geodir-image-2332 embed-item-cover-xy w-100 p-0 m-0 mw-100 border-0\" data-srcset=\"https:\/\/caminodesantiagofrances.com\/en\/wp-content\/uploads\/sites\/3\/2025\/08\/Albergue-Credencial-Sarria-Camino-de-Santiago-Frances-768x403.jpg 768w, https:\/\/caminodesantiagofrances.com\/en\/wp-content\/uploads\/sites\/3\/2025\/08\/Albergue-Credencial-Sarria-Camino-de-Santiago-Frances-300x158.jpg 300w, https:\/\/caminodesantiagofrances.com\/en\/wp-content\/uploads\/sites\/3\/2025\/08\/Albergue-Credencial-Sarria-Camino-de-Santiago-Frances-1024x538.jpg 1024w, https:\/\/caminodesantiagofrances.com\/en\/wp-content\/uploads\/sites\/3\/2025\/08\/Albergue-Credencial-Sarria-Camino-de-Santiago-Frances.jpg 1200w\" sizes=\"(max-width: 768px) 100vw, 768px\" \/><i class=\"fas fa-link w-auto h-auto\" aria-hidden=\"true\"><\/i><\/a><\/div>\t\t<\/div>\n\t\t<\/div>\n<\/div><\/div><div class=\"card-body p-2  \"><div class=\"row justify-content-center gv-hide-3 gv-hide-0\"><div class=\"col col-4 text-center tofront \"><a href=\"https:\/\/caminodesantiagofrances.com\/en\/author\/caminodesantiagofrances-com\/\" title=\"caminodesantiagofrances-com\"><img decoding=\"async\" style=\"max-height:75px;\" class=\"rounded-circle shadow border border-white border-width-4 p-0 mw-100 mt-n5 bg-white\" src=\"https:\/\/secure.gravatar.com\/avatar\/03aa5dc32308904f80a38258afc0335b43d4b2bec3418626e4f8712b71c3b93e?s=96&#038;d=mm&#038;r=g\" alt=\"Author Image\"><\/a><\/div><\/div><div class=\"geodir-post-title bsui sdel-caa60b10\" ><h3 class=\"geodir-entry-title  h5 \"><a href=\"https:\/\/caminodesantiagofrances.com\/en\/lo\/albergue-credencial-sarria\/\" class=\"\" title=\"View: Albergue Credencial Sarria\">Albergue Credencial Sarria<\/a><\/h3><\/div><div class=\"geodir-post-content-container bsui sdel-1e477937\" ><div class=\"geodir_post_meta  text-justify pb-1 position-relative geodir-field-post_content\" >RESERVAR AHORA Albergue Credencial en Sarria: punto clave del Camino Franc\u00e9s En el coraz\u00f3n del Camino de Santiago Franc\u00e9s ,<\/div><\/div><\/div><div class=\"card-footer p-2  \"><div class='d-flex justify-content-between align-items-center flex-wrap'><div><\/div><div><\/div><\/div><\/div><\/div>\t<\/div>\n\t<\/div>\n\n<div class=\"col mb-4 geodir-post post-13822 gd_place type-gd_place status-publish has-post-thumbnail gd-post-pkg-1\" data-post-id=\"13822\">\n\t\t<div class=\"card h-100 p-0 m-0 mw-100  \">\n\t<div class=\"card p-0 mw-100 h-100 \"><div class=\"card-img-top overflow-hidden position-relative  \"><span class=\"bsui gd-badge-meta\"><a href=\"https:\/\/caminodesantiagofrances.com\/en\/lo\/categoria\/albergue\/\" class=\"gd-badge border-0 badge ab-bottom-left ms-1\" data-id=\"13822\" data-badge=\"default_category\" data-badge-condition=\"is_not_empty\" style=\"background-color:rgba(0,0,0,0.5);border-color:rgba(0,0,0,0.5);color:#ffffff;\">Albergue<\/a>\n<\/span><div class=\"geodir_post_meta gd-fav-info-wrap  gd-fav-hide-text ab-bottom-right me-1  mb-n1  me-1 mb-n1 ab-bottom-right\" >\t\t<span class=\"gd-list-favorite\">\n\t\t\t<span class=\"geodir-addtofav favorite_property_13822  h5\" aria-hidden=\"true\"><span  title=\"Add to Favourites\"  class=\"geodir-addtofav-icon c-pointer geodir-act-fav\"  data-color-on=\"#ff0000\"  data-icon=\"fas fa-heart\"  data-color-off=\"rgba(223,223,223,0.8)\"  data-text-color=\"\"  data-bs-toggle=\"tooltip\"  aria-hidden=\"true\"  onclick=\"javascript:window.location.href='https:\/\/caminodesantiagofrances.com\/en\/wp-login.php'\"  ><i class=\"fas fa-heart\"  style=\"color:rgba(223,223,223,0.8);\" ><\/i> <span class=\"geodir-fav-text gv-secondary visually-hidden\" style=\"\" aria-hidden=\"true\">Favourite<\/span><\/span>\n<\/span>\t\t<\/span>\n\t\t<\/div><div class=\"geodir-post-slider bsui sdel-03994e04\" ><div class=\"geodir-image-container geodir-image-sizes-medium_large overflow-hidden\">\n\t\t\t<div class=\"geodir-images aui-gallery geodir-images-n-1 geodir-images-image carousel-inner \">\n\t\t<div class=\"carousel-item active\"><a href=\"https:\/\/caminodesantiagofrances.com\/en\/lo\/albergue-monasterio-de-la-magdalena-sarria\/\" class=\"geodir-link-image embed-has-action ratio ratio-16x9 ratio ratio-16x9 d-block\"><img src='data:image\/png;base64,iVBORw0KGgoAAAANSUhEUgAAAGQAAAABCAQAAACC0sM2AAAADklEQVR42mP8X88wLAAAK5IBgMYCdqgAAAAASUVORK5CYII=' data-src=\"https:\/\/caminodesantiagofrances.com\/en\/wp-content\/uploads\/sites\/3\/2024\/10\/Albergue-Monasterio-de-La-Magdalena-Sarria-Camino-de-Santiago-Frances-768x403.jpg\" alt=\"Albergue Monasterio de La Magdalena Sarria Camino de Santiago Frances 768x403\" width=\"768\" height=\"403\" class=\"geodir-lazy-load align size-medium_large geodir-image-502 embed-item-cover-xy w-100 p-0 m-0 mw-100 border-0\" data-srcset=\"https:\/\/caminodesantiagofrances.com\/en\/wp-content\/uploads\/sites\/3\/2024\/10\/Albergue-Monasterio-de-La-Magdalena-Sarria-Camino-de-Santiago-Frances-768x403.jpg 768w, https:\/\/caminodesantiagofrances.com\/en\/wp-content\/uploads\/sites\/3\/2024\/10\/Albergue-Monasterio-de-La-Magdalena-Sarria-Camino-de-Santiago-Frances-300x158.jpg 300w, https:\/\/caminodesantiagofrances.com\/en\/wp-content\/uploads\/sites\/3\/2024\/10\/Albergue-Monasterio-de-La-Magdalena-Sarria-Camino-de-Santiago-Frances-1024x538.jpg 1024w, https:\/\/caminodesantiagofrances.com\/en\/wp-content\/uploads\/sites\/3\/2024\/10\/Albergue-Monasterio-de-La-Magdalena-Sarria-Camino-de-Santiago-Frances.jpg 1200w\" sizes=\"(max-width: 768px) 100vw, 768px\" \/><i class=\"fas fa-link w-auto h-auto\" aria-hidden=\"true\"><\/i><\/a><\/div>\t\t<\/div>\n\t\t<\/div>\n<\/div><\/div><div class=\"card-body p-2  \"><div class=\"row justify-content-center gv-hide-3 gv-hide-0\"><div class=\"col col-4 text-center tofront \"><a href=\"https:\/\/caminodesantiagofrances.com\/en\/author\/caminodesantiagofrances-com\/\" title=\"caminodesantiagofrances-com\"><img decoding=\"async\" style=\"max-height:75px;\" class=\"rounded-circle shadow border border-white border-width-4 p-0 mw-100 mt-n5 bg-white\" src=\"https:\/\/secure.gravatar.com\/avatar\/03aa5dc32308904f80a38258afc0335b43d4b2bec3418626e4f8712b71c3b93e?s=96&#038;d=mm&#038;r=g\" alt=\"Author Image\"><\/a><\/div><\/div><div class=\"geodir-post-title bsui sdel-caa60b10\" ><h3 class=\"geodir-entry-title  h5 \"><a href=\"https:\/\/caminodesantiagofrances.com\/en\/lo\/albergue-monasterio-de-la-magdalena-sarria\/\" class=\"\" title=\"View: Albergue Monasterio de La Magdalena Sarria\">Albergue Monasterio de La Magdalena Sarria<\/a><\/h3><\/div><div class=\"geodir-post-content-container bsui sdel-1e477937\" ><div class=\"geodir_post_meta  text-justify pb-1 position-relative geodir-field-post_content\" >RESERVAR AHORA Albergue del Monasterio de la Magdalena \u2013 Sarria, Lugo: historia, espiritualidad y hospitalidad en el Camino Franc\u00e9s En<\/div><\/div><\/div><div class=\"card-footer p-2  \"><div class='d-flex justify-content-between align-items-center flex-wrap'><div><\/div><div><\/div><\/div><\/div><\/div>\t<\/div>\n\t<\/div>\n\t<\/div>\n\t\t<\/div>\n\t\t<\/div><\/div>\n\n\n\n<h3 class=\"wp-block-heading has-text-align-center\"><a href=\"https:\/\/caminodesantiagofrances.com\/en\/provincia-de-lugo\/barbadelo\/\">Barbadelo<\/a><\/h3>\n\n\n\n<h3 class=\"wp-block-heading has-text-align-center\"><a href=\"https:\/\/caminodesantiagofrances.com\/en\/provincia-de-lugo\/rente\/\" data-type=\"link\" data-id=\"https:\/\/caminodesantiagofrances.com\/en\/provincia-de-lugo\/rente\/\">Rente<\/a><\/h3>\n\n\n\n<h3 class=\"wp-block-heading has-text-align-center\"><a href=\"https:\/\/caminodesantiagofrances.com\/en\/provincia-de-lugo\/mercado-da-serra\/\" data-type=\"link\" data-id=\"https:\/\/caminodesantiagofrances.com\/en\/provincia-de-lugo\/mercado-da-serra\/\">Mercado da Serra<\/a><\/h3>\n\n\n\n<h3 class=\"wp-block-heading has-text-align-center\"><a href=\"https:\/\/caminodesantiagofrances.com\/en\/provincia-de-lugo\/peruscallo\/\" data-type=\"link\" data-id=\"https:\/\/caminodesantiagofrances.com\/en\/provincia-de-lugo\/peruscallo\/\">Peruscallo<\/a><\/h3>\n\n\n\n<h3 class=\"wp-block-heading has-text-align-center\"><a href=\"https:\/\/caminodesantiagofrances.com\/en\/provincia-de-lugo\/a-brea\/\" data-type=\"link\" data-id=\"https:\/\/caminodesantiagofrances.com\/en\/provincia-de-lugo\/a-brea\/\">A Brea<\/a><\/h3>\n\n\n\n<h3 class=\"wp-block-heading has-text-align-center\"><a href=\"https:\/\/caminodesantiagofrances.com\/en\/provincia-de-lugo\/morgade\/\" data-type=\"link\" data-id=\"https:\/\/caminodesantiagofrances.com\/en\/provincia-de-lugo\/morgade\/\">Morgade<\/a><\/h3>\n\n\n\n<h3 class=\"wp-block-heading has-text-align-center\"><a href=\"https:\/\/caminodesantiagofrances.com\/en\/provincia-de-lugo\/mirallos\/\" data-type=\"link\" data-id=\"https:\/\/caminodesantiagofrances.com\/en\/provincia-de-lugo\/mirallos\/\">Mirallos<\/a><\/h3>\n\n\n\n<h3 class=\"wp-block-heading has-text-align-center\"><a href=\"https:\/\/caminodesantiagofrances.com\/en\/provincia-de-lugo\/a-pena\/\" data-type=\"link\" data-id=\"https:\/\/caminodesantiagofrances.com\/en\/provincia-de-lugo\/a-pena\/\">A Pena\u200b<\/a><\/h3>\n\n\n\n<h3 class=\"wp-block-heading has-text-align-center\"><a href=\"https:\/\/caminodesantiagofrances.com\/en\/provincia-de-lugo\/as-rozas\/\" data-type=\"link\" data-id=\"https:\/\/caminodesantiagofrances.com\/en\/provincia-de-lugo\/as-rozas\/\">As Rozas<\/a><\/h3>\n\n\n\n<h3 class=\"wp-block-heading has-text-align-center\"><a href=\"https:\/\/caminodesantiagofrances.com\/en\/provincia-de-lugo\/marcadoiro\/\" data-type=\"link\" data-id=\"https:\/\/caminodesantiagofrances.com\/en\/provincia-de-lugo\/marcadoiro\/\">Marcadoiro<\/a><\/h3>\n\n\n\n<h3 class=\"wp-block-heading has-text-align-center\"><a href=\"https:\/\/caminodesantiagofrances.com\/en\/provincia-de-lugo\/moutras\/\" data-type=\"link\" data-id=\"https:\/\/caminodesantiagofrances.com\/en\/provincia-de-lugo\/moutras\/\">Moutras<\/a><\/h3>\n\n\n\n<h3 class=\"wp-block-heading has-text-align-center\"><a href=\"https:\/\/caminodesantiagofrances.com\/en\/provincia-de-lugo\/a-parrocha\/\" data-type=\"link\" data-id=\"https:\/\/caminodesantiagofrances.com\/en\/provincia-de-lugo\/a-parrocha\/\">A Parrocha<\/a><\/h3>\n\n\n\n<h3 class=\"wp-block-heading has-text-align-center\"><a href=\"https:\/\/caminodesantiagofrances.com\/en\/provincia-de-lugo\/vilacha\/\" data-type=\"link\" data-id=\"https:\/\/caminodesantiagofrances.com\/en\/provincia-de-lugo\/vilacha\/\">Vilach\u00e1<\/a><\/h3>\n\n\n\n<h3 class=\"wp-block-heading has-text-align-center\"><a href=\"https:\/\/caminodesantiagofrances.com\/en\/provincia-de-lugo\/portomarin\/\" data-type=\"link\" data-id=\"https:\/\/caminodesantiagofrances.com\/en\/provincia-de-lugo\/portomarin\/\">Portomar\u00edn<\/a><\/h3>\n\n\n\n<div class=\"wp-block-geodirectory-geodir-widget-listings\"><div class=\"geodir-listings bsui sdel-860c26ee\" >\t\t<div id=\"geodir_6a9d4534a3206\" class=\"geodir_locations geodir_location_listing\n\t\t\t\t\t\t\t mb-3\t\t position-relative\">\n\t\t\t\t<div\n\t\tclass=\"row row-cols-1 row-cols-sm-2 geodir-category-list-view geodir-widget-posts geodir-gridview row-cols-md-2\">\n\t\t\n<div class=\"col mb-4 geodir-post post-16057 gd_place type-gd_place status-publish has-post-thumbnail gd-post-pkg-1\" data-post-id=\"16057\">\n\t\t<div class=\"card h-100 p-0 m-0 mw-100  \">\n\t<div class=\"card p-0 mw-100 h-100 \"><div class=\"card-img-top overflow-hidden position-relative  \"><span class=\"bsui gd-badge-meta\"><a href=\"https:\/\/caminodesantiagofrances.com\/en\/lo\/categoria\/albergue\/\" class=\"gd-badge border-0 badge ab-bottom-left ms-1\" data-id=\"16057\" data-badge=\"default_category\" data-badge-condition=\"is_not_empty\" style=\"background-color:rgba(0,0,0,0.5);border-color:rgba(0,0,0,0.5);color:#ffffff;\">Albergue<\/a>\n<\/span><div class=\"geodir_post_meta gd-fav-info-wrap  gd-fav-hide-text ab-bottom-right me-1  mb-n1  me-1 mb-n1 ab-bottom-right\" >\t\t<span class=\"gd-list-favorite\">\n\t\t\t<span class=\"geodir-addtofav favorite_property_16057  h5\" aria-hidden=\"true\"><span  title=\"Add to Favourites\"  class=\"geodir-addtofav-icon c-pointer geodir-act-fav\"  data-color-on=\"#ff0000\"  data-icon=\"fas fa-heart\"  data-color-off=\"rgba(223,223,223,0.8)\"  data-text-color=\"\"  data-bs-toggle=\"tooltip\"  aria-hidden=\"true\"  onclick=\"javascript:window.location.href='https:\/\/caminodesantiagofrances.com\/en\/wp-login.php'\"  ><i class=\"fas fa-heart\"  style=\"color:rgba(223,223,223,0.8);\" ><\/i> <span class=\"geodir-fav-text gv-secondary visually-hidden\" style=\"\" aria-hidden=\"true\">Favourite<\/span><\/span>\n<\/span>\t\t<\/span>\n\t\t<\/div><div class=\"geodir-post-slider bsui sdel-03994e04\" ><div class=\"geodir-image-container geodir-image-sizes-medium_large overflow-hidden\">\n\t\t\t<div class=\"geodir-images aui-gallery geodir-images-n-1 geodir-images-image carousel-inner \">\n\t\t<div class=\"carousel-item active\"><a href=\"https:\/\/caminodesantiagofrances.com\/en\/lo\/albergue-aqua-portomarin\/\" class=\"geodir-link-image embed-has-action ratio ratio-16x9 ratio ratio-16x9 d-block\"><img src='data:image\/png;base64,iVBORw0KGgoAAAANSUhEUgAAAGQAAAABCAQAAACC0sM2AAAADklEQVR42mP8X88wLAAAK5IBgMYCdqgAAAAASUVORK5CYII=' data-src=\"https:\/\/caminodesantiagofrances.com\/en\/wp-content\/uploads\/sites\/3\/2025\/08\/Albergue-Aqua-Portomarin-Camino-de-Santiago-Frances-768x403.jpg\" alt=\"Albergue Aqua Portomarin Camino de Santiago Frances 768x403\" width=\"768\" height=\"403\" class=\"geodir-lazy-load align size-medium_large geodir-image-2484 embed-item-cover-xy w-100 p-0 m-0 mw-100 border-0\" data-srcset=\"https:\/\/caminodesantiagofrances.com\/en\/wp-content\/uploads\/sites\/3\/2025\/08\/Albergue-Aqua-Portomarin-Camino-de-Santiago-Frances-768x403.jpg 768w, https:\/\/caminodesantiagofrances.com\/en\/wp-content\/uploads\/sites\/3\/2025\/08\/Albergue-Aqua-Portomarin-Camino-de-Santiago-Frances-300x158.jpg 300w, https:\/\/caminodesantiagofrances.com\/en\/wp-content\/uploads\/sites\/3\/2025\/08\/Albergue-Aqua-Portomarin-Camino-de-Santiago-Frances-1024x538.jpg 1024w, https:\/\/caminodesantiagofrances.com\/en\/wp-content\/uploads\/sites\/3\/2025\/08\/Albergue-Aqua-Portomarin-Camino-de-Santiago-Frances.jpg 1200w\" sizes=\"(max-width: 768px) 100vw, 768px\" \/><i class=\"fas fa-link w-auto h-auto\" aria-hidden=\"true\"><\/i><\/a><\/div>\t\t<\/div>\n\t\t<\/div>\n<\/div><\/div><div class=\"card-body p-2  \"><div class=\"row justify-content-center gv-hide-3 gv-hide-0\"><div class=\"col col-4 text-center tofront \"><a href=\"https:\/\/caminodesantiagofrances.com\/en\/author\/caminodesantiagofrances-com\/\" title=\"caminodesantiagofrances-com\"><img decoding=\"async\" style=\"max-height:75px;\" class=\"rounded-circle shadow border border-white border-width-4 p-0 mw-100 mt-n5 bg-white\" src=\"https:\/\/secure.gravatar.com\/avatar\/03aa5dc32308904f80a38258afc0335b43d4b2bec3418626e4f8712b71c3b93e?s=96&#038;d=mm&#038;r=g\" alt=\"Author Image\"><\/a><\/div><\/div><div class=\"geodir-post-title bsui sdel-caa60b10\" ><h3 class=\"geodir-entry-title  h5 \"><a href=\"https:\/\/caminodesantiagofrances.com\/en\/lo\/albergue-aqua-portomarin\/\" class=\"\" title=\"View: Albergue Aqua Portomar\u00edn\">Albergue Aqua Portomar\u00edn<\/a><\/h3><\/div><div class=\"geodir-post-content-container bsui sdel-1e477937\" ><div class=\"geodir_post_meta  text-justify pb-1 position-relative geodir-field-post_content\" >RESERVAR AHORA Albergue Aqua en Portomar\u00edn, Camino de Santiago Franc\u00e9s El Albergue Aqua est\u00e1 situado en el centro de Portomar\u00edn,<\/div><\/div><\/div><div class=\"card-footer p-2  \"><div class='d-flex justify-content-between align-items-center flex-wrap'><div><\/div><div><\/div><\/div><\/div><\/div>\t<\/div>\n\t<\/div>\n\n<div class=\"col mb-4 geodir-post post-16051 gd_place type-gd_place status-publish has-post-thumbnail gd-post-pkg-1\" data-post-id=\"16051\">\n\t\t<div class=\"card h-100 p-0 m-0 mw-100  \">\n\t<div class=\"card p-0 mw-100 h-100 \"><div class=\"card-img-top overflow-hidden position-relative  \"><span class=\"bsui gd-badge-meta\"><a href=\"https:\/\/caminodesantiagofrances.com\/en\/lo\/categoria\/albergue\/\" class=\"gd-badge border-0 badge ab-bottom-left ms-1\" data-id=\"16051\" data-badge=\"default_category\" data-badge-condition=\"is_not_empty\" style=\"background-color:rgba(0,0,0,0.5);border-color:rgba(0,0,0,0.5);color:#ffffff;\">Albergue<\/a>\n<\/span><div class=\"geodir_post_meta gd-fav-info-wrap  gd-fav-hide-text ab-bottom-right me-1  mb-n1  me-1 mb-n1 ab-bottom-right\" >\t\t<span class=\"gd-list-favorite\">\n\t\t\t<span class=\"geodir-addtofav favorite_property_16051  h5\" aria-hidden=\"true\"><span  title=\"Add to Favourites\"  class=\"geodir-addtofav-icon c-pointer geodir-act-fav\"  data-color-on=\"#ff0000\"  data-icon=\"fas fa-heart\"  data-color-off=\"rgba(223,223,223,0.8)\"  data-text-color=\"\"  data-bs-toggle=\"tooltip\"  aria-hidden=\"true\"  onclick=\"javascript:window.location.href='https:\/\/caminodesantiagofrances.com\/en\/wp-login.php'\"  ><i class=\"fas fa-heart\"  style=\"color:rgba(223,223,223,0.8);\" ><\/i> <span class=\"geodir-fav-text gv-secondary visually-hidden\" style=\"\" aria-hidden=\"true\">Favourite<\/span><\/span>\n<\/span>\t\t<\/span>\n\t\t<\/div><div class=\"geodir-post-slider bsui sdel-03994e04\" ><div class=\"geodir-image-container geodir-image-sizes-medium_large overflow-hidden\">\n\t\t\t<div class=\"geodir-images aui-gallery geodir-images-n-1 geodir-images-image carousel-inner \">\n\t\t<div class=\"carousel-item active\"><a href=\"https:\/\/caminodesantiagofrances.com\/en\/lo\/huellas-albergue-turistico\/\" class=\"geodir-link-image embed-has-action ratio ratio-16x9 ratio ratio-16x9 d-block\"><img src='data:image\/png;base64,iVBORw0KGgoAAAANSUhEUgAAAGQAAAABCAQAAACC0sM2AAAADklEQVR42mP8X88wLAAAK5IBgMYCdqgAAAAASUVORK5CYII=' data-src=\"https:\/\/caminodesantiagofrances.com\/en\/wp-content\/uploads\/sites\/3\/2025\/08\/Huellas-Albergue-Turistico-Camino-de-Santiago-Frances-768x403.jpg\" alt=\"Huellas Albergue Turistico Camino de Santiago Frances 768x403\" width=\"768\" height=\"403\" class=\"geodir-lazy-load align size-medium_large geodir-image-2460 embed-item-cover-xy w-100 p-0 m-0 mw-100 border-0\" data-srcset=\"https:\/\/caminodesantiagofrances.com\/en\/wp-content\/uploads\/sites\/3\/2025\/08\/Huellas-Albergue-Turistico-Camino-de-Santiago-Frances-768x403.jpg 768w, https:\/\/caminodesantiagofrances.com\/en\/wp-content\/uploads\/sites\/3\/2025\/08\/Huellas-Albergue-Turistico-Camino-de-Santiago-Frances-300x158.jpg 300w, https:\/\/caminodesantiagofrances.com\/en\/wp-content\/uploads\/sites\/3\/2025\/08\/Huellas-Albergue-Turistico-Camino-de-Santiago-Frances-1024x538.jpg 1024w, https:\/\/caminodesantiagofrances.com\/en\/wp-content\/uploads\/sites\/3\/2025\/08\/Huellas-Albergue-Turistico-Camino-de-Santiago-Frances.jpg 1200w\" sizes=\"(max-width: 768px) 100vw, 768px\" \/><i class=\"fas fa-link w-auto h-auto\" aria-hidden=\"true\"><\/i><\/a><\/div>\t\t<\/div>\n\t\t<\/div>\n<\/div><\/div><div class=\"card-body p-2  \"><div class=\"row justify-content-center gv-hide-3 gv-hide-0\"><div class=\"col col-4 text-center tofront \"><a href=\"https:\/\/caminodesantiagofrances.com\/en\/author\/caminodesantiagofrances-com\/\" title=\"caminodesantiagofrances-com\"><img decoding=\"async\" style=\"max-height:75px;\" class=\"rounded-circle shadow border border-white border-width-4 p-0 mw-100 mt-n5 bg-white\" src=\"https:\/\/secure.gravatar.com\/avatar\/03aa5dc32308904f80a38258afc0335b43d4b2bec3418626e4f8712b71c3b93e?s=96&#038;d=mm&#038;r=g\" alt=\"Author Image\"><\/a><\/div><\/div><div class=\"geodir-post-title bsui sdel-caa60b10\" ><h3 class=\"geodir-entry-title  h5 \"><a href=\"https:\/\/caminodesantiagofrances.com\/en\/lo\/huellas-albergue-turistico\/\" class=\"\" title=\"View: Huellas Albergue Tur\u00edstico\">Huellas Albergue Tur\u00edstico<\/a><\/h3><\/div><div class=\"geodir-post-content-container bsui sdel-1e477937\" ><div class=\"geodir_post_meta  text-justify pb-1 position-relative geodir-field-post_content\" >RESERVAR AHORA Albergue Huellas \u2013 alojamiento acogedor en Portomar\u00edn El Albergue Huellas se sit\u00faa en la hist\u00f3rica villa de Portomar\u00edn<\/div><\/div><\/div><div class=\"card-footer p-2  \"><div class='d-flex justify-content-between align-items-center flex-wrap'><div><\/div><div><\/div><\/div><\/div><\/div>\t<\/div>\n\t<\/div>\n\n<div class=\"col mb-4 geodir-post post-16044 gd_place type-gd_place status-publish has-post-thumbnail gd-post-pkg-1\" data-post-id=\"16044\">\n\t\t<div class=\"card h-100 p-0 m-0 mw-100  \">\n\t<div class=\"card p-0 mw-100 h-100 \"><div class=\"card-img-top overflow-hidden position-relative  \"><span class=\"bsui gd-badge-meta\"><a href=\"https:\/\/caminodesantiagofrances.com\/en\/lo\/categoria\/albergue\/\" class=\"gd-badge border-0 badge ab-bottom-left ms-1\" data-id=\"16044\" data-badge=\"default_category\" data-badge-condition=\"is_not_empty\" style=\"background-color:rgba(0,0,0,0.5);border-color:rgba(0,0,0,0.5);color:#ffffff;\">Albergue<\/a>\n<\/span><div class=\"geodir_post_meta gd-fav-info-wrap  gd-fav-hide-text ab-bottom-right me-1  mb-n1  me-1 mb-n1 ab-bottom-right\" >\t\t<span class=\"gd-list-favorite\">\n\t\t\t<span class=\"geodir-addtofav favorite_property_16044  h5\" aria-hidden=\"true\"><span  title=\"Add to Favourites\"  class=\"geodir-addtofav-icon c-pointer geodir-act-fav\"  data-color-on=\"#ff0000\"  data-icon=\"fas fa-heart\"  data-color-off=\"rgba(223,223,223,0.8)\"  data-text-color=\"\"  data-bs-toggle=\"tooltip\"  aria-hidden=\"true\"  onclick=\"javascript:window.location.href='https:\/\/caminodesantiagofrances.com\/en\/wp-login.php'\"  ><i class=\"fas fa-heart\"  style=\"color:rgba(223,223,223,0.8);\" ><\/i> <span class=\"geodir-fav-text gv-secondary visually-hidden\" style=\"\" aria-hidden=\"true\">Favourite<\/span><\/span>\n<\/span>\t\t<\/span>\n\t\t<\/div><div class=\"geodir-post-slider bsui sdel-03994e04\" ><div class=\"geodir-image-container geodir-image-sizes-medium_large overflow-hidden\">\n\t\t\t<div class=\"geodir-images aui-gallery geodir-images-n-1 geodir-images-image carousel-inner \">\n\t\t<div class=\"carousel-item active\"><a href=\"https:\/\/caminodesantiagofrances.com\/en\/lo\/albergue-ferramenteiro\/\" class=\"geodir-link-image embed-has-action ratio ratio-16x9 ratio ratio-16x9 d-block\"><img src='data:image\/png;base64,iVBORw0KGgoAAAANSUhEUgAAAGQAAAABCAQAAACC0sM2AAAADklEQVR42mP8X88wLAAAK5IBgMYCdqgAAAAASUVORK5CYII=' data-src=\"https:\/\/caminodesantiagofrances.com\/en\/wp-content\/uploads\/sites\/3\/2025\/08\/Albergue-Ferramenteiro-Camino-de-Santiago-Frances-768x403.jpg\" alt=\"Albergue Ferramenteiro Camino de Santiago Frances 768x403\" width=\"768\" height=\"403\" class=\"geodir-lazy-load align size-medium_large geodir-image-2433 embed-item-cover-xy w-100 p-0 m-0 mw-100 border-0\" data-srcset=\"https:\/\/caminodesantiagofrances.com\/en\/wp-content\/uploads\/sites\/3\/2025\/08\/Albergue-Ferramenteiro-Camino-de-Santiago-Frances-768x403.jpg 768w, https:\/\/caminodesantiagofrances.com\/en\/wp-content\/uploads\/sites\/3\/2025\/08\/Albergue-Ferramenteiro-Camino-de-Santiago-Frances-300x158.jpg 300w, https:\/\/caminodesantiagofrances.com\/en\/wp-content\/uploads\/sites\/3\/2025\/08\/Albergue-Ferramenteiro-Camino-de-Santiago-Frances-1024x538.jpg 1024w, https:\/\/caminodesantiagofrances.com\/en\/wp-content\/uploads\/sites\/3\/2025\/08\/Albergue-Ferramenteiro-Camino-de-Santiago-Frances.jpg 1200w\" sizes=\"(max-width: 768px) 100vw, 768px\" \/><i class=\"fas fa-link w-auto h-auto\" aria-hidden=\"true\"><\/i><\/a><\/div>\t\t<\/div>\n\t\t<\/div>\n<\/div><\/div><div class=\"card-body p-2  \"><div class=\"row justify-content-center gv-hide-3 gv-hide-0\"><div class=\"col col-4 text-center tofront \"><a href=\"https:\/\/caminodesantiagofrances.com\/en\/author\/caminodesantiagofrances-com\/\" title=\"caminodesantiagofrances-com\"><img decoding=\"async\" style=\"max-height:75px;\" class=\"rounded-circle shadow border border-white border-width-4 p-0 mw-100 mt-n5 bg-white\" src=\"https:\/\/secure.gravatar.com\/avatar\/03aa5dc32308904f80a38258afc0335b43d4b2bec3418626e4f8712b71c3b93e?s=96&#038;d=mm&#038;r=g\" alt=\"Author Image\"><\/a><\/div><\/div><div class=\"geodir-post-title bsui sdel-caa60b10\" ><h3 class=\"geodir-entry-title  h5 \"><a href=\"https:\/\/caminodesantiagofrances.com\/en\/lo\/albergue-ferramenteiro\/\" class=\"\" title=\"View: Albergue Ferramenteiro\">Albergue Ferramenteiro<\/a><\/h3><\/div><div class=\"geodir-post-content-container bsui sdel-1e477937\" ><div class=\"geodir_post_meta  text-justify pb-1 position-relative geodir-field-post_content\" >RESERVAR AHORA Albergue Ferramenteiro \u2013 descanso y hospitalidad en el coraz\u00f3n de Portomar\u00edn En pleno Camino de Santiago Franc\u00e9s, a<\/div><\/div><\/div><div class=\"card-footer p-2  \"><div class='d-flex justify-content-between align-items-center flex-wrap'><div><\/div><div><\/div><\/div><\/div><\/div>\t<\/div>\n\t<\/div>\n\n<div class=\"col mb-4 geodir-post post-13829 gd_place type-gd_place status-publish has-post-thumbnail gd-post-pkg-1\" data-post-id=\"13829\">\n\t\t<div class=\"card h-100 p-0 m-0 mw-100  \">\n\t<div class=\"card p-0 mw-100 h-100 \"><div class=\"card-img-top overflow-hidden position-relative  \"><span class=\"bsui gd-badge-meta\"><a href=\"https:\/\/caminodesantiagofrances.com\/en\/lo\/categoria\/albergue\/\" class=\"gd-badge border-0 badge ab-bottom-left ms-1\" data-id=\"13829\" data-badge=\"default_category\" data-badge-condition=\"is_not_empty\" style=\"background-color:rgba(0,0,0,0.5);border-color:rgba(0,0,0,0.5);color:#ffffff;\">Albergue<\/a>\n<\/span><div class=\"geodir_post_meta gd-fav-info-wrap  gd-fav-hide-text ab-bottom-right me-1  mb-n1  me-1 mb-n1 ab-bottom-right\" >\t\t<span class=\"gd-list-favorite\">\n\t\t\t<span class=\"geodir-addtofav favorite_property_13829  h5\" aria-hidden=\"true\"><span  title=\"Add to Favourites\"  class=\"geodir-addtofav-icon c-pointer geodir-act-fav\"  data-color-on=\"#ff0000\"  data-icon=\"fas fa-heart\"  data-color-off=\"rgba(223,223,223,0.8)\"  data-text-color=\"\"  data-bs-toggle=\"tooltip\"  aria-hidden=\"true\"  onclick=\"javascript:window.location.href='https:\/\/caminodesantiagofrances.com\/en\/wp-login.php'\"  ><i class=\"fas fa-heart\"  style=\"color:rgba(223,223,223,0.8);\" ><\/i> <span class=\"geodir-fav-text gv-secondary visually-hidden\" style=\"\" aria-hidden=\"true\">Favourite<\/span><\/span>\n<\/span>\t\t<\/span>\n\t\t<\/div><div class=\"geodir-post-slider bsui sdel-03994e04\" ><div class=\"geodir-image-container geodir-image-sizes-medium_large overflow-hidden\">\n\t\t\t<div class=\"geodir-images aui-gallery geodir-images-n-1 geodir-images-image carousel-inner \">\n\t\t<div class=\"carousel-item active\"><a href=\"https:\/\/caminodesantiagofrances.com\/en\/lo\/albergue-de-la-xunta-de-galicia-portomarin\/\" class=\"geodir-link-image embed-has-action ratio ratio-16x9 ratio ratio-16x9 d-block\"><img src='data:image\/png;base64,iVBORw0KGgoAAAANSUhEUgAAAGQAAAABCAQAAACC0sM2AAAADklEQVR42mP8X88wLAAAK5IBgMYCdqgAAAAASUVORK5CYII=' data-src=\"https:\/\/caminodesantiagofrances.com\/en\/wp-content\/uploads\/sites\/3\/2024\/10\/Albergue-de-la-Xunta-de-Galicia-Portomarin-Camino-de-Santiago-Frances-768x403.jpg\" alt=\"Albergue de la Xunta de Galicia Portomarin Camino de Santiago Frances 768x403\" width=\"768\" height=\"403\" class=\"geodir-lazy-load align size-medium_large geodir-image-505 embed-item-cover-xy w-100 p-0 m-0 mw-100 border-0\" data-srcset=\"https:\/\/caminodesantiagofrances.com\/en\/wp-content\/uploads\/sites\/3\/2024\/10\/Albergue-de-la-Xunta-de-Galicia-Portomarin-Camino-de-Santiago-Frances-768x403.jpg 768w, https:\/\/caminodesantiagofrances.com\/en\/wp-content\/uploads\/sites\/3\/2024\/10\/Albergue-de-la-Xunta-de-Galicia-Portomarin-Camino-de-Santiago-Frances-300x158.jpg 300w, https:\/\/caminodesantiagofrances.com\/en\/wp-content\/uploads\/sites\/3\/2024\/10\/Albergue-de-la-Xunta-de-Galicia-Portomarin-Camino-de-Santiago-Frances-1024x538.jpg 1024w, https:\/\/caminodesantiagofrances.com\/en\/wp-content\/uploads\/sites\/3\/2024\/10\/Albergue-de-la-Xunta-de-Galicia-Portomarin-Camino-de-Santiago-Frances.jpg 1200w\" sizes=\"(max-width: 768px) 100vw, 768px\" \/><i class=\"fas fa-link w-auto h-auto\" aria-hidden=\"true\"><\/i><\/a><\/div>\t\t<\/div>\n\t\t<\/div>\n<\/div><\/div><div class=\"card-body p-2  \"><div class=\"row justify-content-center gv-hide-3 gv-hide-0\"><div class=\"col col-4 text-center tofront \"><a href=\"https:\/\/caminodesantiagofrances.com\/en\/author\/caminodesantiagofrances-com\/\" title=\"caminodesantiagofrances-com\"><img decoding=\"async\" style=\"max-height:75px;\" class=\"rounded-circle shadow border border-white border-width-4 p-0 mw-100 mt-n5 bg-white\" src=\"https:\/\/secure.gravatar.com\/avatar\/03aa5dc32308904f80a38258afc0335b43d4b2bec3418626e4f8712b71c3b93e?s=96&#038;d=mm&#038;r=g\" alt=\"Author Image\"><\/a><\/div><\/div><div class=\"geodir-post-title bsui sdel-caa60b10\" ><h3 class=\"geodir-entry-title  h5 \"><a href=\"https:\/\/caminodesantiagofrances.com\/en\/lo\/albergue-de-la-xunta-de-galicia-portomarin\/\" class=\"\" title=\"View: Albergue de la Xunta de Galicia\u00a0Portomar\u00edn\">Albergue de la Xunta de Galicia\u00a0Portomar\u00edn<\/a><\/h3><\/div><div class=\"geodir-post-content-container bsui sdel-1e477937\" ><div class=\"geodir_post_meta  text-justify pb-1 position-relative geodir-field-post_content\" >Albergue de Peregrinos de la Xunta de Galicia de Portomar\u00edn El Albergue de Peregrinos de la Xunta de Galicia de<\/div><\/div><\/div><div class=\"card-footer p-2  \"><div class='d-flex justify-content-between align-items-center flex-wrap'><div><\/div><div><\/div><\/div><\/div><\/div>\t<\/div>\n\t<\/div>\n\t<\/div>\n\t\t<\/div>\n\t\t<\/div><\/div>\n\n\n\n<h3 class=\"wp-block-heading has-text-align-center\"><a href=\"https:\/\/caminodesantiagofrances.com\/en\/provincia-de-lugo\/gonzar\/\" data-type=\"link\" data-id=\"https:\/\/caminodesantiagofrances.com\/en\/provincia-de-lugo\/gonzar\/\">Gonzar<\/a><\/h3>\n\n\n\n<h3 class=\"wp-block-heading has-text-align-center\"><a href=\"https:\/\/caminodesantiagofrances.com\/en\/provincia-de-lugo\/castromaior\/\" data-type=\"link\" data-id=\"https:\/\/caminodesantiagofrances.com\/en\/provincia-de-lugo\/castromaior\/\">Castromaior<\/a><\/h3>\n\n\n\n<h3 class=\"wp-block-heading has-text-align-center\"><a href=\"https:\/\/caminodesantiagofrances.com\/en\/provincia-de-lugo\/o-hospital\/\" data-type=\"link\" data-id=\"https:\/\/caminodesantiagofrances.com\/en\/provincia-de-lugo\/o-hospital\/\">O Hospital<\/a><\/h3>\n\n\n\n<h3 class=\"wp-block-heading has-text-align-center\"><a href=\"https:\/\/caminodesantiagofrances.com\/en\/provincia-de-lugo\/vendas-de-naron\/\" data-type=\"link\" data-id=\"https:\/\/caminodesantiagofrances.com\/en\/provincia-de-lugo\/vendas-de-naron\/\">Vendas de Nar\u00f3n<\/a><\/h3>\n\n\n\n<h3 class=\"wp-block-heading has-text-align-center\"><a href=\"https:\/\/caminodesantiagofrances.com\/en\/provincia-de-lugo\/ligonde\/\" data-type=\"link\" data-id=\"https:\/\/caminodesantiagofrances.com\/en\/provincia-de-lugo\/ligonde\/\">Ligonde<\/a><\/h3>\n\n\n\n<h3 class=\"wp-block-heading has-text-align-center\"><a href=\"https:\/\/caminodesantiagofrances.com\/en\/provincia-de-lugo\/airexe\/\" data-type=\"link\" data-id=\"https:\/\/caminodesantiagofrances.com\/en\/provincia-de-lugo\/airexe\/\">Airexe<\/a><\/h3>\n\n\n\n<h3 class=\"wp-block-heading has-text-align-center\"><a href=\"https:\/\/caminodesantiagofrances.com\/en\/provincia-de-lugo\/portos\/\" data-type=\"link\" data-id=\"https:\/\/caminodesantiagofrances.com\/en\/provincia-de-lugo\/portos\/\">Portos<\/a><\/h3>\n\n\n\n<h3 class=\"wp-block-heading has-text-align-center\"><a href=\"https:\/\/caminodesantiagofrances.com\/en\/provincia-de-lugo\/lestedo\/\" data-type=\"link\" data-id=\"https:\/\/caminodesantiagofrances.com\/en\/provincia-de-lugo\/lestedo\/\">Lestedo<\/a><\/h3>\n\n\n\n<h3 class=\"wp-block-heading has-text-align-center\"><a href=\"https:\/\/caminodesantiagofrances.com\/en\/provincia-de-lugo\/os-valos\/\" data-type=\"link\" data-id=\"https:\/\/caminodesantiagofrances.com\/en\/provincia-de-lugo\/os-valos\/\">Os Valos<\/a><\/h3>\n\n\n\n<h3 class=\"wp-block-heading has-text-align-center\"><a href=\"https:\/\/caminodesantiagofrances.com\/en\/provincia-de-lugo\/a-brea-palas-de-rei\/\" data-type=\"link\" data-id=\"https:\/\/caminodesantiagofrances.com\/en\/provincia-de-lugo\/a-brea-palas-de-rei\/\">A Brea (Palas de Rei)<\/a><\/h3>\n\n\n\n<h3 class=\"wp-block-heading has-text-align-center\"><a href=\"https:\/\/caminodesantiagofrances.com\/en\/provincia-de-lugo\/palas-de-rei\/\" data-type=\"link\" data-id=\"https:\/\/caminodesantiagofrances.com\/en\/provincia-de-lugo\/palas-de-rei\/\">Palas de Rei<\/a><\/h3>\n\n\n\n<div class=\"wp-block-geodirectory-geodir-widget-listings\"><div class=\"geodir-listings bsui sdel-25fd1ee1\" >\t\t<div id=\"geodir_6a9d4534ab6f7\" class=\"geodir_locations geodir_location_listing\n\t\t\t\t\t\t\t mb-3\t\t position-relative\">\n\t\t\t\t<div\n\t\tclass=\"row row-cols-1 row-cols-sm-2 geodir-category-list-view geodir-widget-posts geodir-gridview row-cols-md-2\">\n\t\t\n<div class=\"col mb-4 geodir-post post-16075 gd_place type-gd_place status-publish has-post-thumbnail gd-post-pkg-1\" data-post-id=\"16075\">\n\t\t<div class=\"card h-100 p-0 m-0 mw-100  \">\n\t<div class=\"card p-0 mw-100 h-100 \"><div class=\"card-img-top overflow-hidden position-relative  \"><span class=\"bsui gd-badge-meta\"><a href=\"https:\/\/caminodesantiagofrances.com\/en\/lo\/categoria\/albergue\/\" class=\"gd-badge border-0 badge ab-bottom-left ms-1\" data-id=\"16075\" data-badge=\"default_category\" data-badge-condition=\"is_not_empty\" style=\"background-color:rgba(0,0,0,0.5);border-color:rgba(0,0,0,0.5);color:#ffffff;\">Albergue<\/a>\n<\/span><div class=\"geodir_post_meta gd-fav-info-wrap  gd-fav-hide-text ab-bottom-right me-1  mb-n1  me-1 mb-n1 ab-bottom-right\" >\t\t<span class=\"gd-list-favorite\">\n\t\t\t<span class=\"geodir-addtofav favorite_property_16075  h5\" aria-hidden=\"true\"><span  title=\"Add to Favourites\"  class=\"geodir-addtofav-icon c-pointer geodir-act-fav\"  data-color-on=\"#ff0000\"  data-icon=\"fas fa-heart\"  data-color-off=\"rgba(223,223,223,0.8)\"  data-text-color=\"\"  data-bs-toggle=\"tooltip\"  aria-hidden=\"true\"  onclick=\"javascript:window.location.href='https:\/\/caminodesantiagofrances.com\/en\/wp-login.php'\"  ><i class=\"fas fa-heart\"  style=\"color:rgba(223,223,223,0.8);\" ><\/i> <span class=\"geodir-fav-text gv-secondary visually-hidden\" style=\"\" aria-hidden=\"true\">Favourite<\/span><\/span>\n<\/span>\t\t<\/span>\n\t\t<\/div><div class=\"geodir-post-slider bsui sdel-03994e04\" ><div class=\"geodir-image-container geodir-image-sizes-medium_large overflow-hidden\">\n\t\t\t<div class=\"geodir-images aui-gallery geodir-images-n-1 geodir-images-image carousel-inner \">\n\t\t<div class=\"carousel-item active\"><a href=\"https:\/\/caminodesantiagofrances.com\/en\/lo\/albergue-freixo\/\" class=\"geodir-link-image embed-has-action ratio ratio-16x9 ratio ratio-16x9 d-block\"><img src='data:image\/png;base64,iVBORw0KGgoAAAANSUhEUgAAAGQAAAABCAQAAACC0sM2AAAADklEQVR42mP8X88wLAAAK5IBgMYCdqgAAAAASUVORK5CYII=' data-src=\"https:\/\/caminodesantiagofrances.com\/en\/wp-content\/uploads\/sites\/3\/2025\/08\/Albergue-Freixo-Camino-de-Santiago-Frances-768x403.jpg\" alt=\"Albergue Freixo Camino de Santiago Frances 768x403\" width=\"768\" height=\"403\" class=\"geodir-lazy-load align size-medium_large geodir-image-2560 embed-item-cover-xy w-100 p-0 m-0 mw-100 border-0\" data-srcset=\"https:\/\/caminodesantiagofrances.com\/en\/wp-content\/uploads\/sites\/3\/2025\/08\/Albergue-Freixo-Camino-de-Santiago-Frances-768x403.jpg 768w, https:\/\/caminodesantiagofrances.com\/en\/wp-content\/uploads\/sites\/3\/2025\/08\/Albergue-Freixo-Camino-de-Santiago-Frances-300x158.jpg 300w, https:\/\/caminodesantiagofrances.com\/en\/wp-content\/uploads\/sites\/3\/2025\/08\/Albergue-Freixo-Camino-de-Santiago-Frances-1024x538.jpg 1024w, https:\/\/caminodesantiagofrances.com\/en\/wp-content\/uploads\/sites\/3\/2025\/08\/Albergue-Freixo-Camino-de-Santiago-Frances.jpg 1200w\" sizes=\"(max-width: 768px) 100vw, 768px\" \/><i class=\"fas fa-link w-auto h-auto\" aria-hidden=\"true\"><\/i><\/a><\/div>\t\t<\/div>\n\t\t<\/div>\n<\/div><\/div><div class=\"card-body p-2  \"><div class=\"row justify-content-center gv-hide-3 gv-hide-0\"><div class=\"col col-4 text-center tofront \"><a href=\"https:\/\/caminodesantiagofrances.com\/en\/author\/caminodesantiagofrances-com\/\" title=\"caminodesantiagofrances-com\"><img decoding=\"async\" style=\"max-height:75px;\" class=\"rounded-circle shadow border border-white border-width-4 p-0 mw-100 mt-n5 bg-white\" src=\"https:\/\/secure.gravatar.com\/avatar\/03aa5dc32308904f80a38258afc0335b43d4b2bec3418626e4f8712b71c3b93e?s=96&#038;d=mm&#038;r=g\" alt=\"Author Image\"><\/a><\/div><\/div><div class=\"geodir-post-title bsui sdel-caa60b10\" ><h3 class=\"geodir-entry-title  h5 \"><a href=\"https:\/\/caminodesantiagofrances.com\/en\/lo\/albergue-freixo\/\" class=\"\" title=\"View: Albergue Freixo\">Albergue Freixo<\/a><\/h3><\/div><div class=\"geodir-post-content-container bsui sdel-1e477937\" ><div class=\"geodir_post_meta  text-justify pb-1 position-relative geodir-field-post_content\" >RESERVAR AHORA Albergue O Freixo en Palas de Rei: descanso y hospitalidad en el Camino Franc\u00e9s El Albergue Freixo se<\/div><\/div><\/div><div class=\"card-footer p-2  \"><div class='d-flex justify-content-between align-items-center flex-wrap'><div><\/div><div><\/div><\/div><\/div><\/div>\t<\/div>\n\t<\/div>\n\n<div class=\"col mb-4 geodir-post post-16060 gd_place type-gd_place status-publish has-post-thumbnail gd-post-pkg-1\" data-post-id=\"16060\">\n\t\t<div class=\"card h-100 p-0 m-0 mw-100  \">\n\t<div class=\"card p-0 mw-100 h-100 \"><div class=\"card-img-top overflow-hidden position-relative  \"><span class=\"bsui gd-badge-meta\"><a href=\"https:\/\/caminodesantiagofrances.com\/en\/lo\/categoria\/albergue\/\" class=\"gd-badge border-0 badge ab-bottom-left ms-1\" data-id=\"16060\" data-badge=\"default_category\" data-badge-condition=\"is_not_empty\" style=\"background-color:rgba(0,0,0,0.5);border-color:rgba(0,0,0,0.5);color:#ffffff;\">Albergue<\/a>\n<\/span><div class=\"geodir_post_meta gd-fav-info-wrap  gd-fav-hide-text ab-bottom-right me-1  mb-n1  me-1 mb-n1 ab-bottom-right\" >\t\t<span class=\"gd-list-favorite\">\n\t\t\t<span class=\"geodir-addtofav favorite_property_16060  h5\" aria-hidden=\"true\"><span  title=\"Add to Favourites\"  class=\"geodir-addtofav-icon c-pointer geodir-act-fav\"  data-color-on=\"#ff0000\"  data-icon=\"fas fa-heart\"  data-color-off=\"rgba(223,223,223,0.8)\"  data-text-color=\"\"  data-bs-toggle=\"tooltip\"  aria-hidden=\"true\"  onclick=\"javascript:window.location.href='https:\/\/caminodesantiagofrances.com\/en\/wp-login.php'\"  ><i class=\"fas fa-heart\"  style=\"color:rgba(223,223,223,0.8);\" ><\/i> <span class=\"geodir-fav-text gv-secondary visually-hidden\" style=\"\" aria-hidden=\"true\">Favourite<\/span><\/span>\n<\/span>\t\t<\/span>\n\t\t<\/div><div class=\"geodir-post-slider bsui sdel-03994e04\" ><div class=\"geodir-image-container geodir-image-sizes-medium_large overflow-hidden\">\n\t\t\t<div class=\"geodir-images aui-gallery geodir-images-n-1 geodir-images-image carousel-inner \">\n\t\t<div class=\"carousel-item active\"><a href=\"https:\/\/caminodesantiagofrances.com\/en\/lo\/albergue-san-marcos\/\" class=\"geodir-link-image embed-has-action ratio ratio-16x9 ratio ratio-16x9 d-block\"><img src='data:image\/png;base64,iVBORw0KGgoAAAANSUhEUgAAAGQAAAABCAQAAACC0sM2AAAADklEQVR42mP8X88wLAAAK5IBgMYCdqgAAAAASUVORK5CYII=' data-src=\"https:\/\/caminodesantiagofrances.com\/en\/wp-content\/uploads\/sites\/3\/2025\/08\/Albergue-San-Marcos-Camino-de-Santiago-Frances-768x403.jpg\" alt=\"Albergue San Marcos Camino de Santiago Frances 768x403\" width=\"768\" height=\"403\" class=\"geodir-lazy-load align size-medium_large geodir-image-2499 embed-item-cover-xy w-100 p-0 m-0 mw-100 border-0\" data-srcset=\"https:\/\/caminodesantiagofrances.com\/en\/wp-content\/uploads\/sites\/3\/2025\/08\/Albergue-San-Marcos-Camino-de-Santiago-Frances-768x403.jpg 768w, https:\/\/caminodesantiagofrances.com\/en\/wp-content\/uploads\/sites\/3\/2025\/08\/Albergue-San-Marcos-Camino-de-Santiago-Frances-300x158.jpg 300w, https:\/\/caminodesantiagofrances.com\/en\/wp-content\/uploads\/sites\/3\/2025\/08\/Albergue-San-Marcos-Camino-de-Santiago-Frances-1024x538.jpg 1024w, https:\/\/caminodesantiagofrances.com\/en\/wp-content\/uploads\/sites\/3\/2025\/08\/Albergue-San-Marcos-Camino-de-Santiago-Frances.jpg 1200w\" sizes=\"(max-width: 768px) 100vw, 768px\" \/><i class=\"fas fa-link w-auto h-auto\" aria-hidden=\"true\"><\/i><\/a><\/div>\t\t<\/div>\n\t\t<\/div>\n<\/div><\/div><div class=\"card-body p-2  \"><div class=\"row justify-content-center gv-hide-3 gv-hide-0\"><div class=\"col col-4 text-center tofront \"><a href=\"https:\/\/caminodesantiagofrances.com\/en\/author\/caminodesantiagofrances-com\/\" title=\"caminodesantiagofrances-com\"><img decoding=\"async\" style=\"max-height:75px;\" class=\"rounded-circle shadow border border-white border-width-4 p-0 mw-100 mt-n5 bg-white\" src=\"https:\/\/secure.gravatar.com\/avatar\/03aa5dc32308904f80a38258afc0335b43d4b2bec3418626e4f8712b71c3b93e?s=96&#038;d=mm&#038;r=g\" alt=\"Author Image\"><\/a><\/div><\/div><div class=\"geodir-post-title bsui sdel-caa60b10\" ><h3 class=\"geodir-entry-title  h5 \"><a href=\"https:\/\/caminodesantiagofrances.com\/en\/lo\/albergue-san-marcos\/\" class=\"\" title=\"View: Albergue San Marcos\">Albergue San Marcos<\/a><\/h3><\/div><div class=\"geodir-post-content-container bsui sdel-1e477937\" ><div class=\"geodir_post_meta  text-justify pb-1 position-relative geodir-field-post_content\" >RESERVAR AHORA Albergue San Marcos en Palas de Rei: descanso y hospitalidad en el Camino de Santiago Franc\u00e9s El Albergue<\/div><\/div><\/div><div class=\"card-footer p-2  \"><div class='d-flex justify-content-between align-items-center flex-wrap'><div><\/div><div><\/div><\/div><\/div><\/div>\t<\/div>\n\t<\/div>\n\n<div class=\"col mb-4 geodir-post post-13833 gd_place type-gd_place status-publish has-post-thumbnail gd-post-pkg-1\" data-post-id=\"13833\">\n\t\t<div class=\"card h-100 p-0 m-0 mw-100  \">\n\t<div class=\"card p-0 mw-100 h-100 \"><div class=\"card-img-top overflow-hidden position-relative  \"><span class=\"bsui gd-badge-meta\"><a href=\"https:\/\/caminodesantiagofrances.com\/en\/lo\/categoria\/albergue\/\" class=\"gd-badge border-0 badge ab-bottom-left ms-1\" data-id=\"13833\" data-badge=\"default_category\" data-badge-condition=\"is_not_empty\" style=\"background-color:rgba(0,0,0,0.5);border-color:rgba(0,0,0,0.5);color:#ffffff;\">Albergue<\/a>\n<\/span><div class=\"geodir_post_meta gd-fav-info-wrap  gd-fav-hide-text ab-bottom-right me-1  mb-n1  me-1 mb-n1 ab-bottom-right\" >\t\t<span class=\"gd-list-favorite\">\n\t\t\t<span class=\"geodir-addtofav favorite_property_13833  h5\" aria-hidden=\"true\"><span  title=\"Add to Favourites\"  class=\"geodir-addtofav-icon c-pointer geodir-act-fav\"  data-color-on=\"#ff0000\"  data-icon=\"fas fa-heart\"  data-color-off=\"rgba(223,223,223,0.8)\"  data-text-color=\"\"  data-bs-toggle=\"tooltip\"  aria-hidden=\"true\"  onclick=\"javascript:window.location.href='https:\/\/caminodesantiagofrances.com\/en\/wp-login.php'\"  ><i class=\"fas fa-heart\"  style=\"color:rgba(223,223,223,0.8);\" ><\/i> <span class=\"geodir-fav-text gv-secondary visually-hidden\" style=\"\" aria-hidden=\"true\">Favourite<\/span><\/span>\n<\/span>\t\t<\/span>\n\t\t<\/div><div class=\"geodir-post-slider bsui sdel-03994e04\" ><div class=\"geodir-image-container geodir-image-sizes-medium_large overflow-hidden\">\n\t\t\t<div class=\"geodir-images aui-gallery geodir-images-n-1 geodir-images-image carousel-inner \">\n\t\t<div class=\"carousel-item active\"><a href=\"https:\/\/caminodesantiagofrances.com\/en\/lo\/albergue-de-la-xunta-de-galicia-de-palas-de-rei\/\" class=\"geodir-link-image embed-has-action ratio ratio-16x9 ratio ratio-16x9 d-block\"><img src='data:image\/png;base64,iVBORw0KGgoAAAANSUhEUgAAAGQAAAABCAQAAACC0sM2AAAADklEQVR42mP8X88wLAAAK5IBgMYCdqgAAAAASUVORK5CYII=' data-src=\"https:\/\/caminodesantiagofrances.com\/en\/wp-content\/uploads\/sites\/3\/2024\/10\/Albergue-de-la-Xunta-de-Galicia-de-Palas-de-Rei-Camino-de-Santiago-Frances-768x403.jpg\" alt=\"Albergue de la Xunta de Galicia de Palas de Rei Camino de Santiago Frances 768x403\" width=\"768\" height=\"403\" class=\"geodir-lazy-load align size-medium_large geodir-image-506 embed-item-cover-xy w-100 p-0 m-0 mw-100 border-0\" data-srcset=\"https:\/\/caminodesantiagofrances.com\/en\/wp-content\/uploads\/sites\/3\/2024\/10\/Albergue-de-la-Xunta-de-Galicia-de-Palas-de-Rei-Camino-de-Santiago-Frances-768x403.jpg 768w, https:\/\/caminodesantiagofrances.com\/en\/wp-content\/uploads\/sites\/3\/2024\/10\/Albergue-de-la-Xunta-de-Galicia-de-Palas-de-Rei-Camino-de-Santiago-Frances-300x158.jpg 300w, https:\/\/caminodesantiagofrances.com\/en\/wp-content\/uploads\/sites\/3\/2024\/10\/Albergue-de-la-Xunta-de-Galicia-de-Palas-de-Rei-Camino-de-Santiago-Frances-1024x538.jpg 1024w, https:\/\/caminodesantiagofrances.com\/en\/wp-content\/uploads\/sites\/3\/2024\/10\/Albergue-de-la-Xunta-de-Galicia-de-Palas-de-Rei-Camino-de-Santiago-Frances.jpg 1200w\" sizes=\"(max-width: 768px) 100vw, 768px\" \/><i class=\"fas fa-link w-auto h-auto\" aria-hidden=\"true\"><\/i><\/a><\/div>\t\t<\/div>\n\t\t<\/div>\n<\/div><\/div><div class=\"card-body p-2  \"><div class=\"row justify-content-center gv-hide-3 gv-hide-0\"><div class=\"col col-4 text-center tofront \"><a href=\"https:\/\/caminodesantiagofrances.com\/en\/author\/caminodesantiagofrances-com\/\" title=\"caminodesantiagofrances-com\"><img decoding=\"async\" style=\"max-height:75px;\" class=\"rounded-circle shadow border border-white border-width-4 p-0 mw-100 mt-n5 bg-white\" src=\"https:\/\/secure.gravatar.com\/avatar\/03aa5dc32308904f80a38258afc0335b43d4b2bec3418626e4f8712b71c3b93e?s=96&#038;d=mm&#038;r=g\" alt=\"Author Image\"><\/a><\/div><\/div><div class=\"geodir-post-title bsui sdel-caa60b10\" ><h3 class=\"geodir-entry-title  h5 \"><a href=\"https:\/\/caminodesantiagofrances.com\/en\/lo\/albergue-de-la-xunta-de-galicia-de-palas-de-rei\/\" class=\"\" title=\"View: Albergue de la Xunta de Galicia de Palas de Rei\">Albergue de la Xunta de Galicia de Palas de Rei<\/a><\/h3><\/div><div class=\"geodir-post-content-container bsui sdel-1e477937\" ><div class=\"geodir_post_meta  text-justify pb-1 position-relative geodir-field-post_content\" >Albergue de Peregrinos de la Xunta de Galicia de Palas de Rei El Albergue de Peregrinos que gestiona la Xunta<\/div><\/div><\/div><div class=\"card-footer p-2  \"><div class='d-flex justify-content-between align-items-center flex-wrap'><div><\/div><div><\/div><\/div><\/div><\/div>\t<\/div>\n\t<\/div>\n\t<\/div>\n\t\t<\/div>\n\t\t<\/div><\/div>\n\n\n\n<h3 class=\"wp-block-heading has-text-align-center\"><a href=\"https:\/\/caminodesantiagofrances.com\/en\/provincia-de-lugo\/san-xiao-do-camino\/\" data-type=\"link\" data-id=\"https:\/\/caminodesantiagofrances.com\/en\/provincia-de-lugo\/san-xiao-do-camino\/\">San Xiao do Cami\u00f1o<\/a><\/h3>\n\n\n\n<h3 class=\"wp-block-heading has-text-align-center\"><a href=\"https:\/\/caminodesantiagofrances.com\/en\/provincia-de-lugo\/a-ponte-campana\/\" data-type=\"link\" data-id=\"https:\/\/caminodesantiagofrances.com\/en\/provincia-de-lugo\/a-ponte-campana\/\">A Ponte Campa\u00f1a<\/a><\/h3>\n\n\n\n<h3 class=\"wp-block-heading has-text-align-center\"><a href=\"https:\/\/caminodesantiagofrances.com\/en\/provincia-de-lugo\/casanova\/\" data-type=\"link\" data-id=\"https:\/\/caminodesantiagofrances.com\/en\/provincia-de-lugo\/casanova\/\">Casanova<\/a><\/h3>\n\n\n\n<hr class=\"wp-block-separator has-alpha-channel-opacity\"\/>\n\n\n\n<h2 class=\"wp-block-heading\"><strong><a href=\"https:\/\/caminodesantiagofrances.com\/en\/provincia-a-coruna\/albergues\/\" data-type=\"page\" data-id=\"14032\">Albergues Provincia A Coru\u00f1a<\/a><\/strong><\/h2>\n\n\n\n<h3 class=\"wp-block-heading has-text-align-center\">O Coto<\/h3>\n\n\n\n<h3 class=\"wp-block-heading has-text-align-center\"><a href=\"https:\/\/caminodesantiagofrances.com\/en\/provincia-a-coruna\/o-leboreiro\/\">O Leboreiro<\/a><\/h3>\n\n\n\n<h3 class=\"wp-block-heading has-text-align-center\"><a href=\"https:\/\/caminodesantiagofrances.com\/en\/provincia-a-coruna\/furelos\/\" target=\"_blank\" data-type=\"link\" data-id=\"https:\/\/caminodesantiagofrances.com\/en\/provincia-a-coruna\/furelos\/\" rel=\"noreferrer noopener\">Furelos<\/a><\/h3>\n\n\n\n<h3 class=\"wp-block-heading has-text-align-center\"><a href=\"https:\/\/caminodesantiagofrances.com\/en\/provincia-a-coruna\/melide\/\" data-type=\"link\" data-id=\"https:\/\/caminodesantiagofrances.com\/en\/provincia-a-coruna\/melide\/\">Melide<\/a><\/h3>\n\n\n\n<div class=\"wp-block-geodirectory-geodir-widget-listings\"><div class=\"geodir-listings bsui sdel-34da3bce\" >\t\t<div id=\"geodir_6a9d4534b2050\" class=\"geodir_locations geodir_location_listing\n\t\t\t\t\t\t\t mb-3\t\t position-relative\">\n\t\t\t\t<div\n\t\tclass=\"row row-cols-1 row-cols-sm-2 geodir-category-list-view geodir-widget-posts geodir-gridview row-cols-md-2\">\n\t\t\n<div class=\"col mb-4 geodir-post post-16100 gd_place type-gd_place status-publish has-post-thumbnail gd-post-pkg-1\" data-post-id=\"16100\">\n\t\t<div class=\"card h-100 p-0 m-0 mw-100  \">\n\t<div class=\"card p-0 mw-100 h-100 \"><div class=\"card-img-top overflow-hidden position-relative  \"><span class=\"bsui gd-badge-meta\"><a href=\"https:\/\/caminodesantiagofrances.com\/en\/lo\/categoria\/albergue\/\" class=\"gd-badge border-0 badge ab-bottom-left ms-1\" data-id=\"16100\" data-badge=\"default_category\" data-badge-condition=\"is_not_empty\" style=\"background-color:rgba(0,0,0,0.5);border-color:rgba(0,0,0,0.5);color:#ffffff;\">Albergue<\/a>\n<\/span><div class=\"geodir_post_meta gd-fav-info-wrap  gd-fav-hide-text ab-bottom-right me-1  mb-n1  me-1 mb-n1 ab-bottom-right\" >\t\t<span class=\"gd-list-favorite\">\n\t\t\t<span class=\"geodir-addtofav favorite_property_16100  h5\" aria-hidden=\"true\"><span  title=\"Add to Favourites\"  class=\"geodir-addtofav-icon c-pointer geodir-act-fav\"  data-color-on=\"#ff0000\"  data-icon=\"fas fa-heart\"  data-color-off=\"rgba(223,223,223,0.8)\"  data-text-color=\"\"  data-bs-toggle=\"tooltip\"  aria-hidden=\"true\"  onclick=\"javascript:window.location.href='https:\/\/caminodesantiagofrances.com\/en\/wp-login.php'\"  ><i class=\"fas fa-heart\"  style=\"color:rgba(223,223,223,0.8);\" ><\/i> <span class=\"geodir-fav-text gv-secondary visually-hidden\" style=\"\" aria-hidden=\"true\">Favourite<\/span><\/span>\n<\/span>\t\t<\/span>\n\t\t<\/div><div class=\"geodir-post-slider bsui sdel-03994e04\" ><div class=\"geodir-image-container geodir-image-sizes-medium_large overflow-hidden\">\n\t\t\t<div class=\"geodir-images aui-gallery geodir-images-n-1 geodir-images-image carousel-inner \">\n\t\t<div class=\"carousel-item active\"><a href=\"https:\/\/caminodesantiagofrances.com\/en\/lo\/albergue-san-anton-melide\/\" class=\"geodir-link-image embed-has-action ratio ratio-16x9 ratio ratio-16x9 d-block\"><img src='data:image\/png;base64,iVBORw0KGgoAAAANSUhEUgAAAGQAAAABCAQAAACC0sM2AAAADklEQVR42mP8X88wLAAAK5IBgMYCdqgAAAAASUVORK5CYII=' data-src=\"https:\/\/caminodesantiagofrances.com\/en\/wp-content\/uploads\/sites\/3\/2025\/08\/Albergue-San-Anton-Melide-Camino-de-Santiago-Frances-768x403.jpg\" alt=\"Albergue San Anton Melide Camino de Santiago Frances 768x403\" width=\"768\" height=\"403\" class=\"geodir-lazy-load align size-medium_large geodir-image-2615 embed-item-cover-xy w-100 p-0 m-0 mw-100 border-0\" data-srcset=\"https:\/\/caminodesantiagofrances.com\/en\/wp-content\/uploads\/sites\/3\/2025\/08\/Albergue-San-Anton-Melide-Camino-de-Santiago-Frances-768x403.jpg 768w, https:\/\/caminodesantiagofrances.com\/en\/wp-content\/uploads\/sites\/3\/2025\/08\/Albergue-San-Anton-Melide-Camino-de-Santiago-Frances-300x158.jpg 300w, https:\/\/caminodesantiagofrances.com\/en\/wp-content\/uploads\/sites\/3\/2025\/08\/Albergue-San-Anton-Melide-Camino-de-Santiago-Frances-1024x538.jpg 1024w, https:\/\/caminodesantiagofrances.com\/en\/wp-content\/uploads\/sites\/3\/2025\/08\/Albergue-San-Anton-Melide-Camino-de-Santiago-Frances.jpg 1200w\" sizes=\"(max-width: 768px) 100vw, 768px\" \/><i class=\"fas fa-link w-auto h-auto\" aria-hidden=\"true\"><\/i><\/a><\/div>\t\t<\/div>\n\t\t<\/div>\n<\/div><\/div><div class=\"card-body p-2  \"><div class=\"row justify-content-center gv-hide-3 gv-hide-0\"><div class=\"col col-4 text-center tofront \"><a href=\"https:\/\/caminodesantiagofrances.com\/en\/author\/caminodesantiagofrances-com\/\" title=\"caminodesantiagofrances-com\"><img decoding=\"async\" style=\"max-height:75px;\" class=\"rounded-circle shadow border border-white border-width-4 p-0 mw-100 mt-n5 bg-white\" src=\"https:\/\/secure.gravatar.com\/avatar\/03aa5dc32308904f80a38258afc0335b43d4b2bec3418626e4f8712b71c3b93e?s=96&#038;d=mm&#038;r=g\" alt=\"Author Image\"><\/a><\/div><\/div><div class=\"geodir-post-title bsui sdel-caa60b10\" ><h3 class=\"geodir-entry-title  h5 \"><a href=\"https:\/\/caminodesantiagofrances.com\/en\/lo\/albergue-san-anton-melide\/\" class=\"\" title=\"View: Albergue San Ant\u00f3n Melide\">Albergue San Ant\u00f3n Melide<\/a><\/h3><\/div><div class=\"geodir-post-content-container bsui sdel-1e477937\" ><div class=\"geodir_post_meta  text-justify pb-1 position-relative geodir-field-post_content\" >RESERVAR AHORA Albergue San Ant\u00f3n en Melide: hospitalidad gallega en el coraz\u00f3n del Camino Franc\u00e9s En la Provincia de A<\/div><\/div><\/div><div class=\"card-footer p-2  \"><div class='d-flex justify-content-between align-items-center flex-wrap'><div><\/div><div><\/div><\/div><\/div><\/div>\t<\/div>\n\t<\/div>\n\n<div class=\"col mb-4 geodir-post post-16089 gd_place type-gd_place status-publish has-post-thumbnail gd-post-pkg-1\" data-post-id=\"16089\">\n\t\t<div class=\"card h-100 p-0 m-0 mw-100  \">\n\t<div class=\"card p-0 mw-100 h-100 \"><div class=\"card-img-top overflow-hidden position-relative  \"><span class=\"bsui gd-badge-meta\"><a href=\"https:\/\/caminodesantiagofrances.com\/en\/lo\/categoria\/albergue\/\" class=\"gd-badge border-0 badge ab-bottom-left ms-1\" data-id=\"16089\" data-badge=\"default_category\" data-badge-condition=\"is_not_empty\" style=\"background-color:rgba(0,0,0,0.5);border-color:rgba(0,0,0,0.5);color:#ffffff;\">Albergue<\/a>\n<\/span><div class=\"geodir_post_meta gd-fav-info-wrap  gd-fav-hide-text ab-bottom-right me-1  mb-n1  me-1 mb-n1 ab-bottom-right\" >\t\t<span class=\"gd-list-favorite\">\n\t\t\t<span class=\"geodir-addtofav favorite_property_16089  h5\" aria-hidden=\"true\"><span  title=\"Add to Favourites\"  class=\"geodir-addtofav-icon c-pointer geodir-act-fav\"  data-color-on=\"#ff0000\"  data-icon=\"fas fa-heart\"  data-color-off=\"rgba(223,223,223,0.8)\"  data-text-color=\"\"  data-bs-toggle=\"tooltip\"  aria-hidden=\"true\"  onclick=\"javascript:window.location.href='https:\/\/caminodesantiagofrances.com\/en\/wp-login.php'\"  ><i class=\"fas fa-heart\"  style=\"color:rgba(223,223,223,0.8);\" ><\/i> <span class=\"geodir-fav-text gv-secondary visually-hidden\" style=\"\" aria-hidden=\"true\">Favourite<\/span><\/span>\n<\/span>\t\t<\/span>\n\t\t<\/div><div class=\"geodir-post-slider bsui sdel-03994e04\" ><div class=\"geodir-image-container geodir-image-sizes-medium_large overflow-hidden\">\n\t\t\t<div class=\"geodir-images aui-gallery geodir-images-n-1 geodir-images-image carousel-inner \">\n\t\t<div class=\"carousel-item active\"><a href=\"https:\/\/caminodesantiagofrances.com\/en\/lo\/albergue-pereiro-melide\/\" class=\"geodir-link-image embed-has-action ratio ratio-16x9 ratio ratio-16x9 d-block\"><img src='data:image\/png;base64,iVBORw0KGgoAAAANSUhEUgAAAGQAAAABCAQAAACC0sM2AAAADklEQVR42mP8X88wLAAAK5IBgMYCdqgAAAAASUVORK5CYII=' data-src=\"https:\/\/caminodesantiagofrances.com\/en\/wp-content\/uploads\/sites\/3\/2025\/08\/Albergue-Pereiro-Melide-Camino-de-Santiago-Frances-768x403.jpg\" alt=\"Albergue Pereiro Melide Camino de Santiago Frances 768x403\" width=\"768\" height=\"403\" class=\"geodir-lazy-load align size-medium_large geodir-image-2606 embed-item-cover-xy w-100 p-0 m-0 mw-100 border-0\" data-srcset=\"https:\/\/caminodesantiagofrances.com\/en\/wp-content\/uploads\/sites\/3\/2025\/08\/Albergue-Pereiro-Melide-Camino-de-Santiago-Frances-768x403.jpg 768w, https:\/\/caminodesantiagofrances.com\/en\/wp-content\/uploads\/sites\/3\/2025\/08\/Albergue-Pereiro-Melide-Camino-de-Santiago-Frances-300x158.jpg 300w, https:\/\/caminodesantiagofrances.com\/en\/wp-content\/uploads\/sites\/3\/2025\/08\/Albergue-Pereiro-Melide-Camino-de-Santiago-Frances-1024x538.jpg 1024w, https:\/\/caminodesantiagofrances.com\/en\/wp-content\/uploads\/sites\/3\/2025\/08\/Albergue-Pereiro-Melide-Camino-de-Santiago-Frances.jpg 1200w\" sizes=\"(max-width: 768px) 100vw, 768px\" \/><i class=\"fas fa-link w-auto h-auto\" aria-hidden=\"true\"><\/i><\/a><\/div>\t\t<\/div>\n\t\t<\/div>\n<\/div><\/div><div class=\"card-body p-2  \"><div class=\"row justify-content-center gv-hide-3 gv-hide-0\"><div class=\"col col-4 text-center tofront \"><a href=\"https:\/\/caminodesantiagofrances.com\/en\/author\/caminodesantiagofrances-com\/\" title=\"caminodesantiagofrances-com\"><img decoding=\"async\" style=\"max-height:75px;\" class=\"rounded-circle shadow border border-white border-width-4 p-0 mw-100 mt-n5 bg-white\" src=\"https:\/\/secure.gravatar.com\/avatar\/03aa5dc32308904f80a38258afc0335b43d4b2bec3418626e4f8712b71c3b93e?s=96&#038;d=mm&#038;r=g\" alt=\"Author Image\"><\/a><\/div><\/div><div class=\"geodir-post-title bsui sdel-caa60b10\" ><h3 class=\"geodir-entry-title  h5 \"><a href=\"https:\/\/caminodesantiagofrances.com\/en\/lo\/albergue-pereiro-melide\/\" class=\"\" title=\"View: Albergue Pereiro Melide\">Albergue Pereiro Melide<\/a><\/h3><\/div><div class=\"geodir-post-content-container bsui sdel-1e477937\" ><div class=\"geodir_post_meta  text-justify pb-1 position-relative geodir-field-post_content\" >RESERVAR AHORA Albergue de Peregrinos Pereiro en Melide: descanso aut\u00e9ntico en el Camino Franc\u00e9s En pleno coraz\u00f3n de Galicia, en<\/div><\/div><\/div><div class=\"card-footer p-2  \"><div class='d-flex justify-content-between align-items-center flex-wrap'><div><\/div><div><\/div><\/div><\/div><\/div>\t<\/div>\n\t<\/div>\n\n<div class=\"col mb-4 geodir-post post-16085 gd_place type-gd_place status-publish has-post-thumbnail gd-post-pkg-1\" data-post-id=\"16085\">\n\t\t<div class=\"card h-100 p-0 m-0 mw-100  \">\n\t<div class=\"card p-0 mw-100 h-100 \"><div class=\"card-img-top overflow-hidden position-relative  \"><span class=\"bsui gd-badge-meta\"><a href=\"https:\/\/caminodesantiagofrances.com\/en\/lo\/categoria\/albergue\/\" class=\"gd-badge border-0 badge ab-bottom-left ms-1\" data-id=\"16085\" data-badge=\"default_category\" data-badge-condition=\"is_not_empty\" style=\"background-color:rgba(0,0,0,0.5);border-color:rgba(0,0,0,0.5);color:#ffffff;\">Albergue<\/a>\n<\/span><div class=\"geodir_post_meta gd-fav-info-wrap  gd-fav-hide-text ab-bottom-right me-1  mb-n1  me-1 mb-n1 ab-bottom-right\" >\t\t<span class=\"gd-list-favorite\">\n\t\t\t<span class=\"geodir-addtofav favorite_property_16085  h5\" aria-hidden=\"true\"><span  title=\"Add to Favourites\"  class=\"geodir-addtofav-icon c-pointer geodir-act-fav\"  data-color-on=\"#ff0000\"  data-icon=\"fas fa-heart\"  data-color-off=\"rgba(223,223,223,0.8)\"  data-text-color=\"\"  data-bs-toggle=\"tooltip\"  aria-hidden=\"true\"  onclick=\"javascript:window.location.href='https:\/\/caminodesantiagofrances.com\/en\/wp-login.php'\"  ><i class=\"fas fa-heart\"  style=\"color:rgba(223,223,223,0.8);\" ><\/i> <span class=\"geodir-fav-text gv-secondary visually-hidden\" style=\"\" aria-hidden=\"true\">Favourite<\/span><\/span>\n<\/span>\t\t<\/span>\n\t\t<\/div><div class=\"geodir-post-slider bsui sdel-03994e04\" ><div class=\"geodir-image-container geodir-image-sizes-medium_large overflow-hidden\">\n\t\t\t<div class=\"geodir-images aui-gallery geodir-images-n-1 geodir-images-image carousel-inner \">\n\t\t<div class=\"carousel-item active\"><a href=\"https:\/\/caminodesantiagofrances.com\/en\/lo\/albergue-o-candil\/\" class=\"geodir-link-image embed-has-action ratio ratio-16x9 ratio ratio-16x9 d-block\"><img src='data:image\/png;base64,iVBORw0KGgoAAAANSUhEUgAAAGQAAAABCAQAAACC0sM2AAAADklEQVR42mP8X88wLAAAK5IBgMYCdqgAAAAASUVORK5CYII=' data-src=\"https:\/\/caminodesantiagofrances.com\/en\/wp-content\/uploads\/sites\/3\/2025\/08\/Albergue-O-Candil-Camino-de-Santiago-Frances-768x403.jpg\" alt=\"Albergue O Candil Camino de Santiago Frances 768x403\" width=\"768\" height=\"403\" class=\"geodir-lazy-load align size-medium_large geodir-image-2591 embed-item-cover-xy w-100 p-0 m-0 mw-100 border-0\" data-srcset=\"https:\/\/caminodesantiagofrances.com\/en\/wp-content\/uploads\/sites\/3\/2025\/08\/Albergue-O-Candil-Camino-de-Santiago-Frances-768x403.jpg 768w, https:\/\/caminodesantiagofrances.com\/en\/wp-content\/uploads\/sites\/3\/2025\/08\/Albergue-O-Candil-Camino-de-Santiago-Frances-300x158.jpg 300w, https:\/\/caminodesantiagofrances.com\/en\/wp-content\/uploads\/sites\/3\/2025\/08\/Albergue-O-Candil-Camino-de-Santiago-Frances-1024x538.jpg 1024w, https:\/\/caminodesantiagofrances.com\/en\/wp-content\/uploads\/sites\/3\/2025\/08\/Albergue-O-Candil-Camino-de-Santiago-Frances.jpg 1200w\" sizes=\"(max-width: 768px) 100vw, 768px\" \/><i class=\"fas fa-link w-auto h-auto\" aria-hidden=\"true\"><\/i><\/a><\/div>\t\t<\/div>\n\t\t<\/div>\n<\/div><\/div><div class=\"card-body p-2  \"><div class=\"row justify-content-center gv-hide-3 gv-hide-0\"><div class=\"col col-4 text-center tofront \"><a href=\"https:\/\/caminodesantiagofrances.com\/en\/author\/caminodesantiagofrances-com\/\" title=\"caminodesantiagofrances-com\"><img decoding=\"async\" style=\"max-height:75px;\" class=\"rounded-circle shadow border border-white border-width-4 p-0 mw-100 mt-n5 bg-white\" src=\"https:\/\/secure.gravatar.com\/avatar\/03aa5dc32308904f80a38258afc0335b43d4b2bec3418626e4f8712b71c3b93e?s=96&#038;d=mm&#038;r=g\" alt=\"Author Image\"><\/a><\/div><\/div><div class=\"geodir-post-title bsui sdel-caa60b10\" ><h3 class=\"geodir-entry-title  h5 \"><a href=\"https:\/\/caminodesantiagofrances.com\/en\/lo\/albergue-o-candil\/\" class=\"\" title=\"View: Albergue O Candil\">Albergue O Candil<\/a><\/h3><\/div><div class=\"geodir-post-content-container bsui sdel-1e477937\" ><div class=\"geodir_post_meta  text-justify pb-1 position-relative geodir-field-post_content\" >RESERVAR AHORA Albergue O Candil en Melide: hospitalidad y descanso en el Camino Franc\u00e9s En el coraz\u00f3n de Galicia, dentro<\/div><\/div><\/div><div class=\"card-footer p-2  \"><div class='d-flex justify-content-between align-items-center flex-wrap'><div><\/div><div><\/div><\/div><\/div><\/div>\t<\/div>\n\t<\/div>\n\n<div class=\"col mb-4 geodir-post post-16081 gd_place type-gd_place status-publish has-post-thumbnail gd-post-pkg-1\" data-post-id=\"16081\">\n\t\t<div class=\"card h-100 p-0 m-0 mw-100  \">\n\t<div class=\"card p-0 mw-100 h-100 \"><div class=\"card-img-top overflow-hidden position-relative  \"><span class=\"bsui gd-badge-meta\"><a href=\"https:\/\/caminodesantiagofrances.com\/en\/lo\/categoria\/albergue\/\" class=\"gd-badge border-0 badge ab-bottom-left ms-1\" data-id=\"16081\" data-badge=\"default_category\" data-badge-condition=\"is_not_empty\" style=\"background-color:rgba(0,0,0,0.5);border-color:rgba(0,0,0,0.5);color:#ffffff;\">Albergue<\/a>\n<\/span><div class=\"geodir_post_meta gd-fav-info-wrap  gd-fav-hide-text ab-bottom-right me-1  mb-n1  me-1 mb-n1 ab-bottom-right\" >\t\t<span class=\"gd-list-favorite\">\n\t\t\t<span class=\"geodir-addtofav favorite_property_16081  h5\" aria-hidden=\"true\"><span  title=\"Add to Favourites\"  class=\"geodir-addtofav-icon c-pointer geodir-act-fav\"  data-color-on=\"#ff0000\"  data-icon=\"fas fa-heart\"  data-color-off=\"rgba(223,223,223,0.8)\"  data-text-color=\"\"  data-bs-toggle=\"tooltip\"  aria-hidden=\"true\"  onclick=\"javascript:window.location.href='https:\/\/caminodesantiagofrances.com\/en\/wp-login.php'\"  ><i class=\"fas fa-heart\"  style=\"color:rgba(223,223,223,0.8);\" ><\/i> <span class=\"geodir-fav-text gv-secondary visually-hidden\" style=\"\" aria-hidden=\"true\">Favourite<\/span><\/span>\n<\/span>\t\t<\/span>\n\t\t<\/div><div class=\"geodir-post-slider bsui sdel-03994e04\" ><div class=\"geodir-image-container geodir-image-sizes-medium_large overflow-hidden\">\n\t\t\t<div class=\"geodir-images aui-gallery geodir-images-n-1 geodir-images-image carousel-inner \">\n\t\t<div class=\"carousel-item active\"><a href=\"https:\/\/caminodesantiagofrances.com\/en\/lo\/albergue-melide\/\" class=\"geodir-link-image embed-has-action ratio ratio-16x9 ratio ratio-16x9 d-block\"><img src='data:image\/png;base64,iVBORw0KGgoAAAANSUhEUgAAAGQAAAABCAQAAACC0sM2AAAADklEQVR42mP8X88wLAAAK5IBgMYCdqgAAAAASUVORK5CYII=' data-src=\"https:\/\/caminodesantiagofrances.com\/en\/wp-content\/uploads\/sites\/3\/2025\/08\/Albergue-Melide-Camino-de-Santiago-Frances-768x403.jpg\" alt=\"Albergue Melide Camino de Santiago Frances 768x403\" width=\"768\" height=\"403\" class=\"geodir-lazy-load align size-medium_large geodir-image-2575 embed-item-cover-xy w-100 p-0 m-0 mw-100 border-0\" data-srcset=\"https:\/\/caminodesantiagofrances.com\/en\/wp-content\/uploads\/sites\/3\/2025\/08\/Albergue-Melide-Camino-de-Santiago-Frances-768x403.jpg 768w, https:\/\/caminodesantiagofrances.com\/en\/wp-content\/uploads\/sites\/3\/2025\/08\/Albergue-Melide-Camino-de-Santiago-Frances-300x158.jpg 300w, https:\/\/caminodesantiagofrances.com\/en\/wp-content\/uploads\/sites\/3\/2025\/08\/Albergue-Melide-Camino-de-Santiago-Frances-1024x538.jpg 1024w, https:\/\/caminodesantiagofrances.com\/en\/wp-content\/uploads\/sites\/3\/2025\/08\/Albergue-Melide-Camino-de-Santiago-Frances.jpg 1200w\" sizes=\"(max-width: 768px) 100vw, 768px\" \/><i class=\"fas fa-link w-auto h-auto\" aria-hidden=\"true\"><\/i><\/a><\/div>\t\t<\/div>\n\t\t<\/div>\n<\/div><\/div><div class=\"card-body p-2  \"><div class=\"row justify-content-center gv-hide-3 gv-hide-0\"><div class=\"col col-4 text-center tofront \"><a href=\"https:\/\/caminodesantiagofrances.com\/en\/author\/caminodesantiagofrances-com\/\" title=\"caminodesantiagofrances-com\"><img decoding=\"async\" style=\"max-height:75px;\" class=\"rounded-circle shadow border border-white border-width-4 p-0 mw-100 mt-n5 bg-white\" src=\"https:\/\/secure.gravatar.com\/avatar\/03aa5dc32308904f80a38258afc0335b43d4b2bec3418626e4f8712b71c3b93e?s=96&#038;d=mm&#038;r=g\" alt=\"Author Image\"><\/a><\/div><\/div><div class=\"geodir-post-title bsui sdel-caa60b10\" ><h3 class=\"geodir-entry-title  h5 \"><a href=\"https:\/\/caminodesantiagofrances.com\/en\/lo\/albergue-melide\/\" class=\"\" title=\"View: Albergue Melide\">Albergue Melide<\/a><\/h3><\/div><div class=\"geodir-post-content-container bsui sdel-1e477937\" ><div class=\"geodir_post_meta  text-justify pb-1 position-relative geodir-field-post_content\" >RESERVAR AHORA Albergue de Melide: descanso estrat\u00e9gico en el Camino Franc\u00e9s En el coraz\u00f3n de Galicia, en la Provincia de<\/div><\/div><\/div><div class=\"card-footer p-2  \"><div class='d-flex justify-content-between align-items-center flex-wrap'><div><\/div><div><\/div><\/div><\/div><\/div>\t<\/div>\n\t<\/div>\n\n<div class=\"col mb-4 geodir-post post-13837 gd_place type-gd_place status-publish has-post-thumbnail gd-post-pkg-1\" data-post-id=\"13837\">\n\t\t<div class=\"card h-100 p-0 m-0 mw-100  \">\n\t<div class=\"card p-0 mw-100 h-100 \"><div class=\"card-img-top overflow-hidden position-relative  \"><span class=\"bsui gd-badge-meta\"><a href=\"https:\/\/caminodesantiagofrances.com\/en\/lo\/categoria\/albergue\/\" class=\"gd-badge border-0 badge ab-bottom-left ms-1\" data-id=\"13837\" data-badge=\"default_category\" data-badge-condition=\"is_not_empty\" style=\"background-color:rgba(0,0,0,0.5);border-color:rgba(0,0,0,0.5);color:#ffffff;\">Albergue<\/a>\n<\/span><div class=\"geodir_post_meta gd-fav-info-wrap  gd-fav-hide-text ab-bottom-right me-1  mb-n1  me-1 mb-n1 ab-bottom-right\" >\t\t<span class=\"gd-list-favorite\">\n\t\t\t<span class=\"geodir-addtofav favorite_property_13837  h5\" aria-hidden=\"true\"><span  title=\"Add to Favourites\"  class=\"geodir-addtofav-icon c-pointer geodir-act-fav\"  data-color-on=\"#ff0000\"  data-icon=\"fas fa-heart\"  data-color-off=\"rgba(223,223,223,0.8)\"  data-text-color=\"\"  data-bs-toggle=\"tooltip\"  aria-hidden=\"true\"  onclick=\"javascript:window.location.href='https:\/\/caminodesantiagofrances.com\/en\/wp-login.php'\"  ><i class=\"fas fa-heart\"  style=\"color:rgba(223,223,223,0.8);\" ><\/i> <span class=\"geodir-fav-text gv-secondary visually-hidden\" style=\"\" aria-hidden=\"true\">Favourite<\/span><\/span>\n<\/span>\t\t<\/span>\n\t\t<\/div><div class=\"geodir-post-slider bsui sdel-03994e04\" ><div class=\"geodir-image-container geodir-image-sizes-medium_large overflow-hidden\">\n\t\t\t<div class=\"geodir-images aui-gallery geodir-images-n-1 geodir-images-image carousel-inner \">\n\t\t<div class=\"carousel-item active\"><a href=\"https:\/\/caminodesantiagofrances.com\/en\/lo\/albergue-de-la-xunta-de-galicia-de-melide\/\" class=\"geodir-link-image embed-has-action ratio ratio-16x9 ratio ratio-16x9 d-block\"><img src='data:image\/png;base64,iVBORw0KGgoAAAANSUhEUgAAAGQAAAABCAQAAACC0sM2AAAADklEQVR42mP8X88wLAAAK5IBgMYCdqgAAAAASUVORK5CYII=' data-src=\"https:\/\/caminodesantiagofrances.com\/en\/wp-content\/uploads\/sites\/3\/2024\/10\/Albergue-de-la-Xunta-de-Galicia-de-Melide-Camino-de-Santiago-Frances-768x403.jpg\" alt=\"Albergue de la Xunta de Galicia de Melide Camino de Santiago Frances 768x403\" width=\"768\" height=\"403\" class=\"geodir-lazy-load align size-medium_large geodir-image-508 embed-item-cover-xy w-100 p-0 m-0 mw-100 border-0\" data-srcset=\"https:\/\/caminodesantiagofrances.com\/en\/wp-content\/uploads\/sites\/3\/2024\/10\/Albergue-de-la-Xunta-de-Galicia-de-Melide-Camino-de-Santiago-Frances-768x403.jpg 768w, https:\/\/caminodesantiagofrances.com\/en\/wp-content\/uploads\/sites\/3\/2024\/10\/Albergue-de-la-Xunta-de-Galicia-de-Melide-Camino-de-Santiago-Frances-300x158.jpg 300w, https:\/\/caminodesantiagofrances.com\/en\/wp-content\/uploads\/sites\/3\/2024\/10\/Albergue-de-la-Xunta-de-Galicia-de-Melide-Camino-de-Santiago-Frances-1024x538.jpg 1024w, https:\/\/caminodesantiagofrances.com\/en\/wp-content\/uploads\/sites\/3\/2024\/10\/Albergue-de-la-Xunta-de-Galicia-de-Melide-Camino-de-Santiago-Frances.jpg 1200w\" sizes=\"(max-width: 768px) 100vw, 768px\" \/><i class=\"fas fa-link w-auto h-auto\" aria-hidden=\"true\"><\/i><\/a><\/div>\t\t<\/div>\n\t\t<\/div>\n<\/div><\/div><div class=\"card-body p-2  \"><div class=\"row justify-content-center gv-hide-3 gv-hide-0\"><div class=\"col col-4 text-center tofront \"><a href=\"https:\/\/caminodesantiagofrances.com\/en\/author\/caminodesantiagofrances-com\/\" title=\"caminodesantiagofrances-com\"><img decoding=\"async\" style=\"max-height:75px;\" class=\"rounded-circle shadow border border-white border-width-4 p-0 mw-100 mt-n5 bg-white\" src=\"https:\/\/secure.gravatar.com\/avatar\/03aa5dc32308904f80a38258afc0335b43d4b2bec3418626e4f8712b71c3b93e?s=96&#038;d=mm&#038;r=g\" alt=\"Author Image\"><\/a><\/div><\/div><div class=\"geodir-post-title bsui sdel-caa60b10\" ><h3 class=\"geodir-entry-title  h5 \"><a href=\"https:\/\/caminodesantiagofrances.com\/en\/lo\/albergue-de-la-xunta-de-galicia-de-melide\/\" class=\"\" title=\"View: Albergue de la Xunta de Galicia\u00a0de\u00a0Melide\u00a0\">Albergue de la Xunta de Galicia\u00a0de\u00a0Melide\u00a0<\/a><\/h3><\/div><div class=\"geodir-post-content-container bsui sdel-1e477937\" ><div class=\"geodir_post_meta  text-justify pb-1 position-relative geodir-field-post_content\" >Albergue de Peregrinos de la Xunta de Galicia\u00a0de\u00a0Melide El Albergue de Peregrinos de la Xunta de Galicia en la localidad<\/div><\/div><\/div><div class=\"card-footer p-2  \"><div class='d-flex justify-content-between align-items-center flex-wrap'><div><\/div><div><\/div><\/div><\/div><\/div>\t<\/div>\n\t<\/div>\n\t<\/div>\n\t\t<\/div>\n\t\t<\/div><\/div>\n\n\n\n<h3 class=\"wp-block-heading has-text-align-center\"><a href=\"https:\/\/caminodesantiagofrances.com\/en\/provincia-a-coruna\/a-peroxa\/\" data-type=\"link\" data-id=\"https:\/\/caminodesantiagofrances.com\/en\/provincia-a-coruna\/a-peroxa\/\">A Peroxa<\/a><\/h3>\n\n\n\n<h3 class=\"wp-block-heading has-text-align-center\"><a href=\"https:\/\/caminodesantiagofrances.com\/en\/provincia-a-coruna\/boente\/\" data-type=\"link\" data-id=\"https:\/\/caminodesantiagofrances.com\/en\/provincia-a-coruna\/boente\/\">Boente<\/a><\/h3>\n\n\n\n<h3 class=\"wp-block-heading has-text-align-center\"><a href=\"https:\/\/caminodesantiagofrances.com\/en\/provincia-a-coruna\/a-castaneda\/\" data-type=\"link\" data-id=\"https:\/\/caminodesantiagofrances.com\/en\/provincia-a-coruna\/a-castaneda\/\">A Casta\u00f1eda<\/a><\/h3>\n\n\n\n<h3 class=\"wp-block-heading has-text-align-center\"><a href=\"https:\/\/caminodesantiagofrances.com\/en\/provincia-a-coruna\/ribadiso\/\" data-type=\"link\" data-id=\"https:\/\/caminodesantiagofrances.com\/en\/provincia-a-coruna\/ribadiso\/\">Ribadiso<\/a><\/h3>\n\n\n\n<h3 class=\"wp-block-heading has-text-align-center\"><a href=\"https:\/\/caminodesantiagofrances.com\/en\/provincia-a-coruna\/arzua\/\" data-type=\"link\" data-id=\"https:\/\/caminodesantiagofrances.com\/en\/provincia-a-coruna\/arzua\/\">Arz\u00faa<\/a><\/h3>\n\n\n\n<div class=\"wp-block-geodirectory-geodir-widget-listings\"><div class=\"geodir-listings bsui sdel-2250d11f\" >\t\t<div id=\"geodir_6a9d4534bc7af\" class=\"geodir_locations geodir_location_listing\n\t\t\t\t\t\t\t mb-3\t\t position-relative\">\n\t\t\t\t<div\n\t\tclass=\"row row-cols-1 row-cols-sm-2 geodir-category-list-view geodir-widget-posts geodir-gridview row-cols-md-2\">\n\t\t\n<div class=\"col mb-4 geodir-post post-16143 gd_place type-gd_place status-publish has-post-thumbnail gd-post-pkg-1\" data-post-id=\"16143\">\n\t\t<div class=\"card h-100 p-0 m-0 mw-100  \">\n\t<div class=\"card p-0 mw-100 h-100 \"><div class=\"card-img-top overflow-hidden position-relative  \"><span class=\"bsui gd-badge-meta\"><a href=\"https:\/\/caminodesantiagofrances.com\/en\/lo\/categoria\/albergue\/\" class=\"gd-badge border-0 badge ab-bottom-left ms-1\" data-id=\"16143\" data-badge=\"default_category\" data-badge-condition=\"is_not_empty\" style=\"background-color:rgba(0,0,0,0.5);border-color:rgba(0,0,0,0.5);color:#ffffff;\">Albergue<\/a>\n<\/span><div class=\"geodir_post_meta gd-fav-info-wrap  gd-fav-hide-text ab-bottom-right me-1  mb-n1  me-1 mb-n1 ab-bottom-right\" >\t\t<span class=\"gd-list-favorite\">\n\t\t\t<span class=\"geodir-addtofav favorite_property_16143  h5\" aria-hidden=\"true\"><span  title=\"Add to Favourites\"  class=\"geodir-addtofav-icon c-pointer geodir-act-fav\"  data-color-on=\"#ff0000\"  data-icon=\"fas fa-heart\"  data-color-off=\"rgba(223,223,223,0.8)\"  data-text-color=\"\"  data-bs-toggle=\"tooltip\"  aria-hidden=\"true\"  onclick=\"javascript:window.location.href='https:\/\/caminodesantiagofrances.com\/en\/wp-login.php'\"  ><i class=\"fas fa-heart\"  style=\"color:rgba(223,223,223,0.8);\" ><\/i> <span class=\"geodir-fav-text gv-secondary visually-hidden\" style=\"\" aria-hidden=\"true\">Favourite<\/span><\/span>\n<\/span>\t\t<\/span>\n\t\t<\/div><div class=\"geodir-post-slider bsui sdel-03994e04\" ><div class=\"geodir-image-container geodir-image-sizes-medium_large overflow-hidden\">\n\t\t\t<div class=\"geodir-images aui-gallery geodir-images-n-1 geodir-images-image carousel-inner \">\n\t\t<div class=\"carousel-item active\"><a href=\"https:\/\/caminodesantiagofrances.com\/en\/lo\/albergue-don-quijote-arzua\/\" class=\"geodir-link-image embed-has-action ratio ratio-16x9 ratio ratio-16x9 d-block\"><img src='data:image\/png;base64,iVBORw0KGgoAAAANSUhEUgAAAGQAAAABCAQAAACC0sM2AAAADklEQVR42mP8X88wLAAAK5IBgMYCdqgAAAAASUVORK5CYII=' data-src=\"https:\/\/caminodesantiagofrances.com\/en\/wp-content\/uploads\/sites\/3\/2025\/08\/Albergue-Don-Quijote-Arzua-Camino-de-Santiago-Frances-768x403.jpg\" alt=\"Albergue Don Quijote Arzua Camino de Santiago Frances 768x403\" width=\"768\" height=\"403\" class=\"geodir-lazy-load align size-medium_large geodir-image-2768 embed-item-cover-xy w-100 p-0 m-0 mw-100 border-0\" data-srcset=\"https:\/\/caminodesantiagofrances.com\/en\/wp-content\/uploads\/sites\/3\/2025\/08\/Albergue-Don-Quijote-Arzua-Camino-de-Santiago-Frances-768x403.jpg 768w, https:\/\/caminodesantiagofrances.com\/en\/wp-content\/uploads\/sites\/3\/2025\/08\/Albergue-Don-Quijote-Arzua-Camino-de-Santiago-Frances-300x158.jpg 300w, https:\/\/caminodesantiagofrances.com\/en\/wp-content\/uploads\/sites\/3\/2025\/08\/Albergue-Don-Quijote-Arzua-Camino-de-Santiago-Frances-1024x538.jpg 1024w, https:\/\/caminodesantiagofrances.com\/en\/wp-content\/uploads\/sites\/3\/2025\/08\/Albergue-Don-Quijote-Arzua-Camino-de-Santiago-Frances.jpg 1200w\" sizes=\"(max-width: 768px) 100vw, 768px\" \/><i class=\"fas fa-link w-auto h-auto\" aria-hidden=\"true\"><\/i><\/a><\/div>\t\t<\/div>\n\t\t<\/div>\n<\/div><\/div><div class=\"card-body p-2  \"><div class=\"row justify-content-center gv-hide-3 gv-hide-0\"><div class=\"col col-4 text-center tofront \"><a href=\"https:\/\/caminodesantiagofrances.com\/en\/author\/caminodesantiagofrances-com\/\" title=\"caminodesantiagofrances-com\"><img decoding=\"async\" style=\"max-height:75px;\" class=\"rounded-circle shadow border border-white border-width-4 p-0 mw-100 mt-n5 bg-white\" src=\"https:\/\/secure.gravatar.com\/avatar\/03aa5dc32308904f80a38258afc0335b43d4b2bec3418626e4f8712b71c3b93e?s=96&#038;d=mm&#038;r=g\" alt=\"Author Image\"><\/a><\/div><\/div><div class=\"geodir-post-title bsui sdel-caa60b10\" ><h3 class=\"geodir-entry-title  h5 \"><a href=\"https:\/\/caminodesantiagofrances.com\/en\/lo\/albergue-don-quijote-arzua\/\" class=\"\" title=\"View: Albergue Don Quijote Arz\u00faa\">Albergue Don Quijote Arz\u00faa<\/a><\/h3><\/div><div class=\"geodir-post-content-container bsui sdel-1e477937\" ><div class=\"geodir_post_meta  text-justify pb-1 position-relative geodir-field-post_content\" >RESERVAR AHORA Albergue Don Quijote en Arz\u00faa \u2013 Alojamiento en el Camino Franc\u00e9s El Albergue Don Quijote se encuentra en<\/div><\/div><\/div><div class=\"card-footer p-2  \"><div class='d-flex justify-content-between align-items-center flex-wrap'><div><\/div><div><\/div><\/div><\/div><\/div>\t<\/div>\n\t<\/div>\n\n<div class=\"col mb-4 geodir-post post-16137 gd_place type-gd_place status-publish has-post-thumbnail gd-post-pkg-1\" data-post-id=\"16137\">\n\t\t<div class=\"card h-100 p-0 m-0 mw-100  \">\n\t<div class=\"card p-0 mw-100 h-100 \"><div class=\"card-img-top overflow-hidden position-relative  \"><span class=\"bsui gd-badge-meta\"><a href=\"https:\/\/caminodesantiagofrances.com\/en\/lo\/categoria\/albergue\/\" class=\"gd-badge border-0 badge ab-bottom-left ms-1\" data-id=\"16137\" data-badge=\"default_category\" data-badge-condition=\"is_not_empty\" style=\"background-color:rgba(0,0,0,0.5);border-color:rgba(0,0,0,0.5);color:#ffffff;\">Albergue<\/a>\n<\/span><div class=\"geodir_post_meta gd-fav-info-wrap  gd-fav-hide-text ab-bottom-right me-1  mb-n1  me-1 mb-n1 ab-bottom-right\" >\t\t<span class=\"gd-list-favorite\">\n\t\t\t<span class=\"geodir-addtofav favorite_property_16137  h5\" aria-hidden=\"true\"><span  title=\"Add to Favourites\"  class=\"geodir-addtofav-icon c-pointer geodir-act-fav\"  data-color-on=\"#ff0000\"  data-icon=\"fas fa-heart\"  data-color-off=\"rgba(223,223,223,0.8)\"  data-text-color=\"\"  data-bs-toggle=\"tooltip\"  aria-hidden=\"true\"  onclick=\"javascript:window.location.href='https:\/\/caminodesantiagofrances.com\/en\/wp-login.php'\"  ><i class=\"fas fa-heart\"  style=\"color:rgba(223,223,223,0.8);\" ><\/i> <span class=\"geodir-fav-text gv-secondary visually-hidden\" style=\"\" aria-hidden=\"true\">Favourite<\/span><\/span>\n<\/span>\t\t<\/span>\n\t\t<\/div><div class=\"geodir-post-slider bsui sdel-03994e04\" ><div class=\"geodir-image-container geodir-image-sizes-medium_large overflow-hidden\">\n\t\t\t<div class=\"geodir-images aui-gallery geodir-images-n-1 geodir-images-image carousel-inner \">\n\t\t<div class=\"carousel-item active\"><a href=\"https:\/\/caminodesantiagofrances.com\/en\/lo\/albergue-los-caminantes-ii-arzua\/\" class=\"geodir-link-image embed-has-action ratio ratio-16x9 ratio ratio-16x9 d-block\"><img src='data:image\/png;base64,iVBORw0KGgoAAAANSUhEUgAAAGQAAAABCAQAAACC0sM2AAAADklEQVR42mP8X88wLAAAK5IBgMYCdqgAAAAASUVORK5CYII=' data-src=\"https:\/\/caminodesantiagofrances.com\/en\/wp-content\/uploads\/sites\/3\/2025\/08\/Albergue-Los-Caminantes-II-Arzua-Camino-de-Santiago-Frances-768x403.jpg\" alt=\"Albergue Los Caminantes II Arzua Camino de Santiago Frances 768x403\" width=\"768\" height=\"403\" class=\"geodir-lazy-load align size-medium_large geodir-image-2762 embed-item-cover-xy w-100 p-0 m-0 mw-100 border-0\" data-srcset=\"https:\/\/caminodesantiagofrances.com\/en\/wp-content\/uploads\/sites\/3\/2025\/08\/Albergue-Los-Caminantes-II-Arzua-Camino-de-Santiago-Frances-768x403.jpg 768w, https:\/\/caminodesantiagofrances.com\/en\/wp-content\/uploads\/sites\/3\/2025\/08\/Albergue-Los-Caminantes-II-Arzua-Camino-de-Santiago-Frances-300x158.jpg 300w, https:\/\/caminodesantiagofrances.com\/en\/wp-content\/uploads\/sites\/3\/2025\/08\/Albergue-Los-Caminantes-II-Arzua-Camino-de-Santiago-Frances-1024x538.jpg 1024w, https:\/\/caminodesantiagofrances.com\/en\/wp-content\/uploads\/sites\/3\/2025\/08\/Albergue-Los-Caminantes-II-Arzua-Camino-de-Santiago-Frances.jpg 1200w\" sizes=\"(max-width: 768px) 100vw, 768px\" \/><i class=\"fas fa-link w-auto h-auto\" aria-hidden=\"true\"><\/i><\/a><\/div>\t\t<\/div>\n\t\t<\/div>\n<\/div><\/div><div class=\"card-body p-2  \"><div class=\"row justify-content-center gv-hide-3 gv-hide-0\"><div class=\"col col-4 text-center tofront \"><a href=\"https:\/\/caminodesantiagofrances.com\/en\/author\/caminodesantiagofrances-com\/\" title=\"caminodesantiagofrances-com\"><img decoding=\"async\" style=\"max-height:75px;\" class=\"rounded-circle shadow border border-white border-width-4 p-0 mw-100 mt-n5 bg-white\" src=\"https:\/\/secure.gravatar.com\/avatar\/03aa5dc32308904f80a38258afc0335b43d4b2bec3418626e4f8712b71c3b93e?s=96&#038;d=mm&#038;r=g\" alt=\"Author Image\"><\/a><\/div><\/div><div class=\"geodir-post-title bsui sdel-caa60b10\" ><h3 class=\"geodir-entry-title  h5 \"><a href=\"https:\/\/caminodesantiagofrances.com\/en\/lo\/albergue-los-caminantes-ii-arzua\/\" class=\"\" title=\"View: Albergue Los Caminantes II Arz\u00faa\">Albergue Los Caminantes II Arz\u00faa<\/a><\/h3><\/div><div class=\"geodir-post-content-container bsui sdel-1e477937\" ><div class=\"geodir_post_meta  text-justify pb-1 position-relative geodir-field-post_content\" >RESERVAR AHORA Albergue Los Caminantes II en Arz\u00faa \u2013 Alojamiento acogedor en el Camino de Santiago Franc\u00e9s El Albergue Los<\/div><\/div><\/div><div class=\"card-footer p-2  \"><div class='d-flex justify-content-between align-items-center flex-wrap'><div><\/div><div><\/div><\/div><\/div><\/div>\t<\/div>\n\t<\/div>\n\n<div class=\"col mb-4 geodir-post post-16120 gd_place type-gd_place status-publish has-post-thumbnail gd-post-pkg-1\" data-post-id=\"16120\">\n\t\t<div class=\"card h-100 p-0 m-0 mw-100  \">\n\t<div class=\"card p-0 mw-100 h-100 \"><div class=\"card-img-top overflow-hidden position-relative  \"><span class=\"bsui gd-badge-meta\"><a href=\"https:\/\/caminodesantiagofrances.com\/en\/lo\/categoria\/albergue\/\" class=\"gd-badge border-0 badge ab-bottom-left ms-1\" data-id=\"16120\" data-badge=\"default_category\" data-badge-condition=\"is_not_empty\" style=\"background-color:rgba(0,0,0,0.5);border-color:rgba(0,0,0,0.5);color:#ffffff;\">Albergue<\/a>\n<\/span><div class=\"geodir_post_meta gd-fav-info-wrap  gd-fav-hide-text ab-bottom-right me-1  mb-n1  me-1 mb-n1 ab-bottom-right\" >\t\t<span class=\"gd-list-favorite\">\n\t\t\t<span class=\"geodir-addtofav favorite_property_16120  h5\" aria-hidden=\"true\"><span  title=\"Add to Favourites\"  class=\"geodir-addtofav-icon c-pointer geodir-act-fav\"  data-color-on=\"#ff0000\"  data-icon=\"fas fa-heart\"  data-color-off=\"rgba(223,223,223,0.8)\"  data-text-color=\"\"  data-bs-toggle=\"tooltip\"  aria-hidden=\"true\"  onclick=\"javascript:window.location.href='https:\/\/caminodesantiagofrances.com\/en\/wp-login.php'\"  ><i class=\"fas fa-heart\"  style=\"color:rgba(223,223,223,0.8);\" ><\/i> <span class=\"geodir-fav-text gv-secondary visually-hidden\" style=\"\" aria-hidden=\"true\">Favourite<\/span><\/span>\n<\/span>\t\t<\/span>\n\t\t<\/div><div class=\"geodir-post-slider bsui sdel-03994e04\" ><div class=\"geodir-image-container geodir-image-sizes-medium_large overflow-hidden\">\n\t\t\t<div class=\"geodir-images aui-gallery geodir-images-n-1 geodir-images-image carousel-inner \">\n\t\t<div class=\"carousel-item active\"><a href=\"https:\/\/caminodesantiagofrances.com\/en\/lo\/albergue-ultreia\/\" class=\"geodir-link-image embed-has-action ratio ratio-16x9 ratio ratio-16x9 d-block\"><img src='data:image\/png;base64,iVBORw0KGgoAAAANSUhEUgAAAGQAAAABCAQAAACC0sM2AAAADklEQVR42mP8X88wLAAAK5IBgMYCdqgAAAAASUVORK5CYII=' data-src=\"https:\/\/caminodesantiagofrances.com\/en\/wp-content\/uploads\/sites\/3\/2025\/08\/Albergue-Ultreia-Camino-de-Santiago-Frances-768x403.jpg\" alt=\"Albergue Ultreia Camino de Santiago Frances 768x403\" width=\"768\" height=\"403\" class=\"geodir-lazy-load align size-medium_large geodir-image-2700 embed-item-cover-xy w-100 p-0 m-0 mw-100 border-0\" data-srcset=\"https:\/\/caminodesantiagofrances.com\/en\/wp-content\/uploads\/sites\/3\/2025\/08\/Albergue-Ultreia-Camino-de-Santiago-Frances-768x403.jpg 768w, https:\/\/caminodesantiagofrances.com\/en\/wp-content\/uploads\/sites\/3\/2025\/08\/Albergue-Ultreia-Camino-de-Santiago-Frances-300x158.jpg 300w, https:\/\/caminodesantiagofrances.com\/en\/wp-content\/uploads\/sites\/3\/2025\/08\/Albergue-Ultreia-Camino-de-Santiago-Frances-1024x538.jpg 1024w, https:\/\/caminodesantiagofrances.com\/en\/wp-content\/uploads\/sites\/3\/2025\/08\/Albergue-Ultreia-Camino-de-Santiago-Frances.jpg 1200w\" sizes=\"(max-width: 768px) 100vw, 768px\" \/><i class=\"fas fa-link w-auto h-auto\" aria-hidden=\"true\"><\/i><\/a><\/div>\t\t<\/div>\n\t\t<\/div>\n<\/div><\/div><div class=\"card-body p-2  \"><div class=\"row justify-content-center gv-hide-3 gv-hide-0\"><div class=\"col col-4 text-center tofront \"><a href=\"https:\/\/caminodesantiagofrances.com\/en\/author\/caminodesantiagofrances-com\/\" title=\"caminodesantiagofrances-com\"><img decoding=\"async\" style=\"max-height:75px;\" class=\"rounded-circle shadow border border-white border-width-4 p-0 mw-100 mt-n5 bg-white\" src=\"https:\/\/secure.gravatar.com\/avatar\/03aa5dc32308904f80a38258afc0335b43d4b2bec3418626e4f8712b71c3b93e?s=96&#038;d=mm&#038;r=g\" alt=\"Author Image\"><\/a><\/div><\/div><div class=\"geodir-post-title bsui sdel-caa60b10\" ><h3 class=\"geodir-entry-title  h5 \"><a href=\"https:\/\/caminodesantiagofrances.com\/en\/lo\/albergue-ultreia\/\" class=\"\" title=\"View: Albergue Ultreia\">Albergue Ultreia<\/a><\/h3><\/div><div class=\"geodir-post-content-container bsui sdel-1e477937\" ><div class=\"geodir_post_meta  text-justify pb-1 position-relative geodir-field-post_content\" >RESERVAR AHORA Albergue Ultreia \u2013 Alojamiento acogedor en Arz\u00faa, Camino de Santiago Franc\u00e9s El Albergue Ultreia se sit\u00faa en Arz\u00faa,<\/div><\/div><\/div><div class=\"card-footer p-2  \"><div class='d-flex justify-content-between align-items-center flex-wrap'><div><\/div><div><\/div><\/div><\/div><\/div>\t<\/div>\n\t<\/div>\n\n<div class=\"col mb-4 geodir-post post-13843 gd_place type-gd_place status-publish has-post-thumbnail gd-post-pkg-1\" data-post-id=\"13843\">\n\t\t<div class=\"card h-100 p-0 m-0 mw-100  \">\n\t<div class=\"card p-0 mw-100 h-100 \"><div class=\"card-img-top overflow-hidden position-relative  \"><span class=\"bsui gd-badge-meta\"><a href=\"https:\/\/caminodesantiagofrances.com\/en\/lo\/categoria\/albergue\/\" class=\"gd-badge border-0 badge ab-bottom-left ms-1\" data-id=\"13843\" data-badge=\"default_category\" data-badge-condition=\"is_not_empty\" style=\"background-color:rgba(0,0,0,0.5);border-color:rgba(0,0,0,0.5);color:#ffffff;\">Albergue<\/a>\n<\/span><div class=\"geodir_post_meta gd-fav-info-wrap  gd-fav-hide-text ab-bottom-right me-1  mb-n1  me-1 mb-n1 ab-bottom-right\" >\t\t<span class=\"gd-list-favorite\">\n\t\t\t<span class=\"geodir-addtofav favorite_property_13843  h5\" aria-hidden=\"true\"><span  title=\"Add to Favourites\"  class=\"geodir-addtofav-icon c-pointer geodir-act-fav\"  data-color-on=\"#ff0000\"  data-icon=\"fas fa-heart\"  data-color-off=\"rgba(223,223,223,0.8)\"  data-text-color=\"\"  data-bs-toggle=\"tooltip\"  aria-hidden=\"true\"  onclick=\"javascript:window.location.href='https:\/\/caminodesantiagofrances.com\/en\/wp-login.php'\"  ><i class=\"fas fa-heart\"  style=\"color:rgba(223,223,223,0.8);\" ><\/i> <span class=\"geodir-fav-text gv-secondary visually-hidden\" style=\"\" aria-hidden=\"true\">Favourite<\/span><\/span>\n<\/span>\t\t<\/span>\n\t\t<\/div><div class=\"geodir-post-slider bsui sdel-03994e04\" ><div class=\"geodir-image-container geodir-image-sizes-medium_large overflow-hidden\">\n\t\t\t<div class=\"geodir-images aui-gallery geodir-images-n-1 geodir-images-image carousel-inner \">\n\t\t<div class=\"carousel-item active\"><a href=\"https:\/\/caminodesantiagofrances.com\/en\/lo\/albergue-de-la-xunta-de-galicia-de-arzua\/\" class=\"geodir-link-image embed-has-action ratio ratio-16x9 ratio ratio-16x9 d-block\"><img src='data:image\/png;base64,iVBORw0KGgoAAAANSUhEUgAAAGQAAAABCAQAAACC0sM2AAAADklEQVR42mP8X88wLAAAK5IBgMYCdqgAAAAASUVORK5CYII=' data-src=\"https:\/\/caminodesantiagofrances.com\/en\/wp-content\/uploads\/sites\/3\/2024\/10\/Albergue-de-la-Xunta-de-Galicia-de-Arzua-Camino-de-Santiago-Frances-768x403.jpg\" alt=\"Albergue de la Xunta de Galicia de Arzua Camino de Santiago Frances 768x403\" width=\"768\" height=\"403\" class=\"geodir-lazy-load align size-medium_large geodir-image-509 embed-item-cover-xy w-100 p-0 m-0 mw-100 border-0\" data-srcset=\"https:\/\/caminodesantiagofrances.com\/en\/wp-content\/uploads\/sites\/3\/2024\/10\/Albergue-de-la-Xunta-de-Galicia-de-Arzua-Camino-de-Santiago-Frances-768x403.jpg 768w, https:\/\/caminodesantiagofrances.com\/en\/wp-content\/uploads\/sites\/3\/2024\/10\/Albergue-de-la-Xunta-de-Galicia-de-Arzua-Camino-de-Santiago-Frances-300x158.jpg 300w, https:\/\/caminodesantiagofrances.com\/en\/wp-content\/uploads\/sites\/3\/2024\/10\/Albergue-de-la-Xunta-de-Galicia-de-Arzua-Camino-de-Santiago-Frances-1024x538.jpg 1024w, https:\/\/caminodesantiagofrances.com\/en\/wp-content\/uploads\/sites\/3\/2024\/10\/Albergue-de-la-Xunta-de-Galicia-de-Arzua-Camino-de-Santiago-Frances.jpg 1200w\" sizes=\"(max-width: 768px) 100vw, 768px\" \/><i class=\"fas fa-link w-auto h-auto\" aria-hidden=\"true\"><\/i><\/a><\/div>\t\t<\/div>\n\t\t<\/div>\n<\/div><\/div><div class=\"card-body p-2  \"><div class=\"row justify-content-center gv-hide-3 gv-hide-0\"><div class=\"col col-4 text-center tofront \"><a href=\"https:\/\/caminodesantiagofrances.com\/en\/author\/caminodesantiagofrances-com\/\" title=\"caminodesantiagofrances-com\"><img decoding=\"async\" style=\"max-height:75px;\" class=\"rounded-circle shadow border border-white border-width-4 p-0 mw-100 mt-n5 bg-white\" src=\"https:\/\/secure.gravatar.com\/avatar\/03aa5dc32308904f80a38258afc0335b43d4b2bec3418626e4f8712b71c3b93e?s=96&#038;d=mm&#038;r=g\" alt=\"Author Image\"><\/a><\/div><\/div><div class=\"geodir-post-title bsui sdel-caa60b10\" ><h3 class=\"geodir-entry-title  h5 \"><a href=\"https:\/\/caminodesantiagofrances.com\/en\/lo\/albergue-de-la-xunta-de-galicia-de-arzua\/\" class=\"\" title=\"View: Albergue de la Xunta de Galicia de Arz\u00faa\">Albergue de la Xunta de Galicia de Arz\u00faa<\/a><\/h3><\/div><div class=\"geodir-post-content-container bsui sdel-1e477937\" ><div class=\"geodir_post_meta  text-justify pb-1 position-relative geodir-field-post_content\" >Albergue de Peregrinos de la Xunta de Galicia de Arz\u00faa El Albergue de Peregrinos de la Xunta de Galicia de<\/div><\/div><\/div><div class=\"card-footer p-2  \"><div class='d-flex justify-content-between align-items-center flex-wrap'><div><\/div><div><\/div><\/div><\/div><\/div>\t<\/div>\n\t<\/div>\n\t<\/div>\n\t\t<\/div>\n\t\t<\/div><\/div>\n\n\n\n<h3 class=\"wp-block-heading has-text-align-center\">Pregonto\u00f1o<\/h3>\n\n\n\n<h3 class=\"wp-block-heading has-text-align-center\">Cortobe<\/h3>\n\n\n\n<h3 class=\"wp-block-heading has-text-align-center\">A Calzada<\/h3>\n\n\n\n<h3 class=\"wp-block-heading has-text-align-center\"><a href=\"https:\/\/caminodesantiagofrances.com\/en\/provincia-a-coruna\/a-calle-de-ferreiros\/\" data-type=\"link\" data-id=\"https:\/\/caminodesantiagofrances.com\/en\/provincia-a-coruna\/a-calle-de-ferreiros\/\">A Calle de Ferreiros<\/a><\/h3>\n\n\n\n<h3 class=\"wp-block-heading has-text-align-center\"><a href=\"https:\/\/caminodesantiagofrances.com\/en\/provincia-a-coruna\/a-boavista\/\" data-type=\"link\" data-id=\"https:\/\/caminodesantiagofrances.com\/en\/provincia-a-coruna\/a-boavista\/\">A Boavista<\/a><\/h3>\n\n\n\n<h3 class=\"wp-block-heading has-text-align-center\"><a href=\"https:\/\/caminodesantiagofrances.com\/en\/provincia-a-coruna\/a-salceda\/\" data-type=\"link\" data-id=\"https:\/\/caminodesantiagofrances.com\/en\/provincia-a-coruna\/a-salceda\/\">A Salceda<\/a><\/h3>\n\n\n\n<h3 class=\"wp-block-heading has-text-align-center\"><a href=\"https:\/\/caminodesantiagofrances.com\/en\/provincia-a-coruna\/santa-irene\/\" data-type=\"link\" data-id=\"https:\/\/caminodesantiagofrances.com\/en\/provincia-a-coruna\/santa-irene\/\">Santa Irene<\/a><\/h3>\n\n\n\n<h3 class=\"wp-block-heading has-text-align-center\"><a href=\"https:\/\/caminodesantiagofrances.com\/en\/provincia-a-coruna\/a-rua\/\" data-type=\"link\" data-id=\"https:\/\/caminodesantiagofrances.com\/en\/provincia-a-coruna\/a-rua\/\">A R\u00faa<\/a><\/h3>\n\n\n\n<h3 class=\"wp-block-heading has-text-align-center\"><a href=\"https:\/\/caminodesantiagofrances.com\/en\/provincia-a-coruna\/o-pedrouzo\/\" data-type=\"link\" data-id=\"https:\/\/caminodesantiagofrances.com\/en\/provincia-a-coruna\/o-pedrouzo\/\">O Pedrouzo<\/a><\/h3>\n\n\n\n<div class=\"wp-block-geodirectory-geodir-widget-listings\"><div class=\"geodir-listings bsui sdel-8053faca\" >\t\t<div id=\"geodir_6a9d4534c4b2e\" class=\"geodir_locations geodir_location_listing\n\t\t\t\t\t\t\t mb-3\t\t position-relative\">\n\t\t\t\t<div\n\t\tclass=\"row row-cols-1 row-cols-sm-2 geodir-category-list-view geodir-widget-posts geodir-gridview row-cols-md-2\">\n\t\t\n<div class=\"col mb-4 geodir-post post-16165 gd_place type-gd_place status-publish has-post-thumbnail gd-post-pkg-1\" data-post-id=\"16165\">\n\t\t<div class=\"card h-100 p-0 m-0 mw-100  \">\n\t<div class=\"card p-0 mw-100 h-100 \"><div class=\"card-img-top overflow-hidden position-relative  \"><span class=\"bsui gd-badge-meta\"><a href=\"https:\/\/caminodesantiagofrances.com\/en\/lo\/categoria\/albergue\/\" class=\"gd-badge border-0 badge ab-bottom-left ms-1\" data-id=\"16165\" data-badge=\"default_category\" data-badge-condition=\"is_not_empty\" style=\"background-color:rgba(0,0,0,0.5);border-color:rgba(0,0,0,0.5);color:#ffffff;\">Albergue<\/a>\n<\/span><div class=\"geodir_post_meta gd-fav-info-wrap  gd-fav-hide-text ab-bottom-right me-1  mb-n1  me-1 mb-n1 ab-bottom-right\" >\t\t<span class=\"gd-list-favorite\">\n\t\t\t<span class=\"geodir-addtofav favorite_property_16165  h5\" aria-hidden=\"true\"><span  title=\"Add to Favourites\"  class=\"geodir-addtofav-icon c-pointer geodir-act-fav\"  data-color-on=\"#ff0000\"  data-icon=\"fas fa-heart\"  data-color-off=\"rgba(223,223,223,0.8)\"  data-text-color=\"\"  data-bs-toggle=\"tooltip\"  aria-hidden=\"true\"  onclick=\"javascript:window.location.href='https:\/\/caminodesantiagofrances.com\/en\/wp-login.php'\"  ><i class=\"fas fa-heart\"  style=\"color:rgba(223,223,223,0.8);\" ><\/i> <span class=\"geodir-fav-text gv-secondary visually-hidden\" style=\"\" aria-hidden=\"true\">Favourite<\/span><\/span>\n<\/span>\t\t<\/span>\n\t\t<\/div><div class=\"geodir-post-slider bsui sdel-03994e04\" ><div class=\"geodir-image-container geodir-image-sizes-medium_large overflow-hidden\">\n\t\t\t<div class=\"geodir-images aui-gallery geodir-images-n-1 geodir-images-image carousel-inner \">\n\t\t<div class=\"carousel-item active\"><a href=\"https:\/\/caminodesantiagofrances.com\/en\/lo\/albergue-hostel-azul-cielo\/\" class=\"geodir-link-image embed-has-action ratio ratio-16x9 ratio ratio-16x9 d-block\"><img src='data:image\/png;base64,iVBORw0KGgoAAAANSUhEUgAAAGQAAAABCAQAAACC0sM2AAAADklEQVR42mP8X88wLAAAK5IBgMYCdqgAAAAASUVORK5CYII=' data-src=\"https:\/\/caminodesantiagofrances.com\/en\/wp-content\/uploads\/sites\/3\/2025\/08\/Albergue-Hostel-Azul-Cielo-Camino-de-Santiago-Frances-768x403.jpg\" alt=\"Albergue Hostel Azul Cielo Camino de Santiago Frances 768x403\" width=\"768\" height=\"403\" class=\"geodir-lazy-load align size-medium_large geodir-image-2859 embed-item-cover-xy w-100 p-0 m-0 mw-100 border-0\" data-srcset=\"https:\/\/caminodesantiagofrances.com\/en\/wp-content\/uploads\/sites\/3\/2025\/08\/Albergue-Hostel-Azul-Cielo-Camino-de-Santiago-Frances-768x403.jpg 768w, https:\/\/caminodesantiagofrances.com\/en\/wp-content\/uploads\/sites\/3\/2025\/08\/Albergue-Hostel-Azul-Cielo-Camino-de-Santiago-Frances-300x158.jpg 300w, https:\/\/caminodesantiagofrances.com\/en\/wp-content\/uploads\/sites\/3\/2025\/08\/Albergue-Hostel-Azul-Cielo-Camino-de-Santiago-Frances-1024x538.jpg 1024w, https:\/\/caminodesantiagofrances.com\/en\/wp-content\/uploads\/sites\/3\/2025\/08\/Albergue-Hostel-Azul-Cielo-Camino-de-Santiago-Frances.jpg 1200w\" sizes=\"(max-width: 768px) 100vw, 768px\" \/><i class=\"fas fa-link w-auto h-auto\" aria-hidden=\"true\"><\/i><\/a><\/div>\t\t<\/div>\n\t\t<\/div>\n<\/div><\/div><div class=\"card-body p-2  \"><div class=\"row justify-content-center gv-hide-3 gv-hide-0\"><div class=\"col col-4 text-center tofront \"><a href=\"https:\/\/caminodesantiagofrances.com\/en\/author\/caminodesantiagofrances-com\/\" title=\"caminodesantiagofrances-com\"><img decoding=\"async\" style=\"max-height:75px;\" class=\"rounded-circle shadow border border-white border-width-4 p-0 mw-100 mt-n5 bg-white\" src=\"https:\/\/secure.gravatar.com\/avatar\/03aa5dc32308904f80a38258afc0335b43d4b2bec3418626e4f8712b71c3b93e?s=96&#038;d=mm&#038;r=g\" alt=\"Author Image\"><\/a><\/div><\/div><div class=\"geodir-post-title bsui sdel-caa60b10\" ><h3 class=\"geodir-entry-title  h5 \"><a href=\"https:\/\/caminodesantiagofrances.com\/en\/lo\/albergue-hostel-azul-cielo\/\" class=\"\" title=\"View: Albergue Hostel Azul Cielo\">Albergue Hostel Azul Cielo<\/a><\/h3><\/div><div class=\"geodir-post-content-container bsui sdel-1e477937\" ><div class=\"geodir_post_meta  text-justify pb-1 position-relative geodir-field-post_content\" >RESERVAR AHORA Albergue Hostel Azul Cielo en O Pedrouzo: el descanso perfecto en la \u00faltima etapa del Camino Franc\u00e9s En<\/div><\/div><\/div><div class=\"card-footer p-2  \"><div class='d-flex justify-content-between align-items-center flex-wrap'><div><\/div><div><\/div><\/div><\/div><\/div>\t<\/div>\n\t<\/div>\n\n<div class=\"col mb-4 geodir-post post-16162 gd_place type-gd_place status-publish has-post-thumbnail gd-post-pkg-1\" data-post-id=\"16162\">\n\t\t<div class=\"card h-100 p-0 m-0 mw-100  \">\n\t<div class=\"card p-0 mw-100 h-100 \"><div class=\"card-img-top overflow-hidden position-relative  \"><span class=\"bsui gd-badge-meta\"><a href=\"https:\/\/caminodesantiagofrances.com\/en\/lo\/categoria\/albergue\/\" class=\"gd-badge border-0 badge ab-bottom-left ms-1\" data-id=\"16162\" data-badge=\"default_category\" data-badge-condition=\"is_not_empty\" style=\"background-color:rgba(0,0,0,0.5);border-color:rgba(0,0,0,0.5);color:#ffffff;\">Albergue<\/a>\n<\/span><div class=\"geodir_post_meta gd-fav-info-wrap  gd-fav-hide-text ab-bottom-right me-1  mb-n1  me-1 mb-n1 ab-bottom-right\" >\t\t<span class=\"gd-list-favorite\">\n\t\t\t<span class=\"geodir-addtofav favorite_property_16162  h5\" aria-hidden=\"true\"><span  title=\"Add to Favourites\"  class=\"geodir-addtofav-icon c-pointer geodir-act-fav\"  data-color-on=\"#ff0000\"  data-icon=\"fas fa-heart\"  data-color-off=\"rgba(223,223,223,0.8)\"  data-text-color=\"\"  data-bs-toggle=\"tooltip\"  aria-hidden=\"true\"  onclick=\"javascript:window.location.href='https:\/\/caminodesantiagofrances.com\/en\/wp-login.php'\"  ><i class=\"fas fa-heart\"  style=\"color:rgba(223,223,223,0.8);\" ><\/i> <span class=\"geodir-fav-text gv-secondary visually-hidden\" style=\"\" aria-hidden=\"true\">Favourite<\/span><\/span>\n<\/span>\t\t<\/span>\n\t\t<\/div><div class=\"geodir-post-slider bsui sdel-03994e04\" ><div class=\"geodir-image-container geodir-image-sizes-medium_large overflow-hidden\">\n\t\t\t<div class=\"geodir-images aui-gallery geodir-images-n-1 geodir-images-image carousel-inner \">\n\t\t<div class=\"carousel-item active\"><a href=\"https:\/\/caminodesantiagofrances.com\/en\/lo\/albergue-spa-cruceiro-de-pedrouzo\/\" class=\"geodir-link-image embed-has-action ratio ratio-16x9 ratio ratio-16x9 d-block\"><img src='data:image\/png;base64,iVBORw0KGgoAAAANSUhEUgAAAGQAAAABCAQAAACC0sM2AAAADklEQVR42mP8X88wLAAAK5IBgMYCdqgAAAAASUVORK5CYII=' data-src=\"https:\/\/caminodesantiagofrances.com\/en\/wp-content\/uploads\/sites\/3\/2025\/08\/Albergue-Spa-Cruceiro-de-Pedrouzo-Camino-de-Santiago-Frances-768x403.jpg\" alt=\"Albergue Spa Cruceiro de Pedrouzo Camino de Santiago Frances 768x403\" width=\"768\" height=\"403\" class=\"geodir-lazy-load align size-medium_large geodir-image-2845 embed-item-cover-xy w-100 p-0 m-0 mw-100 border-0\" data-srcset=\"https:\/\/caminodesantiagofrances.com\/en\/wp-content\/uploads\/sites\/3\/2025\/08\/Albergue-Spa-Cruceiro-de-Pedrouzo-Camino-de-Santiago-Frances-768x403.jpg 768w, https:\/\/caminodesantiagofrances.com\/en\/wp-content\/uploads\/sites\/3\/2025\/08\/Albergue-Spa-Cruceiro-de-Pedrouzo-Camino-de-Santiago-Frances-300x158.jpg 300w, https:\/\/caminodesantiagofrances.com\/en\/wp-content\/uploads\/sites\/3\/2025\/08\/Albergue-Spa-Cruceiro-de-Pedrouzo-Camino-de-Santiago-Frances-1024x538.jpg 1024w, https:\/\/caminodesantiagofrances.com\/en\/wp-content\/uploads\/sites\/3\/2025\/08\/Albergue-Spa-Cruceiro-de-Pedrouzo-Camino-de-Santiago-Frances.jpg 1200w\" sizes=\"(max-width: 768px) 100vw, 768px\" \/><i class=\"fas fa-link w-auto h-auto\" aria-hidden=\"true\"><\/i><\/a><\/div>\t\t<\/div>\n\t\t<\/div>\n<\/div><\/div><div class=\"card-body p-2  \"><div class=\"row justify-content-center gv-hide-3 gv-hide-0\"><div class=\"col col-4 text-center tofront \"><a href=\"https:\/\/caminodesantiagofrances.com\/en\/author\/caminodesantiagofrances-com\/\" title=\"caminodesantiagofrances-com\"><img decoding=\"async\" style=\"max-height:75px;\" class=\"rounded-circle shadow border border-white border-width-4 p-0 mw-100 mt-n5 bg-white\" src=\"https:\/\/secure.gravatar.com\/avatar\/03aa5dc32308904f80a38258afc0335b43d4b2bec3418626e4f8712b71c3b93e?s=96&#038;d=mm&#038;r=g\" alt=\"Author Image\"><\/a><\/div><\/div><div class=\"geodir-post-title bsui sdel-caa60b10\" ><h3 class=\"geodir-entry-title  h5 \"><a href=\"https:\/\/caminodesantiagofrances.com\/en\/lo\/albergue-spa-cruceiro-de-pedrouzo\/\" class=\"\" title=\"View: Albergue Spa Cruceiro de Pedrouzo\">Albergue Spa Cruceiro de Pedrouzo<\/a><\/h3><\/div><div class=\"geodir-post-content-container bsui sdel-1e477937\" ><div class=\"geodir_post_meta  text-justify pb-1 position-relative geodir-field-post_content\" >RESERVAR AHORA Albergue Cruceiro de Pedrouzo: descanso estrat\u00e9gico en el Camino Franc\u00e9s Ubicado en pleno coraz\u00f3n de O Pedrouzo, a<\/div><\/div><\/div><div class=\"card-footer p-2  \"><div class='d-flex justify-content-between align-items-center flex-wrap'><div><\/div><div><\/div><\/div><\/div><\/div>\t<\/div>\n\t<\/div>\n\n<div class=\"col mb-4 geodir-post post-16159 gd_place type-gd_place status-publish has-post-thumbnail gd-post-pkg-1\" data-post-id=\"16159\">\n\t\t<div class=\"card h-100 p-0 m-0 mw-100  \">\n\t<div class=\"card p-0 mw-100 h-100 \"><div class=\"card-img-top overflow-hidden position-relative  \"><span class=\"bsui gd-badge-meta\"><a href=\"https:\/\/caminodesantiagofrances.com\/en\/lo\/categoria\/albergue\/\" class=\"gd-badge border-0 badge ab-bottom-left ms-1\" data-id=\"16159\" data-badge=\"default_category\" data-badge-condition=\"is_not_empty\" style=\"background-color:rgba(0,0,0,0.5);border-color:rgba(0,0,0,0.5);color:#ffffff;\">Albergue<\/a>\n<\/span><div class=\"geodir_post_meta gd-fav-info-wrap  gd-fav-hide-text ab-bottom-right me-1  mb-n1  me-1 mb-n1 ab-bottom-right\" >\t\t<span class=\"gd-list-favorite\">\n\t\t\t<span class=\"geodir-addtofav favorite_property_16159  h5\" aria-hidden=\"true\"><span  title=\"Add to Favourites\"  class=\"geodir-addtofav-icon c-pointer geodir-act-fav\"  data-color-on=\"#ff0000\"  data-icon=\"fas fa-heart\"  data-color-off=\"rgba(223,223,223,0.8)\"  data-text-color=\"\"  data-bs-toggle=\"tooltip\"  aria-hidden=\"true\"  onclick=\"javascript:window.location.href='https:\/\/caminodesantiagofrances.com\/en\/wp-login.php'\"  ><i class=\"fas fa-heart\"  style=\"color:rgba(223,223,223,0.8);\" ><\/i> <span class=\"geodir-fav-text gv-secondary visually-hidden\" style=\"\" aria-hidden=\"true\">Favourite<\/span><\/span>\n<\/span>\t\t<\/span>\n\t\t<\/div><div class=\"geodir-post-slider bsui sdel-03994e04\" ><div class=\"geodir-image-container geodir-image-sizes-medium_large overflow-hidden\">\n\t\t\t<div class=\"geodir-images aui-gallery geodir-images-n-1 geodir-images-image carousel-inner \">\n\t\t<div class=\"carousel-item active\"><a href=\"https:\/\/caminodesantiagofrances.com\/en\/lo\/albergue-o-burgo\/\" class=\"geodir-link-image embed-has-action ratio ratio-16x9 ratio ratio-16x9 d-block\"><img src='data:image\/png;base64,iVBORw0KGgoAAAANSUhEUgAAAGQAAAABCAQAAACC0sM2AAAADklEQVR42mP8X88wLAAAK5IBgMYCdqgAAAAASUVORK5CYII=' data-src=\"https:\/\/caminodesantiagofrances.com\/en\/wp-content\/uploads\/sites\/3\/2025\/08\/Albergue-O-Burgo-Camino-de-Santiago-Frances-768x403.jpg\" alt=\"Albergue O Burgo Camino de Santiago Frances 768x403\" width=\"768\" height=\"403\" class=\"geodir-lazy-load align size-medium_large geodir-image-2830 embed-item-cover-xy w-100 p-0 m-0 mw-100 border-0\" data-srcset=\"https:\/\/caminodesantiagofrances.com\/en\/wp-content\/uploads\/sites\/3\/2025\/08\/Albergue-O-Burgo-Camino-de-Santiago-Frances-768x403.jpg 768w, https:\/\/caminodesantiagofrances.com\/en\/wp-content\/uploads\/sites\/3\/2025\/08\/Albergue-O-Burgo-Camino-de-Santiago-Frances-300x158.jpg 300w, https:\/\/caminodesantiagofrances.com\/en\/wp-content\/uploads\/sites\/3\/2025\/08\/Albergue-O-Burgo-Camino-de-Santiago-Frances-1024x538.jpg 1024w, https:\/\/caminodesantiagofrances.com\/en\/wp-content\/uploads\/sites\/3\/2025\/08\/Albergue-O-Burgo-Camino-de-Santiago-Frances.jpg 1200w\" sizes=\"(max-width: 768px) 100vw, 768px\" \/><i class=\"fas fa-link w-auto h-auto\" aria-hidden=\"true\"><\/i><\/a><\/div>\t\t<\/div>\n\t\t<\/div>\n<\/div><\/div><div class=\"card-body p-2  \"><div class=\"row justify-content-center gv-hide-3 gv-hide-0\"><div class=\"col col-4 text-center tofront \"><a href=\"https:\/\/caminodesantiagofrances.com\/en\/author\/caminodesantiagofrances-com\/\" title=\"caminodesantiagofrances-com\"><img decoding=\"async\" style=\"max-height:75px;\" class=\"rounded-circle shadow border border-white border-width-4 p-0 mw-100 mt-n5 bg-white\" src=\"https:\/\/secure.gravatar.com\/avatar\/03aa5dc32308904f80a38258afc0335b43d4b2bec3418626e4f8712b71c3b93e?s=96&#038;d=mm&#038;r=g\" alt=\"Author Image\"><\/a><\/div><\/div><div class=\"geodir-post-title bsui sdel-caa60b10\" ><h3 class=\"geodir-entry-title  h5 \"><a href=\"https:\/\/caminodesantiagofrances.com\/en\/lo\/albergue-o-burgo\/\" class=\"\" title=\"View: Albergue O Burgo\">Albergue O Burgo<\/a><\/h3><\/div><div class=\"geodir-post-content-container bsui sdel-1e477937\" ><div class=\"geodir_post_meta  text-justify pb-1 position-relative geodir-field-post_content\" >RESERVAR AHORA Albergue O Burgo: descanso y hospitalidad en O Pedrouzo, Camino Franc\u00e9s El Albergue O Burgo se encuentra en<\/div><\/div><\/div><div class=\"card-footer p-2  \"><div class='d-flex justify-content-between align-items-center flex-wrap'><div><\/div><div><\/div><\/div><\/div><\/div>\t<\/div>\n\t<\/div>\n\n<div class=\"col mb-4 geodir-post post-16155 gd_place type-gd_place status-publish has-post-thumbnail gd-post-pkg-1\" data-post-id=\"16155\">\n\t\t<div class=\"card h-100 p-0 m-0 mw-100  \">\n\t<div class=\"card p-0 mw-100 h-100 \"><div class=\"card-img-top overflow-hidden position-relative  \"><span class=\"bsui gd-badge-meta\"><a href=\"https:\/\/caminodesantiagofrances.com\/en\/lo\/categoria\/albergue\/\" class=\"gd-badge border-0 badge ab-bottom-left ms-1\" data-id=\"16155\" data-badge=\"default_category\" data-badge-condition=\"is_not_empty\" style=\"background-color:rgba(0,0,0,0.5);border-color:rgba(0,0,0,0.5);color:#ffffff;\">Albergue<\/a>\n<\/span><div class=\"geodir_post_meta gd-fav-info-wrap  gd-fav-hide-text ab-bottom-right me-1  mb-n1  me-1 mb-n1 ab-bottom-right\" >\t\t<span class=\"gd-list-favorite\">\n\t\t\t<span class=\"geodir-addtofav favorite_property_16155  h5\" aria-hidden=\"true\"><span  title=\"Add to Favourites\"  class=\"geodir-addtofav-icon c-pointer geodir-act-fav\"  data-color-on=\"#ff0000\"  data-icon=\"fas fa-heart\"  data-color-off=\"rgba(223,223,223,0.8)\"  data-text-color=\"\"  data-bs-toggle=\"tooltip\"  aria-hidden=\"true\"  onclick=\"javascript:window.location.href='https:\/\/caminodesantiagofrances.com\/en\/wp-login.php'\"  ><i class=\"fas fa-heart\"  style=\"color:rgba(223,223,223,0.8);\" ><\/i> <span class=\"geodir-fav-text gv-secondary visually-hidden\" style=\"\" aria-hidden=\"true\">Favourite<\/span><\/span>\n<\/span>\t\t<\/span>\n\t\t<\/div><div class=\"geodir-post-slider bsui sdel-03994e04\" ><div class=\"geodir-image-container geodir-image-sizes-medium_large overflow-hidden\">\n\t\t\t<div class=\"geodir-images aui-gallery geodir-images-n-1 geodir-images-image carousel-inner \">\n\t\t<div class=\"carousel-item active\"><a href=\"https:\/\/caminodesantiagofrances.com\/en\/lo\/albergue-o-trisquel\/\" class=\"geodir-link-image embed-has-action ratio ratio-16x9 ratio ratio-16x9 d-block\"><img src='data:image\/png;base64,iVBORw0KGgoAAAANSUhEUgAAAGQAAAABCAQAAACC0sM2AAAADklEQVR42mP8X88wLAAAK5IBgMYCdqgAAAAASUVORK5CYII=' data-src=\"https:\/\/caminodesantiagofrances.com\/en\/wp-content\/uploads\/sites\/3\/2025\/08\/Albergue-O-Trisquel-Camino-de-Santiago-Frances-768x403.jpg\" alt=\"Albergue O Trisquel Camino de Santiago Frances 768x403\" width=\"768\" height=\"403\" class=\"geodir-lazy-load align size-medium_large geodir-image-2815 embed-item-cover-xy w-100 p-0 m-0 mw-100 border-0\" data-srcset=\"https:\/\/caminodesantiagofrances.com\/en\/wp-content\/uploads\/sites\/3\/2025\/08\/Albergue-O-Trisquel-Camino-de-Santiago-Frances-768x403.jpg 768w, https:\/\/caminodesantiagofrances.com\/en\/wp-content\/uploads\/sites\/3\/2025\/08\/Albergue-O-Trisquel-Camino-de-Santiago-Frances-300x158.jpg 300w, https:\/\/caminodesantiagofrances.com\/en\/wp-content\/uploads\/sites\/3\/2025\/08\/Albergue-O-Trisquel-Camino-de-Santiago-Frances-1024x538.jpg 1024w, https:\/\/caminodesantiagofrances.com\/en\/wp-content\/uploads\/sites\/3\/2025\/08\/Albergue-O-Trisquel-Camino-de-Santiago-Frances.jpg 1200w\" sizes=\"(max-width: 768px) 100vw, 768px\" \/><i class=\"fas fa-link w-auto h-auto\" aria-hidden=\"true\"><\/i><\/a><\/div>\t\t<\/div>\n\t\t<\/div>\n<\/div><\/div><div class=\"card-body p-2  \"><div class=\"row justify-content-center gv-hide-3 gv-hide-0\"><div class=\"col col-4 text-center tofront \"><a href=\"https:\/\/caminodesantiagofrances.com\/en\/author\/caminodesantiagofrances-com\/\" title=\"caminodesantiagofrances-com\"><img decoding=\"async\" style=\"max-height:75px;\" class=\"rounded-circle shadow border border-white border-width-4 p-0 mw-100 mt-n5 bg-white\" src=\"https:\/\/secure.gravatar.com\/avatar\/03aa5dc32308904f80a38258afc0335b43d4b2bec3418626e4f8712b71c3b93e?s=96&#038;d=mm&#038;r=g\" alt=\"Author Image\"><\/a><\/div><\/div><div class=\"geodir-post-title bsui sdel-caa60b10\" ><h3 class=\"geodir-entry-title  h5 \"><a href=\"https:\/\/caminodesantiagofrances.com\/en\/lo\/albergue-o-trisquel\/\" class=\"\" title=\"View: Albergue O Trisquel\">Albergue O Trisquel<\/a><\/h3><\/div><div class=\"geodir-post-content-container bsui sdel-1e477937\" ><div class=\"geodir_post_meta  text-justify pb-1 position-relative geodir-field-post_content\" >RESERVAR AHORA Albergue O Trisquel: descanso y hospitalidad en O Pedrouzo, \u00faltima etapa del Camino Franc\u00e9s El Albergue O Trisquel<\/div><\/div><\/div><div class=\"card-footer p-2  \"><div class='d-flex justify-content-between align-items-center flex-wrap'><div><\/div><div><\/div><\/div><\/div><\/div>\t<\/div>\n\t<\/div>\n\n<div class=\"col mb-4 geodir-post post-13847 gd_place type-gd_place status-publish has-post-thumbnail gd-post-pkg-1\" data-post-id=\"13847\">\n\t\t<div class=\"card h-100 p-0 m-0 mw-100  \">\n\t<div class=\"card p-0 mw-100 h-100 \"><div class=\"card-img-top overflow-hidden position-relative  \"><span class=\"bsui gd-badge-meta\"><a href=\"https:\/\/caminodesantiagofrances.com\/en\/lo\/categoria\/albergue\/\" class=\"gd-badge border-0 badge ab-bottom-left ms-1\" data-id=\"13847\" data-badge=\"default_category\" data-badge-condition=\"is_not_empty\" style=\"background-color:rgba(0,0,0,0.5);border-color:rgba(0,0,0,0.5);color:#ffffff;\">Albergue<\/a>\n<\/span><div class=\"geodir_post_meta gd-fav-info-wrap  gd-fav-hide-text ab-bottom-right me-1  mb-n1  me-1 mb-n1 ab-bottom-right\" >\t\t<span class=\"gd-list-favorite\">\n\t\t\t<span class=\"geodir-addtofav favorite_property_13847  h5\" aria-hidden=\"true\"><span  title=\"Add to Favourites\"  class=\"geodir-addtofav-icon c-pointer geodir-act-fav\"  data-color-on=\"#ff0000\"  data-icon=\"fas fa-heart\"  data-color-off=\"rgba(223,223,223,0.8)\"  data-text-color=\"\"  data-bs-toggle=\"tooltip\"  aria-hidden=\"true\"  onclick=\"javascript:window.location.href='https:\/\/caminodesantiagofrances.com\/en\/wp-login.php'\"  ><i class=\"fas fa-heart\"  style=\"color:rgba(223,223,223,0.8);\" ><\/i> <span class=\"geodir-fav-text gv-secondary visually-hidden\" style=\"\" aria-hidden=\"true\">Favourite<\/span><\/span>\n<\/span>\t\t<\/span>\n\t\t<\/div><div class=\"geodir-post-slider bsui sdel-03994e04\" ><div class=\"geodir-image-container geodir-image-sizes-medium_large overflow-hidden\">\n\t\t\t<div class=\"geodir-images aui-gallery geodir-images-n-1 geodir-images-image carousel-inner \">\n\t\t<div class=\"carousel-item active\"><a href=\"https:\/\/caminodesantiagofrances.com\/en\/lo\/albergue-de-la-xunta-de-galicia-o-pedrouzo\/\" class=\"geodir-link-image embed-has-action ratio ratio-16x9 ratio ratio-16x9 d-block\"><img src='data:image\/png;base64,iVBORw0KGgoAAAANSUhEUgAAAGQAAAABCAQAAACC0sM2AAAADklEQVR42mP8X88wLAAAK5IBgMYCdqgAAAAASUVORK5CYII=' data-src=\"https:\/\/caminodesantiagofrances.com\/en\/wp-content\/uploads\/sites\/3\/2024\/10\/Albergue-de-la-Xunta-de-Galicia-O-Pedrouzo-Camino-de-Santiago-Frances-768x403.jpg\" alt=\"Albergue de la Xunta de Galicia O Pedrouzo Camino de Santiago Frances 768x403\" width=\"768\" height=\"403\" class=\"geodir-lazy-load align size-medium_large geodir-image-510 embed-item-cover-xy w-100 p-0 m-0 mw-100 border-0\" data-srcset=\"https:\/\/caminodesantiagofrances.com\/en\/wp-content\/uploads\/sites\/3\/2024\/10\/Albergue-de-la-Xunta-de-Galicia-O-Pedrouzo-Camino-de-Santiago-Frances-768x403.jpg 768w, https:\/\/caminodesantiagofrances.com\/en\/wp-content\/uploads\/sites\/3\/2024\/10\/Albergue-de-la-Xunta-de-Galicia-O-Pedrouzo-Camino-de-Santiago-Frances-300x158.jpg 300w, https:\/\/caminodesantiagofrances.com\/en\/wp-content\/uploads\/sites\/3\/2024\/10\/Albergue-de-la-Xunta-de-Galicia-O-Pedrouzo-Camino-de-Santiago-Frances-1024x538.jpg 1024w, https:\/\/caminodesantiagofrances.com\/en\/wp-content\/uploads\/sites\/3\/2024\/10\/Albergue-de-la-Xunta-de-Galicia-O-Pedrouzo-Camino-de-Santiago-Frances.jpg 1200w\" sizes=\"(max-width: 768px) 100vw, 768px\" \/><i class=\"fas fa-link w-auto h-auto\" aria-hidden=\"true\"><\/i><\/a><\/div>\t\t<\/div>\n\t\t<\/div>\n<\/div><\/div><div class=\"card-body p-2  \"><div class=\"row justify-content-center gv-hide-3 gv-hide-0\"><div class=\"col col-4 text-center tofront \"><a href=\"https:\/\/caminodesantiagofrances.com\/en\/author\/caminodesantiagofrances-com\/\" title=\"caminodesantiagofrances-com\"><img decoding=\"async\" style=\"max-height:75px;\" class=\"rounded-circle shadow border border-white border-width-4 p-0 mw-100 mt-n5 bg-white\" src=\"https:\/\/secure.gravatar.com\/avatar\/03aa5dc32308904f80a38258afc0335b43d4b2bec3418626e4f8712b71c3b93e?s=96&#038;d=mm&#038;r=g\" alt=\"Author Image\"><\/a><\/div><\/div><div class=\"geodir-post-title bsui sdel-caa60b10\" ><h3 class=\"geodir-entry-title  h5 \"><a href=\"https:\/\/caminodesantiagofrances.com\/en\/lo\/albergue-de-la-xunta-de-galicia-o-pedrouzo\/\" class=\"\" title=\"View: Albergue de la Xunta de Galicia O Pedrouzo\">Albergue de la Xunta de Galicia O Pedrouzo<\/a><\/h3><\/div><div class=\"geodir-post-content-container bsui sdel-1e477937\" ><div class=\"geodir_post_meta  text-justify pb-1 position-relative geodir-field-post_content\" >Albergue de Peregrinos de la Xunta de Galicia de O Pedrouzo El albergue de peregrinos de la Xunta de Galicia<\/div><\/div><\/div><div class=\"card-footer p-2  \"><div class='d-flex justify-content-between align-items-center flex-wrap'><div><\/div><div><\/div><\/div><\/div><\/div>\t<\/div>\n\t<\/div>\n\t<\/div>\n\t\t<\/div>\n\t\t<\/div><\/div>\n\n\n\n<h3 class=\"wp-block-heading has-text-align-center\"><a href=\"https:\/\/caminodesantiagofrances.com\/en\/provincia-a-coruna\/o-amenal\/\" data-type=\"link\" data-id=\"https:\/\/caminodesantiagofrances.com\/en\/provincia-a-coruna\/o-amenal\/\">O Amenal<\/a><\/h3>\n\n\n\n<h3 class=\"wp-block-heading has-text-align-center\"><a href=\"https:\/\/caminodesantiagofrances.com\/en\/provincia-a-coruna\/san-paio\/\" data-type=\"link\" data-id=\"https:\/\/caminodesantiagofrances.com\/en\/provincia-a-coruna\/san-paio\/\">San Paio<\/a><\/h3>\n\n\n\n<h3 class=\"wp-block-heading has-text-align-center\"><a href=\"https:\/\/caminodesantiagofrances.com\/en\/provincia-a-coruna\/a-lavacolla\/\" data-type=\"link\" data-id=\"https:\/\/caminodesantiagofrances.com\/en\/provincia-a-coruna\/a-lavacolla\/\">A Lavacolla<\/a><\/h3>\n\n\n\n<h3 class=\"wp-block-heading has-text-align-center\"><a href=\"https:\/\/caminodesantiagofrances.com\/en\/provincia-a-coruna\/vilamaior\/\" data-type=\"link\" data-id=\"https:\/\/caminodesantiagofrances.com\/en\/provincia-a-coruna\/vilamaior\/\">Vilamaior<\/a><\/h3>\n\n\n\n<h3 class=\"wp-block-heading has-text-align-center\"><a href=\"https:\/\/caminodesantiagofrances.com\/en\/provincia-a-coruna\/san-marcos\/\" data-type=\"link\" data-id=\"https:\/\/caminodesantiagofrances.com\/en\/provincia-a-coruna\/san-marcos\/\">San Marcos<\/a><\/h3>\n\n\n\n<h3 class=\"wp-block-heading has-text-align-center\"><a href=\"https:\/\/caminodesantiagofrances.com\/en\/provincia-a-coruna\/monte-do-gozo\/\" data-type=\"link\" data-id=\"https:\/\/caminodesantiagofrances.com\/en\/provincia-a-coruna\/monte-do-gozo\/\">Monte do Gozo<\/a><\/h3>\n\n\n\n<h3 class=\"wp-block-heading has-text-align-center\"><a href=\"https:\/\/caminodesantiagofrances.com\/en\/provincia-a-coruna\/santiago-de-compostela\/\" data-type=\"link\" data-id=\"https:\/\/caminodesantiagofrances.com\/en\/provincia-a-coruna\/santiago-de-compostela\/\">Santiago de Compostela<\/a><\/h3>\n\n\n\n<div class=\"wp-block-geodirectory-geodir-widget-listings\"><div class=\"geodir-listings bsui sdel-c1a4ec27\" >\t\t<div id=\"geodir_6a9d4534cf8ca\" class=\"geodir_locations geodir_location_listing\n\t\t\t\t\t\t\t mb-3 bg-light\t\t position-relative\">\n\t\t\t\t<div\n\t\tclass=\"row row-cols-1 row-cols-sm-2 geodir-category-list-view geodir-widget-posts geodir-gridview row-cols-md-2\">\n\t\t\n<div class=\"col mb-4 geodir-post post-17137 gd_place type-gd_place status-publish has-post-thumbnail gd-post-pkg-1\" data-post-id=\"17137\">\n\t\t<div class=\"card h-100 p-0 m-0 mw-100  \">\n\t<div class=\"card p-0 mw-100 h-100 \"><div class=\"card-img-top overflow-hidden position-relative  \"><span class=\"bsui gd-badge-meta\"><a href=\"https:\/\/caminodesantiagofrances.com\/en\/lo\/categoria\/albergue\/\" class=\"gd-badge border-0 badge ab-bottom-left ms-1\" data-id=\"17137\" data-badge=\"default_category\" data-badge-condition=\"is_not_empty\" style=\"background-color:rgba(0,0,0,0.5);border-color:rgba(0,0,0,0.5);color:#ffffff;\">Albergue<\/a>\n<\/span><div class=\"geodir_post_meta gd-fav-info-wrap  gd-fav-hide-text ab-bottom-right me-1  mb-n1  me-1 mb-n1 ab-bottom-right\" >\t\t<span class=\"gd-list-favorite\">\n\t\t\t<span class=\"geodir-addtofav favorite_property_17137  h5\" aria-hidden=\"true\"><span  title=\"Add to Favourites\"  class=\"geodir-addtofav-icon c-pointer geodir-act-fav\"  data-color-on=\"#ff0000\"  data-icon=\"fas fa-heart\"  data-color-off=\"rgba(223,223,223,0.8)\"  data-text-color=\"\"  data-bs-toggle=\"tooltip\"  aria-hidden=\"true\"  onclick=\"javascript:window.location.href='https:\/\/caminodesantiagofrances.com\/en\/wp-login.php'\"  ><i class=\"fas fa-heart\"  style=\"color:rgba(223,223,223,0.8);\" ><\/i> <span class=\"geodir-fav-text gv-secondary visually-hidden\" style=\"\" aria-hidden=\"true\">Favourite<\/span><\/span>\n<\/span>\t\t<\/span>\n\t\t<\/div><div class=\"geodir-post-slider bsui sdel-03994e04\" ><div class=\"geodir-image-container geodir-image-sizes-medium_large overflow-hidden\">\n\t\t\t<div class=\"geodir-images aui-gallery geodir-images-n-1 geodir-images-image carousel-inner \">\n\t\t<div class=\"carousel-item active\"><a href=\"https:\/\/caminodesantiagofrances.com\/en\/lo\/albergue-casa-nostra-castrojeriz\/\" class=\"geodir-link-image embed-has-action ratio ratio-16x9 ratio ratio-16x9 d-block\"><img src='data:image\/png;base64,iVBORw0KGgoAAAANSUhEUgAAAGQAAAABCAQAAACC0sM2AAAADklEQVR42mP8X88wLAAAK5IBgMYCdqgAAAAASUVORK5CYII=' data-src=\"https:\/\/caminodesantiagofrances.com\/en\/wp-content\/uploads\/sites\/3\/2025\/10\/Albergue-Casa-Nostra-Castrojeriz-Camino-de-Santiago-Frances-768x403.jpg\" alt=\"Albergue Casa Nostra Castrojeriz Camino de Santiago Frances 768x403\" width=\"768\" height=\"403\" class=\"geodir-lazy-load align size-medium_large geodir-image-4694 embed-item-cover-xy w-100 p-0 m-0 mw-100 border-0\" data-srcset=\"https:\/\/caminodesantiagofrances.com\/en\/wp-content\/uploads\/sites\/3\/2025\/10\/Albergue-Casa-Nostra-Castrojeriz-Camino-de-Santiago-Frances-768x403.jpg 768w, https:\/\/caminodesantiagofrances.com\/en\/wp-content\/uploads\/sites\/3\/2025\/10\/Albergue-Casa-Nostra-Castrojeriz-Camino-de-Santiago-Frances-300x158.jpg 300w, https:\/\/caminodesantiagofrances.com\/en\/wp-content\/uploads\/sites\/3\/2025\/10\/Albergue-Casa-Nostra-Castrojeriz-Camino-de-Santiago-Frances-1024x538.jpg 1024w, https:\/\/caminodesantiagofrances.com\/en\/wp-content\/uploads\/sites\/3\/2025\/10\/Albergue-Casa-Nostra-Castrojeriz-Camino-de-Santiago-Frances.jpg 1200w\" sizes=\"(max-width: 768px) 100vw, 768px\" \/><i class=\"fas fa-link w-auto h-auto\" aria-hidden=\"true\"><\/i><\/a><\/div>\t\t<\/div>\n\t\t<\/div>\n<\/div><\/div><div class=\"card-body p-2  \"><div class=\"row justify-content-center gv-hide-3 gv-hide-0\"><div class=\"col col-4 text-center tofront \"><a href=\"https:\/\/caminodesantiagofrances.com\/en\/author\/caminodesantiagofrances-com\/\" title=\"caminodesantiagofrances-com\"><img decoding=\"async\" style=\"max-height:75px;\" class=\"rounded-circle shadow border border-white border-width-4 p-0 mw-100 mt-n5 bg-white\" src=\"https:\/\/secure.gravatar.com\/avatar\/03aa5dc32308904f80a38258afc0335b43d4b2bec3418626e4f8712b71c3b93e?s=96&#038;d=mm&#038;r=g\" alt=\"Author Image\"><\/a><\/div><\/div><div class=\"geodir-post-title bsui sdel-caa60b10\" ><h3 class=\"geodir-entry-title  h5 \"><a href=\"https:\/\/caminodesantiagofrances.com\/en\/lo\/albergue-casa-nostra-castrojeriz\/\" class=\"\" title=\"View: Albergue Casa Nostra Castrojeriz\">Albergue Casa Nostra Castrojeriz<\/a><\/h3><\/div><div class=\"geodir-post-content-container bsui sdel-1e477937\" ><div class=\"geodir_post_meta  text-justify pb-1 position-relative geodir-field-post_content\" >RESERVAR AHORA Albergue Casa Nostra \u2013 Hospitalidad y Autenticidad en Castrojeriz En la hist\u00f3rica villa burgalesa de Castrojeriz, uno de<\/div><\/div><\/div><div class=\"card-footer p-2  \"><div class='d-flex justify-content-between align-items-center flex-wrap'><div><\/div><div><\/div><\/div><\/div><\/div>\t<\/div>\n\t<\/div>\n\n<div class=\"col mb-4 geodir-post post-17114 gd_place type-gd_place status-publish has-post-thumbnail gd-post-pkg-1\" data-post-id=\"17114\">\n\t\t<div class=\"card h-100 p-0 m-0 mw-100  \">\n\t<div class=\"card p-0 mw-100 h-100 \"><div class=\"card-img-top overflow-hidden position-relative  \"><span class=\"bsui gd-badge-meta\"><a href=\"https:\/\/caminodesantiagofrances.com\/en\/lo\/categoria\/albergue\/\" class=\"gd-badge border-0 badge ab-bottom-left ms-1\" data-id=\"17114\" data-badge=\"default_category\" data-badge-condition=\"is_not_empty\" style=\"background-color:rgba(0,0,0,0.5);border-color:rgba(0,0,0,0.5);color:#ffffff;\">Albergue<\/a>\n<\/span><div class=\"geodir_post_meta gd-fav-info-wrap  gd-fav-hide-text ab-bottom-right me-1  mb-n1  me-1 mb-n1 ab-bottom-right\" >\t\t<span class=\"gd-list-favorite\">\n\t\t\t<span class=\"geodir-addtofav favorite_property_17114  h5\" aria-hidden=\"true\"><span  title=\"Add to Favourites\"  class=\"geodir-addtofav-icon c-pointer geodir-act-fav\"  data-color-on=\"#ff0000\"  data-icon=\"fas fa-heart\"  data-color-off=\"rgba(223,223,223,0.8)\"  data-text-color=\"\"  data-bs-toggle=\"tooltip\"  aria-hidden=\"true\"  onclick=\"javascript:window.location.href='https:\/\/caminodesantiagofrances.com\/en\/wp-login.php'\"  ><i class=\"fas fa-heart\"  style=\"color:rgba(223,223,223,0.8);\" ><\/i> <span class=\"geodir-fav-text gv-secondary visually-hidden\" style=\"\" aria-hidden=\"true\">Favourite<\/span><\/span>\n<\/span>\t\t<\/span>\n\t\t<\/div><div class=\"geodir-post-slider bsui sdel-03994e04\" ><div class=\"geodir-image-container geodir-image-sizes-medium_large overflow-hidden\">\n\t\t\t<div class=\"geodir-images aui-gallery geodir-images-n-1 geodir-images-image carousel-inner \">\n\t\t<div class=\"carousel-item active\"><a href=\"https:\/\/caminodesantiagofrances.com\/en\/lo\/albergue-rosalia-castrojeriz\/\" class=\"geodir-link-image embed-has-action ratio ratio-16x9 ratio ratio-16x9 d-block\"><img src='data:image\/png;base64,iVBORw0KGgoAAAANSUhEUgAAAGQAAAABCAQAAACC0sM2AAAADklEQVR42mP8X88wLAAAK5IBgMYCdqgAAAAASUVORK5CYII=' data-src=\"https:\/\/caminodesantiagofrances.com\/en\/wp-content\/uploads\/sites\/3\/2025\/10\/Albergue-Rosalia-Castrojeriz-Camino-de-Santiago-Frances-768x403.jpg\" alt=\"Albergue Rosalia Castrojeriz Camino de Santiago Frances 768x403\" width=\"768\" height=\"403\" class=\"geodir-lazy-load align size-medium_large geodir-image-4638 embed-item-cover-xy w-100 p-0 m-0 mw-100 border-0\" data-srcset=\"https:\/\/caminodesantiagofrances.com\/en\/wp-content\/uploads\/sites\/3\/2025\/10\/Albergue-Rosalia-Castrojeriz-Camino-de-Santiago-Frances-768x403.jpg 768w, https:\/\/caminodesantiagofrances.com\/en\/wp-content\/uploads\/sites\/3\/2025\/10\/Albergue-Rosalia-Castrojeriz-Camino-de-Santiago-Frances-300x158.jpg 300w, https:\/\/caminodesantiagofrances.com\/en\/wp-content\/uploads\/sites\/3\/2025\/10\/Albergue-Rosalia-Castrojeriz-Camino-de-Santiago-Frances-1024x538.jpg 1024w, https:\/\/caminodesantiagofrances.com\/en\/wp-content\/uploads\/sites\/3\/2025\/10\/Albergue-Rosalia-Castrojeriz-Camino-de-Santiago-Frances.jpg 1200w\" sizes=\"(max-width: 768px) 100vw, 768px\" \/><i class=\"fas fa-link w-auto h-auto\" aria-hidden=\"true\"><\/i><\/a><\/div>\t\t<\/div>\n\t\t<\/div>\n<\/div><\/div><div class=\"card-body p-2  \"><div class=\"row justify-content-center gv-hide-3 gv-hide-0\"><div class=\"col col-4 text-center tofront \"><a href=\"https:\/\/caminodesantiagofrances.com\/en\/author\/caminodesantiagofrances-com\/\" title=\"caminodesantiagofrances-com\"><img decoding=\"async\" style=\"max-height:75px;\" class=\"rounded-circle shadow border border-white border-width-4 p-0 mw-100 mt-n5 bg-white\" src=\"https:\/\/secure.gravatar.com\/avatar\/03aa5dc32308904f80a38258afc0335b43d4b2bec3418626e4f8712b71c3b93e?s=96&#038;d=mm&#038;r=g\" alt=\"Author Image\"><\/a><\/div><\/div><div class=\"geodir-post-title bsui sdel-caa60b10\" ><h3 class=\"geodir-entry-title  h5 \"><a href=\"https:\/\/caminodesantiagofrances.com\/en\/lo\/albergue-rosalia-castrojeriz\/\" class=\"\" title=\"View: Albergue Rosal\u00eda Castrojeriz\">Albergue Rosal\u00eda Castrojeriz<\/a><\/h3><\/div><div class=\"geodir-post-content-container bsui sdel-1e477937\" ><div class=\"geodir_post_meta  text-justify pb-1 position-relative geodir-field-post_content\" >RESERVAR AHORA Albergue Rosal\u00eda \u2013 Confort, Historia y Hospitalidad en el Coraz\u00f3n de Castrojeriz En el pintoresco municipio burgal\u00e9s de<\/div><\/div><\/div><div class=\"card-footer p-2  \"><div class='d-flex justify-content-between align-items-center flex-wrap'><div><\/div><div><\/div><\/div><\/div><\/div>\t<\/div>\n\t<\/div>\n\n<div class=\"col mb-4 geodir-post post-16956 gd_place type-gd_place status-publish has-post-thumbnail gd-post-pkg-1\" data-post-id=\"16956\">\n\t\t<div class=\"card h-100 p-0 m-0 mw-100  \">\n\t<div class=\"card p-0 mw-100 h-100 \"><div class=\"card-img-top overflow-hidden position-relative  \"><span class=\"bsui gd-badge-meta\"><a href=\"https:\/\/caminodesantiagofrances.com\/en\/lo\/categoria\/albergue\/\" class=\"gd-badge border-0 badge ab-bottom-left ms-1\" data-id=\"16956\" data-badge=\"default_category\" data-badge-condition=\"is_not_empty\" style=\"background-color:rgba(0,0,0,0.5);border-color:rgba(0,0,0,0.5);color:#ffffff;\">Albergue<\/a>\n<\/span><div class=\"geodir_post_meta gd-fav-info-wrap  gd-fav-hide-text ab-bottom-right me-1  mb-n1  me-1 mb-n1 ab-bottom-right\" >\t\t<span class=\"gd-list-favorite\">\n\t\t\t<span class=\"geodir-addtofav favorite_property_16956  h5\" aria-hidden=\"true\"><span  title=\"Add to Favourites\"  class=\"geodir-addtofav-icon c-pointer geodir-act-fav\"  data-color-on=\"#ff0000\"  data-icon=\"fas fa-heart\"  data-color-off=\"rgba(223,223,223,0.8)\"  data-text-color=\"\"  data-bs-toggle=\"tooltip\"  aria-hidden=\"true\"  onclick=\"javascript:window.location.href='https:\/\/caminodesantiagofrances.com\/en\/wp-login.php'\"  ><i class=\"fas fa-heart\"  style=\"color:rgba(223,223,223,0.8);\" ><\/i> <span class=\"geodir-fav-text gv-secondary visually-hidden\" style=\"\" aria-hidden=\"true\">Favourite<\/span><\/span>\n<\/span>\t\t<\/span>\n\t\t<\/div><div class=\"geodir-post-slider bsui sdel-03994e04\" ><div class=\"geodir-image-container geodir-image-sizes-medium_large overflow-hidden\">\n\t\t\t<div class=\"geodir-images aui-gallery geodir-images-n-1 geodir-images-image carousel-inner \">\n\t\t<div class=\"carousel-item active\"><a href=\"https:\/\/caminodesantiagofrances.com\/en\/lo\/albergue-la-fabrica-tardajos\/\" class=\"geodir-link-image embed-has-action ratio ratio-16x9 ratio ratio-16x9 d-block\"><img src='data:image\/png;base64,iVBORw0KGgoAAAANSUhEUgAAAGQAAAABCAQAAACC0sM2AAAADklEQVR42mP8X88wLAAAK5IBgMYCdqgAAAAASUVORK5CYII=' data-src=\"https:\/\/caminodesantiagofrances.com\/en\/wp-content\/uploads\/sites\/3\/2025\/10\/Albergue-La-Fabrica-Tardajos-Camino-de-Santiago-Frances-768x403.jpg\" alt=\"Albergue La Fabrica Tardajos Camino de Santiago Frances 768x403\" width=\"768\" height=\"403\" class=\"geodir-lazy-load align size-medium_large geodir-image-4542 embed-item-cover-xy w-100 p-0 m-0 mw-100 border-0\" data-srcset=\"https:\/\/caminodesantiagofrances.com\/en\/wp-content\/uploads\/sites\/3\/2025\/10\/Albergue-La-Fabrica-Tardajos-Camino-de-Santiago-Frances-768x403.jpg 768w, https:\/\/caminodesantiagofrances.com\/en\/wp-content\/uploads\/sites\/3\/2025\/10\/Albergue-La-Fabrica-Tardajos-Camino-de-Santiago-Frances-300x158.jpg 300w, https:\/\/caminodesantiagofrances.com\/en\/wp-content\/uploads\/sites\/3\/2025\/10\/Albergue-La-Fabrica-Tardajos-Camino-de-Santiago-Frances-1024x538.jpg 1024w, https:\/\/caminodesantiagofrances.com\/en\/wp-content\/uploads\/sites\/3\/2025\/10\/Albergue-La-Fabrica-Tardajos-Camino-de-Santiago-Frances.jpg 1200w\" sizes=\"(max-width: 768px) 100vw, 768px\" \/><i class=\"fas fa-link w-auto h-auto\" aria-hidden=\"true\"><\/i><\/a><\/div>\t\t<\/div>\n\t\t<\/div>\n<\/div><\/div><div class=\"card-body p-2  \"><div class=\"row justify-content-center gv-hide-3 gv-hide-0\"><div class=\"col col-4 text-center tofront \"><a href=\"https:\/\/caminodesantiagofrances.com\/en\/author\/caminodesantiagofrances-com\/\" title=\"caminodesantiagofrances-com\"><img decoding=\"async\" style=\"max-height:75px;\" class=\"rounded-circle shadow border border-white border-width-4 p-0 mw-100 mt-n5 bg-white\" src=\"https:\/\/secure.gravatar.com\/avatar\/03aa5dc32308904f80a38258afc0335b43d4b2bec3418626e4f8712b71c3b93e?s=96&#038;d=mm&#038;r=g\" alt=\"Author Image\"><\/a><\/div><\/div><div class=\"geodir-post-title bsui sdel-caa60b10\" ><h3 class=\"geodir-entry-title  h5 \"><a href=\"https:\/\/caminodesantiagofrances.com\/en\/lo\/albergue-la-fabrica-tardajos\/\" class=\"\" title=\"View: Albergue La F\u00e1brica Tardajos\">Albergue La F\u00e1brica Tardajos<\/a><\/h3><\/div><div class=\"geodir-post-content-container bsui sdel-1e477937\" ><div class=\"geodir_post_meta  text-justify pb-1 position-relative geodir-field-post_content\" >RESERVAR AHORA Albergue La F\u00e1brica: descanso en Tardajos En la pintoresca localidad de Tardajos, a tan solo 12 km de<\/div><\/div><\/div><div class=\"card-footer p-2  \"><div class='d-flex justify-content-between align-items-center flex-wrap'><div><\/div><div><\/div><\/div><\/div><\/div>\t<\/div>\n\t<\/div>\n\n<div class=\"col mb-4 geodir-post post-16938 gd_place type-gd_place status-publish has-post-thumbnail gd-post-pkg-1\" data-post-id=\"16938\">\n\t\t<div class=\"card h-100 p-0 m-0 mw-100  \">\n\t<div class=\"card p-0 mw-100 h-100 \"><div class=\"card-img-top overflow-hidden position-relative  \"><span class=\"bsui gd-badge-meta\"><a href=\"https:\/\/caminodesantiagofrances.com\/en\/lo\/categoria\/albergue\/\" class=\"gd-badge border-0 badge ab-bottom-left ms-1\" data-id=\"16938\" data-badge=\"default_category\" data-badge-condition=\"is_not_empty\" style=\"background-color:rgba(0,0,0,0.5);border-color:rgba(0,0,0,0.5);color:#ffffff;\">Albergue<\/a>\n<\/span><div class=\"geodir_post_meta gd-fav-info-wrap  gd-fav-hide-text ab-bottom-right me-1  mb-n1  me-1 mb-n1 ab-bottom-right\" >\t\t<span class=\"gd-list-favorite\">\n\t\t\t<span class=\"geodir-addtofav favorite_property_16938  h5\" aria-hidden=\"true\"><span  title=\"Add to Favourites\"  class=\"geodir-addtofav-icon c-pointer geodir-act-fav\"  data-color-on=\"#ff0000\"  data-icon=\"fas fa-heart\"  data-color-off=\"rgba(223,223,223,0.8)\"  data-text-color=\"\"  data-bs-toggle=\"tooltip\"  aria-hidden=\"true\"  onclick=\"javascript:window.location.href='https:\/\/caminodesantiagofrances.com\/en\/wp-login.php'\"  ><i class=\"fas fa-heart\"  style=\"color:rgba(223,223,223,0.8);\" ><\/i> <span class=\"geodir-fav-text gv-secondary visually-hidden\" style=\"\" aria-hidden=\"true\">Favourite<\/span><\/span>\n<\/span>\t\t<\/span>\n\t\t<\/div><div class=\"geodir-post-slider bsui sdel-03994e04\" ><div class=\"geodir-image-container geodir-image-sizes-medium_large overflow-hidden\">\n\t\t\t<div class=\"geodir-images aui-gallery geodir-images-n-1 geodir-images-image carousel-inner \">\n\t\t<div class=\"carousel-item active\"><a href=\"https:\/\/caminodesantiagofrances.com\/en\/lo\/albergue-san-nicolas-larrasoana\/\" class=\"geodir-link-image embed-has-action ratio ratio-16x9 ratio ratio-16x9 d-block\"><img src='data:image\/png;base64,iVBORw0KGgoAAAANSUhEUgAAAGQAAAABCAQAAACC0sM2AAAADklEQVR42mP8X88wLAAAK5IBgMYCdqgAAAAASUVORK5CYII=' data-src=\"https:\/\/caminodesantiagofrances.com\/en\/wp-content\/uploads\/sites\/3\/2025\/09\/Albergue-San-Nicolas-Larrasoana-Camino-de-Santiago-Frances-768x403.jpg\" alt=\"Albergue San Nicolas Larrasoana Camino de Santiago Frances 768x403\" width=\"768\" height=\"403\" class=\"geodir-lazy-load align size-medium_large geodir-image-4516 embed-item-cover-xy w-100 p-0 m-0 mw-100 border-0\" data-srcset=\"https:\/\/caminodesantiagofrances.com\/en\/wp-content\/uploads\/sites\/3\/2025\/09\/Albergue-San-Nicolas-Larrasoana-Camino-de-Santiago-Frances-768x403.jpg 768w, https:\/\/caminodesantiagofrances.com\/en\/wp-content\/uploads\/sites\/3\/2025\/09\/Albergue-San-Nicolas-Larrasoana-Camino-de-Santiago-Frances-300x158.jpg 300w, https:\/\/caminodesantiagofrances.com\/en\/wp-content\/uploads\/sites\/3\/2025\/09\/Albergue-San-Nicolas-Larrasoana-Camino-de-Santiago-Frances-1024x538.jpg 1024w, https:\/\/caminodesantiagofrances.com\/en\/wp-content\/uploads\/sites\/3\/2025\/09\/Albergue-San-Nicolas-Larrasoana-Camino-de-Santiago-Frances.jpg 1200w\" sizes=\"(max-width: 768px) 100vw, 768px\" \/><i class=\"fas fa-link w-auto h-auto\" aria-hidden=\"true\"><\/i><\/a><\/div>\t\t<\/div>\n\t\t<\/div>\n<\/div><\/div><div class=\"card-body p-2  \"><div class=\"row justify-content-center gv-hide-3 gv-hide-0\"><div class=\"col col-4 text-center tofront \"><a href=\"https:\/\/caminodesantiagofrances.com\/en\/author\/caminodesantiagofrances-com\/\" title=\"caminodesantiagofrances-com\"><img decoding=\"async\" style=\"max-height:75px;\" class=\"rounded-circle shadow border border-white border-width-4 p-0 mw-100 mt-n5 bg-white\" src=\"https:\/\/secure.gravatar.com\/avatar\/03aa5dc32308904f80a38258afc0335b43d4b2bec3418626e4f8712b71c3b93e?s=96&#038;d=mm&#038;r=g\" alt=\"Author Image\"><\/a><\/div><\/div><div class=\"geodir-post-title bsui sdel-caa60b10\" ><h3 class=\"geodir-entry-title  h5 \"><a href=\"https:\/\/caminodesantiagofrances.com\/en\/lo\/albergue-san-nicolas-larrasoana\/\" class=\"\" title=\"View: Albergue San Nicol\u00e1s Larrasoa\u00f1a\">Albergue San Nicol\u00e1s Larrasoa\u00f1a<\/a><\/h3><\/div><div class=\"geodir-post-content-container bsui sdel-1e477937\" ><div class=\"geodir_post_meta  text-justify pb-1 position-relative geodir-field-post_content\" >RESERVAR AHORA Albergue San Nicol\u00e1s en Larrasoa\u00f1a: descanso aut\u00e9ntico en Larrasoa\u00f1a El Albergue San Nicol\u00e1s se sit\u00faa en la pintoresca<\/div><\/div><\/div><div class=\"card-footer p-2  \"><div class='d-flex justify-content-between align-items-center flex-wrap'><div><\/div><div><\/div><\/div><\/div><\/div>\t<\/div>\n\t<\/div>\n\n<div class=\"col mb-4 geodir-post post-16906 gd_place type-gd_place status-publish has-post-thumbnail gd-post-pkg-1\" data-post-id=\"16906\">\n\t\t<div class=\"card h-100 p-0 m-0 mw-100  \">\n\t<div class=\"card p-0 mw-100 h-100 \"><div class=\"card-img-top overflow-hidden position-relative  \"><span class=\"bsui gd-badge-meta\"><a href=\"https:\/\/caminodesantiagofrances.com\/en\/lo\/categoria\/albergue\/\" class=\"gd-badge border-0 badge ab-bottom-left ms-1\" data-id=\"16906\" data-badge=\"default_category\" data-badge-condition=\"is_not_empty\" style=\"background-color:rgba(0,0,0,0.5);border-color:rgba(0,0,0,0.5);color:#ffffff;\">Albergue<\/a>\n<\/span><div class=\"geodir_post_meta gd-fav-info-wrap  gd-fav-hide-text ab-bottom-right me-1  mb-n1  me-1 mb-n1 ab-bottom-right\" >\t\t<span class=\"gd-list-favorite\">\n\t\t\t<span class=\"geodir-addtofav favorite_property_16906  h5\" aria-hidden=\"true\"><span  title=\"Add to Favourites\"  class=\"geodir-addtofav-icon c-pointer geodir-act-fav\"  data-color-on=\"#ff0000\"  data-icon=\"fas fa-heart\"  data-color-off=\"rgba(223,223,223,0.8)\"  data-text-color=\"\"  data-bs-toggle=\"tooltip\"  aria-hidden=\"true\"  onclick=\"javascript:window.location.href='https:\/\/caminodesantiagofrances.com\/en\/wp-login.php'\"  ><i class=\"fas fa-heart\"  style=\"color:rgba(223,223,223,0.8);\" ><\/i> <span class=\"geodir-fav-text gv-secondary visually-hidden\" style=\"\" aria-hidden=\"true\">Favourite<\/span><\/span>\n<\/span>\t\t<\/span>\n\t\t<\/div><div class=\"geodir-post-slider bsui sdel-03994e04\" ><div class=\"geodir-image-container geodir-image-sizes-medium_large overflow-hidden\">\n\t\t\t<div class=\"geodir-images aui-gallery geodir-images-n-1 geodir-images-image carousel-inner \">\n\t\t<div class=\"carousel-item active\"><a href=\"https:\/\/caminodesantiagofrances.com\/en\/lo\/albergue-hostal-rural-haizea-espinal\/\" class=\"geodir-link-image embed-has-action ratio ratio-16x9 ratio ratio-16x9 d-block\"><img src='data:image\/png;base64,iVBORw0KGgoAAAANSUhEUgAAAGQAAAABCAQAAACC0sM2AAAADklEQVR42mP8X88wLAAAK5IBgMYCdqgAAAAASUVORK5CYII=' data-src=\"https:\/\/caminodesantiagofrances.com\/en\/wp-content\/uploads\/sites\/3\/2025\/09\/Albergue-Hostal-Rural-Haizea-Espinal-Camino-de-Santiago-Frances-768x403.jpg\" alt=\"Albergue Hostal Rural Haizea Espinal Camino de Santiago Frances 768x403\" width=\"768\" height=\"403\" class=\"geodir-lazy-load align size-medium_large geodir-image-4474 embed-item-cover-xy w-100 p-0 m-0 mw-100 border-0\" data-srcset=\"https:\/\/caminodesantiagofrances.com\/en\/wp-content\/uploads\/sites\/3\/2025\/09\/Albergue-Hostal-Rural-Haizea-Espinal-Camino-de-Santiago-Frances-768x403.jpg 768w, https:\/\/caminodesantiagofrances.com\/en\/wp-content\/uploads\/sites\/3\/2025\/09\/Albergue-Hostal-Rural-Haizea-Espinal-Camino-de-Santiago-Frances-300x158.jpg 300w, https:\/\/caminodesantiagofrances.com\/en\/wp-content\/uploads\/sites\/3\/2025\/09\/Albergue-Hostal-Rural-Haizea-Espinal-Camino-de-Santiago-Frances-1024x538.jpg 1024w, https:\/\/caminodesantiagofrances.com\/en\/wp-content\/uploads\/sites\/3\/2025\/09\/Albergue-Hostal-Rural-Haizea-Espinal-Camino-de-Santiago-Frances.jpg 1200w\" sizes=\"(max-width: 768px) 100vw, 768px\" \/><i class=\"fas fa-link w-auto h-auto\" aria-hidden=\"true\"><\/i><\/a><\/div>\t\t<\/div>\n\t\t<\/div>\n<\/div><\/div><div class=\"card-body p-2  \"><div class=\"row justify-content-center gv-hide-3 gv-hide-0\"><div class=\"col col-4 text-center tofront \"><a href=\"https:\/\/caminodesantiagofrances.com\/en\/author\/caminodesantiagofrances-com\/\" title=\"caminodesantiagofrances-com\"><img decoding=\"async\" style=\"max-height:75px;\" class=\"rounded-circle shadow border border-white border-width-4 p-0 mw-100 mt-n5 bg-white\" src=\"https:\/\/secure.gravatar.com\/avatar\/03aa5dc32308904f80a38258afc0335b43d4b2bec3418626e4f8712b71c3b93e?s=96&#038;d=mm&#038;r=g\" alt=\"Author Image\"><\/a><\/div><\/div><div class=\"geodir-post-title bsui sdel-caa60b10\" ><h3 class=\"geodir-entry-title  h5 \"><a href=\"https:\/\/caminodesantiagofrances.com\/en\/lo\/albergue-hostal-rural-haizea-espinal\/\" class=\"\" title=\"View: Albergue Hostal Rural Haizea Espinal\">Albergue Hostal Rural Haizea Espinal<\/a><\/h3><\/div><div class=\"geodir-post-content-container bsui sdel-1e477937\" ><div class=\"geodir_post_meta  text-justify pb-1 position-relative geodir-field-post_content\" >RESERVAR AHORA Albergue Hostal Rural Haizea: descanso y gastronom\u00eda en Espinal-Aurizberri El Albergue Hostal Rural Haizea est\u00e1 situado en la<\/div><\/div><\/div><div class=\"card-footer p-2  \"><div class='d-flex justify-content-between align-items-center flex-wrap'><div><\/div><div><\/div><\/div><\/div><\/div>\t<\/div>\n\t<\/div>\n\t<\/div>\n\t\t<\/div>\n\t\t<\/div><\/div>\n\n\n\n<hr class=\"wp-block-separator has-alpha-channel-opacity\"\/>\n\n\n\n<h2 class=\"wp-block-heading\">Albergues Camino de Santiago Franc\u00e9s<\/h2>\n\n\n\n<h1 class=\"wp-block-heading\">Los Albergues del Camino de Santiago Franc\u00e9s: Gu\u00eda Completa por Localidades<\/h1>\n\n\n\n<p class=\"wp-block-paragraph\">El <strong><a href=\"https:\/\/caminodesantiagofrances.com\/en\/\" target=\"_blank\" data-type=\"page\" data-id=\"86\" rel=\"noreferrer noopener\">Camino de Santiago Franc\u00e9s<\/a><\/strong> es la ruta de peregrinaci\u00f3n m\u00e1s popular hacia la <strong><a href=\"https:\/\/caminodesantiagofrances.com\/en\/lo\/catedral-de-santiago\/\" target=\"_blank\" data-type=\"gd_place\" data-id=\"12591\" rel=\"noreferrer noopener\">Catedral de Santiago<\/a><\/strong> en la ciudad de <strong><a href=\"https:\/\/caminodesantiagofrances.com\/en\/provincia-a-coruna\/santiago-de-compostela\/\" target=\"_blank\" data-type=\"page\" data-id=\"12306\" rel=\"noreferrer noopener\">Santiago de Compostela<\/a><\/strong>. Con m\u00e1s de 700 km desde Saint-Jean-Pied-de-Port hasta Santiago, esta ruta ofrece una amplia red de albergues adaptados a las necesidades y presupuestos de los peregrinos. A continuaci\u00f3n, presentamos una gu\u00eda completa de los albergues en las principales localidades del Camino Franc\u00e9s.<\/p>\n\n\n\n<h2 class=\"wp-block-heading has-text-align-center\">Tipos de Albergues en el Camino Franc\u00e9s<\/h2>\n\n\n\n<p class=\"wp-block-paragraph\">La variedad de <strong>albergues en el Camino Franc\u00e9s<\/strong> permite a los <strong><a href=\"https:\/\/caminodesantiagofrances.com\/en\/peregrinos\/\" target=\"_blank\" data-type=\"page\" data-id=\"5880\" rel=\"noreferrer noopener\">peregrinos<\/a><\/strong> elegir seg\u00fan sus preferencias y necesidades. Existen opciones para quienes buscan una experiencia econ\u00f3mica y de convivencia, as\u00ed como para quienes desean mayor comodidad.<\/p>\n\n\n\n<h3 class=\"wp-block-heading\">Albergues P\u00fablicos<\/h3>\n\n\n\n<p class=\"wp-block-paragraph\">Los albergues p\u00fablicos suelen ser la opci\u00f3n m\u00e1s econ\u00f3mica, con precios entre 5 y 10 euros por noche. Estos albergues, gestionados por municipios o entidades religiosas, no permiten reserva previa y otorgan prioridad a los caminantes que llegan temprano. Son ideales para quienes buscan una experiencia aut\u00e9ntica y compartida con otros peregrinos.<\/p>\n\n\n\n<h3 class=\"wp-block-heading\">Albergues Privados<\/h3>\n\n\n\n<p class=\"wp-block-paragraph\">Los albergues privados ofrecen servicios adicionales como wifi, lavander\u00eda y a veces hasta desayuno. A cambio, el costo es un poco mayor, entre 10 y 20 euros por noche, aunque permiten reservas anticipadas, algo \u00fatil en \u00e9pocas de alta demanda. Esta opci\u00f3n brinda m\u00e1s tranquilidad y flexibilidad en los horarios de entrada y salida.<\/p>\n\n\n\n<h2 class=\"wp-block-heading\">C\u00f3mo Elegir un Albergue en el Camino de Santiago<\/h2>\n\n\n\n<p class=\"wp-block-paragraph\">Elegir un buen albergue puede marcar la diferencia en la experiencia del peregrino. A continuaci\u00f3n, presentamos algunos factores clave para seleccionar el alojamiento m\u00e1s adecuado a lo largo del <strong><a href=\"https:\/\/caminodesantiagofrances.com\/en\/\" target=\"_blank\" data-type=\"page\" data-id=\"86\" rel=\"noreferrer noopener\">Camino de Santiago Franc\u00e9s<\/a><\/strong>.<\/p>\n\n\n\n<h3 class=\"wp-block-heading has-text-align-center\">Ubicaci\u00f3n Estrat\u00e9gica<\/h3>\n\n\n\n<p class=\"wp-block-paragraph\">Cada etapa del Camino de Santiago tiene un n\u00famero limitado de albergues, por lo que es esencial planificar con antelaci\u00f3n. Los albergues situados en pueblos principales o cerca de puntos tur\u00edsticos suelen llenarse r\u00e1pido. Muchos <strong><a href=\"https:\/\/caminodesantiagofrances.com\/en\/peregrinos\/\" data-type=\"page\" data-id=\"5880\">peregrinos<\/a><\/strong> optan por <strong>albergues<\/strong> en zonas m\u00e1s tranquilas para disfrutar de un ambiente relajado, especialmente en jornadas largas.<\/p>\n\n\n\n<h3 class=\"wp-block-heading has-text-align-center\">Comodidades y Servicios<\/h3>\n\n\n\n<p class=\"wp-block-paragraph\">La mayor\u00eda de los albergues ofrecen lo b\u00e1sico: una cama, ba\u00f1o compartido y cocina. Sin embargo, si el descanso es prioritario, puede ser mejor optar por albergues con servicios adicionales, como duchas de agua caliente, espacios para lavar y tender ropa, y conexi\u00f3n a internet. En algunos albergues privados, incluso es posible encontrar habitaciones compartidas con menos camas, lo cual garantiza mayor privacidad.<\/p>\n\n\n\n<h2 class=\"wp-block-heading has-text-align-center\">Consejos para una Estancia \u00d3ptima en los Albergues del Camino<\/h2>\n\n\n\n<p class=\"wp-block-paragraph\">Pasar la noche en un albergue es parte de la esencia del Camino de Santiago. Aqu\u00ed tienes algunos consejos para aprovechar al m\u00e1ximo esta experiencia.<\/p>\n\n\n\n<h3 class=\"wp-block-heading has-text-align-center\">Planea tu Ruta y Reserva en Temporada Alta<\/h3>\n\n\n\n<p class=\"wp-block-paragraph\">En verano y Semana Santa, los albergues tienden a llenarse r\u00e1pidamente. Si planeas dormir en albergues privados, considera reservar con antelaci\u00f3n para garantizar tu lugar, especialmente en las localidades m\u00e1s concurridas.<\/p>\n\n\n\n<h3 class=\"wp-block-heading has-text-align-center\">Disfruta del Ambiente de Convivencia<\/h3>\n\n\n\n<p class=\"wp-block-paragraph\">Los albergues son espacios ideales para conectar con otros <strong><a href=\"https:\/\/caminodesantiagofrances.com\/en\/peregrinos\/\" target=\"_blank\" data-type=\"page\" data-id=\"5880\" rel=\"noreferrer noopener\">peregrinos<\/a><\/strong>, intercambiar experiencias y formar nuevas amistades. Aprovecha esta oportunidad para disfrutar del verdadero esp\u00edritu del Camino de Santiago.<\/p>\n\n\n\n<h3 class=\"wp-block-heading has-text-align-center\">Respeta las Normas de Convivencia<\/h3>\n\n\n\n<p class=\"wp-block-paragraph\">Para el beneficio de todos los peregrinos, es importante mantener el respeto en los albergues. Esto incluye cumplir con los horarios de silencio y salida, as\u00ed como cuidar las \u00e1reas comunes.<\/p>\n\n\n\n<h2 class=\"wp-block-heading\">Albergues del Camino de Santiago<\/h2>\n\n\n\n<p class=\"wp-block-paragraph\">El <strong><a href=\"https:\/\/caminodesantiagofrances.com\/en\/\" target=\"_blank\" data-type=\"page\" data-id=\"86\" rel=\"noreferrer noopener\">Camino de Santiago Franc\u00e9s<\/a><\/strong> es una experiencia \u00fanica que no solo implica recorrer kil\u00f3metros, sino tambi\u00e9n vivir el compa\u00f1erismo y la hospitalidad en cada albergue. Ya sea en albergues p\u00fablicos, donde prevalece la sencillez y el encuentro, o en albergues privados, que brindan comodidad adicional, cada peregrino encuentra su espacio y su gente. La amplia red de albergues en localidades como <strong><a href=\"https:\/\/caminodesantiagofrances.com\/en\/navarra\/roncesvalles\/\" data-type=\"page\" data-id=\"10891\" target=\"_blank\" rel=\"noreferrer noopener\">Roncesvalles<\/a><\/strong>, <strong><a href=\"https:\/\/caminodesantiagofrances.com\/en\/navarra\/pamplona\/\" data-type=\"page\" data-id=\"11050\" target=\"_blank\" rel=\"noreferrer noopener\">Pamplona<\/a><\/strong>, <strong><a href=\"https:\/\/caminodesantiagofrances.com\/en\/la-rioja\/logrono\/\" data-type=\"page\" data-id=\"11211\" target=\"_blank\" rel=\"noreferrer noopener\">Logro\u00f1o<\/a><\/strong>, <strong><a href=\"https:\/\/caminodesantiagofrances.com\/en\/provincia-de-burgos\/burgos\/\" data-type=\"page\" data-id=\"11386\">Burgos<\/a><\/strong>, <strong><a href=\"https:\/\/caminodesantiagofrances.com\/en\/provincia-de-leon\/leon\/\" data-type=\"page\" data-id=\"11614\" target=\"_blank\" rel=\"noreferrer noopener\">Le\u00f3n<\/a><\/strong>, <strong><a href=\"https:\/\/caminodesantiagofrances.com\/en\/provincia-de-leon\/ponferrada\/\" target=\"_blank\" data-type=\"page\" data-id=\"11776\" rel=\"noreferrer noopener\">Ponferrada<\/a><\/strong>, <strong><a href=\"https:\/\/caminodesantiagofrances.com\/en\/provincia-de-lugo\/sarria\/\" target=\"_blank\" data-type=\"page\" data-id=\"12131\" rel=\"noreferrer noopener\">Sarria<\/a><\/strong>, <strong><a href=\"https:\/\/caminodesantiagofrances.com\/en\/provincia-de-lugo\/palas-de-rei\/\" target=\"_blank\" data-type=\"page\" data-id=\"12239\" rel=\"noreferrer noopener\">Palas de Rei<\/a><\/strong>, y <strong><a href=\"https:\/\/caminodesantiagofrances.com\/en\/provincia-a-coruna\/santiago-de-compostela\/\" target=\"_blank\" data-type=\"page\" data-id=\"12306\" rel=\"noreferrer noopener\">Santiago de Compostela<\/a><\/strong> permiten disfrutar del Camino de una manera inolvidable, en conexi\u00f3n con otros y con uno mismo.<\/p>\n\n\n\n<p class=\"wp-block-paragraph\">Los albergues del Camino de Santiago son mucho m\u00e1s que simples alojamientos. Representan puntos de encuentro donde los peregrinos pueden descansar, conocer a otros viajeros, y disfrutar de la esencia misma de esta antigua ruta. Conocer los tipos de <strong>albergues<\/strong> y seguir estos consejos te ayudar\u00e1 a vivir una experiencia m\u00e1s c\u00f3moda y enriquecedora en tu traves\u00eda hacia Santiago de Compostela.<\/p>\n\n\n\n<hr class=\"wp-block-separator has-alpha-channel-opacity\"\/>\n\n\n\n<h4 class=\"wp-block-heading has-text-align-center\">\u00a1Buen camino peregrino!<\/h4>\n\n\n<p><nav aria-label=\"breadcrumbs\" class=\"rank-math-breadcrumb\"><p><span class=\"last\">Camino de Santiago Franc\u00e9s<\/span><\/p><\/nav><\/p>\n","protected":false},"excerpt":{"rendered":"<p>Albergues Camino Franc\u00e9s Albergues Navarra Roncesvalles Burguete Espinal Viscarret-Guerendi\u00e1in Linzo\u00e1in Zubiri Il\u00e1rraz Larrasoa\u00f1a Aquerreta Zuri\u00e1in Zabaldica Trinidad de Arre Villava Burlada Pamplona Cizur Menor Zariquiegui Uterga Muruz\u00e1bal Obanos Puente la Reina Ma\u00f1eru Cirauqui Lorca Villatuerta Estella Ayegui \u00c1zqueta Villamayor de Monjard\u00edn Los Arcos Sansol Torres del R\u00edo Viana Albergues La Rioja Logro\u00f1o Navarrete Ventosa N\u00e1jera [&hellip;]<\/p>\n","protected":false},"author":1,"featured_media":0,"parent":13995,"menu_order":0,"comment_status":"closed","ping_status":"closed","template":"","meta":{"footnotes":""},"class_list":["post-13994","page","type-page","status-publish","hentry"],"_links":{"self":[{"href":"https:\/\/caminodesantiagofrances.com\/en\/wp-json\/wp\/v2\/pages\/13994","targetHints":{"allow":["GET"]}}],"collection":[{"href":"https:\/\/caminodesantiagofrances.com\/en\/wp-json\/wp\/v2\/pages"}],"about":[{"href":"https:\/\/caminodesantiagofrances.com\/en\/wp-json\/wp\/v2\/types\/page"}],"author":[{"embeddable":true,"href":"https:\/\/caminodesantiagofrances.com\/en\/wp-json\/wp\/v2\/users\/1"}],"replies":[{"embeddable":true,"href":"https:\/\/caminodesantiagofrances.com\/en\/wp-json\/wp\/v2\/comments?post=13994"}],"version-history":[{"count":0,"href":"https:\/\/caminodesantiagofrances.com\/en\/wp-json\/wp\/v2\/pages\/13994\/revisions"}],"up":[{"embeddable":true,"href":"https:\/\/caminodesantiagofrances.com\/en\/wp-json\/wp\/v2\/pages\/13995"}],"wp:attachment":[{"href":"https:\/\/caminodesantiagofrances.com\/en\/wp-json\/wp\/v2\/media?parent=13994"}],"curies":[{"name":"wp","href":"https:\/\/api.w.org\/{rel}","templated":true}]}}