{"id":14026,"date":"2024-10-29T23:03:06","date_gmt":"2024-10-29T22:03:06","guid":{"rendered":"https:\/\/caminodesantiagofrances.com\/en\/?page_id=14026"},"modified":"2026-09-06T14:01:30","modified_gmt":"2026-09-06T12:01:30","slug":"hostels","status":"publish","type":"page","link":"https:\/\/caminodesantiagofrances.com\/en\/provincia-de-burgos\/hostels\/","title":{"rendered":"Burgos Province Hostels"},"content":{"rendered":"\n<h2 class=\"wp-block-heading has-text-align-center\">Camino Frances Hostels in the Province of Burgos<\/h2>\n\n\n\n<div class=\"wp-block-geodirectory-geodir-widget-map\"><div class=\"geodir-wgt-map bsui sdel-fbfaa8d4\" ><!--START geodir-map-wrap-->\n<div class=\"geodir-map-wrap geodir-directory-map-wrap 100 425px overflow-hidden\">\n\t<div id=\"catcher_gd_map_canvas_directory\"><\/div>\n\t<!--START stick_trigger_container-->\n\t<div class=\"stick_trigger_container bsui\">\n\t\t<div class=\"trigger_sticky triggeroff_sticky mt-n5 btn btn-secondary me-n2 me-n2 c-pointer\" style=\"display: none;\">\n\t\t\t<i class=\"fas fa-map-marked-alt\"><\/i>\n\t\t\t<i class=\"fas fa-angle-right\"><\/i>\n\t\t<\/div>\n\t\t<!--end of stick trigger container-->\n\t\t<div class=\"geodir_map_container gd_map_canvas_directory bsui position-relative mw-100\"\n\t\t     id=\"sticky_map_gd_map_canvas_directory\"\n\t\t     style=\"width:100%;min-height:425px;\">\n\t\t\t<!--END map_background-->\n\t\t\t<div class=\"map_background\">\n\t\t\t\t<div class=\"top_banner_section_in clearfix\">\n\t\t\t\t\t<div class=\"gd_map_canvas_directory_TopLeft TopLeft position-absolute bg-white text-muted rounded-sm rounded-1 shadow-sm m-2 px-1 py-1 h5 c-pointer\" style=\"z-index: 3;\">\n\t\t\t\t\t\t<span class=\"triggermap\" id=\"gd_map_canvas_directory_triggermap\">\n\t\t\t\t\t\t\t<i class=\"fas fa-expand-arrows-alt fa-fw fa-width-fixed\" aria-hidden=\"true\"><\/i>\n\t\t\t\t\t\t\t<i class=\"fas fa-compress-arrows-alt fa-fw fa-width-fixed d-none\" aria-hidden=\"true\"><\/i>\n\t\t\t\t\t\t<\/span>\n\t\t\t\t\t<\/div>\n\t\t\t\t\t<div class=\"gd_map_canvas_directory_TopRight TopRight\"><\/div>\n\t\t\t\t\t<div id=\"gd_map_canvas_directory_wrapper\" class=\"main_map_wrapper\" style=\"height:425px;width:100%;\">\n\t\t\t\t\t\t<div class=\"iprelative position-relative\">\n\t\t\t\t\t\t\t<div id=\"gd_map_canvas_directory\" class=\"geodir-map-canvas\" data-map-type=\"directory\" data-map-canvas=\"gd_map_canvas_directory\" style=\"height:425px;width:100%;z-index: 0;\" ><\/div>\n\t\t\t\t\t\t\t<div id=\"gd_map_canvas_directory_loading_div\" class=\"loading_div overlay overlay-black position-absolute row m-0\" style=\"height:425px;width:100%;top:0;z-index: 2;\">\n\t\t\t\t\t\t\t\t<div class=\"spinner-border mx-auto align-self-center text-white\" role=\"status\">\n\t\t\t\t\t\t\t\t\t<span class=\"visually-hidden\">Loading&#8230;<\/span>\n\t\t\t\t\t\t\t\t<\/div>\n\t\t\t\t\t\t\t<\/div>\n\t\t\t\t\t\t\t<div id=\"gd_map_canvas_directory_map_nofound\"\n\t\t\t\t\t\t\t     class=\"advmap_nofound position-absolute row m-0 z-index-1\"\n\t\t\t\t\t\t\t     style=\"display:none;transform: translate(-50%, -50%);top:50%;left:50%;opacity: .85;pointer-events: none;\">\n\t\t\t\t\t\t\t\t<div class=\"alert alert-info text-center mx-auto align-self-center shadow-lg mb-0\">\n\t\t\t\t\t\t\t\t\t<div class='h3 alert-heading'>No Records Found<\/div><p> Sorry, no records were found. Please adjust your search criteria and try again.<\/p>\t\t\t\t\t\t\t\t<\/div>\n\t\t\t\t\t\t\t<\/div>\n\t\t\t\t\t\t\t<div id=\"gd_map_canvas_directory_map_notloaded\"\n\t\t\t\t\t\t\t     class=\"advmap_notloaded position-absolute row m-0 z-index-1\"\n\t\t\t\t\t\t\t     style=\"display:none;transform: translate(-50%, -50%);top:50%;left:50%;opacity: .85;pointer-events: none;\">\n\t\t\t\t\t\t\t\t<div class=\"alert alert-danger text-center mx-auto align-self-center shadow-lg mb-0\">\n\t\t\t\t\t\t\t\t\t<div class='h3 alert-heading'>Maps failed to load<\/div><p> Sorry, unable to load the Maps API.<\/p>\t\t\t\t\t\t\t\t<\/div>\n\t\t\t\t\t\t\t<\/div>\n\t\t\t\t\t\t<\/div>\n\t\t\t\t\t<\/div>\n\t\t\t\t\t<div class=\"gd_map_canvas_directory_BottomLeft BottomLeft\"><\/div>\n\t\t\t\t<\/div>\n\t\t\t<\/div><!--END map_background-->\n\t\t\t\t\t<\/div>\n\t\t<style>.geodir_map_container .poi-info-window .full-width{width:180px;position:relative;margin-left:inherit;left:inherit;}.geodir-map-canvas .gm-style img{max-width:none;box-shadow:none!important}.geodir-map-canvas .leaflet-tile-container img{box-shadow:none!important}<\/style>\n<script type=\"text\/javascript\">\nwindow.gdBaseLat = 0;\nwindow.gdBaseLng = 0;\nwindow.gdBaseZoom = 0;\njQuery(function ($) {\n\t\t\t\t\tvar gdMapCanvas = 'gd_map_canvas_directory';\n\t\t\tbuild_map_ajax_search_param(gdMapCanvas, false);\t\t\t\t\t\t\t\t\t\t\t\tvar screenH, heightVH, ptypeH = 0;\n\t\t\tscreenH = $(window).height();\n\t\t\theightVH = parseFloat('425');\n\t\t\tif ($(\"#\" + gdMapCanvas + \"_posttype_menu\").length) {\n\t\t\t\tptypeH = $(\"#\" + gdMapCanvas + \"_posttype_menu\").outerHeight();\n\t\t\t}\n\t\t\t$(\"#\" + gdMapCanvas + \"_cat\").css(\"max-height\", heightVH - ptypeH + 'px');\n\t\t\t});\n<\/script>\n\t\t\t<\/div><!--END stick_trigger_container-->\n<\/div><!--END geodir-map-wrap-->\n<style>body.stickymap_hide .stickymap{display:none!important}body.stickymap_hide .stick_trigger_container .fa-angle-right{transform:rotate(180deg)}body.body_fullscreen>.stick_trigger_container{width:100vw;height:100vh;position:fixed;z-index:50000}body.gd-google-maps .geodir-map-wrap .geodir-map-cat-filter-wrap{margin-bottom:14px!important}body.gd-osm-gmaps .geodir-map-wrap .geodir-map-cat-filter-wrap{margin-bottom:16.5px!important}<\/style>\n<\/div><\/div>\n\n\n\n<hr class=\"wp-block-separator has-alpha-channel-opacity\"\/>\n\n\n\n<h3 class=\"wp-block-heading has-text-align-center\"><a href=\"https:\/\/caminodesantiagofrances.com\/en\/provincia-de-burgos\/redecilla-del-camino\/\" data-type=\"link\" data-id=\"https:\/\/caminodesantiagofrances.com\/en\/provincia-de-burgos\/redecilla-del-camino\/\">Redecilla del Camino<\/a><\/h3>\n\n\n\n<div class=\"wp-block-geodirectory-geodir-widget-listings\"><div class=\"geodir-listings bsui sdel-734838cc\" >\t\t<div id=\"geodir_6a9d57b61387d\" class=\"geodir_locations geodir_location_listing\n\t\t\t\t\t\t\t mb-3\t\t position-relative\">\n\t\t\t\t<div\n\t\tclass=\"row row-cols-1 row-cols-sm-2 geodir-category-list-view geodir-widget-posts geodir-gridview row-cols-md-2\">\n\t\t\n<div class=\"col mb-4 geodir-post post-13464 gd_place type-gd_place status-publish has-post-thumbnail gd-post-pkg-1\" data-post-id=\"13464\">\n\t\t<div class=\"card h-100 p-0 m-0 mw-100  \">\n\t<div class=\"card p-0 mw-100 h-100 \"><div class=\"card-img-top overflow-hidden position-relative  \"><span class=\"bsui gd-badge-meta\"><a href=\"https:\/\/caminodesantiagofrances.com\/en\/lo\/categoria\/albergue\/\" class=\"gd-badge border-0 badge ab-bottom-left ms-1\" data-id=\"13464\" data-badge=\"default_category\" data-badge-condition=\"is_not_empty\" style=\"background-color:rgba(0,0,0,0.5);border-color:rgba(0,0,0,0.5);color:#ffffff;\">Albergue<\/a>\n<\/span><div class=\"geodir_post_meta gd-fav-info-wrap  gd-fav-hide-text ab-bottom-right me-1  mb-n1  me-1 mb-n1 ab-bottom-right\" >\t\t<span class=\"gd-list-favorite\">\n\t\t\t<span class=\"geodir-addtofav favorite_property_13464  h5\" aria-hidden=\"true\"><span  title=\"Add to Favourites\"  class=\"geodir-addtofav-icon c-pointer geodir-act-fav\"  data-color-on=\"#ff0000\"  data-icon=\"fas fa-heart\"  data-color-off=\"rgba(223,223,223,0.8)\"  data-text-color=\"\"  data-bs-toggle=\"tooltip\"  aria-hidden=\"true\"  onclick=\"javascript:window.location.href='https:\/\/caminodesantiagofrances.com\/en\/wp-login.php'\"  ><i class=\"fas fa-heart\"  style=\"color:rgba(223,223,223,0.8);\" ><\/i> <span class=\"geodir-fav-text gv-secondary visually-hidden\" style=\"\" aria-hidden=\"true\">Favourite<\/span><\/span>\n<\/span>\t\t<\/span>\n\t\t<\/div><div class=\"geodir-post-slider bsui sdel-03994e04\" ><div class=\"geodir-image-container geodir-image-sizes-medium_large overflow-hidden\">\n\t\t\t<div class=\"geodir-images aui-gallery geodir-images-n-1 geodir-images-image carousel-inner \">\n\t\t<div class=\"carousel-item active\"><a href=\"https:\/\/caminodesantiagofrances.com\/en\/lo\/albergue-municipal-san-lazaro\/\" class=\"geodir-link-image embed-has-action ratio ratio-16x9 ratio ratio-16x9 d-block\"><img src='data:image\/png;base64,iVBORw0KGgoAAAANSUhEUgAAAGQAAAABCAQAAACC0sM2AAAADklEQVR42mP8X88wLAAAK5IBgMYCdqgAAAAASUVORK5CYII=' data-src=\"https:\/\/caminodesantiagofrances.com\/en\/wp-content\/uploads\/sites\/3\/2024\/09\/Albergue-Municipal-San-Lazaro-Camino-de-Santiago-Frances-768x403.jpg\" alt=\"Albergue Municipal San Lazaro Camino de Santiago Frances 768x403\" width=\"768\" height=\"403\" class=\"geodir-lazy-load align size-medium_large geodir-image-452 embed-item-cover-xy w-100 p-0 m-0 mw-100 border-0\" data-srcset=\"https:\/\/caminodesantiagofrances.com\/en\/wp-content\/uploads\/sites\/3\/2024\/09\/Albergue-Municipal-San-Lazaro-Camino-de-Santiago-Frances-768x403.jpg 768w, https:\/\/caminodesantiagofrances.com\/en\/wp-content\/uploads\/sites\/3\/2024\/09\/Albergue-Municipal-San-Lazaro-Camino-de-Santiago-Frances-300x158.jpg 300w, https:\/\/caminodesantiagofrances.com\/en\/wp-content\/uploads\/sites\/3\/2024\/09\/Albergue-Municipal-San-Lazaro-Camino-de-Santiago-Frances-1024x538.jpg 1024w, https:\/\/caminodesantiagofrances.com\/en\/wp-content\/uploads\/sites\/3\/2024\/09\/Albergue-Municipal-San-Lazaro-Camino-de-Santiago-Frances.jpg 1200w\" sizes=\"(max-width: 768px) 100vw, 768px\" \/><i class=\"fas fa-link w-auto h-auto\" aria-hidden=\"true\"><\/i><\/a><\/div>\t\t<\/div>\n\t\t<\/div>\n<\/div><\/div><div class=\"card-body p-2  \"><div class=\"row justify-content-center gv-hide-3 gv-hide-0\"><div class=\"col col-4 text-center tofront \"><a href=\"https:\/\/caminodesantiagofrances.com\/en\/author\/caminodesantiagofrances-com\/\" title=\"caminodesantiagofrances-com\"><img decoding=\"async\" style=\"max-height:75px;\" class=\"rounded-circle shadow border border-white border-width-4 p-0 mw-100 mt-n5 bg-white\" src=\"https:\/\/secure.gravatar.com\/avatar\/03aa5dc32308904f80a38258afc0335b43d4b2bec3418626e4f8712b71c3b93e?s=96&#038;d=mm&#038;r=g\" alt=\"Author Image\"><\/a><\/div><\/div><div class=\"geodir-post-title bsui sdel-caa60b10\" ><h3 class=\"geodir-entry-title  h5 \"><a href=\"https:\/\/caminodesantiagofrances.com\/en\/lo\/albergue-municipal-san-lazaro\/\" class=\"\" title=\"View: Albergue Municipal San L\u00e1zaro\">Albergue Municipal San L\u00e1zaro<\/a><\/h3><\/div><div class=\"geodir-post-content-container bsui sdel-1e477937\" ><div class=\"geodir_post_meta  text-justify pb-1 position-relative geodir-field-post_content\" >Albergue Municipal de Peregrinos San L\u00e1zaro de Redecilla del Camino El Albergue de Peregrinos San L\u00e1zaro, situado en el pintoresco<\/div><\/div><\/div><div class=\"card-footer p-2  \"><div class='d-flex justify-content-between align-items-center flex-wrap'><div><\/div><div><\/div><\/div><\/div><\/div>\t<\/div>\n\t<\/div>\n\t<\/div>\n\t\t<\/div>\n\t\t<\/div><\/div>\n\n\n\n<h3 class=\"wp-block-heading has-text-align-center\"><a href=\"https:\/\/caminodesantiagofrances.com\/en\/provincia-de-burgos\/castildelgado\/\" data-type=\"link\" data-id=\"https:\/\/caminodesantiagofrances.com\/en\/provincia-de-burgos\/castildelgado\/\">Castildelgado<\/a><\/h3>\n\n\n\n<h3 class=\"wp-block-heading has-text-align-center\"><a href=\"https:\/\/caminodesantiagofrances.com\/en\/provincia-de-burgos\/viloria-de-rioja\/\" data-type=\"link\" data-id=\"https:\/\/caminodesantiagofrances.com\/en\/provincia-de-burgos\/viloria-de-rioja\/\">Viloria de Rioja<\/a><\/h3>\n\n\n\n<h3 class=\"wp-block-heading has-text-align-center\"><a href=\"https:\/\/caminodesantiagofrances.com\/en\/provincia-de-burgos\/villamayor-del-rio\/\" data-type=\"link\" data-id=\"https:\/\/caminodesantiagofrances.com\/en\/provincia-de-burgos\/villamayor-del-rio\/\">Villamayor del R\u00edo<\/a><\/h3>\n\n\n\n<h3 class=\"wp-block-heading has-text-align-center\"><a href=\"https:\/\/caminodesantiagofrances.com\/en\/provincia-de-burgos\/belorado\/\" data-type=\"link\" data-id=\"https:\/\/caminodesantiagofrances.com\/en\/provincia-de-burgos\/belorado\/\">Belorado<\/a><\/h3>\n\n\n\n<div class=\"wp-block-geodirectory-geodir-widget-listings\"><div class=\"geodir-listings bsui sdel-8e953001\" >\t\t<div id=\"geodir_6a9d57b61777d\" class=\"geodir_locations geodir_location_listing\n\t\t\t\t\t\t\t mb-3\t\t position-relative\">\n\t\t\t\t<div\n\t\tclass=\"row row-cols-1 row-cols-sm-2 geodir-category-list-view geodir-widget-posts geodir-gridview row-cols-md-2\">\n\t\t\n<div class=\"col mb-4 geodir-post post-16622 gd_place type-gd_place status-publish has-post-thumbnail gd-post-pkg-1\" data-post-id=\"16622\">\n\t\t<div class=\"card h-100 p-0 m-0 mw-100  \">\n\t<div class=\"card p-0 mw-100 h-100 \"><div class=\"card-img-top overflow-hidden position-relative  \"><span class=\"bsui gd-badge-meta\"><a href=\"https:\/\/caminodesantiagofrances.com\/en\/lo\/categoria\/albergue\/\" class=\"gd-badge border-0 badge ab-bottom-left ms-1\" data-id=\"16622\" data-badge=\"default_category\" data-badge-condition=\"is_not_empty\" style=\"background-color:rgba(0,0,0,0.5);border-color:rgba(0,0,0,0.5);color:#ffffff;\">Albergue<\/a>\n<\/span><div class=\"geodir_post_meta gd-fav-info-wrap  gd-fav-hide-text ab-bottom-right me-1  mb-n1  me-1 mb-n1 ab-bottom-right\" >\t\t<span class=\"gd-list-favorite\">\n\t\t\t<span class=\"geodir-addtofav favorite_property_16622  h5\" aria-hidden=\"true\"><span  title=\"Add to Favourites\"  class=\"geodir-addtofav-icon c-pointer geodir-act-fav\"  data-color-on=\"#ff0000\"  data-icon=\"fas fa-heart\"  data-color-off=\"rgba(223,223,223,0.8)\"  data-text-color=\"\"  data-bs-toggle=\"tooltip\"  aria-hidden=\"true\"  onclick=\"javascript:window.location.href='https:\/\/caminodesantiagofrances.com\/en\/wp-login.php'\"  ><i class=\"fas fa-heart\"  style=\"color:rgba(223,223,223,0.8);\" ><\/i> <span class=\"geodir-fav-text gv-secondary visually-hidden\" style=\"\" aria-hidden=\"true\">Favourite<\/span><\/span>\n<\/span>\t\t<\/span>\n\t\t<\/div><div class=\"geodir-post-slider bsui sdel-03994e04\" ><div class=\"geodir-image-container geodir-image-sizes-medium_large overflow-hidden\">\n\t\t\t<div class=\"geodir-images aui-gallery geodir-images-n-1 geodir-images-image carousel-inner \">\n\t\t<div class=\"carousel-item active\"><a href=\"https:\/\/caminodesantiagofrances.com\/en\/lo\/albergue-hostel-punto-b-belorado\/\" class=\"geodir-link-image embed-has-action ratio ratio-16x9 ratio ratio-16x9 d-block\"><img src='data:image\/png;base64,iVBORw0KGgoAAAANSUhEUgAAAGQAAAABCAQAAACC0sM2AAAADklEQVR42mP8X88wLAAAK5IBgMYCdqgAAAAASUVORK5CYII=' data-src=\"https:\/\/caminodesantiagofrances.com\/en\/wp-content\/uploads\/sites\/3\/2025\/09\/Albergue-Hostel-Punto-B-Belorado-Camino-de-Santiago-Frances-768x403.jpg\" alt=\"Albergue Hostel Punto B Belorado Camino de Santiago Frances 768x403\" width=\"768\" height=\"403\" class=\"geodir-lazy-load align size-medium_large geodir-image-3980 embed-item-cover-xy w-100 p-0 m-0 mw-100 border-0\" data-srcset=\"https:\/\/caminodesantiagofrances.com\/en\/wp-content\/uploads\/sites\/3\/2025\/09\/Albergue-Hostel-Punto-B-Belorado-Camino-de-Santiago-Frances-768x403.jpg 768w, https:\/\/caminodesantiagofrances.com\/en\/wp-content\/uploads\/sites\/3\/2025\/09\/Albergue-Hostel-Punto-B-Belorado-Camino-de-Santiago-Frances-300x158.jpg 300w, https:\/\/caminodesantiagofrances.com\/en\/wp-content\/uploads\/sites\/3\/2025\/09\/Albergue-Hostel-Punto-B-Belorado-Camino-de-Santiago-Frances-1024x538.jpg 1024w, https:\/\/caminodesantiagofrances.com\/en\/wp-content\/uploads\/sites\/3\/2025\/09\/Albergue-Hostel-Punto-B-Belorado-Camino-de-Santiago-Frances.jpg 1200w\" sizes=\"(max-width: 768px) 100vw, 768px\" \/><i class=\"fas fa-link w-auto h-auto\" aria-hidden=\"true\"><\/i><\/a><\/div>\t\t<\/div>\n\t\t<\/div>\n<\/div><\/div><div class=\"card-body p-2  \"><div class=\"row justify-content-center gv-hide-3 gv-hide-0\"><div class=\"col col-4 text-center tofront \"><a href=\"https:\/\/caminodesantiagofrances.com\/en\/author\/caminodesantiagofrances-com\/\" title=\"caminodesantiagofrances-com\"><img decoding=\"async\" style=\"max-height:75px;\" class=\"rounded-circle shadow border border-white border-width-4 p-0 mw-100 mt-n5 bg-white\" src=\"https:\/\/secure.gravatar.com\/avatar\/03aa5dc32308904f80a38258afc0335b43d4b2bec3418626e4f8712b71c3b93e?s=96&#038;d=mm&#038;r=g\" alt=\"Author Image\"><\/a><\/div><\/div><div class=\"geodir-post-title bsui sdel-caa60b10\" ><h3 class=\"geodir-entry-title  h5 \"><a href=\"https:\/\/caminodesantiagofrances.com\/en\/lo\/albergue-hostel-punto-b-belorado\/\" class=\"\" title=\"View: Albergue Hostel Punto B Belorado\">Albergue Hostel Punto B Belorado<\/a><\/h3><\/div><div class=\"geodir-post-content-container bsui sdel-1e477937\" ><div class=\"geodir_post_meta  text-justify pb-1 position-relative geodir-field-post_content\" >RESERVAR AHORA Albergue Hostel Punto B en Belorado, dise\u00f1o, confort y hospitalidad El Albergue Hostel Punto B se sit\u00faa en<\/div><\/div><\/div><div class=\"card-footer p-2  \"><div class='d-flex justify-content-between align-items-center flex-wrap'><div><\/div><div><\/div><\/div><\/div><\/div>\t<\/div>\n\t<\/div>\n\n<div class=\"col mb-4 geodir-post post-16619 gd_place type-gd_place status-publish has-post-thumbnail gd-post-pkg-1\" data-post-id=\"16619\">\n\t\t<div class=\"card h-100 p-0 m-0 mw-100  \">\n\t<div class=\"card p-0 mw-100 h-100 \"><div class=\"card-img-top overflow-hidden position-relative  \"><span class=\"bsui gd-badge-meta\"><a href=\"https:\/\/caminodesantiagofrances.com\/en\/lo\/categoria\/albergue\/\" class=\"gd-badge border-0 badge ab-bottom-left ms-1\" data-id=\"16619\" data-badge=\"default_category\" data-badge-condition=\"is_not_empty\" style=\"background-color:rgba(0,0,0,0.5);border-color:rgba(0,0,0,0.5);color:#ffffff;\">Albergue<\/a>\n<\/span><div class=\"geodir_post_meta gd-fav-info-wrap  gd-fav-hide-text ab-bottom-right me-1  mb-n1  me-1 mb-n1 ab-bottom-right\" >\t\t<span class=\"gd-list-favorite\">\n\t\t\t<span class=\"geodir-addtofav favorite_property_16619  h5\" aria-hidden=\"true\"><span  title=\"Add to Favourites\"  class=\"geodir-addtofav-icon c-pointer geodir-act-fav\"  data-color-on=\"#ff0000\"  data-icon=\"fas fa-heart\"  data-color-off=\"rgba(223,223,223,0.8)\"  data-text-color=\"\"  data-bs-toggle=\"tooltip\"  aria-hidden=\"true\"  onclick=\"javascript:window.location.href='https:\/\/caminodesantiagofrances.com\/en\/wp-login.php'\"  ><i class=\"fas fa-heart\"  style=\"color:rgba(223,223,223,0.8);\" ><\/i> <span class=\"geodir-fav-text gv-secondary visually-hidden\" style=\"\" aria-hidden=\"true\">Favourite<\/span><\/span>\n<\/span>\t\t<\/span>\n\t\t<\/div><div class=\"geodir-post-slider bsui sdel-03994e04\" ><div class=\"geodir-image-container geodir-image-sizes-medium_large overflow-hidden\">\n\t\t\t<div class=\"geodir-images aui-gallery geodir-images-n-1 geodir-images-image carousel-inner \">\n\t\t<div class=\"carousel-item active\"><a href=\"https:\/\/caminodesantiagofrances.com\/en\/lo\/albergue-cuatro-cantones-belorado\/\" class=\"geodir-link-image embed-has-action ratio ratio-16x9 ratio ratio-16x9 d-block\"><img src='data:image\/png;base64,iVBORw0KGgoAAAANSUhEUgAAAGQAAAABCAQAAACC0sM2AAAADklEQVR42mP8X88wLAAAK5IBgMYCdqgAAAAASUVORK5CYII=' data-src=\"https:\/\/caminodesantiagofrances.com\/en\/wp-content\/uploads\/sites\/3\/2025\/09\/Albergue-Cuatro-Cantones-Belorado-Camino-de-Santiago-Frances-768x403.jpg\" alt=\"Albergue Cuatro Cantones Belorado Camino de Santiago Frances 768x403\" width=\"768\" height=\"403\" class=\"geodir-lazy-load align size-medium_large geodir-image-3968 embed-item-cover-xy w-100 p-0 m-0 mw-100 border-0\" data-srcset=\"https:\/\/caminodesantiagofrances.com\/en\/wp-content\/uploads\/sites\/3\/2025\/09\/Albergue-Cuatro-Cantones-Belorado-Camino-de-Santiago-Frances-768x403.jpg 768w, https:\/\/caminodesantiagofrances.com\/en\/wp-content\/uploads\/sites\/3\/2025\/09\/Albergue-Cuatro-Cantones-Belorado-Camino-de-Santiago-Frances-300x158.jpg 300w, https:\/\/caminodesantiagofrances.com\/en\/wp-content\/uploads\/sites\/3\/2025\/09\/Albergue-Cuatro-Cantones-Belorado-Camino-de-Santiago-Frances-1024x538.jpg 1024w, https:\/\/caminodesantiagofrances.com\/en\/wp-content\/uploads\/sites\/3\/2025\/09\/Albergue-Cuatro-Cantones-Belorado-Camino-de-Santiago-Frances.jpg 1200w\" sizes=\"(max-width: 768px) 100vw, 768px\" \/><i class=\"fas fa-link w-auto h-auto\" aria-hidden=\"true\"><\/i><\/a><\/div>\t\t<\/div>\n\t\t<\/div>\n<\/div><\/div><div class=\"card-body p-2  \"><div class=\"row justify-content-center gv-hide-3 gv-hide-0\"><div class=\"col col-4 text-center tofront \"><a href=\"https:\/\/caminodesantiagofrances.com\/en\/author\/caminodesantiagofrances-com\/\" title=\"caminodesantiagofrances-com\"><img decoding=\"async\" style=\"max-height:75px;\" class=\"rounded-circle shadow border border-white border-width-4 p-0 mw-100 mt-n5 bg-white\" src=\"https:\/\/secure.gravatar.com\/avatar\/03aa5dc32308904f80a38258afc0335b43d4b2bec3418626e4f8712b71c3b93e?s=96&#038;d=mm&#038;r=g\" alt=\"Author Image\"><\/a><\/div><\/div><div class=\"geodir-post-title bsui sdel-caa60b10\" ><h3 class=\"geodir-entry-title  h5 \"><a href=\"https:\/\/caminodesantiagofrances.com\/en\/lo\/albergue-cuatro-cantones-belorado\/\" class=\"\" title=\"View: Albergue Cuatro Cantones Belorado\">Albergue Cuatro Cantones Belorado<\/a><\/h3><\/div><div class=\"geodir-post-content-container bsui sdel-1e477937\" ><div class=\"geodir_post_meta  text-justify pb-1 position-relative geodir-field-post_content\" >RESERVAR AHORA Albergue Cuatro Cantones en Belorado, descanso y experiencia \u00fanica en el Camino Franc\u00e9s El Albergue de Peregrinos Cuatro<\/div><\/div><\/div><div class=\"card-footer p-2  \"><div class='d-flex justify-content-between align-items-center flex-wrap'><div><\/div><div><\/div><\/div><\/div><\/div>\t<\/div>\n\t<\/div>\n\n<div class=\"col mb-4 geodir-post post-14724 gd_place type-gd_place status-publish has-post-thumbnail gd-post-pkg-1\" data-post-id=\"14724\">\n\t\t<div class=\"card h-100 p-0 m-0 mw-100  \">\n\t<div class=\"card p-0 mw-100 h-100 \"><div class=\"card-img-top overflow-hidden position-relative  \"><span class=\"bsui gd-badge-meta\"><a href=\"https:\/\/caminodesantiagofrances.com\/en\/lo\/categoria\/albergue\/\" class=\"gd-badge border-0 badge ab-bottom-left ms-1\" data-id=\"14724\" data-badge=\"default_category\" data-badge-condition=\"is_not_empty\" style=\"background-color:rgba(0,0,0,0.5);border-color:rgba(0,0,0,0.5);color:#ffffff;\">Albergue<\/a>\n<\/span><div class=\"geodir_post_meta gd-fav-info-wrap  gd-fav-hide-text ab-bottom-right me-1  mb-n1  me-1 mb-n1 ab-bottom-right\" >\t\t<span class=\"gd-list-favorite\">\n\t\t\t<span class=\"geodir-addtofav favorite_property_14724  h5\" aria-hidden=\"true\"><span  title=\"Add to Favourites\"  class=\"geodir-addtofav-icon c-pointer geodir-act-fav\"  data-color-on=\"#ff0000\"  data-icon=\"fas fa-heart\"  data-color-off=\"rgba(223,223,223,0.8)\"  data-text-color=\"\"  data-bs-toggle=\"tooltip\"  aria-hidden=\"true\"  onclick=\"javascript:window.location.href='https:\/\/caminodesantiagofrances.com\/en\/wp-login.php'\"  ><i class=\"fas fa-heart\"  style=\"color:rgba(223,223,223,0.8);\" ><\/i> <span class=\"geodir-fav-text gv-secondary visually-hidden\" style=\"\" aria-hidden=\"true\">Favourite<\/span><\/span>\n<\/span>\t\t<\/span>\n\t\t<\/div><div class=\"geodir-post-slider bsui sdel-03994e04\" ><div class=\"geodir-image-container geodir-image-sizes-medium_large overflow-hidden\">\n\t\t\t<div class=\"geodir-images aui-gallery geodir-images-n-1 geodir-images-image carousel-inner \">\n\t\t<div class=\"carousel-item active\"><a href=\"https:\/\/caminodesantiagofrances.com\/en\/lo\/albergue-municipal-el-corro\/\" class=\"geodir-link-image embed-has-action ratio ratio-16x9 ratio ratio-16x9 d-block\"><img src='data:image\/png;base64,iVBORw0KGgoAAAANSUhEUgAAAGQAAAABCAQAAACC0sM2AAAADklEQVR42mP8X88wLAAAK5IBgMYCdqgAAAAASUVORK5CYII=' data-src=\"https:\/\/caminodesantiagofrances.com\/en\/wp-content\/uploads\/sites\/3\/2025\/04\/Albergue-Municipal-El-Corro-Camino-de-Santiago-Frances-768x403.jpg\" alt=\"Albergue Municipal El Corro Camino de Santiago Frances 768x403\" width=\"768\" height=\"403\" class=\"geodir-lazy-load align size-medium_large geodir-image-673 embed-item-cover-xy w-100 p-0 m-0 mw-100 border-0\" data-srcset=\"https:\/\/caminodesantiagofrances.com\/en\/wp-content\/uploads\/sites\/3\/2025\/04\/Albergue-Municipal-El-Corro-Camino-de-Santiago-Frances-768x403.jpg 768w, https:\/\/caminodesantiagofrances.com\/en\/wp-content\/uploads\/sites\/3\/2025\/04\/Albergue-Municipal-El-Corro-Camino-de-Santiago-Frances-300x158.jpg 300w, https:\/\/caminodesantiagofrances.com\/en\/wp-content\/uploads\/sites\/3\/2025\/04\/Albergue-Municipal-El-Corro-Camino-de-Santiago-Frances-1024x538.jpg 1024w, https:\/\/caminodesantiagofrances.com\/en\/wp-content\/uploads\/sites\/3\/2025\/04\/Albergue-Municipal-El-Corro-Camino-de-Santiago-Frances.jpg 1200w\" sizes=\"(max-width: 768px) 100vw, 768px\" \/><i class=\"fas fa-link w-auto h-auto\" aria-hidden=\"true\"><\/i><\/a><\/div>\t\t<\/div>\n\t\t<\/div>\n<\/div><\/div><div class=\"card-body p-2  \"><div class=\"row justify-content-center gv-hide-3 gv-hide-0\"><div class=\"col col-4 text-center tofront \"><a href=\"https:\/\/caminodesantiagofrances.com\/en\/author\/caminodesantiagofrances-com\/\" title=\"caminodesantiagofrances-com\"><img decoding=\"async\" style=\"max-height:75px;\" class=\"rounded-circle shadow border border-white border-width-4 p-0 mw-100 mt-n5 bg-white\" src=\"https:\/\/secure.gravatar.com\/avatar\/03aa5dc32308904f80a38258afc0335b43d4b2bec3418626e4f8712b71c3b93e?s=96&#038;d=mm&#038;r=g\" alt=\"Author Image\"><\/a><\/div><\/div><div class=\"geodir-post-title bsui sdel-caa60b10\" ><h3 class=\"geodir-entry-title  h5 \"><a href=\"https:\/\/caminodesantiagofrances.com\/en\/lo\/albergue-municipal-el-corro\/\" class=\"\" title=\"View: Albergue Municipal El Corro\">Albergue Municipal El Corro<\/a><\/h3><\/div><div class=\"geodir-post-content-container bsui sdel-1e477937\" ><div class=\"geodir_post_meta  text-justify pb-1 position-relative geodir-field-post_content\" >RESERVAR AHORA Albergue Municipal El Corro en Belorado El Albergue Municipal El Corro se encuentra en la localidad burgalesa de<\/div><\/div><\/div><div class=\"card-footer p-2  \"><div class='d-flex justify-content-between align-items-center flex-wrap'><div><\/div><div><\/div><\/div><\/div><\/div>\t<\/div>\n\t<\/div>\n\n<div class=\"col mb-4 geodir-post post-13853 gd_place type-gd_place status-publish has-post-thumbnail gd-post-pkg-1\" data-post-id=\"13853\">\n\t\t<div class=\"card h-100 p-0 m-0 mw-100  \">\n\t<div class=\"card p-0 mw-100 h-100 \"><div class=\"card-img-top overflow-hidden position-relative  \"><span class=\"bsui gd-badge-meta\"><a href=\"https:\/\/caminodesantiagofrances.com\/en\/lo\/categoria\/albergue\/\" class=\"gd-badge border-0 badge ab-bottom-left ms-1\" data-id=\"13853\" data-badge=\"default_category\" data-badge-condition=\"is_not_empty\" style=\"background-color:rgba(0,0,0,0.5);border-color:rgba(0,0,0,0.5);color:#ffffff;\">Albergue<\/a>\n<\/span><div class=\"geodir_post_meta gd-fav-info-wrap  gd-fav-hide-text ab-bottom-right me-1  mb-n1  me-1 mb-n1 ab-bottom-right\" >\t\t<span class=\"gd-list-favorite\">\n\t\t\t<span class=\"geodir-addtofav favorite_property_13853  h5\" aria-hidden=\"true\"><span  title=\"Add to Favourites\"  class=\"geodir-addtofav-icon c-pointer geodir-act-fav\"  data-color-on=\"#ff0000\"  data-icon=\"fas fa-heart\"  data-color-off=\"rgba(223,223,223,0.8)\"  data-text-color=\"\"  data-bs-toggle=\"tooltip\"  aria-hidden=\"true\"  onclick=\"javascript:window.location.href='https:\/\/caminodesantiagofrances.com\/en\/wp-login.php'\"  ><i class=\"fas fa-heart\"  style=\"color:rgba(223,223,223,0.8);\" ><\/i> <span class=\"geodir-fav-text gv-secondary visually-hidden\" style=\"\" aria-hidden=\"true\">Favourite<\/span><\/span>\n<\/span>\t\t<\/span>\n\t\t<\/div><div class=\"geodir-post-slider bsui sdel-03994e04\" ><div class=\"geodir-image-container geodir-image-sizes-medium_large overflow-hidden\">\n\t\t\t<div class=\"geodir-images aui-gallery geodir-images-n-1 geodir-images-image carousel-inner \">\n\t\t<div class=\"carousel-item active\"><a href=\"https:\/\/caminodesantiagofrances.com\/en\/lo\/albergue-parroquial-belorado\/\" class=\"geodir-link-image embed-has-action ratio ratio-16x9 ratio ratio-16x9 d-block\"><img src='data:image\/png;base64,iVBORw0KGgoAAAANSUhEUgAAAGQAAAABCAQAAACC0sM2AAAADklEQVR42mP8X88wLAAAK5IBgMYCdqgAAAAASUVORK5CYII=' data-src=\"https:\/\/caminodesantiagofrances.com\/en\/wp-content\/uploads\/sites\/3\/2024\/10\/Albergue-Parroquial-Belorado-Camino-de-Santiago-Frances-768x403.jpg\" alt=\"Albergue Parroquial Belorado Camino de Santiago Frances 768x403\" width=\"768\" height=\"403\" class=\"geodir-lazy-load align size-medium_large geodir-image-511 embed-item-cover-xy w-100 p-0 m-0 mw-100 border-0\" data-srcset=\"https:\/\/caminodesantiagofrances.com\/en\/wp-content\/uploads\/sites\/3\/2024\/10\/Albergue-Parroquial-Belorado-Camino-de-Santiago-Frances-768x403.jpg 768w, https:\/\/caminodesantiagofrances.com\/en\/wp-content\/uploads\/sites\/3\/2024\/10\/Albergue-Parroquial-Belorado-Camino-de-Santiago-Frances-300x158.jpg 300w, https:\/\/caminodesantiagofrances.com\/en\/wp-content\/uploads\/sites\/3\/2024\/10\/Albergue-Parroquial-Belorado-Camino-de-Santiago-Frances-1024x538.jpg 1024w, https:\/\/caminodesantiagofrances.com\/en\/wp-content\/uploads\/sites\/3\/2024\/10\/Albergue-Parroquial-Belorado-Camino-de-Santiago-Frances.jpg 1200w\" sizes=\"(max-width: 768px) 100vw, 768px\" \/><i class=\"fas fa-link w-auto h-auto\" aria-hidden=\"true\"><\/i><\/a><\/div>\t\t<\/div>\n\t\t<\/div>\n<\/div><\/div><div class=\"card-body p-2  \"><div class=\"row justify-content-center gv-hide-3 gv-hide-0\"><div class=\"col col-4 text-center tofront \"><a href=\"https:\/\/caminodesantiagofrances.com\/en\/author\/caminodesantiagofrances-com\/\" title=\"caminodesantiagofrances-com\"><img decoding=\"async\" style=\"max-height:75px;\" class=\"rounded-circle shadow border border-white border-width-4 p-0 mw-100 mt-n5 bg-white\" src=\"https:\/\/secure.gravatar.com\/avatar\/03aa5dc32308904f80a38258afc0335b43d4b2bec3418626e4f8712b71c3b93e?s=96&#038;d=mm&#038;r=g\" alt=\"Author Image\"><\/a><\/div><\/div><div class=\"geodir-post-title bsui sdel-caa60b10\" ><h3 class=\"geodir-entry-title  h5 \"><a href=\"https:\/\/caminodesantiagofrances.com\/en\/lo\/albergue-parroquial-belorado\/\" class=\"\" title=\"View: Albergue Parroquial Belorado\">Albergue Parroquial Belorado<\/a><\/h3><\/div><div class=\"geodir-post-content-container bsui sdel-1e477937\" ><div class=\"geodir_post_meta  text-justify pb-1 position-relative geodir-field-post_content\" >Albergue de Peregrinos Parroquial de Belorado El Albergue de Peregrinos Parroquial de Belorado es un lugar religioso que se ha<\/div><\/div><\/div><div class=\"card-footer p-2  \"><div class='d-flex justify-content-between align-items-center flex-wrap'><div><\/div><div><\/div><\/div><\/div><\/div>\t<\/div>\n\t<\/div>\n\t<\/div>\n\t\t<\/div>\n\t\t<\/div><\/div>\n\n\n\n<h3 class=\"wp-block-heading has-text-align-center\"><a href=\"https:\/\/caminodesantiagofrances.com\/en\/provincia-de-burgos\/tosantos\/\" data-type=\"link\" data-id=\"https:\/\/caminodesantiagofrances.com\/en\/provincia-de-burgos\/tosantos\/\">Tosantos<\/a><\/h3>\n\n\n\n<h3 class=\"wp-block-heading has-text-align-center\"><a href=\"https:\/\/caminodesantiagofrances.com\/en\/provincia-de-burgos\/villambistia\/\" data-type=\"link\" data-id=\"https:\/\/caminodesantiagofrances.com\/en\/provincia-de-burgos\/villambistia\/\">Villambistia<\/a><\/h3>\n\n\n\n<h3 class=\"wp-block-heading has-text-align-center\"><a href=\"https:\/\/caminodesantiagofrances.com\/en\/provincia-de-burgos\/espinosa-del-camino\/\" data-type=\"link\" data-id=\"https:\/\/caminodesantiagofrances.com\/en\/provincia-de-burgos\/espinosa-del-camino\/\">Espinosa del Camino<\/a><\/h3>\n\n\n\n<h3 class=\"wp-block-heading has-text-align-center\"><a href=\"https:\/\/caminodesantiagofrances.com\/en\/provincia-de-burgos\/villafranca-montes-de-oca\/\" data-type=\"link\" data-id=\"https:\/\/caminodesantiagofrances.com\/en\/provincia-de-burgos\/villafranca-montes-de-oca\/\">Villafranca Montes de Oca<\/a><\/h3>\n\n\n\n<h3 class=\"wp-block-heading has-text-align-center\"><a href=\"https:\/\/caminodesantiagofrances.com\/en\/provincia-de-burgos\/san-juan-de-ortega\/\" data-type=\"link\" data-id=\"https:\/\/caminodesantiagofrances.com\/en\/provincia-de-burgos\/san-juan-de-ortega\/\">San Juan de Ortega<\/a><\/h3>\n\n\n\n<h3 class=\"wp-block-heading has-text-align-center\"><a href=\"https:\/\/caminodesantiagofrances.com\/en\/provincia-de-burgos\/ages\/\" data-type=\"link\" data-id=\"https:\/\/caminodesantiagofrances.com\/en\/provincia-de-burgos\/ages\/\">Ag\u00e9s<\/a><\/h3>\n\n\n\n<h3 class=\"wp-block-heading has-text-align-center\"><a href=\"https:\/\/caminodesantiagofrances.com\/en\/provincia-de-burgos\/atapuerca\/\" data-type=\"link\" data-id=\"https:\/\/caminodesantiagofrances.com\/en\/provincia-de-burgos\/atapuerca\/\">Atapuerca<\/a><\/h3>\n\n\n\n<h3 class=\"wp-block-heading has-text-align-center\"><a href=\"https:\/\/caminodesantiagofrances.com\/en\/provincia-de-burgos\/villalval\/\" data-type=\"link\" data-id=\"https:\/\/caminodesantiagofrances.com\/en\/provincia-de-burgos\/villalval\/\">Villalval<\/a><\/h3>\n\n\n\n<h3 class=\"wp-block-heading has-text-align-center\"><a href=\"https:\/\/caminodesantiagofrances.com\/en\/provincia-de-burgos\/cardenuela-riopico\/\" data-type=\"link\" data-id=\"https:\/\/caminodesantiagofrances.com\/en\/provincia-de-burgos\/cardenuela-riopico\/\">Carde\u00f1uela Riopico<\/a><\/h3>\n\n\n\n<h3 class=\"wp-block-heading has-text-align-center\"><a href=\"https:\/\/caminodesantiagofrances.com\/en\/provincia-de-burgos\/orbaneja-riopico\/\" data-type=\"link\" data-id=\"https:\/\/caminodesantiagofrances.com\/en\/provincia-de-burgos\/orbaneja-riopico\/\">Orbaneja Riopico<\/a><\/h3>\n\n\n\n<h3 class=\"wp-block-heading has-text-align-center\"><a href=\"https:\/\/caminodesantiagofrances.com\/en\/provincia-de-burgos\/villafria\/\" data-type=\"link\" data-id=\"https:\/\/caminodesantiagofrances.com\/en\/provincia-de-burgos\/villafria\/\">Villafr\u00eda<\/a><\/h3>\n\n\n\n<h3 class=\"wp-block-heading has-text-align-center\"><a href=\"https:\/\/caminodesantiagofrances.com\/en\/provincia-de-burgos\/burgos\/\" data-type=\"link\" data-id=\"https:\/\/caminodesantiagofrances.com\/en\/provincia-de-burgos\/burgos\/\">Burgos<\/a><\/h3>\n\n\n\n<div class=\"wp-block-geodirectory-geodir-widget-listings\"><div class=\"geodir-listings bsui sdel-3650895f\" >\t\t<div id=\"geodir_6a9d57b6201ef\" class=\"geodir_locations geodir_location_listing\n\t\t\t\t\t\t\t mb-3\t\t position-relative\">\n\t\t\t\t<div\n\t\tclass=\"row row-cols-1 row-cols-sm-2 geodir-category-list-view geodir-widget-posts geodir-gridview row-cols-md-2\">\n\t\t\n<div class=\"col mb-4 geodir-post post-16547 gd_place type-gd_place status-publish has-post-thumbnail gd-post-pkg-1\" data-post-id=\"16547\">\n\t\t<div class=\"card h-100 p-0 m-0 mw-100  \">\n\t<div class=\"card p-0 mw-100 h-100 \"><div class=\"card-img-top overflow-hidden position-relative  \"><span class=\"bsui gd-badge-meta\"><a href=\"https:\/\/caminodesantiagofrances.com\/en\/lo\/categoria\/albergue\/\" class=\"gd-badge border-0 badge ab-bottom-left ms-1\" data-id=\"16547\" data-badge=\"default_category\" data-badge-condition=\"is_not_empty\" style=\"background-color:rgba(0,0,0,0.5);border-color:rgba(0,0,0,0.5);color:#ffffff;\">Albergue<\/a>\n<\/span><div class=\"geodir_post_meta gd-fav-info-wrap  gd-fav-hide-text ab-bottom-right me-1  mb-n1  me-1 mb-n1 ab-bottom-right\" >\t\t<span class=\"gd-list-favorite\">\n\t\t\t<span class=\"geodir-addtofav favorite_property_16547  h5\" aria-hidden=\"true\"><span  title=\"Add to Favourites\"  class=\"geodir-addtofav-icon c-pointer geodir-act-fav\"  data-color-on=\"#ff0000\"  data-icon=\"fas fa-heart\"  data-color-off=\"rgba(223,223,223,0.8)\"  data-text-color=\"\"  data-bs-toggle=\"tooltip\"  aria-hidden=\"true\"  onclick=\"javascript:window.location.href='https:\/\/caminodesantiagofrances.com\/en\/wp-login.php'\"  ><i class=\"fas fa-heart\"  style=\"color:rgba(223,223,223,0.8);\" ><\/i> <span class=\"geodir-fav-text gv-secondary visually-hidden\" style=\"\" aria-hidden=\"true\">Favourite<\/span><\/span>\n<\/span>\t\t<\/span>\n\t\t<\/div><div class=\"geodir-post-slider bsui sdel-03994e04\" ><div class=\"geodir-image-container geodir-image-sizes-medium_large overflow-hidden\">\n\t\t\t<div class=\"geodir-images aui-gallery geodir-images-n-1 geodir-images-image carousel-inner \">\n\t\t<div class=\"carousel-item active\"><a href=\"https:\/\/caminodesantiagofrances.com\/en\/lo\/albergue-mola-hostel-burgos\/\" class=\"geodir-link-image embed-has-action ratio ratio-16x9 ratio ratio-16x9 d-block\"><img src='data:image\/png;base64,iVBORw0KGgoAAAANSUhEUgAAAGQAAAABCAQAAACC0sM2AAAADklEQVR42mP8X88wLAAAK5IBgMYCdqgAAAAASUVORK5CYII=' data-src=\"https:\/\/caminodesantiagofrances.com\/en\/wp-content\/uploads\/sites\/3\/2025\/09\/Albergue-Mola-Hostel-Burgos-Camino-de-Santiago-Frances-768x403.jpg\" alt=\"Albergue Mola Hostel Burgos Camino de Santiago Frances 768x403\" width=\"768\" height=\"403\" class=\"geodir-lazy-load align size-medium_large geodir-image-3806 embed-item-cover-xy w-100 p-0 m-0 mw-100 border-0\" data-srcset=\"https:\/\/caminodesantiagofrances.com\/en\/wp-content\/uploads\/sites\/3\/2025\/09\/Albergue-Mola-Hostel-Burgos-Camino-de-Santiago-Frances-768x403.jpg 768w, https:\/\/caminodesantiagofrances.com\/en\/wp-content\/uploads\/sites\/3\/2025\/09\/Albergue-Mola-Hostel-Burgos-Camino-de-Santiago-Frances-300x158.jpg 300w, https:\/\/caminodesantiagofrances.com\/en\/wp-content\/uploads\/sites\/3\/2025\/09\/Albergue-Mola-Hostel-Burgos-Camino-de-Santiago-Frances-1024x538.jpg 1024w, https:\/\/caminodesantiagofrances.com\/en\/wp-content\/uploads\/sites\/3\/2025\/09\/Albergue-Mola-Hostel-Burgos-Camino-de-Santiago-Frances.jpg 1200w\" sizes=\"(max-width: 768px) 100vw, 768px\" \/><i class=\"fas fa-link w-auto h-auto\" aria-hidden=\"true\"><\/i><\/a><\/div>\t\t<\/div>\n\t\t<\/div>\n<\/div><\/div><div class=\"card-body p-2  \"><div class=\"row justify-content-center gv-hide-3 gv-hide-0\"><div class=\"col col-4 text-center tofront \"><a href=\"https:\/\/caminodesantiagofrances.com\/en\/author\/caminodesantiagofrances-com\/\" title=\"caminodesantiagofrances-com\"><img decoding=\"async\" style=\"max-height:75px;\" class=\"rounded-circle shadow border border-white border-width-4 p-0 mw-100 mt-n5 bg-white\" src=\"https:\/\/secure.gravatar.com\/avatar\/03aa5dc32308904f80a38258afc0335b43d4b2bec3418626e4f8712b71c3b93e?s=96&#038;d=mm&#038;r=g\" alt=\"Author Image\"><\/a><\/div><\/div><div class=\"geodir-post-title bsui sdel-caa60b10\" ><h3 class=\"geodir-entry-title  h5 \"><a href=\"https:\/\/caminodesantiagofrances.com\/en\/lo\/albergue-mola-hostel-burgos\/\" class=\"\" title=\"View: Albergue Mola! Hostel Burgos\">Albergue Mola! Hostel Burgos<\/a><\/h3><\/div><div class=\"geodir-post-content-container bsui sdel-1e477937\" ><div class=\"geodir_post_meta  text-justify pb-1 position-relative geodir-field-post_content\" >RESERVAR AHORA Albergue Mola! Hostel Burgos \u2013 Modernidad y hospitalidad en el Camino de Santiago El Albergue Mola! Hostel Burgos<\/div><\/div><\/div><div class=\"card-footer p-2  \"><div class='d-flex justify-content-between align-items-center flex-wrap'><div><\/div><div><\/div><\/div><\/div><\/div>\t<\/div>\n\t<\/div>\n\n<div class=\"col mb-4 geodir-post post-16544 gd_place type-gd_place status-publish has-post-thumbnail gd-post-pkg-1\" data-post-id=\"16544\">\n\t\t<div class=\"card h-100 p-0 m-0 mw-100  \">\n\t<div class=\"card p-0 mw-100 h-100 \"><div class=\"card-img-top overflow-hidden position-relative  \"><span class=\"bsui gd-badge-meta\"><a href=\"https:\/\/caminodesantiagofrances.com\/en\/lo\/categoria\/albergue\/\" class=\"gd-badge border-0 badge ab-bottom-left ms-1\" data-id=\"16544\" data-badge=\"default_category\" data-badge-condition=\"is_not_empty\" style=\"background-color:rgba(0,0,0,0.5);border-color:rgba(0,0,0,0.5);color:#ffffff;\">Albergue<\/a>\n<\/span><div class=\"geodir_post_meta gd-fav-info-wrap  gd-fav-hide-text ab-bottom-right me-1  mb-n1  me-1 mb-n1 ab-bottom-right\" >\t\t<span class=\"gd-list-favorite\">\n\t\t\t<span class=\"geodir-addtofav favorite_property_16544  h5\" aria-hidden=\"true\"><span  title=\"Add to Favourites\"  class=\"geodir-addtofav-icon c-pointer geodir-act-fav\"  data-color-on=\"#ff0000\"  data-icon=\"fas fa-heart\"  data-color-off=\"rgba(223,223,223,0.8)\"  data-text-color=\"\"  data-bs-toggle=\"tooltip\"  aria-hidden=\"true\"  onclick=\"javascript:window.location.href='https:\/\/caminodesantiagofrances.com\/en\/wp-login.php'\"  ><i class=\"fas fa-heart\"  style=\"color:rgba(223,223,223,0.8);\" ><\/i> <span class=\"geodir-fav-text gv-secondary visually-hidden\" style=\"\" aria-hidden=\"true\">Favourite<\/span><\/span>\n<\/span>\t\t<\/span>\n\t\t<\/div><div class=\"geodir-post-slider bsui sdel-03994e04\" ><div class=\"geodir-image-container geodir-image-sizes-medium_large overflow-hidden\">\n\t\t\t<div class=\"geodir-images aui-gallery geodir-images-n-1 geodir-images-image carousel-inner \">\n\t\t<div class=\"carousel-item active\"><a href=\"https:\/\/caminodesantiagofrances.com\/en\/lo\/albergue-hostel-catedral-burgos\/\" class=\"geodir-link-image embed-has-action ratio ratio-16x9 ratio ratio-16x9 d-block\"><img src='data:image\/png;base64,iVBORw0KGgoAAAANSUhEUgAAAGQAAAABCAQAAACC0sM2AAAADklEQVR42mP8X88wLAAAK5IBgMYCdqgAAAAASUVORK5CYII=' data-src=\"https:\/\/caminodesantiagofrances.com\/en\/wp-content\/uploads\/sites\/3\/2025\/09\/Albergue-Hostel-Catedral-Burgos-Camino-de-Santiago-Frances-768x403.jpg\" alt=\"Albergue Hostel Catedral Burgos Camino de Santiago Frances 768x403\" width=\"768\" height=\"403\" class=\"geodir-lazy-load align size-medium_large geodir-image-3790 embed-item-cover-xy w-100 p-0 m-0 mw-100 border-0\" data-srcset=\"https:\/\/caminodesantiagofrances.com\/en\/wp-content\/uploads\/sites\/3\/2025\/09\/Albergue-Hostel-Catedral-Burgos-Camino-de-Santiago-Frances-768x403.jpg 768w, https:\/\/caminodesantiagofrances.com\/en\/wp-content\/uploads\/sites\/3\/2025\/09\/Albergue-Hostel-Catedral-Burgos-Camino-de-Santiago-Frances-300x158.jpg 300w, https:\/\/caminodesantiagofrances.com\/en\/wp-content\/uploads\/sites\/3\/2025\/09\/Albergue-Hostel-Catedral-Burgos-Camino-de-Santiago-Frances-1024x538.jpg 1024w, https:\/\/caminodesantiagofrances.com\/en\/wp-content\/uploads\/sites\/3\/2025\/09\/Albergue-Hostel-Catedral-Burgos-Camino-de-Santiago-Frances.jpg 1200w\" sizes=\"(max-width: 768px) 100vw, 768px\" \/><i class=\"fas fa-link w-auto h-auto\" aria-hidden=\"true\"><\/i><\/a><\/div>\t\t<\/div>\n\t\t<\/div>\n<\/div><\/div><div class=\"card-body p-2  \"><div class=\"row justify-content-center gv-hide-3 gv-hide-0\"><div class=\"col col-4 text-center tofront \"><a href=\"https:\/\/caminodesantiagofrances.com\/en\/author\/caminodesantiagofrances-com\/\" title=\"caminodesantiagofrances-com\"><img decoding=\"async\" style=\"max-height:75px;\" class=\"rounded-circle shadow border border-white border-width-4 p-0 mw-100 mt-n5 bg-white\" src=\"https:\/\/secure.gravatar.com\/avatar\/03aa5dc32308904f80a38258afc0335b43d4b2bec3418626e4f8712b71c3b93e?s=96&#038;d=mm&#038;r=g\" alt=\"Author Image\"><\/a><\/div><\/div><div class=\"geodir-post-title bsui sdel-caa60b10\" ><h3 class=\"geodir-entry-title  h5 \"><a href=\"https:\/\/caminodesantiagofrances.com\/en\/lo\/albergue-hostel-catedral-burgos\/\" class=\"\" title=\"View: Albergue Hostel Catedral Burgos\">Albergue Hostel Catedral Burgos<\/a><\/h3><\/div><div class=\"geodir-post-content-container bsui sdel-1e477937\" ><div class=\"geodir_post_meta  text-justify pb-1 position-relative geodir-field-post_content\" >RESERVAR AHORA Albergue Hostel Catedral Burgos \u2013 Confort moderno junto a la Catedral de Burgos El Albergue Hostel Catedral Burgos<\/div><\/div><\/div><div class=\"card-footer p-2  \"><div class='d-flex justify-content-between align-items-center flex-wrap'><div><\/div><div><\/div><\/div><\/div><\/div>\t<\/div>\n\t<\/div>\n\n<div class=\"col mb-4 geodir-post post-14865 gd_place type-gd_place status-publish has-post-thumbnail gd-post-pkg-1\" data-post-id=\"14865\">\n\t\t<div class=\"card h-100 p-0 m-0 mw-100  \">\n\t<div class=\"card p-0 mw-100 h-100 \"><div class=\"card-img-top overflow-hidden position-relative  \"><span class=\"bsui gd-badge-meta\"><a href=\"https:\/\/caminodesantiagofrances.com\/en\/lo\/categoria\/albergue\/\" class=\"gd-badge border-0 badge ab-bottom-left ms-1\" data-id=\"14865\" data-badge=\"default_category\" data-badge-condition=\"is_not_empty\" style=\"background-color:rgba(0,0,0,0.5);border-color:rgba(0,0,0,0.5);color:#ffffff;\">Albergue<\/a>\n<\/span><div class=\"geodir_post_meta gd-fav-info-wrap  gd-fav-hide-text ab-bottom-right me-1  mb-n1  me-1 mb-n1 ab-bottom-right\" >\t\t<span class=\"gd-list-favorite\">\n\t\t\t<span class=\"geodir-addtofav favorite_property_14865  h5\" aria-hidden=\"true\"><span  title=\"Add to Favourites\"  class=\"geodir-addtofav-icon c-pointer geodir-act-fav\"  data-color-on=\"#ff0000\"  data-icon=\"fas fa-heart\"  data-color-off=\"rgba(223,223,223,0.8)\"  data-text-color=\"\"  data-bs-toggle=\"tooltip\"  aria-hidden=\"true\"  onclick=\"javascript:window.location.href='https:\/\/caminodesantiagofrances.com\/en\/wp-login.php'\"  ><i class=\"fas fa-heart\"  style=\"color:rgba(223,223,223,0.8);\" ><\/i> <span class=\"geodir-fav-text gv-secondary visually-hidden\" style=\"\" aria-hidden=\"true\">Favourite<\/span><\/span>\n<\/span>\t\t<\/span>\n\t\t<\/div><div class=\"geodir-post-slider bsui sdel-03994e04\" ><div class=\"geodir-image-container geodir-image-sizes-medium_large overflow-hidden\">\n\t\t\t<div class=\"geodir-images aui-gallery geodir-images-n-1 geodir-images-image carousel-inner \">\n\t\t<div class=\"carousel-item active\"><a href=\"https:\/\/caminodesantiagofrances.com\/en\/lo\/albergue-divina-pastora-burgos\/\" class=\"geodir-link-image embed-has-action ratio ratio-16x9 ratio ratio-16x9 d-block\"><img src='data:image\/png;base64,iVBORw0KGgoAAAANSUhEUgAAAGQAAAABCAQAAACC0sM2AAAADklEQVR42mP8X88wLAAAK5IBgMYCdqgAAAAASUVORK5CYII=' data-src=\"https:\/\/caminodesantiagofrances.com\/en\/wp-content\/uploads\/sites\/3\/2025\/04\/Albergue-Divina-Pastora-Burgos-Camino-de-Santiago-Frances-768x403.jpg\" alt=\"Albergue Divina Pastora Burgos Camino de Santiago Frances 768x403\" width=\"768\" height=\"403\" class=\"geodir-lazy-load align size-medium_large geodir-image-700 embed-item-cover-xy w-100 p-0 m-0 mw-100 border-0\" data-srcset=\"https:\/\/caminodesantiagofrances.com\/en\/wp-content\/uploads\/sites\/3\/2025\/04\/Albergue-Divina-Pastora-Burgos-Camino-de-Santiago-Frances-768x403.jpg 768w, https:\/\/caminodesantiagofrances.com\/en\/wp-content\/uploads\/sites\/3\/2025\/04\/Albergue-Divina-Pastora-Burgos-Camino-de-Santiago-Frances-300x158.jpg 300w, https:\/\/caminodesantiagofrances.com\/en\/wp-content\/uploads\/sites\/3\/2025\/04\/Albergue-Divina-Pastora-Burgos-Camino-de-Santiago-Frances-1024x538.jpg 1024w, https:\/\/caminodesantiagofrances.com\/en\/wp-content\/uploads\/sites\/3\/2025\/04\/Albergue-Divina-Pastora-Burgos-Camino-de-Santiago-Frances.jpg 1200w\" sizes=\"(max-width: 768px) 100vw, 768px\" \/><i class=\"fas fa-link w-auto h-auto\" aria-hidden=\"true\"><\/i><\/a><\/div>\t\t<\/div>\n\t\t<\/div>\n<\/div><\/div><div class=\"card-body p-2  \"><div class=\"row justify-content-center gv-hide-3 gv-hide-0\"><div class=\"col col-4 text-center tofront \"><a href=\"https:\/\/caminodesantiagofrances.com\/en\/author\/caminodesantiagofrances-com\/\" title=\"caminodesantiagofrances-com\"><img decoding=\"async\" style=\"max-height:75px;\" class=\"rounded-circle shadow border border-white border-width-4 p-0 mw-100 mt-n5 bg-white\" src=\"https:\/\/secure.gravatar.com\/avatar\/03aa5dc32308904f80a38258afc0335b43d4b2bec3418626e4f8712b71c3b93e?s=96&#038;d=mm&#038;r=g\" alt=\"Author Image\"><\/a><\/div><\/div><div class=\"geodir-post-title bsui sdel-caa60b10\" ><h3 class=\"geodir-entry-title  h5 \"><a href=\"https:\/\/caminodesantiagofrances.com\/en\/lo\/albergue-divina-pastora-burgos\/\" class=\"\" title=\"View: Albergue Divina Pastora Burgos\">Albergue Divina Pastora Burgos<\/a><\/h3><\/div><div class=\"geodir-post-content-container bsui sdel-1e477937\" ><div class=\"geodir_post_meta  text-justify pb-1 position-relative geodir-field-post_content\" >Albergue de Peregrinos Santiago y Santa Catalina &#8220;La Divina Pastora&#8221; en Burgos Albergue La Divina Pastora Ubicado estrat\u00e9gicamente en el<\/div><\/div><\/div><div class=\"card-footer p-2  \"><div class='d-flex justify-content-between align-items-center flex-wrap'><div><\/div><div><\/div><\/div><\/div><\/div>\t<\/div>\n\t<\/div>\n\n<div class=\"col mb-4 geodir-post post-13660 gd_place type-gd_place status-publish has-post-thumbnail gd-post-pkg-1\" data-post-id=\"13660\">\n\t\t<div class=\"card h-100 p-0 m-0 mw-100  \">\n\t<div class=\"card p-0 mw-100 h-100 \"><div class=\"card-img-top overflow-hidden position-relative  \"><span class=\"bsui gd-badge-meta\"><a href=\"https:\/\/caminodesantiagofrances.com\/en\/lo\/categoria\/albergue\/\" class=\"gd-badge border-0 badge ab-bottom-left ms-1\" data-id=\"13660\" data-badge=\"default_category\" data-badge-condition=\"is_not_empty\" style=\"background-color:rgba(0,0,0,0.5);border-color:rgba(0,0,0,0.5);color:#ffffff;\">Albergue<\/a>\n<\/span><div class=\"geodir_post_meta gd-fav-info-wrap  gd-fav-hide-text ab-bottom-right me-1  mb-n1  me-1 mb-n1 ab-bottom-right\" >\t\t<span class=\"gd-list-favorite\">\n\t\t\t<span class=\"geodir-addtofav favorite_property_13660  h5\" aria-hidden=\"true\"><span  title=\"Add to Favourites\"  class=\"geodir-addtofav-icon c-pointer geodir-act-fav\"  data-color-on=\"#ff0000\"  data-icon=\"fas fa-heart\"  data-color-off=\"rgba(223,223,223,0.8)\"  data-text-color=\"\"  data-bs-toggle=\"tooltip\"  aria-hidden=\"true\"  onclick=\"javascript:window.location.href='https:\/\/caminodesantiagofrances.com\/en\/wp-login.php'\"  ><i class=\"fas fa-heart\"  style=\"color:rgba(223,223,223,0.8);\" ><\/i> <span class=\"geodir-fav-text gv-secondary visually-hidden\" style=\"\" aria-hidden=\"true\">Favourite<\/span><\/span>\n<\/span>\t\t<\/span>\n\t\t<\/div><div class=\"geodir-post-slider bsui sdel-03994e04\" ><div class=\"geodir-image-container geodir-image-sizes-medium_large overflow-hidden\">\n\t\t\t<div class=\"geodir-images aui-gallery geodir-images-n-1 geodir-images-image carousel-inner \">\n\t\t<div class=\"carousel-item active\"><a href=\"https:\/\/caminodesantiagofrances.com\/en\/lo\/albergue-municipal-casa-del-cubo\/\" class=\"geodir-link-image embed-has-action ratio ratio-16x9 ratio ratio-16x9 d-block\"><img src='data:image\/png;base64,iVBORw0KGgoAAAANSUhEUgAAAGQAAAABCAQAAACC0sM2AAAADklEQVR42mP8X88wLAAAK5IBgMYCdqgAAAAASUVORK5CYII=' data-src=\"https:\/\/caminodesantiagofrances.com\/en\/wp-content\/uploads\/sites\/3\/2024\/10\/Albergue-Municipal-Casa-del-Cubo-Camino-de-Santiago-Frances-768x403.jpg\" alt=\"Albergue Municipal Casa del Cubo Camino de Santiago Frances 768x403\" width=\"768\" height=\"403\" class=\"geodir-lazy-load align size-medium_large geodir-image-471 embed-item-cover-xy w-100 p-0 m-0 mw-100 border-0\" data-srcset=\"https:\/\/caminodesantiagofrances.com\/en\/wp-content\/uploads\/sites\/3\/2024\/10\/Albergue-Municipal-Casa-del-Cubo-Camino-de-Santiago-Frances-768x403.jpg 768w, https:\/\/caminodesantiagofrances.com\/en\/wp-content\/uploads\/sites\/3\/2024\/10\/Albergue-Municipal-Casa-del-Cubo-Camino-de-Santiago-Frances-300x158.jpg 300w, https:\/\/caminodesantiagofrances.com\/en\/wp-content\/uploads\/sites\/3\/2024\/10\/Albergue-Municipal-Casa-del-Cubo-Camino-de-Santiago-Frances-1024x538.jpg 1024w, https:\/\/caminodesantiagofrances.com\/en\/wp-content\/uploads\/sites\/3\/2024\/10\/Albergue-Municipal-Casa-del-Cubo-Camino-de-Santiago-Frances.jpg 1200w\" sizes=\"(max-width: 768px) 100vw, 768px\" \/><i class=\"fas fa-link w-auto h-auto\" aria-hidden=\"true\"><\/i><\/a><\/div>\t\t<\/div>\n\t\t<\/div>\n<\/div><\/div><div class=\"card-body p-2  \"><div class=\"row justify-content-center gv-hide-3 gv-hide-0\"><div class=\"col col-4 text-center tofront \"><a href=\"https:\/\/caminodesantiagofrances.com\/en\/author\/caminodesantiagofrances-com\/\" title=\"caminodesantiagofrances-com\"><img decoding=\"async\" style=\"max-height:75px;\" class=\"rounded-circle shadow border border-white border-width-4 p-0 mw-100 mt-n5 bg-white\" src=\"https:\/\/secure.gravatar.com\/avatar\/03aa5dc32308904f80a38258afc0335b43d4b2bec3418626e4f8712b71c3b93e?s=96&#038;d=mm&#038;r=g\" alt=\"Author Image\"><\/a><\/div><\/div><div class=\"geodir-post-title bsui sdel-caa60b10\" ><h3 class=\"geodir-entry-title  h5 \"><a href=\"https:\/\/caminodesantiagofrances.com\/en\/lo\/albergue-municipal-casa-del-cubo\/\" class=\"\" title=\"View: Albergue Municipal Casa del Cubo\">Albergue Municipal Casa del Cubo<\/a><\/h3><\/div><div class=\"geodir-post-content-container bsui sdel-1e477937\" ><div class=\"geodir_post_meta  text-justify pb-1 position-relative geodir-field-post_content\" >Albergue de peregrinos Municipal Casa del Cubo en Burgos El albergue de peregrinos municipal conocido como Casa del Cubo es<\/div><\/div><\/div><div class=\"card-footer p-2  \"><div class='d-flex justify-content-between align-items-center flex-wrap'><div><\/div><div><\/div><\/div><\/div><\/div>\t<\/div>\n\t<\/div>\n\t<\/div>\n\t\t<\/div>\n\t\t<\/div><\/div>\n\n\n\n<h3 class=\"wp-block-heading has-text-align-center\"><a href=\"https:\/\/caminodesantiagofrances.com\/en\/provincia-de-burgos\/tardajos\/\" data-type=\"link\" data-id=\"https:\/\/caminodesantiagofrances.com\/en\/provincia-de-burgos\/tardajos\/\">Tardajos<\/a><\/h3>\n\n\n\n<div class=\"wp-block-geodirectory-geodir-widget-listings\"><div class=\"geodir-listings bsui sdel-6a356e9a\" >\t\t<div id=\"geodir_6a9d57b6276b4\" class=\"geodir_locations geodir_location_listing\n\t\t\t\t\t\t\t mb-3\t\t position-relative\">\n\t\t\t\t<div\n\t\tclass=\"row row-cols-1 row-cols-sm-2 geodir-category-list-view geodir-widget-posts geodir-gridview row-cols-md-2\">\n\t\t\n<div class=\"col mb-4 geodir-post post-16956 gd_place type-gd_place status-publish has-post-thumbnail gd-post-pkg-1\" data-post-id=\"16956\">\n\t\t<div class=\"card h-100 p-0 m-0 mw-100  \">\n\t<div class=\"card p-0 mw-100 h-100 \"><div class=\"card-img-top overflow-hidden position-relative  \"><span class=\"bsui gd-badge-meta\"><a href=\"https:\/\/caminodesantiagofrances.com\/en\/lo\/categoria\/albergue\/\" class=\"gd-badge border-0 badge ab-bottom-left ms-1\" data-id=\"16956\" data-badge=\"default_category\" data-badge-condition=\"is_not_empty\" style=\"background-color:rgba(0,0,0,0.5);border-color:rgba(0,0,0,0.5);color:#ffffff;\">Albergue<\/a>\n<\/span><div class=\"geodir_post_meta gd-fav-info-wrap  gd-fav-hide-text ab-bottom-right me-1  mb-n1  me-1 mb-n1 ab-bottom-right\" >\t\t<span class=\"gd-list-favorite\">\n\t\t\t<span class=\"geodir-addtofav favorite_property_16956  h5\" aria-hidden=\"true\"><span  title=\"Add to Favourites\"  class=\"geodir-addtofav-icon c-pointer geodir-act-fav\"  data-color-on=\"#ff0000\"  data-icon=\"fas fa-heart\"  data-color-off=\"rgba(223,223,223,0.8)\"  data-text-color=\"\"  data-bs-toggle=\"tooltip\"  aria-hidden=\"true\"  onclick=\"javascript:window.location.href='https:\/\/caminodesantiagofrances.com\/en\/wp-login.php'\"  ><i class=\"fas fa-heart\"  style=\"color:rgba(223,223,223,0.8);\" ><\/i> <span class=\"geodir-fav-text gv-secondary visually-hidden\" style=\"\" aria-hidden=\"true\">Favourite<\/span><\/span>\n<\/span>\t\t<\/span>\n\t\t<\/div><div class=\"geodir-post-slider bsui sdel-03994e04\" ><div class=\"geodir-image-container geodir-image-sizes-medium_large overflow-hidden\">\n\t\t\t<div class=\"geodir-images aui-gallery geodir-images-n-1 geodir-images-image carousel-inner \">\n\t\t<div class=\"carousel-item active\"><a href=\"https:\/\/caminodesantiagofrances.com\/en\/lo\/albergue-la-fabrica-tardajos\/\" class=\"geodir-link-image embed-has-action ratio ratio-16x9 ratio ratio-16x9 d-block\"><img src='data:image\/png;base64,iVBORw0KGgoAAAANSUhEUgAAAGQAAAABCAQAAACC0sM2AAAADklEQVR42mP8X88wLAAAK5IBgMYCdqgAAAAASUVORK5CYII=' data-src=\"https:\/\/caminodesantiagofrances.com\/en\/wp-content\/uploads\/sites\/3\/2025\/10\/Albergue-La-Fabrica-Tardajos-Camino-de-Santiago-Frances-768x403.jpg\" alt=\"Albergue La Fabrica Tardajos Camino de Santiago Frances 768x403\" width=\"768\" height=\"403\" class=\"geodir-lazy-load align size-medium_large geodir-image-4542 embed-item-cover-xy w-100 p-0 m-0 mw-100 border-0\" data-srcset=\"https:\/\/caminodesantiagofrances.com\/en\/wp-content\/uploads\/sites\/3\/2025\/10\/Albergue-La-Fabrica-Tardajos-Camino-de-Santiago-Frances-768x403.jpg 768w, https:\/\/caminodesantiagofrances.com\/en\/wp-content\/uploads\/sites\/3\/2025\/10\/Albergue-La-Fabrica-Tardajos-Camino-de-Santiago-Frances-300x158.jpg 300w, https:\/\/caminodesantiagofrances.com\/en\/wp-content\/uploads\/sites\/3\/2025\/10\/Albergue-La-Fabrica-Tardajos-Camino-de-Santiago-Frances-1024x538.jpg 1024w, https:\/\/caminodesantiagofrances.com\/en\/wp-content\/uploads\/sites\/3\/2025\/10\/Albergue-La-Fabrica-Tardajos-Camino-de-Santiago-Frances.jpg 1200w\" sizes=\"(max-width: 768px) 100vw, 768px\" \/><i class=\"fas fa-link w-auto h-auto\" aria-hidden=\"true\"><\/i><\/a><\/div>\t\t<\/div>\n\t\t<\/div>\n<\/div><\/div><div class=\"card-body p-2  \"><div class=\"row justify-content-center gv-hide-3 gv-hide-0\"><div class=\"col col-4 text-center tofront \"><a href=\"https:\/\/caminodesantiagofrances.com\/en\/author\/caminodesantiagofrances-com\/\" title=\"caminodesantiagofrances-com\"><img decoding=\"async\" style=\"max-height:75px;\" class=\"rounded-circle shadow border border-white border-width-4 p-0 mw-100 mt-n5 bg-white\" src=\"https:\/\/secure.gravatar.com\/avatar\/03aa5dc32308904f80a38258afc0335b43d4b2bec3418626e4f8712b71c3b93e?s=96&#038;d=mm&#038;r=g\" alt=\"Author Image\"><\/a><\/div><\/div><div class=\"geodir-post-title bsui sdel-caa60b10\" ><h3 class=\"geodir-entry-title  h5 \"><a href=\"https:\/\/caminodesantiagofrances.com\/en\/lo\/albergue-la-fabrica-tardajos\/\" class=\"\" title=\"View: Albergue La F\u00e1brica Tardajos\">Albergue La F\u00e1brica Tardajos<\/a><\/h3><\/div><div class=\"geodir-post-content-container bsui sdel-1e477937\" ><div class=\"geodir_post_meta  text-justify pb-1 position-relative geodir-field-post_content\" >RESERVAR AHORA Albergue La F\u00e1brica: descanso en Tardajos En la pintoresca localidad de Tardajos, a tan solo 12 km de<\/div><\/div><\/div><div class=\"card-footer p-2  \"><div class='d-flex justify-content-between align-items-center flex-wrap'><div><\/div><div><\/div><\/div><\/div><\/div>\t<\/div>\n\t<\/div>\n\n<div class=\"col mb-4 geodir-post post-13668 gd_place type-gd_place status-publish has-post-thumbnail gd-post-pkg-1\" data-post-id=\"13668\">\n\t\t<div class=\"card h-100 p-0 m-0 mw-100  \">\n\t<div class=\"card p-0 mw-100 h-100 \"><div class=\"card-img-top overflow-hidden position-relative  \"><span class=\"bsui gd-badge-meta\"><a href=\"https:\/\/caminodesantiagofrances.com\/en\/lo\/categoria\/albergue\/\" class=\"gd-badge border-0 badge ab-bottom-left ms-1\" data-id=\"13668\" data-badge=\"default_category\" data-badge-condition=\"is_not_empty\" style=\"background-color:rgba(0,0,0,0.5);border-color:rgba(0,0,0,0.5);color:#ffffff;\">Albergue<\/a>\n<\/span><div class=\"geodir_post_meta gd-fav-info-wrap  gd-fav-hide-text ab-bottom-right me-1  mb-n1  me-1 mb-n1 ab-bottom-right\" >\t\t<span class=\"gd-list-favorite\">\n\t\t\t<span class=\"geodir-addtofav favorite_property_13668  h5\" aria-hidden=\"true\"><span  title=\"Add to Favourites\"  class=\"geodir-addtofav-icon c-pointer geodir-act-fav\"  data-color-on=\"#ff0000\"  data-icon=\"fas fa-heart\"  data-color-off=\"rgba(223,223,223,0.8)\"  data-text-color=\"\"  data-bs-toggle=\"tooltip\"  aria-hidden=\"true\"  onclick=\"javascript:window.location.href='https:\/\/caminodesantiagofrances.com\/en\/wp-login.php'\"  ><i class=\"fas fa-heart\"  style=\"color:rgba(223,223,223,0.8);\" ><\/i> <span class=\"geodir-fav-text gv-secondary visually-hidden\" style=\"\" aria-hidden=\"true\">Favourite<\/span><\/span>\n<\/span>\t\t<\/span>\n\t\t<\/div><div class=\"geodir-post-slider bsui sdel-03994e04\" ><div class=\"geodir-image-container geodir-image-sizes-medium_large overflow-hidden\">\n\t\t\t<div class=\"geodir-images aui-gallery geodir-images-n-1 geodir-images-image carousel-inner \">\n\t\t<div class=\"carousel-item active\"><a href=\"https:\/\/caminodesantiagofrances.com\/en\/lo\/albergue-municipal-de-tardajos\/\" class=\"geodir-link-image embed-has-action ratio ratio-16x9 ratio ratio-16x9 d-block\"><img src='data:image\/png;base64,iVBORw0KGgoAAAANSUhEUgAAAGQAAAABCAQAAACC0sM2AAAADklEQVR42mP8X88wLAAAK5IBgMYCdqgAAAAASUVORK5CYII=' data-src=\"https:\/\/caminodesantiagofrances.com\/en\/wp-content\/uploads\/sites\/3\/2024\/10\/Albergue-Municipal-de-Tardajos-Camino-de-Santiago-Frances-768x403.jpg\" alt=\"Albergue Municipal de Tardajos Camino de Santiago Frances 768x403\" width=\"768\" height=\"403\" class=\"geodir-lazy-load align size-medium_large geodir-image-472 embed-item-cover-xy w-100 p-0 m-0 mw-100 border-0\" data-srcset=\"https:\/\/caminodesantiagofrances.com\/en\/wp-content\/uploads\/sites\/3\/2024\/10\/Albergue-Municipal-de-Tardajos-Camino-de-Santiago-Frances-768x403.jpg 768w, https:\/\/caminodesantiagofrances.com\/en\/wp-content\/uploads\/sites\/3\/2024\/10\/Albergue-Municipal-de-Tardajos-Camino-de-Santiago-Frances-300x158.jpg 300w, https:\/\/caminodesantiagofrances.com\/en\/wp-content\/uploads\/sites\/3\/2024\/10\/Albergue-Municipal-de-Tardajos-Camino-de-Santiago-Frances-1024x538.jpg 1024w, https:\/\/caminodesantiagofrances.com\/en\/wp-content\/uploads\/sites\/3\/2024\/10\/Albergue-Municipal-de-Tardajos-Camino-de-Santiago-Frances.jpg 1200w\" sizes=\"(max-width: 768px) 100vw, 768px\" \/><i class=\"fas fa-link w-auto h-auto\" aria-hidden=\"true\"><\/i><\/a><\/div>\t\t<\/div>\n\t\t<\/div>\n<\/div><\/div><div class=\"card-body p-2  \"><div class=\"row justify-content-center gv-hide-3 gv-hide-0\"><div class=\"col col-4 text-center tofront \"><a href=\"https:\/\/caminodesantiagofrances.com\/en\/author\/caminodesantiagofrances-com\/\" title=\"caminodesantiagofrances-com\"><img decoding=\"async\" style=\"max-height:75px;\" class=\"rounded-circle shadow border border-white border-width-4 p-0 mw-100 mt-n5 bg-white\" src=\"https:\/\/secure.gravatar.com\/avatar\/03aa5dc32308904f80a38258afc0335b43d4b2bec3418626e4f8712b71c3b93e?s=96&#038;d=mm&#038;r=g\" alt=\"Author Image\"><\/a><\/div><\/div><div class=\"geodir-post-title bsui sdel-caa60b10\" ><h3 class=\"geodir-entry-title  h5 \"><a href=\"https:\/\/caminodesantiagofrances.com\/en\/lo\/albergue-municipal-de-tardajos\/\" class=\"\" title=\"View: Albergue Municipal de Tardajos\">Albergue Municipal de Tardajos<\/a><\/h3><\/div><div class=\"geodir-post-content-container bsui sdel-1e477937\" ><div class=\"geodir_post_meta  text-justify pb-1 position-relative geodir-field-post_content\" >Albergue de Peregrinos Municipal de Tardajos El Albergue de Peregrinos Municipal de Tardajos es un establecimiento p\u00fablico que ha sido<\/div><\/div><\/div><div class=\"card-footer p-2  \"><div class='d-flex justify-content-between align-items-center flex-wrap'><div><\/div><div><\/div><\/div><\/div><\/div>\t<\/div>\n\t<\/div>\n\t<\/div>\n\t\t<\/div>\n\t\t<\/div><\/div>\n\n\n\n<h3 class=\"wp-block-heading has-text-align-center\"><a href=\"https:\/\/caminodesantiagofrances.com\/en\/provincia-de-burgos\/rabe-de-las-calzadas\/\" data-type=\"link\" data-id=\"https:\/\/caminodesantiagofrances.com\/en\/provincia-de-burgos\/rabe-de-las-calzadas\/\">Rab\u00e9 de las Calzadas<\/a><\/h3>\n\n\n\n<h3 class=\"wp-block-heading has-text-align-center\"><a href=\"https:\/\/caminodesantiagofrances.com\/en\/provincia-de-burgos\/hornillos-del-camino\/\" data-type=\"link\" data-id=\"https:\/\/caminodesantiagofrances.com\/en\/provincia-de-burgos\/hornillos-del-camino\/\">Hornillos del Camino<\/a><\/h3>\n\n\n\n<div class=\"wp-block-geodirectory-geodir-widget-listings\"><div class=\"geodir-listings bsui sdel-7978f812\" >\t\t<div id=\"geodir_6a9d57b62b999\" class=\"geodir_locations geodir_location_listing\n\t\t\t\t\t\t\t mb-3\t\t position-relative\">\n\t\t\t\t<div\n\t\tclass=\"row row-cols-1 row-cols-sm-2 geodir-category-list-view geodir-widget-posts geodir-gridview row-cols-md-2\">\n\t\t\n<div class=\"col mb-4 geodir-post post-13683 gd_place type-gd_place status-publish has-post-thumbnail gd-post-pkg-1\" data-post-id=\"13683\">\n\t\t<div class=\"card h-100 p-0 m-0 mw-100  \">\n\t<div class=\"card p-0 mw-100 h-100 \"><div class=\"card-img-top overflow-hidden position-relative  \"><span class=\"bsui gd-badge-meta\"><a href=\"https:\/\/caminodesantiagofrances.com\/en\/lo\/categoria\/albergue\/\" class=\"gd-badge border-0 badge ab-bottom-left ms-1\" data-id=\"13683\" data-badge=\"default_category\" data-badge-condition=\"is_not_empty\" style=\"background-color:rgba(0,0,0,0.5);border-color:rgba(0,0,0,0.5);color:#ffffff;\">Albergue<\/a>\n<\/span><div class=\"geodir_post_meta gd-fav-info-wrap  gd-fav-hide-text ab-bottom-right me-1  mb-n1  me-1 mb-n1 ab-bottom-right\" >\t\t<span class=\"gd-list-favorite\">\n\t\t\t<span class=\"geodir-addtofav favorite_property_13683  h5\" aria-hidden=\"true\"><span  title=\"Add to Favourites\"  class=\"geodir-addtofav-icon c-pointer geodir-act-fav\"  data-color-on=\"#ff0000\"  data-icon=\"fas fa-heart\"  data-color-off=\"rgba(223,223,223,0.8)\"  data-text-color=\"\"  data-bs-toggle=\"tooltip\"  aria-hidden=\"true\"  onclick=\"javascript:window.location.href='https:\/\/caminodesantiagofrances.com\/en\/wp-login.php'\"  ><i class=\"fas fa-heart\"  style=\"color:rgba(223,223,223,0.8);\" ><\/i> <span class=\"geodir-fav-text gv-secondary visually-hidden\" style=\"\" aria-hidden=\"true\">Favourite<\/span><\/span>\n<\/span>\t\t<\/span>\n\t\t<\/div><div class=\"geodir-post-slider bsui sdel-03994e04\" ><div class=\"geodir-image-container geodir-image-sizes-medium_large overflow-hidden\">\n\t\t\t<div class=\"geodir-images aui-gallery geodir-images-n-1 geodir-images-image carousel-inner \">\n\t\t<div class=\"carousel-item active\"><a href=\"https:\/\/caminodesantiagofrances.com\/en\/lo\/albergue-municipal-de-hornillos-del-camino\/\" class=\"geodir-link-image embed-has-action ratio ratio-16x9 ratio ratio-16x9 d-block\"><img src='data:image\/png;base64,iVBORw0KGgoAAAANSUhEUgAAAGQAAAABCAQAAACC0sM2AAAADklEQVR42mP8X88wLAAAK5IBgMYCdqgAAAAASUVORK5CYII=' data-src=\"https:\/\/caminodesantiagofrances.com\/en\/wp-content\/uploads\/sites\/3\/2024\/10\/Albergue-Municipal-de-Hornillos-del-Camino-Camino-de-Santiago-Frances-768x403.jpg\" alt=\"Albergue Municipal de Hornillos del Camino Camino de Santiago Frances 768x403\" width=\"768\" height=\"403\" class=\"geodir-lazy-load align size-medium_large geodir-image-474 embed-item-cover-xy w-100 p-0 m-0 mw-100 border-0\" data-srcset=\"https:\/\/caminodesantiagofrances.com\/en\/wp-content\/uploads\/sites\/3\/2024\/10\/Albergue-Municipal-de-Hornillos-del-Camino-Camino-de-Santiago-Frances-768x403.jpg 768w, https:\/\/caminodesantiagofrances.com\/en\/wp-content\/uploads\/sites\/3\/2024\/10\/Albergue-Municipal-de-Hornillos-del-Camino-Camino-de-Santiago-Frances-300x158.jpg 300w, https:\/\/caminodesantiagofrances.com\/en\/wp-content\/uploads\/sites\/3\/2024\/10\/Albergue-Municipal-de-Hornillos-del-Camino-Camino-de-Santiago-Frances-1024x538.jpg 1024w, https:\/\/caminodesantiagofrances.com\/en\/wp-content\/uploads\/sites\/3\/2024\/10\/Albergue-Municipal-de-Hornillos-del-Camino-Camino-de-Santiago-Frances.jpg 1200w\" sizes=\"(max-width: 768px) 100vw, 768px\" \/><i class=\"fas fa-link w-auto h-auto\" aria-hidden=\"true\"><\/i><\/a><\/div>\t\t<\/div>\n\t\t<\/div>\n<\/div><\/div><div class=\"card-body p-2  \"><div class=\"row justify-content-center gv-hide-3 gv-hide-0\"><div class=\"col col-4 text-center tofront \"><a href=\"https:\/\/caminodesantiagofrances.com\/en\/author\/caminodesantiagofrances-com\/\" title=\"caminodesantiagofrances-com\"><img decoding=\"async\" style=\"max-height:75px;\" class=\"rounded-circle shadow border border-white border-width-4 p-0 mw-100 mt-n5 bg-white\" src=\"https:\/\/secure.gravatar.com\/avatar\/03aa5dc32308904f80a38258afc0335b43d4b2bec3418626e4f8712b71c3b93e?s=96&#038;d=mm&#038;r=g\" alt=\"Author Image\"><\/a><\/div><\/div><div class=\"geodir-post-title bsui sdel-caa60b10\" ><h3 class=\"geodir-entry-title  h5 \"><a href=\"https:\/\/caminodesantiagofrances.com\/en\/lo\/albergue-municipal-de-hornillos-del-camino\/\" class=\"\" title=\"View: Albergue Municipal de Hornillos del Camino\">Albergue Municipal de Hornillos del Camino<\/a><\/h3><\/div><div class=\"geodir-post-content-container bsui sdel-1e477937\" ><div class=\"geodir_post_meta  text-justify pb-1 position-relative geodir-field-post_content\" >Albergue de Peregrinos Municipal de Hornillos del Camino El Albergue de Peregrinos Municipal de Hornillos del Camino es un establecimiento<\/div><\/div><\/div><div class=\"card-footer p-2  \"><div class='d-flex justify-content-between align-items-center flex-wrap'><div><\/div><div><\/div><\/div><\/div><\/div>\t<\/div>\n\t<\/div>\n\t<\/div>\n\t\t<\/div>\n\t\t<\/div><\/div>\n\n\n\n<h3 class=\"wp-block-heading has-text-align-center\"><a href=\"https:\/\/caminodesantiagofrances.com\/en\/provincia-de-burgos\/hontanas\/\" data-type=\"link\" data-id=\"https:\/\/caminodesantiagofrances.com\/en\/provincia-de-burgos\/hontanas\/\">Hontanas<\/a><\/h3>\n\n\n\n<h3 class=\"wp-block-heading has-text-align-center\"><a href=\"https:\/\/caminodesantiagofrances.com\/en\/provincia-de-burgos\/castrojeriz\/\" data-type=\"link\" data-id=\"https:\/\/caminodesantiagofrances.com\/en\/provincia-de-burgos\/castrojeriz\/\">Castrojeriz<\/a><\/h3>\n\n\n\n<div class=\"wp-block-geodirectory-geodir-widget-listings\"><div class=\"geodir-listings bsui sdel-c8928ba7\" >\t\t<div id=\"geodir_6a9d57b62e189\" class=\"geodir_locations geodir_location_listing\n\t\t\t\t\t\t\t mb-3\t\t position-relative\">\n\t\t\t\t<div\n\t\tclass=\"row row-cols-1 row-cols-sm-2 geodir-category-list-view geodir-widget-posts geodir-gridview row-cols-md-2\">\n\t\t\n<div class=\"col mb-4 geodir-post post-17137 gd_place type-gd_place status-publish has-post-thumbnail gd-post-pkg-1\" data-post-id=\"17137\">\n\t\t<div class=\"card h-100 p-0 m-0 mw-100  \">\n\t<div class=\"card p-0 mw-100 h-100 \"><div class=\"card-img-top overflow-hidden position-relative  \"><span class=\"bsui gd-badge-meta\"><a href=\"https:\/\/caminodesantiagofrances.com\/en\/lo\/categoria\/albergue\/\" class=\"gd-badge border-0 badge ab-bottom-left ms-1\" data-id=\"17137\" data-badge=\"default_category\" data-badge-condition=\"is_not_empty\" style=\"background-color:rgba(0,0,0,0.5);border-color:rgba(0,0,0,0.5);color:#ffffff;\">Albergue<\/a>\n<\/span><div class=\"geodir_post_meta gd-fav-info-wrap  gd-fav-hide-text ab-bottom-right me-1  mb-n1  me-1 mb-n1 ab-bottom-right\" >\t\t<span class=\"gd-list-favorite\">\n\t\t\t<span class=\"geodir-addtofav favorite_property_17137  h5\" aria-hidden=\"true\"><span  title=\"Add to Favourites\"  class=\"geodir-addtofav-icon c-pointer geodir-act-fav\"  data-color-on=\"#ff0000\"  data-icon=\"fas fa-heart\"  data-color-off=\"rgba(223,223,223,0.8)\"  data-text-color=\"\"  data-bs-toggle=\"tooltip\"  aria-hidden=\"true\"  onclick=\"javascript:window.location.href='https:\/\/caminodesantiagofrances.com\/en\/wp-login.php'\"  ><i class=\"fas fa-heart\"  style=\"color:rgba(223,223,223,0.8);\" ><\/i> <span class=\"geodir-fav-text gv-secondary visually-hidden\" style=\"\" aria-hidden=\"true\">Favourite<\/span><\/span>\n<\/span>\t\t<\/span>\n\t\t<\/div><div class=\"geodir-post-slider bsui sdel-03994e04\" ><div class=\"geodir-image-container geodir-image-sizes-medium_large overflow-hidden\">\n\t\t\t<div class=\"geodir-images aui-gallery geodir-images-n-1 geodir-images-image carousel-inner \">\n\t\t<div class=\"carousel-item active\"><a href=\"https:\/\/caminodesantiagofrances.com\/en\/lo\/albergue-casa-nostra-castrojeriz\/\" class=\"geodir-link-image embed-has-action ratio ratio-16x9 ratio ratio-16x9 d-block\"><img src='data:image\/png;base64,iVBORw0KGgoAAAANSUhEUgAAAGQAAAABCAQAAACC0sM2AAAADklEQVR42mP8X88wLAAAK5IBgMYCdqgAAAAASUVORK5CYII=' data-src=\"https:\/\/caminodesantiagofrances.com\/en\/wp-content\/uploads\/sites\/3\/2025\/10\/Albergue-Casa-Nostra-Castrojeriz-Camino-de-Santiago-Frances-768x403.jpg\" alt=\"Albergue Casa Nostra Castrojeriz Camino de Santiago Frances 768x403\" width=\"768\" height=\"403\" class=\"geodir-lazy-load align size-medium_large geodir-image-4694 embed-item-cover-xy w-100 p-0 m-0 mw-100 border-0\" data-srcset=\"https:\/\/caminodesantiagofrances.com\/en\/wp-content\/uploads\/sites\/3\/2025\/10\/Albergue-Casa-Nostra-Castrojeriz-Camino-de-Santiago-Frances-768x403.jpg 768w, https:\/\/caminodesantiagofrances.com\/en\/wp-content\/uploads\/sites\/3\/2025\/10\/Albergue-Casa-Nostra-Castrojeriz-Camino-de-Santiago-Frances-300x158.jpg 300w, https:\/\/caminodesantiagofrances.com\/en\/wp-content\/uploads\/sites\/3\/2025\/10\/Albergue-Casa-Nostra-Castrojeriz-Camino-de-Santiago-Frances-1024x538.jpg 1024w, https:\/\/caminodesantiagofrances.com\/en\/wp-content\/uploads\/sites\/3\/2025\/10\/Albergue-Casa-Nostra-Castrojeriz-Camino-de-Santiago-Frances.jpg 1200w\" sizes=\"(max-width: 768px) 100vw, 768px\" \/><i class=\"fas fa-link w-auto h-auto\" aria-hidden=\"true\"><\/i><\/a><\/div>\t\t<\/div>\n\t\t<\/div>\n<\/div><\/div><div class=\"card-body p-2  \"><div class=\"row justify-content-center gv-hide-3 gv-hide-0\"><div class=\"col col-4 text-center tofront \"><a href=\"https:\/\/caminodesantiagofrances.com\/en\/author\/caminodesantiagofrances-com\/\" title=\"caminodesantiagofrances-com\"><img decoding=\"async\" style=\"max-height:75px;\" class=\"rounded-circle shadow border border-white border-width-4 p-0 mw-100 mt-n5 bg-white\" src=\"https:\/\/secure.gravatar.com\/avatar\/03aa5dc32308904f80a38258afc0335b43d4b2bec3418626e4f8712b71c3b93e?s=96&#038;d=mm&#038;r=g\" alt=\"Author Image\"><\/a><\/div><\/div><div class=\"geodir-post-title bsui sdel-caa60b10\" ><h3 class=\"geodir-entry-title  h5 \"><a href=\"https:\/\/caminodesantiagofrances.com\/en\/lo\/albergue-casa-nostra-castrojeriz\/\" class=\"\" title=\"View: Albergue Casa Nostra Castrojeriz\">Albergue Casa Nostra Castrojeriz<\/a><\/h3><\/div><div class=\"geodir-post-content-container bsui sdel-1e477937\" ><div class=\"geodir_post_meta  text-justify pb-1 position-relative geodir-field-post_content\" >RESERVAR AHORA Albergue Casa Nostra \u2013 Hospitalidad y Autenticidad en Castrojeriz En la hist\u00f3rica villa burgalesa de Castrojeriz, uno de<\/div><\/div><\/div><div class=\"card-footer p-2  \"><div class='d-flex justify-content-between align-items-center flex-wrap'><div><\/div><div><\/div><\/div><\/div><\/div>\t<\/div>\n\t<\/div>\n\n<div class=\"col mb-4 geodir-post post-17114 gd_place type-gd_place status-publish has-post-thumbnail gd-post-pkg-1\" data-post-id=\"17114\">\n\t\t<div class=\"card h-100 p-0 m-0 mw-100  \">\n\t<div class=\"card p-0 mw-100 h-100 \"><div class=\"card-img-top overflow-hidden position-relative  \"><span class=\"bsui gd-badge-meta\"><a href=\"https:\/\/caminodesantiagofrances.com\/en\/lo\/categoria\/albergue\/\" class=\"gd-badge border-0 badge ab-bottom-left ms-1\" data-id=\"17114\" data-badge=\"default_category\" data-badge-condition=\"is_not_empty\" style=\"background-color:rgba(0,0,0,0.5);border-color:rgba(0,0,0,0.5);color:#ffffff;\">Albergue<\/a>\n<\/span><div class=\"geodir_post_meta gd-fav-info-wrap  gd-fav-hide-text ab-bottom-right me-1  mb-n1  me-1 mb-n1 ab-bottom-right\" >\t\t<span class=\"gd-list-favorite\">\n\t\t\t<span class=\"geodir-addtofav favorite_property_17114  h5\" aria-hidden=\"true\"><span  title=\"Add to Favourites\"  class=\"geodir-addtofav-icon c-pointer geodir-act-fav\"  data-color-on=\"#ff0000\"  data-icon=\"fas fa-heart\"  data-color-off=\"rgba(223,223,223,0.8)\"  data-text-color=\"\"  data-bs-toggle=\"tooltip\"  aria-hidden=\"true\"  onclick=\"javascript:window.location.href='https:\/\/caminodesantiagofrances.com\/en\/wp-login.php'\"  ><i class=\"fas fa-heart\"  style=\"color:rgba(223,223,223,0.8);\" ><\/i> <span class=\"geodir-fav-text gv-secondary visually-hidden\" style=\"\" aria-hidden=\"true\">Favourite<\/span><\/span>\n<\/span>\t\t<\/span>\n\t\t<\/div><div class=\"geodir-post-slider bsui sdel-03994e04\" ><div class=\"geodir-image-container geodir-image-sizes-medium_large overflow-hidden\">\n\t\t\t<div class=\"geodir-images aui-gallery geodir-images-n-1 geodir-images-image carousel-inner \">\n\t\t<div class=\"carousel-item active\"><a href=\"https:\/\/caminodesantiagofrances.com\/en\/lo\/albergue-rosalia-castrojeriz\/\" class=\"geodir-link-image embed-has-action ratio ratio-16x9 ratio ratio-16x9 d-block\"><img src='data:image\/png;base64,iVBORw0KGgoAAAANSUhEUgAAAGQAAAABCAQAAACC0sM2AAAADklEQVR42mP8X88wLAAAK5IBgMYCdqgAAAAASUVORK5CYII=' data-src=\"https:\/\/caminodesantiagofrances.com\/en\/wp-content\/uploads\/sites\/3\/2025\/10\/Albergue-Rosalia-Castrojeriz-Camino-de-Santiago-Frances-768x403.jpg\" alt=\"Albergue Rosalia Castrojeriz Camino de Santiago Frances 768x403\" width=\"768\" height=\"403\" class=\"geodir-lazy-load align size-medium_large geodir-image-4638 embed-item-cover-xy w-100 p-0 m-0 mw-100 border-0\" data-srcset=\"https:\/\/caminodesantiagofrances.com\/en\/wp-content\/uploads\/sites\/3\/2025\/10\/Albergue-Rosalia-Castrojeriz-Camino-de-Santiago-Frances-768x403.jpg 768w, https:\/\/caminodesantiagofrances.com\/en\/wp-content\/uploads\/sites\/3\/2025\/10\/Albergue-Rosalia-Castrojeriz-Camino-de-Santiago-Frances-300x158.jpg 300w, https:\/\/caminodesantiagofrances.com\/en\/wp-content\/uploads\/sites\/3\/2025\/10\/Albergue-Rosalia-Castrojeriz-Camino-de-Santiago-Frances-1024x538.jpg 1024w, https:\/\/caminodesantiagofrances.com\/en\/wp-content\/uploads\/sites\/3\/2025\/10\/Albergue-Rosalia-Castrojeriz-Camino-de-Santiago-Frances.jpg 1200w\" sizes=\"(max-width: 768px) 100vw, 768px\" \/><i class=\"fas fa-link w-auto h-auto\" aria-hidden=\"true\"><\/i><\/a><\/div>\t\t<\/div>\n\t\t<\/div>\n<\/div><\/div><div class=\"card-body p-2  \"><div class=\"row justify-content-center gv-hide-3 gv-hide-0\"><div class=\"col col-4 text-center tofront \"><a href=\"https:\/\/caminodesantiagofrances.com\/en\/author\/caminodesantiagofrances-com\/\" title=\"caminodesantiagofrances-com\"><img decoding=\"async\" style=\"max-height:75px;\" class=\"rounded-circle shadow border border-white border-width-4 p-0 mw-100 mt-n5 bg-white\" src=\"https:\/\/secure.gravatar.com\/avatar\/03aa5dc32308904f80a38258afc0335b43d4b2bec3418626e4f8712b71c3b93e?s=96&#038;d=mm&#038;r=g\" alt=\"Author Image\"><\/a><\/div><\/div><div class=\"geodir-post-title bsui sdel-caa60b10\" ><h3 class=\"geodir-entry-title  h5 \"><a href=\"https:\/\/caminodesantiagofrances.com\/en\/lo\/albergue-rosalia-castrojeriz\/\" class=\"\" title=\"View: Albergue Rosal\u00eda Castrojeriz\">Albergue Rosal\u00eda Castrojeriz<\/a><\/h3><\/div><div class=\"geodir-post-content-container bsui sdel-1e477937\" ><div class=\"geodir_post_meta  text-justify pb-1 position-relative geodir-field-post_content\" >RESERVAR AHORA Albergue Rosal\u00eda \u2013 Confort, Historia y Hospitalidad en el Coraz\u00f3n de Castrojeriz En el pintoresco municipio burgal\u00e9s de<\/div><\/div><\/div><div class=\"card-footer p-2  \"><div class='d-flex justify-content-between align-items-center flex-wrap'><div><\/div><div><\/div><\/div><\/div><\/div>\t<\/div>\n\t<\/div>\n\n<div class=\"col mb-4 geodir-post post-13687 gd_place type-gd_place status-publish has-post-thumbnail gd-post-pkg-1\" data-post-id=\"13687\">\n\t\t<div class=\"card h-100 p-0 m-0 mw-100  \">\n\t<div class=\"card p-0 mw-100 h-100 \"><div class=\"card-img-top overflow-hidden position-relative  \"><span class=\"bsui gd-badge-meta\"><a href=\"https:\/\/caminodesantiagofrances.com\/en\/lo\/categoria\/albergue\/\" class=\"gd-badge border-0 badge ab-bottom-left ms-1\" data-id=\"13687\" data-badge=\"default_category\" data-badge-condition=\"is_not_empty\" style=\"background-color:rgba(0,0,0,0.5);border-color:rgba(0,0,0,0.5);color:#ffffff;\">Albergue<\/a>\n<\/span><div class=\"geodir_post_meta gd-fav-info-wrap  gd-fav-hide-text ab-bottom-right me-1  mb-n1  me-1 mb-n1 ab-bottom-right\" >\t\t<span class=\"gd-list-favorite\">\n\t\t\t<span class=\"geodir-addtofav favorite_property_13687  h5\" aria-hidden=\"true\"><span  title=\"Add to Favourites\"  class=\"geodir-addtofav-icon c-pointer geodir-act-fav\"  data-color-on=\"#ff0000\"  data-icon=\"fas fa-heart\"  data-color-off=\"rgba(223,223,223,0.8)\"  data-text-color=\"\"  data-bs-toggle=\"tooltip\"  aria-hidden=\"true\"  onclick=\"javascript:window.location.href='https:\/\/caminodesantiagofrances.com\/en\/wp-login.php'\"  ><i class=\"fas fa-heart\"  style=\"color:rgba(223,223,223,0.8);\" ><\/i> <span class=\"geodir-fav-text gv-secondary visually-hidden\" style=\"\" aria-hidden=\"true\">Favourite<\/span><\/span>\n<\/span>\t\t<\/span>\n\t\t<\/div><div class=\"geodir-post-slider bsui sdel-03994e04\" ><div class=\"geodir-image-container geodir-image-sizes-medium_large overflow-hidden\">\n\t\t\t<div class=\"geodir-images aui-gallery geodir-images-n-1 geodir-images-image carousel-inner \">\n\t\t<div class=\"carousel-item active\"><a href=\"https:\/\/caminodesantiagofrances.com\/en\/lo\/albergue-municipal-san-esteban-castrojeriz\/\" class=\"geodir-link-image embed-has-action ratio ratio-16x9 ratio ratio-16x9 d-block\"><img src='data:image\/png;base64,iVBORw0KGgoAAAANSUhEUgAAAGQAAAABCAQAAACC0sM2AAAADklEQVR42mP8X88wLAAAK5IBgMYCdqgAAAAASUVORK5CYII=' data-src=\"https:\/\/caminodesantiagofrances.com\/en\/wp-content\/uploads\/sites\/3\/2024\/10\/Albergue-Municipal-San-Esteban-Castrojeriz-Camino-de-Santiago-Frances-768x403.jpg\" alt=\"Albergue Municipal San Esteban Castrojeriz Camino de Santiago Frances 768x403\" width=\"768\" height=\"403\" class=\"geodir-lazy-load align size-medium_large geodir-image-475 embed-item-cover-xy w-100 p-0 m-0 mw-100 border-0\" data-srcset=\"https:\/\/caminodesantiagofrances.com\/en\/wp-content\/uploads\/sites\/3\/2024\/10\/Albergue-Municipal-San-Esteban-Castrojeriz-Camino-de-Santiago-Frances-768x403.jpg 768w, https:\/\/caminodesantiagofrances.com\/en\/wp-content\/uploads\/sites\/3\/2024\/10\/Albergue-Municipal-San-Esteban-Castrojeriz-Camino-de-Santiago-Frances-300x158.jpg 300w, https:\/\/caminodesantiagofrances.com\/en\/wp-content\/uploads\/sites\/3\/2024\/10\/Albergue-Municipal-San-Esteban-Castrojeriz-Camino-de-Santiago-Frances-1024x538.jpg 1024w, https:\/\/caminodesantiagofrances.com\/en\/wp-content\/uploads\/sites\/3\/2024\/10\/Albergue-Municipal-San-Esteban-Castrojeriz-Camino-de-Santiago-Frances.jpg 1200w\" sizes=\"(max-width: 768px) 100vw, 768px\" \/><i class=\"fas fa-link w-auto h-auto\" aria-hidden=\"true\"><\/i><\/a><\/div>\t\t<\/div>\n\t\t<\/div>\n<\/div><\/div><div class=\"card-body p-2  \"><div class=\"row justify-content-center gv-hide-3 gv-hide-0\"><div class=\"col col-4 text-center tofront \"><a href=\"https:\/\/caminodesantiagofrances.com\/en\/author\/caminodesantiagofrances-com\/\" title=\"caminodesantiagofrances-com\"><img decoding=\"async\" style=\"max-height:75px;\" class=\"rounded-circle shadow border border-white border-width-4 p-0 mw-100 mt-n5 bg-white\" src=\"https:\/\/secure.gravatar.com\/avatar\/03aa5dc32308904f80a38258afc0335b43d4b2bec3418626e4f8712b71c3b93e?s=96&#038;d=mm&#038;r=g\" alt=\"Author Image\"><\/a><\/div><\/div><div class=\"geodir-post-title bsui sdel-caa60b10\" ><h3 class=\"geodir-entry-title  h5 \"><a href=\"https:\/\/caminodesantiagofrances.com\/en\/lo\/albergue-municipal-san-esteban-castrojeriz\/\" class=\"\" title=\"View: Albergue Municipal San Esteban Castrojeriz\">Albergue Municipal San Esteban Castrojeriz<\/a><\/h3><\/div><div class=\"geodir-post-content-container bsui sdel-1e477937\" ><div class=\"geodir_post_meta  text-justify pb-1 position-relative geodir-field-post_content\" >Albergue de Peregrinos Municipal San Esteban, Castrojeriz El Albergue de Peregrinos Municipal San Esteban de Castrojeriz es un establecimiento p\u00fablico<\/div><\/div><\/div><div class=\"card-footer p-2  \"><div class='d-flex justify-content-between align-items-center flex-wrap'><div><\/div><div><\/div><\/div><\/div><\/div>\t<\/div>\n\t<\/div>\n\t<\/div>\n\t\t<\/div>\n\t\t<\/div><\/div>\n\n\n\n<h3 class=\"wp-block-heading has-text-align-center\"><a href=\"https:\/\/caminodesantiagofrances.com\/en\/provincia-de-burgos\/itero-del-castillo\/\" data-type=\"link\" data-id=\"https:\/\/caminodesantiagofrances.com\/en\/provincia-de-burgos\/itero-del-castillo\/\">Itero del Castillo<\/a><\/h3>\n\n\n\n<div class=\"wp-block-geodirectory-geodir-widget-listings\"><div class=\"geodir-listings bsui sdel-a74bb213\" >\t\t<div id=\"geodir_6a9d57b6341d6\" class=\"geodir_locations geodir_location_listing\n\t\t\t\t\t\t\t mb-3\t\t position-relative\">\n\t\t\t\t<div\n\t\tclass=\"row row-cols-1 row-cols-sm-2 geodir-category-list-view geodir-widget-posts geodir-gridview row-cols-md-2\">\n\t\t\n<div class=\"col mb-4 geodir-post post-13695 gd_place type-gd_place status-publish has-post-thumbnail gd-post-pkg-1\" data-post-id=\"13695\">\n\t\t<div class=\"card h-100 p-0 m-0 mw-100  \">\n\t<div class=\"card p-0 mw-100 h-100 \"><div class=\"card-img-top overflow-hidden position-relative  \"><span class=\"bsui gd-badge-meta\"><a href=\"https:\/\/caminodesantiagofrances.com\/en\/lo\/categoria\/albergue\/\" class=\"gd-badge border-0 badge ab-bottom-left ms-1\" data-id=\"13695\" data-badge=\"default_category\" data-badge-condition=\"is_not_empty\" style=\"background-color:rgba(0,0,0,0.5);border-color:rgba(0,0,0,0.5);color:#ffffff;\">Albergue<\/a>\n<\/span><div class=\"geodir_post_meta gd-fav-info-wrap  gd-fav-hide-text ab-bottom-right me-1  mb-n1  me-1 mb-n1 ab-bottom-right\" >\t\t<span class=\"gd-list-favorite\">\n\t\t\t<span class=\"geodir-addtofav favorite_property_13695  h5\" aria-hidden=\"true\"><span  title=\"Add to Favourites\"  class=\"geodir-addtofav-icon c-pointer geodir-act-fav\"  data-color-on=\"#ff0000\"  data-icon=\"fas fa-heart\"  data-color-off=\"rgba(223,223,223,0.8)\"  data-text-color=\"\"  data-bs-toggle=\"tooltip\"  aria-hidden=\"true\"  onclick=\"javascript:window.location.href='https:\/\/caminodesantiagofrances.com\/en\/wp-login.php'\"  ><i class=\"fas fa-heart\"  style=\"color:rgba(223,223,223,0.8);\" ><\/i> <span class=\"geodir-fav-text gv-secondary visually-hidden\" style=\"\" aria-hidden=\"true\">Favourite<\/span><\/span>\n<\/span>\t\t<\/span>\n\t\t<\/div><div class=\"geodir-post-slider bsui sdel-03994e04\" ><div class=\"geodir-image-container geodir-image-sizes-medium_large overflow-hidden\">\n\t\t\t<div class=\"geodir-images aui-gallery geodir-images-n-1 geodir-images-image carousel-inner \">\n\t\t<div class=\"carousel-item active\"><a href=\"https:\/\/caminodesantiagofrances.com\/en\/lo\/albergue-san-nicolas-itero-del-castillo\/\" class=\"geodir-link-image embed-has-action ratio ratio-16x9 ratio ratio-16x9 d-block\"><img src='data:image\/png;base64,iVBORw0KGgoAAAANSUhEUgAAAGQAAAABCAQAAACC0sM2AAAADklEQVR42mP8X88wLAAAK5IBgMYCdqgAAAAASUVORK5CYII=' data-src=\"https:\/\/caminodesantiagofrances.com\/en\/wp-content\/uploads\/sites\/3\/2024\/10\/Albergue-San-Nicolas-Itero-del-Castillo-Camino-de-Santiago-Frances-768x403.jpg\" alt=\"Albergue San Nicolas Itero del Castillo Camino de Santiago Frances 768x403\" width=\"768\" height=\"403\" class=\"geodir-lazy-load align size-medium_large geodir-image-476 embed-item-cover-xy w-100 p-0 m-0 mw-100 border-0\" data-srcset=\"https:\/\/caminodesantiagofrances.com\/en\/wp-content\/uploads\/sites\/3\/2024\/10\/Albergue-San-Nicolas-Itero-del-Castillo-Camino-de-Santiago-Frances-768x403.jpg 768w, https:\/\/caminodesantiagofrances.com\/en\/wp-content\/uploads\/sites\/3\/2024\/10\/Albergue-San-Nicolas-Itero-del-Castillo-Camino-de-Santiago-Frances-300x158.jpg 300w, https:\/\/caminodesantiagofrances.com\/en\/wp-content\/uploads\/sites\/3\/2024\/10\/Albergue-San-Nicolas-Itero-del-Castillo-Camino-de-Santiago-Frances-1024x538.jpg 1024w, https:\/\/caminodesantiagofrances.com\/en\/wp-content\/uploads\/sites\/3\/2024\/10\/Albergue-San-Nicolas-Itero-del-Castillo-Camino-de-Santiago-Frances.jpg 1200w\" sizes=\"(max-width: 768px) 100vw, 768px\" \/><i class=\"fas fa-link w-auto h-auto\" aria-hidden=\"true\"><\/i><\/a><\/div>\t\t<\/div>\n\t\t<\/div>\n<\/div><\/div><div class=\"card-body p-2  \"><div class=\"row justify-content-center gv-hide-3 gv-hide-0\"><div class=\"col col-4 text-center tofront \"><a href=\"https:\/\/caminodesantiagofrances.com\/en\/author\/caminodesantiagofrances-com\/\" title=\"caminodesantiagofrances-com\"><img decoding=\"async\" style=\"max-height:75px;\" class=\"rounded-circle shadow border border-white border-width-4 p-0 mw-100 mt-n5 bg-white\" src=\"https:\/\/secure.gravatar.com\/avatar\/03aa5dc32308904f80a38258afc0335b43d4b2bec3418626e4f8712b71c3b93e?s=96&#038;d=mm&#038;r=g\" alt=\"Author Image\"><\/a><\/div><\/div><div class=\"geodir-post-title bsui sdel-caa60b10\" ><h3 class=\"geodir-entry-title  h5 \"><a href=\"https:\/\/caminodesantiagofrances.com\/en\/lo\/albergue-san-nicolas-itero-del-castillo\/\" class=\"\" title=\"View: Albergue San Nicol\u00e1s Itero del Castillo\">Albergue San Nicol\u00e1s Itero del Castillo<\/a><\/h3><\/div><div class=\"geodir-post-content-container bsui sdel-1e477937\" ><div class=\"geodir_post_meta  text-justify pb-1 position-relative geodir-field-post_content\" >Albergue de peregrinos San Nicol\u00e1s de Puente Fitero, Itero del Castillo El Albergue de Peregrinos de San Nicol\u00e1s es un<\/div><\/div><\/div><div class=\"card-footer p-2  \"><div class='d-flex justify-content-between align-items-center flex-wrap'><div><\/div><div><\/div><\/div><\/div><\/div>\t<\/div>\n\t<\/div>\n\t<\/div>\n\t\t<\/div>\n\t\t<\/div><\/div>\n\n\n\n<hr class=\"wp-block-separator has-alpha-channel-opacity\"\/>\n\n\n\n<h2 class=\"wp-block-heading has-text-align-center\">Camino de Santiago Frances Hostels in the Province of Burgos<\/h2>\n\n\n\n<hr class=\"wp-block-separator has-alpha-channel-opacity\"\/>\n\n\n\n<h4 class=\"wp-block-heading has-text-align-center\">Buen Camino, pilgrim!<\/h4>\n\n\n<p><nav aria-label=\"breadcrumbs\" class=\"rank-math-breadcrumb\"><p><span class=\"last\">Camino de Santiago Franc\u00e9s<\/span><\/p><\/nav><\/p>\n","protected":false},"excerpt":{"rendered":"<p>Camino Frances Hostels in the Province of Burgos Redecilla del Camino Castildelgado Viloria de Rioja Villamayor del R\u00edo Belorado Tosantos Villambistia Espinosa del Camino Villafranca Montes de Oca San Juan de Ortega Ag\u00e9s Atapuerca Villalval Carde\u00f1uela Riopico Orbaneja Riopico Villafr\u00eda Burgos Tardajos Rab\u00e9 de las Calzadas Hornillos del Camino Hontanas Castrojeriz Itero del Castillo Camino [&hellip;]<\/p>\n","protected":false},"author":1,"featured_media":0,"parent":10813,"menu_order":0,"comment_status":"closed","ping_status":"closed","template":"","meta":{"footnotes":""},"class_list":["post-14026","page","type-page","status-publish","hentry"],"_links":{"self":[{"href":"https:\/\/caminodesantiagofrances.com\/en\/wp-json\/wp\/v2\/pages\/14026","targetHints":{"allow":["GET"]}}],"collection":[{"href":"https:\/\/caminodesantiagofrances.com\/en\/wp-json\/wp\/v2\/pages"}],"about":[{"href":"https:\/\/caminodesantiagofrances.com\/en\/wp-json\/wp\/v2\/types\/page"}],"author":[{"embeddable":true,"href":"https:\/\/caminodesantiagofrances.com\/en\/wp-json\/wp\/v2\/users\/1"}],"replies":[{"embeddable":true,"href":"https:\/\/caminodesantiagofrances.com\/en\/wp-json\/wp\/v2\/comments?post=14026"}],"version-history":[{"count":0,"href":"https:\/\/caminodesantiagofrances.com\/en\/wp-json\/wp\/v2\/pages\/14026\/revisions"}],"up":[{"embeddable":true,"href":"https:\/\/caminodesantiagofrances.com\/en\/wp-json\/wp\/v2\/pages\/10813"}],"wp:attachment":[{"href":"https:\/\/caminodesantiagofrances.com\/en\/wp-json\/wp\/v2\/media?parent=14026"}],"curies":[{"name":"wp","href":"https:\/\/api.w.org\/{rel}","templated":true}]}}