{"id":16977,"date":"2025-10-02T01:51:45","date_gmt":"2025-10-01T23:51:45","guid":{"rendered":"https:\/\/caminodesantiagofrances.com\/en\/?page_id=16977"},"modified":"2025-10-02T02:17:07","modified_gmt":"2025-10-02T00:17:07","slug":"palacios-de-benaver","status":"publish","type":"page","link":"https:\/\/caminodesantiagofrances.com\/en\/via-aquitania\/palacios-de-benaver\/","title":{"rendered":"Palacios de Benaver"},"content":{"rendered":"\n<div class=\"wp-block-geodirectory-geodir-widget-map\"><div class=\"geodir-wgt-map bsui sdel-ccf9c0aa\" ><!--START geodir-map-wrap-->\n<div class=\"geodir-map-wrap geodir-directory-map-wrap 100 425px overflow-hidden\">\n\t<div id=\"catcher_gd_map_canvas_directory\"><\/div>\n\t<!--START stick_trigger_container-->\n\t<div class=\"stick_trigger_container bsui\">\n\t\t<div class=\"trigger_sticky triggeroff_sticky mt-n5 btn btn-secondary me-n2 me-n2 c-pointer\" style=\"display: none;\">\n\t\t\t<i class=\"fas fa-map-marked-alt\"><\/i>\n\t\t\t<i class=\"fas fa-angle-right\"><\/i>\n\t\t<\/div>\n\t\t<!--end of stick trigger container-->\n\t\t<div class=\"geodir_map_container gd_map_canvas_directory bsui position-relative mw-100\"\n\t\t     id=\"sticky_map_gd_map_canvas_directory\"\n\t\t     style=\"width:100%;min-height:425px;\">\n\t\t\t<!--END map_background-->\n\t\t\t<div class=\"map_background\">\n\t\t\t\t<div class=\"top_banner_section_in clearfix\">\n\t\t\t\t\t<div class=\"gd_map_canvas_directory_TopLeft TopLeft position-absolute bg-white text-muted rounded-sm rounded-1 shadow-sm m-2 px-1 py-1 h5 c-pointer\" style=\"z-index: 3;\">\n\t\t\t\t\t\t<span class=\"triggermap\" id=\"gd_map_canvas_directory_triggermap\">\n\t\t\t\t\t\t\t<i class=\"fas fa-expand-arrows-alt fa-fw fa-width-fixed\" aria-hidden=\"true\"><\/i>\n\t\t\t\t\t\t\t<i class=\"fas fa-compress-arrows-alt fa-fw fa-width-fixed d-none\" aria-hidden=\"true\"><\/i>\n\t\t\t\t\t\t<\/span>\n\t\t\t\t\t<\/div>\n\t\t\t\t\t<div class=\"gd_map_canvas_directory_TopRight TopRight\"><\/div>\n\t\t\t\t\t<div id=\"gd_map_canvas_directory_wrapper\" class=\"main_map_wrapper\" style=\"height:425px;width:100%;\">\n\t\t\t\t\t\t<div class=\"iprelative position-relative\">\n\t\t\t\t\t\t\t<div id=\"gd_map_canvas_directory\" class=\"geodir-map-canvas\" data-map-type=\"directory\" data-map-canvas=\"gd_map_canvas_directory\" style=\"height:425px;width:100%;z-index: 0;\" ><\/div>\n\t\t\t\t\t\t\t<div id=\"gd_map_canvas_directory_loading_div\" class=\"loading_div overlay overlay-black position-absolute row m-0\" style=\"height:425px;width:100%;top:0;z-index: 2;\">\n\t\t\t\t\t\t\t\t<div class=\"spinner-border mx-auto align-self-center text-white\" role=\"status\">\n\t\t\t\t\t\t\t\t\t<span class=\"visually-hidden\">Loading&#8230;<\/span>\n\t\t\t\t\t\t\t\t<\/div>\n\t\t\t\t\t\t\t<\/div>\n\t\t\t\t\t\t\t<div id=\"gd_map_canvas_directory_map_nofound\"\n\t\t\t\t\t\t\t     class=\"advmap_nofound position-absolute row m-0 z-index-1\"\n\t\t\t\t\t\t\t     style=\"display:none;transform: translate(-50%, -50%);top:50%;left:50%;opacity: .85;pointer-events: none;\">\n\t\t\t\t\t\t\t\t<div class=\"alert alert-info text-center mx-auto align-self-center shadow-lg mb-0\">\n\t\t\t\t\t\t\t\t\t<div class='h3 alert-heading'>No Records Found<\/div><p> Sorry, no records were found. Please adjust your search criteria and try again.<\/p>\t\t\t\t\t\t\t\t<\/div>\n\t\t\t\t\t\t\t<\/div>\n\t\t\t\t\t\t\t<div id=\"gd_map_canvas_directory_map_notloaded\"\n\t\t\t\t\t\t\t     class=\"advmap_notloaded position-absolute row m-0 z-index-1\"\n\t\t\t\t\t\t\t     style=\"display:none;transform: translate(-50%, -50%);top:50%;left:50%;opacity: .85;pointer-events: none;\">\n\t\t\t\t\t\t\t\t<div class=\"alert alert-danger text-center mx-auto align-self-center shadow-lg mb-0\">\n\t\t\t\t\t\t\t\t\t<div class='h3 alert-heading'>Maps failed to load<\/div><p> Sorry, unable to load the Maps API.<\/p>\t\t\t\t\t\t\t\t<\/div>\n\t\t\t\t\t\t\t<\/div>\n\t\t\t\t\t\t<\/div>\n\t\t\t\t\t<\/div>\n\t\t\t\t\t<div class=\"gd_map_canvas_directory_BottomLeft BottomLeft\"><\/div>\n\t\t\t\t<\/div>\n\t\t\t<\/div><!--END map_background-->\n\t\t\t\t\t<\/div>\n\t\t<style>.geodir_map_container .poi-info-window .full-width{width:180px;position:relative;margin-left:inherit;left:inherit;}.geodir-map-canvas .gm-style img{max-width:none;box-shadow:none!important}.geodir-map-canvas .leaflet-tile-container img{box-shadow:none!important}<\/style>\n<script type=\"text\/javascript\">\nwindow.gdBaseLat = 0;\nwindow.gdBaseLng = 0;\nwindow.gdBaseZoom = 0;\njQuery(function ($) {\n\t\t\t\t\tvar gdMapCanvas = 'gd_map_canvas_directory';\n\t\t\tbuild_map_ajax_search_param(gdMapCanvas, false);\t\t\t\t\t\t\t\t\t\t\t\tvar screenH, heightVH, ptypeH = 0;\n\t\t\tscreenH = $(window).height();\n\t\t\theightVH = parseFloat('425');\n\t\t\tif ($(\"#\" + gdMapCanvas + \"_posttype_menu\").length) {\n\t\t\t\tptypeH = $(\"#\" + gdMapCanvas + \"_posttype_menu\").outerHeight();\n\t\t\t}\n\t\t\t$(\"#\" + gdMapCanvas + \"_cat\").css(\"max-height\", heightVH - ptypeH + 'px');\n\t\t\t});\n<\/script>\n\t\t\t<\/div><!--END stick_trigger_container-->\n<\/div><!--END geodir-map-wrap-->\n<style>body.stickymap_hide .stickymap{display:none!important}body.stickymap_hide .stick_trigger_container .fa-angle-right{transform:rotate(180deg)}body.body_fullscreen>.stick_trigger_container{width:100vw;height:100vh;position:fixed;z-index:50000}body.gd-google-maps .geodir-map-wrap .geodir-map-cat-filter-wrap{margin-bottom:14px!important}body.gd-osm-gmaps .geodir-map-wrap .geodir-map-cat-filter-wrap{margin-bottom:16.5px!important}<\/style>\n<\/div><\/div>\n\n\n\n<div class=\"wp-block-geodirectory-geodir-widget-search\"><div class=\"geodir-search-container bsui sdel-6b5e8662\" ><div class=\"geodir-search-form-wrapper mb-3\">\n\t<form class=\"w-100 d-block geodir-listing-search gd-search-bar-style geodir-search-show-all\" data-show=\"\" name=\"geodir-listing-search\" action=\"https:\/\/caminodesantiagofrances.com\/en\/buscar\/\" method=\"get\" style=\"box-sizing:content-box;\">\n\t\t<input type=\"hidden\" name=\"geodir_search\" value=\"1\" \/>\n\t\t\n\t\t<div class=\"geodir-search row gap-2 gy-2 px-3 align-items-center\" style=\"row-gap:0!important;\">\n\t\t\t\t<input type=\"hidden\" name=\"stype\" value=\"gd_place\" data-slug=\"lo\" \/><div class='gd-search-field-search col-auto flex-fill\n px-0' style=\"flex-grow:9999 !important;\" data-rule-key=\"s\" data-rule-type=\"text\">\n\t<div class=\"\" ><label class=\"visually-hidden form-label\">Search for<\/label><div class=\"input-group-inside position-relative w-100\" ><div class=\"input-group-text  bg-transparent border-0\"><span class=\"geodir-search-input-label hover-swap text-muted\" onclick=\"jQuery('.search_text').val('').trigger('change').trigger('keyup');\" aria-hidden=\"true\"><i class=\"fas fa-search hover-content-original\"><\/i><i class=\"fas fa-times geodir-search-input-label-clear hover-content c-pointer\" title=\"Clear field\"><\/i><\/span><\/div><input type=\"text\"  name=\"s\"  placeholder=\"Search for\"  class=\"form-control search_text gd_search_text w-100\"  onkeydown=\"if(event.keyCode == 13) geodir_click_search(this);\"  onClick=\"this.select();\"  autocomplete=\"off\"  size=\"16\"  aria-label=\"Search for\" ><\/div><\/div><\/div>\n<div class='gd-search-field-near col-auto flex-fill\n px-0' style=\"flex-grow:9999 !important;\" data-rule-key=\"near\" data-rule-type=\"text\">\n\t<div class=\"\" ><label class=\"visually-hidden visually-hidden form-label\">Near<\/label><div class=\"input-group-inside position-relative w-100\" ><div class=\"input-group-text  bg-transparent border-0\"><span class=\"geodir-search-input-label hover-swap text-muted\" onclick=\"jQuery('.snear').val('').trigger('change').trigger('keyup');jQuery('.sgeo_lat,.sgeo_lon').val('');\" aria-hidden=\"true\"><i class=\"fas fa-map-marker-alt hover-content-original\"><\/i><i class=\"fas fa-times geodir-search-input-label-clear hover-content c-pointer\" title=\"Clear field\"><\/i><\/span><\/div><input type=\"text\"  name=\"snear\"  placeholder=\"Near\"  class=\"form-control snear w-100\"  onkeydown=\"javascript: if(event.keyCode == 13) geodir_click_search(this);\"  onClick=\"this.select();\"  autocomplete=\"off\"  size=\"16\"  aria-label=\"Near\"  data-bs-toggle=\"dropdown\"  data-bs-flip=\"false\" ><\/div><\/div><\/div>\n<div class='gd-search-field-search col-auto flex-grow-1 px-0'>\n\t<div class=''>\n\t\t<button type=\"button\"  class=\"geodir_submit_search btn w-100 btn-primary\"  data-title=\"fas fa-search\"  aria-label=\"Search\"  ><i class=\"fas fas fa-search\" aria-hidden=\"true\"><\/i><span class=\"visually-hidden\">Search<\/span><\/button>\n\t<\/div>\n<\/div>\n\t\t<\/div>\n\t\t\t\t<input name=\"sgeo_lat\" class=\"sgeo_lat\" type=\"hidden\" value=\"\"\/>\n\t\t<input name=\"sgeo_lon\" class=\"sgeo_lon\" type=\"hidden\" value=\"\"\/>\n\t\t<input class=\"geodir-location-search-type\" name=\"\" type=\"hidden\" value=\"\"><div class=\"geodir-keep-args\" style=\"display:none!important\">{&#8220;hide_search_input&#8221;:false,&#8221;hide_near_input&#8221;:false,&#8221;input_size&#8221;:&#8221;&#8221;,&#8221;bar_flex_wrap&#8221;:&#8221;&#8221;,&#8221;bar_flex_wrap_md&#8221;:&#8221;&#8221;,&#8221;bar_flex_wrap_lg&#8221;:&#8221;&#8221;,&#8221;input_border&#8221;:&#8221;&#8221;,&#8221;input_border_opacity&#8221;:&#8221;&#8221;,&#8221;input_rounded_size&#8221;:&#8221;&#8221;,&#8221;btn_bg&#8221;:&#8221;&#8221;,&#8221;btn_rounded_size&#8221;:&#8221;&#8221;,&#8221;btn_rounded_size_md&#8221;:&#8221;&#8221;,&#8221;btn_rounded_size_lg&#8221;:&#8221;&#8221;,&#8221;bg&#8221;:&#8221;&#8221;,&#8221;mt&#8221;:&#8221;&#8221;,&#8221;mr&#8221;:&#8221;&#8221;,&#8221;mb&#8221;:&#8221;3&#8243;,&#8221;ml&#8221;:&#8221;&#8221;,&#8221;pt&#8221;:&#8221;&#8221;,&#8221;pr&#8221;:&#8221;&#8221;,&#8221;pb&#8221;:&#8221;&#8221;,&#8221;pl&#8221;:&#8221;&#8221;,&#8221;border&#8221;:&#8221;&#8221;,&#8221;rounded&#8221;:&#8221;&#8221;,&#8221;rounded_size&#8221;:&#8221;&#8221;,&#8221;rounded_size_md&#8221;:&#8221;&#8221;,&#8221;rounded_size_lg&#8221;:&#8221;&#8221;,&#8221;shadow&#8221;:&#8221;&#8221;,&#8221;css_class&#8221;:&#8221;&#8221;}<\/div>\t<\/form>\n<\/div>\n<\/div><\/div>\n\n\n\n<hr class=\"wp-block-separator has-alpha-channel-opacity\"\/>\n\n\n\n<h2 class=\"wp-block-heading has-text-align-center\"><strong>Palacios de Benaver<\/strong><\/h2>\n\n\n\n<p class=\"wp-block-paragraph\">Palacios de Benaver es una peque\u00f1a localidad perteneciente al municipio de <strong>Isar<\/strong>, en la <strong><a href=\"https:\/\/caminodesantiagofrances.com\/en\/provincia-de-burgos\/\" target=\"_blank\" data-type=\"page\" data-id=\"10813\" rel=\"noreferrer noopener\">Provincia de Burgos<\/a><\/strong>, dentro de la comunidad aut\u00f3noma de Castilla y Le\u00f3n. Situada en el trazado hist\u00f3rico de la <strong><a href=\"https:\/\/caminodesantiagofrances.com\/en\/via-aquitania\/\" target=\"_blank\" data-type=\"page\" data-id=\"8270\" rel=\"noreferrer noopener\">V\u00eda Aquitania<\/a><\/strong>, antigua calzada romana que m\u00e1s tarde se integr\u00f3 en el <strong><a href=\"https:\/\/caminodesantiagofrances.com\/en\/\" target=\"_blank\" data-type=\"page\" data-id=\"86\" rel=\"noreferrer noopener\">Camino de Santiago Franc\u00e9s<\/a><\/strong>, la poblaci\u00f3n constituye un enclave de gran inter\u00e9s cultural y espiritual para los <strong><a href=\"https:\/\/caminodesantiagofrances.com\/en\/peregrinos\/\" target=\"_blank\" data-type=\"page\" data-id=\"5880\" rel=\"noreferrer noopener\">peregrinos<\/a><\/strong> y viajeros que recorren la ruta jacobea.<\/p>\n\n\n\n<p class=\"wp-block-paragraph\">A 15 kil\u00f3metros al oeste de Burgos, y a orillas de un arroyo que divide el n\u00facleo en dos barrios, Palacios de Benaver mantiene la esencia de los pueblos castellanos, donde el tiempo transcurre con calma y el patrimonio se conserva como un tesoro que merece ser descubierto.<\/p>\n\n\n\n<h3 class=\"wp-block-heading has-text-align-center\">Contexto hist\u00f3rico<\/h3>\n\n\n\n<p class=\"wp-block-paragraph\">Los or\u00edgenes de <strong>Palacios de Benaver<\/strong> se remontan a la Edad Media, cuando la expansi\u00f3n cristiana hacia el sur favoreci\u00f3 el poblamiento de estas tierras burgalesas. La proximidad a Burgos y el paso de la ruta jacobea situaron a la localidad en un cruce estrat\u00e9gico de caminos, lo que explica su desarrollo como n\u00facleo agr\u00edcola y religioso.<\/p>\n\n\n\n<p class=\"wp-block-paragraph\">En el <strong>Diccionario geogr\u00e1fico-estad\u00edstico-hist\u00f3rico de Espa\u00f1a y sus posesiones de Ultramar<\/strong> de Pascual Madoz (siglo XIX), se describe a Palacios de Benaver como un lugar con m\u00e1s de un centenar de casas, una iglesia parroquial dedicada a San Mart\u00edn Obispo y varias ermitas, adem\u00e1s de molinos y telares que sustentaban su econom\u00eda. El texto subraya la importancia de la agricultura, el aprovechamiento de los manantiales y la vida comunitaria en torno a la parroquia y a las celebraciones religiosas.<\/p>\n\n\n\n<p class=\"wp-block-paragraph\">El paso del tiempo transform\u00f3 el municipio: en el siglo XX, Palacios de Benaver dej\u00f3 de ser independiente y se integr\u00f3 en Isar. Sin embargo, su identidad hist\u00f3rica se ha mantenido intacta gracias a la conservaci\u00f3n de sus tradiciones, de su iglesia y de su pertenencia al Camino de Santiago.<\/p>\n\n\n\n<h3 class=\"wp-block-heading has-text-align-center\">\u00bfQu\u00e9 ver en Palacios de Benaver?<\/h3>\n\n\n\n<div class=\"wp-block-geodirectory-geodir-widget-listings\"><div class=\"geodir-listings bsui sdel-08e00f13\" >\t\t<div id=\"geodir_6a9d81a8b66f9\" class=\"geodir_locations geodir_location_listing\n\t\t\t\t\t\t\t mb-3\t\t position-relative\">\n\t\t\t\t<div\n\t\tclass=\"row row-cols-1 row-cols-sm-2 geodir-category-list-view geodir-widget-posts geodir-gridview row-cols-md-2\">\n\t\t\n<div class=\"col mb-4 geodir-post post-16981 gd_place type-gd_place status-publish has-post-thumbnail gd-post-pkg-1\" data-post-id=\"16981\">\n\t\t<div class=\"card h-100 p-0 m-0 mw-100  \">\n\t<div class=\"card p-0 mw-100 h-100 \"><div class=\"card-img-top overflow-hidden position-relative  \"><span class=\"bsui gd-badge-meta\"><a href=\"https:\/\/caminodesantiagofrances.com\/en\/lo\/categoria\/iglesia\/\" class=\"gd-badge border-0 badge ab-bottom-left ms-1\"  data-id=\"16981\"  data-badge=\"default_category\"  data-badge-condition=\"is_not_empty\"  style=\"background-color:rgba(0,0,0,0.5);border-color:rgba(0,0,0,0.5);color:#ffffff;\"  >Iglesia<\/a>\n<\/span><div class=\"geodir_post_meta gd-fav-info-wrap  gd-fav-hide-text ab-bottom-right me-1  mb-n1  me-1 mb-n1 ab-bottom-right\" >\t\t<span class=\"gd-list-favorite\">\n\t\t\t<span class=\"geodir-addtofav favorite_property_16981  h5\" aria-hidden=\"true\"><span  title=\"Add to Favourites\"  class=\"geodir-addtofav-icon c-pointer geodir-act-fav\"  data-color-on=\"#ff0000\"  data-icon=\"fas fa-heart\"  data-color-off=\"rgba(223,223,223,0.8)\"  data-text-color=\"\"  data-bs-toggle=\"tooltip\"  aria-hidden=\"true\"  onclick=\"javascript:window.location.href='https:\/\/caminodesantiagofrances.com\/en\/wp-login.php'\"  ><i class=\"fas fa-heart\"  style=\"color:rgba(223,223,223,0.8);\" ><\/i> <span class=\"geodir-fav-text gv-secondary visually-hidden\" style=\"\" aria-hidden=\"true\">Favourite<\/span><\/span>\n<\/span>\t\t<\/span>\n\t\t<\/div><div class=\"geodir-post-slider bsui sdel-03994e04\" ><div class=\"geodir-image-container geodir-image-sizes-medium_large overflow-hidden\">\n\t\t\t<div class=\"geodir-images aui-gallery geodir-images-n-1 geodir-images-image carousel-inner \">\n\t\t<div class=\"carousel-item active\"><a href='https:\/\/caminodesantiagofrances.com\/en\/lo\/iglesia-de-san-martin-obispo-palacios-de-benaver\/' class='geodir-link-image embed-has-action ratio ratio-16x9 ratio ratio-16x9 d-block'><img src='data:image\/png;base64,iVBORw0KGgoAAAANSUhEUgAAAGQAAAABCAQAAACC0sM2AAAADklEQVR42mP8X88wLAAAK5IBgMYCdqgAAAAASUVORK5CYII=' data-src=\"https:\/\/caminodesantiagofrances.com\/en\/wp-content\/uploads\/sites\/3\/2025\/10\/Iglesia-de-San-Martin-Obispo-Palacios-de-Benaver-Camino-de-Santiago-Frances-768x403.jpg\" alt=\"Iglesia de San Martin Obispo Palacios de Benaver Camino de Santiago Frances 768x403\" width=\"768\" height=\"403\" class=\"geodir-lazy-load align size-medium_large geodir-image-4574 embed-item-cover-xy w-100 p-0 m-0 mw-100 border-0\" data-srcset=\"https:\/\/caminodesantiagofrances.com\/en\/wp-content\/uploads\/sites\/3\/2025\/10\/Iglesia-de-San-Martin-Obispo-Palacios-de-Benaver-Camino-de-Santiago-Frances-768x403.jpg 768w, https:\/\/caminodesantiagofrances.com\/en\/wp-content\/uploads\/sites\/3\/2025\/10\/Iglesia-de-San-Martin-Obispo-Palacios-de-Benaver-Camino-de-Santiago-Frances-300x158.jpg 300w, https:\/\/caminodesantiagofrances.com\/en\/wp-content\/uploads\/sites\/3\/2025\/10\/Iglesia-de-San-Martin-Obispo-Palacios-de-Benaver-Camino-de-Santiago-Frances-1024x538.jpg 1024w, https:\/\/caminodesantiagofrances.com\/en\/wp-content\/uploads\/sites\/3\/2025\/10\/Iglesia-de-San-Martin-Obispo-Palacios-de-Benaver-Camino-de-Santiago-Frances.jpg 1200w\" sizes=\"(max-width: 768px) 100vw, 768px\" \/><i class=\"fas fa-link w-auto h-auto\" aria-hidden=\"true\"><\/i><\/a><\/div>\t\t<\/div>\n\t\t<\/div>\n<\/div><\/div><div class=\"card-body p-2  \"><div class=\"row justify-content-center gv-hide-3 gv-hide-0\"><div class=\"col col-4 text-center tofront \"><a href=\"https:\/\/caminodesantiagofrances.com\/en\/author\/caminodesantiagofrances-com\/\" title=\"caminodesantiagofrances-com\"><img decoding=\"async\" style=\"max-height:75px;\" class=\"rounded-circle shadow border border-white border-width-4 p-0 mw-100 mt-n5 bg-white\" src=\"https:\/\/secure.gravatar.com\/avatar\/03aa5dc32308904f80a38258afc0335b43d4b2bec3418626e4f8712b71c3b93e?s=96&#038;d=mm&#038;r=g\" alt=\"Author Image\"><\/a><\/div><\/div><div class=\"geodir-post-title bsui sdel-caa60b10\" ><h3 class=\"geodir-entry-title  h5 \"><a href=\"https:\/\/caminodesantiagofrances.com\/en\/lo\/iglesia-de-san-martin-obispo-palacios-de-benaver\/\" class=\"\" title=\"View: Iglesia de San Mart\u00edn Obispo Palacios de Benaver\">Iglesia de San Mart\u00edn Obispo Palacios de Benaver<\/a><\/h3><\/div><div class=\"geodir-post-content-container bsui sdel-1e477937\" ><div class=\"geodir_post_meta  text-justify pb-1 position-relative geodir-field-post_content\" >Iglesia de San Mart\u00edn Obispo en Palacios de Benaver En pleno coraz\u00f3n de la provincia de Burgos, dentro del municipio<\/div><\/div><\/div><div class=\"card-footer p-2  \"><div class='d-flex justify-content-between align-items-center flex-wrap'><div><\/div><div><\/div><\/div><\/div><\/div>\t<\/div>\n\t<\/div>\n\t<\/div>\n\t\t<\/div>\n\t\t<\/div><\/div>\n\n\n\n<hr class=\"wp-block-separator has-alpha-channel-opacity\"\/>\n\n\n\n<h3 class=\"wp-block-heading has-text-align-center\">La iglesia de San Mart\u00edn Obispo<\/h3>\n\n\n\n<p class=\"wp-block-paragraph\">El edificio m\u00e1s relevante de la localidad es la <strong>Iglesia Parroquial de San Mart\u00edn Obispo<\/strong>, patr\u00f3n tambi\u00e9n de la capital burgalesa. Este templo constituye el coraz\u00f3n espiritual del pueblo y un claro ejemplo de c\u00f3mo la arquitectura religiosa marc\u00f3 la vida rural castellana.<\/p>\n\n\n\n<p class=\"wp-block-paragraph\">Su origen medieval, ampliado con reformas posteriores, conserva la sobriedad de los templos burgaleses, con muros s\u00f3lidos y sencillos que evocan la fe y la vida comunitaria de sus habitantes. En su interior destacan retablos barrocos, im\u00e1genes devocionales y elementos lit\u00fargicos que muestran la continuidad del culto desde hace siglos.<\/p>\n\n\n\n<p class=\"wp-block-paragraph\">San Mart\u00edn, obispo de Tours, fue un santo muy venerado en la pen\u00ednsula ib\u00e9rica y especialmente en Castilla. Su advocaci\u00f3n subraya la importancia de la hospitalidad, un valor clave en tierras de paso del Camino de Santiago.<\/p>\n\n\n\n<h3 class=\"wp-block-heading has-text-align-center\">Patrimonio religioso y ermitas hist\u00f3ricas<\/h3>\n\n\n\n<p class=\"wp-block-paragraph\">Adem\u00e1s de la iglesia, la localidad lleg\u00f3 a contar con varias ermitas bajo las advocaciones de <strong>San Juan, Santa Ana y San Andr\u00e9s<\/strong>. Aunque muchas han desaparecido o se encuentran en ruinas, su recuerdo permanece en la memoria colectiva como testimonio del intenso fervor religioso que impregnaba la vida cotidiana.<\/p>\n\n\n\n<p class=\"wp-block-paragraph\">Las ermitas cumpl\u00edan una funci\u00f3n esencial en el calendario festivo y agr\u00edcola, ya que eran lugares de rogativas para pedir lluvias, buenas cosechas o protecci\u00f3n frente a las enfermedades. Su existencia, junto con la iglesia parroquial, muestra c\u00f3mo la espiritualidad impregnaba cada rinc\u00f3n del t\u00e9rmino de Palacios de Benaver.<\/p>\n\n\n\n<h3 class=\"wp-block-heading has-text-align-center\">Entorno natural y recursos h\u00eddricos<\/h3>\n\n\n\n<p class=\"wp-block-paragraph\">Uno de los rasgos distintivos del pueblo es el <strong>arroyo que lo divide en dos barrios<\/strong>, conocido como Mayor y Menor. Este curso de agua, alimentado por manantiales, fue durante siglos fuente de vida y motor econ\u00f3mico. En sus orillas se levantaron molinos harineros que aprovechaban la fuerza del agua para moler el cereal cultivado en los campos circundantes.<\/p>\n\n\n\n<p class=\"wp-block-paragraph\">En el siglo XIX, Madoz ya destacaba la existencia de m\u00e1s de <strong>treinta manantiales<\/strong> de aguas potables en el t\u00e9rmino municipal, lo que demuestra la riqueza h\u00eddrica de la zona. Este recurso permiti\u00f3 el desarrollo de la agricultura y el abastecimiento de la poblaci\u00f3n.<\/p>\n\n\n\n<p class=\"wp-block-paragraph\">El clima fr\u00edo y h\u00famedo, t\u00edpico de la meseta burgalesa, condiciona los cultivos tradicionales: trigo, cebada, lentejas, patatas y hortalizas, adem\u00e1s de la cr\u00eda de ganado ovino, vacuno y asnal.<\/p>\n\n\n\n<h3 class=\"wp-block-heading has-text-align-center\">Demograf\u00eda y evoluci\u00f3n poblacional<\/h3>\n\n\n\n<p class=\"wp-block-paragraph\">La poblaci\u00f3n de Palacios de Benaver ha sufrido la misma tendencia que muchos pueblos castellanos: un descenso progresivo debido al \u00e9xodo rural. En el siglo XIX contaba con m\u00e1s de doscientos habitantes, mientras que en la actualidad la cifra se sit\u00faa en torno a <strong>82 vecinos (INE 2024)<\/strong>.<\/p>\n\n\n\n<p class=\"wp-block-paragraph\">Pese a esta reducci\u00f3n, el pueblo mantiene su car\u00e1cter acogedor y su fuerte v\u00ednculo comunitario. Cada vecino contribuye a la preservaci\u00f3n de las costumbres, de las fiestas patronales y de la memoria de la localidad.<\/p>\n\n\n\n<h3 class=\"wp-block-heading has-text-align-center\">Palacios de Benaver en la V\u00eda Aquitania<\/h3>\n\n\n\n<p class=\"wp-block-paragraph\">El mayor atractivo cultural de Palacios de Benaver radica en su ubicaci\u00f3n dentro de la <strong>V\u00eda Aquitania<\/strong>, uno de los ramales hist\u00f3ricos del <strong>Camino de Santiago Franc\u00e9s<\/strong>. Esta antigua v\u00eda romana conectaba Burdeos con Astorga, atravesando la meseta burgalesa y dejando a su paso una huella indeleble en el paisaje y en las costumbres.<\/p>\n\n\n\n<p class=\"wp-block-paragraph\">Para los peregrinos que recorren esta ruta, Palacios de Benaver ofrece una experiencia de serenidad y autenticidad. El paso por sus calles y la contemplaci\u00f3n de la iglesia de San Mart\u00edn invitan al descanso y a la reflexi\u00f3n. No se trata de un enclave monumental, sino de un lugar donde la sencillez del entorno rural se convierte en parte esencial del viaje espiritual hacia Compostela.<\/p>\n\n\n\n<h3 class=\"wp-block-heading has-text-align-center\">Patrimonio cultural y tradiciones<\/h3>\n\n\n\n<p class=\"wp-block-paragraph\">Las festividades religiosas son el momento de mayor vitalidad para la localidad. Las celebraciones en honor a <strong>San Mart\u00edn Obispo<\/strong> re\u00fanen a vecinos y visitantes en misas, procesiones y actividades comunitarias que reafirman el v\u00ednculo entre fe y tradici\u00f3n.<\/p>\n\n\n\n<p class=\"wp-block-paragraph\">Junto a las fiestas patronales, sobreviven costumbres ligadas al calendario agr\u00edcola. En \u00e9pocas de sequ\u00eda se organizaban rogativas, y era frecuente llevar agua bendita a los campos para pedir fertilidad a la tierra. Estas pr\u00e1cticas revelan la estrecha conexi\u00f3n entre religi\u00f3n y agricultura en un pueblo donde la subsistencia depend\u00eda de las cosechas.<\/p>\n\n\n\n<h3 class=\"wp-block-heading has-text-align-center\">Paisaje rural y atractivo tur\u00edstico<\/h3>\n\n\n\n<p class=\"wp-block-paragraph\">Quien visita Palacios de Benaver encuentra un paisaje t\u00edpicamente castellano: campos abiertos, horizontes amplios y caminos silenciosos que evocan siglos de historia. Los restos de antiguas infraestructuras, como puentes de piedra y molinos, completan el atractivo de un entorno que combina naturaleza y patrimonio.<\/p>\n\n\n\n<p class=\"wp-block-paragraph\">El turismo rural y jacobeo encuentra en esta localidad un lugar de pausa y contemplaci\u00f3n. Su proximidad a Burgos la convierte en una parada accesible para quienes desean conocer la autenticidad de los pueblos de la provincia.<\/p>\n\n\n\n<h3 class=\"wp-block-heading has-text-align-center\">Palacios de Benaver<\/h3>\n\n\n\n<p class=\"wp-block-paragraph\"><strong>Palacios de Benaver<\/strong>, integrado en el municipio de Isar, es un enclave hist\u00f3rico en la <strong>V\u00eda Aquitania del Camino de Santiago Franc\u00e9s<\/strong>. Su iglesia dedicada a San Mart\u00edn, la memoria de sus ermitas, su patrimonio natural y sus tradiciones hacen de esta localidad burgalesa un destino que conserva intacta la esencia del mundo rural castellano.<\/p>\n\n\n\n<p class=\"wp-block-paragraph\">Quien recorra sus calles y contemple sus paisajes descubrir\u00e1 que la verdadera riqueza de Palacios de Benaver no reside en grandes monumentos, sino en la autenticidad de un lugar donde historia, fe y cultura se entrelazan desde hace siglos.<\/p>\n\n\n\n<figure class=\"wp-block-table\"><table class=\"has-fixed-layout\"><tbody><tr><th>Pa\u00eds<\/th><td colspan=\"2\">Espa\u00f1a<\/td><\/tr><tr><th>Com.\u00a0aut\u00f3noma<\/th><td colspan=\"2\">Castilla y Le\u00f3n<\/td><\/tr><tr><th>Provincia<\/th><td colspan=\"2\"><strong><a href=\"https:\/\/caminodesantiagofrances.com\/en\/provincia-de-burgos\/\" target=\"_blank\" data-type=\"page\" data-id=\"10813\" rel=\"noreferrer noopener\">Provincia de Burgos<\/a><\/strong><\/td><\/tr><tr><th>Municipio<\/th><td colspan=\"2\">Isar<\/td><\/tr><tr><th>Ubicaci\u00f3n<\/th><td colspan=\"2\">42\u00b023\u203233\u2033N\u00a03\u00b053\u203243\u2033O<\/td><\/tr><tr><th>Poblaci\u00f3n<\/th><td colspan=\"2\">82 hab.\u00a0(INE\u00a02024)<\/td><\/tr><tr><th>C\u00f3digo postal<\/th><td colspan=\"2\">09654<\/td><\/tr><tr><th>Pref.\u00a0telef\u00f3nico<\/th><td colspan=\"2\">947<\/td><\/tr><\/tbody><\/table><\/figure>\n","protected":false},"excerpt":{"rendered":"<p>Palacios de Benaver Palacios de Benaver es una peque\u00f1a localidad perteneciente al municipio de Isar, en la Provincia de Burgos, dentro de la comunidad aut\u00f3noma de Castilla y Le\u00f3n. Situada en el trazado hist\u00f3rico de la V\u00eda Aquitania, antigua calzada romana que m\u00e1s tarde se integr\u00f3 en el Camino de Santiago Franc\u00e9s, la poblaci\u00f3n constituye [&hellip;]<\/p>\n","protected":false},"author":1,"featured_media":0,"parent":8270,"menu_order":0,"comment_status":"closed","ping_status":"closed","template":"","meta":{"footnotes":""},"class_list":["post-16977","page","type-page","status-publish","hentry"],"_links":{"self":[{"href":"https:\/\/caminodesantiagofrances.com\/en\/wp-json\/wp\/v2\/pages\/16977","targetHints":{"allow":["GET"]}}],"collection":[{"href":"https:\/\/caminodesantiagofrances.com\/en\/wp-json\/wp\/v2\/pages"}],"about":[{"href":"https:\/\/caminodesantiagofrances.com\/en\/wp-json\/wp\/v2\/types\/page"}],"author":[{"embeddable":true,"href":"https:\/\/caminodesantiagofrances.com\/en\/wp-json\/wp\/v2\/users\/1"}],"replies":[{"embeddable":true,"href":"https:\/\/caminodesantiagofrances.com\/en\/wp-json\/wp\/v2\/comments?post=16977"}],"version-history":[{"count":0,"href":"https:\/\/caminodesantiagofrances.com\/en\/wp-json\/wp\/v2\/pages\/16977\/revisions"}],"up":[{"embeddable":true,"href":"https:\/\/caminodesantiagofrances.com\/en\/wp-json\/wp\/v2\/pages\/8270"}],"wp:attachment":[{"href":"https:\/\/caminodesantiagofrances.com\/en\/wp-json\/wp\/v2\/media?parent=16977"}],"curies":[{"name":"wp","href":"https:\/\/api.w.org\/{rel}","templated":true}]}}