{"id":17019,"date":"2025-10-02T14:03:03","date_gmt":"2025-10-02T12:03:03","guid":{"rendered":"https:\/\/caminodesantiagofrances.com\/en\/?page_id=17019"},"modified":"2025-10-07T14:17:17","modified_gmt":"2025-10-07T12:17:17","slug":"las-cabanas-de-castilla","status":"publish","type":"page","link":"https:\/\/caminodesantiagofrances.com\/en\/via-aquitania\/las-cabanas-de-castilla\/","title":{"rendered":"Las Caba\u00f1as de Castilla"},"content":{"rendered":"\n<div class=\"wp-block-geodirectory-geodir-widget-map\"><div class=\"geodir-wgt-map bsui sdel-40875702\" ><!--START geodir-map-wrap-->\n<div class=\"geodir-map-wrap geodir-directory-map-wrap 100 425px overflow-hidden\">\n\t<div id=\"catcher_gd_map_canvas_directory\"><\/div>\n\t<!--START stick_trigger_container-->\n\t<div class=\"stick_trigger_container bsui\">\n\t\t<div class=\"trigger_sticky triggeroff_sticky mt-n5 btn btn-secondary me-n2 me-n2 c-pointer\" style=\"display: none;\">\n\t\t\t<i class=\"fas fa-map-marked-alt\"><\/i>\n\t\t\t<i class=\"fas fa-angle-right\"><\/i>\n\t\t<\/div>\n\t\t<!--end of stick trigger container-->\n\t\t<div class=\"geodir_map_container gd_map_canvas_directory bsui position-relative mw-100\"\n\t\t     id=\"sticky_map_gd_map_canvas_directory\"\n\t\t     style=\"width:100%;min-height:425px;\">\n\t\t\t<!--END map_background-->\n\t\t\t<div class=\"map_background\">\n\t\t\t\t<div class=\"top_banner_section_in clearfix\">\n\t\t\t\t\t<div class=\"gd_map_canvas_directory_TopLeft TopLeft position-absolute bg-white text-muted rounded-sm rounded-1 shadow-sm m-2 px-1 py-1 h5 c-pointer\" style=\"z-index: 3;\">\n\t\t\t\t\t\t<span class=\"triggermap\" id=\"gd_map_canvas_directory_triggermap\">\n\t\t\t\t\t\t\t<i class=\"fas fa-expand-arrows-alt fa-fw fa-width-fixed\" aria-hidden=\"true\"><\/i>\n\t\t\t\t\t\t\t<i class=\"fas fa-compress-arrows-alt fa-fw fa-width-fixed d-none\" aria-hidden=\"true\"><\/i>\n\t\t\t\t\t\t<\/span>\n\t\t\t\t\t<\/div>\n\t\t\t\t\t<div class=\"gd_map_canvas_directory_TopRight TopRight\"><\/div>\n\t\t\t\t\t<div id=\"gd_map_canvas_directory_wrapper\" class=\"main_map_wrapper\" style=\"height:425px;width:100%;\">\n\t\t\t\t\t\t<div class=\"iprelative position-relative\">\n\t\t\t\t\t\t\t<div id=\"gd_map_canvas_directory\" class=\"geodir-map-canvas\" data-map-type=\"directory\" data-map-canvas=\"gd_map_canvas_directory\" style=\"height:425px;width:100%;z-index: 0;\" ><\/div>\n\t\t\t\t\t\t\t<div id=\"gd_map_canvas_directory_loading_div\" class=\"loading_div overlay overlay-black position-absolute row m-0\" style=\"height:425px;width:100%;top:0;z-index: 2;\">\n\t\t\t\t\t\t\t\t<div class=\"spinner-border mx-auto align-self-center text-white\" role=\"status\">\n\t\t\t\t\t\t\t\t\t<span class=\"visually-hidden\">Loading&#8230;<\/span>\n\t\t\t\t\t\t\t\t<\/div>\n\t\t\t\t\t\t\t<\/div>\n\t\t\t\t\t\t\t<div id=\"gd_map_canvas_directory_map_nofound\"\n\t\t\t\t\t\t\t     class=\"advmap_nofound position-absolute row m-0 z-index-1\"\n\t\t\t\t\t\t\t     style=\"display:none;transform: translate(-50%, -50%);top:50%;left:50%;opacity: .85;pointer-events: none;\">\n\t\t\t\t\t\t\t\t<div class=\"alert alert-info text-center mx-auto align-self-center shadow-lg mb-0\">\n\t\t\t\t\t\t\t\t\t<div class='h3 alert-heading'>No Records Found<\/div><p> Sorry, no records were found. Please adjust your search criteria and try again.<\/p>\t\t\t\t\t\t\t\t<\/div>\n\t\t\t\t\t\t\t<\/div>\n\t\t\t\t\t\t\t<div id=\"gd_map_canvas_directory_map_notloaded\"\n\t\t\t\t\t\t\t     class=\"advmap_notloaded position-absolute row m-0 z-index-1\"\n\t\t\t\t\t\t\t     style=\"display:none;transform: translate(-50%, -50%);top:50%;left:50%;opacity: .85;pointer-events: none;\">\n\t\t\t\t\t\t\t\t<div class=\"alert alert-danger text-center mx-auto align-self-center shadow-lg mb-0\">\n\t\t\t\t\t\t\t\t\t<div class='h3 alert-heading'>Maps failed to load<\/div><p> Sorry, unable to load the Maps API.<\/p>\t\t\t\t\t\t\t\t<\/div>\n\t\t\t\t\t\t\t<\/div>\n\t\t\t\t\t\t<\/div>\n\t\t\t\t\t<\/div>\n\t\t\t\t\t<div class=\"gd_map_canvas_directory_BottomLeft BottomLeft\"><\/div>\n\t\t\t\t<\/div>\n\t\t\t<\/div><!--END map_background-->\n\t\t\t\t\t<\/div>\n\t\t<style>.geodir_map_container .poi-info-window .full-width{width:180px;position:relative;margin-left:inherit;left:inherit;}.geodir-map-canvas .gm-style img{max-width:none;box-shadow:none!important}.geodir-map-canvas .leaflet-tile-container img{box-shadow:none!important}<\/style>\n<script type=\"text\/javascript\">\nwindow.gdBaseLat = 0;\nwindow.gdBaseLng = 0;\nwindow.gdBaseZoom = 0;\njQuery(function ($) {\n\t\t\t\t\tvar gdMapCanvas = 'gd_map_canvas_directory';\n\t\t\tbuild_map_ajax_search_param(gdMapCanvas, false);\t\t\t\t\t\t\t\t\t\t\t\tvar screenH, heightVH, ptypeH = 0;\n\t\t\tscreenH = $(window).height();\n\t\t\theightVH = parseFloat('425');\n\t\t\tif ($(\"#\" + gdMapCanvas + \"_posttype_menu\").length) {\n\t\t\t\tptypeH = $(\"#\" + gdMapCanvas + \"_posttype_menu\").outerHeight();\n\t\t\t}\n\t\t\t$(\"#\" + gdMapCanvas + \"_cat\").css(\"max-height\", heightVH - ptypeH + 'px');\n\t\t\t});\n<\/script>\n\t\t\t<\/div><!--END stick_trigger_container-->\n<\/div><!--END geodir-map-wrap-->\n<style>body.stickymap_hide .stickymap{display:none!important}body.stickymap_hide .stick_trigger_container .fa-angle-right{transform:rotate(180deg)}body.body_fullscreen>.stick_trigger_container{width:100vw;height:100vh;position:fixed;z-index:50000}body.gd-google-maps .geodir-map-wrap .geodir-map-cat-filter-wrap{margin-bottom:14px!important}body.gd-osm-gmaps .geodir-map-wrap .geodir-map-cat-filter-wrap{margin-bottom:16.5px!important}<\/style>\n<\/div><\/div>\n\n\n\n<div class=\"wp-block-geodirectory-geodir-widget-search\"><div class=\"geodir-search-container bsui sdel-6b5e8662\" ><div class=\"geodir-search-form-wrapper mb-3\">\n\t<form class=\"w-100 d-block geodir-listing-search gd-search-bar-style geodir-search-show-all\" data-show=\"\" name=\"geodir-listing-search\" action=\"https:\/\/caminodesantiagofrances.com\/en\/buscar\/\" method=\"get\" style=\"box-sizing:content-box;\">\n\t\t<input type=\"hidden\" name=\"geodir_search\" value=\"1\" \/>\n\t\t\n\t\t<div class=\"geodir-search row gap-2 gy-2 px-3 align-items-center\" style=\"row-gap:0!important;\">\n\t\t\t\t<input type=\"hidden\" name=\"stype\" value=\"gd_place\" data-slug=\"lo\" \/><div class='gd-search-field-search col-auto flex-fill\n px-0' style=\"flex-grow:9999 !important;\" data-rule-key=\"s\" data-rule-type=\"text\">\n\t<div class=\"\" ><label class=\"visually-hidden form-label\">Search for<\/label><div class=\"input-group-inside position-relative w-100\" ><div class=\"input-group-text  bg-transparent border-0\"><span class=\"geodir-search-input-label hover-swap text-muted\" onclick=\"jQuery('.search_text').val('').trigger('change').trigger('keyup');\" aria-hidden=\"true\"><i class=\"fas fa-search hover-content-original\"><\/i><i class=\"fas fa-times geodir-search-input-label-clear hover-content c-pointer\" title=\"Clear field\"><\/i><\/span><\/div><input type=\"text\"  name=\"s\"  placeholder=\"Search for\"  class=\"form-control search_text gd_search_text w-100\"  onkeydown=\"if(event.keyCode == 13) geodir_click_search(this);\"  onClick=\"this.select();\"  autocomplete=\"off\"  size=\"16\"  aria-label=\"Search for\" ><\/div><\/div><\/div>\n<div class='gd-search-field-near col-auto flex-fill\n px-0' style=\"flex-grow:9999 !important;\" data-rule-key=\"near\" data-rule-type=\"text\">\n\t<div class=\"\" ><label class=\"visually-hidden visually-hidden form-label\">Near<\/label><div class=\"input-group-inside position-relative w-100\" ><div class=\"input-group-text  bg-transparent border-0\"><span class=\"geodir-search-input-label hover-swap text-muted\" onclick=\"jQuery('.snear').val('').trigger('change').trigger('keyup');jQuery('.sgeo_lat,.sgeo_lon').val('');\" aria-hidden=\"true\"><i class=\"fas fa-map-marker-alt hover-content-original\"><\/i><i class=\"fas fa-times geodir-search-input-label-clear hover-content c-pointer\" title=\"Clear field\"><\/i><\/span><\/div><input type=\"text\"  name=\"snear\"  placeholder=\"Near\"  class=\"form-control snear w-100\"  onkeydown=\"javascript: if(event.keyCode == 13) geodir_click_search(this);\"  onClick=\"this.select();\"  autocomplete=\"off\"  size=\"16\"  aria-label=\"Near\"  data-bs-toggle=\"dropdown\"  data-bs-flip=\"false\" ><\/div><\/div><\/div>\n<div class='gd-search-field-search col-auto flex-grow-1 px-0'>\n\t<div class=''>\n\t\t<button type=\"button\"  class=\"geodir_submit_search btn w-100 btn-primary\"  data-title=\"fas fa-search\"  aria-label=\"Search\"  ><i class=\"fas fas fa-search\" aria-hidden=\"true\"><\/i><span class=\"visually-hidden\">Search<\/span><\/button>\n\t<\/div>\n<\/div>\n\t\t<\/div>\n\t\t\t\t<input name=\"sgeo_lat\" class=\"sgeo_lat\" type=\"hidden\" value=\"\"\/>\n\t\t<input name=\"sgeo_lon\" class=\"sgeo_lon\" type=\"hidden\" value=\"\"\/>\n\t\t<input class=\"geodir-location-search-type\" name=\"\" type=\"hidden\" value=\"\"><div class=\"geodir-keep-args\" style=\"display:none!important\">{&#8220;hide_search_input&#8221;:false,&#8221;hide_near_input&#8221;:false,&#8221;input_size&#8221;:&#8221;&#8221;,&#8221;bar_flex_wrap&#8221;:&#8221;&#8221;,&#8221;bar_flex_wrap_md&#8221;:&#8221;&#8221;,&#8221;bar_flex_wrap_lg&#8221;:&#8221;&#8221;,&#8221;input_border&#8221;:&#8221;&#8221;,&#8221;input_border_opacity&#8221;:&#8221;&#8221;,&#8221;input_rounded_size&#8221;:&#8221;&#8221;,&#8221;btn_bg&#8221;:&#8221;&#8221;,&#8221;btn_rounded_size&#8221;:&#8221;&#8221;,&#8221;btn_rounded_size_md&#8221;:&#8221;&#8221;,&#8221;btn_rounded_size_lg&#8221;:&#8221;&#8221;,&#8221;bg&#8221;:&#8221;&#8221;,&#8221;mt&#8221;:&#8221;&#8221;,&#8221;mr&#8221;:&#8221;&#8221;,&#8221;mb&#8221;:&#8221;3&#8243;,&#8221;ml&#8221;:&#8221;&#8221;,&#8221;pt&#8221;:&#8221;&#8221;,&#8221;pr&#8221;:&#8221;&#8221;,&#8221;pb&#8221;:&#8221;&#8221;,&#8221;pl&#8221;:&#8221;&#8221;,&#8221;border&#8221;:&#8221;&#8221;,&#8221;rounded&#8221;:&#8221;&#8221;,&#8221;rounded_size&#8221;:&#8221;&#8221;,&#8221;rounded_size_md&#8221;:&#8221;&#8221;,&#8221;rounded_size_lg&#8221;:&#8221;&#8221;,&#8221;shadow&#8221;:&#8221;&#8221;,&#8221;css_class&#8221;:&#8221;&#8221;}<\/div>\t<\/form>\n<\/div>\n<\/div><\/div>\n\n\n\n<hr class=\"wp-block-separator has-alpha-channel-opacity\"\/>\n\n\n\n<h2 class=\"wp-block-heading has-text-align-center\"><strong>Las Caba\u00f1as de Castilla<\/strong><\/h2>\n\n\n\n<p class=\"wp-block-paragraph\"><strong>Las Caba\u00f1as de Castilla<\/strong> es una pedan\u00eda de <strong><a href=\"https:\/\/caminodesantiagofrances.com\/en\/via-aquitania\/osorno-la-mayor\/\" data-type=\"page\" data-id=\"17014\" target=\"_blank\" rel=\"noreferrer noopener\">Osorno la Mayor<\/a><\/strong> (<strong><a href=\"https:\/\/caminodesantiagofrances.com\/en\/provincia-de-palencia\/\" data-type=\"page\" data-id=\"5597\" target=\"_blank\" rel=\"noreferrer noopener\">Provincia de Palencia<\/a><\/strong>), situada en la <strong>Tierra de Campos<\/strong>, a <strong>5,5 km<\/strong> de Osorno y a <strong>2 km<\/strong> de <strong><a href=\"https:\/\/caminodesantiagofrances.com\/en\/via-aquitania\/santillana-de-campos\/\" data-type=\"page\" data-id=\"17021\" target=\"_blank\" rel=\"noreferrer noopener\">Santillana de Campos<\/a><\/strong>, con acceso r\u00e1pido desde la <strong>N-611<\/strong> y la <strong>A-67<\/strong>. Su paisaje es la llanura cerealista cl\u00e1sica, surcada por el <strong>Canal de Castilla<\/strong> y conectada hist\u00f3ricamente con el itinerario romano <strong>Ab Asturica Burdigalam<\/strong> \u2014la <strong><a href=\"https:\/\/caminodesantiagofrances.com\/en\/via-aquitania\/\" target=\"_blank\" data-type=\"page\" data-id=\"8270\" rel=\"noreferrer noopener\">V\u00eda Aquitania<\/a><\/strong>\u2014, que nutri\u00f3 siglos despu\u00e9s el <strong><a href=\"https:\/\/caminodesantiagofrances.com\/en\/\" target=\"_blank\" data-type=\"page\" data-id=\"86\" rel=\"noreferrer noopener\">Camino de Santiago Franc\u00e9s<\/a><\/strong> (la antigua <strong>Carrera Francesa<\/strong>). En este cruce de caminos, Las Caba\u00f1as ofrece un conjunto patrimonial compacto: <strong>castillo-torre<\/strong>, <strong>iglesia de Nuestra Se\u00f1ora de la Purificaci\u00f3n<\/strong> y un rosario de <strong>acueductos, puentes y esclusas<\/strong> que convierten el paseo por el canal en una experiencia paisaj\u00edstica y cultural de primer orden.<\/p>\n\n\n\n<hr class=\"wp-block-separator has-alpha-channel-opacity\"\/>\n\n\n\n<hr class=\"wp-block-separator has-alpha-channel-opacity\"\/>\n\n\n\n<h2 class=\"wp-block-heading has-text-align-center\">Las Caba\u00f1as de Castilla en la V\u00eda Aquitania<\/h2>\n\n\n\n<p class=\"wp-block-paragraph\">La <strong><strong><a href=\"https:\/\/caminodesantiagofrances.com\/en\/via-aquitania\/\" data-type=\"page\" data-id=\"8270\" target=\"_blank\" rel=\"noreferrer noopener\">V\u00eda Aquitania<\/a><\/strong><\/strong> articul\u00f3 la comunicaci\u00f3n entre <strong>Astorga<\/strong> y <strong>Burdeos<\/strong>; su huella, viva en el corredor Osorno\u2013Melgar, fue heredada por el <strong>Camino Franc\u00e9s<\/strong> medieval. En Las Caba\u00f1as de Castilla, esa memoria se reconoce en:<\/p>\n\n\n\n<ul class=\"wp-block-list\">\n<li>El <strong>trazado hist\u00f3rico<\/strong> entre llanuras y riberas, apto para etapas a pie o en bicicleta.<\/li>\n\n\n\n<li>La <strong>hospitalidad rural<\/strong> en fiestas y tradiciones.<\/li>\n\n\n\n<li>La relectura actual del itinerario como <strong>Camino a Santiago V\u00eda Aquitania<\/strong>, que recupera viejos ramales y top\u00f3nimos.<\/li>\n\n\n\n<li><\/li>\n<\/ul>\n\n\n\n<h3 class=\"wp-block-heading has-text-align-center\"><strong>Toponimia y origen: de las caba\u00f1as pastoriles a las <em>cannabae<\/em><\/strong><\/h3>\n\n\n\n<p class=\"wp-block-paragraph\">El nombre \u201cLas Caba\u00f1as\u201d apunta, por un lado, a los <strong>refugios pastoriles<\/strong> de barro, piedra y madera ligados a la trashumancia. Por otro, remite a las <strong>cannabae legionis<\/strong>, esos poblados ligeros surgidos junto a <strong>campamentos romanos<\/strong> y v\u00edas militares. La proximidad del gran <strong>oppidum\u2013mansio de Dessobriga<\/strong> y el paso de la <strong>V\u00eda Aquitania<\/strong> explican ese doble sustrato: primero, un h\u00e1bitat funcional al ej\u00e9rcito romano y, despu\u00e9s, una aldea arraigada al tr\u00e1fico de mercanc\u00edas y peregrinos.<\/p>\n\n\n\n<h3 class=\"wp-block-heading has-text-align-center\">\u00bfQu\u00e9 ver en Las Caba\u00f1as de Castilla?<\/h3>\n\n\n\n<div class=\"wp-block-geodirectory-geodir-widget-listings\"><div class=\"geodir-listings bsui sdel-2445230f\" >\t\t<div id=\"geodir_6a9d6a4ce1b7f\" class=\"geodir_locations geodir_location_listing\n\t\t\t\t\t\t\t mb-3\t\t position-relative\">\n\t\t\t\t<div\n\t\tclass=\"row row-cols-1 row-cols-sm-2 geodir-category-list-view geodir-widget-posts geodir-gridview row-cols-md-2\">\n\t\t\n<div class=\"col mb-4 geodir-post post-17097 gd_place type-gd_place status-publish has-post-thumbnail gd-post-pkg-1\" data-post-id=\"17097\">\n\t\t<div class=\"card h-100 p-0 m-0 mw-100  \">\n\t<div class=\"card p-0 mw-100 h-100 \"><div class=\"card-img-top overflow-hidden position-relative  \"><span class=\"bsui gd-badge-meta\"><a href=\"https:\/\/caminodesantiagofrances.com\/en\/lo\/categoria\/iglesia\/\" class=\"gd-badge border-0 badge ab-bottom-left ms-1\"  data-id=\"17097\"  data-badge=\"default_category\"  data-badge-condition=\"is_not_empty\"  style=\"background-color:rgba(0,0,0,0.5);border-color:rgba(0,0,0,0.5);color:#ffffff;\"  >Iglesia<\/a>\n<\/span><div class=\"geodir_post_meta gd-fav-info-wrap  gd-fav-hide-text ab-bottom-right me-1  mb-n1  me-1 mb-n1 ab-bottom-right\" >\t\t<span class=\"gd-list-favorite\">\n\t\t\t<span class=\"geodir-addtofav favorite_property_17097  h5\" aria-hidden=\"true\"><span  title=\"Add to Favourites\"  class=\"geodir-addtofav-icon c-pointer geodir-act-fav\"  data-color-on=\"#ff0000\"  data-icon=\"fas fa-heart\"  data-color-off=\"rgba(223,223,223,0.8)\"  data-text-color=\"\"  data-bs-toggle=\"tooltip\"  aria-hidden=\"true\"  onclick=\"javascript:window.location.href='https:\/\/caminodesantiagofrances.com\/en\/wp-login.php'\"  ><i class=\"fas fa-heart\"  style=\"color:rgba(223,223,223,0.8);\" ><\/i> <span class=\"geodir-fav-text gv-secondary visually-hidden\" style=\"\" aria-hidden=\"true\">Favourite<\/span><\/span>\n<\/span>\t\t<\/span>\n\t\t<\/div><div class=\"geodir-post-slider bsui sdel-03994e04\" ><div class=\"geodir-image-container geodir-image-sizes-medium_large overflow-hidden\">\n\t\t\t<div class=\"geodir-images aui-gallery geodir-images-n-1 geodir-images-image carousel-inner \">\n\t\t<div class=\"carousel-item active\"><a href='https:\/\/caminodesantiagofrances.com\/en\/lo\/iglesia-de-nuestra-senora-de-purificacion-las-cabanas-de-castilla\/' class='geodir-link-image embed-has-action ratio ratio-16x9 ratio ratio-16x9 d-block'><img src='data:image\/png;base64,iVBORw0KGgoAAAANSUhEUgAAAGQAAAABCAQAAACC0sM2AAAADklEQVR42mP8X88wLAAAK5IBgMYCdqgAAAAASUVORK5CYII=' data-src=\"https:\/\/caminodesantiagofrances.com\/en\/wp-content\/uploads\/sites\/3\/2025\/10\/Iglesia-de-Nuestra-Senora-de-Purificacion-Las-Cabanas-de-Castilla-Camino-de-Santiago-Frances-768x403.jpg\" alt=\"Iglesia de Nuestra Senora de Purificacion Las Cabanas de Castilla Camino de Santiago Frances 768x403\" width=\"768\" height=\"403\" class=\"geodir-lazy-load align size-medium_large geodir-image-4617 embed-item-cover-xy w-100 p-0 m-0 mw-100 border-0\" data-srcset=\"https:\/\/caminodesantiagofrances.com\/en\/wp-content\/uploads\/sites\/3\/2025\/10\/Iglesia-de-Nuestra-Senora-de-Purificacion-Las-Cabanas-de-Castilla-Camino-de-Santiago-Frances-768x403.jpg 768w, https:\/\/caminodesantiagofrances.com\/en\/wp-content\/uploads\/sites\/3\/2025\/10\/Iglesia-de-Nuestra-Senora-de-Purificacion-Las-Cabanas-de-Castilla-Camino-de-Santiago-Frances-300x158.jpg 300w, https:\/\/caminodesantiagofrances.com\/en\/wp-content\/uploads\/sites\/3\/2025\/10\/Iglesia-de-Nuestra-Senora-de-Purificacion-Las-Cabanas-de-Castilla-Camino-de-Santiago-Frances-1024x538.jpg 1024w, https:\/\/caminodesantiagofrances.com\/en\/wp-content\/uploads\/sites\/3\/2025\/10\/Iglesia-de-Nuestra-Senora-de-Purificacion-Las-Cabanas-de-Castilla-Camino-de-Santiago-Frances.jpg 1200w\" sizes=\"(max-width: 768px) 100vw, 768px\" \/><i class=\"fas fa-link w-auto h-auto\" aria-hidden=\"true\"><\/i><\/a><\/div>\t\t<\/div>\n\t\t<\/div>\n<\/div><\/div><div class=\"card-body p-2  \"><div class=\"row justify-content-center gv-hide-3 gv-hide-0\"><div class=\"col col-4 text-center tofront \"><a href=\"https:\/\/caminodesantiagofrances.com\/en\/author\/caminodesantiagofrances-com\/\" title=\"caminodesantiagofrances-com\"><img decoding=\"async\" style=\"max-height:75px;\" class=\"rounded-circle shadow border border-white border-width-4 p-0 mw-100 mt-n5 bg-white\" src=\"https:\/\/secure.gravatar.com\/avatar\/03aa5dc32308904f80a38258afc0335b43d4b2bec3418626e4f8712b71c3b93e?s=96&#038;d=mm&#038;r=g\" alt=\"Author Image\"><\/a><\/div><\/div><div class=\"geodir-post-title bsui sdel-caa60b10\" ><h3 class=\"geodir-entry-title  h5 \"><a href=\"https:\/\/caminodesantiagofrances.com\/en\/lo\/iglesia-de-nuestra-senora-de-purificacion-las-cabanas-de-castilla\/\" class=\"\" title=\"View: Iglesia de Nuestra Se\u00f1ora de Purificaci\u00f3n Las Caba\u00f1as de Castilla\">Iglesia de Nuestra Se\u00f1ora de Purificaci\u00f3n Las Caba\u00f1as de Castilla<\/a><\/h3><\/div><div class=\"geodir-post-content-container bsui sdel-1e477937\" ><div class=\"geodir_post_meta  text-justify pb-1 position-relative geodir-field-post_content\" >Iglesia de Nuestra Se\u00f1ora de la Purificaci\u00f3n de Las Caba\u00f1as de Castilla En el coraz\u00f3n de Tierra de Campos, dentro<\/div><\/div><\/div><div class=\"card-footer p-2  \"><div class='d-flex justify-content-between align-items-center flex-wrap'><div><\/div><div><\/div><\/div><\/div><\/div>\t<\/div>\n\t<\/div>\n\n<div class=\"col mb-4 geodir-post post-17088 gd_place type-gd_place status-publish has-post-thumbnail gd-post-pkg-1\" data-post-id=\"17088\">\n\t\t<div class=\"card h-100 p-0 m-0 mw-100  \">\n\t<div class=\"card p-0 mw-100 h-100 \"><div class=\"card-img-top overflow-hidden position-relative  \"><span class=\"bsui gd-badge-meta\"><a href=\"https:\/\/caminodesantiagofrances.com\/en\/lo\/categoria\/castillo\/\" class=\"gd-badge border-0 badge ab-bottom-left ms-1\"  data-id=\"17088\"  data-badge=\"default_category\"  data-badge-condition=\"is_not_empty\"  style=\"background-color:rgba(0,0,0,0.5);border-color:rgba(0,0,0,0.5);color:#ffffff;\"  >Castillo<\/a>\n<\/span><div class=\"geodir_post_meta gd-fav-info-wrap  gd-fav-hide-text ab-bottom-right me-1  mb-n1  me-1 mb-n1 ab-bottom-right\" >\t\t<span class=\"gd-list-favorite\">\n\t\t\t<span class=\"geodir-addtofav favorite_property_17088  h5\" aria-hidden=\"true\"><span  title=\"Add to Favourites\"  class=\"geodir-addtofav-icon c-pointer geodir-act-fav\"  data-color-on=\"#ff0000\"  data-icon=\"fas fa-heart\"  data-color-off=\"rgba(223,223,223,0.8)\"  data-text-color=\"\"  data-bs-toggle=\"tooltip\"  aria-hidden=\"true\"  onclick=\"javascript:window.location.href='https:\/\/caminodesantiagofrances.com\/en\/wp-login.php'\"  ><i class=\"fas fa-heart\"  style=\"color:rgba(223,223,223,0.8);\" ><\/i> <span class=\"geodir-fav-text gv-secondary visually-hidden\" style=\"\" aria-hidden=\"true\">Favourite<\/span><\/span>\n<\/span>\t\t<\/span>\n\t\t<\/div><div class=\"geodir-post-slider bsui sdel-03994e04\" ><div class=\"geodir-image-container geodir-image-sizes-medium_large overflow-hidden\">\n\t\t\t<div class=\"geodir-images aui-gallery geodir-images-n-1 geodir-images-image carousel-inner \">\n\t\t<div class=\"carousel-item active\"><a href='https:\/\/caminodesantiagofrances.com\/en\/lo\/castillo-las-cabanas-de-castilla\/' class='geodir-link-image embed-has-action ratio ratio-16x9 ratio ratio-16x9 d-block'><img src='data:image\/png;base64,iVBORw0KGgoAAAANSUhEUgAAAGQAAAABCAQAAACC0sM2AAAADklEQVR42mP8X88wLAAAK5IBgMYCdqgAAAAASUVORK5CYII=' data-src=\"https:\/\/caminodesantiagofrances.com\/en\/wp-content\/uploads\/sites\/3\/2025\/10\/Castillo-Las-Cabanas-de-Castilla-Camino-de-Santiago-Frances-768x403.jpg\" alt=\"Castillo Las Cabanas de Castilla Camino de Santiago Frances 768x403\" width=\"768\" height=\"403\" class=\"geodir-lazy-load align size-medium_large geodir-image-4604 embed-item-cover-xy w-100 p-0 m-0 mw-100 border-0\" data-srcset=\"https:\/\/caminodesantiagofrances.com\/en\/wp-content\/uploads\/sites\/3\/2025\/10\/Castillo-Las-Cabanas-de-Castilla-Camino-de-Santiago-Frances-768x403.jpg 768w, https:\/\/caminodesantiagofrances.com\/en\/wp-content\/uploads\/sites\/3\/2025\/10\/Castillo-Las-Cabanas-de-Castilla-Camino-de-Santiago-Frances-300x158.jpg 300w, https:\/\/caminodesantiagofrances.com\/en\/wp-content\/uploads\/sites\/3\/2025\/10\/Castillo-Las-Cabanas-de-Castilla-Camino-de-Santiago-Frances-1024x538.jpg 1024w, https:\/\/caminodesantiagofrances.com\/en\/wp-content\/uploads\/sites\/3\/2025\/10\/Castillo-Las-Cabanas-de-Castilla-Camino-de-Santiago-Frances.jpg 1200w\" sizes=\"(max-width: 768px) 100vw, 768px\" \/><i class=\"fas fa-link w-auto h-auto\" aria-hidden=\"true\"><\/i><\/a><\/div>\t\t<\/div>\n\t\t<\/div>\n<\/div><\/div><div class=\"card-body p-2  \"><div class=\"row justify-content-center gv-hide-3 gv-hide-0\"><div class=\"col col-4 text-center tofront \"><a href=\"https:\/\/caminodesantiagofrances.com\/en\/author\/caminodesantiagofrances-com\/\" title=\"caminodesantiagofrances-com\"><img decoding=\"async\" style=\"max-height:75px;\" class=\"rounded-circle shadow border border-white border-width-4 p-0 mw-100 mt-n5 bg-white\" src=\"https:\/\/secure.gravatar.com\/avatar\/03aa5dc32308904f80a38258afc0335b43d4b2bec3418626e4f8712b71c3b93e?s=96&#038;d=mm&#038;r=g\" alt=\"Author Image\"><\/a><\/div><\/div><div class=\"geodir-post-title bsui sdel-caa60b10\" ><h3 class=\"geodir-entry-title  h5 \"><a href=\"https:\/\/caminodesantiagofrances.com\/en\/lo\/castillo-las-cabanas-de-castilla\/\" class=\"\" title=\"View: Castillo Las Caba\u00f1as de Castilla\">Castillo Las Caba\u00f1as de Castilla<\/a><\/h3><\/div><div class=\"geodir-post-content-container bsui sdel-1e477937\" ><div class=\"geodir_post_meta  text-justify pb-1 position-relative geodir-field-post_content\" >Castillo de Las Caba\u00f1as de Castilla En el t\u00e9rmino de la pedann\u00eda de Las Caba\u00f1as de Castilla (Osorno la Mayor,<\/div><\/div><\/div><div class=\"card-footer p-2  \"><div class='d-flex justify-content-between align-items-center flex-wrap'><div><\/div><div><\/div><\/div><\/div><\/div>\t<\/div>\n\t<\/div>\n\t<\/div>\n\t\t<\/div>\n\t\t<\/div><\/div>\n\n\n\n<hr class=\"wp-block-separator has-alpha-channel-opacity\"\/>\n\n\n\n<h3 class=\"wp-block-heading has-text-align-center\"><strong>Castillo de Las Caba\u00f1as: la torre que vigila la llanura<\/strong><\/h3>\n\n\n\n<p class=\"wp-block-paragraph\">El <strong>castillo-torre<\/strong> de Las Caba\u00f1as se levanta <strong>exento<\/strong>, dentro de una <strong>muralla cuadrada<\/strong> sin cubos, con <strong>saeteras y troneras<\/strong> distribuidas a lo largo del per\u00edmetro. La <strong>torre<\/strong> muestra un <strong>talud poderoso<\/strong> en la base y otro m\u00e1s ligero a media altura, desde donde <strong>nacen cuatro garitas<\/strong> \u2014una por esquina\u2014 que refuerzan la lectura defensiva. La <strong>siller\u00eda de gran calidad<\/strong> reviste <strong>tapias<\/strong> de <strong>grosor excepcional<\/strong> (superior a <strong>4 m<\/strong>), signo de un se\u00f1or\u00edo con recursos y necesidad de control territorial.<\/p>\n\n\n\n<p class=\"wp-block-paragraph\">En altura, figura una <strong>b\u00f3veda ojival<\/strong> con <strong>arcos fajones<\/strong>, detalle tardog\u00f3tico que delata adecuaciones del siglo XV. En la fachada alta, <strong>cuatro escudos<\/strong> \u2014uno por lienzo\u2014 lucen las <strong>armas de los Casta\u00f1eda<\/strong>, linaje al que se asocia su construcci\u00f3n. La atribuci\u00f3n al maestro <strong>Fern\u00e1n G\u00f3mez de Mara\u00f1\u00f3n<\/strong>, activo en \u00e9poca de los Reyes Cat\u00f3licos, sit\u00faa la obra en el gran ciclo de renovaci\u00f3n fortificada del final de la Edad Media en Castilla.<\/p>\n\n\n\n<p class=\"wp-block-paragraph\"><strong>Claves de visita<\/strong><\/p>\n\n\n\n<ul class=\"wp-block-list\">\n<li><strong>Exterior<\/strong>: talud, garitas y lectura de f\u00e1bricas (siller\u00eda y tapia).<\/li>\n\n\n\n<li><strong>Huecos<\/strong>: ventanas con <strong>poyos interiores<\/strong> t\u00edpicos del siglo XV; alguna tronera remata el alf\u00e9izar.<\/li>\n\n\n\n<li><strong>Pozo interior<\/strong>: vestigio de autonom\u00eda en caso de asedio.<\/li>\n\n\n\n<li><strong>Her\u00e1ldica<\/strong>: gu\u00eda para entender patronazgos y cronolog\u00edas.<\/li>\n<\/ul>\n\n\n\n<h3 class=\"wp-block-heading has-text-align-center\"><strong>Se\u00f1or\u00edos, mayorazgos y vizcondado: Casta\u00f1eda y Riva-Herrera<\/strong><\/h3>\n\n\n\n<p class=\"wp-block-paragraph\">El se\u00f1or\u00edo de <strong>Casta\u00f1eda<\/strong> enraiza el castillo en una genealog\u00eda de gran peso pol\u00edtico. La saga enlaza con <strong>Guti\u00e9rrez Rodr\u00edguez de Asturias<\/strong> y, m\u00e1s tarde, con <strong>Diego G\u00f3mez de Casta\u00f1eda<\/strong> y sus descendientes \u2014almirantes y se\u00f1ores\u2014, protagonistas de alianzas con casas <strong>Haro, Guzm\u00e1n y Carrillo<\/strong>. Ya en la Edad Moderna, el se\u00f1or\u00edo deriv\u00f3 en el <strong>Vizcondado de Caba\u00f1as<\/strong>, vinculado a los <strong>Riva-Herrera<\/strong> y al <strong>marquesado de Villatorre<\/strong>; escudos y documentos en la <strong>iglesia<\/strong> y en casas blasonadas del entorno dan fe de esa continuidad nobiliaria.<\/p>\n\n\n\n<h4 class=\"wp-block-heading has-text-align-center\"><strong>Iglesia de Nuestra Se\u00f1ora de la Purificaci\u00f3n: g\u00f3tico rural y restauraci\u00f3n<\/strong><\/h4>\n\n\n\n<p class=\"wp-block-paragraph\">La <strong>parroquia de Nuestra Se\u00f1ora de la Purificaci\u00f3n<\/strong> (restaurada en <strong>2003<\/strong>) combina <strong>estructura g\u00f3tica<\/strong> \u2014con <strong>crucer\u00eda<\/strong> bien trazada\u2014 y una <strong>torre<\/strong> rehecha en el <strong>siglo XVIII<\/strong>, que confiere un perfil arm\u00f3nico al conjunto. En el interior se conservan elementos de <strong>devoci\u00f3n popular<\/strong> y <strong>her\u00e1ldica<\/strong> (como el escudo con <strong>calderos y castillos de los Riva-Herrera<\/strong> y <strong>roeles de los Bustamante<\/strong> en la capilla), que enlazan la historia del templo con la de sus patronos.<\/p>\n\n\n\n<p class=\"wp-block-paragraph\"><strong>Imprescindibles<\/strong><\/p>\n\n\n\n<ul class=\"wp-block-list\">\n<li><strong>Nave mayor<\/strong> con <strong>b\u00f3vedas de crucer\u00eda<\/strong> y claves visibles.<\/li>\n\n\n\n<li><strong>Torre<\/strong> dieciochesca (detalle de cornisa y vanos).<\/li>\n\n\n\n<li><strong>Piezas de culto<\/strong>: imaginer\u00eda y retablos de estratos diversos, con la huella de talleres comarcales.<\/li>\n<\/ul>\n\n\n\n<h4 class=\"wp-block-heading has-text-align-center\"><strong>Canal de Castilla: esclusa, acueductos y camino de sirga<\/strong><\/h4>\n\n\n\n<p class=\"wp-block-paragraph\">El <strong>Canal de Castilla<\/strong> es la gran columna vertebral del paisaje local. Entre Las Caba\u00f1as y Osorno se alinean obras notables:<\/p>\n\n\n\n<ul class=\"wp-block-list\">\n<li><strong>Esclusa n\u00ba 15<\/strong> (ramal norte): compuertas, tajamares y cuenco.<\/li>\n\n\n\n<li><strong>Acueducto sobre el r\u00edo Vallarna<\/strong> (camino de Osorno): una elegante obra de <strong>mamposter\u00eda<\/strong> que salva el cauce.<\/li>\n\n\n\n<li><strong>Puente de Caba\u00f1as<\/strong> y otros <strong>puentes menores<\/strong> de servicio.<\/li>\n\n\n\n<li><strong>Acueductos de arroyos menores<\/strong> (\u201c<strong>Fuente San Pedro<\/strong>\u201d, \u201c<strong>Vald\u00e9alas<\/strong>\u201d, \u201c<strong>Valdegara<\/strong>\u201d), cuyo <strong>bajo caudal<\/strong> permite <strong>pasar caminando por debajo<\/strong> del canal: un recurso \u00fanico para enlazar caminos agr\u00edcolas y sendas.<\/li>\n<\/ul>\n\n\n\n<p class=\"wp-block-paragraph\">El <strong>camino de sirga<\/strong> ofrece una ruta <strong>llana, segura y panor\u00e1mica<\/strong> para <strong>senderismo<\/strong>, <strong>BTT<\/strong> y <strong>observaci\u00f3n de aves<\/strong> (garzas, aguiluchos, milanos). Es, adem\u00e1s, el mejor hilo conductor para comprender el <strong>paisaje hidr\u00e1ulico<\/strong> de la Ilustraci\u00f3n y su relaci\u00f3n con los pueblos cerealistas.<\/p>\n\n\n\n<h3 class=\"wp-block-heading has-text-align-center\"><strong>Puentes, estaci\u00f3n y patrimonio de infraestructuras<\/strong><\/h3>\n\n\n\n<p class=\"wp-block-paragraph\">La antigua <strong>estaci\u00f3n de Las Caba\u00f1as<\/strong> \u2014hoy fuera de servicio\u2014, perteneciente a la l\u00ednea <strong>Palencia\u2013Santander<\/strong>, narra la etapa contempor\u00e1nea en la que el tren sustituy\u00f3 a la navegaci\u00f3n por el canal. El <strong>Puente del Canal<\/strong> hacia <strong>Osornillo<\/strong> y las obras anejas (arquetas, registros, compuertas) completan un itinerario t\u00e9cnico de gran inter\u00e9s para viajeros curiosos y fot\u00f3grafos.<\/p>\n\n\n\n<h3 class=\"wp-block-heading has-text-align-center\"><strong>Itinerarios recomendados para el peregrino<\/strong><\/h3>\n\n\n\n<p class=\"wp-block-paragraph\"><strong>1) Ruta hist\u00f3rica corta (3\u20134 km, circular):<\/strong><br>Plaza e <strong>iglesia<\/strong> \u2192 lectura de her\u00e1ldica en la capilla \u2192 paseo al <strong>castillo<\/strong> (exterior) \u2192 regreso por calles tradicionales con casas de adobe y siller\u00eda.<\/p>\n\n\n\n<p class=\"wp-block-paragraph\"><strong>2) Ruta del Canal y la esclusa (6\u20138 km, ida y vuelta):<\/strong><br>N\u00facleo urbano \u2192 <strong>Puente de Caba\u00f1as<\/strong> \u2192 sendero de <strong>sirga<\/strong> hasta <strong>esclusa 15<\/strong> \u2192 <strong>acueducto del Vallarna<\/strong> \u2192 regreso. Ideal al atardecer.<\/p>\n\n\n\n<h3 class=\"wp-block-heading has-text-align-center\"><strong>Naturaleza de llanura: estaciones y miradores<\/strong><\/h3>\n\n\n\n<p class=\"wp-block-paragraph\">La llanura de <strong>Tierra de Campos<\/strong> cambia de <strong>ocres<\/strong> a <strong>verdes<\/strong> seg\u00fan la estaci\u00f3n. En primavera, las vegas y cunetas florecen; en verano, el <strong>trigo dorado<\/strong> impone horizontes infinitos; en oto\u00f1o, el canal multiplica reflejos; en invierno, la luz oblicua transforma las tapias y bodegos en vol\u00famenes escult\u00f3ricos. Los <strong>sotos del Vallarna<\/strong> y los <strong>bordes del canal<\/strong> son refugio de <strong>aves esteparias<\/strong> y rapaces.<\/p>\n\n\n\n<h3 class=\"wp-block-heading has-text-align-center\">Fiestas y tradiciones Las Caba\u00f1as de Castilla<\/h3>\n\n\n\n<ul class=\"wp-block-list\">\n<li><strong>San Roque<\/strong> (alrededor del <strong>16 de agosto<\/strong>), patr\u00f3n de peregrinos: procesi\u00f3n y encuentros estivales.<\/li>\n\n\n\n<li><strong>Nuestra Se\u00f1ora del Rosario<\/strong> (primer <strong>domingo de octubre<\/strong>): sustituy\u00f3 a la fiesta original de la <strong>Purificaci\u00f3n<\/strong>; mantiene la esencia comunitaria.<\/li>\n\n\n\n<li><strong>Cultura jacobea<\/strong>: la devoci\u00f3n a San Roque y la ubicaci\u00f3n en la <strong>Carrera Francesa<\/strong> reflejan la antigua funci\u00f3n hospitalaria de la zona.<\/li>\n<\/ul>\n\n\n\n<h3 class=\"wp-block-heading has-text-align-center\"><strong>Informaci\u00f3n pr\u00e1ctica<\/strong><\/h3>\n\n\n\n<ul class=\"wp-block-list\">\n<li><strong>Accesos<\/strong>: desde <strong>A-67<\/strong> (Cantabria\u2013Meseta) o <strong>N-611<\/strong>; entronque r\u00e1pido con <strong>A-231<\/strong> (Autov\u00eda del Camino de Santiago).<\/li>\n\n\n\n<li><strong>Distancias<\/strong>: <strong>Osorno<\/strong> 5,5 km; <strong>Santillana de Campos<\/strong> 2 km; <strong>Melgar de Fernamental<\/strong> 10\u201312 km aprox.<\/li>\n\n\n\n<li><strong>Consejos<\/strong>: calzado c\u00f3modo para <strong>sirga<\/strong> y caminos agr\u00edcolas; agua en verano; respeto en visitas a templo; precauci\u00f3n en accesos privados del castillo.<\/li>\n\n\n\n<li><strong>Combinaciones<\/strong>: circuito <strong>Canal de Castilla<\/strong> + visita a <strong>Osorno la Mayor<\/strong> (Asunci\u00f3n y casco), o bajada a <strong>Melgar<\/strong> (Asunci\u00f3n, Casa Consistorial y canal).<\/li>\n<\/ul>\n\n\n\n<h3 class=\"wp-block-heading has-text-align-center\"><strong><strong>Las Caba\u00f1as de Castilla<\/strong><\/strong><\/h3>\n\n\n\n<p class=\"wp-block-paragraph\"><strong>Las Caba\u00f1as de Castilla<\/strong> concentra, en pocos kil\u00f3metros, la <strong>memoria de Roma<\/strong>, la <strong>fortaleza bajomedieval<\/strong>, la <strong>ingenier\u00eda ilustrada<\/strong> del <strong>Canal de Castilla<\/strong> y la <strong>tradici\u00f3n jacobea<\/strong> de la <strong><strong><a href=\"https:\/\/caminodesantiagofrances.com\/en\/via-aquitania\/\" data-type=\"page\" data-id=\"8270\" target=\"_blank\" rel=\"noreferrer noopener\">V\u00eda Aquitania<\/a><\/strong><\/strong>. Su <strong>castillo-torre<\/strong>, su <strong>iglesia g\u00f3tica<\/strong> y el <strong>itinerario de esclusas y acueductos<\/strong> dibujan un destino sereno y esencial para comprender c\u00f3mo la llanura castellana ha tejido, durante siglos, caminos de piedra, agua y fe. Para quien recorre el <strong><strong><a href=\"https:\/\/caminodesantiagofrances.com\/en\/\" data-type=\"page\" data-id=\"86\" target=\"_blank\" rel=\"noreferrer noopener\">Camino de Santiago Franc\u00e9s<\/a><\/strong><\/strong>, es una <strong>parada inteligente<\/strong>: patrimonio, silencio y horizonte.<\/p>\n\n\n\n<figure class=\"wp-block-table\"><table class=\"has-fixed-layout\"><tbody><tr><th>Pa\u00eds<\/th><td colspan=\"2\">Espa\u00f1a<\/td><\/tr><tr><th>Com.\u00a0aut\u00f3noma<\/th><td colspan=\"2\">Castilla y Le\u00f3n<\/td><\/tr><tr><th>Provincia<\/th><td colspan=\"2\"><strong><a href=\"https:\/\/caminodesantiagofrances.com\/en\/provincia-de-palencia\/\" data-type=\"page\" data-id=\"5597\" target=\"_blank\" rel=\"noreferrer noopener\">Provincia de Palencia<\/a><\/strong><\/td><\/tr><tr><th>Municipio<\/th><td colspan=\"2\"><strong><a href=\"https:\/\/caminodesantiagofrances.com\/en\/via-aquitania\/osorno-la-mayor\/\" data-type=\"page\" data-id=\"17014\" target=\"_blank\" rel=\"noreferrer noopener\">Osorno la Mayor<\/a><\/strong><\/td><\/tr><tr><th>Ubicaci\u00f3n<\/th><td colspan=\"2\">42\u00b021\u203212\u2033N\u00a04\u00b021\u203252\u2033O<\/td><\/tr><tr><th>Altitud<\/th><td colspan=\"2\">806&nbsp;m<\/td><\/tr><tr><th>Poblaci\u00f3n<\/th><td colspan=\"2\">16 hab.&nbsp;(2024)<\/td><\/tr><tr><th>Gentilicio<\/th><td colspan=\"2\">caba\u00f1oso \/ caba\u00f1osa<\/td><\/tr><tr><th>C\u00f3digo postal<\/th><td colspan=\"2\">34469<\/td><\/tr><\/tbody><\/table><\/figure>\n","protected":false},"excerpt":{"rendered":"<p>Las Caba\u00f1as de Castilla Las Caba\u00f1as de Castilla es una pedan\u00eda de Osorno la Mayor (Provincia de Palencia), situada en la Tierra de Campos, a 5,5 km de Osorno y a 2 km de Santillana de Campos, con acceso r\u00e1pido desde la N-611 y la A-67. Su paisaje es la llanura cerealista cl\u00e1sica, surcada por [&hellip;]<\/p>\n","protected":false},"author":1,"featured_media":0,"parent":8270,"menu_order":0,"comment_status":"closed","ping_status":"closed","template":"","meta":{"footnotes":""},"class_list":["post-17019","page","type-page","status-publish","hentry"],"_links":{"self":[{"href":"https:\/\/caminodesantiagofrances.com\/en\/wp-json\/wp\/v2\/pages\/17019","targetHints":{"allow":["GET"]}}],"collection":[{"href":"https:\/\/caminodesantiagofrances.com\/en\/wp-json\/wp\/v2\/pages"}],"about":[{"href":"https:\/\/caminodesantiagofrances.com\/en\/wp-json\/wp\/v2\/types\/page"}],"author":[{"embeddable":true,"href":"https:\/\/caminodesantiagofrances.com\/en\/wp-json\/wp\/v2\/users\/1"}],"replies":[{"embeddable":true,"href":"https:\/\/caminodesantiagofrances.com\/en\/wp-json\/wp\/v2\/comments?post=17019"}],"version-history":[{"count":0,"href":"https:\/\/caminodesantiagofrances.com\/en\/wp-json\/wp\/v2\/pages\/17019\/revisions"}],"up":[{"embeddable":true,"href":"https:\/\/caminodesantiagofrances.com\/en\/wp-json\/wp\/v2\/pages\/8270"}],"wp:attachment":[{"href":"https:\/\/caminodesantiagofrances.com\/en\/wp-json\/wp\/v2\/media?parent=17019"}],"curies":[{"name":"wp","href":"https:\/\/api.w.org\/{rel}","templated":true}]}}