{"id":17286,"date":"2026-08-30T14:07:18","date_gmt":"2026-08-30T12:07:18","guid":{"rendered":"https:\/\/caminodesantiagofrances.com\/en\/etapas\/desde-burgos\/"},"modified":"2026-09-06T03:22:15","modified_gmt":"2026-09-06T01:22:15","slug":"burgos-to-santiago-de-compostela","status":"publish","type":"page","link":"https:\/\/caminodesantiagofrances.com\/en\/stages\/burgos-to-santiago-de-compostela\/","title":{"rendered":"Burgos to Santiago de Compostela: Stages &#038; Distances"},"content":{"rendered":"\n<h2 class=\"wp-block-heading has-text-align-center\">Burgos to Santiago de Compostela: Stages, Distances &amp; How to Prepare<\/h2>\n\n\n\n<p class=\"wp-block-paragraph\">Burgos is one of the classic starting points for walking the second half of the Camino Frances: around 490 kilometres to Santiago, just over three weeks on foot. The city has a train station, a bus station and an airport with domestic flights, and the Camino Frances passes right in front of its UNESCO World Heritage cathedral. Starting here means tackling the Meseta from day one and following it straight into the mountains of Le\u00f3n and Galicia.<\/p>\n\n\n\n<p class=\"wp-block-paragraph\">From Burgos to Santiago de Compostela is 22 stages, crossing first the grain plains of Burgos and Palencia, then Le\u00f3n and the Maragater\u00eda, the Bierzo and the mountains of Galicia. With your pilgrim credential stamped daily \u2014 twice a day over the last 100 kilometres, from Sarria onward \u2014 you qualify for the Compostela. If you&#8217;d rather walk the complete Camino Frances from Saint-Jean-Pied-de-Port, see <a href=\"https:\/\/caminodesantiagofrances.com\/en\/stages\/\" data-type=\"page\" data-id=\"13174\" target=\"_blank\" rel=\"noreferrer noopener\">our guide to all 34 stages<\/a>.<\/p>\n\n\n\n<h3 class=\"wp-block-heading has-text-align-center\">The 22 Stages from Burgos to Santiago de Compostela<\/h3>\n\n\n\n<div class=\"wp-block-cp-timeline-content-timeline Cool-Content-Timeline\"><div class=\"cool-timeline-block-106b82a0-5cc4-4a52-bf56-9d8f882626d6\"><style>.cool-timeline-block-106b82a0-5cc4-4a52-bf56-9d8f882626d6 .cool-vertical-timeline-body{--ctlb-content-alignment: left;--ctlb-icon-color: #ffcc00;--ctlb-date-color: #003888;--ctlb-line-color: #003888;--ctlb-icon-bg: #003888;--ctlb-story-border-color: #ffcc00;}<\/style><div class=\"cool-vertical-timeline-body ctlb-wrapper both-sided left\"><div class=\"cool-timeline-block-list\">\n<div class=\"wp-block-cp-timeline-content-timeline-child swiper-slide\"><div class=\"timeline-content icon-true \"><div class=\"timeline-block-timeline ctl-row  position-right\"><div class=\"ctl-6 timeline-block-time\"><div class=\"story-time\"><p><strong><a href=\"https:\/\/caminodesantiagofrances.com\/en\/stages\/burgos-hornillos-del-camino\/\" data-type=\"link\" data-id=\"https:\/\/caminodesantiagofrances.com\/en\/stages\/burgos-hornillos-del-camino\/\" rel=\"noreferrer noopener\">Stage 1: Burgos \u2013 Hornillos del Camino<\/a> (19.8 km)<\/strong><\/p><\/div><\/div><div class=\"timeline-block-icon\"><span class=\"timeline-block-render-icon\" style=\"fill:white\"><div class=\"iconpicker-item\" style=\"font-size:24px;color:white;padding:2px\"><svg stroke=\"currentColor\" fill=\"currentColor\" stroke-width=\"0\" viewBox=\"0 0 448 512\" height=\"1em\" width=\"1em\" xmlns=\"http:\/\/www.w3.org\/2000\/svg\"><path d=\"M413.1 222.5l22.2 22.2c9.4 9.4 9.4 24.6 0 33.9L241 473c-9.4 9.4-24.6 9.4-33.9 0L12.7 278.6c-9.4-9.4-9.4-24.6 0-33.9l22.2-22.2c9.5-9.5 25-9.3 34.3.4L184 343.4V56c0-13.3 10.7-24 24-24h32c13.3 0 24 10.7 24 24v287.4l114.8-120.5c9.3-9.8 24.8-10 34.3-.4z\"><\/path><\/svg><\/div><\/span><\/div><div class=\"ctl-6 timeline-block-detail\"><div class=\"story-details\"><div class=\"story-content\">\n<figure class=\"wp-block-image size-full ctlb-block-image is-style-buddyx-border\"><img loading=\"lazy\" decoding=\"async\" width=\"600\" height=\"315\" src=\"https:\/\/caminodesantiagofrances.com\/en\/wp-content\/uploads\/sites\/3\/2024\/02\/Burgos-Camino-de-Santiago-Frances.jpg\" alt=\"\" class=\"wp-image-11390\" srcset=\"https:\/\/caminodesantiagofrances.com\/en\/wp-content\/uploads\/sites\/3\/2024\/02\/Burgos-Camino-de-Santiago-Frances.jpg 600w, https:\/\/caminodesantiagofrances.com\/en\/wp-content\/uploads\/sites\/3\/2024\/02\/Burgos-Camino-de-Santiago-Frances-300x158.jpg 300w\" sizes=\"auto, (max-width: 600px) 100vw, 600px\" \/><\/figure>\n\n\n\n<h3 class=\"wp-block-heading ctlb-block-title\" style=\"padding-top:0px;padding-right:0px;padding-bottom:0px;padding-left:0px\"><a href=\"https:\/\/caminodesantiagofrances.com\/en\/stages\/burgos-hornillos-del-camino\/\" data-type=\"link\" data-id=\"https:\/\/caminodesantiagofrances.com\/en\/stages\/burgos-hornillos-del-camino\/\" target=\"_blank\" rel=\"noreferrer noopener\">Stage 1: Burgos \u2013 Hornillos del Camino<\/a> (19.8 km)<\/h3>\n\n\n\n<p class=\"ctlb-block-desc wp-block-paragraph\" style=\"padding-top:0px;padding-right:0px;padding-bottom:0px;padding-left:0px\">Leaving <strong><a href=\"https:\/\/caminodesantiagofrances.com\/en\/provincia-de-burgos\/burgos\/\" data-type=\"page\" data-id=\"11386\" target=\"_blank\" rel=\"noreferrer noopener\">Burgos<\/a><\/strong>, the Camino enters the vast plains of the Meseta Central on the way to <strong><a href=\"https:\/\/caminodesantiagofrances.com\/en\/provincia-de-burgos\/hornillos-del-camino\/\" data-type=\"page\" data-id=\"11410\">Hornillos del Camino<\/a><\/strong>. This stage offers a very different landscape and experience, marked by open fields and wide horizons.<\/p>\n<\/div><\/div><\/div><\/div><\/div><\/div>\n\n\n\n<div class=\"wp-block-cp-timeline-content-timeline-child swiper-slide\"><div class=\"timeline-content icon-true \"><div class=\"timeline-block-timeline ctl-row  position-left\"><div class=\"ctl-6 timeline-block-time\"><div class=\"story-time\"><p><strong><a href=\"https:\/\/caminodesantiagofrances.com\/en\/stages\/hornillos-del-camino-castrojeriz\/\" data-type=\"link\" data-id=\"https:\/\/caminodesantiagofrances.com\/en\/stages\/hornillos-del-camino-castrojeriz\/\" rel=\"noreferrer noopener\">Stage 2: Hornillos del Camino \u2013 Castrojeriz<\/a> (20.6 km)<\/strong><\/p><\/div><\/div><div class=\"timeline-block-icon\"><span class=\"timeline-block-render-icon\" style=\"fill:white\"><div class=\"iconpicker-item\" style=\"font-size:24px;color:white;padding:2px\"><svg stroke=\"currentColor\" fill=\"currentColor\" stroke-width=\"0\" viewBox=\"0 0 448 512\" height=\"1em\" width=\"1em\" xmlns=\"http:\/\/www.w3.org\/2000\/svg\"><path d=\"M413.1 222.5l22.2 22.2c9.4 9.4 9.4 24.6 0 33.9L241 473c-9.4 9.4-24.6 9.4-33.9 0L12.7 278.6c-9.4-9.4-9.4-24.6 0-33.9l22.2-22.2c9.5-9.5 25-9.3 34.3.4L184 343.4V56c0-13.3 10.7-24 24-24h32c13.3 0 24 10.7 24 24v287.4l114.8-120.5c9.3-9.8 24.8-10 34.3-.4z\"><\/path><\/svg><\/div><\/span><\/div><div class=\"ctl-6 timeline-block-detail\"><div class=\"story-details\"><div class=\"story-content\">\n<figure class=\"wp-block-image size-full ctlb-block-image is-style-buddyx-border\"><img loading=\"lazy\" decoding=\"async\" width=\"600\" height=\"315\" src=\"https:\/\/caminodesantiagofrances.com\/en\/wp-content\/uploads\/sites\/3\/2024\/02\/Hornillos-del-Camino-Camino-de-Santiago-Frances.jpg\" alt=\"\" class=\"wp-image-11414\" srcset=\"https:\/\/caminodesantiagofrances.com\/en\/wp-content\/uploads\/sites\/3\/2024\/02\/Hornillos-del-Camino-Camino-de-Santiago-Frances.jpg 600w, https:\/\/caminodesantiagofrances.com\/en\/wp-content\/uploads\/sites\/3\/2024\/02\/Hornillos-del-Camino-Camino-de-Santiago-Frances-300x158.jpg 300w\" sizes=\"auto, (max-width: 600px) 100vw, 600px\" \/><\/figure>\n\n\n\n<h3 class=\"wp-block-heading ctlb-block-title\" style=\"padding-top:0px;padding-right:0px;padding-bottom:0px;padding-left:0px\"><a href=\"https:\/\/caminodesantiagofrances.com\/en\/stages\/hornillos-del-camino-castrojeriz\/\" data-type=\"link\" data-id=\"https:\/\/caminodesantiagofrances.com\/en\/stages\/hornillos-del-camino-castrojeriz\/\" target=\"_blank\" rel=\"noreferrer noopener\">Stage 2: Hornillos del Camino \u2013 Castrojeriz<\/a> (20.6 km)<\/h3>\n\n\n\n<p class=\"ctlb-block-desc wp-block-paragraph\" style=\"padding-top:0px;padding-right:0px;padding-bottom:0px;padding-left:0px\">Continuing across the Meseta, this stage offers quiet and a chance for introspection, with the village of <strong><a href=\"https:\/\/caminodesantiagofrances.com\/en\/provincia-de-burgos\/castrojeriz\/\" data-type=\"page\" data-id=\"11426\" target=\"_blank\" rel=\"noreferrer noopener\">Castrojeriz<\/a><\/strong> standing out for its impressive hilltop castle.<\/p>\n<\/div><\/div><\/div><\/div><\/div><\/div>\n\n\n\n<div class=\"wp-block-cp-timeline-content-timeline-child swiper-slide\"><div class=\"timeline-content icon-true \"><div class=\"timeline-block-timeline ctl-row  position-right\"><div class=\"ctl-6 timeline-block-time\"><div class=\"story-time\"><p><strong><a href=\"https:\/\/caminodesantiagofrances.com\/en\/stages\/castrojeriz-fromista\/\" data-type=\"link\" data-id=\"https:\/\/caminodesantiagofrances.com\/en\/stages\/castrojeriz-fromista\/\" rel=\"noreferrer noopener\">Stage 3: Castrojeriz \u2013 Fr\u00f3mista<\/a> (25.4 km)<\/strong><\/p><\/div><\/div><div class=\"timeline-block-icon\"><span class=\"timeline-block-render-icon\" style=\"fill:white\"><div class=\"iconpicker-item\" style=\"font-size:24px;color:white;padding:2px\"><svg stroke=\"currentColor\" fill=\"currentColor\" stroke-width=\"0\" viewBox=\"0 0 448 512\" height=\"1em\" width=\"1em\" xmlns=\"http:\/\/www.w3.org\/2000\/svg\"><path d=\"M413.1 222.5l22.2 22.2c9.4 9.4 9.4 24.6 0 33.9L241 473c-9.4 9.4-24.6 9.4-33.9 0L12.7 278.6c-9.4-9.4-9.4-24.6 0-33.9l22.2-22.2c9.5-9.5 25-9.3 34.3.4L184 343.4V56c0-13.3 10.7-24 24-24h32c13.3 0 24 10.7 24 24v287.4l114.8-120.5c9.3-9.8 24.8-10 34.3-.4z\"><\/path><\/svg><\/div><\/span><\/div><div class=\"ctl-6 timeline-block-detail\"><div class=\"story-details\"><div class=\"story-content\">\n<figure class=\"wp-block-image size-full ctlb-block-image is-style-buddyx-border\"><img loading=\"lazy\" decoding=\"async\" width=\"600\" height=\"315\" src=\"https:\/\/caminodesantiagofrances.com\/en\/wp-content\/uploads\/sites\/3\/2024\/02\/Castrojeriz-Camino-de-Santiago-Frances.jpg\" alt=\"\" class=\"wp-image-11429\" srcset=\"https:\/\/caminodesantiagofrances.com\/en\/wp-content\/uploads\/sites\/3\/2024\/02\/Castrojeriz-Camino-de-Santiago-Frances.jpg 600w, https:\/\/caminodesantiagofrances.com\/en\/wp-content\/uploads\/sites\/3\/2024\/02\/Castrojeriz-Camino-de-Santiago-Frances-300x158.jpg 300w\" sizes=\"auto, (max-width: 600px) 100vw, 600px\" \/><\/figure>\n\n\n\n<h3 class=\"wp-block-heading ctlb-block-title\" style=\"padding-top:0px;padding-right:0px;padding-bottom:0px;padding-left:0px\"><a href=\"https:\/\/caminodesantiagofrances.com\/en\/stages\/castrojeriz-fromista\/\" data-type=\"link\" data-id=\"https:\/\/caminodesantiagofrances.com\/en\/stages\/castrojeriz-fromista\/\" target=\"_blank\" rel=\"noreferrer noopener\">Stage 3: Castrojeriz \u2013 Fr\u00f3mista<\/a> (25.4 km)<\/h3>\n\n\n\n<p class=\"ctlb-block-desc wp-block-paragraph\" style=\"padding-top:0px;padding-right:0px;padding-bottom:0px;padding-left:0px\">This stage brings pilgrims to <strong><a href=\"https:\/\/caminodesantiagofrances.com\/en\/provincia-de-palencia\/fromista\/\" data-type=\"page\" data-id=\"11457\" target=\"_blank\" rel=\"noreferrer noopener\">Fr\u00f3mista<\/a><\/strong>, known for the Church of San Mart\u00edn, one of the finest examples of Romanesque architecture in Spain.<\/p>\n<\/div><\/div><\/div><\/div><\/div><\/div>\n\n\n\n<div class=\"wp-block-cp-timeline-content-timeline-child swiper-slide\"><div class=\"timeline-content icon-true \"><div class=\"timeline-block-timeline ctl-row  position-left\"><div class=\"ctl-6 timeline-block-time\"><div class=\"story-time\"><p><strong><a href=\"https:\/\/caminodesantiagofrances.com\/en\/stages\/fromista-carrion-de-los-condes\/\" data-type=\"link\" data-id=\"https:\/\/caminodesantiagofrances.com\/en\/stages\/fromista-carrion-de-los-condes\/\" rel=\"noreferrer noopener\">Stage 4: Fr\u00f3mista \u2013 Carri\u00f3n de los Condes<\/a> (19.6 km)<\/strong><\/p><\/div><\/div><div class=\"timeline-block-icon\"><span class=\"timeline-block-render-icon\" style=\"fill:white\"><div class=\"iconpicker-item\" style=\"font-size:24px;color:white;padding:2px\"><svg stroke=\"currentColor\" fill=\"currentColor\" stroke-width=\"0\" viewBox=\"0 0 448 512\" height=\"1em\" width=\"1em\" xmlns=\"http:\/\/www.w3.org\/2000\/svg\"><path d=\"M413.1 222.5l22.2 22.2c9.4 9.4 9.4 24.6 0 33.9L241 473c-9.4 9.4-24.6 9.4-33.9 0L12.7 278.6c-9.4-9.4-9.4-24.6 0-33.9l22.2-22.2c9.5-9.5 25-9.3 34.3.4L184 343.4V56c0-13.3 10.7-24 24-24h32c13.3 0 24 10.7 24 24v287.4l114.8-120.5c9.3-9.8 24.8-10 34.3-.4z\"><\/path><\/svg><\/div><\/span><\/div><div class=\"ctl-6 timeline-block-detail\"><div class=\"story-details\"><div class=\"story-content\">\n<figure class=\"wp-block-image size-full ctlb-block-image is-style-buddyx-border\"><img loading=\"lazy\" decoding=\"async\" width=\"600\" height=\"315\" src=\"https:\/\/caminodesantiagofrances.com\/en\/wp-content\/uploads\/sites\/3\/2024\/02\/Fromista-Camino-de-Santiago-Frances.jpg\" alt=\"\" class=\"wp-image-11461\" srcset=\"https:\/\/caminodesantiagofrances.com\/en\/wp-content\/uploads\/sites\/3\/2024\/02\/Fromista-Camino-de-Santiago-Frances.jpg 600w, https:\/\/caminodesantiagofrances.com\/en\/wp-content\/uploads\/sites\/3\/2024\/02\/Fromista-Camino-de-Santiago-Frances-300x158.jpg 300w\" sizes=\"auto, (max-width: 600px) 100vw, 600px\" \/><\/figure>\n\n\n\n<h3 class=\"wp-block-heading ctlb-block-title\" style=\"padding-top:0px;padding-right:0px;padding-bottom:0px;padding-left:0px\"><a href=\"https:\/\/caminodesantiagofrances.com\/en\/stages\/fromista-carrion-de-los-condes\/\" data-type=\"link\" data-id=\"https:\/\/caminodesantiagofrances.com\/en\/stages\/fromista-carrion-de-los-condes\/\" target=\"_blank\" rel=\"noreferrer noopener\">Stage 4: Fr\u00f3mista \u2013 Carri\u00f3n de los Condes<\/a> (19.6 km)<\/h3>\n\n\n\n<p class=\"ctlb-block-desc wp-block-paragraph\" style=\"padding-top:0px;padding-right:0px;padding-bottom:0px;padding-left:0px\">The route follows the <strong>Canal de Castilla<\/strong>, a change of scenery that offers a calm, flat path to <strong><a href=\"https:\/\/caminodesantiagofrances.com\/en\/provincia-de-palencia\/carrion-de-los-condes\/\" data-type=\"page\" data-id=\"11496\" target=\"_blank\" rel=\"noreferrer noopener\">Carri\u00f3n de los Condes<\/a><\/strong>, famous for its monastery and its long tradition of welcoming pilgrims.<\/p>\n<\/div><\/div><\/div><\/div><\/div><\/div>\n\n\n\n<div class=\"wp-block-cp-timeline-content-timeline-child swiper-slide\"><div class=\"timeline-content icon-true \"><div class=\"timeline-block-timeline ctl-row  position-right\"><div class=\"ctl-6 timeline-block-time\"><div class=\"story-time\"><p><strong><a href=\"https:\/\/caminodesantiagofrances.com\/en\/stages\/carrion-de-los-condes-ledigos\/\" data-type=\"link\" data-id=\"https:\/\/caminodesantiagofrances.com\/en\/stages\/carrion-de-los-condes-ledigos\/\" rel=\"noreferrer noopener\">Stage 5: Carri\u00f3n de los Condes \u2013 Ledigos<\/a> (23.4 km)<\/strong><\/p><\/div><\/div><div class=\"timeline-block-icon\"><span class=\"timeline-block-render-icon\" style=\"fill:white\"><div class=\"iconpicker-item\" style=\"font-size:24px;color:white;padding:2px\"><svg stroke=\"currentColor\" fill=\"currentColor\" stroke-width=\"0\" viewBox=\"0 0 448 512\" height=\"1em\" width=\"1em\" xmlns=\"http:\/\/www.w3.org\/2000\/svg\"><path d=\"M413.1 222.5l22.2 22.2c9.4 9.4 9.4 24.6 0 33.9L241 473c-9.4 9.4-24.6 9.4-33.9 0L12.7 278.6c-9.4-9.4-9.4-24.6 0-33.9l22.2-22.2c9.5-9.5 25-9.3 34.3.4L184 343.4V56c0-13.3 10.7-24 24-24h32c13.3 0 24 10.7 24 24v287.4l114.8-120.5c9.3-9.8 24.8-10 34.3-.4z\"><\/path><\/svg><\/div><\/span><\/div><div class=\"ctl-6 timeline-block-detail\"><div class=\"story-details\"><div class=\"story-content\">\n<figure class=\"wp-block-image size-full ctlb-block-image is-style-buddyx-border\"><img loading=\"lazy\" decoding=\"async\" width=\"600\" height=\"315\" src=\"https:\/\/caminodesantiagofrances.com\/en\/wp-content\/uploads\/sites\/3\/2024\/02\/Carrion-de-los-Condes-Camino-de-Santiago-Frances.jpg\" alt=\"\" class=\"wp-image-11492\" srcset=\"https:\/\/caminodesantiagofrances.com\/en\/wp-content\/uploads\/sites\/3\/2024\/02\/Carrion-de-los-Condes-Camino-de-Santiago-Frances.jpg 600w, https:\/\/caminodesantiagofrances.com\/en\/wp-content\/uploads\/sites\/3\/2024\/02\/Carrion-de-los-Condes-Camino-de-Santiago-Frances-300x158.jpg 300w\" sizes=\"auto, (max-width: 600px) 100vw, 600px\" \/><\/figure>\n\n\n\n<h3 class=\"wp-block-heading ctlb-block-title\" style=\"padding-top:0px;padding-right:0px;padding-bottom:0px;padding-left:0px\"><a href=\"https:\/\/caminodesantiagofrances.com\/en\/stages\/carrion-de-los-condes-ledigos\/\" data-type=\"link\" data-id=\"https:\/\/caminodesantiagofrances.com\/en\/stages\/carrion-de-los-condes-ledigos\/\" target=\"_blank\" rel=\"noreferrer noopener\">Stage 5: Carri\u00f3n de los Condes \u2013 Ledigos<\/a> (23.4 km)<\/h3>\n\n\n\n<p class=\"ctlb-block-desc wp-block-paragraph\" style=\"padding-top:0px;padding-right:0px;padding-bottom:0px;padding-left:0px\">A quiet stage along rural tracks and farm paths, taking pilgrims through small hamlets and the vast plain of the Tierra de Campos to <strong><a href=\"https:\/\/caminodesantiagofrances.com\/en\/provincia-de-palencia\/ledigos\/\" data-type=\"page\" data-id=\"11506\" target=\"_blank\" rel=\"noreferrer noopener\">Ledigos<\/a><\/strong>.<\/p>\n<\/div><\/div><\/div><\/div><\/div><\/div>\n\n\n\n<div class=\"wp-block-cp-timeline-content-timeline-child swiper-slide\"><div class=\"timeline-content icon-true \"><div class=\"timeline-block-timeline ctl-row  position-left\"><div class=\"ctl-6 timeline-block-time\"><div class=\"story-time\"><p><strong><a href=\"https:\/\/caminodesantiagofrances.com\/en\/stages\/ledigos-sahagun\/\" data-type=\"link\" data-id=\"https:\/\/caminodesantiagofrances.com\/en\/stages\/ledigos-sahagun\/\" rel=\"noreferrer noopener\">Stage 6: Ledigos \u2013 Sahag\u00fan<\/a> (16.2 km)<\/strong><\/p><\/div><\/div><div class=\"timeline-block-icon\"><span class=\"timeline-block-render-icon\" style=\"fill:white\"><div class=\"iconpicker-item\" style=\"font-size:24px;color:white;padding:2px\"><svg stroke=\"currentColor\" fill=\"currentColor\" stroke-width=\"0\" viewBox=\"0 0 448 512\" height=\"1em\" width=\"1em\" xmlns=\"http:\/\/www.w3.org\/2000\/svg\"><path d=\"M413.1 222.5l22.2 22.2c9.4 9.4 9.4 24.6 0 33.9L241 473c-9.4 9.4-24.6 9.4-33.9 0L12.7 278.6c-9.4-9.4-9.4-24.6 0-33.9l22.2-22.2c9.5-9.5 25-9.3 34.3.4L184 343.4V56c0-13.3 10.7-24 24-24h32c13.3 0 24 10.7 24 24v287.4l114.8-120.5c9.3-9.8 24.8-10 34.3-.4z\"><\/path><\/svg><\/div><\/span><\/div><div class=\"ctl-6 timeline-block-detail\"><div class=\"story-details\"><div class=\"story-content\">\n<figure class=\"wp-block-image size-full ctlb-block-image is-style-buddyx-border\"><img loading=\"lazy\" decoding=\"async\" width=\"600\" height=\"315\" src=\"https:\/\/caminodesantiagofrances.com\/en\/wp-content\/uploads\/sites\/3\/2024\/02\/Ledigos-Camino-de-Santiago-Frances.jpg\" alt=\"\" class=\"wp-image-11508\" srcset=\"https:\/\/caminodesantiagofrances.com\/en\/wp-content\/uploads\/sites\/3\/2024\/02\/Ledigos-Camino-de-Santiago-Frances.jpg 600w, https:\/\/caminodesantiagofrances.com\/en\/wp-content\/uploads\/sites\/3\/2024\/02\/Ledigos-Camino-de-Santiago-Frances-300x158.jpg 300w\" sizes=\"auto, (max-width: 600px) 100vw, 600px\" \/><\/figure>\n\n\n\n<h3 class=\"wp-block-heading ctlb-block-title\" style=\"padding-top:0px;padding-right:0px;padding-bottom:0px;padding-left:0px\"><a href=\"https:\/\/caminodesantiagofrances.com\/en\/stages\/ledigos-sahagun\/\" data-type=\"link\" data-id=\"https:\/\/caminodesantiagofrances.com\/en\/stages\/ledigos-sahagun\/\" target=\"_blank\" rel=\"noreferrer noopener\">Stage 6: Ledigos \u2013 Sahag\u00fan<\/a> (16.2 km)<\/h3>\n\n\n\n<p class=\"ctlb-block-desc wp-block-paragraph\" style=\"padding-top:0px;padding-right:0px;padding-bottom:0px;padding-left:0px\">Approaching <strong><a href=\"https:\/\/caminodesantiagofrances.com\/en\/provincia-de-leon\/sahagun\/\" data-type=\"page\" data-id=\"11537\" target=\"_blank\" rel=\"noreferrer noopener\">Sahag\u00fan<\/a><\/strong>, the Camino passes through the heart of the Tierra de Campos, known for its farmland and its deep historical and spiritual significance on the Camino de Santiago.<\/p>\n<\/div><\/div><\/div><\/div><\/div><\/div>\n\n\n\n<div class=\"wp-block-cp-timeline-content-timeline-child swiper-slide\"><div class=\"timeline-content icon-true \"><div class=\"timeline-block-timeline ctl-row  position-right\"><div class=\"ctl-6 timeline-block-time\"><div class=\"story-time\"><p><strong><a href=\"https:\/\/caminodesantiagofrances.com\/en\/stages\/sahagun-el-burgo-ranero\/\" data-type=\"link\" data-id=\"https:\/\/caminodesantiagofrances.com\/en\/stages\/sahagun-el-burgo-ranero\/\" rel=\"noreferrer noopener\">Stage 7: Sahag\u00fan \u2013 El Burgo Ranero<\/a> (17.8 km)<\/strong><\/p><\/div><\/div><div class=\"timeline-block-icon\"><span class=\"timeline-block-render-icon\" style=\"fill:white\"><div class=\"iconpicker-item\" style=\"font-size:24px;color:white;padding:2px\"><svg stroke=\"currentColor\" fill=\"currentColor\" stroke-width=\"0\" viewBox=\"0 0 448 512\" height=\"1em\" width=\"1em\" xmlns=\"http:\/\/www.w3.org\/2000\/svg\"><path d=\"M413.1 222.5l22.2 22.2c9.4 9.4 9.4 24.6 0 33.9L241 473c-9.4 9.4-24.6 9.4-33.9 0L12.7 278.6c-9.4-9.4-9.4-24.6 0-33.9l22.2-22.2c9.5-9.5 25-9.3 34.3.4L184 343.4V56c0-13.3 10.7-24 24-24h32c13.3 0 24 10.7 24 24v287.4l114.8-120.5c9.3-9.8 24.8-10 34.3-.4z\"><\/path><\/svg><\/div><\/span><\/div><div class=\"ctl-6 timeline-block-detail\"><div class=\"story-details\"><div class=\"story-content\">\n<figure class=\"wp-block-image size-full ctlb-block-image is-style-buddyx-border\"><img loading=\"lazy\" decoding=\"async\" width=\"600\" height=\"315\" src=\"https:\/\/caminodesantiagofrances.com\/en\/wp-content\/uploads\/sites\/3\/2024\/02\/Sahagun-Camino-de-Santiago-Frances.jpg\" alt=\"\" class=\"wp-image-11543\" srcset=\"https:\/\/caminodesantiagofrances.com\/en\/wp-content\/uploads\/sites\/3\/2024\/02\/Sahagun-Camino-de-Santiago-Frances.jpg 600w, https:\/\/caminodesantiagofrances.com\/en\/wp-content\/uploads\/sites\/3\/2024\/02\/Sahagun-Camino-de-Santiago-Frances-300x158.jpg 300w\" sizes=\"auto, (max-width: 600px) 100vw, 600px\" \/><\/figure>\n\n\n\n<h3 class=\"wp-block-heading ctlb-block-title\" style=\"padding-top:0px;padding-right:0px;padding-bottom:0px;padding-left:0px\"><a href=\"https:\/\/caminodesantiagofrances.com\/en\/stages\/sahagun-el-burgo-ranero\/\" data-type=\"link\" data-id=\"https:\/\/caminodesantiagofrances.com\/en\/stages\/sahagun-el-burgo-ranero\/\" target=\"_blank\" rel=\"noreferrer noopener\">Stage 7: Sahag\u00fan \u2013 El Burgo Ranero<\/a> (17.8 km)<\/h3>\n\n\n\n<p class=\"ctlb-block-desc wp-block-paragraph\" style=\"padding-top:0px;padding-right:0px;padding-bottom:0px;padding-left:0px\">This quiet stage crosses the Tierra de Campos and is known for its wide horizons and cultivated fields. <strong><a href=\"https:\/\/caminodesantiagofrances.com\/en\/provincia-de-leon\/el-burgo-ranero\/\" data-type=\"page\" data-id=\"11570\" target=\"_blank\" rel=\"noreferrer noopener\">El Burgo Ranero<\/a><\/strong> is a small village offering essential services for pilgrims and a rest at its municipal albergue.<\/p>\n<\/div><\/div><\/div><\/div><\/div><\/div>\n\n\n\n<div class=\"wp-block-cp-timeline-content-timeline-child swiper-slide\"><div class=\"timeline-content icon-true \"><div class=\"timeline-block-timeline ctl-row  position-left\"><div class=\"ctl-6 timeline-block-time\"><div class=\"story-time\"><p><strong><a href=\"https:\/\/caminodesantiagofrances.com\/en\/stages\/el-burgo-ranero-mansilla-de-las-mulas\/\" rel=\"noopener\">Stage 8: El Burgo Ranero \u2013 Mansilla de las Mulas<\/a> (18.8 km)<\/strong><\/p><\/div><\/div><div class=\"timeline-block-icon\"><span class=\"timeline-block-render-icon\" style=\"fill:white\"><div class=\"iconpicker-item\" style=\"font-size:24px;color:white;padding:2px\"><svg stroke=\"currentColor\" fill=\"currentColor\" stroke-width=\"0\" viewBox=\"0 0 448 512\" height=\"1em\" width=\"1em\" xmlns=\"http:\/\/www.w3.org\/2000\/svg\"><path d=\"M413.1 222.5l22.2 22.2c9.4 9.4 9.4 24.6 0 33.9L241 473c-9.4 9.4-24.6 9.4-33.9 0L12.7 278.6c-9.4-9.4-9.4-24.6 0-33.9l22.2-22.2c9.5-9.5 25-9.3 34.3.4L184 343.4V56c0-13.3 10.7-24 24-24h32c13.3 0 24 10.7 24 24v287.4l114.8-120.5c9.3-9.8 24.8-10 34.3-.4z\"><\/path><\/svg><\/div><\/span><\/div><div class=\"ctl-6 timeline-block-detail\"><div class=\"story-details\"><div class=\"story-content\">\n<figure class=\"wp-block-image size-full ctlb-block-image is-style-buddyx-border\"><img loading=\"lazy\" decoding=\"async\" width=\"600\" height=\"315\" src=\"https:\/\/caminodesantiagofrances.com\/en\/wp-content\/uploads\/sites\/3\/2024\/02\/El-Burgo-Ranero-Camino-de-Santiago-Frances.jpg\" alt=\"\" class=\"wp-image-11573\" srcset=\"https:\/\/caminodesantiagofrances.com\/en\/wp-content\/uploads\/sites\/3\/2024\/02\/El-Burgo-Ranero-Camino-de-Santiago-Frances.jpg 600w, https:\/\/caminodesantiagofrances.com\/en\/wp-content\/uploads\/sites\/3\/2024\/02\/El-Burgo-Ranero-Camino-de-Santiago-Frances-300x158.jpg 300w\" sizes=\"auto, (max-width: 600px) 100vw, 600px\" \/><\/figure>\n\n\n\n<h3 class=\"wp-block-heading ctlb-block-title\" style=\"padding-top:0px;padding-right:0px;padding-bottom:0px;padding-left:0px\"><a href=\"https:\/\/caminodesantiagofrances.com\/en\/stages\/el-burgo-ranero-mansilla-de-las-mulas\/\" data-type=\"link\" data-id=\"https:\/\/caminodesantiagofrances.com\/en\/stages\/el-burgo-ranero-mansilla-de-las-mulas\/\" target=\"_blank\" rel=\"noreferrer noopener\">Stage 8: El Burgo Ranero \u2013 Mansilla de las Mulas<\/a> (18.8 km)<\/h3>\n\n\n\n<p class=\"ctlb-block-desc wp-block-paragraph\" style=\"padding-top:0px;padding-right:0px;padding-bottom:0px;padding-left:0px\">Following rural tracks between cultivated fields, this stage takes pilgrims to <strong><a href=\"https:\/\/caminodesantiagofrances.com\/en\/provincia-de-leon\/mansilla-de-las-mulas\/\" data-type=\"page\" data-id=\"11583\" target=\"_blank\" rel=\"noreferrer noopener\">Mansilla de las Mulas<\/a><\/strong>, a village with notable historic heritage, including the remains of its medieval walls.<\/p>\n<\/div><\/div><\/div><\/div><\/div><\/div>\n\n\n\n<div class=\"wp-block-cp-timeline-content-timeline-child swiper-slide\"><div class=\"timeline-content icon-true \"><div class=\"timeline-block-timeline ctl-row  position-right\"><div class=\"ctl-6 timeline-block-time\"><div class=\"story-time\"><p><strong><a href=\"https:\/\/caminodesantiagofrances.com\/en\/stages\/mansilla-de-las-mulas-leon\/\" data-type=\"link\" data-id=\"https:\/\/caminodesantiagofrances.com\/en\/stages\/mansilla-de-las-mulas-leon\/\" rel=\"noreferrer noopener\">Stage 9: Mansilla de las Mulas \u2013 Le\u00f3n<\/a> (19.7 km)<\/strong><\/p><\/div><\/div><div class=\"timeline-block-icon\"><span class=\"timeline-block-render-icon\" style=\"fill:white\"><div class=\"iconpicker-item\" style=\"font-size:24px;color:white;padding:2px\"><svg stroke=\"currentColor\" fill=\"currentColor\" stroke-width=\"0\" viewBox=\"0 0 448 512\" height=\"1em\" width=\"1em\" xmlns=\"http:\/\/www.w3.org\/2000\/svg\"><path d=\"M413.1 222.5l22.2 22.2c9.4 9.4 9.4 24.6 0 33.9L241 473c-9.4 9.4-24.6 9.4-33.9 0L12.7 278.6c-9.4-9.4-9.4-24.6 0-33.9l22.2-22.2c9.5-9.5 25-9.3 34.3.4L184 343.4V56c0-13.3 10.7-24 24-24h32c13.3 0 24 10.7 24 24v287.4l114.8-120.5c9.3-9.8 24.8-10 34.3-.4z\"><\/path><\/svg><\/div><\/span><\/div><div class=\"ctl-6 timeline-block-detail\"><div class=\"story-details\"><div class=\"story-content\">\n<figure class=\"wp-block-image size-full ctlb-block-image is-style-buddyx-border\"><img loading=\"lazy\" decoding=\"async\" width=\"600\" height=\"315\" src=\"https:\/\/caminodesantiagofrances.com\/en\/wp-content\/uploads\/sites\/3\/2024\/02\/Mansilla-de-las-Mulas-Camino-de-Santiago-Frances.jpg\" alt=\"\" class=\"wp-image-11586\" srcset=\"https:\/\/caminodesantiagofrances.com\/en\/wp-content\/uploads\/sites\/3\/2024\/02\/Mansilla-de-las-Mulas-Camino-de-Santiago-Frances.jpg 600w, https:\/\/caminodesantiagofrances.com\/en\/wp-content\/uploads\/sites\/3\/2024\/02\/Mansilla-de-las-Mulas-Camino-de-Santiago-Frances-300x158.jpg 300w\" sizes=\"auto, (max-width: 600px) 100vw, 600px\" \/><\/figure>\n\n\n\n<h3 class=\"wp-block-heading ctlb-block-title\" style=\"padding-top:0px;padding-right:0px;padding-bottom:0px;padding-left:0px\"><a href=\"https:\/\/caminodesantiagofrances.com\/en\/stages\/mansilla-de-las-mulas-leon\/\" data-type=\"link\" data-id=\"https:\/\/caminodesantiagofrances.com\/en\/stages\/mansilla-de-las-mulas-leon\/\" target=\"_blank\" rel=\"noreferrer noopener\">Stage 9: Mansilla de las Mulas \u2013 Le\u00f3n<\/a> (19.7 km)<\/h3>\n\n\n\n<p class=\"ctlb-block-desc wp-block-paragraph\" style=\"padding-top:0px;padding-right:0px;padding-bottom:0px;padding-left:0px\">The stage ends in the city of <strong><a href=\"https:\/\/caminodesantiagofrances.com\/en\/provincia-de-leon\/leon\/\" data-type=\"page\" data-id=\"11614\" target=\"_blank\" rel=\"noreferrer noopener\">Le\u00f3n<\/a><\/strong>, a major landmark on the Camino with its striking Gothic cathedral and other historic monuments essential to understanding the route&#8217;s rich history.<\/p>\n<\/div><\/div><\/div><\/div><\/div><\/div>\n\n\n\n<div class=\"wp-block-cp-timeline-content-timeline-child swiper-slide\"><div class=\"timeline-content icon-true \"><div class=\"timeline-block-timeline ctl-row  position-left\"><div class=\"ctl-6 timeline-block-time\"><div class=\"story-time\"><p><strong><a href=\"https:\/\/caminodesantiagofrances.com\/en\/stages\/leon-hospital-de-orbigo\/\" data-type=\"link\" data-id=\"https:\/\/caminodesantiagofrances.com\/en\/stages\/leon-hospital-de-orbigo\/\" rel=\"noreferrer noopener\">Stage 10: Le\u00f3n \u2013 Hospital de \u00d3rbigo<\/a> (30.6 km)<\/strong><\/p><\/div><\/div><div class=\"timeline-block-icon\"><span class=\"timeline-block-render-icon\" style=\"fill:white\"><div class=\"iconpicker-item\" style=\"font-size:24px;color:white;padding:2px\"><svg stroke=\"currentColor\" fill=\"currentColor\" stroke-width=\"0\" viewBox=\"0 0 448 512\" height=\"1em\" width=\"1em\" xmlns=\"http:\/\/www.w3.org\/2000\/svg\"><path d=\"M413.1 222.5l22.2 22.2c9.4 9.4 9.4 24.6 0 33.9L241 473c-9.4 9.4-24.6 9.4-33.9 0L12.7 278.6c-9.4-9.4-9.4-24.6 0-33.9l22.2-22.2c9.5-9.5 25-9.3 34.3.4L184 343.4V56c0-13.3 10.7-24 24-24h32c13.3 0 24 10.7 24 24v287.4l114.8-120.5c9.3-9.8 24.8-10 34.3-.4z\"><\/path><\/svg><\/div><\/span><\/div><div class=\"ctl-6 timeline-block-detail\"><div class=\"story-details\"><div class=\"story-content\">\n<figure class=\"wp-block-image size-large ctlb-block-image is-style-buddyx-border\"><img loading=\"lazy\" decoding=\"async\" width=\"1024\" height=\"538\" src=\"https:\/\/caminodesantiagofrances.com\/en\/wp-content\/uploads\/sites\/3\/2024\/02\/Leon-Camino-de-Santiago-Frances-1024x538.jpg\" alt=\"\" class=\"wp-image-12372\" srcset=\"https:\/\/caminodesantiagofrances.com\/en\/wp-content\/uploads\/sites\/3\/2024\/02\/Leon-Camino-de-Santiago-Frances-1024x538.jpg 1024w, https:\/\/caminodesantiagofrances.com\/en\/wp-content\/uploads\/sites\/3\/2024\/02\/Leon-Camino-de-Santiago-Frances-300x158.jpg 300w, https:\/\/caminodesantiagofrances.com\/en\/wp-content\/uploads\/sites\/3\/2024\/02\/Leon-Camino-de-Santiago-Frances-768x403.jpg 768w, https:\/\/caminodesantiagofrances.com\/en\/wp-content\/uploads\/sites\/3\/2024\/02\/Leon-Camino-de-Santiago-Frances.jpg 1200w\" sizes=\"auto, (max-width: 1024px) 100vw, 1024px\" \/><\/figure>\n\n\n\n<h3 class=\"wp-block-heading ctlb-block-title\" style=\"padding-top:0px;padding-right:0px;padding-bottom:0px;padding-left:0px\"><a href=\"https:\/\/caminodesantiagofrances.com\/en\/stages\/leon-hospital-de-orbigo\/\" data-type=\"link\" data-id=\"https:\/\/caminodesantiagofrances.com\/en\/stages\/leon-hospital-de-orbigo\/\" target=\"_blank\" rel=\"noreferrer noopener\">Stage 10: Le\u00f3n \u2013 Hospital de \u00d3rbigo<\/a> (30.6 km)<\/h3>\n\n\n\n<p class=\"ctlb-block-desc wp-block-paragraph\" style=\"padding-top:0px;padding-right:0px;padding-bottom:0px;padding-left:0px\">Leaving <strong><a href=\"https:\/\/caminodesantiagofrances.com\/en\/provincia-de-leon\/leon\/\" data-type=\"page\" data-id=\"11614\" target=\"_blank\" rel=\"noreferrer noopener\">Le\u00f3n<\/a><\/strong> behind, pilgrims cross the Roman bridge at <strong><a href=\"https:\/\/caminodesantiagofrances.com\/en\/provincia-de-leon\/hospital-de-orbigo\/\" data-type=\"page\" data-id=\"11667\">Hospital de \u00d3rbigo<\/a><\/strong>, one of the longest and best-preserved of its kind in Spain.<\/p>\n<\/div><\/div><\/div><\/div><\/div><\/div>\n\n\n\n<div class=\"wp-block-cp-timeline-content-timeline-child swiper-slide\"><div class=\"timeline-content icon-true \"><div class=\"timeline-block-timeline ctl-row  position-right\"><div class=\"ctl-6 timeline-block-time\"><div class=\"story-time\"><p><strong><a href=\"https:\/\/caminodesantiagofrances.com\/en\/stages\/hospital-de-orbigo-astorga\/\" data-type=\"link\" data-id=\"https:\/\/caminodesantiagofrances.com\/en\/stages\/hospital-de-orbigo-astorga\/\" rel=\"noreferrer noopener\">Stage 11: Hospital de \u00d3rbigo \u2013 Astorga<\/a> (16.7 km)<\/strong><\/p><\/div><\/div><div class=\"timeline-block-icon\"><span class=\"timeline-block-render-icon\" style=\"fill:white\"><div class=\"iconpicker-item\" style=\"font-size:24px;color:white;padding:2px\"><svg stroke=\"currentColor\" fill=\"currentColor\" stroke-width=\"0\" viewBox=\"0 0 448 512\" height=\"1em\" width=\"1em\" xmlns=\"http:\/\/www.w3.org\/2000\/svg\"><path d=\"M413.1 222.5l22.2 22.2c9.4 9.4 9.4 24.6 0 33.9L241 473c-9.4 9.4-24.6 9.4-33.9 0L12.7 278.6c-9.4-9.4-9.4-24.6 0-33.9l22.2-22.2c9.5-9.5 25-9.3 34.3.4L184 343.4V56c0-13.3 10.7-24 24-24h32c13.3 0 24 10.7 24 24v287.4l114.8-120.5c9.3-9.8 24.8-10 34.3-.4z\"><\/path><\/svg><\/div><\/span><\/div><div class=\"ctl-6 timeline-block-detail\"><div class=\"story-details\"><div class=\"story-content\">\n<figure class=\"wp-block-image size-full ctlb-block-image is-style-buddyx-border\"><img loading=\"lazy\" decoding=\"async\" width=\"600\" height=\"315\" src=\"https:\/\/caminodesantiagofrances.com\/en\/wp-content\/uploads\/sites\/3\/2024\/02\/Hospital-de-Orbigo-Camino-de-Santiago-Frances.jpg\" alt=\"\" class=\"wp-image-11665\" srcset=\"https:\/\/caminodesantiagofrances.com\/en\/wp-content\/uploads\/sites\/3\/2024\/02\/Hospital-de-Orbigo-Camino-de-Santiago-Frances.jpg 600w, https:\/\/caminodesantiagofrances.com\/en\/wp-content\/uploads\/sites\/3\/2024\/02\/Hospital-de-Orbigo-Camino-de-Santiago-Frances-300x158.jpg 300w\" sizes=\"auto, (max-width: 600px) 100vw, 600px\" \/><\/figure>\n\n\n\n<h3 class=\"wp-block-heading ctlb-block-title\" style=\"padding-top:0px;padding-right:0px;padding-bottom:0px;padding-left:0px\"><a href=\"https:\/\/caminodesantiagofrances.com\/en\/stages\/hospital-de-orbigo-astorga\/\" data-type=\"link\" data-id=\"https:\/\/caminodesantiagofrances.com\/en\/stages\/hospital-de-orbigo-astorga\/\" target=\"_blank\" rel=\"noreferrer noopener\">Stage 11: Hospital de \u00d3rbigo \u2013 Astorga<\/a> (16.7 km)<\/h3>\n\n\n\n<p class=\"ctlb-block-desc wp-block-paragraph\" style=\"padding-top:0px;padding-right:0px;padding-bottom:0px;padding-left:0px\">This short but meaningful stage ends in <strong><a href=\"https:\/\/caminodesantiagofrances.com\/en\/provincia-de-leon\/astorga\/\" data-type=\"page\" data-id=\"11695\" target=\"_blank\" rel=\"noreferrer noopener\">Astorga<\/a><\/strong>, where you can visit the cathedral and the famous Episcopal Palace designed by Antoni Gaud\u00ed.<\/p>\n<\/div><\/div><\/div><\/div><\/div><\/div>\n\n\n\n<div class=\"wp-block-cp-timeline-content-timeline-child swiper-slide\"><div class=\"timeline-content icon-true \"><div class=\"timeline-block-timeline ctl-row  position-left\"><div class=\"ctl-6 timeline-block-time\"><div class=\"story-time\"><p><strong><a href=\"https:\/\/caminodesantiagofrances.com\/en\/stages\/astorga-rabanal-del-camino\/\" data-type=\"link\" data-id=\"https:\/\/caminodesantiagofrances.com\/en\/stages\/astorga-rabanal-del-camino\/\" rel=\"noreferrer noopener\">Stage 12: Astorga \u2013 Rabanal del Camino<\/a> (21.2 km)<\/strong><\/p><\/div><\/div><div class=\"timeline-block-icon\"><span class=\"timeline-block-render-icon\" style=\"fill:white\"><div class=\"iconpicker-item\" style=\"font-size:24px;color:white;padding:2px\"><svg stroke=\"currentColor\" fill=\"currentColor\" stroke-width=\"0\" viewBox=\"0 0 448 512\" height=\"1em\" width=\"1em\" xmlns=\"http:\/\/www.w3.org\/2000\/svg\"><path d=\"M413.1 222.5l22.2 22.2c9.4 9.4 9.4 24.6 0 33.9L241 473c-9.4 9.4-24.6 9.4-33.9 0L12.7 278.6c-9.4-9.4-9.4-24.6 0-33.9l22.2-22.2c9.5-9.5 25-9.3 34.3.4L184 343.4V56c0-13.3 10.7-24 24-24h32c13.3 0 24 10.7 24 24v287.4l114.8-120.5c9.3-9.8 24.8-10 34.3-.4z\"><\/path><\/svg><\/div><\/span><\/div><div class=\"ctl-6 timeline-block-detail\"><div class=\"story-details\"><div class=\"story-content\">\n<figure class=\"wp-block-image size-full ctlb-block-image is-style-buddyx-border\"><img loading=\"lazy\" decoding=\"async\" width=\"600\" height=\"315\" src=\"https:\/\/caminodesantiagofrances.com\/en\/wp-content\/uploads\/sites\/3\/2024\/02\/Astorga-Camino-de-Santiago-Frances.jpg\" alt=\"\" class=\"wp-image-11699\" srcset=\"https:\/\/caminodesantiagofrances.com\/en\/wp-content\/uploads\/sites\/3\/2024\/02\/Astorga-Camino-de-Santiago-Frances.jpg 600w, https:\/\/caminodesantiagofrances.com\/en\/wp-content\/uploads\/sites\/3\/2024\/02\/Astorga-Camino-de-Santiago-Frances-300x158.jpg 300w\" sizes=\"auto, (max-width: 600px) 100vw, 600px\" \/><\/figure>\n\n\n\n<h3 class=\"wp-block-heading ctlb-block-title\" style=\"padding-top:0px;padding-right:0px;padding-bottom:0px;padding-left:0px\"><a href=\"https:\/\/caminodesantiagofrances.com\/en\/stages\/astorga-rabanal-del-camino\/\" data-type=\"link\" data-id=\"https:\/\/caminodesantiagofrances.com\/en\/stages\/astorga-rabanal-del-camino\/\" target=\"_blank\" rel=\"noreferrer noopener\">Stage 12: Astorga \u2013 Rabanal del Camino<\/a> (21.2 km)<\/h3>\n\n\n\n<p class=\"ctlb-block-desc wp-block-paragraph\" style=\"padding-top:0px;padding-right:0px;padding-bottom:0px;padding-left:0px\">The route starts to climb gently as it nears the mountains of the <strong><a href=\"https:\/\/caminodesantiagofrances.com\/en\/provincia-de-leon\/\" data-type=\"page\" data-id=\"6006\" target=\"_blank\" rel=\"noreferrer noopener\">Le\u00f3n Province<\/a><\/strong>. <strong><a href=\"https:\/\/caminodesantiagofrances.com\/en\/provincia-de-leon\/rabanal-del-camino\/\" data-type=\"page\" data-id=\"11732\" target=\"_blank\" rel=\"noreferrer noopener\">Rabanal del Camino<\/a><\/strong> is a traditional village that serves as a resting point before the more demanding mountain stages ahead.<\/p>\n<\/div><\/div><\/div><\/div><\/div><\/div>\n\n\n\n<div class=\"wp-block-cp-timeline-content-timeline-child swiper-slide\"><div class=\"timeline-content icon-true \"><div class=\"timeline-block-timeline ctl-row  position-right\"><div class=\"ctl-6 timeline-block-time\"><div class=\"story-time\"><p><strong><a href=\"https:\/\/caminodesantiagofrances.com\/en\/stages\/rabanal-del-camino-ponferrada\/\" data-type=\"link\" data-id=\"https:\/\/caminodesantiagofrances.com\/en\/stages\/rabanal-del-camino-ponferrada\/\" rel=\"noreferrer noopener\">Stage 13: Rabanal del Camino \u2013 Ponferrada<\/a> (35.2 km)<\/strong><\/p><\/div><\/div><div class=\"timeline-block-icon\"><span class=\"timeline-block-render-icon\" style=\"fill:white\"><div class=\"iconpicker-item\" style=\"font-size:24px;color:white;padding:2px\"><svg stroke=\"currentColor\" fill=\"currentColor\" stroke-width=\"0\" viewBox=\"0 0 448 512\" height=\"1em\" width=\"1em\" xmlns=\"http:\/\/www.w3.org\/2000\/svg\"><path d=\"M413.1 222.5l22.2 22.2c9.4 9.4 9.4 24.6 0 33.9L241 473c-9.4 9.4-24.6 9.4-33.9 0L12.7 278.6c-9.4-9.4-9.4-24.6 0-33.9l22.2-22.2c9.5-9.5 25-9.3 34.3.4L184 343.4V56c0-13.3 10.7-24 24-24h32c13.3 0 24 10.7 24 24v287.4l114.8-120.5c9.3-9.8 24.8-10 34.3-.4z\"><\/path><\/svg><\/div><\/span><\/div><div class=\"ctl-6 timeline-block-detail\"><div class=\"story-details\"><div class=\"story-content\">\n<figure class=\"wp-block-image size-full ctlb-block-image is-style-buddyx-border\"><img loading=\"lazy\" decoding=\"async\" width=\"600\" height=\"315\" src=\"https:\/\/caminodesantiagofrances.com\/en\/wp-content\/uploads\/sites\/3\/2024\/02\/Rabanal-del-Camino-Camino-de-Santiago-Frances.jpg\" alt=\"\" class=\"wp-image-11736\" srcset=\"https:\/\/caminodesantiagofrances.com\/en\/wp-content\/uploads\/sites\/3\/2024\/02\/Rabanal-del-Camino-Camino-de-Santiago-Frances.jpg 600w, https:\/\/caminodesantiagofrances.com\/en\/wp-content\/uploads\/sites\/3\/2024\/02\/Rabanal-del-Camino-Camino-de-Santiago-Frances-300x158.jpg 300w\" sizes=\"auto, (max-width: 600px) 100vw, 600px\" \/><\/figure>\n\n\n\n<h3 class=\"wp-block-heading ctlb-block-title\" style=\"padding-top:0px;padding-right:0px;padding-bottom:0px;padding-left:0px\"><a href=\"https:\/\/caminodesantiagofrances.com\/en\/stages\/rabanal-del-camino-ponferrada\/\" data-type=\"link\" data-id=\"https:\/\/caminodesantiagofrances.com\/en\/stages\/rabanal-del-camino-ponferrada\/\" target=\"_blank\" rel=\"noreferrer noopener\">Stage 13: Rabanal del Camino \u2013 Ponferrada<\/a> (35.2 km)<\/h3>\n\n\n\n<p class=\"ctlb-block-desc wp-block-paragraph\" style=\"padding-top:0px;padding-right:0px;padding-bottom:0px;padding-left:0px\">This is one of the most challenging yet most spectacular stretches, crossing the <strong>Cruz de Ferro<\/strong>, an iconic spot where pilgrims traditionally leave a stone brought from home. The stage ends in <strong><a href=\"https:\/\/caminodesantiagofrances.com\/en\/provincia-de-leon\/ponferrada\/\" data-type=\"page\" data-id=\"11776\" target=\"_blank\" rel=\"noreferrer noopener\">Ponferrada<\/a><\/strong>, famous for its Templar castle.<\/p>\n<\/div><\/div><\/div><\/div><\/div><\/div>\n\n\n\n<div class=\"wp-block-cp-timeline-content-timeline-child swiper-slide\"><div class=\"timeline-content icon-true \"><div class=\"timeline-block-timeline ctl-row  position-left\"><div class=\"ctl-6 timeline-block-time\"><div class=\"story-time\"><p><strong><a href=\"https:\/\/caminodesantiagofrances.com\/en\/stages\/ponferrada-villafranca-del-bierzo\/\" data-type=\"link\" data-id=\"https:\/\/caminodesantiagofrances.com\/en\/stages\/ponferrada-villafranca-del-bierzo\/\" rel=\"noreferrer noopener\">Stage 14: Ponferrada \u2013 Villafranca del Bierzo<\/a> (24.2 km)<\/strong><\/p><\/div><\/div><div class=\"timeline-block-icon\"><span class=\"timeline-block-render-icon\" style=\"fill:white\"><div class=\"iconpicker-item\" style=\"font-size:24px;color:white;padding:2px\"><svg stroke=\"currentColor\" fill=\"currentColor\" stroke-width=\"0\" viewBox=\"0 0 448 512\" height=\"1em\" width=\"1em\" xmlns=\"http:\/\/www.w3.org\/2000\/svg\"><path d=\"M413.1 222.5l22.2 22.2c9.4 9.4 9.4 24.6 0 33.9L241 473c-9.4 9.4-24.6 9.4-33.9 0L12.7 278.6c-9.4-9.4-9.4-24.6 0-33.9l22.2-22.2c9.5-9.5 25-9.3 34.3.4L184 343.4V56c0-13.3 10.7-24 24-24h32c13.3 0 24 10.7 24 24v287.4l114.8-120.5c9.3-9.8 24.8-10 34.3-.4z\"><\/path><\/svg><\/div><\/span><\/div><div class=\"ctl-6 timeline-block-detail\"><div class=\"story-details\"><div class=\"story-content\">\n<figure class=\"wp-block-image size-full ctlb-block-image is-style-buddyx-border\"><img loading=\"lazy\" decoding=\"async\" width=\"600\" height=\"315\" src=\"https:\/\/caminodesantiagofrances.com\/en\/wp-content\/uploads\/sites\/3\/2024\/02\/Ponferrada-Camino-de-Santiago-Frances.jpg\" alt=\"\" class=\"wp-image-11779\" srcset=\"https:\/\/caminodesantiagofrances.com\/en\/wp-content\/uploads\/sites\/3\/2024\/02\/Ponferrada-Camino-de-Santiago-Frances.jpg 600w, https:\/\/caminodesantiagofrances.com\/en\/wp-content\/uploads\/sites\/3\/2024\/02\/Ponferrada-Camino-de-Santiago-Frances-300x158.jpg 300w\" sizes=\"auto, (max-width: 600px) 100vw, 600px\" \/><\/figure>\n\n\n\n<h3 class=\"wp-block-heading ctlb-block-title\" style=\"padding-top:0px;padding-right:0px;padding-bottom:0px;padding-left:0px\"><a href=\"https:\/\/caminodesantiagofrances.com\/en\/stages\/ponferrada-villafranca-del-bierzo\/\" data-type=\"link\" data-id=\"https:\/\/caminodesantiagofrances.com\/en\/stages\/ponferrada-villafranca-del-bierzo\/\" target=\"_blank\" rel=\"noreferrer noopener\">Stage 14: Ponferrada \u2013 Villafranca del Bierzo<\/a> (24.2 km)<\/h3>\n\n\n\n<p class=\"ctlb-block-desc wp-block-paragraph\" style=\"padding-top:0px;padding-right:0px;padding-bottom:0px;padding-left:0px\">This part of the Camino offers striking views over the vineyards of the Bierzo and ends in <strong><a href=\"https:\/\/caminodesantiagofrances.com\/en\/provincia-de-leon\/villafranca-del-bierzo\/\" data-type=\"page\" data-id=\"11816\" target=\"_blank\" rel=\"noreferrer noopener\">Villafranca del Bierzo<\/a><\/strong>, a place of historic significance for pilgrims who were unable to continue on to the <strong><a href=\"https:\/\/caminodesantiagofrances.com\/en\/sitio\/catedral-de-santiago\/\" data-type=\"gd_place\" data-id=\"12591\" target=\"_blank\" rel=\"noreferrer noopener\">Cathedral of Santiago<\/a><\/strong>.<\/p>\n<\/div><\/div><\/div><\/div><\/div><\/div>\n\n\n\n<div class=\"wp-block-cp-timeline-content-timeline-child swiper-slide\"><div class=\"timeline-content icon-true \"><div class=\"timeline-block-timeline ctl-row  position-right\"><div class=\"ctl-6 timeline-block-time\"><div class=\"story-time\"><p><strong><a href=\"https:\/\/caminodesantiagofrances.com\/en\/stages\/villafranca-del-bierzo-o-cebreiro\/\" data-type=\"link\" data-id=\"https:\/\/caminodesantiagofrances.com\/en\/stages\/villafranca-del-bierzo-o-cebreiro\/\" rel=\"noreferrer noopener\">Stage 15: Villafranca del Bierzo \u2013 O Cebreiro<\/a> (27.8 km)<\/strong><\/p><\/div><\/div><div class=\"timeline-block-icon\"><span class=\"timeline-block-render-icon\" style=\"fill:white\"><div class=\"iconpicker-item\" style=\"font-size:24px;color:white;padding:2px\"><svg stroke=\"currentColor\" fill=\"currentColor\" stroke-width=\"0\" viewBox=\"0 0 448 512\" height=\"1em\" width=\"1em\" xmlns=\"http:\/\/www.w3.org\/2000\/svg\"><path d=\"M413.1 222.5l22.2 22.2c9.4 9.4 9.4 24.6 0 33.9L241 473c-9.4 9.4-24.6 9.4-33.9 0L12.7 278.6c-9.4-9.4-9.4-24.6 0-33.9l22.2-22.2c9.5-9.5 25-9.3 34.3.4L184 343.4V56c0-13.3 10.7-24 24-24h32c13.3 0 24 10.7 24 24v287.4l114.8-120.5c9.3-9.8 24.8-10 34.3-.4z\"><\/path><\/svg><\/div><\/span><\/div><div class=\"ctl-6 timeline-block-detail\"><div class=\"story-details\"><div class=\"story-content\">\n<figure class=\"wp-block-image size-full ctlb-block-image is-style-buddyx-border\"><img loading=\"lazy\" decoding=\"async\" width=\"600\" height=\"315\" src=\"https:\/\/caminodesantiagofrances.com\/en\/wp-content\/uploads\/sites\/3\/2024\/02\/Villafranca-del-Bierzo-Camino-de-Santiago-Frances.jpg\" alt=\"\" class=\"wp-image-11819\" srcset=\"https:\/\/caminodesantiagofrances.com\/en\/wp-content\/uploads\/sites\/3\/2024\/02\/Villafranca-del-Bierzo-Camino-de-Santiago-Frances.jpg 600w, https:\/\/caminodesantiagofrances.com\/en\/wp-content\/uploads\/sites\/3\/2024\/02\/Villafranca-del-Bierzo-Camino-de-Santiago-Frances-300x158.jpg 300w\" sizes=\"auto, (max-width: 600px) 100vw, 600px\" \/><\/figure>\n\n\n\n<h3 class=\"wp-block-heading ctlb-block-title\" style=\"padding-top:0px;padding-right:0px;padding-bottom:0px;padding-left:0px\"><a href=\"https:\/\/caminodesantiagofrances.com\/en\/stages\/villafranca-del-bierzo-o-cebreiro\/\" data-type=\"link\" data-id=\"https:\/\/caminodesantiagofrances.com\/en\/stages\/villafranca-del-bierzo-o-cebreiro\/\" target=\"_blank\" rel=\"noreferrer noopener\">Stage 15: Villafranca del Bierzo \u2013 O Cebreiro<\/a> (27.8 km)<\/h3>\n\n\n\n<p class=\"ctlb-block-desc wp-block-paragraph\" style=\"padding-top:0px;padding-right:0px;padding-bottom:0px;padding-left:0px\">Climbing out of the Bierzo into Galicia, this stage marks a shift in landscape and culture, ending in the mystical village of <strong><a href=\"https:\/\/caminodesantiagofrances.com\/en\/provincia-de-lugo\/o-cebreiro\/\" data-type=\"page\" data-id=\"11939\" target=\"_blank\" rel=\"noreferrer noopener\">O Cebreiro<\/a><\/strong>, known for its church and its traditional stone pallozas.<\/p>\n<\/div><\/div><\/div><\/div><\/div><\/div>\n\n\n\n<div class=\"wp-block-cp-timeline-content-timeline-child swiper-slide\"><div class=\"timeline-content icon-true \"><div class=\"timeline-block-timeline ctl-row  position-left\"><div class=\"ctl-6 timeline-block-time\"><div class=\"story-time\"><p><strong><a href=\"https:\/\/caminodesantiagofrances.com\/en\/stages\/o-cebreiro-triacastela\/\" data-type=\"link\" data-id=\"https:\/\/caminodesantiagofrances.com\/en\/stages\/o-cebreiro-triacastela\/\" rel=\"noreferrer noopener\">Stage 16: O Cebreiro \u2013 Triacastela<\/a> (21.7 km)<\/strong><\/p><\/div><\/div><div class=\"timeline-block-icon\"><span class=\"timeline-block-render-icon\" style=\"fill:white\"><div class=\"iconpicker-item\" style=\"font-size:24px;color:white;padding:2px\"><svg stroke=\"currentColor\" fill=\"currentColor\" stroke-width=\"0\" viewBox=\"0 0 448 512\" height=\"1em\" width=\"1em\" xmlns=\"http:\/\/www.w3.org\/2000\/svg\"><path d=\"M413.1 222.5l22.2 22.2c9.4 9.4 9.4 24.6 0 33.9L241 473c-9.4 9.4-24.6 9.4-33.9 0L12.7 278.6c-9.4-9.4-9.4-24.6 0-33.9l22.2-22.2c9.5-9.5 25-9.3 34.3.4L184 343.4V56c0-13.3 10.7-24 24-24h32c13.3 0 24 10.7 24 24v287.4l114.8-120.5c9.3-9.8 24.8-10 34.3-.4z\"><\/path><\/svg><\/div><\/span><\/div><div class=\"ctl-6 timeline-block-detail\"><div class=\"story-details\"><div class=\"story-content\">\n<figure class=\"wp-block-image size-full ctlb-block-image is-style-buddyx-border\"><img loading=\"lazy\" decoding=\"async\" width=\"600\" height=\"315\" src=\"https:\/\/caminodesantiagofrances.com\/en\/wp-content\/uploads\/sites\/3\/2024\/02\/O-Cebreiro-Camino-de-Santiago-Frances.jpg\" alt=\"\" class=\"wp-image-11945\" srcset=\"https:\/\/caminodesantiagofrances.com\/en\/wp-content\/uploads\/sites\/3\/2024\/02\/O-Cebreiro-Camino-de-Santiago-Frances.jpg 600w, https:\/\/caminodesantiagofrances.com\/en\/wp-content\/uploads\/sites\/3\/2024\/02\/O-Cebreiro-Camino-de-Santiago-Frances-300x158.jpg 300w\" sizes=\"auto, (max-width: 600px) 100vw, 600px\" \/><\/figure>\n\n\n\n<h3 class=\"wp-block-heading ctlb-block-title\" style=\"padding-top:0px;padding-right:0px;padding-bottom:0px;padding-left:0px\"><a href=\"https:\/\/caminodesantiagofrances.com\/en\/stages\/o-cebreiro-triacastela\/\" data-type=\"link\" data-id=\"https:\/\/caminodesantiagofrances.com\/en\/stages\/o-cebreiro-triacastela\/\" target=\"_blank\" rel=\"noreferrer noopener\">Stage 16: O Cebreiro \u2013 Triacastela<\/a> (21.7 km)<\/h3>\n\n\n\n<p class=\"ctlb-block-desc wp-block-paragraph\" style=\"padding-top:0px;padding-right:0px;padding-bottom:0px;padding-left:0px\">Crossing the Galician mountains, this stage offers spectacular scenery and brings pilgrims to Triacastela, where the mountain route ends and the descent toward Santiago begins.<\/p>\n<\/div><\/div><\/div><\/div><\/div><\/div>\n\n\n\n<div class=\"wp-block-cp-timeline-content-timeline-child swiper-slide\"><div class=\"timeline-content icon-true \"><div class=\"timeline-block-timeline ctl-row  position-right\"><div class=\"ctl-6 timeline-block-time\"><div class=\"story-time\"><p><strong><a href=\"https:\/\/caminodesantiagofrances.com\/en\/stages\/triacastela-sarria\/\" data-type=\"link\" data-id=\"https:\/\/caminodesantiagofrances.com\/en\/stages\/triacastela-sarria\/\" rel=\"noreferrer noopener\">Stage 17: Triacastela \u2013 Sarria<\/a> (18.4 km)<\/strong><\/p><\/div><\/div><div class=\"timeline-block-icon\"><span class=\"timeline-block-render-icon\" style=\"fill:white\"><div class=\"iconpicker-item\" style=\"font-size:24px;color:white;padding:2px\"><svg stroke=\"currentColor\" fill=\"currentColor\" stroke-width=\"0\" viewBox=\"0 0 448 512\" height=\"1em\" width=\"1em\" xmlns=\"http:\/\/www.w3.org\/2000\/svg\"><path d=\"M413.1 222.5l22.2 22.2c9.4 9.4 9.4 24.6 0 33.9L241 473c-9.4 9.4-24.6 9.4-33.9 0L12.7 278.6c-9.4-9.4-9.4-24.6 0-33.9l22.2-22.2c9.5-9.5 25-9.3 34.3.4L184 343.4V56c0-13.3 10.7-24 24-24h32c13.3 0 24 10.7 24 24v287.4l114.8-120.5c9.3-9.8 24.8-10 34.3-.4z\"><\/path><\/svg><\/div><\/span><\/div><div class=\"ctl-6 timeline-block-detail\"><div class=\"story-details\"><div class=\"story-content\">\n<figure class=\"wp-block-image size-full ctlb-block-image is-style-buddyx-border\"><img loading=\"lazy\" decoding=\"async\" width=\"600\" height=\"315\" src=\"https:\/\/caminodesantiagofrances.com\/en\/wp-content\/uploads\/sites\/3\/2024\/02\/Triacastela-Camino-de-Santiago-Frances.jpg\" alt=\"\" class=\"wp-image-12094\" srcset=\"https:\/\/caminodesantiagofrances.com\/en\/wp-content\/uploads\/sites\/3\/2024\/02\/Triacastela-Camino-de-Santiago-Frances.jpg 600w, https:\/\/caminodesantiagofrances.com\/en\/wp-content\/uploads\/sites\/3\/2024\/02\/Triacastela-Camino-de-Santiago-Frances-300x158.jpg 300w\" sizes=\"auto, (max-width: 600px) 100vw, 600px\" \/><\/figure>\n\n\n\n<h3 class=\"wp-block-heading ctlb-block-title\" style=\"padding-top:0px;padding-right:0px;padding-bottom:0px;padding-left:0px\"><a href=\"https:\/\/caminodesantiagofrances.com\/en\/stages\/triacastela-sarria\/\" data-type=\"link\" data-id=\"https:\/\/caminodesantiagofrances.com\/en\/stages\/triacastela-sarria\/\" target=\"_blank\" rel=\"noreferrer noopener\">Stage 17: Triacastela \u2013 Sarria<\/a> (18.4 km)<\/h3>\n\n\n\n<p class=\"ctlb-block-desc wp-block-paragraph\" style=\"padding-top:0px;padding-right:0px;padding-bottom:0px;padding-left:0px\">This stage lets pilgrims choose between two routes: one passing through <strong><a href=\"https:\/\/caminodesantiagofrances.com\/en\/provincia-de-lugo\/samos\/\" data-type=\"page\" data-id=\"12121\" target=\"_blank\" rel=\"noreferrer noopener\">Samos<\/a><\/strong> and its ancient monastery, or the more direct path to <strong><a href=\"https:\/\/caminodesantiagofrances.com\/en\/provincia-de-lugo\/sarria\/\" data-type=\"page\" data-id=\"12131\" target=\"_blank\" rel=\"noreferrer noopener\">Sarria<\/a><\/strong>, the starting point for many pilgrims because of the minimum distance required to earn the Compostela.<\/p>\n<\/div><\/div><\/div><\/div><\/div><\/div>\n\n\n\n<div class=\"wp-block-cp-timeline-content-timeline-child swiper-slide\"><div class=\"timeline-content icon-true \"><div class=\"timeline-block-timeline ctl-row  position-left\"><div class=\"ctl-6 timeline-block-time\"><div class=\"story-time\"><p><strong><a href=\"https:\/\/caminodesantiagofrances.com\/en\/stages\/sarria-portomarin\/\" data-type=\"link\" data-id=\"https:\/\/caminodesantiagofrances.com\/en\/stages\/sarria-portomarin\/\" rel=\"noreferrer noopener\">Stage 18: Sarria \u2013 Portomar\u00edn<\/a> (22.4 km)<\/strong><\/p><\/div><\/div><div class=\"timeline-block-icon\"><span class=\"timeline-block-render-icon\" style=\"fill:white\"><div class=\"iconpicker-item\" style=\"font-size:24px;color:white;padding:2px\"><svg stroke=\"currentColor\" fill=\"currentColor\" stroke-width=\"0\" viewBox=\"0 0 448 512\" height=\"1em\" width=\"1em\" xmlns=\"http:\/\/www.w3.org\/2000\/svg\"><path d=\"M413.1 222.5l22.2 22.2c9.4 9.4 9.4 24.6 0 33.9L241 473c-9.4 9.4-24.6 9.4-33.9 0L12.7 278.6c-9.4-9.4-9.4-24.6 0-33.9l22.2-22.2c9.5-9.5 25-9.3 34.3.4L184 343.4V56c0-13.3 10.7-24 24-24h32c13.3 0 24 10.7 24 24v287.4l114.8-120.5c9.3-9.8 24.8-10 34.3-.4z\"><\/path><\/svg><\/div><\/span><\/div><div class=\"ctl-6 timeline-block-detail\"><div class=\"story-details\"><div class=\"story-content\">\n<figure class=\"wp-block-image size-full ctlb-block-image is-style-buddyx-border\"><img loading=\"lazy\" decoding=\"async\" width=\"600\" height=\"315\" src=\"https:\/\/caminodesantiagofrances.com\/en\/wp-content\/uploads\/sites\/3\/2024\/02\/Sarria-Camino-de-Santiago-Frances.jpg\" alt=\"\" class=\"wp-image-12096\" srcset=\"https:\/\/caminodesantiagofrances.com\/en\/wp-content\/uploads\/sites\/3\/2024\/02\/Sarria-Camino-de-Santiago-Frances.jpg 600w, https:\/\/caminodesantiagofrances.com\/en\/wp-content\/uploads\/sites\/3\/2024\/02\/Sarria-Camino-de-Santiago-Frances-300x158.jpg 300w\" sizes=\"auto, (max-width: 600px) 100vw, 600px\" \/><\/figure>\n\n\n\n<h3 class=\"wp-block-heading ctlb-block-title\" style=\"padding-top:0px;padding-right:0px;padding-bottom:0px;padding-left:0px\"><a href=\"https:\/\/caminodesantiagofrances.com\/en\/stages\/sarria-portomarin\/\" data-type=\"link\" data-id=\"https:\/\/caminodesantiagofrances.com\/en\/stages\/sarria-portomarin\/\" target=\"_blank\" rel=\"noreferrer noopener\">Stage 18: Sarria \u2013 Portomar\u00edn<\/a> (22.4 km)<\/h3>\n\n\n\n<p class=\"ctlb-block-desc wp-block-paragraph\" style=\"padding-top:0px;padding-right:0px;padding-bottom:0px;padding-left:0px\">Desde <strong><a href=\"https:\/\/caminodesantiagofrances.com\/en\/provincia-de-lugo\/sarria\/\" data-type=\"page\" data-id=\"12131\" target=\"_blank\" rel=\"noreferrer noopener\">Sarria<\/a><\/strong>, the Camino runs through rural landscapes and small hamlets to <strong><a href=\"https:\/\/caminodesantiagofrances.com\/en\/provincia-de-lugo\/portomarin\/\" data-type=\"page\" data-id=\"12192\" target=\"_blank\" rel=\"noreferrer noopener\">Portomar\u00edn<\/a><\/strong>, known for its <strong>Church of San Nicol\u00e1s<\/strong>, moved stone by stone when the old village was flooded to build a reservoir.<\/p>\n<\/div><\/div><\/div><\/div><\/div><\/div>\n\n\n\n<div class=\"wp-block-cp-timeline-content-timeline-child swiper-slide\"><div class=\"timeline-content icon-true \"><div class=\"timeline-block-timeline ctl-row  position-right\"><div class=\"ctl-6 timeline-block-time\"><div class=\"story-time\"><p><strong><a href=\"https:\/\/caminodesantiagofrances.com\/en\/stages\/portomarin-palas-de-rei\/\" data-type=\"link\" data-id=\"https:\/\/caminodesantiagofrances.com\/en\/stages\/portomarin-palas-de-rei\/\" rel=\"noreferrer noopener\">Stage 19: Portomar\u00edn \u2013 Palas de Rei<\/a> (24.8 km)<\/strong><\/p><\/div><\/div><div class=\"timeline-block-icon\"><span class=\"timeline-block-render-icon\" style=\"fill:white\"><div class=\"iconpicker-item\" style=\"font-size:24px;color:white;padding:2px\"><svg stroke=\"currentColor\" fill=\"currentColor\" stroke-width=\"0\" viewBox=\"0 0 448 512\" height=\"1em\" width=\"1em\" xmlns=\"http:\/\/www.w3.org\/2000\/svg\"><path d=\"M413.1 222.5l22.2 22.2c9.4 9.4 9.4 24.6 0 33.9L241 473c-9.4 9.4-24.6 9.4-33.9 0L12.7 278.6c-9.4-9.4-9.4-24.6 0-33.9l22.2-22.2c9.5-9.5 25-9.3 34.3.4L184 343.4V56c0-13.3 10.7-24 24-24h32c13.3 0 24 10.7 24 24v287.4l114.8-120.5c9.3-9.8 24.8-10 34.3-.4z\"><\/path><\/svg><\/div><\/span><\/div><div class=\"ctl-6 timeline-block-detail\"><div class=\"story-details\"><div class=\"story-content\">\n<figure class=\"wp-block-image size-full ctlb-block-image is-style-buddyx-border\"><img loading=\"lazy\" decoding=\"async\" width=\"600\" height=\"315\" src=\"https:\/\/caminodesantiagofrances.com\/en\/wp-content\/uploads\/sites\/3\/2024\/02\/Portomarin-Camino-de-Santiago-Frances.jpg\" alt=\"\" class=\"wp-image-12016\" srcset=\"https:\/\/caminodesantiagofrances.com\/en\/wp-content\/uploads\/sites\/3\/2024\/02\/Portomarin-Camino-de-Santiago-Frances.jpg 600w, https:\/\/caminodesantiagofrances.com\/en\/wp-content\/uploads\/sites\/3\/2024\/02\/Portomarin-Camino-de-Santiago-Frances-300x158.jpg 300w\" sizes=\"auto, (max-width: 600px) 100vw, 600px\" \/><\/figure>\n\n\n\n<h3 class=\"wp-block-heading ctlb-block-title\" style=\"padding-top:0px;padding-right:0px;padding-bottom:0px;padding-left:0px\"><a href=\"https:\/\/caminodesantiagofrances.com\/en\/stages\/portomarin-palas-de-rei\/\" data-type=\"link\" data-id=\"https:\/\/caminodesantiagofrances.com\/en\/stages\/portomarin-palas-de-rei\/\" target=\"_blank\" rel=\"noreferrer noopener\">Stage 19: Portomar\u00edn \u2013 Palas de Rei<\/a> (24.8 km)<\/h3>\n\n\n\n<p class=\"ctlb-block-desc wp-block-paragraph\" style=\"padding-top:0px;padding-right:0px;padding-bottom:0px;padding-left:0px\">The Camino continues over gentle hills and eucalyptus woodland, with the village of <strong><a href=\"https:\/\/caminodesantiagofrances.com\/en\/provincia-de-lugo\/palas-de-rei\/\" data-type=\"page\" data-id=\"12239\" target=\"_blank\" rel=\"noreferrer noopener\">Palas de Rei<\/a><\/strong> offering a welcoming rest before the final stages of the route.<\/p>\n<\/div><\/div><\/div><\/div><\/div><\/div>\n\n\n\n<div class=\"wp-block-cp-timeline-content-timeline-child swiper-slide\"><div class=\"timeline-content icon-true \"><div class=\"timeline-block-timeline ctl-row  position-left\"><div class=\"ctl-6 timeline-block-time\"><div class=\"story-time\"><p><strong><a href=\"https:\/\/caminodesantiagofrances.com\/en\/stages\/palas-de-rei-arzua\/\" data-type=\"link\" data-id=\"https:\/\/caminodesantiagofrances.com\/en\/stages\/palas-de-rei-arzua\/\" rel=\"noreferrer noopener\">Stage 20: Palas de Rei \u2013 Arz\u00faa<\/a> (28.5 km)<\/strong><\/p><\/div><\/div><div class=\"timeline-block-icon\"><span class=\"timeline-block-render-icon\" style=\"fill:white\"><div class=\"iconpicker-item\" style=\"font-size:24px;color:white;padding:2px\"><svg stroke=\"currentColor\" fill=\"currentColor\" stroke-width=\"0\" viewBox=\"0 0 448 512\" height=\"1em\" width=\"1em\" xmlns=\"http:\/\/www.w3.org\/2000\/svg\"><path d=\"M413.1 222.5l22.2 22.2c9.4 9.4 9.4 24.6 0 33.9L241 473c-9.4 9.4-24.6 9.4-33.9 0L12.7 278.6c-9.4-9.4-9.4-24.6 0-33.9l22.2-22.2c9.5-9.5 25-9.3 34.3.4L184 343.4V56c0-13.3 10.7-24 24-24h32c13.3 0 24 10.7 24 24v287.4l114.8-120.5c9.3-9.8 24.8-10 34.3-.4z\"><\/path><\/svg><\/div><\/span><\/div><div class=\"ctl-6 timeline-block-detail\"><div class=\"story-details\"><div class=\"story-content\">\n<figure class=\"wp-block-image size-full ctlb-block-image is-style-buddyx-border\"><img loading=\"lazy\" decoding=\"async\" width=\"600\" height=\"315\" src=\"https:\/\/caminodesantiagofrances.com\/en\/wp-content\/uploads\/sites\/3\/2024\/02\/Palas-de-Rei-Camino-de-Santiago-Frances.jpg\" alt=\"\" class=\"wp-image-12042\" srcset=\"https:\/\/caminodesantiagofrances.com\/en\/wp-content\/uploads\/sites\/3\/2024\/02\/Palas-de-Rei-Camino-de-Santiago-Frances.jpg 600w, https:\/\/caminodesantiagofrances.com\/en\/wp-content\/uploads\/sites\/3\/2024\/02\/Palas-de-Rei-Camino-de-Santiago-Frances-300x158.jpg 300w\" sizes=\"auto, (max-width: 600px) 100vw, 600px\" \/><\/figure>\n\n\n\n<h3 class=\"wp-block-heading ctlb-block-title\" style=\"padding-top:0px;padding-right:0px;padding-bottom:0px;padding-left:0px\"><a href=\"https:\/\/caminodesantiagofrances.com\/en\/stages\/palas-de-rei-arzua\/\" data-type=\"link\" data-id=\"https:\/\/caminodesantiagofrances.com\/en\/stages\/palas-de-rei-arzua\/\" target=\"_blank\" rel=\"noreferrer noopener\">Stage 20: Palas de Rei \u2013 Arz\u00faa<\/a> (28.5 km)<\/h3>\n\n\n\n<p class=\"ctlb-block-desc wp-block-paragraph\" style=\"padding-top:0px;padding-right:0px;padding-bottom:0px;padding-left:0px\">Linking <strong><a href=\"https:\/\/caminodesantiagofrances.com\/en\/provincia-de-lugo\/\" data-type=\"page\" data-id=\"6065\" target=\"_blank\" rel=\"noreferrer noopener\">Lugo Province<\/a><\/strong> y <strong><a href=\"https:\/\/caminodesantiagofrances.com\/en\/provincia-a-coruna\/\" data-type=\"page\" data-id=\"6221\" target=\"_blank\" rel=\"noreferrer noopener\">A Coru\u00f1a Province<\/a><\/strong>, this stage connects with the Camino del Norte and continues through green, fertile countryside to <strong><a href=\"https:\/\/caminodesantiagofrances.com\/en\/provincia-a-coruna\/arzua\/\" data-type=\"page\" data-id=\"12606\" target=\"_blank\" rel=\"noreferrer noopener\">Arz\u00faa<\/a><\/strong>, well known for its local cheese.<\/p>\n<\/div><\/div><\/div><\/div><\/div><\/div>\n\n\n\n<div class=\"wp-block-cp-timeline-content-timeline-child swiper-slide\"><div class=\"timeline-content icon-true \"><div class=\"timeline-block-timeline ctl-row  position-right\"><div class=\"ctl-6 timeline-block-time\"><div class=\"story-time\"><p><strong><a href=\"https:\/\/caminodesantiagofrances.com\/en\/stages\/arzua-o-pedrouzo\/\" data-type=\"link\" data-id=\"https:\/\/caminodesantiagofrances.com\/en\/stages\/arzua-o-pedrouzo\/\" rel=\"noreferrer noopener\">Stage 21: Arz\u00faa \u2013 O Pedrouzo<\/a> (19.3 km)<\/strong><\/p><\/div><\/div><div class=\"timeline-block-icon\"><span class=\"timeline-block-render-icon\" style=\"fill:white\"><div class=\"iconpicker-item\" style=\"font-size:24px;color:white;padding:2px\"><svg stroke=\"currentColor\" fill=\"currentColor\" stroke-width=\"0\" viewBox=\"0 0 448 512\" height=\"1em\" width=\"1em\" xmlns=\"http:\/\/www.w3.org\/2000\/svg\"><path d=\"M413.1 222.5l22.2 22.2c9.4 9.4 9.4 24.6 0 33.9L241 473c-9.4 9.4-24.6 9.4-33.9 0L12.7 278.6c-9.4-9.4-9.4-24.6 0-33.9l22.2-22.2c9.5-9.5 25-9.3 34.3.4L184 343.4V56c0-13.3 10.7-24 24-24h32c13.3 0 24 10.7 24 24v287.4l114.8-120.5c9.3-9.8 24.8-10 34.3-.4z\"><\/path><\/svg><\/div><\/span><\/div><div class=\"ctl-6 timeline-block-detail\"><div class=\"story-details\"><div class=\"story-content\">\n<figure class=\"wp-block-image size-full ctlb-block-image is-style-buddyx-border\"><img loading=\"lazy\" decoding=\"async\" width=\"600\" height=\"315\" src=\"https:\/\/caminodesantiagofrances.com\/en\/wp-content\/uploads\/sites\/3\/2024\/02\/Arzua-Camino-de-Santiago-Frances.jpg\" alt=\"\" class=\"wp-image-12525\" srcset=\"https:\/\/caminodesantiagofrances.com\/en\/wp-content\/uploads\/sites\/3\/2024\/02\/Arzua-Camino-de-Santiago-Frances.jpg 600w, https:\/\/caminodesantiagofrances.com\/en\/wp-content\/uploads\/sites\/3\/2024\/02\/Arzua-Camino-de-Santiago-Frances-300x158.jpg 300w\" sizes=\"auto, (max-width: 600px) 100vw, 600px\" \/><\/figure>\n\n\n\n<h3 class=\"wp-block-heading ctlb-block-title\" style=\"padding-top:0px;padding-right:0px;padding-bottom:0px;padding-left:0px\"><a href=\"https:\/\/caminodesantiagofrances.com\/en\/stages\/arzua-o-pedrouzo\/\" data-type=\"link\" data-id=\"https:\/\/caminodesantiagofrances.com\/en\/stages\/arzua-o-pedrouzo\/\" target=\"_blank\" rel=\"noreferrer noopener\">Stage 21: Arz\u00faa \u2013 O Pedrouzo<\/a> (19.3 km)<\/h3>\n\n\n\n<p class=\"ctlb-block-desc wp-block-paragraph\" style=\"padding-top:0px;padding-right:0px;padding-bottom:0px;padding-left:0px\">One of the final stages, passing through woods and meadows to the town of <strong><a href=\"https:\/\/caminodesantiagofrances.com\/en\/provincia-a-coruna\/o-pedrouzo\/\" data-type=\"page\" data-id=\"12616\" target=\"_blank\" rel=\"noreferrer noopener\">O Pedrouzo<\/a><\/strong>, getting pilgrims ready for their arrival in Santiago.<\/p>\n<\/div><\/div><\/div><\/div><\/div><\/div>\n\n\n\n<div class=\"wp-block-cp-timeline-content-timeline-child swiper-slide\"><div class=\"timeline-content icon-true \"><div class=\"timeline-block-timeline ctl-row  position-left\"><div class=\"ctl-6 timeline-block-time\"><div class=\"story-time\"><p><strong><a href=\"https:\/\/caminodesantiagofrances.com\/en\/stages\/o-pedrouzo-santiago-de-compostela\/\" data-type=\"link\" data-id=\"https:\/\/caminodesantiagofrances.com\/en\/stages\/o-pedrouzo-santiago-de-compostela\/\" rel=\"noreferrer noopener\">Stage 22: O Pedrouzo \u2013 Santiago de Compostela<\/a> (20 km)<\/strong><\/p><\/div><\/div><div class=\"timeline-block-icon\"><span class=\"timeline-block-render-icon\" style=\"fill:white\"><div class=\"iconpicker-item\" style=\"font-size:24px;color:white;padding:2px\"><svg stroke=\"currentColor\" fill=\"currentColor\" stroke-width=\"0\" viewBox=\"0 0 448 512\" height=\"1em\" width=\"1em\" xmlns=\"http:\/\/www.w3.org\/2000\/svg\"><path d=\"M413.1 222.5l22.2 22.2c9.4 9.4 9.4 24.6 0 33.9L241 473c-9.4 9.4-24.6 9.4-33.9 0L12.7 278.6c-9.4-9.4-9.4-24.6 0-33.9l22.2-22.2c9.5-9.5 25-9.3 34.3.4L184 343.4V56c0-13.3 10.7-24 24-24h32c13.3 0 24 10.7 24 24v287.4l114.8-120.5c9.3-9.8 24.8-10 34.3-.4z\"><\/path><\/svg><\/div><\/span><\/div><div class=\"ctl-6 timeline-block-detail\"><div class=\"story-details\"><div class=\"story-content\">\n<figure class=\"wp-block-image size-full ctlb-block-image is-style-buddyx-border\"><img loading=\"lazy\" decoding=\"async\" width=\"600\" height=\"315\" src=\"https:\/\/caminodesantiagofrances.com\/en\/wp-content\/uploads\/sites\/3\/2024\/02\/O-Pedrouzo-Camino-de-Santiago-Frances.jpg\" alt=\"\" class=\"wp-image-12526\" srcset=\"https:\/\/caminodesantiagofrances.com\/en\/wp-content\/uploads\/sites\/3\/2024\/02\/O-Pedrouzo-Camino-de-Santiago-Frances.jpg 600w, https:\/\/caminodesantiagofrances.com\/en\/wp-content\/uploads\/sites\/3\/2024\/02\/O-Pedrouzo-Camino-de-Santiago-Frances-300x158.jpg 300w\" sizes=\"auto, (max-width: 600px) 100vw, 600px\" \/><\/figure>\n\n\n\n<h3 class=\"wp-block-heading ctlb-block-title\" style=\"padding-top:0px;padding-right:0px;padding-bottom:0px;padding-left:0px\"><a href=\"https:\/\/caminodesantiagofrances.com\/en\/stages\/o-pedrouzo-santiago-de-compostela\/\" data-type=\"link\" data-id=\"https:\/\/caminodesantiagofrances.com\/en\/stages\/o-pedrouzo-santiago-de-compostela\/\" target=\"_blank\" rel=\"noreferrer noopener\">Stage 22: O Pedrouzo \u2013 Santiago de Compostela<\/a> (20 km)<\/h3>\n\n\n\n<p class=\"ctlb-block-desc wp-block-paragraph\" style=\"padding-top:0px;padding-right:0px;padding-bottom:0px;padding-left:0px\">The exciting finish of the Camino Frances, where <strong><a href=\"https:\/\/caminodesantiagofrances.com\/en\/peregrinos\/\" data-type=\"page\" data-id=\"5880\">pilgrims<\/a><\/strong> cross <strong>Monte do Gozo<\/strong> before reaching the <strong><a href=\"https:\/\/caminodesantiagofrances.com\/en\/sitio\/catedral-de-santiago\/\" data-type=\"gd_place\" data-id=\"12591\" target=\"_blank\" rel=\"noreferrer noopener\">Cathedral of Santiago<\/a><\/strong> in the city of <strong><a href=\"https:\/\/caminodesantiagofrances.com\/en\/provincia-a-coruna\/santiago-de-compostela\/\" data-type=\"page\" data-id=\"12306\" target=\"_blank\" rel=\"noreferrer noopener\">Santiago de Compostela<\/a><\/strong>, a culminating moment of celebration and spiritual reflection.<\/p>\n<\/div><\/div><\/div><\/div><\/div><\/div>\n<\/div><\/div><\/div><\/div>\n\n\n\n<h3 class=\"wp-block-heading has-text-align-center\">What the Camino from Burgos Is Like, Stage by Stage<\/h3>\n\n\n\n<p class=\"wp-block-paragraph\">After leaving Burgos, the Camino heads into the Meseta: Hornillos del Camino, Castrojeriz with its hilltop castle, the Canal de Castilla at Fr\u00f3mista, and the Romanesque churches of Palencia, Carri\u00f3n de los Condes, and the long, straight Roman road to Sahag\u00fan. Past Le\u00f3n, the route climbs to Astorga, crosses the Cruz de Ferro \u2014 the highest point on the Camino Frances \u2014 and descends into the Bierzo, with Ponferrada and its Templar castle. The last big effort is the climb to O Cebreiro; from there, five stages through rural Galicia lead to the Obradoiro square.<\/p>\n\n\n\n<p class=\"wp-block-paragraph\"><a href=\"https:\/\/caminodesantiagofrances.com\/en\/provincia-de-burgos\/burgos\/\" data-type=\"page\" data-id=\"11386\" target=\"_blank\" rel=\"noreferrer noopener\">Burgos<\/a> has a large municipal albergue by the river and every service you need; you can get your pilgrim credential at the cathedral itself or at the albergues. The first stage, to Hornillos del Camino, is a comfortable 20 kilometres \u2014 a gentle way to ease into the Meseta.<\/p>\n\n\n","protected":false},"excerpt":{"rendered":"<p>Burgos to Santiago de Compostela: Stages, Distances &amp; How to Prepare Burgos is one of the classic starting points for walking the second half of the Camino Frances: around 490 kilometres to Santiago, just over three weeks on foot. The city has a train station, a bus station and an airport with domestic flights, and [&hellip;]<\/p>\n","protected":false},"author":1,"featured_media":0,"parent":13174,"menu_order":0,"comment_status":"closed","ping_status":"closed","template":"","meta":{"footnotes":""},"class_list":["post-17286","page","type-page","status-publish","hentry"],"_links":{"self":[{"href":"https:\/\/caminodesantiagofrances.com\/en\/wp-json\/wp\/v2\/pages\/17286","targetHints":{"allow":["GET"]}}],"collection":[{"href":"https:\/\/caminodesantiagofrances.com\/en\/wp-json\/wp\/v2\/pages"}],"about":[{"href":"https:\/\/caminodesantiagofrances.com\/en\/wp-json\/wp\/v2\/types\/page"}],"author":[{"embeddable":true,"href":"https:\/\/caminodesantiagofrances.com\/en\/wp-json\/wp\/v2\/users\/1"}],"replies":[{"embeddable":true,"href":"https:\/\/caminodesantiagofrances.com\/en\/wp-json\/wp\/v2\/comments?post=17286"}],"version-history":[{"count":0,"href":"https:\/\/caminodesantiagofrances.com\/en\/wp-json\/wp\/v2\/pages\/17286\/revisions"}],"up":[{"embeddable":true,"href":"https:\/\/caminodesantiagofrances.com\/en\/wp-json\/wp\/v2\/pages\/13174"}],"wp:attachment":[{"href":"https:\/\/caminodesantiagofrances.com\/en\/wp-json\/wp\/v2\/media?parent=17286"}],"curies":[{"name":"wp","href":"https:\/\/api.w.org\/{rel}","templated":true}]}}