{"id":5597,"date":"2022-10-06T21:12:33","date_gmt":"2022-10-06T21:12:33","guid":{"rendered":"https:\/\/prueba.caminodesantiagofrances.com\/en\/?page_id=5597"},"modified":"2025-12-25T22:02:18","modified_gmt":"2025-12-25T21:02:18","slug":"provincia-de-palencia","status":"publish","type":"page","link":"https:\/\/caminodesantiagofrances.com\/en\/provincia-de-palencia\/","title":{"rendered":"Provincia de Palencia"},"content":{"rendered":"\n<h2 class=\"wp-block-heading has-text-align-center\">Camino de Santiago Franc\u00e9s en la Provincia de Palencia<\/h2>\n\n\n\n<hr class=\"wp-block-separator has-alpha-channel-opacity\"\/>\n\n\n\n<div class=\"wp-block-geodirectory-geodir-widget-map\"><div class=\"geodir-wgt-map bsui sdel-49978f25\" ><!--START geodir-map-wrap-->\n<div class=\"geodir-map-wrap geodir-directory-map-wrap 100 425px overflow-hidden\">\n\t<div id=\"catcher_gd_map_canvas_directory\"><\/div>\n\t<!--START stick_trigger_container-->\n\t<div class=\"stick_trigger_container bsui\">\n\t\t<div class=\"trigger_sticky triggeroff_sticky mt-n5 btn btn-secondary me-n2 me-n2 c-pointer\" style=\"display: none;\">\n\t\t\t<i class=\"fas fa-map-marked-alt\"><\/i>\n\t\t\t<i class=\"fas fa-angle-right\"><\/i>\n\t\t<\/div>\n\t\t<!--end of stick trigger container-->\n\t\t<div class=\"geodir_map_container gd_map_canvas_directory bsui position-relative mw-100\"\n\t\t     id=\"sticky_map_gd_map_canvas_directory\"\n\t\t     style=\"width:100%;min-height:425px;\">\n\t\t\t<!--END map_background-->\n\t\t\t<div class=\"map_background\">\n\t\t\t\t<div class=\"top_banner_section_in clearfix\">\n\t\t\t\t\t<div class=\"gd_map_canvas_directory_TopLeft TopLeft position-absolute bg-white text-muted rounded-sm rounded-1 shadow-sm m-2 px-1 py-1 h5 c-pointer\" style=\"z-index: 3;\">\n\t\t\t\t\t\t<span class=\"triggermap\" id=\"gd_map_canvas_directory_triggermap\">\n\t\t\t\t\t\t\t<i class=\"fas fa-expand-arrows-alt fa-fw fa-width-fixed\" aria-hidden=\"true\"><\/i>\n\t\t\t\t\t\t\t<i class=\"fas fa-compress-arrows-alt fa-fw fa-width-fixed d-none\" aria-hidden=\"true\"><\/i>\n\t\t\t\t\t\t<\/span>\n\t\t\t\t\t<\/div>\n\t\t\t\t\t<div class=\"gd_map_canvas_directory_TopRight TopRight\"><\/div>\n\t\t\t\t\t<div id=\"gd_map_canvas_directory_wrapper\" class=\"main_map_wrapper\" style=\"height:425px;width:100%;\">\n\t\t\t\t\t\t<div class=\"iprelative position-relative\">\n\t\t\t\t\t\t\t<div id=\"gd_map_canvas_directory\" class=\"geodir-map-canvas\" data-map-type=\"directory\" data-map-canvas=\"gd_map_canvas_directory\" style=\"height:425px;width:100%;z-index: 0;\" ><\/div>\n\t\t\t\t\t\t\t<div id=\"gd_map_canvas_directory_loading_div\" class=\"loading_div overlay overlay-black position-absolute row m-0\" style=\"height:425px;width:100%;top:0;z-index: 2;\">\n\t\t\t\t\t\t\t\t<div class=\"spinner-border mx-auto align-self-center text-white\" role=\"status\">\n\t\t\t\t\t\t\t\t\t<span class=\"visually-hidden\">Loading&#8230;<\/span>\n\t\t\t\t\t\t\t\t<\/div>\n\t\t\t\t\t\t\t<\/div>\n\t\t\t\t\t\t\t<div id=\"gd_map_canvas_directory_map_nofound\"\n\t\t\t\t\t\t\t     class=\"advmap_nofound position-absolute row m-0 z-index-1\"\n\t\t\t\t\t\t\t     style=\"display:none;transform: translate(-50%, -50%);top:50%;left:50%;opacity: .85;pointer-events: none;\">\n\t\t\t\t\t\t\t\t<div class=\"alert alert-info text-center mx-auto align-self-center shadow-lg mb-0\">\n\t\t\t\t\t\t\t\t\t<div class='h3 alert-heading'>No Records Found<\/div><p> Sorry, no records were found. Please adjust your search criteria and try again.<\/p>\t\t\t\t\t\t\t\t<\/div>\n\t\t\t\t\t\t\t<\/div>\n\t\t\t\t\t\t\t<div id=\"gd_map_canvas_directory_map_notloaded\"\n\t\t\t\t\t\t\t     class=\"advmap_notloaded position-absolute row m-0 z-index-1\"\n\t\t\t\t\t\t\t     style=\"display:none;transform: translate(-50%, -50%);top:50%;left:50%;opacity: .85;pointer-events: none;\">\n\t\t\t\t\t\t\t\t<div class=\"alert alert-danger text-center mx-auto align-self-center shadow-lg mb-0\">\n\t\t\t\t\t\t\t\t\t<div class='h3 alert-heading'>Maps failed to load<\/div><p> Sorry, unable to load the Maps API.<\/p>\t\t\t\t\t\t\t\t<\/div>\n\t\t\t\t\t\t\t<\/div>\n\t\t\t\t\t\t<\/div>\n\t\t\t\t\t<\/div>\n\t\t\t\t\t<div class=\"gd_map_canvas_directory_BottomLeft BottomLeft\"><\/div>\n\t\t\t\t<\/div>\n\t\t\t<\/div><!--END map_background-->\n\t\t\t\t\t<\/div>\n\t\t<style>.geodir_map_container .poi-info-window .full-width{width:180px;position:relative;margin-left:inherit;left:inherit;}.geodir-map-canvas .gm-style img{max-width:none;box-shadow:none!important}.geodir-map-canvas .leaflet-tile-container img{box-shadow:none!important}<\/style>\n<script type=\"text\/javascript\">\nwindow.gdBaseLat = 0;\nwindow.gdBaseLng = 0;\nwindow.gdBaseZoom = 0;\njQuery(function ($) {\n\t\t\t\t\tvar gdMapCanvas = 'gd_map_canvas_directory';\n\t\t\tbuild_map_ajax_search_param(gdMapCanvas, false);\t\t\t\t\t\t\t\t\t\t\t\tvar screenH, heightVH, ptypeH = 0;\n\t\t\tscreenH = $(window).height();\n\t\t\theightVH = parseFloat('425');\n\t\t\tif ($(\"#\" + gdMapCanvas + \"_posttype_menu\").length) {\n\t\t\t\tptypeH = $(\"#\" + gdMapCanvas + \"_posttype_menu\").outerHeight();\n\t\t\t}\n\t\t\t$(\"#\" + gdMapCanvas + \"_cat\").css(\"max-height\", heightVH - ptypeH + 'px');\n\t\t\t});\n<\/script>\n\t\t\t<\/div><!--END stick_trigger_container-->\n<\/div><!--END geodir-map-wrap-->\n<style>body.stickymap_hide .stickymap{display:none!important}body.stickymap_hide .stick_trigger_container .fa-angle-right{transform:rotate(180deg)}body.body_fullscreen>.stick_trigger_container{width:100vw;height:100vh;position:fixed;z-index:50000}body.gd-google-maps .geodir-map-wrap .geodir-map-cat-filter-wrap{margin-bottom:14px!important}body.gd-osm-gmaps .geodir-map-wrap .geodir-map-cat-filter-wrap{margin-bottom:16.5px!important}<\/style>\n<\/div><\/div>\n\n\n\n<div class=\"wp-block-geodirectory-geodir-widget-search\"><div class=\"geodir-search-container bsui sdel-6b5e8662\" ><div class=\"geodir-search-form-wrapper mb-3\">\n\t<form class=\"w-100 d-block geodir-listing-search gd-search-bar-style geodir-search-show-all\" data-show=\"\" name=\"geodir-listing-search\" action=\"https:\/\/caminodesantiagofrances.com\/en\/buscar\/\" method=\"get\" style=\"box-sizing:content-box;\">\n\t\t<input type=\"hidden\" name=\"geodir_search\" value=\"1\" \/>\n\t\t\n\t\t<div class=\"geodir-search row gap-2 gy-2 px-3 align-items-center\" style=\"row-gap:0!important;\">\n\t\t\t\t<input type=\"hidden\" name=\"stype\" value=\"gd_place\" data-slug=\"lo\" \/><div class='gd-search-field-search col-auto flex-fill\n px-0' style=\"flex-grow:9999 !important;\" data-rule-key=\"s\" data-rule-type=\"text\">\n\t<div class=\"\" ><label class=\"visually-hidden form-label\">Search for<\/label><div class=\"input-group-inside position-relative w-100\" ><div class=\"input-group-text  bg-transparent border-0\"><span class=\"geodir-search-input-label hover-swap text-muted\" onclick=\"jQuery('.search_text').val('').trigger('change').trigger('keyup');\" aria-hidden=\"true\"><i class=\"fas fa-search hover-content-original\"><\/i><i class=\"fas fa-times geodir-search-input-label-clear hover-content c-pointer\" title=\"Clear field\"><\/i><\/span><\/div><input type=\"text\"  name=\"s\"  placeholder=\"Search for\"  class=\"form-control search_text gd_search_text w-100\"  onkeydown=\"if(event.keyCode == 13) geodir_click_search(this);\"  onClick=\"this.select();\"  autocomplete=\"off\"  size=\"16\"  aria-label=\"Search for\" ><\/div><\/div><\/div>\n<div class='gd-search-field-near col-auto flex-fill\n px-0' style=\"flex-grow:9999 !important;\" data-rule-key=\"near\" data-rule-type=\"text\">\n\t<div class=\"\" ><label class=\"visually-hidden visually-hidden form-label\">Near<\/label><div class=\"input-group-inside position-relative w-100\" ><div class=\"input-group-text  bg-transparent border-0\"><span class=\"geodir-search-input-label hover-swap text-muted\" onclick=\"jQuery('.snear').val('').trigger('change').trigger('keyup');jQuery('.sgeo_lat,.sgeo_lon').val('');\" aria-hidden=\"true\"><i class=\"fas fa-map-marker-alt hover-content-original\"><\/i><i class=\"fas fa-times geodir-search-input-label-clear hover-content c-pointer\" title=\"Clear field\"><\/i><\/span><\/div><input type=\"text\"  name=\"snear\"  placeholder=\"Near\"  class=\"form-control snear w-100\"  onkeydown=\"javascript: if(event.keyCode == 13) geodir_click_search(this);\"  onClick=\"this.select();\"  autocomplete=\"off\"  size=\"16\"  aria-label=\"Near\"  data-bs-toggle=\"dropdown\"  data-bs-flip=\"false\" ><\/div><\/div><\/div>\n<div class='gd-search-field-search col-auto flex-grow-1 px-0'>\n\t<div class=''>\n\t\t<button type=\"button\"  class=\"geodir_submit_search btn w-100 btn-primary\"  data-title=\"fas fa-search\"  aria-label=\"Search\"  ><i class=\"fas fas fa-search\" aria-hidden=\"true\"><\/i><span class=\"visually-hidden\">Search<\/span><\/button>\n\t<\/div>\n<\/div>\n\t\t<\/div>\n\t\t\t\t<input name=\"sgeo_lat\" class=\"sgeo_lat\" type=\"hidden\" value=\"\"\/>\n\t\t<input name=\"sgeo_lon\" class=\"sgeo_lon\" type=\"hidden\" value=\"\"\/>\n\t\t<input class=\"geodir-location-search-type\" name=\"\" type=\"hidden\" value=\"\"><div class=\"geodir-keep-args\" style=\"display:none!important\">{&#8220;hide_search_input&#8221;:false,&#8221;hide_near_input&#8221;:false,&#8221;input_size&#8221;:&#8221;&#8221;,&#8221;bar_flex_wrap&#8221;:&#8221;&#8221;,&#8221;bar_flex_wrap_md&#8221;:&#8221;&#8221;,&#8221;bar_flex_wrap_lg&#8221;:&#8221;&#8221;,&#8221;input_border&#8221;:&#8221;&#8221;,&#8221;input_border_opacity&#8221;:&#8221;&#8221;,&#8221;input_rounded_size&#8221;:&#8221;&#8221;,&#8221;btn_bg&#8221;:&#8221;&#8221;,&#8221;btn_rounded_size&#8221;:&#8221;&#8221;,&#8221;btn_rounded_size_md&#8221;:&#8221;&#8221;,&#8221;btn_rounded_size_lg&#8221;:&#8221;&#8221;,&#8221;bg&#8221;:&#8221;&#8221;,&#8221;mt&#8221;:&#8221;&#8221;,&#8221;mr&#8221;:&#8221;&#8221;,&#8221;mb&#8221;:&#8221;3&#8243;,&#8221;ml&#8221;:&#8221;&#8221;,&#8221;pt&#8221;:&#8221;&#8221;,&#8221;pr&#8221;:&#8221;&#8221;,&#8221;pb&#8221;:&#8221;&#8221;,&#8221;pl&#8221;:&#8221;&#8221;,&#8221;border&#8221;:&#8221;&#8221;,&#8221;rounded&#8221;:&#8221;&#8221;,&#8221;rounded_size&#8221;:&#8221;&#8221;,&#8221;rounded_size_md&#8221;:&#8221;&#8221;,&#8221;rounded_size_lg&#8221;:&#8221;&#8221;,&#8221;shadow&#8221;:&#8221;&#8221;,&#8221;css_class&#8221;:&#8221;&#8221;}<\/div>\t<\/form>\n<\/div>\n<\/div><\/div>\n\n\n\n<hr class=\"wp-block-separator has-alpha-channel-opacity\"\/>\n\n\n\n<div class=\"wp-block-cp-timeline-content-timeline Cool-Content-Timeline\"><div class=\"cool-timeline-block-3ee1e1f8-bdf5-4003-b7e0-59ea497f3cc7\"><style>.cool-timeline-block-3ee1e1f8-bdf5-4003-b7e0-59ea497f3cc7 .cool-vertical-timeline-body{--ctlb-content-alignment: left;--ctlb-icon-color: #ffcc00;--ctlb-date-color: #003888;--ctlb-line-color: #003888;--ctlb-icon-bg: #003888;--ctlb-story-border-color: #ffcc00;}<\/style><div class=\"cool-vertical-timeline-body ctlb-wrapper both-sided left\"><div class=\"cool-timeline-block-list\">\n<div class=\"wp-block-cp-timeline-content-timeline-child swiper-slide\"><div class=\"timeline-content icon-true \"><div class=\"timeline-block-timeline ctl-row  position-right\"><div class=\"ctl-6 timeline-block-time\"><div class=\"story-time\"><p><a href=\"https:\/\/caminodesantiagofrances.com\/en\/etapas\/saint-jean-pied-de-port-roncesvalles\/\" data-type=\"link\" data-id=\"https:\/\/caminodesantiagofrances.com\/en\/etapas\/saint-jean-pied-de-port-roncesvalles\/\" rel=\"noreferrer noopener\"><\/a><strong><a href=\"https:\/\/caminodesantiagofrances.com\/en\/provincia-de-burgos\/\" data-type=\"page\" data-id=\"10813\" rel=\"noreferrer noopener\">Provincia de Burgos<\/a><\/strong><\/p><\/div><\/div><div class=\"timeline-block-icon\"><span class=\"timeline-block-render-icon\" style=\"fill:white\"><div class=\"iconpicker-item\" style=\"font-size:24px;color:white;padding:2px\"><svg stroke=\"currentColor\" fill=\"currentColor\" stroke-width=\"0\" viewBox=\"0 0 448 512\" height=\"1em\" width=\"1em\" xmlns=\"http:\/\/www.w3.org\/2000\/svg\"><path d=\"M413.1 222.5l22.2 22.2c9.4 9.4 9.4 24.6 0 33.9L241 473c-9.4 9.4-24.6 9.4-33.9 0L12.7 278.6c-9.4-9.4-9.4-24.6 0-33.9l22.2-22.2c9.5-9.5 25-9.3 34.3.4L184 343.4V56c0-13.3 10.7-24 24-24h32c13.3 0 24 10.7 24 24v287.4l114.8-120.5c9.3-9.8 24.8-10 34.3-.4z\"><\/path><\/svg><\/div><\/span><\/div><div class=\"ctl-6 timeline-block-detail\"><div class=\"story-details\"><div class=\"story-content\">\n<figure class=\"wp-block-image aligncenter size-full ctlb-block-image is-style-buddyx-border\"><a href=\"https:\/\/caminodesantiagofrances.com\/en\/provincia-de-palencia\/itero-de-la-vega\/\" target=\"_blank\" rel=\" noreferrer noopener\"><img loading=\"lazy\" decoding=\"async\" width=\"600\" height=\"315\" src=\"https:\/\/caminodesantiagofrances.com\/en\/wp-content\/uploads\/sites\/3\/2024\/02\/Itero-de-la-Vega-Camino-de-Santiago-Frances.jpg\" alt=\"\" class=\"wp-image-11450\" srcset=\"https:\/\/caminodesantiagofrances.com\/en\/wp-content\/uploads\/sites\/3\/2024\/02\/Itero-de-la-Vega-Camino-de-Santiago-Frances.jpg 600w, https:\/\/caminodesantiagofrances.com\/en\/wp-content\/uploads\/sites\/3\/2024\/02\/Itero-de-la-Vega-Camino-de-Santiago-Frances-300x158.jpg 300w\" sizes=\"auto, (max-width: 600px) 100vw, 600px\" \/><\/a><\/figure>\n\n\n\n<h3 class=\"wp-block-heading has-text-align-center ctlb-block-title\" style=\"padding-top:0px;padding-right:0px;padding-bottom:0px;padding-left:0px\"><strong><a href=\"https:\/\/caminodesantiagofrances.com\/en\/provincia-de-palencia\/itero-de-la-vega\/\" target=\"_blank\" data-type=\"page\" data-id=\"11447\" rel=\"noreferrer noopener\">Itero de la Vega<\/a><\/strong><\/h3>\n\n\n\n<p class=\"ctlb-block-desc wp-block-paragraph\" style=\"padding-top:0px;padding-right:0px;padding-bottom:0px;padding-left:0px\"><\/p>\n<\/div><\/div><\/div><\/div><\/div><\/div>\n\n\n\n<div class=\"wp-block-cp-timeline-content-timeline-child swiper-slide\"><div class=\"timeline-content icon-true \"><div class=\"timeline-block-timeline ctl-row  position-left\"><div class=\"ctl-6 timeline-block-time\"><div class=\"story-time\"><p><strong>8 km<\/strong><\/p><\/div><\/div><div class=\"timeline-block-icon\"><span class=\"timeline-block-render-icon\" style=\"fill:white\"><div class=\"iconpicker-item\" style=\"font-size:24px;color:white;padding:2px\"><svg stroke=\"currentColor\" fill=\"currentColor\" stroke-width=\"0\" viewBox=\"0 0 448 512\" height=\"1em\" width=\"1em\" xmlns=\"http:\/\/www.w3.org\/2000\/svg\"><path d=\"M413.1 222.5l22.2 22.2c9.4 9.4 9.4 24.6 0 33.9L241 473c-9.4 9.4-24.6 9.4-33.9 0L12.7 278.6c-9.4-9.4-9.4-24.6 0-33.9l22.2-22.2c9.5-9.5 25-9.3 34.3.4L184 343.4V56c0-13.3 10.7-24 24-24h32c13.3 0 24 10.7 24 24v287.4l114.8-120.5c9.3-9.8 24.8-10 34.3-.4z\"><\/path><\/svg><\/div><\/span><\/div><div class=\"ctl-6 timeline-block-detail\"><div class=\"story-details\"><div class=\"story-content\">\n<figure class=\"wp-block-image aligncenter size-full ctlb-block-image is-style-buddyx-border\"><a href=\"https:\/\/caminodesantiagofrances.com\/en\/provincia-de-palencia\/boadilla-del-camino\/\" target=\"_blank\" rel=\" noreferrer noopener\"><img loading=\"lazy\" decoding=\"async\" width=\"600\" height=\"315\" src=\"https:\/\/caminodesantiagofrances.com\/en\/wp-content\/uploads\/sites\/3\/2024\/02\/Boadilla-del-Camino-Camino-de-Santiago-Frances.jpg\" alt=\"\" class=\"wp-image-11455\" srcset=\"https:\/\/caminodesantiagofrances.com\/en\/wp-content\/uploads\/sites\/3\/2024\/02\/Boadilla-del-Camino-Camino-de-Santiago-Frances.jpg 600w, https:\/\/caminodesantiagofrances.com\/en\/wp-content\/uploads\/sites\/3\/2024\/02\/Boadilla-del-Camino-Camino-de-Santiago-Frances-300x158.jpg 300w\" sizes=\"auto, (max-width: 600px) 100vw, 600px\" \/><\/a><\/figure>\n\n\n\n<h3 class=\"wp-block-heading has-text-align-center ctlb-block-title\" style=\"padding-top:0px;padding-right:0px;padding-bottom:0px;padding-left:0px\"><strong><a href=\"https:\/\/caminodesantiagofrances.com\/en\/provincia-de-palencia\/boadilla-del-camino\/\" target=\"_blank\" data-type=\"page\" data-id=\"11452\" rel=\"noreferrer noopener\">Boadilla del Camino<\/a><\/strong><\/h3>\n\n\n\n<p class=\"ctlb-block-desc wp-block-paragraph\" style=\"padding-top:0px;padding-right:0px;padding-bottom:0px;padding-left:0px\"><\/p>\n<\/div><\/div><\/div><\/div><\/div><\/div>\n\n\n\n<div class=\"wp-block-cp-timeline-content-timeline-child swiper-slide\"><div class=\"timeline-content icon-true \"><div class=\"timeline-block-timeline ctl-row  position-right\"><div class=\"ctl-6 timeline-block-time\"><div class=\"story-time\"><p><strong><strong>6 km<\/strong><\/strong><\/p><\/div><\/div><div class=\"timeline-block-icon\"><span class=\"timeline-block-render-icon\" style=\"fill:white\"><div class=\"iconpicker-item\" style=\"font-size:24px;color:white;padding:2px\"><svg stroke=\"currentColor\" fill=\"currentColor\" stroke-width=\"0\" viewBox=\"0 0 448 512\" height=\"1em\" width=\"1em\" xmlns=\"http:\/\/www.w3.org\/2000\/svg\"><path d=\"M413.1 222.5l22.2 22.2c9.4 9.4 9.4 24.6 0 33.9L241 473c-9.4 9.4-24.6 9.4-33.9 0L12.7 278.6c-9.4-9.4-9.4-24.6 0-33.9l22.2-22.2c9.5-9.5 25-9.3 34.3.4L184 343.4V56c0-13.3 10.7-24 24-24h32c13.3 0 24 10.7 24 24v287.4l114.8-120.5c9.3-9.8 24.8-10 34.3-.4z\"><\/path><\/svg><\/div><\/span><\/div><div class=\"ctl-6 timeline-block-detail\"><div class=\"story-details\"><div class=\"story-content\">\n<figure class=\"wp-block-image size-full ctlb-block-image is-style-buddyx-border\"><a href=\"https:\/\/caminodesantiagofrances.com\/en\/provincia-de-palencia\/fromista\/\" target=\"_blank\" rel=\" noreferrer noopener\"><img loading=\"lazy\" decoding=\"async\" width=\"600\" height=\"315\" src=\"https:\/\/caminodesantiagofrances.com\/en\/wp-content\/uploads\/sites\/3\/2024\/02\/Fromista-Camino-de-Santiago-Frances.jpg\" alt=\"\" class=\"wp-image-11461\" srcset=\"https:\/\/caminodesantiagofrances.com\/en\/wp-content\/uploads\/sites\/3\/2024\/02\/Fromista-Camino-de-Santiago-Frances.jpg 600w, https:\/\/caminodesantiagofrances.com\/en\/wp-content\/uploads\/sites\/3\/2024\/02\/Fromista-Camino-de-Santiago-Frances-300x158.jpg 300w\" sizes=\"auto, (max-width: 600px) 100vw, 600px\" \/><\/a><\/figure>\n\n\n\n<h3 class=\"wp-block-heading has-text-align-center ctlb-block-title\" style=\"padding-top:0px;padding-right:0px;padding-bottom:0px;padding-left:0px\"><strong><a href=\"https:\/\/caminodesantiagofrances.com\/en\/provincia-de-palencia\/fromista\/\" target=\"_blank\" data-type=\"page\" data-id=\"11457\" rel=\"noreferrer noopener\">Fr\u00f3mista<\/a><\/strong><\/h3>\n\n\n\n<p class=\"ctlb-block-desc wp-block-paragraph\" style=\"padding-top:0px;padding-right:0px;padding-bottom:0px;padding-left:0px\"><\/p>\n<\/div><\/div><\/div><\/div><\/div><\/div>\n\n\n\n<div class=\"wp-block-cp-timeline-content-timeline-child swiper-slide\"><div class=\"timeline-content icon-true \"><div class=\"timeline-block-timeline ctl-row  position-left\"><div class=\"ctl-6 timeline-block-time\"><div class=\"story-time\"><p><strong>4 km<\/strong><\/p><\/div><\/div><div class=\"timeline-block-icon\"><span class=\"timeline-block-render-icon\" style=\"fill:white\"><div class=\"iconpicker-item\" style=\"font-size:24px;color:white;padding:2px\"><svg stroke=\"currentColor\" fill=\"currentColor\" stroke-width=\"0\" viewBox=\"0 0 448 512\" height=\"1em\" width=\"1em\" xmlns=\"http:\/\/www.w3.org\/2000\/svg\"><path d=\"M413.1 222.5l22.2 22.2c9.4 9.4 9.4 24.6 0 33.9L241 473c-9.4 9.4-24.6 9.4-33.9 0L12.7 278.6c-9.4-9.4-9.4-24.6 0-33.9l22.2-22.2c9.5-9.5 25-9.3 34.3.4L184 343.4V56c0-13.3 10.7-24 24-24h32c13.3 0 24 10.7 24 24v287.4l114.8-120.5c9.3-9.8 24.8-10 34.3-.4z\"><\/path><\/svg><\/div><\/span><\/div><div class=\"ctl-6 timeline-block-detail\"><div class=\"story-details\"><div class=\"story-content\">\n<figure class=\"wp-block-image size-full ctlb-block-image is-style-buddyx-border\"><a href=\"https:\/\/caminodesantiagofrances.com\/en\/provincia-de-palencia\/poblacion-de-campos\/\" target=\"_blank\" rel=\" noreferrer noopener\"><img loading=\"lazy\" decoding=\"async\" width=\"600\" height=\"315\" src=\"https:\/\/caminodesantiagofrances.com\/en\/wp-content\/uploads\/sites\/3\/2024\/02\/Poblacion-de-Campos-Camino-de-Santiago-Frances.jpg\" alt=\"\" class=\"wp-image-11470\" srcset=\"https:\/\/caminodesantiagofrances.com\/en\/wp-content\/uploads\/sites\/3\/2024\/02\/Poblacion-de-Campos-Camino-de-Santiago-Frances.jpg 600w, https:\/\/caminodesantiagofrances.com\/en\/wp-content\/uploads\/sites\/3\/2024\/02\/Poblacion-de-Campos-Camino-de-Santiago-Frances-300x158.jpg 300w\" sizes=\"auto, (max-width: 600px) 100vw, 600px\" \/><\/a><\/figure>\n\n\n\n<h3 class=\"wp-block-heading has-text-align-center ctlb-block-title\" style=\"padding-top:0px;padding-right:0px;padding-bottom:0px;padding-left:0px\"><strong><a href=\"https:\/\/caminodesantiagofrances.com\/en\/provincia-de-palencia\/poblacion-de-campos\/\" target=\"_blank\" data-type=\"page\" data-id=\"11465\" rel=\"noreferrer noopener\">Poblaci\u00f3n de Campos<\/a><\/strong><\/h3>\n\n\n\n<p class=\"ctlb-block-desc wp-block-paragraph\" style=\"padding-top:0px;padding-right:0px;padding-bottom:0px;padding-left:0px\"><\/p>\n<\/div><\/div><\/div><\/div><\/div><\/div>\n\n\n\n<div class=\"wp-block-cp-timeline-content-timeline-child swiper-slide\"><div class=\"timeline-content icon-true \"><div class=\"timeline-block-timeline ctl-row  position-right\"><div class=\"ctl-6 timeline-block-time\"><div class=\"story-time\"><p><strong>4 km<\/strong><\/p><\/div><\/div><div class=\"timeline-block-icon\"><span class=\"timeline-block-render-icon\" style=\"fill:white\"><div class=\"iconpicker-item\" style=\"font-size:24px;color:white;padding:2px\"><svg stroke=\"currentColor\" fill=\"currentColor\" stroke-width=\"0\" viewBox=\"0 0 448 512\" height=\"1em\" width=\"1em\" xmlns=\"http:\/\/www.w3.org\/2000\/svg\"><path d=\"M413.1 222.5l22.2 22.2c9.4 9.4 9.4 24.6 0 33.9L241 473c-9.4 9.4-24.6 9.4-33.9 0L12.7 278.6c-9.4-9.4-9.4-24.6 0-33.9l22.2-22.2c9.5-9.5 25-9.3 34.3.4L184 343.4V56c0-13.3 10.7-24 24-24h32c13.3 0 24 10.7 24 24v287.4l114.8-120.5c9.3-9.8 24.8-10 34.3-.4z\"><\/path><\/svg><\/div><\/span><\/div><div class=\"ctl-6 timeline-block-detail\"><div class=\"story-details\"><div class=\"story-content\">\n<figure class=\"wp-block-image size-full ctlb-block-image is-style-buddyx-border\"><a href=\"https:\/\/caminodesantiagofrances.com\/en\/provincia-de-palencia\/revenga-de-campos\/\" target=\"_blank\" rel=\" noreferrer noopener\"><img loading=\"lazy\" decoding=\"async\" width=\"600\" height=\"315\" src=\"https:\/\/caminodesantiagofrances.com\/en\/wp-content\/uploads\/sites\/3\/2024\/02\/Revenga-de-Campos-Camino-de-Santiago-Frances.jpg\" alt=\"\" class=\"wp-image-11478\" srcset=\"https:\/\/caminodesantiagofrances.com\/en\/wp-content\/uploads\/sites\/3\/2024\/02\/Revenga-de-Campos-Camino-de-Santiago-Frances.jpg 600w, https:\/\/caminodesantiagofrances.com\/en\/wp-content\/uploads\/sites\/3\/2024\/02\/Revenga-de-Campos-Camino-de-Santiago-Frances-300x158.jpg 300w\" sizes=\"auto, (max-width: 600px) 100vw, 600px\" \/><\/a><\/figure>\n\n\n\n<h3 class=\"wp-block-heading has-text-align-center ctlb-block-title\" style=\"padding-top:0px;padding-right:0px;padding-bottom:0px;padding-left:0px\"><strong><a href=\"https:\/\/caminodesantiagofrances.com\/en\/provincia-de-palencia\/revenga-de-campos\/\" target=\"_blank\" data-type=\"page\" data-id=\"11473\" rel=\"noreferrer noopener\">Revenga de Campos<\/a><\/strong><\/h3>\n\n\n\n<p class=\"ctlb-block-desc wp-block-paragraph\" style=\"padding-top:0px;padding-right:0px;padding-bottom:0px;padding-left:0px\"><\/p>\n<\/div><\/div><\/div><\/div><\/div><\/div>\n\n\n\n<div class=\"wp-block-cp-timeline-content-timeline-child swiper-slide\"><div class=\"timeline-content icon-true \"><div class=\"timeline-block-timeline ctl-row  position-left\"><div class=\"ctl-6 timeline-block-time\"><div class=\"story-time\"><p><strong>2 km<\/strong><\/p><\/div><\/div><div class=\"timeline-block-icon\"><span class=\"timeline-block-render-icon\" style=\"fill:white\"><div class=\"iconpicker-item\" style=\"font-size:24px;color:white;padding:2px\"><svg stroke=\"currentColor\" fill=\"currentColor\" stroke-width=\"0\" viewBox=\"0 0 448 512\" height=\"1em\" width=\"1em\" xmlns=\"http:\/\/www.w3.org\/2000\/svg\"><path d=\"M413.1 222.5l22.2 22.2c9.4 9.4 9.4 24.6 0 33.9L241 473c-9.4 9.4-24.6 9.4-33.9 0L12.7 278.6c-9.4-9.4-9.4-24.6 0-33.9l22.2-22.2c9.5-9.5 25-9.3 34.3.4L184 343.4V56c0-13.3 10.7-24 24-24h32c13.3 0 24 10.7 24 24v287.4l114.8-120.5c9.3-9.8 24.8-10 34.3-.4z\"><\/path><\/svg><\/div><\/span><\/div><div class=\"ctl-6 timeline-block-detail\"><div class=\"story-details\"><div class=\"story-content\">\n<figure class=\"wp-block-image size-full ctlb-block-image is-style-buddyx-border\"><a href=\"https:\/\/caminodesantiagofrances.com\/en\/provincia-de-palencia\/villarmentero-de-campos\/\" target=\"_blank\" rel=\" noreferrer noopener\"><img loading=\"lazy\" decoding=\"async\" width=\"600\" height=\"315\" src=\"https:\/\/caminodesantiagofrances.com\/en\/wp-content\/uploads\/sites\/3\/2024\/02\/Villarmentero-de-Campos-Camino-de-Santiago-Frances.jpg\" alt=\"\" class=\"wp-image-11481\" srcset=\"https:\/\/caminodesantiagofrances.com\/en\/wp-content\/uploads\/sites\/3\/2024\/02\/Villarmentero-de-Campos-Camino-de-Santiago-Frances.jpg 600w, https:\/\/caminodesantiagofrances.com\/en\/wp-content\/uploads\/sites\/3\/2024\/02\/Villarmentero-de-Campos-Camino-de-Santiago-Frances-300x158.jpg 300w\" sizes=\"auto, (max-width: 600px) 100vw, 600px\" \/><\/a><\/figure>\n\n\n\n<h3 class=\"wp-block-heading has-text-align-center ctlb-block-title\" style=\"padding-top:0px;padding-right:0px;padding-bottom:0px;padding-left:0px\"><strong><a href=\"https:\/\/caminodesantiagofrances.com\/en\/provincia-de-palencia\/villarmentero-de-campos\/\" data-type=\"page\" data-id=\"11482\">Villarmentero de Campos<\/a><\/strong><\/h3>\n\n\n\n<p class=\"ctlb-block-desc wp-block-paragraph\" style=\"padding-top:0px;padding-right:0px;padding-bottom:0px;padding-left:0px\"><\/p>\n<\/div><\/div><\/div><\/div><\/div><\/div>\n\n\n\n<div class=\"wp-block-cp-timeline-content-timeline-child swiper-slide\"><div class=\"timeline-content icon-true \"><div class=\"timeline-block-timeline ctl-row  position-right\"><div class=\"ctl-6 timeline-block-time\"><div class=\"story-time\"><p><strong>4 km<\/strong><\/p><\/div><\/div><div class=\"timeline-block-icon\"><span class=\"timeline-block-render-icon\" style=\"fill:white\"><div class=\"iconpicker-item\" style=\"font-size:24px;color:white;padding:2px\"><svg stroke=\"currentColor\" fill=\"currentColor\" stroke-width=\"0\" viewBox=\"0 0 448 512\" height=\"1em\" width=\"1em\" xmlns=\"http:\/\/www.w3.org\/2000\/svg\"><path d=\"M413.1 222.5l22.2 22.2c9.4 9.4 9.4 24.6 0 33.9L241 473c-9.4 9.4-24.6 9.4-33.9 0L12.7 278.6c-9.4-9.4-9.4-24.6 0-33.9l22.2-22.2c9.5-9.5 25-9.3 34.3.4L184 343.4V56c0-13.3 10.7-24 24-24h32c13.3 0 24 10.7 24 24v287.4l114.8-120.5c9.3-9.8 24.8-10 34.3-.4z\"><\/path><\/svg><\/div><\/span><\/div><div class=\"ctl-6 timeline-block-detail\"><div class=\"story-details\"><div class=\"story-content\">\n<figure class=\"wp-block-image size-full ctlb-block-image is-style-buddyx-border\"><a href=\"https:\/\/caminodesantiagofrances.com\/en\/provincia-de-palencia\/villalcazar-de-sirga\/\" target=\"_blank\" rel=\" noreferrer noopener\"><img loading=\"lazy\" decoding=\"async\" width=\"600\" height=\"315\" src=\"https:\/\/caminodesantiagofrances.com\/en\/wp-content\/uploads\/sites\/3\/2024\/02\/Villalcazar-de-Sirga-Camino-de-Santiago-Frances.jpg\" alt=\"\" class=\"wp-image-11489\" srcset=\"https:\/\/caminodesantiagofrances.com\/en\/wp-content\/uploads\/sites\/3\/2024\/02\/Villalcazar-de-Sirga-Camino-de-Santiago-Frances.jpg 600w, https:\/\/caminodesantiagofrances.com\/en\/wp-content\/uploads\/sites\/3\/2024\/02\/Villalcazar-de-Sirga-Camino-de-Santiago-Frances-300x158.jpg 300w\" sizes=\"auto, (max-width: 600px) 100vw, 600px\" \/><\/a><\/figure>\n\n\n\n<h3 class=\"wp-block-heading has-text-align-center ctlb-block-title\" style=\"padding-top:0px;padding-right:0px;padding-bottom:0px;padding-left:0px\"><strong><a href=\"https:\/\/caminodesantiagofrances.com\/en\/provincia-de-palencia\/villalcazar-de-sirga\/\" target=\"_blank\" data-type=\"page\" data-id=\"11486\" rel=\"noreferrer noopener\">Villalc\u00e1zar de Sirga<\/a><\/strong><\/h3>\n\n\n\n<p class=\"ctlb-block-desc wp-block-paragraph\" style=\"padding-top:0px;padding-right:0px;padding-bottom:0px;padding-left:0px\"><\/p>\n<\/div><\/div><\/div><\/div><\/div><\/div>\n\n\n\n<div class=\"wp-block-cp-timeline-content-timeline-child swiper-slide\"><div class=\"timeline-content icon-true \"><div class=\"timeline-block-timeline ctl-row  position-left\"><div class=\"ctl-6 timeline-block-time\"><div class=\"story-time\"><p><strong>5 km<\/strong><\/p><\/div><\/div><div class=\"timeline-block-icon\"><span class=\"timeline-block-render-icon\" style=\"fill:white\"><div class=\"iconpicker-item\" style=\"font-size:24px;color:white;padding:2px\"><svg stroke=\"currentColor\" fill=\"currentColor\" stroke-width=\"0\" viewBox=\"0 0 448 512\" height=\"1em\" width=\"1em\" xmlns=\"http:\/\/www.w3.org\/2000\/svg\"><path d=\"M413.1 222.5l22.2 22.2c9.4 9.4 9.4 24.6 0 33.9L241 473c-9.4 9.4-24.6 9.4-33.9 0L12.7 278.6c-9.4-9.4-9.4-24.6 0-33.9l22.2-22.2c9.5-9.5 25-9.3 34.3.4L184 343.4V56c0-13.3 10.7-24 24-24h32c13.3 0 24 10.7 24 24v287.4l114.8-120.5c9.3-9.8 24.8-10 34.3-.4z\"><\/path><\/svg><\/div><\/span><\/div><div class=\"ctl-6 timeline-block-detail\"><div class=\"story-details\"><div class=\"story-content\">\n<figure class=\"wp-block-image size-full ctlb-block-image is-style-buddyx-border\"><a href=\"https:\/\/caminodesantiagofrances.com\/en\/provincia-de-palencia\/carrion-de-los-condes\/\" target=\"_blank\" rel=\" noreferrer noopener\"><img loading=\"lazy\" decoding=\"async\" width=\"600\" height=\"315\" src=\"https:\/\/caminodesantiagofrances.com\/en\/wp-content\/uploads\/sites\/3\/2024\/02\/Carrion-de-los-Condes-Camino-de-Santiago-Frances.jpg\" alt=\"\" class=\"wp-image-11492\" srcset=\"https:\/\/caminodesantiagofrances.com\/en\/wp-content\/uploads\/sites\/3\/2024\/02\/Carrion-de-los-Condes-Camino-de-Santiago-Frances.jpg 600w, https:\/\/caminodesantiagofrances.com\/en\/wp-content\/uploads\/sites\/3\/2024\/02\/Carrion-de-los-Condes-Camino-de-Santiago-Frances-300x158.jpg 300w\" sizes=\"auto, (max-width: 600px) 100vw, 600px\" \/><\/a><\/figure>\n\n\n\n<h3 class=\"wp-block-heading has-text-align-center ctlb-block-title\" style=\"padding-top:0px;padding-right:0px;padding-bottom:0px;padding-left:0px\"><strong><a href=\"https:\/\/caminodesantiagofrances.com\/en\/provincia-de-palencia\/carrion-de-los-condes\/\" target=\"_blank\" data-type=\"page\" data-id=\"11496\" rel=\"noreferrer noopener\">Carri\u00f3n de los Condes<\/a><\/strong><\/h3>\n\n\n\n<p class=\"ctlb-block-desc wp-block-paragraph\" style=\"padding-top:0px;padding-right:0px;padding-bottom:0px;padding-left:0px\"><\/p>\n<\/div><\/div><\/div><\/div><\/div><\/div>\n\n\n\n<div class=\"wp-block-cp-timeline-content-timeline-child swiper-slide\"><div class=\"timeline-content icon-true \"><div class=\"timeline-block-timeline ctl-row  position-right\"><div class=\"ctl-6 timeline-block-time\"><div class=\"story-time\"><p><strong>18 km<\/strong><\/p><\/div><\/div><div class=\"timeline-block-icon\"><span class=\"timeline-block-render-icon\" style=\"fill:white\"><div class=\"iconpicker-item\" style=\"font-size:24px;color:white;padding:2px\"><svg stroke=\"currentColor\" fill=\"currentColor\" stroke-width=\"0\" viewBox=\"0 0 448 512\" height=\"1em\" width=\"1em\" xmlns=\"http:\/\/www.w3.org\/2000\/svg\"><path d=\"M413.1 222.5l22.2 22.2c9.4 9.4 9.4 24.6 0 33.9L241 473c-9.4 9.4-24.6 9.4-33.9 0L12.7 278.6c-9.4-9.4-9.4-24.6 0-33.9l22.2-22.2c9.5-9.5 25-9.3 34.3.4L184 343.4V56c0-13.3 10.7-24 24-24h32c13.3 0 24 10.7 24 24v287.4l114.8-120.5c9.3-9.8 24.8-10 34.3-.4z\"><\/path><\/svg><\/div><\/span><\/div><div class=\"ctl-6 timeline-block-detail\"><div class=\"story-details\"><div class=\"story-content\">\n<figure class=\"wp-block-image size-full ctlb-block-image is-style-buddyx-border\"><a href=\"https:\/\/caminodesantiagofrances.com\/en\/provincia-de-palencia\/calzadilla-de-la-cueza\/\" target=\"_blank\" rel=\" noreferrer noopener\"><img loading=\"lazy\" decoding=\"async\" width=\"600\" height=\"315\" src=\"https:\/\/caminodesantiagofrances.com\/en\/wp-content\/uploads\/sites\/3\/2024\/02\/Calzadilla-de-la-Cueza-Camino-de-Santiago-Frances.jpg\" alt=\"\" class=\"wp-image-11504\" srcset=\"https:\/\/caminodesantiagofrances.com\/en\/wp-content\/uploads\/sites\/3\/2024\/02\/Calzadilla-de-la-Cueza-Camino-de-Santiago-Frances.jpg 600w, https:\/\/caminodesantiagofrances.com\/en\/wp-content\/uploads\/sites\/3\/2024\/02\/Calzadilla-de-la-Cueza-Camino-de-Santiago-Frances-300x158.jpg 300w\" sizes=\"auto, (max-width: 600px) 100vw, 600px\" \/><\/a><\/figure>\n\n\n\n<h3 class=\"wp-block-heading has-text-align-center ctlb-block-title\" style=\"padding-top:0px;padding-right:0px;padding-bottom:0px;padding-left:0px\"><strong><a href=\"https:\/\/caminodesantiagofrances.com\/en\/provincia-de-palencia\/calzadilla-de-la-cueza\/\" target=\"_blank\" data-type=\"page\" data-id=\"11500\" rel=\"noreferrer noopener\">Calzadilla de la Cueza<\/a><\/strong><\/h3>\n\n\n\n<p class=\"ctlb-block-desc wp-block-paragraph\" style=\"padding-top:0px;padding-right:0px;padding-bottom:0px;padding-left:0px\"><\/p>\n<\/div><\/div><\/div><\/div><\/div><\/div>\n\n\n\n<div class=\"wp-block-cp-timeline-content-timeline-child swiper-slide\"><div class=\"timeline-content icon-true \"><div class=\"timeline-block-timeline ctl-row  position-left\"><div class=\"ctl-6 timeline-block-time\"><div class=\"story-time\"><p><strong>6 km<\/strong><\/p><\/div><\/div><div class=\"timeline-block-icon\"><span class=\"timeline-block-render-icon\" style=\"fill:white\"><div class=\"iconpicker-item\" style=\"font-size:24px;color:white;padding:2px\"><svg stroke=\"currentColor\" fill=\"currentColor\" stroke-width=\"0\" viewBox=\"0 0 448 512\" height=\"1em\" width=\"1em\" xmlns=\"http:\/\/www.w3.org\/2000\/svg\"><path d=\"M413.1 222.5l22.2 22.2c9.4 9.4 9.4 24.6 0 33.9L241 473c-9.4 9.4-24.6 9.4-33.9 0L12.7 278.6c-9.4-9.4-9.4-24.6 0-33.9l22.2-22.2c9.5-9.5 25-9.3 34.3.4L184 343.4V56c0-13.3 10.7-24 24-24h32c13.3 0 24 10.7 24 24v287.4l114.8-120.5c9.3-9.8 24.8-10 34.3-.4z\"><\/path><\/svg><\/div><\/span><\/div><div class=\"ctl-6 timeline-block-detail\"><div class=\"story-details\"><div class=\"story-content\">\n<figure class=\"wp-block-image size-full ctlb-block-image is-style-buddyx-border\"><a href=\"https:\/\/caminodesantiagofrances.com\/en\/provincia-de-palencia\/ledigos\/\" target=\"_blank\" rel=\" noreferrer noopener\"><img loading=\"lazy\" decoding=\"async\" width=\"600\" height=\"315\" src=\"https:\/\/caminodesantiagofrances.com\/en\/wp-content\/uploads\/sites\/3\/2024\/02\/Ledigos-Camino-de-Santiago-Frances.jpg\" alt=\"\" class=\"wp-image-11508\" srcset=\"https:\/\/caminodesantiagofrances.com\/en\/wp-content\/uploads\/sites\/3\/2024\/02\/Ledigos-Camino-de-Santiago-Frances.jpg 600w, https:\/\/caminodesantiagofrances.com\/en\/wp-content\/uploads\/sites\/3\/2024\/02\/Ledigos-Camino-de-Santiago-Frances-300x158.jpg 300w\" sizes=\"auto, (max-width: 600px) 100vw, 600px\" \/><\/a><\/figure>\n\n\n\n<h3 class=\"wp-block-heading has-text-align-center ctlb-block-title\" style=\"padding-top:0px;padding-right:0px;padding-bottom:0px;padding-left:0px\"><strong><a href=\"https:\/\/caminodesantiagofrances.com\/en\/provincia-de-palencia\/ledigos\/\" data-type=\"page\" data-id=\"11506\">Ledigos<\/a><\/strong><\/h3>\n\n\n\n<p class=\"ctlb-block-desc wp-block-paragraph\" style=\"padding-top:0px;padding-right:0px;padding-bottom:0px;padding-left:0px\"><\/p>\n<\/div><\/div><\/div><\/div><\/div><\/div>\n\n\n\n<div class=\"wp-block-cp-timeline-content-timeline-child swiper-slide\"><div class=\"timeline-content icon-true \"><div class=\"timeline-block-timeline ctl-row  position-right\"><div class=\"ctl-6 timeline-block-time\"><div class=\"story-time\"><p><strong>4 km<\/strong><\/p><\/div><\/div><div class=\"timeline-block-icon\"><span class=\"timeline-block-render-icon\" style=\"fill:white\"><div class=\"iconpicker-item\" style=\"font-size:24px;color:white;padding:2px\"><svg stroke=\"currentColor\" fill=\"currentColor\" stroke-width=\"0\" viewBox=\"0 0 448 512\" height=\"1em\" width=\"1em\" xmlns=\"http:\/\/www.w3.org\/2000\/svg\"><path d=\"M413.1 222.5l22.2 22.2c9.4 9.4 9.4 24.6 0 33.9L241 473c-9.4 9.4-24.6 9.4-33.9 0L12.7 278.6c-9.4-9.4-9.4-24.6 0-33.9l22.2-22.2c9.5-9.5 25-9.3 34.3.4L184 343.4V56c0-13.3 10.7-24 24-24h32c13.3 0 24 10.7 24 24v287.4l114.8-120.5c9.3-9.8 24.8-10 34.3-.4z\"><\/path><\/svg><\/div><\/span><\/div><div class=\"ctl-6 timeline-block-detail\"><div class=\"story-details\"><div class=\"story-content\">\n<figure class=\"wp-block-image size-full ctlb-block-image is-style-buddyx-border\"><a href=\"https:\/\/caminodesantiagofrances.com\/en\/provincia-de-palencia\/terradillos-de-los-templarios\/\" target=\"_blank\" rel=\" noreferrer noopener\"><img loading=\"lazy\" decoding=\"async\" width=\"600\" height=\"315\" src=\"https:\/\/caminodesantiagofrances.com\/en\/wp-content\/uploads\/sites\/3\/2024\/02\/Terradillos-de-los-Templarios-Camino-de-Santiago-Frances.jpg\" alt=\"\" class=\"wp-image-11512\" srcset=\"https:\/\/caminodesantiagofrances.com\/en\/wp-content\/uploads\/sites\/3\/2024\/02\/Terradillos-de-los-Templarios-Camino-de-Santiago-Frances.jpg 600w, https:\/\/caminodesantiagofrances.com\/en\/wp-content\/uploads\/sites\/3\/2024\/02\/Terradillos-de-los-Templarios-Camino-de-Santiago-Frances-300x158.jpg 300w\" sizes=\"auto, (max-width: 600px) 100vw, 600px\" \/><\/a><\/figure>\n\n\n\n<h3 class=\"wp-block-heading has-text-align-center ctlb-block-title\" style=\"padding-top:0px;padding-right:0px;padding-bottom:0px;padding-left:0px\"><a href=\"https:\/\/caminodesantiagofrances.com\/en\/navarra\/zuriain\/\" data-type=\"link\" data-id=\"https:\/\/caminodesantiagofrances.com\/en\/navarra\/zuriain\/\" target=\"_blank\" rel=\"noreferrer noopener\"><\/a><strong><a href=\"https:\/\/caminodesantiagofrances.com\/en\/provincia-de-palencia\/terradillos-de-los-templarios\/\" target=\"_blank\" data-type=\"page\" data-id=\"11514\" rel=\"noreferrer noopener\">Terradillos de los Templarios<\/a><\/strong><\/h3>\n\n\n\n<p class=\"ctlb-block-desc wp-block-paragraph\" style=\"padding-top:0px;padding-right:0px;padding-bottom:0px;padding-left:0px\"><\/p>\n<\/div><\/div><\/div><\/div><\/div><\/div>\n\n\n\n<div class=\"wp-block-cp-timeline-content-timeline-child swiper-slide\"><div class=\"timeline-content icon-true \"><div class=\"timeline-block-timeline ctl-row  position-left\"><div class=\"ctl-6 timeline-block-time\"><div class=\"story-time\"><p><strong>3 km<\/strong><\/p><\/div><\/div><div class=\"timeline-block-icon\"><span class=\"timeline-block-render-icon\" style=\"fill:white\"><div class=\"iconpicker-item\" style=\"font-size:24px;color:white;padding:2px\"><svg stroke=\"currentColor\" fill=\"currentColor\" stroke-width=\"0\" viewBox=\"0 0 448 512\" height=\"1em\" width=\"1em\" xmlns=\"http:\/\/www.w3.org\/2000\/svg\"><path d=\"M413.1 222.5l22.2 22.2c9.4 9.4 9.4 24.6 0 33.9L241 473c-9.4 9.4-24.6 9.4-33.9 0L12.7 278.6c-9.4-9.4-9.4-24.6 0-33.9l22.2-22.2c9.5-9.5 25-9.3 34.3.4L184 343.4V56c0-13.3 10.7-24 24-24h32c13.3 0 24 10.7 24 24v287.4l114.8-120.5c9.3-9.8 24.8-10 34.3-.4z\"><\/path><\/svg><\/div><\/span><\/div><div class=\"ctl-6 timeline-block-detail\"><div class=\"story-details\"><div class=\"story-content\">\n<figure class=\"wp-block-image size-full ctlb-block-image is-style-buddyx-border\"><a href=\"https:\/\/caminodesantiagofrances.com\/en\/provincia-de-palencia\/moratinos\/\" target=\"_blank\" rel=\" noreferrer noopener\"><img loading=\"lazy\" decoding=\"async\" width=\"600\" height=\"315\" src=\"https:\/\/caminodesantiagofrances.com\/en\/wp-content\/uploads\/sites\/3\/2024\/02\/Moratinos-Camino-de-Santiago-Frances.jpg\" alt=\"\" class=\"wp-image-11521\" srcset=\"https:\/\/caminodesantiagofrances.com\/en\/wp-content\/uploads\/sites\/3\/2024\/02\/Moratinos-Camino-de-Santiago-Frances.jpg 600w, https:\/\/caminodesantiagofrances.com\/en\/wp-content\/uploads\/sites\/3\/2024\/02\/Moratinos-Camino-de-Santiago-Frances-300x158.jpg 300w\" sizes=\"auto, (max-width: 600px) 100vw, 600px\" \/><\/a><\/figure>\n\n\n\n<h3 class=\"wp-block-heading has-text-align-center ctlb-block-title\" style=\"padding-top:0px;padding-right:0px;padding-bottom:0px;padding-left:0px\"><a href=\"https:\/\/caminodesantiagofrances.com\/en\/navarra\/zuriain\/\" data-type=\"link\" data-id=\"https:\/\/caminodesantiagofrances.com\/en\/navarra\/zuriain\/\" target=\"_blank\" rel=\"noreferrer noopener\"><\/a><a href=\"https:\/\/caminodesantiagofrances.com\/en\/navarra\/zabaldica\/\" data-type=\"link\" data-id=\"https:\/\/caminodesantiagofrances.com\/en\/navarra\/zabaldica\/\"><\/a><strong><a href=\"https:\/\/caminodesantiagofrances.com\/en\/provincia-de-palencia\/moratinos\/\" target=\"_blank\" data-type=\"page\" data-id=\"11522\" rel=\"noreferrer noopener\">Moratinos<\/a><\/strong><\/h3>\n\n\n\n<p class=\"ctlb-block-desc wp-block-paragraph\" style=\"padding-top:0px;padding-right:0px;padding-bottom:0px;padding-left:0px\"><\/p>\n<\/div><\/div><\/div><\/div><\/div><\/div>\n\n\n\n<div class=\"wp-block-cp-timeline-content-timeline-child swiper-slide\"><div class=\"timeline-content icon-true \"><div class=\"timeline-block-timeline ctl-row  position-right\"><div class=\"ctl-6 timeline-block-time\"><div class=\"story-time\"><p><strong>5 km<\/strong><\/p><\/div><\/div><div class=\"timeline-block-icon\"><span class=\"timeline-block-render-icon\" style=\"fill:white\"><div class=\"iconpicker-item\" style=\"font-size:24px;color:white;padding:2px\"><svg stroke=\"currentColor\" fill=\"currentColor\" stroke-width=\"0\" viewBox=\"0 0 448 512\" height=\"1em\" width=\"1em\" xmlns=\"http:\/\/www.w3.org\/2000\/svg\"><path d=\"M413.1 222.5l22.2 22.2c9.4 9.4 9.4 24.6 0 33.9L241 473c-9.4 9.4-24.6 9.4-33.9 0L12.7 278.6c-9.4-9.4-9.4-24.6 0-33.9l22.2-22.2c9.5-9.5 25-9.3 34.3.4L184 343.4V56c0-13.3 10.7-24 24-24h32c13.3 0 24 10.7 24 24v287.4l114.8-120.5c9.3-9.8 24.8-10 34.3-.4z\"><\/path><\/svg><\/div><\/span><\/div><div class=\"ctl-6 timeline-block-detail\"><div class=\"story-details\"><div class=\"story-content\">\n<figure class=\"wp-block-image size-full ctlb-block-image is-style-buddyx-border\"><a href=\"https:\/\/caminodesantiagofrances.com\/en\/provincia-de-palencia\/san-nicolas-del-real-camino\/\" target=\"_blank\" rel=\" noreferrer noopener\"><img loading=\"lazy\" decoding=\"async\" width=\"600\" height=\"315\" src=\"https:\/\/caminodesantiagofrances.com\/en\/wp-content\/uploads\/sites\/3\/2024\/02\/San-Nicolas-del-Real-Camino-Camino-de-Santiago-Frances.jpg\" alt=\"\" class=\"wp-image-11530\" srcset=\"https:\/\/caminodesantiagofrances.com\/en\/wp-content\/uploads\/sites\/3\/2024\/02\/San-Nicolas-del-Real-Camino-Camino-de-Santiago-Frances.jpg 600w, https:\/\/caminodesantiagofrances.com\/en\/wp-content\/uploads\/sites\/3\/2024\/02\/San-Nicolas-del-Real-Camino-Camino-de-Santiago-Frances-300x158.jpg 300w\" sizes=\"auto, (max-width: 600px) 100vw, 600px\" \/><\/a><\/figure>\n\n\n\n<h3 class=\"wp-block-heading has-text-align-center ctlb-block-title\" style=\"padding-top:0px;padding-right:0px;padding-bottom:0px;padding-left:0px\"><a href=\"https:\/\/caminodesantiagofrances.com\/en\/navarra\/zuriain\/\" data-type=\"link\" data-id=\"https:\/\/caminodesantiagofrances.com\/en\/navarra\/zuriain\/\" target=\"_blank\" rel=\"noreferrer noopener\"><\/a><a href=\"https:\/\/caminodesantiagofrances.com\/en\/navarra\/zabaldica\/\" data-type=\"link\" data-id=\"https:\/\/caminodesantiagofrances.com\/en\/navarra\/zabaldica\/\"><\/a><a href=\"https:\/\/caminodesantiagofrances.com\/en\/navarra\/trinidad-de-arre\/\" data-type=\"link\" data-id=\"https:\/\/caminodesantiagofrances.com\/en\/navarra\/trinidad-de-arre\/\" target=\"_blank\" rel=\"noreferrer noopener\"><\/a><strong><a href=\"https:\/\/caminodesantiagofrances.com\/en\/provincia-de-palencia\/san-nicolas-del-real-camino\/\" data-type=\"page\" data-id=\"11526\">San Nicol\u00e1s del Real Camino<\/a><\/strong><\/h3>\n\n\n\n<p class=\"ctlb-block-desc wp-block-paragraph\" style=\"padding-top:0px;padding-right:0px;padding-bottom:0px;padding-left:0px\"><\/p>\n<\/div><\/div><\/div><\/div><\/div><\/div>\n<\/div><\/div><\/div><\/div>\n\n\n\n<hr class=\"wp-block-separator has-alpha-channel-opacity\"\/>\n\n\n\n<h3 class=\"wp-block-heading has-text-align-center\">Camino de Santiago Franc\u00e9s en la Provincia de Palencia<\/h3>\n\n\n\n<p class=\"wp-block-paragraph\">El <a href=\"https:\/\/caminodesantiagofrances.com\/en\/\" target=\"_blank\" data-type=\"link\" data-id=\"https:\/\/caminodesantiagofrances.com\/en\/\" rel=\"noreferrer noopener\"><strong>Camino de Santiago Franc\u00e9s<\/strong><\/a> atraviesa la <strong>Provincia de Palencia<\/strong> de este a oeste, casi por el centro geogr\u00e1fico de la misma.<br>Cruza la provincia desde la <a href=\"https:\/\/caminodesantiagofrances.com\/en\/provincia-de-burgos\/\" target=\"_blank\" rel=\"noreferrer noopener\"><strong>Provincia de Burgos<\/strong><\/a> hacia la <a href=\"https:\/\/caminodesantiagofrances.com\/en\/provincia-de-leon\/\" target=\"_blank\" rel=\"noreferrer noopener\"><strong>Provincia de Le\u00f3n<\/strong><\/a>, a lo largo de 70 kil\u00f3metros.<\/p>\n\n\n\n<h2 class=\"wp-block-heading has-text-align-center\">Descubriendo la Provincia de Palencia en el Camino de Santiago Franc\u00e9s<\/h2>\n\n\n\n<p class=\"wp-block-paragraph\">El <strong><a href=\"https:\/\/caminodesantiagofrances.com\/en\/\" data-type=\"link\" data-id=\"https:\/\/caminodesantiagofrances.com\/en\/\" target=\"_blank\" rel=\"noreferrer noopener\"><strong>Camino de Santiago Franc\u00e9s<\/strong><\/a><\/strong>, declarado Patrimonio de la Humanidad por la UNESCO, atraviesa la Provincia de Palencia ofreciendo a los <strong><a href=\"https:\/\/caminodesantiagofrances.com\/en\/peregrinos\/\" target=\"_blank\" data-type=\"page\" data-id=\"5880\" rel=\"noreferrer noopener\">peregrinos<\/a><\/strong> una combinaci\u00f3n \u00fanica de patrimonio hist\u00f3rico, arte rom\u00e1nico y paisajes de la meseta castellana. A lo largo de aproximadamente 70 kil\u00f3metros, este tramo se distingue por su riqueza cultural y espiritual.<\/p>\n\n\n\n<h2 class=\"wp-block-heading has-text-align-center\">Itinerario del Camino Franc\u00e9s en Palencia<\/h2>\n\n\n\n<p class=\"wp-block-paragraph\">El recorrido por Palencia comienza en <strong><a href=\"https:\/\/caminodesantiagofrances.com\/en\/provincia-de-palencia\/itero-de-la-vega\/\" target=\"_blank\" data-type=\"page\" data-id=\"11447\" rel=\"noreferrer noopener\">Itero de la Vega<\/a><\/strong> y culmina en <strong><a href=\"https:\/\/caminodesantiagofrances.com\/en\/provincia-de-palencia\/san-nicolas-del-real-camino\/\" target=\"_blank\" data-type=\"page\" data-id=\"11526\" rel=\"noreferrer noopener\">San Nicol\u00e1s del Real Camino<\/a><\/strong>, pasando por localidades emblem\u00e1ticas que enriquecen la experiencia del peregrino.<\/p>\n\n\n\n<h3 class=\"wp-block-heading has-text-align-center\"><strong><a href=\"https:\/\/caminodesantiagofrances.com\/en\/provincia-de-palencia\/itero-de-la-vega\/\" target=\"_blank\" data-type=\"page\" data-id=\"11447\" rel=\"noreferrer noopener\">Itero de la Vega<\/a><\/strong><\/h3>\n\n\n\n<p class=\"wp-block-paragraph\">Al cruzar el r\u00edo Pisuerga por el <strong><a href=\"https:\/\/caminodesantiagofrances.com\/en\/lo\/puente-de-itero\/\" target=\"_blank\" data-type=\"gd_place\" data-id=\"14264\" rel=\"noreferrer noopener\">Puente Fitero<\/a><\/strong>, los peregrinos llegan a <strong><a href=\"https:\/\/caminodesantiagofrances.com\/en\/provincia-de-palencia\/itero-de-la-vega\/\" target=\"_blank\" data-type=\"page\" data-id=\"11447\" rel=\"noreferrer noopener\">Itero de la Vega<\/a><\/strong>, donde pueden visitar la iglesia de San Pedro, una construcci\u00f3n del siglo XVI que alberga un retablo de Felipe Gil de Mena. Adem\u00e1s, destaca el barrio de bodegas tradicional, reflejo de la cultura vin\u00edcola de la regi\u00f3n.<\/p>\n\n\n\n<h3 class=\"wp-block-heading has-text-align-center\"><strong><a href=\"https:\/\/caminodesantiagofrances.com\/en\/provincia-de-palencia\/boadilla-del-camino\/\" target=\"_blank\" data-type=\"page\" data-id=\"11452\" rel=\"noreferrer noopener\">Boadilla del Camino<\/a><\/strong><\/h3>\n\n\n\n<p class=\"wp-block-paragraph\">A unos ocho kil\u00f3metros se encuentra <strong><a href=\"https:\/\/caminodesantiagofrances.com\/en\/provincia-de-palencia\/boadilla-del-camino\/\" target=\"_blank\" data-type=\"page\" data-id=\"11452\" rel=\"noreferrer noopener\">Boadilla del Camino<\/a><\/strong>, conocida por su iglesia parroquial de Nuestra Se\u00f1ora de la Asunci\u00f3n y el rollo jurisdiccional g\u00f3tico del siglo XV, adornado con conchas jacobeas, s\u00edmbolo del peregrinaje a Santiago.<\/p>\n\n\n\n<h3 class=\"wp-block-heading has-text-align-center\"><strong><a href=\"https:\/\/caminodesantiagofrances.com\/en\/provincia-de-palencia\/fromista\/\" target=\"_blank\" data-type=\"page\" data-id=\"11457\" rel=\"noreferrer noopener\">Fr\u00f3mista<\/a><\/strong><\/h3>\n\n\n\n<p class=\"wp-block-paragraph\"><strong><a href=\"https:\/\/caminodesantiagofrances.com\/en\/provincia-de-palencia\/fromista\/\" data-type=\"page\" data-id=\"11457\" target=\"_blank\" rel=\"noreferrer noopener\">Fr\u00f3mista<\/a><\/strong> es un punto clave en el Camino. Aqu\u00ed se encuentra la <strong><a href=\"https:\/\/caminodesantiagofrances.com\/en\/lo\/iglesia-de-san-martin-de-tours\/\" target=\"_blank\" data-type=\"gd_place\" data-id=\"14940\" rel=\"noreferrer noopener\">Iglesia de San Mart\u00edn de Tours<\/a><\/strong>, una joya del rom\u00e1nico del siglo XI, reconocida por su arquitectura y decoraci\u00f3n escult\u00f3rica. Adem\u00e1s, la confluencia del Camino con el <strong><a href=\"https:\/\/caminodesantiagofrances.com\/en\/lo\/canal-de-castilla\/\" target=\"_blank\" data-type=\"gd_place\" data-id=\"14983\" rel=\"noreferrer noopener\">Canal de Castilla<\/a><\/strong> ofrece una estampa singular, destacando las esclusas que regulan el cauce del canal.<\/p>\n\n\n\n<h3 class=\"wp-block-heading has-text-align-center\"><strong><a href=\"https:\/\/caminodesantiagofrances.com\/en\/provincia-de-palencia\/poblacion-de-campos\/\" target=\"_blank\" data-type=\"page\" data-id=\"11465\" rel=\"noreferrer noopener\">Poblaci\u00f3n de Campos<\/a><\/strong>, <strong><a href=\"https:\/\/caminodesantiagofrances.com\/en\/provincia-de-palencia\/revenga-de-campos\/\" target=\"_blank\" data-type=\"page\" data-id=\"11473\" rel=\"noreferrer noopener\">Revenga de Campos<\/a><\/strong> y <strong><a href=\"https:\/\/caminodesantiagofrances.com\/en\/provincia-de-palencia\/villarmentero-de-campos\/\" target=\"_blank\" data-type=\"page\" data-id=\"11482\" rel=\"noreferrer noopener\">Villarmentero de Campos<\/a><\/strong><\/h3>\n\n\n\n<p class=\"wp-block-paragraph\">Estas peque\u00f1as localidades ofrecen al peregrino un ambiente tranquilo y hospitalario, con iglesias y ermitas que reflejan la devoci\u00f3n y el arte de la regi\u00f3n.<\/p>\n\n\n\n<h3 class=\"wp-block-heading has-text-align-center\"><strong><a href=\"https:\/\/caminodesantiagofrances.com\/en\/provincia-de-palencia\/villalcazar-de-sirga\/\" target=\"_blank\" data-type=\"page\" data-id=\"11486\" rel=\"noreferrer noopener\">Villalc\u00e1zar de Sirga<\/a><\/strong><\/h3>\n\n\n\n<p class=\"wp-block-paragraph\"><strong><a href=\"https:\/\/caminodesantiagofrances.com\/en\/provincia-de-palencia\/villalcazar-de-sirga\/\" data-type=\"page\" data-id=\"11486\" target=\"_blank\" rel=\"noreferrer noopener\">Villalc\u00e1zar de Sirga<\/a><\/strong> alberga la <strong><a href=\"https:\/\/caminodesantiagofrances.com\/en\/lo\/iglesia-de-santa-maria-la-blanca\/\" target=\"_blank\" data-type=\"gd_place\" data-id=\"14968\" rel=\"noreferrer noopener\">Iglesia de Santa Mar\u00eda la Blanca<\/a><\/strong>, templo de transici\u00f3n entre el rom\u00e1nico y el g\u00f3tico, famoso por su vinculaci\u00f3n con los templarios y por ser mencionada en las &#8220;<strong><a href=\"https:\/\/caminodesantiagofrances.com\/en\/santos\/virgen-de-villasirga\/cantigas-de-santa-maria\/\" target=\"_blank\" data-type=\"page\" data-id=\"14974\" rel=\"noreferrer noopener\">Cantigas de Santa Mar\u00eda<\/a><\/strong>&#8221; de Alfonso X el Sabio. La localidad tambi\u00e9n es conocida por su gastronom\u00eda, en especial por sus mesones que ofrecen platos tradicionales.<\/p>\n\n\n\n<h3 class=\"wp-block-heading has-text-align-center\"><strong><a href=\"https:\/\/caminodesantiagofrances.com\/en\/provincia-de-palencia\/carrion-de-los-condes\/\" target=\"_blank\" data-type=\"page\" data-id=\"11496\" rel=\"noreferrer noopener\">Carri\u00f3n de los Condes<\/a><\/strong><\/h3>\n\n\n\n<p class=\"wp-block-paragraph\"><strong><a href=\"https:\/\/caminodesantiagofrances.com\/en\/provincia-de-palencia\/carrion-de-los-condes\/\" target=\"_blank\" data-type=\"page\" data-id=\"11496\" rel=\"noreferrer noopener\">Carri\u00f3n de los Condes<\/a><\/strong> es una ciudad con un rico legado hist\u00f3rico. Destacan el <strong><a href=\"https:\/\/caminodesantiagofrances.com\/en\/lo\/monasterio-de-san-zoilo\/\" target=\"_blank\" data-type=\"gd_place\" data-id=\"12779\" rel=\"noreferrer noopener\">Monasterio de San Zoilo<\/a><\/strong>, con su claustro renacentista, y la iglesia de Santiago, famosa por su Pantocr\u00e1tor. Adem\u00e1s, la reciente restauraci\u00f3n de las murallas ha puesto en valor este patrimonio, mejorando el entorno urbano y resaltando la importancia hist\u00f3rica de la ciudad.<\/p>\n\n\n\n<h3 class=\"wp-block-heading has-text-align-center\"><strong><a href=\"https:\/\/caminodesantiagofrances.com\/en\/provincia-de-palencia\/calzadilla-de-la-cueza\/\" target=\"_blank\" data-type=\"page\" data-id=\"11500\" rel=\"noreferrer noopener\">Calzadilla de la Cueza<\/a><\/strong>, <strong><a href=\"https:\/\/caminodesantiagofrances.com\/en\/provincia-de-palencia\/ledigos\/\" target=\"_blank\" data-type=\"page\" data-id=\"11506\" rel=\"noreferrer noopener\">Ledigos<\/a><\/strong> y <strong><a href=\"https:\/\/caminodesantiagofrances.com\/en\/provincia-de-palencia\/terradillos-de-los-templarios\/\" target=\"_blank\" data-type=\"page\" data-id=\"11514\" rel=\"noreferrer noopener\">Terradillos de los Templarios<\/a><\/strong><\/h3>\n\n\n\n<p class=\"wp-block-paragraph\">Estas localidades ofrecen al peregrino un recorrido por parajes de la meseta, con horizontes amplios y cielos abiertos, ideales para la reflexi\u00f3n y el recogimiento.<\/p>\n\n\n\n<h3 class=\"wp-block-heading has-text-align-center\"><strong><a href=\"https:\/\/caminodesantiagofrances.com\/en\/provincia-de-palencia\/moratinos\/\" target=\"_blank\" data-type=\"page\" data-id=\"11522\" rel=\"noreferrer noopener\">Moratinos<\/a><\/strong> y <strong><a href=\"https:\/\/caminodesantiagofrances.com\/en\/provincia-de-palencia\/san-nicolas-del-real-camino\/\" target=\"_blank\" data-type=\"page\" data-id=\"11526\" rel=\"noreferrer noopener\">San Nicol\u00e1s del Real Camino<\/a><\/strong><\/h3>\n\n\n\n<p class=\"wp-block-paragraph\"><strong><a href=\"https:\/\/caminodesantiagofrances.com\/en\/provincia-de-palencia\/moratinos\/\" data-type=\"page\" data-id=\"11522\" target=\"_blank\" rel=\"noreferrer noopener\">Moratinos<\/a><\/strong> es conocido por sus bodegas subterr\u00e1neas, mientras que <strong><a href=\"https:\/\/caminodesantiagofrances.com\/en\/provincia-de-palencia\/san-nicolas-del-real-camino\/\" data-type=\"page\" data-id=\"11526\" target=\"_blank\" rel=\"noreferrer noopener\">San Nicol\u00e1s del Real Camino<\/a><\/strong> marca el final del tramo palentino, preparando al peregrino para adentrarse en la <strong><a href=\"https:\/\/caminodesantiagofrances.com\/en\/provincia-de-leon\/\" target=\"_blank\" data-type=\"page\" data-id=\"6006\" rel=\"noreferrer noopener\">Provincia de Le\u00f3n<\/a><\/strong>.<\/p>\n\n\n\n<h2 class=\"wp-block-heading has-text-align-center\">Patrimonio Rom\u00e1nico en el Camino<\/h2>\n\n\n\n<p class=\"wp-block-paragraph\">La provincia de Palencia es reconocida por su abundante patrimonio rom\u00e1nico. Adem\u00e1s de la mencionada <strong><a href=\"https:\/\/caminodesantiagofrances.com\/en\/lo\/iglesia-de-san-martin-de-tours\/\" target=\"_blank\" data-type=\"gd_place\" data-id=\"14940\" rel=\"noreferrer noopener\">Iglesia de San Mart\u00edn de Tours<\/a><\/strong> en <strong><a href=\"https:\/\/caminodesantiagofrances.com\/en\/provincia-de-palencia\/fromista\/\" data-type=\"page\" data-id=\"11457\" target=\"_blank\" rel=\"noreferrer noopener\">Fr\u00f3mista<\/a><\/strong>, el peregrino puede admirar:<\/p>\n\n\n\n<ul class=\"wp-block-list\">\n<li><strong><a href=\"https:\/\/caminodesantiagofrances.com\/en\/lo\/iglesia-de-santa-maria-del-camino\/\" data-type=\"gd_place\" data-id=\"15016\">Iglesia de Santa Mar\u00eda del Camino<\/a><\/strong> en <strong><a href=\"https:\/\/caminodesantiagofrances.com\/en\/provincia-de-palencia\/carrion-de-los-condes\/\" target=\"_blank\" data-type=\"page\" data-id=\"11496\" rel=\"noreferrer noopener\">Carri\u00f3n de los Condes<\/a><\/strong>: Templo rom\u00e1nico del siglo XII, conocido por su portada y capiteles esculpidos.<\/li>\n\n\n\n<li><strong><a href=\"https:\/\/caminodesantiagofrances.com\/en\/lo\/iglesia-de-san-pedro-fromista\/\" target=\"_blank\" data-type=\"gd_place\" data-id=\"14948\" rel=\"noreferrer noopener\">Iglesia de San Pedro en Fr\u00f3mista<\/a><\/strong>: Alberga un museo de arte sacro con piezas de gran valor hist\u00f3rico y art\u00edstico.<\/li>\n<\/ul>\n\n\n\n<h2 class=\"wp-block-heading has-text-align-center\">Gastronom\u00eda y Tradiciones<\/h2>\n\n\n\n<p class=\"wp-block-paragraph\">El Camino por Palencia permite al peregrino degustar la gastronom\u00eda local, caracterizada por platos como el lechazo asado, la menestra palentina y postres tradicionales como los amarguillos de <strong><a href=\"https:\/\/caminodesantiagofrances.com\/en\/provincia-de-palencia\/villalcazar-de-sirga\/\" target=\"_blank\" data-type=\"page\" data-id=\"11486\" rel=\"noreferrer noopener\">Villalc\u00e1zar de Sirga<\/a><\/strong>. Las festividades locales, muchas de ellas de origen medieval, ofrecen una visi\u00f3n de las tradiciones que han perdurado a lo largo de los siglos.<\/p>\n\n\n\n<h2 class=\"wp-block-heading has-text-align-center\">Recomendaciones para el Peregrino<\/h2>\n\n\n\n<ul class=\"wp-block-list\">\n<li><strong>Planificaci\u00f3n<\/strong>: Es esencial organizar las etapas seg\u00fan la capacidad f\u00edsica y las distancias entre localidades, considerando los albergues y puntos de inter\u00e9s.<\/li>\n\n\n\n<li><strong>Equipamiento<\/strong>: Llevar ropa y calzado adecuados para largas caminatas, protecci\u00f3n solar y una cantimplora para mantenerse hidratado.<\/li>\n\n\n\n<li><strong>Respeto por el Entorno<\/strong>: Mantener una actitud respetuosa con el medio ambiente y las comunidades locales, siguiendo las normas de cada lugar.<\/li>\n<\/ul>\n\n\n\n<h2 class=\"wp-block-heading has-text-align-center\">Provincia de Palencia en el Camino de Santiago Franc\u00e9s<\/h2>\n\n\n\n<p class=\"wp-block-paragraph\">El tramo del <strong><a href=\"https:\/\/caminodesantiagofrances.com\/en\/\" target=\"_blank\" data-type=\"page\" data-id=\"86\" rel=\"noreferrer noopener\">Camino de Santiago Franc\u00e9s<\/a><\/strong> por la provincia de Palencia es una experiencia enriquecedora que combina historia, arte, gastronom\u00eda y espiritualidad, dejando una huella imborrable en cada peregrino que lo recorre.<\/p>\n\n\n\n<hr class=\"wp-block-separator has-alpha-channel-opacity\"\/>\n","protected":false},"excerpt":{"rendered":"<p>Camino de Santiago Franc\u00e9s en la Provincia de Palencia Camino de Santiago Franc\u00e9s en la Provincia de Palencia El Camino de Santiago Franc\u00e9s atraviesa la Provincia de Palencia de este a oeste, casi por el centro geogr\u00e1fico de la misma.Cruza la provincia desde la Provincia de Burgos hacia la Provincia de Le\u00f3n, a lo largo [&hellip;]<\/p>\n","protected":false},"author":1,"featured_media":0,"parent":0,"menu_order":0,"comment_status":"closed","ping_status":"closed","template":"","meta":{"footnotes":""},"class_list":["post-5597","page","type-page","status-publish","hentry"],"_links":{"self":[{"href":"https:\/\/caminodesantiagofrances.com\/en\/wp-json\/wp\/v2\/pages\/5597","targetHints":{"allow":["GET"]}}],"collection":[{"href":"https:\/\/caminodesantiagofrances.com\/en\/wp-json\/wp\/v2\/pages"}],"about":[{"href":"https:\/\/caminodesantiagofrances.com\/en\/wp-json\/wp\/v2\/types\/page"}],"author":[{"embeddable":true,"href":"https:\/\/caminodesantiagofrances.com\/en\/wp-json\/wp\/v2\/users\/1"}],"replies":[{"embeddable":true,"href":"https:\/\/caminodesantiagofrances.com\/en\/wp-json\/wp\/v2\/comments?post=5597"}],"version-history":[{"count":0,"href":"https:\/\/caminodesantiagofrances.com\/en\/wp-json\/wp\/v2\/pages\/5597\/revisions"}],"wp:attachment":[{"href":"https:\/\/caminodesantiagofrances.com\/en\/wp-json\/wp\/v2\/media?parent=5597"}],"curies":[{"name":"wp","href":"https:\/\/api.w.org\/{rel}","templated":true}]}}