{"id":5722,"date":"2022-10-08T23:25:34","date_gmt":"2022-10-08T23:25:34","guid":{"rendered":"https:\/\/prueba.caminodesantiagofrances.com\/en\/?page_id=5722"},"modified":"2024-10-30T11:39:04","modified_gmt":"2024-10-30T10:39:04","slug":"codice-calixtino","status":"publish","type":"page","link":"https:\/\/caminodesantiagofrances.com\/en\/codice-calixtino\/","title":{"rendered":"C\u00f3dice Calixtino"},"content":{"rendered":"\n<h2 class=\"wp-block-heading has-text-align-center\">Codex Calixtinus<\/h2>\n\n\n\n<p class=\"wp-block-paragraph\">El\u00a0<i><b>C\u00f3dice Calixtino<\/b><\/i>\u00a0(en\u00a0lat\u00edn,\u00a0<i><b>Codex Calixtinus<\/b><\/i>; fl.\u00a0c.\u00a01140-1181) es el nombre propio de un\u00a0manuscrito iluminado\u00a0de mediados del\u00a0siglo XII\u00a0que contiene el m\u00e1s antiguo texto del\u00a0<strong><a href=\"https:\/\/caminodesantiagofrances.com\/en\/liber-sancti-iacobi\/\" data-type=\"page\" data-id=\"5840\">Liber Sancti Iacobi<\/a><\/strong>\u00a0(c. 1140-1160).<\/p>\n\n\n\n<div class=\"wp-block-columns\">\n<div class=\"wp-block-column\" style=\"flex-basis:66.66%\">\n<p class=\"wp-block-paragraph\">En \u00e9l se re\u00fanen sermones, himnos, milagros, relatos de la traslaci\u00f3n del Ap\u00f3stol, textos lit\u00fargicos y piezas musicales relacionados con el <strong><a href=\"https:\/\/caminodesantiagofrances.com\/en\/patronos\/apostol-santiago\/\" data-type=\"page\" data-id=\"5930\">Ap\u00f3stol Santiago<\/a><\/strong>. Su cuarto libro narra el descubrimiento de la tumba por\u00a0Carlomagno. El quinto constituye una\u00a0especie\u00a0de gu\u00eda para los\u00a0<strong><a href=\"https:\/\/caminodesantiagofrances.com\/en\/peregrinos\/\" data-type=\"page\" data-id=\"5880\">peregrinos<\/a><\/strong>\u00a0que segu\u00edan el\u00a0<strong><a href=\"https:\/\/caminodesantiagofrances.com\/en\/\" target=\"_blank\" data-type=\"page\" data-id=\"86\" rel=\"noreferrer noopener\">Camino de Santiago Franc\u00e9s<\/a><\/strong> en su viaje a <strong><a href=\"https:\/\/caminodesantiagofrances.com\/en\/provincia-a-coruna\/santiago-de-compostela\/\" target=\"_blank\" data-type=\"page\" data-id=\"12306\" rel=\"noreferrer noopener\">Santiago de Compostela<\/a><\/strong>, con consejos, descripciones de la ruta y de las obras de arte as\u00ed como de las costumbres locales de las gentes que viv\u00edan a lo largo del Camino.<\/p>\n\n\n\n<p class=\"wp-block-paragraph\">Este documento se custodia en la <strong><a href=\"https:\/\/caminodesantiagofrances.com\/en\/lo\/catedral-de-santiago\/\" data-type=\"gd_place\" data-id=\"12591\">Catedral de Santiago<\/a> de Compostela<\/strong>, en la <strong><a href=\"https:\/\/caminodesantiagofrances.com\/en\/provincia-a-coruna\/\" target=\"_blank\" data-type=\"page\" data-id=\"6221\" rel=\"noreferrer noopener\">Provincia A Coru\u00f1a<\/a><\/strong>.<\/p>\n<\/div>\n\n\n\n<div class=\"wp-block-column\" style=\"flex-basis:33.33%\"><\/div>\n<\/div>\n\n\n\n<h3 class=\"wp-block-heading has-text-align-center\"><strong>Liber Sancti Iacobi<\/strong><\/h3>\n\n\n\n<p class=\"wp-block-paragraph\">Aunque a veces se denomina al <em><strong><a href=\"https:\/\/caminodesantiagofrances.com\/en\/liber-sancti-iacobi\/\" data-type=\"page\" data-id=\"5840\">Liber Sancti Iacobi<\/a><\/strong><\/em>\u00a0como\u00a0<strong><i>Codex Calixtinus<\/i><\/strong>, ambos conceptos no son id\u00e9nticos. El\u00a0<em><strong><a href=\"https:\/\/caminodesantiagofrances.com\/en\/liber-sancti-iacobi\/\" data-type=\"page\" data-id=\"5840\">Liber Sancti Iacobi<\/a><\/strong><\/em>\u00a0representa el\u00a0<b>contenido<\/b>\u00a0del libro, del cual a lo largo de los siglos se copiaron varios manuscritos (unidad de encuadernaci\u00f3n que en ocasiones se les ha dotado de distintos nombres propios) y con un contenido heterog\u00e9neo y variable. El m\u00e1s antiguo y notable\u00a0c\u00f3dice\u00a0o manuscrito con el\u00a0Liber Sancti Iacobi\u00a0se conoce con el nombre propio de\u00a0<strong><i>Codex Calixtinus<\/i><\/strong> (c. 1140) y es el custodiado en la Catedral de Santiago de Compostela.<\/p>\n\n\n\n<p class=\"wp-block-paragraph\">La compilaci\u00f3n que conocemos como <em><strong><a href=\"https:\/\/caminodesantiagofrances.com\/en\/liber-sancti-iacobi\/\" data-type=\"page\" data-id=\"5840\">Liber Sancti Iacobi<\/a><\/strong><\/em>\u00a0fue redactada en diversas \u00e9pocas y de forma independiente y podr\u00eda estar ya configurada hacia el a\u00f1o\u00a01140.<\/p>\n\n\n\n<h2 class=\"wp-block-heading has-text-align-center\"><strong>Historia C\u00f3dice Calixtino<\/strong><\/h2>\n\n\n\n<p class=\"wp-block-paragraph\">El&nbsp;<i>C\u00f3dice Calixtino<\/i>&nbsp;fue copiado por al menos cuatro manos, dos de ellas muy similares. Al autor principal se le conoce con el nombre de&nbsp;<b>Scriptor I<\/b>. La autor\u00eda de&nbsp;<strong>Aymeric Picaud<\/strong>, sacerdote franc\u00e9s del siglo XII, es hoy controvertida. La obra se debe probablemente a la escuela catedral o episcopal de Santiago que acog\u00eda, en el siglo XII, maestros y estudiantes procedentes de varios pa\u00edses.<\/p>\n\n\n\n<p class=\"wp-block-paragraph\">El manuscrito original constaba de 27 cuadernos: el primero era un quini\u00f3n y el resto eran cuaterniones. Ya en \u00e9poca antigua se produjeron cambios en algunos cuadernos que alteraron la estructura del c\u00f3dice. Despu\u00e9s, hacia el&nbsp;siglo XV&nbsp;se perdi\u00f3 el folio 220, que originariamente ir\u00eda en blanco y pertenecer\u00eda al \u00faltimo cuaderno. Tambi\u00e9n debi\u00f3 perderse un folio, asimismo en blanco, que anteced\u00eda al actual folio 1. De ser esto cierto, el manuscrito llevaba, como era usual, el primer y el \u00faltimo folio en blanco sirviendo como guardas.<\/p>\n\n\n\n<p class=\"wp-block-paragraph\">Posteriormente, quiz\u00e1s durante la encuadernaci\u00f3n realizada a finales del siglo XII, se a\u00f1adi\u00f3 a la estructura primitiva del c\u00f3dice un segundo ap\u00e9ndice (Ap\u00e9ndice II).<\/p>\n\n\n\n<p class=\"wp-block-paragraph\">El libro IV fue separado del manuscrito en&nbsp;1609, lo que conllev\u00f3 el maltrato de los cuadernos 20, 21 y 24. Ambos vol\u00famenes fueron encuadernados por separado por Alonso Rodr\u00edguez Le\u00f3n. Finalmente, el libro IV fue agregado de nuevo durante la restauraci\u00f3n de&nbsp;1966, lo que exigi\u00f3 varios arreglos al manuscrito. En la misma restauraci\u00f3n se recortaron las hojas que eran m\u00e1s grandes y sobresal\u00edan del resto.<\/p>\n\n\n\n<p class=\"wp-block-paragraph\">Las anotaciones marginales que los can\u00f3nigos de Compostela dejaron en el manuscrito, demuestran que el c\u00f3dice fue usado y le\u00eddo ininterrumpidamente, al menos, hasta mediados del&nbsp;siglo XVI. Sin embargo, parece que a principios del&nbsp;siglo XVII&nbsp;el manuscrito dej\u00f3 de interesar, cayendo en el olvido durante muchos a\u00f1os.<\/p>\n\n\n\n<p class=\"wp-block-paragraph\">En la segunda mitad del&nbsp;siglo XIX, el manuscrito fue redescubierto por el&nbsp;can\u00f3nigo&nbsp;archivero de la Catedral de Compostela,&nbsp;Antonio L\u00f3pez Ferreiro. Sin embargo, fue dado a conocer p\u00fablicamente por el&nbsp;jesuita&nbsp;Fidel Fita&nbsp;y&nbsp;Aureliano Fern\u00e1ndez Guerra. En&nbsp;1879, se trasladaron a Santiago en un viaje de estudio y peregrinaci\u00f3n. Al a\u00f1o siguiente, en&nbsp;1880, publicaron un libro acerca de su viaje a Santiago (<i>Recuerdos de un viaje a Santiago de Galicia<\/i>), dedicando los cap\u00edtulos X y posteriores a la descripci\u00f3n y estudio del&nbsp;<i>Codex Calixtinus<\/i>. El libro inclu\u00eda una fotograf\u00eda del himno&nbsp;<i>Dum Paterfamilias<\/i>&nbsp;y una transcripci\u00f3n de su texto, as\u00ed como varios versos del himno&nbsp;<i>Ad honorem Regis summi<\/i>. En 1882, le P. Fidel Fita public\u00f3 el \u00faltimo libro del&nbsp;<i>Codex<\/i>&nbsp;&#8211; entonces el libro IV &#8211; en Par\u00eds.<\/p>\n\n\n\n<h2 class=\"wp-block-heading has-text-align-center\"><strong>Estructura C\u00f3dice Calixtino<\/strong><\/h2>\n\n\n\n<p class=\"wp-block-paragraph\">El&nbsp;<strong><i>Codex Calixtinus<\/i><\/strong>&nbsp;consta de cinco libros y dos ap\u00e9ndices, con un total de 225 folios de&nbsp;pergamino&nbsp;escritos en las dos caras, con un tama\u00f1o de 295 x 214 mm. Salvo excepciones, el texto es siempre a una columna, con 34 l\u00edneas por p\u00e1gina.<\/p>\n\n\n\n<p class=\"wp-block-paragraph\">La estructura del c\u00f3dice es la siguiente:<\/p>\n\n\n\n<blockquote class=\"wp-block-quote\">\n<figure class=\"wp-block-table\"><table><tbody><tr><th>Folio<\/th><th>Numeraci\u00f3n antigua<\/th><th>Libro<\/th><th>T\u00edtulo en lat\u00edn<\/th><th>Descripci\u00f3n<\/th><\/tr><tr><td>f. 1 &#8211; 2v<\/td><td>&nbsp;<\/td><td>&nbsp;<\/td><td>&nbsp;<\/td><td>Carta del papa Calixto&nbsp;II<\/td><\/tr><tr><td>f. 2v &#8211; 139<\/td><td>&nbsp;<\/td><td>Libro&nbsp;I<\/td><td><i>Anthologia liturgica<\/i><\/td><td>Libro de las Liturgias<\/td><\/tr><tr><td>f. 139v &#8211; 155v<\/td><td>&nbsp;<\/td><td>Libro&nbsp;II<\/td><td><i>De miraculi sancti Jacobi<\/i><\/td><td>Libro de los Milagros<\/td><\/tr><tr><td>f. 156 &#8211; 162v<\/td><td>&nbsp;<\/td><td>Libro&nbsp;III<\/td><td><i>Liber de translatione corporis sancti Jacobi ad Compostellam<\/i><\/td><td>Traslaci\u00f3n del cuerpo a Santiago<\/td><\/tr><tr><td>f. 163 &#8211; 191<\/td><td>f. 1 &#8211; 29<br><i>(volumen separado)<\/i><\/td><td>Libro&nbsp;IV<\/td><td><i>L&#8217;Historia Karoli Magni et Rotholandi<\/i><\/td><td>Conquistas de Carlomagno<\/td><\/tr><tr><td>f. 192 &#8211; 213v<\/td><td>f. 163 &#8211; 184v<\/td><td>Libro&nbsp;V<\/td><td><i>Iter pro peregrinis ad Compostellam<\/i><\/td><td>Gu\u00eda del Peregrino<\/td><\/tr><tr><td>f. 214 &#8211; 219v<\/td><td>f. 185 &#8211; 190v<\/td><td>Ap\u00e9ndice&nbsp;I<\/td><td>&nbsp;<\/td><td>Contiene obras polif\u00f3nicas<\/td><\/tr><tr><td>f. 220<\/td><td>f. 191<\/td><td>&nbsp;<\/td><td>&nbsp;<\/td><td><i>(desaparecido)<\/i><\/td><\/tr><tr><td>f. 221 &#8211; 225<\/td><td>f. 192 &#8211; 196<\/td><td>Ap\u00e9ndice&nbsp;II<\/td><td>&nbsp;<\/td><td>Es posterior a la redacci\u00f3n original del manuscrito<\/td><\/tr><\/tbody><\/table><\/figure>\n<\/blockquote>\n\n\n\n<p class=\"wp-block-paragraph\">El primer libro es de car\u00e1cter&nbsp;<i>lit\u00fargico<\/i>, el segundo&nbsp;<i>hagiogr\u00e1fico<\/i>, el tercero y cuarto de naturaleza&nbsp;<i>hist\u00f3rica<\/i>&nbsp;y el quinto, que alcanz\u00f3 una mayor celebridad, es una especie de&nbsp;<i>Gu\u00eda para el peregrino<\/i>.<\/p>\n\n\n\n<h3 class=\"wp-block-heading has-text-align-center\"><strong>C\u00f3dice Calixtino &#8211; Carta del papa Calixto II<\/strong><\/h3>\n\n\n\n<p class=\"wp-block-paragraph\">Constituye el comienzo del c\u00f3dice, ocupando sus dos primeros folios. El autor dice ser el papa\u00a0<strong>Calixto II<\/strong> y relata c\u00f3mo recogi\u00f3 numerosos testimonios de milagros realizados por el <strong><a href=\"https:\/\/caminodesantiagofrances.com\/en\/patronos\/apostol-santiago\/\" target=\"_blank\" data-type=\"page\" data-id=\"5930\" rel=\"noreferrer noopener\">Ap\u00f3stol Santiago<\/a><\/strong> &#8220;recorriendo las crueles tierras y provincias durante 14 a\u00f1os&#8221;. Tambi\u00e9n explica c\u00f3mo el manuscrito sobrevivi\u00f3 a todos los peligros posibles, desde incendios a inundaciones. La carta va dirigida a &#8220;la muy santa asamblea de la bas\u00edlica de Cluny&#8221; y a &#8220;Diego Gelm\u00edrez, arzobispo de Compostela&#8221;.<\/p>\n\n\n\n<p class=\"wp-block-paragraph\">Se cree que los copistas incluyeron esta carta al comienzo del manuscrito para dar m\u00e1s importancia a su trabajo, quedando la intervenci\u00f3n directa del papa, quien ya hab\u00eda muerto en&nbsp;1124, completamente descartada.<\/p>\n\n\n\n<p class=\"wp-block-paragraph\">Contenido:<\/p>\n\n\n\n<blockquote class=\"wp-block-quote\">\n<figure class=\"wp-block-table\"><table><tbody><tr><th>Folio<\/th><th>Contenido<\/th><\/tr><tr><td>1<\/td><td>Pr\u00f3logo<\/td><\/tr><tr><td>1-2v<\/td><td>Carta del papa Calixto<\/td><\/tr><\/tbody><\/table><\/figure>\n<\/blockquote>\n\n\n\n<h3 class=\"wp-block-heading has-text-align-center\"><strong>Libro I C\u00f3dice Calixtino \u2014 Libro de las Liturgias<\/strong><\/h3>\n\n\n\n<p class=\"has-text-align-center wp-block-paragraph\"><i><b><strong>(Anthologia lit\u00fargica)<\/strong><\/b><\/i><\/p>\n\n\n\n<p class=\"wp-block-paragraph\">Supone casi la mitad de todo el manuscrito y constituye el n\u00facleo del&nbsp;<i>Liber<\/i>. Contiene los siguientes elementos:<\/p>\n\n\n\n<ul class=\"wp-block-list\">\n<li>17 sermones para las fiestas de Santiago<\/li>\n\n\n\n<li>2 relatos del martirio del ap\u00f3stol Santiago<\/li>\n\n\n\n<li>2 oficios: el de la v\u00edspera de la fiesta de Santiago (24 de julio) y el de las fiestas de Santiago (25 de julio&nbsp;y&nbsp;30 de diciembre).<\/li>\n\n\n\n<li>2 misas para los mismos d\u00edas:&nbsp;Misa&nbsp;de la Vigilia de Santiago (24 de julio) y Misa de la festividad de Santiago (25 de julio).<\/li>\n\n\n\n<li>Instrucciones para las misas de cada uno de los d\u00edas de la octava de las fiestas de julio<\/li>\n\n\n\n<li>Una misa para la fiesta de los Milagros (3 de octubre)<\/li>\n\n\n\n<li>Una misa para la fiesta de la Traslaci\u00f3n (30 de diciembre) y piezas extras para la octava de \u00e9sta.<\/li>\n<\/ul>\n\n\n\n<p class=\"wp-block-paragraph\">Tanto los oficios como las misas llevan&nbsp;notaci\u00f3n musical.<\/p>\n\n\n\n<p class=\"wp-block-paragraph\">Al final del Libro&nbsp;I&nbsp;se halla un suplemento gregoriano, tambi\u00e9n con notaci\u00f3n musical, que incluye:<\/p>\n\n\n\n<ul class=\"wp-block-list\">\n<li>2 Benedicamus Domino<\/li>\n\n\n\n<li>4 conductus<\/li>\n\n\n\n<li>Una&nbsp;<i>Misa farcida<\/i>&nbsp;atribuida a&nbsp;Fulbert de Chartres&nbsp;para su uso en cualquiera de las festividades de Santiago (25 de julio y 30 de diciembre). Est\u00e1 enriquecida con&nbsp;tropos&nbsp;y contendr\u00eda elementos de escenificaci\u00f3n para una representaci\u00f3n teatral de la misa.<\/li>\n<\/ul>\n\n\n\n<p class=\"wp-block-paragraph\">La existencia de dos festividades diferentes dedicadas al Ap\u00f3stol Santiago, el 25 de julio y el 30 de diciembre, se explica por la instauraci\u00f3n del&nbsp;rito romano&nbsp;en sustituci\u00f3n del&nbsp;rito hisp\u00e1nico&nbsp;a finales del&nbsp;siglo XI. Desde su fundaci\u00f3n en el&nbsp;siglo IX, la Iglesia de Santiago adopt\u00f3 la pr\u00e1ctica lit\u00fargica vigente en ese momento en la iglesia hisp\u00e1nica. En el calendario lit\u00fargico propio de la iglesia astur-leonesa se celebraba una \u00fanica fiesta dedicada a Santiago el Mayor el 30 de diciembre, d\u00eda para el que se hab\u00eda llegado a desarrollar una&nbsp;liturgia&nbsp;espec\u00edfica. Sin embargo, en el&nbsp;calendario romano, la fiesta de Santiago se celebraba el 25 de julio. Con la implantaci\u00f3n del nuevo rito, la iglesia compostelana acept\u00f3 la implantaci\u00f3n del calendario romano con la fiesta de Santiago el 25 de julio, siempre y cuando se conservase tambi\u00e9n la fiesta del 30 de diciembre. As\u00ed, el 25 de julio qued\u00f3 para la celebraci\u00f3n de la pasi\u00f3n de Santiago, como en el resto de Occidente, y el 30 de diciembre para la celebraci\u00f3n de la vocaci\u00f3n y la Traslaci\u00f3n del cuerpo del ap\u00f3stol a Santiago.<\/p>\n\n\n\n<p class=\"wp-block-paragraph\">Entre ambas fiestas, se implanta con posterioridad la fiesta de los milagros de Santiago, el 3 de octubre. La fiesta se atribuye a la iniciativa de&nbsp;San Anselmo&nbsp;y ser\u00eda trasladada posteriormente al&nbsp;5 de octubre.<\/p>\n\n\n\n<p class=\"wp-block-paragraph\">Conviene se\u00f1alar que el Oficio de&nbsp;maitines&nbsp;para las fiestas de Santiago del 25 de julio y el 30 de diciembre es mon\u00e1stico y no can\u00f3nico, es decir, consta de 12 (13) ant\u00edfonas y 12 responsorios en vez de 9 ant\u00edfonas y 9 responsorios, por lo que tal vez fue preparado para la antigua comunidad mon\u00e1stica de Compostela en vez de para la Catedral (Ver m\u00e1s adelante, en el apartado de notaci\u00f3n musical, la posibilidad de que la parte musical fuera preparada por los monjes&nbsp;benedictinos&nbsp;de&nbsp;V\u00e9zelay).<sup id=\"cite_ref-autogenerated1_5-0\">5<\/sup>\u200b<\/p>\n\n\n\n<p class=\"wp-block-paragraph\">Contenido:<\/p>\n\n\n\n<blockquote class=\"wp-block-quote\">\n<figure class=\"wp-block-table\"><table><tbody><tr><th>Folio<\/th><th>Cap\u00edtulo<\/th><th>Contenido<\/th><\/tr><tr><td>2v-3v<\/td><td>\u00cdndice<\/td><td>\u00cdndice de los 31 cap\u00edtulos<\/td><\/tr><tr><th>Sermones y pasiones<\/th><\/tr><tr><td>4-6v<\/td><td>Cap\u00edtulo&nbsp;I<\/td><td>Serm\u00f3n de Beda el venerable, presb\u00edtero, para la vigilia (24 de julio):&nbsp;<i>Quoniam beati Jacobi vigilias<\/i><\/td><\/tr><tr><td>6v-18<\/td><td>Cap\u00edtulo&nbsp;II<\/td><td>Exposici\u00f3n del papa Calixto para la vigilia (24 de julio):&nbsp;<i>Vigiliae noctis sacratissimae<\/i><\/td><\/tr><tr><td>18<\/td><td>Cap\u00edtulo&nbsp;III<\/td><td>12 Bendiciones del papa Calixto a las lecciones de Santiago:&nbsp;<i>Adsit nobis gratia Dei<\/i><\/td><\/tr><tr><td>18-19v<\/td><td>Cap\u00edtulo&nbsp;IV<\/td><td>Pr\u00f3logo de Calixto y pasi\u00f3n menor de Santiago (25 de julio):&nbsp;<i>Gaio quatuor annis<\/i><\/td><\/tr><tr><td>19v-24v<\/td><td>Cap\u00edtulo&nbsp;V<\/td><td>Serm\u00f3n del papa Calixto en la pasi\u00f3n de Santiago (25 de julio):&nbsp;<i>Celebritatis sacratissime<\/i><\/td><\/tr><tr><td>24v-31<\/td><td>Cap\u00edtulo&nbsp;VI<\/td><td>Segundo serm\u00f3n del mismo papa Calixto para el 25 de julio:&nbsp;<i>Spiritali igitur jocunditate<\/i><\/td><\/tr><tr><td>31-44v<\/td><td>Cap\u00edtulo&nbsp;VII<\/td><td>Exposici\u00f3n del mismo papa Calixto para el 25 de julio:&nbsp;<i>Adest nobis, dilectissimi fratres<\/i><\/td><\/tr><tr><td>44v-47v<\/td><td>Cap\u00edtulo&nbsp;VIII<\/td><td>Homil\u00eda de Beda el Venerable para el 25 de julio:&nbsp;<i>Dominus conditor ac redemptor noster<\/i><\/td><\/tr><tr><td>47v-53<\/td><td>Cap\u00edtulo&nbsp;IX<\/td><td>Pr\u00f3logo de Calixto y pasi\u00f3n mayor de Santiago:&nbsp;<i>Post Ascensionem Dominicam ad celos apostolus Domini nostri lhesu Christi<\/i><\/td><\/tr><tr><td>53-55v<\/td><td>Cap\u00edtulo&nbsp;X<\/td><td>Exposici\u00f3n de San Jer\u00f3nimo para el 26 de julio, segundo d\u00eda de la octava de Santiago:&nbsp;<i>Apostolica sollempnia veneranda<\/i><\/td><\/tr><tr><td>55v-57<\/td><td>Cap\u00edtulo&nbsp;XI<\/td><td>Exposici\u00f3n del mismo San Jer\u00f3nimo para el 27 de julio, tercer d\u00eda de la octava de Santiago:&nbsp;<i>Quare Petrus et Jacobus<\/i><\/td><\/tr><tr><td>57-64<\/td><td>Cap\u00edtulo&nbsp;XII<\/td><td>Exposici\u00f3n del papa Calixto para el 28 de julio, cuarto d\u00eda de la octava de Santiago:&nbsp;<i>Preclara sollempnia<\/i><\/td><\/tr><tr><td>64-65<\/td><td>Cap\u00edtulo&nbsp;XIII<\/td><td>Exposici\u00f3n de San Jer\u00f3nimo para el 29 de julio, quinto d\u00eda de la octava de Santiago:&nbsp;<i>In presenti capitula ostenditur<\/i><\/td><\/tr><tr><td>65v-67<\/td><td>Cap\u00edtulo&nbsp;XIV<\/td><td>Homil\u00eda del papa Gregorio para el 30 de julio, sexto d\u00eda de la octava de Santiago:&nbsp;<i>Quia natalem beati lacobi apostoli et martiris<\/i><\/td><\/tr><tr><td>67-71v<\/td><td>Cap\u00edtulo&nbsp;XV<\/td><td>Serm\u00f3n de San M\u00e1ximo, obispo, para el 31 de julio, s\u00e9ptimo d\u00eda de la octava de Santiago:&nbsp;<i>Exultemus in Domino, dilectissimi, et congruis honoribus<\/i><\/td><\/tr><tr><td>72-74<\/td><td>Cap\u00edtulo&nbsp;XVI<\/td><td>Exposiciones de los santos Jer\u00f3nimo y M\u00e1ximo para el 31 de julio, s\u00e9ptimo d\u00eda de la octava de Santiago:&nbsp;<i>Sollempnitatem hodiernam<\/i><\/td><\/tr><tr><td>74-93v<\/td><td>Cap\u00edtulo&nbsp;XVII<\/td><td>Serm\u00f3n del papa Calixto para el 30 de diciembre:&nbsp;<i>Veneranda dies<\/i><\/td><\/tr><tr><td>93v-95<\/td><td>Cap\u00edtulo&nbsp;XVIII<\/td><td>Homil\u00eda del papa Gregorio para el 30 de diciembre:&nbsp;<i>Audistis, fratres karissimi, quia<\/i><\/td><\/tr><tr><td>95-98<\/td><td>Cap\u00edtulo&nbsp;XIX<\/td><td>Exposici\u00f3n del papa Calixto para el 30 de diciembre:&nbsp;<i>Sollempnia sacra presentia<\/i><\/td><\/tr><tr><td>98-101<\/td><td>Cap\u00edtulo&nbsp;XX<\/td><td>Exposiciones de los santos Jer\u00f3nimo, Agust\u00edn, Gregorio y Calixto para el 5 de enero:&nbsp;<i>Festivitatem electionis et translationis<\/i><\/td><\/tr><tr><th>Oficios&nbsp;<i>(con notaci\u00f3n musical)<\/i><\/th><\/tr><tr><td>101<\/td><td>Cap\u00edtulo&nbsp;XXI<\/td><td>Cap\u00edtulos del papa Calixto sobre la vigilia de Santiago y el d\u00eda de su pasi\u00f3n (24 y 25 de julio):&nbsp;<i>Iacobus Dei et Domini nostri Ihesu Christi servus<\/i><\/td><\/tr><tr><td>101v-103v<\/td><td>Cap\u00edtulo&nbsp;XXII<\/td><td>Oficio de la vigilia (24 de julio), por Calixto<\/td><\/tr><tr><td>103v-114<\/td><td>Cap\u00edtulo&nbsp;XXIII<\/td><td>Oficio del 25 de julio y del 30 de diciembre, por Calixto<\/td><\/tr><tr><th>Misas&nbsp;<i>(con notaci\u00f3n musical)<\/i><\/th><\/tr><tr><td>114-116v<\/td><td>Cap\u00edtulo&nbsp;XXIV<\/td><td>Misa del papa Calixto para cantar en la vigilia de Santiago (24 de julio) a la hora de nona, con sus accesorios.<\/td><\/tr><tr><td>116v-118<\/td><td>Cap\u00edtulo&nbsp;XXV<\/td><td>Versos (17 diferentes) del papa Calixto para cantar en la procesi\u00f3n de Santiago en sus dos solemnidades (25 de julio y 30 de diciembre)<\/td><\/tr><tr><td>118-122v<\/td><td>Cap\u00edtulo&nbsp;XXVI<\/td><td>Misa del mismo papa Calixto para recitarla el d\u00eda de la pasi\u00f3n de Santiago (25 de julio), con sus accesorios.<\/td><\/tr><tr><td>122v<\/td><td>Cap\u00edtulo&nbsp;XXVII<\/td><td>Misa del mismo papa Calixto para cantarla asiduamente en todas las misas por los peregrinos de Santiago.<\/td><\/tr><tr><td>&nbsp;<\/td><td>Cap\u00edtulo&nbsp;XXVIII<\/td><td>Siete misas del mismo papa Calixto para cantarlas sucesivamente cada uno de los d\u00edas de la octava de la fiesta de Santiago:<\/td><\/tr><tr><td>122v-124<\/td><td>&nbsp;<\/td><td>Misa para el 26 de julio (segundo d\u00eda de la octava)<\/td><\/tr><tr><td>124-127v<\/td><td>&nbsp;<\/td><td>Misas para los d\u00edas 27, 28, 29, 30, 31 de julio y 1 de agosto<\/td><\/tr><tr><td>128 (adjuntado)<\/td><td>&nbsp;<\/td><td>Misa para la fiesta de los milagros (3 de octubre)<\/td><\/tr><tr><td>129<\/td><td>Cap\u00edtulo&nbsp;XXIX<\/td><td>Cap\u00edtulos del mismo papa Calixto para recitarlos en la traslaci\u00f3n de Santiago (30 de diciembre)<\/td><\/tr><tr><td>129v-130r<\/td><td>Cap\u00edtulo&nbsp;XXX<\/td><td>Misa del papa Calixto para cantarla en la festividad de la traslaci\u00f3n de Santiago (Misas del 30 de diciembre y 5 de enero).<\/td><\/tr><tr><th>Suplemento gregoriano&nbsp;<i>(con notaci\u00f3n musical)<\/i><\/th><\/tr><tr><td>130-131<\/td><td>&nbsp;<\/td><td><i>Benedicamus sancti Iacobi: Exultet celi curia<\/i><\/td><\/tr><tr><td>131-132v<\/td><td>&nbsp;<\/td><td>4 conductus de Santiago<\/td><\/tr><tr><td>132v-139<\/td><td>Cap\u00edtulo&nbsp;XXXI<\/td><td>Misa farcida de Santiago, que se puede cantar en las fiestas del 25 de julio y el 30 de diciembre<\/td><\/tr><tr><td>139<\/td><td>&nbsp;<\/td><td><i>Benedicamus sancti Iacobi: Regi perennis glorie d&#8217;un docteur galicien<\/i><\/td><\/tr><\/tbody><\/table><\/figure>\n<\/blockquote>\n\n\n\n<h3 class=\"wp-block-heading has-text-align-center\"><strong>Libro II C\u00f3dice Calixtino \u2014 Libro de los milagros<\/strong><\/h3>\n\n\n\n<p class=\"has-text-align-center wp-block-paragraph\"><i><b>(De miraculi sancti Jacobi)<\/b><\/i><\/p>\n\n\n\n<p class=\"wp-block-paragraph\">Contiene una colecci\u00f3n de 22 milagros atribuidos al Ap\u00f3stol Santiago y realizados en diversas regiones de Europa. Por su contenido, es muy similar a las otras colecciones de milagros recopiladas a trav\u00e9s de los siglos&nbsp;XI&nbsp;y&nbsp;XII. Ocupa 16 folios (f. 139v &#8211; 155v) y es, en cuanto a tama\u00f1o, el segundo libro m\u00e1s peque\u00f1o. Antes de los milagros incluye un peque\u00f1o pr\u00f3logo -supuestamente escrito por el papa Calixto&nbsp;II- y un \u00edndice. Seg\u00fan se cita en el c\u00f3dice, los 22 milagros fueron recogidos por el Papa Calixto&nbsp;II&nbsp;(18),&nbsp;Anselmo de Canterbury&nbsp;(2),&nbsp;Beda el Venerable&nbsp;(1) y el maestro Huberto (1).<\/p>\n\n\n\n<p class=\"wp-block-paragraph\">Los milagros son los siguientes:<\/p>\n\n\n\n<blockquote class=\"wp-block-quote\">\n<figure class=\"wp-block-table\"><table><tbody><tr><th>Folio<\/th><th>Cap\u00edtulo<\/th><th>Contenido<\/th><\/tr><tr><td>139v-140<\/td><td>Pr\u00f3logo<\/td><td>Argumento del papa Calixto<\/td><\/tr><tr><td>140-141<\/td><td>\u00cdndice<\/td><td>\u00cdndice de los 22 cap\u00edtulos de milagros<\/td><\/tr><tr><td>141-155v<\/td><td><b>Narraci\u00f3n de los 22 milagros:<\/b><\/td><\/tr><tr><td>&nbsp;<\/td><td>Cap\u00edtulo&nbsp;I<\/td><td>De los veinte hombres que liber\u00f3 el Ap\u00f3stol del cautiverio de los moabitas. (Papa Calixto)<\/td><\/tr><tr><td>&nbsp;<\/td><td>Cap\u00edtulo&nbsp;II<\/td><td>Del hombre a quien le fue borrada la menci\u00f3n de un pecado por disposici\u00f3n divina sobre el altar de Santiago. (Beda el Venerable)<\/td><\/tr><tr><td>&nbsp;<\/td><td>Cap\u00edtulo&nbsp;III<\/td><td>Del ni\u00f1o que el Ap\u00f3stol resucit\u00f3 de entre los muertos en los Montes de Oca. (Papa Calixto)<\/td><\/tr><tr><td>&nbsp;<\/td><td>Cap\u00edtulo&nbsp;IV<\/td><td>De los treinta lorenses y del muerto a quien el Ap\u00f3stol llev\u00f3 en una noche desde los puertos de Cize hasta su monasterio. (Maestro Huberto, can\u00f3nigo de Besan\u00e7on)<\/td><\/tr><tr><td>&nbsp;<\/td><td>Cap\u00edtulo&nbsp;V<\/td><td>Del peregrino colgado a quien Santiago salv\u00f3 de la muerte, aunque estuvo pendiente en el pat\u00edbulo treinta y seis d\u00edas. (Papa Calixto)<\/td><\/tr><tr><td>&nbsp;<\/td><td>Cap\u00edtulo&nbsp;VI<\/td><td>Del poitevino a quien el Ap\u00f3stol dio como ayuda un \u00e1ngel en la figura de un asno. (Papa Calixto)<\/td><\/tr><tr><td>&nbsp;<\/td><td>Cap\u00edtulo&nbsp;VII<\/td><td>Del marinero fris\u00f3n, a quien vestido con su casco y escudo sac\u00f3 el Ap\u00f3stol de lo profundo del mar. (Papa Calixto)<\/td><\/tr><tr><td>&nbsp;<\/td><td>Cap\u00edtulo&nbsp;VIII<\/td><td>Del obispo que, salvado del peligro del mar, compuso un responsorio a Santiago. (Papa Calixto)<\/td><\/tr><tr><td>&nbsp;<\/td><td>Cap\u00edtulo&nbsp;IX<\/td><td>Del soldado de Tabaria a quien el Ap\u00f3stol dio poder para vencer a los turcos y le liber\u00f3 de una enfermedad y del peligro del mar. (Papa Calixto)<\/td><\/tr><tr><td>&nbsp;<\/td><td>Cap\u00edtulo&nbsp;X<\/td><td>Del peregrino ca\u00eddo al mar a quien el Ap\u00f3stol llev\u00f3 hasta el puerto sujet\u00e1ndole por la nuca durante tres d\u00edas. (Papa Calixto)<\/td><\/tr><tr><td>&nbsp;<\/td><td>Cap\u00edtulo&nbsp;XI<\/td><td>De Bernardo, a quien el Ap\u00f3stol sac\u00f3 milagrosamente de la c\u00e1rcel. (Papa Calixto)<\/td><\/tr><tr><td>&nbsp;<\/td><td>Cap\u00edtulo&nbsp;XII<\/td><td>Del caballero a quien el Ap\u00f3stol libr\u00f3 de una enfermedad por el toque de una concha. (Papa Calixto)<\/td><\/tr><tr><td>&nbsp;<\/td><td>Cap\u00edtulo&nbsp;XIII<\/td><td>Del caballero Dalmacio, a quien el Ap\u00f3stol rindi\u00f3 justicia gracias al peregrino Raimberto. (Papa Calixto)<\/td><\/tr><tr><td>&nbsp;<\/td><td>Cap\u00edtulo&nbsp;XIV<\/td><td>Del negociante a quien el Ap\u00f3stol libr\u00f3 de la c\u00e1rcel. (Papa Calixto)<\/td><\/tr><tr><td>&nbsp;<\/td><td>Cap\u00edtulo&nbsp;XV<\/td><td>Del caballero a quien Santiago salv\u00f3 en la guerra, cuando sus sus compa\u00f1eros estaban ya muertos o hechos prisioneros. (Papa Calixto)<\/td><\/tr><tr><td>&nbsp;<\/td><td>Cap\u00edtulo&nbsp;XVI<\/td><td>Del caballero quien en agon\u00eda de muerte y oprimido por los demonios, liber\u00f3 el Ap\u00f3stol por medio del b\u00e1culo de un mendigo y el saquito de una mujer joven. (San Anselmo, arzobispo de Cant\u00e9bury)<\/td><\/tr><tr><td>&nbsp;<\/td><td>Cap\u00edtulo&nbsp;XVII<\/td><td>Del peregrino que, por amor del Ap\u00f3stol, se mat\u00f3 por instigaci\u00f3n del diablo, y que Santiago le volvi\u00f3 de la muerte a la vida, con la ayuda de la santa madre de Dios. (San Anselmo, arzobispo de Cant\u00e9bury)<\/td><\/tr><tr><td>&nbsp;<\/td><td>Cap\u00edtulo&nbsp;XVIII<\/td><td>Del conde de San Gil, a quien el Ap\u00f3stol abri\u00f3 las puertas de hierro de su oratorio. (Papa Calixto)<\/td><\/tr><tr><td>&nbsp;<\/td><td>Cap\u00edtulo&nbsp;XIX<\/td><td>De Esteban, obispo griego, a quien Santiago se apareci\u00f3 y revel\u00f3 cosas futuras desconocidas. (Papa Calixto)<\/td><\/tr><tr><td>&nbsp;<\/td><td>Cap\u00edtulo&nbsp;XX<\/td><td>De Guillermo, caballero cautivo, a quien un conde peg\u00f3 con su espada en el cuello desnudo sin poderle herir. (Papa Calixto)<\/td><\/tr><tr><td>&nbsp;<\/td><td>Cap\u00edtulo&nbsp;XXI<\/td><td>Del lisiado, a quien se apareci\u00f3 el santo Ap\u00f3stol en su bas\u00edlica y en seguida le devolvi\u00f3 plenamente la salud. (Papa Calixto)<\/td><\/tr><tr><td>&nbsp;<\/td><td>Cap\u00edtulo&nbsp;XXII<\/td><td>Del hombre que fue vendido trece veces y otras tantas liberado por el Ap\u00f3stol. (Papa Calixto)<\/td><\/tr><\/tbody><\/table><\/figure>\n<\/blockquote>\n\n\n\n<h3 class=\"wp-block-heading has-text-align-center\"><strong>Libro III C\u00f3dice Calixtino \u2014 Traslaci\u00f3n del cuerpo a Santiago<\/strong><\/h3>\n\n\n\n<p class=\"has-text-align-center wp-block-paragraph\"><i><b><strong>(Liber de translatione corporis sancti Jacobi ad Compostellam)<\/strong><\/b><\/i><\/p>\n\n\n\n<p class=\"wp-block-paragraph\">Es el libro m\u00e1s breve con s\u00f3lo 6 folios (f. 156 &#8211; 162v). Comienza tambi\u00e9n con un pr\u00f3logo y un sumario y le siguen cuatro cap\u00edtulos. Nos relata la evangelizaci\u00f3n de Espa\u00f1a por el <strong>ap\u00f3stol Santiago<\/strong> y la posterior &#8220;traslaci\u00f3n&#8221; de su cuerpo desde&nbsp;Jerusal\u00e9n&nbsp;a&nbsp;Galicia&nbsp;y, finalmente, al lugar de su sepulcro. Tambi\u00e9n nos habla de la costumbre de los primeros peregrinos de recoger conchas marinas en las costas gallegas.<\/p>\n\n\n\n<p class=\"wp-block-paragraph\">Contiene los siguientes cap\u00edtulos:<\/p>\n\n\n\n<blockquote class=\"wp-block-quote\">\n<figure class=\"wp-block-table\"><table><tbody><tr><th>Folio<\/th><th>Cap\u00edtulo<\/th><th>Contenido<\/th><\/tr><tr><td>155v-156<\/td><td>\u00cdndice<\/td><td>\u00cdndice de los 4 cap\u00edtulos<\/td><\/tr><tr><td>156<\/td><td>Pr\u00f3logo<\/td><td>Empieza el pr\u00f3logo del bienaventurado papa Calixto sobre la gran traslaci\u00f3n de Santiago.<\/td><\/tr><tr><td>156v-159<\/td><td>Cap\u00edtulo&nbsp;I<\/td><td>Empieza la traslaci\u00f3n del ap\u00f3stol Santiago hermano del ap\u00f3stol y evangelista San Juan que se celebra el d\u00eda treinta de diciembre, de qu\u00e9 manera fue llevado desde Jerusal\u00e9n a Galicia.<\/td><\/tr><tr><td>159-160<\/td><td>Cap\u00edtulo II<\/td><td>Empieza la carta del papa San Le\u00f3n acerca del traslado de Santiago Ap\u00f3stol, que se celebra el d\u00eda treinta de diciembre.<\/td><\/tr><tr><td>160-162<\/td><td>Cap\u00edtulo III<\/td><td>Calixto, papa, acerca de las tres solemnidades de Santiago.<\/td><\/tr><tr><td>162<\/td><td>Cap\u00edtulo IV<\/td><td>Acerca de las conchas de Santiago.<\/td><\/tr><tr><td>162-162v<\/td><td>&nbsp;<\/td><td>Miniaturas (aparici\u00f3n de Santiago a Carlomagna, escenas de la cr\u00f3nica: salida hacia Espa\u00f1a, retorno a Aix la Chapelle)<\/td><\/tr><\/tbody><\/table><\/figure>\n<\/blockquote>\n\n\n\n<h3 class=\"wp-block-heading has-text-align-center\"><strong>Libro IV C\u00f3dice Calixtino \u2014 Conquistas de Carlomagno<\/strong><\/h3>\n\n\n\n<p class=\"has-text-align-center wp-block-paragraph\"><i><b><strong>(L&#8217;Historia Karoli Magni et Rotholandi)<\/strong><\/b><\/i><\/p>\n\n\n\n<p class=\"wp-block-paragraph\">Es el segundo libro en tama\u00f1o, ocupando 28 folios (f. 163 &#8211; 191). Consta de 26 cap\u00edtulos. En&nbsp;1609, este libro fue arrancado del manuscrito, formando un nuevo volumen con el t\u00edtulo&nbsp;<i>&#8220;Historia Turpini&#8221;<\/i>. Finalmente, fue agregado de nuevo al Codex Calixtinus durante su restauraci\u00f3n, en 1966.<\/p>\n\n\n\n<p class=\"wp-block-paragraph\">Est\u00e1 redactado en prosa por un cl\u00e9rigo an\u00f3nimo de origen franc\u00e9s, probablemente en la primera mitad del&nbsp;siglo XII. Siguiendo la costumbre del&nbsp;medioevo, atribuye la paternidad de su texto a&nbsp;Turp\u00edn&nbsp;(748-794), antiguo monje y tesorero de&nbsp;Saint-Denis, que lleg\u00f3 a ser arzobispo de&nbsp;Reims&nbsp;e incluso figura entre los &#8220;Doce Pares&#8221; de&nbsp;Carlomagno&nbsp;en el&nbsp;Cantar de Rold\u00e1n. Por este motivo, el libro es conocido por los historiadores con el nombre de&nbsp;<i>&#8220;Pseudo Turpin&#8221;<\/i>.<\/p>\n\n\n\n<p class=\"wp-block-paragraph\">Se centra en la cr\u00f3nica del arzobispo Turp\u00edn y da cuenta de la entrada de Carlomagno en la Pen\u00ednsula, la derrota de&nbsp;<strong><a href=\"https:\/\/prueba.caminodesantiagofrances.com\/en\/l\/roncesvalles\/\" target=\"_blank\" rel=\"noreferrer noopener\">Roncesvalles<\/a><\/strong>&nbsp;y la muerte de Rold\u00e1n. Cuenta que Santiago se apareci\u00f3 en sue\u00f1os a Carlomagno, lo incit\u00f3 a liberar su tumba de los musulmanes y adem\u00e1s le indic\u00f3 la direcci\u00f3n a seguir: un camino de estrellas.<\/p>\n\n\n\n<p class=\"wp-block-paragraph\">Contiene los siguientes cap\u00edtulos:<\/p>\n\n\n\n<blockquote class=\"wp-block-quote\">\n<figure class=\"wp-block-table\"><table><tbody><tr><th>Folio<\/th><th>Cap\u00edtulo<\/th><th>Contenido<\/th><\/tr><tr><td>163 [1]<\/td><td>Pr\u00f3logo<\/td><td>Carta de Turp\u00edn<\/td><\/tr><tr><td>163v-164 [1v-2]<\/td><td>\u00cdndice<\/td><td>\u00cdndice de los 26 cap\u00edtulos<\/td><\/tr><tr><td>164-165 [2-3]<\/td><td>Cap\u00edtulo&nbsp;I<\/td><td>De la aparici\u00f3n del Ap\u00f3stol a Carlomagno<\/td><\/tr><tr><td>165 [3]<\/td><td>Cap\u00edtulo&nbsp;II<\/td><td>De las murallas de Pamplona, derrumbadas por s\u00ed mismas<\/td><\/tr><tr><td>165v-166 [3v-4]<\/td><td>Cap\u00edtulo&nbsp;III<\/td><td>De los nombres de las ciudades de Espa\u00f1a conquistadas<\/td><\/tr><tr><td>166-166v [4-4v]<\/td><td>Cap\u00edtulo&nbsp;IV<\/td><td>Del \u00eddolo Mahoma<\/td><\/tr><tr><td>166v [4v]<\/td><td>Cap\u00edtulo&nbsp;V<\/td><td>De las iglesias que hizo Carlomagno<\/td><\/tr><tr><td>166v [4v]<\/td><td>Cap\u00edtulo&nbsp;VI<\/td><td>De Aigolando<\/td><\/tr><tr><td>167 [5]<\/td><td>Cap\u00edtulo&nbsp;VII<\/td><td>Del ejemplo de la limosna del muerto<\/td><\/tr><tr><td>167v-168 [5v-6]<\/td><td>Cap\u00edtulo&nbsp;VIII<\/td><td>De la batalla de Sahag\u00fan, en la que florecieron las lanzas<\/td><\/tr><tr><td>168-169 [6-7]<\/td><td>Cap\u00edtulo&nbsp;IX<\/td><td>De la ciudad de Agen<\/td><\/tr><tr><td>169-169v [7-7v]<\/td><td>Cap\u00edtulo&nbsp;X<\/td><td>De la ciudad de Saintes, en la que florecieron las lanzas<\/td><\/tr><tr><td>169v-170v [7v-8v]<\/td><td>Cap\u00edtulo&nbsp;XI<\/td><td>De los soldados de los ej\u00e9rcitos de Carlomagno<\/td><\/tr><tr><td>170v-171v [8v-9v]<\/td><td>Cap\u00edtulo&nbsp;XII<\/td><td>De la controversia entre Carlomagno y Aigolando<\/td><\/tr><tr><td>171v-172v [9v-10v]<\/td><td>Cap\u00edtulo&nbsp;XIII<\/td><td>De los pobres<\/td><\/tr><tr><td>172v-173 [10v-11]<\/td><td>Cap\u00edtulo&nbsp;XIV<\/td><td>De la muerte del rey Aigolando<\/td><\/tr><tr><td>173 [11]<\/td><td>Cap\u00edtulo&nbsp;XV<\/td><td>De los cristianos que volvieron atr\u00e1s en b\u00fasqueda de botines il\u00edcitos<\/td><\/tr><tr><td>173-173v [11-11v]<\/td><td>Cap\u00edtulo&nbsp;XVI<\/td><td>De la batalla con Furre<\/td><\/tr><tr><td>173v-176v [11v-14v]<\/td><td>Cap\u00edtulo&nbsp;XVII<\/td><td>De la batalla con el gigante Ferragut y de la excelente controversia de Rolando<\/td><\/tr><tr><td>176v-177v [14v-15v]<\/td><td>Cap\u00edtulo&nbsp;XVIII<\/td><td>De la batalla de las m\u00e1scaras<\/td><\/tr><tr><td>177v-178v [15v-16v]<\/td><td>Cap\u00edtulo&nbsp;XIX<\/td><td>Del concilio de Carlomagno<\/td><\/tr><tr><td>178v-179 [16v-17]<\/td><td>Cap\u00edtulo&nbsp;XX<\/td><td>De la persona y fortaleza de Carlomagno<\/td><\/tr><tr><td>179-185v [17-23v]<\/td><td>Cap\u00edtulo&nbsp;XXI<\/td><td>De la batalla de Roncesvalles, y de la muerte de Rolando y de otros combatientes<\/td><\/tr><tr><td>185v-188v [23v-26v]<\/td><td>Cap\u00edtulo&nbsp;XXII<\/td><td>De la muerte de Carlomagno<\/td><\/tr><tr><td>188-189 [26v- 27]<\/td><td>Cap\u00edtulo&nbsp;XXIII<\/td><td>Del milagro que Dios se dign\u00f3 hacer por mediaci\u00f3n de Rolando en la ciudad de Gratianopolis (Grenoble&nbsp;?)<\/td><\/tr><tr><td>189v-190 [27v-28]<\/td><td>Cap\u00edtulo&nbsp;XXIV<\/td><td>De la muerte de Turp\u00edn y del hallazgo de su cuerpo (Calixto, papa)<\/td><\/tr><tr><td>190-190v [28-28v]<\/td><td>Cap\u00edtulo&nbsp;XXV<\/td><td>De Almanzor de C\u00f3rdoba (Calixto, papa)<\/td><\/tr><tr><td>190v-191v [28v-29v]<\/td><td>Cap\u00edtulo&nbsp;XXVI<\/td><td>De la cruzada de Espa\u00f1a (Carta del papa Calixto)<\/td><\/tr><\/tbody><\/table><\/figure>\n<\/blockquote>\n\n\n\n<h3 class=\"wp-block-heading has-text-align-center\"><strong>Libro V C\u00f3dice Calixtino \u2014 Gu\u00eda del peregrino<\/strong><\/h3>\n\n\n\n<p class=\"has-text-align-center wp-block-paragraph\"><i><b><strong>(Iter pro peregrinis ad Compostellam)<\/strong><\/b><\/i><\/p>\n\n\n\n<div class=\"wp-block-columns\">\n<div class=\"wp-block-column\" style=\"flex-basis:66.66%\">\n<p class=\"wp-block-paragraph\">Es una especie de&nbsp;<em>Gu\u00eda del peregrino de Santiago<\/em>, presentando aquellos lugares que deb\u00edan visitarse a lo largo de la ruta y advirtiendo al viajero de los peligros que encontrar\u00eda en el camino. Describe la ciudad de Santiago y su catedral con gran detalle.<\/p>\n<\/div>\n\n\n\n<div class=\"wp-block-column\" style=\"flex-basis:33.33%\"><\/div>\n<\/div>\n\n\n\n<p class=\"wp-block-paragraph\">Los cap\u00edtulos del libro son los siguientes:<\/p>\n\n\n\n<blockquote class=\"wp-block-quote\">\n<figure class=\"wp-block-table\"><table><tbody><tr><th>Folio<\/th><th>Cap\u00edtulo<\/th><th>Contenido<\/th><\/tr><tr><td>192 [163]<\/td><td>&nbsp;<\/td><td>Argumento del Santo Papa Calixto e \u00edndice de los 11 cap\u00edtulos<\/td><\/tr><tr><td>192-192v [163-163v]<\/td><td>Cap\u00edtulo&nbsp;I<\/td><td>De los caminos de Santiago<\/td><\/tr><tr><td>192v [163v]<\/td><td>Cap\u00edtulo II<\/td><td>De las jornadas del camino de Santiago (Calixto, Papa)<\/td><\/tr><tr><td>192v-193v [163v-164v]<\/td><td>Cap\u00edtulo III<\/td><td>De los nombres de los pueblos del Camino de Santiago<\/td><\/tr><tr><td>193v [164v]<\/td><td>Cap\u00edtulo IV<\/td><td>De los tres hospicios del mundo<\/td><\/tr><tr><td>193v [164v]<\/td><td>Cap\u00edtulo V<\/td><td>De los nombres de algunos que repararon el camino de Santiago. (Por Aimerico)<\/td><\/tr><tr><td>193v-194v [164v-165v]<\/td><td>Cap\u00edtulo VI<\/td><td>De los buenos y malos r\u00edos que se hallan en el camino de Santiago. (Calixto, Papa)<\/td><\/tr><tr><td>194v-197v [165v-168v]<\/td><td>Cap\u00edtulo VII<\/td><td>De los nombres de las tierras y de las particularidades de las gentes que se encuentran en el Camino de Santiago<\/td><\/tr><tr><td>197v-207 [168v-178]<\/td><td>Cap\u00edtulo VIII<\/td><td>De los cuerpos de los santos que descansan en el camino y que deben ser visitados por los peregrinos. Empieza el martirio de San Eutropio, obispo de Saintes y m\u00e1rtir<\/td><\/tr><tr><td>207-212v [178-183v]<\/td><td>Cap\u00edtulo IX<\/td><td>Del car\u00e1cter de la ciudad y de la bas\u00edlica de Santiago, ap\u00f3stol de Galicia. (Calixto, papa, y Aimerico, canciller)<br>Apartados:\n<p>&nbsp;<\/p>\n<ul>\n<li>De las iglesias de la villa<\/li>\n<li>De la medida de la iglesia<\/li>\n<li>De las ventanas<\/li>\n<li>De los p\u00f3rticos<\/li>\n<li>De la fuente de Santiago<\/li>\n<li>Del para\u00edso de la ciudad<\/li>\n<li>De la puerta septentrional<\/li>\n<li>De la puerta meridional<\/li>\n<li>De la puerta occidental<\/li>\n<li>De las torres de la catedral<\/li>\n<li>De los altares de la catedral<\/li>\n<li>Del cuerpo y del altar de Santiago<\/li>\n<li>Del frontal de plata<\/li>\n<li>Del&nbsp;ciborio&nbsp;del altar del Ap\u00f3stol<\/li>\n<li>De las tres l\u00e1mparas<\/li>\n<li>De la dignidad de la iglesia de Santiago y de sus can\u00f3nigos<\/li>\n<li>De los canteros de la iglesia y del principio y fin de su obra<\/li>\n<li>De la dignidad de la iglesia de Santiago<\/li>\n<\/ul>\n<\/td><\/tr><tr><td>212v-213 [183v-184]<\/td><td>Cap\u00edtulo X<\/td><td>Del n\u00famero de can\u00f3nigos de Santiago<\/td><\/tr><tr><td>213-213v [184-184v]<\/td><td>Cap\u00edtulo XI<\/td><td>De como debe ser acogidos los peregrinos de Santiago<\/td><\/tr><tr><td>213v [184v]<\/td><td>&nbsp;<\/td><td>Fin del quinto libro del ap\u00f3stol Santiago<\/td><\/tr><\/tbody><\/table><\/figure>\n<\/blockquote>\n\n\n\n<h3 class=\"wp-block-heading has-text-align-center\"><strong>Ap\u00e9ndice I C\u00f3dice Calixtino \u2014 Obras polif\u00f3nicas<\/strong><\/h3>\n\n\n\n<p class=\"wp-block-paragraph\">Es un cuadernillo de 6 folios (214-219v o 185-190v en la antigua numeraci\u00f3n) con 22 composiciones polif\u00f3nicas. Probablemente fue escrito poco despu\u00e9s que el cuerpo del c\u00f3dice, pero antes de&nbsp;1180. Desde el punto de vista musical es la parte m\u00e1s importante del manuscrito (Ver el apartado de m\u00fasica para m\u00e1s informaci\u00f3n).<\/p>\n\n\n\n<h3 class=\"wp-block-heading has-text-align-center\"><strong>Ap\u00e9ndice II C\u00f3dice Calixtino<\/strong><\/h3>\n\n\n\n<p class=\"wp-block-paragraph\">Este ap\u00e9ndice fue incorporado al manuscrito en un momento posterior a la redacci\u00f3n original del mismo, posiblemente en la encuadernaci\u00f3n realizada a finales del siglo&nbsp;XII. Consiste en cinco hojas (f. 221-225 o 192-196 en la antigua numeraci\u00f3n): un bifolio con una falsa Bula de&nbsp;Inocencio II&nbsp;y varios folios sueltos. Est\u00e1n copiados por diferentes escribas y contiene diferentes textos, destacando algunos milagros atribuidos a Santiago. Tambi\u00e9n contiene el himno de los peregrinos de Santiago&nbsp;<i>Dum pater familias<\/i>.<\/p>\n\n\n\n<p class=\"wp-block-paragraph\">En la Bula de Inocencio&nbsp;II, en el folio 221, se da a entender que el responsable y autor del c\u00f3dice es el monje&nbsp;cluniacense&nbsp;Aymeric Picaud, acompa\u00f1ante del pont\u00edfice&nbsp;Calixto II&nbsp;en su peregrinaci\u00f3n a&nbsp;Santiago&nbsp;en el a\u00f1o&nbsp;1109. Seg\u00fan el escrito, hacia&nbsp;1140, Aymeric deposit\u00f3 el c\u00f3dice en la Catedral de Santiago, que ser\u00eda el primer ejemplar del&nbsp;<i>Liber<\/i>. Todo esto es puesto en duda por los historiadores, ya que, entre otros motivos, el bifolio que contiene la bula no formaba parte del c\u00f3dice original, sino que fue a\u00f1adida con posterioridad, como ya se ha dicho<\/p>\n\n\n\n<p class=\"wp-block-paragraph\">El contenido del ap\u00e9ndice es el siguiente:<\/p>\n\n\n\n<blockquote class=\"wp-block-quote\">\n<figure class=\"wp-block-table\"><table><tbody><tr><th>Folio<\/th><th>Contenido<\/th><\/tr><tr><td>221 [192]<\/td><td>Bula de Inocencio&nbsp;II<\/td><\/tr><tr><td>221 [192v]<\/td><td>Milagro de Brun de V\u00e9zelay (1139) escrito por Alberic, abad de V\u00e9zelay, obispo de Ostia y legado de Roma<\/td><\/tr><tr><td>221v [192v]<\/td><td><i>Alleluia in greco<\/i>, con notaci\u00f3n musical<\/td><\/tr><tr><td>222 [193]<\/td><td>Himno&nbsp;<i>Dum pater familias<\/i>, con notaci\u00f3n musical (Canto de los peregrinos)<\/td><\/tr><tr><td>222-222v [193-193v]<\/td><td>Himno&nbsp;<i>Signa sunt nobis sacra<\/i>&nbsp;(Ver comentarios en la lista de obras musicales)<\/td><\/tr><tr><td>223 [194]<\/td><td>Milagro de Santiago, del ni\u00f1o resucitado, a\u00f1o 1164<\/td><\/tr><tr><td>223 [194]<\/td><td>Otro milagro: Milagro de Santiago, de la figura torcida del hijo de un Vizconde, conocido en las tierras de Poitiers<\/td><\/tr><tr><td>223v [194v]<\/td><td>Milagro de Santiago, de la liberaci\u00f3n de los cristianos y de la huida de los sarracenos de Portugal (1190), en tres lecturas para los maitines de la fiesta del 3 de octubre<\/td><\/tr><tr><td>224 [195]<\/td><td>Oraci\u00f3n del maestro G (Gocelin o Gautier&nbsp;?)<\/td><\/tr><tr><td>224-224v [195-195v]<\/td><td>6 lecturas para el oficio, seg\u00fan el papa Le\u00f3n y el maestro Panicha, sobre la traslaci\u00f3n de Santiago<\/td><\/tr><tr><td>224v [195v]<\/td><td>Aparici\u00f3n de Santiago al monje Oldierus de Clairvaux:&nbsp;<i>Telle est ta justice<\/i><\/td><\/tr><tr><td>224v-225 [195v-196]<\/td><td>Milagro de Santiago, de un tullido sanado en la \u00e9poca de la fiesta de la traslaci\u00f3n (30 de diciembre) (dos versiones)<\/td><\/tr><tr><td>225 [196]<\/td><td>Visi\u00f3n de un tal Fouques, de Montreuil, peregrino doce y trece veces a Santiago<\/td><\/tr><tr><td>225v [196v]<\/td><td>Copia del himno&nbsp;<i>Signa sunt nobis sacra<\/i><\/td><\/tr><\/tbody><\/table><\/figure>\n<\/blockquote>\n\n\n<p><nav aria-label=\"breadcrumbs\" class=\"rank-math-breadcrumb\"><p><span class=\"last\">Camino de Santiago Franc\u00e9s<\/span><\/p><\/nav><\/p>\n","protected":false},"excerpt":{"rendered":"<p>Codex Calixtinus El\u00a0C\u00f3dice Calixtino\u00a0(en\u00a0lat\u00edn,\u00a0Codex Calixtinus; fl.\u00a0c.\u00a01140-1181) es el nombre propio de un\u00a0manuscrito iluminado\u00a0de mediados del\u00a0siglo XII\u00a0que contiene el m\u00e1s antiguo texto del\u00a0Liber Sancti Iacobi\u00a0(c. 1140-1160). En \u00e9l se re\u00fanen sermones, himnos, milagros, relatos de la traslaci\u00f3n del Ap\u00f3stol, textos lit\u00fargicos y piezas musicales relacionados con el Ap\u00f3stol Santiago. Su cuarto libro narra el descubrimiento de [&hellip;]<\/p>\n","protected":false},"author":1,"featured_media":0,"parent":0,"menu_order":0,"comment_status":"closed","ping_status":"closed","template":"","meta":{"footnotes":""},"class_list":["post-5722","page","type-page","status-publish","hentry"],"_links":{"self":[{"href":"https:\/\/caminodesantiagofrances.com\/en\/wp-json\/wp\/v2\/pages\/5722","targetHints":{"allow":["GET"]}}],"collection":[{"href":"https:\/\/caminodesantiagofrances.com\/en\/wp-json\/wp\/v2\/pages"}],"about":[{"href":"https:\/\/caminodesantiagofrances.com\/en\/wp-json\/wp\/v2\/types\/page"}],"author":[{"embeddable":true,"href":"https:\/\/caminodesantiagofrances.com\/en\/wp-json\/wp\/v2\/users\/1"}],"replies":[{"embeddable":true,"href":"https:\/\/caminodesantiagofrances.com\/en\/wp-json\/wp\/v2\/comments?post=5722"}],"version-history":[{"count":0,"href":"https:\/\/caminodesantiagofrances.com\/en\/wp-json\/wp\/v2\/pages\/5722\/revisions"}],"wp:attachment":[{"href":"https:\/\/caminodesantiagofrances.com\/en\/wp-json\/wp\/v2\/media?parent=5722"}],"curies":[{"name":"wp","href":"https:\/\/api.w.org\/{rel}","templated":true}]}}