{"id":5908,"date":"2022-10-09T00:32:24","date_gmt":"2022-10-09T00:32:24","guid":{"rendered":"https:\/\/prueba.caminodesantiagofrances.com\/en\/?page_id=5908"},"modified":"2026-07-17T15:48:18","modified_gmt":"2026-07-17T13:48:18","slug":"santos","status":"publish","type":"page","link":"https:\/\/caminodesantiagofrances.com\/en\/santos\/","title":{"rendered":"Santos del Camino de Santiago Franc\u00e9s"},"content":{"rendered":"\n<h2 class=\"wp-block-heading has-text-align-center\">Camino de Santiago Franc\u00e9s Patronos<\/h2>\n\n\n\n<p class=\"wp-block-paragraph\">\u00bfAlguna vez has so\u00f1ado con caminar cientos de kil\u00f3metros atravesando monta\u00f1as, pueblos medievales, y campos infinitos? El <strong><a href=\"https:\/\/caminodesantiagofrances.com\/en\/\" target=\"_blank\" data-type=\"page\" data-id=\"86\" rel=\"noreferrer noopener\">Camino de Santiago Franc\u00e9s<\/a><\/strong> no es solo una ruta de senderismo; es una experiencia espiritual, cultural y profundamente humana. Pero, \u00bfsab\u00edas que detr\u00e1s de cada paso que das, hay santos que te acompa\u00f1an en silencio? Vamos a descubrir a esos patronos y figuras sagradas que protegen a los <strong><a href=\"https:\/\/caminodesantiagofrances.com\/en\/peregrinos\/\" target=\"_blank\" data-type=\"page\" data-id=\"5880\" rel=\"noreferrer noopener\">peregrinos<\/a><\/strong> durante esta traves\u00eda \u00fanica.<\/p>\n\n\n\n<h2 class=\"wp-block-heading has-text-align-center\"><strong>\u00bfQu\u00e9 papel tienen los santos en el Camino?<\/strong><\/h2>\n\n\n\n<p class=\"wp-block-paragraph\">En el Camino, no solo caminan tus pies, tambi\u00e9n camina tu alma. Y los santos est\u00e1n ah\u00ed, como compa\u00f1eros invisibles, ofreciendo protecci\u00f3n, inspiraci\u00f3n, y hasta peque\u00f1os milagros. A lo largo de los siglos, los <strong><a href=\"https:\/\/caminodesantiagofrances.com\/en\/peregrinos\/\" target=\"_blank\" data-type=\"page\" data-id=\"5880\" rel=\"noreferrer noopener\">peregrinos<\/a><\/strong> han invocado a estos patronos buscando gu\u00eda, salud y fuerza para llegar a Santiago.<\/p>\n\n\n\n<h3 class=\"wp-block-heading has-text-align-center\">Santo Patr\u00f3n \/ Santa Patrona<\/h3>\n\n\n\n<p class=\"wp-block-paragraph\">En la&nbsp;creencia religiosa, un&nbsp;<b>santo patr\u00f3n<\/b>&nbsp;o&nbsp;<b>santa patrona<\/b>&nbsp;(en lat\u00edn:&nbsp;<strong><i>sanctus patr\u014dnus<\/i><\/strong>) es un&nbsp;santo&nbsp;que tiene una afinidad especial hacia una comunidad o a un grupo espec\u00edfico de personas. Los t\u00e9rminos&nbsp;<b>patr\u00f3n<\/b>&nbsp;y&nbsp;<b>patrono<\/b>&nbsp;son sin\u00f3nimos de defensor y protector.<\/p>\n\n\n\n<p class=\"wp-block-paragraph\">El concepto de Santo patr\u00f3n se define como&nbsp;intercesores y abogados ante Dios, sea de una naci\u00f3n, un pueblo, un lugar, una actividad, una clase, una congregaci\u00f3n, un clan o una familia.<\/p>\n\n\n\n<h2 class=\"wp-block-heading has-text-align-center\">Patronos y patronas del Camino de Santiago Franc\u00e9s<\/h2>\n\n\n\n<p class=\"wp-block-paragraph\">Listado con Patronos y Patronas en el&nbsp;<strong><a href=\"https:\/\/caminodesantiagofrances.com\/en\/\" target=\"_blank\" data-type=\"URL\" data-id=\"https:\/\/prueba.caminodesantiagofrances.com\/en\/\" rel=\"noreferrer noopener\">Camino de Santiago Franc\u00e9s<\/a><\/strong>:<\/p>\n\n\n\n<ul class=\"wp-block-list\">\n<li><strong><a href=\"https:\/\/caminodesantiagofrances.com\/en\/apostol-santiago\/\" data-type=\"link\" data-id=\"https:\/\/caminodesantiagofrances.com\/en\/apostol-santiago\/\">Ap\u00f3stol Santiago<\/a><\/strong>&nbsp;patrono de Espa\u00f1a, del municipio de <strong><a href=\"https:\/\/caminodesantiagofrances.com\/en\/provincia-de-palencia\/ledigos\/\" data-type=\"page\" data-id=\"11506\" target=\"_blank\" rel=\"noreferrer noopener\">Ledigos<\/a><\/strong>, del municipio <strong><a href=\"https:\/\/caminodesantiagofrances.com\/en\/provincia-a-coruna\/arzua\/\" data-type=\"page\" data-id=\"12606\" target=\"_blank\" rel=\"noreferrer noopener\">Arz\u00faa<\/a><\/strong> y del municipio de <strong><a href=\"https:\/\/caminodesantiagofrances.com\/en\/provincia-de-leon\/villadangos-del-paramo\/\" target=\"_blank\" data-type=\"page\" data-id=\"11648\" rel=\"noreferrer noopener\">Villadangos del P\u00e1ramo<\/a><\/strong><\/li>\n\n\n\n<li><strong><a href=\"https:\/\/caminodesantiagofrances.com\/en\/patronos\/nuestra-senora-de-la-asuncion\/\" data-type=\"link\" data-id=\"https:\/\/caminodesantiagofrances.com\/en\/patronos\/nuestra-senora-de-la-asuncion\/\" target=\"_blank\" rel=\"noreferrer noopener\">Nuestra Se\u00f1ora de la Asunci\u00f3n<\/a><\/strong>&nbsp;patrona de la localidad de&nbsp;<strong><a href=\"https:\/\/caminodesantiagofrances.com\/en\/provincia-de-leon\/arcahueja\/\" target=\"_blank\" data-type=\"page\" data-id=\"11602\" rel=\"noreferrer noopener\">Arcahueja<\/a><\/strong><\/li>\n\n\n\n<li><strong><a href=\"https:\/\/caminodesantiagofrances.com\/en\/patronos\/nuestra-senora-del-puy\/\" target=\"_blank\" data-type=\"page\" data-id=\"14248\" rel=\"noreferrer noopener\">Nuestra Se\u00f1ora del Puy<\/a><\/strong> patrona de la ciudad de <strong><a href=\"https:\/\/caminodesantiagofrances.com\/en\/navarra\/estella\/\" data-type=\"page\" data-id=\"11128\" target=\"_blank\" rel=\"noreferrer noopener\">Estella<\/a><\/strong><\/li>\n\n\n\n<li><strong><a href=\"https:\/\/caminodesantiagofrances.com\/en\/patronos\/san-andres\/\" target=\"_blank\" data-type=\"page\" data-id=\"14243\" rel=\"noreferrer noopener\">San Andr\u00e9s<\/a><\/strong> patrono de la ciudad de <strong><a href=\"https:\/\/caminodesantiagofrances.com\/en\/navarra\/estella\/\" target=\"_blank\" data-type=\"page\" data-id=\"11128\" rel=\"noreferrer noopener\">Estella<\/a><\/strong><\/li>\n\n\n\n<li><strong><a href=\"https:\/\/caminodesantiagofrances.com\/en\/patronos\/san-bernabe\/\" data-type=\"link\" data-id=\"https:\/\/caminodesantiagofrances.com\/en\/patronos\/san-bernabe\/\" target=\"_blank\" rel=\"noreferrer noopener\">San Bernab\u00e9<\/a><\/strong>&nbsp;patrono de la ciudad de&nbsp;<strong><a href=\"https:\/\/caminodesantiagofrances.com\/en\/la-rioja\/logrono\/\" target=\"_blank\" data-type=\"page\" data-id=\"11211\" rel=\"noreferrer noopener\">Logro\u00f1o<\/a><\/strong><\/li>\n\n\n\n<li><strong><a href=\"https:\/\/caminodesantiagofrances.com\/en\/patronos\/san-esteban\/\" data-type=\"link\" data-id=\"https:\/\/caminodesantiagofrances.com\/en\/patronos\/san-esteban\/\" target=\"_blank\" rel=\"noreferrer noopener\">San Esteban<\/a><\/strong>\u00a0patrono del municipio de\u00a0<strong><a href=\"https:\/\/caminodesantiagofrances.com\/en\/provincia-de-leon\/calzada-del-coto\/\" data-type=\"page\" data-id=\"11555\" target=\"_blank\" rel=\"noreferrer noopener\">Calzada del Coto<\/a><\/strong>, de localidad de\u00a0<strong><a href=\"https:\/\/caminodesantiagofrances.com\/en\/provincia-de-leon\/villamoros-de-mansilla\/\" data-type=\"page\" data-id=\"11589\" target=\"_blank\" rel=\"noreferrer noopener\">Villamoros de Mansilla<\/a><\/strong> y de localidad de <strong><a href=\"https:\/\/caminodesantiagofrances.com\/en\/provincia-de-leon\/murias-de-rechivaldo\/\" target=\"_blank\" data-type=\"page\" data-id=\"11708\" rel=\"noreferrer noopener\">Murias de Rechivaldo<\/a><\/strong><\/li>\n\n\n\n<li><strong><a href=\"https:\/\/caminodesantiagofrances.com\/en\/patronos\/san-fermin\/\" data-type=\"link\" data-id=\"https:\/\/caminodesantiagofrances.com\/en\/patronos\/san-fermin\/\" target=\"_blank\" rel=\"noreferrer noopener\">San Ferm\u00edn<\/a><\/strong>&nbsp;patrono de la&nbsp;<strong><a href=\"https:\/\/caminodesantiagofrances.com\/en\/navarra\/\" target=\"_blank\" data-type=\"page\" data-id=\"6005\" rel=\"noreferrer noopener\">Comunidad Foral de&nbsp;Navarra<\/a><\/strong><\/li>\n\n\n\n<li><strong><a href=\"https:\/\/caminodesantiagofrances.com\/en\/patronos\/san-froilan\/\" data-type=\"link\" data-id=\"https:\/\/caminodesantiagofrances.com\/en\/patronos\/san-froilan\/\" target=\"_blank\" rel=\"noreferrer noopener\">San Froil\u00e1n<\/a><\/strong>&nbsp;patrono del municipio de&nbsp;<strong><a href=\"https:\/\/caminodesantiagofrances.com\/en\/provincia-de-leon\/valverde-de-la-virgen\/\" target=\"_blank\" data-type=\"page\" data-id=\"11631\" rel=\"noreferrer noopener\">Valverde de la Virgen<\/a><\/strong><\/li>\n\n\n\n<li><strong><a href=\"https:\/\/caminodesantiagofrances.com\/en\/patronos\/san-juan-bautista\/\" data-type=\"link\" data-id=\"https:\/\/caminodesantiagofrances.com\/en\/patronos\/san-juan-bautista\/\" target=\"_blank\" rel=\"noreferrer noopener\">San Juan Bautista<\/a><\/strong>\u00a0patrono del municipio de <strong><a href=\"https:\/\/caminodesantiagofrances.com\/en\/provincia-de-burgos\/castrojeriz\/\" data-type=\"page\" data-id=\"11426\" target=\"_blank\" rel=\"noreferrer noopener\">Castrojeriz<\/a><\/strong>, del municipio de\u00a0<strong><a href=\"https:\/\/caminodesantiagofrances.com\/en\/navarra\/obanos\/\" data-type=\"page\" data-id=\"11074\" target=\"_blank\" rel=\"noreferrer noopener\">Obanos<\/a><\/strong>, del municipio de <strong><a href=\"https:\/\/caminodesantiagofrances.com\/en\/la-rioja\/granon\/\" data-type=\"page\" data-id=\"11265\" target=\"_blank\" rel=\"noreferrer noopener\">Gra\u00f1\u00f3n<\/a><\/strong>, de la localidad de\u00a0<strong><a href=\"https:\/\/caminodesantiagofrances.com\/en\/provincia-de-leon\/valdelafuente\/\" data-type=\"page\" data-id=\"11609\" target=\"_blank\" rel=\"noreferrer noopener\">Valdelafuente<\/a><\/strong> y del municipio de <strong><a href=\"https:\/\/caminodesantiagofrances.com\/en\/provincia-de-lugo\/sarria\/\" data-type=\"page\" data-id=\"12131\" target=\"_blank\" rel=\"noreferrer noopener\">Sarria<\/a><\/strong><\/li>\n\n\n\n<li><strong><a href=\"https:\/\/caminodesantiagofrances.com\/en\/patronos\/san-juan-de-sahagun\/\" data-type=\"link\" data-id=\"https:\/\/caminodesantiagofrances.com\/en\/patronos\/san-juan-de-sahagun\/\" target=\"_blank\" rel=\"noreferrer noopener\">San&nbsp;Juan de Sahag\u00fan<\/a><\/strong>&nbsp;patrono del municipio de&nbsp;<strong><a href=\"https:\/\/caminodesantiagofrances.com\/en\/provincia-de-leon\/sahagun\/\" target=\"_blank\" data-type=\"page\" data-id=\"11537\" rel=\"noreferrer noopener\">Sahag\u00fan<\/a><\/strong><\/li>\n\n\n\n<li><strong><a href=\"https:\/\/caminodesantiagofrances.com\/en\/patronos\/san-isidro\/\" data-type=\"link\" data-id=\"https:\/\/caminodesantiagofrances.com\/en\/patronos\/san-isidro\/\" target=\"_blank\" rel=\"noreferrer noopener\">San Isidro<\/a><\/strong>&nbsp;patrono de la localidad de&nbsp;<strong><a href=\"https:\/\/caminodesantiagofrances.com\/en\/provincia-de-palencia\/terradillos-de-los-templarios\/\" target=\"_blank\" data-type=\"page\" data-id=\"11514\" rel=\"noreferrer noopener\">Terradillos de los Templarios<\/a><\/strong>&nbsp;y de la localidad de&nbsp;<strong><strong><a href=\"https:\/\/caminodesantiagofrances.com\/en\/provincia-de-leon\/arcahueja\/\" target=\"_blank\" data-type=\"page\" data-id=\"11602\" rel=\"noreferrer noopener\">Arcahueja<\/a><\/strong><\/strong><\/li>\n\n\n\n<li><strong><a href=\"https:\/\/caminodesantiagofrances.com\/en\/patronos\/san-lesmes\/\" data-type=\"URL\" data-id=\"https:\/\/prueba.caminodesantiagofrances.com\/en\/patronos\/san-lesmes\/\" target=\"_blank\" rel=\"noreferrer noopener\">San Lesmes<\/a><\/strong>&nbsp;patrono de la ciudad de&nbsp;<strong><a href=\"https:\/\/caminodesantiagofrances.com\/en\/provincia-de-burgos\/burgos\/\" target=\"_blank\" data-type=\"page\" data-id=\"11386\" rel=\"noreferrer noopener\">Burgos<\/a><\/strong><\/li>\n\n\n\n<li><strong><a href=\"https:\/\/caminodesantiagofrances.com\/en\/patronos\/san-mames\/\" data-type=\"URL\" data-id=\"https:\/\/prueba.caminodesantiagofrances.com\/en\/patronos\/san-mames\/\" target=\"_blank\" rel=\"noreferrer noopener\">San Mam\u00e9s<\/a><\/strong>&nbsp;patrono de la localidad de&nbsp;<strong><a href=\"https:\/\/caminodesantiagofrances.com\/en\/provincia-de-leon\/valdelafuente\/\" data-type=\"page\" data-id=\"11609\">Valdelafuente<\/a><\/strong><\/li>\n\n\n\n<li><strong><a href=\"https:\/\/caminodesantiagofrances.com\/en\/patronos\/san-marcelo\/\" data-type=\"link\" data-id=\"https:\/\/caminodesantiagofrances.com\/en\/patronos\/san-marcelo\/\" target=\"_blank\" rel=\"noreferrer noopener\">San Marcelo<\/a><\/strong>&nbsp;patrono de la ciudad de&nbsp;<strong><a href=\"https:\/\/caminodesantiagofrances.com\/en\/provincia-de-leon\/leon\/\" target=\"_blank\" data-type=\"page\" data-id=\"11614\" rel=\"noreferrer noopener\">Le\u00f3n<\/a><\/strong><\/li>\n\n\n\n<li><strong><a href=\"https:\/\/caminodesantiagofrances.com\/en\/patronos\/san-miguel-arcangel\/\" data-type=\"link\" data-id=\"https:\/\/caminodesantiagofrances.com\/en\/patronos\/san-miguel-arcangel\/\" target=\"_blank\" rel=\"noreferrer noopener\">San Miguel Arc\u00e1ngel<\/a><\/strong>&nbsp;patrono de la localidad de&nbsp;<strong><a href=\"https:\/\/caminodesantiagofrances.com\/en\/provincia-de-leon\/san-miguel-del-camino\/\" target=\"_blank\" data-type=\"page\" data-id=\"11643\" rel=\"noreferrer noopener\">San Miguel del Camino<\/a><\/strong><\/li>\n\n\n\n<li><strong><a href=\"https:\/\/caminodesantiagofrances.com\/en\/patronos\/san-nicolas\/\" data-type=\"URL\" data-id=\"https:\/\/prueba.caminodesantiagofrances.com\/en\/patronos\/san-nicolas\/\" target=\"_blank\" rel=\"noreferrer noopener\">San Nicol\u00e1s<\/a><\/strong>&nbsp;patrono del municipio de&nbsp;<strong><a href=\"https:\/\/caminodesantiagofrances.com\/en\/navarra\/burguete\/\" target=\"_blank\" data-type=\"page\" data-id=\"10936\" rel=\"noreferrer noopener\">Burguete<\/a><\/strong>&nbsp;y de la localidad de&nbsp;<strong><a href=\"https:\/\/caminodesantiagofrances.com\/en\/provincia-de-palencia\/san-nicolas-del-real-camino\/\" target=\"_blank\" data-type=\"page\" data-id=\"11526\" rel=\"noreferrer noopener\">San Nicol\u00e1s del Real Camino<\/a><\/strong><\/li>\n\n\n\n<li><strong><a href=\"https:\/\/caminodesantiagofrances.com\/en\/patronos\/san-nicolas-de-bari\/\" data-type=\"link\" data-id=\"https:\/\/caminodesantiagofrances.com\/en\/patronos\/san-nicolas-de-bari\/\" target=\"_blank\" rel=\"noreferrer noopener\">San Nicol\u00e1s de Bari<\/a><\/strong> patrono del municipio de <strong><a href=\"https:\/\/caminodesantiagofrances.com\/en\/provincia-de-leon\/molinaseca\/\" target=\"_blank\" data-type=\"page\" data-id=\"11768\" rel=\"noreferrer noopener\">Molinaseca<\/a><\/strong><\/li>\n\n\n\n<li><strong><a href=\"https:\/\/caminodesantiagofrances.com\/en\/patronos\/san-prudencio\/\" target=\"_blank\" data-type=\"page\" data-id=\"13414\" rel=\"noreferrer noopener\">San Prudencio<\/a><\/strong> patrono del municipio de <strong><a href=\"https:\/\/caminodesantiagofrances.com\/en\/la-rioja\/najera\/\" target=\"_blank\" data-type=\"page\" data-id=\"11241\" rel=\"noreferrer noopener\">N\u00e1jera<\/a><\/strong><\/li>\n\n\n\n<li><strong><a href=\"https:\/\/caminodesantiagofrances.com\/en\/santos\/san-roque\/\" data-type=\"page\" data-id=\"14632\" target=\"_blank\" rel=\"noreferrer noopener\">San Roque<\/a><\/strong> patrono del municipio de <strong><a href=\"https:\/\/caminodesantiagofrances.com\/en\/provincia-de-burgos\/redecilla-del-camino\/\" data-type=\"page\" data-id=\"11275\" target=\"_blank\" rel=\"noreferrer noopener\">Redecilla del Camino<\/a><\/strong> y del municipio de&nbsp;<strong><a href=\"https:\/\/caminodesantiagofrances.com\/en\/provincia-de-leon\/calzada-del-coto\/\" data-type=\"page\" data-id=\"11555\" target=\"_blank\" rel=\"noreferrer noopener\">Calzada del Coto<\/a><\/strong><\/li>\n\n\n\n<li><strong><a href=\"https:\/\/caminodesantiagofrances.com\/en\/patronos\/san-saturnino\/\" data-type=\"link\" data-id=\"https:\/\/caminodesantiagofrances.com\/en\/patronos\/san-saturnino\/\" target=\"_blank\" rel=\"noreferrer noopener\">San Saturnino<\/a><\/strong>&nbsp;patrono de la ciudad de&nbsp;<strong><a href=\"https:\/\/caminodesantiagofrances.com\/en\/navarra\/pamplona\/\" data-type=\"page\" data-id=\"11050\" target=\"_blank\" rel=\"noreferrer noopener\">Pamplona<\/a><\/strong> y del municipio de <strong><a href=\"https:\/\/caminodesantiagofrances.com\/en\/la-rioja\/ventosa\/\" data-type=\"page\" data-id=\"11233\" target=\"_blank\" rel=\"noreferrer noopener\">Ventosa<\/a><\/strong><\/li>\n\n\n\n<li><strong><a href=\"https:\/\/caminodesantiagofrances.com\/en\/patronos\/san-telmo\/\" data-type=\"URL\" data-id=\"https:\/\/prueba.caminodesantiagofrances.com\/en\/patronos\/san-telmo\/\" target=\"_blank\" rel=\"noreferrer noopener\">San Telmo<\/a><\/strong>&nbsp;patrono del municipio de&nbsp;<strong><a href=\"https:\/\/caminodesantiagofrances.com\/en\/provincia-de-palencia\/fromista\/\" target=\"_blank\" data-type=\"page\" data-id=\"11457\" rel=\"noreferrer noopener\">Fr\u00f3mista<\/a><\/strong><\/li>\n\n\n\n<li><strong><a href=\"https:\/\/caminodesantiagofrances.com\/en\/patronos\/san-tirso\/\" data-type=\"URL\" data-id=\"https:\/\/prueba.caminodesantiagofrances.com\/en\/patronos\/san-tirso\/\" target=\"_blank\" rel=\"noreferrer noopener\">San Tirso<\/a><\/strong>&nbsp;patrono del municipio de&nbsp;<strong><a href=\"https:\/\/caminodesantiagofrances.com\/en\/provincia-de-lugo\/palas-de-rei\/\" target=\"_blank\" data-type=\"page\" data-id=\"12239\" rel=\"noreferrer noopener\">Palas de Rei<\/a><\/strong> y del municipio de <strong><a href=\"https:\/\/caminodesantiagofrances.com\/en\/provincia-de-leon\/villafranca-del-bierzo\/\" target=\"_blank\" data-type=\"page\" data-id=\"11816\" rel=\"noreferrer noopener\">Villafranca del Bierzo<\/a><\/strong><\/li>\n\n\n\n<li><strong><a href=\"https:\/\/caminodesantiagofrances.com\/en\/patronos\/san-vitores\/\" data-type=\"link\" data-id=\"https:\/\/caminodesantiagofrances.com\/en\/patronos\/san-vitores\/\" target=\"_blank\" rel=\"noreferrer noopener\">San Vitores<\/a><\/strong> patrono del municipio de <strong><a href=\"https:\/\/caminodesantiagofrances.com\/en\/provincia-de-burgos\/belorado\/\" target=\"_blank\" data-type=\"page\" data-id=\"11306\" rel=\"noreferrer noopener\">Belorado<\/a><\/strong><\/li>\n\n\n\n<li><strong><a href=\"https:\/\/caminodesantiagofrances.com\/en\/patronos\/san-vicente\/\" data-type=\"link\" data-id=\"https:\/\/caminodesantiagofrances.com\/en\/patronos\/san-vicente\/\" target=\"_blank\" rel=\"noreferrer noopener\">San Vicente<\/a><\/strong>&nbsp;patrono del municipio de&nbsp;<strong><a href=\"https:\/\/caminodesantiagofrances.com\/en\/provincia-de-leon\/valverde-de-la-virgen\/\" target=\"_blank\" data-type=\"page\" data-id=\"11631\" rel=\"noreferrer noopener\">Valverde de la Virgen<\/a><\/strong><\/li>\n\n\n\n<li><strong><a href=\"https:\/\/caminodesantiagofrances.com\/en\/patronos\/san-zoilo\/\" data-type=\"link\" data-id=\"https:\/\/caminodesantiagofrances.com\/en\/patronos\/san-zoilo\/\" target=\"_blank\" rel=\"noreferrer noopener\">San Zoilo<\/a><\/strong>&nbsp;patrono del municipio de&nbsp;<strong><a href=\"https:\/\/caminodesantiagofrances.com\/en\/provincia-de-palencia\/carrion-de-los-condes\/\" data-type=\"page\" data-id=\"11496\">Carri\u00f3n de los Condes<\/a><\/strong> y del municipio de <strong><a href=\"https:\/\/caminodesantiagofrances.com\/en\/navarra\/sansol\/\" data-type=\"page\" data-id=\"11156\">Sansol<\/a><\/strong><\/li>\n\n\n\n<li><strong><a href=\"https:\/\/caminodesantiagofrances.com\/en\/patronos\/santa-engracia\/\" data-type=\"link\" data-id=\"https:\/\/caminodesantiagofrances.com\/en\/patronos\/santa-engracia\/\" target=\"_blank\" rel=\"noreferrer noopener\">Santa Engracia<\/a><\/strong>&nbsp;patrona del municipio de&nbsp;<strong><a href=\"https:\/\/caminodesantiagofrances.com\/en\/provincia-de-leon\/valverde-de-la-virgen\/\" target=\"_blank\" data-type=\"page\" data-id=\"11631\" rel=\"noreferrer noopener\">Valverde de la Virgen<\/a><\/strong><\/li>\n\n\n\n<li><strong><a href=\"https:\/\/caminodesantiagofrances.com\/en\/patronos\/santa-lucia\/\" data-type=\"link\" data-id=\"https:\/\/caminodesantiagofrances.com\/en\/patronos\/santa-lucia\/\" target=\"_blank\" rel=\"noreferrer noopener\">Santa Lucia<\/a><\/strong>&nbsp;patrona de la localidad de&nbsp;<strong><strong><a href=\"https:\/\/caminodesantiagofrances.com\/en\/provincia-de-leon\/san-miguel-del-camino\/\" target=\"_blank\" data-type=\"page\" data-id=\"11643\" rel=\"noreferrer noopener\">San Miguel del Camino<\/a><\/strong><\/strong><\/li>\n\n\n\n<li><strong><a href=\"https:\/\/caminodesantiagofrances.com\/en\/patronos\/santa-maria-de-roncesvalles\/\" target=\"_blank\" data-type=\"page\" data-id=\"13242\" rel=\"noreferrer noopener\">Santa Mar\u00eda de Roncesvalles<\/a><\/strong> patrona de la localidad de <strong><a href=\"https:\/\/caminodesantiagofrances.com\/en\/navarra\/roncesvalles\/\" target=\"_blank\" data-type=\"page\" data-id=\"10891\" rel=\"noreferrer noopener\">Roncesvalles<\/a><\/strong><\/li>\n\n\n\n<li><strong><a href=\"https:\/\/caminodesantiagofrances.com\/en\/patronos\/santa-maria-la-mayor\/\" data-type=\"link\" data-id=\"https:\/\/caminodesantiagofrances.com\/en\/patronos\/santa-maria-la-mayor\/\" target=\"_blank\" rel=\"noreferrer noopener\">Santa Mar\u00eda la Mayor<\/a><\/strong>&nbsp;patrona de la ciudad de&nbsp;<strong><strong><a href=\"https:\/\/caminodesantiagofrances.com\/en\/provincia-de-burgos\/burgos\/\" target=\"_blank\" data-type=\"page\" data-id=\"11386\" rel=\"noreferrer noopener\">Burgos<\/a><\/strong><\/strong><\/li>\n\n\n\n<li><strong><a href=\"https:\/\/prueba.caminodesantiagofrances.com\/en\/patronos\/santa-maria-magdalena\/\" data-type=\"URL\" data-id=\"https:\/\/prueba.caminodesantiagofrances.com\/en\/patronos\/santa-maria-magdalena\/\" target=\"_blank\" rel=\"noreferrer noopener\">San<\/a><a href=\"https:\/\/caminodesantiagofrances.com\/en\/patronos\/santa-maria-magdalena\/\" data-type=\"link\" data-id=\"https:\/\/caminodesantiagofrances.com\/en\/patronos\/santa-maria-magdalena\/\" target=\"_blank\" rel=\"noreferrer noopener\">t<\/a><a href=\"https:\/\/prueba.caminodesantiagofrances.com\/en\/patronos\/santa-maria-magdalena\/\" data-type=\"URL\" data-id=\"https:\/\/prueba.caminodesantiagofrances.com\/en\/patronos\/santa-maria-magdalena\/\" target=\"_blank\" rel=\"noreferrer noopener\">a Mar\u00eda Magdalena<\/a><\/strong>&nbsp;patrona de la ciudad de&nbsp;<strong><a href=\"https:\/\/caminodesantiagofrances.com\/en\/navarra\/viana\/\" data-type=\"page\" data-id=\"11170\" target=\"_blank\" rel=\"noreferrer noopener\">Viana<\/a><\/strong> y del municipio de <strong><a href=\"https:\/\/caminodesantiagofrances.com\/en\/provincia-de-palencia\/poblacion-de-campos\/\" target=\"_blank\" data-type=\"page\" data-id=\"11465\" rel=\"noreferrer noopener\">Poblaci\u00f3n de Campos<\/a><\/strong><\/li>\n\n\n\n<li><strong><strong><a href=\"https:\/\/caminodesantiagofrances.com\/en\/patronos\/santa-quiteria\/\" target=\"_blank\" data-type=\"page\" data-id=\"9451\" rel=\"noreferrer noopener\">Santa Quiteria<\/a><\/strong><\/strong>&nbsp;patrona de la localidad de&nbsp;<strong><strong><a href=\"https:\/\/caminodesantiagofrances.com\/en\/navarra\/zubiri\/\" data-type=\"page\" data-id=\"10964\" target=\"_blank\" rel=\"noreferrer noopener\">Zubiri<\/a><\/strong><\/strong><\/li>\n\n\n\n<li><strong><a href=\"https:\/\/caminodesantiagofrances.com\/en\/patronos\/santo-domingo\/\" target=\"_blank\" data-type=\"page\" data-id=\"13437\" rel=\"noreferrer noopener\">Santo Domingo<\/a><\/strong>&nbsp;patrono del municipio de&nbsp;<strong><a href=\"https:\/\/caminodesantiagofrances.com\/en\/la-rioja\/santo-domingo-de-la-calzada\/\" data-type=\"page\" data-id=\"11260\" target=\"_blank\" rel=\"noreferrer noopener\">Santo Domingo de la Calzada<\/a><\/strong><\/li>\n\n\n\n<li><strong><a href=\"https:\/\/caminodesantiagofrances.com\/en\/patronos\/santo-toribio\/\" data-type=\"link\" data-id=\"https:\/\/caminodesantiagofrances.com\/en\/patronos\/santo-toribio\/\" target=\"_blank\" rel=\"noreferrer noopener\">Santo Toribio<\/a><\/strong>&nbsp;patrono de la ciudad de&nbsp;<strong><a href=\"https:\/\/caminodesantiagofrances.com\/en\/provincia-de-leon\/astorga\/\" target=\"_blank\" data-type=\"page\" data-id=\"11695\" rel=\"noreferrer noopener\">Astorga<\/a><\/strong>&nbsp;y del municipio de&nbsp;<strong><a href=\"https:\/\/caminodesantiagofrances.com\/en\/provincia-de-leon\/san-justo-de-la-vega\/\" target=\"_blank\" data-type=\"page\" data-id=\"11687\" rel=\"noreferrer noopener\">San Justo de la Vega<\/a><\/strong><\/li>\n\n\n\n<li><strong><a href=\"https:\/\/caminodesantiagofrances.com\/en\/patronos\/virgen-de-la-encina\/\" data-type=\"URL\" data-id=\"https:\/\/prueba.caminodesantiagofrances.com\/en\/patronos\/virgen-de-la-encina\/\" target=\"_blank\" rel=\"noreferrer noopener\">Virgen de la Encina<\/a><\/strong>&nbsp;patrona de la ciudad de&nbsp;<strong><a href=\"https:\/\/caminodesantiagofrances.com\/en\/provincia-de-leon\/ponferrada\/\" target=\"_blank\" data-type=\"page\" data-id=\"11776\" rel=\"noreferrer noopener\">Ponferrada<\/a><\/strong><\/li>\n\n\n\n<li><strong><a href=\"https:\/\/caminodesantiagofrances.com\/en\/patronos\/virgen-de-la-esperanza\/\" data-type=\"link\" data-id=\"https:\/\/caminodesantiagofrances.com\/en\/patronos\/virgen-de-la-esperanza\/\" target=\"_blank\" rel=\"noreferrer noopener\">Virgen de la Esperanza<\/a><\/strong>&nbsp;patrona de la ciudad de&nbsp;<strong><strong><a href=\"https:\/\/caminodesantiagofrances.com\/en\/la-rioja\/logrono\/\" target=\"_blank\" data-type=\"page\" data-id=\"11211\" rel=\"noreferrer noopener\">Logro\u00f1o<\/a><\/strong><\/strong><\/li>\n\n\n\n<li><strong><a href=\"https:\/\/caminodesantiagofrances.com\/en\/patronos\/virgen-del-camino\/\" data-type=\"link\" data-id=\"https:\/\/caminodesantiagofrances.com\/en\/patronos\/virgen-del-camino\/\" target=\"_blank\" rel=\"noreferrer noopener\">Virgen del Camino<\/a><\/strong>&nbsp;patrona de la ciudad de&nbsp;<strong><a href=\"https:\/\/caminodesantiagofrances.com\/en\/navarra\/pamplona\/\" target=\"_blank\" data-type=\"page\" data-id=\"11050\" rel=\"noreferrer noopener\">Pamplona<\/a><\/strong><\/li>\n\n\n\n<li><strong><a href=\"https:\/\/caminodesantiagofrances.com\/en\/patronos\/virgen-de-los-remedios\/\" data-type=\"link\" data-id=\"https:\/\/caminodesantiagofrances.com\/en\/patronos\/virgen-de-los-remedios\/\" target=\"_blank\" rel=\"noreferrer noopener\">Virgen de los Remedios<\/a><\/strong>&nbsp;patrona de la localidad de&nbsp;<strong><a href=\"https:\/\/caminodesantiagofrances.com\/en\/provincia-de-leon\/el-ganso\/\" target=\"_blank\" data-type=\"page\" data-id=\"11721\" rel=\"noreferrer noopener\">El Ganso<\/a><\/strong><\/li>\n\n\n\n<li><strong><a href=\"https:\/\/caminodesantiagofrances.com\/en\/santos\/virgen-de-perales\/\" target=\"_blank\" data-type=\"page\" data-id=\"15105\" rel=\"noreferrer noopener\">Virgen de Perales<\/a><\/strong>&nbsp;patrona municipio de&nbsp;<strong><a href=\"https:\/\/caminodesantiagofrances.com\/en\/provincia-de-leon\/bercianos-del-real-camino\/\" target=\"_blank\" data-type=\"page\" data-id=\"11565\" rel=\"noreferrer noopener\">Bercianos del Real Camino<\/a><\/strong><\/li>\n\n\n\n<li><strong><a href=\"https:\/\/caminodesantiagofrances.com\/en\/patronos\/virgen-peregrina\/\" data-type=\"link\" data-id=\"https:\/\/caminodesantiagofrances.com\/en\/patronos\/virgen-peregrina\/\" target=\"_blank\" rel=\"noreferrer noopener\">Virgen Peregrina<\/a><\/strong>&nbsp;patrona municipio de&nbsp;<strong><a href=\"https:\/\/caminodesantiagofrances.com\/en\/provincia-de-leon\/sahagun\/\" data-type=\"page\" data-id=\"11537\" target=\"_blank\" rel=\"noreferrer noopener\">Sahag\u00fan<\/a><\/strong><\/li>\n<\/ul>\n\n\n\n<h2 class=\"wp-block-heading has-text-align-center\"><strong>Santiago el Mayor: El gran protagonista<\/strong><\/h2>\n\n\n\n<h3 class=\"wp-block-heading has-text-align-center\"><strong>Historia de Santiago y su v\u00ednculo con Espa\u00f1a<\/strong><\/h3>\n\n\n\n<p class=\"wp-block-paragraph\">Santiago el Mayor, uno de los doce ap\u00f3stoles, es la raz\u00f3n principal de toda esta aventura. Seg\u00fan la tradici\u00f3n, tras su muerte en Jerusal\u00e9n, su cuerpo fue trasladado milagrosamente a Galicia. Espa\u00f1a lo adopt\u00f3 como su patr\u00f3n y s\u00edmbolo de resistencia.<\/p>\n\n\n<figure class=\"overflow-hidden mb-3 \" style=\" \"><a href=\"https:\/\/caminodesantiagofrances.com\/en\/patronos\/apostol-santiago\/\" class=\" embed-has-action \"><img loading=\"lazy\" decoding=\"async\" width=\"1200\" height=\"630\" src=\"https:\/\/caminodesantiagofrances.com\/en\/wp-content\/uploads\/sites\/3\/2024\/10\/Apostol-Santiago-Camino-de-Santiago-Frances.jpg\" class=\"mw-100 w-100 embed-item-cover-xy \" alt=\"\" srcset=\"https:\/\/caminodesantiagofrances.com\/en\/wp-content\/uploads\/sites\/3\/2024\/10\/Apostol-Santiago-Camino-de-Santiago-Frances.jpg 1200w, https:\/\/caminodesantiagofrances.com\/en\/wp-content\/uploads\/sites\/3\/2024\/10\/Apostol-Santiago-Camino-de-Santiago-Frances-300x158.jpg 300w, https:\/\/caminodesantiagofrances.com\/en\/wp-content\/uploads\/sites\/3\/2024\/10\/Apostol-Santiago-Camino-de-Santiago-Frances-1024x538.jpg 1024w, https:\/\/caminodesantiagofrances.com\/en\/wp-content\/uploads\/sites\/3\/2024\/10\/Apostol-Santiago-Camino-de-Santiago-Frances-768x403.jpg 768w\" sizes=\"auto, (max-width: 1200px) 100vw, 1200px\"><\/a><figcaption  class=\"figure-caption \">Ap\u00f3stol Santiago<\/figcaption><\/figure>\n\n\n<p class=\"wp-block-paragraph\"><\/p>\n\n\n\n<h3 class=\"wp-block-heading has-text-align-center\"><strong>El descubrimiento de su tumba<\/strong><\/h3>\n\n\n\n<p class=\"wp-block-paragraph\">En el siglo IX, un ermita\u00f1o llamado Pelayo vio unas luces misteriosas en el bosque de Libred\u00f3n. All\u00ed, descubrieron una tumba que, seg\u00fan la leyenda, conten\u00eda los restos de Santiago. As\u00ed naci\u00f3 el culto compostelano y el Camino.<\/p>\n\n\n\n<h3 class=\"wp-block-heading has-text-align-center\"><strong>La catedral de Santiago de Compostela<\/strong><\/h3>\n\n\n\n<p class=\"wp-block-paragraph\">El coraz\u00f3n de todo el Camino. Cruzar su plaza, ver la fachada barroca y abrazar la estatua del Ap\u00f3stol es el gran final para miles de caminantes. Es un lugar que vibra con energ\u00eda espiritual.<\/p>\n\n\n<figure class=\"overflow-hidden mb-3 \" style=\" \"><a href=\"https:\/\/caminodesantiagofrances.com\/en\/lo\/catedral-de-santiago\/\" class=\" embed-has-action \"><img loading=\"lazy\" decoding=\"async\" width=\"600\" height=\"315\" src=\"https:\/\/caminodesantiagofrances.com\/en\/wp-content\/uploads\/sites\/3\/2024\/02\/Catedral-de-Santiago_2-Camino-de-Santiago-Frances.jpg\" class=\"mw-100 w-100 embed-item-cover-xy \" alt=\"\" srcset=\"https:\/\/caminodesantiagofrances.com\/en\/wp-content\/uploads\/sites\/3\/2024\/02\/Catedral-de-Santiago_2-Camino-de-Santiago-Frances.jpg 600w, https:\/\/caminodesantiagofrances.com\/en\/wp-content\/uploads\/sites\/3\/2024\/02\/Catedral-de-Santiago_2-Camino-de-Santiago-Frances-300x158.jpg 300w\" sizes=\"auto, (max-width: 600px) 100vw, 600px\"><\/a><figcaption  class=\"figure-caption \">Catedral de Santiago<\/figcaption><\/figure>\n\n\n<hr class=\"wp-block-separator has-alpha-channel-opacity\"\/>\n\n\n\n<h2 class=\"wp-block-heading has-text-align-center\"><strong>Santos protectores de los peregrinos<\/strong><\/h2>\n\n\n\n<h3 class=\"wp-block-heading has-text-align-center\"><strong>San Roque: El guardi\u00e1n contra enfermedades<\/strong><\/h3>\n\n\n\n<p class=\"wp-block-paragraph\"><strong><a href=\"https:\/\/caminodesantiagofrances.com\/en\/santos\/san-roque\/\" data-type=\"link\" data-id=\"https:\/\/caminodesantiagofrances.com\/en\/santos\/san-roque\/\" target=\"_blank\" rel=\"noreferrer noopener\">San Roque<\/a><\/strong> es el favorito de quienes temen las ampollas, fiebre o el agotamiento.<\/p>\n\n\n\n<p class=\"wp-block-paragraph\"><\/p>\n\n\n<figure class=\"overflow-hidden mb-3 \" style=\" \"><a href=\"https:\/\/caminodesantiagofrances.com\/en\/santos\/san-roque\/\" class=\" embed-has-action \"><img loading=\"lazy\" decoding=\"async\" width=\"1200\" height=\"630\" src=\"https:\/\/caminodesantiagofrances.com\/en\/wp-content\/uploads\/sites\/3\/2025\/03\/San-Roque-Camino-de-Santiago-Frances.jpg\" class=\"mw-100 w-100 embed-item-cover-xy \" alt=\"\" srcset=\"https:\/\/caminodesantiagofrances.com\/en\/wp-content\/uploads\/sites\/3\/2025\/03\/San-Roque-Camino-de-Santiago-Frances.jpg 1200w, https:\/\/caminodesantiagofrances.com\/en\/wp-content\/uploads\/sites\/3\/2025\/03\/San-Roque-Camino-de-Santiago-Frances-300x158.jpg 300w, https:\/\/caminodesantiagofrances.com\/en\/wp-content\/uploads\/sites\/3\/2025\/03\/San-Roque-Camino-de-Santiago-Frances-1024x538.jpg 1024w, https:\/\/caminodesantiagofrances.com\/en\/wp-content\/uploads\/sites\/3\/2025\/03\/San-Roque-Camino-de-Santiago-Frances-768x403.jpg 768w\" sizes=\"auto, (max-width: 1200px) 100vw, 1200px\"><\/a><figcaption  class=\"figure-caption \">San Roque<\/figcaption><\/figure>\n\n\n<p class=\"wp-block-paragraph\">\u00c9l tambi\u00e9n fue peregrino y enferm\u00f3 durante su viaje. Un perro lo cuid\u00f3, y desde entonces, es s\u00edmbolo de sanaci\u00f3n y resistencia.<\/p>\n\n\n\n<h3 class=\"wp-block-heading has-text-align-center\"><strong>San Juan de Ortega: Refugio en los montes<\/strong><\/h3>\n\n\n\n<p class=\"wp-block-paragraph\">Un santo que literalmente construy\u00f3 refugios para peregrinos perdidos en los Montes de Oca. <\/p>\n\n\n<figure class=\"overflow-hidden mb-3 \" style=\" \"><a href=\"https:\/\/caminodesantiagofrances.com\/en\/patronos\/santo-san-juan-de-ortega\/\" class=\" embed-has-action \"><img loading=\"lazy\" decoding=\"async\" width=\"1200\" height=\"630\" src=\"https:\/\/caminodesantiagofrances.com\/en\/wp-content\/uploads\/sites\/3\/2024\/11\/Santo-San-Juan-de-Ortega-Camino-de-Santiago-Frances.jpg\" class=\"mw-100 w-100 embed-item-cover-xy \" alt=\"\" srcset=\"https:\/\/caminodesantiagofrances.com\/en\/wp-content\/uploads\/sites\/3\/2024\/11\/Santo-San-Juan-de-Ortega-Camino-de-Santiago-Frances.jpg 1200w, https:\/\/caminodesantiagofrances.com\/en\/wp-content\/uploads\/sites\/3\/2024\/11\/Santo-San-Juan-de-Ortega-Camino-de-Santiago-Frances-300x158.jpg 300w, https:\/\/caminodesantiagofrances.com\/en\/wp-content\/uploads\/sites\/3\/2024\/11\/Santo-San-Juan-de-Ortega-Camino-de-Santiago-Frances-1024x538.jpg 1024w, https:\/\/caminodesantiagofrances.com\/en\/wp-content\/uploads\/sites\/3\/2024\/11\/Santo-San-Juan-de-Ortega-Camino-de-Santiago-Frances-768x403.jpg 768w\" sizes=\"auto, (max-width: 1200px) 100vw, 1200px\"><\/a><figcaption  class=\"figure-caption \">Santo San Juan de Ortega<\/figcaption><\/figure>\n\n\n<p class=\"wp-block-paragraph\">Su sepulcro est\u00e1 en el monasterio que lleva su nombre, y muchos sienten all\u00ed una paz especial.<\/p>\n\n\n\n<h3 class=\"wp-block-heading has-text-align-center\"><strong>Santo Domingo de la Calzada: El de los milagros con gallinas<\/strong><\/h3>\n\n\n\n<p class=\"wp-block-paragraph\">Su historia es tan m\u00e1gica como famosa: ayud\u00f3 a construir puentes y caminos, y proteg\u00eda a los caminantes. La leyenda del gallo y la gallina que cantaron despu\u00e9s de asados es inolvidable. \u00bfTe suena?<\/p>\n\n\n<figure class=\"overflow-hidden mb-3 \" style=\" \"><a href=\"https:\/\/caminodesantiagofrances.com\/en\/patronos\/santo-domingo\/\" class=\" embed-has-action \"><img loading=\"lazy\" decoding=\"async\" width=\"1200\" height=\"630\" src=\"https:\/\/caminodesantiagofrances.com\/en\/wp-content\/uploads\/sites\/3\/2024\/09\/Santo-Domingo-Camino-de-Santiago-Frances.jpg\" class=\"mw-100 w-100 embed-item-cover-xy \" alt=\"\" srcset=\"https:\/\/caminodesantiagofrances.com\/en\/wp-content\/uploads\/sites\/3\/2024\/09\/Santo-Domingo-Camino-de-Santiago-Frances.jpg 1200w, https:\/\/caminodesantiagofrances.com\/en\/wp-content\/uploads\/sites\/3\/2024\/09\/Santo-Domingo-Camino-de-Santiago-Frances-300x158.jpg 300w, https:\/\/caminodesantiagofrances.com\/en\/wp-content\/uploads\/sites\/3\/2024\/09\/Santo-Domingo-Camino-de-Santiago-Frances-1024x538.jpg 1024w, https:\/\/caminodesantiagofrances.com\/en\/wp-content\/uploads\/sites\/3\/2024\/09\/Santo-Domingo-Camino-de-Santiago-Frances-768x403.jpg 768w\" sizes=\"auto, (max-width: 1200px) 100vw, 1200px\"><\/a><figcaption  class=\"figure-caption \">Santo Domingo<\/figcaption><\/figure>\n\n\n<p class=\"wp-block-paragraph\">En su catedral a\u00fan hay gallinas vivas como recuerdo.<\/p>\n\n\n\n<hr class=\"wp-block-separator has-alpha-channel-opacity\"\/>\n\n\n\n<h2 class=\"wp-block-heading has-text-align-center\"><strong>Otros santos vinculados al Camino Franc\u00e9s<\/strong><\/h2>\n\n\n\n<h3 class=\"wp-block-heading has-text-align-center\"><strong>San Francisco de As\u00eds y su peregrinaci\u00f3n<\/strong><\/h3>\n\n\n\n<p class=\"wp-block-paragraph\">El humilde santo italiano <strong><a href=\"https:\/\/caminodesantiagofrances.com\/en\/santos\/san-francisco-de-asis\/\" target=\"_blank\" data-type=\"page\" data-id=\"14644\" rel=\"noreferrer noopener\">San Francisco de As\u00eds<\/a><\/strong> tambi\u00e9n camin\u00f3 hasta la <strong><a href=\"https:\/\/caminodesantiagofrances.com\/en\/lo\/catedral-de-santiago\/\" data-type=\"gd_place\" data-id=\"12591\" target=\"_blank\" rel=\"noreferrer noopener\">Catedral de Santiago<\/a><\/strong> en la ciudad de <strong><a href=\"https:\/\/caminodesantiagofrances.com\/en\/provincia-a-coruna\/santiago-de-compostela\/\" data-type=\"page\" data-id=\"12306\" target=\"_blank\" rel=\"noreferrer noopener\">Santiago de Compostela<\/a><\/strong>. <\/p>\n\n\n<figure class=\"overflow-hidden mb-3 \" style=\" \"><a href=\"https:\/\/caminodesantiagofrances.com\/en\/santos\/san-francisco-de-asis\/\" class=\" embed-has-action \"><img loading=\"lazy\" decoding=\"async\" width=\"1200\" height=\"630\" src=\"https:\/\/caminodesantiagofrances.com\/en\/wp-content\/uploads\/sites\/3\/2025\/03\/San-Francisco-de-Asis-Camino-de-Santiago-Frances.jpg\" class=\"mw-100 w-100 embed-item-cover-xy \" alt=\"\" srcset=\"https:\/\/caminodesantiagofrances.com\/en\/wp-content\/uploads\/sites\/3\/2025\/03\/San-Francisco-de-Asis-Camino-de-Santiago-Frances.jpg 1200w, https:\/\/caminodesantiagofrances.com\/en\/wp-content\/uploads\/sites\/3\/2025\/03\/San-Francisco-de-Asis-Camino-de-Santiago-Frances-300x158.jpg 300w, https:\/\/caminodesantiagofrances.com\/en\/wp-content\/uploads\/sites\/3\/2025\/03\/San-Francisco-de-Asis-Camino-de-Santiago-Frances-1024x538.jpg 1024w, https:\/\/caminodesantiagofrances.com\/en\/wp-content\/uploads\/sites\/3\/2025\/03\/San-Francisco-de-Asis-Camino-de-Santiago-Frances-768x403.jpg 768w\" sizes=\"auto, (max-width: 1200px) 100vw, 1200px\"><\/a><figcaption  class=\"figure-caption \">San Francisco de As\u00eds<\/figcaption><\/figure>\n\n\n<p class=\"wp-block-paragraph\">Su mensaje de paz, pobreza y amor por la naturaleza conecta perfectamente con el esp\u00edritu del Camino.<\/p>\n\n\n\n<h3 class=\"wp-block-heading has-text-align-center\"><strong>La Virgen del Pilar y su importancia simb\u00f3lica<\/strong><\/h3>\n\n\n\n<p class=\"wp-block-paragraph\">Aunque no es &#8220;santo&#8221;, la Virgen del Pilar en Zaragoza es parada esencial para muchos peregrinos. Se dice que fue la primera aparici\u00f3n mariana de la historia. Su presencia es reconfortante.<\/p>\n\n\n\n<h3 class=\"wp-block-heading has-text-align-center\"><strong>San Nicol\u00e1s de Bari y su esp\u00edritu de hospitalidad<\/strong><\/h3>\n\n\n\n<p class=\"wp-block-paragraph\">Protector de viajeros y ni\u00f1os, San Nicol\u00e1s representa el esp\u00edritu acogedor de los albergues del Camino. Muchos refugios llevan su nombre y se inspiran en su generosidad.<\/p>\n\n\n\n<hr class=\"wp-block-separator has-alpha-channel-opacity\"\/>\n\n\n\n<h2 class=\"wp-block-heading has-text-align-center\"><strong>Lugares santos y milagrosos en el trayecto<\/strong><\/h2>\n\n\n\n<h3 class=\"wp-block-heading has-text-align-center\"><strong>Monasterios con historia<\/strong><\/h3>\n\n\n\n<p class=\"wp-block-paragraph\">Desde <strong><a href=\"https:\/\/caminodesantiagofrances.com\/en\/navarra\/roncesvalles\/\" target=\"_blank\" data-type=\"page\" data-id=\"10891\" rel=\"noreferrer noopener\">Roncesvalles<\/a><\/strong> hasta <strong><a href=\"https:\/\/caminodesantiagofrances.com\/en\/provincia-de-lugo\/samos\/\" target=\"_blank\" data-type=\"page\" data-id=\"12121\" rel=\"noreferrer noopener\">Samos<\/a><\/strong>, los monasterios jalonan el Camino como oasis de fe y descanso. Son testigos vivos de siglos de peregrinaci\u00f3n.<\/p>\n\n\n\n<h3 class=\"wp-block-heading has-text-align-center\"><strong>Ermitas en plena naturaleza<\/strong><\/h3>\n\n\n\n<p class=\"wp-block-paragraph\">Algunas son tan peque\u00f1as que parecen escondidas entre \u00e1rboles y piedras. Pero en su interior, el silencio habla y el alma se reconcilia con el cansancio.<\/p>\n\n\n\n<h3 class=\"wp-block-heading has-text-align-center\"><strong>Tradiciones y rituales en puntos clave<\/strong><\/h3>\n\n\n\n<p class=\"wp-block-paragraph\">Besar la Cruz de Ferro, dejar una piedra en el camino o tocar la columna de la catedral son gestos llenos de significado que conectan con lo divino.<\/p>\n\n\n\n<hr class=\"wp-block-separator has-alpha-channel-opacity\"\/>\n\n\n\n<h2 class=\"wp-block-heading has-text-align-center\"><strong>C\u00f3mo los santos influyen en la experiencia del peregrino<\/strong><\/h2>\n\n\n\n<h3 class=\"wp-block-heading has-text-align-center\"><strong>Fe, motivaci\u00f3n y compa\u00f1\u00eda espiritual<\/strong><\/h3>\n\n\n\n<p class=\"wp-block-paragraph\">No importa si eres creyente o no: en el Camino, la presencia de los santos se siente. Son s\u00edmbolos de fuerza, ejemplos de superaci\u00f3n y gu\u00edas invisibles.<\/p>\n\n\n\n<h3 class=\"wp-block-heading has-text-align-center\"><strong>Relatos de peregrinos que han sentido su presencia<\/strong><\/h3>\n\n\n\n<p class=\"wp-block-paragraph\">Muchos peregrinos cuentan haber sentido protecci\u00f3n inexplicable, coincidencias misteriosas o se\u00f1ales que los ayudaron a seguir adelante. \u00bfCasualidad o milagro?<\/p>\n\n\n\n<hr class=\"wp-block-separator has-alpha-channel-opacity\"\/>\n\n\n\n<h2 class=\"wp-block-heading has-text-align-center\"><strong>Santos en el Camino de Santiago Franc\u00e9s<\/strong><\/h2>\n\n\n\n<p class=\"wp-block-paragraph\">Caminar el <strong><a href=\"https:\/\/caminodesantiagofrances.com\/en\/\" target=\"_blank\" data-type=\"page\" data-id=\"86\" rel=\"noreferrer noopener\">Camino de Santiago Franc\u00e9s<\/a><\/strong> es mucho m\u00e1s que un reto f\u00edsico. Es un viaje del alma, acompa\u00f1ado por figuras sagradas que han inspirado a millones de caminantes durante siglos. Los santos del Camino no solo est\u00e1n en estatuas o catedrales, tambi\u00e9n est\u00e1n en el \u00e1nimo del peregrino, en los peque\u00f1os milagros del d\u00eda a d\u00eda, y en ese empujoncito que a veces sentimos cuando las fuerzas flaquean.<\/p>\n\n\n\n<p class=\"wp-block-paragraph\">As\u00ed que la pr\u00f3xima vez que camines hacia Santiago, recuerda: no est\u00e1s solo. Llevas contigo una historia milenaria\u2026 \u00a1y unos cuantos santos que te cuidan las espaldas!<\/p>\n\n\n\n<hr class=\"wp-block-separator has-alpha-channel-opacity\"\/>\n\n\n\n<h2 class=\"wp-block-heading\"><strong>Preguntas frecuentes (FAQs)<\/strong><\/h2>\n\n\n\n<p class=\"wp-block-paragraph\"><strong>1. \u00bfQui\u00e9n es el principal santo del Camino de Santiago Franc\u00e9s?<\/strong><br>El principal santo es Santiago el Mayor, cuya tumba est\u00e1 en la <strong><a href=\"https:\/\/caminodesantiagofrances.com\/en\/lo\/catedral-de-santiago\/\" data-type=\"gd_place\" data-id=\"12591\" target=\"_blank\" rel=\"noreferrer noopener\">Catedral de Santiago<\/a><\/strong> en la ciudad de <strong><a href=\"https:\/\/caminodesantiagofrances.com\/en\/provincia-a-coruna\/santiago-de-compostela\/\" target=\"_blank\" data-type=\"page\" data-id=\"12306\" rel=\"noreferrer noopener\">Santiago de Compostela<\/a><\/strong>.<\/p>\n\n\n\n<p class=\"wp-block-paragraph\"><strong>2. \u00bfPor qu\u00e9 se asocia a San Roque con el Camino?<\/strong><br>Porque fue un peregrino que enferm\u00f3 y se cur\u00f3 milagrosamente, convirti\u00e9ndose en protector de los caminantes enfermos.<\/p>\n\n\n\n<p class=\"wp-block-paragraph\"><strong>3. \u00bfExisten milagros asociados al Camino?<\/strong><br>S\u00ed, muchas leyendas hablan de milagros como el del gallo y la gallina en Santo Domingo de la Calzada.<\/p>\n\n\n\n<p class=\"wp-block-paragraph\"><strong>4. \u00bfQu\u00e9 importancia tiene la fe en el Camino?<\/strong><br>Para muchos <a href=\"https:\/\/caminodesantiagofrances.com\/en\/peregrinos\/\" target=\"_blank\" data-type=\"page\" data-id=\"5880\" rel=\"noreferrer noopener\">peregrinos<\/a>, la fe es una motivaci\u00f3n clave. Para otros, el Camino se convierte en una b\u00fasqueda espiritual, incluso sin creencias religiosas previas.<\/p>\n\n\n\n<p class=\"wp-block-paragraph\"><strong>5. \u00bfHay rituales especiales relacionados con los santos durante el Camino?<\/strong><br>S\u00ed, como dejar una piedra en la Cruz de Ferro, besar al Ap\u00f3stol Santiago o rezar en los lugares santos del trayecto.<\/p>\n\n\n<p><nav aria-label=\"breadcrumbs\" class=\"rank-math-breadcrumb\"><p><span class=\"last\">Camino de Santiago Franc\u00e9s<\/span><\/p><\/nav><\/p>\n","protected":false},"excerpt":{"rendered":"<p>Camino de Santiago Franc\u00e9s Patronos \u00bfAlguna vez has so\u00f1ado con caminar cientos de kil\u00f3metros atravesando monta\u00f1as, pueblos medievales, y campos infinitos? El Camino de Santiago Franc\u00e9s no es solo una ruta de senderismo; es una experiencia espiritual, cultural y profundamente humana. Pero, \u00bfsab\u00edas que detr\u00e1s de cada paso que das, hay santos que te acompa\u00f1an [&hellip;]<\/p>\n","protected":false},"author":1,"featured_media":0,"parent":0,"menu_order":0,"comment_status":"closed","ping_status":"closed","template":"","meta":{"footnotes":""},"class_list":["post-5908","page","type-page","status-publish","hentry"],"_links":{"self":[{"href":"https:\/\/caminodesantiagofrances.com\/en\/wp-json\/wp\/v2\/pages\/5908","targetHints":{"allow":["GET"]}}],"collection":[{"href":"https:\/\/caminodesantiagofrances.com\/en\/wp-json\/wp\/v2\/pages"}],"about":[{"href":"https:\/\/caminodesantiagofrances.com\/en\/wp-json\/wp\/v2\/types\/page"}],"author":[{"embeddable":true,"href":"https:\/\/caminodesantiagofrances.com\/en\/wp-json\/wp\/v2\/users\/1"}],"replies":[{"embeddable":true,"href":"https:\/\/caminodesantiagofrances.com\/en\/wp-json\/wp\/v2\/comments?post=5908"}],"version-history":[{"count":0,"href":"https:\/\/caminodesantiagofrances.com\/en\/wp-json\/wp\/v2\/pages\/5908\/revisions"}],"wp:attachment":[{"href":"https:\/\/caminodesantiagofrances.com\/en\/wp-json\/wp\/v2\/media?parent=5908"}],"curies":[{"name":"wp","href":"https:\/\/api.w.org\/{rel}","templated":true}]}}