{"id":5961,"date":"2022-10-09T01:04:56","date_gmt":"2022-10-09T01:04:56","guid":{"rendered":"https:\/\/prueba.caminodesantiagofrances.com\/en\/?page_id=5961"},"modified":"2022-10-09T01:04:56","modified_gmt":"2022-10-09T01:04:56","slug":"ano-santo-jacobeo","status":"publish","type":"page","link":"https:\/\/caminodesantiagofrances.com\/en\/ano-santo-jacobeo\/","title":{"rendered":"A\u00f1o Santo Jacobeo"},"content":{"rendered":"\n<h2 class=\"has-text-align-center wp-block-heading\">A\u00f1o Santo Jacobeo \/ Ano Santo Xacobeo<\/h2>\n\n\n\n<p class=\"wp-block-paragraph\">El A\u00f1o Santo Jacobeo, tambi\u00e9n conocido como A\u00f1o Santo Compostelano o A\u00f1o Santo de Santiago, es una celebraci\u00f3n cat\u00f3lica que se celebra en <a title=\"Santiago de Compostela\" href=\"https:\/\/prueba.caminodesantiagofrances.com\/en\/l\/santiago-de-compostela\/\" target=\"_blank\" rel=\"noopener\"><strong>Santiago de Compostela<\/strong><\/a>, Galicia, Espa\u00f1a. Este acontecimiento tiene lugar los a\u00f1os en que el 25 de julio, d\u00eda festivo del <a title=\"Ap\u00f3stol Santiago\" href=\"https:\/\/prueba.caminodesantiagofrances.com\/en\/apostol-santiago\/\" target=\"_blank\" rel=\"noopener\"><strong>Ap\u00f3stol Santiago<\/strong><\/a>, cae en domingo. La celebraci\u00f3n tiene lugar con una cadencia regular de 6-5-6-11 a\u00f1os (con excepci\u00f3n de los lapsos de 7 o 12 a\u00f1os que pueden darse cuando el \u00faltimo a\u00f1o de un siglo no es bisiesto). De esta forma, cada siglo se celebran catorce A\u00f1os Santos Jacobeos.<\/p>\n\n\n\n<h3 class=\"has-text-align-center wp-block-heading\"><strong>Tradici\u00f3n A\u00f1o Santo Jacobeo<\/strong><\/h3>\n\n\n\n<p class=\"wp-block-paragraph\">Durante la celebraci\u00f3n de cada A\u00f1o Santo Jacobeo, se otorga la indulgencia a todos aquellos fieles que voluntariamente cumplan con las siguientes condiciones:<\/p>\n\n\n\n<ol class=\"wp-block-list\">\n<li>Visitar la tumba del Ap\u00f3stol Santiago en la <a href=\"https:\/\/prueba.caminodesantiagofrances.com\/en\/s\/catedral-de-santiago\/\" target=\"_blank\" rel=\"noreferrer noopener\"><strong>Catedral de Santiago de Compostela<\/strong><\/a> o cualquier otro lugar sagrado de la ciudad, durante el A\u00f1o Santo.<\/li>\n\n\n\n<li>Realizar alguna forma de peregrinaci\u00f3n, como caminar al menos 100 km hasta Santiago de Compostela, montar a caballo, en bicicleta o en silla de ruedas, con la intenci\u00f3n de llegar al sepulcro del Ap\u00f3stol Santiago.<\/li>\n\n\n\n<li>Recibir los sacramentos de la confesi\u00f3n y la comuni\u00f3n.<\/li>\n\n\n\n<li>Rezar por las intenciones del Papa.<\/li>\n<\/ol>\n\n\n\n<p class=\"wp-block-paragraph\">Estas condiciones se establecieron para fomentar la penitencia, la reflexi\u00f3n y la oraci\u00f3n durante la celebraci\u00f3n del A\u00f1o Santo Jacobeo.<\/p>\n\n\n\n<p class=\"wp-block-paragraph\">Asimismo, es costumbre que durante el A\u00f1o Santo Jacobeo, se acceda a la Catedral de Santiago de Compostela atravesando la Puerta Santa, la cual s\u00f3lo se abre con ocasi\u00f3n de esta solemnidad.<\/p>\n\n\n\n<p class=\"wp-block-paragraph\">Por mediaci\u00f3n de la Iglesia, el jubileo otorga a aquellos fieles que cumplan con las condiciones mencionadas la gracia de la indulgencia plenaria o remisi\u00f3n completa de la pena temporal que merecieran los pecados por ellos cometidos. Esta indulgencia, seg\u00fan la doctrina cat\u00f3lica, no perdona la culpa de los pecados, sino que libera al pecador de la pena temporal que se deriva del pecado ya perdonado en el sacramento de la confesi\u00f3n. De esta forma, la participaci\u00f3n en el A\u00f1o Santo Jacobeo es vista como una oportunidad para renovar la fe y la relaci\u00f3n con Dios, as\u00ed como para obtener la gracia de la indulgencia plenaria.<\/p>\n\n\n\n<h2 class=\"has-text-align-center wp-block-heading\"><strong>A\u00f1os Santos Jacobeos<\/strong><\/h2>\n\n\n\n<p class=\"wp-block-paragraph\">La secuencia 6-5-6-11 de los a\u00f1os jacobeos en los siglos XIX y XX se debe a la combinaci\u00f3n del ritmo de los a\u00f1os bisiestos y el hecho de que la semana consta de siete d\u00edas. Si no hubiera a\u00f1os bisiestos, habr\u00eda un a\u00f1o jacobeo cada siete a\u00f1os. Sin embargo, debido a que los a\u00f1os divisibles por cien solo son bisiestos si tambi\u00e9n son divisibles por 400, en los cambios de siglo, se pueden producir intervalos de siete o doce a\u00f1os entre dos a\u00f1os santos consecutivos.<\/p>\n\n\n\n<p class=\"wp-block-paragraph\">Es importante tener en cuenta que cualquier alteraci\u00f3n en la secuencia de a\u00f1os bisiestos afectar\u00e1 autom\u00e1ticamente la cadencia de los a\u00f1os jacobeos. Esto sucedi\u00f3 con la reforma gregoriana del a\u00f1o 1582 y, en consecuencia, tambi\u00e9n puede ocurrir en los a\u00f1os centenarios que no son m\u00faltiplos de 400.<\/p>\n\n\n\n<figure class=\"wp-block-table\"><table><tbody><tr><th scope=\"col\">&nbsp;<\/th><th scope=\"col\">+11<\/th><th scope=\"col\">+6<\/th><th scope=\"col\">+5<\/th><th scope=\"col\">+6<\/th><\/tr><tr><th scope=\"row\">+28<\/th><td>1909 (+12)<\/td><td>1915<\/td><td>1920<\/td><td>1926<\/td><\/tr><tr><th scope=\"row\">+28<\/th><td>1937 &#8211; 1938<\/td><td>1943<\/td><td>1948<\/td><td>1954<\/td><\/tr><tr><th scope=\"row\">+28<\/th><td>1965<\/td><td>1971<\/td><td>1976<\/td><td>1982<\/td><\/tr><tr><th scope=\"row\">+28<\/th><td>1993<\/td><td>1999<\/td><td>2004<\/td><td>2010<\/td><\/tr><tr><th scope=\"row\">+28<\/th><td>2021 &#8211; 2022<\/td><td>2027<\/td><td>2032<\/td><td>2038<\/td><\/tr><tr><th scope=\"row\">+28<\/th><td>2049<\/td><td>2055<\/td><td>2060<\/td><td>2066<\/td><\/tr><tr><th scope=\"row\">+28<\/th><td>2077<\/td><td>2083<\/td><td>2088<\/td><td>2094<\/td><\/tr><\/tbody><\/table><\/figure>\n\n\n\n<p class=\"wp-block-paragraph\">La tabla presentada es precisa para los siglos XX y XXI, ya que el a\u00f1o 2000 fue un a\u00f1o bisiesto. Sin embargo, en los siglos siguientes, la cadencia cambiar\u00e1 debido a que los a\u00f1os 2100, 2200 y 2300 no ser\u00e1n bisiestos (son divisibles por cien pero no por cuatrocientos). La crisis sanitaria del COVID-19 en Espa\u00f1a ha dado lugar a que el a\u00f1o santo jacobeo se celebre durante dos a\u00f1os consecutivos (2021-2022). Este hecho tambi\u00e9n ocurri\u00f3 en 1937-1938 durante la Guerra Civil.<\/p>\n\n\n\n<p class=\"wp-block-paragraph\">El \u00faltimo a\u00f1o santo del siglo XXI ser\u00e1 el 2096, el primero del siglo XXII ser\u00e1 el 2106 (12 a\u00f1os despu\u00e9s) y el siguiente ser\u00e1 el 2117 (11 a\u00f1os despu\u00e9s). Esto significa que la cadencia 6-5-6-11 de los dos siglos anteriores se romper\u00e1. El \u00faltimo a\u00f1o santo del siglo XIX fue en 1897 y el primero del siglo XX fue en 1909, lo que significa que transcurrieron 12 a\u00f1os entre ambos debido a que el a\u00f1o 1900 no fue bisiesto. Por lo tanto, en algunas ocasiones, puede haber lapsos de 7 o 12 a\u00f1os entre dos a\u00f1os santos consecutivos cuando pertenecen a diferentes siglos.<\/p>\n\n\n\n<h2 class=\"has-text-align-center wp-block-heading\"><strong>Historia A\u00f1o Santo Jacobeo<\/strong><\/h2>\n\n\n\n<p class=\"wp-block-paragraph\">El papa Calixto II estableci\u00f3 el A\u00f1o Santo Jubilar Compostelano en 1122 para el a\u00f1o 1126, despu\u00e9s de haber sido peregrino en Santiago de Compostela mientras era arzobispo de Vienne en Francia.<\/p>\n\n\n\n<p class=\"wp-block-paragraph\">El 27 de febrero de 1120, la bula Omnipotentis Dispositione elev\u00f3 a Santiago de Compostela a la dignidad arzobispal trasladando all\u00ed la sede metropolitana de M\u00e9rida, cumpliendo as\u00ed los deseos de Diego Gelm\u00edrez, obispo de Compostela entre 1100 y 1139, y con el consentimiento del rey Alfonso VII de Le\u00f3n (el emperador), de quien Calixto II era t\u00edo por el matrimonio de su hermano Raimundo de Borgo\u00f1a con la infanta Urraca de Le\u00f3n y Castilla, hija de Alfonso VI de Le\u00f3n.<\/p>\n\n\n\n<p class=\"wp-block-paragraph\">En 1122, mientras se colocaba la \u00faltima piedra de la catedral de Santiago, Calixto II otorg\u00f3 el privilegio de celebrar el A\u00f1o Santo Jacobeo con regularidad a partir de 1126, siempre que la festividad de Santiago Ap\u00f3stol, el 25 de julio, cayera en domingo, para que los peregrinos pudieran ganar las mismas gracias en Compostela que las que se otorgaban en Roma durante los a\u00f1os jubilares que sol\u00edan coincidir all\u00ed cada veinticinco a\u00f1os.<\/p>\n\n\n\n<p class=\"wp-block-paragraph\">El privilegio de Calixto II fue reafirmado y ampliado por otros pont\u00edfices, incluyendo a Eugenio III y Anastasio IV. En el a\u00f1o 1178, Alejandro III declar\u00f3 en la bula Regis aeterni, con fecha del 25 de julio, que el privilegio tendr\u00eda car\u00e1cter perpetuo y equipar\u00f3 el A\u00f1o Santo Jacobeo a los de Roma y Jerusal\u00e9n.<\/p>\n\n\n\n<p class=\"wp-block-paragraph\">Estas disposiciones tuvieron un gran impacto en la Edad Media, contribuyendo significativamente al aumento de las peregrinaciones de toda Europa a trav\u00e9s del Camino de Santiago.<\/p>\n\n\n\n<p class=\"wp-block-paragraph\">Los a\u00f1os santos jacobeos m\u00e1s recientes fueron en 1993, 1999, 2004 y 2010. Despu\u00e9s de once a\u00f1os desde el \u00faltimo, el A\u00f1o Santo Jacobeo 2021-2022 se extender\u00e1 excepcionalmente hasta el 31 de diciembre de 2022 debido a la pandemia de COVID-19. El Papa Francisco aprob\u00f3 esta extensi\u00f3n, seg\u00fan lo comunicado por el nuncio del Papa, Bernardito Auza.<\/p>\n\n\n\n<p class=\"wp-block-paragraph\">Esta ser\u00e1 la segunda vez que el A\u00f1o Santo Jacobeo se celebra durante dos a\u00f1os consecutivos. La primera fue durante la Guerra Civil Espa\u00f1ola, cuando el a\u00f1o santo de 1937 se extendi\u00f3 tambi\u00e9n a lo largo de 1938, seg\u00fan la petici\u00f3n del prelado compostelano Tom\u00e1s Muniz de Pablos, que fue concedida por el Papa P\u00edo XI.<\/p>\n\n\n<p><nav aria-label=\"breadcrumbs\" class=\"rank-math-breadcrumb\"><p><span class=\"last\">Camino de Santiago Franc\u00e9s<\/span><\/p><\/nav><\/p>\n\n\n\n<hr class=\"wp-block-separator has-alpha-channel-opacity\" \/>\n\n\n\n<p class=\"wp-block-paragraph\"><strong>V\u00e9ase tambi\u00e9n:<\/strong><\/p>\n\n\n\n<div class=\"wp-block-columns\">\n<div class=\"wp-block-column\">\n<figure class=\"wp-block-image size-full\"><a href=\"https:\/\/prueba.caminodesantiagofrances.com\/en\/apostol-santiago\/\" target=\"_blank\" rel=\"noreferrer noopener\"><img decoding=\"async\" src=\"https:\/\/caminodesantiagofrances.com\/en\/wp-content\/uploads\/sites\/3\/2022\/11\/Apostol-Santiago-Camino-de-Santiago-Frances.jpg\" alt=\"\" class=\"wp-image-9045\"><\/a><\/figure>\n\n\n\n<h3 class=\"has-text-align-center wp-block-heading\"><a title=\"Ap\u00f3stol Santiago\" href=\"https:\/\/prueba.caminodesantiagofrances.com\/en\/apostol-santiago\/\" target=\"_blank\" rel=\"noopener\"><strong>Ap\u00f3stol Santiago<\/strong><\/a><\/h3>\n<\/div>\n\n\n\n<div class=\"wp-block-column\">\n<figure class=\"wp-block-image size-full\"><a href=\"https:\/\/prueba.caminodesantiagofrances.com\/en\/s\/catedral-de-santiago\/\" target=\"_blank\" rel=\"noreferrer noopener\"><img decoding=\"async\" src=\"https:\/\/caminodesantiagofrances.com\/en\/wp-content\/uploads\/sites\/3\/2022\/10\/Catedral-de-Santiago_4-Camino-de-Santiago-Frances.jpg\" alt=\"\" class=\"wp-image-6657\"><\/a><\/figure>\n\n\n\n<h3 class=\"has-text-align-center wp-block-heading\"><a title=\"Catedral de Santiago de Compostela\" href=\"https:\/\/prueba.caminodesantiagofrances.com\/en\/s\/catedral-de-santiago\/\" target=\"_blank\" rel=\"noopener\"><strong>Catedral de Santiago de Compostela<\/strong><\/a><\/h3>\n<\/div>\n<\/div>\n\n\n\n<div class=\"wp-block-columns\">\n<div class=\"wp-block-column\">\n<figure class=\"wp-block-image size-full\"><a href=\"https:\/\/prueba.caminodesantiagofrances.com\/en\/l\/santiago-de-compostela\/\" target=\"_blank\" rel=\"noreferrer noopener\"><img decoding=\"async\" src=\"https:\/\/caminodesantiagofrances.com\/en\/wp-content\/uploads\/sites\/3\/2022\/10\/Santiago-de-Compostela-Camino-de-Santiago-Frances.jpg\" alt=\"\" class=\"wp-image-6646\"><\/a><\/figure>\n\n\n\n<h3 class=\"has-text-align-center wp-block-heading\"><a title=\"Santiago de Compostela\" href=\"https:\/\/prueba.caminodesantiagofrances.com\/en\/l\/santiago-de-compostela\/\" target=\"_blank\" rel=\"noopener\"><strong>Santiago de Compostela<\/strong><\/a><\/h3>\n<\/div>\n\n\n\n<div class=\"wp-block-column\"><\/div>\n<\/div>\n\n\n\n<p class=\"wp-block-paragraph\"><\/p>\n","protected":false},"excerpt":{"rendered":"<p>A\u00f1o Santo Jacobeo \/ Ano Santo Xacobeo El A\u00f1o Santo Jacobeo, tambi\u00e9n conocido como A\u00f1o Santo Compostelano o A\u00f1o Santo de Santiago, es una celebraci\u00f3n cat\u00f3lica que se celebra en Santiago de Compostela, Galicia, Espa\u00f1a. Este acontecimiento tiene lugar los a\u00f1os en que el 25 de julio, d\u00eda festivo del Ap\u00f3stol Santiago, cae en domingo. [&hellip;]<\/p>\n","protected":false},"author":1,"featured_media":0,"parent":0,"menu_order":0,"comment_status":"closed","ping_status":"closed","template":"","meta":{"footnotes":""},"class_list":["post-5961","page","type-page","status-publish","hentry"],"_links":{"self":[{"href":"https:\/\/caminodesantiagofrances.com\/en\/wp-json\/wp\/v2\/pages\/5961","targetHints":{"allow":["GET"]}}],"collection":[{"href":"https:\/\/caminodesantiagofrances.com\/en\/wp-json\/wp\/v2\/pages"}],"about":[{"href":"https:\/\/caminodesantiagofrances.com\/en\/wp-json\/wp\/v2\/types\/page"}],"author":[{"embeddable":true,"href":"https:\/\/caminodesantiagofrances.com\/en\/wp-json\/wp\/v2\/users\/1"}],"replies":[{"embeddable":true,"href":"https:\/\/caminodesantiagofrances.com\/en\/wp-json\/wp\/v2\/comments?post=5961"}],"version-history":[{"count":0,"href":"https:\/\/caminodesantiagofrances.com\/en\/wp-json\/wp\/v2\/pages\/5961\/revisions"}],"wp:attachment":[{"href":"https:\/\/caminodesantiagofrances.com\/en\/wp-json\/wp\/v2\/media?parent=5961"}],"curies":[{"name":"wp","href":"https:\/\/api.w.org\/{rel}","templated":true}]}}