{"id":6006,"date":"2022-10-08T22:17:33","date_gmt":"2022-10-08T22:17:33","guid":{"rendered":"https:\/\/prueba.caminodesantiagofrances.com\/en\/?page_id=5642"},"modified":"2026-08-28T13:30:51","modified_gmt":"2026-08-28T11:30:51","slug":"provincia-de-leon","status":"publish","type":"page","link":"https:\/\/caminodesantiagofrances.com\/en\/provincia-de-leon\/","title":{"rendered":"Provincia de Le\u00f3n"},"content":{"rendered":"\n<h2 class=\"wp-block-heading has-text-align-center\">Camino de Santiago Franc\u00e9s en la Provincia de Le\u00f3n<\/h2>\n\n\n\n<div class=\"wp-block-geodirectory-geodir-widget-map\"><div class=\"geodir-wgt-map bsui sdel-9bdccbe0\" ><!--START geodir-map-wrap-->\n<div class=\"geodir-map-wrap geodir-directory-map-wrap 100 425px overflow-hidden\">\n\t<div id=\"catcher_gd_map_canvas_directory\"><\/div>\n\t<!--START stick_trigger_container-->\n\t<div class=\"stick_trigger_container bsui\">\n\t\t<div class=\"trigger_sticky triggeroff_sticky mt-n5 btn btn-secondary me-n2 me-n2 c-pointer\" style=\"display: none;\">\n\t\t\t<i class=\"fas fa-map-marked-alt\"><\/i>\n\t\t\t<i class=\"fas fa-angle-right\"><\/i>\n\t\t<\/div>\n\t\t<!--end of stick trigger container-->\n\t\t<div class=\"geodir_map_container gd_map_canvas_directory bsui position-relative mw-100\"\n\t\t     id=\"sticky_map_gd_map_canvas_directory\"\n\t\t     style=\"width:100%;min-height:425px;\">\n\t\t\t<!--END map_background-->\n\t\t\t<div class=\"map_background\">\n\t\t\t\t<div class=\"top_banner_section_in clearfix\">\n\t\t\t\t\t<div class=\"gd_map_canvas_directory_TopLeft TopLeft position-absolute bg-white text-muted rounded-sm rounded-1 shadow-sm m-2 px-1 py-1 h5 c-pointer\" style=\"z-index: 3;\">\n\t\t\t\t\t\t<span class=\"triggermap\" id=\"gd_map_canvas_directory_triggermap\">\n\t\t\t\t\t\t\t<i class=\"fas fa-expand-arrows-alt fa-fw fa-width-fixed\" aria-hidden=\"true\"><\/i>\n\t\t\t\t\t\t\t<i class=\"fas fa-compress-arrows-alt fa-fw fa-width-fixed d-none\" aria-hidden=\"true\"><\/i>\n\t\t\t\t\t\t<\/span>\n\t\t\t\t\t<\/div>\n\t\t\t\t\t<div class=\"gd_map_canvas_directory_TopRight TopRight\"><\/div>\n\t\t\t\t\t<div id=\"gd_map_canvas_directory_wrapper\" class=\"main_map_wrapper\" style=\"height:425px;width:100%;\">\n\t\t\t\t\t\t<div class=\"iprelative position-relative\">\n\t\t\t\t\t\t\t<div id=\"gd_map_canvas_directory\" class=\"geodir-map-canvas\" data-map-type=\"directory\" data-map-canvas=\"gd_map_canvas_directory\" style=\"height:425px;width:100%;z-index: 0;\" ><\/div>\n\t\t\t\t\t\t\t<div id=\"gd_map_canvas_directory_loading_div\" class=\"loading_div overlay overlay-black position-absolute row m-0\" style=\"height:425px;width:100%;top:0;z-index: 2;\">\n\t\t\t\t\t\t\t\t<div class=\"spinner-border mx-auto align-self-center text-white\" role=\"status\">\n\t\t\t\t\t\t\t\t\t<span class=\"visually-hidden\">Loading&#8230;<\/span>\n\t\t\t\t\t\t\t\t<\/div>\n\t\t\t\t\t\t\t<\/div>\n\t\t\t\t\t\t\t<div id=\"gd_map_canvas_directory_map_nofound\"\n\t\t\t\t\t\t\t     class=\"advmap_nofound position-absolute row m-0 z-index-1\"\n\t\t\t\t\t\t\t     style=\"display:none;transform: translate(-50%, -50%);top:50%;left:50%;opacity: .85;pointer-events: none;\">\n\t\t\t\t\t\t\t\t<div class=\"alert alert-info text-center mx-auto align-self-center shadow-lg mb-0\">\n\t\t\t\t\t\t\t\t\t<div class='h3 alert-heading'>No Records Found<\/div><p> Sorry, no records were found. Please adjust your search criteria and try again.<\/p>\t\t\t\t\t\t\t\t<\/div>\n\t\t\t\t\t\t\t<\/div>\n\t\t\t\t\t\t\t<div id=\"gd_map_canvas_directory_map_notloaded\"\n\t\t\t\t\t\t\t     class=\"advmap_notloaded position-absolute row m-0 z-index-1\"\n\t\t\t\t\t\t\t     style=\"display:none;transform: translate(-50%, -50%);top:50%;left:50%;opacity: .85;pointer-events: none;\">\n\t\t\t\t\t\t\t\t<div class=\"alert alert-danger text-center mx-auto align-self-center shadow-lg mb-0\">\n\t\t\t\t\t\t\t\t\t<div class='h3 alert-heading'>Maps failed to load<\/div><p> Sorry, unable to load the Maps API.<\/p>\t\t\t\t\t\t\t\t<\/div>\n\t\t\t\t\t\t\t<\/div>\n\t\t\t\t\t\t<\/div>\n\t\t\t\t\t<\/div>\n\t\t\t\t\t<div class=\"gd_map_canvas_directory_BottomLeft BottomLeft\"><\/div>\n\t\t\t\t<\/div>\n\t\t\t<\/div><!--END map_background-->\n\t\t\t\t\t<\/div>\n\t\t<style>.geodir_map_container .poi-info-window .full-width{width:180px;position:relative;margin-left:inherit;left:inherit;}.geodir-map-canvas .gm-style img{max-width:none;box-shadow:none!important}.geodir-map-canvas .leaflet-tile-container img{box-shadow:none!important}<\/style>\n<script type=\"text\/javascript\">\nwindow.gdBaseLat = 0;\nwindow.gdBaseLng = 0;\nwindow.gdBaseZoom = 0;\njQuery(function ($) {\n\t\t\t\t\tvar gdMapCanvas = 'gd_map_canvas_directory';\n\t\t\tbuild_map_ajax_search_param(gdMapCanvas, false);\t\t\t\t\t\t\t\t\t\t\t\tvar screenH, heightVH, ptypeH = 0;\n\t\t\tscreenH = $(window).height();\n\t\t\theightVH = parseFloat('425');\n\t\t\tif ($(\"#\" + gdMapCanvas + \"_posttype_menu\").length) {\n\t\t\t\tptypeH = $(\"#\" + gdMapCanvas + \"_posttype_menu\").outerHeight();\n\t\t\t}\n\t\t\t$(\"#\" + gdMapCanvas + \"_cat\").css(\"max-height\", heightVH - ptypeH + 'px');\n\t\t\t});\n<\/script>\n\t\t\t<\/div><!--END stick_trigger_container-->\n<\/div><!--END geodir-map-wrap-->\n<style>body.stickymap_hide .stickymap{display:none!important}body.stickymap_hide .stick_trigger_container .fa-angle-right{transform:rotate(180deg)}body.body_fullscreen>.stick_trigger_container{width:100vw;height:100vh;position:fixed;z-index:50000}body.gd-google-maps .geodir-map-wrap .geodir-map-cat-filter-wrap{margin-bottom:14px!important}body.gd-osm-gmaps .geodir-map-wrap .geodir-map-cat-filter-wrap{margin-bottom:16.5px!important}<\/style>\n<\/div><\/div>\n\n\n\n<hr class=\"wp-block-separator has-alpha-channel-opacity\"\/>\n\n\n\n<div class=\"wp-block-geodirectory-geodir-widget-search\"><div class=\"geodir-search-container bsui sdel-6b5e8662\" ><div class=\"geodir-search-form-wrapper mb-3\">\n\t<form class=\"w-100 d-block geodir-listing-search gd-search-bar-style geodir-search-show-all\" data-show=\"\" name=\"geodir-listing-search\" action=\"https:\/\/caminodesantiagofrances.com\/en\/buscar\/\" method=\"get\" style=\"box-sizing:content-box;\">\n\t\t<input type=\"hidden\" name=\"geodir_search\" value=\"1\" \/>\n\t\t\n\t\t<div class=\"geodir-search row gap-2 gy-2 px-3 align-items-center\" style=\"row-gap:0!important;\">\n\t\t\t\t<input type=\"hidden\" name=\"stype\" value=\"gd_place\" data-slug=\"lo\" \/><div class='gd-search-field-search col-auto flex-fill\n px-0' style=\"flex-grow:9999 !important;\" data-rule-key=\"s\" data-rule-type=\"text\">\n\t<div class=\"\" ><label class=\"visually-hidden form-label\">Search for<\/label><div class=\"input-group-inside position-relative w-100\" ><div class=\"input-group-text  bg-transparent border-0\"><span class=\"geodir-search-input-label hover-swap text-muted\" onclick=\"jQuery('.search_text').val('').trigger('change').trigger('keyup');\" aria-hidden=\"true\"><i class=\"fas fa-search hover-content-original\"><\/i><i class=\"fas fa-times geodir-search-input-label-clear hover-content c-pointer\" title=\"Clear field\"><\/i><\/span><\/div><input type=\"text\"  name=\"s\"  placeholder=\"Search for\"  class=\"form-control search_text gd_search_text w-100\"  onkeydown=\"if(event.keyCode == 13) geodir_click_search(this);\"  onClick=\"this.select();\"  autocomplete=\"off\"  size=\"16\"  aria-label=\"Search for\" ><\/div><\/div><\/div>\n<div class='gd-search-field-near col-auto flex-fill\n px-0' style=\"flex-grow:9999 !important;\" data-rule-key=\"near\" data-rule-type=\"text\">\n\t<div class=\"\" ><label class=\"visually-hidden visually-hidden form-label\">Near<\/label><div class=\"input-group-inside position-relative w-100\" ><div class=\"input-group-text  bg-transparent border-0\"><span class=\"geodir-search-input-label hover-swap text-muted\" onclick=\"jQuery('.snear').val('').trigger('change').trigger('keyup');jQuery('.sgeo_lat,.sgeo_lon').val('');\" aria-hidden=\"true\"><i class=\"fas fa-map-marker-alt hover-content-original\"><\/i><i class=\"fas fa-times geodir-search-input-label-clear hover-content c-pointer\" title=\"Clear field\"><\/i><\/span><\/div><input type=\"text\"  name=\"snear\"  placeholder=\"Near\"  class=\"form-control snear w-100\"  onkeydown=\"javascript: if(event.keyCode == 13) geodir_click_search(this);\"  onClick=\"this.select();\"  autocomplete=\"off\"  size=\"16\"  aria-label=\"Near\"  data-bs-toggle=\"dropdown\"  data-bs-flip=\"false\" ><\/div><\/div><\/div>\n<div class='gd-search-field-search col-auto flex-grow-1 px-0'>\n\t<div class=''>\n\t\t<button type=\"button\"  class=\"geodir_submit_search btn w-100 btn-primary\"  data-title=\"fas fa-search\"  aria-label=\"Search\"  ><i class=\"fas fas fa-search\" aria-hidden=\"true\"><\/i><span class=\"visually-hidden\">Search<\/span><\/button>\n\t<\/div>\n<\/div>\n\t\t<\/div>\n\t\t\t\t<input name=\"sgeo_lat\" class=\"sgeo_lat\" type=\"hidden\" value=\"\"\/>\n\t\t<input name=\"sgeo_lon\" class=\"sgeo_lon\" type=\"hidden\" value=\"\"\/>\n\t\t<input class=\"geodir-location-search-type\" name=\"\" type=\"hidden\" value=\"\"><div class=\"geodir-keep-args\" style=\"display:none!important\">{&#8220;hide_search_input&#8221;:false,&#8221;hide_near_input&#8221;:false,&#8221;input_size&#8221;:&#8221;&#8221;,&#8221;bar_flex_wrap&#8221;:&#8221;&#8221;,&#8221;bar_flex_wrap_md&#8221;:&#8221;&#8221;,&#8221;bar_flex_wrap_lg&#8221;:&#8221;&#8221;,&#8221;input_border&#8221;:&#8221;&#8221;,&#8221;input_border_opacity&#8221;:&#8221;&#8221;,&#8221;input_rounded_size&#8221;:&#8221;&#8221;,&#8221;btn_bg&#8221;:&#8221;&#8221;,&#8221;btn_rounded_size&#8221;:&#8221;&#8221;,&#8221;btn_rounded_size_md&#8221;:&#8221;&#8221;,&#8221;btn_rounded_size_lg&#8221;:&#8221;&#8221;,&#8221;bg&#8221;:&#8221;&#8221;,&#8221;mt&#8221;:&#8221;&#8221;,&#8221;mr&#8221;:&#8221;&#8221;,&#8221;mb&#8221;:&#8221;3&#8243;,&#8221;ml&#8221;:&#8221;&#8221;,&#8221;pt&#8221;:&#8221;&#8221;,&#8221;pr&#8221;:&#8221;&#8221;,&#8221;pb&#8221;:&#8221;&#8221;,&#8221;pl&#8221;:&#8221;&#8221;,&#8221;border&#8221;:&#8221;&#8221;,&#8221;rounded&#8221;:&#8221;&#8221;,&#8221;rounded_size&#8221;:&#8221;&#8221;,&#8221;rounded_size_md&#8221;:&#8221;&#8221;,&#8221;rounded_size_lg&#8221;:&#8221;&#8221;,&#8221;shadow&#8221;:&#8221;&#8221;,&#8221;css_class&#8221;:&#8221;&#8221;}<\/div>\t<\/form>\n<\/div>\n<\/div><\/div>\n\n\n\n<hr class=\"wp-block-separator has-alpha-channel-opacity\"\/>\n\n\n\n<div class=\"wp-block-cp-timeline-content-timeline Cool-Content-Timeline\"><div class=\"cool-timeline-block-1ba4d0eb-28ba-42f0-b550-9cb39488b362\"><style>.cool-timeline-block-1ba4d0eb-28ba-42f0-b550-9cb39488b362 .cool-vertical-timeline-body{--ctlb-content-alignment: left;--ctlb-icon-color: #ffcc00;--ctlb-date-color: #003888;--ctlb-line-color: #003888;--ctlb-icon-bg: #003888;--ctlb-story-border-color: #ffcc00;}<\/style><div class=\"cool-vertical-timeline-body ctlb-wrapper both-sided left\"><div class=\"cool-timeline-block-list\">\n<div class=\"wp-block-cp-timeline-content-timeline-child swiper-slide\"><div class=\"timeline-content icon-true \"><div class=\"timeline-block-timeline ctl-row  position-right\"><div class=\"ctl-6 timeline-block-time\"><div class=\"story-time\"><p><a href=\"https:\/\/caminodesantiagofrances.com\/en\/etapas\/saint-jean-pied-de-port-roncesvalles\/\" data-type=\"link\" data-id=\"https:\/\/caminodesantiagofrances.com\/en\/etapas\/saint-jean-pied-de-port-roncesvalles\/\" rel=\"noreferrer noopener\"><\/a><strong><a href=\"https:\/\/caminodesantiagofrances.com\/en\/provincia-de-palencia\/\" data-type=\"page\" data-id=\"5597\" rel=\"noreferrer noopener\">Provincia de Palencia<\/a><\/strong><\/p><\/div><\/div><div class=\"timeline-block-icon\"><span class=\"timeline-block-render-icon\" style=\"fill:white\"><div class=\"iconpicker-item\" style=\"font-size:24px;color:white;padding:2px\"><svg stroke=\"currentColor\" fill=\"currentColor\" stroke-width=\"0\" viewBox=\"0 0 448 512\" height=\"1em\" width=\"1em\" xmlns=\"http:\/\/www.w3.org\/2000\/svg\"><path d=\"M413.1 222.5l22.2 22.2c9.4 9.4 9.4 24.6 0 33.9L241 473c-9.4 9.4-24.6 9.4-33.9 0L12.7 278.6c-9.4-9.4-9.4-24.6 0-33.9l22.2-22.2c9.5-9.5 25-9.3 34.3.4L184 343.4V56c0-13.3 10.7-24 24-24h32c13.3 0 24 10.7 24 24v287.4l114.8-120.5c9.3-9.8 24.8-10 34.3-.4z\"><\/path><\/svg><\/div><\/span><\/div><div class=\"ctl-6 timeline-block-detail\"><div class=\"story-details\"><div class=\"story-content\">\n<figure class=\"wp-block-image aligncenter size-full ctlb-block-image is-style-buddyx-border\"><a href=\"https:\/\/caminodesantiagofrances.com\/en\/provincia-de-leon\/sahagun\/\" target=\"_blank\" rel=\" noreferrer noopener\"><img loading=\"lazy\" decoding=\"async\" width=\"1200\" height=\"630\" src=\"https:\/\/caminodesantiagofrances.com\/en\/wp-content\/uploads\/sites\/3\/2024\/08\/Sahagun-Camino-de-Santiago-Frances.jpg\" alt=\"\" class=\"wp-image-13051\" srcset=\"https:\/\/caminodesantiagofrances.com\/en\/wp-content\/uploads\/sites\/3\/2024\/08\/Sahagun-Camino-de-Santiago-Frances.jpg 1200w, https:\/\/caminodesantiagofrances.com\/en\/wp-content\/uploads\/sites\/3\/2024\/08\/Sahagun-Camino-de-Santiago-Frances-300x158.jpg 300w, https:\/\/caminodesantiagofrances.com\/en\/wp-content\/uploads\/sites\/3\/2024\/08\/Sahagun-Camino-de-Santiago-Frances-1024x538.jpg 1024w, https:\/\/caminodesantiagofrances.com\/en\/wp-content\/uploads\/sites\/3\/2024\/08\/Sahagun-Camino-de-Santiago-Frances-768x403.jpg 768w\" sizes=\"auto, (max-width: 1200px) 100vw, 1200px\" \/><\/a><\/figure>\n\n\n\n<h3 class=\"wp-block-heading has-text-align-center ctlb-block-title\" style=\"padding-top:0px;padding-right:0px;padding-bottom:0px;padding-left:0px\"><strong><a href=\"https:\/\/caminodesantiagofrances.com\/en\/provincia-de-leon\/sahagun\/\" target=\"_blank\" data-type=\"page\" data-id=\"11537\" rel=\"noreferrer noopener\">Sahag\u00fan<\/a><\/strong><\/h3>\n\n\n\n<p class=\"ctlb-block-desc wp-block-paragraph\" style=\"padding-top:0px;padding-right:0px;padding-bottom:0px;padding-left:0px\"><\/p>\n<\/div><\/div><\/div><\/div><\/div><\/div>\n\n\n\n<div class=\"wp-block-cp-timeline-content-timeline-child swiper-slide\"><div class=\"timeline-content icon-true \"><div class=\"timeline-block-timeline ctl-row  position-left\"><div class=\"ctl-6 timeline-block-time\"><div class=\"story-time\"><p><strong>5 km<\/strong><\/p><\/div><\/div><div class=\"timeline-block-icon\"><span class=\"timeline-block-render-icon\" style=\"fill:white\"><div class=\"iconpicker-item\" style=\"font-size:24px;color:white;padding:2px\"><svg stroke=\"currentColor\" fill=\"currentColor\" stroke-width=\"0\" viewBox=\"0 0 448 512\" height=\"1em\" width=\"1em\" xmlns=\"http:\/\/www.w3.org\/2000\/svg\"><path d=\"M413.1 222.5l22.2 22.2c9.4 9.4 9.4 24.6 0 33.9L241 473c-9.4 9.4-24.6 9.4-33.9 0L12.7 278.6c-9.4-9.4-9.4-24.6 0-33.9l22.2-22.2c9.5-9.5 25-9.3 34.3.4L184 343.4V56c0-13.3 10.7-24 24-24h32c13.3 0 24 10.7 24 24v287.4l114.8-120.5c9.3-9.8 24.8-10 34.3-.4z\"><\/path><\/svg><\/div><\/span><\/div><div class=\"ctl-6 timeline-block-detail\"><div class=\"story-details\"><div class=\"story-content\">\n<figure class=\"wp-block-image aligncenter size-full ctlb-block-image is-style-buddyx-border\"><a href=\"https:\/\/caminodesantiagofrances.com\/en\/provincia-de-leon\/calzada-del-coto\/\" target=\"_blank\" rel=\" noreferrer noopener\"><img loading=\"lazy\" decoding=\"async\" width=\"600\" height=\"315\" src=\"https:\/\/caminodesantiagofrances.com\/en\/wp-content\/uploads\/sites\/3\/2024\/02\/Calzada-del-Coto-Camino-de-Santiago-Frances.jpg\" alt=\"\" class=\"wp-image-11560\" srcset=\"https:\/\/caminodesantiagofrances.com\/en\/wp-content\/uploads\/sites\/3\/2024\/02\/Calzada-del-Coto-Camino-de-Santiago-Frances.jpg 600w, https:\/\/caminodesantiagofrances.com\/en\/wp-content\/uploads\/sites\/3\/2024\/02\/Calzada-del-Coto-Camino-de-Santiago-Frances-300x158.jpg 300w\" sizes=\"auto, (max-width: 600px) 100vw, 600px\" \/><\/a><\/figure>\n\n\n\n<h3 class=\"wp-block-heading has-text-align-center ctlb-block-title\" style=\"padding-top:0px;padding-right:0px;padding-bottom:0px;padding-left:0px\"><strong><a href=\"https:\/\/caminodesantiagofrances.com\/en\/provincia-de-leon\/calzada-del-coto\/\" target=\"_blank\" data-type=\"page\" data-id=\"11555\" rel=\"noreferrer noopener\">Calzada del Coto<\/a><\/strong><\/h3>\n\n\n\n<p class=\"ctlb-block-desc wp-block-paragraph\" style=\"padding-top:0px;padding-right:0px;padding-bottom:0px;padding-left:0px\"><\/p>\n<\/div><\/div><\/div><\/div><\/div><\/div>\n\n\n\n<div class=\"wp-block-cp-timeline-content-timeline-child swiper-slide\"><div class=\"timeline-content icon-true \"><div class=\"timeline-block-timeline ctl-row  position-right\"><div class=\"ctl-6 timeline-block-time\"><div class=\"story-time\"><p><strong><strong>6 km<\/strong><\/strong><\/p><\/div><\/div><div class=\"timeline-block-icon\"><span class=\"timeline-block-render-icon\" style=\"fill:white\"><div class=\"iconpicker-item\" style=\"font-size:24px;color:white;padding:2px\"><svg stroke=\"currentColor\" fill=\"currentColor\" stroke-width=\"0\" viewBox=\"0 0 448 512\" height=\"1em\" width=\"1em\" xmlns=\"http:\/\/www.w3.org\/2000\/svg\"><path d=\"M413.1 222.5l22.2 22.2c9.4 9.4 9.4 24.6 0 33.9L241 473c-9.4 9.4-24.6 9.4-33.9 0L12.7 278.6c-9.4-9.4-9.4-24.6 0-33.9l22.2-22.2c9.5-9.5 25-9.3 34.3.4L184 343.4V56c0-13.3 10.7-24 24-24h32c13.3 0 24 10.7 24 24v287.4l114.8-120.5c9.3-9.8 24.8-10 34.3-.4z\"><\/path><\/svg><\/div><\/span><\/div><div class=\"ctl-6 timeline-block-detail\"><div class=\"story-details\"><div class=\"story-content\">\n<figure class=\"wp-block-image size-full ctlb-block-image is-style-buddyx-border\"><a href=\"https:\/\/caminodesantiagofrances.com\/en\/provincia-de-leon\/bercianos-del-real-camino\/\" target=\"_blank\" rel=\" noreferrer noopener\"><img loading=\"lazy\" decoding=\"async\" width=\"600\" height=\"315\" src=\"https:\/\/caminodesantiagofrances.com\/en\/wp-content\/uploads\/sites\/3\/2024\/02\/Bercianos-del-Real-Camino-Camino-de-Santiago-Frances.jpg\" alt=\"\" class=\"wp-image-11563\" srcset=\"https:\/\/caminodesantiagofrances.com\/en\/wp-content\/uploads\/sites\/3\/2024\/02\/Bercianos-del-Real-Camino-Camino-de-Santiago-Frances.jpg 600w, https:\/\/caminodesantiagofrances.com\/en\/wp-content\/uploads\/sites\/3\/2024\/02\/Bercianos-del-Real-Camino-Camino-de-Santiago-Frances-300x158.jpg 300w\" sizes=\"auto, (max-width: 600px) 100vw, 600px\" \/><\/a><\/figure>\n\n\n\n<h3 class=\"wp-block-heading has-text-align-center ctlb-block-title\" style=\"padding-top:0px;padding-right:0px;padding-bottom:0px;padding-left:0px\"><strong><a href=\"https:\/\/caminodesantiagofrances.com\/en\/provincia-de-leon\/bercianos-del-real-camino\/\" target=\"_blank\" data-type=\"page\" data-id=\"11565\" rel=\"noreferrer noopener\">Bercianos del Real Camino<\/a><\/strong><\/h3>\n\n\n\n<p class=\"ctlb-block-desc wp-block-paragraph\" style=\"padding-top:0px;padding-right:0px;padding-bottom:0px;padding-left:0px\"><\/p>\n<\/div><\/div><\/div><\/div><\/div><\/div>\n\n\n\n<div class=\"wp-block-cp-timeline-content-timeline-child swiper-slide\"><div class=\"timeline-content icon-true \"><div class=\"timeline-block-timeline ctl-row  position-left\"><div class=\"ctl-6 timeline-block-time\"><div class=\"story-time\"><p><strong>7 km<\/strong><\/p><\/div><\/div><div class=\"timeline-block-icon\"><span class=\"timeline-block-render-icon\" style=\"fill:white\"><div class=\"iconpicker-item\" style=\"font-size:24px;color:white;padding:2px\"><svg stroke=\"currentColor\" fill=\"currentColor\" stroke-width=\"0\" viewBox=\"0 0 448 512\" height=\"1em\" width=\"1em\" xmlns=\"http:\/\/www.w3.org\/2000\/svg\"><path d=\"M413.1 222.5l22.2 22.2c9.4 9.4 9.4 24.6 0 33.9L241 473c-9.4 9.4-24.6 9.4-33.9 0L12.7 278.6c-9.4-9.4-9.4-24.6 0-33.9l22.2-22.2c9.5-9.5 25-9.3 34.3.4L184 343.4V56c0-13.3 10.7-24 24-24h32c13.3 0 24 10.7 24 24v287.4l114.8-120.5c9.3-9.8 24.8-10 34.3-.4z\"><\/path><\/svg><\/div><\/span><\/div><div class=\"ctl-6 timeline-block-detail\"><div class=\"story-details\"><div class=\"story-content\">\n<figure class=\"wp-block-image size-full ctlb-block-image is-style-buddyx-border\"><a href=\"https:\/\/caminodesantiagofrances.com\/en\/provincia-de-leon\/el-burgo-ranero\/\" target=\"_blank\" rel=\" noreferrer noopener\"><img loading=\"lazy\" decoding=\"async\" width=\"600\" height=\"315\" src=\"https:\/\/caminodesantiagofrances.com\/en\/wp-content\/uploads\/sites\/3\/2024\/02\/El-Burgo-Ranero-Camino-de-Santiago-Frances.jpg\" alt=\"\" class=\"wp-image-11573\" srcset=\"https:\/\/caminodesantiagofrances.com\/en\/wp-content\/uploads\/sites\/3\/2024\/02\/El-Burgo-Ranero-Camino-de-Santiago-Frances.jpg 600w, https:\/\/caminodesantiagofrances.com\/en\/wp-content\/uploads\/sites\/3\/2024\/02\/El-Burgo-Ranero-Camino-de-Santiago-Frances-300x158.jpg 300w\" sizes=\"auto, (max-width: 600px) 100vw, 600px\" \/><\/a><\/figure>\n\n\n\n<h3 class=\"wp-block-heading has-text-align-center ctlb-block-title\" style=\"padding-top:0px;padding-right:0px;padding-bottom:0px;padding-left:0px\"><strong><a href=\"https:\/\/caminodesantiagofrances.com\/en\/provincia-de-leon\/el-burgo-ranero\/\" target=\"_blank\" data-type=\"page\" data-id=\"11570\" rel=\"noreferrer noopener\">El Burgo Ranero<\/a><\/strong><\/h3>\n\n\n\n<p class=\"ctlb-block-desc wp-block-paragraph\" style=\"padding-top:0px;padding-right:0px;padding-bottom:0px;padding-left:0px\"><\/p>\n<\/div><\/div><\/div><\/div><\/div><\/div>\n\n\n\n<div class=\"wp-block-cp-timeline-content-timeline-child swiper-slide\"><div class=\"timeline-content icon-true \"><div class=\"timeline-block-timeline ctl-row  position-right\"><div class=\"ctl-6 timeline-block-time\"><div class=\"story-time\"><p><strong>13 km<\/strong><\/p><\/div><\/div><div class=\"timeline-block-icon\"><span class=\"timeline-block-render-icon\" style=\"fill:white\"><div class=\"iconpicker-item\" style=\"font-size:24px;color:white;padding:2px\"><svg stroke=\"currentColor\" fill=\"currentColor\" stroke-width=\"0\" viewBox=\"0 0 448 512\" height=\"1em\" width=\"1em\" xmlns=\"http:\/\/www.w3.org\/2000\/svg\"><path d=\"M413.1 222.5l22.2 22.2c9.4 9.4 9.4 24.6 0 33.9L241 473c-9.4 9.4-24.6 9.4-33.9 0L12.7 278.6c-9.4-9.4-9.4-24.6 0-33.9l22.2-22.2c9.5-9.5 25-9.3 34.3.4L184 343.4V56c0-13.3 10.7-24 24-24h32c13.3 0 24 10.7 24 24v287.4l114.8-120.5c9.3-9.8 24.8-10 34.3-.4z\"><\/path><\/svg><\/div><\/span><\/div><div class=\"ctl-6 timeline-block-detail\"><div class=\"story-details\"><div class=\"story-content\">\n<figure class=\"wp-block-image size-full ctlb-block-image is-style-buddyx-border\"><a href=\"https:\/\/caminodesantiagofrances.com\/en\/provincia-de-leon\/reliegos\/\" target=\"_blank\" rel=\" noreferrer noopener\"><img loading=\"lazy\" decoding=\"async\" width=\"600\" height=\"315\" src=\"https:\/\/caminodesantiagofrances.com\/en\/wp-content\/uploads\/sites\/3\/2024\/02\/Reliegos-Camino-de-Santiago-Frances.jpg\" alt=\"\" class=\"wp-image-11580\" srcset=\"https:\/\/caminodesantiagofrances.com\/en\/wp-content\/uploads\/sites\/3\/2024\/02\/Reliegos-Camino-de-Santiago-Frances.jpg 600w, https:\/\/caminodesantiagofrances.com\/en\/wp-content\/uploads\/sites\/3\/2024\/02\/Reliegos-Camino-de-Santiago-Frances-300x158.jpg 300w\" sizes=\"auto, (max-width: 600px) 100vw, 600px\" \/><\/a><\/figure>\n\n\n\n<h3 class=\"wp-block-heading has-text-align-center ctlb-block-title\" style=\"padding-top:0px;padding-right:0px;padding-bottom:0px;padding-left:0px\"><strong><a href=\"https:\/\/caminodesantiagofrances.com\/en\/provincia-de-leon\/reliegos\/\" target=\"_blank\" data-type=\"page\" data-id=\"11577\" rel=\"noreferrer noopener\">Reliegos<\/a><\/strong><\/h3>\n\n\n\n<p class=\"ctlb-block-desc wp-block-paragraph\" style=\"padding-top:0px;padding-right:0px;padding-bottom:0px;padding-left:0px\"><\/p>\n<\/div><\/div><\/div><\/div><\/div><\/div>\n\n\n\n<div class=\"wp-block-cp-timeline-content-timeline-child swiper-slide\"><div class=\"timeline-content icon-true \"><div class=\"timeline-block-timeline ctl-row  position-left\"><div class=\"ctl-6 timeline-block-time\"><div class=\"story-time\"><p><strong>6 km<\/strong><\/p><\/div><\/div><div class=\"timeline-block-icon\"><span class=\"timeline-block-render-icon\" style=\"fill:white\"><div class=\"iconpicker-item\" style=\"font-size:24px;color:white;padding:2px\"><svg stroke=\"currentColor\" fill=\"currentColor\" stroke-width=\"0\" viewBox=\"0 0 448 512\" height=\"1em\" width=\"1em\" xmlns=\"http:\/\/www.w3.org\/2000\/svg\"><path d=\"M413.1 222.5l22.2 22.2c9.4 9.4 9.4 24.6 0 33.9L241 473c-9.4 9.4-24.6 9.4-33.9 0L12.7 278.6c-9.4-9.4-9.4-24.6 0-33.9l22.2-22.2c9.5-9.5 25-9.3 34.3.4L184 343.4V56c0-13.3 10.7-24 24-24h32c13.3 0 24 10.7 24 24v287.4l114.8-120.5c9.3-9.8 24.8-10 34.3-.4z\"><\/path><\/svg><\/div><\/span><\/div><div class=\"ctl-6 timeline-block-detail\"><div class=\"story-details\"><div class=\"story-content\">\n<figure class=\"wp-block-image size-full ctlb-block-image is-style-buddyx-border\"><a href=\"https:\/\/caminodesantiagofrances.com\/en\/provincia-de-leon\/mansilla-de-las-mulas\/\" target=\"_blank\" rel=\" noreferrer noopener\"><img loading=\"lazy\" decoding=\"async\" width=\"600\" height=\"315\" src=\"https:\/\/caminodesantiagofrances.com\/en\/wp-content\/uploads\/sites\/3\/2024\/02\/Mansilla-de-las-Mulas-Camino-de-Santiago-Frances.jpg\" alt=\"\" class=\"wp-image-11586\" srcset=\"https:\/\/caminodesantiagofrances.com\/en\/wp-content\/uploads\/sites\/3\/2024\/02\/Mansilla-de-las-Mulas-Camino-de-Santiago-Frances.jpg 600w, https:\/\/caminodesantiagofrances.com\/en\/wp-content\/uploads\/sites\/3\/2024\/02\/Mansilla-de-las-Mulas-Camino-de-Santiago-Frances-300x158.jpg 300w\" sizes=\"auto, (max-width: 600px) 100vw, 600px\" \/><\/a><\/figure>\n\n\n\n<h3 class=\"wp-block-heading has-text-align-center ctlb-block-title\" style=\"padding-top:0px;padding-right:0px;padding-bottom:0px;padding-left:0px\"><strong><a href=\"https:\/\/caminodesantiagofrances.com\/en\/provincia-de-leon\/mansilla-de-las-mulas\/\" data-type=\"page\" data-id=\"11583\">Mansilla de las Mulas<\/a><\/strong><\/h3>\n\n\n\n<p class=\"ctlb-block-desc wp-block-paragraph\" style=\"padding-top:0px;padding-right:0px;padding-bottom:0px;padding-left:0px\"><\/p>\n<\/div><\/div><\/div><\/div><\/div><\/div>\n\n\n\n<div class=\"wp-block-cp-timeline-content-timeline-child swiper-slide\"><div class=\"timeline-content icon-true \"><div class=\"timeline-block-timeline ctl-row  position-right\"><div class=\"ctl-6 timeline-block-time\"><div class=\"story-time\"><p><strong>4 km<\/strong><\/p><\/div><\/div><div class=\"timeline-block-icon\"><span class=\"timeline-block-render-icon\" style=\"fill:white\"><div class=\"iconpicker-item\" style=\"font-size:24px;color:white;padding:2px\"><svg stroke=\"currentColor\" fill=\"currentColor\" stroke-width=\"0\" viewBox=\"0 0 448 512\" height=\"1em\" width=\"1em\" xmlns=\"http:\/\/www.w3.org\/2000\/svg\"><path d=\"M413.1 222.5l22.2 22.2c9.4 9.4 9.4 24.6 0 33.9L241 473c-9.4 9.4-24.6 9.4-33.9 0L12.7 278.6c-9.4-9.4-9.4-24.6 0-33.9l22.2-22.2c9.5-9.5 25-9.3 34.3.4L184 343.4V56c0-13.3 10.7-24 24-24h32c13.3 0 24 10.7 24 24v287.4l114.8-120.5c9.3-9.8 24.8-10 34.3-.4z\"><\/path><\/svg><\/div><\/span><\/div><div class=\"ctl-6 timeline-block-detail\"><div class=\"story-details\"><div class=\"story-content\">\n<figure class=\"wp-block-image size-full ctlb-block-image is-style-buddyx-border\"><a href=\"https:\/\/caminodesantiagofrances.com\/en\/provincia-de-leon\/villamoros-de-mansilla\/\" target=\"_blank\" rel=\" noreferrer noopener\"><img loading=\"lazy\" decoding=\"async\" width=\"1200\" height=\"630\" src=\"https:\/\/caminodesantiagofrances.com\/en\/wp-content\/uploads\/sites\/3\/2024\/02\/Villamoros-de-Mansilla-Camino-de-Santiago-Frances.jpg\" alt=\"\" class=\"wp-image-12382\" srcset=\"https:\/\/caminodesantiagofrances.com\/en\/wp-content\/uploads\/sites\/3\/2024\/02\/Villamoros-de-Mansilla-Camino-de-Santiago-Frances.jpg 1200w, https:\/\/caminodesantiagofrances.com\/en\/wp-content\/uploads\/sites\/3\/2024\/02\/Villamoros-de-Mansilla-Camino-de-Santiago-Frances-300x158.jpg 300w, https:\/\/caminodesantiagofrances.com\/en\/wp-content\/uploads\/sites\/3\/2024\/02\/Villamoros-de-Mansilla-Camino-de-Santiago-Frances-1024x538.jpg 1024w, https:\/\/caminodesantiagofrances.com\/en\/wp-content\/uploads\/sites\/3\/2024\/02\/Villamoros-de-Mansilla-Camino-de-Santiago-Frances-768x403.jpg 768w\" sizes=\"auto, (max-width: 1200px) 100vw, 1200px\" \/><\/a><\/figure>\n\n\n\n<h3 class=\"wp-block-heading has-text-align-center ctlb-block-title\" style=\"padding-top:0px;padding-right:0px;padding-bottom:0px;padding-left:0px\"><strong><a href=\"https:\/\/caminodesantiagofrances.com\/en\/provincia-de-leon\/villamoros-de-mansilla\/\" target=\"_blank\" data-type=\"page\" data-id=\"11589\" rel=\"noreferrer noopener\">Villamoros de Mansilla<\/a><\/strong><\/h3>\n\n\n\n<p class=\"ctlb-block-desc wp-block-paragraph\" style=\"padding-top:0px;padding-right:0px;padding-bottom:0px;padding-left:0px\"><\/p>\n<\/div><\/div><\/div><\/div><\/div><\/div>\n\n\n\n<div class=\"wp-block-cp-timeline-content-timeline-child swiper-slide\"><div class=\"timeline-content icon-true \"><div class=\"timeline-block-timeline ctl-row  position-left\"><div class=\"ctl-6 timeline-block-time\"><div class=\"story-time\"><p><strong>2 km<\/strong><\/p><\/div><\/div><div class=\"timeline-block-icon\"><span class=\"timeline-block-render-icon\" style=\"fill:white\"><div class=\"iconpicker-item\" style=\"font-size:24px;color:white;padding:2px\"><svg stroke=\"currentColor\" fill=\"currentColor\" stroke-width=\"0\" viewBox=\"0 0 448 512\" height=\"1em\" width=\"1em\" xmlns=\"http:\/\/www.w3.org\/2000\/svg\"><path d=\"M413.1 222.5l22.2 22.2c9.4 9.4 9.4 24.6 0 33.9L241 473c-9.4 9.4-24.6 9.4-33.9 0L12.7 278.6c-9.4-9.4-9.4-24.6 0-33.9l22.2-22.2c9.5-9.5 25-9.3 34.3.4L184 343.4V56c0-13.3 10.7-24 24-24h32c13.3 0 24 10.7 24 24v287.4l114.8-120.5c9.3-9.8 24.8-10 34.3-.4z\"><\/path><\/svg><\/div><\/span><\/div><div class=\"ctl-6 timeline-block-detail\"><div class=\"story-details\"><div class=\"story-content\">\n<figure class=\"wp-block-image size-full ctlb-block-image is-style-buddyx-border\"><a href=\"https:\/\/caminodesantiagofrances.com\/en\/provincia-de-leon\/puente-villarente\/\" target=\"_blank\" rel=\" noreferrer noopener\"><img loading=\"lazy\" decoding=\"async\" width=\"600\" height=\"315\" src=\"https:\/\/caminodesantiagofrances.com\/en\/wp-content\/uploads\/sites\/3\/2024\/02\/Puente-Villarente-Camino-de-Santiago-Frances.jpg\" alt=\"\" class=\"wp-image-11598\" srcset=\"https:\/\/caminodesantiagofrances.com\/en\/wp-content\/uploads\/sites\/3\/2024\/02\/Puente-Villarente-Camino-de-Santiago-Frances.jpg 600w, https:\/\/caminodesantiagofrances.com\/en\/wp-content\/uploads\/sites\/3\/2024\/02\/Puente-Villarente-Camino-de-Santiago-Frances-300x158.jpg 300w\" sizes=\"auto, (max-width: 600px) 100vw, 600px\" \/><\/a><\/figure>\n\n\n\n<h3 class=\"wp-block-heading has-text-align-center ctlb-block-title\" style=\"padding-top:0px;padding-right:0px;padding-bottom:0px;padding-left:0px\"><strong><a href=\"https:\/\/caminodesantiagofrances.com\/en\/provincia-de-leon\/puente-villarente\/\" target=\"_blank\" data-type=\"page\" data-id=\"11593\" rel=\"noreferrer noopener\">Puente Villarente<\/a><\/strong><\/h3>\n\n\n\n<p class=\"ctlb-block-desc wp-block-paragraph\" style=\"padding-top:0px;padding-right:0px;padding-bottom:0px;padding-left:0px\"><\/p>\n<\/div><\/div><\/div><\/div><\/div><\/div>\n\n\n\n<div class=\"wp-block-cp-timeline-content-timeline-child swiper-slide\"><div class=\"timeline-content icon-true \"><div class=\"timeline-block-timeline ctl-row  position-right\"><div class=\"ctl-6 timeline-block-time\"><div class=\"story-time\"><p><strong>5 km<\/strong><\/p><\/div><\/div><div class=\"timeline-block-icon\"><span class=\"timeline-block-render-icon\" style=\"fill:white\"><div class=\"iconpicker-item\" style=\"font-size:24px;color:white;padding:2px\"><svg stroke=\"currentColor\" fill=\"currentColor\" stroke-width=\"0\" viewBox=\"0 0 448 512\" height=\"1em\" width=\"1em\" xmlns=\"http:\/\/www.w3.org\/2000\/svg\"><path d=\"M413.1 222.5l22.2 22.2c9.4 9.4 9.4 24.6 0 33.9L241 473c-9.4 9.4-24.6 9.4-33.9 0L12.7 278.6c-9.4-9.4-9.4-24.6 0-33.9l22.2-22.2c9.5-9.5 25-9.3 34.3.4L184 343.4V56c0-13.3 10.7-24 24-24h32c13.3 0 24 10.7 24 24v287.4l114.8-120.5c9.3-9.8 24.8-10 34.3-.4z\"><\/path><\/svg><\/div><\/span><\/div><div class=\"ctl-6 timeline-block-detail\"><div class=\"story-details\"><div class=\"story-content\">\n<figure class=\"wp-block-image size-full ctlb-block-image is-style-buddyx-border\"><a href=\"https:\/\/caminodesantiagofrances.com\/en\/provincia-de-leon\/arcahueja\/\" target=\"_blank\" rel=\" noreferrer noopener\"><img loading=\"lazy\" decoding=\"async\" width=\"600\" height=\"315\" src=\"https:\/\/caminodesantiagofrances.com\/en\/wp-content\/uploads\/sites\/3\/2024\/02\/Arcahueja-Camino-de-Santiago-Frances.jpg\" alt=\"\" class=\"wp-image-11601\" srcset=\"https:\/\/caminodesantiagofrances.com\/en\/wp-content\/uploads\/sites\/3\/2024\/02\/Arcahueja-Camino-de-Santiago-Frances.jpg 600w, https:\/\/caminodesantiagofrances.com\/en\/wp-content\/uploads\/sites\/3\/2024\/02\/Arcahueja-Camino-de-Santiago-Frances-300x158.jpg 300w\" sizes=\"auto, (max-width: 600px) 100vw, 600px\" \/><\/a><\/figure>\n\n\n\n<h3 class=\"wp-block-heading has-text-align-center ctlb-block-title\" style=\"padding-top:0px;padding-right:0px;padding-bottom:0px;padding-left:0px\"><strong><a href=\"https:\/\/caminodesantiagofrances.com\/en\/provincia-de-leon\/arcahueja\/\" target=\"_blank\" data-type=\"page\" data-id=\"11602\" rel=\"noreferrer noopener\">Arcahueja<\/a><\/strong><\/h3>\n\n\n\n<p class=\"ctlb-block-desc wp-block-paragraph\" style=\"padding-top:0px;padding-right:0px;padding-bottom:0px;padding-left:0px\"><\/p>\n<\/div><\/div><\/div><\/div><\/div><\/div>\n\n\n\n<div class=\"wp-block-cp-timeline-content-timeline-child swiper-slide\"><div class=\"timeline-content icon-true \"><div class=\"timeline-block-timeline ctl-row  position-left\"><div class=\"ctl-6 timeline-block-time\"><div class=\"story-time\"><p><strong>2 km<\/strong><\/p><\/div><\/div><div class=\"timeline-block-icon\"><span class=\"timeline-block-render-icon\" style=\"fill:white\"><div class=\"iconpicker-item\" style=\"font-size:24px;color:white;padding:2px\"><svg stroke=\"currentColor\" fill=\"currentColor\" stroke-width=\"0\" viewBox=\"0 0 448 512\" height=\"1em\" width=\"1em\" xmlns=\"http:\/\/www.w3.org\/2000\/svg\"><path d=\"M413.1 222.5l22.2 22.2c9.4 9.4 9.4 24.6 0 33.9L241 473c-9.4 9.4-24.6 9.4-33.9 0L12.7 278.6c-9.4-9.4-9.4-24.6 0-33.9l22.2-22.2c9.5-9.5 25-9.3 34.3.4L184 343.4V56c0-13.3 10.7-24 24-24h32c13.3 0 24 10.7 24 24v287.4l114.8-120.5c9.3-9.8 24.8-10 34.3-.4z\"><\/path><\/svg><\/div><\/span><\/div><div class=\"ctl-6 timeline-block-detail\"><div class=\"story-details\"><div class=\"story-content\">\n<figure class=\"wp-block-image size-full ctlb-block-image is-style-buddyx-border\"><a href=\"https:\/\/caminodesantiagofrances.com\/en\/provincia-de-leon\/valdelafuente\/\" target=\"_blank\" rel=\" noreferrer noopener\"><img loading=\"lazy\" decoding=\"async\" width=\"600\" height=\"315\" src=\"https:\/\/caminodesantiagofrances.com\/en\/wp-content\/uploads\/sites\/3\/2024\/02\/Valdelafuente-Camino-de-Santiago-Frances.jpg\" alt=\"\" class=\"wp-image-12385\" srcset=\"https:\/\/caminodesantiagofrances.com\/en\/wp-content\/uploads\/sites\/3\/2024\/02\/Valdelafuente-Camino-de-Santiago-Frances.jpg 600w, https:\/\/caminodesantiagofrances.com\/en\/wp-content\/uploads\/sites\/3\/2024\/02\/Valdelafuente-Camino-de-Santiago-Frances-300x158.jpg 300w\" sizes=\"auto, (max-width: 600px) 100vw, 600px\" \/><\/a><\/figure>\n\n\n\n<h3 class=\"wp-block-heading has-text-align-center ctlb-block-title\" style=\"padding-top:0px;padding-right:0px;padding-bottom:0px;padding-left:0px\"><strong><a href=\"https:\/\/caminodesantiagofrances.com\/en\/provincia-de-leon\/valdelafuente\/\" target=\"_blank\" data-type=\"page\" data-id=\"11609\" rel=\"noreferrer noopener\">Valdelafuente<\/a><\/strong><\/h3>\n\n\n\n<p class=\"ctlb-block-desc wp-block-paragraph\" style=\"padding-top:0px;padding-right:0px;padding-bottom:0px;padding-left:0px\"><\/p>\n<\/div><\/div><\/div><\/div><\/div><\/div>\n\n\n\n<div class=\"wp-block-cp-timeline-content-timeline-child swiper-slide\"><div class=\"timeline-content icon-true \"><div class=\"timeline-block-timeline ctl-row  position-right\"><div class=\"ctl-6 timeline-block-time\"><div class=\"story-time\"><p><strong>7 km<\/strong><\/p><\/div><\/div><div class=\"timeline-block-icon\"><span class=\"timeline-block-render-icon\" style=\"fill:white\"><div class=\"iconpicker-item\" style=\"font-size:24px;color:white;padding:2px\"><svg stroke=\"currentColor\" fill=\"currentColor\" stroke-width=\"0\" viewBox=\"0 0 448 512\" height=\"1em\" width=\"1em\" xmlns=\"http:\/\/www.w3.org\/2000\/svg\"><path d=\"M413.1 222.5l22.2 22.2c9.4 9.4 9.4 24.6 0 33.9L241 473c-9.4 9.4-24.6 9.4-33.9 0L12.7 278.6c-9.4-9.4-9.4-24.6 0-33.9l22.2-22.2c9.5-9.5 25-9.3 34.3.4L184 343.4V56c0-13.3 10.7-24 24-24h32c13.3 0 24 10.7 24 24v287.4l114.8-120.5c9.3-9.8 24.8-10 34.3-.4z\"><\/path><\/svg><\/div><\/span><\/div><div class=\"ctl-6 timeline-block-detail\"><div class=\"story-details\"><div class=\"story-content\">\n<figure class=\"wp-block-image size-full ctlb-block-image is-style-buddyx-border\"><a href=\"https:\/\/caminodesantiagofrances.com\/en\/provincia-de-leon\/leon\/\" target=\"_blank\" rel=\" noreferrer noopener\"><img loading=\"lazy\" decoding=\"async\" width=\"1200\" height=\"630\" src=\"https:\/\/caminodesantiagofrances.com\/en\/wp-content\/uploads\/sites\/3\/2024\/02\/Leon-Camino-de-Santiago-Frances.jpg\" alt=\"\" class=\"wp-image-12372\" srcset=\"https:\/\/caminodesantiagofrances.com\/en\/wp-content\/uploads\/sites\/3\/2024\/02\/Leon-Camino-de-Santiago-Frances.jpg 1200w, https:\/\/caminodesantiagofrances.com\/en\/wp-content\/uploads\/sites\/3\/2024\/02\/Leon-Camino-de-Santiago-Frances-300x158.jpg 300w, https:\/\/caminodesantiagofrances.com\/en\/wp-content\/uploads\/sites\/3\/2024\/02\/Leon-Camino-de-Santiago-Frances-1024x538.jpg 1024w, https:\/\/caminodesantiagofrances.com\/en\/wp-content\/uploads\/sites\/3\/2024\/02\/Leon-Camino-de-Santiago-Frances-768x403.jpg 768w\" sizes=\"auto, (max-width: 1200px) 100vw, 1200px\" \/><\/a><\/figure>\n\n\n\n<h3 class=\"wp-block-heading has-text-align-center ctlb-block-title\" style=\"padding-top:0px;padding-right:0px;padding-bottom:0px;padding-left:0px\"><a href=\"https:\/\/caminodesantiagofrances.com\/en\/navarra\/zuriain\/\" data-type=\"link\" data-id=\"https:\/\/caminodesantiagofrances.com\/en\/navarra\/zuriain\/\" target=\"_blank\" rel=\"noreferrer noopener\"><\/a><strong><a href=\"https:\/\/caminodesantiagofrances.com\/en\/provincia-de-leon\/leon\/\" target=\"_blank\" data-type=\"page\" data-id=\"11614\" rel=\"noreferrer noopener\">Le\u00f3n<\/a><\/strong><\/h3>\n\n\n\n<p class=\"ctlb-block-desc wp-block-paragraph\" style=\"padding-top:0px;padding-right:0px;padding-bottom:0px;padding-left:0px\"><\/p>\n<\/div><\/div><\/div><\/div><\/div><\/div>\n\n\n\n<div class=\"wp-block-cp-timeline-content-timeline-child swiper-slide\"><div class=\"timeline-content icon-true \"><div class=\"timeline-block-timeline ctl-row  position-left\"><div class=\"ctl-6 timeline-block-time\"><div class=\"story-time\"><p><strong>4 km<\/strong><\/p><\/div><\/div><div class=\"timeline-block-icon\"><span class=\"timeline-block-render-icon\" style=\"fill:white\"><div class=\"iconpicker-item\" style=\"font-size:24px;color:white;padding:2px\"><svg stroke=\"currentColor\" fill=\"currentColor\" stroke-width=\"0\" viewBox=\"0 0 448 512\" height=\"1em\" width=\"1em\" xmlns=\"http:\/\/www.w3.org\/2000\/svg\"><path d=\"M413.1 222.5l22.2 22.2c9.4 9.4 9.4 24.6 0 33.9L241 473c-9.4 9.4-24.6 9.4-33.9 0L12.7 278.6c-9.4-9.4-9.4-24.6 0-33.9l22.2-22.2c9.5-9.5 25-9.3 34.3.4L184 343.4V56c0-13.3 10.7-24 24-24h32c13.3 0 24 10.7 24 24v287.4l114.8-120.5c9.3-9.8 24.8-10 34.3-.4z\"><\/path><\/svg><\/div><\/span><\/div><div class=\"ctl-6 timeline-block-detail\"><div class=\"story-details\"><div class=\"story-content\">\n<figure class=\"wp-block-image size-full ctlb-block-image is-style-buddyx-border\"><a href=\"https:\/\/caminodesantiagofrances.com\/en\/provincia-de-leon\/trobajo-del-camino\/\" target=\"_blank\" rel=\" noreferrer noopener\"><img loading=\"lazy\" decoding=\"async\" width=\"600\" height=\"315\" src=\"https:\/\/caminodesantiagofrances.com\/en\/wp-content\/uploads\/sites\/3\/2024\/02\/Trobajo-del-Camino-Camino-de-Santiago-Frances-1.jpg\" alt=\"\" class=\"wp-image-11622\" srcset=\"https:\/\/caminodesantiagofrances.com\/en\/wp-content\/uploads\/sites\/3\/2024\/02\/Trobajo-del-Camino-Camino-de-Santiago-Frances-1.jpg 600w, https:\/\/caminodesantiagofrances.com\/en\/wp-content\/uploads\/sites\/3\/2024\/02\/Trobajo-del-Camino-Camino-de-Santiago-Frances-1-300x158.jpg 300w\" sizes=\"auto, (max-width: 600px) 100vw, 600px\" \/><\/a><\/figure>\n\n\n\n<h3 class=\"wp-block-heading has-text-align-center ctlb-block-title\" style=\"padding-top:0px;padding-right:0px;padding-bottom:0px;padding-left:0px\"><a href=\"https:\/\/caminodesantiagofrances.com\/en\/navarra\/zuriain\/\" data-type=\"link\" data-id=\"https:\/\/caminodesantiagofrances.com\/en\/navarra\/zuriain\/\" target=\"_blank\" rel=\"noreferrer noopener\"><\/a><a href=\"https:\/\/caminodesantiagofrances.com\/en\/navarra\/zabaldica\/\" data-type=\"link\" data-id=\"https:\/\/caminodesantiagofrances.com\/en\/navarra\/zabaldica\/\"><\/a><strong><a href=\"https:\/\/caminodesantiagofrances.com\/en\/provincia-de-leon\/trobajo-del-camino\/\" target=\"_blank\" data-type=\"page\" data-id=\"11619\" rel=\"noreferrer noopener\">Trobajo del Camino<\/a><\/strong><\/h3>\n\n\n\n<p class=\"ctlb-block-desc wp-block-paragraph\" style=\"padding-top:0px;padding-right:0px;padding-bottom:0px;padding-left:0px\"><\/p>\n<\/div><\/div><\/div><\/div><\/div><\/div>\n\n\n\n<div class=\"wp-block-cp-timeline-content-timeline-child swiper-slide\"><div class=\"timeline-content icon-true \"><div class=\"timeline-block-timeline ctl-row  position-right\"><div class=\"ctl-6 timeline-block-time\"><div class=\"story-time\"><p><strong>3 km<\/strong><\/p><\/div><\/div><div class=\"timeline-block-icon\"><span class=\"timeline-block-render-icon\" style=\"fill:white\"><div class=\"iconpicker-item\" style=\"font-size:24px;color:white;padding:2px\"><svg stroke=\"currentColor\" fill=\"currentColor\" stroke-width=\"0\" viewBox=\"0 0 448 512\" height=\"1em\" width=\"1em\" xmlns=\"http:\/\/www.w3.org\/2000\/svg\"><path d=\"M413.1 222.5l22.2 22.2c9.4 9.4 9.4 24.6 0 33.9L241 473c-9.4 9.4-24.6 9.4-33.9 0L12.7 278.6c-9.4-9.4-9.4-24.6 0-33.9l22.2-22.2c9.5-9.5 25-9.3 34.3.4L184 343.4V56c0-13.3 10.7-24 24-24h32c13.3 0 24 10.7 24 24v287.4l114.8-120.5c9.3-9.8 24.8-10 34.3-.4z\"><\/path><\/svg><\/div><\/span><\/div><div class=\"ctl-6 timeline-block-detail\"><div class=\"story-details\"><div class=\"story-content\">\n<figure class=\"wp-block-image size-full ctlb-block-image is-style-buddyx-border\"><a href=\"https:\/\/caminodesantiagofrances.com\/en\/provincia-de-leon\/la-virgen-del-camino\/\" target=\"_blank\" rel=\" noreferrer noopener\"><img loading=\"lazy\" decoding=\"async\" width=\"600\" height=\"315\" src=\"https:\/\/caminodesantiagofrances.com\/en\/wp-content\/uploads\/sites\/3\/2024\/02\/La-Virgen-del-Camino-Camino-de-Santiago-Frances.jpg\" alt=\"\" class=\"wp-image-11628\" srcset=\"https:\/\/caminodesantiagofrances.com\/en\/wp-content\/uploads\/sites\/3\/2024\/02\/La-Virgen-del-Camino-Camino-de-Santiago-Frances.jpg 600w, https:\/\/caminodesantiagofrances.com\/en\/wp-content\/uploads\/sites\/3\/2024\/02\/La-Virgen-del-Camino-Camino-de-Santiago-Frances-300x158.jpg 300w\" sizes=\"auto, (max-width: 600px) 100vw, 600px\" \/><\/a><\/figure>\n\n\n\n<h3 class=\"wp-block-heading has-text-align-center ctlb-block-title\" style=\"padding-top:0px;padding-right:0px;padding-bottom:0px;padding-left:0px\"><a href=\"https:\/\/caminodesantiagofrances.com\/en\/navarra\/zuriain\/\" data-type=\"link\" data-id=\"https:\/\/caminodesantiagofrances.com\/en\/navarra\/zuriain\/\" target=\"_blank\" rel=\"noreferrer noopener\"><\/a><a href=\"https:\/\/caminodesantiagofrances.com\/en\/navarra\/zabaldica\/\" data-type=\"link\" data-id=\"https:\/\/caminodesantiagofrances.com\/en\/navarra\/zabaldica\/\"><\/a><a href=\"https:\/\/caminodesantiagofrances.com\/en\/navarra\/trinidad-de-arre\/\" data-type=\"link\" data-id=\"https:\/\/caminodesantiagofrances.com\/en\/navarra\/trinidad-de-arre\/\" target=\"_blank\" rel=\"noreferrer noopener\"><\/a><strong><a href=\"https:\/\/caminodesantiagofrances.com\/en\/provincia-de-leon\/la-virgen-del-camino\/\" target=\"_blank\" data-type=\"page\" data-id=\"11624\" rel=\"noreferrer noopener\">La Virgen del Camino<\/a><\/strong><\/h3>\n\n\n\n<p class=\"ctlb-block-desc wp-block-paragraph\" style=\"padding-top:0px;padding-right:0px;padding-bottom:0px;padding-left:0px\"><\/p>\n<\/div><\/div><\/div><\/div><\/div><\/div>\n\n\n\n<div class=\"wp-block-cp-timeline-content-timeline-child swiper-slide\"><div class=\"timeline-content icon-true \"><div class=\"timeline-block-timeline ctl-row  position-left\"><div class=\"ctl-6 timeline-block-time\"><div class=\"story-time\"><p><strong><strong>4 km<\/strong><\/strong><\/p><\/div><\/div><div class=\"timeline-block-icon\"><span class=\"timeline-block-render-icon\" style=\"fill:white\"><div class=\"iconpicker-item\" style=\"font-size:24px;color:white;padding:2px\"><svg stroke=\"currentColor\" fill=\"currentColor\" stroke-width=\"0\" viewBox=\"0 0 448 512\" height=\"1em\" width=\"1em\" xmlns=\"http:\/\/www.w3.org\/2000\/svg\"><path d=\"M413.1 222.5l22.2 22.2c9.4 9.4 9.4 24.6 0 33.9L241 473c-9.4 9.4-24.6 9.4-33.9 0L12.7 278.6c-9.4-9.4-9.4-24.6 0-33.9l22.2-22.2c9.5-9.5 25-9.3 34.3.4L184 343.4V56c0-13.3 10.7-24 24-24h32c13.3 0 24 10.7 24 24v287.4l114.8-120.5c9.3-9.8 24.8-10 34.3-.4z\"><\/path><\/svg><\/div><\/span><\/div><div class=\"ctl-6 timeline-block-detail\"><div class=\"story-details\"><div class=\"story-content\">\n<figure class=\"wp-block-image size-full ctlb-block-image is-style-buddyx-border\"><a href=\"https:\/\/caminodesantiagofrances.com\/en\/provincia-de-leon\/valverde-de-la-virgen\/\" target=\"_blank\" rel=\" noreferrer noopener\"><img loading=\"lazy\" decoding=\"async\" width=\"600\" height=\"315\" src=\"https:\/\/caminodesantiagofrances.com\/en\/wp-content\/uploads\/sites\/3\/2024\/02\/Valverde-de-la-Virgen-Camino-de-Santiago-Frances.jpg\" alt=\"\" class=\"wp-image-11636\" srcset=\"https:\/\/caminodesantiagofrances.com\/en\/wp-content\/uploads\/sites\/3\/2024\/02\/Valverde-de-la-Virgen-Camino-de-Santiago-Frances.jpg 600w, https:\/\/caminodesantiagofrances.com\/en\/wp-content\/uploads\/sites\/3\/2024\/02\/Valverde-de-la-Virgen-Camino-de-Santiago-Frances-300x158.jpg 300w\" sizes=\"auto, (max-width: 600px) 100vw, 600px\" \/><\/a><\/figure>\n\n\n\n<h3 class=\"wp-block-heading has-text-align-center ctlb-block-title\" style=\"padding-top:0px;padding-right:0px;padding-bottom:0px;padding-left:0px\"><strong><a href=\"https:\/\/caminodesantiagofrances.com\/en\/provincia-de-leon\/valverde-de-la-virgen\/\" target=\"_blank\" data-type=\"page\" data-id=\"11631\" rel=\"noreferrer noopener\">Valverde de la Virgen<\/a><\/strong><\/h3>\n\n\n\n<p class=\"ctlb-block-desc wp-block-paragraph\" style=\"padding-top:0px;padding-right:0px;padding-bottom:0px;padding-left:0px\"><\/p>\n<\/div><\/div><\/div><\/div><\/div><\/div>\n\n\n\n<div class=\"wp-block-cp-timeline-content-timeline-child swiper-slide\"><div class=\"timeline-content icon-true \"><div class=\"timeline-block-timeline ctl-row  position-right\"><div class=\"ctl-6 timeline-block-time\"><div class=\"story-time\"><p><strong><strong>3 km<\/strong><\/strong><\/p><\/div><\/div><div class=\"timeline-block-icon\"><span class=\"timeline-block-render-icon\" style=\"fill:white\"><div class=\"iconpicker-item\" style=\"font-size:24px;color:white;padding:2px\"><svg stroke=\"currentColor\" fill=\"currentColor\" stroke-width=\"0\" viewBox=\"0 0 448 512\" height=\"1em\" width=\"1em\" xmlns=\"http:\/\/www.w3.org\/2000\/svg\"><path d=\"M413.1 222.5l22.2 22.2c9.4 9.4 9.4 24.6 0 33.9L241 473c-9.4 9.4-24.6 9.4-33.9 0L12.7 278.6c-9.4-9.4-9.4-24.6 0-33.9l22.2-22.2c9.5-9.5 25-9.3 34.3.4L184 343.4V56c0-13.3 10.7-24 24-24h32c13.3 0 24 10.7 24 24v287.4l114.8-120.5c9.3-9.8 24.8-10 34.3-.4z\"><\/path><\/svg><\/div><\/span><\/div><div class=\"ctl-6 timeline-block-detail\"><div class=\"story-details\"><div class=\"story-content\">\n<figure class=\"wp-block-image size-full ctlb-block-image is-style-buddyx-border\"><a href=\"https:\/\/caminodesantiagofrances.com\/en\/provincia-de-leon\/san-miguel-del-camino\/\" target=\"_blank\" rel=\" noreferrer noopener\"><img loading=\"lazy\" decoding=\"async\" width=\"600\" height=\"315\" src=\"https:\/\/caminodesantiagofrances.com\/en\/wp-content\/uploads\/sites\/3\/2024\/02\/San-Miguel-del-Camino-Camino-de-Santiago-Frances.jpg\" alt=\"\" class=\"wp-image-11639\" srcset=\"https:\/\/caminodesantiagofrances.com\/en\/wp-content\/uploads\/sites\/3\/2024\/02\/San-Miguel-del-Camino-Camino-de-Santiago-Frances.jpg 600w, https:\/\/caminodesantiagofrances.com\/en\/wp-content\/uploads\/sites\/3\/2024\/02\/San-Miguel-del-Camino-Camino-de-Santiago-Frances-300x158.jpg 300w\" sizes=\"auto, (max-width: 600px) 100vw, 600px\" \/><\/a><\/figure>\n\n\n\n<h3 class=\"wp-block-heading has-text-align-center ctlb-block-title\" style=\"padding-top:0px;padding-right:0px;padding-bottom:0px;padding-left:0px\"><a href=\"https:\/\/caminodesantiagofrances.com\/en\/navarra\/burlada\/\" data-type=\"link\" data-id=\"https:\/\/caminodesantiagofrances.com\/en\/navarra\/burlada\/\"><\/a><strong><a href=\"https:\/\/caminodesantiagofrances.com\/en\/provincia-de-leon\/san-miguel-del-camino\/\" target=\"_blank\" data-type=\"page\" data-id=\"11643\" rel=\"noreferrer noopener\">San Miguel del Camino<\/a><\/strong><\/h3>\n\n\n\n<p class=\"ctlb-block-desc wp-block-paragraph\" style=\"padding-top:0px;padding-right:0px;padding-bottom:0px;padding-left:0px\"><\/p>\n<\/div><\/div><\/div><\/div><\/div><\/div>\n\n\n\n<div class=\"wp-block-cp-timeline-content-timeline-child swiper-slide\"><div class=\"timeline-content icon-true \"><div class=\"timeline-block-timeline ctl-row  position-left\"><div class=\"ctl-6 timeline-block-time\"><div class=\"story-time\"><p><strong><strong>8 km<\/strong><\/strong><\/p><\/div><\/div><div class=\"timeline-block-icon\"><span class=\"timeline-block-render-icon\" style=\"fill:white\"><div class=\"iconpicker-item\" style=\"font-size:24px;color:white;padding:2px\"><svg stroke=\"currentColor\" fill=\"currentColor\" stroke-width=\"0\" viewBox=\"0 0 448 512\" height=\"1em\" width=\"1em\" xmlns=\"http:\/\/www.w3.org\/2000\/svg\"><path d=\"M413.1 222.5l22.2 22.2c9.4 9.4 9.4 24.6 0 33.9L241 473c-9.4 9.4-24.6 9.4-33.9 0L12.7 278.6c-9.4-9.4-9.4-24.6 0-33.9l22.2-22.2c9.5-9.5 25-9.3 34.3.4L184 343.4V56c0-13.3 10.7-24 24-24h32c13.3 0 24 10.7 24 24v287.4l114.8-120.5c9.3-9.8 24.8-10 34.3-.4z\"><\/path><\/svg><\/div><\/span><\/div><div class=\"ctl-6 timeline-block-detail\"><div class=\"story-details\"><div class=\"story-content\">\n<figure class=\"wp-block-image size-full ctlb-block-image is-style-buddyx-border\"><a href=\"https:\/\/caminodesantiagofrances.com\/en\/provincia-de-leon\/villadangos-del-paramo\/\" target=\"_blank\" rel=\" noreferrer noopener\"><img loading=\"lazy\" decoding=\"async\" width=\"600\" height=\"315\" src=\"https:\/\/caminodesantiagofrances.com\/en\/wp-content\/uploads\/sites\/3\/2024\/02\/Villadangos-del-Paramo-Camino-de-Santiago-Frances.jpg\" alt=\"\" class=\"wp-image-11655\" srcset=\"https:\/\/caminodesantiagofrances.com\/en\/wp-content\/uploads\/sites\/3\/2024\/02\/Villadangos-del-Paramo-Camino-de-Santiago-Frances.jpg 600w, https:\/\/caminodesantiagofrances.com\/en\/wp-content\/uploads\/sites\/3\/2024\/02\/Villadangos-del-Paramo-Camino-de-Santiago-Frances-300x158.jpg 300w\" sizes=\"auto, (max-width: 600px) 100vw, 600px\" \/><\/a><\/figure>\n\n\n\n<h3 class=\"wp-block-heading has-text-align-center ctlb-block-title\" style=\"padding-top:0px;padding-right:0px;padding-bottom:0px;padding-left:0px\"><a href=\"https:\/\/caminodesantiagofrances.com\/en\/navarra\/burlada\/\" data-type=\"link\" data-id=\"https:\/\/caminodesantiagofrances.com\/en\/navarra\/burlada\/\"><\/a><a href=\"https:\/\/caminodesantiagofrances.com\/en\/navarra\/pamplona\/\" data-type=\"link\" data-id=\"https:\/\/caminodesantiagofrances.com\/en\/navarra\/pamplona\/\"><\/a><strong><a href=\"https:\/\/caminodesantiagofrances.com\/en\/provincia-de-leon\/villadangos-del-paramo\/\" target=\"_blank\" data-type=\"page\" data-id=\"11648\" rel=\"noreferrer noopener\">Villadangos del P\u00e1ramo<\/a><\/strong><\/h3>\n\n\n\n<p class=\"ctlb-block-desc wp-block-paragraph\" style=\"padding-top:0px;padding-right:0px;padding-bottom:0px;padding-left:0px\"><\/p>\n<\/div><\/div><\/div><\/div><\/div><\/div>\n\n\n\n<div class=\"wp-block-cp-timeline-content-timeline-child swiper-slide\"><div class=\"timeline-content icon-true \"><div class=\"timeline-block-timeline ctl-row  position-right\"><div class=\"ctl-6 timeline-block-time\"><div class=\"story-time\"><p><strong><strong>4 km<\/strong><\/strong><\/p><\/div><\/div><div class=\"timeline-block-icon\"><span class=\"timeline-block-render-icon\" style=\"fill:white\"><div class=\"iconpicker-item\" style=\"font-size:24px;color:white;padding:2px\"><svg stroke=\"currentColor\" fill=\"currentColor\" stroke-width=\"0\" viewBox=\"0 0 448 512\" height=\"1em\" width=\"1em\" xmlns=\"http:\/\/www.w3.org\/2000\/svg\"><path d=\"M413.1 222.5l22.2 22.2c9.4 9.4 9.4 24.6 0 33.9L241 473c-9.4 9.4-24.6 9.4-33.9 0L12.7 278.6c-9.4-9.4-9.4-24.6 0-33.9l22.2-22.2c9.5-9.5 25-9.3 34.3.4L184 343.4V56c0-13.3 10.7-24 24-24h32c13.3 0 24 10.7 24 24v287.4l114.8-120.5c9.3-9.8 24.8-10 34.3-.4z\"><\/path><\/svg><\/div><\/span><\/div><div class=\"ctl-6 timeline-block-detail\"><div class=\"story-details\"><div class=\"story-content\">\n<figure class=\"wp-block-image size-full ctlb-block-image is-style-buddyx-border\"><a href=\"https:\/\/caminodesantiagofrances.com\/en\/provincia-de-leon\/san-martin-del-camino\/\" target=\"_blank\" rel=\" noreferrer noopener\"><img loading=\"lazy\" decoding=\"async\" width=\"600\" height=\"315\" src=\"https:\/\/caminodesantiagofrances.com\/en\/wp-content\/uploads\/sites\/3\/2024\/02\/San-Martin-del-Camino-Camino-de-Santiago-Frances.jpg\" alt=\"\" class=\"wp-image-11662\" srcset=\"https:\/\/caminodesantiagofrances.com\/en\/wp-content\/uploads\/sites\/3\/2024\/02\/San-Martin-del-Camino-Camino-de-Santiago-Frances.jpg 600w, https:\/\/caminodesantiagofrances.com\/en\/wp-content\/uploads\/sites\/3\/2024\/02\/San-Martin-del-Camino-Camino-de-Santiago-Frances-300x158.jpg 300w\" sizes=\"auto, (max-width: 600px) 100vw, 600px\" \/><\/a><\/figure>\n\n\n\n<h3 class=\"wp-block-heading has-text-align-center ctlb-block-title\" style=\"padding-top:0px;padding-right:0px;padding-bottom:0px;padding-left:0px\"><a href=\"https:\/\/caminodesantiagofrances.com\/en\/navarra\/burlada\/\" data-type=\"link\" data-id=\"https:\/\/caminodesantiagofrances.com\/en\/navarra\/burlada\/\"><\/a><a href=\"https:\/\/caminodesantiagofrances.com\/en\/navarra\/pamplona\/\" data-type=\"link\" data-id=\"https:\/\/caminodesantiagofrances.com\/en\/navarra\/pamplona\/\"><\/a><a href=\"https:\/\/caminodesantiagofrances.com\/en\/navarra\/cizur-menor\/\" data-type=\"link\" data-id=\"https:\/\/caminodesantiagofrances.com\/en\/navarra\/cizur-menor\/\"><\/a><strong><a href=\"https:\/\/caminodesantiagofrances.com\/en\/provincia-de-leon\/san-martin-del-camino\/\" target=\"_blank\" data-type=\"page\" data-id=\"11658\" rel=\"noreferrer noopener\">San Mart\u00edn del Camino<\/a><\/strong><\/h3>\n\n\n\n<p class=\"ctlb-block-desc wp-block-paragraph\" style=\"padding-top:0px;padding-right:0px;padding-bottom:0px;padding-left:0px\"><\/p>\n<\/div><\/div><\/div><\/div><\/div><\/div>\n\n\n\n<div class=\"wp-block-cp-timeline-content-timeline-child swiper-slide\"><div class=\"timeline-content icon-true \"><div class=\"timeline-block-timeline ctl-row  position-left\"><div class=\"ctl-6 timeline-block-time\"><div class=\"story-time\"><p><strong><strong>6 km<\/strong><\/strong><\/p><\/div><\/div><div class=\"timeline-block-icon\"><span class=\"timeline-block-render-icon\" style=\"fill:white\"><div class=\"iconpicker-item\" style=\"font-size:24px;color:white;padding:2px\"><svg stroke=\"currentColor\" fill=\"currentColor\" stroke-width=\"0\" viewBox=\"0 0 448 512\" height=\"1em\" width=\"1em\" xmlns=\"http:\/\/www.w3.org\/2000\/svg\"><path d=\"M413.1 222.5l22.2 22.2c9.4 9.4 9.4 24.6 0 33.9L241 473c-9.4 9.4-24.6 9.4-33.9 0L12.7 278.6c-9.4-9.4-9.4-24.6 0-33.9l22.2-22.2c9.5-9.5 25-9.3 34.3.4L184 343.4V56c0-13.3 10.7-24 24-24h32c13.3 0 24 10.7 24 24v287.4l114.8-120.5c9.3-9.8 24.8-10 34.3-.4z\"><\/path><\/svg><\/div><\/span><\/div><div class=\"ctl-6 timeline-block-detail\"><div class=\"story-details\"><div class=\"story-content\">\n<figure class=\"wp-block-image size-full ctlb-block-image is-style-buddyx-border\"><a href=\"https:\/\/caminodesantiagofrances.com\/en\/provincia-de-leon\/hospital-de-orbigo\/\" target=\"_blank\" rel=\" noreferrer noopener\"><img loading=\"lazy\" decoding=\"async\" width=\"600\" height=\"315\" src=\"https:\/\/caminodesantiagofrances.com\/en\/wp-content\/uploads\/sites\/3\/2024\/02\/Hospital-de-Orbigo-Camino-de-Santiago-Frances.jpg\" alt=\"\" class=\"wp-image-11665\" srcset=\"https:\/\/caminodesantiagofrances.com\/en\/wp-content\/uploads\/sites\/3\/2024\/02\/Hospital-de-Orbigo-Camino-de-Santiago-Frances.jpg 600w, https:\/\/caminodesantiagofrances.com\/en\/wp-content\/uploads\/sites\/3\/2024\/02\/Hospital-de-Orbigo-Camino-de-Santiago-Frances-300x158.jpg 300w\" sizes=\"auto, (max-width: 600px) 100vw, 600px\" \/><\/a><\/figure>\n\n\n\n<h3 class=\"wp-block-heading has-text-align-center ctlb-block-title\" style=\"padding-top:0px;padding-right:0px;padding-bottom:0px;padding-left:0px\"><a href=\"https:\/\/caminodesantiagofrances.com\/en\/navarra\/burlada\/\" data-type=\"link\" data-id=\"https:\/\/caminodesantiagofrances.com\/en\/navarra\/burlada\/\"><\/a><a href=\"https:\/\/caminodesantiagofrances.com\/en\/navarra\/pamplona\/\" data-type=\"link\" data-id=\"https:\/\/caminodesantiagofrances.com\/en\/navarra\/pamplona\/\"><\/a><a href=\"https:\/\/caminodesantiagofrances.com\/en\/navarra\/cizur-menor\/\" data-type=\"link\" data-id=\"https:\/\/caminodesantiagofrances.com\/en\/navarra\/cizur-menor\/\"><\/a><a href=\"https:\/\/caminodesantiagofrances.com\/en\/navarra\/zariquiegui\/\" data-type=\"link\" data-id=\"https:\/\/caminodesantiagofrances.com\/en\/navarra\/zariquiegui\/\"><\/a><strong><a href=\"https:\/\/caminodesantiagofrances.com\/en\/provincia-de-leon\/hospital-de-orbigo\/\" target=\"_blank\" data-type=\"page\" data-id=\"11667\" rel=\"noreferrer noopener\">Hospital de \u00d3rbigo<\/a><\/strong><\/h3>\n\n\n\n<p class=\"ctlb-block-desc wp-block-paragraph\" style=\"padding-top:0px;padding-right:0px;padding-bottom:0px;padding-left:0px\"><\/p>\n<\/div><\/div><\/div><\/div><\/div><\/div>\n\n\n\n<div class=\"wp-block-cp-timeline-content-timeline-child swiper-slide\"><div class=\"timeline-content icon-true \"><div class=\"timeline-block-timeline ctl-row  position-right\"><div class=\"ctl-6 timeline-block-time\"><div class=\"story-time\"><p><strong><strong>3 km<\/strong><\/strong><\/p><\/div><\/div><div class=\"timeline-block-icon\"><span class=\"timeline-block-render-icon\" style=\"fill:white\"><div class=\"iconpicker-item\" style=\"font-size:24px;color:white;padding:2px\"><svg stroke=\"currentColor\" fill=\"currentColor\" stroke-width=\"0\" viewBox=\"0 0 448 512\" height=\"1em\" width=\"1em\" xmlns=\"http:\/\/www.w3.org\/2000\/svg\"><path d=\"M413.1 222.5l22.2 22.2c9.4 9.4 9.4 24.6 0 33.9L241 473c-9.4 9.4-24.6 9.4-33.9 0L12.7 278.6c-9.4-9.4-9.4-24.6 0-33.9l22.2-22.2c9.5-9.5 25-9.3 34.3.4L184 343.4V56c0-13.3 10.7-24 24-24h32c13.3 0 24 10.7 24 24v287.4l114.8-120.5c9.3-9.8 24.8-10 34.3-.4z\"><\/path><\/svg><\/div><\/span><\/div><div class=\"ctl-6 timeline-block-detail\"><div class=\"story-details\"><div class=\"story-content\">\n<figure class=\"wp-block-image size-full ctlb-block-image is-style-buddyx-border\"><a href=\"https:\/\/caminodesantiagofrances.com\/en\/provincia-de-leon\/villares-de-orbigo\/\" target=\"_blank\" rel=\" noreferrer noopener\"><img loading=\"lazy\" decoding=\"async\" width=\"600\" height=\"315\" src=\"https:\/\/caminodesantiagofrances.com\/en\/wp-content\/uploads\/sites\/3\/2024\/02\/Villares-de-Orbigo-Camino-de-Santiago-Frances.jpg\" alt=\"\" class=\"wp-image-11678\" srcset=\"https:\/\/caminodesantiagofrances.com\/en\/wp-content\/uploads\/sites\/3\/2024\/02\/Villares-de-Orbigo-Camino-de-Santiago-Frances.jpg 600w, https:\/\/caminodesantiagofrances.com\/en\/wp-content\/uploads\/sites\/3\/2024\/02\/Villares-de-Orbigo-Camino-de-Santiago-Frances-300x158.jpg 300w\" sizes=\"auto, (max-width: 600px) 100vw, 600px\" \/><\/a><\/figure>\n\n\n\n<h3 class=\"wp-block-heading has-text-align-center ctlb-block-title\" style=\"padding-top:0px;padding-right:0px;padding-bottom:0px;padding-left:0px\"><a href=\"https:\/\/caminodesantiagofrances.com\/en\/navarra\/burlada\/\" data-type=\"link\" data-id=\"https:\/\/caminodesantiagofrances.com\/en\/navarra\/burlada\/\"><\/a><a href=\"https:\/\/caminodesantiagofrances.com\/en\/navarra\/pamplona\/\" data-type=\"link\" data-id=\"https:\/\/caminodesantiagofrances.com\/en\/navarra\/pamplona\/\"><\/a><a href=\"https:\/\/caminodesantiagofrances.com\/en\/navarra\/cizur-menor\/\" data-type=\"link\" data-id=\"https:\/\/caminodesantiagofrances.com\/en\/navarra\/cizur-menor\/\"><\/a><a href=\"https:\/\/caminodesantiagofrances.com\/en\/navarra\/zariquiegui\/\" data-type=\"link\" data-id=\"https:\/\/caminodesantiagofrances.com\/en\/navarra\/zariquiegui\/\"><\/a><a href=\"https:\/\/caminodesantiagofrances.com\/en\/navarra\/uterga\/\" data-type=\"link\" data-id=\"https:\/\/caminodesantiagofrances.com\/en\/navarra\/uterga\/\"><\/a><strong><a href=\"https:\/\/caminodesantiagofrances.com\/en\/provincia-de-leon\/villares-de-orbigo\/\" target=\"_blank\" data-type=\"page\" data-id=\"11674\" rel=\"noreferrer noopener\">Villares de \u00d3rbigo<\/a><\/strong><\/h3>\n\n\n\n<p class=\"ctlb-block-desc wp-block-paragraph\" style=\"padding-top:0px;padding-right:0px;padding-bottom:0px;padding-left:0px\"><\/p>\n<\/div><\/div><\/div><\/div><\/div><\/div>\n\n\n\n<div class=\"wp-block-cp-timeline-content-timeline-child swiper-slide\"><div class=\"timeline-content icon-true \"><div class=\"timeline-block-timeline ctl-row  position-left\"><div class=\"ctl-6 timeline-block-time\"><div class=\"story-time\"><p><strong><strong>2 km<\/strong><\/strong><\/p><\/div><\/div><div class=\"timeline-block-icon\"><span class=\"timeline-block-render-icon\" style=\"fill:white\"><div class=\"iconpicker-item\" style=\"font-size:24px;color:white;padding:2px\"><svg stroke=\"currentColor\" fill=\"currentColor\" stroke-width=\"0\" viewBox=\"0 0 448 512\" height=\"1em\" width=\"1em\" xmlns=\"http:\/\/www.w3.org\/2000\/svg\"><path d=\"M413.1 222.5l22.2 22.2c9.4 9.4 9.4 24.6 0 33.9L241 473c-9.4 9.4-24.6 9.4-33.9 0L12.7 278.6c-9.4-9.4-9.4-24.6 0-33.9l22.2-22.2c9.5-9.5 25-9.3 34.3.4L184 343.4V56c0-13.3 10.7-24 24-24h32c13.3 0 24 10.7 24 24v287.4l114.8-120.5c9.3-9.8 24.8-10 34.3-.4z\"><\/path><\/svg><\/div><\/span><\/div><div class=\"ctl-6 timeline-block-detail\"><div class=\"story-details\"><div class=\"story-content\">\n<figure class=\"wp-block-image size-full ctlb-block-image is-style-buddyx-border\"><a href=\"https:\/\/caminodesantiagofrances.com\/en\/provincia-de-leon\/santibanez-de-valdeiglesias\/\" target=\"_blank\" rel=\" noreferrer noopener\"><img loading=\"lazy\" decoding=\"async\" width=\"600\" height=\"315\" src=\"https:\/\/caminodesantiagofrances.com\/en\/wp-content\/uploads\/sites\/3\/2024\/02\/Santibanez-de-Valdeiglesias-Camino-de-Santiago-Frances.jpg\" alt=\"\" class=\"wp-image-11685\" srcset=\"https:\/\/caminodesantiagofrances.com\/en\/wp-content\/uploads\/sites\/3\/2024\/02\/Santibanez-de-Valdeiglesias-Camino-de-Santiago-Frances.jpg 600w, https:\/\/caminodesantiagofrances.com\/en\/wp-content\/uploads\/sites\/3\/2024\/02\/Santibanez-de-Valdeiglesias-Camino-de-Santiago-Frances-300x158.jpg 300w\" sizes=\"auto, (max-width: 600px) 100vw, 600px\" \/><\/a><\/figure>\n\n\n\n<h3 class=\"wp-block-heading has-text-align-center ctlb-block-title\" style=\"padding-top:0px;padding-right:0px;padding-bottom:0px;padding-left:0px\"><strong><a href=\"https:\/\/caminodesantiagofrances.com\/en\/provincia-de-leon\/santibanez-de-valdeiglesias\/\" target=\"_blank\" data-type=\"page\" data-id=\"11680\" rel=\"noreferrer noopener\">Santib\u00e1\u00f1ez de Valdeiglesias<\/a><\/strong><\/h3>\n\n\n\n<p class=\"ctlb-block-desc wp-block-paragraph\" style=\"padding-top:0px;padding-right:0px;padding-bottom:0px;padding-left:0px\"><\/p>\n<\/div><\/div><\/div><\/div><\/div><\/div>\n\n\n\n<div class=\"wp-block-cp-timeline-content-timeline-child swiper-slide\"><div class=\"timeline-content icon-true \"><div class=\"timeline-block-timeline ctl-row  position-right\"><div class=\"ctl-6 timeline-block-time\"><div class=\"story-time\"><p><strong><strong>8 km<\/strong><\/strong><\/p><\/div><\/div><div class=\"timeline-block-icon\"><span class=\"timeline-block-render-icon\" style=\"fill:white\"><div class=\"iconpicker-item\" style=\"font-size:24px;color:white;padding:2px\"><svg stroke=\"currentColor\" fill=\"currentColor\" stroke-width=\"0\" viewBox=\"0 0 448 512\" height=\"1em\" width=\"1em\" xmlns=\"http:\/\/www.w3.org\/2000\/svg\"><path d=\"M413.1 222.5l22.2 22.2c9.4 9.4 9.4 24.6 0 33.9L241 473c-9.4 9.4-24.6 9.4-33.9 0L12.7 278.6c-9.4-9.4-9.4-24.6 0-33.9l22.2-22.2c9.5-9.5 25-9.3 34.3.4L184 343.4V56c0-13.3 10.7-24 24-24h32c13.3 0 24 10.7 24 24v287.4l114.8-120.5c9.3-9.8 24.8-10 34.3-.4z\"><\/path><\/svg><\/div><\/span><\/div><div class=\"ctl-6 timeline-block-detail\"><div class=\"story-details\"><div class=\"story-content\">\n<figure class=\"wp-block-image size-full ctlb-block-image is-style-buddyx-border\"><a href=\"https:\/\/caminodesantiagofrances.com\/en\/provincia-de-leon\/san-justo-de-la-vega\/\" target=\"_blank\" rel=\" noreferrer noopener\"><img loading=\"lazy\" decoding=\"async\" width=\"600\" height=\"315\" src=\"https:\/\/caminodesantiagofrances.com\/en\/wp-content\/uploads\/sites\/3\/2024\/02\/San-Justo-de-la-Vega-Camino-de-Santiago-Frances.jpg\" alt=\"\" class=\"wp-image-11691\" srcset=\"https:\/\/caminodesantiagofrances.com\/en\/wp-content\/uploads\/sites\/3\/2024\/02\/San-Justo-de-la-Vega-Camino-de-Santiago-Frances.jpg 600w, https:\/\/caminodesantiagofrances.com\/en\/wp-content\/uploads\/sites\/3\/2024\/02\/San-Justo-de-la-Vega-Camino-de-Santiago-Frances-300x158.jpg 300w\" sizes=\"auto, (max-width: 600px) 100vw, 600px\" \/><\/a><\/figure>\n\n\n\n<h3 class=\"wp-block-heading has-text-align-center ctlb-block-title\" style=\"padding-top:0px;padding-right:0px;padding-bottom:0px;padding-left:0px\"><a href=\"https:\/\/caminodesantiagofrances.com\/en\/navarra\/obanos\/\" data-type=\"link\" data-id=\"https:\/\/caminodesantiagofrances.com\/en\/navarra\/obanos\/\"><\/a><strong><a href=\"https:\/\/caminodesantiagofrances.com\/en\/provincia-de-leon\/san-justo-de-la-vega\/\" target=\"_blank\" data-type=\"page\" data-id=\"11687\" rel=\"noreferrer noopener\">San Justo de la Vega<\/a><\/strong><\/h3>\n\n\n\n<p class=\"ctlb-block-desc wp-block-paragraph\" style=\"padding-top:0px;padding-right:0px;padding-bottom:0px;padding-left:0px\"><\/p>\n<\/div><\/div><\/div><\/div><\/div><\/div>\n\n\n\n<div class=\"wp-block-cp-timeline-content-timeline-child swiper-slide\"><div class=\"timeline-content icon-true \"><div class=\"timeline-block-timeline ctl-row  position-left\"><div class=\"ctl-6 timeline-block-time\"><div class=\"story-time\"><p><strong><strong>4 km<\/strong><\/strong><\/p><\/div><\/div><div class=\"timeline-block-icon\"><span class=\"timeline-block-render-icon\" style=\"fill:white\"><div class=\"iconpicker-item\" style=\"font-size:24px;color:white;padding:2px\"><svg stroke=\"currentColor\" fill=\"currentColor\" stroke-width=\"0\" viewBox=\"0 0 448 512\" height=\"1em\" width=\"1em\" xmlns=\"http:\/\/www.w3.org\/2000\/svg\"><path d=\"M413.1 222.5l22.2 22.2c9.4 9.4 9.4 24.6 0 33.9L241 473c-9.4 9.4-24.6 9.4-33.9 0L12.7 278.6c-9.4-9.4-9.4-24.6 0-33.9l22.2-22.2c9.5-9.5 25-9.3 34.3.4L184 343.4V56c0-13.3 10.7-24 24-24h32c13.3 0 24 10.7 24 24v287.4l114.8-120.5c9.3-9.8 24.8-10 34.3-.4z\"><\/path><\/svg><\/div><\/span><\/div><div class=\"ctl-6 timeline-block-detail\"><div class=\"story-details\"><div class=\"story-content\">\n<figure class=\"wp-block-image size-full ctlb-block-image is-style-buddyx-border\"><a href=\"https:\/\/caminodesantiagofrances.com\/en\/provincia-de-leon\/astorga\/\" target=\"_blank\" rel=\" noreferrer noopener\"><img loading=\"lazy\" decoding=\"async\" width=\"600\" height=\"315\" src=\"https:\/\/caminodesantiagofrances.com\/en\/wp-content\/uploads\/sites\/3\/2024\/02\/Astorga-Camino-de-Santiago-Frances.jpg\" alt=\"\" class=\"wp-image-11699\" srcset=\"https:\/\/caminodesantiagofrances.com\/en\/wp-content\/uploads\/sites\/3\/2024\/02\/Astorga-Camino-de-Santiago-Frances.jpg 600w, https:\/\/caminodesantiagofrances.com\/en\/wp-content\/uploads\/sites\/3\/2024\/02\/Astorga-Camino-de-Santiago-Frances-300x158.jpg 300w\" sizes=\"auto, (max-width: 600px) 100vw, 600px\" \/><\/a><\/figure>\n\n\n\n<h3 class=\"wp-block-heading has-text-align-center ctlb-block-title\" style=\"padding-top:0px;padding-right:0px;padding-bottom:0px;padding-left:0px\"><a href=\"https:\/\/caminodesantiagofrances.com\/en\/navarra\/obanos\/\" data-type=\"link\" data-id=\"https:\/\/caminodesantiagofrances.com\/en\/navarra\/obanos\/\"><\/a><a href=\"https:\/\/caminodesantiagofrances.com\/en\/navarra\/puente-la-reina\/\" data-type=\"link\" data-id=\"https:\/\/caminodesantiagofrances.com\/en\/navarra\/puente-la-reina\/\"><\/a><strong><a href=\"https:\/\/caminodesantiagofrances.com\/en\/provincia-de-leon\/astorga\/\" target=\"_blank\" data-type=\"page\" data-id=\"11695\" rel=\"noreferrer noopener\">Astorga<\/a><\/strong><\/h3>\n\n\n\n<p class=\"ctlb-block-desc wp-block-paragraph\" style=\"padding-top:0px;padding-right:0px;padding-bottom:0px;padding-left:0px\"><\/p>\n<\/div><\/div><\/div><\/div><\/div><\/div>\n\n\n\n<div class=\"wp-block-cp-timeline-content-timeline-child swiper-slide\"><div class=\"timeline-content icon-true \"><div class=\"timeline-block-timeline ctl-row  position-right\"><div class=\"ctl-6 timeline-block-time\"><div class=\"story-time\"><p><strong><strong>1 km<\/strong><\/strong><\/p><\/div><\/div><div class=\"timeline-block-icon\"><span class=\"timeline-block-render-icon\" style=\"fill:white\"><div class=\"iconpicker-item\" style=\"font-size:24px;color:white;padding:2px\"><svg stroke=\"currentColor\" fill=\"currentColor\" stroke-width=\"0\" viewBox=\"0 0 448 512\" height=\"1em\" width=\"1em\" xmlns=\"http:\/\/www.w3.org\/2000\/svg\"><path d=\"M413.1 222.5l22.2 22.2c9.4 9.4 9.4 24.6 0 33.9L241 473c-9.4 9.4-24.6 9.4-33.9 0L12.7 278.6c-9.4-9.4-9.4-24.6 0-33.9l22.2-22.2c9.5-9.5 25-9.3 34.3.4L184 343.4V56c0-13.3 10.7-24 24-24h32c13.3 0 24 10.7 24 24v287.4l114.8-120.5c9.3-9.8 24.8-10 34.3-.4z\"><\/path><\/svg><\/div><\/span><\/div><div class=\"ctl-6 timeline-block-detail\"><div class=\"story-details\"><div class=\"story-content\">\n<figure class=\"wp-block-image size-full ctlb-block-image is-style-buddyx-border\"><a href=\"https:\/\/caminodesantiagofrances.com\/en\/provincia-de-leon\/valdeviejas\/\" target=\"_blank\" rel=\" noreferrer noopener\"><img loading=\"lazy\" decoding=\"async\" width=\"600\" height=\"315\" src=\"https:\/\/caminodesantiagofrances.com\/en\/wp-content\/uploads\/sites\/3\/2024\/02\/Valdeviejas-Camino-de-Santiago-Frances.jpg\" alt=\"\" class=\"wp-image-11704\" srcset=\"https:\/\/caminodesantiagofrances.com\/en\/wp-content\/uploads\/sites\/3\/2024\/02\/Valdeviejas-Camino-de-Santiago-Frances.jpg 600w, https:\/\/caminodesantiagofrances.com\/en\/wp-content\/uploads\/sites\/3\/2024\/02\/Valdeviejas-Camino-de-Santiago-Frances-300x158.jpg 300w\" sizes=\"auto, (max-width: 600px) 100vw, 600px\" \/><\/a><\/figure>\n\n\n\n<h3 class=\"wp-block-heading has-text-align-center ctlb-block-title\" style=\"padding-top:0px;padding-right:0px;padding-bottom:0px;padding-left:0px\"><a href=\"https:\/\/caminodesantiagofrances.com\/en\/navarra\/obanos\/\" data-type=\"link\" data-id=\"https:\/\/caminodesantiagofrances.com\/en\/navarra\/obanos\/\"><\/a><a href=\"https:\/\/caminodesantiagofrances.com\/en\/navarra\/puente-la-reina\/\" data-type=\"link\" data-id=\"https:\/\/caminodesantiagofrances.com\/en\/navarra\/puente-la-reina\/\"><\/a><a href=\"https:\/\/caminodesantiagofrances.com\/en\/navarra\/maneru\/\" data-type=\"link\" data-id=\"https:\/\/caminodesantiagofrances.com\/en\/navarra\/maneru\/\"><\/a><strong><a href=\"https:\/\/caminodesantiagofrances.com\/en\/provincia-de-leon\/valdeviejas\/\" target=\"_blank\" data-type=\"page\" data-id=\"11702\" rel=\"noreferrer noopener\">Valdeviejas<\/a><\/strong><\/h3>\n\n\n\n<p class=\"ctlb-block-desc wp-block-paragraph\" style=\"padding-top:0px;padding-right:0px;padding-bottom:0px;padding-left:0px\"><\/p>\n<\/div><\/div><\/div><\/div><\/div><\/div>\n\n\n\n<div class=\"wp-block-cp-timeline-content-timeline-child swiper-slide\"><div class=\"timeline-content icon-true \"><div class=\"timeline-block-timeline ctl-row  position-left\"><div class=\"ctl-6 timeline-block-time\"><div class=\"story-time\"><p><strong><strong>3 km<\/strong><\/strong><\/p><\/div><\/div><div class=\"timeline-block-icon\"><span class=\"timeline-block-render-icon\" style=\"fill:white\"><div class=\"iconpicker-item\" style=\"font-size:24px;color:white;padding:2px\"><svg stroke=\"currentColor\" fill=\"currentColor\" stroke-width=\"0\" viewBox=\"0 0 448 512\" height=\"1em\" width=\"1em\" xmlns=\"http:\/\/www.w3.org\/2000\/svg\"><path d=\"M413.1 222.5l22.2 22.2c9.4 9.4 9.4 24.6 0 33.9L241 473c-9.4 9.4-24.6 9.4-33.9 0L12.7 278.6c-9.4-9.4-9.4-24.6 0-33.9l22.2-22.2c9.5-9.5 25-9.3 34.3.4L184 343.4V56c0-13.3 10.7-24 24-24h32c13.3 0 24 10.7 24 24v287.4l114.8-120.5c9.3-9.8 24.8-10 34.3-.4z\"><\/path><\/svg><\/div><\/span><\/div><div class=\"ctl-6 timeline-block-detail\"><div class=\"story-details\"><div class=\"story-content\">\n<figure class=\"wp-block-image size-full ctlb-block-image is-style-buddyx-border\"><a href=\"https:\/\/caminodesantiagofrances.com\/en\/provincia-de-leon\/murias-de-rechivaldo\/\" target=\"_blank\" rel=\" noreferrer noopener\"><img loading=\"lazy\" decoding=\"async\" width=\"600\" height=\"315\" src=\"https:\/\/caminodesantiagofrances.com\/en\/wp-content\/uploads\/sites\/3\/2024\/02\/Murias-de-Rechivaldo-Camino-de-Santiago-Frances.jpg\" alt=\"\" class=\"wp-image-11712\" srcset=\"https:\/\/caminodesantiagofrances.com\/en\/wp-content\/uploads\/sites\/3\/2024\/02\/Murias-de-Rechivaldo-Camino-de-Santiago-Frances.jpg 600w, https:\/\/caminodesantiagofrances.com\/en\/wp-content\/uploads\/sites\/3\/2024\/02\/Murias-de-Rechivaldo-Camino-de-Santiago-Frances-300x158.jpg 300w\" sizes=\"auto, (max-width: 600px) 100vw, 600px\" \/><\/a><\/figure>\n\n\n\n<h3 class=\"wp-block-heading has-text-align-center ctlb-block-title\" style=\"padding-top:0px;padding-right:0px;padding-bottom:0px;padding-left:0px\"><a href=\"https:\/\/caminodesantiagofrances.com\/en\/navarra\/obanos\/\" data-type=\"link\" data-id=\"https:\/\/caminodesantiagofrances.com\/en\/navarra\/obanos\/\"><\/a><a href=\"https:\/\/caminodesantiagofrances.com\/en\/navarra\/puente-la-reina\/\" data-type=\"link\" data-id=\"https:\/\/caminodesantiagofrances.com\/en\/navarra\/puente-la-reina\/\"><\/a><a href=\"https:\/\/caminodesantiagofrances.com\/en\/navarra\/maneru\/\" data-type=\"link\" data-id=\"https:\/\/caminodesantiagofrances.com\/en\/navarra\/maneru\/\"><\/a><a href=\"https:\/\/caminodesantiagofrances.com\/en\/navarra\/cirauqui\/\" data-type=\"link\" data-id=\"https:\/\/caminodesantiagofrances.com\/en\/navarra\/cirauqui\/\"><\/a><strong><a href=\"https:\/\/caminodesantiagofrances.com\/en\/provincia-de-leon\/murias-de-rechivaldo\/\" target=\"_blank\" data-type=\"page\" data-id=\"11708\" rel=\"noreferrer noopener\">Murias de Rechivaldo<\/a><\/strong><\/h3>\n\n\n\n<p class=\"ctlb-block-desc wp-block-paragraph\" style=\"padding-top:0px;padding-right:0px;padding-bottom:0px;padding-left:0px\"><\/p>\n<\/div><\/div><\/div><\/div><\/div><\/div>\n\n\n\n<div class=\"wp-block-cp-timeline-content-timeline-child swiper-slide\"><div class=\"timeline-content icon-true \"><div class=\"timeline-block-timeline ctl-row  position-right\"><div class=\"ctl-6 timeline-block-time\"><div class=\"story-time\"><p><strong><strong>5 km<\/strong><\/strong><\/p><\/div><\/div><div class=\"timeline-block-icon\"><span class=\"timeline-block-render-icon\" style=\"fill:white\"><div class=\"iconpicker-item\" style=\"font-size:24px;color:white;padding:2px\"><svg stroke=\"currentColor\" fill=\"currentColor\" stroke-width=\"0\" viewBox=\"0 0 448 512\" height=\"1em\" width=\"1em\" xmlns=\"http:\/\/www.w3.org\/2000\/svg\"><path d=\"M413.1 222.5l22.2 22.2c9.4 9.4 9.4 24.6 0 33.9L241 473c-9.4 9.4-24.6 9.4-33.9 0L12.7 278.6c-9.4-9.4-9.4-24.6 0-33.9l22.2-22.2c9.5-9.5 25-9.3 34.3.4L184 343.4V56c0-13.3 10.7-24 24-24h32c13.3 0 24 10.7 24 24v287.4l114.8-120.5c9.3-9.8 24.8-10 34.3-.4z\"><\/path><\/svg><\/div><\/span><\/div><div class=\"ctl-6 timeline-block-detail\"><div class=\"story-details\"><div class=\"story-content\">\n<figure class=\"wp-block-image size-full ctlb-block-image is-style-buddyx-border\"><a href=\"https:\/\/caminodesantiagofrances.com\/en\/provincia-de-leon\/santa-catalina-de-somoza\/\" target=\"_blank\" rel=\" noreferrer noopener\"><img loading=\"lazy\" decoding=\"async\" width=\"600\" height=\"315\" src=\"https:\/\/caminodesantiagofrances.com\/en\/wp-content\/uploads\/sites\/3\/2024\/02\/Santa-Catalina-de-Somoza-Camino-de-Santiago-Frances.jpg\" alt=\"\" class=\"wp-image-11718\" srcset=\"https:\/\/caminodesantiagofrances.com\/en\/wp-content\/uploads\/sites\/3\/2024\/02\/Santa-Catalina-de-Somoza-Camino-de-Santiago-Frances.jpg 600w, https:\/\/caminodesantiagofrances.com\/en\/wp-content\/uploads\/sites\/3\/2024\/02\/Santa-Catalina-de-Somoza-Camino-de-Santiago-Frances-300x158.jpg 300w\" sizes=\"auto, (max-width: 600px) 100vw, 600px\" \/><\/a><\/figure>\n\n\n\n<h3 class=\"wp-block-heading has-text-align-center ctlb-block-title\" style=\"padding-top:0px;padding-right:0px;padding-bottom:0px;padding-left:0px\"><a href=\"https:\/\/caminodesantiagofrances.com\/en\/navarra\/obanos\/\" data-type=\"link\" data-id=\"https:\/\/caminodesantiagofrances.com\/en\/navarra\/obanos\/\"><\/a><a href=\"https:\/\/caminodesantiagofrances.com\/en\/navarra\/puente-la-reina\/\" data-type=\"link\" data-id=\"https:\/\/caminodesantiagofrances.com\/en\/navarra\/puente-la-reina\/\"><\/a><a href=\"https:\/\/caminodesantiagofrances.com\/en\/navarra\/maneru\/\" data-type=\"link\" data-id=\"https:\/\/caminodesantiagofrances.com\/en\/navarra\/maneru\/\"><\/a><a href=\"https:\/\/caminodesantiagofrances.com\/en\/navarra\/cirauqui\/\" data-type=\"link\" data-id=\"https:\/\/caminodesantiagofrances.com\/en\/navarra\/cirauqui\/\"><\/a><a href=\"https:\/\/caminodesantiagofrances.com\/en\/navarra\/lorca\/\" data-type=\"link\" data-id=\"https:\/\/caminodesantiagofrances.com\/en\/navarra\/lorca\/\"><\/a><strong><a href=\"https:\/\/caminodesantiagofrances.com\/en\/provincia-de-leon\/santa-catalina-de-somoza\/\" target=\"_blank\" data-type=\"page\" data-id=\"11715\" rel=\"noreferrer noopener\">Santa Catalina de Somoza<\/a><\/strong><\/h3>\n\n\n\n<p class=\"ctlb-block-desc wp-block-paragraph\" style=\"padding-top:0px;padding-right:0px;padding-bottom:0px;padding-left:0px\"><\/p>\n<\/div><\/div><\/div><\/div><\/div><\/div>\n\n\n\n<div class=\"wp-block-cp-timeline-content-timeline-child swiper-slide\"><div class=\"timeline-content icon-true \"><div class=\"timeline-block-timeline ctl-row  position-left\"><div class=\"ctl-6 timeline-block-time\"><div class=\"story-time\"><p><strong><strong>4 km<\/strong><\/strong><\/p><\/div><\/div><div class=\"timeline-block-icon\"><span class=\"timeline-block-render-icon\" style=\"fill:white\"><div class=\"iconpicker-item\" style=\"font-size:24px;color:white;padding:2px\"><svg stroke=\"currentColor\" fill=\"currentColor\" stroke-width=\"0\" viewBox=\"0 0 448 512\" height=\"1em\" width=\"1em\" xmlns=\"http:\/\/www.w3.org\/2000\/svg\"><path d=\"M413.1 222.5l22.2 22.2c9.4 9.4 9.4 24.6 0 33.9L241 473c-9.4 9.4-24.6 9.4-33.9 0L12.7 278.6c-9.4-9.4-9.4-24.6 0-33.9l22.2-22.2c9.5-9.5 25-9.3 34.3.4L184 343.4V56c0-13.3 10.7-24 24-24h32c13.3 0 24 10.7 24 24v287.4l114.8-120.5c9.3-9.8 24.8-10 34.3-.4z\"><\/path><\/svg><\/div><\/span><\/div><div class=\"ctl-6 timeline-block-detail\"><div class=\"story-details\"><div class=\"story-content\">\n<figure class=\"wp-block-image size-full ctlb-block-image is-style-buddyx-border\"><a href=\"https:\/\/caminodesantiagofrances.com\/en\/provincia-de-leon\/el-ganso\/\" target=\"_blank\" rel=\" noreferrer noopener\"><img loading=\"lazy\" decoding=\"async\" width=\"600\" height=\"315\" src=\"https:\/\/caminodesantiagofrances.com\/en\/wp-content\/uploads\/sites\/3\/2024\/02\/El-Ganso-Camino-de-Santiago-Frances.jpg\" alt=\"\" class=\"wp-image-11729\" srcset=\"https:\/\/caminodesantiagofrances.com\/en\/wp-content\/uploads\/sites\/3\/2024\/02\/El-Ganso-Camino-de-Santiago-Frances.jpg 600w, https:\/\/caminodesantiagofrances.com\/en\/wp-content\/uploads\/sites\/3\/2024\/02\/El-Ganso-Camino-de-Santiago-Frances-300x158.jpg 300w\" sizes=\"auto, (max-width: 600px) 100vw, 600px\" \/><\/a><\/figure>\n\n\n\n<h3 class=\"wp-block-heading has-text-align-center ctlb-block-title\" style=\"padding-top:0px;padding-right:0px;padding-bottom:0px;padding-left:0px\"><a href=\"https:\/\/caminodesantiagofrances.com\/en\/navarra\/obanos\/\" data-type=\"link\" data-id=\"https:\/\/caminodesantiagofrances.com\/en\/navarra\/obanos\/\"><\/a><a href=\"https:\/\/caminodesantiagofrances.com\/en\/navarra\/puente-la-reina\/\" data-type=\"link\" data-id=\"https:\/\/caminodesantiagofrances.com\/en\/navarra\/puente-la-reina\/\"><\/a><a href=\"https:\/\/caminodesantiagofrances.com\/en\/navarra\/maneru\/\" data-type=\"link\" data-id=\"https:\/\/caminodesantiagofrances.com\/en\/navarra\/maneru\/\"><\/a><a href=\"https:\/\/caminodesantiagofrances.com\/en\/navarra\/cirauqui\/\" data-type=\"link\" data-id=\"https:\/\/caminodesantiagofrances.com\/en\/navarra\/cirauqui\/\"><\/a><a href=\"https:\/\/caminodesantiagofrances.com\/en\/navarra\/lorca\/\" data-type=\"link\" data-id=\"https:\/\/caminodesantiagofrances.com\/en\/navarra\/lorca\/\"><\/a><a href=\"https:\/\/caminodesantiagofrances.com\/en\/navarra\/villatuerta\/\" data-type=\"link\" data-id=\"https:\/\/caminodesantiagofrances.com\/en\/navarra\/villatuerta\/\"><\/a><strong><a href=\"https:\/\/caminodesantiagofrances.com\/en\/provincia-de-leon\/el-ganso\/\" target=\"_blank\" data-type=\"page\" data-id=\"11721\" rel=\"noreferrer noopener\">El Ganso<\/a><\/strong><\/h3>\n\n\n\n<p class=\"ctlb-block-desc wp-block-paragraph\" style=\"padding-top:0px;padding-right:0px;padding-bottom:0px;padding-left:0px\"><\/p>\n<\/div><\/div><\/div><\/div><\/div><\/div>\n\n\n\n<div class=\"wp-block-cp-timeline-content-timeline-child swiper-slide\"><div class=\"timeline-content icon-true \"><div class=\"timeline-block-timeline ctl-row  position-right\"><div class=\"ctl-6 timeline-block-time\"><div class=\"story-time\"><p><strong><strong>7 km<\/strong><\/strong><\/p><\/div><\/div><div class=\"timeline-block-icon\"><span class=\"timeline-block-render-icon\" style=\"fill:white\"><div class=\"iconpicker-item\" style=\"font-size:24px;color:white;padding:2px\"><svg stroke=\"currentColor\" fill=\"currentColor\" stroke-width=\"0\" viewBox=\"0 0 448 512\" height=\"1em\" width=\"1em\" xmlns=\"http:\/\/www.w3.org\/2000\/svg\"><path d=\"M413.1 222.5l22.2 22.2c9.4 9.4 9.4 24.6 0 33.9L241 473c-9.4 9.4-24.6 9.4-33.9 0L12.7 278.6c-9.4-9.4-9.4-24.6 0-33.9l22.2-22.2c9.5-9.5 25-9.3 34.3.4L184 343.4V56c0-13.3 10.7-24 24-24h32c13.3 0 24 10.7 24 24v287.4l114.8-120.5c9.3-9.8 24.8-10 34.3-.4z\"><\/path><\/svg><\/div><\/span><\/div><div class=\"ctl-6 timeline-block-detail\"><div class=\"story-details\"><div class=\"story-content\">\n<figure class=\"wp-block-image size-full ctlb-block-image is-style-buddyx-border\"><a href=\"https:\/\/caminodesantiagofrances.com\/en\/provincia-de-leon\/rabanal-del-camino\/\" target=\"_blank\" rel=\" noreferrer noopener\"><img loading=\"lazy\" decoding=\"async\" width=\"600\" height=\"315\" src=\"https:\/\/caminodesantiagofrances.com\/en\/wp-content\/uploads\/sites\/3\/2024\/02\/Rabanal-del-Camino-Camino-de-Santiago-Frances.jpg\" alt=\"\" class=\"wp-image-11736\" srcset=\"https:\/\/caminodesantiagofrances.com\/en\/wp-content\/uploads\/sites\/3\/2024\/02\/Rabanal-del-Camino-Camino-de-Santiago-Frances.jpg 600w, https:\/\/caminodesantiagofrances.com\/en\/wp-content\/uploads\/sites\/3\/2024\/02\/Rabanal-del-Camino-Camino-de-Santiago-Frances-300x158.jpg 300w\" sizes=\"auto, (max-width: 600px) 100vw, 600px\" \/><\/a><\/figure>\n\n\n\n<h3 class=\"wp-block-heading has-text-align-center ctlb-block-title\" style=\"padding-top:0px;padding-right:0px;padding-bottom:0px;padding-left:0px\"><a href=\"https:\/\/caminodesantiagofrances.com\/en\/navarra\/obanos\/\" data-type=\"link\" data-id=\"https:\/\/caminodesantiagofrances.com\/en\/navarra\/obanos\/\"><\/a><a href=\"https:\/\/caminodesantiagofrances.com\/en\/navarra\/puente-la-reina\/\" data-type=\"link\" data-id=\"https:\/\/caminodesantiagofrances.com\/en\/navarra\/puente-la-reina\/\"><\/a><a href=\"https:\/\/caminodesantiagofrances.com\/en\/navarra\/maneru\/\" data-type=\"link\" data-id=\"https:\/\/caminodesantiagofrances.com\/en\/navarra\/maneru\/\"><\/a><a href=\"https:\/\/caminodesantiagofrances.com\/en\/navarra\/cirauqui\/\" data-type=\"link\" data-id=\"https:\/\/caminodesantiagofrances.com\/en\/navarra\/cirauqui\/\"><\/a><a href=\"https:\/\/caminodesantiagofrances.com\/en\/navarra\/lorca\/\" data-type=\"link\" data-id=\"https:\/\/caminodesantiagofrances.com\/en\/navarra\/lorca\/\"><\/a><a href=\"https:\/\/caminodesantiagofrances.com\/en\/navarra\/villatuerta\/\" data-type=\"link\" data-id=\"https:\/\/caminodesantiagofrances.com\/en\/navarra\/villatuerta\/\"><\/a><a href=\"https:\/\/caminodesantiagofrances.com\/en\/navarra\/estella\/\" data-type=\"link\" data-id=\"https:\/\/caminodesantiagofrances.com\/en\/navarra\/estella\/\"><\/a><strong><a href=\"https:\/\/caminodesantiagofrances.com\/en\/provincia-de-leon\/rabanal-del-camino\/\" target=\"_blank\" data-type=\"page\" data-id=\"11732\" rel=\"noreferrer noopener\">Rabanal del Camino<\/a><\/strong><\/h3>\n\n\n\n<p class=\"ctlb-block-desc wp-block-paragraph\" style=\"padding-top:0px;padding-right:0px;padding-bottom:0px;padding-left:0px\"><\/p>\n<\/div><\/div><\/div><\/div><\/div><\/div>\n\n\n\n<div class=\"wp-block-cp-timeline-content-timeline-child swiper-slide\"><div class=\"timeline-content icon-true \"><div class=\"timeline-block-timeline ctl-row  position-left\"><div class=\"ctl-6 timeline-block-time\"><div class=\"story-time\"><p><strong><strong>6 km<\/strong><\/strong><\/p><\/div><\/div><div class=\"timeline-block-icon\"><span class=\"timeline-block-render-icon\" style=\"fill:white\"><div class=\"iconpicker-item\" style=\"font-size:24px;color:white;padding:2px\"><svg stroke=\"currentColor\" fill=\"currentColor\" stroke-width=\"0\" viewBox=\"0 0 448 512\" height=\"1em\" width=\"1em\" xmlns=\"http:\/\/www.w3.org\/2000\/svg\"><path d=\"M413.1 222.5l22.2 22.2c9.4 9.4 9.4 24.6 0 33.9L241 473c-9.4 9.4-24.6 9.4-33.9 0L12.7 278.6c-9.4-9.4-9.4-24.6 0-33.9l22.2-22.2c9.5-9.5 25-9.3 34.3.4L184 343.4V56c0-13.3 10.7-24 24-24h32c13.3 0 24 10.7 24 24v287.4l114.8-120.5c9.3-9.8 24.8-10 34.3-.4z\"><\/path><\/svg><\/div><\/span><\/div><div class=\"ctl-6 timeline-block-detail\"><div class=\"story-details\"><div class=\"story-content\">\n<figure class=\"wp-block-image size-full ctlb-block-image is-style-buddyx-border\"><a href=\"https:\/\/caminodesantiagofrances.com\/en\/provincia-de-leon\/foncebadon\/\" target=\"_blank\" rel=\" noreferrer noopener\"><img loading=\"lazy\" decoding=\"async\" width=\"600\" height=\"315\" src=\"https:\/\/caminodesantiagofrances.com\/en\/wp-content\/uploads\/sites\/3\/2024\/02\/Foncebadon-Camino-de-Santiago-Frances.jpg\" alt=\"\" class=\"wp-image-11743\" srcset=\"https:\/\/caminodesantiagofrances.com\/en\/wp-content\/uploads\/sites\/3\/2024\/02\/Foncebadon-Camino-de-Santiago-Frances.jpg 600w, https:\/\/caminodesantiagofrances.com\/en\/wp-content\/uploads\/sites\/3\/2024\/02\/Foncebadon-Camino-de-Santiago-Frances-300x158.jpg 300w\" sizes=\"auto, (max-width: 600px) 100vw, 600px\" \/><\/a><\/figure>\n\n\n\n<h3 class=\"wp-block-heading has-text-align-center ctlb-block-title\" style=\"padding-top:0px;padding-right:0px;padding-bottom:0px;padding-left:0px\"><a href=\"https:\/\/caminodesantiagofrances.com\/en\/navarra\/obanos\/\" data-type=\"link\" data-id=\"https:\/\/caminodesantiagofrances.com\/en\/navarra\/obanos\/\"><\/a><a href=\"https:\/\/caminodesantiagofrances.com\/en\/navarra\/puente-la-reina\/\" data-type=\"link\" data-id=\"https:\/\/caminodesantiagofrances.com\/en\/navarra\/puente-la-reina\/\"><\/a><a href=\"https:\/\/caminodesantiagofrances.com\/en\/navarra\/maneru\/\" data-type=\"link\" data-id=\"https:\/\/caminodesantiagofrances.com\/en\/navarra\/maneru\/\"><\/a><a href=\"https:\/\/caminodesantiagofrances.com\/en\/navarra\/cirauqui\/\" data-type=\"link\" data-id=\"https:\/\/caminodesantiagofrances.com\/en\/navarra\/cirauqui\/\"><\/a><a href=\"https:\/\/caminodesantiagofrances.com\/en\/navarra\/lorca\/\" data-type=\"link\" data-id=\"https:\/\/caminodesantiagofrances.com\/en\/navarra\/lorca\/\"><\/a><a href=\"https:\/\/caminodesantiagofrances.com\/en\/navarra\/villatuerta\/\" data-type=\"link\" data-id=\"https:\/\/caminodesantiagofrances.com\/en\/navarra\/villatuerta\/\"><\/a><a href=\"https:\/\/caminodesantiagofrances.com\/en\/navarra\/estella\/\" data-type=\"link\" data-id=\"https:\/\/caminodesantiagofrances.com\/en\/navarra\/estella\/\"><\/a><a href=\"https:\/\/caminodesantiagofrances.com\/en\/navarra\/ayegui\/\" data-type=\"link\" data-id=\"https:\/\/caminodesantiagofrances.com\/en\/ayegui\/\"><\/a><a href=\"https:\/\/caminodesantiagofrances.com\/en\/navarra\/ayegui\/\" data-type=\"link\" data-id=\"https:\/\/caminodesantiagofrances.com\/en\/ayegui\/\"><\/a><a href=\"https:\/\/caminodesantiagofrances.com\/en\/navarra\/ayegui\/\" data-type=\"link\" data-id=\"https:\/\/caminodesantiagofrances.com\/en\/ayegui\/\"><\/a><strong><a href=\"https:\/\/caminodesantiagofrances.com\/en\/provincia-de-leon\/foncebadon\/\" target=\"_blank\" data-type=\"page\" data-id=\"11739\" rel=\"noreferrer noopener\">Foncebad\u00f3n<\/a><\/strong><\/h3>\n\n\n\n<p class=\"has-text-align-center wp-block-paragraph\"><\/p>\n<\/div><\/div><\/div><\/div><\/div><\/div>\n\n\n\n<div class=\"wp-block-cp-timeline-content-timeline-child swiper-slide\"><div class=\"timeline-content icon-true \"><div class=\"timeline-block-timeline ctl-row  position-right\"><div class=\"ctl-6 timeline-block-time\"><div class=\"story-time\"><p><strong><strong>4 km<\/strong><\/strong><\/p><\/div><\/div><div class=\"timeline-block-icon\"><span class=\"timeline-block-render-icon\" style=\"fill:white\"><div class=\"iconpicker-item\" style=\"font-size:24px;color:white;padding:2px\"><svg stroke=\"currentColor\" fill=\"currentColor\" stroke-width=\"0\" viewBox=\"0 0 448 512\" height=\"1em\" width=\"1em\" xmlns=\"http:\/\/www.w3.org\/2000\/svg\"><path d=\"M413.1 222.5l22.2 22.2c9.4 9.4 9.4 24.6 0 33.9L241 473c-9.4 9.4-24.6 9.4-33.9 0L12.7 278.6c-9.4-9.4-9.4-24.6 0-33.9l22.2-22.2c9.5-9.5 25-9.3 34.3.4L184 343.4V56c0-13.3 10.7-24 24-24h32c13.3 0 24 10.7 24 24v287.4l114.8-120.5c9.3-9.8 24.8-10 34.3-.4z\"><\/path><\/svg><\/div><\/span><\/div><div class=\"ctl-6 timeline-block-detail\"><div class=\"story-details\"><div class=\"story-content\">\n<figure class=\"wp-block-image size-full ctlb-block-image is-style-buddyx-border\"><a href=\"https:\/\/caminodesantiagofrances.com\/en\/provincia-de-leon\/manjarin\/\" target=\"_blank\" rel=\" noreferrer noopener\"><img loading=\"lazy\" decoding=\"async\" width=\"600\" height=\"315\" src=\"https:\/\/caminodesantiagofrances.com\/en\/wp-content\/uploads\/sites\/3\/2024\/02\/Manjarin-Camino-de-Santiago-Frances-1.jpg\" alt=\"\" class=\"wp-image-11749\" srcset=\"https:\/\/caminodesantiagofrances.com\/en\/wp-content\/uploads\/sites\/3\/2024\/02\/Manjarin-Camino-de-Santiago-Frances-1.jpg 600w, https:\/\/caminodesantiagofrances.com\/en\/wp-content\/uploads\/sites\/3\/2024\/02\/Manjarin-Camino-de-Santiago-Frances-1-300x158.jpg 300w\" sizes=\"auto, (max-width: 600px) 100vw, 600px\" \/><\/a><\/figure>\n\n\n\n<h3 class=\"wp-block-heading has-text-align-center ctlb-block-title\" style=\"padding-top:0px;padding-right:0px;padding-bottom:0px;padding-left:0px\"><a href=\"https:\/\/caminodesantiagofrances.com\/en\/navarra\/obanos\/\" data-type=\"link\" data-id=\"https:\/\/caminodesantiagofrances.com\/en\/navarra\/obanos\/\"><\/a><a href=\"https:\/\/caminodesantiagofrances.com\/en\/navarra\/puente-la-reina\/\" data-type=\"link\" data-id=\"https:\/\/caminodesantiagofrances.com\/en\/navarra\/puente-la-reina\/\"><\/a><a href=\"https:\/\/caminodesantiagofrances.com\/en\/navarra\/maneru\/\" data-type=\"link\" data-id=\"https:\/\/caminodesantiagofrances.com\/en\/navarra\/maneru\/\"><\/a><a href=\"https:\/\/caminodesantiagofrances.com\/en\/navarra\/cirauqui\/\" data-type=\"link\" data-id=\"https:\/\/caminodesantiagofrances.com\/en\/navarra\/cirauqui\/\"><\/a><a href=\"https:\/\/caminodesantiagofrances.com\/en\/navarra\/lorca\/\" data-type=\"link\" data-id=\"https:\/\/caminodesantiagofrances.com\/en\/navarra\/lorca\/\"><\/a><a href=\"https:\/\/caminodesantiagofrances.com\/en\/navarra\/villatuerta\/\" data-type=\"link\" data-id=\"https:\/\/caminodesantiagofrances.com\/en\/navarra\/villatuerta\/\"><\/a><a href=\"https:\/\/caminodesantiagofrances.com\/en\/navarra\/estella\/\" data-type=\"link\" data-id=\"https:\/\/caminodesantiagofrances.com\/en\/navarra\/estella\/\"><\/a><a href=\"https:\/\/caminodesantiagofrances.com\/en\/navarra\/ayegui\/\" data-type=\"link\" data-id=\"https:\/\/caminodesantiagofrances.com\/en\/ayegui\/\"><\/a><a href=\"https:\/\/caminodesantiagofrances.com\/en\/navarra\/ayegui\/\" data-type=\"link\" data-id=\"https:\/\/caminodesantiagofrances.com\/en\/ayegui\/\"><\/a><a href=\"https:\/\/caminodesantiagofrances.com\/en\/navarra\/ayegui\/\" data-type=\"link\" data-id=\"https:\/\/caminodesantiagofrances.com\/en\/ayegui\/\"><\/a><a href=\"https:\/\/caminodesantiagofrances.com\/en\/navarra\/azqueta\/\" data-type=\"link\" data-id=\"https:\/\/caminodesantiagofrances.com\/en\/navarra\/azqueta\/\"><\/a><strong><a href=\"https:\/\/caminodesantiagofrances.com\/en\/provincia-de-leon\/manjarin\/\" target=\"_blank\" data-type=\"page\" data-id=\"11746\" rel=\"noreferrer noopener\">Manjar\u00edn<\/a><\/strong><\/h3>\n\n\n\n<p class=\"ctlb-block-desc wp-block-paragraph\" style=\"padding-top:0px;padding-right:0px;padding-bottom:0px;padding-left:0px\"><\/p>\n<\/div><\/div><\/div><\/div><\/div><\/div>\n\n\n\n<div class=\"wp-block-cp-timeline-content-timeline-child swiper-slide\"><div class=\"timeline-content icon-true \"><div class=\"timeline-block-timeline ctl-row  position-left\"><div class=\"ctl-6 timeline-block-time\"><div class=\"story-time\"><p><strong><strong>7 km<\/strong><\/strong><\/p><\/div><\/div><div class=\"timeline-block-icon\"><span class=\"timeline-block-render-icon\" style=\"fill:white\"><div class=\"iconpicker-item\" style=\"font-size:24px;color:white;padding:2px\"><svg stroke=\"currentColor\" fill=\"currentColor\" stroke-width=\"0\" viewBox=\"0 0 448 512\" height=\"1em\" width=\"1em\" xmlns=\"http:\/\/www.w3.org\/2000\/svg\"><path d=\"M413.1 222.5l22.2 22.2c9.4 9.4 9.4 24.6 0 33.9L241 473c-9.4 9.4-24.6 9.4-33.9 0L12.7 278.6c-9.4-9.4-9.4-24.6 0-33.9l22.2-22.2c9.5-9.5 25-9.3 34.3.4L184 343.4V56c0-13.3 10.7-24 24-24h32c13.3 0 24 10.7 24 24v287.4l114.8-120.5c9.3-9.8 24.8-10 34.3-.4z\"><\/path><\/svg><\/div><\/span><\/div><div class=\"ctl-6 timeline-block-detail\"><div class=\"story-details\"><div class=\"story-content\">\n<figure class=\"wp-block-image size-full ctlb-block-image is-style-buddyx-border\"><a href=\"https:\/\/caminodesantiagofrances.com\/en\/provincia-de-leon\/el-acebo\/\" target=\"_blank\" rel=\" noreferrer noopener\"><img loading=\"lazy\" decoding=\"async\" width=\"600\" height=\"315\" src=\"https:\/\/caminodesantiagofrances.com\/en\/wp-content\/uploads\/sites\/3\/2024\/02\/El-Acebo-Camino-de-Santiago-Frances-1.jpg\" alt=\"\" class=\"wp-image-11751\" srcset=\"https:\/\/caminodesantiagofrances.com\/en\/wp-content\/uploads\/sites\/3\/2024\/02\/El-Acebo-Camino-de-Santiago-Frances-1.jpg 600w, https:\/\/caminodesantiagofrances.com\/en\/wp-content\/uploads\/sites\/3\/2024\/02\/El-Acebo-Camino-de-Santiago-Frances-1-300x158.jpg 300w\" sizes=\"auto, (max-width: 600px) 100vw, 600px\" \/><\/a><\/figure>\n\n\n\n<h3 class=\"wp-block-heading has-text-align-center ctlb-block-title\" style=\"padding-top:0px;padding-right:0px;padding-bottom:0px;padding-left:0px\"><a href=\"https:\/\/caminodesantiagofrances.com\/en\/navarra\/obanos\/\" data-type=\"link\" data-id=\"https:\/\/caminodesantiagofrances.com\/en\/navarra\/obanos\/\"><\/a><a href=\"https:\/\/caminodesantiagofrances.com\/en\/navarra\/puente-la-reina\/\" data-type=\"link\" data-id=\"https:\/\/caminodesantiagofrances.com\/en\/navarra\/puente-la-reina\/\"><\/a><a href=\"https:\/\/caminodesantiagofrances.com\/en\/navarra\/maneru\/\" data-type=\"link\" data-id=\"https:\/\/caminodesantiagofrances.com\/en\/navarra\/maneru\/\"><\/a><a href=\"https:\/\/caminodesantiagofrances.com\/en\/navarra\/cirauqui\/\" data-type=\"link\" data-id=\"https:\/\/caminodesantiagofrances.com\/en\/navarra\/cirauqui\/\"><\/a><a href=\"https:\/\/caminodesantiagofrances.com\/en\/navarra\/lorca\/\" data-type=\"link\" data-id=\"https:\/\/caminodesantiagofrances.com\/en\/navarra\/lorca\/\"><\/a><a href=\"https:\/\/caminodesantiagofrances.com\/en\/navarra\/villatuerta\/\" data-type=\"link\" data-id=\"https:\/\/caminodesantiagofrances.com\/en\/navarra\/villatuerta\/\"><\/a><a href=\"https:\/\/caminodesantiagofrances.com\/en\/navarra\/estella\/\" data-type=\"link\" data-id=\"https:\/\/caminodesantiagofrances.com\/en\/navarra\/estella\/\"><\/a><a href=\"https:\/\/caminodesantiagofrances.com\/en\/navarra\/ayegui\/\" data-type=\"link\" data-id=\"https:\/\/caminodesantiagofrances.com\/en\/ayegui\/\"><\/a><a href=\"https:\/\/caminodesantiagofrances.com\/en\/navarra\/ayegui\/\" data-type=\"link\" data-id=\"https:\/\/caminodesantiagofrances.com\/en\/ayegui\/\"><\/a><a href=\"https:\/\/caminodesantiagofrances.com\/en\/navarra\/ayegui\/\" data-type=\"link\" data-id=\"https:\/\/caminodesantiagofrances.com\/en\/ayegui\/\"><\/a><a href=\"https:\/\/caminodesantiagofrances.com\/en\/navarra\/azqueta\/\" data-type=\"link\" data-id=\"https:\/\/caminodesantiagofrances.com\/en\/navarra\/azqueta\/\"><\/a><a href=\"https:\/\/caminodesantiagofrances.com\/en\/navarra\/villamayor-de-monjardin\/\" data-type=\"link\" data-id=\"https:\/\/caminodesantiagofrances.com\/en\/navarra\/villamayor-de-monjardin\/\"><\/a><strong><a href=\"https:\/\/caminodesantiagofrances.com\/en\/provincia-de-leon\/el-acebo\/\" target=\"_blank\" data-type=\"page\" data-id=\"11753\" rel=\"noreferrer noopener\">El Acebo<\/a><\/strong><\/h3>\n\n\n\n<p class=\"ctlb-block-desc wp-block-paragraph\" style=\"padding-top:0px;padding-right:0px;padding-bottom:0px;padding-left:0px\"><\/p>\n<\/div><\/div><\/div><\/div><\/div><\/div>\n\n\n\n<div class=\"wp-block-cp-timeline-content-timeline-child swiper-slide\"><div class=\"timeline-content icon-true \"><div class=\"timeline-block-timeline ctl-row  position-right\"><div class=\"ctl-6 timeline-block-time\"><div class=\"story-time\"><p><strong><strong>4 km<\/strong><\/strong><\/p><\/div><\/div><div class=\"timeline-block-icon\"><span class=\"timeline-block-render-icon\" style=\"fill:white\"><div class=\"iconpicker-item\" style=\"font-size:24px;color:white;padding:2px\"><svg stroke=\"currentColor\" fill=\"currentColor\" stroke-width=\"0\" viewBox=\"0 0 448 512\" height=\"1em\" width=\"1em\" xmlns=\"http:\/\/www.w3.org\/2000\/svg\"><path d=\"M413.1 222.5l22.2 22.2c9.4 9.4 9.4 24.6 0 33.9L241 473c-9.4 9.4-24.6 9.4-33.9 0L12.7 278.6c-9.4-9.4-9.4-24.6 0-33.9l22.2-22.2c9.5-9.5 25-9.3 34.3.4L184 343.4V56c0-13.3 10.7-24 24-24h32c13.3 0 24 10.7 24 24v287.4l114.8-120.5c9.3-9.8 24.8-10 34.3-.4z\"><\/path><\/svg><\/div><\/span><\/div><div class=\"ctl-6 timeline-block-detail\"><div class=\"story-details\"><div class=\"story-content\">\n<figure class=\"wp-block-image size-full ctlb-block-image is-style-buddyx-border\"><a href=\"https:\/\/caminodesantiagofrances.com\/en\/provincia-de-leon\/riego-de-ambros\/\" target=\"_blank\" rel=\" noreferrer noopener\"><img loading=\"lazy\" decoding=\"async\" width=\"600\" height=\"315\" src=\"https:\/\/caminodesantiagofrances.com\/en\/wp-content\/uploads\/sites\/3\/2024\/02\/Riego-de-Ambros-Camino-de-Santiago-Frances.jpg\" alt=\"\" class=\"wp-image-11760\" srcset=\"https:\/\/caminodesantiagofrances.com\/en\/wp-content\/uploads\/sites\/3\/2024\/02\/Riego-de-Ambros-Camino-de-Santiago-Frances.jpg 600w, https:\/\/caminodesantiagofrances.com\/en\/wp-content\/uploads\/sites\/3\/2024\/02\/Riego-de-Ambros-Camino-de-Santiago-Frances-300x158.jpg 300w\" sizes=\"auto, (max-width: 600px) 100vw, 600px\" \/><\/a><\/figure>\n\n\n\n<h3 class=\"wp-block-heading has-text-align-center ctlb-block-title\" style=\"padding-top:0px;padding-right:0px;padding-bottom:0px;padding-left:0px\"><a href=\"https:\/\/caminodesantiagofrances.com\/en\/navarra\/obanos\/\" data-type=\"link\" data-id=\"https:\/\/caminodesantiagofrances.com\/en\/navarra\/obanos\/\"><\/a><a href=\"https:\/\/caminodesantiagofrances.com\/en\/navarra\/puente-la-reina\/\" data-type=\"link\" data-id=\"https:\/\/caminodesantiagofrances.com\/en\/navarra\/puente-la-reina\/\"><\/a><a href=\"https:\/\/caminodesantiagofrances.com\/en\/navarra\/maneru\/\" data-type=\"link\" data-id=\"https:\/\/caminodesantiagofrances.com\/en\/navarra\/maneru\/\"><\/a><a href=\"https:\/\/caminodesantiagofrances.com\/en\/navarra\/cirauqui\/\" data-type=\"link\" data-id=\"https:\/\/caminodesantiagofrances.com\/en\/navarra\/cirauqui\/\"><\/a><a href=\"https:\/\/caminodesantiagofrances.com\/en\/navarra\/lorca\/\" data-type=\"link\" data-id=\"https:\/\/caminodesantiagofrances.com\/en\/navarra\/lorca\/\"><\/a><a href=\"https:\/\/caminodesantiagofrances.com\/en\/navarra\/villatuerta\/\" data-type=\"link\" data-id=\"https:\/\/caminodesantiagofrances.com\/en\/navarra\/villatuerta\/\"><\/a><a href=\"https:\/\/caminodesantiagofrances.com\/en\/navarra\/estella\/\" data-type=\"link\" data-id=\"https:\/\/caminodesantiagofrances.com\/en\/navarra\/estella\/\"><\/a><a href=\"https:\/\/caminodesantiagofrances.com\/en\/navarra\/ayegui\/\" data-type=\"link\" data-id=\"https:\/\/caminodesantiagofrances.com\/en\/ayegui\/\"><\/a><a href=\"https:\/\/caminodesantiagofrances.com\/en\/navarra\/ayegui\/\" data-type=\"link\" data-id=\"https:\/\/caminodesantiagofrances.com\/en\/ayegui\/\"><\/a><a href=\"https:\/\/caminodesantiagofrances.com\/en\/navarra\/ayegui\/\" data-type=\"link\" data-id=\"https:\/\/caminodesantiagofrances.com\/en\/ayegui\/\"><\/a><a href=\"https:\/\/caminodesantiagofrances.com\/en\/navarra\/azqueta\/\" data-type=\"link\" data-id=\"https:\/\/caminodesantiagofrances.com\/en\/navarra\/azqueta\/\"><\/a><a href=\"https:\/\/caminodesantiagofrances.com\/en\/navarra\/villamayor-de-monjardin\/\" data-type=\"link\" data-id=\"https:\/\/caminodesantiagofrances.com\/en\/navarra\/villamayor-de-monjardin\/\"><\/a><a href=\"https:\/\/caminodesantiagofrances.com\/en\/navarra\/los-arcos\/\" data-type=\"link\" data-id=\"https:\/\/caminodesantiagofrances.com\/en\/navarra\/los-arcos\/\"><\/a><strong><a href=\"https:\/\/caminodesantiagofrances.com\/en\/provincia-de-leon\/riego-de-ambros\/\" target=\"_blank\" data-type=\"page\" data-id=\"11762\" rel=\"noreferrer noopener\">Riego de Ambr\u00f3s<\/a><\/strong><\/h3>\n\n\n\n<p class=\"ctlb-block-desc wp-block-paragraph\" style=\"padding-top:0px;padding-right:0px;padding-bottom:0px;padding-left:0px\"><\/p>\n<\/div><\/div><\/div><\/div><\/div><\/div>\n\n\n\n<div class=\"wp-block-cp-timeline-content-timeline-child swiper-slide\"><div class=\"timeline-content icon-true \"><div class=\"timeline-block-timeline ctl-row  position-left\"><div class=\"ctl-6 timeline-block-time\"><div class=\"story-time\"><p><strong><strong>4 km<\/strong><\/strong><\/p><\/div><\/div><div class=\"timeline-block-icon\"><span class=\"timeline-block-render-icon\" style=\"fill:white\"><div class=\"iconpicker-item\" style=\"font-size:24px;color:white;padding:2px\"><svg stroke=\"currentColor\" fill=\"currentColor\" stroke-width=\"0\" viewBox=\"0 0 448 512\" height=\"1em\" width=\"1em\" xmlns=\"http:\/\/www.w3.org\/2000\/svg\"><path d=\"M413.1 222.5l22.2 22.2c9.4 9.4 9.4 24.6 0 33.9L241 473c-9.4 9.4-24.6 9.4-33.9 0L12.7 278.6c-9.4-9.4-9.4-24.6 0-33.9l22.2-22.2c9.5-9.5 25-9.3 34.3.4L184 343.4V56c0-13.3 10.7-24 24-24h32c13.3 0 24 10.7 24 24v287.4l114.8-120.5c9.3-9.8 24.8-10 34.3-.4z\"><\/path><\/svg><\/div><\/span><\/div><div class=\"ctl-6 timeline-block-detail\"><div class=\"story-details\"><div class=\"story-content\">\n<figure class=\"wp-block-image size-full ctlb-block-image is-style-buddyx-border\"><a href=\"https:\/\/caminodesantiagofrances.com\/en\/provincia-de-leon\/molinaseca\/\" target=\"_blank\" rel=\" noreferrer noopener\"><img loading=\"lazy\" decoding=\"async\" width=\"600\" height=\"315\" src=\"https:\/\/caminodesantiagofrances.com\/en\/wp-content\/uploads\/sites\/3\/2024\/02\/Molinaseca-Camino-de-Santiago-Frances.jpg\" alt=\"\" class=\"wp-image-11773\" srcset=\"https:\/\/caminodesantiagofrances.com\/en\/wp-content\/uploads\/sites\/3\/2024\/02\/Molinaseca-Camino-de-Santiago-Frances.jpg 600w, https:\/\/caminodesantiagofrances.com\/en\/wp-content\/uploads\/sites\/3\/2024\/02\/Molinaseca-Camino-de-Santiago-Frances-300x158.jpg 300w\" sizes=\"auto, (max-width: 600px) 100vw, 600px\" \/><\/a><\/figure>\n\n\n\n<h3 class=\"wp-block-heading has-text-align-center ctlb-block-title\" style=\"padding-top:0px;padding-right:0px;padding-bottom:0px;padding-left:0px\"><a href=\"https:\/\/caminodesantiagofrances.com\/en\/navarra\/obanos\/\" data-type=\"link\" data-id=\"https:\/\/caminodesantiagofrances.com\/en\/navarra\/obanos\/\"><\/a><a href=\"https:\/\/caminodesantiagofrances.com\/en\/navarra\/puente-la-reina\/\" data-type=\"link\" data-id=\"https:\/\/caminodesantiagofrances.com\/en\/navarra\/puente-la-reina\/\"><\/a><a href=\"https:\/\/caminodesantiagofrances.com\/en\/navarra\/maneru\/\" data-type=\"link\" data-id=\"https:\/\/caminodesantiagofrances.com\/en\/navarra\/maneru\/\"><\/a><a href=\"https:\/\/caminodesantiagofrances.com\/en\/navarra\/cirauqui\/\" data-type=\"link\" data-id=\"https:\/\/caminodesantiagofrances.com\/en\/navarra\/cirauqui\/\"><\/a><a href=\"https:\/\/caminodesantiagofrances.com\/en\/navarra\/lorca\/\" data-type=\"link\" data-id=\"https:\/\/caminodesantiagofrances.com\/en\/navarra\/lorca\/\"><\/a><a href=\"https:\/\/caminodesantiagofrances.com\/en\/navarra\/villatuerta\/\" data-type=\"link\" data-id=\"https:\/\/caminodesantiagofrances.com\/en\/navarra\/villatuerta\/\"><\/a><a href=\"https:\/\/caminodesantiagofrances.com\/en\/navarra\/estella\/\" data-type=\"link\" data-id=\"https:\/\/caminodesantiagofrances.com\/en\/navarra\/estella\/\"><\/a><a href=\"https:\/\/caminodesantiagofrances.com\/en\/navarra\/ayegui\/\" data-type=\"link\" data-id=\"https:\/\/caminodesantiagofrances.com\/en\/ayegui\/\"><\/a><a href=\"https:\/\/caminodesantiagofrances.com\/en\/navarra\/ayegui\/\" data-type=\"link\" data-id=\"https:\/\/caminodesantiagofrances.com\/en\/ayegui\/\"><\/a><a href=\"https:\/\/caminodesantiagofrances.com\/en\/navarra\/ayegui\/\" data-type=\"link\" data-id=\"https:\/\/caminodesantiagofrances.com\/en\/ayegui\/\"><\/a><a href=\"https:\/\/caminodesantiagofrances.com\/en\/navarra\/azqueta\/\" data-type=\"link\" data-id=\"https:\/\/caminodesantiagofrances.com\/en\/navarra\/azqueta\/\"><\/a><a href=\"https:\/\/caminodesantiagofrances.com\/en\/navarra\/villamayor-de-monjardin\/\" data-type=\"link\" data-id=\"https:\/\/caminodesantiagofrances.com\/en\/navarra\/villamayor-de-monjardin\/\"><\/a><a href=\"https:\/\/caminodesantiagofrances.com\/en\/navarra\/los-arcos\/\" data-type=\"link\" data-id=\"https:\/\/caminodesantiagofrances.com\/en\/navarra\/los-arcos\/\"><\/a><a href=\"https:\/\/caminodesantiagofrances.com\/en\/navarra\/sansol\/\" data-type=\"link\" data-id=\"https:\/\/caminodesantiagofrances.com\/en\/navarra\/sansol\/\"><\/a><strong><a href=\"https:\/\/caminodesantiagofrances.com\/en\/provincia-de-leon\/molinaseca\/\" target=\"_blank\" data-type=\"page\" data-id=\"11768\" rel=\"noreferrer noopener\">Molinaseca<\/a><\/strong><\/h3>\n\n\n\n<p class=\"ctlb-block-desc wp-block-paragraph\" style=\"padding-top:0px;padding-right:0px;padding-bottom:0px;padding-left:0px\"><\/p>\n<\/div><\/div><\/div><\/div><\/div><\/div>\n\n\n\n<div class=\"wp-block-cp-timeline-content-timeline-child swiper-slide\"><div class=\"timeline-content icon-true \"><div class=\"timeline-block-timeline ctl-row  position-right\"><div class=\"ctl-6 timeline-block-time\"><div class=\"story-time\"><p><strong><strong>8 km<\/strong><\/strong><\/p><\/div><\/div><div class=\"timeline-block-icon\"><span class=\"timeline-block-render-icon\" style=\"fill:white\"><div class=\"iconpicker-item\" style=\"font-size:24px;color:white;padding:2px\"><svg stroke=\"currentColor\" fill=\"currentColor\" stroke-width=\"0\" viewBox=\"0 0 448 512\" height=\"1em\" width=\"1em\" xmlns=\"http:\/\/www.w3.org\/2000\/svg\"><path d=\"M413.1 222.5l22.2 22.2c9.4 9.4 9.4 24.6 0 33.9L241 473c-9.4 9.4-24.6 9.4-33.9 0L12.7 278.6c-9.4-9.4-9.4-24.6 0-33.9l22.2-22.2c9.5-9.5 25-9.3 34.3.4L184 343.4V56c0-13.3 10.7-24 24-24h32c13.3 0 24 10.7 24 24v287.4l114.8-120.5c9.3-9.8 24.8-10 34.3-.4z\"><\/path><\/svg><\/div><\/span><\/div><div class=\"ctl-6 timeline-block-detail\"><div class=\"story-details\"><div class=\"story-content\">\n<figure class=\"wp-block-image size-full ctlb-block-image is-style-buddyx-border\"><a href=\"https:\/\/caminodesantiagofrances.com\/en\/provincia-de-leon\/ponferrada\/\" target=\"_blank\" rel=\" noreferrer noopener\"><img loading=\"lazy\" decoding=\"async\" width=\"600\" height=\"315\" src=\"https:\/\/caminodesantiagofrances.com\/en\/wp-content\/uploads\/sites\/3\/2024\/02\/Ponferrada-Camino-de-Santiago-Frances.jpg\" alt=\"\" class=\"wp-image-11779\" srcset=\"https:\/\/caminodesantiagofrances.com\/en\/wp-content\/uploads\/sites\/3\/2024\/02\/Ponferrada-Camino-de-Santiago-Frances.jpg 600w, https:\/\/caminodesantiagofrances.com\/en\/wp-content\/uploads\/sites\/3\/2024\/02\/Ponferrada-Camino-de-Santiago-Frances-300x158.jpg 300w\" sizes=\"auto, (max-width: 600px) 100vw, 600px\" \/><\/a><\/figure>\n\n\n\n<h3 class=\"wp-block-heading has-text-align-center ctlb-block-title\" style=\"padding-top:0px;padding-right:0px;padding-bottom:0px;padding-left:0px\"><a href=\"https:\/\/caminodesantiagofrances.com\/en\/navarra\/obanos\/\" data-type=\"link\" data-id=\"https:\/\/caminodesantiagofrances.com\/en\/navarra\/obanos\/\"><\/a><a href=\"https:\/\/caminodesantiagofrances.com\/en\/navarra\/puente-la-reina\/\" data-type=\"link\" data-id=\"https:\/\/caminodesantiagofrances.com\/en\/navarra\/puente-la-reina\/\"><\/a><a href=\"https:\/\/caminodesantiagofrances.com\/en\/navarra\/maneru\/\" data-type=\"link\" data-id=\"https:\/\/caminodesantiagofrances.com\/en\/navarra\/maneru\/\"><\/a><a href=\"https:\/\/caminodesantiagofrances.com\/en\/navarra\/cirauqui\/\" data-type=\"link\" data-id=\"https:\/\/caminodesantiagofrances.com\/en\/navarra\/cirauqui\/\"><\/a><a href=\"https:\/\/caminodesantiagofrances.com\/en\/navarra\/lorca\/\" data-type=\"link\" data-id=\"https:\/\/caminodesantiagofrances.com\/en\/navarra\/lorca\/\"><\/a><a href=\"https:\/\/caminodesantiagofrances.com\/en\/navarra\/villatuerta\/\" data-type=\"link\" data-id=\"https:\/\/caminodesantiagofrances.com\/en\/navarra\/villatuerta\/\"><\/a><a href=\"https:\/\/caminodesantiagofrances.com\/en\/navarra\/estella\/\" data-type=\"link\" data-id=\"https:\/\/caminodesantiagofrances.com\/en\/navarra\/estella\/\"><\/a><a href=\"https:\/\/caminodesantiagofrances.com\/en\/navarra\/ayegui\/\" data-type=\"link\" data-id=\"https:\/\/caminodesantiagofrances.com\/en\/ayegui\/\"><\/a><a href=\"https:\/\/caminodesantiagofrances.com\/en\/navarra\/ayegui\/\" data-type=\"link\" data-id=\"https:\/\/caminodesantiagofrances.com\/en\/ayegui\/\"><\/a><a href=\"https:\/\/caminodesantiagofrances.com\/en\/navarra\/ayegui\/\" data-type=\"link\" data-id=\"https:\/\/caminodesantiagofrances.com\/en\/ayegui\/\"><\/a><a href=\"https:\/\/caminodesantiagofrances.com\/en\/navarra\/azqueta\/\" data-type=\"link\" data-id=\"https:\/\/caminodesantiagofrances.com\/en\/navarra\/azqueta\/\"><\/a><a href=\"https:\/\/caminodesantiagofrances.com\/en\/navarra\/villamayor-de-monjardin\/\" data-type=\"link\" data-id=\"https:\/\/caminodesantiagofrances.com\/en\/navarra\/villamayor-de-monjardin\/\"><\/a><a href=\"https:\/\/caminodesantiagofrances.com\/en\/navarra\/los-arcos\/\" data-type=\"link\" data-id=\"https:\/\/caminodesantiagofrances.com\/en\/navarra\/los-arcos\/\"><\/a><a href=\"https:\/\/caminodesantiagofrances.com\/en\/navarra\/sansol\/\" data-type=\"link\" data-id=\"https:\/\/caminodesantiagofrances.com\/en\/navarra\/sansol\/\"><\/a><a href=\"https:\/\/caminodesantiagofrances.com\/en\/navarra\/torres-del-rio\/\" data-type=\"link\" data-id=\"https:\/\/caminodesantiagofrances.com\/en\/navarra\/torres-del-rio\/\"><\/a><strong><a href=\"https:\/\/caminodesantiagofrances.com\/en\/provincia-de-leon\/ponferrada\/\" target=\"_blank\" data-type=\"page\" data-id=\"11776\" rel=\"noreferrer noopener\">Ponferrada<\/a><\/strong><\/h3>\n\n\n\n<p class=\"ctlb-block-desc wp-block-paragraph\" style=\"padding-top:0px;padding-right:0px;padding-bottom:0px;padding-left:0px\"><\/p>\n<\/div><\/div><\/div><\/div><\/div><\/div>\n\n\n\n<div class=\"wp-block-cp-timeline-content-timeline-child swiper-slide\"><div class=\"timeline-content icon-true \"><div class=\"timeline-block-timeline ctl-row  position-left\"><div class=\"ctl-6 timeline-block-time\"><div class=\"story-time\"><p><strong><strong>5 km<\/strong><\/strong><\/p><\/div><\/div><div class=\"timeline-block-icon\"><span class=\"timeline-block-render-icon\" style=\"fill:white\"><div class=\"iconpicker-item\" style=\"font-size:24px;color:white;padding:2px\"><svg stroke=\"currentColor\" fill=\"currentColor\" stroke-width=\"0\" viewBox=\"0 0 448 512\" height=\"1em\" width=\"1em\" xmlns=\"http:\/\/www.w3.org\/2000\/svg\"><path d=\"M413.1 222.5l22.2 22.2c9.4 9.4 9.4 24.6 0 33.9L241 473c-9.4 9.4-24.6 9.4-33.9 0L12.7 278.6c-9.4-9.4-9.4-24.6 0-33.9l22.2-22.2c9.5-9.5 25-9.3 34.3.4L184 343.4V56c0-13.3 10.7-24 24-24h32c13.3 0 24 10.7 24 24v287.4l114.8-120.5c9.3-9.8 24.8-10 34.3-.4z\"><\/path><\/svg><\/div><\/span><\/div><div class=\"ctl-6 timeline-block-detail\"><div class=\"story-details\"><div class=\"story-content\">\n<figure class=\"wp-block-image size-full ctlb-block-image is-style-buddyx-border\"><a href=\"https:\/\/caminodesantiagofrances.com\/en\/provincia-de-leon\/columbrianos\/\" target=\"_blank\" rel=\" noreferrer noopener\"><img loading=\"lazy\" decoding=\"async\" width=\"600\" height=\"315\" src=\"https:\/\/caminodesantiagofrances.com\/en\/wp-content\/uploads\/sites\/3\/2024\/02\/Columbrianos-Camino-de-Santiago-Frances.jpg\" alt=\"\" class=\"wp-image-11787\" srcset=\"https:\/\/caminodesantiagofrances.com\/en\/wp-content\/uploads\/sites\/3\/2024\/02\/Columbrianos-Camino-de-Santiago-Frances.jpg 600w, https:\/\/caminodesantiagofrances.com\/en\/wp-content\/uploads\/sites\/3\/2024\/02\/Columbrianos-Camino-de-Santiago-Frances-300x158.jpg 300w\" sizes=\"auto, (max-width: 600px) 100vw, 600px\" \/><\/a><\/figure>\n\n\n\n<h3 class=\"wp-block-heading has-text-align-center ctlb-block-title\" style=\"padding-top:0px;padding-right:0px;padding-bottom:0px;padding-left:0px\"><a href=\"https:\/\/caminodesantiagofrances.com\/en\/navarra\/obanos\/\" data-type=\"link\" data-id=\"https:\/\/caminodesantiagofrances.com\/en\/navarra\/obanos\/\"><\/a><a href=\"https:\/\/caminodesantiagofrances.com\/en\/navarra\/puente-la-reina\/\" data-type=\"link\" data-id=\"https:\/\/caminodesantiagofrances.com\/en\/navarra\/puente-la-reina\/\"><\/a><a href=\"https:\/\/caminodesantiagofrances.com\/en\/navarra\/maneru\/\" data-type=\"link\" data-id=\"https:\/\/caminodesantiagofrances.com\/en\/navarra\/maneru\/\"><\/a><a href=\"https:\/\/caminodesantiagofrances.com\/en\/navarra\/cirauqui\/\" data-type=\"link\" data-id=\"https:\/\/caminodesantiagofrances.com\/en\/navarra\/cirauqui\/\"><\/a><a href=\"https:\/\/caminodesantiagofrances.com\/en\/navarra\/lorca\/\" data-type=\"link\" data-id=\"https:\/\/caminodesantiagofrances.com\/en\/navarra\/lorca\/\"><\/a><a href=\"https:\/\/caminodesantiagofrances.com\/en\/navarra\/villatuerta\/\" data-type=\"link\" data-id=\"https:\/\/caminodesantiagofrances.com\/en\/navarra\/villatuerta\/\"><\/a><a href=\"https:\/\/caminodesantiagofrances.com\/en\/navarra\/estella\/\" data-type=\"link\" data-id=\"https:\/\/caminodesantiagofrances.com\/en\/navarra\/estella\/\"><\/a><a href=\"https:\/\/caminodesantiagofrances.com\/en\/navarra\/ayegui\/\" data-type=\"link\" data-id=\"https:\/\/caminodesantiagofrances.com\/en\/ayegui\/\"><\/a><a href=\"https:\/\/caminodesantiagofrances.com\/en\/navarra\/ayegui\/\" data-type=\"link\" data-id=\"https:\/\/caminodesantiagofrances.com\/en\/ayegui\/\"><\/a><a href=\"https:\/\/caminodesantiagofrances.com\/en\/navarra\/ayegui\/\" data-type=\"link\" data-id=\"https:\/\/caminodesantiagofrances.com\/en\/ayegui\/\"><\/a><a href=\"https:\/\/caminodesantiagofrances.com\/en\/navarra\/azqueta\/\" data-type=\"link\" data-id=\"https:\/\/caminodesantiagofrances.com\/en\/navarra\/azqueta\/\"><\/a><a href=\"https:\/\/caminodesantiagofrances.com\/en\/navarra\/villamayor-de-monjardin\/\" data-type=\"link\" data-id=\"https:\/\/caminodesantiagofrances.com\/en\/navarra\/villamayor-de-monjardin\/\"><\/a><a href=\"https:\/\/caminodesantiagofrances.com\/en\/navarra\/los-arcos\/\" data-type=\"link\" data-id=\"https:\/\/caminodesantiagofrances.com\/en\/navarra\/los-arcos\/\"><\/a><a href=\"https:\/\/caminodesantiagofrances.com\/en\/navarra\/sansol\/\" data-type=\"link\" data-id=\"https:\/\/caminodesantiagofrances.com\/en\/navarra\/sansol\/\"><\/a><a href=\"https:\/\/caminodesantiagofrances.com\/en\/navarra\/torres-del-rio\/\" data-type=\"link\" data-id=\"https:\/\/caminodesantiagofrances.com\/en\/navarra\/torres-del-rio\/\"><\/a><strong><a href=\"https:\/\/caminodesantiagofrances.com\/en\/provincia-de-leon\/columbrianos\/\" target=\"_blank\" data-type=\"page\" data-id=\"11782\" rel=\"noreferrer noopener\">Columbrianos<\/a><\/strong><\/h3>\n\n\n\n<p class=\"ctlb-block-desc wp-block-paragraph\" style=\"padding-top:0px;padding-right:0px;padding-bottom:0px;padding-left:0px\"><\/p>\n<\/div><\/div><\/div><\/div><\/div><\/div>\n\n\n\n<div class=\"wp-block-cp-timeline-content-timeline-child swiper-slide\"><div class=\"timeline-content icon-true \"><div class=\"timeline-block-timeline ctl-row  position-right\"><div class=\"ctl-6 timeline-block-time\"><div class=\"story-time\"><p><strong><strong>3 km<\/strong><\/strong><\/p><\/div><\/div><div class=\"timeline-block-icon\"><span class=\"timeline-block-render-icon\" style=\"fill:white\"><div class=\"iconpicker-item\" style=\"font-size:24px;color:white;padding:2px\"><svg stroke=\"currentColor\" fill=\"currentColor\" stroke-width=\"0\" viewBox=\"0 0 448 512\" height=\"1em\" width=\"1em\" xmlns=\"http:\/\/www.w3.org\/2000\/svg\"><path d=\"M413.1 222.5l22.2 22.2c9.4 9.4 9.4 24.6 0 33.9L241 473c-9.4 9.4-24.6 9.4-33.9 0L12.7 278.6c-9.4-9.4-9.4-24.6 0-33.9l22.2-22.2c9.5-9.5 25-9.3 34.3.4L184 343.4V56c0-13.3 10.7-24 24-24h32c13.3 0 24 10.7 24 24v287.4l114.8-120.5c9.3-9.8 24.8-10 34.3-.4z\"><\/path><\/svg><\/div><\/span><\/div><div class=\"ctl-6 timeline-block-detail\"><div class=\"story-details\"><div class=\"story-content\">\n<figure class=\"wp-block-image size-full ctlb-block-image is-style-buddyx-border\"><a href=\"https:\/\/caminodesantiagofrances.com\/en\/provincia-de-leon\/fuentes-nuevas\/\" target=\"_blank\" rel=\" noreferrer noopener\"><img loading=\"lazy\" decoding=\"async\" width=\"600\" height=\"315\" src=\"https:\/\/caminodesantiagofrances.com\/en\/wp-content\/uploads\/sites\/3\/2024\/02\/Fuentes-Nuevas-Camino-de-Santiago-Frances.jpg\" alt=\"\" class=\"wp-image-11793\" srcset=\"https:\/\/caminodesantiagofrances.com\/en\/wp-content\/uploads\/sites\/3\/2024\/02\/Fuentes-Nuevas-Camino-de-Santiago-Frances.jpg 600w, https:\/\/caminodesantiagofrances.com\/en\/wp-content\/uploads\/sites\/3\/2024\/02\/Fuentes-Nuevas-Camino-de-Santiago-Frances-300x158.jpg 300w\" sizes=\"auto, (max-width: 600px) 100vw, 600px\" \/><\/a><\/figure>\n\n\n\n<h3 class=\"wp-block-heading has-text-align-center ctlb-block-title\" style=\"padding-top:0px;padding-right:0px;padding-bottom:0px;padding-left:0px\"><a href=\"https:\/\/caminodesantiagofrances.com\/en\/navarra\/obanos\/\" data-type=\"link\" data-id=\"https:\/\/caminodesantiagofrances.com\/en\/navarra\/obanos\/\"><\/a><a href=\"https:\/\/caminodesantiagofrances.com\/en\/navarra\/puente-la-reina\/\" data-type=\"link\" data-id=\"https:\/\/caminodesantiagofrances.com\/en\/navarra\/puente-la-reina\/\"><\/a><a href=\"https:\/\/caminodesantiagofrances.com\/en\/navarra\/maneru\/\" data-type=\"link\" data-id=\"https:\/\/caminodesantiagofrances.com\/en\/navarra\/maneru\/\"><\/a><a href=\"https:\/\/caminodesantiagofrances.com\/en\/navarra\/cirauqui\/\" data-type=\"link\" data-id=\"https:\/\/caminodesantiagofrances.com\/en\/navarra\/cirauqui\/\"><\/a><a href=\"https:\/\/caminodesantiagofrances.com\/en\/navarra\/lorca\/\" data-type=\"link\" data-id=\"https:\/\/caminodesantiagofrances.com\/en\/navarra\/lorca\/\"><\/a><a href=\"https:\/\/caminodesantiagofrances.com\/en\/navarra\/villatuerta\/\" data-type=\"link\" data-id=\"https:\/\/caminodesantiagofrances.com\/en\/navarra\/villatuerta\/\"><\/a><a href=\"https:\/\/caminodesantiagofrances.com\/en\/navarra\/estella\/\" data-type=\"link\" data-id=\"https:\/\/caminodesantiagofrances.com\/en\/navarra\/estella\/\"><\/a><a href=\"https:\/\/caminodesantiagofrances.com\/en\/navarra\/ayegui\/\" data-type=\"link\" data-id=\"https:\/\/caminodesantiagofrances.com\/en\/ayegui\/\"><\/a><a href=\"https:\/\/caminodesantiagofrances.com\/en\/navarra\/ayegui\/\" data-type=\"link\" data-id=\"https:\/\/caminodesantiagofrances.com\/en\/ayegui\/\"><\/a><a href=\"https:\/\/caminodesantiagofrances.com\/en\/navarra\/ayegui\/\" data-type=\"link\" data-id=\"https:\/\/caminodesantiagofrances.com\/en\/ayegui\/\"><\/a><a href=\"https:\/\/caminodesantiagofrances.com\/en\/navarra\/azqueta\/\" data-type=\"link\" data-id=\"https:\/\/caminodesantiagofrances.com\/en\/navarra\/azqueta\/\"><\/a><a href=\"https:\/\/caminodesantiagofrances.com\/en\/navarra\/villamayor-de-monjardin\/\" data-type=\"link\" data-id=\"https:\/\/caminodesantiagofrances.com\/en\/navarra\/villamayor-de-monjardin\/\"><\/a><a href=\"https:\/\/caminodesantiagofrances.com\/en\/navarra\/los-arcos\/\" data-type=\"link\" data-id=\"https:\/\/caminodesantiagofrances.com\/en\/navarra\/los-arcos\/\"><\/a><a href=\"https:\/\/caminodesantiagofrances.com\/en\/navarra\/sansol\/\" data-type=\"link\" data-id=\"https:\/\/caminodesantiagofrances.com\/en\/navarra\/sansol\/\"><\/a><a href=\"https:\/\/caminodesantiagofrances.com\/en\/navarra\/torres-del-rio\/\" data-type=\"link\" data-id=\"https:\/\/caminodesantiagofrances.com\/en\/navarra\/torres-del-rio\/\"><\/a><strong><a href=\"https:\/\/caminodesantiagofrances.com\/en\/provincia-de-leon\/fuentes-nuevas\/\" target=\"_blank\" data-type=\"page\" data-id=\"11789\" rel=\"noreferrer noopener\">Fuentes Nuevas<\/a><\/strong><\/h3>\n\n\n\n<p class=\"ctlb-block-desc wp-block-paragraph\" style=\"padding-top:0px;padding-right:0px;padding-bottom:0px;padding-left:0px\"><\/p>\n<\/div><\/div><\/div><\/div><\/div><\/div>\n\n\n\n<div class=\"wp-block-cp-timeline-content-timeline-child swiper-slide\"><div class=\"timeline-content icon-true \"><div class=\"timeline-block-timeline ctl-row  position-left\"><div class=\"ctl-6 timeline-block-time\"><div class=\"story-time\"><p><strong><strong>2 km<\/strong><\/strong><\/p><\/div><\/div><div class=\"timeline-block-icon\"><span class=\"timeline-block-render-icon\" style=\"fill:white\"><div class=\"iconpicker-item\" style=\"font-size:24px;color:white;padding:2px\"><svg stroke=\"currentColor\" fill=\"currentColor\" stroke-width=\"0\" viewBox=\"0 0 448 512\" height=\"1em\" width=\"1em\" xmlns=\"http:\/\/www.w3.org\/2000\/svg\"><path d=\"M413.1 222.5l22.2 22.2c9.4 9.4 9.4 24.6 0 33.9L241 473c-9.4 9.4-24.6 9.4-33.9 0L12.7 278.6c-9.4-9.4-9.4-24.6 0-33.9l22.2-22.2c9.5-9.5 25-9.3 34.3.4L184 343.4V56c0-13.3 10.7-24 24-24h32c13.3 0 24 10.7 24 24v287.4l114.8-120.5c9.3-9.8 24.8-10 34.3-.4z\"><\/path><\/svg><\/div><\/span><\/div><div class=\"ctl-6 timeline-block-detail\"><div class=\"story-details\"><div class=\"story-content\">\n<figure class=\"wp-block-image size-full ctlb-block-image is-style-buddyx-border\"><a href=\"https:\/\/caminodesantiagofrances.com\/en\/provincia-de-leon\/camponaraya\/\" target=\"_blank\" rel=\" noreferrer noopener\"><img loading=\"lazy\" decoding=\"async\" width=\"600\" height=\"315\" src=\"https:\/\/caminodesantiagofrances.com\/en\/wp-content\/uploads\/sites\/3\/2024\/02\/Camponaraya-Camino-de-Santiago-Frances.jpg\" alt=\"\" class=\"wp-image-11799\" srcset=\"https:\/\/caminodesantiagofrances.com\/en\/wp-content\/uploads\/sites\/3\/2024\/02\/Camponaraya-Camino-de-Santiago-Frances.jpg 600w, https:\/\/caminodesantiagofrances.com\/en\/wp-content\/uploads\/sites\/3\/2024\/02\/Camponaraya-Camino-de-Santiago-Frances-300x158.jpg 300w\" sizes=\"auto, (max-width: 600px) 100vw, 600px\" \/><\/a><\/figure>\n\n\n\n<h3 class=\"wp-block-heading has-text-align-center ctlb-block-title\" style=\"padding-top:0px;padding-right:0px;padding-bottom:0px;padding-left:0px\"><a href=\"https:\/\/caminodesantiagofrances.com\/en\/navarra\/obanos\/\" data-type=\"link\" data-id=\"https:\/\/caminodesantiagofrances.com\/en\/navarra\/obanos\/\"><\/a><a href=\"https:\/\/caminodesantiagofrances.com\/en\/navarra\/puente-la-reina\/\" data-type=\"link\" data-id=\"https:\/\/caminodesantiagofrances.com\/en\/navarra\/puente-la-reina\/\"><\/a><a href=\"https:\/\/caminodesantiagofrances.com\/en\/navarra\/maneru\/\" data-type=\"link\" data-id=\"https:\/\/caminodesantiagofrances.com\/en\/navarra\/maneru\/\"><\/a><a href=\"https:\/\/caminodesantiagofrances.com\/en\/navarra\/cirauqui\/\" data-type=\"link\" data-id=\"https:\/\/caminodesantiagofrances.com\/en\/navarra\/cirauqui\/\"><\/a><a href=\"https:\/\/caminodesantiagofrances.com\/en\/navarra\/lorca\/\" data-type=\"link\" data-id=\"https:\/\/caminodesantiagofrances.com\/en\/navarra\/lorca\/\"><\/a><a href=\"https:\/\/caminodesantiagofrances.com\/en\/navarra\/villatuerta\/\" data-type=\"link\" data-id=\"https:\/\/caminodesantiagofrances.com\/en\/navarra\/villatuerta\/\"><\/a><a href=\"https:\/\/caminodesantiagofrances.com\/en\/navarra\/estella\/\" data-type=\"link\" data-id=\"https:\/\/caminodesantiagofrances.com\/en\/navarra\/estella\/\"><\/a><a href=\"https:\/\/caminodesantiagofrances.com\/en\/navarra\/ayegui\/\" data-type=\"link\" data-id=\"https:\/\/caminodesantiagofrances.com\/en\/ayegui\/\"><\/a><a href=\"https:\/\/caminodesantiagofrances.com\/en\/navarra\/ayegui\/\" data-type=\"link\" data-id=\"https:\/\/caminodesantiagofrances.com\/en\/ayegui\/\"><\/a><a href=\"https:\/\/caminodesantiagofrances.com\/en\/navarra\/ayegui\/\" data-type=\"link\" data-id=\"https:\/\/caminodesantiagofrances.com\/en\/ayegui\/\"><\/a><a href=\"https:\/\/caminodesantiagofrances.com\/en\/navarra\/azqueta\/\" data-type=\"link\" data-id=\"https:\/\/caminodesantiagofrances.com\/en\/navarra\/azqueta\/\"><\/a><a href=\"https:\/\/caminodesantiagofrances.com\/en\/navarra\/villamayor-de-monjardin\/\" data-type=\"link\" data-id=\"https:\/\/caminodesantiagofrances.com\/en\/navarra\/villamayor-de-monjardin\/\"><\/a><a href=\"https:\/\/caminodesantiagofrances.com\/en\/navarra\/los-arcos\/\" data-type=\"link\" data-id=\"https:\/\/caminodesantiagofrances.com\/en\/navarra\/los-arcos\/\"><\/a><a href=\"https:\/\/caminodesantiagofrances.com\/en\/navarra\/sansol\/\" data-type=\"link\" data-id=\"https:\/\/caminodesantiagofrances.com\/en\/navarra\/sansol\/\"><\/a><a href=\"https:\/\/caminodesantiagofrances.com\/en\/navarra\/torres-del-rio\/\" data-type=\"link\" data-id=\"https:\/\/caminodesantiagofrances.com\/en\/navarra\/torres-del-rio\/\"><\/a><strong><a href=\"https:\/\/caminodesantiagofrances.com\/en\/provincia-de-leon\/camponaraya\/\" target=\"_blank\" data-type=\"page\" data-id=\"11796\" rel=\"noreferrer noopener\">Camponaraya<\/a><\/strong><\/h3>\n\n\n\n<p class=\"ctlb-block-desc wp-block-paragraph\" style=\"padding-top:0px;padding-right:0px;padding-bottom:0px;padding-left:0px\"><\/p>\n<\/div><\/div><\/div><\/div><\/div><\/div>\n\n\n\n<div class=\"wp-block-cp-timeline-content-timeline-child swiper-slide\"><div class=\"timeline-content icon-true \"><div class=\"timeline-block-timeline ctl-row  position-right\"><div class=\"ctl-6 timeline-block-time\"><div class=\"story-time\"><p><strong><strong>7 km<\/strong><\/strong><\/p><\/div><\/div><div class=\"timeline-block-icon\"><span class=\"timeline-block-render-icon\" style=\"fill:white\"><div class=\"iconpicker-item\" style=\"font-size:24px;color:white;padding:2px\"><svg stroke=\"currentColor\" fill=\"currentColor\" stroke-width=\"0\" viewBox=\"0 0 448 512\" height=\"1em\" width=\"1em\" xmlns=\"http:\/\/www.w3.org\/2000\/svg\"><path d=\"M413.1 222.5l22.2 22.2c9.4 9.4 9.4 24.6 0 33.9L241 473c-9.4 9.4-24.6 9.4-33.9 0L12.7 278.6c-9.4-9.4-9.4-24.6 0-33.9l22.2-22.2c9.5-9.5 25-9.3 34.3.4L184 343.4V56c0-13.3 10.7-24 24-24h32c13.3 0 24 10.7 24 24v287.4l114.8-120.5c9.3-9.8 24.8-10 34.3-.4z\"><\/path><\/svg><\/div><\/span><\/div><div class=\"ctl-6 timeline-block-detail\"><div class=\"story-details\"><div class=\"story-content\">\n<figure class=\"wp-block-image size-full ctlb-block-image is-style-buddyx-border\"><a href=\"https:\/\/caminodesantiagofrances.com\/en\/provincia-de-leon\/cacabelos\/\" target=\"_blank\" rel=\" noreferrer noopener\"><img loading=\"lazy\" decoding=\"async\" width=\"600\" height=\"315\" src=\"https:\/\/caminodesantiagofrances.com\/en\/wp-content\/uploads\/sites\/3\/2024\/02\/Cacabelos-Camino-de-Santiago-Frances.jpg\" alt=\"\" class=\"wp-image-11806\" srcset=\"https:\/\/caminodesantiagofrances.com\/en\/wp-content\/uploads\/sites\/3\/2024\/02\/Cacabelos-Camino-de-Santiago-Frances.jpg 600w, https:\/\/caminodesantiagofrances.com\/en\/wp-content\/uploads\/sites\/3\/2024\/02\/Cacabelos-Camino-de-Santiago-Frances-300x158.jpg 300w\" sizes=\"auto, (max-width: 600px) 100vw, 600px\" \/><\/a><\/figure>\n\n\n\n<h3 class=\"wp-block-heading has-text-align-center ctlb-block-title\" style=\"padding-top:0px;padding-right:0px;padding-bottom:0px;padding-left:0px\"><a href=\"https:\/\/caminodesantiagofrances.com\/en\/navarra\/obanos\/\" data-type=\"link\" data-id=\"https:\/\/caminodesantiagofrances.com\/en\/navarra\/obanos\/\"><\/a><a href=\"https:\/\/caminodesantiagofrances.com\/en\/navarra\/puente-la-reina\/\" data-type=\"link\" data-id=\"https:\/\/caminodesantiagofrances.com\/en\/navarra\/puente-la-reina\/\"><\/a><a href=\"https:\/\/caminodesantiagofrances.com\/en\/navarra\/maneru\/\" data-type=\"link\" data-id=\"https:\/\/caminodesantiagofrances.com\/en\/navarra\/maneru\/\"><\/a><a href=\"https:\/\/caminodesantiagofrances.com\/en\/navarra\/cirauqui\/\" data-type=\"link\" data-id=\"https:\/\/caminodesantiagofrances.com\/en\/navarra\/cirauqui\/\"><\/a><a href=\"https:\/\/caminodesantiagofrances.com\/en\/navarra\/lorca\/\" data-type=\"link\" data-id=\"https:\/\/caminodesantiagofrances.com\/en\/navarra\/lorca\/\"><\/a><a href=\"https:\/\/caminodesantiagofrances.com\/en\/navarra\/villatuerta\/\" data-type=\"link\" data-id=\"https:\/\/caminodesantiagofrances.com\/en\/navarra\/villatuerta\/\"><\/a><a href=\"https:\/\/caminodesantiagofrances.com\/en\/navarra\/estella\/\" data-type=\"link\" data-id=\"https:\/\/caminodesantiagofrances.com\/en\/navarra\/estella\/\"><\/a><a href=\"https:\/\/caminodesantiagofrances.com\/en\/navarra\/ayegui\/\" data-type=\"link\" data-id=\"https:\/\/caminodesantiagofrances.com\/en\/ayegui\/\"><\/a><a href=\"https:\/\/caminodesantiagofrances.com\/en\/navarra\/ayegui\/\" data-type=\"link\" data-id=\"https:\/\/caminodesantiagofrances.com\/en\/ayegui\/\"><\/a><a href=\"https:\/\/caminodesantiagofrances.com\/en\/navarra\/ayegui\/\" data-type=\"link\" data-id=\"https:\/\/caminodesantiagofrances.com\/en\/ayegui\/\"><\/a><a href=\"https:\/\/caminodesantiagofrances.com\/en\/navarra\/azqueta\/\" data-type=\"link\" data-id=\"https:\/\/caminodesantiagofrances.com\/en\/navarra\/azqueta\/\"><\/a><a href=\"https:\/\/caminodesantiagofrances.com\/en\/navarra\/villamayor-de-monjardin\/\" data-type=\"link\" data-id=\"https:\/\/caminodesantiagofrances.com\/en\/navarra\/villamayor-de-monjardin\/\"><\/a><a href=\"https:\/\/caminodesantiagofrances.com\/en\/navarra\/los-arcos\/\" data-type=\"link\" data-id=\"https:\/\/caminodesantiagofrances.com\/en\/navarra\/los-arcos\/\"><\/a><a href=\"https:\/\/caminodesantiagofrances.com\/en\/navarra\/sansol\/\" data-type=\"link\" data-id=\"https:\/\/caminodesantiagofrances.com\/en\/navarra\/sansol\/\"><\/a><a href=\"https:\/\/caminodesantiagofrances.com\/en\/navarra\/torres-del-rio\/\" data-type=\"link\" data-id=\"https:\/\/caminodesantiagofrances.com\/en\/navarra\/torres-del-rio\/\"><\/a><strong><a href=\"https:\/\/caminodesantiagofrances.com\/en\/provincia-de-leon\/cacabelos\/\" target=\"_blank\" data-type=\"page\" data-id=\"11802\" rel=\"noreferrer noopener\">Cacabelos<\/a><\/strong><\/h3>\n\n\n\n<p class=\"ctlb-block-desc wp-block-paragraph\" style=\"padding-top:0px;padding-right:0px;padding-bottom:0px;padding-left:0px\"><\/p>\n<\/div><\/div><\/div><\/div><\/div><\/div>\n\n\n\n<div class=\"wp-block-cp-timeline-content-timeline-child swiper-slide\"><div class=\"timeline-content icon-true \"><div class=\"timeline-block-timeline ctl-row  position-left\"><div class=\"ctl-6 timeline-block-time\"><div class=\"story-time\"><p><strong><strong>2 km<\/strong><\/strong><\/p><\/div><\/div><div class=\"timeline-block-icon\"><span class=\"timeline-block-render-icon\" style=\"fill:white\"><div class=\"iconpicker-item\" style=\"font-size:24px;color:white;padding:2px\"><svg stroke=\"currentColor\" fill=\"currentColor\" stroke-width=\"0\" viewBox=\"0 0 448 512\" height=\"1em\" width=\"1em\" xmlns=\"http:\/\/www.w3.org\/2000\/svg\"><path d=\"M413.1 222.5l22.2 22.2c9.4 9.4 9.4 24.6 0 33.9L241 473c-9.4 9.4-24.6 9.4-33.9 0L12.7 278.6c-9.4-9.4-9.4-24.6 0-33.9l22.2-22.2c9.5-9.5 25-9.3 34.3.4L184 343.4V56c0-13.3 10.7-24 24-24h32c13.3 0 24 10.7 24 24v287.4l114.8-120.5c9.3-9.8 24.8-10 34.3-.4z\"><\/path><\/svg><\/div><\/span><\/div><div class=\"ctl-6 timeline-block-detail\"><div class=\"story-details\"><div class=\"story-content\">\n<figure class=\"wp-block-image size-full ctlb-block-image is-style-buddyx-border\"><a href=\"https:\/\/caminodesantiagofrances.com\/en\/provincia-de-leon\/pieros\/\" target=\"_blank\" rel=\" noreferrer noopener\"><img loading=\"lazy\" decoding=\"async\" width=\"600\" height=\"315\" src=\"https:\/\/caminodesantiagofrances.com\/en\/wp-content\/uploads\/sites\/3\/2024\/02\/Pieros-Camino-de-Santiago-Frances.jpg\" alt=\"\" class=\"wp-image-11812\" srcset=\"https:\/\/caminodesantiagofrances.com\/en\/wp-content\/uploads\/sites\/3\/2024\/02\/Pieros-Camino-de-Santiago-Frances.jpg 600w, https:\/\/caminodesantiagofrances.com\/en\/wp-content\/uploads\/sites\/3\/2024\/02\/Pieros-Camino-de-Santiago-Frances-300x158.jpg 300w\" sizes=\"auto, (max-width: 600px) 100vw, 600px\" \/><\/a><\/figure>\n\n\n\n<h3 class=\"wp-block-heading has-text-align-center ctlb-block-title\" style=\"padding-top:0px;padding-right:0px;padding-bottom:0px;padding-left:0px\"><a href=\"https:\/\/caminodesantiagofrances.com\/en\/navarra\/obanos\/\" data-type=\"link\" data-id=\"https:\/\/caminodesantiagofrances.com\/en\/navarra\/obanos\/\"><\/a><a href=\"https:\/\/caminodesantiagofrances.com\/en\/navarra\/puente-la-reina\/\" data-type=\"link\" data-id=\"https:\/\/caminodesantiagofrances.com\/en\/navarra\/puente-la-reina\/\"><\/a><a href=\"https:\/\/caminodesantiagofrances.com\/en\/navarra\/maneru\/\" data-type=\"link\" data-id=\"https:\/\/caminodesantiagofrances.com\/en\/navarra\/maneru\/\"><\/a><a href=\"https:\/\/caminodesantiagofrances.com\/en\/navarra\/cirauqui\/\" data-type=\"link\" data-id=\"https:\/\/caminodesantiagofrances.com\/en\/navarra\/cirauqui\/\"><\/a><a href=\"https:\/\/caminodesantiagofrances.com\/en\/navarra\/lorca\/\" data-type=\"link\" data-id=\"https:\/\/caminodesantiagofrances.com\/en\/navarra\/lorca\/\"><\/a><a href=\"https:\/\/caminodesantiagofrances.com\/en\/navarra\/villatuerta\/\" data-type=\"link\" data-id=\"https:\/\/caminodesantiagofrances.com\/en\/navarra\/villatuerta\/\"><\/a><a href=\"https:\/\/caminodesantiagofrances.com\/en\/navarra\/estella\/\" data-type=\"link\" data-id=\"https:\/\/caminodesantiagofrances.com\/en\/navarra\/estella\/\"><\/a><a href=\"https:\/\/caminodesantiagofrances.com\/en\/navarra\/ayegui\/\" data-type=\"link\" data-id=\"https:\/\/caminodesantiagofrances.com\/en\/ayegui\/\"><\/a><a href=\"https:\/\/caminodesantiagofrances.com\/en\/navarra\/ayegui\/\" data-type=\"link\" data-id=\"https:\/\/caminodesantiagofrances.com\/en\/ayegui\/\"><\/a><a href=\"https:\/\/caminodesantiagofrances.com\/en\/navarra\/ayegui\/\" data-type=\"link\" data-id=\"https:\/\/caminodesantiagofrances.com\/en\/ayegui\/\"><\/a><a href=\"https:\/\/caminodesantiagofrances.com\/en\/navarra\/azqueta\/\" data-type=\"link\" data-id=\"https:\/\/caminodesantiagofrances.com\/en\/navarra\/azqueta\/\"><\/a><a href=\"https:\/\/caminodesantiagofrances.com\/en\/navarra\/villamayor-de-monjardin\/\" data-type=\"link\" data-id=\"https:\/\/caminodesantiagofrances.com\/en\/navarra\/villamayor-de-monjardin\/\"><\/a><a href=\"https:\/\/caminodesantiagofrances.com\/en\/navarra\/los-arcos\/\" data-type=\"link\" data-id=\"https:\/\/caminodesantiagofrances.com\/en\/navarra\/los-arcos\/\"><\/a><a href=\"https:\/\/caminodesantiagofrances.com\/en\/navarra\/sansol\/\" data-type=\"link\" data-id=\"https:\/\/caminodesantiagofrances.com\/en\/navarra\/sansol\/\"><\/a><a href=\"https:\/\/caminodesantiagofrances.com\/en\/navarra\/torres-del-rio\/\" data-type=\"link\" data-id=\"https:\/\/caminodesantiagofrances.com\/en\/navarra\/torres-del-rio\/\"><\/a><strong><a href=\"https:\/\/caminodesantiagofrances.com\/en\/provincia-de-leon\/pieros\/\" target=\"_blank\" data-type=\"page\" data-id=\"11808\" rel=\"noreferrer noopener\">Pieros<\/a><\/strong><\/h3>\n\n\n\n<p class=\"ctlb-block-desc wp-block-paragraph\" style=\"padding-top:0px;padding-right:0px;padding-bottom:0px;padding-left:0px\"><\/p>\n<\/div><\/div><\/div><\/div><\/div><\/div>\n\n\n\n<div class=\"wp-block-cp-timeline-content-timeline-child swiper-slide\"><div class=\"timeline-content icon-true \"><div class=\"timeline-block-timeline ctl-row  position-right\"><div class=\"ctl-6 timeline-block-time\"><div class=\"story-time\"><p><strong><strong>5 km<\/strong><\/strong><\/p><\/div><\/div><div class=\"timeline-block-icon\"><span class=\"timeline-block-render-icon\" style=\"fill:white\"><div class=\"iconpicker-item\" style=\"font-size:24px;color:white;padding:2px\"><svg stroke=\"currentColor\" fill=\"currentColor\" stroke-width=\"0\" viewBox=\"0 0 448 512\" height=\"1em\" width=\"1em\" xmlns=\"http:\/\/www.w3.org\/2000\/svg\"><path d=\"M413.1 222.5l22.2 22.2c9.4 9.4 9.4 24.6 0 33.9L241 473c-9.4 9.4-24.6 9.4-33.9 0L12.7 278.6c-9.4-9.4-9.4-24.6 0-33.9l22.2-22.2c9.5-9.5 25-9.3 34.3.4L184 343.4V56c0-13.3 10.7-24 24-24h32c13.3 0 24 10.7 24 24v287.4l114.8-120.5c9.3-9.8 24.8-10 34.3-.4z\"><\/path><\/svg><\/div><\/span><\/div><div class=\"ctl-6 timeline-block-detail\"><div class=\"story-details\"><div class=\"story-content\">\n<figure class=\"wp-block-image size-full ctlb-block-image is-style-buddyx-border\"><a href=\"https:\/\/caminodesantiagofrances.com\/en\/provincia-de-leon\/villafranca-del-bierzo\/\" target=\"_blank\" rel=\" noreferrer noopener\"><img loading=\"lazy\" decoding=\"async\" width=\"600\" height=\"315\" src=\"https:\/\/caminodesantiagofrances.com\/en\/wp-content\/uploads\/sites\/3\/2024\/02\/Villafranca-del-Bierzo-Camino-de-Santiago-Frances.jpg\" alt=\"\" class=\"wp-image-11819\" srcset=\"https:\/\/caminodesantiagofrances.com\/en\/wp-content\/uploads\/sites\/3\/2024\/02\/Villafranca-del-Bierzo-Camino-de-Santiago-Frances.jpg 600w, https:\/\/caminodesantiagofrances.com\/en\/wp-content\/uploads\/sites\/3\/2024\/02\/Villafranca-del-Bierzo-Camino-de-Santiago-Frances-300x158.jpg 300w\" sizes=\"auto, (max-width: 600px) 100vw, 600px\" \/><\/a><\/figure>\n\n\n\n<h3 class=\"wp-block-heading has-text-align-center ctlb-block-title\" style=\"padding-top:0px;padding-right:0px;padding-bottom:0px;padding-left:0px\"><a href=\"https:\/\/caminodesantiagofrances.com\/en\/navarra\/obanos\/\" data-type=\"link\" data-id=\"https:\/\/caminodesantiagofrances.com\/en\/navarra\/obanos\/\"><\/a><a href=\"https:\/\/caminodesantiagofrances.com\/en\/navarra\/puente-la-reina\/\" data-type=\"link\" data-id=\"https:\/\/caminodesantiagofrances.com\/en\/navarra\/puente-la-reina\/\"><\/a><a href=\"https:\/\/caminodesantiagofrances.com\/en\/navarra\/maneru\/\" data-type=\"link\" data-id=\"https:\/\/caminodesantiagofrances.com\/en\/navarra\/maneru\/\"><\/a><a href=\"https:\/\/caminodesantiagofrances.com\/en\/navarra\/cirauqui\/\" data-type=\"link\" data-id=\"https:\/\/caminodesantiagofrances.com\/en\/navarra\/cirauqui\/\"><\/a><a href=\"https:\/\/caminodesantiagofrances.com\/en\/navarra\/lorca\/\" data-type=\"link\" data-id=\"https:\/\/caminodesantiagofrances.com\/en\/navarra\/lorca\/\"><\/a><a href=\"https:\/\/caminodesantiagofrances.com\/en\/navarra\/villatuerta\/\" data-type=\"link\" data-id=\"https:\/\/caminodesantiagofrances.com\/en\/navarra\/villatuerta\/\"><\/a><a href=\"https:\/\/caminodesantiagofrances.com\/en\/navarra\/estella\/\" data-type=\"link\" data-id=\"https:\/\/caminodesantiagofrances.com\/en\/navarra\/estella\/\"><\/a><a href=\"https:\/\/caminodesantiagofrances.com\/en\/navarra\/ayegui\/\" data-type=\"link\" data-id=\"https:\/\/caminodesantiagofrances.com\/en\/ayegui\/\"><\/a><a href=\"https:\/\/caminodesantiagofrances.com\/en\/navarra\/ayegui\/\" data-type=\"link\" data-id=\"https:\/\/caminodesantiagofrances.com\/en\/ayegui\/\"><\/a><a href=\"https:\/\/caminodesantiagofrances.com\/en\/navarra\/ayegui\/\" data-type=\"link\" data-id=\"https:\/\/caminodesantiagofrances.com\/en\/ayegui\/\"><\/a><a href=\"https:\/\/caminodesantiagofrances.com\/en\/navarra\/azqueta\/\" data-type=\"link\" data-id=\"https:\/\/caminodesantiagofrances.com\/en\/navarra\/azqueta\/\"><\/a><a href=\"https:\/\/caminodesantiagofrances.com\/en\/navarra\/villamayor-de-monjardin\/\" data-type=\"link\" data-id=\"https:\/\/caminodesantiagofrances.com\/en\/navarra\/villamayor-de-monjardin\/\"><\/a><a href=\"https:\/\/caminodesantiagofrances.com\/en\/navarra\/los-arcos\/\" data-type=\"link\" data-id=\"https:\/\/caminodesantiagofrances.com\/en\/navarra\/los-arcos\/\"><\/a><a href=\"https:\/\/caminodesantiagofrances.com\/en\/navarra\/sansol\/\" data-type=\"link\" data-id=\"https:\/\/caminodesantiagofrances.com\/en\/navarra\/sansol\/\"><\/a><a href=\"https:\/\/caminodesantiagofrances.com\/en\/navarra\/torres-del-rio\/\" data-type=\"link\" data-id=\"https:\/\/caminodesantiagofrances.com\/en\/navarra\/torres-del-rio\/\"><\/a><strong><a href=\"https:\/\/caminodesantiagofrances.com\/en\/provincia-de-leon\/villafranca-del-bierzo\/\" target=\"_blank\" data-type=\"page\" data-id=\"11816\" rel=\"noreferrer noopener\">Villafranca del Bierzo<\/a><\/strong><\/h3>\n\n\n\n<p class=\"ctlb-block-desc wp-block-paragraph\" style=\"padding-top:0px;padding-right:0px;padding-bottom:0px;padding-left:0px\"><\/p>\n<\/div><\/div><\/div><\/div><\/div><\/div>\n\n\n\n<div class=\"wp-block-cp-timeline-content-timeline-child swiper-slide\"><div class=\"timeline-content icon-true \"><div class=\"timeline-block-timeline ctl-row  position-left\"><div class=\"ctl-6 timeline-block-time\"><div class=\"story-time\"><p><strong><strong>7 km<\/strong><\/strong><\/p><\/div><\/div><div class=\"timeline-block-icon\"><span class=\"timeline-block-render-icon\" style=\"fill:white\"><div class=\"iconpicker-item\" style=\"font-size:24px;color:white;padding:2px\"><svg stroke=\"currentColor\" fill=\"currentColor\" stroke-width=\"0\" viewBox=\"0 0 448 512\" height=\"1em\" width=\"1em\" xmlns=\"http:\/\/www.w3.org\/2000\/svg\"><path d=\"M413.1 222.5l22.2 22.2c9.4 9.4 9.4 24.6 0 33.9L241 473c-9.4 9.4-24.6 9.4-33.9 0L12.7 278.6c-9.4-9.4-9.4-24.6 0-33.9l22.2-22.2c9.5-9.5 25-9.3 34.3.4L184 343.4V56c0-13.3 10.7-24 24-24h32c13.3 0 24 10.7 24 24v287.4l114.8-120.5c9.3-9.8 24.8-10 34.3-.4z\"><\/path><\/svg><\/div><\/span><\/div><div class=\"ctl-6 timeline-block-detail\"><div class=\"story-details\"><div class=\"story-content\">\n<figure class=\"wp-block-image size-full ctlb-block-image is-style-buddyx-border\"><a href=\"https:\/\/caminodesantiagofrances.com\/en\/provincia-de-leon\/pereje\/\" target=\"_blank\" rel=\" noreferrer noopener\"><img loading=\"lazy\" decoding=\"async\" width=\"600\" height=\"315\" src=\"https:\/\/caminodesantiagofrances.com\/en\/wp-content\/uploads\/sites\/3\/2024\/02\/Pereje-Camino-de-Santiago-Frances.jpg\" alt=\"\" class=\"wp-image-11826\" srcset=\"https:\/\/caminodesantiagofrances.com\/en\/wp-content\/uploads\/sites\/3\/2024\/02\/Pereje-Camino-de-Santiago-Frances.jpg 600w, https:\/\/caminodesantiagofrances.com\/en\/wp-content\/uploads\/sites\/3\/2024\/02\/Pereje-Camino-de-Santiago-Frances-300x158.jpg 300w\" sizes=\"auto, (max-width: 600px) 100vw, 600px\" \/><\/a><\/figure>\n\n\n\n<h3 class=\"wp-block-heading has-text-align-center ctlb-block-title\" style=\"padding-top:0px;padding-right:0px;padding-bottom:0px;padding-left:0px\"><a href=\"https:\/\/caminodesantiagofrances.com\/en\/navarra\/obanos\/\" data-type=\"link\" data-id=\"https:\/\/caminodesantiagofrances.com\/en\/navarra\/obanos\/\"><\/a><a href=\"https:\/\/caminodesantiagofrances.com\/en\/navarra\/puente-la-reina\/\" data-type=\"link\" data-id=\"https:\/\/caminodesantiagofrances.com\/en\/navarra\/puente-la-reina\/\"><\/a><a href=\"https:\/\/caminodesantiagofrances.com\/en\/navarra\/maneru\/\" data-type=\"link\" data-id=\"https:\/\/caminodesantiagofrances.com\/en\/navarra\/maneru\/\"><\/a><a href=\"https:\/\/caminodesantiagofrances.com\/en\/navarra\/cirauqui\/\" data-type=\"link\" data-id=\"https:\/\/caminodesantiagofrances.com\/en\/navarra\/cirauqui\/\"><\/a><a href=\"https:\/\/caminodesantiagofrances.com\/en\/navarra\/lorca\/\" data-type=\"link\" data-id=\"https:\/\/caminodesantiagofrances.com\/en\/navarra\/lorca\/\"><\/a><a href=\"https:\/\/caminodesantiagofrances.com\/en\/navarra\/villatuerta\/\" data-type=\"link\" data-id=\"https:\/\/caminodesantiagofrances.com\/en\/navarra\/villatuerta\/\"><\/a><a href=\"https:\/\/caminodesantiagofrances.com\/en\/navarra\/estella\/\" data-type=\"link\" data-id=\"https:\/\/caminodesantiagofrances.com\/en\/navarra\/estella\/\"><\/a><a href=\"https:\/\/caminodesantiagofrances.com\/en\/navarra\/ayegui\/\" data-type=\"link\" data-id=\"https:\/\/caminodesantiagofrances.com\/en\/ayegui\/\"><\/a><a href=\"https:\/\/caminodesantiagofrances.com\/en\/navarra\/ayegui\/\" data-type=\"link\" data-id=\"https:\/\/caminodesantiagofrances.com\/en\/ayegui\/\"><\/a><a href=\"https:\/\/caminodesantiagofrances.com\/en\/navarra\/ayegui\/\" data-type=\"link\" data-id=\"https:\/\/caminodesantiagofrances.com\/en\/ayegui\/\"><\/a><a href=\"https:\/\/caminodesantiagofrances.com\/en\/navarra\/azqueta\/\" data-type=\"link\" data-id=\"https:\/\/caminodesantiagofrances.com\/en\/navarra\/azqueta\/\"><\/a><a href=\"https:\/\/caminodesantiagofrances.com\/en\/navarra\/villamayor-de-monjardin\/\" data-type=\"link\" data-id=\"https:\/\/caminodesantiagofrances.com\/en\/navarra\/villamayor-de-monjardin\/\"><\/a><a href=\"https:\/\/caminodesantiagofrances.com\/en\/navarra\/los-arcos\/\" data-type=\"link\" data-id=\"https:\/\/caminodesantiagofrances.com\/en\/navarra\/los-arcos\/\"><\/a><a href=\"https:\/\/caminodesantiagofrances.com\/en\/navarra\/sansol\/\" data-type=\"link\" data-id=\"https:\/\/caminodesantiagofrances.com\/en\/navarra\/sansol\/\"><\/a><a href=\"https:\/\/caminodesantiagofrances.com\/en\/navarra\/torres-del-rio\/\" data-type=\"link\" data-id=\"https:\/\/caminodesantiagofrances.com\/en\/navarra\/torres-del-rio\/\"><\/a><strong><a href=\"https:\/\/caminodesantiagofrances.com\/en\/provincia-de-leon\/pereje\/\" target=\"_blank\" data-type=\"page\" data-id=\"11822\" rel=\"noreferrer noopener\">Pereje<\/a><\/strong><\/h3>\n\n\n\n<p class=\"ctlb-block-desc wp-block-paragraph\" style=\"padding-top:0px;padding-right:0px;padding-bottom:0px;padding-left:0px\"><\/p>\n<\/div><\/div><\/div><\/div><\/div><\/div>\n\n\n\n<div class=\"wp-block-cp-timeline-content-timeline-child swiper-slide\"><div class=\"timeline-content icon-true \"><div class=\"timeline-block-timeline ctl-row  position-right\"><div class=\"ctl-6 timeline-block-time\"><div class=\"story-time\"><p><strong><strong>5 km<\/strong><\/strong><\/p><\/div><\/div><div class=\"timeline-block-icon\"><span class=\"timeline-block-render-icon\" style=\"fill:white\"><div class=\"iconpicker-item\" style=\"font-size:24px;color:white;padding:2px\"><svg stroke=\"currentColor\" fill=\"currentColor\" stroke-width=\"0\" viewBox=\"0 0 448 512\" height=\"1em\" width=\"1em\" xmlns=\"http:\/\/www.w3.org\/2000\/svg\"><path d=\"M413.1 222.5l22.2 22.2c9.4 9.4 9.4 24.6 0 33.9L241 473c-9.4 9.4-24.6 9.4-33.9 0L12.7 278.6c-9.4-9.4-9.4-24.6 0-33.9l22.2-22.2c9.5-9.5 25-9.3 34.3.4L184 343.4V56c0-13.3 10.7-24 24-24h32c13.3 0 24 10.7 24 24v287.4l114.8-120.5c9.3-9.8 24.8-10 34.3-.4z\"><\/path><\/svg><\/div><\/span><\/div><div class=\"ctl-6 timeline-block-detail\"><div class=\"story-details\"><div class=\"story-content\">\n<figure class=\"wp-block-image size-full ctlb-block-image is-style-buddyx-border\"><a href=\"https:\/\/caminodesantiagofrances.com\/en\/provincia-de-leon\/trabadelo\/\" target=\"_blank\" rel=\" noreferrer noopener\"><img loading=\"lazy\" decoding=\"async\" width=\"600\" height=\"315\" src=\"https:\/\/caminodesantiagofrances.com\/en\/wp-content\/uploads\/sites\/3\/2024\/02\/Trabadelo-Camino-de-Santiago-Frances.jpg\" alt=\"\" class=\"wp-image-11833\" srcset=\"https:\/\/caminodesantiagofrances.com\/en\/wp-content\/uploads\/sites\/3\/2024\/02\/Trabadelo-Camino-de-Santiago-Frances.jpg 600w, https:\/\/caminodesantiagofrances.com\/en\/wp-content\/uploads\/sites\/3\/2024\/02\/Trabadelo-Camino-de-Santiago-Frances-300x158.jpg 300w\" sizes=\"auto, (max-width: 600px) 100vw, 600px\" \/><\/a><\/figure>\n\n\n\n<h3 class=\"wp-block-heading has-text-align-center ctlb-block-title\" style=\"padding-top:0px;padding-right:0px;padding-bottom:0px;padding-left:0px\"><a href=\"https:\/\/caminodesantiagofrances.com\/en\/navarra\/obanos\/\" data-type=\"link\" data-id=\"https:\/\/caminodesantiagofrances.com\/en\/navarra\/obanos\/\"><\/a><a href=\"https:\/\/caminodesantiagofrances.com\/en\/navarra\/puente-la-reina\/\" data-type=\"link\" data-id=\"https:\/\/caminodesantiagofrances.com\/en\/navarra\/puente-la-reina\/\"><\/a><a href=\"https:\/\/caminodesantiagofrances.com\/en\/navarra\/maneru\/\" data-type=\"link\" data-id=\"https:\/\/caminodesantiagofrances.com\/en\/navarra\/maneru\/\"><\/a><a href=\"https:\/\/caminodesantiagofrances.com\/en\/navarra\/cirauqui\/\" data-type=\"link\" data-id=\"https:\/\/caminodesantiagofrances.com\/en\/navarra\/cirauqui\/\"><\/a><a href=\"https:\/\/caminodesantiagofrances.com\/en\/navarra\/lorca\/\" data-type=\"link\" data-id=\"https:\/\/caminodesantiagofrances.com\/en\/navarra\/lorca\/\"><\/a><a href=\"https:\/\/caminodesantiagofrances.com\/en\/navarra\/villatuerta\/\" data-type=\"link\" data-id=\"https:\/\/caminodesantiagofrances.com\/en\/navarra\/villatuerta\/\"><\/a><a href=\"https:\/\/caminodesantiagofrances.com\/en\/navarra\/estella\/\" data-type=\"link\" data-id=\"https:\/\/caminodesantiagofrances.com\/en\/navarra\/estella\/\"><\/a><a href=\"https:\/\/caminodesantiagofrances.com\/en\/navarra\/ayegui\/\" data-type=\"link\" data-id=\"https:\/\/caminodesantiagofrances.com\/en\/ayegui\/\"><\/a><a href=\"https:\/\/caminodesantiagofrances.com\/en\/navarra\/ayegui\/\" data-type=\"link\" data-id=\"https:\/\/caminodesantiagofrances.com\/en\/ayegui\/\"><\/a><a href=\"https:\/\/caminodesantiagofrances.com\/en\/navarra\/ayegui\/\" data-type=\"link\" data-id=\"https:\/\/caminodesantiagofrances.com\/en\/ayegui\/\"><\/a><a href=\"https:\/\/caminodesantiagofrances.com\/en\/navarra\/azqueta\/\" data-type=\"link\" data-id=\"https:\/\/caminodesantiagofrances.com\/en\/navarra\/azqueta\/\"><\/a><a href=\"https:\/\/caminodesantiagofrances.com\/en\/navarra\/villamayor-de-monjardin\/\" data-type=\"link\" data-id=\"https:\/\/caminodesantiagofrances.com\/en\/navarra\/villamayor-de-monjardin\/\"><\/a><a href=\"https:\/\/caminodesantiagofrances.com\/en\/navarra\/los-arcos\/\" data-type=\"link\" data-id=\"https:\/\/caminodesantiagofrances.com\/en\/navarra\/los-arcos\/\"><\/a><a href=\"https:\/\/caminodesantiagofrances.com\/en\/navarra\/sansol\/\" data-type=\"link\" data-id=\"https:\/\/caminodesantiagofrances.com\/en\/navarra\/sansol\/\"><\/a><a href=\"https:\/\/caminodesantiagofrances.com\/en\/navarra\/torres-del-rio\/\" data-type=\"link\" data-id=\"https:\/\/caminodesantiagofrances.com\/en\/navarra\/torres-del-rio\/\"><\/a><strong><a href=\"https:\/\/caminodesantiagofrances.com\/en\/provincia-de-leon\/trabadelo\/\" target=\"_blank\" data-type=\"page\" data-id=\"11830\" rel=\"noreferrer noopener\">Trabadelo<\/a><\/strong><\/h3>\n\n\n\n<p class=\"ctlb-block-desc wp-block-paragraph\" style=\"padding-top:0px;padding-right:0px;padding-bottom:0px;padding-left:0px\"><\/p>\n<\/div><\/div><\/div><\/div><\/div><\/div>\n\n\n\n<div class=\"wp-block-cp-timeline-content-timeline-child swiper-slide\"><div class=\"timeline-content icon-true \"><div class=\"timeline-block-timeline ctl-row  position-left\"><div class=\"ctl-6 timeline-block-time\"><div class=\"story-time\"><p><strong><strong>3,9 km<\/strong><\/strong><\/p><\/div><\/div><div class=\"timeline-block-icon\"><span class=\"timeline-block-render-icon\" style=\"fill:white\"><div class=\"iconpicker-item\" style=\"font-size:24px;color:white;padding:2px\"><svg stroke=\"currentColor\" fill=\"currentColor\" stroke-width=\"0\" viewBox=\"0 0 448 512\" height=\"1em\" width=\"1em\" xmlns=\"http:\/\/www.w3.org\/2000\/svg\"><path d=\"M413.1 222.5l22.2 22.2c9.4 9.4 9.4 24.6 0 33.9L241 473c-9.4 9.4-24.6 9.4-33.9 0L12.7 278.6c-9.4-9.4-9.4-24.6 0-33.9l22.2-22.2c9.5-9.5 25-9.3 34.3.4L184 343.4V56c0-13.3 10.7-24 24-24h32c13.3 0 24 10.7 24 24v287.4l114.8-120.5c9.3-9.8 24.8-10 34.3-.4z\"><\/path><\/svg><\/div><\/span><\/div><div class=\"ctl-6 timeline-block-detail\"><div class=\"story-details\"><div class=\"story-content\">\n<figure class=\"wp-block-image size-full ctlb-block-image is-style-buddyx-border\"><a href=\"https:\/\/caminodesantiagofrances.com\/en\/provincia-de-leon\/la-portela-de-valcarce\/\" target=\"_blank\" rel=\" noreferrer noopener\"><img loading=\"lazy\" decoding=\"async\" width=\"600\" height=\"315\" src=\"https:\/\/caminodesantiagofrances.com\/en\/wp-content\/uploads\/sites\/3\/2024\/02\/La-Portela-de-Valcarce-Camino-de-Santiago-Frances.jpg\" alt=\"\" class=\"wp-image-11839\" srcset=\"https:\/\/caminodesantiagofrances.com\/en\/wp-content\/uploads\/sites\/3\/2024\/02\/La-Portela-de-Valcarce-Camino-de-Santiago-Frances.jpg 600w, https:\/\/caminodesantiagofrances.com\/en\/wp-content\/uploads\/sites\/3\/2024\/02\/La-Portela-de-Valcarce-Camino-de-Santiago-Frances-300x158.jpg 300w\" sizes=\"auto, (max-width: 600px) 100vw, 600px\" \/><\/a><\/figure>\n\n\n\n<h3 class=\"wp-block-heading has-text-align-center ctlb-block-title\" style=\"padding-top:0px;padding-right:0px;padding-bottom:0px;padding-left:0px\"><a href=\"https:\/\/caminodesantiagofrances.com\/en\/navarra\/obanos\/\" data-type=\"link\" data-id=\"https:\/\/caminodesantiagofrances.com\/en\/navarra\/obanos\/\"><\/a><a href=\"https:\/\/caminodesantiagofrances.com\/en\/navarra\/puente-la-reina\/\" data-type=\"link\" data-id=\"https:\/\/caminodesantiagofrances.com\/en\/navarra\/puente-la-reina\/\"><\/a><a href=\"https:\/\/caminodesantiagofrances.com\/en\/navarra\/maneru\/\" data-type=\"link\" data-id=\"https:\/\/caminodesantiagofrances.com\/en\/navarra\/maneru\/\"><\/a><a href=\"https:\/\/caminodesantiagofrances.com\/en\/navarra\/cirauqui\/\" data-type=\"link\" data-id=\"https:\/\/caminodesantiagofrances.com\/en\/navarra\/cirauqui\/\"><\/a><a href=\"https:\/\/caminodesantiagofrances.com\/en\/navarra\/lorca\/\" data-type=\"link\" data-id=\"https:\/\/caminodesantiagofrances.com\/en\/navarra\/lorca\/\"><\/a><a href=\"https:\/\/caminodesantiagofrances.com\/en\/navarra\/villatuerta\/\" data-type=\"link\" data-id=\"https:\/\/caminodesantiagofrances.com\/en\/navarra\/villatuerta\/\"><\/a><a href=\"https:\/\/caminodesantiagofrances.com\/en\/navarra\/estella\/\" data-type=\"link\" data-id=\"https:\/\/caminodesantiagofrances.com\/en\/navarra\/estella\/\"><\/a><a href=\"https:\/\/caminodesantiagofrances.com\/en\/navarra\/ayegui\/\" data-type=\"link\" data-id=\"https:\/\/caminodesantiagofrances.com\/en\/ayegui\/\"><\/a><a href=\"https:\/\/caminodesantiagofrances.com\/en\/navarra\/ayegui\/\" data-type=\"link\" data-id=\"https:\/\/caminodesantiagofrances.com\/en\/ayegui\/\"><\/a><a href=\"https:\/\/caminodesantiagofrances.com\/en\/navarra\/ayegui\/\" data-type=\"link\" data-id=\"https:\/\/caminodesantiagofrances.com\/en\/ayegui\/\"><\/a><a href=\"https:\/\/caminodesantiagofrances.com\/en\/navarra\/azqueta\/\" data-type=\"link\" data-id=\"https:\/\/caminodesantiagofrances.com\/en\/navarra\/azqueta\/\"><\/a><a href=\"https:\/\/caminodesantiagofrances.com\/en\/navarra\/villamayor-de-monjardin\/\" data-type=\"link\" data-id=\"https:\/\/caminodesantiagofrances.com\/en\/navarra\/villamayor-de-monjardin\/\"><\/a><a href=\"https:\/\/caminodesantiagofrances.com\/en\/navarra\/los-arcos\/\" data-type=\"link\" data-id=\"https:\/\/caminodesantiagofrances.com\/en\/navarra\/los-arcos\/\"><\/a><a href=\"https:\/\/caminodesantiagofrances.com\/en\/navarra\/sansol\/\" data-type=\"link\" data-id=\"https:\/\/caminodesantiagofrances.com\/en\/navarra\/sansol\/\"><\/a><a href=\"https:\/\/caminodesantiagofrances.com\/en\/navarra\/torres-del-rio\/\" data-type=\"link\" data-id=\"https:\/\/caminodesantiagofrances.com\/en\/navarra\/torres-del-rio\/\"><\/a><strong><a href=\"https:\/\/caminodesantiagofrances.com\/en\/provincia-de-leon\/la-portela-de-valcarce\/\" target=\"_blank\" data-type=\"page\" data-id=\"11836\" rel=\"noreferrer noopener\">La Portela de Valcarce<\/a><\/strong><\/h3>\n\n\n\n<p class=\"ctlb-block-desc wp-block-paragraph\" style=\"padding-top:0px;padding-right:0px;padding-bottom:0px;padding-left:0px\"><\/p>\n<\/div><\/div><\/div><\/div><\/div><\/div>\n\n\n\n<div class=\"wp-block-cp-timeline-content-timeline-child swiper-slide\"><div class=\"timeline-content icon-true \"><div class=\"timeline-block-timeline ctl-row  position-right\"><div class=\"ctl-6 timeline-block-time\"><div class=\"story-time\"><p><strong><strong>1,2 km<\/strong><\/strong><\/p><\/div><\/div><div class=\"timeline-block-icon\"><span class=\"timeline-block-render-icon\" style=\"fill:white\"><div class=\"iconpicker-item\" style=\"font-size:24px;color:white;padding:2px\"><svg stroke=\"currentColor\" fill=\"currentColor\" stroke-width=\"0\" viewBox=\"0 0 448 512\" height=\"1em\" width=\"1em\" xmlns=\"http:\/\/www.w3.org\/2000\/svg\"><path d=\"M413.1 222.5l22.2 22.2c9.4 9.4 9.4 24.6 0 33.9L241 473c-9.4 9.4-24.6 9.4-33.9 0L12.7 278.6c-9.4-9.4-9.4-24.6 0-33.9l22.2-22.2c9.5-9.5 25-9.3 34.3.4L184 343.4V56c0-13.3 10.7-24 24-24h32c13.3 0 24 10.7 24 24v287.4l114.8-120.5c9.3-9.8 24.8-10 34.3-.4z\"><\/path><\/svg><\/div><\/span><\/div><div class=\"ctl-6 timeline-block-detail\"><div class=\"story-details\"><div class=\"story-content\">\n<figure class=\"wp-block-image size-full ctlb-block-image is-style-buddyx-border\"><a href=\"https:\/\/caminodesantiagofrances.com\/en\/provincia-de-leon\/ambasmestas\/\" target=\"_blank\" rel=\" noreferrer noopener\"><img loading=\"lazy\" decoding=\"async\" width=\"600\" height=\"315\" src=\"https:\/\/caminodesantiagofrances.com\/en\/wp-content\/uploads\/sites\/3\/2024\/02\/Ambasmestas-Camino-de-Santiago-Frances.jpg\" alt=\"\" class=\"wp-image-11850\" srcset=\"https:\/\/caminodesantiagofrances.com\/en\/wp-content\/uploads\/sites\/3\/2024\/02\/Ambasmestas-Camino-de-Santiago-Frances.jpg 600w, https:\/\/caminodesantiagofrances.com\/en\/wp-content\/uploads\/sites\/3\/2024\/02\/Ambasmestas-Camino-de-Santiago-Frances-300x158.jpg 300w\" sizes=\"auto, (max-width: 600px) 100vw, 600px\" \/><\/a><\/figure>\n\n\n\n<h3 class=\"wp-block-heading has-text-align-center ctlb-block-title\" style=\"padding-top:0px;padding-right:0px;padding-bottom:0px;padding-left:0px\"><a href=\"https:\/\/caminodesantiagofrances.com\/en\/navarra\/obanos\/\" data-type=\"link\" data-id=\"https:\/\/caminodesantiagofrances.com\/en\/navarra\/obanos\/\"><\/a><a href=\"https:\/\/caminodesantiagofrances.com\/en\/navarra\/puente-la-reina\/\" data-type=\"link\" data-id=\"https:\/\/caminodesantiagofrances.com\/en\/navarra\/puente-la-reina\/\"><\/a><a href=\"https:\/\/caminodesantiagofrances.com\/en\/navarra\/maneru\/\" data-type=\"link\" data-id=\"https:\/\/caminodesantiagofrances.com\/en\/navarra\/maneru\/\"><\/a><a href=\"https:\/\/caminodesantiagofrances.com\/en\/navarra\/cirauqui\/\" data-type=\"link\" data-id=\"https:\/\/caminodesantiagofrances.com\/en\/navarra\/cirauqui\/\"><\/a><a href=\"https:\/\/caminodesantiagofrances.com\/en\/navarra\/lorca\/\" data-type=\"link\" data-id=\"https:\/\/caminodesantiagofrances.com\/en\/navarra\/lorca\/\"><\/a><a href=\"https:\/\/caminodesantiagofrances.com\/en\/navarra\/villatuerta\/\" data-type=\"link\" data-id=\"https:\/\/caminodesantiagofrances.com\/en\/navarra\/villatuerta\/\"><\/a><a href=\"https:\/\/caminodesantiagofrances.com\/en\/navarra\/estella\/\" data-type=\"link\" data-id=\"https:\/\/caminodesantiagofrances.com\/en\/navarra\/estella\/\"><\/a><a href=\"https:\/\/caminodesantiagofrances.com\/en\/navarra\/ayegui\/\" data-type=\"link\" data-id=\"https:\/\/caminodesantiagofrances.com\/en\/ayegui\/\"><\/a><a href=\"https:\/\/caminodesantiagofrances.com\/en\/navarra\/ayegui\/\" data-type=\"link\" data-id=\"https:\/\/caminodesantiagofrances.com\/en\/ayegui\/\"><\/a><a href=\"https:\/\/caminodesantiagofrances.com\/en\/navarra\/ayegui\/\" data-type=\"link\" data-id=\"https:\/\/caminodesantiagofrances.com\/en\/ayegui\/\"><\/a><a href=\"https:\/\/caminodesantiagofrances.com\/en\/navarra\/azqueta\/\" data-type=\"link\" data-id=\"https:\/\/caminodesantiagofrances.com\/en\/navarra\/azqueta\/\"><\/a><a href=\"https:\/\/caminodesantiagofrances.com\/en\/navarra\/villamayor-de-monjardin\/\" data-type=\"link\" data-id=\"https:\/\/caminodesantiagofrances.com\/en\/navarra\/villamayor-de-monjardin\/\"><\/a><a href=\"https:\/\/caminodesantiagofrances.com\/en\/navarra\/los-arcos\/\" data-type=\"link\" data-id=\"https:\/\/caminodesantiagofrances.com\/en\/navarra\/los-arcos\/\"><\/a><a href=\"https:\/\/caminodesantiagofrances.com\/en\/navarra\/sansol\/\" data-type=\"link\" data-id=\"https:\/\/caminodesantiagofrances.com\/en\/navarra\/sansol\/\"><\/a><a href=\"https:\/\/caminodesantiagofrances.com\/en\/navarra\/torres-del-rio\/\" data-type=\"link\" data-id=\"https:\/\/caminodesantiagofrances.com\/en\/navarra\/torres-del-rio\/\"><\/a><strong><a href=\"https:\/\/caminodesantiagofrances.com\/en\/provincia-de-leon\/ambasmestas\/\" data-type=\"page\" data-id=\"11842\">Ambasmestas<\/a><\/strong><\/h3>\n\n\n\n<p class=\"ctlb-block-desc wp-block-paragraph\" style=\"padding-top:0px;padding-right:0px;padding-bottom:0px;padding-left:0px\"><\/p>\n<\/div><\/div><\/div><\/div><\/div><\/div>\n\n\n\n<div class=\"wp-block-cp-timeline-content-timeline-child swiper-slide\"><div class=\"timeline-content icon-true \"><div class=\"timeline-block-timeline ctl-row  position-left\"><div class=\"ctl-6 timeline-block-time\"><div class=\"story-time\"><p><strong><strong>1,5 km<\/strong><\/strong><\/p><\/div><\/div><div class=\"timeline-block-icon\"><span class=\"timeline-block-render-icon\" style=\"fill:white\"><div class=\"iconpicker-item\" style=\"font-size:24px;color:white;padding:2px\"><svg stroke=\"currentColor\" fill=\"currentColor\" stroke-width=\"0\" viewBox=\"0 0 448 512\" height=\"1em\" width=\"1em\" xmlns=\"http:\/\/www.w3.org\/2000\/svg\"><path d=\"M413.1 222.5l22.2 22.2c9.4 9.4 9.4 24.6 0 33.9L241 473c-9.4 9.4-24.6 9.4-33.9 0L12.7 278.6c-9.4-9.4-9.4-24.6 0-33.9l22.2-22.2c9.5-9.5 25-9.3 34.3.4L184 343.4V56c0-13.3 10.7-24 24-24h32c13.3 0 24 10.7 24 24v287.4l114.8-120.5c9.3-9.8 24.8-10 34.3-.4z\"><\/path><\/svg><\/div><\/span><\/div><div class=\"ctl-6 timeline-block-detail\"><div class=\"story-details\"><div class=\"story-content\">\n<figure class=\"wp-block-image size-full ctlb-block-image is-style-buddyx-border\"><a href=\"https:\/\/caminodesantiagofrances.com\/en\/provincia-de-leon\/vega-de-valcarce\/\" target=\"_blank\" rel=\" noreferrer noopener\"><img loading=\"lazy\" decoding=\"async\" width=\"600\" height=\"315\" src=\"https:\/\/caminodesantiagofrances.com\/en\/wp-content\/uploads\/sites\/3\/2024\/02\/Vega-de-Valcarce-Camino-de-Santiago-Frances.jpg\" alt=\"\" class=\"wp-image-11857\" srcset=\"https:\/\/caminodesantiagofrances.com\/en\/wp-content\/uploads\/sites\/3\/2024\/02\/Vega-de-Valcarce-Camino-de-Santiago-Frances.jpg 600w, https:\/\/caminodesantiagofrances.com\/en\/wp-content\/uploads\/sites\/3\/2024\/02\/Vega-de-Valcarce-Camino-de-Santiago-Frances-300x158.jpg 300w\" sizes=\"auto, (max-width: 600px) 100vw, 600px\" \/><\/a><\/figure>\n\n\n\n<h3 class=\"wp-block-heading has-text-align-center ctlb-block-title\" style=\"padding-top:0px;padding-right:0px;padding-bottom:0px;padding-left:0px\"><a href=\"https:\/\/caminodesantiagofrances.com\/en\/navarra\/obanos\/\" data-type=\"link\" data-id=\"https:\/\/caminodesantiagofrances.com\/en\/navarra\/obanos\/\"><\/a><a href=\"https:\/\/caminodesantiagofrances.com\/en\/navarra\/puente-la-reina\/\" data-type=\"link\" data-id=\"https:\/\/caminodesantiagofrances.com\/en\/navarra\/puente-la-reina\/\"><\/a><a href=\"https:\/\/caminodesantiagofrances.com\/en\/navarra\/maneru\/\" data-type=\"link\" data-id=\"https:\/\/caminodesantiagofrances.com\/en\/navarra\/maneru\/\"><\/a><a href=\"https:\/\/caminodesantiagofrances.com\/en\/navarra\/cirauqui\/\" data-type=\"link\" data-id=\"https:\/\/caminodesantiagofrances.com\/en\/navarra\/cirauqui\/\"><\/a><a href=\"https:\/\/caminodesantiagofrances.com\/en\/navarra\/lorca\/\" data-type=\"link\" data-id=\"https:\/\/caminodesantiagofrances.com\/en\/navarra\/lorca\/\"><\/a><a href=\"https:\/\/caminodesantiagofrances.com\/en\/navarra\/villatuerta\/\" data-type=\"link\" data-id=\"https:\/\/caminodesantiagofrances.com\/en\/navarra\/villatuerta\/\"><\/a><a href=\"https:\/\/caminodesantiagofrances.com\/en\/navarra\/estella\/\" data-type=\"link\" data-id=\"https:\/\/caminodesantiagofrances.com\/en\/navarra\/estella\/\"><\/a><a href=\"https:\/\/caminodesantiagofrances.com\/en\/navarra\/ayegui\/\" data-type=\"link\" data-id=\"https:\/\/caminodesantiagofrances.com\/en\/ayegui\/\"><\/a><a href=\"https:\/\/caminodesantiagofrances.com\/en\/navarra\/ayegui\/\" data-type=\"link\" data-id=\"https:\/\/caminodesantiagofrances.com\/en\/ayegui\/\"><\/a><a href=\"https:\/\/caminodesantiagofrances.com\/en\/navarra\/ayegui\/\" data-type=\"link\" data-id=\"https:\/\/caminodesantiagofrances.com\/en\/ayegui\/\"><\/a><a href=\"https:\/\/caminodesantiagofrances.com\/en\/navarra\/azqueta\/\" data-type=\"link\" data-id=\"https:\/\/caminodesantiagofrances.com\/en\/navarra\/azqueta\/\"><\/a><a href=\"https:\/\/caminodesantiagofrances.com\/en\/navarra\/villamayor-de-monjardin\/\" data-type=\"link\" data-id=\"https:\/\/caminodesantiagofrances.com\/en\/navarra\/villamayor-de-monjardin\/\"><\/a><a href=\"https:\/\/caminodesantiagofrances.com\/en\/navarra\/los-arcos\/\" data-type=\"link\" data-id=\"https:\/\/caminodesantiagofrances.com\/en\/navarra\/los-arcos\/\"><\/a><a href=\"https:\/\/caminodesantiagofrances.com\/en\/navarra\/sansol\/\" data-type=\"link\" data-id=\"https:\/\/caminodesantiagofrances.com\/en\/navarra\/sansol\/\"><\/a><a href=\"https:\/\/caminodesantiagofrances.com\/en\/navarra\/torres-del-rio\/\" data-type=\"link\" data-id=\"https:\/\/caminodesantiagofrances.com\/en\/navarra\/torres-del-rio\/\"><\/a><strong><a href=\"https:\/\/caminodesantiagofrances.com\/en\/provincia-de-leon\/vega-de-valcarce\/\" target=\"_blank\" data-type=\"page\" data-id=\"11854\" rel=\"noreferrer noopener\">Vega de Valcarce<\/a><\/strong><\/h3>\n\n\n\n<p class=\"ctlb-block-desc wp-block-paragraph\" style=\"padding-top:0px;padding-right:0px;padding-bottom:0px;padding-left:0px\"><\/p>\n<\/div><\/div><\/div><\/div><\/div><\/div>\n\n\n\n<div class=\"wp-block-cp-timeline-content-timeline-child swiper-slide\"><div class=\"timeline-content icon-true \"><div class=\"timeline-block-timeline ctl-row  position-right\"><div class=\"ctl-6 timeline-block-time\"><div class=\"story-time\"><p><strong><strong>2,4 km<\/strong><\/strong><\/p><\/div><\/div><div class=\"timeline-block-icon\"><span class=\"timeline-block-render-icon\" style=\"fill:white\"><div class=\"iconpicker-item\" style=\"font-size:24px;color:white;padding:2px\"><svg stroke=\"currentColor\" fill=\"currentColor\" stroke-width=\"0\" viewBox=\"0 0 448 512\" height=\"1em\" width=\"1em\" xmlns=\"http:\/\/www.w3.org\/2000\/svg\"><path d=\"M413.1 222.5l22.2 22.2c9.4 9.4 9.4 24.6 0 33.9L241 473c-9.4 9.4-24.6 9.4-33.9 0L12.7 278.6c-9.4-9.4-9.4-24.6 0-33.9l22.2-22.2c9.5-9.5 25-9.3 34.3.4L184 343.4V56c0-13.3 10.7-24 24-24h32c13.3 0 24 10.7 24 24v287.4l114.8-120.5c9.3-9.8 24.8-10 34.3-.4z\"><\/path><\/svg><\/div><\/span><\/div><div class=\"ctl-6 timeline-block-detail\"><div class=\"story-details\"><div class=\"story-content\">\n<figure class=\"wp-block-image size-full ctlb-block-image is-style-buddyx-border\"><a href=\"https:\/\/caminodesantiagofrances.com\/en\/provincia-de-leon\/ruitelan\/\" target=\"_blank\" rel=\" noreferrer noopener\"><img loading=\"lazy\" decoding=\"async\" width=\"600\" height=\"315\" src=\"https:\/\/caminodesantiagofrances.com\/en\/wp-content\/uploads\/sites\/3\/2024\/02\/Ruitelan-Camino-de-Santiago-Frances.jpg\" alt=\"\" class=\"wp-image-11864\" srcset=\"https:\/\/caminodesantiagofrances.com\/en\/wp-content\/uploads\/sites\/3\/2024\/02\/Ruitelan-Camino-de-Santiago-Frances.jpg 600w, https:\/\/caminodesantiagofrances.com\/en\/wp-content\/uploads\/sites\/3\/2024\/02\/Ruitelan-Camino-de-Santiago-Frances-300x158.jpg 300w\" sizes=\"auto, (max-width: 600px) 100vw, 600px\" \/><\/a><\/figure>\n\n\n\n<h3 class=\"wp-block-heading has-text-align-center ctlb-block-title\" style=\"padding-top:0px;padding-right:0px;padding-bottom:0px;padding-left:0px\"><a href=\"https:\/\/caminodesantiagofrances.com\/en\/navarra\/obanos\/\" data-type=\"link\" data-id=\"https:\/\/caminodesantiagofrances.com\/en\/navarra\/obanos\/\"><\/a><a href=\"https:\/\/caminodesantiagofrances.com\/en\/navarra\/puente-la-reina\/\" data-type=\"link\" data-id=\"https:\/\/caminodesantiagofrances.com\/en\/navarra\/puente-la-reina\/\"><\/a><a href=\"https:\/\/caminodesantiagofrances.com\/en\/navarra\/maneru\/\" data-type=\"link\" data-id=\"https:\/\/caminodesantiagofrances.com\/en\/navarra\/maneru\/\"><\/a><a href=\"https:\/\/caminodesantiagofrances.com\/en\/navarra\/cirauqui\/\" data-type=\"link\" data-id=\"https:\/\/caminodesantiagofrances.com\/en\/navarra\/cirauqui\/\"><\/a><a href=\"https:\/\/caminodesantiagofrances.com\/en\/navarra\/lorca\/\" data-type=\"link\" data-id=\"https:\/\/caminodesantiagofrances.com\/en\/navarra\/lorca\/\"><\/a><a href=\"https:\/\/caminodesantiagofrances.com\/en\/navarra\/villatuerta\/\" data-type=\"link\" data-id=\"https:\/\/caminodesantiagofrances.com\/en\/navarra\/villatuerta\/\"><\/a><a href=\"https:\/\/caminodesantiagofrances.com\/en\/navarra\/estella\/\" data-type=\"link\" data-id=\"https:\/\/caminodesantiagofrances.com\/en\/navarra\/estella\/\"><\/a><a href=\"https:\/\/caminodesantiagofrances.com\/en\/navarra\/ayegui\/\" data-type=\"link\" data-id=\"https:\/\/caminodesantiagofrances.com\/en\/ayegui\/\"><\/a><a href=\"https:\/\/caminodesantiagofrances.com\/en\/navarra\/ayegui\/\" data-type=\"link\" data-id=\"https:\/\/caminodesantiagofrances.com\/en\/ayegui\/\"><\/a><a href=\"https:\/\/caminodesantiagofrances.com\/en\/navarra\/ayegui\/\" data-type=\"link\" data-id=\"https:\/\/caminodesantiagofrances.com\/en\/ayegui\/\"><\/a><a href=\"https:\/\/caminodesantiagofrances.com\/en\/navarra\/azqueta\/\" data-type=\"link\" data-id=\"https:\/\/caminodesantiagofrances.com\/en\/navarra\/azqueta\/\"><\/a><a href=\"https:\/\/caminodesantiagofrances.com\/en\/navarra\/villamayor-de-monjardin\/\" data-type=\"link\" data-id=\"https:\/\/caminodesantiagofrances.com\/en\/navarra\/villamayor-de-monjardin\/\"><\/a><a href=\"https:\/\/caminodesantiagofrances.com\/en\/navarra\/los-arcos\/\" data-type=\"link\" data-id=\"https:\/\/caminodesantiagofrances.com\/en\/navarra\/los-arcos\/\"><\/a><a href=\"https:\/\/caminodesantiagofrances.com\/en\/navarra\/sansol\/\" data-type=\"link\" data-id=\"https:\/\/caminodesantiagofrances.com\/en\/navarra\/sansol\/\"><\/a><a href=\"https:\/\/caminodesantiagofrances.com\/en\/navarra\/torres-del-rio\/\" data-type=\"link\" data-id=\"https:\/\/caminodesantiagofrances.com\/en\/navarra\/torres-del-rio\/\"><\/a><strong><a href=\"https:\/\/caminodesantiagofrances.com\/en\/provincia-de-leon\/ruitelan\/\" target=\"_blank\" data-type=\"page\" data-id=\"11860\" rel=\"noreferrer noopener\">Ruitel\u00e1n<\/a><\/strong><\/h3>\n\n\n\n<p class=\"ctlb-block-desc wp-block-paragraph\" style=\"padding-top:0px;padding-right:0px;padding-bottom:0px;padding-left:0px\"><\/p>\n<\/div><\/div><\/div><\/div><\/div><\/div>\n\n\n\n<div class=\"wp-block-cp-timeline-content-timeline-child swiper-slide\"><div class=\"timeline-content icon-true \"><div class=\"timeline-block-timeline ctl-row  position-left\"><div class=\"ctl-6 timeline-block-time\"><div class=\"story-time\"><p><strong><strong>1,3 km<\/strong><\/strong><\/p><\/div><\/div><div class=\"timeline-block-icon\"><span class=\"timeline-block-render-icon\" style=\"fill:white\"><div class=\"iconpicker-item\" style=\"font-size:24px;color:white;padding:2px\"><svg stroke=\"currentColor\" fill=\"currentColor\" stroke-width=\"0\" viewBox=\"0 0 448 512\" height=\"1em\" width=\"1em\" xmlns=\"http:\/\/www.w3.org\/2000\/svg\"><path d=\"M413.1 222.5l22.2 22.2c9.4 9.4 9.4 24.6 0 33.9L241 473c-9.4 9.4-24.6 9.4-33.9 0L12.7 278.6c-9.4-9.4-9.4-24.6 0-33.9l22.2-22.2c9.5-9.5 25-9.3 34.3.4L184 343.4V56c0-13.3 10.7-24 24-24h32c13.3 0 24 10.7 24 24v287.4l114.8-120.5c9.3-9.8 24.8-10 34.3-.4z\"><\/path><\/svg><\/div><\/span><\/div><div class=\"ctl-6 timeline-block-detail\"><div class=\"story-details\"><div class=\"story-content\">\n<figure class=\"wp-block-image size-full ctlb-block-image is-style-buddyx-border\"><a href=\"https:\/\/caminodesantiagofrances.com\/en\/provincia-de-leon\/las-herrerias\/\" target=\"_blank\" rel=\" noreferrer noopener\"><img loading=\"lazy\" decoding=\"async\" width=\"600\" height=\"315\" src=\"https:\/\/caminodesantiagofrances.com\/en\/wp-content\/uploads\/sites\/3\/2024\/02\/Las-Herrerias-Camino-de-Santiago-Frances.jpg\" alt=\"\" class=\"wp-image-11871\" srcset=\"https:\/\/caminodesantiagofrances.com\/en\/wp-content\/uploads\/sites\/3\/2024\/02\/Las-Herrerias-Camino-de-Santiago-Frances.jpg 600w, https:\/\/caminodesantiagofrances.com\/en\/wp-content\/uploads\/sites\/3\/2024\/02\/Las-Herrerias-Camino-de-Santiago-Frances-300x158.jpg 300w\" sizes=\"auto, (max-width: 600px) 100vw, 600px\" \/><\/a><\/figure>\n\n\n\n<h3 class=\"wp-block-heading has-text-align-center ctlb-block-title\" style=\"padding-top:0px;padding-right:0px;padding-bottom:0px;padding-left:0px\"><a href=\"https:\/\/caminodesantiagofrances.com\/en\/navarra\/obanos\/\" data-type=\"link\" data-id=\"https:\/\/caminodesantiagofrances.com\/en\/navarra\/obanos\/\"><\/a><a href=\"https:\/\/caminodesantiagofrances.com\/en\/navarra\/puente-la-reina\/\" data-type=\"link\" data-id=\"https:\/\/caminodesantiagofrances.com\/en\/navarra\/puente-la-reina\/\"><\/a><a href=\"https:\/\/caminodesantiagofrances.com\/en\/navarra\/maneru\/\" data-type=\"link\" data-id=\"https:\/\/caminodesantiagofrances.com\/en\/navarra\/maneru\/\"><\/a><a href=\"https:\/\/caminodesantiagofrances.com\/en\/navarra\/cirauqui\/\" data-type=\"link\" data-id=\"https:\/\/caminodesantiagofrances.com\/en\/navarra\/cirauqui\/\"><\/a><a href=\"https:\/\/caminodesantiagofrances.com\/en\/navarra\/lorca\/\" data-type=\"link\" data-id=\"https:\/\/caminodesantiagofrances.com\/en\/navarra\/lorca\/\"><\/a><a href=\"https:\/\/caminodesantiagofrances.com\/en\/navarra\/villatuerta\/\" data-type=\"link\" data-id=\"https:\/\/caminodesantiagofrances.com\/en\/navarra\/villatuerta\/\"><\/a><a href=\"https:\/\/caminodesantiagofrances.com\/en\/navarra\/estella\/\" data-type=\"link\" data-id=\"https:\/\/caminodesantiagofrances.com\/en\/navarra\/estella\/\"><\/a><a href=\"https:\/\/caminodesantiagofrances.com\/en\/navarra\/ayegui\/\" data-type=\"link\" data-id=\"https:\/\/caminodesantiagofrances.com\/en\/ayegui\/\"><\/a><a href=\"https:\/\/caminodesantiagofrances.com\/en\/navarra\/ayegui\/\" data-type=\"link\" data-id=\"https:\/\/caminodesantiagofrances.com\/en\/ayegui\/\"><\/a><a href=\"https:\/\/caminodesantiagofrances.com\/en\/navarra\/ayegui\/\" data-type=\"link\" data-id=\"https:\/\/caminodesantiagofrances.com\/en\/ayegui\/\"><\/a><a href=\"https:\/\/caminodesantiagofrances.com\/en\/navarra\/azqueta\/\" data-type=\"link\" data-id=\"https:\/\/caminodesantiagofrances.com\/en\/navarra\/azqueta\/\"><\/a><a href=\"https:\/\/caminodesantiagofrances.com\/en\/navarra\/villamayor-de-monjardin\/\" data-type=\"link\" data-id=\"https:\/\/caminodesantiagofrances.com\/en\/navarra\/villamayor-de-monjardin\/\"><\/a><a href=\"https:\/\/caminodesantiagofrances.com\/en\/navarra\/los-arcos\/\" data-type=\"link\" data-id=\"https:\/\/caminodesantiagofrances.com\/en\/navarra\/los-arcos\/\"><\/a><a href=\"https:\/\/caminodesantiagofrances.com\/en\/navarra\/sansol\/\" data-type=\"link\" data-id=\"https:\/\/caminodesantiagofrances.com\/en\/navarra\/sansol\/\"><\/a><a href=\"https:\/\/caminodesantiagofrances.com\/en\/navarra\/torres-del-rio\/\" data-type=\"link\" data-id=\"https:\/\/caminodesantiagofrances.com\/en\/navarra\/torres-del-rio\/\"><\/a><strong><a href=\"https:\/\/caminodesantiagofrances.com\/en\/provincia-de-leon\/las-herrerias\/\" target=\"_blank\" data-type=\"page\" data-id=\"11867\" rel=\"noreferrer noopener\">Las Herrer\u00edas<\/a><\/strong><\/h3>\n\n\n\n<p class=\"ctlb-block-desc wp-block-paragraph\" style=\"padding-top:0px;padding-right:0px;padding-bottom:0px;padding-left:0px\"><\/p>\n<\/div><\/div><\/div><\/div><\/div><\/div>\n\n\n\n<div class=\"wp-block-cp-timeline-content-timeline-child swiper-slide\"><div class=\"timeline-content icon-true \"><div class=\"timeline-block-timeline ctl-row  position-right\"><div class=\"ctl-6 timeline-block-time\"><div class=\"story-time\"><p><strong><strong>3,3 km<\/strong><\/strong><\/p><\/div><\/div><div class=\"timeline-block-icon\"><span class=\"timeline-block-render-icon\" style=\"fill:white\"><div class=\"iconpicker-item\" style=\"font-size:24px;color:white;padding:2px\"><svg stroke=\"currentColor\" fill=\"currentColor\" stroke-width=\"0\" viewBox=\"0 0 448 512\" height=\"1em\" width=\"1em\" xmlns=\"http:\/\/www.w3.org\/2000\/svg\"><path d=\"M413.1 222.5l22.2 22.2c9.4 9.4 9.4 24.6 0 33.9L241 473c-9.4 9.4-24.6 9.4-33.9 0L12.7 278.6c-9.4-9.4-9.4-24.6 0-33.9l22.2-22.2c9.5-9.5 25-9.3 34.3.4L184 343.4V56c0-13.3 10.7-24 24-24h32c13.3 0 24 10.7 24 24v287.4l114.8-120.5c9.3-9.8 24.8-10 34.3-.4z\"><\/path><\/svg><\/div><\/span><\/div><div class=\"ctl-6 timeline-block-detail\"><div class=\"story-details\"><div class=\"story-content\">\n<figure class=\"wp-block-image size-full ctlb-block-image is-style-buddyx-border\"><a href=\"https:\/\/caminodesantiagofrances.com\/en\/provincia-de-leon\/la-faba\/\" target=\"_blank\" rel=\" noreferrer noopener\"><img loading=\"lazy\" decoding=\"async\" width=\"600\" height=\"315\" src=\"https:\/\/caminodesantiagofrances.com\/en\/wp-content\/uploads\/sites\/3\/2024\/02\/La-Faba-Camino-de-Santiago-Frances.jpg\" alt=\"\" class=\"wp-image-11877\" srcset=\"https:\/\/caminodesantiagofrances.com\/en\/wp-content\/uploads\/sites\/3\/2024\/02\/La-Faba-Camino-de-Santiago-Frances.jpg 600w, https:\/\/caminodesantiagofrances.com\/en\/wp-content\/uploads\/sites\/3\/2024\/02\/La-Faba-Camino-de-Santiago-Frances-300x158.jpg 300w\" sizes=\"auto, (max-width: 600px) 100vw, 600px\" \/><\/a><\/figure>\n\n\n\n<h3 class=\"wp-block-heading has-text-align-center ctlb-block-title\" style=\"padding-top:0px;padding-right:0px;padding-bottom:0px;padding-left:0px\"><a href=\"https:\/\/caminodesantiagofrances.com\/en\/navarra\/obanos\/\" data-type=\"link\" data-id=\"https:\/\/caminodesantiagofrances.com\/en\/navarra\/obanos\/\"><\/a><a href=\"https:\/\/caminodesantiagofrances.com\/en\/navarra\/puente-la-reina\/\" data-type=\"link\" data-id=\"https:\/\/caminodesantiagofrances.com\/en\/navarra\/puente-la-reina\/\"><\/a><a href=\"https:\/\/caminodesantiagofrances.com\/en\/navarra\/maneru\/\" data-type=\"link\" data-id=\"https:\/\/caminodesantiagofrances.com\/en\/navarra\/maneru\/\"><\/a><a href=\"https:\/\/caminodesantiagofrances.com\/en\/navarra\/cirauqui\/\" data-type=\"link\" data-id=\"https:\/\/caminodesantiagofrances.com\/en\/navarra\/cirauqui\/\"><\/a><a href=\"https:\/\/caminodesantiagofrances.com\/en\/navarra\/lorca\/\" data-type=\"link\" data-id=\"https:\/\/caminodesantiagofrances.com\/en\/navarra\/lorca\/\"><\/a><a href=\"https:\/\/caminodesantiagofrances.com\/en\/navarra\/villatuerta\/\" data-type=\"link\" data-id=\"https:\/\/caminodesantiagofrances.com\/en\/navarra\/villatuerta\/\"><\/a><a href=\"https:\/\/caminodesantiagofrances.com\/en\/navarra\/estella\/\" data-type=\"link\" data-id=\"https:\/\/caminodesantiagofrances.com\/en\/navarra\/estella\/\"><\/a><a href=\"https:\/\/caminodesantiagofrances.com\/en\/navarra\/ayegui\/\" data-type=\"link\" data-id=\"https:\/\/caminodesantiagofrances.com\/en\/ayegui\/\"><\/a><a href=\"https:\/\/caminodesantiagofrances.com\/en\/navarra\/ayegui\/\" data-type=\"link\" data-id=\"https:\/\/caminodesantiagofrances.com\/en\/ayegui\/\"><\/a><a href=\"https:\/\/caminodesantiagofrances.com\/en\/navarra\/ayegui\/\" data-type=\"link\" data-id=\"https:\/\/caminodesantiagofrances.com\/en\/ayegui\/\"><\/a><a href=\"https:\/\/caminodesantiagofrances.com\/en\/navarra\/azqueta\/\" data-type=\"link\" data-id=\"https:\/\/caminodesantiagofrances.com\/en\/navarra\/azqueta\/\"><\/a><a href=\"https:\/\/caminodesantiagofrances.com\/en\/navarra\/villamayor-de-monjardin\/\" data-type=\"link\" data-id=\"https:\/\/caminodesantiagofrances.com\/en\/navarra\/villamayor-de-monjardin\/\"><\/a><a href=\"https:\/\/caminodesantiagofrances.com\/en\/navarra\/los-arcos\/\" data-type=\"link\" data-id=\"https:\/\/caminodesantiagofrances.com\/en\/navarra\/los-arcos\/\"><\/a><a href=\"https:\/\/caminodesantiagofrances.com\/en\/navarra\/sansol\/\" data-type=\"link\" data-id=\"https:\/\/caminodesantiagofrances.com\/en\/navarra\/sansol\/\"><\/a><a href=\"https:\/\/caminodesantiagofrances.com\/en\/navarra\/torres-del-rio\/\" data-type=\"link\" data-id=\"https:\/\/caminodesantiagofrances.com\/en\/navarra\/torres-del-rio\/\"><\/a><strong><a href=\"https:\/\/caminodesantiagofrances.com\/en\/provincia-de-leon\/la-faba\/\" target=\"_blank\" data-type=\"page\" data-id=\"11874\" rel=\"noreferrer noopener\">La Faba<\/a><\/strong><\/h3>\n\n\n\n<p class=\"ctlb-block-desc wp-block-paragraph\" style=\"padding-top:0px;padding-right:0px;padding-bottom:0px;padding-left:0px\"><\/p>\n<\/div><\/div><\/div><\/div><\/div><\/div>\n\n\n\n<div class=\"wp-block-cp-timeline-content-timeline-child swiper-slide\"><div class=\"timeline-content icon-true \"><div class=\"timeline-block-timeline ctl-row  position-left\"><div class=\"ctl-6 timeline-block-time\"><div class=\"story-time\"><p><strong><strong>2,3 km<\/strong><\/strong><\/p><\/div><\/div><div class=\"timeline-block-icon\"><span class=\"timeline-block-render-icon\" style=\"fill:white\"><div class=\"iconpicker-item\" style=\"font-size:24px;color:white;padding:2px\"><svg stroke=\"currentColor\" fill=\"currentColor\" stroke-width=\"0\" viewBox=\"0 0 448 512\" height=\"1em\" width=\"1em\" xmlns=\"http:\/\/www.w3.org\/2000\/svg\"><path d=\"M413.1 222.5l22.2 22.2c9.4 9.4 9.4 24.6 0 33.9L241 473c-9.4 9.4-24.6 9.4-33.9 0L12.7 278.6c-9.4-9.4-9.4-24.6 0-33.9l22.2-22.2c9.5-9.5 25-9.3 34.3.4L184 343.4V56c0-13.3 10.7-24 24-24h32c13.3 0 24 10.7 24 24v287.4l114.8-120.5c9.3-9.8 24.8-10 34.3-.4z\"><\/path><\/svg><\/div><\/span><\/div><div class=\"ctl-6 timeline-block-detail\"><div class=\"story-details\"><div class=\"story-content\">\n<figure class=\"wp-block-image size-full ctlb-block-image is-style-buddyx-border\"><a href=\"https:\/\/caminodesantiagofrances.com\/en\/provincia-de-leon\/la-laguna\/\" target=\"_blank\" rel=\" noreferrer noopener\"><img loading=\"lazy\" decoding=\"async\" width=\"600\" height=\"315\" src=\"https:\/\/caminodesantiagofrances.com\/en\/wp-content\/uploads\/sites\/3\/2024\/02\/La-Laguna-de-Castilla-Camino-de-Santiago-Frances.jpg\" alt=\"\" class=\"wp-image-11884\" srcset=\"https:\/\/caminodesantiagofrances.com\/en\/wp-content\/uploads\/sites\/3\/2024\/02\/La-Laguna-de-Castilla-Camino-de-Santiago-Frances.jpg 600w, https:\/\/caminodesantiagofrances.com\/en\/wp-content\/uploads\/sites\/3\/2024\/02\/La-Laguna-de-Castilla-Camino-de-Santiago-Frances-300x158.jpg 300w\" sizes=\"auto, (max-width: 600px) 100vw, 600px\" \/><\/a><\/figure>\n\n\n\n<h3 class=\"wp-block-heading has-text-align-center ctlb-block-title\" style=\"padding-top:0px;padding-right:0px;padding-bottom:0px;padding-left:0px\"><a href=\"https:\/\/caminodesantiagofrances.com\/en\/navarra\/obanos\/\" data-type=\"link\" data-id=\"https:\/\/caminodesantiagofrances.com\/en\/navarra\/obanos\/\"><\/a><a href=\"https:\/\/caminodesantiagofrances.com\/en\/navarra\/puente-la-reina\/\" data-type=\"link\" data-id=\"https:\/\/caminodesantiagofrances.com\/en\/navarra\/puente-la-reina\/\"><\/a><a href=\"https:\/\/caminodesantiagofrances.com\/en\/navarra\/maneru\/\" data-type=\"link\" data-id=\"https:\/\/caminodesantiagofrances.com\/en\/navarra\/maneru\/\"><\/a><a href=\"https:\/\/caminodesantiagofrances.com\/en\/navarra\/cirauqui\/\" data-type=\"link\" data-id=\"https:\/\/caminodesantiagofrances.com\/en\/navarra\/cirauqui\/\"><\/a><a href=\"https:\/\/caminodesantiagofrances.com\/en\/navarra\/lorca\/\" data-type=\"link\" data-id=\"https:\/\/caminodesantiagofrances.com\/en\/navarra\/lorca\/\"><\/a><a href=\"https:\/\/caminodesantiagofrances.com\/en\/navarra\/villatuerta\/\" data-type=\"link\" data-id=\"https:\/\/caminodesantiagofrances.com\/en\/navarra\/villatuerta\/\"><\/a><a href=\"https:\/\/caminodesantiagofrances.com\/en\/navarra\/estella\/\" data-type=\"link\" data-id=\"https:\/\/caminodesantiagofrances.com\/en\/navarra\/estella\/\"><\/a><a href=\"https:\/\/caminodesantiagofrances.com\/en\/navarra\/ayegui\/\" data-type=\"link\" data-id=\"https:\/\/caminodesantiagofrances.com\/en\/ayegui\/\"><\/a><a href=\"https:\/\/caminodesantiagofrances.com\/en\/navarra\/ayegui\/\" data-type=\"link\" data-id=\"https:\/\/caminodesantiagofrances.com\/en\/ayegui\/\"><\/a><a href=\"https:\/\/caminodesantiagofrances.com\/en\/navarra\/ayegui\/\" data-type=\"link\" data-id=\"https:\/\/caminodesantiagofrances.com\/en\/ayegui\/\"><\/a><a href=\"https:\/\/caminodesantiagofrances.com\/en\/navarra\/azqueta\/\" data-type=\"link\" data-id=\"https:\/\/caminodesantiagofrances.com\/en\/navarra\/azqueta\/\"><\/a><a href=\"https:\/\/caminodesantiagofrances.com\/en\/navarra\/villamayor-de-monjardin\/\" data-type=\"link\" data-id=\"https:\/\/caminodesantiagofrances.com\/en\/navarra\/villamayor-de-monjardin\/\"><\/a><a href=\"https:\/\/caminodesantiagofrances.com\/en\/navarra\/los-arcos\/\" data-type=\"link\" data-id=\"https:\/\/caminodesantiagofrances.com\/en\/navarra\/los-arcos\/\"><\/a><a href=\"https:\/\/caminodesantiagofrances.com\/en\/navarra\/sansol\/\" data-type=\"link\" data-id=\"https:\/\/caminodesantiagofrances.com\/en\/navarra\/sansol\/\"><\/a><a href=\"https:\/\/caminodesantiagofrances.com\/en\/navarra\/torres-del-rio\/\" data-type=\"link\" data-id=\"https:\/\/caminodesantiagofrances.com\/en\/navarra\/torres-del-rio\/\"><\/a><strong><a href=\"https:\/\/caminodesantiagofrances.com\/en\/provincia-de-leon\/la-laguna\/\" target=\"_blank\" data-type=\"page\" data-id=\"11880\" rel=\"noreferrer noopener\">La Laguna<\/a><\/strong><\/h3>\n\n\n\n<p class=\"ctlb-block-desc wp-block-paragraph\" style=\"padding-top:0px;padding-right:0px;padding-bottom:0px;padding-left:0px\"><\/p>\n<\/div><\/div><\/div><\/div><\/div><\/div>\n<\/div><\/div><\/div><\/div>\n\n\n\n<hr class=\"wp-block-separator has-alpha-channel-opacity\"\/>\n\n\n\n<hr class=\"wp-block-separator has-alpha-channel-opacity\"\/>\n\n\n\n<hr class=\"wp-block-separator has-alpha-channel-opacity\"\/>\n\n\n\n<div class=\"wp-block-columns\">\n<div class=\"wp-block-column\" style=\"flex-basis:25%\"><\/div>\n\n\n\n<div class=\"wp-block-column is-vertically-aligned-center\" style=\"flex-basis:50%\"><a style=\"font-size:1.4rem;\" href=\"https:\/\/caminodesantiagofrances.com\/en\/provincia-de-leon\/gastronomia\/\" class=\"btn btn-primary text-warning text-warning d-block block-htd9jt2bd4\" target=\"_blank\" ><i class=\"fas fa-cutlery  me-2\"><\/i>Gastronom\u00eda de la Provincia de Le\u00f3n<\/a> <style>html .block-htd9jt2bd4:hover {color: var(--wp--preset--color--primary) !important;} html .block-htd9jt2bd4:hover {background: var(--wp--preset--color--warning) !important;} html .block-htd9jt2bd4.btn:hover {border-color: var(--wp--preset--color--warning) !important;} <\/style><\/div>\n\n\n\n<div class=\"wp-block-column\" style=\"flex-basis:25%\"><\/div>\n<\/div>\n\n\n\n<div style=\"height:42px\" aria-hidden=\"true\" class=\"wp-block-spacer\"><\/div>\n\n\n\n<h2 class=\"wp-block-heading has-text-align-center\">Provincia de Le\u00f3n en el Camino Franc\u00e9s<\/h2>\n\n\n\n<p class=\"wp-block-paragraph\">La provincia de Le\u00f3n representa una de las etapas m\u00e1s emblem\u00e1ticas del <strong><a href=\"https:\/\/caminodesantiagofrances.com\/en\/\" target=\"_blank\" data-type=\"page\" data-id=\"86\" rel=\"noreferrer noopener\">Camino de Santiago Franc\u00e9s<\/a><\/strong>, ofreciendo al peregrino una combinaci\u00f3n \u00fanica de patrimonio hist\u00f3rico, riqueza cultural y paisajes naturales. Este tramo, que se extiende desde <strong><a href=\"https:\/\/caminodesantiagofrances.com\/en\/provincia-de-leon\/sahagun\/\" target=\"_blank\" data-type=\"page\" data-id=\"11537\" rel=\"noreferrer noopener\">Sahag\u00fan<\/a><\/strong> hasta <strong>La Laguna de Castilla<\/strong>, es un recorrido lleno de historia, arte y espiritualidad.<\/p>\n\n\n\n<h2 class=\"wp-block-heading has-text-align-center\">Etapas del Camino Franc\u00e9s en la Provincia de Le\u00f3n<\/h2>\n\n\n\n<h3 class=\"wp-block-heading has-text-align-center\">Etapa 1: Sahag\u00fan \u2013 El Burgo Ranero (18 km)<\/h3>\n\n\n\n<p class=\"wp-block-paragraph\">Desde <strong><a href=\"https:\/\/caminodesantiagofrances.com\/en\/provincia-de-leon\/sahagun\/\" target=\"_blank\" data-type=\"page\" data-id=\"11537\" rel=\"noreferrer noopener\">Sahag\u00fan<\/a><\/strong>, conocida por su patrimonio mud\u00e9jar, el Camino avanza hasta llegar a <strong><a href=\"https:\/\/caminodesantiagofrances.com\/en\/provincia-de-leon\/el-burgo-ranero\/\" target=\"_blank\" data-type=\"page\" data-id=\"11570\" rel=\"noreferrer noopener\">El Burgo Ranero<\/a><\/strong>. Este tramo atraviesa la Tierra de Campos, caracterizada por sus vastas llanuras y paisajes agr\u00edcolas.\u200b<\/p>\n\n\n\n<h3 class=\"wp-block-heading has-text-align-center\">Etapa 2: El Burgo Ranero \u2013 Mansilla de las Mulas (26 km)<\/h3>\n\n\n\n<p class=\"wp-block-paragraph\">Continuando por senderos rectos y llanos, el peregrino pasa por localidades como <strong><a href=\"https:\/\/caminodesantiagofrances.com\/en\/provincia-de-leon\/reliegos\/\" target=\"_blank\" data-type=\"page\" data-id=\"11577\" rel=\"noreferrer noopener\">Reliegos<\/a><\/strong>, antes de alcanzar <strong><a href=\"https:\/\/caminodesantiagofrances.com\/en\/provincia-de-leon\/mansilla-de-las-mulas\/\" target=\"_blank\" data-type=\"page\" data-id=\"11583\" rel=\"noreferrer noopener\">Mansilla de las Mulas<\/a><\/strong>, una villa amurallada con un rico legado medieval.\u200b<\/p>\n\n\n\n<h3 class=\"wp-block-heading has-text-align-center\">Etapa 3: Mansilla de las Mulas \u2013 Le\u00f3n (18,5 km)<\/h3>\n\n\n\n<p class=\"wp-block-paragraph\">Esta etapa conduce al peregrino hasta la ciudad de <strong><a href=\"https:\/\/caminodesantiagofrances.com\/en\/provincia-de-leon\/leon\/\" data-type=\"page\" data-id=\"11614\">Le\u00f3n<\/a><\/strong>, donde destacan monumentos como la Catedral g\u00f3tica y la Bas\u00edlica de San Isidoro. El recorrido combina tramos rurales con la entrada al entorno urbano.\u200b<\/p>\n\n\n\n<h3 class=\"wp-block-heading has-text-align-center\">Etapa 4: Le\u00f3n \u2013 Villadangos del P\u00e1ramo (21,7 km)<\/h3>\n\n\n\n<p class=\"wp-block-paragraph\">Saliendo de <strong><a href=\"https:\/\/caminodesantiagofrances.com\/en\/provincia-de-leon\/leon\/\" target=\"_blank\" data-type=\"page\" data-id=\"11614\" rel=\"noreferrer noopener\">Le\u00f3n<\/a><\/strong>, el Camino se adentra en el P\u00e1ramo leon\u00e9s, atravesando peque\u00f1as localidades y ofreciendo vistas de campos abiertos hasta llegar a <strong><a href=\"https:\/\/caminodesantiagofrances.com\/en\/provincia-de-leon\/villadangos-del-paramo\/\" target=\"_blank\" data-type=\"page\" data-id=\"11648\" rel=\"noreferrer noopener\">Villadangos del P\u00e1ramo<\/a><\/strong>.\u200b<\/p>\n\n\n\n<h3 class=\"wp-block-heading has-text-align-center\">Etapa 5: Villadangos del P\u00e1ramo \u2013 Astorga (28,5 km)<\/h3>\n\n\n\n<p class=\"wp-block-paragraph\">Este tramo lleva al peregrino a trav\u00e9s de pueblos como <strong><a href=\"https:\/\/caminodesantiagofrances.com\/en\/provincia-de-leon\/san-martin-del-camino\/\" data-type=\"page\" data-id=\"11658\" target=\"_blank\" rel=\"noreferrer noopener\">San Mart\u00edn del Camino<\/a><\/strong> y <strong><a href=\"https:\/\/caminodesantiagofrances.com\/en\/provincia-de-leon\/hospital-de-orbigo\/\" data-type=\"page\" data-id=\"11667\" target=\"_blank\" rel=\"noreferrer noopener\">Hospital de \u00d3rbigo<\/a><\/strong>, conocido por su puente medieval, antes de llegar a <strong><a href=\"https:\/\/caminodesantiagofrances.com\/en\/provincia-de-leon\/astorga\/\" data-type=\"page\" data-id=\"11695\" target=\"_blank\" rel=\"noreferrer noopener\">Astorga<\/a><\/strong>, ciudad con una notable herencia romana y el Palacio Episcopal dise\u00f1ado por Gaud\u00ed.\u200b<\/p>\n\n\n\n<h3 class=\"wp-block-heading has-text-align-center\">Etapa 6: Astorga \u2013 Rabanal del Camino (20,6 km)<\/h3>\n\n\n\n<p class=\"wp-block-paragraph\">Desde <strong><a href=\"https:\/\/caminodesantiagofrances.com\/en\/provincia-de-leon\/astorga\/\" data-type=\"page\" data-id=\"11695\" target=\"_blank\" rel=\"noreferrer noopener\">Astorga<\/a><\/strong>, el Camino asciende hacia las monta\u00f1as, pasando por localidades como <strong><a href=\"https:\/\/caminodesantiagofrances.com\/en\/provincia-de-leon\/murias-de-rechivaldo\/\" target=\"_blank\" data-type=\"page\" data-id=\"11708\" rel=\"noreferrer noopener\">Murias de Rechivaldo<\/a><\/strong> y <strong><a href=\"https:\/\/caminodesantiagofrances.com\/en\/provincia-de-leon\/el-ganso\/\" target=\"_blank\" data-type=\"page\" data-id=\"11721\" rel=\"noreferrer noopener\">El Ganso<\/a><\/strong>, hasta alcanzar <strong><a href=\"https:\/\/caminodesantiagofrances.com\/en\/provincia-de-leon\/rabanal-del-camino\/\" data-type=\"page\" data-id=\"11732\" target=\"_blank\" rel=\"noreferrer noopener\">Rabanal del Camino<\/a><\/strong>, un pintoresco pueblo de monta\u00f1a.\u200b<\/p>\n\n\n\n<h3 class=\"wp-block-heading has-text-align-center\">Etapa 7: Rabanal del Camino \u2013 Ponferrada (32,7 km)<\/h3>\n\n\n\n<p class=\"wp-block-paragraph\">Esta etapa es una de las m\u00e1s exigentes, cruzando la <strong><a href=\"https:\/\/caminodesantiagofrances.com\/en\/lo\/cruz-de-ferro\/\" target=\"_blank\" data-type=\"gd_place\" data-id=\"15386\" rel=\"noreferrer noopener\">Cruz de Ferro<\/a><\/strong>, el punto m\u00e1s alto del Camino Franc\u00e9s, y descendiendo por pueblos como <strong><a href=\"https:\/\/caminodesantiagofrances.com\/en\/provincia-de-leon\/el-acebo\/\" data-type=\"page\" data-id=\"11753\" target=\"_blank\" rel=\"noreferrer noopener\">El Acebo<\/a><\/strong> y <strong><a href=\"https:\/\/caminodesantiagofrances.com\/en\/provincia-de-leon\/molinaseca\/\" target=\"_blank\" data-type=\"page\" data-id=\"11768\" rel=\"noreferrer noopener\">Molinaseca<\/a><\/strong> hasta llegar a <strong><a href=\"https:\/\/caminodesantiagofrances.com\/en\/provincia-de-leon\/ponferrada\/\" data-type=\"page\" data-id=\"11776\" target=\"_blank\" rel=\"noreferrer noopener\">Ponferrada<\/a><\/strong>, con su imponente castillo templario.\u200b<\/p>\n\n\n\n<h3 class=\"wp-block-heading has-text-align-center\">Etapa 8: Ponferrada \u2013 Villafranca del Bierzo (23,2 km)<\/h3>\n\n\n\n<p class=\"wp-block-paragraph\">El Camino atraviesa el f\u00e9rtil valle del Bierzo, pasando por localidades como <strong><a href=\"https:\/\/caminodesantiagofrances.com\/en\/provincia-de-leon\/cacabelos\/\" data-type=\"page\" data-id=\"11802\" target=\"_blank\" rel=\"noreferrer noopener\">Cacabelos<\/a><\/strong>, antes de llegar a <strong><a href=\"https:\/\/caminodesantiagofrances.com\/en\/provincia-de-leon\/villafranca-del-bierzo\/\" data-type=\"page\" data-id=\"11816\" target=\"_blank\" rel=\"noreferrer noopener\">Villafranca del Bierzo<\/a><\/strong>, conocida por su arquitectura y la <strong><a href=\"https:\/\/caminodesantiagofrances.com\/en\/lo\/iglesia-de-santiago-apostol\/\" target=\"_blank\" data-type=\"gd_place\" data-id=\"15537\" rel=\"noreferrer noopener\">Iglesia de Santiago Ap\u00f3stol<\/a><\/strong>.\u200b<\/p>\n\n\n\n<h3 class=\"wp-block-heading has-text-align-center\">Etapa 9: Villafranca del Bierzo \u2013 O Cebreiro (27,5 km)<\/h3>\n\n\n\n<p class=\"wp-block-paragraph\">En esta etapa, el peregrino se adentra en la monta\u00f1a, pasando por pueblos como <strong><a href=\"https:\/\/caminodesantiagofrances.com\/en\/provincia-de-leon\/vega-de-valcarce\/\" data-type=\"page\" data-id=\"11854\" target=\"_blank\" rel=\"noreferrer noopener\">Vega de Valcarce<\/a><\/strong> y <strong><a href=\"https:\/\/caminodesantiagofrances.com\/en\/provincia-de-leon\/la-faba\/\" data-type=\"page\" data-id=\"11874\">La Faba<\/a><\/strong>, <strong><a href=\"https:\/\/caminodesantiagofrances.com\/en\/provincia-de-leon\/la-laguna\/\" target=\"_blank\" data-type=\"page\" data-id=\"11880\" rel=\"noreferrer noopener\">La Laguna<\/a><\/strong>, \u00faltima localidad leonesa antes de entrar en Galicia.\u200b Y final de etapa en <strong><a href=\"https:\/\/caminodesantiagofrances.com\/en\/provincia-de-lugo\/o-cebreiro\/\" data-type=\"page\" data-id=\"11939\" target=\"_blank\" rel=\"noreferrer noopener\">O Cebreiro<\/a><\/strong>.<\/p>\n\n\n\n<h3 class=\"wp-block-heading has-text-align-center\">Patrimonio Cultural y Natural<\/h3>\n\n\n\n<ul class=\"wp-block-list\">\n<li><strong><a href=\"https:\/\/caminodesantiagofrances.com\/en\/lo\/catedral-de-leon\/\" target=\"_blank\" data-type=\"gd_place\" data-id=\"13587\" rel=\"noreferrer noopener\">Catedral de Le\u00f3n<\/a><\/strong>: Obra maestra del g\u00f3tico, conocida por sus vidrieras.<\/li>\n\n\n\n<li><strong><a href=\"https:\/\/caminodesantiagofrances.com\/en\/lo\/basilica-de-san-isidoro\/\" target=\"_blank\" data-type=\"gd_place\" data-id=\"14323\" rel=\"noreferrer noopener\">Bas\u00edlica de San Isidoro<\/a><\/strong>: Alberga el Pante\u00f3n Real, con frescos rom\u00e1nicos.<\/li>\n\n\n\n<li><strong><a href=\"https:\/\/caminodesantiagofrances.com\/en\/lo\/castillo-de-ponferrada\/\" target=\"_blank\" data-type=\"gd_place\" data-id=\"12720\" rel=\"noreferrer noopener\">Castillo de Ponferrada<\/a><\/strong>: Fortaleza templaria que domina la ciudad.<\/li>\n\n\n\n<li><strong>Las M\u00e9dulas<\/strong>: Antiguas minas de oro romanas, Patrimonio de la Humanidad.<\/li>\n\n\n\n<li><strong>El Bierzo<\/strong>: Comarca con una rica tradici\u00f3n vin\u00edcola y paisajes naturales.<\/li>\n<\/ul>\n\n\n\n<h3 class=\"wp-block-heading has-text-align-center\">Gastronom\u00eda Leonesa<\/h3>\n\n\n\n<p class=\"wp-block-paragraph\">La provincia ofrece una variada gastronom\u00eda:<\/p>\n\n\n\n<ul class=\"wp-block-list\">\n<li><strong>Botillo del Bierzo<\/strong>: Embutido cocido t\u00edpico de la comarca.<\/li>\n\n\n\n<li><strong>Cecina de Le\u00f3n<\/strong>: Carne curada con denominaci\u00f3n de origen.<\/li>\n\n\n\n<li><strong>Empanada berciana<\/strong>: Rellena de berza y chorizo.<\/li>\n\n\n\n<li><strong>Vinos del Bierzo<\/strong>: Elaborados principalmente con la uva Menc\u00eda.<\/li>\n<\/ul>\n\n\n\n<h3 class=\"wp-block-heading has-text-align-center\">Servicios para el Peregrino<\/h3>\n\n\n\n<p class=\"wp-block-paragraph\">Le\u00f3n cuenta con una amplia red de albergues, hostales y servicios m\u00e9dicos. Las principales localidades ofrecen puntos de informaci\u00f3n, tiendas especializadas y transporte para mochilas.<\/p>\n","protected":false},"excerpt":{"rendered":"<p>Camino de Santiago Franc\u00e9s en la Provincia de Le\u00f3n Provincia de Le\u00f3n en el Camino Franc\u00e9s La provincia de Le\u00f3n representa una de las etapas m\u00e1s emblem\u00e1ticas del Camino de Santiago Franc\u00e9s, ofreciendo al peregrino una combinaci\u00f3n \u00fanica de patrimonio hist\u00f3rico, riqueza cultural y paisajes naturales. Este tramo, que se extiende desde Sahag\u00fan hasta La [&hellip;]<\/p>\n","protected":false},"author":1,"featured_media":0,"parent":0,"menu_order":0,"comment_status":"closed","ping_status":"closed","template":"","meta":{"footnotes":""},"class_list":["post-6006","page","type-page","status-publish","hentry"],"_links":{"self":[{"href":"https:\/\/caminodesantiagofrances.com\/en\/wp-json\/wp\/v2\/pages\/6006","targetHints":{"allow":["GET"]}}],"collection":[{"href":"https:\/\/caminodesantiagofrances.com\/en\/wp-json\/wp\/v2\/pages"}],"about":[{"href":"https:\/\/caminodesantiagofrances.com\/en\/wp-json\/wp\/v2\/types\/page"}],"author":[{"embeddable":true,"href":"https:\/\/caminodesantiagofrances.com\/en\/wp-json\/wp\/v2\/users\/1"}],"replies":[{"embeddable":true,"href":"https:\/\/caminodesantiagofrances.com\/en\/wp-json\/wp\/v2\/comments?post=6006"}],"version-history":[{"count":0,"href":"https:\/\/caminodesantiagofrances.com\/en\/wp-json\/wp\/v2\/pages\/6006\/revisions"}],"wp:attachment":[{"href":"https:\/\/caminodesantiagofrances.com\/en\/wp-json\/wp\/v2\/media?parent=6006"}],"curies":[{"name":"wp","href":"https:\/\/api.w.org\/{rel}","templated":true}]}}