{"id":8270,"date":"2022-10-30T12:58:42","date_gmt":"2022-10-30T12:58:42","guid":{"rendered":"https:\/\/prueba.caminodesantiagofrances.com\/en\/?page_id=8270"},"modified":"2025-10-06T13:59:36","modified_gmt":"2025-10-06T11:59:36","slug":"via-aquitania","status":"publish","type":"page","link":"https:\/\/caminodesantiagofrances.com\/en\/via-aquitania\/","title":{"rendered":"V\u00eda Aquitania"},"content":{"rendered":"\n<div class=\"wp-block-geodirectory-geodir-widget-map\"><div class=\"geodir-wgt-map bsui sdel-3734b4ee\" ><!--START geodir-map-wrap-->\n<div class=\"geodir-map-wrap geodir-directory-map-wrap 100 425px overflow-hidden\">\n\t<div id=\"catcher_gd_map_canvas_directory\"><\/div>\n\t<!--START stick_trigger_container-->\n\t<div class=\"stick_trigger_container bsui\">\n\t\t<div class=\"trigger_sticky triggeroff_sticky mt-n5 btn btn-secondary me-n2 me-n2 c-pointer\" style=\"display: none;\">\n\t\t\t<i class=\"fas fa-map-marked-alt\"><\/i>\n\t\t\t<i class=\"fas fa-angle-right\"><\/i>\n\t\t<\/div>\n\t\t<!--end of stick trigger container-->\n\t\t<div class=\"geodir_map_container gd_map_canvas_directory bsui position-relative mw-100\"\n\t\t     id=\"sticky_map_gd_map_canvas_directory\"\n\t\t     style=\"width:100%;min-height:425px;\">\n\t\t\t<!--END map_background-->\n\t\t\t<div class=\"map_background\">\n\t\t\t\t<div class=\"top_banner_section_in clearfix\">\n\t\t\t\t\t<div class=\"gd_map_canvas_directory_TopLeft TopLeft position-absolute bg-white text-muted rounded-sm rounded-1 shadow-sm m-2 px-1 py-1 h5 c-pointer\" style=\"z-index: 3;\">\n\t\t\t\t\t\t<span class=\"triggermap\" id=\"gd_map_canvas_directory_triggermap\">\n\t\t\t\t\t\t\t<i class=\"fas fa-expand-arrows-alt fa-fw fa-width-fixed\" aria-hidden=\"true\"><\/i>\n\t\t\t\t\t\t\t<i class=\"fas fa-compress-arrows-alt fa-fw fa-width-fixed d-none\" aria-hidden=\"true\"><\/i>\n\t\t\t\t\t\t<\/span>\n\t\t\t\t\t<\/div>\n\t\t\t\t\t<div class=\"gd_map_canvas_directory_TopRight TopRight\"><\/div>\n\t\t\t\t\t<div id=\"gd_map_canvas_directory_wrapper\" class=\"main_map_wrapper\" style=\"height:425px;width:100%;\">\n\t\t\t\t\t\t<div class=\"iprelative position-relative\">\n\t\t\t\t\t\t\t<div id=\"gd_map_canvas_directory\" class=\"geodir-map-canvas\" data-map-type=\"directory\" data-map-canvas=\"gd_map_canvas_directory\" style=\"height:425px;width:100%;z-index: 0;\" ><\/div>\n\t\t\t\t\t\t\t<div id=\"gd_map_canvas_directory_loading_div\" class=\"loading_div overlay overlay-black position-absolute row m-0\" style=\"height:425px;width:100%;top:0;z-index: 2;\">\n\t\t\t\t\t\t\t\t<div class=\"spinner-border mx-auto align-self-center text-white\" role=\"status\">\n\t\t\t\t\t\t\t\t\t<span class=\"visually-hidden\">Loading&#8230;<\/span>\n\t\t\t\t\t\t\t\t<\/div>\n\t\t\t\t\t\t\t<\/div>\n\t\t\t\t\t\t\t<div id=\"gd_map_canvas_directory_map_nofound\"\n\t\t\t\t\t\t\t     class=\"advmap_nofound position-absolute row m-0 z-index-1\"\n\t\t\t\t\t\t\t     style=\"display:none;transform: translate(-50%, -50%);top:50%;left:50%;opacity: .85;pointer-events: none;\">\n\t\t\t\t\t\t\t\t<div class=\"alert alert-info text-center mx-auto align-self-center shadow-lg mb-0\">\n\t\t\t\t\t\t\t\t\t<div class='h3 alert-heading'>No Records Found<\/div><p> Sorry, no records were found. Please adjust your search criteria and try again.<\/p>\t\t\t\t\t\t\t\t<\/div>\n\t\t\t\t\t\t\t<\/div>\n\t\t\t\t\t\t\t<div id=\"gd_map_canvas_directory_map_notloaded\"\n\t\t\t\t\t\t\t     class=\"advmap_notloaded position-absolute row m-0 z-index-1\"\n\t\t\t\t\t\t\t     style=\"display:none;transform: translate(-50%, -50%);top:50%;left:50%;opacity: .85;pointer-events: none;\">\n\t\t\t\t\t\t\t\t<div class=\"alert alert-danger text-center mx-auto align-self-center shadow-lg mb-0\">\n\t\t\t\t\t\t\t\t\t<div class='h3 alert-heading'>Maps failed to load<\/div><p> Sorry, unable to load the Maps API.<\/p>\t\t\t\t\t\t\t\t<\/div>\n\t\t\t\t\t\t\t<\/div>\n\t\t\t\t\t\t<\/div>\n\t\t\t\t\t<\/div>\n\t\t\t\t\t<div class=\"gd_map_canvas_directory_BottomLeft BottomLeft\"><\/div>\n\t\t\t\t<\/div>\n\t\t\t<\/div><!--END map_background-->\n\t\t\t\t\t<\/div>\n\t\t<style>.geodir_map_container .poi-info-window .full-width{width:180px;position:relative;margin-left:inherit;left:inherit;}.geodir-map-canvas .gm-style img{max-width:none;box-shadow:none!important}.geodir-map-canvas .leaflet-tile-container img{box-shadow:none!important}<\/style>\n<script type=\"text\/javascript\">\nwindow.gdBaseLat = 0;\nwindow.gdBaseLng = 0;\nwindow.gdBaseZoom = 0;\njQuery(function ($) {\n\t\t\t\t\tvar gdMapCanvas = 'gd_map_canvas_directory';\n\t\t\tbuild_map_ajax_search_param(gdMapCanvas, false);\t\t\t\t\t\t\t\t\t\t\t\tvar screenH, heightVH, ptypeH = 0;\n\t\t\tscreenH = $(window).height();\n\t\t\theightVH = parseFloat('425');\n\t\t\tif ($(\"#\" + gdMapCanvas + \"_posttype_menu\").length) {\n\t\t\t\tptypeH = $(\"#\" + gdMapCanvas + \"_posttype_menu\").outerHeight();\n\t\t\t}\n\t\t\t$(\"#\" + gdMapCanvas + \"_cat\").css(\"max-height\", heightVH - ptypeH + 'px');\n\t\t\t});\n<\/script>\n\t\t\t<\/div><!--END stick_trigger_container-->\n<\/div><!--END geodir-map-wrap-->\n<style>body.stickymap_hide .stickymap{display:none!important}body.stickymap_hide .stick_trigger_container .fa-angle-right{transform:rotate(180deg)}body.body_fullscreen>.stick_trigger_container{width:100vw;height:100vh;position:fixed;z-index:50000}body.gd-google-maps .geodir-map-wrap .geodir-map-cat-filter-wrap{margin-bottom:14px!important}body.gd-osm-gmaps .geodir-map-wrap .geodir-map-cat-filter-wrap{margin-bottom:16.5px!important}<\/style>\n<\/div><\/div>\n\n\n\n<div class=\"wp-block-geodirectory-geodir-widget-search\"><div class=\"geodir-search-container bsui sdel-6b5e8662\" ><div class=\"geodir-search-form-wrapper mb-3\">\n\t<form class=\"w-100 d-block geodir-listing-search gd-search-bar-style geodir-search-show-all\" data-show=\"\" name=\"geodir-listing-search\" action=\"https:\/\/caminodesantiagofrances.com\/en\/buscar\/\" method=\"get\" style=\"box-sizing:content-box;\">\n\t\t<input type=\"hidden\" name=\"geodir_search\" value=\"1\" \/>\n\t\t\n\t\t<div class=\"geodir-search row gap-2 gy-2 px-3 align-items-center\" style=\"row-gap:0!important;\">\n\t\t\t\t<input type=\"hidden\" name=\"stype\" value=\"gd_place\" data-slug=\"lo\" \/><div class='gd-search-field-search col-auto flex-fill\n px-0' style=\"flex-grow:9999 !important;\" data-rule-key=\"s\" data-rule-type=\"text\">\n\t<div class=\"\" ><label class=\"visually-hidden form-label\">Search for<\/label><div class=\"input-group-inside position-relative w-100\" ><div class=\"input-group-text  bg-transparent border-0\"><span class=\"geodir-search-input-label hover-swap text-muted\" onclick=\"jQuery('.search_text').val('').trigger('change').trigger('keyup');\" aria-hidden=\"true\"><i class=\"fas fa-search hover-content-original\"><\/i><i class=\"fas fa-times geodir-search-input-label-clear hover-content c-pointer\" title=\"Clear field\"><\/i><\/span><\/div><input type=\"text\"  name=\"s\"  placeholder=\"Search for\"  class=\"form-control search_text gd_search_text w-100\"  onkeydown=\"if(event.keyCode == 13) geodir_click_search(this);\"  onClick=\"this.select();\"  autocomplete=\"off\"  size=\"16\"  aria-label=\"Search for\" ><\/div><\/div><\/div>\n<div class='gd-search-field-near col-auto flex-fill\n px-0' style=\"flex-grow:9999 !important;\" data-rule-key=\"near\" data-rule-type=\"text\">\n\t<div class=\"\" ><label class=\"visually-hidden visually-hidden form-label\">Near<\/label><div class=\"input-group-inside position-relative w-100\" ><div class=\"input-group-text  bg-transparent border-0\"><span class=\"geodir-search-input-label hover-swap text-muted\" onclick=\"jQuery('.snear').val('').trigger('change').trigger('keyup');jQuery('.sgeo_lat,.sgeo_lon').val('');\" aria-hidden=\"true\"><i class=\"fas fa-map-marker-alt hover-content-original\"><\/i><i class=\"fas fa-times geodir-search-input-label-clear hover-content c-pointer\" title=\"Clear field\"><\/i><\/span><\/div><input type=\"text\"  name=\"snear\"  placeholder=\"Near\"  class=\"form-control snear w-100\"  onkeydown=\"javascript: if(event.keyCode == 13) geodir_click_search(this);\"  onClick=\"this.select();\"  autocomplete=\"off\"  size=\"16\"  aria-label=\"Near\"  data-bs-toggle=\"dropdown\"  data-bs-flip=\"false\" ><\/div><\/div><\/div>\n<div class='gd-search-field-search col-auto flex-grow-1 px-0'>\n\t<div class=''>\n\t\t<button type=\"button\"  class=\"geodir_submit_search btn w-100 btn-primary\"  data-title=\"fas fa-search\"  aria-label=\"Search\"  ><i class=\"fas fas fa-search\" aria-hidden=\"true\"><\/i><span class=\"visually-hidden\">Search<\/span><\/button>\n\t<\/div>\n<\/div>\n\t\t<\/div>\n\t\t\t\t<input name=\"sgeo_lat\" class=\"sgeo_lat\" type=\"hidden\" value=\"\"\/>\n\t\t<input name=\"sgeo_lon\" class=\"sgeo_lon\" type=\"hidden\" value=\"\"\/>\n\t\t<input class=\"geodir-location-search-type\" name=\"\" type=\"hidden\" value=\"\"><div class=\"geodir-keep-args\" style=\"display:none!important\">{&#8220;hide_search_input&#8221;:false,&#8221;hide_near_input&#8221;:false,&#8221;input_size&#8221;:&#8221;&#8221;,&#8221;bar_flex_wrap&#8221;:&#8221;&#8221;,&#8221;bar_flex_wrap_md&#8221;:&#8221;&#8221;,&#8221;bar_flex_wrap_lg&#8221;:&#8221;&#8221;,&#8221;input_border&#8221;:&#8221;&#8221;,&#8221;input_border_opacity&#8221;:&#8221;&#8221;,&#8221;input_rounded_size&#8221;:&#8221;&#8221;,&#8221;btn_bg&#8221;:&#8221;&#8221;,&#8221;btn_rounded_size&#8221;:&#8221;&#8221;,&#8221;btn_rounded_size_md&#8221;:&#8221;&#8221;,&#8221;btn_rounded_size_lg&#8221;:&#8221;&#8221;,&#8221;bg&#8221;:&#8221;&#8221;,&#8221;mt&#8221;:&#8221;&#8221;,&#8221;mr&#8221;:&#8221;&#8221;,&#8221;mb&#8221;:&#8221;3&#8243;,&#8221;ml&#8221;:&#8221;&#8221;,&#8221;pt&#8221;:&#8221;&#8221;,&#8221;pr&#8221;:&#8221;&#8221;,&#8221;pb&#8221;:&#8221;&#8221;,&#8221;pl&#8221;:&#8221;&#8221;,&#8221;border&#8221;:&#8221;&#8221;,&#8221;rounded&#8221;:&#8221;&#8221;,&#8221;rounded_size&#8221;:&#8221;&#8221;,&#8221;rounded_size_md&#8221;:&#8221;&#8221;,&#8221;rounded_size_lg&#8221;:&#8221;&#8221;,&#8221;shadow&#8221;:&#8221;&#8221;,&#8221;css_class&#8221;:&#8221;&#8221;}<\/div>\t<\/form>\n<\/div>\n<\/div><\/div>\n\n\n\n<h2 class=\"wp-block-heading has-text-align-center\">Camino de Santiago V\u00eda Aquitania<\/h2>\n\n\n\n<div class=\"wp-block-cp-timeline-content-timeline Cool-Content-Timeline\"><div class=\"cool-timeline-block-ea26c06c-52d5-45e6-a465-66f75ded3502\"><style>.cool-timeline-block-ea26c06c-52d5-45e6-a465-66f75ded3502 .cool-vertical-timeline-body{--ctlb-content-alignment: left;--ctlb-icon-color: #ffcc00;--ctlb-date-color: #003888;--ctlb-line-color: #003888;--ctlb-icon-bg: #003888;--ctlb-story-border-color: #ffcc00;}<\/style><div class=\"cool-vertical-timeline-body ctlb-wrapper both-sided left\"><div class=\"cool-timeline-block-list\">\n<div class=\"wp-block-cp-timeline-content-timeline-child swiper-slide\"><div class=\"timeline-content icon-true \"><div class=\"timeline-block-timeline ctl-row  position-right\"><div class=\"ctl-6 timeline-block-time\"><div class=\"story-time\"><p><b><a href=\"https:\/\/caminodesantiagofrances.com\/en\/provincia-de-burgos\/burgos\/\" data-type=\"page\" data-id=\"11386\" rel=\"noreferrer noopener\">B<\/a><\/b><strong><a href=\"https:\/\/caminodesantiagofrances.com\/en\/provincia-de-burgos\/burgos\/\" data-type=\"page\" data-id=\"11386\" rel=\"noreferrer noopener\">urgos<\/a><\/strong><\/p><\/div><\/div><div class=\"timeline-block-icon\"><span class=\"timeline-block-render-icon\" style=\"fill:white\"><div class=\"iconpicker-item\" style=\"font-size:24px;color:white;padding:2px\"><svg stroke=\"currentColor\" fill=\"currentColor\" stroke-width=\"0\" viewBox=\"0 0 448 512\" height=\"1em\" width=\"1em\" xmlns=\"http:\/\/www.w3.org\/2000\/svg\"><path d=\"M413.1 222.5l22.2 22.2c9.4 9.4 9.4 24.6 0 33.9L241 473c-9.4 9.4-24.6 9.4-33.9 0L12.7 278.6c-9.4-9.4-9.4-24.6 0-33.9l22.2-22.2c9.5-9.5 25-9.3 34.3.4L184 343.4V56c0-13.3 10.7-24 24-24h32c13.3 0 24 10.7 24 24v287.4l114.8-120.5c9.3-9.8 24.8-10 34.3-.4z\"><\/path><\/svg><\/div><\/span><\/div><div class=\"ctl-6 timeline-block-detail\"><div class=\"story-details\"><div class=\"story-content\">\n<figure class=\"wp-block-image aligncenter size-full ctlb-block-image is-style-buddyx-border\"><a href=\"https:\/\/caminodesantiagofrances.com\/en\/provincia-de-burgos\/tardajos\/\" target=\"_blank\" rel=\" noreferrer noopener\"><img loading=\"lazy\" decoding=\"async\" width=\"600\" height=\"315\" src=\"https:\/\/caminodesantiagofrances.com\/en\/wp-content\/uploads\/sites\/3\/2024\/02\/Tardajos-Camino-de-Santiago-Frances.jpg\" alt=\"\" class=\"wp-image-11399\" srcset=\"https:\/\/caminodesantiagofrances.com\/en\/wp-content\/uploads\/sites\/3\/2024\/02\/Tardajos-Camino-de-Santiago-Frances.jpg 600w, https:\/\/caminodesantiagofrances.com\/en\/wp-content\/uploads\/sites\/3\/2024\/02\/Tardajos-Camino-de-Santiago-Frances-300x158.jpg 300w\" sizes=\"auto, (max-width: 600px) 100vw, 600px\" \/><\/a><\/figure>\n\n\n\n<h3 class=\"wp-block-heading has-text-align-center ctlb-block-title\" style=\"padding-top:0px;padding-right:0px;padding-bottom:0px;padding-left:0px\"><strong><a href=\"https:\/\/caminodesantiagofrances.com\/en\/provincia-de-burgos\/tardajos\/\" target=\"_blank\" data-type=\"page\" data-id=\"11394\" rel=\"noreferrer noopener\">Tardajos<\/a><\/strong><\/h3>\n\n\n\n<p class=\"ctlb-block-desc wp-block-paragraph\" style=\"padding-top:0px;padding-right:0px;padding-bottom:0px;padding-left:0px\"><\/p>\n<\/div><\/div><\/div><\/div><\/div><\/div>\n\n\n\n<div class=\"wp-block-cp-timeline-content-timeline-child swiper-slide\"><div class=\"timeline-content icon-true \"><div class=\"timeline-block-timeline ctl-row  position-left\"><div class=\"ctl-6 timeline-block-time\"><div class=\"story-time\"><p><strong>3,8 km<\/strong><\/p><\/div><\/div><div class=\"timeline-block-icon\"><span class=\"timeline-block-render-icon\" style=\"fill:white\"><div class=\"iconpicker-item\" style=\"font-size:24px;color:white;padding:2px\"><svg stroke=\"currentColor\" fill=\"currentColor\" stroke-width=\"0\" viewBox=\"0 0 448 512\" height=\"1em\" width=\"1em\" xmlns=\"http:\/\/www.w3.org\/2000\/svg\"><path d=\"M413.1 222.5l22.2 22.2c9.4 9.4 9.4 24.6 0 33.9L241 473c-9.4 9.4-24.6 9.4-33.9 0L12.7 278.6c-9.4-9.4-9.4-24.6 0-33.9l22.2-22.2c9.5-9.5 25-9.3 34.3.4L184 343.4V56c0-13.3 10.7-24 24-24h32c13.3 0 24 10.7 24 24v287.4l114.8-120.5c9.3-9.8 24.8-10 34.3-.4z\"><\/path><\/svg><\/div><\/span><\/div><div class=\"ctl-6 timeline-block-detail\"><div class=\"story-details\"><div class=\"story-content\">\n<figure class=\"wp-block-image aligncenter size-full ctlb-block-image is-style-buddyx-border\"><a href=\"https:\/\/caminodesantiagofrances.com\/en\/via-aquitania\/las-quintanillas\/\" target=\"_blank\" rel=\" noreferrer noopener\"><img loading=\"lazy\" decoding=\"async\" width=\"1200\" height=\"630\" src=\"https:\/\/caminodesantiagofrances.com\/en\/wp-content\/uploads\/sites\/3\/2025\/10\/Las-Quintanillas-Camino-de-Santiago-Frances.jpg\" alt=\"\" class=\"wp-image-16971\" srcset=\"https:\/\/caminodesantiagofrances.com\/en\/wp-content\/uploads\/sites\/3\/2025\/10\/Las-Quintanillas-Camino-de-Santiago-Frances.jpg 1200w, https:\/\/caminodesantiagofrances.com\/en\/wp-content\/uploads\/sites\/3\/2025\/10\/Las-Quintanillas-Camino-de-Santiago-Frances-300x158.jpg 300w, https:\/\/caminodesantiagofrances.com\/en\/wp-content\/uploads\/sites\/3\/2025\/10\/Las-Quintanillas-Camino-de-Santiago-Frances-1024x538.jpg 1024w, https:\/\/caminodesantiagofrances.com\/en\/wp-content\/uploads\/sites\/3\/2025\/10\/Las-Quintanillas-Camino-de-Santiago-Frances-768x403.jpg 768w\" sizes=\"auto, (max-width: 1200px) 100vw, 1200px\" \/><\/a><\/figure>\n\n\n\n<h3 class=\"wp-block-heading has-text-align-center ctlb-block-title\" style=\"padding-top:0px;padding-right:0px;padding-bottom:0px;padding-left:0px\"><strong><a href=\"https:\/\/caminodesantiagofrances.com\/en\/via-aquitania\/las-quintanillas\/\" target=\"_blank\" data-type=\"page\" data-id=\"16959\" rel=\"noreferrer noopener\">Las Quintanillas<\/a><\/strong><\/h3>\n\n\n\n<p class=\"ctlb-block-desc wp-block-paragraph\" style=\"padding-top:0px;padding-right:0px;padding-bottom:0px;padding-left:0px\"><\/p>\n<\/div><\/div><\/div><\/div><\/div><\/div>\n\n\n\n<div class=\"wp-block-cp-timeline-content-timeline-child swiper-slide\"><div class=\"timeline-content icon-true \"><div class=\"timeline-block-timeline ctl-row  position-right\"><div class=\"ctl-6 timeline-block-time\"><div class=\"story-time\"><p><strong><strong>5,8 km<\/strong><\/strong><\/p><\/div><\/div><div class=\"timeline-block-icon\"><span class=\"timeline-block-render-icon\" style=\"fill:white\"><div class=\"iconpicker-item\" style=\"font-size:24px;color:white;padding:2px\"><svg stroke=\"currentColor\" fill=\"currentColor\" stroke-width=\"0\" viewBox=\"0 0 448 512\" height=\"1em\" width=\"1em\" xmlns=\"http:\/\/www.w3.org\/2000\/svg\"><path d=\"M413.1 222.5l22.2 22.2c9.4 9.4 9.4 24.6 0 33.9L241 473c-9.4 9.4-24.6 9.4-33.9 0L12.7 278.6c-9.4-9.4-9.4-24.6 0-33.9l22.2-22.2c9.5-9.5 25-9.3 34.3.4L184 343.4V56c0-13.3 10.7-24 24-24h32c13.3 0 24 10.7 24 24v287.4l114.8-120.5c9.3-9.8 24.8-10 34.3-.4z\"><\/path><\/svg><\/div><\/span><\/div><div class=\"ctl-6 timeline-block-detail\"><div class=\"story-details\"><div class=\"story-content\">\n<figure class=\"wp-block-image size-full ctlb-block-image is-style-buddyx-border\"><a href=\"https:\/\/caminodesantiagofrances.com\/en\/via-aquitania\/palacios-de-benaver\/\" target=\"_blank\" rel=\" noreferrer noopener\"><img loading=\"lazy\" decoding=\"async\" width=\"1200\" height=\"630\" src=\"https:\/\/caminodesantiagofrances.com\/en\/wp-content\/uploads\/sites\/3\/2025\/10\/Palacios-de-Benaver-Camino-de-Santiago-Frances.jpg\" alt=\"\" class=\"wp-image-16978\" srcset=\"https:\/\/caminodesantiagofrances.com\/en\/wp-content\/uploads\/sites\/3\/2025\/10\/Palacios-de-Benaver-Camino-de-Santiago-Frances.jpg 1200w, https:\/\/caminodesantiagofrances.com\/en\/wp-content\/uploads\/sites\/3\/2025\/10\/Palacios-de-Benaver-Camino-de-Santiago-Frances-300x158.jpg 300w, https:\/\/caminodesantiagofrances.com\/en\/wp-content\/uploads\/sites\/3\/2025\/10\/Palacios-de-Benaver-Camino-de-Santiago-Frances-1024x538.jpg 1024w, https:\/\/caminodesantiagofrances.com\/en\/wp-content\/uploads\/sites\/3\/2025\/10\/Palacios-de-Benaver-Camino-de-Santiago-Frances-768x403.jpg 768w\" sizes=\"auto, (max-width: 1200px) 100vw, 1200px\" \/><\/a><\/figure>\n\n\n\n<h3 class=\"wp-block-heading has-text-align-center ctlb-block-title\" style=\"padding-top:0px;padding-right:0px;padding-bottom:0px;padding-left:0px\"><strong><a href=\"https:\/\/caminodesantiagofrances.com\/en\/via-aquitania\/palacios-de-benaver\/\" target=\"_blank\" data-type=\"page\" data-id=\"16977\" rel=\"noreferrer noopener\">Palacios de Benaver<\/a><\/strong><\/h3>\n\n\n\n<p class=\"ctlb-block-desc wp-block-paragraph\" style=\"padding-top:0px;padding-right:0px;padding-bottom:0px;padding-left:0px\"><\/p>\n<\/div><\/div><\/div><\/div><\/div><\/div>\n\n\n\n<div class=\"wp-block-cp-timeline-content-timeline-child swiper-slide\"><div class=\"timeline-content icon-true \"><div class=\"timeline-block-timeline ctl-row  position-left\"><div class=\"ctl-6 timeline-block-time\"><div class=\"story-time\"><p><strong>3,9 km<\/strong><\/p><\/div><\/div><div class=\"timeline-block-icon\"><span class=\"timeline-block-render-icon\" style=\"fill:white\"><div class=\"iconpicker-item\" style=\"font-size:24px;color:white;padding:2px\"><svg stroke=\"currentColor\" fill=\"currentColor\" stroke-width=\"0\" viewBox=\"0 0 448 512\" height=\"1em\" width=\"1em\" xmlns=\"http:\/\/www.w3.org\/2000\/svg\"><path d=\"M413.1 222.5l22.2 22.2c9.4 9.4 9.4 24.6 0 33.9L241 473c-9.4 9.4-24.6 9.4-33.9 0L12.7 278.6c-9.4-9.4-9.4-24.6 0-33.9l22.2-22.2c9.5-9.5 25-9.3 34.3.4L184 343.4V56c0-13.3 10.7-24 24-24h32c13.3 0 24 10.7 24 24v287.4l114.8-120.5c9.3-9.8 24.8-10 34.3-.4z\"><\/path><\/svg><\/div><\/span><\/div><div class=\"ctl-6 timeline-block-detail\"><div class=\"story-details\"><div class=\"story-content\">\n<figure class=\"wp-block-image size-full ctlb-block-image is-style-buddyx-border\"><a href=\"https:\/\/caminodesantiagofrances.com\/en\/via-aquitania\/villanueva-de-argano\/\" target=\"_blank\" rel=\" noreferrer noopener\"><img loading=\"lazy\" decoding=\"async\" width=\"1200\" height=\"630\" src=\"https:\/\/caminodesantiagofrances.com\/en\/wp-content\/uploads\/sites\/3\/2025\/10\/Villanueva-de-Argano-Camino-de-Santiago-Frances.jpg\" alt=\"\" class=\"wp-image-16993\" srcset=\"https:\/\/caminodesantiagofrances.com\/en\/wp-content\/uploads\/sites\/3\/2025\/10\/Villanueva-de-Argano-Camino-de-Santiago-Frances.jpg 1200w, https:\/\/caminodesantiagofrances.com\/en\/wp-content\/uploads\/sites\/3\/2025\/10\/Villanueva-de-Argano-Camino-de-Santiago-Frances-300x158.jpg 300w, https:\/\/caminodesantiagofrances.com\/en\/wp-content\/uploads\/sites\/3\/2025\/10\/Villanueva-de-Argano-Camino-de-Santiago-Frances-1024x538.jpg 1024w, https:\/\/caminodesantiagofrances.com\/en\/wp-content\/uploads\/sites\/3\/2025\/10\/Villanueva-de-Argano-Camino-de-Santiago-Frances-768x403.jpg 768w\" sizes=\"auto, (max-width: 1200px) 100vw, 1200px\" \/><\/a><\/figure>\n\n\n\n<h3 class=\"wp-block-heading has-text-align-center ctlb-block-title\" style=\"padding-top:0px;padding-right:0px;padding-bottom:0px;padding-left:0px\"><strong><a href=\"https:\/\/caminodesantiagofrances.com\/en\/via-aquitania\/villanueva-de-argano\/\" target=\"_blank\" data-type=\"page\" data-id=\"16994\" rel=\"noreferrer noopener\">Villanueva de Arga\u00f1o<\/a><\/strong><\/h3>\n\n\n\n<p class=\"ctlb-block-desc wp-block-paragraph\" style=\"padding-top:0px;padding-right:0px;padding-bottom:0px;padding-left:0px\"><\/p>\n<\/div><\/div><\/div><\/div><\/div><\/div>\n\n\n\n<div class=\"wp-block-cp-timeline-content-timeline-child swiper-slide\"><div class=\"timeline-content icon-true \"><div class=\"timeline-block-timeline ctl-row  position-right\"><div class=\"ctl-6 timeline-block-time\"><div class=\"story-time\"><p><strong>4,7 km<\/strong><\/p><\/div><\/div><div class=\"timeline-block-icon\"><span class=\"timeline-block-render-icon\" style=\"fill:white\"><div class=\"iconpicker-item\" style=\"font-size:24px;color:white;padding:2px\"><svg stroke=\"currentColor\" fill=\"currentColor\" stroke-width=\"0\" viewBox=\"0 0 448 512\" height=\"1em\" width=\"1em\" xmlns=\"http:\/\/www.w3.org\/2000\/svg\"><path d=\"M413.1 222.5l22.2 22.2c9.4 9.4 9.4 24.6 0 33.9L241 473c-9.4 9.4-24.6 9.4-33.9 0L12.7 278.6c-9.4-9.4-9.4-24.6 0-33.9l22.2-22.2c9.5-9.5 25-9.3 34.3.4L184 343.4V56c0-13.3 10.7-24 24-24h32c13.3 0 24 10.7 24 24v287.4l114.8-120.5c9.3-9.8 24.8-10 34.3-.4z\"><\/path><\/svg><\/div><\/span><\/div><div class=\"ctl-6 timeline-block-detail\"><div class=\"story-details\"><div class=\"story-content\">\n<figure class=\"wp-block-image size-full ctlb-block-image is-style-buddyx-border\"><a href=\"https:\/\/caminodesantiagofrances.com\/en\/via-aquitania\/citores-del-paramo\/\" target=\"_blank\" rel=\" noreferrer noopener\"><img loading=\"lazy\" decoding=\"async\" width=\"1200\" height=\"630\" src=\"https:\/\/caminodesantiagofrances.com\/en\/wp-content\/uploads\/sites\/3\/2025\/10\/Citores-del-Paramo-Camino-de-Santiago-Frances.jpg\" alt=\"\" class=\"wp-image-16996\" srcset=\"https:\/\/caminodesantiagofrances.com\/en\/wp-content\/uploads\/sites\/3\/2025\/10\/Citores-del-Paramo-Camino-de-Santiago-Frances.jpg 1200w, https:\/\/caminodesantiagofrances.com\/en\/wp-content\/uploads\/sites\/3\/2025\/10\/Citores-del-Paramo-Camino-de-Santiago-Frances-300x158.jpg 300w, https:\/\/caminodesantiagofrances.com\/en\/wp-content\/uploads\/sites\/3\/2025\/10\/Citores-del-Paramo-Camino-de-Santiago-Frances-1024x538.jpg 1024w, https:\/\/caminodesantiagofrances.com\/en\/wp-content\/uploads\/sites\/3\/2025\/10\/Citores-del-Paramo-Camino-de-Santiago-Frances-768x403.jpg 768w\" sizes=\"auto, (max-width: 1200px) 100vw, 1200px\" \/><\/a><\/figure>\n\n\n\n<h3 class=\"wp-block-heading has-text-align-center ctlb-block-title\" style=\"padding-top:0px;padding-right:0px;padding-bottom:0px;padding-left:0px\"><strong><a href=\"https:\/\/caminodesantiagofrances.com\/en\/via-aquitania\/citores-del-paramo\/\" target=\"_blank\" data-type=\"page\" data-id=\"16995\" rel=\"noreferrer noopener\">Citores del P\u00e1ramo<\/a><\/strong><\/h3>\n\n\n\n<p class=\"ctlb-block-desc wp-block-paragraph\" style=\"padding-top:0px;padding-right:0px;padding-bottom:0px;padding-left:0px\"><\/p>\n<\/div><\/div><\/div><\/div><\/div><\/div>\n\n\n\n<div class=\"wp-block-cp-timeline-content-timeline-child swiper-slide\"><div class=\"timeline-content icon-true \"><div class=\"timeline-block-timeline ctl-row  position-left\"><div class=\"ctl-6 timeline-block-time\"><div class=\"story-time\"><p><strong>6 km<\/strong><\/p><\/div><\/div><div class=\"timeline-block-icon\"><span class=\"timeline-block-render-icon\" style=\"fill:white\"><div class=\"iconpicker-item\" style=\"font-size:24px;color:white;padding:2px\"><svg stroke=\"currentColor\" fill=\"currentColor\" stroke-width=\"0\" viewBox=\"0 0 448 512\" height=\"1em\" width=\"1em\" xmlns=\"http:\/\/www.w3.org\/2000\/svg\"><path d=\"M413.1 222.5l22.2 22.2c9.4 9.4 9.4 24.6 0 33.9L241 473c-9.4 9.4-24.6 9.4-33.9 0L12.7 278.6c-9.4-9.4-9.4-24.6 0-33.9l22.2-22.2c9.5-9.5 25-9.3 34.3.4L184 343.4V56c0-13.3 10.7-24 24-24h32c13.3 0 24 10.7 24 24v287.4l114.8-120.5c9.3-9.8 24.8-10 34.3-.4z\"><\/path><\/svg><\/div><\/span><\/div><div class=\"ctl-6 timeline-block-detail\"><div class=\"story-details\"><div class=\"story-content\">\n<figure class=\"wp-block-image size-full ctlb-block-image is-style-buddyx-border\"><a href=\"https:\/\/caminodesantiagofrances.com\/en\/via-aquitania\/olmillos-de-sasamon\/\" target=\"_blank\" rel=\" noreferrer noopener\"><img loading=\"lazy\" decoding=\"async\" width=\"1200\" height=\"630\" src=\"https:\/\/caminodesantiagofrances.com\/en\/wp-content\/uploads\/sites\/3\/2025\/10\/Olmillos-de-Sasamon-Camino-de-Santiago-Frances.jpg\" alt=\"\" class=\"wp-image-16998\" srcset=\"https:\/\/caminodesantiagofrances.com\/en\/wp-content\/uploads\/sites\/3\/2025\/10\/Olmillos-de-Sasamon-Camino-de-Santiago-Frances.jpg 1200w, https:\/\/caminodesantiagofrances.com\/en\/wp-content\/uploads\/sites\/3\/2025\/10\/Olmillos-de-Sasamon-Camino-de-Santiago-Frances-300x158.jpg 300w, https:\/\/caminodesantiagofrances.com\/en\/wp-content\/uploads\/sites\/3\/2025\/10\/Olmillos-de-Sasamon-Camino-de-Santiago-Frances-1024x538.jpg 1024w, https:\/\/caminodesantiagofrances.com\/en\/wp-content\/uploads\/sites\/3\/2025\/10\/Olmillos-de-Sasamon-Camino-de-Santiago-Frances-768x403.jpg 768w\" sizes=\"auto, (max-width: 1200px) 100vw, 1200px\" \/><\/a><\/figure>\n\n\n\n<h3 class=\"wp-block-heading has-text-align-center ctlb-block-title\" style=\"padding-top:0px;padding-right:0px;padding-bottom:0px;padding-left:0px\"><strong><a href=\"https:\/\/caminodesantiagofrances.com\/en\/via-aquitania\/olmillos-de-sasamon\/\" target=\"_blank\" data-type=\"page\" data-id=\"16997\" rel=\"noreferrer noopener\">Olmillos de Sasam\u00f3n<\/a><\/strong><\/h3>\n\n\n\n<p class=\"ctlb-block-desc wp-block-paragraph\" style=\"padding-top:0px;padding-right:0px;padding-bottom:0px;padding-left:0px\"><\/p>\n<\/div><\/div><\/div><\/div><\/div><\/div>\n\n\n\n<div class=\"wp-block-cp-timeline-content-timeline-child swiper-slide\"><div class=\"timeline-content icon-true \"><div class=\"timeline-block-timeline ctl-row  position-right\"><div class=\"ctl-6 timeline-block-time\"><div class=\"story-time\"><p><strong>2,5 km<\/strong><\/p><\/div><\/div><div class=\"timeline-block-icon\"><span class=\"timeline-block-render-icon\" style=\"fill:white\"><div class=\"iconpicker-item\" style=\"font-size:24px;color:white;padding:2px\"><svg stroke=\"currentColor\" fill=\"currentColor\" stroke-width=\"0\" viewBox=\"0 0 448 512\" height=\"1em\" width=\"1em\" xmlns=\"http:\/\/www.w3.org\/2000\/svg\"><path d=\"M413.1 222.5l22.2 22.2c9.4 9.4 9.4 24.6 0 33.9L241 473c-9.4 9.4-24.6 9.4-33.9 0L12.7 278.6c-9.4-9.4-9.4-24.6 0-33.9l22.2-22.2c9.5-9.5 25-9.3 34.3.4L184 343.4V56c0-13.3 10.7-24 24-24h32c13.3 0 24 10.7 24 24v287.4l114.8-120.5c9.3-9.8 24.8-10 34.3-.4z\"><\/path><\/svg><\/div><\/span><\/div><div class=\"ctl-6 timeline-block-detail\"><div class=\"story-details\"><div class=\"story-content\">\n<figure class=\"wp-block-image size-full ctlb-block-image is-style-buddyx-border\"><a href=\"https:\/\/caminodesantiagofrances.com\/en\/via-aquitania\/sasamon\/\" target=\"_blank\" rel=\" noreferrer noopener\"><img loading=\"lazy\" decoding=\"async\" width=\"1200\" height=\"630\" src=\"https:\/\/caminodesantiagofrances.com\/en\/wp-content\/uploads\/sites\/3\/2025\/10\/Sasamon-Camino-de-Santiago-Frances-1.jpg\" alt=\"\" class=\"wp-image-17000\" srcset=\"https:\/\/caminodesantiagofrances.com\/en\/wp-content\/uploads\/sites\/3\/2025\/10\/Sasamon-Camino-de-Santiago-Frances-1.jpg 1200w, https:\/\/caminodesantiagofrances.com\/en\/wp-content\/uploads\/sites\/3\/2025\/10\/Sasamon-Camino-de-Santiago-Frances-1-300x158.jpg 300w, https:\/\/caminodesantiagofrances.com\/en\/wp-content\/uploads\/sites\/3\/2025\/10\/Sasamon-Camino-de-Santiago-Frances-1-1024x538.jpg 1024w, https:\/\/caminodesantiagofrances.com\/en\/wp-content\/uploads\/sites\/3\/2025\/10\/Sasamon-Camino-de-Santiago-Frances-1-768x403.jpg 768w\" sizes=\"auto, (max-width: 1200px) 100vw, 1200px\" \/><\/a><\/figure>\n\n\n\n<h3 class=\"wp-block-heading has-text-align-center ctlb-block-title\" style=\"padding-top:0px;padding-right:0px;padding-bottom:0px;padding-left:0px\"><strong><a href=\"https:\/\/caminodesantiagofrances.com\/en\/via-aquitania\/sasamon\/\" target=\"_blank\" data-type=\"page\" data-id=\"16999\" rel=\"noreferrer noopener\">Sasam\u00f3n<\/a><\/strong><\/h3>\n\n\n\n<p class=\"ctlb-block-desc wp-block-paragraph\" style=\"padding-top:0px;padding-right:0px;padding-bottom:0px;padding-left:0px\"><\/p>\n<\/div><\/div><\/div><\/div><\/div><\/div>\n\n\n\n<div class=\"wp-block-cp-timeline-content-timeline-child swiper-slide\"><div class=\"timeline-content icon-true \"><div class=\"timeline-block-timeline ctl-row  position-left\"><div class=\"ctl-6 timeline-block-time\"><div class=\"story-time\"><p><strong>7,5 km<\/strong><\/p><\/div><\/div><div class=\"timeline-block-icon\"><span class=\"timeline-block-render-icon\" style=\"fill:white\"><div class=\"iconpicker-item\" style=\"font-size:24px;color:white;padding:2px\"><svg stroke=\"currentColor\" fill=\"currentColor\" stroke-width=\"0\" viewBox=\"0 0 448 512\" height=\"1em\" width=\"1em\" xmlns=\"http:\/\/www.w3.org\/2000\/svg\"><path d=\"M413.1 222.5l22.2 22.2c9.4 9.4 9.4 24.6 0 33.9L241 473c-9.4 9.4-24.6 9.4-33.9 0L12.7 278.6c-9.4-9.4-9.4-24.6 0-33.9l22.2-22.2c9.5-9.5 25-9.3 34.3.4L184 343.4V56c0-13.3 10.7-24 24-24h32c13.3 0 24 10.7 24 24v287.4l114.8-120.5c9.3-9.8 24.8-10 34.3-.4z\"><\/path><\/svg><\/div><\/span><\/div><div class=\"ctl-6 timeline-block-detail\"><div class=\"story-details\"><div class=\"story-content\">\n<figure class=\"wp-block-image size-full ctlb-block-image is-style-buddyx-border\"><a href=\"https:\/\/caminodesantiagofrances.com\/en\/via-aquitania\/grijalba\/\" target=\"_blank\" rel=\" noreferrer noopener\"><img loading=\"lazy\" decoding=\"async\" width=\"1200\" height=\"630\" src=\"https:\/\/caminodesantiagofrances.com\/en\/wp-content\/uploads\/sites\/3\/2025\/10\/Grijalba-Camino-de-Santiago-Frances.jpg\" alt=\"\" class=\"wp-image-17003\" srcset=\"https:\/\/caminodesantiagofrances.com\/en\/wp-content\/uploads\/sites\/3\/2025\/10\/Grijalba-Camino-de-Santiago-Frances.jpg 1200w, https:\/\/caminodesantiagofrances.com\/en\/wp-content\/uploads\/sites\/3\/2025\/10\/Grijalba-Camino-de-Santiago-Frances-300x158.jpg 300w, https:\/\/caminodesantiagofrances.com\/en\/wp-content\/uploads\/sites\/3\/2025\/10\/Grijalba-Camino-de-Santiago-Frances-1024x538.jpg 1024w, https:\/\/caminodesantiagofrances.com\/en\/wp-content\/uploads\/sites\/3\/2025\/10\/Grijalba-Camino-de-Santiago-Frances-768x403.jpg 768w\" sizes=\"auto, (max-width: 1200px) 100vw, 1200px\" \/><\/a><\/figure>\n\n\n\n<h3 class=\"wp-block-heading has-text-align-center ctlb-block-title\" style=\"padding-top:0px;padding-right:0px;padding-bottom:0px;padding-left:0px\"><strong><a href=\"https:\/\/caminodesantiagofrances.com\/en\/via-aquitania\/grijalba\/\" target=\"_blank\" data-type=\"page\" data-id=\"17001\" rel=\"noreferrer noopener\">Grijalba<\/a><\/strong><\/h3>\n\n\n\n<p class=\"ctlb-block-desc wp-block-paragraph\" style=\"padding-top:0px;padding-right:0px;padding-bottom:0px;padding-left:0px\"><\/p>\n<\/div><\/div><\/div><\/div><\/div><\/div>\n\n\n\n<div class=\"wp-block-cp-timeline-content-timeline-child swiper-slide\"><div class=\"timeline-content icon-true \"><div class=\"timeline-block-timeline ctl-row  position-right\"><div class=\"ctl-6 timeline-block-time\"><div class=\"story-time\"><p><strong>5,5 km<\/strong><\/p><\/div><\/div><div class=\"timeline-block-icon\"><span class=\"timeline-block-render-icon\" style=\"fill:white\"><div class=\"iconpicker-item\" style=\"font-size:24px;color:white;padding:2px\"><svg stroke=\"currentColor\" fill=\"currentColor\" stroke-width=\"0\" viewBox=\"0 0 448 512\" height=\"1em\" width=\"1em\" xmlns=\"http:\/\/www.w3.org\/2000\/svg\"><path d=\"M413.1 222.5l22.2 22.2c9.4 9.4 9.4 24.6 0 33.9L241 473c-9.4 9.4-24.6 9.4-33.9 0L12.7 278.6c-9.4-9.4-9.4-24.6 0-33.9l22.2-22.2c9.5-9.5 25-9.3 34.3.4L184 343.4V56c0-13.3 10.7-24 24-24h32c13.3 0 24 10.7 24 24v287.4l114.8-120.5c9.3-9.8 24.8-10 34.3-.4z\"><\/path><\/svg><\/div><\/span><\/div><div class=\"ctl-6 timeline-block-detail\"><div class=\"story-details\"><div class=\"story-content\">\n<figure class=\"wp-block-image size-full ctlb-block-image is-style-buddyx-border\"><a href=\"https:\/\/caminodesantiagofrances.com\/en\/via-aquitania\/padilla-de-abajo\/\" target=\"_blank\" rel=\" noreferrer noopener\"><img loading=\"lazy\" decoding=\"async\" width=\"1200\" height=\"630\" src=\"https:\/\/caminodesantiagofrances.com\/en\/wp-content\/uploads\/sites\/3\/2025\/10\/Padilla-de-Abajo-Camino-de-Santiago-Frances.jpg\" alt=\"\" class=\"wp-image-17007\" srcset=\"https:\/\/caminodesantiagofrances.com\/en\/wp-content\/uploads\/sites\/3\/2025\/10\/Padilla-de-Abajo-Camino-de-Santiago-Frances.jpg 1200w, https:\/\/caminodesantiagofrances.com\/en\/wp-content\/uploads\/sites\/3\/2025\/10\/Padilla-de-Abajo-Camino-de-Santiago-Frances-300x158.jpg 300w, https:\/\/caminodesantiagofrances.com\/en\/wp-content\/uploads\/sites\/3\/2025\/10\/Padilla-de-Abajo-Camino-de-Santiago-Frances-1024x538.jpg 1024w, https:\/\/caminodesantiagofrances.com\/en\/wp-content\/uploads\/sites\/3\/2025\/10\/Padilla-de-Abajo-Camino-de-Santiago-Frances-768x403.jpg 768w\" sizes=\"auto, (max-width: 1200px) 100vw, 1200px\" \/><\/a><\/figure>\n\n\n\n<h3 class=\"wp-block-heading has-text-align-center ctlb-block-title\" style=\"padding-top:0px;padding-right:0px;padding-bottom:0px;padding-left:0px\"><strong><a href=\"https:\/\/caminodesantiagofrances.com\/en\/via-aquitania\/padilla-de-abajo\/\" data-type=\"page\" data-id=\"17005\">Padilla de Abajo<\/a><\/strong><\/h3>\n\n\n\n<p class=\"ctlb-block-desc wp-block-paragraph\" style=\"padding-top:0px;padding-right:0px;padding-bottom:0px;padding-left:0px\"><\/p>\n<\/div><\/div><\/div><\/div><\/div><\/div>\n\n\n\n<div class=\"wp-block-cp-timeline-content-timeline-child swiper-slide\"><div class=\"timeline-content icon-true \"><div class=\"timeline-block-timeline ctl-row  position-left\"><div class=\"ctl-6 timeline-block-time\"><div class=\"story-time\"><p><strong>6,3 km<\/strong><\/p><\/div><\/div><div class=\"timeline-block-icon\"><span class=\"timeline-block-render-icon\" style=\"fill:white\"><div class=\"iconpicker-item\" style=\"font-size:24px;color:white;padding:2px\"><svg stroke=\"currentColor\" fill=\"currentColor\" stroke-width=\"0\" viewBox=\"0 0 448 512\" height=\"1em\" width=\"1em\" xmlns=\"http:\/\/www.w3.org\/2000\/svg\"><path d=\"M413.1 222.5l22.2 22.2c9.4 9.4 9.4 24.6 0 33.9L241 473c-9.4 9.4-24.6 9.4-33.9 0L12.7 278.6c-9.4-9.4-9.4-24.6 0-33.9l22.2-22.2c9.5-9.5 25-9.3 34.3.4L184 343.4V56c0-13.3 10.7-24 24-24h32c13.3 0 24 10.7 24 24v287.4l114.8-120.5c9.3-9.8 24.8-10 34.3-.4z\"><\/path><\/svg><\/div><\/span><\/div><div class=\"ctl-6 timeline-block-detail\"><div class=\"story-details\"><div class=\"story-content\">\n<figure class=\"wp-block-image size-full ctlb-block-image is-style-buddyx-border\"><a href=\"https:\/\/caminodesantiagofrances.com\/en\/via-aquitania\/melgar-de-fernamental\/\" target=\"_blank\" rel=\" noreferrer noopener\"><img loading=\"lazy\" decoding=\"async\" width=\"1200\" height=\"630\" src=\"https:\/\/caminodesantiagofrances.com\/en\/wp-content\/uploads\/sites\/3\/2025\/10\/Melgar-de-Fernamental-Camino-de-Santiago-Frances.jpg\" alt=\"\" class=\"wp-image-17011\" srcset=\"https:\/\/caminodesantiagofrances.com\/en\/wp-content\/uploads\/sites\/3\/2025\/10\/Melgar-de-Fernamental-Camino-de-Santiago-Frances.jpg 1200w, https:\/\/caminodesantiagofrances.com\/en\/wp-content\/uploads\/sites\/3\/2025\/10\/Melgar-de-Fernamental-Camino-de-Santiago-Frances-300x158.jpg 300w, https:\/\/caminodesantiagofrances.com\/en\/wp-content\/uploads\/sites\/3\/2025\/10\/Melgar-de-Fernamental-Camino-de-Santiago-Frances-1024x538.jpg 1024w, https:\/\/caminodesantiagofrances.com\/en\/wp-content\/uploads\/sites\/3\/2025\/10\/Melgar-de-Fernamental-Camino-de-Santiago-Frances-768x403.jpg 768w\" sizes=\"auto, (max-width: 1200px) 100vw, 1200px\" \/><\/a><\/figure>\n\n\n\n<h3 class=\"wp-block-heading has-text-align-center ctlb-block-title\" style=\"padding-top:0px;padding-right:0px;padding-bottom:0px;padding-left:0px\"><strong><a href=\"https:\/\/caminodesantiagofrances.com\/en\/via-aquitania\/melgar-de-fernamental\/\" target=\"_blank\" data-type=\"page\" data-id=\"17009\" rel=\"noreferrer noopener\">Melgar de Fernamental<\/a><\/strong><\/h3>\n\n\n\n<p class=\"ctlb-block-desc wp-block-paragraph\" style=\"padding-top:0px;padding-right:0px;padding-bottom:0px;padding-left:0px\"><\/p>\n<\/div><\/div><\/div><\/div><\/div><\/div>\n\n\n\n<div class=\"wp-block-cp-timeline-content-timeline-child swiper-slide\"><div class=\"timeline-content icon-true \"><div class=\"timeline-block-timeline ctl-row  position-right\"><div class=\"ctl-6 timeline-block-time\"><div class=\"story-time\"><p><strong>14,3 km<\/strong><\/p><\/div><\/div><div class=\"timeline-block-icon\"><span class=\"timeline-block-render-icon\" style=\"fill:white\"><div class=\"iconpicker-item\" style=\"font-size:24px;color:white;padding:2px\"><svg stroke=\"currentColor\" fill=\"currentColor\" stroke-width=\"0\" viewBox=\"0 0 448 512\" height=\"1em\" width=\"1em\" xmlns=\"http:\/\/www.w3.org\/2000\/svg\"><path d=\"M413.1 222.5l22.2 22.2c9.4 9.4 9.4 24.6 0 33.9L241 473c-9.4 9.4-24.6 9.4-33.9 0L12.7 278.6c-9.4-9.4-9.4-24.6 0-33.9l22.2-22.2c9.5-9.5 25-9.3 34.3.4L184 343.4V56c0-13.3 10.7-24 24-24h32c13.3 0 24 10.7 24 24v287.4l114.8-120.5c9.3-9.8 24.8-10 34.3-.4z\"><\/path><\/svg><\/div><\/span><\/div><div class=\"ctl-6 timeline-block-detail\"><div class=\"story-details\"><div class=\"story-content\">\n<figure class=\"wp-block-image size-full ctlb-block-image is-style-buddyx-border\"><a href=\"https:\/\/caminodesantiagofrances.com\/en\/via-aquitania\/osorno-la-mayor\/\" target=\"_blank\" rel=\" noreferrer noopener\"><img loading=\"lazy\" decoding=\"async\" width=\"1200\" height=\"630\" src=\"https:\/\/caminodesantiagofrances.com\/en\/wp-content\/uploads\/sites\/3\/2025\/10\/Osorno-la-Mayor-Camino-de-Santiago-Frances.jpg\" alt=\"\" class=\"wp-image-17017\" srcset=\"https:\/\/caminodesantiagofrances.com\/en\/wp-content\/uploads\/sites\/3\/2025\/10\/Osorno-la-Mayor-Camino-de-Santiago-Frances.jpg 1200w, https:\/\/caminodesantiagofrances.com\/en\/wp-content\/uploads\/sites\/3\/2025\/10\/Osorno-la-Mayor-Camino-de-Santiago-Frances-300x158.jpg 300w, https:\/\/caminodesantiagofrances.com\/en\/wp-content\/uploads\/sites\/3\/2025\/10\/Osorno-la-Mayor-Camino-de-Santiago-Frances-1024x538.jpg 1024w, https:\/\/caminodesantiagofrances.com\/en\/wp-content\/uploads\/sites\/3\/2025\/10\/Osorno-la-Mayor-Camino-de-Santiago-Frances-768x403.jpg 768w\" sizes=\"auto, (max-width: 1200px) 100vw, 1200px\" \/><\/a><\/figure>\n\n\n\n<h3 class=\"wp-block-heading has-text-align-center ctlb-block-title\" style=\"padding-top:0px;padding-right:0px;padding-bottom:0px;padding-left:0px\"><strong><a href=\"https:\/\/caminodesantiagofrances.com\/en\/via-aquitania\/osorno-la-mayor\/\" target=\"_blank\" data-type=\"page\" data-id=\"17014\" rel=\"noreferrer noopener\">Osorno la Mayor<\/a><\/strong><\/h3>\n\n\n\n<p class=\"ctlb-block-desc wp-block-paragraph\" style=\"padding-top:0px;padding-right:0px;padding-bottom:0px;padding-left:0px\"><\/p>\n<\/div><\/div><\/div><\/div><\/div><\/div>\n\n\n\n<div class=\"wp-block-cp-timeline-content-timeline-child swiper-slide\"><div class=\"timeline-content icon-true \"><div class=\"timeline-block-timeline ctl-row  position-left\"><div class=\"ctl-6 timeline-block-time\"><div class=\"story-time\"><p><strong>8,1 km<\/strong><\/p><\/div><\/div><div class=\"timeline-block-icon\"><span class=\"timeline-block-render-icon\" style=\"fill:white\"><div class=\"iconpicker-item\" style=\"font-size:24px;color:white;padding:2px\"><svg stroke=\"currentColor\" fill=\"currentColor\" stroke-width=\"0\" viewBox=\"0 0 448 512\" height=\"1em\" width=\"1em\" xmlns=\"http:\/\/www.w3.org\/2000\/svg\"><path d=\"M413.1 222.5l22.2 22.2c9.4 9.4 9.4 24.6 0 33.9L241 473c-9.4 9.4-24.6 9.4-33.9 0L12.7 278.6c-9.4-9.4-9.4-24.6 0-33.9l22.2-22.2c9.5-9.5 25-9.3 34.3.4L184 343.4V56c0-13.3 10.7-24 24-24h32c13.3 0 24 10.7 24 24v287.4l114.8-120.5c9.3-9.8 24.8-10 34.3-.4z\"><\/path><\/svg><\/div><\/span><\/div><div class=\"ctl-6 timeline-block-detail\"><div class=\"story-details\"><div class=\"story-content\">\n<figure class=\"wp-block-image size-full ctlb-block-image is-style-buddyx-border\"><a href=\"https:\/\/caminodesantiagofrances.com\/en\/via-aquitania\/las-cabanas-de-castilla\/\" target=\"_blank\" rel=\" noreferrer noopener\"><img loading=\"lazy\" decoding=\"async\" width=\"1200\" height=\"630\" src=\"https:\/\/caminodesantiagofrances.com\/en\/wp-content\/uploads\/sites\/3\/2025\/10\/Las-Cabanas-de-Castilla-Camino-de-Santiago-Frances.jpg\" alt=\"\" class=\"wp-image-17020\" srcset=\"https:\/\/caminodesantiagofrances.com\/en\/wp-content\/uploads\/sites\/3\/2025\/10\/Las-Cabanas-de-Castilla-Camino-de-Santiago-Frances.jpg 1200w, https:\/\/caminodesantiagofrances.com\/en\/wp-content\/uploads\/sites\/3\/2025\/10\/Las-Cabanas-de-Castilla-Camino-de-Santiago-Frances-300x158.jpg 300w, https:\/\/caminodesantiagofrances.com\/en\/wp-content\/uploads\/sites\/3\/2025\/10\/Las-Cabanas-de-Castilla-Camino-de-Santiago-Frances-1024x538.jpg 1024w, https:\/\/caminodesantiagofrances.com\/en\/wp-content\/uploads\/sites\/3\/2025\/10\/Las-Cabanas-de-Castilla-Camino-de-Santiago-Frances-768x403.jpg 768w\" sizes=\"auto, (max-width: 1200px) 100vw, 1200px\" \/><\/a><\/figure>\n\n\n\n<h3 class=\"wp-block-heading has-text-align-center ctlb-block-title\" style=\"padding-top:0px;padding-right:0px;padding-bottom:0px;padding-left:0px\"><strong><a href=\"https:\/\/caminodesantiagofrances.com\/en\/via-aquitania\/las-cabanas-de-castilla\/\" target=\"_blank\" data-type=\"page\" data-id=\"17019\" rel=\"noreferrer noopener\">Las Caba\u00f1as de Castilla<\/a><\/strong><\/h3>\n\n\n\n<p class=\"ctlb-block-desc wp-block-paragraph\" style=\"padding-top:0px;padding-right:0px;padding-bottom:0px;padding-left:0px\"><\/p>\n<\/div><\/div><\/div><\/div><\/div><\/div>\n\n\n\n<div class=\"wp-block-cp-timeline-content-timeline-child swiper-slide\"><div class=\"timeline-content icon-true \"><div class=\"timeline-block-timeline ctl-row  position-right\"><div class=\"ctl-6 timeline-block-time\"><div class=\"story-time\"><p><strong>2,2 km<\/strong><\/p><\/div><\/div><div class=\"timeline-block-icon\"><span class=\"timeline-block-render-icon\" style=\"fill:white\"><div class=\"iconpicker-item\" style=\"font-size:24px;color:white;padding:2px\"><svg stroke=\"currentColor\" fill=\"currentColor\" stroke-width=\"0\" viewBox=\"0 0 448 512\" height=\"1em\" width=\"1em\" xmlns=\"http:\/\/www.w3.org\/2000\/svg\"><path d=\"M413.1 222.5l22.2 22.2c9.4 9.4 9.4 24.6 0 33.9L241 473c-9.4 9.4-24.6 9.4-33.9 0L12.7 278.6c-9.4-9.4-9.4-24.6 0-33.9l22.2-22.2c9.5-9.5 25-9.3 34.3.4L184 343.4V56c0-13.3 10.7-24 24-24h32c13.3 0 24 10.7 24 24v287.4l114.8-120.5c9.3-9.8 24.8-10 34.3-.4z\"><\/path><\/svg><\/div><\/span><\/div><div class=\"ctl-6 timeline-block-detail\"><div class=\"story-details\"><div class=\"story-content\">\n<figure class=\"wp-block-image size-full ctlb-block-image is-style-buddyx-border\"><a href=\"https:\/\/caminodesantiagofrances.com\/en\/via-aquitania\/santillana-de-campos\/\" target=\"_blank\" rel=\" noreferrer noopener\"><img loading=\"lazy\" decoding=\"async\" width=\"1200\" height=\"630\" src=\"https:\/\/caminodesantiagofrances.com\/en\/wp-content\/uploads\/sites\/3\/2025\/10\/Santillana-de-Campos-Camino-de-Santiago-Frances.jpg\" alt=\"\" class=\"wp-image-17023\" srcset=\"https:\/\/caminodesantiagofrances.com\/en\/wp-content\/uploads\/sites\/3\/2025\/10\/Santillana-de-Campos-Camino-de-Santiago-Frances.jpg 1200w, https:\/\/caminodesantiagofrances.com\/en\/wp-content\/uploads\/sites\/3\/2025\/10\/Santillana-de-Campos-Camino-de-Santiago-Frances-300x158.jpg 300w, https:\/\/caminodesantiagofrances.com\/en\/wp-content\/uploads\/sites\/3\/2025\/10\/Santillana-de-Campos-Camino-de-Santiago-Frances-1024x538.jpg 1024w, https:\/\/caminodesantiagofrances.com\/en\/wp-content\/uploads\/sites\/3\/2025\/10\/Santillana-de-Campos-Camino-de-Santiago-Frances-768x403.jpg 768w\" sizes=\"auto, (max-width: 1200px) 100vw, 1200px\" \/><\/a><\/figure>\n\n\n\n<h3 class=\"wp-block-heading has-text-align-center ctlb-block-title\" style=\"padding-top:0px;padding-right:0px;padding-bottom:0px;padding-left:0px\"><strong><a href=\"https:\/\/caminodesantiagofrances.com\/en\/via-aquitania\/santillana-de-campos\/\" target=\"_blank\" data-type=\"page\" data-id=\"17021\" rel=\"noreferrer noopener\">Santillana de Campos<\/a><\/strong><\/h3>\n\n\n\n<p class=\"ctlb-block-desc wp-block-paragraph\" style=\"padding-top:0px;padding-right:0px;padding-bottom:0px;padding-left:0px\"><\/p>\n<\/div><\/div><\/div><\/div><\/div><\/div>\n\n\n\n<div class=\"wp-block-cp-timeline-content-timeline-child swiper-slide\"><div class=\"timeline-content icon-true \"><div class=\"timeline-block-timeline ctl-row  position-left\"><div class=\"ctl-6 timeline-block-time\"><div class=\"story-time\"><p><strong>10,5 km<\/strong><\/p><\/div><\/div><div class=\"timeline-block-icon\"><span class=\"timeline-block-render-icon\" style=\"fill:white\"><div class=\"iconpicker-item\" style=\"font-size:24px;color:white;padding:2px\"><svg stroke=\"currentColor\" fill=\"currentColor\" stroke-width=\"0\" viewBox=\"0 0 448 512\" height=\"1em\" width=\"1em\" xmlns=\"http:\/\/www.w3.org\/2000\/svg\"><path d=\"M413.1 222.5l22.2 22.2c9.4 9.4 9.4 24.6 0 33.9L241 473c-9.4 9.4-24.6 9.4-33.9 0L12.7 278.6c-9.4-9.4-9.4-24.6 0-33.9l22.2-22.2c9.5-9.5 25-9.3 34.3.4L184 343.4V56c0-13.3 10.7-24 24-24h32c13.3 0 24 10.7 24 24v287.4l114.8-120.5c9.3-9.8 24.8-10 34.3-.4z\"><\/path><\/svg><\/div><\/span><\/div><div class=\"ctl-6 timeline-block-detail\"><div class=\"story-details\"><div class=\"story-content\">\n<figure class=\"wp-block-image size-full ctlb-block-image is-style-buddyx-border\"><a href=\"https:\/\/caminodesantiagofrances.com\/en\/via-aquitania\/arconada\/\" target=\"_blank\" rel=\" noreferrer noopener\"><img loading=\"lazy\" decoding=\"async\" width=\"1200\" height=\"630\" src=\"https:\/\/caminodesantiagofrances.com\/en\/wp-content\/uploads\/sites\/3\/2025\/10\/Arconada-Camino-de-Santiago-Frances.jpg\" alt=\"\" class=\"wp-image-17027\" srcset=\"https:\/\/caminodesantiagofrances.com\/en\/wp-content\/uploads\/sites\/3\/2025\/10\/Arconada-Camino-de-Santiago-Frances.jpg 1200w, https:\/\/caminodesantiagofrances.com\/en\/wp-content\/uploads\/sites\/3\/2025\/10\/Arconada-Camino-de-Santiago-Frances-300x158.jpg 300w, https:\/\/caminodesantiagofrances.com\/en\/wp-content\/uploads\/sites\/3\/2025\/10\/Arconada-Camino-de-Santiago-Frances-1024x538.jpg 1024w, https:\/\/caminodesantiagofrances.com\/en\/wp-content\/uploads\/sites\/3\/2025\/10\/Arconada-Camino-de-Santiago-Frances-768x403.jpg 768w\" sizes=\"auto, (max-width: 1200px) 100vw, 1200px\" \/><\/a><\/figure>\n\n\n\n<h3 class=\"wp-block-heading has-text-align-center ctlb-block-title\" style=\"padding-top:0px;padding-right:0px;padding-bottom:0px;padding-left:0px\"><strong><a href=\"https:\/\/caminodesantiagofrances.com\/en\/via-aquitania\/arconada\/\" target=\"_blank\" data-type=\"page\" data-id=\"17026\" rel=\"noreferrer noopener\">Arconada<\/a><\/strong><\/h3>\n\n\n\n<p class=\"ctlb-block-desc wp-block-paragraph\" style=\"padding-top:0px;padding-right:0px;padding-bottom:0px;padding-left:0px\"><\/p>\n<\/div><\/div><\/div><\/div><\/div><\/div>\n\n\n\n<div class=\"wp-block-cp-timeline-content-timeline-child swiper-slide\"><div class=\"timeline-content icon-true \"><div class=\"timeline-block-timeline ctl-row  position-right\"><div class=\"ctl-6 timeline-block-time\"><div class=\"story-time\"><p><strong>4,2 km<\/strong><\/p><\/div><\/div><div class=\"timeline-block-icon\"><span class=\"timeline-block-render-icon\" style=\"fill:white\"><div class=\"iconpicker-item\" style=\"font-size:24px;color:white;padding:2px\"><svg stroke=\"currentColor\" fill=\"currentColor\" stroke-width=\"0\" viewBox=\"0 0 448 512\" height=\"1em\" width=\"1em\" xmlns=\"http:\/\/www.w3.org\/2000\/svg\"><path d=\"M413.1 222.5l22.2 22.2c9.4 9.4 9.4 24.6 0 33.9L241 473c-9.4 9.4-24.6 9.4-33.9 0L12.7 278.6c-9.4-9.4-9.4-24.6 0-33.9l22.2-22.2c9.5-9.5 25-9.3 34.3.4L184 343.4V56c0-13.3 10.7-24 24-24h32c13.3 0 24 10.7 24 24v287.4l114.8-120.5c9.3-9.8 24.8-10 34.3-.4z\"><\/path><\/svg><\/div><\/span><\/div><div class=\"ctl-6 timeline-block-detail\"><div class=\"story-details\"><div class=\"story-content\">\n<figure class=\"wp-block-image size-full ctlb-block-image is-style-buddyx-border\"><a href=\"https:\/\/caminodesantiagofrances.com\/en\/provincia-de-palencia\/villalcazar-de-sirga\/\" target=\"_blank\" rel=\" noreferrer noopener\"><img loading=\"lazy\" decoding=\"async\" width=\"600\" height=\"315\" src=\"https:\/\/caminodesantiagofrances.com\/en\/wp-content\/uploads\/sites\/3\/2024\/02\/Villalcazar-de-Sirga-Camino-de-Santiago-Frances.jpg\" alt=\"\" class=\"wp-image-11489\" srcset=\"https:\/\/caminodesantiagofrances.com\/en\/wp-content\/uploads\/sites\/3\/2024\/02\/Villalcazar-de-Sirga-Camino-de-Santiago-Frances.jpg 600w, https:\/\/caminodesantiagofrances.com\/en\/wp-content\/uploads\/sites\/3\/2024\/02\/Villalcazar-de-Sirga-Camino-de-Santiago-Frances-300x158.jpg 300w\" sizes=\"auto, (max-width: 600px) 100vw, 600px\" \/><\/a><\/figure>\n\n\n\n<h3 class=\"wp-block-heading has-text-align-center ctlb-block-title\" style=\"padding-top:0px;padding-right:0px;padding-bottom:0px;padding-left:0px\"><strong><a href=\"https:\/\/caminodesantiagofrances.com\/en\/provincia-de-palencia\/villalcazar-de-sirga\/\" target=\"_blank\" data-type=\"page\" data-id=\"11486\" rel=\"noreferrer noopener\">Villalc\u00e1zar de Sirga<\/a><\/strong><\/h3>\n\n\n\n<p class=\"ctlb-block-desc wp-block-paragraph\" style=\"padding-top:0px;padding-right:0px;padding-bottom:0px;padding-left:0px\"><\/p>\n<\/div><\/div><\/div><\/div><\/div><\/div>\n\n\n\n<div class=\"wp-block-cp-timeline-content-timeline-child swiper-slide\"><div class=\"timeline-content icon-true \"><div class=\"timeline-block-timeline ctl-row  position-left\"><div class=\"ctl-6 timeline-block-time\"><div class=\"story-time\"><p><strong>5,5 km<\/strong><\/p><\/div><\/div><div class=\"timeline-block-icon\"><span class=\"timeline-block-render-icon\" style=\"fill:white\"><div class=\"iconpicker-item\" style=\"font-size:24px;color:white;padding:2px\"><svg stroke=\"currentColor\" fill=\"currentColor\" stroke-width=\"0\" viewBox=\"0 0 448 512\" height=\"1em\" width=\"1em\" xmlns=\"http:\/\/www.w3.org\/2000\/svg\"><path d=\"M413.1 222.5l22.2 22.2c9.4 9.4 9.4 24.6 0 33.9L241 473c-9.4 9.4-24.6 9.4-33.9 0L12.7 278.6c-9.4-9.4-9.4-24.6 0-33.9l22.2-22.2c9.5-9.5 25-9.3 34.3.4L184 343.4V56c0-13.3 10.7-24 24-24h32c13.3 0 24 10.7 24 24v287.4l114.8-120.5c9.3-9.8 24.8-10 34.3-.4z\"><\/path><\/svg><\/div><\/span><\/div><div class=\"ctl-6 timeline-block-detail\"><div class=\"story-details\"><div class=\"story-content\">\n<figure class=\"wp-block-image size-full ctlb-block-image is-style-buddyx-border\"><a href=\"https:\/\/caminodesantiagofrances.com\/en\/provincia-de-palencia\/carrion-de-los-condes\/\" target=\"_blank\" rel=\" noreferrer noopener\"><img loading=\"lazy\" decoding=\"async\" width=\"1200\" height=\"630\" src=\"https:\/\/caminodesantiagofrances.com\/en\/wp-content\/uploads\/sites\/3\/2024\/10\/Carrion-de-los-Condes-Un-Tesoro-Monumental-en-el-Camino-de-Santiago-Camino-de-Santiago-Frances.jpg\" alt=\"\" class=\"wp-image-14066\" srcset=\"https:\/\/caminodesantiagofrances.com\/en\/wp-content\/uploads\/sites\/3\/2024\/10\/Carrion-de-los-Condes-Un-Tesoro-Monumental-en-el-Camino-de-Santiago-Camino-de-Santiago-Frances.jpg 1200w, https:\/\/caminodesantiagofrances.com\/en\/wp-content\/uploads\/sites\/3\/2024\/10\/Carrion-de-los-Condes-Un-Tesoro-Monumental-en-el-Camino-de-Santiago-Camino-de-Santiago-Frances-300x158.jpg 300w, https:\/\/caminodesantiagofrances.com\/en\/wp-content\/uploads\/sites\/3\/2024\/10\/Carrion-de-los-Condes-Un-Tesoro-Monumental-en-el-Camino-de-Santiago-Camino-de-Santiago-Frances-1024x538.jpg 1024w, https:\/\/caminodesantiagofrances.com\/en\/wp-content\/uploads\/sites\/3\/2024\/10\/Carrion-de-los-Condes-Un-Tesoro-Monumental-en-el-Camino-de-Santiago-Camino-de-Santiago-Frances-768x403.jpg 768w\" sizes=\"auto, (max-width: 1200px) 100vw, 1200px\" \/><\/a><\/figure>\n\n\n\n<h3 class=\"wp-block-heading has-text-align-center ctlb-block-title\" style=\"padding-top:0px;padding-right:0px;padding-bottom:0px;padding-left:0px\"><strong><a href=\"https:\/\/caminodesantiagofrances.com\/en\/provincia-de-palencia\/carrion-de-los-condes\/\" target=\"_blank\" data-type=\"page\" data-id=\"11496\" rel=\"noreferrer noopener\">Carri\u00f3n de los Condes<\/a><\/strong><\/h3>\n\n\n\n<p class=\"ctlb-block-desc wp-block-paragraph\" style=\"padding-top:0px;padding-right:0px;padding-bottom:0px;padding-left:0px\"><\/p>\n<\/div><\/div><\/div><\/div><\/div><\/div>\n<\/div><\/div><\/div><\/div>\n\n\n\n<h2 class=\"wp-block-heading has-text-align-center\"><strong>Recorrido tramo castellano del Camino V\u00eda Aquitania<\/strong><\/h2>\n\n\n\n<p class=\"wp-block-paragraph\">El&nbsp;<strong>Camino V\u00eda Aquitania<\/strong>&nbsp;empieza en Deobr\u00edgula,&nbsp;<strong><strong><strong><a href=\"https:\/\/caminodesantiagofrances.com\/en\/provincia-de-burgos\/tardajos\/\" target=\"_blank\" data-type=\"page\" data-id=\"11394\" rel=\"noreferrer noopener\">Tardajos<\/a><\/strong><\/strong><\/strong>&nbsp;(<strong><a href=\"https:\/\/caminodesantiagofrances.com\/en\/provincia-de-burgos\/\" data-type=\"page\" data-id=\"10813\">Provincia de Burgos<\/a><\/strong>) pasa por Segisamone,&nbsp;<strong>Sasam\u00f3n<\/strong>&nbsp;(<strong><strong><a href=\"https:\/\/caminodesantiagofrances.com\/en\/provincia-de-burgos\/\" data-type=\"page\" data-id=\"10813\">Provincia de Burgos<\/a><\/strong><\/strong>), aprovecha los caminos de Sirga del&nbsp;<strong>Canal de Castilla<\/strong>&nbsp;superpuesto a la calzada en este tramo para bordear por la parte norte el oppidum de Dessobriga entre&nbsp;<strong>Melgar de Fernamental<\/strong>&nbsp;(<strong><strong><strong><a href=\"https:\/\/caminodesantiagofrances.com\/en\/provincia-de-burgos\/\" data-type=\"page\" data-id=\"10813\">Provincia de Burgos<\/a><\/strong><\/strong><\/strong>) y&nbsp;<strong>Osorno<\/strong>&nbsp;(<strong><strong><a href=\"https:\/\/caminodesantiagofrances.com\/en\/provincia-de-palencia\/\" data-type=\"page\" data-id=\"5597\" target=\"_blank\" rel=\"noreferrer noopener\">Provincia de Palencia<\/a><\/strong><\/strong>) y sigue por&nbsp;<strong><a href=\"https:\/\/caminodesantiagofrances.com\/en\/provincia-de-palencia\/villalcazar-de-sirga\/\" target=\"_blank\" data-type=\"page\" data-id=\"11486\" rel=\"noreferrer noopener\">Villalc\u00e1zar de Sirga<\/a><\/strong>&nbsp;(<strong><a href=\"https:\/\/caminodesantiagofrances.com\/en\/provincia-de-palencia\/\" target=\"_blank\" data-type=\"page\" data-id=\"5597\" rel=\"noreferrer noopener\">Provincia de Palencia<\/a><\/strong>).<\/p>\n\n\n\n<p class=\"wp-block-paragraph\">Se une al&nbsp;<strong>Camino Calixtinus<\/strong>&nbsp;a dos kil\u00f3metros y medio pasado&nbsp;<strong>Arconada<\/strong>&nbsp;y a un kil\u00f3metro y medio del casco urbano de&nbsp;<strong><strong><a href=\"https:\/\/caminodesantiagofrances.com\/en\/provincia-de-palencia\/villalcazar-de-sirga\/\" data-type=\"page\" data-id=\"11486\" target=\"_blank\" rel=\"noreferrer noopener\">Villalc\u00e1zar de Sirga<\/a><\/strong><\/strong>, en el&nbsp;camino de sirga&nbsp;del&nbsp;r\u00edo Ucieza&nbsp;junto a la&nbsp;<strong>Ermita de Nuestra Se\u00f1ora del R\u00edo<\/strong>, camino recuperado recientemente por los <strong><a href=\"https:\/\/caminodesantiagofrances.com\/en\/peregrinos\/\" target=\"_blank\" data-type=\"page\" data-id=\"5880\" rel=\"noreferrer noopener\">peregrinos<\/a><\/strong> y cuyos asentamientos romanos de los alrededores parece que son el origen de la Villa. Ya, en la documentaci\u00f3n de 1069, se citaba a esta villa como Villasirga en referencia a la v\u00eda o camino que pasaba por sus cercan\u00edas por el r\u00edo Ucieza y que debieron de utilizar los primeros peregrinos desviados de la calzada romana.<\/p>\n\n\n\n<blockquote class=\"wp-block-quote\">\n<p class=\"wp-block-paragraph\"><em>\u00abTodav\u00eda se denomina \u201cLa Sirga\u201d, al viejo Camino Franc\u00e9s, donde conflu\u00edan, muy cerca de la actual Ermita (del R\u00edo), el Camino Norte que recog\u00eda los peregrinos que ven\u00edan por Osorno y Arconada y el m\u00e1s frecuentado del Este, procedente de Burgos y que atravesando Bohadilla y Fr\u00f3mista, llegaba hasta Villasirga\u00bb<\/em>.\u200b<\/p>\n<\/blockquote>\n\n\n\n<p class=\"wp-block-paragraph\"><em>\u201cPor aqu\u00ed pasaba otra de las V\u00edas auxiliares de peregrinaci\u00f3n que, entrando al Norte de nuestra provincia, ven\u00edan desde Osorno en direcci\u00f3n a Villasirga y que se conoc\u00eda con el nombre de Camino Franc\u00e9s o de los Peregrinos\u201d<\/em>.\u200b<\/p>\n\n\n\n<p class=\"wp-block-paragraph\">Este es el <strong><a href=\"https:\/\/caminodesantiagofrances.com\/en\/\" target=\"_blank\" data-type=\"page\" data-id=\"86\" rel=\"noreferrer noopener\">Camino de Santiago Franc\u00e9s<\/a><\/strong> primigenio como nos dice en esta cita al hablar de <strong>Arconada<\/strong>, Ram\u00f3n Revilla Vielva, refiri\u00e9ndose a este tramo como camino franc\u00e9s, pues este camino desde siempre en Palencia se llam\u00f3 del franc\u00e9s, como indica los mapas de Instituto Geogr\u00e1fico Nacional,\u200b conviviendo hasta nuestros d\u00edas con el nuevo&nbsp;<strong>Camino Franc\u00e9s Calixtino<\/strong>.<\/p>\n\n\n\n<p class=\"wp-block-paragraph\">Y desde aqu\u00ed sigue<strong>&nbsp;por el mismo camino hasta los restos de Lacobriga, junto a la Iglesia de Nuestra Se\u00f1ora de Bel\u00e9n<\/strong>,&nbsp;<strong><a href=\"https:\/\/caminodesantiagofrances.com\/en\/provincia-de-palencia\/carrion-de-los-condes\/\" target=\"_blank\" data-type=\"page\" data-id=\"11496\" rel=\"noreferrer noopener\">Carri\u00f3n de los Condes<\/a><\/strong>.<\/p>\n\n\n\n<p class=\"wp-block-paragraph\">Continua a&nbsp;<strong><a href=\"https:\/\/caminodesantiagofrances.com\/en\/provincia-a-coruna\/santiago-de-compostela\/\" target=\"_blank\" data-type=\"page\" data-id=\"12306\" rel=\"noreferrer noopener\">Santiago de Compostela<\/a><\/strong>&nbsp;por el actual&nbsp;<strong><a href=\"https:\/\/caminodesantiagofrances.com\/en\/\" target=\"_blank\" data-type=\"page\" data-id=\"86\" rel=\"noreferrer noopener\">Camino de Santiago Franc\u00e9s<\/a><\/strong>, tramo&nbsp;<strong>V\u00eda Aquitana<\/strong>.<\/p>\n\n\n\n<h2 class=\"wp-block-heading has-text-align-center\">V\u00eda Aquitania<\/h2>\n\n\n\n<p class=\"wp-block-paragraph\">La&nbsp;<strong>V\u00eda Aquitania<\/strong>&nbsp;era una&nbsp;<strong>calzada romana<\/strong>&nbsp;construida en el&nbsp;118&nbsp;a.&nbsp;C.&nbsp;en la&nbsp;Galia&nbsp;como camino de penetraci\u00f3n hacia el norte de la&nbsp;Galia,&nbsp;Aquitania, desde la costa&nbsp;mediterr\u00e1nea. Se iniciaba en&nbsp;<em>Narbo Martius<\/em>&nbsp;(Narbona), la capital de la&nbsp;provincia romana&nbsp;de&nbsp;Gallia Narbonensis. All\u00ed empalmaba con la&nbsp;<strong>V\u00eda Domitia<\/strong>. Desde&nbsp;<em>Narbo Martius<\/em>&nbsp;se proyectaba hacia el&nbsp;Oc\u00e9ano Atl\u00e1ntico, a trav\u00e9s de&nbsp;<em>Tolosa<\/em>&nbsp;(Toulouse), llegando a&nbsp;<em>Burdigala<\/em>&nbsp;(Burdeos), tras aproximadamente 400 km.<\/p>\n\n\n\n<h2 class=\"wp-block-heading has-text-align-center\">V\u00eda Aquitania \u2013 Camino de Santiago Franc\u00e9s<\/h2>\n\n\n\n<p class=\"wp-block-paragraph\">Posteriormente, durante la&nbsp;Edad Media, tambi\u00e9n se le llam\u00f3 \u00ab<strong>V\u00eda Aquitania<\/strong>\u00bb a la calzada romana XXXIV o&nbsp;<strong>Ab Asturica Burdigalam<\/strong>&nbsp;(<strong><a href=\"https:\/\/caminodesantiagofrances.com\/en\/provincia-de-leon\/astorga\/\" target=\"_blank\" data-type=\"page\" data-id=\"11695\" rel=\"noreferrer noopener\">Astorga<\/a><\/strong>&nbsp;\u2013&nbsp;<strong>Burdeos<\/strong>), que era utilizada como ruta afluente por peregrinos franceses que emprend\u00edan el&nbsp;<strong>Camino de Santiago<\/strong>. La ruta se conoce como&nbsp;<strong>Camino de Santiago Franc\u00e9s<\/strong>&nbsp;y en algunos tramos olvidados se est\u00e1 recuperando como es el caso de&nbsp;<strong>Camino de Santiago V\u00eda Aquitania.<\/strong><\/p>\n\n\n\n<h2 class=\"wp-block-heading has-text-align-center\">Itinerario de la V\u00eda Aquitania<\/h2>\n\n\n\n<p class=\"wp-block-paragraph\">La&nbsp;<strong>V\u00eda Aquitania<\/strong>&nbsp;fue la principal v\u00eda romana en la provincia de&nbsp;Aquitania. La provincia de Aquitania est\u00e1 situada en el sudoeste de la Galia. Sus l\u00edmites son, al sur los&nbsp;Pirineos,\u200b al oeste con el Oc\u00e9ano Atl\u00e1ntico, y al norte con el r\u00edo Loira. \u200bLa V\u00eda Aquitania comienza en Narbona, en la que se conecta a la V\u00eda Domitia. Narbona fue la primera&nbsp;colonia romana&nbsp;de la Galia. Su finalidad es ser una colonia agr\u00edcola. \u200bAdem\u00e1s de Narbona, otras dos importantes ciudades,&nbsp;Tolosa&nbsp;y&nbsp;Burdeos, se encuentran a lo largo de la V\u00eda, principal ruta comercial que las une el Atl\u00e1ntico.\u200b<\/p>\n\n\n\n<p class=\"wp-block-paragraph\">En&nbsp;<strong>Toulouse<\/strong>, la&nbsp;<strong>V\u00eda Aquitania<\/strong>&nbsp;se cruza con carreteras que conducen al norte (Lyon, que fue la principal intersecci\u00f3n de las carreteras galas). Toulouse m\u00e1s tarde se convirti\u00f3 en la capital de los&nbsp;visigodos. La V\u00eda Aquitania termin\u00f3 en&nbsp;<strong>Burdigala<\/strong>, hoy en d\u00eda&nbsp;<strong>Burdeos<\/strong>. Burdeos es una importante ciudad comercial internacional, debido a su proximidad con el&nbsp;Oc\u00e9ano Atl\u00e1ntico. Despu\u00e9s que la Galia se dividi\u00f3 en las tres provincias de&nbsp;Aquitania,&nbsp;B\u00e9lgica, y&nbsp;Lugdunensis, Burdeos se convirti\u00f3 en la capital de Aquitania. La&nbsp;<strong>V\u00eda Aquitania<\/strong>&nbsp;conectaba estas importantes ciudades con el sur de la Galia.<\/p>\n\n\n\n<p class=\"wp-block-paragraph\">Otra v\u00eda comunicaba&nbsp;<strong>Burdeos<\/strong>&nbsp;con&nbsp;<strong>Astorga<\/strong>, pasando por:&nbsp;<strong>Pamplona<\/strong>,&nbsp;<strong>Virovesca<\/strong>&nbsp;(<strong>Briviesca<\/strong>) y&nbsp;<strong>Pallantia<\/strong>&nbsp;(<strong>Palencia<\/strong>).<\/p>\n\n\n\n<h2 class=\"wp-block-heading has-text-align-center\">Itinerario Camino de Santiago V\u00eda Aquitania<\/h2>\n\n\n\n<p class=\"wp-block-paragraph\">El&nbsp;<strong>Camino a Santiago V\u00eda Aquitania<\/strong>&nbsp;es una ruta que en su tramo castellano sigue el trazado de la calzada romana entre&nbsp;Deobr\u00edgula&nbsp;(<strong><a href=\"https:\/\/caminodesantiagofrances.com\/en\/provincia-de-burgos\/tardajos\/\" target=\"_blank\" data-type=\"page\" data-id=\"11394\" rel=\"noreferrer noopener\">Tardajos<\/a><\/strong>),&nbsp;Segisamone&nbsp;(<strong>Sasam\u00f3n<\/strong>),&nbsp;Dessobriga&nbsp;(Osorno la Mayor) (Melgar de Fernamental) y&nbsp;Lacobriga&nbsp;(<strong>Carri\u00f3n de los Condes<\/strong>)<\/p>\n\n\n\n<p class=\"wp-block-paragraph\">Durante la Edad Media, se le llam\u00f3&nbsp;<strong>V\u00eda Aquitania<\/strong>&nbsp;a la calzada romana XXXIV o&nbsp;<strong>Ab Asturica Burdigalam<\/strong>&nbsp; (<strong>Astorga<\/strong>&nbsp;\u2013&nbsp;<strong>Burdeos<\/strong>), que era utilizada como ruta por&nbsp;<strong>peregrinos<\/strong>&nbsp;franceses procedentes de la regi\u00f3n de Aquitania que emprend\u00edan el camino a la <strong><a href=\"https:\/\/caminodesantiagofrances.com\/en\/lo\/catedral-de-santiago\/\" target=\"_blank\" data-type=\"gd_place\" data-id=\"12591\" rel=\"noreferrer noopener\">Catedral de Santiago<\/a><\/strong> en la ciudad de&nbsp;<strong><a href=\"https:\/\/caminodesantiagofrances.com\/en\/provincia-a-coruna\/santiago-de-compostela\/\" target=\"_blank\" data-type=\"page\" data-id=\"12306\" rel=\"noreferrer noopener\">Santiago de Compostela<\/a><\/strong>, origen del&nbsp;<strong><strong><strong><a href=\"https:\/\/caminodesantiagofrances.com\/en\/\" data-type=\"page\" data-id=\"86\" target=\"_blank\" rel=\"noreferrer noopener\">Camino de Santiago Franc\u00e9s<\/a><\/strong><\/strong><\/strong>.<\/p>\n\n\n\n<ul class=\"wp-block-list\">\n<li><strong><a href=\"https:\/\/caminodesantiagofrances.com\/en\/via-aquitania\/historia-via-aquitania\/\" target=\"_blank\" data-type=\"page\" data-id=\"8316\" rel=\"noreferrer noopener\">Historia V\u00eda Aquitania<\/a><\/strong><\/li>\n\n\n\n<li><strong><a href=\"https:\/\/caminodesantiagofrances.com\/en\/via-aquitania\/descripcion-via-aquitania\/\" target=\"_blank\" data-type=\"page\" data-id=\"8318\" rel=\"noreferrer noopener\">Descripci\u00f3n V\u00eda Aquitania<\/a><\/strong><\/li>\n<\/ul>\n","protected":false},"excerpt":{"rendered":"<p>Camino de Santiago V\u00eda Aquitania Recorrido tramo castellano del Camino V\u00eda Aquitania El&nbsp;Camino V\u00eda Aquitania&nbsp;empieza en Deobr\u00edgula,&nbsp;Tardajos&nbsp;(Provincia de Burgos) pasa por Segisamone,&nbsp;Sasam\u00f3n&nbsp;(Provincia de Burgos), aprovecha los caminos de Sirga del&nbsp;Canal de Castilla&nbsp;superpuesto a la calzada en este tramo para bordear por la parte norte el oppidum de Dessobriga entre&nbsp;Melgar de Fernamental&nbsp;(Provincia de Burgos) y&nbsp;Osorno&nbsp;(Provincia de [&hellip;]<\/p>\n","protected":false},"author":1,"featured_media":0,"parent":0,"menu_order":0,"comment_status":"closed","ping_status":"closed","template":"","meta":{"footnotes":""},"class_list":["post-8270","page","type-page","status-publish","hentry"],"_links":{"self":[{"href":"https:\/\/caminodesantiagofrances.com\/en\/wp-json\/wp\/v2\/pages\/8270","targetHints":{"allow":["GET"]}}],"collection":[{"href":"https:\/\/caminodesantiagofrances.com\/en\/wp-json\/wp\/v2\/pages"}],"about":[{"href":"https:\/\/caminodesantiagofrances.com\/en\/wp-json\/wp\/v2\/types\/page"}],"author":[{"embeddable":true,"href":"https:\/\/caminodesantiagofrances.com\/en\/wp-json\/wp\/v2\/users\/1"}],"replies":[{"embeddable":true,"href":"https:\/\/caminodesantiagofrances.com\/en\/wp-json\/wp\/v2\/comments?post=8270"}],"version-history":[{"count":0,"href":"https:\/\/caminodesantiagofrances.com\/en\/wp-json\/wp\/v2\/pages\/8270\/revisions"}],"wp:attachment":[{"href":"https:\/\/caminodesantiagofrances.com\/en\/wp-json\/wp\/v2\/media?parent=8270"}],"curies":[{"name":"wp","href":"https:\/\/api.w.org\/{rel}","templated":true}]}}