{"id":8374,"date":"2022-10-30T15:57:24","date_gmt":"2022-10-30T15:57:24","guid":{"rendered":"https:\/\/prueba.caminodesantiagofrances.com\/en\/?page_id=8374"},"modified":"2024-02-25T12:57:27","modified_gmt":"2024-02-25T11:57:27","slug":"santa-lucia","status":"publish","type":"page","link":"https:\/\/caminodesantiagofrances.com\/en\/santos\/santa-lucia\/","title":{"rendered":"Santa Lucia"},"content":{"rendered":"\n<h2 class=\"wp-block-heading has-text-align-center\">Santa Lucia \u2013 Luc\u00eda de Siracusa<\/h2>\n\n\n\n<p class=\"wp-block-paragraph\"><strong>Santa Luc\u00eda<\/strong>&nbsp;(Siracusa,&nbsp;283-ib\u00eddem,&nbsp;304) fue una&nbsp;m\u00e1rtir&nbsp;cristiana, que padeci\u00f3 el martirio durante la&nbsp;persecuci\u00f3n de Diocleciano. Es venerada en la&nbsp;Iglesia cat\u00f3lica.<\/p>\n\n\n\n<h2 class=\"wp-block-heading has-text-align-center\"><strong>Vida de Santa Lucia<\/strong><\/h2>\n\n\n\n<p class=\"wp-block-paragraph\">Nacida en&nbsp;Siracusa, ciudad de la&nbsp;provincia romana de Sicilia, de acuerdo con la tradici\u00f3n Luc\u00eda era de padres nobles y ricos, hija de Eutiquia; del padre se dice que muri\u00f3 cuando Luc\u00eda era joven. Probablemente se llamaba Lucio, dada la costumbre romana de poner a las hijas el nombre del padre. Seg\u00fan algunos, est\u00e1 inspirado en el texto paulino, \u00ab<strong>Los hijos de la luz<\/strong>\u00bb. Luc\u00eda ciertamente significa \u00abLuz\u00bb o \u00ab<strong>la que lleva luz<\/strong>\u00ab. Fue educada en la fe cristiana. Consagr\u00f3 su vida a&nbsp;Dios&nbsp;e hizo un voto de&nbsp;virginidad. Su madre, que estaba enferma, la comprometi\u00f3 a casarse con un joven&nbsp;pagano&nbsp;y ella, para que se librase de ese compromiso, la persuadi\u00f3 para que fuese a rezar a la tumba de&nbsp;\u00c1gueda de Catania&nbsp;a fin de curar su enfermedad. Como su madre san\u00f3, Luc\u00eda le pidi\u00f3 que la liberara del compromiso, le dejara consagrar su vida a Dios y donara su fortuna a los m\u00e1s pobres. Su madre accedi\u00f3. Pero su pretendiente la acus\u00f3 ante el proc\u00f3nsul&nbsp;Pascasio&nbsp;debido a que era cristiana, en tiempos del emperador&nbsp;Diocleciano.<\/p>\n\n\n\n<h3 class=\"wp-block-heading has-text-align-center\"><strong>Martirio y muerte de Santa Lucia<\/strong><\/h3>\n\n\n\n<p class=\"wp-block-paragraph\">El martirio de Luc\u00eda no est\u00e1 atestiguado por fuentes contempor\u00e1neas o inmediatamente posteriores a la&nbsp;persecuci\u00f3n de Diocleciano, sino por relatos&nbsp;hagiogr\u00e1ficos. El m\u00e1s antiguo de estos relatos es un&nbsp;<em>martyrion<\/em>&nbsp;griego (BHG 995),\u200b y su redacci\u00f3n latina correspondiente (BHL 4992) es al menos un siglo m\u00e1s tard\u00eda.\u200b<\/p>\n\n\n\n<p class=\"wp-block-paragraph\">Cuando Luc\u00eda fue arrestada bajo la acusaci\u00f3n de ser una cristiana, Pascasio le orden\u00f3 que hiciera sacrificios a los dioses. Entonces Luc\u00eda dijo:<\/p>\n\n\n\n<blockquote class=\"wp-block-quote\">\n<p class=\"wp-block-paragraph\">\u00ab<strong>Sacrificio puro delante de Dios es visitar a las viudas, los hu\u00e9rfanos y los peregrinos que pagan en la angustia y en la necesidad, y ya es el tercer a\u00f1o que me ofrecen sacrificios a Dios en Jesucristo entregando todos mis bienes.<\/strong>\u00ab<\/p>\n<\/blockquote>\n\n\n\n<p class=\"wp-block-paragraph\">Irritado Pascasio, orden\u00f3 a sus soldados a que la llevaran a un&nbsp;prost\u00edbulo&nbsp;para que la violaran y luego se dirigi\u00f3 a Luc\u00eda dici\u00e9ndole: \u00abTe llevar\u00e9 a un lugar de perdici\u00f3n as\u00ed se alejar\u00e1 el Esp\u00edritu Santo\u00bb. Los soldados la tomaron para llev\u00e1rsela, la ataron con cuerdas en las manos y en los pies, pero por m\u00e1s que se esforzaban no pod\u00edan moverla: la muchacha permanec\u00eda r\u00edgida como una roca. Al enterarse de lo sucedido, Pascasio orden\u00f3 someterla a suplicio con aceite y pez hirviendo, pero no logr\u00f3 hacerla desistir. Condenada a ser martirizada, antes de morir profetiz\u00f3 su canonizaci\u00f3n y su patronazgo como protectora de Siracusa, junto con la ca\u00edda de&nbsp;Diocleciano&nbsp;y&nbsp;Maximiano.\u200b<\/p>\n\n\n\n<p class=\"wp-block-paragraph\">El relato griego \u2014que data del siglo V\u2014 y el relato latino \u2014datado del siglo VI al VII\u2014 son id\u00e9nticos en lo fundamental, aunque difieren en algunos detalles finales: seg\u00fan el&nbsp;<em>martiryon<\/em>&nbsp;griego Luc\u00eda fue decapitada, en tanto que seg\u00fan la&nbsp;<em>passio<\/em>&nbsp;latina, fue martirizada por uno o varios golpes de espada.\u200b<\/p>\n\n\n\n<figure class=\"wp-block-image aligncenter size-full\"><img loading=\"lazy\" decoding=\"async\" width=\"600\" height=\"315\" src=\"https:\/\/caminodesantiagofrances.com\/en\/wp-content\/uploads\/sites\/3\/2024\/02\/Santa-Lucia-Camino-de-Santiago-Frances.jpg\" alt=\"\" class=\"wp-image-12405\" srcset=\"https:\/\/caminodesantiagofrances.com\/en\/wp-content\/uploads\/sites\/3\/2024\/02\/Santa-Lucia-Camino-de-Santiago-Frances.jpg 600w, https:\/\/caminodesantiagofrances.com\/en\/wp-content\/uploads\/sites\/3\/2024\/02\/Santa-Lucia-Camino-de-Santiago-Frances-300x158.jpg 300w\" sizes=\"auto, (max-width: 600px) 100vw, 600px\" \/><figcaption class=\"wp-element-caption\"><strong>Santa Lucia<\/strong><\/figcaption><\/figure>\n\n\n\n<p class=\"wp-block-paragraph\">Fue sepultada en el mismo lugar donde en el a\u00f1o 313 se construy\u00f3 un santuario dedicado a ella, que fue lugar de destino de las peregrinaciones en su honor. Seg\u00fan la tradici\u00f3n, su historia se divulg\u00f3 por toda Sicilia\u02d0 \u201cconsagr\u00f3 su virginidad con el martirio, pues a Dios agrada tu pureza y santidad\u201d.<\/p>\n\n\n\n<h2 class=\"wp-block-heading has-text-align-center\">Patronazgo&nbsp;de Santa Lucia<\/h2>\n\n\n\n<ul class=\"wp-block-list\">\n<li>Es la patrona de la&nbsp;vista. La relaci\u00f3n entre Luc\u00eda y los&nbsp;ojos, que hace de esta santa la protectora de la vista, se explicita en la iconograf\u00eda de la&nbsp;Edad Media&nbsp;y deriva quiz\u00e1 de la cercan\u00eda etimol\u00f3gica del nombre griego \u00abLuc\u00eda\u00bb con el t\u00e9rmino latino&nbsp;<em>lux<\/em>&nbsp;(luz).\u200b Existe la leyenda de que fue la belleza de los ojos de Luc\u00eda la que no permit\u00eda descansar a uno de sus pretendientes, por lo que ella se los arranc\u00f3 y se los envi\u00f3. Lleno de remordimiento e impresionado por el valor de Luc\u00eda, el pretendiente se convirti\u00f3 al cristianismo. Una leyenda medieval dec\u00eda que, cuando Luc\u00eda estaba en el tribunal, aun sin ojos, segu\u00eda viendo. Otra versi\u00f3n afirma que el proc\u00f3nsul Pascasio orden\u00f3 a sus soldados que le arrancaran los ojos a Luc\u00eda, pero luego de que lo hicieron, Dios le concedi\u00f3 unos nuevos ojos a\u00fan m\u00e1s hermosos que los que ten\u00eda antes.\u200b<\/li>\n\n\n\n<li>Es patrona de los&nbsp;pobres, los&nbsp;ciegos, de los ni\u00f1os enfermos y de las ciudades.<\/li>\n\n\n\n<li>Es patrona de los campesinos, electricistas, modistas, ch\u00f3feres, fot\u00f3grafos, afiladores, cortadores, cristaleros, sastres, fontaneros y escritores.<\/li>\n\n\n\n<li>Es patrona de un conjunto de localidades, a saber:<\/li>\n<\/ul>\n\n\n\n<ul class=\"wp-block-list\">\n<li><strong><a href=\"https:\/\/caminodesantiagofrances.com\/en\/provincia-de-leon\/san-miguel-del-camino\/\" target=\"_blank\" data-type=\"link\" data-id=\"https:\/\/caminodesantiagofrances.com\/en\/provincia-de-leon\/san-miguel-del-camino\/\" rel=\"noreferrer noopener\">San Miguel del Camino<\/a><\/strong>, en la\u00a0<strong><a href=\"https:\/\/caminodesantiagofrances.com\/en\/provincia-de-leon\/\" target=\"_blank\" data-type=\"URL\" data-id=\"https:\/\/prueba.caminodesantiagofrances.com\/en\/provincia-de-leon\/\" rel=\"noreferrer noopener\">Provincia de Le\u00f3n<\/a><\/strong>,\u00a0en el <a href=\"https:\/\/caminodesantiagofrances.com\/en\/\" target=\"_blank\" rel=\"noreferrer noopener\"><strong>Camino de Santiago Franc\u00e9s<\/strong><\/a>.<\/li>\n\n\n\n<li>Siracusa&nbsp;en Italia.<\/li>\n\n\n\n<li>Santa Luc\u00eda, Provincia de Cocl\u00e9, en Panam\u00e1.<\/li>\n\n\n\n<li>Venecia&nbsp;en Italia.<\/li>\n\n\n\n<li>Zacatecoluca&nbsp;en El Salvador.<\/li>\n\n\n\n<li>El Divisadero&nbsp;en el&nbsp;departamento de Moraz\u00e1n, en El Salvador.<\/li>\n\n\n\n<li>Barrio Santa Luc\u00eda&nbsp;Chacalzingo&nbsp;(primer establecimiento de la Ciudad),&nbsp;Ciudad de Santa Ana&nbsp;en El Salvador.<\/li>\n\n\n\n<li>Santalla de Rey&nbsp;en Espa\u00f1a.<\/li>\n\n\n\n<li>Ferre\u00f1afe&nbsp;(Lambayeque) en Per\u00fa.<\/li>\n\n\n\n<li>Moche&nbsp;en Per\u00fa. Fundado en 1534 como Santa Luc\u00eda de Moche.\u200b<\/li>\n\n\n\n<li>Mossor\u00f3&nbsp;en Brasil.<\/li>\n\n\n\n<li>Santa Luc\u00eda del Tuy, estado&nbsp;Miranda,<\/li>\n\n\n\n<li>Santa Luc\u00eda, estado&nbsp;Jalisco, en M\u00e9xico.<\/li>\n\n\n\n<li>Santa Luc\u00eda, en el&nbsp;departamento de Canelones,&nbsp;Uruguay. Es adem\u00e1s sede del&nbsp;municipio hom\u00f3nimo.<\/li>\n\n\n\n<li>Santa Luc\u00eda Utatl\u00e1n, Solol\u00e1;&nbsp;Santa Luc\u00eda Cotzumalguapa&nbsp;(Escuintla); y&nbsp;Santa Luc\u00eda Milpas Altas&nbsp;(Sacatep\u00e9quez), en Guatemala.<\/li>\n\n\n\n<li>Santa Luc\u00eda&nbsp;en el&nbsp;departamento hom\u00f3nimo,&nbsp;provincia de San Juan, en Argentina. All\u00ed se celebra la&nbsp;Fiesta Nacional de Santa Luc\u00eda.\u200b<\/li>\n\n\n\n<li>Santa Luc\u00eda de Tirajana&nbsp;(Gran Canaria),&nbsp;Islas Canarias&nbsp;en&nbsp;Espa\u00f1a.<\/li>\n\n\n\n<li>Hacinas, en la provincia de&nbsp;Burgos,&nbsp;Espa\u00f1a.<\/li>\n\n\n\n<li>Hermosa,&nbsp;Cantabria,&nbsp;Espa\u00f1a.<\/li>\n\n\n\n<li>Roales de Campos,&nbsp;Valladolid,&nbsp;Espa\u00f1a.<\/li>\n\n\n\n<li>As Teixugueiras, Concello de Cartelle, provincia de&nbsp;Orense,&nbsp;Galicia,&nbsp;Espa\u00f1a.<\/li>\n\n\n\n<li>Santa Luc\u00eda (Nicaragua),&nbsp;Nicaragua.<\/li>\n\n\n\n<li>Suchitoto, El Salvador.<\/li>\n\n\n\n<li>Cant\u00f3n Santa Luc\u00eda&nbsp;, provincia del&nbsp;Guayas&nbsp;\u2013&nbsp;Ecuador, celebraci\u00f3n denominada fiesta de la \u00ab<em><strong>PATRONA de los ojos SANTA LUCIA<\/strong><\/em>&nbsp;\u00ab<\/li>\n<\/ul>\n\n\n\n<p class=\"wp-block-paragraph\">En Espa\u00f1a el 13 de diciembre se celebra el d\u00eda de modistas y sastres, en la ermita de Santa Luc\u00eda, en la ciudad de Valencia.<\/p>\n\n\n\n<h2 class=\"wp-block-heading has-text-align-center\"><strong>Santa Lucia<\/strong><\/h2>\n\n\n\n<figure class=\"wp-block-table\"><table><tbody><tr><th scope=\"row\">Nacimiento<\/th><td>283, Siracusa&nbsp;(Italia)<\/td><\/tr><tr><th scope=\"row\">Fallecimiento<\/th><td>304, Siracusa&nbsp;(Sicilia) (21 a\u00f1os)<\/td><\/tr><tr><th scope=\"row\">Causa de muerte<\/th><td>Decapitaci\u00f3n&nbsp;<a href=\"https:\/\/web.archive.org\/web\/20211025105224\/https:\/\/www.wikidata.org\/wiki\/Q183240?uselang=es#P509\" rel=\"noreferrer noopener nofollow\" target=\"_blank\"><\/a><\/td><\/tr><tr><th scope=\"row\">Sepultura<\/th><td>Venecia&nbsp;<a href=\"https:\/\/web.archive.org\/web\/20211025105224\/https:\/\/www.wikidata.org\/wiki\/Q183240?uselang=es#P119\" rel=\"noreferrer noopener nofollow\" target=\"_blank\"><\/a><\/td><\/tr><tr><th scope=\"row\">Religi\u00f3n<\/th><td>Iglesia cat\u00f3lica&nbsp;<a href=\"https:\/\/web.archive.org\/web\/20211025105224\/https:\/\/www.wikidata.org\/wiki\/Q183240?uselang=es#P140\" rel=\"noreferrer noopener nofollow\" target=\"_blank\"><\/a><\/td><\/tr><tr><th scope=\"row\">Canonizaci\u00f3n<\/th><td>Hierom\u00e1rtir&nbsp;y&nbsp;santo&nbsp;<a href=\"https:\/\/web.archive.org\/web\/20211025105224\/https:\/\/www.wikidata.org\/wiki\/Q183240?uselang=es#P411\" rel=\"noreferrer noopener nofollow\" target=\"_blank\"><\/a><\/td><\/tr><tr><th scope=\"row\">Festividad<\/th><td>13 de diciembre<\/td><\/tr><tr><th scope=\"row\">Venerada en<\/th><td>Iglesia cat\u00f3lica<\/td><\/tr><\/tbody><\/table><\/figure>\n\n\n<p><nav aria-label=\"breadcrumbs\" class=\"rank-math-breadcrumb\"><p><span class=\"last\">Camino de Santiago Franc\u00e9s<\/span><\/p><\/nav><\/p>\n\n\n\n<hr class=\"wp-block-separator has-alpha-channel-opacity\"\/>\n\n\n\n<p class=\"wp-block-paragraph\"><strong>V\u00e9ase tambi\u00e9n:<\/strong><\/p>\n\n\n\n<figure class=\"wp-block-image aligncenter size-full\"><a href=\"https:\/\/caminodesantiagofrances.com\/en\/provincia-de-leon\/san-miguel-del-camino\/\" target=\"_blank\" rel=\"noreferrer noopener\"><img loading=\"lazy\" decoding=\"async\" width=\"600\" height=\"315\" src=\"https:\/\/caminodesantiagofrances.com\/en\/wp-content\/uploads\/sites\/3\/2024\/02\/San-Miguel-del-Camino-Camino-de-Santiago-Frances.jpg\" alt=\"\" class=\"wp-image-11639\" srcset=\"https:\/\/caminodesantiagofrances.com\/en\/wp-content\/uploads\/sites\/3\/2024\/02\/San-Miguel-del-Camino-Camino-de-Santiago-Frances.jpg 600w, https:\/\/caminodesantiagofrances.com\/en\/wp-content\/uploads\/sites\/3\/2024\/02\/San-Miguel-del-Camino-Camino-de-Santiago-Frances-300x158.jpg 300w\" sizes=\"auto, (max-width: 600px) 100vw, 600px\" \/><\/a><\/figure>\n\n\n\n<h3 class=\"wp-block-heading has-text-align-center\"><strong><a href=\"https:\/\/caminodesantiagofrances.com\/en\/provincia-de-leon\/san-miguel-del-camino\/\" target=\"_blank\" data-type=\"link\" data-id=\"https:\/\/caminodesantiagofrances.com\/en\/provincia-de-leon\/san-miguel-del-camino\/\" rel=\"noreferrer noopener\">San Miguel del Camino<\/a><\/strong><\/h3>\n","protected":false},"excerpt":{"rendered":"<p>Santa Lucia \u2013 Luc\u00eda de Siracusa Santa Luc\u00eda&nbsp;(Siracusa,&nbsp;283-ib\u00eddem,&nbsp;304) fue una&nbsp;m\u00e1rtir&nbsp;cristiana, que padeci\u00f3 el martirio durante la&nbsp;persecuci\u00f3n de Diocleciano. Es venerada en la&nbsp;Iglesia cat\u00f3lica. Vida de Santa Lucia Nacida en&nbsp;Siracusa, ciudad de la&nbsp;provincia romana de Sicilia, de acuerdo con la tradici\u00f3n Luc\u00eda era de padres nobles y ricos, hija de Eutiquia; del padre se dice que [&hellip;]<\/p>\n","protected":false},"author":1,"featured_media":12405,"parent":5908,"menu_order":0,"comment_status":"closed","ping_status":"closed","template":"","meta":{"footnotes":""},"class_list":["post-8374","page","type-page","status-publish","has-post-thumbnail","hentry"],"_links":{"self":[{"href":"https:\/\/caminodesantiagofrances.com\/en\/wp-json\/wp\/v2\/pages\/8374","targetHints":{"allow":["GET"]}}],"collection":[{"href":"https:\/\/caminodesantiagofrances.com\/en\/wp-json\/wp\/v2\/pages"}],"about":[{"href":"https:\/\/caminodesantiagofrances.com\/en\/wp-json\/wp\/v2\/types\/page"}],"author":[{"embeddable":true,"href":"https:\/\/caminodesantiagofrances.com\/en\/wp-json\/wp\/v2\/users\/1"}],"replies":[{"embeddable":true,"href":"https:\/\/caminodesantiagofrances.com\/en\/wp-json\/wp\/v2\/comments?post=8374"}],"version-history":[{"count":0,"href":"https:\/\/caminodesantiagofrances.com\/en\/wp-json\/wp\/v2\/pages\/8374\/revisions"}],"up":[{"embeddable":true,"href":"https:\/\/caminodesantiagofrances.com\/en\/wp-json\/wp\/v2\/pages\/5908"}],"wp:featuredmedia":[{"embeddable":true,"href":"https:\/\/caminodesantiagofrances.com\/en\/wp-json\/wp\/v2\/media\/12405"}],"wp:attachment":[{"href":"https:\/\/caminodesantiagofrances.com\/en\/wp-json\/wp\/v2\/media?parent=8374"}],"curies":[{"name":"wp","href":"https:\/\/api.w.org\/{rel}","templated":true}]}}