{"id":8416,"date":"2022-10-30T16:45:28","date_gmt":"2022-10-30T16:45:28","guid":{"rendered":"https:\/\/prueba.caminodesantiagofrances.com\/en\/?page_id=8416"},"modified":"2024-02-25T12:50:50","modified_gmt":"2024-02-25T11:50:50","slug":"san-fermin","status":"publish","type":"page","link":"https:\/\/caminodesantiagofrances.com\/en\/santos\/san-fermin\/","title":{"rendered":"San Ferm\u00edn"},"content":{"rendered":"\n<h2 class=\"wp-block-heading has-text-align-center\">San Ferm\u00edn de Amiens<\/h2>\n\n\n\n<p class=\"wp-block-paragraph\"><strong>San Ferm\u00edn de Amiens<\/strong>&nbsp;(en&nbsp;lat\u00edn,&nbsp;<em>Firminus<\/em>) (Pamplona,&nbsp;c<em>.<\/em>&nbsp;272-Amiens,&nbsp;25 de septiembre&nbsp;de&nbsp;303) fue un misionero&nbsp;cristiano, primer&nbsp;obispo&nbsp;de Amiens, cuya iglesia mand\u00f3 construir, y tambi\u00e9n es considerado, por&nbsp;tradici\u00f3n oral, como primer&nbsp;obispo de Pamplona&nbsp;aunque no hay constancia documental sobre ello e, incluso, se cuestiona si existi\u00f3.\u200b<\/p>\n\n\n\n<h2 class=\"wp-block-heading has-text-align-center\"><strong>San Ferm\u00edn de Amiens<\/strong><\/h2>\n\n\n\n<p class=\"wp-block-paragraph\">Es patr\u00f3n de\u00a0Amiens\u00a0y\u00a0Lesaca, y patr\u00f3n de la\u00a0di\u00f3cesis de Pamplona-Tudela, y por Breve Papal de 1657, copatr\u00f3n de\u00a0<strong><a href=\"https:\/\/caminodesantiagofrances.com\/en\/navarra\/\" target=\"_blank\" data-type=\"link\" data-id=\"https:\/\/caminodesantiagofrances.com\/en\/navarra\/\" rel=\"noreferrer noopener\">Navarra<\/a><\/strong>\u00a0junto con\u00a0san Francisco Javier\u00a0(que, a su vez y mayor con precisi\u00f3n, es formalmente patr\u00f3n de la\u00a0Diputaci\u00f3n del Reino de Navarra\u00a0por acuerdo adoptado tras su canonizaci\u00f3n,\u00a012 de marzo\u00a0de\u00a01622, y jurado solemnemente el\u00a02 de agosto\u00a0de ese a\u00f1o).\u200b<\/p>\n\n\n\n<p class=\"wp-block-paragraph\">Es venerado el\u00a07 de julio, cuyo culto se celebra, a nivel local, en Lesaca, con sus fiestas patronales, y en\u00a0<strong><a href=\"https:\/\/caminodesantiagofrances.com\/en\/navarra\/pamplona\/\" target=\"_blank\" data-type=\"link\" data-id=\"https:\/\/caminodesantiagofrances.com\/en\/navarra\/pamplona\/\" rel=\"noreferrer noopener\">Pamplona<\/a><\/strong>, con el comienzo de las\u00a0<strong>fiestas de San Ferm\u00edn<\/strong>.<\/p>\n\n\n\n<h3 class=\"wp-block-heading has-text-align-center\">Entre la leyenda y la realidad de San Ferm\u00edn<\/h3>\n\n\n\n<p class=\"wp-block-paragraph\">Seg\u00fan consta, naci\u00f3 en el\u00a0siglo III, en\u00a0Pompaelo\u00a0(la actual\u00a0<strong><a href=\"https:\/\/caminodesantiagofrances.com\/en\/navarra\/pamplona\/\" target=\"_blank\" data-type=\"link\" data-id=\"https:\/\/caminodesantiagofrances.com\/en\/navarra\/pamplona\/\" rel=\"noreferrer noopener\">Pamplona<\/a><\/strong>). Era hijo de un\u00a0senador\u00a0pagano\u00a0de nombre Firmo, probablemente un alto funcionario de la\u00a0administraci\u00f3n romana\u00a0de Pamplona, y de una noble dama de nombre Eugenia.<\/p>\n\n\n\n<p class=\"wp-block-paragraph\">La predicaci\u00f3n de san&nbsp;Honesto, quien hab\u00eda marchado a la pen\u00ednsula tras ser milagrosamente liberado de su prisi\u00f3n en&nbsp;Carcasona, conmovi\u00f3 a sus padres, quienes, sin embargo, no se convirtieron hasta o\u00edr a san&nbsp;Saturnino de Tolosa.\u200b El santo habr\u00eda bautizado a Ferm\u00edn y a sus padres en el lugar que hoy se llama popularmente&nbsp;<em>pocico de San Cern\u00edn<\/em>.<\/p>\n\n\n\n<p class=\"wp-block-paragraph\">Bajo la tutela de Honesto el joven, Ferm\u00edn aprendi\u00f3 la\u00a0religi\u00f3n\u00a0y el arte de la evangelizaci\u00f3n. A los 18 a\u00f1os fue enviado a\u00a0Tolosa, donde ser\u00eda\u00a0ordenado. Tras predicar en\u00a0<strong><strong><a href=\"https:\/\/caminodesantiagofrances.com\/en\/navarra\/\" target=\"_blank\" data-type=\"link\" data-id=\"https:\/\/caminodesantiagofrances.com\/en\/navarra\/\" rel=\"noreferrer noopener\">Navarra<\/a><\/strong><\/strong>, march\u00f3 a la\u00a0Galia\u00a0(actual Francia) y se asent\u00f3 en\u00a0Amiens. Despu\u00e9s de organizar la iglesia local, fue nombrado\u00a0obispo\u00a0a los 24 a\u00f1os. La oposici\u00f3n oficial a la doctrina cristiana le granje\u00f3 la\u00a0c\u00e1rcel, donde, tras negarse a cesar su pr\u00e9dica, fue degollado.<\/p>\n\n\n\n<figure class=\"wp-block-image aligncenter size-full\"><img loading=\"lazy\" decoding=\"async\" width=\"600\" height=\"315\" src=\"https:\/\/caminodesantiagofrances.com\/en\/wp-content\/uploads\/sites\/3\/2024\/02\/San-Fermin-Camino-de-Santiago-Frances.jpg\" alt=\"\" class=\"wp-image-12395\" srcset=\"https:\/\/caminodesantiagofrances.com\/en\/wp-content\/uploads\/sites\/3\/2024\/02\/San-Fermin-Camino-de-Santiago-Frances.jpg 600w, https:\/\/caminodesantiagofrances.com\/en\/wp-content\/uploads\/sites\/3\/2024\/02\/San-Fermin-Camino-de-Santiago-Frances-300x158.jpg 300w\" sizes=\"auto, (max-width: 600px) 100vw, 600px\" \/><figcaption class=\"wp-element-caption\"><strong>San Ferm\u00edn<\/strong><\/figcaption><\/figure>\n\n\n\n<p class=\"wp-block-paragraph\">En\u00a01186\u00a0el obispo\u00a0Pedro de Par\u00eds\u00a0llev\u00f3 de Amiens a\u00a0<strong><a href=\"https:\/\/caminodesantiagofrances.com\/en\/navarra\/pamplona\/\" target=\"_blank\" data-type=\"link\" data-id=\"https:\/\/caminodesantiagofrances.com\/en\/navarra\/pamplona\/\" rel=\"noreferrer noopener\">Pamplona<\/a><\/strong>\u00a0una reliquia de la cabeza de Ferm\u00edn.<\/p>\n\n\n\n<p class=\"wp-block-paragraph\">Actualmente su santoral se celebra el\u00a07 de julio. En <a href=\"https:\/\/caminodesantiagofrances.com\/en\/navarra\/pamplona\/\" target=\"_blank\" data-type=\"link\" data-id=\"https:\/\/caminodesantiagofrances.com\/en\/navarra\/pamplona\/\" rel=\"noreferrer noopener\">Pamplona<\/a> se conmemora con unas fiestas de fama internacional, los\u00a0Sanfermines, en las que destacan los\u00a0encierros, as\u00ed como las corridas de toros pertenecientes a la feria del toro, una de las ferias m\u00e1s se\u00f1eras del panorama taurino mundial.\u200b<\/p>\n\n\n\n<p class=\"wp-block-paragraph\">Es adem\u00e1s patrono de las cofrad\u00edas de&nbsp;boteros,&nbsp;vinateros&nbsp;y&nbsp;panaderos.<\/p>\n\n\n\n<h2 class=\"wp-block-heading has-text-align-center\">San Ferm\u00edn<\/h2>\n\n\n\n<figure class=\"wp-block-table\"><table><tbody><tr><th scope=\"row\">Nombre de nacimiento<\/th><td>Fermin<\/td><\/tr><tr><th scope=\"row\">Nacimiento<\/th><td>c.&nbsp;272<br>Pompaelo,&nbsp;Hispania,&nbsp;Imperio Romano<\/td><\/tr><tr><th scope=\"row\">Fallecimiento<\/th><td>c.&nbsp;303<br>Amiens,&nbsp;Galia,&nbsp;Imperio Romano<\/td><\/tr><tr><th scope=\"row\">Causa de la muerte<\/th><td>Decapitaci\u00f3n&nbsp;<a href=\"https:\/\/web.archive.org\/web\/20211021152814\/https:\/\/www.wikidata.org\/wiki\/Q468206?uselang=es#P509\" rel=\"noreferrer noopener nofollow\" target=\"_blank\"><\/a><\/td><\/tr><tr><th scope=\"row\">Religi\u00f3n<\/th><td>Iglesia cat\u00f3lica&nbsp;<a href=\"https:\/\/web.archive.org\/web\/20211021152814\/https:\/\/www.wikidata.org\/wiki\/Q468206?uselang=es#P140\" rel=\"noreferrer noopener nofollow\" target=\"_blank\"><\/a><\/td><\/tr><tr><th scope=\"row\">Ocupaci\u00f3n<\/th><td>Presb\u00edtero cat\u00f3lico&nbsp;y religioso cristiano&nbsp;<a href=\"https:\/\/web.archive.org\/web\/20211021152814\/https:\/\/www.wikidata.org\/wiki\/Q468206?uselang=es#P106\" rel=\"noreferrer noopener nofollow\" target=\"_blank\"><\/a><\/td><\/tr><tr><th scope=\"row\">Cargos ocupados<\/th><td>Obispo de Amiens&nbsp;<a href=\"https:\/\/web.archive.org\/web\/20211021152814\/https:\/\/www.wikidata.org\/wiki\/Q468206?uselang=es#P39\" rel=\"noreferrer noopener nofollow\" target=\"_blank\"><\/a><\/td><\/tr><tr><th scope=\"row\">Canonizaci\u00f3n<\/th><td>Hierom\u00e1rtir&nbsp;y santo cat\u00f3lico&nbsp;<a href=\"https:\/\/web.archive.org\/web\/20211021152814\/https:\/\/www.wikidata.org\/wiki\/Q468206?uselang=es#P411\" rel=\"noreferrer noopener nofollow\" target=\"_blank\"><\/a><\/td><\/tr><tr><th scope=\"row\">Festividad<\/th><td>25 de septiembre,&nbsp;7 de julio&nbsp;(<em>oficial<\/em>)<\/td><\/tr><tr><th scope=\"row\">Atributos<\/th><td>Obispo con ornamentos episcopales; lanza<\/td><\/tr><tr><th scope=\"row\">Venerado en<\/th><td>Iglesia cat\u00f3lica<\/td><\/tr><tr><th scope=\"row\">Patronazgo<\/th><td><strong><strong><strong><a href=\"https:\/\/caminodesantiagofrances.com\/en\/navarra\/\" target=\"_blank\" data-type=\"link\" data-id=\"https:\/\/caminodesantiagofrances.com\/en\/navarra\/\" rel=\"noreferrer noopener\">Navarra<\/a><\/strong><\/strong><\/strong>;\u00a0Lesaca<br>Amiens<br>Cofrad\u00edas de boteros<br>Vinateros<br>Panaderos<\/td><\/tr><\/tbody><\/table><\/figure>\n\n\n<p><nav aria-label=\"breadcrumbs\" class=\"rank-math-breadcrumb\"><p><span class=\"last\">Camino de Santiago Franc\u00e9s<\/span><\/p><\/nav><\/p>\n\n\n\n<hr class=\"wp-block-separator has-alpha-channel-opacity\"\/>\n\n\n\n<p class=\"wp-block-paragraph\"><strong>V\u00e9ase tambi\u00e9n:<\/strong><\/p>\n\n\n\n<h3 class=\"wp-block-heading has-text-align-center\"><strong><a href=\"https:\/\/caminodesantiagofrances.com\/en\/navarra\/\" target=\"_blank\" data-type=\"link\" data-id=\"https:\/\/caminodesantiagofrances.com\/en\/navarra\/\" rel=\"noreferrer noopener\">Navarra<\/a><\/strong><\/h3>\n","protected":false},"excerpt":{"rendered":"<p>San Ferm\u00edn de Amiens San Ferm\u00edn de Amiens&nbsp;(en&nbsp;lat\u00edn,&nbsp;Firminus) (Pamplona,&nbsp;c.&nbsp;272-Amiens,&nbsp;25 de septiembre&nbsp;de&nbsp;303) fue un misionero&nbsp;cristiano, primer&nbsp;obispo&nbsp;de Amiens, cuya iglesia mand\u00f3 construir, y tambi\u00e9n es considerado, por&nbsp;tradici\u00f3n oral, como primer&nbsp;obispo de Pamplona&nbsp;aunque no hay constancia documental sobre ello e, incluso, se cuestiona si existi\u00f3.\u200b San Ferm\u00edn de Amiens Es patr\u00f3n de\u00a0Amiens\u00a0y\u00a0Lesaca, y patr\u00f3n de la\u00a0di\u00f3cesis de Pamplona-Tudela, [&hellip;]<\/p>\n","protected":false},"author":1,"featured_media":12395,"parent":5908,"menu_order":0,"comment_status":"closed","ping_status":"closed","template":"","meta":{"footnotes":""},"class_list":["post-8416","page","type-page","status-publish","has-post-thumbnail","hentry"],"_links":{"self":[{"href":"https:\/\/caminodesantiagofrances.com\/en\/wp-json\/wp\/v2\/pages\/8416","targetHints":{"allow":["GET"]}}],"collection":[{"href":"https:\/\/caminodesantiagofrances.com\/en\/wp-json\/wp\/v2\/pages"}],"about":[{"href":"https:\/\/caminodesantiagofrances.com\/en\/wp-json\/wp\/v2\/types\/page"}],"author":[{"embeddable":true,"href":"https:\/\/caminodesantiagofrances.com\/en\/wp-json\/wp\/v2\/users\/1"}],"replies":[{"embeddable":true,"href":"https:\/\/caminodesantiagofrances.com\/en\/wp-json\/wp\/v2\/comments?post=8416"}],"version-history":[{"count":0,"href":"https:\/\/caminodesantiagofrances.com\/en\/wp-json\/wp\/v2\/pages\/8416\/revisions"}],"up":[{"embeddable":true,"href":"https:\/\/caminodesantiagofrances.com\/en\/wp-json\/wp\/v2\/pages\/5908"}],"wp:featuredmedia":[{"embeddable":true,"href":"https:\/\/caminodesantiagofrances.com\/en\/wp-json\/wp\/v2\/media\/12395"}],"wp:attachment":[{"href":"https:\/\/caminodesantiagofrances.com\/en\/wp-json\/wp\/v2\/media?parent=8416"}],"curies":[{"name":"wp","href":"https:\/\/api.w.org\/{rel}","templated":true}]}}