{"id":8430,"date":"2022-10-30T16:55:34","date_gmt":"2022-10-30T16:55:34","guid":{"rendered":"https:\/\/prueba.caminodesantiagofrances.com\/en\/?page_id=8430"},"modified":"2024-02-25T12:47:25","modified_gmt":"2024-02-25T11:47:25","slug":"saint-froilan","status":"publish","type":"page","link":"https:\/\/caminodesantiagofrances.com\/en\/saints\/saint-froilan\/","title":{"rendered":"Saint Froilan"},"content":{"rendered":"\n<h2 class=\"wp-block-heading has-text-align-center\"><strong>San Froil\u00e1n \u2013 Froil\u00e1n de Le\u00f3n<\/strong><\/h2>\n\n\n\n<p class=\"wp-block-paragraph\"><strong>San Froil\u00e1n<\/strong> (Lugo, 833 \u2013 <a href=\"https:\/\/caminodesantiagofrances.com\/en\/leon-province\/leon\/\" target=\"_blank\" data-type=\"URL\" data-id=\"https:\/\/prueba.caminodesantiagofrances.com\/en\/l\/leon\/\" rel=\"noreferrer noopener\">Le\u00f3n<\/a>, 904) is a saint of the Catholic Church, patron saint of the <strong><a href=\"https:\/\/caminodesantiagofrances.com\/en\/lugo-province\/\" target=\"_blank\" data-type=\"URL\" data-id=\"https:\/\/prueba.caminodesantiagofrances.com\/en\/lugo-province\/\" rel=\"noreferrer noopener\">Provincia de Lugo<\/a><\/strong>, of the <strong>diocese of <a href=\"https:\/\/caminodesantiagofrances.com\/en\/leon-province\/leon\/\" target=\"_blank\" data-type=\"link\" data-id=\"https:\/\/caminodesantiagofrances.com\/en\/leon-province\/leon\/\" rel=\"noreferrer noopener\">Le\u00f3n<\/a><\/strong> and of the municipality of <strong><a href=\"https:\/\/caminodesantiagofrances.com\/en\/leon-province\/valverde-de-la-virgen\/\" target=\"_blank\" data-type=\"link\" data-id=\"https:\/\/caminodesantiagofrances.com\/en\/leon-province\/valverde-de-la-virgen\/\" rel=\"noreferrer noopener\">Valverde de la Virgen<\/a><\/strong>.<\/p>\n\n\n\n<p class=\"wp-block-paragraph\">San Froil\u00e1n was born in Lugo around the year 832. While still very young he left his father&#8217;s house to live as a hermit in the mountains of <strong><a href=\"https:\/\/prueba.caminodesantiagofrances.com\/en\/l\/o-cebreiro\/\" data-type=\"URL\" data-id=\"https:\/\/prueba.caminodesantiagofrances.com\/en\/l\/o-cebreiro\/\" target=\"_blank\" rel=\"noreferrer noopener\">O Cebreiro<\/a><\/strong>&nbsp;and&nbsp;El Bierzo. He felt compelled by God to leave his retreat and devote himself entirely to preaching in the regions of&nbsp;Galicia&nbsp;and Le\u00f3n.<\/p>\n\n\n\n<h2 class=\"wp-block-heading has-text-align-center\"><strong>San Froil\u00e1n<\/strong><\/h2>\n\n\n\n<p class=\"wp-block-paragraph\">It is during this time that, according to legend, the episode of the wolf devouring his donkey takes place. Commanded by the saint, the fierce animal, like a meek lamb, carried the saddlebags of books that always accompanied San Froil\u00e1n on his apostolic journeys.<\/p>\n\n\n\n<p class=\"wp-block-paragraph\">He met San&nbsp;Atilano, a monk like himself, and together they shared the ministry of preaching and the task of reforming and founding many monasteries.<\/p>\n\n\n\n<p class=\"wp-block-paragraph\">The people demanded him as bishop for the see of Le\u00f3n. Much against his own will, he was consecrated as such at the age of 68.<\/p>\n\n\n\n<p class=\"wp-block-paragraph\">After a fruitful pontificate, he died in the odour of sanctity at the age of 73.<\/p>\n\n\n\n<figure class=\"wp-block-image aligncenter size-full\"><img loading=\"lazy\" decoding=\"async\" width=\"600\" height=\"315\" src=\"https:\/\/caminodesantiagofrances.com\/en\/wp-content\/uploads\/sites\/3\/2024\/02\/San-Froilan-Camino-de-Santiago-Frances.jpg\" alt=\"\" class=\"wp-image-12390\" srcset=\"https:\/\/caminodesantiagofrances.com\/en\/wp-content\/uploads\/sites\/3\/2024\/02\/San-Froilan-Camino-de-Santiago-Frances.jpg 600w, https:\/\/caminodesantiagofrances.com\/en\/wp-content\/uploads\/sites\/3\/2024\/02\/San-Froilan-Camino-de-Santiago-Frances-300x158.jpg 300w\" sizes=\"auto, (max-width: 600px) 100vw, 600px\" \/><figcaption class=\"wp-element-caption\"><strong>San Froil\u00e1n<\/strong><\/figcaption><\/figure>\n\n\n\n<p class=\"wp-block-paragraph\">The people immediately venerated him as a saint and his fame spread throughout the Church.<\/p>\n\n\n\n<p class=\"wp-block-paragraph\">He is the patron saint of the dioceses of Le\u00f3n and Lugo and titular of the Lugo parish that bears his name. Born just outside the walls of Lugo, one of the baroque churches of the old town is dedicated to him, and he also has a chapel in the&nbsp;<strong>Catedral de Santa Mar\u00eda de Lugo<\/strong>. His remains are kept in a chest on the high altar of the&nbsp;<strong>Catedral de Le\u00f3n<\/strong>. His name is also mentioned in cryptographic characters (Visigothic notarial cipher) in the margins of folios 128v and 149r of the Le\u00f3n Antiphonary. He is commemorated on 5 October, although the festivities begin the Saturday before.\u200b<\/p>\n\n\n\n<h3 class=\"wp-block-heading has-text-align-center\">Roman Martyrology<\/h3>\n\n\n\n<p class=\"wp-block-paragraph\">In&nbsp;Le\u00f3n, a city of&nbsp;Hispania, commemoration of&nbsp;<strong>San Froil\u00e1n<\/strong>,&nbsp;bishop, who was first a&nbsp;hermit&nbsp;and later, ordained bishop, evangelised the regions freed from the yoke of the&nbsp;Muslims, spreading monastic life and distinguishing himself through his charity towards the poor.<\/p>\n\n\n\n<h2 class=\"wp-block-heading has-text-align-center\">Life of San Froil\u00e1n<\/h2>\n\n\n\n<p class=\"wp-block-paragraph\">A short&nbsp;biography survives, copied in Visigothic&nbsp;minuscule&nbsp;by the&nbsp;deacon Juan, his contemporary. That copy dates from the year&nbsp;920, fifteen years after his death. The author is unknown. Despite its&nbsp;laconic&nbsp;style, one can attempt to reconstruct the fundamental features of his life and character, although it contains legendary accretions common to accounts of the lives of saints in the&nbsp;Middle Ages.<\/p>\n\n\n\n<p class=\"wp-block-paragraph\">He was born in the city of&nbsp;Lugo, in the&nbsp;Regueiro dos Hortos, in the year&nbsp;833, the son of the counts of Lugo, and lived the life of a student until, at around the age of 18, he prepared for the priesthood according to the customs of the time.<\/p>\n\n\n\n<h3 class=\"wp-block-heading\"><strong>Froil\u00e1n, the hermit<\/strong><\/h3>\n\n\n\n<p class=\"wp-block-paragraph\">His spiritual life entered a crisis and he became a hermit, withdrawing, it seems, to a cave in <strong><a href=\"https:\/\/caminodesantiagofrances.com\/en\/leon-province\/ruitelan\/\" target=\"_blank\" data-type=\"link\" data-id=\"https:\/\/caminodesantiagofrances.com\/en\/leon-province\/ruitelan\/\" rel=\"noreferrer noopener\">Ruitel\u00e1n<\/a><\/strong> in <strong><a href=\"https:\/\/caminodesantiagofrances.com\/en\/leon-province\/vega-de-valcarce\/\" target=\"_blank\" data-type=\"link\" data-id=\"https:\/\/caminodesantiagofrances.com\/en\/leon-province\/vega-de-valcarce\/\" rel=\"noreferrer noopener\">Vega de Valcarce<\/a><\/strong>, El Bierzo (now a hermitage). Meanwhile, the Mozarabic revolts broke out in Muslim Spain. It was the year 850, and in C\u00f3rdoba the martyrology began to flourish again with the solemn rite of blood:<\/p>\n\n\n\n<blockquote class=\"wp-block-quote\">\n<p class=\"wp-block-paragraph\"><em>Among the purple roses of this long springtime of martyrdom were, among others, the priest&nbsp;Perfecto, beheaded on the day of the&nbsp;Moorish Easter; the learned monk&nbsp;Isaac, decapitated and hung from a stake; the young Sancho, crucified; the two virgins&nbsp;Columba&nbsp;and&nbsp;Pomposa, and the most famous of all, the blessed&nbsp;Eulogio, that eager maker of martyrs, whose head was severed with a single blow of the&nbsp;scimitar, at three in the afternoon on Saturday 11 March&nbsp;859. Perhaps the powerful voice of this innocent blood echoed among the mountains where&nbsp;<strong>Froil\u00e1n<\/strong>&nbsp;was hiding and drove him to organise a crusade. Perhaps, in his intimate dialogue with&nbsp;God, he felt the call to an active life.<\/em><\/p>\n<\/blockquote>\n\n\n\n<p class=\"wp-block-paragraph\">His biographer tells us, with the naivety of our epic songs and, no doubt, imitating the beginnings of the preaching of&nbsp;Isaiah, that the young hermit was troubled by doubt as to whether he should remain any longer in that solitude.<\/p>\n\n\n\n<p class=\"wp-block-paragraph\">To free himself from this uncertainty, he put himself to a trial by fire. If&nbsp;God&nbsp;suspended the laws of nature, it would be a clear sign of His divine will:<\/p>\n\n\n\n<blockquote class=\"wp-block-quote\">\n<p class=\"wp-block-paragraph\"><em><strong>Froil\u00e1n<\/strong>&nbsp;put burning embers into his mouth. The fire did not cause him the slightest burn. God had spoken. From the mountains he threw himself into the villages to spread among men another fire that burned within him.<\/em><\/p>\n<\/blockquote>\n\n\n\n<p class=\"wp-block-paragraph\">Over the years, his life was marked by different events that gradually shaped his destiny \u2014 perhaps one of the most important being his meeting with the&nbsp;Mozarabic&nbsp;priest of&nbsp;Tarazona,&nbsp;Atilano, with whom he undertook a monastic life and the reform of&nbsp;eremitic&nbsp;life, seeking only his own perfection and union with&nbsp;God. They withdrew to the most rugged part of the mountains of Le\u00f3n, Mount&nbsp;Cucurrino&nbsp;(today known as Mount&nbsp;Corue\u00f1o&nbsp;or Mount&nbsp;Curue\u00f1o).<\/p>\n\n\n\n<p class=\"wp-block-paragraph\">But whole villages followed him to his solitary cell. Along with the crowds came magnates and bishops eager to hear his word. Among his listeners numerous followers arose, captivated by his example. Faced with their insistent pleas, he was forced to go down to the city of&nbsp;Viseu. There he built his first&nbsp;monastery, which he would soon fill with 300 monks. It was the beginning of a new stage:&nbsp;<em><strong>founder of monasteries<\/strong><\/em>.<\/p>\n\n\n\n<h3 class=\"wp-block-heading has-text-align-center\"><strong>San Froil\u00e1n, Founder of Monasteries<\/strong><\/h3>\n\n\n\n<p class=\"wp-block-paragraph\">His fame crossed the mountains of&nbsp;Le\u00f3n&nbsp;and reached the ears of&nbsp;Alfonso III&nbsp;in&nbsp;Oviedo, the capital. The king sent messengers ordering him to come to his court.<\/p>\n\n\n\n<p class=\"wp-block-paragraph\">He was chosen for the enormous work of repopulation that his father,&nbsp;Ordo\u00f1o I, had begun. The borders of the&nbsp;Asturian-Leonese kingdom&nbsp;reached, in the south, as far as the line of the&nbsp;Duero.<\/p>\n\n\n\n<p class=\"wp-block-paragraph\">The border areas on both sides of the river were depopulated and devastated by the Asturian kings. Military tactics demanded it so. But the border had to be pushed further south. To that end, in the area north of the&nbsp;Duero&nbsp;it was necessary to rebuild the destroyed settlements and put the abandoned lands back into use. No force was more cohesive in giving life to these royal concerns than the colonising action of the monasteries.<\/p>\n\n\n\n<p class=\"wp-block-paragraph\">The&nbsp;king&nbsp;understood this fully and granted the monk broad powers to visit all his domains and build monasteries under whose protection the new settlements could take shelter. These human groupings, thus formed, constituted a political unit whose head was the&nbsp;abbot, and whose agents and teachers were the&nbsp;monks, who taught the arts of peace and instilled the crusading spirit in the war of the Reconquest.<\/p>\n\n\n\n<p class=\"wp-block-paragraph\">Froil\u00e1n once again put his capacity for initiative into action and set out to travel the lands of the kingdom. His combative attitude led him to found two great monasteries near the border, a few kilometres from&nbsp;Zamora.<\/p>\n\n\n\n<p class=\"wp-block-paragraph\">The first was that of&nbsp;<strong>San Salvador de T\u00e1bara<\/strong>, where 600 monks of both sexes gathered. It was one of those monasteries called double monasteries, where the nuns, though strictly separated, had the advantage of priestly assistance and of protection in case of invasion.<\/p>\n\n\n\n<p class=\"wp-block-paragraph\">This was one of the most famous monasteries for the refined art of its scriptorium. The weight of time, indifferent to human endeavours, has not allowed us to see, in its stone reality, the architecture of this foundation. But, fortunately, a codex from its scriptorium partially preserves it for us. On the last folio appears the tower of the monastery,&nbsp;<em>tall and made of stone<\/em>, of polychrome ashlar masonry, with horseshoe-arched windows. On the roof, two graceful little towers each with a bell. On either side of the last windows, two projecting balconies look out over the horizon. Three men climb the tower by ladders, and another rings the bells by pulling a rope. Attached to the tower is the scriptorium. A parchment-maker is shown seated on a stool cutting parchment with large scissors. In an adjoining room are the monk&nbsp;S\u00e9nior, a copyist, and&nbsp;Emeterio, scribe and painter, favourite disciple of&nbsp;Magio. Magio was the most notable cultural glory of the monastery of T\u00e1bara. A contemporary of Froil\u00e1n in his childhood, he raised the art of illumination to marvellous heights \u2014 a chaste, spiritual art, restful to the eyes, and one that moves the soul to lofty reflection.<\/p>\n\n\n\n<p class=\"wp-block-paragraph\">The second monastery, according to the aforementioned biographer, he built on a high and pleasant site beside the waters of the&nbsp;river Esla, apparently near&nbsp;Moreruela&nbsp;(Zamora). His biographer adds only one further remark to this laconic account:&nbsp;<em>..there gathered there 200 monks devoted to the&nbsp;asceticism&nbsp;of the regular life<\/em>.<\/p>\n\n\n\n<h3 class=\"wp-block-heading has-text-align-center\">Bishop of Le\u00f3n<\/h3>\n\n\n\n<p class=\"wp-block-paragraph\">In the year 900, the bishop of <a href=\"https:\/\/caminodesantiagofrances.com\/en\/leon-province\/leon\/\" target=\"_blank\" data-type=\"link\" data-id=\"https:\/\/caminodesantiagofrances.com\/en\/leon-province\/leon\/\" rel=\"noreferrer noopener\">Le\u00f3n<\/a>, Vicente, died, and the people asked the king that <em>Froil\u00e1n<\/em> be the new bishop.<\/p>\n\n\n\n<p class=\"wp-block-paragraph\">He was appointed bishop on the day of&nbsp;Pentecost&nbsp;(19 May) in the year&nbsp;900; that same day his inseparable and holy friend&nbsp;Atilano&nbsp;also received episcopal consecration as&nbsp;Bishop of Zamora.<\/p>\n\n\n\n<p class=\"wp-block-paragraph\">The&nbsp;Church of Le\u00f3n, which was dedicated, according to a donation from that time,&nbsp;<em>\u201cto the lords, saints, glorious and, after&nbsp;God, most powerful patrons&nbsp;Santa Mar\u00eda Virgen, Queen of Heaven, and&nbsp;San Cipriano, bishop and martyr\u201d<\/em>, now received with acclaim as bishop the one who would be its patron saint to this day. The ceremonies were witnessed by the king and the entire court of the time, which gives an idea of the importance of the figure of&nbsp;<em>San Froil\u00e1n<\/em>&nbsp;in that era.<\/p>\n\n\n\n<p class=\"wp-block-paragraph\">Five years later he died in <strong><a href=\"https:\/\/caminodesantiagofrances.com\/en\/leon-province\/leon\/\" target=\"_blank\" data-type=\"link\" data-id=\"https:\/\/caminodesantiagofrances.com\/en\/leon-province\/leon\/\" rel=\"noreferrer noopener\">Le\u00f3n<\/a><\/strong>, on 5 October, and was buried in the <strong>Catedral de Le\u00f3n<\/strong>, the old church of Santa Mar\u00eda, in a sumptuous tomb built for himself by Alfonso III of Asturias.<\/p>\n\n\n\n<h2 class=\"wp-block-heading has-text-align-center\">Legend of&nbsp;San Froil\u00e1n<\/h2>\n\n\n\n<p class=\"wp-block-paragraph\">Tradition has it that the depiction of the patron saint accompanied by a&nbsp;wolf&nbsp;may stem from an encounter he had with one of them during one of his many pilgrimages.<\/p>\n\n\n\n<p class=\"wp-block-paragraph\">It is said that one morning, while San Froil\u00e1n was praying and absorbed in his devotions, a hungry wolf appeared, which saw in the saint&#8217;s&nbsp;donkey&nbsp;an appetising meal. Pouncing on it, it began to devour it, at which moment the saint found it, and with his gaze he left the wolf cowering and fearful, while he spoke to it of love and peace.<\/p>\n\n\n\n<p class=\"wp-block-paragraph\">This is how San Froil\u00e1n managed to rid the wolf of its fear of man and of fire, taking it into his service to carry the saddlebags for him around the world. From then on, the wolf always walked at his side, close to his right leg.<\/p>\n\n\n\n<h2 class=\"wp-block-heading has-text-align-center\">San Froil\u00e1n<\/h2>\n\n\n\n<figure class=\"wp-block-table\"><table><tbody><tr><th scope=\"row\">Born<\/th><td>833, Lugo&nbsp;(Spain)&nbsp;<a href=\"https:\/\/web.archive.org\/web\/20211021141403\/https:\/\/www.wikidata.org\/wiki\/Q3393948?uselang=es#P19\" rel=\"noreferrer noopener nofollow\" target=\"_blank\"><\/a><\/td><\/tr><tr><th scope=\"row\">Died<\/th><td>904&nbsp;<a href=\"https:\/\/web.archive.org\/web\/20211021141403\/https:\/\/www.wikidata.org\/wiki\/Q3393948?uselang=es#P570\" rel=\"noreferrer noopener nofollow\" target=\"_blank\"><\/a><\/td><\/tr><tr><th scope=\"row\">Religion<\/th><td>Catholic Church&nbsp;<a href=\"https:\/\/web.archive.org\/web\/20211021141403\/https:\/\/www.wikidata.org\/wiki\/Q3393948?uselang=es#P140\" rel=\"noreferrer noopener nofollow\" target=\"_blank\"><\/a><\/td><\/tr><tr><th scope=\"row\">Occupation<\/th><td>Priest&nbsp;<a href=\"https:\/\/web.archive.org\/web\/20211021141403\/https:\/\/www.wikidata.org\/wiki\/Q3393948?uselang=es#P106\" rel=\"noreferrer noopener nofollow\" target=\"_blank\"><\/a><\/td><\/tr><tr><th scope=\"row\">Positions held<\/th><td>Bishop of Le\u00f3n&nbsp;<a href=\"https:\/\/web.archive.org\/web\/20211021141403\/https:\/\/www.wikidata.org\/wiki\/Q3393948?uselang=es#P39\" rel=\"noreferrer noopener nofollow\" target=\"_blank\"><\/a><\/td><\/tr><tr><th scope=\"row\">Canonisation<\/th><td>Saint&nbsp;<a href=\"https:\/\/web.archive.org\/web\/20211021141403\/https:\/\/www.wikidata.org\/wiki\/Q3393948?uselang=es#P411\" rel=\"noreferrer noopener nofollow\" target=\"_blank\"><\/a><\/td><\/tr><tr><th scope=\"row\">Feast day<\/th><td>5 October&nbsp;<\/td><\/tr><\/tbody><\/table><\/figure>\n\n\n<p><nav aria-label=\"breadcrumbs\" class=\"rank-math-breadcrumb\"><p><span class=\"last\">Camino de Santiago Franc\u00e9s<\/span><\/p><\/nav><\/p>\n\n\n\n<hr class=\"wp-block-separator has-alpha-channel-opacity\"\/>\n\n\n\n<p class=\"wp-block-paragraph\"><strong>See also:<\/strong><\/p>\n\n\n\n<div class=\"wp-block-columns\">\n<div class=\"wp-block-column\">\n<figure class=\"wp-block-image aligncenter size-full\"><a href=\"https:\/\/prueba.caminodesantiagofrances.com\/en\/s\/catedral-de-leon\/\" target=\"_blank\" rel=\"noreferrer noopener\"><img decoding=\"async\" src=\"https:\/\/caminodesantiagofrances.com\/en\/wp-content\/uploads\/sites\/3\/2022\/10\/Catedral-de-Leon-Camino-de-Santiago-Frances.jpg\" alt=\"\" class=\"wp-image-8460\"><\/a><\/figure>\n\n\n\n<h3 class=\"wp-block-heading has-text-align-center\"><strong>Catedral de Le\u00f3n<\/strong><\/h3>\n<\/div>\n\n\n\n<div class=\"wp-block-column\">\n<figure class=\"wp-block-image aligncenter size-full\"><a href=\"https:\/\/caminodesantiagofrances.com\/en\/leon-province\/leon\/\"><img loading=\"lazy\" decoding=\"async\" width=\"1200\" height=\"630\" src=\"https:\/\/caminodesantiagofrances.com\/en\/wp-content\/uploads\/sites\/3\/2024\/02\/Leon-Camino-de-Santiago-Frances.jpg\" alt=\"\" class=\"wp-image-12372\" srcset=\"https:\/\/caminodesantiagofrances.com\/en\/wp-content\/uploads\/sites\/3\/2024\/02\/Leon-Camino-de-Santiago-Frances.jpg 1200w, https:\/\/caminodesantiagofrances.com\/en\/wp-content\/uploads\/sites\/3\/2024\/02\/Leon-Camino-de-Santiago-Frances-300x158.jpg 300w, https:\/\/caminodesantiagofrances.com\/en\/wp-content\/uploads\/sites\/3\/2024\/02\/Leon-Camino-de-Santiago-Frances-1024x538.jpg 1024w, https:\/\/caminodesantiagofrances.com\/en\/wp-content\/uploads\/sites\/3\/2024\/02\/Leon-Camino-de-Santiago-Frances-768x403.jpg 768w\" sizes=\"auto, (max-width: 1200px) 100vw, 1200px\" \/><\/a><\/figure>\n\n\n\n<h3 class=\"wp-block-heading has-text-align-center\"><a href=\"https:\/\/caminodesantiagofrances.com\/en\/leon-province\/leon\/\" data-type=\"link\" data-id=\"https:\/\/caminodesantiagofrances.com\/en\/leon-province\/leon\/\">Le\u00f3n<\/a><\/h3>\n<\/div>\n<\/div>\n\n\n\n<div class=\"wp-block-columns\">\n<div class=\"wp-block-column\">\n<figure class=\"wp-block-image aligncenter size-full\"><a href=\"https:\/\/caminodesantiagofrances.com\/en\/leon-province\/valverde-de-la-virgen\/\" target=\"_blank\" rel=\"noreferrer noopener\"><img loading=\"lazy\" decoding=\"async\" width=\"600\" height=\"315\" src=\"https:\/\/caminodesantiagofrances.com\/en\/wp-content\/uploads\/sites\/3\/2024\/02\/Valverde-de-la-Virgen-Camino-de-Santiago-Frances.jpg\" alt=\"\" class=\"wp-image-11636\" srcset=\"https:\/\/caminodesantiagofrances.com\/en\/wp-content\/uploads\/sites\/3\/2024\/02\/Valverde-de-la-Virgen-Camino-de-Santiago-Frances.jpg 600w, https:\/\/caminodesantiagofrances.com\/en\/wp-content\/uploads\/sites\/3\/2024\/02\/Valverde-de-la-Virgen-Camino-de-Santiago-Frances-300x158.jpg 300w\" sizes=\"auto, (max-width: 600px) 100vw, 600px\" \/><\/a><\/figure>\n\n\n\n<h3 class=\"wp-block-heading has-text-align-center\"><a href=\"https:\/\/caminodesantiagofrances.com\/en\/leon-province\/valverde-de-la-virgen\/\" target=\"_blank\" data-type=\"link\" data-id=\"https:\/\/caminodesantiagofrances.com\/en\/leon-province\/valverde-de-la-virgen\/\" rel=\"noreferrer noopener\">Valverde de la Virgen<\/a><\/h3>\n<\/div>\n\n\n\n<div class=\"wp-block-column\"><\/div>\n<\/div>\n","protected":false},"excerpt":{"rendered":"<p>San Froil\u00e1n \u2013 Froil\u00e1n de Le\u00f3n San Froil\u00e1n (Lugo, 833 \u2013 Le\u00f3n, 904) is a saint of the Catholic Church, patron saint of the Provincia de Lugo, of the diocese of Le\u00f3n and of the municipality of Valverde de la Virgen. San Froil\u00e1n was born in Lugo around the year 832. While still very young [&hellip;]<\/p>\n","protected":false},"author":1,"featured_media":12390,"parent":5908,"menu_order":0,"comment_status":"closed","ping_status":"closed","template":"","meta":{"footnotes":""},"class_list":["post-8430","page","type-page","status-publish","has-post-thumbnail","hentry"],"_links":{"self":[{"href":"https:\/\/caminodesantiagofrances.com\/en\/wp-json\/wp\/v2\/pages\/8430","targetHints":{"allow":["GET"]}}],"collection":[{"href":"https:\/\/caminodesantiagofrances.com\/en\/wp-json\/wp\/v2\/pages"}],"about":[{"href":"https:\/\/caminodesantiagofrances.com\/en\/wp-json\/wp\/v2\/types\/page"}],"author":[{"embeddable":true,"href":"https:\/\/caminodesantiagofrances.com\/en\/wp-json\/wp\/v2\/users\/1"}],"replies":[{"embeddable":true,"href":"https:\/\/caminodesantiagofrances.com\/en\/wp-json\/wp\/v2\/comments?post=8430"}],"version-history":[{"count":0,"href":"https:\/\/caminodesantiagofrances.com\/en\/wp-json\/wp\/v2\/pages\/8430\/revisions"}],"up":[{"embeddable":true,"href":"https:\/\/caminodesantiagofrances.com\/en\/wp-json\/wp\/v2\/pages\/5908"}],"wp:featuredmedia":[{"embeddable":true,"href":"https:\/\/caminodesantiagofrances.com\/en\/wp-json\/wp\/v2\/media\/12390"}],"wp:attachment":[{"href":"https:\/\/caminodesantiagofrances.com\/en\/wp-json\/wp\/v2\/media?parent=8430"}],"curies":[{"name":"wp","href":"https:\/\/api.w.org\/{rel}","templated":true}]}}