{"id":8487,"date":"2022-10-30T22:57:04","date_gmt":"2022-10-30T22:57:04","guid":{"rendered":"https:\/\/prueba.caminodesantiagofrances.com\/en\/?page_id=8487"},"modified":"2024-02-25T12:41:28","modified_gmt":"2024-02-25T11:41:28","slug":"san-juan-bautista","status":"publish","type":"page","link":"https:\/\/caminodesantiagofrances.com\/en\/santos\/san-juan-bautista\/","title":{"rendered":"San Juan Bautista"},"content":{"rendered":"\n<h2 class=\"wp-block-heading has-text-align-center\">Juan el Bautista<\/h2>\n\n\n\n<p class=\"wp-block-paragraph\"><strong>Juan el Bautista<\/strong> (en griego \u1f38\u03c9\u03ac\u03bd\u03bd\u03b7\u03c2 \u1f41 \u03b2\u03b1\u03c0\u03c4\u03b9\u03c3\u03c4\u03ae\u03c2, Ioann\u0113s ho baptist\u0113s o \u1f38\u03c9\u03ac\u03bd\u03bd\u03b7\u03c2 \u1f41 \u03b2\u03b1\u03c0\u03c4\u03af\u03b6\u03c9\u03bd, Ioann\u0113s ho baptiz\u014dn;\u200b conocido como profeta Yahya en el Cor\u00e1n),\u200b o simplemente el Bautista o San Juan, fue un predicador ambulante jud\u00edo\u200b coet\u00e1neo de Jes\u00fas de Nazaret, nacido a finales del siglo I a.C. Es venerado como un importante personaje religioso\u200b en el cristianismo, el islam y la fe bah\u00e1\u2019\u00ed.\u200b Est\u00e1 considerado un profeta por todas estas confesiones y varias ramas del cristianismo le han proclamado santo. Es considerado un personaje muy importante en el mande\u00edsmo, pero no su fundador.\u200b<\/p>\n\n\n\n<p class=\"wp-block-paragraph\">Juan usaba el bautismo como sacramento central de su movimiento mesi\u00e1nico.\u200b La mayor\u00eda de los acad\u00e9micos est\u00e1 de acuerdo en que Juan bautiz\u00f3 a Jes\u00fas. Algunos estudiosos creen que Jes\u00fas fue disc\u00edpulo de Juan\u200b y varios evangelios cuentan que algunos de los seguidores de Jes\u00fas hab\u00edan sido antes disc\u00edpulos de Juan.\u200b Juan el Bautista tambi\u00e9n fue mencionado por el historiador jud\u00edo Flavio Josefo. Algunos expertos mantienen que Juan estaba influenciado por los esenios, una secta con algunas caracter\u00edsticas asc\u00e9ticas que esperaba un apocalipsis y practicaba rituales muy relacionados con el bautismo aunque no hay evidencias que apoyen esta hip\u00f3tesis.<\/p>\n\n\n\n<p class=\"wp-block-paragraph\">Seg\u00fan el Nuevo Testamento, Juan anticip\u00f3 a una figura mesi\u00e1nica mayor que \u00e9l mismo, y el que vino fue Jes\u00fas. Los cristianos hablan de Juan como si fuera el precursor de Jes\u00fas,\u200b por haber anunciado su venida. Juan tambi\u00e9n tiene elementos en com\u00fan con el profeta El\u00edas.<\/p>\n\n\n\n<h2 class=\"wp-block-heading has-text-align-center\"><strong>Narraciones en la&nbsp;<em>Biblia<\/em>&nbsp;de San Juan Bautista<\/strong><\/h2>\n\n\n\n<p class=\"wp-block-paragraph\"><a href=\"https:\/\/web.archive.org\/web\/20211025111328\/https:\/\/commons.wikimedia.org\/wiki\/File:Nacimiento_de_San_Juan_Bautista_(Artemisia_Gentileschi).jpg\" rel=\"noreferrer noopener nofollow\" target=\"_blank\"><\/a>Nacimiento de San Juan Bautista (Artemisia Gentileschi), pintura de 1635<\/p>\n\n\n\n<p class=\"wp-block-paragraph\">Juan el Bautista es mencionado en los cuatro evangelios can\u00f3nicos y en el evangelio no can\u00f3nico&nbsp;de los nazarenos. Los evangelios sin\u00f3pticos (de&nbsp;Marcos,&nbsp;Mateo&nbsp;y&nbsp;Lucas) describen el bautizo de Jes\u00fas. En el&nbsp;<em>Evangelio de Juan<\/em>&nbsp;hay una menci\u00f3n t\u00e1cita del hecho (Juan 1:32-34).<\/p>\n\n\n\n<figure class=\"wp-block-image aligncenter size-full\"><img loading=\"lazy\" decoding=\"async\" width=\"600\" height=\"315\" src=\"https:\/\/caminodesantiagofrances.com\/en\/wp-content\/uploads\/sites\/3\/2024\/02\/San-Juan-Bautista-Camino-de-Santiago-Frances.jpg\" alt=\"\" class=\"wp-image-12379\" srcset=\"https:\/\/caminodesantiagofrances.com\/en\/wp-content\/uploads\/sites\/3\/2024\/02\/San-Juan-Bautista-Camino-de-Santiago-Frances.jpg 600w, https:\/\/caminodesantiagofrances.com\/en\/wp-content\/uploads\/sites\/3\/2024\/02\/San-Juan-Bautista-Camino-de-Santiago-Frances-300x158.jpg 300w\" sizes=\"auto, (max-width: 600px) 100vw, 600px\" \/><figcaption class=\"wp-element-caption\"><strong>San Juan Bautista<\/strong><\/figcaption><\/figure>\n\n\n\n<h3 class=\"wp-block-heading\">En el Evangelio de Juan<\/h3>\n\n\n\n<p class=\"wp-block-paragraph\"><strong>San Juan Evangelista<\/strong>&nbsp;describe a <strong>Juan el Bautista<\/strong> como \u00abun hombre enviado por Dios\u00bb que \u00abno era la luz\u00bb pero que \u00abvino como testigo para dar testimonio de la luz, de manera que a trav\u00e9s de \u00e9l todos creyeran\u00bb (Juan 1:6-8). Juan Bautista negaba claramente ser el Cristo, El\u00edas o \u00abel profeta\u00bb, y en lugar de eso se defin\u00eda a s\u00ed mismo como \u00abla voz que clama en el desierto\u00bb.49\u200b<\/p>\n\n\n\n<p class=\"wp-block-paragraph\">Tras el an\u00e1lisis literal, es evidente que Juan es el \u00abtestigo y confesor por excelencia\u00bb, sobre todo si se compara con figuras como la de Nicodemo.50\u200b<\/p>\n\n\n\n<p class=\"wp-block-paragraph\">El bautismo de Jes\u00fas se da a entender, pero no se narra. Se narra que se vio \u00abal esp\u00edritu bajar del cielo como una paloma y descansar sobre \u00e9l\u00bb. Juan el Bautista anuncia expl\u00edcitamente que Jes\u00fas es el \u00fanico que \u00abbautiza en el Esp\u00edritu Santo\u00bb, que es el \u00abHijo de Dios\u00bb y \u00abel Cordero de Dios\u00bb.<\/p>\n\n\n\n<p class=\"wp-block-paragraph\">El Evangelio de Juan informa de que los disc\u00edpulos de Jes\u00fas fueron bautizados y que hubo un debate entre algunos disc\u00edpulos de Juan y otros jud\u00edos sobre la purificaci\u00f3n (Juan 3:22-36). En este debate Juan el Bautista argumentaba que Jes\u00fas \u00abdebe crecer\u00bb en importancia mientras que \u00e9l deber\u00eda \u00abdisminuir\u00bb (Juan 3:30) en relevancia.<\/p>\n\n\n\n<p class=\"wp-block-paragraph\">Este evangelio dice que, posteriormente, los disc\u00edpulos de Jes\u00fas bautizaron a m\u00e1s gente que los disc\u00edpulos de Juan. Posteriormente, el evangelio dice que Jes\u00fas ve\u00eda a Juan como \u00abuna l\u00e1mpara encendida y brillante\u00bb, y que \u00abestaban destinados a regocijarse durante un tiempo en esa luz\u00bb (Juan 5:35).<\/p>\n\n\n\n<h3 class=\"wp-block-heading\">Conocimientos de Juan acerca de Jes\u00fas<\/h3>\n\n\n\n<p class=\"wp-block-paragraph\">La concepci\u00f3n que Juan tiene de Jes\u00fas var\u00eda dependiendo del evangelio. En el de Marcos, Juan predica la llegada de un l\u00edder, pero no da se\u00f1ales de que Jes\u00fas sea ese l\u00edder. En el de Mateo, no obstante, Juan reconoce inmediatamente a Jes\u00fas y se cuestiona si est\u00e1 capacitado para bautizarle. Tanto en Mateo como en Lucas, Juan pregunta: \u00ab\u00bfEres t\u00fa el que va a venir o debemos esperar a otro?\u00bb. En el de Lucas, Juan es familiar de Jes\u00fas y ambos nacimientos fueron profetizados por el \u00e1ngel Gabriel. Seg\u00fan Juan Evangelista, Juan el Bautista contempl\u00f3 al Esp\u00edritu Santo descendiendo con forma de paloma y predic\u00f3 expl\u00edtamente que Jes\u00fas es el Hijo de Dios.<\/p>\n\n\n\n<h3 class=\"wp-block-heading\">Juan y El\u00edas<\/h3>\n\n\n\n<p class=\"wp-block-paragraph\">Los evangelios var\u00edan en sus descripciones de la relaci\u00f3n de Juan con El\u00edas. Mateo y Marcos describen la ropa de Juan de forma que recuerda a la descripci\u00f3n de El\u00edas en&nbsp;2 Reyes 1:8, quien tambi\u00e9n llevaba ropa de pelo y un cintur\u00f3n de cuero. En el&nbsp;<em>Evangelio de Mateo<\/em>, Jes\u00fas ense\u00f1a expl\u00edcitamente que Juan es el \u00abEl\u00edas que hab\u00eda de venir\u00bb (Mateo 11:14&nbsp;y&nbsp;Mateo 17:11-13); muchos te\u00f3logos cristianos ha dicho que esto quiere decir que Juan es el sucesor de El\u00edas. En el&nbsp;<em>Evangelio de Juan<\/em>, Juan el Bautista niega ser El\u00edas expl\u00edcitamente. En el relato de la anunciaci\u00f3n realizado por Lucas, se le aparece un \u00e1ngel a Zacar\u00edas, padre de Juan, que le dice que su hijo \u00abconvertir\u00e1 a muchos de los hijos de Israel al Se\u00f1or su Dios\u00bb y que tendr\u00e1 \u00abel esp\u00edritu y el poder de El\u00edas\u00bb (Lucas 1:16-17).<\/p>\n\n\n\n<h2 class=\"wp-block-heading has-text-align-center\"><strong>San Juan Bautista<\/strong><\/h2>\n\n\n\n<figure class=\"wp-block-table\"><table><tbody><tr><th>Profeta y m\u00e1rtir<\/th><\/tr><tr><th scope=\"row\">Apodo<\/th><td>\u00abEl Precursor de Cristo\u00bb<\/td><\/tr><tr><th scope=\"row\">Nacimiento<\/th><td>Finales del siglo I a.C.<br>Ein Karem (Palestina) y Reino de Herodes&nbsp;<a href=\"https:\/\/web.archive.org\/web\/20211025111328\/https:\/\/www.wikidata.org\/wiki\/Q40662?uselang=es#P19\" rel=\"noreferrer noopener nofollow\" target=\"_blank\"><\/a><\/td><\/tr><tr><th scope=\"row\">Padres<\/th><td>Zacar\u00edas&nbsp;<a href=\"https:\/\/web.archive.org\/web\/20211025111328\/https:\/\/www.wikidata.org\/wiki\/Q40662?uselang=es#P22\" rel=\"noreferrer noopener nofollow\" target=\"_blank\"><\/a>&nbsp;y&nbsp;Isabel&nbsp;<a href=\"https:\/\/web.archive.org\/web\/20211025111328\/https:\/\/www.wikidata.org\/wiki\/Q40662?uselang=es#P25\" rel=\"noreferrer noopener nofollow\" target=\"_blank\"><\/a><\/td><\/tr><tr><th scope=\"row\">Fallecimiento<\/th><td>31 \u2013 36 d.C.<br>Maqueronte&nbsp;(Jordania)&nbsp;<a href=\"https:\/\/web.archive.org\/web\/20211025111328\/https:\/\/www.wikidata.org\/wiki\/Q40662?uselang=es#P20\" rel=\"noreferrer noopener nofollow\" target=\"_blank\"><\/a><\/td><\/tr><tr><th scope=\"row\">Canonizaci\u00f3n<\/th><td>Culto Inmemorial<\/td><\/tr><tr><th scope=\"row\">Festividad<\/th><td>24 de junio&nbsp;(Natividad de san Juan)<br>29 de agosto&nbsp;(Martirio de san Juan)<\/td><\/tr><tr><th scope=\"row\">Patronazgo<\/th><td>Jordania<br>Puerto Rico<br>Malta<br>Terranova<br>Quebec<br>Amazonia Peruana<br><strong><a href=\"https:\/\/caminodesantiagofrances.com\/en\/navarra\/obanos\/\" target=\"_blank\" data-type=\"link\" data-id=\"https:\/\/caminodesantiagofrances.com\/en\/navarra\/obanos\/\" rel=\"noreferrer noopener\">Obanos<\/a><\/strong><br><strong><a href=\"https:\/\/caminodesantiagofrances.com\/en\/provincia-de-leon\/valdelafuente\/\" target=\"_blank\" data-type=\"link\" data-id=\"https:\/\/caminodesantiagofrances.com\/en\/provincia-de-leon\/valdelafuente\/\" rel=\"noreferrer noopener\">Valdelafuente<\/a><\/strong><\/td><\/tr><\/tbody><\/table><\/figure>\n\n\n<p><nav aria-label=\"breadcrumbs\" class=\"rank-math-breadcrumb\"><p><span class=\"last\">Camino de Santiago Franc\u00e9s<\/span><\/p><\/nav><\/p>\n\n\n\n<hr class=\"wp-block-separator has-alpha-channel-opacity\"\/>\n\n\n\n<p class=\"wp-block-paragraph\"><strong>V\u00e9ase tambi\u00e9n:<\/strong><\/p>\n\n\n\n<div class=\"wp-block-columns\">\n<div class=\"wp-block-column\">\n<figure class=\"wp-block-image aligncenter size-full\"><a href=\"https:\/\/caminodesantiagofrances.com\/en\/navarra\/obanos\/\" target=\"_blank\" rel=\"noreferrer noopener\"><img loading=\"lazy\" decoding=\"async\" width=\"600\" height=\"315\" src=\"https:\/\/caminodesantiagofrances.com\/en\/wp-content\/uploads\/sites\/3\/2024\/02\/Obanos-Camino-de-Santiago-Frances.jpg\" alt=\"\" class=\"wp-image-11100\" srcset=\"https:\/\/caminodesantiagofrances.com\/en\/wp-content\/uploads\/sites\/3\/2024\/02\/Obanos-Camino-de-Santiago-Frances.jpg 600w, https:\/\/caminodesantiagofrances.com\/en\/wp-content\/uploads\/sites\/3\/2024\/02\/Obanos-Camino-de-Santiago-Frances-300x158.jpg 300w\" sizes=\"auto, (max-width: 600px) 100vw, 600px\" \/><\/a><\/figure>\n\n\n\n<h3 class=\"wp-block-heading has-text-align-center\"><a href=\"https:\/\/caminodesantiagofrances.com\/en\/navarra\/obanos\/\" target=\"_blank\" data-type=\"link\" data-id=\"https:\/\/caminodesantiagofrances.com\/en\/navarra\/obanos\/\" rel=\"noreferrer noopener\">Obanos<\/a><\/h3>\n<\/div>\n\n\n\n<div class=\"wp-block-column\">\n<figure class=\"wp-block-image aligncenter size-full\"><a href=\"https:\/\/caminodesantiagofrances.com\/en\/provincia-de-leon\/valdelafuente\/\" target=\"_blank\" rel=\"noreferrer noopener\"><img loading=\"lazy\" decoding=\"async\" width=\"600\" height=\"315\" src=\"https:\/\/caminodesantiagofrances.com\/en\/wp-content\/uploads\/sites\/3\/2024\/02\/Valdelafuente-Camino-de-Santiago-Frances.jpg\" alt=\"\" class=\"wp-image-12385\" srcset=\"https:\/\/caminodesantiagofrances.com\/en\/wp-content\/uploads\/sites\/3\/2024\/02\/Valdelafuente-Camino-de-Santiago-Frances.jpg 600w, https:\/\/caminodesantiagofrances.com\/en\/wp-content\/uploads\/sites\/3\/2024\/02\/Valdelafuente-Camino-de-Santiago-Frances-300x158.jpg 300w\" sizes=\"auto, (max-width: 600px) 100vw, 600px\" \/><\/a><\/figure>\n\n\n\n<h3 class=\"wp-block-heading has-text-align-center\"><strong><a href=\"https:\/\/caminodesantiagofrances.com\/en\/provincia-de-leon\/valdelafuente\/\" target=\"_blank\" data-type=\"link\" data-id=\"https:\/\/caminodesantiagofrances.com\/en\/provincia-de-leon\/valdelafuente\/\" rel=\"noreferrer noopener\">Valdelafuente<\/a><\/strong><\/h3>\n<\/div>\n<\/div>\n","protected":false},"excerpt":{"rendered":"<p>Juan el Bautista Juan el Bautista (en griego \u1f38\u03c9\u03ac\u03bd\u03bd\u03b7\u03c2 \u1f41 \u03b2\u03b1\u03c0\u03c4\u03b9\u03c3\u03c4\u03ae\u03c2, Ioann\u0113s ho baptist\u0113s o \u1f38\u03c9\u03ac\u03bd\u03bd\u03b7\u03c2 \u1f41 \u03b2\u03b1\u03c0\u03c4\u03af\u03b6\u03c9\u03bd, Ioann\u0113s ho baptiz\u014dn;\u200b conocido como profeta Yahya en el Cor\u00e1n),\u200b o simplemente el Bautista o San Juan, fue un predicador ambulante jud\u00edo\u200b coet\u00e1neo de Jes\u00fas de Nazaret, nacido a finales del siglo I a.C. Es venerado como [&hellip;]<\/p>\n","protected":false},"author":1,"featured_media":12379,"parent":5908,"menu_order":0,"comment_status":"closed","ping_status":"closed","template":"","meta":{"footnotes":""},"class_list":["post-8487","page","type-page","status-publish","has-post-thumbnail","hentry"],"_links":{"self":[{"href":"https:\/\/caminodesantiagofrances.com\/en\/wp-json\/wp\/v2\/pages\/8487","targetHints":{"allow":["GET"]}}],"collection":[{"href":"https:\/\/caminodesantiagofrances.com\/en\/wp-json\/wp\/v2\/pages"}],"about":[{"href":"https:\/\/caminodesantiagofrances.com\/en\/wp-json\/wp\/v2\/types\/page"}],"author":[{"embeddable":true,"href":"https:\/\/caminodesantiagofrances.com\/en\/wp-json\/wp\/v2\/users\/1"}],"replies":[{"embeddable":true,"href":"https:\/\/caminodesantiagofrances.com\/en\/wp-json\/wp\/v2\/comments?post=8487"}],"version-history":[{"count":0,"href":"https:\/\/caminodesantiagofrances.com\/en\/wp-json\/wp\/v2\/pages\/8487\/revisions"}],"up":[{"embeddable":true,"href":"https:\/\/caminodesantiagofrances.com\/en\/wp-json\/wp\/v2\/pages\/5908"}],"wp:featuredmedia":[{"embeddable":true,"href":"https:\/\/caminodesantiagofrances.com\/en\/wp-json\/wp\/v2\/media\/12379"}],"wp:attachment":[{"href":"https:\/\/caminodesantiagofrances.com\/en\/wp-json\/wp\/v2\/media?parent=8487"}],"curies":[{"name":"wp","href":"https:\/\/api.w.org\/{rel}","templated":true}]}}