{"id":86,"date":"2013-07-22T07:29:36","date_gmt":"2013-07-22T07:29:36","guid":{"rendered":"https:\/\/caminodesantiagofrances.com\/en\/home-page\/"},"modified":"2026-08-26T11:41:01","modified_gmt":"2026-08-26T09:41:01","slug":"home-page","status":"publish","type":"page","link":"https:\/\/caminodesantiagofrances.com\/en\/","title":{"rendered":"Camino de Santiago Franc\u00e9s"},"content":{"rendered":"\n<h2 class=\"wp-block-heading has-text-align-center\">Camino de Santiago Franc\u00e9s<\/h2>\n\n\n\n<div class=\"wp-block-geodirectory-geodir-widget-map\"><div class=\"geodir-wgt-map bsui sdel-3756bc50\" ><!--START geodir-map-wrap-->\n<div class=\"geodir-map-wrap geodir-directory-map-wrap 100 425px overflow-hidden\">\n\t<div id=\"catcher_gd_map_canvas_directory\"><\/div>\n\t<!--START stick_trigger_container-->\n\t<div class=\"stick_trigger_container bsui\">\n\t\t<div class=\"trigger_sticky triggeroff_sticky mt-n5 btn btn-secondary me-n2 me-n2 c-pointer\" style=\"display: none;\">\n\t\t\t<i class=\"fas fa-map-marked-alt\"><\/i>\n\t\t\t<i class=\"fas fa-angle-right\"><\/i>\n\t\t<\/div>\n\t\t<!--end of stick trigger container-->\n\t\t<div class=\"geodir_map_container gd_map_canvas_directory bsui position-relative mw-100\"\n\t\t     id=\"sticky_map_gd_map_canvas_directory\"\n\t\t     style=\"width:100%;min-height:425px;\">\n\t\t\t<!--END map_background-->\n\t\t\t<div class=\"map_background\">\n\t\t\t\t<div class=\"top_banner_section_in clearfix\">\n\t\t\t\t\t<div class=\"gd_map_canvas_directory_TopLeft TopLeft position-absolute bg-white text-muted rounded-sm rounded-1 shadow-sm m-2 px-1 py-1 h5 c-pointer\" style=\"z-index: 3;\">\n\t\t\t\t\t\t<span class=\"triggermap\" id=\"gd_map_canvas_directory_triggermap\">\n\t\t\t\t\t\t\t<i class=\"fas fa-expand-arrows-alt fa-fw fa-width-fixed\" aria-hidden=\"true\"><\/i>\n\t\t\t\t\t\t\t<i class=\"fas fa-compress-arrows-alt fa-fw fa-width-fixed d-none\" aria-hidden=\"true\"><\/i>\n\t\t\t\t\t\t<\/span>\n\t\t\t\t\t<\/div>\n\t\t\t\t\t<div class=\"gd_map_canvas_directory_TopRight TopRight\"><\/div>\n\t\t\t\t\t<div id=\"gd_map_canvas_directory_wrapper\" class=\"main_map_wrapper\" style=\"height:425px;width:100%;\">\n\t\t\t\t\t\t<div class=\"iprelative position-relative\">\n\t\t\t\t\t\t\t<div id=\"gd_map_canvas_directory\" class=\"geodir-map-canvas\" data-map-type=\"directory\" data-map-canvas=\"gd_map_canvas_directory\" style=\"height:425px;width:100%;z-index: 0;\" ><\/div>\n\t\t\t\t\t\t\t<div id=\"gd_map_canvas_directory_loading_div\" class=\"loading_div overlay overlay-black position-absolute row m-0\" style=\"height:425px;width:100%;top:0;z-index: 2;\">\n\t\t\t\t\t\t\t\t<div class=\"spinner-border mx-auto align-self-center text-white\" role=\"status\">\n\t\t\t\t\t\t\t\t\t<span class=\"visually-hidden\">Loading&#8230;<\/span>\n\t\t\t\t\t\t\t\t<\/div>\n\t\t\t\t\t\t\t<\/div>\n\t\t\t\t\t\t\t<div id=\"gd_map_canvas_directory_map_nofound\"\n\t\t\t\t\t\t\t     class=\"advmap_nofound position-absolute row m-0 z-index-1\"\n\t\t\t\t\t\t\t     style=\"display:none;transform: translate(-50%, -50%);top:50%;left:50%;opacity: .85;pointer-events: none;\">\n\t\t\t\t\t\t\t\t<div class=\"alert alert-info text-center mx-auto align-self-center shadow-lg mb-0\">\n\t\t\t\t\t\t\t\t\t<div class='h3 alert-heading'>No Records Found<\/div><p> Sorry, no records were found. Please adjust your search criteria and try again.<\/p>\t\t\t\t\t\t\t\t<\/div>\n\t\t\t\t\t\t\t<\/div>\n\t\t\t\t\t\t\t<div id=\"gd_map_canvas_directory_map_notloaded\"\n\t\t\t\t\t\t\t     class=\"advmap_notloaded position-absolute row m-0 z-index-1\"\n\t\t\t\t\t\t\t     style=\"display:none;transform: translate(-50%, -50%);top:50%;left:50%;opacity: .85;pointer-events: none;\">\n\t\t\t\t\t\t\t\t<div class=\"alert alert-danger text-center mx-auto align-self-center shadow-lg mb-0\">\n\t\t\t\t\t\t\t\t\t<div class='h3 alert-heading'>Maps failed to load<\/div><p> Sorry, unable to load the Maps API.<\/p>\t\t\t\t\t\t\t\t<\/div>\n\t\t\t\t\t\t\t<\/div>\n\t\t\t\t\t\t<\/div>\n\t\t\t\t\t<\/div>\n\t\t\t\t\t<div class=\"gd_map_canvas_directory_BottomLeft BottomLeft\"><\/div>\n\t\t\t\t<\/div>\n\t\t\t<\/div><!--END map_background-->\n\t\t\t\t\t<\/div>\n\t\t<style>.geodir_map_container .poi-info-window .full-width{width:180px;position:relative;margin-left:inherit;left:inherit;}.geodir-map-canvas .gm-style img{max-width:none;box-shadow:none!important}.geodir-map-canvas .leaflet-tile-container img{box-shadow:none!important}<\/style>\n<script type=\"text\/javascript\">\nwindow.gdBaseLat = 0;\nwindow.gdBaseLng = 0;\nwindow.gdBaseZoom = 0;\njQuery(function ($) {\n\t\t\t\t\tvar gdMapCanvas = 'gd_map_canvas_directory';\n\t\t\tbuild_map_ajax_search_param(gdMapCanvas, false);\t\t\t\t\t\t\t\t\t\t\t\tvar screenH, heightVH, ptypeH = 0;\n\t\t\tscreenH = $(window).height();\n\t\t\theightVH = parseFloat('425');\n\t\t\tif ($(\"#\" + gdMapCanvas + \"_posttype_menu\").length) {\n\t\t\t\tptypeH = $(\"#\" + gdMapCanvas + \"_posttype_menu\").outerHeight();\n\t\t\t}\n\t\t\t$(\"#\" + gdMapCanvas + \"_cat\").css(\"max-height\", heightVH - ptypeH + 'px');\n\t\t\t});\n<\/script>\n\t\t\t<\/div><!--END stick_trigger_container-->\n<\/div><!--END geodir-map-wrap-->\n<style>body.stickymap_hide .stickymap{display:none!important}body.stickymap_hide .stick_trigger_container .fa-angle-right{transform:rotate(180deg)}body.body_fullscreen>.stick_trigger_container{width:100vw;height:100vh;position:fixed;z-index:50000}body.gd-google-maps .geodir-map-wrap .geodir-map-cat-filter-wrap{margin-bottom:14px!important}body.gd-osm-gmaps .geodir-map-wrap .geodir-map-cat-filter-wrap{margin-bottom:16.5px!important}<\/style>\n<\/div><\/div>\n\n\n\n<hr class=\"wp-block-separator has-alpha-channel-opacity\"\/>\n\n\n\n<h2 class=\"wp-block-heading has-text-align-center\">El Camino de Santiago Franc\u00e9s: Una Gu\u00eda Completa para Peregrinos<\/h2>\n\n\n\n<p class=\"wp-block-paragraph\">El <strong>Camino de Santiago Franc\u00e9s<\/strong> es la ruta de peregrinaci\u00f3n m\u00e1s conocida y transitada del Camino de Santiago, un viaje espiritual, cultural y personal que atrae a cientos de miles de peregrinos de todo el mundo cada a\u00f1o. Con una historia que se remonta a la Edad Media, esta ruta no solo atraviesa algunos de los paisajes m\u00e1s hermosos de Espa\u00f1a, sino que tambi\u00e9n conecta a los <strong><a href=\"https:\/\/caminodesantiagofrances.com\/en\/peregrinos\/\" data-type=\"page\" data-id=\"5880\" target=\"_blank\" rel=\"noreferrer noopener\">peregrinos<\/a><\/strong> con la historia, la cultura y la espiritualidad. Desde las monta\u00f1as de los Pirineos hasta la majestuosa <strong><a href=\"https:\/\/caminodesantiagofrances.com\/en\/lo\/catedral-de-santiago\/\" target=\"_blank\" data-type=\"gd_place\" data-id=\"12591\" rel=\"noreferrer noopener\">Catedral de Santiago<\/a><\/strong>, el <strong>Camino Franc\u00e9s<\/strong> ofrece una experiencia \u00fanica que trasciende la mera caminata, convirti\u00e9ndose en una traves\u00eda de autodescubrimiento, fe y camarader\u00eda.<\/p>\n\n\n\n<p class=\"wp-block-paragraph\">Aqu\u00ed en la <strong>caminodesantiagofrances.com\/en<\/strong> proporcionar\u00e1 una gu\u00eda completa sobre el Camino de Santiago Franc\u00e9s, abarcando todo lo que necesitas saber para emprender esta inolvidable aventura. Desde la historia y las rutas hasta consejos pr\u00e1cticos y recomendaciones sobre qu\u00e9 llevar, nuestra gu\u00eda te preparar\u00e1 para disfrutar plenamente de esta experiencia.<\/p>\n\n\n\n<h2 class=\"wp-block-heading has-text-align-center\">\u00bfQu\u00e9 es el Camino de Santiago Franc\u00e9s?<\/h2>\n\n\n\n<p class=\"wp-block-paragraph\">El <strong>Camino de Santiago Franc\u00e9s<\/strong> es mucho m\u00e1s que una ruta de senderismo: es una experiencia transformadora, un viaje f\u00edsico y espiritual que ha cambiado la vida de miles de personas. Este recorrido, que comienza en Saint-Jean-Pied-de-Port, en Francia, y culmina en la majestuosa catedral de Santiago de Compostela, atraviesa paisajes alucinantes, pueblitos llenos de historia y culturas diversas que enriquecen el alma.<\/p>\n\n\n\n<h2 class=\"wp-block-heading has-text-align-center\">Historia del Camino de Santiago Franc\u00e9s<\/h2>\n\n\n\n<h3 class=\"wp-block-heading has-text-align-center\">Los Or\u00edgenes de la Peregrinaci\u00f3n<\/h3>\n\n\n\n<p class=\"wp-block-paragraph\">El origen del Camino de Santiago se remonta al descubrimiento de la tumba del <strong><a href=\"https:\/\/caminodesantiagofrances.com\/en\/patronos\/apostol-santiago\/\" target=\"_blank\" data-type=\"page\" data-id=\"5930\" rel=\"noreferrer noopener\">ap\u00f3stol Santiago<\/a> el Mayor<\/strong> en el siglo IX, lo que convirti\u00f3 a <strong><a href=\"https:\/\/caminodesantiagofrances.com\/en\/provincia-a-coruna\/santiago-de-compostela\/\" target=\"_blank\" data-type=\"page\" data-id=\"12306\" rel=\"noreferrer noopener\">Santiago de Compostela<\/a><\/strong> en un lugar sagrado para los cristianos. Durante la Edad Media, el Camino se estableci\u00f3 como una de las rutas de peregrinaci\u00f3n m\u00e1s importantes de la cristiandad, atrayendo a devotos de toda Europa que viajaban para venerar las reliquias del ap\u00f3stol.<\/p>\n\n\n\n<figure class=\"wp-block-image alignwide size-full\"><a href=\"https:\/\/caminodesantiagofrances.com\/en\/patronos\/apostol-santiago\/\" target=\"_blank\" rel=\"noreferrer noopener\"><img loading=\"lazy\" decoding=\"async\" width=\"1200\" height=\"630\" src=\"https:\/\/caminodesantiagofrances.com\/en\/wp-content\/uploads\/sites\/3\/2024\/10\/Apostol-Santiago-Camino-de-Santiago-Frances.jpg\" alt=\"\" class=\"wp-image-13869\" srcset=\"https:\/\/caminodesantiagofrances.com\/en\/wp-content\/uploads\/sites\/3\/2024\/10\/Apostol-Santiago-Camino-de-Santiago-Frances.jpg 1200w, https:\/\/caminodesantiagofrances.com\/en\/wp-content\/uploads\/sites\/3\/2024\/10\/Apostol-Santiago-Camino-de-Santiago-Frances-300x158.jpg 300w, https:\/\/caminodesantiagofrances.com\/en\/wp-content\/uploads\/sites\/3\/2024\/10\/Apostol-Santiago-Camino-de-Santiago-Frances-1024x538.jpg 1024w, https:\/\/caminodesantiagofrances.com\/en\/wp-content\/uploads\/sites\/3\/2024\/10\/Apostol-Santiago-Camino-de-Santiago-Frances-768x403.jpg 768w\" sizes=\"auto, (max-width: 1200px) 100vw, 1200px\" \/><\/a><\/figure>\n\n\n\n<div class=\"wp-block-columns alignwide\">\n<div class=\"wp-block-column\">\n<div class=\"wp-block-buttons\">\n<div class=\"wp-block-button\"><a class=\"wp-block-button__link has-base-color has-vivid-cyan-blue-background-color has-text-color has-background has-link-color wp-element-button\" href=\"https:\/\/caminodesantiagofrances.com\/en\/patronos\/apostol-santiago\/\" target=\"_blank\" rel=\"noreferrer noopener\"><strong>Ap\u00f3stol Santiago<\/strong><\/a><\/div>\n<\/div>\n<\/div>\n<\/div>\n\n\n\n<hr class=\"wp-block-separator has-alpha-channel-opacity\"\/>\n\n\n\n<h3 class=\"wp-block-heading has-text-align-center\">La Influencia del Codex Calixtinus<\/h3>\n\n\n\n<p class=\"wp-block-paragraph\">La popularidad del Camino Franc\u00e9s se consolid\u00f3 a\u00fan m\u00e1s con la creaci\u00f3n del <strong><a href=\"https:\/\/caminodesantiagofrances.com\/en\/codice-calixtino\/\" target=\"_blank\" data-type=\"page\" data-id=\"5722\" rel=\"noreferrer noopener\">Codex Calixtinus<\/a><\/strong> en el siglo XII. Este documento, considerado la primera gu\u00eda de viajes del mundo, fue escrito por el monje franc\u00e9s <strong>Aymeric Picaud<\/strong> y proporcionaba a los peregrinos informaci\u00f3n detallada sobre la ruta, los lugares de inter\u00e9s, y los alojamientos a lo largo del camino. Gracias a este texto, la ruta se estandariz\u00f3, y el flujo de peregrinos aument\u00f3 considerablemente.<\/p>\n\n\n\n<h3 class=\"wp-block-heading has-text-align-center\">Las V\u00edas de Peregrinaci\u00f3n en Francia<\/h3>\n\n\n\n<p class=\"wp-block-paragraph\">El nombre &#8220;<strong>Camino Franc\u00e9s<\/strong>&#8221; se debe a que la ruta principal atraviesa Francia antes de ingresar a Espa\u00f1a. Existen cuatro principales v\u00edas de peregrinaci\u00f3n en Francia que convergen en los Pirineos: <\/p>\n\n\n\n<ul class=\"wp-block-list\">\n<li>la Turonensis (Par\u00eds), <\/li>\n\n\n\n<li>la Lemovicensis (V\u00e9zelay), <\/li>\n\n\n\n<li>la Podiensis (Le Puy) <\/li>\n\n\n\n<li>la Tolosana (Arl\u00e9s).<\/li>\n<\/ul>\n\n\n\n<p class=\"wp-block-paragraph\">Estas rutas se unifican en dos pasos principales hacia Espa\u00f1a: <strong><a href=\"https:\/\/caminodesantiagofrances.com\/en\/navarra\/roncesvalles\/\" data-type=\"page\" data-id=\"10891\" target=\"_blank\" rel=\"noreferrer noopener\">Roncesvalles<\/a><\/strong> y el <strong>Somport<\/strong>, que se encuentran en la regi\u00f3n de Navarra y Arag\u00f3n respectivamente.<\/p>\n\n\n\n<h2 class=\"wp-block-heading\">La Ruta del Camino Franc\u00e9s: De Los Pirineos a Santiago<\/h2>\n\n\n\n<h3 class=\"wp-block-heading has-text-align-center\">Inicio de la Ruta: Saint-Jean-Pied-de-Port y Roncesvalles<\/h3>\n\n\n\n<p class=\"wp-block-paragraph\">El Camino Franc\u00e9s comienza tradicionalmente en Saint-Jean-Pied-de-Port, una pintoresca localidad en el Pa\u00eds Vasco franc\u00e9s. Desde aqu\u00ed, los peregrinos atraviesan los Pirineos para llegar a Roncesvalles, un peque\u00f1o pero importante pueblo en Navarra que ha sido durante siglos el primer hito en territorio espa\u00f1ol.<\/p>\n\n\n\n<h3 class=\"wp-block-heading has-text-align-center\">Las Principales Ciudades y Pueblos en el Camino Franc\u00e9s<\/h3>\n\n\n\n<ol class=\"wp-block-list\">\n<li><strong>Saint-Jean-Pied-de-Port<\/strong>: Punto de partida tradicional para los peregrinos que comienzan el Camino desde Francia, <strong>Saint-Jean-Pied-de-Port<\/strong> es un pintoresco pueblo situado al pie de los Pirineos. Su atm\u00f3sfera medieval, sus calles empedradas y la <strong>Puerta de Saint Jacques<\/strong> (declarada Patrimonio de la Humanidad por la UNESCO)<\/li>\n\n\n\n<li><strong><a href=\"https:\/\/caminodesantiagofrances.com\/en\/navarra\/roncesvalles\/\" target=\"_blank\" data-type=\"page\" data-id=\"10891\" rel=\"noreferrer noopener\">Roncesvalles<\/a><\/strong>: es el primer hito importante en Espa\u00f1a. Conocido por su hist\u00f3rica <strong>Real Colegiata<\/strong>, es un lugar lleno de simbolismo para los peregrinos, pues marca el cruce de los Pirineos y el inicio del camino hacia tierras navarras. Aqu\u00ed, se respira historia y devoci\u00f3n.<\/li>\n\n\n\n<li><strong><a href=\"https:\/\/caminodesantiagofrances.com\/en\/navarra\/pamplona\/\" target=\"_blank\" data-type=\"page\" data-id=\"11050\" rel=\"noreferrer noopener\">Pamplona<\/a><\/strong>: Es la capital de <strong><a href=\"https:\/\/caminodesantiagofrances.com\/en\/navarra\/\" target=\"_blank\" data-type=\"page\" data-id=\"6005\" rel=\"noreferrer noopener\">Navarra<\/a><\/strong> y una de las ciudades m\u00e1s emblem\u00e1ticas del Camino. Famosa por los <strong>Sanfermines<\/strong>, su catedral g\u00f3tica y sus vibrantes plazas, Pamplona es un lugar donde los peregrinos pueden sumergirse en la cultura local, disfrutar de la gastronom\u00eda navarra y explorar su casco hist\u00f3rico.<\/li>\n\n\n\n<li><strong><a href=\"https:\/\/caminodesantiagofrances.com\/en\/la-rioja\/logrono\/\" target=\"_blank\" data-type=\"page\" data-id=\"11211\" rel=\"noreferrer noopener\">Logro\u00f1o<\/a><\/strong>: Capital de <strong><a href=\"https:\/\/caminodesantiagofrances.com\/en\/la-rioja\/\" target=\"_blank\" data-type=\"page\" data-id=\"5494\" rel=\"noreferrer noopener\">La Rioja<\/a><\/strong>, es conocida por sus excelentes vinos y su rica gastronom\u00eda. Los peregrinos que atraviesan la ciudad pueden degustar pintxos en la famosa <strong>Calle Laurel<\/strong>, as\u00ed como visitar la <strong><a href=\"https:\/\/caminodesantiagofrances.com\/en\/lo\/concatedral-de-logrono\/\" data-type=\"gd_place\" data-id=\"12760\">Concatedral de Santa Mar\u00eda de la Redonda<\/a><\/strong>.<\/li>\n\n\n\n<li><strong><a href=\"https:\/\/caminodesantiagofrances.com\/en\/provincia-de-burgos\/burgos\/\" target=\"_blank\" data-type=\"page\" data-id=\"11386\" rel=\"noreferrer noopener\">Burgos<\/a><\/strong>: Destaca por su imponente <strong><a href=\"https:\/\/caminodesantiagofrances.com\/en\/lo\/catedral-de-burgos\/\" target=\"_blank\" data-type=\"gd_place\" data-id=\"12752\" rel=\"noreferrer noopener\">Catedral de Burgos<\/a><\/strong>, una joya del g\u00f3tico europeo que ha sido declarada Patrimonio de la Humanidad. Esta ciudad ofrece a los peregrinos una profunda conexi\u00f3n con la historia medieval de Espa\u00f1a, a la vez que cuenta con modernos servicios para los visitantes.<\/li>\n\n\n\n<li><strong><a href=\"https:\/\/caminodesantiagofrances.com\/en\/provincia-de-leon\/leon\/\" data-type=\"page\" data-id=\"11614\">Le\u00f3n<\/a><\/strong>: En <strong>Le\u00f3n<\/strong>, los peregrinos se encuentran con una ciudad que mezcla lo antiguo con lo moderno. La <strong><a href=\"https:\/\/caminodesantiagofrances.com\/en\/lo\/catedral-de-leon\/\" target=\"_blank\" data-type=\"gd_place\" data-id=\"13587\" rel=\"noreferrer noopener\">Catedral de Le\u00f3n<\/a><\/strong>, famosa por sus vitrales, la <strong>Bas\u00edlica de San Isidoro<\/strong>, y el Monasterio de San Marcos son paradas obligatorias. La ciudad tambi\u00e9n es conocida por su animado <strong>Barrio H\u00famedo<\/strong>, lleno de bares y restaurantes donde disfrutar de tapas.<\/li>\n\n\n\n<li><strong><a href=\"https:\/\/caminodesantiagofrances.com\/en\/provincia-de-leon\/astorga\/\" target=\"_blank\" data-type=\"page\" data-id=\"11695\" rel=\"noreferrer noopener\">Astorga<\/a><\/strong>: Es famosa por el <strong>Palacio Episcopal<\/strong>, dise\u00f1ado por Antoni Gaud\u00ed, y por su imponente catedral. La ciudad es un punto de convergencia para los peregrinos que vienen de diferentes rutas, y su legado romano a\u00f1ade un toque especial a la experiencia del camino.<\/li>\n\n\n\n<li><strong><a href=\"https:\/\/caminodesantiagofrances.com\/en\/provincia-de-leon\/ponferrada\/\" target=\"_blank\" data-type=\"page\" data-id=\"11776\" rel=\"noreferrer noopener\">Ponferrada<\/a><\/strong>: Es la capital de la comarca de El Bierzo y alberga el hist\u00f3rico <strong><a href=\"https:\/\/caminodesantiagofrances.com\/en\/lo\/castillo-de-ponferrada\/\" target=\"_blank\" data-type=\"gd_place\" data-id=\"12720\" rel=\"noreferrer noopener\">Castillo de Ponferrada<\/a><\/strong>, una fortaleza que una vez protegi\u00f3 a los peregrinos. Es un lugar donde la historia de la orden templaria se mezcla con la tradici\u00f3n del peregrinaje.<\/li>\n\n\n\n<li><strong><a href=\"https:\/\/caminodesantiagofrances.com\/en\/provincia-de-lugo\/o-cebreiro\/\" target=\"_blank\" data-type=\"page\" data-id=\"11939\" rel=\"noreferrer noopener\">O Cebreiro<\/a><\/strong>: Un pueblo ic\u00f3nico de Galicia, <strong>O Cebreiro<\/strong> es conocido por sus antiguas <strong>pallozas<\/strong> y la leyenda del <strong>Milagro Eucar\u00edstico<\/strong>. Su localizaci\u00f3n en la monta\u00f1a ofrece vistas espectaculares y un sentido profundo de espiritualidad.<\/li>\n\n\n\n<li><strong><a href=\"https:\/\/caminodesantiagofrances.com\/en\/provincia-de-lugo\/sarria\/\" target=\"_blank\" data-type=\"page\" data-id=\"12131\" rel=\"noreferrer noopener\">Sarria<\/a><\/strong>: Muchos peregrinos inician aqu\u00ed para completar los \u00faltimos 100 kil\u00f3metros necesarios para obtener <strong><a href=\"https:\/\/caminodesantiagofrances.com\/en\/la-compostela\/\" target=\"_blank\" data-type=\"page\" data-id=\"9243\" rel=\"noreferrer noopener\">la Compostela<\/a><\/strong>, el certificado de peregrinaci\u00f3n .<\/li>\n\n\n\n<li><strong><a href=\"https:\/\/caminodesantiagofrances.com\/en\/provincia-a-coruna\/santiago-de-compostela\/\" data-type=\"page\" data-id=\"12306\" target=\"_blank\" rel=\"noreferrer noopener\">Santiago de Compostela<\/a><\/strong>: La meta final para todos los peregrinos, <strong>Santiago de Compostela<\/strong>, es una ciudad que combina historia, arte y devoci\u00f3n. La majestuosa <strong><a href=\"https:\/\/caminodesantiagofrances.com\/en\/lo\/catedral-de-santiago\/\" data-type=\"gd_place\" data-id=\"12591\">Catedral de Santiago<\/a><\/strong> alberga los restos del <strong><a href=\"https:\/\/caminodesantiagofrances.com\/en\/patronos\/apostol-santiago\/\" data-type=\"page\" data-id=\"5930\" target=\"_blank\" rel=\"noreferrer noopener\">ap\u00f3stol Santiago<\/a><\/strong>, y la <strong>Plaza del Obradoiro<\/strong> es el lugar donde los peregrinos celebran el fin de su viaje. La ciudad, adem\u00e1s de su espiritualidad, es vibrante y llena de vida cultural.<\/li>\n<\/ol>\n\n\n\n<div class=\"wp-block-cover aligncenter\" style=\"margin-top:0;padding-top:5vw;padding-right:5vw;padding-bottom:5vw;padding-left:5vw;min-height:66vh;aspect-ratio:unset;\"><span aria-hidden=\"true\" class=\"wp-block-cover__background has-background-dim-100 has-background-dim has-background-gradient\" style=\"background:linear-gradient(350deg,rgb(39,52,139) 47%,rgb(39,52,139) 100%)\"><\/span><div class=\"wp-block-cover__inner-container\">\n<div class=\"wp-block-group\">\n<div style=\"height:100px\" aria-hidden=\"true\" class=\"wp-block-spacer\"><\/div>\n\n\n\n<figure class=\"wp-block-image aligncenter size-large is-resized is-style-default wp-duotone-000000-ffffff-2\"><a href=\"https:\/\/caminodesantiagofrances.com\/en\/provincia-a-coruna\/santiago-de-compostela\/\" target=\"_blank\" rel=\"noreferrer noopener\"><img loading=\"lazy\" decoding=\"async\" width=\"1024\" height=\"538\" src=\"https:\/\/caminodesantiagofrances.com\/en\/wp-content\/uploads\/sites\/3\/2024\/02\/Santiago-de-Compostela-Camino-de-Santiago-Frances-1024x538.jpg\" alt=\"\" class=\"wp-image-12303\" style=\"width:660px;height:auto\" srcset=\"https:\/\/caminodesantiagofrances.com\/en\/wp-content\/uploads\/sites\/3\/2024\/02\/Santiago-de-Compostela-Camino-de-Santiago-Frances-1024x538.jpg 1024w, https:\/\/caminodesantiagofrances.com\/en\/wp-content\/uploads\/sites\/3\/2024\/02\/Santiago-de-Compostela-Camino-de-Santiago-Frances-300x158.jpg 300w, https:\/\/caminodesantiagofrances.com\/en\/wp-content\/uploads\/sites\/3\/2024\/02\/Santiago-de-Compostela-Camino-de-Santiago-Frances-768x403.jpg 768w, https:\/\/caminodesantiagofrances.com\/en\/wp-content\/uploads\/sites\/3\/2024\/02\/Santiago-de-Compostela-Camino-de-Santiago-Frances.jpg 1200w\" sizes=\"auto, (max-width: 1024px) 100vw, 1024px\" \/><\/a><\/figure>\n\n\n\n<div style=\"height:48px\" aria-hidden=\"true\" class=\"wp-block-spacer\"><\/div>\n\n\n\n<h3 class=\"wp-block-heading has-text-align-center alignwide has-base-color has-text-color has-link-color has-medium-font-size wp-elements-1\" style=\"padding-left:10px;font-style:normal;font-weight:400;letter-spacing:20px;line-height:1;text-transform:uppercase\"><strong><a href=\"https:\/\/caminodesantiagofrances.com\/en\/provincia-a-coruna\/santiago-de-compostela\/\" target=\"_blank\" data-type=\"link\" data-id=\"https:\/\/caminodesantiagofrances.com\/en\/provincia-a-coruna\/santiago-de-compostela\/\" rel=\"noreferrer noopener\">Santiago de compostela<\/a><\/strong><\/h3>\n\n\n\n<div style=\"height:20px\" aria-hidden=\"true\" class=\"wp-block-spacer\"><\/div>\n\n\n\n<p class=\"has-base-color has-text-color has-link-color wp-elements-2 wp-block-paragraph\"><strong><a href=\"https:\/\/caminodesantiagofrances.com\/en\/provincia-a-coruna\/santiago-de-compostela\/\" target=\"_blank\" data-type=\"link\" data-id=\"https:\/\/caminodesantiagofrances.com\/en\/provincia-a-coruna\/santiago-de-compostela\/\" rel=\"noreferrer noopener\">Santiago de Compostela<\/a><\/strong> es la capital de Galicia y un Patrimonio de la Humanidad por la UNESCO, conocido por su belleza y ser destino del Camino de Santiago, un lugar de encuentro espiritual desde el siglo IX.<\/p>\n\n\n\n<p class=\"wp-block-paragraph\">Ubicada entre los verdes bosques del Noroeste espa\u00f1ol y las r\u00edas gallegas, Santiago comenz\u00f3 como un lugar de paso junto a una v\u00eda romana. <\/p>\n\n\n\n<p class=\"wp-block-paragraph\">El descubrimiento de la tumba del Ap\u00f3stol Santiago en el siglo IX la convirti\u00f3 en un importante lugar de culto, atrayendo a peregrinos de toda Europa. Su catedral rom\u00e1nica y otras construcciones renacentistas y barrocas forman su imagen monumental, con granito, monasterios, iglesias y plazas.<\/p>\n\n\n\n<p class=\"wp-block-paragraph\">La espiritualidad de Compostela sigue viva, como se mostr\u00f3 en los A\u00f1os Santos. La ciudad cuenta con 16 museos y destaca por su arquitectura moderna, rodeada de parques y jardines.<\/p>\n\n\n\n<p class=\"wp-block-paragraph\">Cada a\u00f1o, millones de visitantes llegan por devoci\u00f3n, inter\u00e9s monumental o eventos, participando en las <strong>Fiestas del Ap\u00f3stol<\/strong>, de Inter\u00e9s Tur\u00edstico Internacional. Santiago ofrece m\u00e1s de 10.700 plazas de alojamiento, incluidas 3.500 en hoteles, y presenta una variada oferta gastron\u00f3mica, siendo un lugar de acogida y hospitalidad por m\u00e1s de mil a\u00f1os.<\/p>\n<\/div>\n<\/div><\/div>\n\n\n\n<hr class=\"wp-block-separator has-alpha-channel-opacity\"\/>\n\n\n\n<h3 class=\"wp-block-heading has-text-align-center\">La Entrada a Galicia y el Camino Final a Santiago<\/h3>\n\n\n\n<p class=\"wp-block-paragraph\">Una de las partes m\u00e1s emotivas y esperadas del <strong>Camino Franc\u00e9s<\/strong> es la entrada en Galicia. La ruta pasa por lugares emblem\u00e1ticos como <strong><a href=\"https:\/\/caminodesantiagofrances.com\/en\/provincia-de-lugo\/o-cebreiro\/\" target=\"_blank\" data-type=\"page\" data-id=\"11939\" rel=\"noreferrer noopener\">O Cebreiro<\/a><\/strong>, una aldea que marca el ingreso a esta comunidad aut\u00f3noma y es famosa por sus pallozas (antiguas viviendas tradicionales). Desde aqu\u00ed, los peregrinos se adentran en un paisaje de colinas verdes y caminos rodeados de eucaliptos, hasta alcanzar su destino final en la majestuosa catedral de Santiago.<\/p>\n\n\n\n<h2 class=\"wp-block-heading\">Preparaci\u00f3n para el Camino: Consejos Pr\u00e1cticos para Peregrinos<\/h2>\n\n\n\n<h3 class=\"wp-block-heading has-text-align-center\">\u00bfCu\u00e1ndo es la Mejor \u00c9poca para Hacer el Camino?<\/h3>\n\n\n\n<p class=\"wp-block-paragraph\">El Camino de Santiago se puede recorrer durante todo el a\u00f1o, pero las mejores \u00e9pocas para hacerlo son la primavera y el oto\u00f1o. Durante estos per\u00edodos, el clima es m\u00e1s templado, y la afluencia de <strong><a href=\"https:\/\/caminodesantiagofrances.com\/en\/peregrinos\/\" target=\"_blank\" data-type=\"page\" data-id=\"5880\" rel=\"noreferrer noopener\">peregrinos<\/a><\/strong> es menor que en verano, cuando el Camino suele estar m\u00e1s concurrido.<\/p>\n\n\n\n<h3 class=\"wp-block-heading has-text-align-center\">Qu\u00e9 Llevar en la Mochila<\/h3>\n\n\n\n<p class=\"wp-block-paragraph\">Es importante llevar una mochila ligera pero bien equipada. Aqu\u00ed algunas recomendaciones:<\/p>\n\n\n\n<ul class=\"wp-block-list\">\n<li><strong>Calzado c\u00f3modo<\/strong>: Aseg\u00farate de que sean zapatos para caminatas largas y que ya est\u00e9n adaptados a tus pies para evitar ampollas.<\/li>\n\n\n\n<li><strong>Ropa adecuada<\/strong>: Incluye prendas transpirables para el d\u00eda y algo de abrigo para la noche.<\/li>\n\n\n\n<li><strong>Protecci\u00f3n solar<\/strong>: Sombrero, gafas de sol y protector solar son esenciales.<\/li>\n\n\n\n<li><strong>Botiqu\u00edn b\u00e1sico<\/strong>: Con vendas, desinfectante, y cualquier medicamento personal.<\/li>\n\n\n\n<li><strong><a href=\"https:\/\/caminodesantiagofrances.com\/en\/la-credencial\/\" target=\"_blank\" data-type=\"page\" data-id=\"12837\" rel=\"noreferrer noopener\">Credencial del Peregrino<\/a><\/strong>: Este es tu &#8220;pasaporte&#8221; en el Camino, donde te sellar\u00e1n en cada lugar que pases.<\/li>\n<\/ul>\n\n\n\n<h2 class=\"wp-block-heading\">La Experiencia Espiritual y Cultural del Camino Franc\u00e9s<\/h2>\n\n\n\n<h3 class=\"wp-block-heading has-text-align-center\">Espiritualidad y Reflexi\u00f3n Personal<\/h3>\n\n\n\n<p class=\"wp-block-paragraph\">Para muchos, el Camino de Santiago es m\u00e1s que una ruta f\u00edsica; es un viaje espiritual. La soledad de algunos tramos, el contacto constante con la naturaleza y la camarader\u00eda que se desarrolla con otros peregrinos fomentan la introspecci\u00f3n y la conexi\u00f3n espiritual.<\/p>\n\n\n\n<h3 class=\"wp-block-heading has-text-align-center\">Monumentos y Patrimonio Cultural<\/h3>\n\n\n\n<p class=\"wp-block-paragraph\">A lo largo del Camino Franc\u00e9s, los peregrinos pueden explorar una vasta cantidad de monumentos hist\u00f3ricos, iglesias y catedrales. Desde la majestuosa <strong><a href=\"https:\/\/caminodesantiagofrances.com\/en\/lo\/catedral-de-santiago\/\" target=\"_blank\" data-type=\"gd_place\" data-id=\"12591\" rel=\"noreferrer noopener\">Catedral de Santiago<\/a><\/strong>, la <strong><a href=\"https:\/\/caminodesantiagofrances.com\/en\/lo\/catedral-de-leon\/\" data-type=\"gd_place\" data-id=\"13587\" target=\"_blank\" rel=\"noreferrer noopener\">Catedral de Le\u00f3n<\/a><\/strong>, la <strong><a href=\"https:\/\/caminodesantiagofrances.com\/en\/lo\/real-colegiata-de-santa-maria-de-roncesvalles\/\" data-type=\"gd_place\" data-id=\"13252\" target=\"_blank\" rel=\"noreferrer noopener\">Real Colegiata de Santa Mar\u00eda de Roncesvalles<\/a><\/strong>, <strong><a href=\"https:\/\/caminodesantiagofrances.com\/en\/lo\/iglesia-del-santo-sepulcro-torres-del-rio\/\" data-type=\"link\" data-id=\"https:\/\/caminodesantiagofrances.com\/en\/lo\/iglesia-del-santo-sepulcro-torres-del-rio\/\" target=\"_blank\" rel=\"noreferrer noopener\">Iglesia del Santo Sepulcro Torres del R\u00edo<\/a><\/strong>, el <strong><a href=\"https:\/\/caminodesantiagofrances.com\/en\/lo\/monasterio-de-san-juan-de-ortega\/\" data-type=\"gd_place\" data-id=\"12791\" target=\"_blank\" rel=\"noreferrer noopener\">Monasterio de San Juan de Ortega<\/a><\/strong>,  el recorrido est\u00e1 lleno de paradas obligatorias para los amantes de la historia y la cultura.<\/p>\n\n\n\n<div class=\"wp-block-media-text alignwide has-media-on-the-right is-stacked-on-mobile is-vertically-aligned-center has-cyan-bluish-gray-background-color has-background\" style=\"grid-template-columns:auto 45%\"><div class=\"wp-block-media-text__content\">\n<h3 class=\"wp-block-heading has-text-align-center has-text-color\" style=\"color:#000000;font-size:32px\"><strong><a href=\"https:\/\/caminodesantiagofrances.com\/en\/lo\/catedral-de-santiago\/\" target=\"_blank\" data-type=\"link\" data-id=\"https:\/\/caminodesantiagofrances.com\/en\/lo\/catedral-de-santiago\/\" rel=\"noreferrer noopener\">Catedral de Santiago<\/a><\/strong><\/h3>\n\n\n\n<p class=\"has-text-color wp-block-paragraph\" style=\"color:#000000;font-size:17px\">La Catedral de Santiago de Compostela, conocida como La Santa Apost\u00f3lica y Metropolitana, est\u00e1 en la <strong><a href=\"https:\/\/caminodesantiagofrances.com\/en\/provincia-a-coruna\/\" target=\"_blank\" data-type=\"page\" data-id=\"6221\" rel=\"noreferrer noopener\">Provincia A Coru\u00f1a<\/a><\/strong>, y alberga, seg\u00fan la tradici\u00f3n, la tumba del <strong><a href=\"https:\/\/caminodesantiagofrances.com\/en\/patronos\/apostol-santiago\/\" data-type=\"page\" data-id=\"5930\">Ap\u00f3stol Santiago<\/a><\/strong>. Esto la convirti\u00f3 en un importante destino de peregrinaci\u00f3n en Europa durante la Edad Media a trav\u00e9s del Camino de Santiago Franc\u00e9s.<\/p>\n\n\n\n<p class=\"has-text-color wp-block-paragraph\" style=\"color:#000000;font-size:17px\">Este camino conect\u00f3 los reinos hisp\u00e1nicos con movimientos culturales de la \u00e9poca. <\/p>\n\n\n\n<p class=\"has-text-color wp-block-paragraph\" style=\"color:#000000;font-size:17px\">La catedral y la ciudad antigua de Santiago de Compostela fueron declaradas Patrimonio de la Humanidad por la Unesco en 1985.<\/p>\n\n\n\n<p class=\"has-text-color wp-block-paragraph\" style=\"color:#000000;font-size:17px\">La Catedral de Santiago es uno de los principales destinos de peregrinaci\u00f3n del cristianismo, reflejando la devoci\u00f3n religiosa y la evoluci\u00f3n cultural y arquitect\u00f3nica de Galicia y Espa\u00f1a.<\/p>\n<\/div><figure class=\"wp-block-media-text__media\"><a href=\"https:\/\/caminodesantiagofrances.com\/en\/lo\/catedral-de-santiago\/\" target=\"_blank\" rel=\"noreferrer noopener\"><img loading=\"lazy\" decoding=\"async\" width=\"600\" height=\"400\" src=\"https:\/\/caminodesantiagofrances.com\/en\/wp-content\/uploads\/sites\/3\/2024\/10\/Catedral-de-Santiago-Camino-de-Santiago-Frances.jpg\" alt=\"\" class=\"wp-image-13861 size-full\" srcset=\"https:\/\/caminodesantiagofrances.com\/en\/wp-content\/uploads\/sites\/3\/2024\/10\/Catedral-de-Santiago-Camino-de-Santiago-Frances.jpg 600w, https:\/\/caminodesantiagofrances.com\/en\/wp-content\/uploads\/sites\/3\/2024\/10\/Catedral-de-Santiago-Camino-de-Santiago-Frances-300x200.jpg 300w, https:\/\/caminodesantiagofrances.com\/en\/wp-content\/uploads\/sites\/3\/2024\/10\/Catedral-de-Santiago-Camino-de-Santiago-Frances-450x300.jpg 450w\" sizes=\"auto, (max-width: 600px) 100vw, 600px\" \/><\/a><\/figure><\/div>\n\n\n\n<hr class=\"wp-block-separator has-alpha-channel-opacity\"\/>\n\n\n\n<h3 class=\"wp-block-heading has-text-align-center\">Gastronom\u00eda Local en el Camino de Santiago Franc\u00e9s<\/h3>\n\n\n\n<p class=\"wp-block-paragraph\">Uno de los placeres adicionales del Camino es la oportunidad de degustar la rica gastronom\u00eda regional de Espa\u00f1a. Desde los pintxos en Navarra, pasando por los vinos de La Rioja, hasta el pulpo a la gallega en Galicia, cada parada ofrece un fest\u00edn para el paladar.<\/p>\n\n\n\n<h2 class=\"wp-block-heading\">Una Aventura para el Cuerpo y el Alma<\/h2>\n\n\n\n<p class=\"wp-block-paragraph\">El <strong>Camino de Santiago Franc\u00e9s<\/strong> es m\u00e1s que un simple trayecto; es una experiencia de vida que deja huellas profundas en quienes lo recorren. M\u00e1s all\u00e1 de los desaf\u00edos f\u00edsicos, es una oportunidad para la reflexi\u00f3n, la conexi\u00f3n con otras culturas y la apreciaci\u00f3n de la rica historia y belleza natural de Espa\u00f1a.<\/p>\n\n\n\n<hr class=\"wp-block-separator has-alpha-channel-opacity\"\/>\n\n\n\n<hr class=\"wp-block-separator has-alpha-channel-opacity\"\/>\n\n\n\n<h2 class=\"wp-block-heading has-text-align-center\"><strong>Camino de Santiago franc\u00e9s<\/strong><\/h2>\n\n\n\n<div class=\"wp-block-columns\">\n<div class=\"wp-block-column\">\n<p class=\"has-text-align-center wp-block-paragraph\"><strong><a href=\"https:\/\/caminodesantiagofrances.com\/en\/etapas\/\" target=\"_blank\" data-type=\"page\" data-id=\"13174\" rel=\"noreferrer noopener\">Etapas Camino de Santiago Franc\u00e9s<\/a><\/strong><\/p>\n\n\n\n<p class=\"has-text-align-center wp-block-paragraph\"><strong><a href=\"https:\/\/caminodesantiagofrances.com\/en\/navarra\/\" target=\"_blank\" data-type=\"page\" data-id=\"6005\" rel=\"noreferrer noopener\">Navarra<\/a><\/strong><\/p>\n\n\n\n<p class=\"has-text-align-center wp-block-paragraph\"><strong><a href=\"https:\/\/caminodesantiagofrances.com\/en\/la-rioja\/\" target=\"_blank\" data-type=\"page\" data-id=\"5494\" rel=\"noreferrer noopener\">La Rioja<\/a><\/strong><\/p>\n\n\n\n<p class=\"has-text-align-center wp-block-paragraph\"><strong><a href=\"https:\/\/caminodesantiagofrances.com\/en\/provincia-de-burgos\/\" target=\"_blank\" data-type=\"page\" data-id=\"10813\" rel=\"noreferrer noopener\">Provincia de Burgos<\/a><\/strong><\/p>\n\n\n\n<p class=\"has-text-align-center wp-block-paragraph\"><strong><a href=\"https:\/\/caminodesantiagofrances.com\/en\/provincia-de-palencia\/\" target=\"_blank\" data-type=\"page\" data-id=\"5597\" rel=\"noreferrer noopener\">Provincia de Palencia<\/a><\/strong><\/p>\n\n\n\n<p class=\"has-text-align-center wp-block-paragraph\"><strong><a href=\"https:\/\/caminodesantiagofrances.com\/en\/provincia-de-leon\/\" target=\"_blank\" data-type=\"page\" data-id=\"6006\" rel=\"noreferrer noopener\">Provincia de Le\u00f3n<\/a><\/strong><\/p>\n\n\n\n<p class=\"has-text-align-center wp-block-paragraph\"><strong><a href=\"https:\/\/caminodesantiagofrances.com\/en\/provincia-de-lugo\/\" target=\"_blank\" data-type=\"page\" data-id=\"6065\" rel=\"noreferrer noopener\">Provincia de Lugo<\/a><\/strong><\/p>\n\n\n\n<p class=\"has-text-align-center wp-block-paragraph\"><strong><a href=\"https:\/\/caminodesantiagofrances.com\/en\/provincia-a-coruna\/\" target=\"_blank\" data-type=\"page\" data-id=\"6221\" rel=\"noreferrer noopener\">Provincia A Coru\u00f1a<\/a><\/strong><\/p>\n<\/div>\n\n\n\n<div class=\"wp-block-column\">\n<p class=\"has-text-align-center wp-block-paragraph\"><strong><a href=\"https:\/\/caminodesantiagofrances.com\/en\/alojamientos\/albergues\/\" target=\"_blank\" data-type=\"page\" data-id=\"13994\" rel=\"noreferrer noopener\">Albergues Camino de Santiago Franc\u00e9s<\/a><\/strong><\/p>\n\n\n\n<p class=\"has-text-align-center wp-block-paragraph\"><strong><a href=\"https:\/\/caminodesantiagofrances.com\/en\/navarra\/albergues\/\" target=\"_blank\" data-type=\"page\" data-id=\"14006\" rel=\"noreferrer noopener\">Albergues Navarra<\/a><\/strong><\/p>\n\n\n\n<p class=\"has-text-align-center wp-block-paragraph\"><strong><a href=\"https:\/\/caminodesantiagofrances.com\/en\/la-rioja\/albergues\/\" target=\"_blank\" data-type=\"page\" data-id=\"14024\" rel=\"noreferrer noopener\">Albergues La Rioja<\/a><\/strong><\/p>\n\n\n\n<p class=\"has-text-align-center wp-block-paragraph\"><strong><a href=\"https:\/\/caminodesantiagofrances.com\/en\/provincia-de-burgos\/albergues\/\" target=\"_blank\" data-type=\"page\" data-id=\"14026\" rel=\"noreferrer noopener\">Albergues Provincia de Burgos<\/a><\/strong><\/p>\n\n\n\n<p class=\"has-text-align-center wp-block-paragraph\"><strong><a href=\"https:\/\/caminodesantiagofrances.com\/en\/provincia-de-palencia\/albergues\/\" target=\"_blank\" data-type=\"page\" data-id=\"14027\" rel=\"noreferrer noopener\">Albergues Provincia de Palencia<\/a><\/strong><\/p>\n\n\n\n<p class=\"has-text-align-center wp-block-paragraph\"><strong><a href=\"https:\/\/caminodesantiagofrances.com\/en\/provincia-de-leon\/albergues\/\" target=\"_blank\" data-type=\"page\" data-id=\"14028\" rel=\"noreferrer noopener\">Albergues Provincia de Le\u00f3n<\/a><\/strong><\/p>\n\n\n\n<p class=\"has-text-align-center wp-block-paragraph\"><strong><a href=\"https:\/\/caminodesantiagofrances.com\/en\/provincia-de-lugo\/albergues\/\" target=\"_blank\" data-type=\"page\" data-id=\"14030\" rel=\"noreferrer noopener\">Albergues Provincia de Lugo<\/a><\/strong><\/p>\n\n\n\n<p class=\"has-text-align-center wp-block-paragraph\"><strong><a href=\"https:\/\/caminodesantiagofrances.com\/en\/provincia-a-coruna\/albergues\/\" target=\"_blank\" data-type=\"page\" data-id=\"14032\" rel=\"noreferrer noopener\">Albergues Provincia A Coru\u00f1a<\/a><\/strong><\/p>\n<\/div>\n\n\n\n<div class=\"wp-block-column\">\n<p class=\"has-text-align-center wp-block-paragraph\"><strong><a href=\"https:\/\/caminodesantiagofrances.com\/en\/blog\/\" target=\"_blank\" rel=\"noreferrer noopener\">Blog Camino de Santiago Franc\u00e9s<\/a><\/strong><\/p>\n\n\n\n<p class=\"has-text-align-center wp-block-paragraph\"><strong><a href=\"https:\/\/caminodesantiagofrances.com\/en\/patronos\/apostol-santiago\/\" target=\"_blank\" data-type=\"page\" data-id=\"5930\" rel=\"noreferrer noopener\">Ap\u00f3stol Santiago<\/a><\/strong><\/p>\n\n\n\n<p class=\"has-text-align-center wp-block-paragraph\"><strong><a href=\"https:\/\/caminodesantiagofrances.com\/en\/la-compostela\/\" target=\"_blank\" data-type=\"page\" data-id=\"9243\" rel=\"noreferrer noopener\">La Compostela<\/a><\/strong><\/p>\n\n\n\n<p class=\"has-text-align-center wp-block-paragraph\"><strong><a href=\"https:\/\/caminodesantiagofrances.com\/en\/la-credencial\/\" target=\"_blank\" data-type=\"page\" data-id=\"12837\" rel=\"noreferrer noopener\">La Credencial<\/a><\/strong><\/p>\n\n\n\n<p class=\"has-text-align-center wp-block-paragraph\"><strong><a href=\"https:\/\/caminodesantiagofrances.com\/en\/certificado-de-distancia\/\" target=\"_blank\" data-type=\"page\" data-id=\"13153\" rel=\"noreferrer noopener\">Certificado de Distancia<\/a><\/strong><\/p>\n\n\n\n<p class=\"has-text-align-center wp-block-paragraph\"><strong><a href=\"https:\/\/caminodesantiagofrances.com\/en\/carta-peregrina\/\" target=\"_blank\" data-type=\"page\" data-id=\"13037\" rel=\"noreferrer noopener\">Carta Peregrina<\/a><\/strong><\/p>\n\n\n\n<p class=\"has-text-align-center wp-block-paragraph\"><strong><a href=\"https:\/\/caminodesantiagofrances.com\/en\/peregrinos\/\" target=\"_blank\" data-type=\"page\" data-id=\"5880\" rel=\"noreferrer noopener\">Peregrinos<\/a><\/strong><\/p>\n<\/div>\n<\/div>\n\n\n\n<div style=\"height:20px\" aria-hidden=\"true\" class=\"wp-block-spacer\"><\/div>\n\n\n\n<hr class=\"wp-block-separator has-alpha-channel-opacity\"\/>\n","protected":false},"excerpt":{"rendered":"<p>Camino de Santiago Franc\u00e9s El Camino de Santiago Franc\u00e9s: Una Gu\u00eda Completa para Peregrinos El Camino de Santiago Franc\u00e9s es la ruta de peregrinaci\u00f3n m\u00e1s conocida y transitada del Camino de Santiago, un viaje espiritual, cultural y personal que atrae a cientos de miles de peregrinos de todo el mundo cada a\u00f1o. Con una historia [&hellip;]<\/p>\n","protected":false},"author":1,"featured_media":0,"parent":0,"menu_order":0,"comment_status":"closed","ping_status":"closed","template":"","meta":{"footnotes":""},"class_list":["post-86","page","type-page","status-publish","hentry"],"_links":{"self":[{"href":"https:\/\/caminodesantiagofrances.com\/en\/wp-json\/wp\/v2\/pages\/86","targetHints":{"allow":["GET"]}}],"collection":[{"href":"https:\/\/caminodesantiagofrances.com\/en\/wp-json\/wp\/v2\/pages"}],"about":[{"href":"https:\/\/caminodesantiagofrances.com\/en\/wp-json\/wp\/v2\/types\/page"}],"author":[{"embeddable":true,"href":"https:\/\/caminodesantiagofrances.com\/en\/wp-json\/wp\/v2\/users\/1"}],"replies":[{"embeddable":true,"href":"https:\/\/caminodesantiagofrances.com\/en\/wp-json\/wp\/v2\/comments?post=86"}],"version-history":[{"count":0,"href":"https:\/\/caminodesantiagofrances.com\/en\/wp-json\/wp\/v2\/pages\/86\/revisions"}],"wp:attachment":[{"href":"https:\/\/caminodesantiagofrances.com\/en\/wp-json\/wp\/v2\/media?parent=86"}],"curies":[{"name":"wp","href":"https:\/\/api.w.org\/{rel}","templated":true}]}}