{"id":8623,"date":"2022-11-02T20:39:05","date_gmt":"2022-11-02T20:39:05","guid":{"rendered":"https:\/\/prueba.caminodesantiagofrances.com\/en\/?page_id=8623"},"modified":"2024-02-25T13:22:35","modified_gmt":"2024-02-25T12:22:35","slug":"san-mames","status":"publish","type":"page","link":"https:\/\/caminodesantiagofrances.com\/en\/santos\/san-mames\/","title":{"rendered":"San Mam\u00e9s"},"content":{"rendered":"\n<h2 class=\"wp-block-heading has-text-align-center\">San Mam\u00e9s \u2013 Mam\u00e9s de Capadocia<\/h2>\n\n\n\n<p class=\"wp-block-paragraph\"><strong>Mam\u00e9s de Capadocia<\/strong>&nbsp;(Cesarea de Capadocia,&nbsp;Asia Menor, 259 \u2013 ib\u00eddem, 275), santo&nbsp;m\u00e1rtir.<\/p>\n\n\n\n<h2 class=\"wp-block-heading has-text-align-center\">Biograf\u00eda San Mam\u00e9s<\/h2>\n\n\n\n<p class=\"wp-block-paragraph\">Seg\u00fan cuenta la leyenda,&nbsp;<strong>Mam\u00e9s<\/strong>&nbsp;(\u00ab<strong>el que fue amamantado<\/strong>\u00ab) naci\u00f3 en el seno de una familia modesta. Algunos historiadores datan la fecha de su nacimiento en&nbsp;259&nbsp;y la de su martirio en&nbsp;275.<\/p>\n\n\n\n<p class=\"wp-block-paragraph\">Hijo de Teodoto y Rufina, Mam\u00e9s naci\u00f3 en prisi\u00f3n al estar encarcelados sus padres por ser&nbsp;cristianos. Poco despu\u00e9s de su nacimiento murieron martirizados el padre y la madre,\u200b siendo ambos elevados a los altares. A partir de entonces, Mam\u00e9s fue criado por una viuda rica llamada Ammia, tambi\u00e9n santa, que muri\u00f3 cuando Mam\u00e9s ten\u00eda quince a\u00f1os, dejando al joven heredero de su hacienda.<\/p>\n\n\n\n<p class=\"wp-block-paragraph\">El gobernador de Cesarea de Capadocia (Asia Menor, actual&nbsp;Turqu\u00eda) someti\u00f3 a tormentos a&nbsp;<strong>Mam\u00e9s<\/strong>, sin conseguir que abjurara de su fe. Despu\u00e9s, lo envi\u00f3 al emperador&nbsp;Aureliano&nbsp;que orden\u00f3 someterle a nuevas torturas. Cuenta la leyenda que un&nbsp;\u00e1ngel&nbsp;lo liber\u00f3 y le mand\u00f3 refugiarse en un monte cercano a Cesarea. Mam\u00e9s logr\u00f3 amansar a los leones a los que hab\u00eda sido entregado en el circo y, ante este portento, decidieron acabar con su vida clav\u00e1ndole un tridente en el abdomen. Aunque sangrando, el joven Mam\u00e9s pudo llegar hasta la cueva cerca del teatro, donde muri\u00f3 invitado al cielo por los&nbsp;\u00e1ngeles.<\/p>\n\n\n\n<p class=\"wp-block-paragraph\">Tambi\u00e9n hay versiones de que Mam\u00e9s fue arrojado y devorado por los leones. Todav\u00eda se conserva la estatua de este ni\u00f1o m\u00e1rtir, apoyado en un peque\u00f1o le\u00f3n, en la&nbsp;<strong>Santa y Real Casa de Misericordia de Bilbao<\/strong>, antiguamente el convento de San Mam\u00e9s y posteriormente uno de los mayores orfanatos de&nbsp;Europa. En la actualidad se ha reconvertido en residencia de ancianos y es vecina del campo del&nbsp;Athletic Club, apodado La Catedral, cuyos jugadores son popularmente conocidos por sus aficionados como \u00ableones\u00bb.<\/p>\n\n\n\n<p class=\"wp-block-paragraph\">Tradicionalmente, es considerado como el protector de las personas con roturas de huesos y de los lactantes. En la localidad de&nbsp;Murero&nbsp;(Zaragoza) se le considera el abogado de los que sufren de hernia y en la parroquia de&nbsp;Torroso&nbsp;(Mos,&nbsp;Pontevedra) se considera sanador de los dolores de barriga.<\/p>\n\n\n\n<figure class=\"wp-block-image aligncenter size-full\"><img loading=\"lazy\" decoding=\"async\" width=\"600\" height=\"315\" src=\"https:\/\/caminodesantiagofrances.com\/en\/wp-content\/uploads\/sites\/3\/2024\/02\/San-Mames-Camino-de-Santiago-Frances.jpg\" alt=\"\" class=\"wp-image-12410\" srcset=\"https:\/\/caminodesantiagofrances.com\/en\/wp-content\/uploads\/sites\/3\/2024\/02\/San-Mames-Camino-de-Santiago-Frances.jpg 600w, https:\/\/caminodesantiagofrances.com\/en\/wp-content\/uploads\/sites\/3\/2024\/02\/San-Mames-Camino-de-Santiago-Frances-300x158.jpg 300w\" sizes=\"auto, (max-width: 600px) 100vw, 600px\" \/><figcaption class=\"wp-element-caption\"><strong>San Mam\u00e9s<\/strong><\/figcaption><\/figure>\n\n\n\n<h2 class=\"wp-block-heading has-text-align-center\">Festividad San Mam\u00e9s<\/h2>\n\n\n\n<p class=\"wp-block-paragraph\">La festividad de San Mam\u00e9s se celebra en Espa\u00f1a el&nbsp;17 de agosto.<\/p>\n\n\n\n<h3 class=\"wp-block-heading has-text-align-center\">Santuarios San Mam\u00e9s<\/h3>\n\n\n\n<p class=\"wp-block-paragraph\">El primer centro de culto a\u00a0<strong>San Mam\u00e9s<\/strong>\u00a0se construy\u00f3 en Cesarea de Capadocia. El principal centro de culto en\u00a0Europa\u00a0es la catedral de\u00a0Langres\u00a0(Haute-Marne,\u00a0Francia), cuyo titular es\u00a0<strong>Saint-Mamm\u00e8s<\/strong>. Uno de los principales santuarios dedicados a San Mam\u00e9s en el Camino de Santiago se encuentra en la riosellana localidad de\u00a0Cuerres\u00a0y data del siglo XIV. Asimismo, siguiendo el <strong><a href=\"https:\/\/caminodesantiagofrances.com\/en\/\" target=\"_blank\" data-type=\"link\" data-id=\"https:\/\/caminodesantiagofrances.com\/en\/\" rel=\"noreferrer noopener\">Camino de Santiago Franc\u00e9s<\/a><\/strong>, desde el siglo VI aparece documentada una ermita extramuros de la ciudad de\u00a0<strong><a href=\"https:\/\/caminodesantiagofrances.com\/en\/provincia-de-leon\/leon\/\" target=\"_blank\" data-type=\"link\" data-id=\"https:\/\/caminodesantiagofrances.com\/en\/provincia-de-leon\/leon\/\" rel=\"noreferrer noopener\">Le\u00f3n<\/a><\/strong>\u00a0a este santo, quien dio nombre a la carretera que luego dar\u00eda a su vez nombre al barrio de San Mam\u00e9s, el m\u00e1s populoso de la ciudad. En el siglo X se le veneraba entre los cristianos de al-Andalus. En la\u00a0Iglesia parroquial de Santa Mar\u00eda Magdalena\u00a0de\u00a0Zaragoza\u00a0se conserva la cabeza del santo. La ermita m\u00e1s grande de Espa\u00f1a se encuentra en la localidad de Murero (Zaragoza), donde San Mames es venerado por los habitantes del pueblo, con una procesi\u00f3n hist\u00f3rica, que arranca todos los a\u00f1os el 17 de agosto, a las 10.00 horas (una tradici\u00f3n de cientos de a\u00f1os que a\u00fan contin\u00faa).<\/p>\n\n\n\n<h2 class=\"wp-block-heading\"><strong>Localidades espa\u00f1olas que tienen como patr\u00f3n a San Mam\u00e9s<\/strong><\/h2>\n\n\n\n<ul class=\"wp-block-list\">\n<li>Arevalillo de Cega&nbsp;(Segovia)<\/li>\n\n\n\n<li>Arg\u00fcero&nbsp;(Villaviciosa,&nbsp;Asturias)<\/li>\n\n\n\n<li>Aroche&nbsp;(Huelva)<\/li>\n\n\n\n<li>Baracaldo&nbsp;(Vizcaya)<\/li>\n\n\n\n<li>Bercianos de Aliste&nbsp;(Zamora)<\/li>\n\n\n\n<li>Bustille-Boo (Aller, Asturias)<\/li>\n\n\n\n<li>Canalejas del Arroyo&nbsp;(Cuenca)<\/li>\n\n\n\n<li>Cilleruelo de San Mam\u00e9s&nbsp;(Segovia)<\/li>\n\n\n\n<li>Covanera\u00a0(Valle del Rudr\u00f3n,\u00a0<strong><a href=\"https:\/\/caminodesantiagofrances.com\/en\/provincia-de-burgos\/\" target=\"_blank\" data-type=\"link\" data-id=\"https:\/\/caminodesantiagofrances.com\/en\/provincia-de-burgos\/\" rel=\"noreferrer noopener\">Provincia de Burgos<\/a><\/strong>)<\/li>\n\n\n\n<li>Cuerres&nbsp;(Ribadesella, Asturias)<\/li>\n\n\n\n<li>Encinas de Esgueva&nbsp;(Valladolid)<\/li>\n\n\n\n<li>Espinoso de Compludo\u00a0(<strong><a href=\"https:\/\/caminodesantiagofrances.com\/en\/provincia-de-leon\/ponferrada\/\" target=\"_blank\" data-type=\"link\" data-id=\"https:\/\/caminodesantiagofrances.com\/en\/provincia-de-leon\/ponferrada\/\" rel=\"noreferrer noopener\">Ponferrada<\/a><\/strong>,\u00a0<strong><a href=\"https:\/\/caminodesantiagofrances.com\/en\/provincia-de-leon\/\" target=\"_blank\" data-type=\"link\" data-id=\"https:\/\/caminodesantiagofrances.com\/en\/provincia-de-leon\/\" rel=\"noreferrer noopener\">Provincia de Le\u00f3n<\/a><\/strong>)<\/li>\n\n\n\n<li>Fuentec\u00e9n\u00a0(<strong><a href=\"https:\/\/caminodesantiagofrances.com\/en\/provincia-de-burgos\/\" target=\"_blank\" data-type=\"link\" data-id=\"https:\/\/caminodesantiagofrances.com\/en\/provincia-de-burgos\/\" rel=\"noreferrer noopener\">Provincia de Burgos<\/a><\/strong>)<\/li>\n\n\n\n<li>Galende&nbsp;(Zamora)<\/li>\n\n\n\n<li>Magaz de Pisuerga\u00a0(<strong><a href=\"https:\/\/caminodesantiagofrances.com\/en\/provincia-de-palencia\/\" target=\"_blank\" data-type=\"URL\" data-id=\"https:\/\/prueba.caminodesantiagofrances.com\/en\/provincia-de-palencia\/\" rel=\"noreferrer noopener\">Provincia de Palencia<\/a><\/strong>)<\/li>\n\n\n\n<li>Manzanal de Arriba&nbsp;(Zamora)<\/li>\n\n\n\n<li>Micereces de Tera<\/li>\n\n\n\n<li>Mos, (Pontevedra) 7 de agosto.<\/li>\n\n\n\n<li>Murero&nbsp;(Zaragoza)<\/li>\n\n\n\n<li>Navajeda&nbsp;(Entrambasaguas,&nbsp;Cantabria)<\/li>\n\n\n\n<li>Navares de las Cuevas&nbsp;(Segovia)<\/li>\n\n\n\n<li>Padrones de Bureba\u00a0(<strong><a href=\"https:\/\/caminodesantiagofrances.com\/en\/provincia-de-burgos\/\" target=\"_blank\" data-type=\"link\" data-id=\"https:\/\/caminodesantiagofrances.com\/en\/provincia-de-burgos\/\" rel=\"noreferrer noopener\">Provincia de Burgos<\/a><\/strong>)<\/li>\n\n\n\n<li>Palacios de Sanabria&nbsp;(Zamora)<\/li>\n\n\n\n<li>Pa\u00fales del Agua\u00a0(<strong><a href=\"https:\/\/caminodesantiagofrances.com\/en\/provincia-de-burgos\/\" target=\"_blank\" data-type=\"URL\" data-id=\"https:\/\/prueba.caminodesantiagofrances.com\/en\/provincia-de-burgos\/\" rel=\"noreferrer noopener\">Provincia de Burgos<\/a><\/strong>)<\/li>\n\n\n\n<li>Petelos&nbsp;(Mos|Pontevedra)<\/li>\n\n\n\n<li>Pinedillo\u00a0(<strong><a href=\"https:\/\/caminodesantiagofrances.com\/en\/provincia-de-burgos\/\" target=\"_blank\" data-type=\"URL\" data-id=\"https:\/\/prueba.caminodesantiagofrances.com\/en\/provincia-de-burgos\/\" rel=\"noreferrer noopener\">Provincia de Burgos<\/a><\/strong>)<\/li>\n\n\n\n<li>Priegue&nbsp;(Nigr\u00e1n,&nbsp;Pontevedra)<\/li>\n\n\n\n<li>Quintanaloranco\u00a0(<strong><a href=\"https:\/\/caminodesantiagofrances.com\/en\/provincia-de-burgos\/\" target=\"_blank\" data-type=\"URL\" data-id=\"https:\/\/prueba.caminodesantiagofrances.com\/en\/provincia-de-burgos\/\" rel=\"noreferrer noopener\">Provincia de Burgos<\/a><\/strong>)<\/li>\n\n\n\n<li>Rab\u00e9 de los Escuderos\u00a0(<strong><a href=\"https:\/\/caminodesantiagofrances.com\/en\/provincia-de-burgos\/\" target=\"_blank\" data-type=\"link\" data-id=\"https:\/\/caminodesantiagofrances.com\/en\/provincia-de-burgos\/\" rel=\"noreferrer noopener\">Provincia de Burgos<\/a><\/strong>)<\/li>\n\n\n\n<li>El Rasillo de Cameros&nbsp;(La Rioja)<\/li>\n\n\n\n<li>San Mamed de los \u00c1ngeles\u00a0(Oroso,\u00a0<strong><a href=\"https:\/\/caminodesantiagofrances.com\/en\/provincia-a-coruna\/\" target=\"_blank\" data-type=\"link\" data-id=\"https:\/\/caminodesantiagofrances.com\/en\/provincia-a-coruna\/\" rel=\"noreferrer noopener\">Provincia A Coru\u00f1a<\/a><\/strong>)<\/li>\n\n\n\n<li>San Mamed de Nodar\u00a0(Friol,\u00a0<strong><a href=\"https:\/\/caminodesantiagofrances.com\/en\/provincia-de-lugo\/\" target=\"_blank\" data-type=\"link\" data-id=\"https:\/\/caminodesantiagofrances.com\/en\/provincia-de-lugo\/\" rel=\"noreferrer noopener\">Provincia de Lugo<\/a><\/strong>)<\/li>\n\n\n\n<li>San Mam\u00e9s&nbsp;(Blimea, Asturias)<\/li>\n\n\n\n<li>San Mam\u00e9s (Navarredonda y San Mam\u00e9s,&nbsp;Madrid)<\/li>\n\n\n\n<li>San Mam\u00e9s de Abar\u00a0(<strong><a href=\"https:\/\/caminodesantiagofrances.com\/en\/provincia-de-burgos\/\" target=\"_blank\" data-type=\"link\" data-id=\"https:\/\/caminodesantiagofrances.com\/en\/provincia-de-burgos\/\" rel=\"noreferrer noopener\">Provincia de Burgos<\/a><\/strong>)<\/li>\n\n\n\n<li>San Mam\u00e9s de Aras&nbsp;(Voto, Cantabria)<\/li>\n\n\n\n<li>San Mam\u00e9s de Burgos\u00a0(<strong><a href=\"https:\/\/caminodesantiagofrances.com\/en\/provincia-de-burgos\/\" target=\"_blank\" data-type=\"link\" data-id=\"https:\/\/caminodesantiagofrances.com\/en\/provincia-de-burgos\/\" rel=\"noreferrer noopener\">Provincia de Burgos<\/a><\/strong>)<\/li>\n\n\n\n<li>San Mam\u00e9s de Campos\u00a0(<strong><a href=\"https:\/\/caminodesantiagofrances.com\/en\/provincia-de-palencia\/\" target=\"_blank\" data-type=\"link\" data-id=\"https:\/\/caminodesantiagofrances.com\/en\/provincia-de-palencia\/\" rel=\"noreferrer noopener\">Provincia de Palencia<\/a><\/strong>)<\/li>\n\n\n\n<li>San Mam\u00e9s de Meruelo&nbsp;(Meruelo, Cantabria)<\/li>\n\n\n\n<li>San Mam\u00e9s de Millerada&nbsp;(Forcarey, Pontevedra)<\/li>\n\n\n\n<li>Taravilla&nbsp;(Guadalajara)<\/li>\n\n\n\n<li>Torroso&nbsp;(Pontevedra)<\/li>\n\n\n\n<li>Trefacio&nbsp;(Zamora)<\/li>\n\n\n\n<li>Valdelaloba\u00a0(Toreno,\u00a0<strong><a href=\"https:\/\/caminodesantiagofrances.com\/en\/provincia-de-leon\/\" target=\"_blank\" data-type=\"link\" data-id=\"https:\/\/caminodesantiagofrances.com\/en\/provincia-de-leon\/\" rel=\"noreferrer noopener\">Provincia de Le\u00f3n<\/a><\/strong>)<\/li>\n\n\n\n<li><strong><a href=\"https:\/\/caminodesantiagofrances.com\/en\/provincia-de-leon\/valdelafuente\/\" target=\"_blank\" data-type=\"link\" data-id=\"https:\/\/caminodesantiagofrances.com\/en\/provincia-de-leon\/valdelafuente\/\" rel=\"noreferrer noopener\">Valdelafuente<\/a><\/strong>\u00a0(<strong><strong><a href=\"https:\/\/caminodesantiagofrances.com\/en\/provincia-de-leon\/\" target=\"_blank\" data-type=\"link\" data-id=\"https:\/\/caminodesantiagofrances.com\/en\/provincia-de-leon\/\" rel=\"noreferrer noopener\">Provincia de Le\u00f3n<\/a><\/strong><\/strong>)<\/li>\n\n\n\n<li>Valverde Enrique\u00a0(<strong><a href=\"https:\/\/caminodesantiagofrances.com\/en\/provincia-de-leon\/\" target=\"_blank\" data-type=\"link\" data-id=\"https:\/\/caminodesantiagofrances.com\/en\/provincia-de-leon\/\" rel=\"noreferrer noopener\">Provincia de Le\u00f3n<\/a><\/strong>)<\/li>\n\n\n\n<li>La Vid de Bureba\u00a0(<strong><a href=\"https:\/\/caminodesantiagofrances.com\/en\/provincia-de-burgos\/\" target=\"_blank\" data-type=\"link\" data-id=\"https:\/\/caminodesantiagofrances.com\/en\/provincia-de-burgos\/\" rel=\"noreferrer noopener\">Provincia de Burgos<\/a><\/strong>)<\/li>\n\n\n\n<li>Villaescusa de Roa\u00a0(<strong><a href=\"https:\/\/caminodesantiagofrances.com\/en\/provincia-de-burgos\/\" target=\"_blank\" data-type=\"link\" data-id=\"https:\/\/caminodesantiagofrances.com\/en\/provincia-de-burgos\/\" rel=\"noreferrer noopener\">Provincia de Burgos<\/a><\/strong>)<\/li>\n\n\n\n<li>Villalvaro&nbsp;(Soria)<\/li>\n\n\n\n<li>Villanueva de Gumiel\u00a0(<strong><a href=\"https:\/\/caminodesantiagofrances.com\/en\/provincia-de-burgos\/\" target=\"_blank\" data-type=\"link\" data-id=\"https:\/\/caminodesantiagofrances.com\/en\/provincia-de-burgos\/\" rel=\"noreferrer noopener\">Provincia de Burgos<\/a><\/strong>)<\/li>\n\n\n\n<li>Villanueva de Villaescusa&nbsp;(Cantabria)<\/li>\n\n\n\n<li>Villatuelda\u00a0(<strong><a href=\"https:\/\/caminodesantiagofrances.com\/en\/provincia-de-burgos\/\" data-type=\"link\" data-id=\"https:\/\/caminodesantiagofrances.com\/en\/provincia-de-burgos\/\" target=\"_blank\" rel=\"noreferrer noopener\">Provincia de Burgos<\/a><\/strong>), primer o segundo s\u00e1bado de agosto<\/li>\n<\/ul>\n\n\n\n<h2 class=\"wp-block-heading has-text-align-center\"><strong>San Mam\u00e9s<\/strong><\/h2>\n\n\n\n<figure class=\"wp-block-table\"><table><tbody><tr><th scope=\"row\">Nacimiento<\/th><td>259, Cesarea de Capadocia<\/td><\/tr><tr><th scope=\"row\">Fallecimiento<\/th><td>275, Cesarea de Capadocia<\/td><\/tr><tr><th scope=\"row\">Religi\u00f3n<\/th><td>Cristianismo&nbsp;<a href=\"https:\/\/web.archive.org\/web\/20211021145213\/https:\/\/www.wikidata.org\/wiki\/Q532019?uselang=es#P140\" rel=\"noreferrer noopener nofollow\" target=\"_blank\"><\/a><\/td><\/tr><tr><th scope=\"row\">Canonizaci\u00f3n<\/th><td>Santo&nbsp;<a href=\"https:\/\/web.archive.org\/web\/20211021145213\/https:\/\/www.wikidata.org\/wiki\/Q532019?uselang=es#P411\" rel=\"noreferrer noopener nofollow\" target=\"_blank\"><\/a><\/td><\/tr><tr><th scope=\"row\">Festividad<\/th><td>17 de agosto<\/td><\/tr><tr><th scope=\"row\">Venerado en<\/th><td>Iglesia cat\u00f3lica<\/td><\/tr><\/tbody><\/table><\/figure>\n\n\n<p><nav aria-label=\"breadcrumbs\" class=\"rank-math-breadcrumb\"><p><span class=\"last\">Camino de Santiago Franc\u00e9s<\/span><\/p><\/nav><\/p>\n\n\n\n<hr class=\"wp-block-separator has-alpha-channel-opacity\"\/>\n\n\n\n<p class=\"wp-block-paragraph\"><strong>V\u00e9ase tambi\u00e9n:<\/strong><\/p>\n\n\n\n<div class=\"wp-block-columns\">\n<div class=\"wp-block-column\">\n<figure class=\"wp-block-image aligncenter size-full\"><a href=\"https:\/\/caminodesantiagofrances.com\/en\/provincia-de-leon\/valdelafuente\/\" target=\"_blank\" rel=\"noreferrer noopener\"><img loading=\"lazy\" decoding=\"async\" width=\"600\" height=\"315\" src=\"https:\/\/caminodesantiagofrances.com\/en\/wp-content\/uploads\/sites\/3\/2024\/02\/Valdelafuente-Camino-de-Santiago-Frances.jpg\" alt=\"\" class=\"wp-image-12385\" srcset=\"https:\/\/caminodesantiagofrances.com\/en\/wp-content\/uploads\/sites\/3\/2024\/02\/Valdelafuente-Camino-de-Santiago-Frances.jpg 600w, https:\/\/caminodesantiagofrances.com\/en\/wp-content\/uploads\/sites\/3\/2024\/02\/Valdelafuente-Camino-de-Santiago-Frances-300x158.jpg 300w\" sizes=\"auto, (max-width: 600px) 100vw, 600px\" \/><\/a><\/figure>\n\n\n\n<h3 class=\"wp-block-heading has-text-align-center\"><strong><a href=\"https:\/\/caminodesantiagofrances.com\/en\/provincia-de-leon\/valdelafuente\/\" target=\"_blank\" data-type=\"link\" data-id=\"https:\/\/caminodesantiagofrances.com\/en\/provincia-de-leon\/valdelafuente\/\" rel=\"noreferrer noopener\">Valdelafuente<\/a><\/strong><\/h3>\n<\/div>\n\n\n\n<div class=\"wp-block-column\"><\/div>\n<\/div>\n","protected":false},"excerpt":{"rendered":"<p>San Mam\u00e9s \u2013 Mam\u00e9s de Capadocia Mam\u00e9s de Capadocia&nbsp;(Cesarea de Capadocia,&nbsp;Asia Menor, 259 \u2013 ib\u00eddem, 275), santo&nbsp;m\u00e1rtir. Biograf\u00eda San Mam\u00e9s Seg\u00fan cuenta la leyenda,&nbsp;Mam\u00e9s&nbsp;(\u00abel que fue amamantado\u00ab) naci\u00f3 en el seno de una familia modesta. Algunos historiadores datan la fecha de su nacimiento en&nbsp;259&nbsp;y la de su martirio en&nbsp;275. Hijo de Teodoto y Rufina, Mam\u00e9s [&hellip;]<\/p>\n","protected":false},"author":1,"featured_media":8646,"parent":5908,"menu_order":0,"comment_status":"closed","ping_status":"closed","template":"","meta":{"footnotes":""},"class_list":["post-8623","page","type-page","status-publish","has-post-thumbnail","hentry"],"_links":{"self":[{"href":"https:\/\/caminodesantiagofrances.com\/en\/wp-json\/wp\/v2\/pages\/8623","targetHints":{"allow":["GET"]}}],"collection":[{"href":"https:\/\/caminodesantiagofrances.com\/en\/wp-json\/wp\/v2\/pages"}],"about":[{"href":"https:\/\/caminodesantiagofrances.com\/en\/wp-json\/wp\/v2\/types\/page"}],"author":[{"embeddable":true,"href":"https:\/\/caminodesantiagofrances.com\/en\/wp-json\/wp\/v2\/users\/1"}],"replies":[{"embeddable":true,"href":"https:\/\/caminodesantiagofrances.com\/en\/wp-json\/wp\/v2\/comments?post=8623"}],"version-history":[{"count":0,"href":"https:\/\/caminodesantiagofrances.com\/en\/wp-json\/wp\/v2\/pages\/8623\/revisions"}],"up":[{"embeddable":true,"href":"https:\/\/caminodesantiagofrances.com\/en\/wp-json\/wp\/v2\/pages\/5908"}],"wp:attachment":[{"href":"https:\/\/caminodesantiagofrances.com\/en\/wp-json\/wp\/v2\/media?parent=8623"}],"curies":[{"name":"wp","href":"https:\/\/api.w.org\/{rel}","templated":true}]}}