{"id":8672,"date":"2022-11-09T10:41:11","date_gmt":"2022-11-09T10:41:11","guid":{"rendered":"https:\/\/prueba.caminodesantiagofrances.com\/en\/?page_id=8672"},"modified":"2024-02-25T11:29:49","modified_gmt":"2024-02-25T10:29:49","slug":"san-nicolas","status":"publish","type":"page","link":"https:\/\/caminodesantiagofrances.com\/en\/santos\/san-nicolas\/","title":{"rendered":"San Nicol\u00e1s"},"content":{"rendered":"\n<h2 class=\"wp-block-heading has-text-align-center\">Nicol\u00e1s de Trani<\/h2>\n\n\n\n<p class=\"wp-block-paragraph\"><strong>Nicol\u00e1s de Trani<\/strong>&nbsp;o&nbsp;<strong>el Peregrino<\/strong>&nbsp;(Steiri, Grecia, 1075 \u2013 Trani, Pulla, 1094) fue un cristiano griego, predicador en la Pulla. Es venerado como santo por la Iglesia cat\u00f3lica.<\/p>\n\n\n\n<h2 class=\"wp-block-heading has-text-align-center\">Biograf\u00eda San Nicol\u00e1s<\/h2>\n\n\n\n<p class=\"wp-block-paragraph\">Nicol\u00e1s hab\u00eda nacido en&nbsp;Beocia. Era pastor y viv\u00eda en soledad en la monta\u00f1a, dedicado a la oraci\u00f3n y la meditaci\u00f3n. Hizo vida erem\u00edtica y comenz\u00f3 a recorrer la regi\u00f3n con la cruz en la mano diciendo a todo el mundo la invocaci\u00f3n&nbsp;<em>Kirie eleison<\/em>&nbsp;(\u00abSe\u00f1or, tened piedad de nosotros\u00bb) y cantando himnos y alabanzas religiosas. Eso provoc\u00f3 que los otros se burlaran o le tomaran por loco.<\/p>\n\n\n\n<p class=\"wp-block-paragraph\">Pens\u00f3 en peregrinar a&nbsp;Roma&nbsp;y se embarc\u00f3 para ir a&nbsp;Otranto&nbsp;(Pulla). Seg\u00fan una leyenda popular e inveros\u00edmil, la continua repetici\u00f3n del&nbsp;<em>Kirie eleison<\/em>&nbsp;hizo que los marineros lo lanzasen al mar, pero aun as\u00ed, lleg\u00f3 al puerto antes que el barco. En Otranto no fue bien recibido y su predicaci\u00f3n tampoco fue entendida en&nbsp;Lecce&nbsp;ni en&nbsp;Tarento.<\/p>\n\n\n\n<p class=\"wp-block-paragraph\">LLeg\u00f3 a&nbsp;Trani&nbsp;el 20 de mayo de 1094, y muri\u00f3 a los quince d\u00edas, el 2 de junio. Cuando le entrevist\u00f3 el arzobispo Bizanzio, Nicol\u00e1s dijo que segu\u00eda el consejo evang\u00e9lico que dec\u00eda que quien quisiera seguir a Cristo, tomase su cruz y lo hiciese como un ni\u00f1o para entrar al reino de los cielos. Se comportaba como los llamados \u00ablocos por Cristo\u00bb, que actuaban de una manera com\u00fanmente tildada de locura. Su simplicidad e ingenuidad movi\u00f3 al obispo a permitirle la predicaci\u00f3n y que se quedara en la ciudad.<\/p>\n\n\n\n<figure class=\"wp-block-image aligncenter size-full\"><img loading=\"lazy\" decoding=\"async\" width=\"600\" height=\"315\" src=\"https:\/\/caminodesantiagofrances.com\/en\/wp-content\/uploads\/sites\/3\/2024\/02\/San-Nicolas-Camino-de-Santiago-Frances.jpg\" alt=\"\" class=\"wp-image-12365\" srcset=\"https:\/\/caminodesantiagofrances.com\/en\/wp-content\/uploads\/sites\/3\/2024\/02\/San-Nicolas-Camino-de-Santiago-Frances.jpg 600w, https:\/\/caminodesantiagofrances.com\/en\/wp-content\/uploads\/sites\/3\/2024\/02\/San-Nicolas-Camino-de-Santiago-Frances-300x158.jpg 300w\" sizes=\"auto, (max-width: 600px) 100vw, 600px\" \/><figcaption class=\"wp-element-caption\"><strong>San Nicol\u00e1s<\/strong><\/figcaption><\/figure>\n\n\n\n<p class=\"wp-block-paragraph\">Pero el d\u00eda 23 enferm\u00f3 y en el lecho de un hombre que le hab\u00eda acogido en casa, Sabino, recibi\u00f3 numerosas visitas que le pidieron plegarias y consejo espiritual. Nicol\u00e1s instruy\u00f3 a los visitantes y les dio consuelo, hasta que muri\u00f3 el d\u00eda 2 de junio, en viernes.<\/p>\n\n\n\n<h3 class=\"wp-block-heading has-text-align-center\">Veneraci\u00f3n San Nicol\u00e1s<\/h3>\n\n\n\n<p class=\"wp-block-paragraph\">Pronto se le atribuyeron milagros por su intercesi\u00f3n. En&nbsp;1098, el arzobispo Bizanzio de Trani pidi\u00f3 en un s\u00ednodo en Roma que Nicol\u00e1s fuese incluido en el cat\u00e1logo de santos por su virtud y los milagros acaecidos despu\u00e9s de su muerte.&nbsp;Urbano II&nbsp;autoriz\u00f3 al obispo a permitir el culto, y el obispo, al volver a Trani, lo canoniz\u00f3 y erigi\u00f3 una bas\u00edlica donde fue enterrando, la actual catedral de <strong>San Nicola Pellegrino<\/strong>. La casa donde muri\u00f3 es ahora la capilla de San Nicolino. En&nbsp;1748,&nbsp;Benedicto XIV&nbsp;lo incluy\u00f3 en el&nbsp;<em>Martirologio romano<\/em>.<\/p>\n\n\n\n<h2 class=\"wp-block-heading has-text-align-center\"><strong>San Nicol\u00e1s<\/strong><\/h2>\n\n\n\n<figure class=\"wp-block-table\"><table><tbody><tr><th scope=\"row\">Nacimiento<\/th><td>1075<br>Steiri (Beocia,&nbsp;Grecia, Imperio Bizantino)<\/td><\/tr><tr><th scope=\"row\">Fallecimiento<\/th><td>2 de junio&nbsp;de&nbsp;1094<br>Trani&nbsp;(Pulla, Italia)<\/td><\/tr><tr><th scope=\"row\">Venerado&nbsp;en<\/th><td>Iglesia Cat\u00f3lica<br>Iglesias Orientales<\/td><\/tr><tr><th scope=\"row\">Canonizaci\u00f3n<\/th><td>1098<\/td><\/tr><tr><th scope=\"row\">Festividad<\/th><td>2 de junio<\/td><\/tr><tr><th scope=\"row\">Patronazgo<\/th><td><strong>Trani<\/strong>,\u00a0<strong><a href=\"https:\/\/caminodesantiagofrances.com\/en\/navarra\/burguete\/\" target=\"_blank\" data-type=\"link\" data-id=\"https:\/\/caminodesantiagofrances.com\/en\/navarra\/burguete\/\" rel=\"noreferrer noopener\">Burguete<\/a><\/strong>, <strong><a href=\"https:\/\/caminodesantiagofrances.com\/en\/provincia-de-palencia\/san-nicolas-del-real-camino\/\" target=\"_blank\" data-type=\"link\" data-id=\"https:\/\/caminodesantiagofrances.com\/en\/provincia-de-palencia\/san-nicolas-del-real-camino\/\" rel=\"noreferrer noopener\">San Nicol\u00e1s del Real Camino<\/a><\/strong><\/td><\/tr><\/tbody><\/table><\/figure>\n\n\n<p><nav aria-label=\"breadcrumbs\" class=\"rank-math-breadcrumb\"><p><span class=\"last\">Camino de Santiago Franc\u00e9s<\/span><\/p><\/nav><\/p>\n\n\n\n<hr class=\"wp-block-separator has-alpha-channel-opacity\"\/>\n\n\n\n<p class=\"wp-block-paragraph\"><strong>V\u00e9ase tambi\u00e9n:<\/strong><\/p>\n\n\n\n<div class=\"wp-block-columns\">\n<div class=\"wp-block-column\">\n<figure class=\"wp-block-image aligncenter size-full\"><a href=\"https:\/\/caminodesantiagofrances.com\/en\/navarra\/burguete\/\" target=\"_blank\" rel=\"noreferrer noopener\"><img loading=\"lazy\" decoding=\"async\" width=\"600\" height=\"315\" src=\"https:\/\/caminodesantiagofrances.com\/en\/wp-content\/uploads\/sites\/3\/2024\/02\/Burguete-Camino-de-Santiago-Frances.jpg\" alt=\"\" class=\"wp-image-10940\" srcset=\"https:\/\/caminodesantiagofrances.com\/en\/wp-content\/uploads\/sites\/3\/2024\/02\/Burguete-Camino-de-Santiago-Frances.jpg 600w, https:\/\/caminodesantiagofrances.com\/en\/wp-content\/uploads\/sites\/3\/2024\/02\/Burguete-Camino-de-Santiago-Frances-300x158.jpg 300w\" sizes=\"auto, (max-width: 600px) 100vw, 600px\" \/><\/a><\/figure>\n\n\n\n<h3 class=\"wp-block-heading has-text-align-center\"><strong><a href=\"https:\/\/caminodesantiagofrances.com\/en\/navarra\/burguete\/\" target=\"_blank\" data-type=\"link\" data-id=\"https:\/\/caminodesantiagofrances.com\/en\/navarra\/burguete\/\" rel=\"noreferrer noopener\">Burguete<\/a><\/strong><\/h3>\n<\/div>\n\n\n\n<div class=\"wp-block-column\">\n<figure class=\"wp-block-image aligncenter size-full\"><a href=\"https:\/\/caminodesantiagofrances.com\/en\/provincia-de-palencia\/san-nicolas-del-real-camino\/\" target=\"_blank\" rel=\"noreferrer noopener\"><img loading=\"lazy\" decoding=\"async\" width=\"600\" height=\"315\" src=\"https:\/\/caminodesantiagofrances.com\/en\/wp-content\/uploads\/sites\/3\/2024\/02\/San-Nicolas-del-Real-Camino-Camino-de-Santiago-Frances.jpg\" alt=\"\" class=\"wp-image-11530\" srcset=\"https:\/\/caminodesantiagofrances.com\/en\/wp-content\/uploads\/sites\/3\/2024\/02\/San-Nicolas-del-Real-Camino-Camino-de-Santiago-Frances.jpg 600w, https:\/\/caminodesantiagofrances.com\/en\/wp-content\/uploads\/sites\/3\/2024\/02\/San-Nicolas-del-Real-Camino-Camino-de-Santiago-Frances-300x158.jpg 300w\" sizes=\"auto, (max-width: 600px) 100vw, 600px\" \/><\/a><\/figure>\n\n\n\n<h3 class=\"wp-block-heading has-text-align-center\"><strong><a href=\"https:\/\/caminodesantiagofrances.com\/en\/provincia-de-palencia\/san-nicolas-del-real-camino\/\" data-type=\"link\" data-id=\"https:\/\/caminodesantiagofrances.com\/en\/provincia-de-palencia\/san-nicolas-del-real-camino\/\">San Nicol\u00e1s del Real Camino<\/a><\/strong><\/h3>\n<\/div>\n<\/div>\n\n\n\n<p class=\"wp-block-paragraph\"><\/p>\n","protected":false},"excerpt":{"rendered":"<p>Nicol\u00e1s de Trani Nicol\u00e1s de Trani&nbsp;o&nbsp;el Peregrino&nbsp;(Steiri, Grecia, 1075 \u2013 Trani, Pulla, 1094) fue un cristiano griego, predicador en la Pulla. Es venerado como santo por la Iglesia cat\u00f3lica. Biograf\u00eda San Nicol\u00e1s Nicol\u00e1s hab\u00eda nacido en&nbsp;Beocia. Era pastor y viv\u00eda en soledad en la monta\u00f1a, dedicado a la oraci\u00f3n y la meditaci\u00f3n. Hizo vida erem\u00edtica [&hellip;]<\/p>\n","protected":false},"author":1,"featured_media":12365,"parent":5908,"menu_order":0,"comment_status":"closed","ping_status":"closed","template":"","meta":{"footnotes":""},"class_list":["post-8672","page","type-page","status-publish","has-post-thumbnail","hentry"],"_links":{"self":[{"href":"https:\/\/caminodesantiagofrances.com\/en\/wp-json\/wp\/v2\/pages\/8672","targetHints":{"allow":["GET"]}}],"collection":[{"href":"https:\/\/caminodesantiagofrances.com\/en\/wp-json\/wp\/v2\/pages"}],"about":[{"href":"https:\/\/caminodesantiagofrances.com\/en\/wp-json\/wp\/v2\/types\/page"}],"author":[{"embeddable":true,"href":"https:\/\/caminodesantiagofrances.com\/en\/wp-json\/wp\/v2\/users\/1"}],"replies":[{"embeddable":true,"href":"https:\/\/caminodesantiagofrances.com\/en\/wp-json\/wp\/v2\/comments?post=8672"}],"version-history":[{"count":0,"href":"https:\/\/caminodesantiagofrances.com\/en\/wp-json\/wp\/v2\/pages\/8672\/revisions"}],"up":[{"embeddable":true,"href":"https:\/\/caminodesantiagofrances.com\/en\/wp-json\/wp\/v2\/pages\/5908"}],"wp:featuredmedia":[{"embeddable":true,"href":"https:\/\/caminodesantiagofrances.com\/en\/wp-json\/wp\/v2\/media\/12365"}],"wp:attachment":[{"href":"https:\/\/caminodesantiagofrances.com\/en\/wp-json\/wp\/v2\/media?parent=8672"}],"curies":[{"name":"wp","href":"https:\/\/api.w.org\/{rel}","templated":true}]}}