{"id":8836,"date":"2022-11-13T14:51:03","date_gmt":"2022-11-13T14:51:03","guid":{"rendered":"https:\/\/prueba.caminodesantiagofrances.com\/en\/?page_id=8836"},"modified":"2024-02-25T11:04:47","modified_gmt":"2024-02-25T10:04:47","slug":"santo-toribio","status":"publish","type":"page","link":"https:\/\/caminodesantiagofrances.com\/en\/santos\/santo-toribio\/","title":{"rendered":"Santo Toribio"},"content":{"rendered":"\n<h2 class=\"wp-block-heading has-text-align-center\"><strong>Santo Toribio \u2013 Toribio de Astorga<\/strong><\/h2>\n\n\n\n<p class=\"wp-block-paragraph\"><strong>Santo Toribio de Astorga<\/strong>\u00a0(<strong><a href=\"https:\/\/caminodesantiagofrances.com\/en\/provincia-de-leon\/astorga\/\" target=\"_blank\" data-type=\"link\" data-id=\"https:\/\/caminodesantiagofrances.com\/en\/provincia-de-leon\/astorga\/\" rel=\"noreferrer noopener\">Astorga<\/a><\/strong>, \u00bf402? \u2013\u00a0ib\u00eddem,\u00a0476), tambi\u00e9n conocido como\u00a0<strong>Toribio de Li\u00e9bana<\/strong>, fue un\u00a0religioso\u00a0cat\u00f3lico\u00a0espa\u00f1ol,\u00a0obispo de <strong><a href=\"https:\/\/caminodesantiagofrances.com\/en\/provincia-de-leon\/astorga\/\" target=\"_blank\" data-type=\"link\" data-id=\"https:\/\/caminodesantiagofrances.com\/en\/provincia-de-leon\/astorga\/\" rel=\"noreferrer noopener\">Astorga<\/a><\/strong>.<\/p>\n\n\n\n<p class=\"wp-block-paragraph\">Tras vender todas sus posesiones, Toribio se dirigi\u00f3 a\u00a0Jerusal\u00e9n, donde se gan\u00f3 el aprecio del patriarca\u00a0Juvenal\u00a0y fue nombrado sacrist\u00e1n mayor de la iglesia del\u00a0Santo Sepulcro. No est\u00e1n claras las circunstancias en las cuales se hizo con varias reliquias, entre las cuales destaca el\u00a0<strong>Lignum Crucis<\/strong>, uno de los trozos de la\u00a0cruz\u00a0en la que falleci\u00f3\u00a0Jesucristo, si bien todo indica que las recibi\u00f3 del propio Juvenal como premio a sus servicios. Tambi\u00e9n la leyenda lo hace protagonista del traslado a\u00a0<strong>El Bierzo<\/strong>\u00a0(<strong><a href=\"https:\/\/caminodesantiagofrances.com\/en\/provincia-de-leon\/\" target=\"_blank\" data-type=\"link\" data-id=\"https:\/\/caminodesantiagofrances.com\/en\/provincia-de-leon\/\" rel=\"noreferrer noopener\">Provincia de Le\u00f3n<\/a><\/strong>) de la imagen original de la\u00a0<strong>Virgen de La Encina\u00a0berciana<\/strong>.<\/p>\n\n\n\n<p class=\"wp-block-paragraph\">De camino a la&nbsp;pen\u00ednsula ib\u00e9rica, pas\u00f3 por&nbsp;Roma, ciudad en la que conoci\u00f3 al&nbsp;papa&nbsp;Le\u00f3n I Magno. All\u00ed fue nombrado archidi\u00e1cono de&nbsp;Tuy, donde posteriormente fue ordenado&nbsp;sacerdote. A los pocos a\u00f1os, en&nbsp;444, fue nombrado obispo de&nbsp;Astorga, sede desde la que remiti\u00f3 una carta al papa exponi\u00e9ndole su preocupaci\u00f3n por el auge de una doctrina que consideraba extinta: el&nbsp;Priscilianismo. Ante esta misiva,&nbsp;Le\u00f3n I&nbsp;le encarg\u00f3 la celebraci\u00f3n de un concilio del que no hay constancia hist\u00f3rica de su celebraci\u00f3n (algunos autores lo sit\u00faan en torno al a\u00f1o&nbsp;447), con el objetivo de&nbsp;excomulgar&nbsp;a todos los obispos que no condenasen dicha&nbsp;herej\u00eda. Ello le vali\u00f3 las iras de pueblo y clero, hasta el punto de tener que retirarse de nuevo a&nbsp;Tuy.<\/p>\n\n\n\n<figure class=\"wp-block-image aligncenter size-full\"><img loading=\"lazy\" decoding=\"async\" width=\"600\" height=\"315\" src=\"https:\/\/caminodesantiagofrances.com\/en\/wp-content\/uploads\/sites\/3\/2024\/02\/Santo-Toribio-Camino-de-Santiago-Frances.jpg\" alt=\"\" class=\"wp-image-12339\" srcset=\"https:\/\/caminodesantiagofrances.com\/en\/wp-content\/uploads\/sites\/3\/2024\/02\/Santo-Toribio-Camino-de-Santiago-Frances.jpg 600w, https:\/\/caminodesantiagofrances.com\/en\/wp-content\/uploads\/sites\/3\/2024\/02\/Santo-Toribio-Camino-de-Santiago-Frances-300x158.jpg 300w\" sizes=\"auto, (max-width: 600px) 100vw, 600px\" \/><figcaption class=\"wp-element-caption\"><strong>Santo Toribio<\/strong><\/figcaption><\/figure>\n\n\n\n<p class=\"wp-block-paragraph\">A\u00f1os m\u00e1s tarde, sufri\u00f3 las persecuciones de\u00a0Teodorico II, debiendo refugiarse en la regi\u00f3n\u00a0asturiana\u00a0del\u00a0Monsacro. De vuelta a\u00a0<strong><a href=\"https:\/\/caminodesantiagofrances.com\/en\/provincia-de-leon\/astorga\/\" target=\"_blank\" data-type=\"link\" data-id=\"https:\/\/caminodesantiagofrances.com\/en\/provincia-de-leon\/astorga\/\" rel=\"noreferrer noopener\">Astorga<\/a><\/strong>, falleci\u00f3 en el a\u00f1o\u00a0476. Sus restos fueron trasladados alrededor del\u00a0siglo VIII\u00a0al\u00a0<strong>Monasterio de Santo Toribio de Li\u00e9bana<\/strong>\u00a0(Cantabria) junto al\u00a0<strong>Lignum Crucis<\/strong>, con el fin de ser protegidos del avance\u00a0musulm\u00e1n.<\/p>\n\n\n\n<p class=\"wp-block-paragraph\">Su festividad se celebra el&nbsp;16 de abril.<\/p>\n\n\n\n<h2 class=\"wp-block-heading has-text-align-center\"><strong>Santo Toribio<\/strong><\/h2>\n\n\n\n<figure class=\"wp-block-table\"><table><tbody><tr><th scope=\"row\">Nombre de nacimiento<\/th><td>Toribio de Astorga<\/td><\/tr><tr><th scope=\"row\">Nacimiento<\/th><td>\u00bf402?,\u00a0<strong><a href=\"https:\/\/caminodesantiagofrances.com\/en\/provincia-de-leon\/astorga\/\" target=\"_blank\" data-type=\"link\" data-id=\"https:\/\/caminodesantiagofrances.com\/en\/provincia-de-leon\/astorga\/\" rel=\"noreferrer noopener\">Astorga<\/a><\/strong><\/td><\/tr><tr><th scope=\"row\">Fallecimiento<\/th><td>476,\u00a0<strong><a href=\"https:\/\/caminodesantiagofrances.com\/en\/provincia-de-leon\/astorga\/\" target=\"_blank\" data-type=\"link\" data-id=\"https:\/\/caminodesantiagofrances.com\/en\/provincia-de-leon\/astorga\/\" rel=\"noreferrer noopener\">Astorga<\/a><\/strong><\/td><\/tr><tr><th scope=\"row\">Religi\u00f3n<\/th><td>Iglesia cat\u00f3lica&nbsp;<a href=\"https:\/\/web.archive.org\/web\/20211021150937\/https:\/\/www.wikidata.org\/wiki\/Q1284098?uselang=es#P140\" rel=\"noreferrer noopener nofollow\" target=\"_blank\"><\/a><\/td><\/tr><tr><th scope=\"row\">Ocupaci\u00f3n<\/th><td>Presb\u00edtero&nbsp;<a href=\"https:\/\/web.archive.org\/web\/20211021150937\/https:\/\/www.wikidata.org\/wiki\/Q1284098?uselang=es#P106\" rel=\"noreferrer noopener nofollow\" target=\"_blank\"><\/a><\/td><\/tr><tr><th scope=\"row\">Cargos ocupados<\/th><td>Obispo de&nbsp;Astorga&nbsp;<small>(desde 444)<\/small>&nbsp;<a href=\"https:\/\/web.archive.org\/web\/20211021150937\/https:\/\/www.wikidata.org\/wiki\/Q1284098?uselang=es#P39\" target=\"_blank\" rel=\"noreferrer noopener nofollow\"><\/a><\/td><\/tr><tr><th scope=\"row\">Canonizaci\u00f3n<\/th><td>Santo&nbsp;<a href=\"https:\/\/web.archive.org\/web\/20211021150937\/https:\/\/www.wikidata.org\/wiki\/Q1284098?uselang=es#P411\" rel=\"noreferrer noopener nofollow\" target=\"_blank\"><\/a><\/td><\/tr><tr><th scope=\"row\">Festividad<\/th><td>16 de abril<\/td><\/tr><tr><th scope=\"row\">Atributos<\/th><td>Mitra episcopal<\/td><\/tr><tr><th scope=\"row\">Venerado en<\/th><td>Iglesia cat\u00f3lica<\/td><\/tr><tr><th scope=\"row\">Santuario<\/th><td>Monasterio de Santo Toribio de Li\u00e9bana&nbsp;(Cantabria),&nbsp;Espa\u00f1a<\/td><\/tr><\/tbody><\/table><\/figure>\n\n\n<p><nav aria-label=\"breadcrumbs\" class=\"rank-math-breadcrumb\"><p><span class=\"last\">Camino de Santiago Franc\u00e9s<\/span><\/p><\/nav><\/p>\n\n\n\n<hr class=\"wp-block-separator has-alpha-channel-opacity\"\/>\n\n\n\n<p class=\"wp-block-paragraph\"><strong>V\u00e9ase tambi\u00e9n:<\/strong><\/p>\n\n\n\n<div class=\"wp-block-columns\">\n<div class=\"wp-block-column\">\n<figure class=\"wp-block-image aligncenter size-full\"><img loading=\"lazy\" decoding=\"async\" width=\"600\" height=\"315\" src=\"https:\/\/caminodesantiagofrances.com\/en\/wp-content\/uploads\/sites\/3\/2024\/02\/Astorga-Camino-de-Santiago-Frances.jpg\" alt=\"\" class=\"wp-image-11699\" srcset=\"https:\/\/caminodesantiagofrances.com\/en\/wp-content\/uploads\/sites\/3\/2024\/02\/Astorga-Camino-de-Santiago-Frances.jpg 600w, https:\/\/caminodesantiagofrances.com\/en\/wp-content\/uploads\/sites\/3\/2024\/02\/Astorga-Camino-de-Santiago-Frances-300x158.jpg 300w\" sizes=\"auto, (max-width: 600px) 100vw, 600px\" \/><\/figure>\n\n\n\n<h3 class=\"wp-block-heading has-text-align-center\"><strong><a href=\"https:\/\/caminodesantiagofrances.com\/en\/provincia-de-leon\/astorga\/\" target=\"_blank\" data-type=\"link\" data-id=\"https:\/\/caminodesantiagofrances.com\/en\/provincia-de-leon\/astorga\/\" rel=\"noreferrer noopener\">Astorga<\/a><\/strong><\/h3>\n<\/div>\n\n\n\n<div class=\"wp-block-column\">\n<figure class=\"wp-block-image aligncenter size-full\"><a href=\"https:\/\/caminodesantiagofrances.com\/en\/provincia-de-leon\/san-justo-de-la-vega\/\" target=\"_blank\" rel=\"noreferrer noopener\"><img loading=\"lazy\" decoding=\"async\" width=\"600\" height=\"315\" src=\"https:\/\/caminodesantiagofrances.com\/en\/wp-content\/uploads\/sites\/3\/2024\/02\/San-Justo-de-la-Vega-Camino-de-Santiago-Frances.jpg\" alt=\"\" class=\"wp-image-11691\" srcset=\"https:\/\/caminodesantiagofrances.com\/en\/wp-content\/uploads\/sites\/3\/2024\/02\/San-Justo-de-la-Vega-Camino-de-Santiago-Frances.jpg 600w, https:\/\/caminodesantiagofrances.com\/en\/wp-content\/uploads\/sites\/3\/2024\/02\/San-Justo-de-la-Vega-Camino-de-Santiago-Frances-300x158.jpg 300w\" sizes=\"auto, (max-width: 600px) 100vw, 600px\" \/><\/a><\/figure>\n\n\n\n<h3 class=\"wp-block-heading has-text-align-center\"><strong><a href=\"https:\/\/caminodesantiagofrances.com\/en\/provincia-de-leon\/san-justo-de-la-vega\/\" target=\"_blank\" data-type=\"link\" data-id=\"https:\/\/caminodesantiagofrances.com\/en\/provincia-de-leon\/san-justo-de-la-vega\/\" rel=\"noreferrer noopener\">San Justo de la Vega<\/a><\/strong><\/h3>\n<\/div>\n<\/div>\n\n\n\n<p class=\"wp-block-paragraph\"><\/p>\n","protected":false},"excerpt":{"rendered":"<p>Santo Toribio \u2013 Toribio de Astorga Santo Toribio de Astorga\u00a0(Astorga, \u00bf402? \u2013\u00a0ib\u00eddem,\u00a0476), tambi\u00e9n conocido como\u00a0Toribio de Li\u00e9bana, fue un\u00a0religioso\u00a0cat\u00f3lico\u00a0espa\u00f1ol,\u00a0obispo de Astorga. Tras vender todas sus posesiones, Toribio se dirigi\u00f3 a\u00a0Jerusal\u00e9n, donde se gan\u00f3 el aprecio del patriarca\u00a0Juvenal\u00a0y fue nombrado sacrist\u00e1n mayor de la iglesia del\u00a0Santo Sepulcro. No est\u00e1n claras las circunstancias en las cuales se [&hellip;]<\/p>\n","protected":false},"author":1,"featured_media":12339,"parent":5908,"menu_order":0,"comment_status":"closed","ping_status":"closed","template":"","meta":{"footnotes":""},"class_list":["post-8836","page","type-page","status-publish","has-post-thumbnail","hentry"],"_links":{"self":[{"href":"https:\/\/caminodesantiagofrances.com\/en\/wp-json\/wp\/v2\/pages\/8836","targetHints":{"allow":["GET"]}}],"collection":[{"href":"https:\/\/caminodesantiagofrances.com\/en\/wp-json\/wp\/v2\/pages"}],"about":[{"href":"https:\/\/caminodesantiagofrances.com\/en\/wp-json\/wp\/v2\/types\/page"}],"author":[{"embeddable":true,"href":"https:\/\/caminodesantiagofrances.com\/en\/wp-json\/wp\/v2\/users\/1"}],"replies":[{"embeddable":true,"href":"https:\/\/caminodesantiagofrances.com\/en\/wp-json\/wp\/v2\/comments?post=8836"}],"version-history":[{"count":0,"href":"https:\/\/caminodesantiagofrances.com\/en\/wp-json\/wp\/v2\/pages\/8836\/revisions"}],"up":[{"embeddable":true,"href":"https:\/\/caminodesantiagofrances.com\/en\/wp-json\/wp\/v2\/pages\/5908"}],"wp:featuredmedia":[{"embeddable":true,"href":"https:\/\/caminodesantiagofrances.com\/en\/wp-json\/wp\/v2\/media\/12339"}],"wp:attachment":[{"href":"https:\/\/caminodesantiagofrances.com\/en\/wp-json\/wp\/v2\/media?parent=8836"}],"curies":[{"name":"wp","href":"https:\/\/api.w.org\/{rel}","templated":true}]}}