{"id":8850,"date":"2022-11-13T15:06:55","date_gmt":"2022-11-13T15:06:55","guid":{"rendered":"https:\/\/prueba.caminodesantiagofrances.com\/en\/?page_id=8850"},"modified":"2024-02-25T10:59:59","modified_gmt":"2024-02-25T09:59:59","slug":"san-vicente","status":"publish","type":"page","link":"https:\/\/caminodesantiagofrances.com\/en\/santos\/san-vicente\/","title":{"rendered":"San Vicente"},"content":{"rendered":"\n<h2 class=\"wp-block-heading has-text-align-center\"><strong>San Vicente \u2013 Vicente de Huesca<\/strong><\/h2>\n\n\n\n<p class=\"wp-block-paragraph\"><strong>Vicente de Huesca<\/strong>, conocido tambi\u00e9n como&nbsp;<strong>San Vicente M\u00e1rtir<\/strong>&nbsp;(Huesca\u200b \u2013&nbsp;Valencia,&nbsp;c.&nbsp;304), fue un&nbsp;cl\u00e9rigo&nbsp;aragon\u00e9s,&nbsp;di\u00e1cono&nbsp;de San&nbsp;Valero de Zaragoza. Fue denunciado y encarcelado bajo&nbsp;Diocleciano, por lo que la&nbsp;Iglesia&nbsp;lo venera como&nbsp;<strong>San Vicente M\u00e1rtir<\/strong>.<\/p>\n\n\n\n<p class=\"wp-block-paragraph\">Seg\u00fan la tradici\u00f3n, Vicente fue acusado de la predicaci\u00f3n de la fe, a causa de un&nbsp;impedimento del habla&nbsp;que afectaba al obispo Valero.<\/p>\n\n\n\n<h3 class=\"wp-block-heading has-text-align-center\">La persecuci\u00f3n en Hispania<\/h3>\n\n\n\n<p class=\"wp-block-paragraph\">Se origin\u00f3 una sangrienta persecuci\u00f3n contra los cristianos, decretada por los emperadores&nbsp;Diocleciano&nbsp;y&nbsp;Maximiano. En marzo de 303 se publica el primer edicto imperial en este sentido, que llev\u00f3 a cabo el prefecto&nbsp;Publio Daciano, quien vino de Roma y permaneci\u00f3 en la Pen\u00ednsula dos a\u00f1os, ensa\u00f1\u00e1ndose con fanatismo y crueldad en la poblaci\u00f3n cristiana. Publio Daciano lleg\u00f3 a Hispania por Gerona, donde encarg\u00f3 el cumplimiento de los decretos imperiales al juez Rufino, pasando \u00e9l a&nbsp;Barcelona&nbsp;y despu\u00e9s a&nbsp;Zaragoza.<\/p>\n\n\n\n<figure class=\"wp-block-image aligncenter size-full\"><img loading=\"lazy\" decoding=\"async\" width=\"600\" height=\"315\" src=\"https:\/\/caminodesantiagofrances.com\/en\/wp-content\/uploads\/sites\/3\/2024\/02\/San-Vicente-Camino-de-Santiago-Frances.jpg\" alt=\"\" class=\"wp-image-12333\" srcset=\"https:\/\/caminodesantiagofrances.com\/en\/wp-content\/uploads\/sites\/3\/2024\/02\/San-Vicente-Camino-de-Santiago-Frances.jpg 600w, https:\/\/caminodesantiagofrances.com\/en\/wp-content\/uploads\/sites\/3\/2024\/02\/San-Vicente-Camino-de-Santiago-Frances-300x158.jpg 300w\" sizes=\"auto, (max-width: 600px) 100vw, 600px\" \/><figcaption class=\"wp-element-caption\"><strong>San Vicente<\/strong><\/figcaption><\/figure>\n\n\n\n<p class=\"wp-block-paragraph\">Valero y Vicente fueron prendidos en el a\u00f1o&nbsp;303&nbsp;por orden del prefecto Publio Daciano, y trasladados a Valencia. Valero fue condenado al destierro y Vicente sufri\u00f3 el martirio. Su muerte se produjo en fecha imprecisa \u2014la tradici\u00f3n le asigna el&nbsp;22 de enero\u2014 en el a\u00f1o 304 o 305. De acuerdo a la leyenda, convirti\u00f3 antes de morir a su&nbsp;verdugo.<\/p>\n\n\n\n<p class=\"wp-block-paragraph\">El cuerpo de Vicente fue trasladado, en el mismo siglo de su martirio, a una bas\u00edlica existente fuera de los muros de la ciudad, junto a un arrabal cristiano, conocida como&nbsp;San Vicente de la Roqueta, que mantuvo el culto durante toda la \u00e9poca isl\u00e1mica, estando documentados distintos propietarios cristianos, como el&nbsp;Monasterio de San Juan de la Pe\u00f1a&nbsp;o&nbsp;Poblet. Siendo el culto que se le dedicaba en \u00e9poca de la dominaci\u00f3n musulmana una de las pruebas m\u00e1s precisas de la existencia de una abundante poblaci\u00f3n moz\u00e1rabe cristiana.<\/p>\n\n\n\n<h2 class=\"wp-block-heading has-text-align-center\"><strong>Martirio de San Vicente de Huesca<\/strong><\/h2>\n\n\n\n<p class=\"wp-block-paragraph\">Fue colocado en una cruz en aspa y despu\u00e9s en la&nbsp;catasta, donde le rompieron los huesos, le azotaron, y le abrieron las carnes con u\u00f1as de garfios de acero. Pero, no pudiendo minar su resistencia, mand\u00f3 entonces&nbsp;Publio Daciano&nbsp;que fuese desollado y colocado en una parrilla en ascuas. Fue arrojado m\u00e1s tarde a una&nbsp;mazmorra, falleciendo despu\u00e9s. Su cuerpo fue abandonado en basurero, donde fue defendido por un cuervo frente a la amenaza de un lobo. Otra versi\u00f3n, m\u00e1s difundida, relata que el cuerpo se arroj\u00f3 al&nbsp;r\u00edo Turia&nbsp;en un pellejo con una piedra de molino, pero fue devuelto a la orilla, recibiendo sepultura a las afueras de Valencia, traslad\u00e1ndose m\u00e1s tarde a&nbsp;Lisboa, en cuya&nbsp;catedral&nbsp;reposan sus restos.<\/p>\n\n\n\n<h2 class=\"wp-block-heading has-text-align-center\"><strong>La reliquia del brazo de San Vicente<\/strong><\/h2>\n\n\n\n<p class=\"wp-block-paragraph\">Uno lleg\u00f3 el 16 de octubre de 1970 a la&nbsp;Catedral de Valencia, regalado por una familia de&nbsp;Padua. Seg\u00fan estudios forenses, pertenece a un hombre joven, presenta quemaduras en la piel y se remonta al&nbsp;siglo IV.<\/p>\n\n\n\n<p class=\"wp-block-paragraph\">Se conserva en una capilla de la&nbsp;Catedral de Valencia; sali\u00f3 en procesi\u00f3n el jueves, 22 de enero de 2004, al igual que cuando se inaugur\u00f3 el a\u00f1o santo. Esta imagen se repetir\u00e1 de nuevo dentro de cien a\u00f1os.<\/p>\n\n\n\n<p class=\"wp-block-paragraph\">El otro est\u00e1 en la&nbsp;Catedral de Braga..<\/p>\n\n\n\n<h2 class=\"wp-block-heading has-text-align-center\"><strong>Iconograf\u00eda y culto de San Vicente<\/strong><\/h2>\n\n\n\n<p class=\"wp-block-paragraph\">Suele aparecer en pintura con las vestimentas de su rango, acompa\u00f1ado por un&nbsp;cuervo&nbsp;o sujeto a una&nbsp;muela de molino. Estos s\u00edmbolos hacen referencia a su largo y atroz martirio.<\/p>\n\n\n\n<p class=\"wp-block-paragraph\">Es patrono de\u00a0Lisboa, del municipio\u00a0de\u00a0<strong><a href=\"https:\/\/caminodesantiagofrances.com\/en\/provincia-de-leon\/valverde-de-la-virgen\/\" target=\"_blank\" data-type=\"link\" data-id=\"https:\/\/caminodesantiagofrances.com\/en\/provincia-de-leon\/valverde-de-la-virgen\/\" rel=\"noreferrer noopener\">Valverde de la Virgen<\/a><\/strong>\u00a0(<strong><a href=\"https:\/\/caminodesantiagofrances.com\/en\/provincia-de-leon\/\" target=\"_blank\" data-type=\"link\" data-id=\"https:\/\/caminodesantiagofrances.com\/en\/provincia-de-leon\/\" rel=\"noreferrer noopener\">Provincia de Le\u00f3n<\/a><\/strong>),de la localidad de\u00a0Ardanaz\u00a0de Eg\u00fc\u00e9s,\u00a0Sig\u00fcenza,\u00a0Corbera,\u00a0Lucena del Puerto,\u00a0Guadassuar,\u00a0Laujar de Andarax,\u00a0Molina de Segura,\u00a0San Vicente del Monte,\u00a0San Vicente de la Barquera,\u00a0Gra\u00edces,\u00a0San Vicente de Alc\u00e1ntara\u00a0(Badajoz),\u00a0Paredes de Escalona\u00a0(Toledo),\u00a0Zalamea la Real, de la ciudad\u00a0italiana\u00a0de\u00a0Vicenza, de San Vicente de\u00a0Ca\u00f1ete, en la provincia del mismo nombre en\u00a0Lima, de\u00a0Los Realejos\u00a0(Tenerife), donde adem\u00e1s posee el privilegio de ser la \u00fanica imagen del santo M\u00e1rtir de todo el archipi\u00e9lago canario siendo festivo cada 22 de enero desde 1609 por voto del antiguo ayuntamiento del Realejo de Abajo tras finalizar la peste de Landres donde acude el ayuntamiento, siendo esta una de las procesiones c\u00edvico-religiosas m\u00e1s antiguas de Canarias en agradecimiento al copatr\u00f3n San Vicente M\u00e1rtir, de los vinateros y los fabricantes de vinagre. Su fiesta se celebra el\u00a022 de enero.<\/p>\n\n\n\n<p class=\"wp-block-paragraph\">En la ciudad de&nbsp;Valencia, adem\u00e1s de ser su patr\u00f3n, San Vicente M\u00e1rtir es tambi\u00e9n patr\u00f3n del Gremio de Sastres y Modistas. Las&nbsp;fiestas patronales de Valencia&nbsp;se celebran el 22 de enero.<\/p>\n\n\n\n<p class=\"wp-block-paragraph\">San Vicente es el patr\u00f3n del Orden de los Di\u00e1conos de la&nbsp;di\u00f3cesis de B\u00e9rgamo&nbsp;(Italia).<\/p>\n\n\n\n<p class=\"wp-block-paragraph\">Tambi\u00e9n es Santo Patrono en las localidades mexicanas de San Vicente Tancuayalab, en San Luis Potos\u00ed, y de San Vicente&nbsp;Chicoloapan, en el Estado de M\u00e9xico.<\/p>\n\n\n\n<h2 class=\"wp-block-heading has-text-align-center\"><strong>San Vicente<\/strong><\/h2>\n\n\n\n<figure class=\"wp-block-table\"><table><tbody><tr><th scope=\"row\">Nombre de nacimiento<\/th><td>Vincentiusla&nbsp;<a href=\"https:\/\/web.archive.org\/web\/20211021153935\/https:\/\/www.wikidata.org\/wiki\/Q318974?uselang=es#P1477\" rel=\"noreferrer noopener nofollow\" target=\"_blank\"><\/a><\/td><\/tr><tr><th scope=\"row\">Nacimiento<\/th><td>Siglo III, Huesca<\/td><\/tr><tr><th scope=\"row\">Fallecimiento<\/th><td><em>ca<\/em>.&nbsp;304, Valencia<\/td><\/tr><tr><th scope=\"row\">Causa de muerte<\/th><td>Muerte en la hoguera&nbsp;<a href=\"https:\/\/web.archive.org\/web\/20211021153935\/https:\/\/www.wikidata.org\/wiki\/Q318974?uselang=es#P509\" rel=\"noreferrer noopener nofollow\" target=\"_blank\"><\/a><\/td><\/tr><tr><th scope=\"row\">Alumno de<\/th><td>Valero de Zaragoza&nbsp;<a href=\"https:\/\/web.archive.org\/web\/20211021153935\/https:\/\/www.wikidata.org\/wiki\/Q318974?uselang=es#P1066\" rel=\"noreferrer noopener nofollow\" target=\"_blank\"><\/a><\/td><\/tr><tr><th scope=\"row\">Ocupaci\u00f3n<\/th><td>Di\u00e1cono&nbsp;<a href=\"https:\/\/web.archive.org\/web\/20211021153935\/https:\/\/www.wikidata.org\/wiki\/Q318974?uselang=es#P106\" rel=\"noreferrer noopener nofollow\" target=\"_blank\"><\/a><\/td><\/tr><tr><th scope=\"row\">Canonizaci\u00f3n<\/th><td>Santo&nbsp;<a href=\"https:\/\/web.archive.org\/web\/20211021153935\/https:\/\/www.wikidata.org\/wiki\/Q318974?uselang=es#P411\" rel=\"noreferrer noopener nofollow\" target=\"_blank\"><\/a><\/td><\/tr><tr><th scope=\"row\">Festividad<\/th><td>22 de enero<\/td><\/tr><tr><th scope=\"row\">Atributos<\/th><td>Vestimentas de su rango, acompa\u00f1ado por una&nbsp;cruz en aspa, sosteniendo una&nbsp;muela de molino&nbsp;y en ocasiones acompa\u00f1ado por un&nbsp;cuervo.<\/td><\/tr><tr><th scope=\"row\">Venerado en<\/th><td>Iglesia cat\u00f3lica<\/td><\/tr><tr><th scope=\"row\">Patronazgo<\/th><td>Valencia, <strong><a href=\"https:\/\/caminodesantiagofrances.com\/en\/provincia-de-leon\/valverde-de-la-virgen\/\" target=\"_blank\" data-type=\"link\" data-id=\"https:\/\/caminodesantiagofrances.com\/en\/provincia-de-leon\/valverde-de-la-virgen\/\" rel=\"noreferrer noopener\">Valverde de la Virgen<\/a><\/strong>, Lisboa,<a href=\"https:\/\/web.archive.org\/web\/20211021153935\/https:\/\/commons.wikimedia.org\/wiki\/File:Flag_of_Huesca.svg\" target=\"_blank\" rel=\"noreferrer noopener nofollow\"><\/a>\u00a0Huesca, Sig\u00fcenza,<a href=\"https:\/\/web.archive.org\/web\/20211021153935\/https:\/\/commons.wikimedia.org\/wiki\/File:Escudo_de_Laujar_de_Andarax.svg\" target=\"_blank\" rel=\"noreferrer noopener nofollow\"><\/a>\u00a0Laujar de Andarax, Sojasa (Arag\u00f3n, Espa\u00f1a),<a href=\"https:\/\/web.archive.org\/web\/20211021153935\/https:\/\/commons.wikimedia.org\/wiki\/File:Flag_of_Lucena_del_Puerto_Spain.svg\" target=\"_blank\" rel=\"noreferrer noopener nofollow\"><\/a>\u00a0Lucena del Puerto,<a href=\"https:\/\/web.archive.org\/web\/20211021153935\/https:\/\/commons.wikimedia.org\/wiki\/File:Zalamea_la_Real_Spain.svg\" target=\"_blank\" rel=\"noreferrer noopener nofollow\"><\/a>\u00a0Zalamea la Real,<a href=\"https:\/\/web.archive.org\/web\/20211021153935\/https:\/\/commons.wikimedia.org\/wiki\/File:Molina_de_Segura.jpg\" target=\"_blank\" rel=\"noreferrer noopener nofollow\"><\/a>\u00a0Molina de Segura,<a href=\"https:\/\/web.archive.org\/web\/20211021153935\/https:\/\/commons.wikimedia.org\/wiki\/File:Flag_of_the_Valencian_Community_(2x3).svg\" target=\"_blank\" rel=\"noreferrer noopener nofollow\"><\/a>\u00a0Valencia<a href=\"https:\/\/web.archive.org\/web\/20211021153935\/https:\/\/commons.wikimedia.org\/wiki\/File:Escut_de_Guadassuar.svg\" target=\"_blank\" rel=\"noreferrer noopener nofollow\"><\/a>\u00a0Guadassuar,<a href=\"https:\/\/web.archive.org\/web\/20211021153935\/https:\/\/commons.wikimedia.org\/wiki\/File:Bandera_de_Los_Realejos.jpg\" target=\"_blank\" rel=\"noreferrer noopener nofollow\"><\/a>\u00a0Los Realejos,\u00a0Tenerife\u00a0(Islas Canarias)<a href=\"https:\/\/web.archive.org\/web\/20211021153935\/https:\/\/commons.wikimedia.org\/wiki\/File:San_Vicente_de_Alc%C3%A1ntara.svg\" target=\"_blank\" rel=\"noreferrer noopener nofollow\"><\/a>\u00a0San Vicente de Alc\u00e1ntara, Vicenza, San Vicente de la Sonsierra, San Vicente del Monte, Sant Vicen\u00e7 de Castellet, San Vicente\u00a0Chicoloapan\u00a0(M\u00e9xico), Los vinateros y los fabricantes de vinagre, sastres y modistas, Orden de los Di\u00e1conos de la Di\u00f3cesis de\u00a0Bergamo\u00a0(Italia).<\/td><\/tr><tr><th scope=\"row\">Cargo(s) criminal(es)<\/th><td>sedici\u00f3n&nbsp;<a href=\"https:\/\/web.archive.org\/web\/20211021153935\/https:\/\/www.wikidata.org\/wiki\/Q318974?uselang=es#P1399\" rel=\"noreferrer noopener nofollow\" target=\"_blank\"><\/a><\/td><\/tr><\/tbody><\/table><\/figure>\n\n\n<p><nav aria-label=\"breadcrumbs\" class=\"rank-math-breadcrumb\"><p><span class=\"last\">Camino de Santiago Franc\u00e9s<\/span><\/p><\/nav><\/p>\n\n\n\n<hr class=\"wp-block-separator has-alpha-channel-opacity\"\/>\n\n\n\n<p class=\"wp-block-paragraph\"><strong>V\u00e9ase tambi\u00e9n:<\/strong><\/p>\n\n\n\n<div class=\"wp-block-columns\">\n<div class=\"wp-block-column\">\n<figure class=\"wp-block-image aligncenter size-full\"><a href=\"https:\/\/caminodesantiagofrances.com\/en\/provincia-de-leon\/valverde-de-la-virgen\/\" target=\"_blank\" rel=\"noreferrer noopener\"><img loading=\"lazy\" decoding=\"async\" width=\"600\" height=\"315\" src=\"https:\/\/caminodesantiagofrances.com\/en\/wp-content\/uploads\/sites\/3\/2024\/02\/Valverde-de-la-Virgen-Camino-de-Santiago-Frances.jpg\" alt=\"\" class=\"wp-image-11636\" srcset=\"https:\/\/caminodesantiagofrances.com\/en\/wp-content\/uploads\/sites\/3\/2024\/02\/Valverde-de-la-Virgen-Camino-de-Santiago-Frances.jpg 600w, https:\/\/caminodesantiagofrances.com\/en\/wp-content\/uploads\/sites\/3\/2024\/02\/Valverde-de-la-Virgen-Camino-de-Santiago-Frances-300x158.jpg 300w\" sizes=\"auto, (max-width: 600px) 100vw, 600px\" \/><\/a><\/figure>\n\n\n\n<h3 class=\"wp-block-heading has-text-align-center\"><strong><a href=\"https:\/\/caminodesantiagofrances.com\/en\/provincia-de-leon\/valverde-de-la-virgen\/\" target=\"_blank\" data-type=\"link\" data-id=\"https:\/\/caminodesantiagofrances.com\/en\/provincia-de-leon\/valverde-de-la-virgen\/\" rel=\"noreferrer noopener\">Valverde de la Virgen<\/a><\/strong><\/h3>\n<\/div>\n\n\n\n<div class=\"wp-block-column\"><\/div>\n<\/div>\n\n\n\n<p class=\"wp-block-paragraph\"><\/p>\n","protected":false},"excerpt":{"rendered":"<p>San Vicente \u2013 Vicente de Huesca Vicente de Huesca, conocido tambi\u00e9n como&nbsp;San Vicente M\u00e1rtir&nbsp;(Huesca\u200b \u2013&nbsp;Valencia,&nbsp;c.&nbsp;304), fue un&nbsp;cl\u00e9rigo&nbsp;aragon\u00e9s,&nbsp;di\u00e1cono&nbsp;de San&nbsp;Valero de Zaragoza. Fue denunciado y encarcelado bajo&nbsp;Diocleciano, por lo que la&nbsp;Iglesia&nbsp;lo venera como&nbsp;San Vicente M\u00e1rtir. Seg\u00fan la tradici\u00f3n, Vicente fue acusado de la predicaci\u00f3n de la fe, a causa de un&nbsp;impedimento del habla&nbsp;que afectaba al obispo Valero. [&hellip;]<\/p>\n","protected":false},"author":1,"featured_media":12333,"parent":5908,"menu_order":0,"comment_status":"closed","ping_status":"closed","template":"","meta":{"footnotes":""},"class_list":["post-8850","page","type-page","status-publish","has-post-thumbnail","hentry"],"_links":{"self":[{"href":"https:\/\/caminodesantiagofrances.com\/en\/wp-json\/wp\/v2\/pages\/8850","targetHints":{"allow":["GET"]}}],"collection":[{"href":"https:\/\/caminodesantiagofrances.com\/en\/wp-json\/wp\/v2\/pages"}],"about":[{"href":"https:\/\/caminodesantiagofrances.com\/en\/wp-json\/wp\/v2\/types\/page"}],"author":[{"embeddable":true,"href":"https:\/\/caminodesantiagofrances.com\/en\/wp-json\/wp\/v2\/users\/1"}],"replies":[{"embeddable":true,"href":"https:\/\/caminodesantiagofrances.com\/en\/wp-json\/wp\/v2\/comments?post=8850"}],"version-history":[{"count":0,"href":"https:\/\/caminodesantiagofrances.com\/en\/wp-json\/wp\/v2\/pages\/8850\/revisions"}],"up":[{"embeddable":true,"href":"https:\/\/caminodesantiagofrances.com\/en\/wp-json\/wp\/v2\/pages\/5908"}],"wp:featuredmedia":[{"embeddable":true,"href":"https:\/\/caminodesantiagofrances.com\/en\/wp-json\/wp\/v2\/media\/12333"}],"wp:attachment":[{"href":"https:\/\/caminodesantiagofrances.com\/en\/wp-json\/wp\/v2\/media?parent=8850"}],"curies":[{"name":"wp","href":"https:\/\/api.w.org\/{rel}","templated":true}]}}