{"id":8901,"date":"2022-11-13T16:04:50","date_gmt":"2022-11-13T16:04:50","guid":{"rendered":"https:\/\/prueba.caminodesantiagofrances.com\/en\/?page_id=8901"},"modified":"2024-02-25T14:14:57","modified_gmt":"2024-02-25T13:14:57","slug":"santa-engracia","status":"publish","type":"page","link":"https:\/\/caminodesantiagofrances.com\/en\/santos\/santa-engracia\/","title":{"rendered":"Santa Engracia"},"content":{"rendered":"\n<h2 class=\"wp-block-heading has-text-align-center\"><strong>Santa Engracia \u2013 Engracia de Zaragoza<\/strong><\/h2>\n\n\n\n<p class=\"wp-block-paragraph\"><strong>Engracia de Zaragoza<\/strong>&nbsp;fue una santa m\u00e1rtir&nbsp;hispanorromana.<\/p>\n\n\n\n<h2 class=\"wp-block-heading has-text-align-center\"><strong>Biograf\u00eda y martirio de Santa Engracia<\/strong><\/h2>\n\n\n\n<p class=\"wp-block-paragraph\">Muri\u00f3 v\u00edctima de la&nbsp;persecuci\u00f3n&nbsp;decretada por&nbsp;Diocleciano&nbsp;en el 303(D.C). Fue mandada hacia el Rosell\u00f3n con el fin de casarse con un noble rico de all\u00e1, la acompa\u00f1aba su t\u00edo Lupercio, diecisiete nobles y una sirviente llamada Julia. Se hallaba en&nbsp;Zaragoza&nbsp;mientras viajaba cuando fue puesta en marcha la persecuci\u00f3n contra los cristianos. Intercedi\u00f3 por los cristianos ante los tribunales romanos haci\u00e9ndose ella misma reo de tortura.<\/p>\n\n\n\n<p class=\"wp-block-paragraph\">Le ara\u00f1aron las carnes con garfios, le cortaron un pecho y le clavaron un clavo en la cabeza.<\/p>\n\n\n\n<p class=\"wp-block-paragraph\">Se conservan sus restos en la&nbsp;iglesia bas\u00edlica de Santa Engracia&nbsp;de Zaragoza.<\/p>\n\n\n\n<figure class=\"wp-block-image aligncenter size-full\"><img loading=\"lazy\" decoding=\"async\" width=\"600\" height=\"315\" src=\"https:\/\/caminodesantiagofrances.com\/en\/wp-content\/uploads\/sites\/3\/2024\/02\/Santa-Engracia-Camino-de-Santiago-Frances.jpg\" alt=\"\" class=\"wp-image-12445\" srcset=\"https:\/\/caminodesantiagofrances.com\/en\/wp-content\/uploads\/sites\/3\/2024\/02\/Santa-Engracia-Camino-de-Santiago-Frances.jpg 600w, https:\/\/caminodesantiagofrances.com\/en\/wp-content\/uploads\/sites\/3\/2024\/02\/Santa-Engracia-Camino-de-Santiago-Frances-300x158.jpg 300w\" sizes=\"auto, (max-width: 600px) 100vw, 600px\" \/><figcaption class=\"wp-element-caption\"><strong>Santa Engracia<\/strong><\/figcaption><\/figure>\n\n\n\n<h2 class=\"wp-block-heading has-text-align-center\"><strong>Santa Engracia<\/strong><\/h2>\n\n\n\n<figure class=\"wp-block-table\"><table><tbody><tr><th scope=\"row\">Nacimiento<\/th><td>Finales del siglo III, Braga,&nbsp;Portugal<\/td><\/tr><tr><th scope=\"row\">Fallecimiento<\/th><td>303, Zaragoza,&nbsp;Espa\u00f1a<\/td><\/tr><tr><th scope=\"row\">Causa de muerte<\/th><td>Desollamiento&nbsp;<a href=\"https:\/\/web.archive.org\/web\/20211025102800\/https:\/\/www.wikidata.org\/wiki\/Q32313?uselang=es#P509\" rel=\"noreferrer noopener nofollow\" target=\"_blank\"><\/a><\/td><\/tr><tr><th scope=\"row\">Sepultura<\/th><td>Cripta de la Bas\u00edlica de Santa Engracia&nbsp;<a href=\"https:\/\/web.archive.org\/web\/20211025102800\/https:\/\/www.wikidata.org\/wiki\/Q32313?uselang=es#P119\" rel=\"noreferrer noopener nofollow\" target=\"_blank\"><\/a><\/td><\/tr><tr><th scope=\"row\">Canonizaci\u00f3n<\/th><td>Antigua<\/td><\/tr><tr><th scope=\"row\">Festividad<\/th><td>16 de abril<\/td><\/tr><tr><th scope=\"row\">Venerada en<\/th><td>Iglesia cat\u00f3lica<\/td><\/tr><tr><th scope=\"row\">Patronazgo<\/th><td>Arag\u00f3n\u00a0y\u00a0Universidad de Zaragoza,\u00a0<strong><strong><a href=\"https:\/\/caminodesantiagofrances.com\/en\/provincia-de-leon\/valverde-de-la-virgen\/\" target=\"_blank\" data-type=\"link\" data-id=\"https:\/\/caminodesantiagofrances.com\/en\/provincia-de-leon\/valverde-de-la-virgen\/\" rel=\"noreferrer noopener\">Valverde de la Virgen<\/a><\/strong><\/strong>\u00a0(<strong><a href=\"https:\/\/caminodesantiagofrances.com\/en\/provincia-de-leon\/\" target=\"_blank\" data-type=\"link\" data-id=\"https:\/\/caminodesantiagofrances.com\/en\/provincia-de-leon\/\" rel=\"noreferrer noopener\">Provincia de Le\u00f3n<\/a><\/strong>)<\/td><\/tr><\/tbody><\/table><\/figure>\n\n\n<p><nav aria-label=\"breadcrumbs\" class=\"rank-math-breadcrumb\"><p><span class=\"last\">Camino de Santiago Franc\u00e9s<\/span><\/p><\/nav><\/p>\n\n\n\n<hr class=\"wp-block-separator has-alpha-channel-opacity\"\/>\n\n\n\n<p class=\"wp-block-paragraph\"><strong>V\u00e9ase tambi\u00e9n:<\/strong><\/p>\n\n\n\n<div class=\"wp-block-columns\">\n<div class=\"wp-block-column\">\n<figure class=\"wp-block-image aligncenter size-full\"><a href=\"https:\/\/caminodesantiagofrances.com\/en\/provincia-de-leon\/valverde-de-la-virgen\/\" target=\"_blank\" rel=\"noreferrer noopener\"><img loading=\"lazy\" decoding=\"async\" width=\"600\" height=\"315\" src=\"https:\/\/caminodesantiagofrances.com\/en\/wp-content\/uploads\/sites\/3\/2024\/02\/Valverde-de-la-Virgen-Camino-de-Santiago-Frances.jpg\" alt=\"\" class=\"wp-image-11636\" srcset=\"https:\/\/caminodesantiagofrances.com\/en\/wp-content\/uploads\/sites\/3\/2024\/02\/Valverde-de-la-Virgen-Camino-de-Santiago-Frances.jpg 600w, https:\/\/caminodesantiagofrances.com\/en\/wp-content\/uploads\/sites\/3\/2024\/02\/Valverde-de-la-Virgen-Camino-de-Santiago-Frances-300x158.jpg 300w\" sizes=\"auto, (max-width: 600px) 100vw, 600px\" \/><\/a><\/figure>\n\n\n\n<h3 class=\"wp-block-heading has-text-align-center\"><strong><strong><a href=\"https:\/\/caminodesantiagofrances.com\/en\/provincia-de-leon\/valverde-de-la-virgen\/\" target=\"_blank\" data-type=\"link\" data-id=\"https:\/\/caminodesantiagofrances.com\/en\/provincia-de-leon\/valverde-de-la-virgen\/\" rel=\"noreferrer noopener\">Valverde de la Virgen<\/a><\/strong><\/strong><\/h3>\n<\/div>\n\n\n\n<div class=\"wp-block-column\"><\/div>\n<\/div>\n\n\n\n<p class=\"wp-block-paragraph\"><\/p>\n","protected":false},"excerpt":{"rendered":"<p>Santa Engracia \u2013 Engracia de Zaragoza Engracia de Zaragoza&nbsp;fue una santa m\u00e1rtir&nbsp;hispanorromana. Biograf\u00eda y martirio de Santa Engracia Muri\u00f3 v\u00edctima de la&nbsp;persecuci\u00f3n&nbsp;decretada por&nbsp;Diocleciano&nbsp;en el 303(D.C). Fue mandada hacia el Rosell\u00f3n con el fin de casarse con un noble rico de all\u00e1, la acompa\u00f1aba su t\u00edo Lupercio, diecisiete nobles y una sirviente llamada Julia. Se hallaba [&hellip;]<\/p>\n","protected":false},"author":1,"featured_media":12445,"parent":5908,"menu_order":0,"comment_status":"closed","ping_status":"closed","template":"","meta":{"footnotes":""},"class_list":["post-8901","page","type-page","status-publish","has-post-thumbnail","hentry"],"_links":{"self":[{"href":"https:\/\/caminodesantiagofrances.com\/en\/wp-json\/wp\/v2\/pages\/8901","targetHints":{"allow":["GET"]}}],"collection":[{"href":"https:\/\/caminodesantiagofrances.com\/en\/wp-json\/wp\/v2\/pages"}],"about":[{"href":"https:\/\/caminodesantiagofrances.com\/en\/wp-json\/wp\/v2\/types\/page"}],"author":[{"embeddable":true,"href":"https:\/\/caminodesantiagofrances.com\/en\/wp-json\/wp\/v2\/users\/1"}],"replies":[{"embeddable":true,"href":"https:\/\/caminodesantiagofrances.com\/en\/wp-json\/wp\/v2\/comments?post=8901"}],"version-history":[{"count":0,"href":"https:\/\/caminodesantiagofrances.com\/en\/wp-json\/wp\/v2\/pages\/8901\/revisions"}],"up":[{"embeddable":true,"href":"https:\/\/caminodesantiagofrances.com\/en\/wp-json\/wp\/v2\/pages\/5908"}],"wp:featuredmedia":[{"embeddable":true,"href":"https:\/\/caminodesantiagofrances.com\/en\/wp-json\/wp\/v2\/media\/12445"}],"wp:attachment":[{"href":"https:\/\/caminodesantiagofrances.com\/en\/wp-json\/wp\/v2\/media?parent=8901"}],"curies":[{"name":"wp","href":"https:\/\/api.w.org\/{rel}","templated":true}]}}