{"id":9004,"date":"2022-11-15T19:27:38","date_gmt":"2022-11-15T19:27:38","guid":{"rendered":"https:\/\/prueba.caminodesantiagofrances.com\/en\/?page_id=9004"},"modified":"2025-07-14T03:55:30","modified_gmt":"2025-07-14T01:55:30","slug":"santa-maria-magdalena","status":"publish","type":"page","link":"https:\/\/caminodesantiagofrances.com\/en\/santos\/santa-maria-magdalena\/","title":{"rendered":"Santa Mar\u00eda Magdalena"},"content":{"rendered":"\n<h2 class=\"wp-block-heading has-text-align-center\">Mar\u00eda Magdalena<\/h2>\n\n\n\n<p class=\"wp-block-paragraph\">Mar\u00eda Magdalena (en hebreo: \u05de\u05e8\u05d9\u05dd \u05d4\u05de\u05d2\u05d3\u05dc\u05d9\u05ea; en griego antiguo: \u039c\u03b1\u03c1\u03af\u03b1 \u1f21 \u039c\u03b1\u03b3\u03b4\u03b1\u03bb\u03b7\u03bd\u03ae) es mencionada, tanto en el Nuevo Testamento can\u00f3nico como en varios evangelios ap\u00f3crifos, como una distinguida disc\u00edpula de Jes\u00fas de Nazaret.<\/p>\n\n\n\n<figure data-wp-context=\"{&quot;imageId&quot;:&quot;6a9d7edc37484&quot;}\" data-wp-interactive=\"core\/image\" data-wp-key=\"6a9d7edc37484\" class=\"wp-block-image aligncenter size-full wp-lightbox-container\"><img loading=\"lazy\" decoding=\"async\" width=\"600\" height=\"315\" data-wp-class--hide=\"state.isContentHidden\" data-wp-class--show=\"state.isContentVisible\" data-wp-init=\"callbacks.setButtonStyles\" data-wp-on--click=\"actions.showLightbox\" data-wp-on--load=\"callbacks.setButtonStyles\" data-wp-on--pointerdown=\"actions.preloadImage\" data-wp-on--pointerenter=\"actions.preloadImageWithDelay\" data-wp-on--pointerleave=\"actions.cancelPreload\" data-wp-on-window--resize=\"callbacks.setButtonStyles\" src=\"https:\/\/caminodesantiagofrances.com\/en\/wp-content\/uploads\/sites\/3\/2024\/02\/Santa-Maria-Magdalena-Camino-de-Santiago-Frances.jpg\" alt=\"\" class=\"wp-image-12284\" srcset=\"https:\/\/caminodesantiagofrances.com\/en\/wp-content\/uploads\/sites\/3\/2024\/02\/Santa-Maria-Magdalena-Camino-de-Santiago-Frances.jpg 600w, https:\/\/caminodesantiagofrances.com\/en\/wp-content\/uploads\/sites\/3\/2024\/02\/Santa-Maria-Magdalena-Camino-de-Santiago-Frances-300x158.jpg 300w\" sizes=\"auto, (max-width: 600px) 100vw, 600px\" \/><button\n\t\t\tclass=\"lightbox-trigger\"\n\t\t\ttype=\"button\"\n\t\t\taria-haspopup=\"dialog\"\n\t\t\tdata-wp-bind--aria-label=\"state.thisImage.triggerButtonAriaLabel\"\n\t\t\tdata-wp-init=\"callbacks.initTriggerButton\"\n\t\t\tdata-wp-on--click=\"actions.showLightbox\"\n\t\t\tdata-wp-style--right=\"state.thisImage.buttonRight\"\n\t\t\tdata-wp-style--top=\"state.thisImage.buttonTop\"\n\t\t>\n\t\t\t<svg xmlns=\"http:\/\/www.w3.org\/2000\/svg\" width=\"12\" height=\"12\" fill=\"none\" viewBox=\"0 0 12 12\">\n\t\t\t\t<path fill=\"#fff\" d=\"M2 0a2 2 0 0 0-2 2v2h1.5V2a.5.5 0 0 1 .5-.5h2V0H2Zm2 10.5H2a.5.5 0 0 1-.5-.5V8H0v2a2 2 0 0 0 2 2h2v-1.5ZM8 12v-1.5h2a.5.5 0 0 0 .5-.5V8H12v2a2 2 0 0 1-2 2H8Zm2-12a2 2 0 0 1 2 2v2h-1.5V2a.5.5 0 0 0-.5-.5H8V0h2Z\" \/>\n\t\t\t<\/svg>\n\t\t<\/button><figcaption class=\"wp-element-caption\"><strong>Santa Mar\u00eda Magdalena<\/strong><\/figcaption><\/figure>\n\n\n\n<p class=\"wp-block-paragraph\">Su nombre hace referencia a su lugar de procedencia: Magdala, localidad situada en la costa occidental del lago de Tiber\u00edades y aldea cercana a Cafarna\u00fam. Es considerada santa por la Iglesia cat\u00f3lica, la Iglesia ortodoxa y la Comuni\u00f3n anglicana, que celebran su festividad el 22 de julio. Reviste una especial importancia para las corrientes gn\u00f3sticas del cristianismo. En 1988, el papa Juan Pablo II en la carta Mulieris Dignitatem se refiri\u00f3 a ella como la \u00abap\u00f3stol de los ap\u00f3stoles\u00bb, y el 10 de junio de 2016, la Congregaci\u00f3n para el Culto Divino y la Disciplina de los Sacramentos public\u00f3 un decreto por el cual se eleva la memoria de santa Mar\u00eda Magdalena al grado de fiesta en el Calendario romano general,\u200b por expreso deseo del papa Francisco.<\/p>\n\n\n\n<h2 class=\"wp-block-heading has-text-align-center\">Mar\u00eda Magdalena en el Nuevo Testamento<\/h2>\n\n\n\n<p class=\"wp-block-paragraph\">La informaci\u00f3n sobre Mar\u00eda Magdalena en los&nbsp;evangelios can\u00f3nicos&nbsp;es escasa. Es citada en relaci\u00f3n con cinco hechos diferentes:<\/p>\n\n\n\n<ul class=\"wp-block-list\">\n<li>De acuerdo con el&nbsp;Evangelio de Lucas,\u200b Mar\u00eda Magdalena aloj\u00f3 y provey\u00f3 materialmente a Jes\u00fas y sus&nbsp;disc\u00edpulos&nbsp;durante su predicaci\u00f3n en&nbsp;Galilea. Se a\u00f1ade que anteriormente hab\u00eda sido curada por Jes\u00fas:&nbsp;<em>\u00abLe acompa\u00f1aban los doce y algunas mujeres que hab\u00edan sido curadas de enfermedades y esp\u00edritus malignos: Mar\u00eda, llamada Magdalena, de la cual hab\u00edan salido siete demonios Lucas 8:1-2.<\/em><\/li>\n\n\n\n<li>De acuerdo con los Evangelios de&nbsp;Marcos,&nbsp;Mateo\u200b y&nbsp;Juan, estuvo presente durante la&nbsp;crucifixi\u00f3n de Jes\u00fas.<\/li>\n\n\n\n<li>Estuvo presente en la sepultura y vio donde Jes\u00fas era puesto, seg\u00fan Mateo 27:61 y Marcos 15:47. Se la menciona junto a Mar\u00eda la madre de Jacobo el menor.<\/li>\n\n\n\n<li>En compa\u00f1\u00eda de otras mujeres, fue la primera testigo de la resurrecci\u00f3n, seg\u00fan una tradici\u00f3n en la que concuerdan los cuatro evangelios.\u200b Despu\u00e9s comunic\u00f3 la noticia a&nbsp;Pedro&nbsp;y a los dem\u00e1s&nbsp;ap\u00f3stoles.<\/li>\n\n\n\n<li>Seg\u00fan un relato que s\u00f3lo aparece en el Evangelio de Juan, fue testigo de una aparici\u00f3n de Jes\u00fas resucitado.<\/li>\n<\/ul>\n\n\n\n<h2 class=\"wp-block-heading has-text-align-center\">Veneraci\u00f3n de Mar\u00eda Magdalena<\/h2>\n\n\n\n<h3 class=\"wp-block-heading\">V\u00e9zelay<\/h3>\n\n\n\n<p class=\"wp-block-paragraph\">El primer lugar de&nbsp;Francia&nbsp;en el que se sabe que hubo culto a Mar\u00eda Magdalena fue la ciudad de&nbsp;V\u00e9zelay, en&nbsp;Borgo\u00f1a. Aunque, seg\u00fan parece, en sus inicios el templo de V\u00e9zelay estaba dedicado a la virgen Mar\u00eda, y no a Mar\u00eda Magdalena, por alguna raz\u00f3n los monjes decidieron que la abad\u00eda era el lugar de enterramiento de Mar\u00eda Magdalena, y est\u00e1n atestiguadas las peregrinaciones al sepulcro de Mar\u00eda Magdalena en V\u00e9zelay desde al menos 1030. El 27 de abril de 1050, una bula del papa&nbsp;Le\u00f3n IX&nbsp;colocaba oficialmente la abad\u00eda de V\u00e9zelay bajo el patronazgo de Mar\u00eda Magdalena.&nbsp;Santiago de la Vor\u00e1gine&nbsp;refiere la versi\u00f3n oficial del traslado de las reliquias de la santa desde su sepulcro en el oratorio de San Maximino en Aix-en-Provence hasta la reci\u00e9n fundada abad\u00eda de V\u00e9zelay, en 771. El san Maximino de esta leyenda es un personaje que combina rasgos del obispo hist\u00f3rico Maximino con el Maximino que seg\u00fan la leyenda acompa\u00f1\u00f3 a Mar\u00eda Magdalena, Marta y L\u00e1zaro a Provenza.<\/p>\n\n\n\n<h3 class=\"wp-block-heading\">Saint-Maximin<\/h3>\n\n\n\n<p class=\"wp-block-paragraph\">Un culto posterior que atrajo numerosos peregrinos se inici\u00f3 cuando el cuerpo de Mar\u00eda Magdalena fue oficialmente descubierto, el 9 de septiembre de 1279, en&nbsp;Saint-Maximin-la-Sainte-Baume,&nbsp;Provenza, por el entonces pr\u00edncipe de Salerno, futuro rey&nbsp;Carlos II de N\u00e1poles. En esa ubicaci\u00f3n se construy\u00f3 un gran monasterio&nbsp;dominico, de estilo&nbsp;g\u00f3tico, uno de los m\u00e1s importantes del sur de Francia.<\/p>\n\n\n\n<p class=\"wp-block-paragraph\">En 1600, las supuestas reliquias fueron depositadas en un sarc\u00f3fago mandado realizar por el papa&nbsp;Clemente VIII, pero la cabeza se deposit\u00f3 aparte, en un relicario. Las reliquias fueron profanadas durante la&nbsp;Revoluci\u00f3n francesa. En 1814 se restaur\u00f3 el templo y se recuper\u00f3 la cabeza de la santa, que se venera actualmente en ese lugar.<\/p>\n\n\n\n<h3 class=\"wp-block-heading has-text-align-center\">Mar\u00eda Magdalena y otras santas cat\u00f3licas<\/h3>\n\n\n\n<p class=\"wp-block-paragraph\">Mar\u00eda Magdalena fue fuente de inspiraci\u00f3n para dos de las&nbsp;m\u00edsticas&nbsp;y&nbsp;doctoras de la Iglesia&nbsp;m\u00e1s importantes en el catolicismo: santa&nbsp;Teresa de \u00c1vila, quien refiri\u00f3 haber recibido ayuda espiritual de la Magdalena \u200by santa&nbsp;Teresa del Ni\u00f1o Jes\u00fas, qui\u00e9n admiraba este amor tan profundo relatado en el Evangelio en el cual Mar\u00eda Magdalena piensa en servir a quien ama; as\u00ed, Teresa decidi\u00f3 dedicar su vida a qui\u00e9n m\u00e1s amaba: Jes\u00fas de Nazaret. En 1894 escribi\u00f3: \u00abJes\u00fas nos ha defendido en la persona de Mar\u00eda Magdalena\u00bb.\u200b<\/p>\n\n\n\n<h2 class=\"wp-block-heading has-text-align-center\">Santa Mar\u00eda Magdalena<\/h2>\n\n\n\n<figure class=\"wp-block-table\"><table><tbody><tr><th scope=\"row\">Canonizaci\u00f3n<\/th><td><em>Culto inmemorial<\/em><\/td><\/tr><tr><th scope=\"row\">Festividad<\/th><td>22 de julio<\/td><\/tr><tr><th scope=\"row\">Atributos<\/th><td>Cabello largo, cr\u00e1neo, frasco de perfume y abrazo a los pies de Cristo crucificado<\/td><\/tr><tr><th scope=\"row\">Venerada en<\/th><td>todas las iglesias que reconocen el culto a los&nbsp;santos<\/td><\/tr><tr><th scope=\"row\">Patronazgo<\/th><td>Peluqueros,&nbsp;<strong><a href=\"https:\/\/prueba.caminodesantiagofrances.com\/en\/l\/viana\/\" target=\"_blank\" data-type=\"URL\" data-id=\"https:\/\/prueba.caminodesantiagofrances.com\/en\/l\/viana\/\" rel=\"noreferrer noopener\">Viana<\/a><\/strong>,&nbsp;Anguiano&nbsp;y&nbsp;Arahal<\/td><\/tr><tr><th scope=\"row\">Santuario<\/th><td>Bas\u00edlica de&nbsp;Saint-Maximin-la-Sainte-Baume<\/td><\/tr><tr><th>Informaci\u00f3n personal<\/th><\/tr><tr><th scope=\"row\">Nombre<\/th><td>Mar\u00eda Magdalena (en&nbsp;hebreo,&nbsp;\u05de\u05e8\u05d9\u05dd \u05d4\u05de\u05d2\u05d3\u05dc\u05d9\u05ea\u200e)<\/td><\/tr><tr><th scope=\"row\">Nacimiento<\/th><td>c.&nbsp;siglo I, Magdala&nbsp;(Judea)<\/td><\/tr><tr><th scope=\"row\">Fallecimiento<\/th><td>siglo&nbsp;I, \u00c9feso?<\/td><\/tr><\/tbody><\/table><\/figure>\n\n\n<p><nav aria-label=\"breadcrumbs\" class=\"rank-math-breadcrumb\"><p><span class=\"last\">Camino de Santiago Franc\u00e9s<\/span><\/p><\/nav><\/p>\n\n\n\n<hr class=\"wp-block-separator has-alpha-channel-opacity\"\/>\n\n\n\n<p class=\"wp-block-paragraph\"><strong>V\u00e9ase tambi\u00e9n:<\/strong><\/p>\n\n\n\n<div class=\"wp-block-columns\">\n<div class=\"wp-block-column\">\n<figure class=\"wp-block-image size-full\"><a href=\"https:\/\/prueba.caminodesantiagofrances.com\/en\/l\/viana\/\" target=\"_blank\" rel=\"noreferrer noopener\"><img decoding=\"async\" src=\"https:\/\/caminodesantiagofrances.com\/en\/wp-content\/uploads\/sites\/3\/2022\/10\/Viana-Camino-de-Santiago-Frances.jpg\" alt=\"\" class=\"wp-image-6486\"><\/a><\/figure>\n\n\n\n<h3 class=\"wp-block-heading has-text-align-center\"><strong><a href=\"https:\/\/prueba.caminodesantiagofrances.com\/en\/l\/viana\/\" data-type=\"URL\" data-id=\"https:\/\/prueba.caminodesantiagofrances.com\/en\/l\/viana\/\" target=\"_blank\" rel=\"noreferrer noopener\">Viana<\/a><\/strong><\/h3>\n<\/div>\n\n\n\n<div class=\"wp-block-column\"><\/div>\n<\/div>\n\n\n\n<p class=\"wp-block-paragraph\"><\/p>\n\n\n\n<p class=\"wp-block-paragraph\"><\/p>\n","protected":false},"excerpt":{"rendered":"<p>Mar\u00eda Magdalena Mar\u00eda Magdalena (en hebreo: \u05de\u05e8\u05d9\u05dd \u05d4\u05de\u05d2\u05d3\u05dc\u05d9\u05ea; en griego antiguo: \u039c\u03b1\u03c1\u03af\u03b1 \u1f21 \u039c\u03b1\u03b3\u03b4\u03b1\u03bb\u03b7\u03bd\u03ae) es mencionada, tanto en el Nuevo Testamento can\u00f3nico como en varios evangelios ap\u00f3crifos, como una distinguida disc\u00edpula de Jes\u00fas de Nazaret. Su nombre hace referencia a su lugar de procedencia: Magdala, localidad situada en la costa occidental del lago de Tiber\u00edades [&hellip;]<\/p>\n","protected":false},"author":1,"featured_media":12284,"parent":5908,"menu_order":0,"comment_status":"closed","ping_status":"closed","template":"","meta":{"footnotes":""},"class_list":["post-9004","page","type-page","status-publish","has-post-thumbnail","hentry"],"_links":{"self":[{"href":"https:\/\/caminodesantiagofrances.com\/en\/wp-json\/wp\/v2\/pages\/9004","targetHints":{"allow":["GET"]}}],"collection":[{"href":"https:\/\/caminodesantiagofrances.com\/en\/wp-json\/wp\/v2\/pages"}],"about":[{"href":"https:\/\/caminodesantiagofrances.com\/en\/wp-json\/wp\/v2\/types\/page"}],"author":[{"embeddable":true,"href":"https:\/\/caminodesantiagofrances.com\/en\/wp-json\/wp\/v2\/users\/1"}],"replies":[{"embeddable":true,"href":"https:\/\/caminodesantiagofrances.com\/en\/wp-json\/wp\/v2\/comments?post=9004"}],"version-history":[{"count":0,"href":"https:\/\/caminodesantiagofrances.com\/en\/wp-json\/wp\/v2\/pages\/9004\/revisions"}],"up":[{"embeddable":true,"href":"https:\/\/caminodesantiagofrances.com\/en\/wp-json\/wp\/v2\/pages\/5908"}],"wp:featuredmedia":[{"embeddable":true,"href":"https:\/\/caminodesantiagofrances.com\/en\/wp-json\/wp\/v2\/media\/12284"}],"wp:attachment":[{"href":"https:\/\/caminodesantiagofrances.com\/en\/wp-json\/wp\/v2\/media?parent=9004"}],"curies":[{"name":"wp","href":"https:\/\/api.w.org\/{rel}","templated":true}]}}