{"id":9495,"date":"2022-11-27T14:52:03","date_gmt":"2022-11-27T14:52:03","guid":{"rendered":"https:\/\/prueba.caminodesantiagofrances.com\/en\/?page_id=9495"},"modified":"2025-05-28T00:02:51","modified_gmt":"2025-05-27T22:02:51","slug":"san-nicolas-de-bari","status":"publish","type":"page","link":"https:\/\/caminodesantiagofrances.com\/en\/santos\/san-nicolas-de-bari\/","title":{"rendered":"San Nicol\u00e1s de Bari"},"content":{"rendered":"\n<h2 class=\"wp-block-heading has-text-align-center\"><strong>San Nicol\u00e1s de Mira<\/strong>&nbsp;o&nbsp;<strong>San Nicol\u00e1s de Bari<\/strong><\/h2>\n\n\n\n<p class=\"wp-block-paragraph\"><strong>San Nicol\u00e1s<\/strong>, tambi\u00e9n conocido como&nbsp;<strong>San Nicol\u00e1s de Mira<\/strong>&nbsp;o&nbsp;<strong>San Nicol\u00e1s de Bari<\/strong>&nbsp;(en Occidente, por el lugar donde fueron trasladados sus restos) fue un&nbsp;obispo&nbsp;que vivi\u00f3 en el&nbsp;siglo IV. M\u00e1s de dos mil templos est\u00e1n dedicados a \u00e9l en todo el mundo.<\/p>\n\n\n\n<h2 class=\"wp-block-heading has-text-align-center\"><strong>Biograf\u00eda San Nicol\u00e1s de Bari<\/strong><\/h2>\n\n\n\n<p class=\"wp-block-paragraph\">Naci\u00f3 en&nbsp;Patara, en la regi\u00f3n de&nbsp;Licia&nbsp;(actualmente dentro del territorio de&nbsp;Turqu\u00eda) en una familia adinerada y desde ni\u00f1o se destac\u00f3 por su car\u00e1cter piadoso y generoso. Sus padres, fervorosos cristianos, lo educaron en la fe. Despu\u00e9s de la muerte de sus padres, Nicol\u00e1s hered\u00f3 una gran fortuna que puso al servicio de los necesitados, seg\u00fan la&nbsp;hagiograf\u00eda&nbsp;escrita por&nbsp;San Metodio,&nbsp;arzobispo&nbsp;de&nbsp;Constantinopla.<\/p>\n\n\n\n<p class=\"wp-block-paragraph\">Al morir sus padres, reparti\u00f3 toda su fortuna entre los pobres y se fue a vivir a&nbsp;Mira&nbsp;(Anatolia, actual&nbsp;Turqu\u00eda), donde ser\u00eda consagrado obispo de una forma muy curiosa. Dice la leyenda que varios&nbsp;sacerdotes&nbsp;y obispos se encontraban discutiendo sobre qui\u00e9n ser\u00eda el futuro obispo, pues el anterior hab\u00eda fallecido. Al no ponerse de acuerdo, se decidi\u00f3 que fuera el pr\u00f3ximo sacerdote que entrase en el templo, que casualmente fue Nicol\u00e1s de Bari.<\/p>\n\n\n\n<p class=\"wp-block-paragraph\">Durante su \u00e9poca como obispo, y en su af\u00e1n por erradicar los cultos paganos, orden\u00f3 demoler el templo de&nbsp;Artemisa&nbsp;en Mira; el templo m\u00e1s grande y famoso de Licia, as\u00ed como otros varios edificios paganos.\u200b<\/p>\n\n\n\n<p class=\"wp-block-paragraph\">Por un decreto del emperador&nbsp;Licinio&nbsp;contra los cristianos fue encarcelado y su barba quemada, siendo liberado por el emperador&nbsp;Constantino.<\/p>\n\n\n\n<p class=\"wp-block-paragraph\">Particip\u00f3 en el&nbsp;Concilio de Nicea, condenando las doctrinas de&nbsp;Arrio, quien se negaba a admitir el&nbsp;dogma&nbsp;de la divinidad de Cristo. Para combatir los errores, utilizaba una dulzura exquisita, logrando grandes y sinceras conversiones, a pesar de su discreto talento especulativo y orador que tanto gusta a los orientales. Sin embargo, cuando se trataba de proteger a los m\u00e1s d\u00e9biles de los poderosos, San Nicol\u00e1s, a pesar de su avanzada edad, actuaba con gran arrojo y vigor.<a href=\"https:\/\/es.wikipedia.org\/wiki\/Archivo:Bari_BW_2016-10-19_13-35-11_stitch.jpg\" rel=\"nofollow noopener\" target=\"_blank\"><\/a><\/p>\n\n\n\n<p class=\"wp-block-paragraph\">San Nicol\u00e1s de Bari muri\u00f3 el 6 de diciembre del a\u00f1o 343 en Mira, pero sus restos descansan en la ciudad portuaria&nbsp;italiana&nbsp;de&nbsp;Bari, pues all\u00ed fueron a dar despu\u00e9s de que fueran sacados de Turqu\u00eda tras la&nbsp;conquista musulmana. Tras su muerte se convirti\u00f3 en el primer santo no m\u00e1rtir en gozar de una especial devoci\u00f3n en Oriente y Occidente. Multitud de relatos milagrosos aparecieron sobre \u00e9l, desfigurando, a veces, su eminente car\u00e1cter pr\u00e1ctico y sencillo.<\/p>\n\n\n\n<h2 class=\"wp-block-heading has-text-align-center\"><strong>Milagros San Nicol\u00e1s de Bari<\/strong><\/h2>\n\n\n\n<p class=\"wp-block-paragraph\">Son muchos los milagros que se le atribuyen. Uno de los de mayor repercusi\u00f3n es el que cuenta que, siendo a\u00fan joven, se compadeci\u00f3 de un desquiciado hidalgo de la localidad de Patara, en la&nbsp;Licia, que habiendo ca\u00eddo en la m\u00e1s absoluta miseria se hab\u00eda visto obligado a prostituir a sus tres hijas (seg\u00fan el relato, hermosas y honestas). Para remediarlo, el santo de Bari ech\u00f3 tres zapatos \u2014seg\u00fan otras versiones bolsos\u2014 llenos de oro, en otras tantas noches por la ventana del cuarto \u00abdonde dorm\u00eda aquel padre desnaturalizado, con lo que provey\u00f3 el remedio oportuno\u00bb. En otra versi\u00f3n, que har\u00eda historia, dej\u00f3 caer por la chimenea unas monedas de oro que milagrosamente cayeron en unas medias de lana que las j\u00f3venes hab\u00edan dejado secando, y de aqu\u00ed se supone la tradici\u00f3n de colgar las medias tejidas que sirven para recibir regalos en Navidad. As\u00ed tambi\u00e9n, en ocasiones se representa al obispo de Mira con tres monedas de oro en las manos en sus representaciones m\u00e1s reconocidas: su opereta y la leyenda del papa noel.<\/p>\n\n\n\n<figure class=\"wp-block-image aligncenter size-full\"><img loading=\"lazy\" decoding=\"async\" width=\"600\" height=\"315\" src=\"https:\/\/caminodesantiagofrances.com\/en\/wp-content\/uploads\/sites\/3\/2024\/02\/San-Nicolas-de-Bari-Camino-de-Santiago-Frances.jpg\" alt=\"\" class=\"wp-image-12421\" srcset=\"https:\/\/caminodesantiagofrances.com\/en\/wp-content\/uploads\/sites\/3\/2024\/02\/San-Nicolas-de-Bari-Camino-de-Santiago-Frances.jpg 600w, https:\/\/caminodesantiagofrances.com\/en\/wp-content\/uploads\/sites\/3\/2024\/02\/San-Nicolas-de-Bari-Camino-de-Santiago-Frances-300x158.jpg 300w\" sizes=\"auto, (max-width: 600px) 100vw, 600px\" \/><figcaption class=\"wp-element-caption\"><strong>San Nicol\u00e1s de Bari<\/strong><\/figcaption><\/figure>\n\n\n\n<p class=\"wp-block-paragraph\">Pellicer, en su&nbsp;<em>Tratado hist\u00f3rico<\/em>,\u200b informa que era habitual en la corte de&nbsp;Felipe II de Espa\u00f1a&nbsp;la puesta en escena el&nbsp;6 de diciembre, d\u00eda de San Nicol\u00e1s de Bari, de la llamada&nbsp;<em>Fiesta del zapato<\/em>, con la eventual participaci\u00f3n de alguna dama de Palacio.\u200b<\/p>\n\n\n\n<p class=\"wp-block-paragraph\">Otro milagro conocido es el de haber resucitado por su intercesi\u00f3n a tres ni\u00f1os que hab\u00edan ca\u00eddo de un \u00e1rbol y muerto al instante. Tambi\u00e9n se le atribuye el milagro de los tres ni\u00f1os sacrificados para dar de comer a los clientes de un hostelero, siendo devueltos a la vida por intercesi\u00f3n del santo. Motivo por el cual se le representa con tres ni\u00f1os a su lado, en una cubeta.<\/p>\n\n\n\n<p class=\"wp-block-paragraph\">Se cuenta que cierta vez salv\u00f3 la vida de tres generales condenados a muerte injustamente. Tambi\u00e9n se cuenta que en otra ocasi\u00f3n, hall\u00e1ndose un grupo de&nbsp;marineros&nbsp;en medio de una tempestad y habiendo invocado la protecci\u00f3n de San Nicol\u00e1s, vieron aparecer la figura del santo sobre el barco y al momento la tempestad se calm\u00f3. Uno de los supuestos milagros m\u00e1s recientes, ocurrido durante la&nbsp;Segunda Guerra Mundial, cuenta c\u00f3mo en un bombardeo a la ciudad de&nbsp;Bari&nbsp;una madre se separ\u00f3 de su ni\u00f1o en medio de la confusi\u00f3n, apareciendo este horas despu\u00e9s a la puerta de la casa sano y salvo. El ni\u00f1o cont\u00f3 c\u00f3mo un hombre que describi\u00f3 como San Nicol\u00e1s lo ayud\u00f3, lo protegi\u00f3 y lo llev\u00f3 de regreso a su casa.<\/p>\n\n\n\n<h3 class=\"wp-block-heading has-text-align-center\"><strong>Devoci\u00f3n San Nicol\u00e1s de Bari<\/strong><\/h3>\n\n\n\n<p class=\"wp-block-paragraph\">En Oriente lo llaman Nicol\u00e1s de&nbsp;Mira, por la ciudad donde estuvo de obispo, pero en Occidente se le llama Nicol\u00e1s de&nbsp;Bari, porque cuando los musulmanes conquistaron&nbsp;Anatolia, un grupo de cristianos sac\u00f3 de all\u00ed en secreto las reliquias del santo y se las llev\u00f3 a la&nbsp;ciudad de Bari, en Italia. En esa ciudad se le adjudicaron tan admirables milagros al rezarle que su culto lleg\u00f3 a ser sumamente popular en toda Europa. Es patrono de Rusia, de Grecia y de Turqu\u00eda. En Roma ya en el a\u00f1o 550 hab\u00eda construido un templo en su honor.<\/p>\n\n\n\n<p class=\"wp-block-paragraph\">Su nombre es notable tambi\u00e9n fuera del mundo cristiano porque su figura ha dado origen al personaje de&nbsp;<em>Santa Claus<\/em>&nbsp;(del&nbsp;alem\u00e1n&nbsp;<em>Sankt Niklaus<\/em>), conocido tambi\u00e9n como&nbsp;Pap\u00e1 Noel.\u200b<\/p>\n\n\n\n<p class=\"wp-block-paragraph\">San Josemar\u00eda Escriv\u00e1 de Balaguer&nbsp;le nombr\u00f3 santo intercesor del&nbsp;Opus Dei&nbsp;(6 de diciembre de 1934).\u200b<\/p>\n\n\n\n<h3 class=\"wp-block-heading has-text-align-center\"><strong>Opereta&nbsp;<em>Llega San Nicol\u00e1s<\/em><\/strong><\/h3>\n\n\n\n<p class=\"wp-block-paragraph\">El sacerdote&nbsp;salesiano&nbsp;Jerko Grzincic&nbsp;escribi\u00f3 una&nbsp;opereta&nbsp;navide\u00f1a titulada&nbsp;<em>Llega San Nicol\u00e1s<\/em>, compuesta de tres actos. El juego musical abarca un gran n\u00famero de ni\u00f1os, en representaci\u00f3n de&nbsp;\u00e1ngeles,&nbsp;demonios, Santos&nbsp;Crisp\u00edn&nbsp;y&nbsp;Gerardo&nbsp;y otros. El estreno se llev\u00f3 a cabo por primera vez antes de la&nbsp;Segunda Guerra Mundial&nbsp;en&nbsp;Ljubljana&nbsp;con gran \u00e9xito.\u200b<\/p>\n\n\n\n<p class=\"wp-block-paragraph\">El primer acto tiene lugar en el cielo con los \u00e1ngeles, que se preparan para la gran ceremonia de ir a la Tierra. San Crisp\u00edn (zapatero) y San Gerardo (sastre) hacen zapatos y ropa para los ni\u00f1os pobres.<\/p>\n\n\n\n<p class=\"wp-block-paragraph\">El segundo acto se desarrolla en un moderno infierno. Los diablos, con Lucifer a la cabeza, planean c\u00f3mo van a enga\u00f1ar a los ni\u00f1os y j\u00f3venes de mala manera.<\/p>\n\n\n\n<p class=\"wp-block-paragraph\">El tercer acto se va a la Tierra. San Nicol\u00e1s viene ahora a dar la bienvenida a la audiencia, acompa\u00f1ado por los \u00e1ngeles. El Santo Obispo ense\u00f1a en su discurso no solo a los ni\u00f1os, sino tambi\u00e9n a sus padres, amigos y familiares: ser bueno y trabajador, piadoso y generoso. Ahora los ni\u00f1os buenos reciben regalos.<\/p>\n\n\n\n<p class=\"wp-block-paragraph\">Al final, San Nicol\u00e1s les desea a todos Feliz Navidad, con el deseo de vivir en paz y armon\u00eda.<\/p>\n\n\n\n<h3 class=\"wp-block-heading has-text-align-center\"><strong>Leyenda de Pap\u00e1 Noel<\/strong><\/h3>\n\n\n\n<p class=\"wp-block-paragraph\">Nicol\u00e1s de Bari se convirti\u00f3 en la base de la figura de Pap\u00e1 Noel, Santa Claus o San Nicol\u00e1s, personaje&nbsp;legendario&nbsp;que seg\u00fan la cultura occidental trae&nbsp;regalos&nbsp;a los ni\u00f1os por&nbsp;Navidad&nbsp;(la noche del 24 de al 25 de diciembre).<\/p>\n\n\n\n<h2 class=\"wp-block-heading has-text-align-center\"><strong>San Nicol\u00e1s de Bari<\/strong><\/h2>\n\n\n\n<figure class=\"wp-block-table\"><table><tbody><tr><th scope=\"row\">Nombre en griego<\/th><td>\u0386\u03b3\u03b9\u03bf\u03c2 \u039d\u03b9\u03ba\u03cc\u03bb\u03b1\u03bf\u03c2&nbsp;<a href=\"https:\/\/www.wikidata.org\/wiki\/Q44269?uselang=es#P1559\" rel=\"nofollow noopener\" target=\"_blank\"><\/a><\/td><\/tr><tr><th scope=\"row\">Nacimiento<\/th><td>alrededor de&nbsp;270\u200b, Patara de Licia,&nbsp;Imperio romano<\/td><\/tr><tr><th scope=\"row\">Fallecimiento<\/th><td>entre&nbsp;345&nbsp;y&nbsp;352, Mira,&nbsp;Imperio romano<\/td><\/tr><tr><th scope=\"row\">Sepultura<\/th><td>Bas\u00edlica de San Nicol\u00e1s&nbsp;<a href=\"https:\/\/www.wikidata.org\/wiki\/Q44269?uselang=es#P119\" rel=\"nofollow noopener\" target=\"_blank\"><\/a><\/td><\/tr><tr><th scope=\"row\">Religi\u00f3n<\/th><td>Cristianismo primitivo&nbsp;<a href=\"https:\/\/www.wikidata.org\/wiki\/Q44269?uselang=es#P140\" rel=\"nofollow noopener\" target=\"_blank\"><\/a><\/td><\/tr><tr><th>Informaci\u00f3n profesional<\/th><\/tr><tr><th scope=\"row\">Ocupaci\u00f3n<\/th><td>Presb\u00edtero&nbsp;<a href=\"https:\/\/www.wikidata.org\/wiki\/Q44269?uselang=es#P106\" rel=\"nofollow noopener\" target=\"_blank\"><\/a><\/td><\/tr><tr><th scope=\"row\">Cargos ocupados<\/th><td>Obispo diocesanoObispo cat\u00f3lico&nbsp;<a href=\"https:\/\/www.wikidata.org\/wiki\/Q44269?uselang=es#P39\" rel=\"nofollow noopener\" target=\"_blank\"><\/a><\/td><\/tr><tr><th>Informaci\u00f3n religiosa<\/th><\/tr><tr><th scope=\"row\">Canonizaci\u00f3n<\/th><td>Taumaturgo y prelado&nbsp;<a href=\"https:\/\/www.wikidata.org\/wiki\/Q44269?uselang=es#P411\" rel=\"nofollow noopener\" target=\"_blank\"><\/a><\/td><\/tr><tr><th scope=\"row\">Festividad<\/th><td>6 de diciembre<sup><a href=\"https:\/\/es.wikipedia.org\/wiki\/Calendario_juliano\" rel=\"nofollow noopener\" target=\"_blank\">.<\/a><\/sup>\/&nbsp;19 de diciembre<\/td><\/tr><tr><th scope=\"row\">Atributos<\/th><td>Vestiduras de obispo, junto con Cristo a la derecha otorg\u00e1ndole el Evangelio y la&nbsp;Theotokos, a la Izquierda entreg\u00e1ndole el&nbsp;Omoforio&nbsp;(o el&nbsp;Palio) episcopal (algunas veces, con algunos relatos escritos de su vida y muerte incruenta; o tambi\u00e9n junto con los Padres Eclesi\u00e1sticos y apost\u00f3licos, y algunos otros Santos defensores de la Fe); o el s\u00edmbolo de tres monedas de oro.<\/td><\/tr><tr><th scope=\"row\">Venerado en<\/th><td>Iglesia cat\u00f3lica<\/td><\/tr><tr><th scope=\"row\">Patronazgo<\/th><td>Grecia,&nbsp;Rusia,&nbsp;Turqu\u00eda&nbsp;<a href=\"https:\/\/es.wikipedia.org\/wiki\/Archivo:Flag_of_Turkey.svg\" rel=\"nofollow noopener\" target=\"_blank\"><\/a>;&nbsp;Lorena(Francia),&nbsp;<a href=\"https:\/\/es.wikipedia.org\/wiki\/Archivo:Blason_Lorraine.svg\" rel=\"nofollow noopener\" target=\"_blank\"><\/a>Aberdeen,&nbsp;Alicante,&nbsp;\u00c1msterdam,&nbsp;Bari,&nbsp;Mykolaiv,&nbsp;Beit Jala,&nbsp;Friburgo im \u00dcechtland,&nbsp;Fresno de Cantespino,&nbsp;Galway,&nbsp;La Rioja (Capital),&nbsp;Macchia Valfortore,&nbsp;Portsmouth,&nbsp;Porlamar,&nbsp;Requena,&nbsp;San Nicol\u00e1s de los Arroyos,&nbsp;Alhama de Almer\u00eda,&nbsp;Si\u0121\u0121iewi,&nbsp;Valdeca\u00f1as de Cerrato,&nbsp;<strong><a href=\"https:\/\/caminodesantiagofrances.com\/en\/provincia-de-leon\/molinaseca\/\" target=\"_blank\" data-type=\"link\" data-id=\"https:\/\/caminodesantiagofrances.com\/en\/provincia-de-leon\/molinaseca\/\" rel=\"noreferrer noopener\">Molinaseca<\/a><\/strong>, Ni\u00f1os; marineros, pescadores, gente de mar y viajeros en general; prestamistas; prostitutas; personas acusadas injustamente<\/td><\/tr><\/tbody><\/table><\/figure>\n\n\n<p><nav aria-label=\"breadcrumbs\" class=\"rank-math-breadcrumb\"><p><span class=\"last\">Camino de Santiago Franc\u00e9s<\/span><\/p><\/nav><\/p>\n\n\n\n<hr class=\"wp-block-separator has-alpha-channel-opacity\"\/>\n\n\n\n<h2 class=\"wp-block-heading has-text-align-center\">Iglesias dedicadas a San Nicol\u00e1s de Bari<\/h2>\n\n\n\n<div class=\"wp-block-geodirectory-geodir-widget-listings\"><div class=\"geodir-listings bsui sdel-b2514836\" >\t\t<div id=\"geodir_6a9d674b07f52\" class=\"geodir_locations geodir_location_listing\n\t\t\t\t\t\t\t mb-3\t\t position-relative\">\n\t\t\t\t<div\n\t\tclass=\"row row-cols-1 row-cols-sm-2 geodir-category-list-view geodir-widget-posts geodir-gridview row-cols-md-2\">\n\t\t\n<div class=\"col mb-4 geodir-post post-14874 gd_place type-gd_place status-publish has-post-thumbnail gd-post-pkg-1\" data-post-id=\"14874\">\n\t\t<div class=\"card h-100 p-0 m-0 mw-100  \">\n\t<div class=\"card p-0 mw-100 h-100 \"><div class=\"card-img-top overflow-hidden position-relative  \"><span class=\"bsui gd-badge-meta\"><a href=\"https:\/\/caminodesantiagofrances.com\/en\/lo\/categoria\/iglesia\/\" class=\"gd-badge border-0 badge ab-bottom-left ms-1\" data-id=\"14874\" data-badge=\"default_category\" data-badge-condition=\"is_not_empty\" style=\"background-color:rgba(0,0,0,0.5);border-color:rgba(0,0,0,0.5);color:#ffffff;\">Iglesia<\/a>\n<\/span><div class=\"geodir_post_meta gd-fav-info-wrap  gd-fav-hide-text ab-bottom-right me-1  mb-n1  me-1 mb-n1 ab-bottom-right\" >\t\t<span class=\"gd-list-favorite\">\n\t\t\t<span class=\"geodir-addtofav favorite_property_14874  h5\" aria-hidden=\"true\"><span  title=\"Add to Favourites\"  class=\"geodir-addtofav-icon c-pointer geodir-act-fav\"  data-color-on=\"#ff0000\"  data-icon=\"fas fa-heart\"  data-color-off=\"rgba(223,223,223,0.8)\"  data-text-color=\"\"  data-bs-toggle=\"tooltip\"  aria-hidden=\"true\"  onclick=\"javascript:window.location.href='https:\/\/caminodesantiagofrances.com\/en\/wp-login.php'\"  ><i class=\"fas fa-heart\"  style=\"color:rgba(223,223,223,0.8);\" ><\/i> <span class=\"geodir-fav-text gv-secondary visually-hidden\" style=\"\" aria-hidden=\"true\">Favourite<\/span><\/span>\n<\/span>\t\t<\/span>\n\t\t<\/div><div class=\"geodir-post-slider bsui sdel-03994e04\" ><div class=\"geodir-image-container geodir-image-sizes-medium_large overflow-hidden\">\n\t\t\t<div class=\"geodir-images aui-gallery geodir-images-n-1 geodir-images-image carousel-inner \">\n\t\t<div class=\"carousel-item active\"><a href=\"https:\/\/caminodesantiagofrances.com\/en\/lo\/iglesia-de-san-nicolas-de-bari\/\" class=\"geodir-link-image embed-has-action ratio ratio-16x9 ratio ratio-16x9 d-block\"><img src='data:image\/png;base64,iVBORw0KGgoAAAANSUhEUgAAAGQAAAABCAQAAACC0sM2AAAADklEQVR42mP8X88wLAAAK5IBgMYCdqgAAAAASUVORK5CYII=' data-src=\"https:\/\/caminodesantiagofrances.com\/en\/wp-content\/uploads\/sites\/3\/2025\/04\/Iglesia-de-San-Nicolas-de-Bari-Camino-de-Santiago-Frances-768x403.jpg\" alt=\"Iglesia de San Nicolas de Bari Camino de Santiago Frances 768x403\" width=\"768\" height=\"403\" class=\"geodir-lazy-load align size-medium_large geodir-image-717 embed-item-cover-xy w-100 p-0 m-0 mw-100 border-0\" data-srcset=\"https:\/\/caminodesantiagofrances.com\/en\/wp-content\/uploads\/sites\/3\/2025\/04\/Iglesia-de-San-Nicolas-de-Bari-Camino-de-Santiago-Frances-768x403.jpg 768w, https:\/\/caminodesantiagofrances.com\/en\/wp-content\/uploads\/sites\/3\/2025\/04\/Iglesia-de-San-Nicolas-de-Bari-Camino-de-Santiago-Frances-300x158.jpg 300w, https:\/\/caminodesantiagofrances.com\/en\/wp-content\/uploads\/sites\/3\/2025\/04\/Iglesia-de-San-Nicolas-de-Bari-Camino-de-Santiago-Frances-1024x538.jpg 1024w, https:\/\/caminodesantiagofrances.com\/en\/wp-content\/uploads\/sites\/3\/2025\/04\/Iglesia-de-San-Nicolas-de-Bari-Camino-de-Santiago-Frances.jpg 1200w\" sizes=\"(max-width: 768px) 100vw, 768px\" \/><i class=\"fas fa-link w-auto h-auto\" aria-hidden=\"true\"><\/i><\/a><\/div>\t\t<\/div>\n\t\t<\/div>\n<\/div><\/div><div class=\"card-body p-2  \"><div class=\"row justify-content-center gv-hide-3 gv-hide-0\"><div class=\"col col-4 text-center tofront \"><a href=\"https:\/\/caminodesantiagofrances.com\/en\/author\/caminodesantiagofrances-com\/\" title=\"caminodesantiagofrances-com\"><img decoding=\"async\" style=\"max-height:75px;\" class=\"rounded-circle shadow border border-white border-width-4 p-0 mw-100 mt-n5 bg-white\" src=\"https:\/\/secure.gravatar.com\/avatar\/03aa5dc32308904f80a38258afc0335b43d4b2bec3418626e4f8712b71c3b93e?s=96&#038;d=mm&#038;r=g\" alt=\"Author Image\"><\/a><\/div><\/div><div class=\"geodir-post-title bsui sdel-caa60b10\" ><h3 class=\"geodir-entry-title  h5 \"><a href=\"https:\/\/caminodesantiagofrances.com\/en\/lo\/iglesia-de-san-nicolas-de-bari\/\" class=\"\" title=\"View: Iglesia de San Nicol\u00e1s de Bari\">Iglesia de San Nicol\u00e1s de Bari<\/a><\/h3><\/div><div class=\"geodir-post-content-container bsui sdel-1e477937\" ><div class=\"geodir_post_meta  text-justify pb-1 position-relative geodir-field-post_content\" >Iglesia de San Nicol\u00e1s de Bari en Molinaseca La Iglesia de San Nicol\u00e1s de Bari en Molinaseca es una joya<\/div><\/div><\/div><div class=\"card-footer p-2  \"><div class='d-flex justify-content-between align-items-center flex-wrap'><div><\/div><div><\/div><\/div><\/div><\/div>\t<\/div>\n\t<\/div>\n\n<div class=\"col mb-4 geodir-post post-14131 gd_place type-gd_place status-publish has-post-thumbnail gd-post-pkg-1\" data-post-id=\"14131\">\n\t\t<div class=\"card h-100 p-0 m-0 mw-100  \">\n\t<div class=\"card p-0 mw-100 h-100 \"><div class=\"card-img-top overflow-hidden position-relative  \"><span class=\"bsui gd-badge-meta\"><a href=\"https:\/\/caminodesantiagofrances.com\/en\/lo\/categoria\/iglesia\/\" class=\"gd-badge border-0 badge ab-bottom-left ms-1\" data-id=\"14131\" data-badge=\"default_category\" data-badge-condition=\"is_not_empty\" style=\"background-color:rgba(0,0,0,0.5);border-color:rgba(0,0,0,0.5);color:#ffffff;\">Iglesia<\/a>\n<\/span><div class=\"geodir_post_meta gd-fav-info-wrap  gd-fav-hide-text ab-bottom-right me-1  mb-n1  me-1 mb-n1 ab-bottom-right\" >\t\t<span class=\"gd-list-favorite\">\n\t\t\t<span class=\"geodir-addtofav favorite_property_14131  h5\" aria-hidden=\"true\"><span  title=\"Add to Favourites\"  class=\"geodir-addtofav-icon c-pointer geodir-act-fav\"  data-color-on=\"#ff0000\"  data-icon=\"fas fa-heart\"  data-color-off=\"rgba(223,223,223,0.8)\"  data-text-color=\"\"  data-bs-toggle=\"tooltip\"  aria-hidden=\"true\"  onclick=\"javascript:window.location.href='https:\/\/caminodesantiagofrances.com\/en\/wp-login.php'\"  ><i class=\"fas fa-heart\"  style=\"color:rgba(223,223,223,0.8);\" ><\/i> <span class=\"geodir-fav-text gv-secondary visually-hidden\" style=\"\" aria-hidden=\"true\">Favourite<\/span><\/span>\n<\/span>\t\t<\/span>\n\t\t<\/div><div class=\"geodir-post-slider bsui sdel-03994e04\" ><div class=\"geodir-image-container geodir-image-sizes-medium_large overflow-hidden\">\n\t\t\t<div class=\"geodir-images aui-gallery geodir-images-n-1 geodir-images-image carousel-inner \">\n\t\t<div class=\"carousel-item active\"><a href=\"https:\/\/caminodesantiagofrances.com\/en\/lo\/iglesia-de-san-nicolas-de-bari-burguete\/\" class=\"geodir-link-image embed-has-action ratio ratio-16x9 ratio ratio-16x9 d-block\"><img src='data:image\/png;base64,iVBORw0KGgoAAAANSUhEUgAAAGQAAAABCAQAAACC0sM2AAAADklEQVR42mP8X88wLAAAK5IBgMYCdqgAAAAASUVORK5CYII=' data-src=\"https:\/\/caminodesantiagofrances.com\/en\/wp-content\/uploads\/sites\/3\/2024\/11\/Iglesia-de-San-Nicolas-de-Bari-Burguete-Camino-de-Santiago-Frances-768x403.jpg\" alt=\"Iglesia de San Nicolas de Bari Burguete Camino de Santiago Frances 768x403\" width=\"768\" height=\"403\" class=\"geodir-lazy-load align size-medium_large geodir-image-522 embed-item-cover-xy w-100 p-0 m-0 mw-100 border-0\" data-srcset=\"https:\/\/caminodesantiagofrances.com\/en\/wp-content\/uploads\/sites\/3\/2024\/11\/Iglesia-de-San-Nicolas-de-Bari-Burguete-Camino-de-Santiago-Frances-768x403.jpg 768w, https:\/\/caminodesantiagofrances.com\/en\/wp-content\/uploads\/sites\/3\/2024\/11\/Iglesia-de-San-Nicolas-de-Bari-Burguete-Camino-de-Santiago-Frances-300x158.jpg 300w, https:\/\/caminodesantiagofrances.com\/en\/wp-content\/uploads\/sites\/3\/2024\/11\/Iglesia-de-San-Nicolas-de-Bari-Burguete-Camino-de-Santiago-Frances-1024x538.jpg 1024w, https:\/\/caminodesantiagofrances.com\/en\/wp-content\/uploads\/sites\/3\/2024\/11\/Iglesia-de-San-Nicolas-de-Bari-Burguete-Camino-de-Santiago-Frances.jpg 1200w\" sizes=\"(max-width: 768px) 100vw, 768px\" \/><i class=\"fas fa-link w-auto h-auto\" aria-hidden=\"true\"><\/i><\/a><\/div>\t\t<\/div>\n\t\t<\/div>\n<\/div><\/div><div class=\"card-body p-2  \"><div class=\"row justify-content-center gv-hide-3 gv-hide-0\"><div class=\"col col-4 text-center tofront \"><a href=\"https:\/\/caminodesantiagofrances.com\/en\/author\/caminodesantiagofrances-com\/\" title=\"caminodesantiagofrances-com\"><img decoding=\"async\" style=\"max-height:75px;\" class=\"rounded-circle shadow border border-white border-width-4 p-0 mw-100 mt-n5 bg-white\" src=\"https:\/\/secure.gravatar.com\/avatar\/03aa5dc32308904f80a38258afc0335b43d4b2bec3418626e4f8712b71c3b93e?s=96&#038;d=mm&#038;r=g\" alt=\"Author Image\"><\/a><\/div><\/div><div class=\"geodir-post-title bsui sdel-caa60b10\" ><h3 class=\"geodir-entry-title  h5 \"><a href=\"https:\/\/caminodesantiagofrances.com\/en\/lo\/iglesia-de-san-nicolas-de-bari-burguete\/\" class=\"\" title=\"View: Iglesia de San Nicol\u00e1s de Bari Burguete\">Iglesia de San Nicol\u00e1s de Bari Burguete<\/a><\/h3><\/div><div class=\"geodir-post-content-container bsui sdel-1e477937\" ><div class=\"geodir_post_meta  text-justify pb-1 position-relative geodir-field-post_content\" >Iglesia de San Nicol\u00e1s de Bari Burguete La iglesia de San Nicol\u00e1s de Bari es una destacada iglesia cat\u00f3lica ubicada<\/div><\/div><\/div><div class=\"card-footer p-2  \"><div class='d-flex justify-content-between align-items-center flex-wrap'><div><\/div><div><\/div><\/div><\/div><\/div>\t<\/div>\n\t<\/div>\n\n<div class=\"col mb-4 geodir-post post-14195 gd_place type-gd_place status-publish has-post-thumbnail gd-post-pkg-1\" data-post-id=\"14195\">\n\t\t<div class=\"card h-100 p-0 m-0 mw-100  \">\n\t<div class=\"card p-0 mw-100 h-100 \"><div class=\"card-img-top overflow-hidden position-relative  \"><span class=\"bsui gd-badge-meta\"><a href=\"https:\/\/caminodesantiagofrances.com\/en\/lo\/categoria\/iglesia\/\" class=\"gd-badge border-0 badge ab-bottom-left ms-1\" data-id=\"14195\" data-badge=\"default_category\" data-badge-condition=\"is_not_empty\" style=\"background-color:rgba(0,0,0,0.5);border-color:rgba(0,0,0,0.5);color:#ffffff;\">Iglesia<\/a>\n<\/span><div class=\"geodir_post_meta gd-fav-info-wrap  gd-fav-hide-text ab-bottom-right me-1  mb-n1  me-1 mb-n1 ab-bottom-right\" >\t\t<span class=\"gd-list-favorite\">\n\t\t\t<span class=\"geodir-addtofav favorite_property_14195  h5\" aria-hidden=\"true\"><span  title=\"Add to Favourites\"  class=\"geodir-addtofav-icon c-pointer geodir-act-fav\"  data-color-on=\"#ff0000\"  data-icon=\"fas fa-heart\"  data-color-off=\"rgba(223,223,223,0.8)\"  data-text-color=\"\"  data-bs-toggle=\"tooltip\"  aria-hidden=\"true\"  onclick=\"javascript:window.location.href='https:\/\/caminodesantiagofrances.com\/en\/wp-login.php'\"  ><i class=\"fas fa-heart\"  style=\"color:rgba(223,223,223,0.8);\" ><\/i> <span class=\"geodir-fav-text gv-secondary visually-hidden\" style=\"\" aria-hidden=\"true\">Favourite<\/span><\/span>\n<\/span>\t\t<\/span>\n\t\t<\/div><div class=\"geodir-post-slider bsui sdel-03994e04\" ><div class=\"geodir-image-container geodir-image-sizes-medium_large overflow-hidden\">\n\t\t\t<div class=\"geodir-images aui-gallery geodir-images-n-1 geodir-images-image carousel-inner \">\n\t\t<div class=\"carousel-item active\"><a href=\"https:\/\/caminodesantiagofrances.com\/en\/lo\/iglesia-de-san-nicolas-de-bari-larrasoana\/\" class=\"geodir-link-image embed-has-action ratio ratio-16x9 ratio ratio-16x9 d-block\"><img src='data:image\/png;base64,iVBORw0KGgoAAAANSUhEUgAAAGQAAAABCAQAAACC0sM2AAAADklEQVR42mP8X88wLAAAK5IBgMYCdqgAAAAASUVORK5CYII=' data-src=\"https:\/\/caminodesantiagofrances.com\/en\/wp-content\/uploads\/sites\/3\/2024\/11\/Iglesia-de-San-Nicolas-de-Bari-Larrasoana-Camino-de-Santiago-Frances-768x403.jpg\" alt=\"Iglesia de San Nicolas de Bari Larrasoana Camino de Santiago Frances 768x403\" width=\"768\" height=\"403\" class=\"geodir-lazy-load align size-medium_large geodir-image-535 embed-item-cover-xy w-100 p-0 m-0 mw-100 border-0\" data-srcset=\"https:\/\/caminodesantiagofrances.com\/en\/wp-content\/uploads\/sites\/3\/2024\/11\/Iglesia-de-San-Nicolas-de-Bari-Larrasoana-Camino-de-Santiago-Frances-768x403.jpg 768w, https:\/\/caminodesantiagofrances.com\/en\/wp-content\/uploads\/sites\/3\/2024\/11\/Iglesia-de-San-Nicolas-de-Bari-Larrasoana-Camino-de-Santiago-Frances-300x158.jpg 300w, https:\/\/caminodesantiagofrances.com\/en\/wp-content\/uploads\/sites\/3\/2024\/11\/Iglesia-de-San-Nicolas-de-Bari-Larrasoana-Camino-de-Santiago-Frances-1024x538.jpg 1024w, https:\/\/caminodesantiagofrances.com\/en\/wp-content\/uploads\/sites\/3\/2024\/11\/Iglesia-de-San-Nicolas-de-Bari-Larrasoana-Camino-de-Santiago-Frances.jpg 1200w\" sizes=\"(max-width: 768px) 100vw, 768px\" \/><i class=\"fas fa-link w-auto h-auto\" aria-hidden=\"true\"><\/i><\/a><\/div>\t\t<\/div>\n\t\t<\/div>\n<\/div><\/div><div class=\"card-body p-2  \"><div class=\"row justify-content-center gv-hide-3 gv-hide-0\"><div class=\"col col-4 text-center tofront \"><a href=\"https:\/\/caminodesantiagofrances.com\/en\/author\/caminodesantiagofrances-com\/\" title=\"caminodesantiagofrances-com\"><img decoding=\"async\" style=\"max-height:75px;\" class=\"rounded-circle shadow border border-white border-width-4 p-0 mw-100 mt-n5 bg-white\" src=\"https:\/\/secure.gravatar.com\/avatar\/03aa5dc32308904f80a38258afc0335b43d4b2bec3418626e4f8712b71c3b93e?s=96&#038;d=mm&#038;r=g\" alt=\"Author Image\"><\/a><\/div><\/div><div class=\"geodir-post-title bsui sdel-caa60b10\" ><h3 class=\"geodir-entry-title  h5 \"><a href=\"https:\/\/caminodesantiagofrances.com\/en\/lo\/iglesia-de-san-nicolas-de-bari-larrasoana\/\" class=\"\" title=\"View: Iglesia de San Nicol\u00e1s de Bari Larrasoa\u00f1a\">Iglesia de San Nicol\u00e1s de Bari Larrasoa\u00f1a<\/a><\/h3><\/div><div class=\"geodir-post-content-container bsui sdel-1e477937\" ><div class=\"geodir_post_meta  text-justify pb-1 position-relative geodir-field-post_content\" >Iglesia Parroquial de San Nicol\u00e1s de Bari de Larrasoa\u00f1a La Iglesia de San Nicol\u00e1s de Bari es un templo que<\/div><\/div><\/div><div class=\"card-footer p-2  \"><div class='d-flex justify-content-between align-items-center flex-wrap'><div><\/div><div><\/div><\/div><\/div><\/div>\t<\/div>\n\t<\/div>\n\n<div class=\"col mb-4 geodir-post post-15568 gd_place type-gd_place status-publish has-post-thumbnail gd-post-pkg-1\" data-post-id=\"15568\">\n\t\t<div class=\"card h-100 p-0 m-0 mw-100  \">\n\t<div class=\"card p-0 mw-100 h-100 \"><div class=\"card-img-top overflow-hidden position-relative  \"><span class=\"bsui gd-badge-meta\"><a href=\"https:\/\/caminodesantiagofrances.com\/en\/lo\/categoria\/iglesia\/\" class=\"gd-badge border-0 badge ab-bottom-left ms-1\" data-id=\"15568\" data-badge=\"default_category\" data-badge-condition=\"is_not_empty\" style=\"background-color:rgba(0,0,0,0.5);border-color:rgba(0,0,0,0.5);color:#ffffff;\">Iglesia<\/a>\n<\/span><div class=\"geodir_post_meta gd-fav-info-wrap  gd-fav-hide-text ab-bottom-right me-1  mb-n1  me-1 mb-n1 ab-bottom-right\" >\t\t<span class=\"gd-list-favorite\">\n\t\t\t<span class=\"geodir-addtofav favorite_property_15568  h5\" aria-hidden=\"true\"><span  title=\"Add to Favourites\"  class=\"geodir-addtofav-icon c-pointer geodir-act-fav\"  data-color-on=\"#ff0000\"  data-icon=\"fas fa-heart\"  data-color-off=\"rgba(223,223,223,0.8)\"  data-text-color=\"\"  data-bs-toggle=\"tooltip\"  aria-hidden=\"true\"  onclick=\"javascript:window.location.href='https:\/\/caminodesantiagofrances.com\/en\/wp-login.php'\"  ><i class=\"fas fa-heart\"  style=\"color:rgba(223,223,223,0.8);\" ><\/i> <span class=\"geodir-fav-text gv-secondary visually-hidden\" style=\"\" aria-hidden=\"true\">Favourite<\/span><\/span>\n<\/span>\t\t<\/span>\n\t\t<\/div><div class=\"geodir-post-slider bsui sdel-03994e04\" ><div class=\"geodir-image-container geodir-image-sizes-medium_large overflow-hidden\">\n\t\t\t<div class=\"geodir-images aui-gallery geodir-images-n-1 geodir-images-image carousel-inner \">\n\t\t<div class=\"carousel-item active\"><a href=\"https:\/\/caminodesantiagofrances.com\/en\/lo\/iglesia-de-san-nicolas-trabadelo\/\" class=\"geodir-link-image embed-has-action ratio ratio-16x9 ratio ratio-16x9 d-block\"><img src='data:image\/png;base64,iVBORw0KGgoAAAANSUhEUgAAAGQAAAABCAQAAACC0sM2AAAADklEQVR42mP8X88wLAAAK5IBgMYCdqgAAAAASUVORK5CYII=' data-src=\"https:\/\/caminodesantiagofrances.com\/en\/wp-content\/uploads\/sites\/3\/2025\/05\/Iglesia-de-San-Nicolas-Trabadelo-Camino-de-Santiago-Frances_5-768x403.jpg\" alt=\"Iglesia de San Nicolas Trabadelo Camino de Santiago Frances 5 768x403\" width=\"768\" height=\"403\" class=\"geodir-lazy-load align size-medium_large geodir-image-1393 embed-item-cover-xy w-100 p-0 m-0 mw-100 border-0\" data-srcset=\"https:\/\/caminodesantiagofrances.com\/en\/wp-content\/uploads\/sites\/3\/2025\/05\/Iglesia-de-San-Nicolas-Trabadelo-Camino-de-Santiago-Frances_5-768x403.jpg 768w, https:\/\/caminodesantiagofrances.com\/en\/wp-content\/uploads\/sites\/3\/2025\/05\/Iglesia-de-San-Nicolas-Trabadelo-Camino-de-Santiago-Frances_5-300x158.jpg 300w, https:\/\/caminodesantiagofrances.com\/en\/wp-content\/uploads\/sites\/3\/2025\/05\/Iglesia-de-San-Nicolas-Trabadelo-Camino-de-Santiago-Frances_5-1024x538.jpg 1024w, https:\/\/caminodesantiagofrances.com\/en\/wp-content\/uploads\/sites\/3\/2025\/05\/Iglesia-de-San-Nicolas-Trabadelo-Camino-de-Santiago-Frances_5.jpg 1200w\" sizes=\"(max-width: 768px) 100vw, 768px\" \/><i class=\"fas fa-link w-auto h-auto\" aria-hidden=\"true\"><\/i><\/a><\/div>\t\t<\/div>\n\t\t<\/div>\n<\/div><\/div><div class=\"card-body p-2  \"><div class=\"row justify-content-center gv-hide-3 gv-hide-0\"><div class=\"col col-4 text-center tofront \"><a href=\"https:\/\/caminodesantiagofrances.com\/en\/author\/caminodesantiagofrances-com\/\" title=\"caminodesantiagofrances-com\"><img decoding=\"async\" style=\"max-height:75px;\" class=\"rounded-circle shadow border border-white border-width-4 p-0 mw-100 mt-n5 bg-white\" src=\"https:\/\/secure.gravatar.com\/avatar\/03aa5dc32308904f80a38258afc0335b43d4b2bec3418626e4f8712b71c3b93e?s=96&#038;d=mm&#038;r=g\" alt=\"Author Image\"><\/a><\/div><\/div><div class=\"geodir-post-title bsui sdel-caa60b10\" ><h3 class=\"geodir-entry-title  h5 \"><a href=\"https:\/\/caminodesantiagofrances.com\/en\/lo\/iglesia-de-san-nicolas-trabadelo\/\" class=\"\" title=\"View: Iglesia de San Nicol\u00e1s Trabadelo\">Iglesia de San Nicol\u00e1s Trabadelo<\/a><\/h3><\/div><div class=\"geodir-post-content-container bsui sdel-1e477937\" ><div class=\"geodir_post_meta  text-justify pb-1 position-relative geodir-field-post_content\" >Iglesia de San Nicol\u00e1s en Trabadelo La Iglesia de San Nicol\u00e1s se encuentra en la localidad de Trabadelo, un municipio<\/div><\/div><\/div><div class=\"card-footer p-2  \"><div class='d-flex justify-content-between align-items-center flex-wrap'><div><\/div><div><\/div><\/div><\/div><\/div>\t<\/div>\n\t<\/div>\n\t<\/div>\n\t\t<\/div>\n\t\t<\/div><\/div>\n\n\n\n<p class=\"wp-block-paragraph\"><strong>V\u00e9ase tambi\u00e9n:<\/strong><\/p>\n\n\n\n<div class=\"wp-block-columns\">\n<div class=\"wp-block-column\" style=\"flex-basis:25%\"><\/div>\n\n\n\n<div class=\"wp-block-column\" style=\"flex-basis:50%\">\n<figure class=\"wp-block-image aligncenter size-full\"><a href=\"https:\/\/caminodesantiagofrances.com\/en\/provincia-de-leon\/molinaseca\/\" target=\"_blank\" rel=\"noreferrer noopener\"><img loading=\"lazy\" decoding=\"async\" width=\"600\" height=\"315\" src=\"https:\/\/caminodesantiagofrances.com\/en\/wp-content\/uploads\/sites\/3\/2024\/02\/Molinaseca-Camino-de-Santiago-Frances.jpg\" alt=\"\" class=\"wp-image-11773\" srcset=\"https:\/\/caminodesantiagofrances.com\/en\/wp-content\/uploads\/sites\/3\/2024\/02\/Molinaseca-Camino-de-Santiago-Frances.jpg 600w, https:\/\/caminodesantiagofrances.com\/en\/wp-content\/uploads\/sites\/3\/2024\/02\/Molinaseca-Camino-de-Santiago-Frances-300x158.jpg 300w\" sizes=\"auto, (max-width: 600px) 100vw, 600px\" \/><\/a><\/figure>\n<\/div>\n\n\n\n<div class=\"wp-block-column\" style=\"flex-basis:25%\"><\/div>\n<\/div>\n\n\n\n<div class=\"wp-block-columns\">\n<div class=\"wp-block-column\">\n<h3 class=\"wp-block-heading has-text-align-center\"><strong><a href=\"https:\/\/caminodesantiagofrances.com\/en\/provincia-de-leon\/molinaseca\/\" target=\"_blank\" data-type=\"link\" data-id=\"https:\/\/caminodesantiagofrances.com\/en\/provincia-de-leon\/molinaseca\/\" rel=\"noreferrer noopener\">Molinaseca<\/a><\/strong><\/h3>\n<\/div>\n<\/div>\n","protected":false},"excerpt":{"rendered":"<p>San Nicol\u00e1s de Mira&nbsp;o&nbsp;San Nicol\u00e1s de Bari San Nicol\u00e1s, tambi\u00e9n conocido como&nbsp;San Nicol\u00e1s de Mira&nbsp;o&nbsp;San Nicol\u00e1s de Bari&nbsp;(en Occidente, por el lugar donde fueron trasladados sus restos) fue un&nbsp;obispo&nbsp;que vivi\u00f3 en el&nbsp;siglo IV. M\u00e1s de dos mil templos est\u00e1n dedicados a \u00e9l en todo el mundo. Biograf\u00eda San Nicol\u00e1s de Bari Naci\u00f3 en&nbsp;Patara, en la [&hellip;]<\/p>\n","protected":false},"author":1,"featured_media":12421,"parent":5908,"menu_order":0,"comment_status":"closed","ping_status":"closed","template":"","meta":{"footnotes":""},"class_list":["post-9495","page","type-page","status-publish","has-post-thumbnail","hentry"],"_links":{"self":[{"href":"https:\/\/caminodesantiagofrances.com\/en\/wp-json\/wp\/v2\/pages\/9495","targetHints":{"allow":["GET"]}}],"collection":[{"href":"https:\/\/caminodesantiagofrances.com\/en\/wp-json\/wp\/v2\/pages"}],"about":[{"href":"https:\/\/caminodesantiagofrances.com\/en\/wp-json\/wp\/v2\/types\/page"}],"author":[{"embeddable":true,"href":"https:\/\/caminodesantiagofrances.com\/en\/wp-json\/wp\/v2\/users\/1"}],"replies":[{"embeddable":true,"href":"https:\/\/caminodesantiagofrances.com\/en\/wp-json\/wp\/v2\/comments?post=9495"}],"version-history":[{"count":0,"href":"https:\/\/caminodesantiagofrances.com\/en\/wp-json\/wp\/v2\/pages\/9495\/revisions"}],"up":[{"embeddable":true,"href":"https:\/\/caminodesantiagofrances.com\/en\/wp-json\/wp\/v2\/pages\/5908"}],"wp:featuredmedia":[{"embeddable":true,"href":"https:\/\/caminodesantiagofrances.com\/en\/wp-json\/wp\/v2\/media\/12421"}],"wp:attachment":[{"href":"https:\/\/caminodesantiagofrances.com\/en\/wp-json\/wp\/v2\/media?parent=9495"}],"curies":[{"name":"wp","href":"https:\/\/api.w.org\/{rel}","templated":true}]}}